{"id":56180,"date":"2022-03-20T03:02:02","date_gmt":"2022-03-20T02:02:02","guid":{"rendered":"https:\/\/aktuelles.uni-frankfurt.de\/?page_id=56180"},"modified":"2023-12-15T10:04:38","modified_gmt":"2023-12-15T09:04:38","slug":"studium","status":"publish","type":"page","link":"https:\/\/aktuelles.uni-frankfurt.de\/en\/studium\/","title":{"rendered":"Studium"},"content":{"rendered":"\t\t<div data-elementor-type=\"wp-page\" data-elementor-id=\"56180\" class=\"elementor elementor-56180\" data-elementor-settings=\"{&quot;ha_cmc_init_switcher&quot;:&quot;no&quot;}\" data-elementor-post-type=\"page\">\n\t\t\t\t\t\t<section class=\"elementor-section elementor-top-section elementor-element elementor-element-de75e9c elementor-section-content-middle elementor-section-boxed elementor-section-height-default elementor-section-height-default\" data-id=\"de75e9c\" data-element_type=\"section\" data-settings=\"{&quot;_ha_eqh_enable&quot;:false}\">\n\t\t\t\t\t\t<div class=\"elementor-container elementor-column-gap-default\">\n\t\t\t\t\t<div class=\"elementor-column elementor-col-100 elementor-top-column elementor-element elementor-element-80805b2\" data-id=\"80805b2\" data-element_type=\"column\">\n\t\t\t<div class=\"elementor-widget-wrap elementor-element-populated\">\n\t\t\t\t\t\t<div class=\"elementor-element elementor-element-bfcbc66 elementor-widget elementor-widget-heading\" data-id=\"bfcbc66\" data-element_type=\"widget\" data-widget_type=\"heading.default\">\n\t\t\t\t<div class=\"elementor-widget-container\">\n\t\t\t\t\t<h2 class=\"elementor-heading-title elementor-size-default\">Studium<\/h2>\t\t\t\t<\/div>\n\t\t\t\t<\/div>\n\t\t\t\t<div class=\"elementor-element elementor-element-b016907 elementor-widget-divider--view-line elementor-widget elementor-widget-divider\" data-id=\"b016907\" data-element_type=\"widget\" data-widget_type=\"divider.default\">\n\t\t\t\t<div class=\"elementor-widget-container\">\n\t\t\t\t\t\t\t<div class=\"elementor-divider\">\n\t\t\t<span class=\"elementor-divider-separator\">\n\t\t\t\t\t\t<\/span>\n\t\t<\/div>\n\t\t\t\t\t\t<\/div>\n\t\t\t\t<\/div>\n\t\t\t\t<div class=\"elementor-element elementor-element-631495d elementor-grid-1 elementor-grid-tablet-1 elementor-posts--thumbnail-left elementor-posts--align-left elementor-hidden-tablet elementor-hidden-mobile elementor-grid-mobile-1 elementor-widget elementor-widget-posts\" data-id=\"631495d\" data-element_type=\"widget\" data-settings=\"{&quot;classic_columns&quot;:&quot;1&quot;,&quot;classic_columns_tablet&quot;:&quot;1&quot;,&quot;classic_row_gap&quot;:{&quot;unit&quot;:&quot;px&quot;,&quot;size&quot;:&quot;&quot;,&quot;sizes&quot;:[]},&quot;classic_columns_mobile&quot;:&quot;1&quot;,&quot;classic_row_gap_tablet&quot;:{&quot;unit&quot;:&quot;px&quot;,&quot;size&quot;:&quot;&quot;,&quot;sizes&quot;:[]},&quot;classic_row_gap_mobile&quot;:{&quot;unit&quot;:&quot;px&quot;,&quot;size&quot;:&quot;&quot;,&quot;sizes&quot;:[]}}\" data-widget_type=\"posts.classic\">\n\t\t\t\t<div class=\"elementor-widget-container\">\n\t\t\t\t\t\t\t<div class=\"elementor-posts-container elementor-posts elementor-posts--skin-classic elementor-grid\" role=\"list\">\n\t\t\t\t<article class=\"elementor-post elementor-grid-item post-88093 post type-post status-publish format-standard has-post-thumbnail hentry category-instagram category-studium category-unireport tag-studium tag-unireport-1-26 tag-universitaetsbibliothek\" role=\"listitem\">\n\t\t\t\t<a class=\"elementor-post__thumbnail__link\" href=\"https:\/\/aktuelles.uni-frankfurt.de\/en\/studium\/goethe-datadive-zahl-des-monats-april-753\/\" tabindex=\"-1\" >\n\t\t\t<div class=\"elementor-post__thumbnail\"><img fetchpriority=\"high\" decoding=\"async\" width=\"650\" height=\"450\" src=\"https:\/\/aktuelles.uni-frankfurt.de\/wp-content\/uploads\/2026\/04\/GoetheDataDive19_UB-Open-Access_650x450px.png\" class=\"attachment-full size-full wp-image-88096\" alt=\"#GoetheDataDive 19\" srcset=\"https:\/\/aktuelles.uni-frankfurt.de\/wp-content\/uploads\/2026\/04\/GoetheDataDive19_UB-Open-Access_650x450px.png 650w, https:\/\/aktuelles.uni-frankfurt.de\/wp-content\/uploads\/2026\/04\/GoetheDataDive19_UB-Open-Access_650x450px-300x208.png 300w, https:\/\/aktuelles.uni-frankfurt.de\/wp-content\/uploads\/2026\/04\/GoetheDataDive19_UB-Open-Access_650x450px-500x346.png 500w, https:\/\/aktuelles.uni-frankfurt.de\/wp-content\/uploads\/2026\/04\/GoetheDataDive19_UB-Open-Access_650x450px-18x12.png 18w\" sizes=\"(max-width: 650px) 100vw, 650px\" \/><\/div>\n\t\t<\/a>\n\t\t\t\t<div class=\"elementor-post__text\">\n\t\t\t\t<h3 class=\"elementor-post__title\">\n\t\t\t<a href=\"https:\/\/aktuelles.uni-frankfurt.de\/en\/studium\/goethe-datadive-zahl-des-monats-april-753\/\" >\n\t\t\t\t#Goethe DataDive &#8211; Zahl des Monats April: 75,3\t\t\t<\/a>\n\t\t<\/h3>\n\t\t\t\t<div class=\"elementor-post__meta-data\">\n\t\t\t\t\t<span class=\"elementor-post-date\">\n\t\t\t20. April 2026\t\t<\/span>\n\t\t\t\t<\/div>\n\t\t\t\t<div class=\"elementor-post__excerpt\">\n\t\t\t<p>Im Jahr 2025 waren ca. 75,3 % aller (elektronischen) Publikationen an der Goethe-Universit\u00e4t Open Access. Die Datengrundlage f\u00fcr die Zahl des Monats April ist der Open-Access-Monitor, der die Publikationsdaten aus drei gro\u00dfen Referenzdatenbanken (Web of Science, OpenAlex, Scopus) auswertet und<\/p>\n\t\t<\/div>\n\t\t\t\t<\/div>\n\t\t\t\t<\/article>\n\t\t\t\t<\/div>\n\t\t\n\t\t\t\t\t\t<\/div>\n\t\t\t\t<\/div>\n\t\t\t\t<div class=\"elementor-element elementor-element-fa04dab elementor-grid-1 elementor-grid-tablet-1 elementor-hidden-desktop elementor-grid-mobile-1 elementor-posts--thumbnail-top elementor-widget elementor-widget-posts\" data-id=\"fa04dab\" data-element_type=\"widget\" data-settings=\"{&quot;classic_columns&quot;:&quot;1&quot;,&quot;classic_columns_tablet&quot;:&quot;1&quot;,&quot;classic_columns_mobile&quot;:&quot;1&quot;,&quot;classic_row_gap&quot;:{&quot;unit&quot;:&quot;px&quot;,&quot;size&quot;:35,&quot;sizes&quot;:[]},&quot;classic_row_gap_tablet&quot;:{&quot;unit&quot;:&quot;px&quot;,&quot;size&quot;:&quot;&quot;,&quot;sizes&quot;:[]},&quot;classic_row_gap_mobile&quot;:{&quot;unit&quot;:&quot;px&quot;,&quot;size&quot;:&quot;&quot;,&quot;sizes&quot;:[]}}\" data-widget_type=\"posts.classic\">\n\t\t\t\t<div class=\"elementor-widget-container\">\n\t\t\t\t\t\t\t<div class=\"elementor-posts-container elementor-posts elementor-posts--skin-classic elementor-grid\" role=\"list\">\n\t\t\t\t<article class=\"elementor-post elementor-grid-item post-88093 post type-post status-publish format-standard has-post-thumbnail hentry category-instagram category-studium category-unireport tag-studium tag-unireport-1-26 tag-universitaetsbibliothek\" role=\"listitem\">\n\t\t\t\t<a class=\"elementor-post__thumbnail__link\" href=\"https:\/\/aktuelles.uni-frankfurt.de\/en\/studium\/goethe-datadive-zahl-des-monats-april-753\/\" tabindex=\"-1\" >\n\t\t\t<div class=\"elementor-post__thumbnail\"><img fetchpriority=\"high\" decoding=\"async\" width=\"650\" height=\"450\" src=\"https:\/\/aktuelles.uni-frankfurt.de\/wp-content\/uploads\/2026\/04\/GoetheDataDive19_UB-Open-Access_650x450px.png\" class=\"attachment-full size-full wp-image-88096\" alt=\"#GoetheDataDive 19\" srcset=\"https:\/\/aktuelles.uni-frankfurt.de\/wp-content\/uploads\/2026\/04\/GoetheDataDive19_UB-Open-Access_650x450px.png 650w, https:\/\/aktuelles.uni-frankfurt.de\/wp-content\/uploads\/2026\/04\/GoetheDataDive19_UB-Open-Access_650x450px-300x208.png 300w, https:\/\/aktuelles.uni-frankfurt.de\/wp-content\/uploads\/2026\/04\/GoetheDataDive19_UB-Open-Access_650x450px-500x346.png 500w, https:\/\/aktuelles.uni-frankfurt.de\/wp-content\/uploads\/2026\/04\/GoetheDataDive19_UB-Open-Access_650x450px-18x12.png 18w\" sizes=\"(max-width: 650px) 100vw, 650px\" \/><\/div>\n\t\t<\/a>\n\t\t\t\t<div class=\"elementor-post__text\">\n\t\t\t\t<h3 class=\"elementor-post__title\">\n\t\t\t<a href=\"https:\/\/aktuelles.uni-frankfurt.de\/en\/studium\/goethe-datadive-zahl-des-monats-april-753\/\" >\n\t\t\t\t#Goethe DataDive &#8211; Zahl des Monats April: 75,3\t\t\t<\/a>\n\t\t<\/h3>\n\t\t\t\t<div class=\"elementor-post__meta-data\">\n\t\t\t\t\t<span class=\"elementor-post-date\">\n\t\t\t20. April 2026\t\t<\/span>\n\t\t\t\t<\/div>\n\t\t\t\t<div class=\"elementor-post__excerpt\">\n\t\t\t<p>Im Jahr 2025 waren ca. 75,3 % aller (elektronischen) Publikationen an der Goethe-Universit\u00e4t Open Access. Die Datengrundlage f\u00fcr die Zahl des Monats April ist der Open-Access-Monitor, der die Publikationsdaten aus<\/p>\n\t\t<\/div>\n\t\t\t\t<\/div>\n\t\t\t\t<\/article>\n\t\t\t\t<\/div>\n\t\t\n\t\t\t\t\t\t<\/div>\n\t\t\t\t<\/div>\n\t\t\t\t\t<\/div>\n\t\t<\/div>\n\t\t\t\t\t<\/div>\n\t\t<\/section>\n\t\t\t\t<section class=\"elementor-section elementor-top-section elementor-element elementor-element-c71b8f6 elementor-section-boxed elementor-section-height-default elementor-section-height-default\" data-id=\"c71b8f6\" data-element_type=\"section\" data-settings=\"{&quot;_ha_eqh_enable&quot;:false}\">\n\t\t\t\t\t\t<div class=\"elementor-container elementor-column-gap-default\">\n\t\t\t\t\t<div class=\"elementor-column elementor-col-100 elementor-top-column elementor-element elementor-element-6882f80\" data-id=\"6882f80\" data-element_type=\"column\">\n\t\t\t<div class=\"elementor-widget-wrap elementor-element-populated\">\n\t\t\t\t\t\t<div class=\"elementor-element elementor-element-0d1269f elementor-grid-2 elementor-grid-tablet-2 elementor-grid-mobile-1 elementor-posts--thumbnail-top elementor-widget elementor-widget-posts\" data-id=\"0d1269f\" data-element_type=\"widget\" data-settings=\"{&quot;classic_columns&quot;:&quot;2&quot;,&quot;classic_row_gap_tablet&quot;:{&quot;unit&quot;:&quot;px&quot;,&quot;size&quot;:15,&quot;sizes&quot;:[]},&quot;classic_row_gap&quot;:{&quot;unit&quot;:&quot;px&quot;,&quot;size&quot;:25,&quot;sizes&quot;:[]},&quot;pagination_type&quot;:&quot;numbers_and_prev_next&quot;,&quot;classic_columns_tablet&quot;:&quot;2&quot;,&quot;classic_columns_mobile&quot;:&quot;1&quot;,&quot;classic_row_gap_mobile&quot;:{&quot;unit&quot;:&quot;px&quot;,&quot;size&quot;:&quot;&quot;,&quot;sizes&quot;:[]}}\" data-widget_type=\"posts.classic\">\n\t\t\t\t<div class=\"elementor-widget-container\">\n\t\t\t\t\t\t\t<div class=\"elementor-posts-container elementor-posts elementor-posts--skin-classic elementor-grid\" role=\"list\">\n\t\t\t\t<article class=\"elementor-post elementor-grid-item post-87688 post type-post status-publish format-standard has-post-thumbnail hentry category-studium\" role=\"listitem\">\n\t\t\t\t<a class=\"elementor-post__thumbnail__link\" href=\"https:\/\/aktuelles.uni-frankfurt.de\/en\/studium\/gut-beraten-studieren-in-hessen-virtueller-aktionstag-informiert-zu-studienangeboten-elf-hessischer-hochschulen-3\/\" tabindex=\"-1\" >\n\t\t\t<div class=\"elementor-post__thumbnail\"><img decoding=\"async\" width=\"650\" height=\"450\" src=\"https:\/\/aktuelles.uni-frankfurt.de\/wp-content\/uploads\/2021\/10\/beitragsbild_allgemein-goethe-uni-webmagazin.jpg\" class=\"attachment-full size-full wp-image-53025\" alt=\"\" srcset=\"https:\/\/aktuelles.uni-frankfurt.de\/wp-content\/uploads\/2021\/10\/beitragsbild_allgemein-goethe-uni-webmagazin.jpg 650w, https:\/\/aktuelles.uni-frankfurt.de\/wp-content\/uploads\/2021\/10\/beitragsbild_allgemein-goethe-uni-webmagazin-300x208.jpg 300w\" sizes=\"(max-width: 650px) 100vw, 650px\" \/><\/div>\n\t\t<\/a>\n\t\t\t\t<div class=\"elementor-post__text\">\n\t\t\t\t<h3 class=\"elementor-post__title\">\n\t\t\t<a href=\"https:\/\/aktuelles.uni-frankfurt.de\/en\/studium\/gut-beraten-studieren-in-hessen-virtueller-aktionstag-informiert-zu-studienangeboten-elf-hessischer-hochschulen-3\/\" >\n\t\t\t\t\u201eGut beraten. Studieren in Hessen\u201c: Virtueller Aktionstag informiert zu Studienangeboten elf hessischer Hochschulen\t\t\t<\/a>\n\t\t<\/h3>\n\t\t\t\t<div class=\"elementor-post__meta-data\">\n\t\t\t\t\t<span class=\"elementor-post-date\">\n\t\t\t12. March 2026\t\t<\/span>\n\t\t\t\t<\/div>\n\t\t\t\t<div class=\"elementor-post__excerpt\">\n\t\t\t<p>Unter dem Motto \u201eN\u00e4chste Station Studium! Machen Sie sich schlau zu diesem neuen Lebensabschnitt\u201c veranstalten am 18. M\u00e4rz die Studienberatungen an den hessischen Hochschulen zum<\/p>\n\t\t<\/div>\n\t\t\t\t<\/div>\n\t\t\t\t<\/article>\n\t\t\t\t<article class=\"elementor-post elementor-grid-item post-87375 post type-post status-publish format-standard has-post-thumbnail hentry category-instagram category-studium tag-lehre\" role=\"listitem\">\n\t\t\t\t<a class=\"elementor-post__thumbnail__link\" href=\"https:\/\/aktuelles.uni-frankfurt.de\/en\/studium\/goethe-data-dive-lehrveranstaltungsevaluation-zwischen-anspruch-und-praxis\/\" tabindex=\"-1\" >\n\t\t\t<div class=\"elementor-post__thumbnail\"><img decoding=\"async\" width=\"650\" height=\"450\" src=\"https:\/\/aktuelles.uni-frankfurt.de\/wp-content\/uploads\/2026\/02\/goethedatadive17-lehrveranstaltungsevaluation-650x450px.png\" class=\"attachment-full size-full wp-image-87378\" alt=\"#GoetheDataDive 17\" srcset=\"https:\/\/aktuelles.uni-frankfurt.de\/wp-content\/uploads\/2026\/02\/goethedatadive17-lehrveranstaltungsevaluation-650x450px.png 650w, https:\/\/aktuelles.uni-frankfurt.de\/wp-content\/uploads\/2026\/02\/goethedatadive17-lehrveranstaltungsevaluation-650x450px-300x208.png 300w, https:\/\/aktuelles.uni-frankfurt.de\/wp-content\/uploads\/2026\/02\/goethedatadive17-lehrveranstaltungsevaluation-650x450px-500x346.png 500w, https:\/\/aktuelles.uni-frankfurt.de\/wp-content\/uploads\/2026\/02\/goethedatadive17-lehrveranstaltungsevaluation-650x450px-18x12.png 18w\" sizes=\"(max-width: 650px) 100vw, 650px\" \/><\/div>\n\t\t<\/a>\n\t\t\t\t<div class=\"elementor-post__text\">\n\t\t\t\t<h3 class=\"elementor-post__title\">\n\t\t\t<a href=\"https:\/\/aktuelles.uni-frankfurt.de\/en\/studium\/goethe-data-dive-lehrveranstaltungsevaluation-zwischen-anspruch-und-praxis\/\" >\n\t\t\t\tGoethe Data Dive: Lehrveranstaltungsevaluation zwischen Anspruch und Praxis\t\t\t<\/a>\n\t\t<\/h3>\n\t\t\t\t<div class=\"elementor-post__meta-data\">\n\t\t\t\t\t<span class=\"elementor-post-date\">\n\t\t\t10. February 2026\t\t<\/span>\n\t\t\t\t<\/div>\n\t\t\t\t<div class=\"elementor-post__excerpt\">\n\t\t\t<p>R\u00fcckmeldungen aus Lehrveranstaltungen sind f\u00fcr viele Studierende ein wichtiger Bestandteil guter Lehre. Die Ergebnisse der Studierendenbefragung im Wintersemester 2022\/23 zeigen, dass die Lehrveranstaltungsevaluation (LVE) an<\/p>\n\t\t<\/div>\n\t\t\t\t<\/div>\n\t\t\t\t<\/article>\n\t\t\t\t<article class=\"elementor-post elementor-grid-item post-87163 post type-post status-publish format-standard has-post-thumbnail hentry category-instagram category-studium\" role=\"listitem\">\n\t\t\t\t<a class=\"elementor-post__thumbnail__link\" href=\"https:\/\/aktuelles.uni-frankfurt.de\/en\/studium\/goethe-data-dive-654-der-goethe-uni-absolventinnen-sammeln-praxiserfahrung-waehrend-des-studiums\/\" tabindex=\"-1\" >\n\t\t\t<div class=\"elementor-post__thumbnail\"><img loading=\"lazy\" decoding=\"async\" width=\"650\" height=\"450\" src=\"https:\/\/aktuelles.uni-frankfurt.de\/wp-content\/uploads\/2026\/01\/goethedatadive-16-650x450px.png\" class=\"attachment-full size-full wp-image-87169\" alt=\"\" srcset=\"https:\/\/aktuelles.uni-frankfurt.de\/wp-content\/uploads\/2026\/01\/goethedatadive-16-650x450px.png 650w, https:\/\/aktuelles.uni-frankfurt.de\/wp-content\/uploads\/2026\/01\/goethedatadive-16-650x450px-300x208.png 300w, https:\/\/aktuelles.uni-frankfurt.de\/wp-content\/uploads\/2026\/01\/goethedatadive-16-650x450px-500x346.png 500w, https:\/\/aktuelles.uni-frankfurt.de\/wp-content\/uploads\/2026\/01\/goethedatadive-16-650x450px-18x12.png 18w\" sizes=\"(max-width: 650px) 100vw, 650px\" \/><\/div>\n\t\t<\/a>\n\t\t\t\t<div class=\"elementor-post__text\">\n\t\t\t\t<h3 class=\"elementor-post__title\">\n\t\t\t<a href=\"https:\/\/aktuelles.uni-frankfurt.de\/en\/studium\/goethe-data-dive-654-der-goethe-uni-absolventinnen-sammeln-praxiserfahrung-waehrend-des-studiums\/\" >\n\t\t\t\tGoethe Data Dive: 65,4 % der Goethe-Uni-Absolvent*innen sammeln Praxiserfahrung w\u00e4hrend des Studiums\t\t\t<\/a>\n\t\t<\/h3>\n\t\t\t\t<div class=\"elementor-post__meta-data\">\n\t\t\t\t\t<span class=\"elementor-post-date\">\n\t\t\t22. January 2026\t\t<\/span>\n\t\t\t\t<\/div>\n\t\t\t\t<div class=\"elementor-post__excerpt\">\n\t\t\t<p>Praxisnah studieren und fr\u00fch Einblicke in den Arbeitsmarkt gewinnen: F\u00fcr viele Studierende der Goethe-Universit\u00e4t Frankfurt ist das gelebte Realit\u00e4t. 65,4 % der Absolvent*innen haben w\u00e4hrend<\/p>\n\t\t<\/div>\n\t\t\t\t<\/div>\n\t\t\t\t<\/article>\n\t\t\t\t<article class=\"elementor-post elementor-grid-item post-86994 post type-post status-publish format-standard has-post-thumbnail hentry category-allgemein category-studium tag-medizin\" role=\"listitem\">\n\t\t\t\t<a class=\"elementor-post__thumbnail__link\" href=\"https:\/\/aktuelles.uni-frankfurt.de\/en\/studium\/medizin-studieren-ohne-nc-gesundheit-der-bevoelkerung-im-blick\/\" tabindex=\"-1\" >\n\t\t\t<div class=\"elementor-post__thumbnail\"><img loading=\"lazy\" decoding=\"async\" width=\"650\" height=\"450\" src=\"https:\/\/aktuelles.uni-frankfurt.de\/wp-content\/uploads\/2025\/12\/shutterstock_1835673427_650x450pxc_M_Schuppich.jpg\" class=\"attachment-full size-full wp-image-86995\" alt=\"Hinweisschild &quot;Gesundheitsamt \/ Traffic Sign &quot;Public Health Service\" srcset=\"https:\/\/aktuelles.uni-frankfurt.de\/wp-content\/uploads\/2025\/12\/shutterstock_1835673427_650x450pxc_M_Schuppich.jpg 650w, https:\/\/aktuelles.uni-frankfurt.de\/wp-content\/uploads\/2025\/12\/shutterstock_1835673427_650x450pxc_M_Schuppich-300x208.jpg 300w, https:\/\/aktuelles.uni-frankfurt.de\/wp-content\/uploads\/2025\/12\/shutterstock_1835673427_650x450pxc_M_Schuppich-500x346.jpg 500w, https:\/\/aktuelles.uni-frankfurt.de\/wp-content\/uploads\/2025\/12\/shutterstock_1835673427_650x450pxc_M_Schuppich-18x12.jpg 18w\" sizes=\"(max-width: 650px) 100vw, 650px\" \/><\/div>\n\t\t<\/a>\n\t\t\t\t<div class=\"elementor-post__text\">\n\t\t\t\t<h3 class=\"elementor-post__title\">\n\t\t\t<a href=\"https:\/\/aktuelles.uni-frankfurt.de\/en\/studium\/medizin-studieren-ohne-nc-gesundheit-der-bevoelkerung-im-blick\/\" >\n\t\t\t\tMedizin studieren ohne NC: Gesundheit der Bev\u00f6lkerung im Blick\t\t\t<\/a>\n\t\t<\/h3>\n\t\t\t\t<div class=\"elementor-post__meta-data\">\n\t\t\t\t\t<span class=\"elementor-post-date\">\n\t\t\t18. December 2025\t\t<\/span>\n\t\t\t\t<\/div>\n\t\t\t\t<div class=\"elementor-post__excerpt\">\n\t\t\t<p>Quote f\u00fcr den \u00d6ffentlichen Gesundheitsdienst erm\u00f6glicht Zulassung abseits des Medizin-Auswahlverfahrens \u2013 Begleitung durch fachspezifische Kurse \u2013 Studienpl\u00e4tze in Frankfurt, Marburg und Gie\u00dfen \u2013 Bewerbungsstart 1.<\/p>\n\t\t<\/div>\n\t\t\t\t<\/div>\n\t\t\t\t<\/article>\n\t\t\t\t<article class=\"elementor-post elementor-grid-item post-86778 post type-post status-publish format-standard has-post-thumbnail hentry category-studium category-unireport tag-unireport-6-25\" role=\"listitem\">\n\t\t\t\t<a class=\"elementor-post__thumbnail__link\" href=\"https:\/\/aktuelles.uni-frankfurt.de\/en\/unireport\/goethedatadive-zahl-des-monats-dezember-69\/\" tabindex=\"-1\" >\n\t\t\t<div class=\"elementor-post__thumbnail\"><img loading=\"lazy\" decoding=\"async\" width=\"650\" height=\"450\" src=\"https:\/\/aktuelles.uni-frankfurt.de\/wp-content\/uploads\/2025\/12\/goethedatadive15-entfernung-uni-650x450px.png\" class=\"attachment-full size-full wp-image-86886\" alt=\"#GoetheDataDive 15 \u00a9 SLI\" srcset=\"https:\/\/aktuelles.uni-frankfurt.de\/wp-content\/uploads\/2025\/12\/goethedatadive15-entfernung-uni-650x450px.png 650w, https:\/\/aktuelles.uni-frankfurt.de\/wp-content\/uploads\/2025\/12\/goethedatadive15-entfernung-uni-650x450px-300x208.png 300w, https:\/\/aktuelles.uni-frankfurt.de\/wp-content\/uploads\/2025\/12\/goethedatadive15-entfernung-uni-650x450px-500x346.png 500w, https:\/\/aktuelles.uni-frankfurt.de\/wp-content\/uploads\/2025\/12\/goethedatadive15-entfernung-uni-650x450px-18x12.png 18w\" sizes=\"(max-width: 650px) 100vw, 650px\" \/><\/div>\n\t\t<\/a>\n\t\t\t\t<div class=\"elementor-post__text\">\n\t\t\t\t<h3 class=\"elementor-post__title\">\n\t\t\t<a href=\"https:\/\/aktuelles.uni-frankfurt.de\/en\/unireport\/goethedatadive-zahl-des-monats-dezember-69\/\" >\n\t\t\t\t#GoetheDataDive \u2013 Zahl des Monats Dezember: 69\t\t\t<\/a>\n\t\t<\/h3>\n\t\t\t\t<div class=\"elementor-post__meta-data\">\n\t\t\t\t\t<span class=\"elementor-post-date\">\n\t\t\t12. December 2025\t\t<\/span>\n\t\t\t\t<\/div>\n\t\t\t\t<div class=\"elementor-post__excerpt\">\n\t\t\t<p>69 Kilometer liegen im Schnitt zwischen dem Studienort Frankfurt und dem Ort, an dem die Erstsemester1 der Goethe-Universit\u00e4t ihre Hochschulzugangsberechtigung (HZB) erworben haben. Allerdings unterscheiden<\/p>\n\t\t<\/div>\n\t\t\t\t<\/div>\n\t\t\t\t<\/article>\n\t\t\t\t<article class=\"elementor-post elementor-grid-item post-86899 post type-post status-publish format-standard has-post-thumbnail hentry category-studium tag-rmu\" role=\"listitem\">\n\t\t\t\t<a class=\"elementor-post__thumbnail__link\" href=\"https:\/\/aktuelles.uni-frankfurt.de\/en\/studium\/zwei-neue-rmu-kooperationsstudiengaenge-starten-2026\/\" tabindex=\"-1\" >\n\t\t\t<div class=\"elementor-post__thumbnail\"><img loading=\"lazy\" decoding=\"async\" width=\"650\" height=\"450\" src=\"https:\/\/aktuelles.uni-frankfurt.de\/wp-content\/uploads\/2025\/12\/rmu-studiengaenge-650x450px.jpg\" class=\"attachment-full size-full wp-image-86900\" alt=\"\" srcset=\"https:\/\/aktuelles.uni-frankfurt.de\/wp-content\/uploads\/2025\/12\/rmu-studiengaenge-650x450px.jpg 650w, https:\/\/aktuelles.uni-frankfurt.de\/wp-content\/uploads\/2025\/12\/rmu-studiengaenge-650x450px-300x208.jpg 300w, https:\/\/aktuelles.uni-frankfurt.de\/wp-content\/uploads\/2025\/12\/rmu-studiengaenge-650x450px-500x346.jpg 500w, https:\/\/aktuelles.uni-frankfurt.de\/wp-content\/uploads\/2025\/12\/rmu-studiengaenge-650x450px-18x12.jpg 18w\" sizes=\"(max-width: 650px) 100vw, 650px\" \/><\/div>\n\t\t<\/a>\n\t\t\t\t<div class=\"elementor-post__text\">\n\t\t\t\t<h3 class=\"elementor-post__title\">\n\t\t\t<a href=\"https:\/\/aktuelles.uni-frankfurt.de\/en\/studium\/zwei-neue-rmu-kooperationsstudiengaenge-starten-2026\/\" >\n\t\t\t\tZwei neue RMU-Kooperationsstudieng\u00e4nge starten 2026\t\t\t<\/a>\n\t\t<\/h3>\n\t\t\t\t<div class=\"elementor-post__meta-data\">\n\t\t\t\t\t<span class=\"elementor-post-date\">\n\t\t\t11. December 2025\t\t<\/span>\n\t\t\t\t<\/div>\n\t\t\t\t<div class=\"elementor-post__excerpt\">\n\t\t\t<p>Die Rhein-Main-Universit\u00e4ten bauen ihr gemeinsames Studienangebot weiter aus: Ab dem Sommersemester 2026 gehen zwei neue Masterstudieng\u00e4nge an den Start, die die Expertise der drei Standorte<\/p>\n\t\t<\/div>\n\t\t\t\t<\/div>\n\t\t\t\t<\/article>\n\t\t\t\t<article class=\"elementor-post elementor-grid-item post-86786 post type-post status-publish format-standard has-post-thumbnail hentry category-studium tag-rmu\" role=\"listitem\">\n\t\t\t\t<a class=\"elementor-post__thumbnail__link\" href=\"https:\/\/aktuelles.uni-frankfurt.de\/en\/studium\/staedte-der-zukunft-neuer-studiengang-von-tu-darmstadt-und-uni-frankfurt\/\" tabindex=\"-1\" >\n\t\t\t<div class=\"elementor-post__thumbnail\"><img loading=\"lazy\" decoding=\"async\" width=\"650\" height=\"450\" src=\"https:\/\/aktuelles.uni-frankfurt.de\/wp-content\/uploads\/2025\/12\/potsdamer-platz-c-shutterstock-ajdin-kamber.jpg\" class=\"attachment-full size-full wp-image-86788\" alt=\"Menschen am Potsdamer Platz (\u00a9 Shutterstock \/ Ajdin Kamber)\" srcset=\"https:\/\/aktuelles.uni-frankfurt.de\/wp-content\/uploads\/2025\/12\/potsdamer-platz-c-shutterstock-ajdin-kamber.jpg 650w, https:\/\/aktuelles.uni-frankfurt.de\/wp-content\/uploads\/2025\/12\/potsdamer-platz-c-shutterstock-ajdin-kamber-300x208.jpg 300w, https:\/\/aktuelles.uni-frankfurt.de\/wp-content\/uploads\/2025\/12\/potsdamer-platz-c-shutterstock-ajdin-kamber-500x346.jpg 500w, https:\/\/aktuelles.uni-frankfurt.de\/wp-content\/uploads\/2025\/12\/potsdamer-platz-c-shutterstock-ajdin-kamber-18x12.jpg 18w\" sizes=\"(max-width: 650px) 100vw, 650px\" \/><\/div>\n\t\t<\/a>\n\t\t\t\t<div class=\"elementor-post__text\">\n\t\t\t\t<h3 class=\"elementor-post__title\">\n\t\t\t<a href=\"https:\/\/aktuelles.uni-frankfurt.de\/en\/studium\/staedte-der-zukunft-neuer-studiengang-von-tu-darmstadt-und-uni-frankfurt\/\" >\n\t\t\t\tSt\u00e4dte der Zukunft: Neuer Studiengang von TU Darmstadt und Uni Frankfurt\t\t\t<\/a>\n\t\t<\/h3>\n\t\t\t\t<div class=\"elementor-post__meta-data\">\n\t\t\t\t\t<span class=\"elementor-post-date\">\n\t\t\t8. December 2025\t\t<\/span>\n\t\t\t\t<\/div>\n\t\t\t\t<div class=\"elementor-post__excerpt\">\n\t\t\t<p>Die Technische Universit\u00e4t Darmstadt und die Goethe-Universit\u00e4t Frankfurt am Main starten im Sommersemester 2026 den gemeinsamen Masterstudiengang \u201eStadtforschung \u2013 Urban Studies\u201c. Das deutschsprachige Programm bietet<\/p>\n\t\t<\/div>\n\t\t\t\t<\/div>\n\t\t\t\t<\/article>\n\t\t\t\t<article class=\"elementor-post elementor-grid-item post-86631 post type-post status-publish format-standard has-post-thumbnail hentry category-studium tag-physik\" role=\"listitem\">\n\t\t\t\t<a class=\"elementor-post__thumbnail__link\" href=\"https:\/\/aktuelles.uni-frankfurt.de\/en\/studium\/beschleuniger-wissenschaft-studieren-neuer-trilateraler-physik-masterstudiengang-der-rhein-main-universitaeten-bewerbung-ab-sofort-moeglich\/\" tabindex=\"-1\" >\n\t\t\t<div class=\"elementor-post__thumbnail\"><img loading=\"lazy\" decoding=\"async\" width=\"650\" height=\"450\" src=\"https:\/\/aktuelles.uni-frankfurt.de\/wp-content\/uploads\/2025\/12\/Ionenquelle_c_Jan_Hosan_fuer_GSIFAIR_650x450px.jpg\" class=\"attachment-full size-full wp-image-86658\" alt=\"\" srcset=\"https:\/\/aktuelles.uni-frankfurt.de\/wp-content\/uploads\/2025\/12\/Ionenquelle_c_Jan_Hosan_fuer_GSIFAIR_650x450px.jpg 650w, https:\/\/aktuelles.uni-frankfurt.de\/wp-content\/uploads\/2025\/12\/Ionenquelle_c_Jan_Hosan_fuer_GSIFAIR_650x450px-300x208.jpg 300w, https:\/\/aktuelles.uni-frankfurt.de\/wp-content\/uploads\/2025\/12\/Ionenquelle_c_Jan_Hosan_fuer_GSIFAIR_650x450px-500x346.jpg 500w, https:\/\/aktuelles.uni-frankfurt.de\/wp-content\/uploads\/2025\/12\/Ionenquelle_c_Jan_Hosan_fuer_GSIFAIR_650x450px-18x12.jpg 18w\" sizes=\"(max-width: 650px) 100vw, 650px\" \/><\/div>\n\t\t<\/a>\n\t\t\t\t<div class=\"elementor-post__text\">\n\t\t\t\t<h3 class=\"elementor-post__title\">\n\t\t\t<a href=\"https:\/\/aktuelles.uni-frankfurt.de\/en\/studium\/beschleuniger-wissenschaft-studieren-neuer-trilateraler-physik-masterstudiengang-der-rhein-main-universitaeten-bewerbung-ab-sofort-moeglich\/\" >\n\t\t\t\tBeschleuniger-Wissenschaft studieren: Neuer trilateraler Physik-Master\u00adstudiengang der Rhein-Main-Universit\u00e4ten &#8211; Bewerbung ab sofort m\u00f6glich\t\t\t<\/a>\n\t\t<\/h3>\n\t\t\t\t<div class=\"elementor-post__meta-data\">\n\t\t\t\t\t<span class=\"elementor-post-date\">\n\t\t\t3. December 2025\t\t<\/span>\n\t\t\t\t<\/div>\n\t\t\t\t<div class=\"elementor-post__excerpt\">\n\t\t\t<p>Mit dem neuen trilateralen Masterstudiengang \u201eParticle Accelerator Science\u201c b\u00fcndeln die Rhein-Main-Universit\u00e4ten- die Goethe-Universit\u00e4t, die TU Darmstadt und die Johannes Gutenberg-Universit\u00e4t &#8211; ihre europaweit einzigartige Expertise<\/p>\n\t\t<\/div>\n\t\t\t\t<\/div>\n\t\t\t\t<\/article>\n\t\t\t\t<article class=\"elementor-post elementor-grid-item post-86531 post type-post status-publish format-standard has-post-thumbnail hentry category-hochschule category-instagram category-studium tag-studium\" role=\"listitem\">\n\t\t\t\t<a class=\"elementor-post__thumbnail__link\" href=\"https:\/\/aktuelles.uni-frankfurt.de\/en\/studium\/goethe-data-dive-november\/\" tabindex=\"-1\" >\n\t\t\t<div class=\"elementor-post__thumbnail\"><img loading=\"lazy\" decoding=\"async\" width=\"650\" height=\"450\" src=\"https:\/\/aktuelles.uni-frankfurt.de\/wp-content\/uploads\/2025\/11\/GoetheDataDive14_Erwerbstaetigkeit_650x450px-1.png\" class=\"attachment-full size-full wp-image-86535\" alt=\"GoetheDataDive#14_Erwerbst\u00e4tigkeit_650x450px (1)\" srcset=\"https:\/\/aktuelles.uni-frankfurt.de\/wp-content\/uploads\/2025\/11\/GoetheDataDive14_Erwerbstaetigkeit_650x450px-1.png 650w, https:\/\/aktuelles.uni-frankfurt.de\/wp-content\/uploads\/2025\/11\/GoetheDataDive14_Erwerbstaetigkeit_650x450px-1-300x208.png 300w, https:\/\/aktuelles.uni-frankfurt.de\/wp-content\/uploads\/2025\/11\/GoetheDataDive14_Erwerbstaetigkeit_650x450px-1-500x346.png 500w, https:\/\/aktuelles.uni-frankfurt.de\/wp-content\/uploads\/2025\/11\/GoetheDataDive14_Erwerbstaetigkeit_650x450px-1-18x12.png 18w\" sizes=\"(max-width: 650px) 100vw, 650px\" \/><\/div>\n\t\t<\/a>\n\t\t\t\t<div class=\"elementor-post__text\">\n\t\t\t\t<h3 class=\"elementor-post__title\">\n\t\t\t<a href=\"https:\/\/aktuelles.uni-frankfurt.de\/en\/studium\/goethe-data-dive-november\/\" >\n\t\t\t\tGoethe Data Dive: 9.508 Studierende im 1. Fachsemester\t\t\t<\/a>\n\t\t<\/h3>\n\t\t\t\t<div class=\"elementor-post__meta-data\">\n\t\t\t\t\t<span class=\"elementor-post-date\">\n\t\t\t26. November 2025\t\t<\/span>\n\t\t\t\t<\/div>\n\t\t\t\t<div class=\"elementor-post__excerpt\">\n\t\t\t<p>Zum Stichtag 7. November 2025 haben sich 9.508 Studierende f\u00fcr ihr erstes Fachsemester an der Goethe-Universit\u00e4t eingeschrieben. Nach der ersten Phase des Ankommens beginnt f\u00fcr<\/p>\n\t\t<\/div>\n\t\t\t\t<\/div>\n\t\t\t\t<\/article>\n\t\t\t\t<article class=\"elementor-post elementor-grid-item post-86299 post type-post status-publish format-standard has-post-thumbnail hentry category-instagram category-studium tag-alumni\" role=\"listitem\">\n\t\t\t\t<a class=\"elementor-post__thumbnail__link\" href=\"https:\/\/aktuelles.uni-frankfurt.de\/en\/studium\/gut-vorbereitet-fuer-die-zukunft-absolventinnen-der-goethe-universitaet-blicken-zufrieden-zurueck\/\" tabindex=\"-1\" >\n\t\t\t<div class=\"elementor-post__thumbnail\"><img loading=\"lazy\" decoding=\"async\" width=\"650\" height=\"450\" src=\"https:\/\/aktuelles.uni-frankfurt.de\/wp-content\/uploads\/2025\/11\/Beitragsbild_Absolventen-Ehemaligenbefragung-2025.png\" class=\"attachment-full size-full wp-image-86301\" alt=\"\" srcset=\"https:\/\/aktuelles.uni-frankfurt.de\/wp-content\/uploads\/2025\/11\/Beitragsbild_Absolventen-Ehemaligenbefragung-2025.png 650w, https:\/\/aktuelles.uni-frankfurt.de\/wp-content\/uploads\/2025\/11\/Beitragsbild_Absolventen-Ehemaligenbefragung-2025-300x208.png 300w, https:\/\/aktuelles.uni-frankfurt.de\/wp-content\/uploads\/2025\/11\/Beitragsbild_Absolventen-Ehemaligenbefragung-2025-500x346.png 500w, https:\/\/aktuelles.uni-frankfurt.de\/wp-content\/uploads\/2025\/11\/Beitragsbild_Absolventen-Ehemaligenbefragung-2025-18x12.png 18w\" sizes=\"(max-width: 650px) 100vw, 650px\" \/><\/div>\n\t\t<\/a>\n\t\t\t\t<div class=\"elementor-post__text\">\n\t\t\t\t<h3 class=\"elementor-post__title\">\n\t\t\t<a href=\"https:\/\/aktuelles.uni-frankfurt.de\/en\/studium\/gut-vorbereitet-fuer-die-zukunft-absolventinnen-der-goethe-universitaet-blicken-zufrieden-zurueck\/\" >\n\t\t\t\t\u201eGut vorbereitet f\u00fcr die Zukunft\u201c \u2013 Absolvent*innen der Goethe-Universit\u00e4t blicken zufrieden zur\u00fcck\t\t\t<\/a>\n\t\t<\/h3>\n\t\t\t\t<div class=\"elementor-post__meta-data\">\n\t\t\t\t\t<span class=\"elementor-post-date\">\n\t\t\t25. November 2025\t\t<\/span>\n\t\t\t\t<\/div>\n\t\t\t\t<div class=\"elementor-post__excerpt\">\n\t\t\t<p>Was bleibt vom Studium, wenn der Abschluss geschafft ist und das Berufsleben beginnt? Eine ganze Menge, zeigt die aktuelle Absolvent*innenstudie der Goethe-Universit\u00e4t Frankfurt, die spannende<\/p>\n\t\t<\/div>\n\t\t\t\t<\/div>\n\t\t\t\t<\/article>\n\t\t\t\t<article class=\"elementor-post elementor-grid-item post-86505 post type-post status-publish format-standard has-post-thumbnail hentry category-studium tag-deutschlandstipendium\" role=\"listitem\">\n\t\t\t\t<a class=\"elementor-post__thumbnail__link\" href=\"https:\/\/aktuelles.uni-frankfurt.de\/en\/studium\/hoechstgrenze-geknackt-goethe-universitaet-beim-einwerben-von-deutschlandstipendien-erneut-sehr-erfolgreich\/\" tabindex=\"-1\" >\n\t\t\t<div class=\"elementor-post__thumbnail\"><img loading=\"lazy\" decoding=\"async\" width=\"650\" height=\"450\" src=\"https:\/\/aktuelles.uni-frankfurt.de\/wp-content\/uploads\/2025\/11\/deutschlandstipendium-2025_650x450px.jpg\" class=\"attachment-full size-full wp-image-86506\" alt=\"Deutschlandstipendium an der Goethe-Universit\u00e4t: In diesem Jahr erhalten 620 Stipendiat*innen eine F\u00f6rderung. 280 Privatpersonen, 45 Unternehmen und 52 NPOs haben die Gesamtsumme von 1.116.000 Euro gespendet. Foto: Uwe Dettmar\" srcset=\"https:\/\/aktuelles.uni-frankfurt.de\/wp-content\/uploads\/2025\/11\/deutschlandstipendium-2025_650x450px.jpg 650w, https:\/\/aktuelles.uni-frankfurt.de\/wp-content\/uploads\/2025\/11\/deutschlandstipendium-2025_650x450px-300x208.jpg 300w, https:\/\/aktuelles.uni-frankfurt.de\/wp-content\/uploads\/2025\/11\/deutschlandstipendium-2025_650x450px-500x346.jpg 500w, https:\/\/aktuelles.uni-frankfurt.de\/wp-content\/uploads\/2025\/11\/deutschlandstipendium-2025_650x450px-18x12.jpg 18w\" sizes=\"(max-width: 650px) 100vw, 650px\" \/><\/div>\n\t\t<\/a>\n\t\t\t\t<div class=\"elementor-post__text\">\n\t\t\t\t<h3 class=\"elementor-post__title\">\n\t\t\t<a href=\"https:\/\/aktuelles.uni-frankfurt.de\/en\/studium\/hoechstgrenze-geknackt-goethe-universitaet-beim-einwerben-von-deutschlandstipendien-erneut-sehr-erfolgreich\/\" >\n\t\t\t\tH\u00f6chstgrenze geknackt: Goethe-Universit\u00e4t beim Einwerben von Deutschlandstipendien erneut sehr erfolgreich\t\t\t<\/a>\n\t\t<\/h3>\n\t\t\t\t<div class=\"elementor-post__meta-data\">\n\t\t\t\t\t<span class=\"elementor-post-date\">\n\t\t\t20. November 2025\t\t<\/span>\n\t\t\t\t<\/div>\n\t\t\t\t<div class=\"elementor-post__excerpt\">\n\t\t\t<p>Gute Noten, aber auch soziales Engagement sind Voraussetzungen f\u00fcr das Deutschlandstipendium \/ 620 Stipendiat*innen k\u00f6nnen sich in diesem Jahr \u00fcber eine F\u00f6rderung freuen. Bereits im<\/p>\n\t\t<\/div>\n\t\t\t\t<\/div>\n\t\t\t\t<\/article>\n\t\t\t\t<article class=\"elementor-post elementor-grid-item post-86243 post type-post status-publish format-standard has-post-thumbnail hentry category-studium category-unireport tag-internationales tag-unireport-5-25\" role=\"listitem\">\n\t\t\t\t<a class=\"elementor-post__thumbnail__link\" href=\"https:\/\/aktuelles.uni-frankfurt.de\/en\/unireport\/das-buddy-programm-fuer-beide-seiten-ein-gewinn\/\" tabindex=\"-1\" >\n\t\t\t<div class=\"elementor-post__thumbnail\"><img loading=\"lazy\" decoding=\"async\" width=\"650\" height=\"450\" src=\"https:\/\/aktuelles.uni-frankfurt.de\/wp-content\/uploads\/2025\/11\/buddy-programm-c-dirk-frank.jpg\" class=\"attachment-full size-full wp-image-86244\" alt=\"Koordinator Pedro Schlepper und die studentische Mitarbeiterin Sana Aljadaan \u00a9 Dirk Frank\" srcset=\"https:\/\/aktuelles.uni-frankfurt.de\/wp-content\/uploads\/2025\/11\/buddy-programm-c-dirk-frank.jpg 650w, https:\/\/aktuelles.uni-frankfurt.de\/wp-content\/uploads\/2025\/11\/buddy-programm-c-dirk-frank-300x208.jpg 300w, https:\/\/aktuelles.uni-frankfurt.de\/wp-content\/uploads\/2025\/11\/buddy-programm-c-dirk-frank-500x346.jpg 500w, https:\/\/aktuelles.uni-frankfurt.de\/wp-content\/uploads\/2025\/11\/buddy-programm-c-dirk-frank-18x12.jpg 18w\" sizes=\"(max-width: 650px) 100vw, 650px\" \/><\/div>\n\t\t<\/a>\n\t\t\t\t<div class=\"elementor-post__text\">\n\t\t\t\t<h3 class=\"elementor-post__title\">\n\t\t\t<a href=\"https:\/\/aktuelles.uni-frankfurt.de\/en\/unireport\/das-buddy-programm-fuer-beide-seiten-ein-gewinn\/\" >\n\t\t\t\tDas Buddy-Programm: f\u00fcr beide Seiten ein Gewinn\t\t\t<\/a>\n\t\t<\/h3>\n\t\t\t\t<div class=\"elementor-post__meta-data\">\n\t\t\t\t\t<span class=\"elementor-post-date\">\n\t\t\t5. November 2025\t\t<\/span>\n\t\t\t\t<\/div>\n\t\t\t\t<div class=\"elementor-post__excerpt\">\n\t\t\t<p>Internationale Studierende an der Goethe-Universit\u00e4t erhalten auf Wunsch einen \u201eBuddy\u201c \u2013 eine studentische Begleitperson, die bei fachlichen, aber auch allt\u00e4glichen Themen unterst\u00fctzt. Das Angebot erfreut<\/p>\n\t\t<\/div>\n\t\t\t\t<\/div>\n\t\t\t\t<\/article>\n\t\t\t\t<article class=\"elementor-post elementor-grid-item post-86157 post type-post status-publish format-standard has-post-thumbnail hentry category-instagram category-studium category-unireport tag-internationales tag-unireport-5-25\" role=\"listitem\">\n\t\t\t\t<a class=\"elementor-post__thumbnail__link\" href=\"https:\/\/aktuelles.uni-frankfurt.de\/en\/unireport\/ausgepraegte-willkommenskultur\/\" tabindex=\"-1\" >\n\t\t\t<div class=\"elementor-post__thumbnail\"><img loading=\"lazy\" decoding=\"async\" width=\"650\" height=\"450\" src=\"https:\/\/aktuelles.uni-frankfurt.de\/wp-content\/uploads\/2025\/10\/studium-international-c-smolaw11-adobe-stock.jpg\" class=\"attachment-full size-full wp-image-86193\" alt=\"\u00a9 smolaw11\/Adobe Stock\" srcset=\"https:\/\/aktuelles.uni-frankfurt.de\/wp-content\/uploads\/2025\/10\/studium-international-c-smolaw11-adobe-stock.jpg 650w, https:\/\/aktuelles.uni-frankfurt.de\/wp-content\/uploads\/2025\/10\/studium-international-c-smolaw11-adobe-stock-300x208.jpg 300w, https:\/\/aktuelles.uni-frankfurt.de\/wp-content\/uploads\/2025\/10\/studium-international-c-smolaw11-adobe-stock-500x346.jpg 500w, https:\/\/aktuelles.uni-frankfurt.de\/wp-content\/uploads\/2025\/10\/studium-international-c-smolaw11-adobe-stock-18x12.jpg 18w\" sizes=\"(max-width: 650px) 100vw, 650px\" \/><\/div>\n\t\t<\/a>\n\t\t\t\t<div class=\"elementor-post__text\">\n\t\t\t\t<h3 class=\"elementor-post__title\">\n\t\t\t<a href=\"https:\/\/aktuelles.uni-frankfurt.de\/en\/unireport\/ausgepraegte-willkommenskultur\/\" >\n\t\t\t\tAusgepr\u00e4gte Willkommenskultur\t\t\t<\/a>\n\t\t<\/h3>\n\t\t\t\t<div class=\"elementor-post__meta-data\">\n\t\t\t\t\t<span class=\"elementor-post-date\">\n\t\t\t31. October 2025\t\t<\/span>\n\t\t\t\t<\/div>\n\t\t\t\t<div class=\"elementor-post__excerpt\">\n\t\t\t<p>BintHo-Studie attestiert deutschen Hochschulen, dass sich internationale Studierende wohlf\u00fchlen. Auch an der Goethe-Universit\u00e4t zeigt sich eine hohe Zufriedenheit. Die Goethe-Universit\u00e4t hat Anfang 2024 an der<\/p>\n\t\t<\/div>\n\t\t\t\t<\/div>\n\t\t\t\t<\/article>\n\t\t\t\t<article class=\"elementor-post elementor-grid-item post-85958 post type-post status-publish format-standard has-post-thumbnail hentry category-instagram category-studium category-unireport tag-unireport-5-25\" role=\"listitem\">\n\t\t\t\t<a class=\"elementor-post__thumbnail__link\" href=\"https:\/\/aktuelles.uni-frankfurt.de\/en\/unireport\/goethedatadive-zahl-des-monats-oktober\/\" tabindex=\"-1\" >\n\t\t\t<div class=\"elementor-post__thumbnail\"><img loading=\"lazy\" decoding=\"async\" width=\"650\" height=\"450\" src=\"https:\/\/aktuelles.uni-frankfurt.de\/wp-content\/uploads\/2025\/10\/goethedatadive13-erwerbstaetigkeit-de-650x450px.png\" class=\"attachment-full size-full wp-image-86057\" alt=\"#GoetheDataDive: 72,3% der Studierenden der Goethe-Universit\u00e4t arbeiten neben dem Studium. Quelle: Universit\u00e4tsweite Studierendenbefragung | Studium Lehre Internationales - Quantitative Instrumente, Kennzahlen, Kapazit\u00e4t und Statistik (QUIKKS, sli-quikks@uni-frankfurt.de)\" srcset=\"https:\/\/aktuelles.uni-frankfurt.de\/wp-content\/uploads\/2025\/10\/goethedatadive13-erwerbstaetigkeit-de-650x450px.png 650w, https:\/\/aktuelles.uni-frankfurt.de\/wp-content\/uploads\/2025\/10\/goethedatadive13-erwerbstaetigkeit-de-650x450px-300x208.png 300w, https:\/\/aktuelles.uni-frankfurt.de\/wp-content\/uploads\/2025\/10\/goethedatadive13-erwerbstaetigkeit-de-650x450px-500x346.png 500w, https:\/\/aktuelles.uni-frankfurt.de\/wp-content\/uploads\/2025\/10\/goethedatadive13-erwerbstaetigkeit-de-650x450px-18x12.png 18w\" sizes=\"(max-width: 650px) 100vw, 650px\" \/><\/div>\n\t\t<\/a>\n\t\t\t\t<div class=\"elementor-post__text\">\n\t\t\t\t<h3 class=\"elementor-post__title\">\n\t\t\t<a href=\"https:\/\/aktuelles.uni-frankfurt.de\/en\/unireport\/goethedatadive-zahl-des-monats-oktober\/\" >\n\t\t\t\t#GoetheDataDive: Zahl des Monats Oktober\t\t\t<\/a>\n\t\t<\/h3>\n\t\t\t\t<div class=\"elementor-post__meta-data\">\n\t\t\t\t\t<span class=\"elementor-post-date\">\n\t\t\t21. October 2025\t\t<\/span>\n\t\t\t\t<\/div>\n\t\t\t\t<div class=\"elementor-post__excerpt\">\n\t\t\t<p>72,3 Prozent der Studierenden der Goethe-Universit\u00e4t sind erwerbst\u00e4tig. Die gro\u00dfe Mehrheit der Studierenden in Frankfurt arbeitet w\u00e4hrend des Studiums: Fast drei von vier Studierenden (72,3<\/p>\n\t\t<\/div>\n\t\t\t\t<\/div>\n\t\t\t\t<\/article>\n\t\t\t\t<article class=\"elementor-post elementor-grid-item post-86020 post type-post status-publish format-standard has-post-thumbnail hentry category-gesellschaft category-studium\" role=\"listitem\">\n\t\t\t\t<a class=\"elementor-post__thumbnail__link\" href=\"https:\/\/aktuelles.uni-frankfurt.de\/en\/studium\/einstieg-in-studium-und-gesellschaft-fuer-gefluechtete\/\" tabindex=\"-1\" >\n\t\t\t<div class=\"elementor-post__thumbnail\"><img decoding=\"async\" width=\"650\" height=\"450\" src=\"https:\/\/aktuelles.uni-frankfurt.de\/wp-content\/uploads\/2021\/10\/beitragsbild_allgemein-goethe-uni-webmagazin.jpg\" class=\"attachment-full size-full wp-image-53025\" alt=\"\" srcset=\"https:\/\/aktuelles.uni-frankfurt.de\/wp-content\/uploads\/2021\/10\/beitragsbild_allgemein-goethe-uni-webmagazin.jpg 650w, https:\/\/aktuelles.uni-frankfurt.de\/wp-content\/uploads\/2021\/10\/beitragsbild_allgemein-goethe-uni-webmagazin-300x208.jpg 300w\" sizes=\"(max-width: 650px) 100vw, 650px\" \/><\/div>\n\t\t<\/a>\n\t\t\t\t<div class=\"elementor-post__text\">\n\t\t\t\t<h3 class=\"elementor-post__title\">\n\t\t\t<a href=\"https:\/\/aktuelles.uni-frankfurt.de\/en\/studium\/einstieg-in-studium-und-gesellschaft-fuer-gefluechtete\/\" >\n\t\t\t\tEinstieg in Studium und Gesellschaft f\u00fcr Gefl\u00fcchtete\t\t\t<\/a>\n\t\t<\/h3>\n\t\t\t\t<div class=\"elementor-post__meta-data\">\n\t\t\t\t\t<span class=\"elementor-post-date\">\n\t\t\t15. October 2025\t\t<\/span>\n\t\t\t\t<\/div>\n\t\t\t\t<div class=\"elementor-post__excerpt\">\n\t\t\t<p>Zehn Jahre Academic Welcome Program an der Goethe-Universit\u00e4t: Jubil\u00e4umsfeier am 22. Oktober 2025 Das Academic Welcome Program (AWP) der Goethe-Universit\u00e4t Frankfurt feiert in diesem Jahr<\/p>\n\t\t<\/div>\n\t\t\t\t<\/div>\n\t\t\t\t<\/article>\n\t\t\t\t<article class=\"elementor-post elementor-grid-item post-85954 post type-post status-publish format-standard has-post-thumbnail hentry category-gesellschaft category-studium category-unireport category-zticky tag-unireport-5-25\" role=\"listitem\">\n\t\t\t\t<a class=\"elementor-post__thumbnail__link\" href=\"https:\/\/aktuelles.uni-frankfurt.de\/en\/unireport\/zwischen-wg-casting-pendeln-und-gluecksfaellen\/\" tabindex=\"-1\" >\n\t\t\t<div class=\"elementor-post__thumbnail\"><img loading=\"lazy\" decoding=\"async\" width=\"650\" height=\"450\" src=\"https:\/\/aktuelles.uni-frankfurt.de\/wp-content\/uploads\/2025\/10\/studierende-wohnen-c-s-ts-shutterstock.jpg\" class=\"attachment-full size-full wp-image-85965\" alt=\"Eine Person sitzt am Fenster und schaut raus. Neben ihr sind Umzugskartons \u00a9 s-ts\/Shutterstock\" srcset=\"https:\/\/aktuelles.uni-frankfurt.de\/wp-content\/uploads\/2025\/10\/studierende-wohnen-c-s-ts-shutterstock.jpg 650w, https:\/\/aktuelles.uni-frankfurt.de\/wp-content\/uploads\/2025\/10\/studierende-wohnen-c-s-ts-shutterstock-300x208.jpg 300w, https:\/\/aktuelles.uni-frankfurt.de\/wp-content\/uploads\/2025\/10\/studierende-wohnen-c-s-ts-shutterstock-500x346.jpg 500w, https:\/\/aktuelles.uni-frankfurt.de\/wp-content\/uploads\/2025\/10\/studierende-wohnen-c-s-ts-shutterstock-18x12.jpg 18w\" sizes=\"(max-width: 650px) 100vw, 650px\" \/><\/div>\n\t\t<\/a>\n\t\t\t\t<div class=\"elementor-post__text\">\n\t\t\t\t<h3 class=\"elementor-post__title\">\n\t\t\t<a href=\"https:\/\/aktuelles.uni-frankfurt.de\/en\/unireport\/zwischen-wg-casting-pendeln-und-gluecksfaellen\/\" >\n\t\t\t\tZwischen WG-Casting, Pendeln und Gl\u00fccksf\u00e4llen\t\t\t<\/a>\n\t\t<\/h3>\n\t\t\t\t<div class=\"elementor-post__meta-data\">\n\t\t\t\t\t<span class=\"elementor-post-date\">\n\t\t\t13. October 2025\t\t<\/span>\n\t\t\t\t<\/div>\n\t\t\t\t<div class=\"elementor-post__excerpt\">\n\t\t\t<p>Studierende berichten \u00fcber die Wohnungssuche in Frankfurt. In vielen deutschen Gro\u00dfst\u00e4dten ist die Wohnungssituation gerade f\u00fcr Studierende ein gro\u00dfes Problem: zu hohe Mieten, knapper Wohnraum<\/p>\n\t\t<\/div>\n\t\t\t\t<\/div>\n\t\t\t\t<\/article>\n\t\t\t\t<article class=\"elementor-post elementor-grid-item post-85946 post type-post status-publish format-standard has-post-thumbnail hentry category-instagram category-studium tag-internationales\" role=\"listitem\">\n\t\t\t\t<a class=\"elementor-post__thumbnail__link\" href=\"https:\/\/aktuelles.uni-frankfurt.de\/en\/studium\/semester-oder-praktikum-im-ausland-gesucht\/\" tabindex=\"-1\" >\n\t\t\t<div class=\"elementor-post__thumbnail\"><img loading=\"lazy\" decoding=\"async\" width=\"650\" height=\"450\" src=\"https:\/\/aktuelles.uni-frankfurt.de\/wp-content\/uploads\/2025\/10\/international-day-2025-c-alex-photo-adobe-stock.jpg\" class=\"attachment-full size-full wp-image-85974\" alt=\"\u00a9 Alex Photo\/AdobeStock\" srcset=\"https:\/\/aktuelles.uni-frankfurt.de\/wp-content\/uploads\/2025\/10\/international-day-2025-c-alex-photo-adobe-stock.jpg 650w, https:\/\/aktuelles.uni-frankfurt.de\/wp-content\/uploads\/2025\/10\/international-day-2025-c-alex-photo-adobe-stock-300x208.jpg 300w, https:\/\/aktuelles.uni-frankfurt.de\/wp-content\/uploads\/2025\/10\/international-day-2025-c-alex-photo-adobe-stock-500x346.jpg 500w, https:\/\/aktuelles.uni-frankfurt.de\/wp-content\/uploads\/2025\/10\/international-day-2025-c-alex-photo-adobe-stock-18x12.jpg 18w\" sizes=\"(max-width: 650px) 100vw, 650px\" \/><\/div>\n\t\t<\/a>\n\t\t\t\t<div class=\"elementor-post__text\">\n\t\t\t\t<h3 class=\"elementor-post__title\">\n\t\t\t<a href=\"https:\/\/aktuelles.uni-frankfurt.de\/en\/studium\/semester-oder-praktikum-im-ausland-gesucht\/\" >\n\t\t\t\tSemester oder Praktikum im Ausland gesucht?\t\t\t<\/a>\n\t\t<\/h3>\n\t\t\t\t<div class=\"elementor-post__meta-data\">\n\t\t\t\t\t<span class=\"elementor-post-date\">\n\t\t\t10. October 2025\t\t<\/span>\n\t\t\t\t<\/div>\n\t\t\t\t<div class=\"elementor-post__excerpt\">\n\t\t\t<p>Am 29. Oktober ist International Day P\u00fcnktlich zum Semesterstart ist es wieder so weit: Die Mitarbeitenden des Global Office, Erasmus-Programmbeauftragte der Fachbereiche sowie Repr\u00e4sentant*innen verschiedener<\/p>\n\t\t<\/div>\n\t\t\t\t<\/div>\n\t\t\t\t<\/article>\n\t\t\t\t<article class=\"elementor-post elementor-grid-item post-85584 post type-post status-publish format-standard has-post-thumbnail hentry category-gesellschaft category-instagram category-studium\" role=\"listitem\">\n\t\t\t\t<a class=\"elementor-post__thumbnail__link\" href=\"https:\/\/aktuelles.uni-frankfurt.de\/en\/studium\/goethe-data-dive-ein-drittel-der-goethe-studierenden-lebt-noch-zuhause\/\" tabindex=\"-1\" >\n\t\t\t<div class=\"elementor-post__thumbnail\"><img loading=\"lazy\" decoding=\"async\" width=\"650\" height=\"450\" src=\"https:\/\/aktuelles.uni-frankfurt.de\/wp-content\/uploads\/2025\/09\/GoetheDataDive12_Wohnungsnot_650x450px.png\" class=\"attachment-full size-full wp-image-85586\" alt=\"\" srcset=\"https:\/\/aktuelles.uni-frankfurt.de\/wp-content\/uploads\/2025\/09\/GoetheDataDive12_Wohnungsnot_650x450px.png 650w, https:\/\/aktuelles.uni-frankfurt.de\/wp-content\/uploads\/2025\/09\/GoetheDataDive12_Wohnungsnot_650x450px-300x208.png 300w, https:\/\/aktuelles.uni-frankfurt.de\/wp-content\/uploads\/2025\/09\/GoetheDataDive12_Wohnungsnot_650x450px-500x346.png 500w, https:\/\/aktuelles.uni-frankfurt.de\/wp-content\/uploads\/2025\/09\/GoetheDataDive12_Wohnungsnot_650x450px-18x12.png 18w\" sizes=\"(max-width: 650px) 100vw, 650px\" \/><\/div>\n\t\t<\/a>\n\t\t\t\t<div class=\"elementor-post__text\">\n\t\t\t\t<h3 class=\"elementor-post__title\">\n\t\t\t<a href=\"https:\/\/aktuelles.uni-frankfurt.de\/en\/studium\/goethe-data-dive-ein-drittel-der-goethe-studierenden-lebt-noch-zuhause\/\" >\n\t\t\t\tGoethe Data Dive: Ein Drittel der Goethe-Studierenden lebt noch zuhause\t\t\t<\/a>\n\t\t<\/h3>\n\t\t\t\t<div class=\"elementor-post__meta-data\">\n\t\t\t\t\t<span class=\"elementor-post-date\">\n\t\t\t12. September 2025\t\t<\/span>\n\t\t\t\t<\/div>\n\t\t\t\t<div class=\"elementor-post__excerpt\">\n\t\t\t<p>Die Wohnsituation von Studierenden an der Goethe-Universit\u00e4t ist deutlich vielf\u00e4ltiger, als man auf den ersten Blick vermuten k\u00f6nnte. Das zeigt die Studierendenbefragung 2022\/23: Rund 34<\/p>\n\t\t<\/div>\n\t\t\t\t<\/div>\n\t\t\t\t<\/article>\n\t\t\t\t<article class=\"elementor-post elementor-grid-item post-85470 post type-post status-publish format-standard has-post-thumbnail hentry category-campus category-menschen category-studium tag-campus-westend tag-wirtschaftswissenschaften\" role=\"listitem\">\n\t\t\t\t<a class=\"elementor-post__thumbnail__link\" href=\"https:\/\/aktuelles.uni-frankfurt.de\/en\/studium\/koehler-geib-zur-honorarprofessorin-ernannt\/\" tabindex=\"-1\" >\n\t\t\t<div class=\"elementor-post__thumbnail\"><img loading=\"lazy\" decoding=\"async\" width=\"650\" height=\"450\" src=\"https:\/\/aktuelles.uni-frankfurt.de\/wp-content\/uploads\/2025\/08\/Rainer-Klump-House-of-Finance-ueberreicht-Friederike-Koehler-Geib-die-Auszeichnung_copyright-unbekannt.jpg\" class=\"attachment-full size-full wp-image-85471\" alt=\"Rainer-Klump-(House-of-Finance)-\u00fcberreicht-Friederike-Koehler-Geib-die-Auszeichnung_copyright-unbekannt\" srcset=\"https:\/\/aktuelles.uni-frankfurt.de\/wp-content\/uploads\/2025\/08\/Rainer-Klump-House-of-Finance-ueberreicht-Friederike-Koehler-Geib-die-Auszeichnung_copyright-unbekannt.jpg 650w, https:\/\/aktuelles.uni-frankfurt.de\/wp-content\/uploads\/2025\/08\/Rainer-Klump-House-of-Finance-ueberreicht-Friederike-Koehler-Geib-die-Auszeichnung_copyright-unbekannt-300x208.jpg 300w, https:\/\/aktuelles.uni-frankfurt.de\/wp-content\/uploads\/2025\/08\/Rainer-Klump-House-of-Finance-ueberreicht-Friederike-Koehler-Geib-die-Auszeichnung_copyright-unbekannt-500x346.jpg 500w, https:\/\/aktuelles.uni-frankfurt.de\/wp-content\/uploads\/2025\/08\/Rainer-Klump-House-of-Finance-ueberreicht-Friederike-Koehler-Geib-die-Auszeichnung_copyright-unbekannt-18x12.jpg 18w\" sizes=\"(max-width: 650px) 100vw, 650px\" \/><\/div>\n\t\t<\/a>\n\t\t\t\t<div class=\"elementor-post__text\">\n\t\t\t\t<h3 class=\"elementor-post__title\">\n\t\t\t<a href=\"https:\/\/aktuelles.uni-frankfurt.de\/en\/studium\/koehler-geib-zur-honorarprofessorin-ernannt\/\" >\n\t\t\t\tK\u00f6hler-Geib zur Honorarprofessorin ernannt\t\t\t<\/a>\n\t\t<\/h3>\n\t\t\t\t<div class=\"elementor-post__meta-data\">\n\t\t\t\t\t<span class=\"elementor-post-date\">\n\t\t\t29. August 2025\t\t<\/span>\n\t\t\t\t<\/div>\n\t\t\t\t<div class=\"elementor-post__excerpt\">\n\t\t\t<p>Friederike (Fritzi) K\u00f6hler-Geib, Mitglied des Vorstands der Deutschen Bundesbank, ist zur Honorarprofessorin am Fachbereich Wirtschaftswissenschaften der Goethe-Universit\u00e4t ernannt worden. Die promovierte Volkswirtin ist bereits seit<\/p>\n\t\t<\/div>\n\t\t\t\t<\/div>\n\t\t\t\t<\/article>\n\t\t\t\t<article class=\"elementor-post elementor-grid-item post-85435 post type-post status-publish format-standard has-post-thumbnail hentry category-studium tag-internationales\" role=\"listitem\">\n\t\t\t\t<a class=\"elementor-post__thumbnail__link\" href=\"https:\/\/aktuelles.uni-frankfurt.de\/en\/studium\/ein-kleiner-schritt-fuer-ein-englischsprachiges-studienerlebnis-ein-grosser-sprung-fuer-die-persoenliche-entwicklung\/\" tabindex=\"-1\" >\n\t\t\t<div class=\"elementor-post__thumbnail\"><img loading=\"lazy\" decoding=\"async\" width=\"650\" height=\"450\" src=\"https:\/\/aktuelles.uni-frankfurt.de\/wp-content\/uploads\/2025\/08\/theodor-w-adorno-platz-campus-westend-steffen-boettccher.jpg\" class=\"attachment-full size-full wp-image-85437\" alt=\"Stra\u00dfenschild vom Theodor-W.-Adorno-Platz\" srcset=\"https:\/\/aktuelles.uni-frankfurt.de\/wp-content\/uploads\/2025\/08\/theodor-w-adorno-platz-campus-westend-steffen-boettccher.jpg 650w, https:\/\/aktuelles.uni-frankfurt.de\/wp-content\/uploads\/2025\/08\/theodor-w-adorno-platz-campus-westend-steffen-boettccher-300x208.jpg 300w, https:\/\/aktuelles.uni-frankfurt.de\/wp-content\/uploads\/2025\/08\/theodor-w-adorno-platz-campus-westend-steffen-boettccher-500x346.jpg 500w, https:\/\/aktuelles.uni-frankfurt.de\/wp-content\/uploads\/2025\/08\/theodor-w-adorno-platz-campus-westend-steffen-boettccher-18x12.jpg 18w\" sizes=\"(max-width: 650px) 100vw, 650px\" \/><\/div>\n\t\t<\/a>\n\t\t\t\t<div class=\"elementor-post__text\">\n\t\t\t\t<h3 class=\"elementor-post__title\">\n\t\t\t<a href=\"https:\/\/aktuelles.uni-frankfurt.de\/en\/studium\/ein-kleiner-schritt-fuer-ein-englischsprachiges-studienerlebnis-ein-grosser-sprung-fuer-die-persoenliche-entwicklung\/\" >\n\t\t\t\tEin kleiner Schritt f\u00fcr ein englischsprachiges Studienerlebnis, ein gro\u00dfer Sprung f\u00fcr die pers\u00f6nliche Entwicklung\t\t\t<\/a>\n\t\t<\/h3>\n\t\t\t\t<div class=\"elementor-post__meta-data\">\n\t\t\t\t\t<span class=\"elementor-post-date\">\n\t\t\t27. August 2025\t\t<\/span>\n\t\t\t\t<\/div>\n\t\t\t\t<div class=\"elementor-post__excerpt\">\n\t\t\t<p>Das neue Goethe Study Experience Programm bietet Orientierung f\u00fcr internationale Austauschstudierende \/ Englischsprachige Lehrveranstaltungen offen f\u00fcr regul\u00e4re Studierende Dieses Semester startet ein neues Goethe-Universit\u00e4t Programm,<\/p>\n\t\t<\/div>\n\t\t\t\t<\/div>\n\t\t\t\t<\/article>\n\t\t\t\t<article class=\"elementor-post elementor-grid-item post-85269 post type-post status-publish format-standard has-post-thumbnail hentry category-studium category-unireport tag-rechtswissenschaft tag-unireport-4-25\" role=\"listitem\">\n\t\t\t\t<a class=\"elementor-post__thumbnail__link\" href=\"https:\/\/aktuelles.uni-frankfurt.de\/en\/unireport\/von-law-in-the-books-zu-law-in-action\/\" tabindex=\"-1\" >\n\t\t\t<div class=\"elementor-post__thumbnail\"><img loading=\"lazy\" decoding=\"async\" width=\"650\" height=\"450\" src=\"https:\/\/aktuelles.uni-frankfurt.de\/wp-content\/uploads\/2025\/08\/karlsruhe-fahrt-c-elsa.jpg\" class=\"attachment-full size-full wp-image-85270\" alt=\"Jurastudierende der Goethe-Universit\u00e4t bei den h\u00f6chsten deutschen Gerichten in Karlsruhe \u00a9 ELSA\" srcset=\"https:\/\/aktuelles.uni-frankfurt.de\/wp-content\/uploads\/2025\/08\/karlsruhe-fahrt-c-elsa.jpg 650w, https:\/\/aktuelles.uni-frankfurt.de\/wp-content\/uploads\/2025\/08\/karlsruhe-fahrt-c-elsa-300x208.jpg 300w, https:\/\/aktuelles.uni-frankfurt.de\/wp-content\/uploads\/2025\/08\/karlsruhe-fahrt-c-elsa-500x346.jpg 500w, https:\/\/aktuelles.uni-frankfurt.de\/wp-content\/uploads\/2025\/08\/karlsruhe-fahrt-c-elsa-18x12.jpg 18w\" sizes=\"(max-width: 650px) 100vw, 650px\" \/><\/div>\n\t\t<\/a>\n\t\t\t\t<div class=\"elementor-post__text\">\n\t\t\t\t<h3 class=\"elementor-post__title\">\n\t\t\t<a href=\"https:\/\/aktuelles.uni-frankfurt.de\/en\/unireport\/von-law-in-the-books-zu-law-in-action\/\" >\n\t\t\t\tVon \u201elaw in the books\u201c zu \u201elaw in action\u201c\t\t\t<\/a>\n\t\t<\/h3>\n\t\t\t\t<div class=\"elementor-post__meta-data\">\n\t\t\t\t\t<span class=\"elementor-post-date\">\n\t\t\t20. August 2025\t\t<\/span>\n\t\t\t\t<\/div>\n\t\t\t\t<div class=\"elementor-post__excerpt\">\n\t\t\t<p>Die Karlsruhe-Fahrt zu BGH und BVerfG: ein Erfahrungsbericht von Florian Kavermann Rund 40 Jurastudierende der Goethe-Universit\u00e4t hatten im Juni 2025 die M\u00f6glichkeit, die h\u00f6chsten deutschen<\/p>\n\t\t<\/div>\n\t\t\t\t<\/div>\n\t\t\t\t<\/article>\n\t\t\t\t<article class=\"elementor-post elementor-grid-item post-85263 post type-post status-publish format-standard has-post-thumbnail hentry category-studium category-unireport tag-lehre tag-medizin tag-unireport-4-25\" role=\"listitem\">\n\t\t\t\t<a class=\"elementor-post__thumbnail__link\" href=\"https:\/\/aktuelles.uni-frankfurt.de\/en\/unireport\/querschnittsdenken-in-der-zahnmedizin\/\" tabindex=\"-1\" >\n\t\t\t<div class=\"elementor-post__thumbnail\"><img loading=\"lazy\" decoding=\"async\" width=\"650\" height=\"450\" src=\"https:\/\/aktuelles.uni-frankfurt.de\/wp-content\/uploads\/2025\/08\/zahnmedizin-650x450px.jpg\" class=\"attachment-full size-full wp-image-85426\" alt=\"Einblick in die Veranstaltung QBZ3: Schmerzmedizin.\" srcset=\"https:\/\/aktuelles.uni-frankfurt.de\/wp-content\/uploads\/2025\/08\/zahnmedizin-650x450px.jpg 650w, https:\/\/aktuelles.uni-frankfurt.de\/wp-content\/uploads\/2025\/08\/zahnmedizin-650x450px-300x208.jpg 300w, https:\/\/aktuelles.uni-frankfurt.de\/wp-content\/uploads\/2025\/08\/zahnmedizin-650x450px-500x346.jpg 500w, https:\/\/aktuelles.uni-frankfurt.de\/wp-content\/uploads\/2025\/08\/zahnmedizin-650x450px-18x12.jpg 18w\" sizes=\"(max-width: 650px) 100vw, 650px\" \/><\/div>\n\t\t<\/a>\n\t\t\t\t<div class=\"elementor-post__text\">\n\t\t\t\t<h3 class=\"elementor-post__title\">\n\t\t\t<a href=\"https:\/\/aktuelles.uni-frankfurt.de\/en\/unireport\/querschnittsdenken-in-der-zahnmedizin\/\" >\n\t\t\t\tQuerschnittsdenken in der Zahnmedizin\t\t\t<\/a>\n\t\t<\/h3>\n\t\t\t\t<div class=\"elementor-post__meta-data\">\n\t\t\t\t\t<span class=\"elementor-post-date\">\n\t\t\t18. August 2025\t\t<\/span>\n\t\t\t\t<\/div>\n\t\t\t\t<div class=\"elementor-post__excerpt\">\n\t\t\t<p>Neue Wege in Lehre und Praxis Mit der neuen zahn\u00e4rztlichen Approbationsordnung (ZApprO) ver\u00e4ndert sich die Ausbildung an deutschen Universit\u00e4ten grundlegend. Ein zentrales Element sind die<\/p>\n\t\t<\/div>\n\t\t\t\t<\/div>\n\t\t\t\t<\/article>\n\t\t\t\t<article class=\"elementor-post elementor-grid-item post-85192 post type-post status-publish format-standard has-post-thumbnail hentry category-instagram category-studium\" role=\"listitem\">\n\t\t\t\t<a class=\"elementor-post__thumbnail__link\" href=\"https:\/\/aktuelles.uni-frankfurt.de\/en\/studium\/bafoeg-an-der-goethe-universitaet-wer-profitiert-und-wie-stark\/\" tabindex=\"-1\" >\n\t\t\t<div class=\"elementor-post__thumbnail\"><img loading=\"lazy\" decoding=\"async\" width=\"650\" height=\"450\" src=\"https:\/\/aktuelles.uni-frankfurt.de\/wp-content\/uploads\/2025\/08\/goethedatadive11-650x450px.png\" class=\"attachment-full size-full wp-image-85195\" alt=\"#GoetheDataDive 11\" srcset=\"https:\/\/aktuelles.uni-frankfurt.de\/wp-content\/uploads\/2025\/08\/goethedatadive11-650x450px.png 650w, https:\/\/aktuelles.uni-frankfurt.de\/wp-content\/uploads\/2025\/08\/goethedatadive11-650x450px-300x208.png 300w, https:\/\/aktuelles.uni-frankfurt.de\/wp-content\/uploads\/2025\/08\/goethedatadive11-650x450px-500x346.png 500w, https:\/\/aktuelles.uni-frankfurt.de\/wp-content\/uploads\/2025\/08\/goethedatadive11-650x450px-18x12.png 18w\" sizes=\"(max-width: 650px) 100vw, 650px\" \/><\/div>\n\t\t<\/a>\n\t\t\t\t<div class=\"elementor-post__text\">\n\t\t\t\t<h3 class=\"elementor-post__title\">\n\t\t\t<a href=\"https:\/\/aktuelles.uni-frankfurt.de\/en\/studium\/bafoeg-an-der-goethe-universitaet-wer-profitiert-und-wie-stark\/\" >\n\t\t\t\tBAf\u00f6G an der Goethe-Universit\u00e4t: Wer profitiert \u2013 und wie stark?\t\t\t<\/a>\n\t\t<\/h3>\n\t\t\t\t<div class=\"elementor-post__meta-data\">\n\t\t\t\t\t<span class=\"elementor-post-date\">\n\t\t\t5. August 2025\t\t<\/span>\n\t\t\t\t<\/div>\n\t\t\t\t<div class=\"elementor-post__excerpt\">\n\t\t\t<p>Wie finanzieren sich Studierende an der Goethe-Universit\u00e4t Frankfurt? Ein Blick in die universit\u00e4tsweite Studierendenbefragung 2022\/23 zeigt: Knapp 15\u202f% der Befragten geben an, dass sie ihren<\/p>\n\t\t<\/div>\n\t\t\t\t<\/div>\n\t\t\t\t<\/article>\n\t\t\t\t<article class=\"elementor-post elementor-grid-item post-85186 post type-post status-publish format-standard has-post-thumbnail hentry category-studium tag-afrikaforschung tag-rmu tag-sprach-und-kulturwissenschaften\" role=\"listitem\">\n\t\t\t\t<a class=\"elementor-post__thumbnail__link\" href=\"https:\/\/aktuelles.uni-frankfurt.de\/en\/studium\/sprache-trifft-medien-mainz-und-frankfurt-bieten-einzigartiges-afrika-studium\/\" tabindex=\"-1\" >\n\t\t\t<div class=\"elementor-post__thumbnail\"><img loading=\"lazy\" decoding=\"async\" width=\"650\" height=\"450\" src=\"https:\/\/aktuelles.uni-frankfurt.de\/wp-content\/uploads\/2025\/08\/beitragsbild_RMU-Afrikaforschung_01.jpg\" class=\"attachment-full size-full wp-image-85188\" alt=\"\" srcset=\"https:\/\/aktuelles.uni-frankfurt.de\/wp-content\/uploads\/2025\/08\/beitragsbild_RMU-Afrikaforschung_01.jpg 650w, https:\/\/aktuelles.uni-frankfurt.de\/wp-content\/uploads\/2025\/08\/beitragsbild_RMU-Afrikaforschung_01-300x208.jpg 300w, https:\/\/aktuelles.uni-frankfurt.de\/wp-content\/uploads\/2025\/08\/beitragsbild_RMU-Afrikaforschung_01-500x346.jpg 500w, https:\/\/aktuelles.uni-frankfurt.de\/wp-content\/uploads\/2025\/08\/beitragsbild_RMU-Afrikaforschung_01-18x12.jpg 18w\" sizes=\"(max-width: 650px) 100vw, 650px\" \/><\/div>\n\t\t<\/a>\n\t\t\t\t<div class=\"elementor-post__text\">\n\t\t\t\t<h3 class=\"elementor-post__title\">\n\t\t\t<a href=\"https:\/\/aktuelles.uni-frankfurt.de\/en\/studium\/sprache-trifft-medien-mainz-und-frankfurt-bieten-einzigartiges-afrika-studium\/\" >\n\t\t\t\tSprache trifft Medien: Mainz und Frankfurt bieten einzigartiges Afrika-Studium\t\t\t<\/a>\n\t\t<\/h3>\n\t\t\t\t<div class=\"elementor-post__meta-data\">\n\t\t\t\t\t<span class=\"elementor-post-date\">\n\t\t\t1. August 2025\t\t<\/span>\n\t\t\t\t<\/div>\n\t\t\t\t<div class=\"elementor-post__excerpt\">\n\t\t\t<p>F\u00fcr den Bachelorstudiengang \u201eAfrikanische Sprachen, Medien und Kommunikation\u201c haben sich die Universit\u00e4ten Mainz und Frankfurt im Rahmen der Rhein-Main-Universit\u00e4ten 2021 zusammengetan. Die JGU-Redaktion der Universit\u00e4t<\/p>\n\t\t<\/div>\n\t\t\t\t<\/div>\n\t\t\t\t<\/article>\n\t\t\t\t<article class=\"elementor-post elementor-grid-item post-84978 post type-post status-publish format-standard has-post-thumbnail hentry category-instagram category-studium category-unireport tag-pharmazie tag-unireport-4-25\" role=\"listitem\">\n\t\t\t\t<a class=\"elementor-post__thumbnail__link\" href=\"https:\/\/aktuelles.uni-frankfurt.de\/en\/unireport\/ein-trainingsraum-fuer-angehende-apothekerinnen\/\" tabindex=\"-1\" >\n\t\t\t<div class=\"elementor-post__thumbnail\"><img loading=\"lazy\" decoding=\"async\" width=\"650\" height=\"450\" src=\"https:\/\/aktuelles.uni-frankfurt.de\/wp-content\/uploads\/2025\/07\/bewertungssituation-c-peter-kiefer.jpg\" class=\"attachment-full size-full wp-image-84982\" alt=\"Das Beratungsgespr\u00e4ch in der Trainingsapotheke. \u00a9 Peter Kiefer\" srcset=\"https:\/\/aktuelles.uni-frankfurt.de\/wp-content\/uploads\/2025\/07\/bewertungssituation-c-peter-kiefer.jpg 650w, https:\/\/aktuelles.uni-frankfurt.de\/wp-content\/uploads\/2025\/07\/bewertungssituation-c-peter-kiefer-300x208.jpg 300w, https:\/\/aktuelles.uni-frankfurt.de\/wp-content\/uploads\/2025\/07\/bewertungssituation-c-peter-kiefer-500x346.jpg 500w, https:\/\/aktuelles.uni-frankfurt.de\/wp-content\/uploads\/2025\/07\/bewertungssituation-c-peter-kiefer-18x12.jpg 18w\" sizes=\"(max-width: 650px) 100vw, 650px\" \/><\/div>\n\t\t<\/a>\n\t\t\t\t<div class=\"elementor-post__text\">\n\t\t\t\t<h3 class=\"elementor-post__title\">\n\t\t\t<a href=\"https:\/\/aktuelles.uni-frankfurt.de\/en\/unireport\/ein-trainingsraum-fuer-angehende-apothekerinnen\/\" >\n\t\t\t\tEin Trainingsraum f\u00fcr angehende Apotheker*innen\t\t\t<\/a>\n\t\t<\/h3>\n\t\t\t\t<div class=\"elementor-post__meta-data\">\n\t\t\t\t\t<span class=\"elementor-post-date\">\n\t\t\t1. August 2025\t\t<\/span>\n\t\t\t\t<\/div>\n\t\t\t\t<div class=\"elementor-post__excerpt\">\n\t\t\t<p>Bei \u00dcbungen in der Trainingsapotheke und mit dem Onlinetool \u201eMyDispense\u201c k\u00f6nnen Pharmazie-Studierende ihre Beratungs- und Fachkompetenz testen und erweitern. In einem Seitengang des Geb\u00e4udes N260<\/p>\n\t\t<\/div>\n\t\t\t\t<\/div>\n\t\t\t\t<\/article>\n\t\t\t\t<article class=\"elementor-post elementor-grid-item post-85099 post type-post status-publish format-standard has-post-thumbnail hentry category-instagram category-studium tag-biowissenschaften\" role=\"listitem\">\n\t\t\t\t<a class=\"elementor-post__thumbnail__link\" href=\"https:\/\/aktuelles.uni-frankfurt.de\/en\/studium\/biologische-exkursion-nach-aegypten-april-2025\/\" tabindex=\"-1\" >\n\t\t\t<div class=\"elementor-post__thumbnail\"><img loading=\"lazy\" decoding=\"async\" width=\"650\" height=\"450\" src=\"https:\/\/aktuelles.uni-frankfurt.de\/wp-content\/uploads\/2025\/07\/vff-foerderprojekt-c-mohammed-el-garhy.jpg\" class=\"attachment-full size-full wp-image-85100\" alt=\"Tauchen von Bord eines Forschungsschiffes \u00a9 Mohammed el Garhy\" srcset=\"https:\/\/aktuelles.uni-frankfurt.de\/wp-content\/uploads\/2025\/07\/vff-foerderprojekt-c-mohammed-el-garhy.jpg 650w, https:\/\/aktuelles.uni-frankfurt.de\/wp-content\/uploads\/2025\/07\/vff-foerderprojekt-c-mohammed-el-garhy-300x208.jpg 300w, https:\/\/aktuelles.uni-frankfurt.de\/wp-content\/uploads\/2025\/07\/vff-foerderprojekt-c-mohammed-el-garhy-500x346.jpg 500w, https:\/\/aktuelles.uni-frankfurt.de\/wp-content\/uploads\/2025\/07\/vff-foerderprojekt-c-mohammed-el-garhy-18x12.jpg 18w\" sizes=\"(max-width: 650px) 100vw, 650px\" \/><\/div>\n\t\t<\/a>\n\t\t\t\t<div class=\"elementor-post__text\">\n\t\t\t\t<h3 class=\"elementor-post__title\">\n\t\t\t<a href=\"https:\/\/aktuelles.uni-frankfurt.de\/en\/studium\/biologische-exkursion-nach-aegypten-april-2025\/\" >\n\t\t\t\tBiologische Exkursion nach \u00c4gypten (April 2025)\t\t\t<\/a>\n\t\t<\/h3>\n\t\t\t\t<div class=\"elementor-post__meta-data\">\n\t\t\t\t\t<span class=\"elementor-post-date\">\n\t\t\t29. July 2025\t\t<\/span>\n\t\t\t\t<\/div>\n\t\t\t\t<div class=\"elementor-post__excerpt\">\n\t\t\t<p>Der folgende Bericht wurde aus der Perspektive einer Studierendengruppe der Goethe-Universit\u00e4t Frankfurt am Main verfasst. Die Exkursion wurde im April 2025 unter der Leitung von<\/p>\n\t\t<\/div>\n\t\t\t\t<\/div>\n\t\t\t\t<\/article>\n\t\t\t\t<article class=\"elementor-post elementor-grid-item post-84874 post type-post status-publish format-standard has-post-thumbnail hentry category-studium category-unireport tag-unireport-4-25\" role=\"listitem\">\n\t\t\t\t<a class=\"elementor-post__thumbnail__link\" href=\"https:\/\/aktuelles.uni-frankfurt.de\/en\/unireport\/abstand-vom-durchgetakteten-semesteralltag\/\" tabindex=\"-1\" >\n\t\t\t<div class=\"elementor-post__thumbnail\"><img decoding=\"async\" width=\"650\" height=\"450\" src=\"https:\/\/aktuelles.uni-frankfurt.de\/wp-content\/uploads\/2021\/10\/beitragsbild_allgemein-goethe-uni-webmagazin.jpg\" class=\"attachment-full size-full wp-image-53025\" alt=\"\" srcset=\"https:\/\/aktuelles.uni-frankfurt.de\/wp-content\/uploads\/2021\/10\/beitragsbild_allgemein-goethe-uni-webmagazin.jpg 650w, https:\/\/aktuelles.uni-frankfurt.de\/wp-content\/uploads\/2021\/10\/beitragsbild_allgemein-goethe-uni-webmagazin-300x208.jpg 300w\" sizes=\"(max-width: 650px) 100vw, 650px\" \/><\/div>\n\t\t<\/a>\n\t\t\t\t<div class=\"elementor-post__text\">\n\t\t\t\t<h3 class=\"elementor-post__title\">\n\t\t\t<a href=\"https:\/\/aktuelles.uni-frankfurt.de\/en\/unireport\/abstand-vom-durchgetakteten-semesteralltag\/\" >\n\t\t\t\tAbstand vom durchgetakteten Semesteralltag\t\t\t<\/a>\n\t\t<\/h3>\n\t\t\t\t<div class=\"elementor-post__meta-data\">\n\t\t\t\t\t<span class=\"elementor-post-date\">\n\t\t\t21. July 2025\t\t<\/span>\n\t\t\t\t<\/div>\n\t\t\t\t<div class=\"elementor-post__excerpt\">\n\t\t\t<p>Tipps von Kirsten Brandenburg, Studienberaterin an der Goethe-Universit\u00e4t UniReport: Frau Brandenburg, im allgemeinen Sprachgebrauch hei\u00dft es oft immer noch Semesterferien, aber sind das f\u00fcr Studierende<\/p>\n\t\t<\/div>\n\t\t\t\t<\/div>\n\t\t\t\t<\/article>\n\t\t\t\t<article class=\"elementor-post elementor-grid-item post-84870 post type-post status-publish format-standard has-post-thumbnail hentry category-studium category-unireport tag-unireport-4-25\" role=\"listitem\">\n\t\t\t\t<a class=\"elementor-post__thumbnail__link\" href=\"https:\/\/aktuelles.uni-frankfurt.de\/en\/unireport\/semesterferien-zwischen-hausarbeit-strand-und-jobben\/\" tabindex=\"-1\" >\n\t\t\t<div class=\"elementor-post__thumbnail\"><img loading=\"lazy\" decoding=\"async\" width=\"650\" height=\"450\" src=\"https:\/\/aktuelles.uni-frankfurt.de\/wp-content\/uploads\/2025\/07\/semesterferien-650px450px.jpg\" class=\"attachment-full size-full wp-image-84871\" alt=\"Studierende unterhalten sich in der Uni\" srcset=\"https:\/\/aktuelles.uni-frankfurt.de\/wp-content\/uploads\/2025\/07\/semesterferien-650px450px.jpg 650w, https:\/\/aktuelles.uni-frankfurt.de\/wp-content\/uploads\/2025\/07\/semesterferien-650px450px-300x208.jpg 300w, https:\/\/aktuelles.uni-frankfurt.de\/wp-content\/uploads\/2025\/07\/semesterferien-650px450px-500x346.jpg 500w, https:\/\/aktuelles.uni-frankfurt.de\/wp-content\/uploads\/2025\/07\/semesterferien-650px450px-18x12.jpg 18w\" sizes=\"(max-width: 650px) 100vw, 650px\" \/><\/div>\n\t\t<\/a>\n\t\t\t\t<div class=\"elementor-post__text\">\n\t\t\t\t<h3 class=\"elementor-post__title\">\n\t\t\t<a href=\"https:\/\/aktuelles.uni-frankfurt.de\/en\/unireport\/semesterferien-zwischen-hausarbeit-strand-und-jobben\/\" >\n\t\t\t\tSemesterferien \u2013 zwischen Hausarbeit, Strand und jobben\t\t\t<\/a>\n\t\t<\/h3>\n\t\t\t\t<div class=\"elementor-post__meta-data\">\n\t\t\t\t\t<span class=\"elementor-post-date\">\n\t\t\t21. July 2025\t\t<\/span>\n\t\t\t\t<\/div>\n\t\t\t\t<div class=\"elementor-post__excerpt\">\n\t\t\t<p>Die vorlesungsfreie Zeit n\u00e4hert sich und wir wollen wissen, wie die Studierenden an der Goethe-Universit\u00e4t die Semesterferien verbringen. Daf\u00fcr haben wir sie kurzerhand selbst nach<\/p>\n\t\t<\/div>\n\t\t\t\t<\/div>\n\t\t\t\t<\/article>\n\t\t\t\t<\/div>\n\t\t\n\t\t\t\t<div class=\"e-load-more-anchor\" data-page=\"1\" data-max-page=\"18\" data-next-page=\"https:\/\/aktuelles.uni-frankfurt.de\/en\/?e-page-0d1269f=2\"><\/div>\n\t\t\t\t<nav class=\"elementor-pagination\" aria-label=\"Pagination\">\n\t\t\t<span class=\"page-numbers prev\">&laquo;<\/span>\n<span aria-current=\"page\" class=\"page-numbers current\"><span class=\"elementor-screen-only\">Page<\/span>1<\/span>\n<a class=\"page-numbers\" href=\"https:\/\/aktuelles.uni-frankfurt.de\/en\/wp-json\/wp\/v2\/pages\/56180\/?e-page-0d1269f=2\"><span class=\"elementor-screen-only\">Page<\/span>2<\/a>\n<a class=\"page-numbers\" href=\"https:\/\/aktuelles.uni-frankfurt.de\/en\/wp-json\/wp\/v2\/pages\/56180\/?e-page-0d1269f=3\"><span class=\"elementor-screen-only\">Page<\/span>3<\/a>\n<span class=\"page-numbers dots\">&hellip;<\/span>\n<a class=\"page-numbers\" href=\"https:\/\/aktuelles.uni-frankfurt.de\/en\/wp-json\/wp\/v2\/pages\/56180\/?e-page-0d1269f=10\"><span class=\"elementor-screen-only\">Page<\/span>10<\/a>\n<a class=\"page-numbers next\" href=\"https:\/\/aktuelles.uni-frankfurt.de\/en\/?e-page-0d1269f=2\">&raquo;<\/a>\t\t<\/nav>\n\t\t\t\t\t\t<\/div>\n\t\t\t\t<\/div>\n\t\t\t\t\t<\/div>\n\t\t<\/div>\n\t\t\t\t\t<\/div>\n\t\t<\/section>\n\t\t\t\t<section class=\"elementor-section elementor-top-section elementor-element elementor-element-d4d801b elementor-section-boxed elementor-section-height-default elementor-section-height-default\" data-id=\"d4d801b\" data-element_type=\"section\" data-settings=\"{&quot;_ha_eqh_enable&quot;:false}\">\n\t\t\t\t\t\t<div class=\"elementor-container elementor-column-gap-custom\">\n\t\t\t\t\t<div class=\"elementor-column elementor-col-33 elementor-top-column elementor-element elementor-element-a637374\" data-id=\"a637374\" data-element_type=\"column\">\n\t\t\t<div class=\"elementor-widget-wrap elementor-element-populated\">\n\t\t\t\t\t\t<div class=\"elementor-element elementor-element-b58fc32 elementor-widget elementor-widget-heading\" data-id=\"b58fc32\" data-element_type=\"widget\" data-widget_type=\"heading.default\">\n\t\t\t\t<div class=\"elementor-widget-container\">\n\t\t\t\t\t<h5 class=\"elementor-heading-title elementor-size-default\">Aktuelle Kurzmeldungen<\/h5>\t\t\t\t<\/div>\n\t\t\t\t<\/div>\n\t\t\t\t<div class=\"elementor-element elementor-element-781e3d9 elementor-widget-divider--view-line elementor-widget elementor-widget-divider\" data-id=\"781e3d9\" data-element_type=\"widget\" data-widget_type=\"divider.default\">\n\t\t\t\t<div class=\"elementor-widget-container\">\n\t\t\t\t\t\t\t<div class=\"elementor-divider\">\n\t\t\t<span class=\"elementor-divider-separator\">\n\t\t\t\t\t\t<\/span>\n\t\t<\/div>\n\t\t\t\t\t\t<\/div>\n\t\t\t\t<\/div>\n\t\t\t\t<div class=\"elementor-element elementor-element-17ab9c7 elementor-grid-1 elementor-posts--thumbnail-none elementor-grid-tablet-1 elementor-grid-mobile-1 elementor-widget elementor-widget-posts\" data-id=\"17ab9c7\" data-element_type=\"widget\" data-settings=\"{&quot;classic_columns&quot;:&quot;1&quot;,&quot;classic_row_gap&quot;:{&quot;unit&quot;:&quot;px&quot;,&quot;size&quot;:20,&quot;sizes&quot;:[]},&quot;classic_columns_tablet&quot;:&quot;1&quot;,&quot;classic_columns_mobile&quot;:&quot;1&quot;,&quot;classic_row_gap_tablet&quot;:{&quot;unit&quot;:&quot;px&quot;,&quot;size&quot;:&quot;&quot;,&quot;sizes&quot;:[]},&quot;classic_row_gap_mobile&quot;:{&quot;unit&quot;:&quot;px&quot;,&quot;size&quot;:&quot;&quot;,&quot;sizes&quot;:[]}}\" data-widget_type=\"posts.classic\">\n\t\t\t\t<div class=\"elementor-widget-container\">\n\t\t\t\t\t\t\t<div class=\"elementor-posts-container elementor-posts elementor-posts--skin-classic elementor-grid\" role=\"list\">\n\t\t\t\t<article class=\"elementor-post elementor-grid-item post-85765 post type-post status-publish format-standard has-post-thumbnail hentry category-aktuelles\" role=\"listitem\">\n\t\t\t\t<div class=\"elementor-post__text\">\n\t\t\t\t<h5 class=\"elementor-post__title\">\n\t\t\t<a href=\"https:\/\/aktuelles.uni-frankfurt.de\/en\/aktuelles\/update-hrz-informiert-neue-vpn-einwahl-nun-verfuegbar\/\" >\n\t\t\t\tUpdate \/ HRZ informiert: neue vpn-Einwahl nun verf\u00fcgbar\t\t\t<\/a>\n\t\t<\/h5>\n\t\t\t\t<div class=\"elementor-post__meta-data\">\n\t\t\t\t\t<span class=\"elementor-post-date\">\n\t\t\t30. September 2025\t\t<\/span>\n\t\t\t\t<\/div>\n\t\t\t\t<\/div>\n\t\t\t\t<\/article>\n\t\t\t\t<article class=\"elementor-post elementor-grid-item post-85420 post type-post status-publish format-standard has-post-thumbnail hentry category-aktuelles\" role=\"listitem\">\n\t\t\t\t<div class=\"elementor-post__text\">\n\t\t\t\t<h5 class=\"elementor-post__title\">\n\t\t\t<a href=\"https:\/\/aktuelles.uni-frankfurt.de\/en\/aktuelles\/stellungnahme-zu-vorfaellen-im-grueneburgpark\/\" >\n\t\t\t\tStellungnahme zu Vorf\u00e4llen im Gr\u00fcneburgpark\t\t\t<\/a>\n\t\t<\/h5>\n\t\t\t\t<div class=\"elementor-post__meta-data\">\n\t\t\t\t\t<span class=\"elementor-post-date\">\n\t\t\t26. August 2025\t\t<\/span>\n\t\t\t\t<\/div>\n\t\t\t\t<\/div>\n\t\t\t\t<\/article>\n\t\t\t\t<article class=\"elementor-post elementor-grid-item post-81316 post type-post status-publish format-standard has-post-thumbnail hentry category-aktuelles category-studium\" role=\"listitem\">\n\t\t\t\t<div class=\"elementor-post__text\">\n\t\t\t\t<h5 class=\"elementor-post__title\">\n\t\t\t<a href=\"https:\/\/aktuelles.uni-frankfurt.de\/en\/aktuelles\/jetzt-bewerben-mentoring-programme-fuer-studentinnen-und-post-doktorandinnen\/\" >\n\t\t\t\tJetzt bewerben: Mentoring-Programme f\u00fcr Studentinnen* und (Post-)Doktorandinnen*\t\t\t<\/a>\n\t\t<\/h5>\n\t\t\t\t<div class=\"elementor-post__meta-data\">\n\t\t\t\t\t<span class=\"elementor-post-date\">\n\t\t\t23. October 2024\t\t<\/span>\n\t\t\t\t<\/div>\n\t\t\t\t<\/div>\n\t\t\t\t<\/article>\n\t\t\t\t<article class=\"elementor-post elementor-grid-item post-79900 post type-post status-publish format-standard has-post-thumbnail hentry category-aktuelles\" role=\"listitem\">\n\t\t\t\t<div class=\"elementor-post__text\">\n\t\t\t\t<h5 class=\"elementor-post__title\">\n\t\t\t<a href=\"https:\/\/aktuelles.uni-frankfurt.de\/en\/aktuelles\/aus-gleichstellungsbuero-wird-buero-fuer-chancengerechtigkeit\/\" >\n\t\t\t\tAus Gleichstellungsb\u00fcro wird B\u00fcro f\u00fcr Chancengerechtigkeit\t\t\t<\/a>\n\t\t<\/h5>\n\t\t\t\t<div class=\"elementor-post__meta-data\">\n\t\t\t\t\t<span class=\"elementor-post-date\">\n\t\t\t28. May 2024\t\t<\/span>\n\t\t\t\t<\/div>\n\t\t\t\t<\/div>\n\t\t\t\t<\/article>\n\t\t\t\t<article class=\"elementor-post elementor-grid-item post-79883 post type-post status-publish format-standard has-post-thumbnail hentry category-campus category-hochschule category-aktuelles tag-campus-westend\" role=\"listitem\">\n\t\t\t\t<div class=\"elementor-post__text\">\n\t\t\t\t<h5 class=\"elementor-post__title\">\n\t\t\t<a href=\"https:\/\/aktuelles.uni-frankfurt.de\/en\/aktuelles\/goethe-universitaet-bekraeftigt-nach-demonstration-zum-protestcamp-notwendigkeit-des-offenen-diskurses\/\" >\n\t\t\t\tGoethe-Universit\u00e4t bekr\u00e4ftigt nach Demonstration zum Protestcamp Notwendigkeit des offenen Diskurses\t\t\t<\/a>\n\t\t<\/h5>\n\t\t\t\t<div class=\"elementor-post__meta-data\">\n\t\t\t\t\t<span class=\"elementor-post-date\">\n\t\t\t23. May 2024\t\t<\/span>\n\t\t\t\t<\/div>\n\t\t\t\t<\/div>\n\t\t\t\t<\/article>\n\t\t\t\t<\/div>\n\t\t\n\t\t\t\t\t\t<\/div>\n\t\t\t\t<\/div>\n\t\t\t\t<div class=\"elementor-element elementor-element-72ec3e2 elementor-align-left elementor-widget elementor-widget-button\" data-id=\"72ec3e2\" data-element_type=\"widget\" data-widget_type=\"button.default\">\n\t\t\t\t<div class=\"elementor-widget-container\">\n\t\t\t\t\t\t\t\t\t<div class=\"elementor-button-wrapper\">\n\t\t\t\t\t<a class=\"elementor-button elementor-button-link elementor-size-xs\" href=\"https:\/\/aktuelles.uni-frankfurt.de\/kurzmeldungen\/\">\n\t\t\t\t\t\t<span class=\"elementor-button-content-wrapper\">\n\t\t\t\t\t\t<span class=\"elementor-button-icon\">\n\t\t\t\t<i aria-hidden=\"true\" class=\"icon icon-right-arrow1\"><\/i>\t\t\t<\/span>\n\t\t\t\t\t\t\t\t\t<span class=\"elementor-button-text\">Alle Meldungen im \u00dcberblick<\/span>\n\t\t\t\t\t<\/span>\n\t\t\t\t\t<\/a>\n\t\t\t\t<\/div>\n\t\t\t\t\t\t\t\t<\/div>\n\t\t\t\t<\/div>\n\t\t\t\t\t<\/div>\n\t\t<\/div>\n\t\t\t\t<div class=\"elementor-column elementor-col-66 elementor-top-column elementor-element elementor-element-1da1d90\" data-id=\"1da1d90\" data-element_type=\"column\">\n\t\t\t<div class=\"elementor-widget-wrap elementor-element-populated\">\n\t\t\t\t\t\t<div class=\"elementor-element elementor-element-a1103ed elementor-widget elementor-widget-heading\" data-id=\"a1103ed\" data-element_type=\"widget\" data-widget_type=\"heading.default\">\n\t\t\t\t<div class=\"elementor-widget-container\">\n\t\t\t\t\t<h5 class=\"elementor-heading-title elementor-size-default\">\u00d6ffentliche Veranstaltungen<\/h5>\t\t\t\t<\/div>\n\t\t\t\t<\/div>\n\t\t\t\t<div class=\"elementor-element elementor-element-f9bcdb1 elementor-widget-divider--view-line elementor-widget elementor-widget-divider\" data-id=\"f9bcdb1\" data-element_type=\"widget\" data-widget_type=\"divider.default\">\n\t\t\t\t<div class=\"elementor-widget-container\">\n\t\t\t\t\t\t\t<div class=\"elementor-divider\">\n\t\t\t<span class=\"elementor-divider-separator\">\n\t\t\t\t\t\t<\/span>\n\t\t<\/div>\n\t\t\t\t\t\t<\/div>\n\t\t\t\t<\/div>\n\t\t\t\t<div class=\"elementor-element elementor-element-e919d06 elementor-widget elementor-widget-shortcode\" data-id=\"e919d06\" data-element_type=\"widget\" data-widget_type=\"shortcode.default\">\n\t\t\t\t<div class=\"elementor-widget-container\">\n\t\t\t\t\t\t\t<div class=\"elementor-shortcode\"><div  class=\"tribe-compatibility-container\" >\n\t<div\n\t\t class=\"tribe-common tribe-events tribe-events-view tribe-events-view--widget-events-list tribe-events-widget\" \t\tdata-js=\"tribe-events-view\"\n\t\tdata-view-rest-url=\"https:\/\/aktuelles.uni-frankfurt.de\/en\/wp-json\/tribe\/views\/v2\/html\"\n\t\tdata-view-manage-url=\"1\"\n\t\t\t\t\t\t\tdata-view-breakpoint-pointer=\"556f95e4-9de7-4b4a-aa45-28afbc1bc525\"\n\t\t\t>\n\t\t<div class=\"tribe-events-widget-events-list\">\n\n\t\t\t\n\t\t\t<script data-js=\"tribe-events-view-data\" type=\"application\/json\">\n\t{\"slug\":\"widget-events-list\",\"prev_url\":\"\",\"next_url\":\"https:\\\/\\\/aktuelles.uni-frankfurt.de\\\/en\\\/?post_type=tribe_events&eventDisplay=widget-events-list&hide_subsequent_recurrences=1&paged=2\",\"view_class\":\"Tribe\\\\Events\\\\Views\\\\V2\\\\Views\\\\Widgets\\\\Widget_List_View\",\"view_slug\":\"widget-events-list\",\"view_label\":\"View\",\"view\":null,\"should_manage_url\":true,\"id\":null,\"alias-slugs\":null,\"title\":\"Events from 26. April 2026 \\u2013 28. April 2026 | Aktuelles aus der Goethe-Universit\\u00e4t Frankfurt\",\"limit\":5,\"no_upcoming_events\":false,\"featured_events_only\":null,\"jsonld_enable\":false,\"tribe_is_list_widget\":true,\"admin_fields\":{\"title\":{\"label\":\"Title:\",\"type\":\"text\",\"parent_classes\":\"\",\"classes\":\"\",\"dependency\":\"\",\"id\":\"widget-tribe-widget-events-list--1-title\",\"name\":\"widget-tribe-widget-events-list[-1][title]\",\"options\":[],\"placeholder\":\"\",\"value\":null},\"limit\":{\"label\":\"Show:\",\"type\":\"number\",\"default\":5,\"min\":1,\"max\":10,\"step\":1,\"parent_classes\":\"\",\"classes\":\"\",\"dependency\":\"\",\"id\":\"widget-tribe-widget-events-list--1-limit\",\"name\":\"widget-tribe-widget-events-list[-1][limit]\",\"options\":[],\"placeholder\":\"\",\"value\":null},\"metadata_section\":{\"type\":\"fieldset\",\"classes\":\"tribe-common-form-control-checkbox-checkbox-group\",\"label\":\"Display:\",\"children\":{\"cost\":{\"type\":\"checkbox\",\"label\":\"Price\",\"parent_classes\":\"\",\"classes\":\"\",\"dependency\":\"\",\"id\":\"widget-tribe-widget-events-list--1-cost\",\"name\":\"widget-tribe-widget-events-list[-1][cost]\",\"options\":[],\"placeholder\":\"\",\"value\":null},\"venue\":{\"type\":\"checkbox\",\"label\":\"Venue\",\"parent_classes\":\"\",\"classes\":\"\",\"dependency\":\"\",\"id\":\"widget-tribe-widget-events-list--1-venue\",\"name\":\"widget-tribe-widget-events-list[-1][venue]\",\"options\":[],\"placeholder\":\"\",\"value\":null},\"street\":{\"type\":\"checkbox\",\"label\":\"Street\",\"parent_classes\":\"\",\"classes\":\"\",\"dependency\":\"\",\"id\":\"widget-tribe-widget-events-list--1-street\",\"name\":\"widget-tribe-widget-events-list[-1][street]\",\"options\":[],\"placeholder\":\"\",\"value\":null},\"city\":{\"type\":\"checkbox\",\"label\":\"City\",\"parent_classes\":\"\",\"classes\":\"\",\"dependency\":\"\",\"id\":\"widget-tribe-widget-events-list--1-city\",\"name\":\"widget-tribe-widget-events-list[-1][city]\",\"options\":[],\"placeholder\":\"\",\"value\":null},\"region\":{\"type\":\"checkbox\",\"label\":\"State (US) Or Province (Int)\",\"parent_classes\":\"\",\"classes\":\"\",\"dependency\":\"\",\"id\":\"widget-tribe-widget-events-list--1-region\",\"name\":\"widget-tribe-widget-events-list[-1][region]\",\"options\":[],\"placeholder\":\"\",\"value\":null},\"zip\":{\"type\":\"checkbox\",\"label\":\"Postal Code\",\"parent_classes\":\"\",\"classes\":\"\",\"dependency\":\"\",\"id\":\"widget-tribe-widget-events-list--1-zip\",\"name\":\"widget-tribe-widget-events-list[-1][zip]\",\"options\":[],\"placeholder\":\"\",\"value\":null},\"country\":{\"type\":\"checkbox\",\"label\":\"Country\",\"parent_classes\":\"\",\"classes\":\"\",\"dependency\":\"\",\"id\":\"widget-tribe-widget-events-list--1-country\",\"name\":\"widget-tribe-widget-events-list[-1][country]\",\"options\":[],\"placeholder\":\"\",\"value\":null},\"phone\":{\"type\":\"checkbox\",\"label\":\"Phone\",\"parent_classes\":\"\",\"classes\":\"\",\"dependency\":\"\",\"id\":\"widget-tribe-widget-events-list--1-phone\",\"name\":\"widget-tribe-widget-events-list[-1][phone]\",\"options\":[],\"placeholder\":\"\",\"value\":null},\"organizer\":{\"type\":\"checkbox\",\"label\":\"Organizer\",\"parent_classes\":\"\",\"classes\":\"\",\"dependency\":\"\",\"id\":\"widget-tribe-widget-events-list--1-organizer\",\"name\":\"widget-tribe-widget-events-list[-1][organizer]\",\"options\":[],\"placeholder\":\"\",\"value\":null},\"website\":{\"type\":\"checkbox\",\"label\":\"Website\",\"parent_classes\":\"\",\"classes\":\"\",\"dependency\":\"\",\"id\":\"widget-tribe-widget-events-list--1-website\",\"name\":\"widget-tribe-widget-events-list[-1][website]\",\"options\":[],\"placeholder\":\"\",\"value\":null}},\"parent_classes\":\"\",\"dependency\":\"\",\"id\":\"widget-tribe-widget-events-list--1-metadata_section\",\"name\":\"widget-tribe-widget-events-list[-1][metadata_section]\",\"options\":[],\"placeholder\":\"\",\"value\":null},\"taxonomy_section\":{\"type\":\"section\",\"classes\":[\"calendar-widget-filters-container\"],\"label\":\"Filters:\",\"children\":{\"filters\":{\"type\":\"taxonomy-filters\",\"parent_classes\":\"\",\"classes\":\"\",\"dependency\":\"\",\"id\":\"widget-tribe-widget-events-list--1-filters\",\"label\":\"\",\"name\":\"widget-tribe-widget-events-list[-1][filters]\",\"options\":[],\"placeholder\":\"\",\"value\":null,\"list_items\":[]},\"operand\":{\"type\":\"fieldset\",\"classes\":\"tribe-common-form-control-checkbox-radio-group\",\"label\":\"Operand:\",\"selected\":\"OR\",\"children\":[{\"type\":\"radio\",\"label\":\"Match any\",\"button_value\":\"OR\",\"parent_classes\":\"\",\"classes\":\"\",\"dependency\":\"\",\"id\":\"widget-tribe-widget-events-list--1-operand\",\"name\":\"widget-tribe-widget-events-list[-1][operand]\",\"options\":[],\"placeholder\":\"\",\"value\":null},{\"type\":\"radio\",\"label\":\"Match all\",\"button_value\":\"AND\",\"parent_classes\":\"\",\"classes\":\"\",\"dependency\":\"\",\"id\":\"widget-tribe-widget-events-list--1-operand\",\"name\":\"widget-tribe-widget-events-list[-1][operand]\",\"options\":[],\"placeholder\":\"\",\"value\":null}],\"parent_classes\":\"\",\"dependency\":\"\",\"id\":\"widget-tribe-widget-events-list--1-operand\",\"name\":\"widget-tribe-widget-events-list[-1][operand]\",\"options\":[],\"placeholder\":\"\",\"value\":null}},\"parent_classes\":\"\",\"dependency\":\"\",\"id\":\"widget-tribe-widget-events-list--1-taxonomy_section\",\"name\":\"widget-tribe-widget-events-list[-1][taxonomy_section]\",\"options\":[],\"placeholder\":\"\",\"value\":null},\"taxonomy\":{\"type\":\"taxonomy\",\"classes\":\"calendar-widget-add-filter\",\"label\":\"Add a filter:\",\"placeholder\":\"Select a Taxonomy Term\",\"parent_classes\":\"\",\"dependency\":\"\",\"id\":\"widget-tribe-widget-events-list--1-taxonomy\",\"name\":\"widget-tribe-widget-events-list[-1][taxonomy]\",\"options\":[],\"value\":null},\"no_upcoming_events\":{\"label\":\"Hide this widget if there are no upcoming events.\",\"type\":\"checkbox\",\"parent_classes\":\"\",\"classes\":\"\",\"dependency\":\"\",\"id\":\"widget-tribe-widget-events-list--1-no_upcoming_events\",\"name\":\"widget-tribe-widget-events-list[-1][no_upcoming_events]\",\"options\":[],\"placeholder\":\"\",\"value\":null},\"featured_events_only\":{\"label\":\"Limit to featured events only\",\"type\":\"checkbox\",\"parent_classes\":\"\",\"classes\":\"\",\"dependency\":\"\",\"id\":\"widget-tribe-widget-events-list--1-featured_events_only\",\"name\":\"widget-tribe-widget-events-list[-1][featured_events_only]\",\"options\":[],\"placeholder\":\"\",\"value\":null},\"jsonld_enable\":{\"label\":\"Generate JSON-LD data\",\"type\":\"checkbox\",\"parent_classes\":\"\",\"classes\":\"\",\"dependency\":\"\",\"id\":\"widget-tribe-widget-events-list--1-jsonld_enable\",\"name\":\"widget-tribe-widget-events-list[-1][jsonld_enable]\",\"options\":[],\"placeholder\":\"\",\"value\":null}},\"venue\":false,\"country\":false,\"street\":false,\"city\":false,\"region\":false,\"zip\":false,\"phone\":false,\"cost\":false,\"organizer\":false,\"website\":false,\"operand\":\"OR\",\"filters\":{\"post_tag\":[],\"tribe_events_cat\":[]},\"address\":false,\"events\":[10015057,10008044,10016010,10015953,10015965],\"url\":\"https:\\\/\\\/aktuelles.uni-frankfurt.de\\\/en\\\/?post_type=tribe_events&eventDisplay=widget-events-list&hide_subsequent_recurrences=1\",\"url_event_date\":false,\"bar\":{\"keyword\":\"\",\"date\":\"\",\"hide_recurring\":true},\"today\":\"2026-04-26 00:00:00\",\"now\":\"2026-04-26 16:10:28\",\"home_url\":\"https:\\\/\\\/aktuelles.uni-frankfurt.de\\\/en\",\"rest_url\":\"https:\\\/\\\/aktuelles.uni-frankfurt.de\\\/en\\\/wp-json\\\/tribe\\\/views\\\/v2\\\/html\",\"rest_method\":\"GET\",\"rest_nonce\":\"\",\"today_url\":\"https:\\\/\\\/aktuelles.uni-frankfurt.de\\\/en\\\/?post_type=tribe_events&eventDisplay=widget-events-list&hide_subsequent_recurrences=1&rest_route=%2Fwp%2Fv2%2Fpages%2F56180\",\"today_title\":\"Click to select today's date\",\"today_label\":\"Today\",\"prev_label\":\"\",\"next_label\":\"\",\"date_formats\":{\"compact\":\"d.m.Y\",\"month_and_year_compact\":\"m.Y\",\"month_and_year\":\"F Y\",\"time_range_separator\":\" bis \",\"date_time_separator\":\", \"},\"messages\":[],\"start_of_week\":\"1\",\"header_title\":\"\",\"header_title_element\":\"h1\",\"content_title\":\"\",\"breadcrumbs\":[],\"backlink\":false,\"before_events\":\"\",\"after_events\":\"\\n<!--\\nThis calendar is powered by The Events Calendar.\\nhttp:\\\/\\\/evnt.is\\\/18wn\\n-->\\n\",\"display_events_bar\":false,\"disable_event_search\":false,\"live_refresh\":false,\"ical\":{\"display_link\":true,\"link\":{\"url\":\"https:\\\/\\\/aktuelles.uni-frankfurt.de\\\/en\\\/?post_type=tribe_events&#038;eventDisplay=widget-events-list&#038;hide_subsequent_recurrences=1&#038;ical=1\",\"text\":\"Export Events\",\"title\":\"Use this to share calendar data with Google Calendar, Apple iCal and other compatible apps\"}},\"container_classes\":[\"tribe-common\",\"tribe-events\",\"tribe-events-view\",\"tribe-events-view--widget-events-list\",\"tribe-events-widget\"],\"container_data\":[],\"is_past\":false,\"breakpoints\":{\"xsmall\":500,\"medium\":768,\"full\":960},\"breakpoint_pointer\":\"556f95e4-9de7-4b4a-aa45-28afbc1bc525\",\"is_initial_load\":false,\"public_views\":{\"list\":{\"view_class\":\"Tribe\\\\Events\\\\Views\\\\V2\\\\Views\\\\List_View\",\"view_url\":\"https:\\\/\\\/aktuelles.uni-frankfurt.de\\\/en\\\/_events\\\/(\\\/?:list|liste)\\\/&hide_subsequent_recurrences=1\",\"view_label\":\"List\",\"aria_label\":\"Display Events in List View\"},\"month\":{\"view_class\":\"Tribe\\\\Events\\\\Views\\\\V2\\\\Views\\\\Month_View\",\"view_url\":\"https:\\\/\\\/aktuelles.uni-frankfurt.de\\\/en\\\/_events\\\/(\\\/?:month|monat)\\\/&hide_subsequent_recurrences=1\",\"view_label\":\"Month\",\"aria_label\":\"Display Events in Month View\"},\"day\":{\"view_class\":\"Tribe\\\\Events\\\\Views\\\\V2\\\\Views\\\\Day_View\",\"view_url\":\"https:\\\/\\\/aktuelles.uni-frankfurt.de\\\/en\\\/_events\\\/(\\\/?:today|heute)\\\/&hide_subsequent_recurrences=1\",\"view_label\":\"Day\",\"aria_label\":\"Display Events in Day View\"},\"week\":{\"view_class\":\"Tribe\\\\Events\\\\Pro\\\\Views\\\\V2\\\\Views\\\\Week_View\",\"view_url\":\"https:\\\/\\\/aktuelles.uni-frankfurt.de\\\/en\\\/_events\\\/(\\\/?:week|woche)\\\/&hide_subsequent_recurrences=1\",\"view_label\":\"Week\",\"aria_label\":\"Display Events in Week View\"}},\"show_latest_past\":false,\"past\":false,\"compatibility_classes\":[\"tribe-compatibility-container\"],\"view_more_text\":\"View Calendar\",\"view_more_title\":\"View more events.\",\"view_more_link\":\"https:\\\/\\\/aktuelles.uni-frankfurt.de\\\/en\\\/_events\\\/\",\"widget_title\":\"\",\"hide_if_no_upcoming_events\":false,\"display\":{\"cost\":false,\"venue\":false,\"street\":false,\"city\":false,\"region\":false,\"zip\":false,\"country\":false,\"phone\":false,\"organizer\":false,\"website\":false},\"subscribe_links\":{\"gcal\":{\"label\":\"Google Calendar\",\"single_label\":\"Add to Google Calendar\",\"visible\":true,\"block_slug\":\"hasGoogleCalendar\"},\"ical\":{\"label\":\"iCalendar\",\"single_label\":\"Add to iCalendar\",\"visible\":true,\"block_slug\":\"hasiCal\"},\"outlook-365\":{\"label\":\"Outlook 365\",\"single_label\":\"Outlook 365\",\"visible\":true,\"block_slug\":\"hasOutlook365\"},\"outlook-live\":{\"label\":\"Outlook Live\",\"single_label\":\"Outlook Live\",\"visible\":true,\"block_slug\":\"hasOutlookLive\"},\"ics\":{\"label\":\"Export .ics file\",\"single_label\":\"Export .ics file\",\"visible\":true,\"block_slug\":null},\"outlook-ics\":{\"label\":\"Export Outlook .ics file\",\"single_label\":\"Export Outlook .ics file\",\"visible\":true,\"block_slug\":null}},\"display_recurring_toggle\":false,\"_context\":{\"slug\":\"widget-events-list\"}}<\/script>\n\n\t\t\t\n\t\t\t\n\t\t\t\t<div class=\"tribe-events-widget-events-list__events\">\n\t\t\t\t\t\t\t\t\t\t\t<div  class=\"tribe-common-g-row tribe-events-widget-events-list__event-row\" >\n\n\t<div class=\"tribe-events-widget-events-list__event-date-tag tribe-common-g-col\">\n\t<time class=\"tribe-events-widget-events-list__event-date-tag-datetime\" datetime=\"2026-04-26\">\n\t\t<span class=\"tribe-events-widget-events-list__event-date-tag-month\">\n\t\t\tApr\t\t<\/span>\n\t\t<span class=\"tribe-events-widget-events-list__event-date-tag-daynum tribe-common-h2 tribe-common-h4--min-medium\">\n\t\t\t26\t\t<\/span>\n\t<\/time>\n<\/div>\n\n\t<div class=\"tribe-events-widget-events-list__event-wrapper tribe-common-g-col\">\n\t\t<article  class=\"tribe-events-widget-events-list__event post-10015057 tribe_events type-tribe_events status-publish has-post-thumbnail hentry tribe_events_cat-ausstellungen tribe-recurring-event tribe-recurring-event-parent\" >\n\t\t\t<div class=\"tribe-events-widget-events-list__event-details\">\n\n\t\t\t\t<header class=\"tribe-events-widget-events-list__event-header\">\n\t\t\t\t\t<div class=\"tribe-events-widget-events-list__event-datetime-wrapper tribe-common-b2 tribe-common-b3--min-medium\">\n\t\t<time class=\"tribe-events-widget-events-list__event-datetime\" datetime=\"2026-04-26\">\n\t\t<span class=\"tribe-event-date-start\">10:00<\/span> bis <span class=\"tribe-event-time\">18:00<\/span>\t<\/time>\n\t\n<span class=\"tribe-events-calendar-series-archive__container\">\n\t<a\n\t\thref=\"https:\/\/aktuelles.uni-frankfurt.de\/en\/series\/multispezies-members-club-neue-allianzen-zwischen-lebendigen-und-kuenstlichen-systemen\/\"\n\t\taria-label=\"Event series: Multispezies Members Club. Neue Allianzen zwischen lebendigen und k\u00fcnstlichen Systemen\"\n\t\tclass=\"tribe-events-calendar-series-archive__link\"\n\t>\n\t\t\n<svg  class=\"tribe-common-c-svgicon tribe-common-c-svgicon--series tribe-events-series-archive__icon\"  width=\"14\" height=\"12\" viewBox=\"0 0 14 12\" fill=\"none\" xmlns=\"http:\/\/www.w3.org\/2000\/svg\" aria-hidden=\"true\">\n\t<rect x=\"0.5\" y=\"4.5\" width=\"9\" height=\"7\" \/>\n\t<path d=\"M2 2.5H11.5V10\" \/>\n\t<path d=\"M4 0.5H13.5V8\" \/>\n<\/svg>\n\t<\/a>\n<\/span>\n<\/div>\n\t\t\t\t\t<h3 class=\"tribe-events-widget-events-list__event-title tribe-common-h7\">\n\t<a\n\t\thref=\"https:\/\/aktuelles.uni-frankfurt.de\/en\/event\/multispezies-members-club-neue-allianzen-zwischen-lebendigen-und-kuenstlichen-systemen\/2026-04-26\/\"\n\t\ttitle=\"Multispezies Members Club | Ausstellung\"\n\t\trel=\"bookmark\"\n\t\tclass=\"tribe-events-widget-events-list__event-title-link tribe-common-anchor-thin\"\n\t>\n\t\tMultispezies Members Club | Ausstellung\t<\/a>\n<\/h3>\n\t\t\t\t<\/header>\n\n\t\t\t\t\n\t\t\t<\/div>\n\t\t<\/article>\n\t<\/div>\n\n<\/div>\n\t\t\t\t\t\t\t\t\t\t\t<div  class=\"tribe-common-g-row tribe-events-widget-events-list__event-row\" >\n\n\t<div class=\"tribe-events-widget-events-list__event-date-tag tribe-common-g-col\">\n\t<time class=\"tribe-events-widget-events-list__event-date-tag-datetime\" datetime=\"2026-04-27\">\n\t\t<span class=\"tribe-events-widget-events-list__event-date-tag-month\">\n\t\t\tApr\t\t<\/span>\n\t\t<span class=\"tribe-events-widget-events-list__event-date-tag-daynum tribe-common-h2 tribe-common-h4--min-medium\">\n\t\t\t27\t\t<\/span>\n\t<\/time>\n<\/div>\n\n\t<div class=\"tribe-events-widget-events-list__event-wrapper tribe-common-g-col\">\n\t\t<article  class=\"tribe-events-widget-events-list__event post-10008044 tribe_events type-tribe_events status-publish hentry tribe_events_cat-ausstellungen tribe-recurring-event tribe-recurring-event-parent\" >\n\t\t\t<div class=\"tribe-events-widget-events-list__event-details\">\n\n\t\t\t\t<header class=\"tribe-events-widget-events-list__event-header\">\n\t\t\t\t\t<div class=\"tribe-events-widget-events-list__event-datetime-wrapper tribe-common-b2 tribe-common-b3--min-medium\">\n\t\t<time class=\"tribe-events-widget-events-list__event-datetime\" datetime=\"2026-04-27\">\n\t\t<span class=\"tribe-event-date-start\">8:00<\/span> bis <span class=\"tribe-event-time\">18:00<\/span>\t<\/time>\n\t\n<span class=\"tribe-events-calendar-series-archive__container\">\n\t<a\n\t\thref=\"https:\/\/aktuelles.uni-frankfurt.de\/en\/series\/dauerausstellung-barbara-klemm\/\"\n\t\taria-label=\"Event series: Dauerausstellung Barbara Klemm\"\n\t\tclass=\"tribe-events-calendar-series-archive__link\"\n\t>\n\t\t\n<svg  class=\"tribe-common-c-svgicon tribe-common-c-svgicon--series tribe-events-series-archive__icon\"  width=\"14\" height=\"12\" viewBox=\"0 0 14 12\" fill=\"none\" xmlns=\"http:\/\/www.w3.org\/2000\/svg\" aria-hidden=\"true\">\n\t<rect x=\"0.5\" y=\"4.5\" width=\"9\" height=\"7\" \/>\n\t<path d=\"M2 2.5H11.5V10\" \/>\n\t<path d=\"M4 0.5H13.5V8\" \/>\n<\/svg>\n\t<\/a>\n<\/span>\n<\/div>\n\t\t\t\t\t<h3 class=\"tribe-events-widget-events-list__event-title tribe-common-h7\">\n\t<a\n\t\thref=\"https:\/\/aktuelles.uni-frankfurt.de\/en\/event\/dauerausstellung-barbara-klemm\/2026-04-27\/\"\n\t\ttitle=\"Dauerausstellung Barbara Klemm\"\n\t\trel=\"bookmark\"\n\t\tclass=\"tribe-events-widget-events-list__event-title-link tribe-common-anchor-thin\"\n\t>\n\t\tDauerausstellung Barbara Klemm\t<\/a>\n<\/h3>\n\t\t\t\t<\/header>\n\n\t\t\t\t\n\t\t\t<\/div>\n\t\t<\/article>\n\t<\/div>\n\n<\/div>\n\t\t\t\t\t\t\t\t\t\t\t<div  class=\"tribe-common-g-row tribe-events-widget-events-list__event-row\" >\n\n\t<div class=\"tribe-events-widget-events-list__event-date-tag tribe-common-g-col\">\n\t<time class=\"tribe-events-widget-events-list__event-date-tag-datetime\" datetime=\"2026-04-27\">\n\t\t<span class=\"tribe-events-widget-events-list__event-date-tag-month\">\n\t\t\tApr\t\t<\/span>\n\t\t<span class=\"tribe-events-widget-events-list__event-date-tag-daynum tribe-common-h2 tribe-common-h4--min-medium\">\n\t\t\t27\t\t<\/span>\n\t<\/time>\n<\/div>\n\n\t<div class=\"tribe-events-widget-events-list__event-wrapper tribe-common-g-col\">\n\t\t<article  class=\"tribe-events-widget-events-list__event post-10016010 tribe_events type-tribe_events status-publish hentry tribe_events_cat-vortraege tribe-recurring-event tribe-recurring-event-parent\" >\n\t\t\t<div class=\"tribe-events-widget-events-list__event-details\">\n\n\t\t\t\t<header class=\"tribe-events-widget-events-list__event-header\">\n\t\t\t\t\t<div class=\"tribe-events-widget-events-list__event-datetime-wrapper tribe-common-b2 tribe-common-b3--min-medium\">\n\t\t<time class=\"tribe-events-widget-events-list__event-datetime\" datetime=\"2026-04-27\">\n\t\t<span class=\"tribe-event-date-start\">18:00<\/span> bis <span class=\"tribe-event-time\">20:00<\/span>\t<\/time>\n\t\n<span class=\"tribe-events-calendar-series-archive__container\">\n\t<a\n\t\thref=\"https:\/\/aktuelles.uni-frankfurt.de\/en\/series\/huelle-materialitaet-medialitaet-wirkung\/\"\n\t\taria-label=\"Event series: H\u00fclle. Materialit\u00e4t | Medialit\u00e4t | Wirkung\"\n\t\tclass=\"tribe-events-calendar-series-archive__link\"\n\t>\n\t\t\n<svg  class=\"tribe-common-c-svgicon tribe-common-c-svgicon--series tribe-events-series-archive__icon\"  width=\"14\" height=\"12\" viewBox=\"0 0 14 12\" fill=\"none\" xmlns=\"http:\/\/www.w3.org\/2000\/svg\" aria-hidden=\"true\">\n\t<rect x=\"0.5\" y=\"4.5\" width=\"9\" height=\"7\" \/>\n\t<path d=\"M2 2.5H11.5V10\" \/>\n\t<path d=\"M4 0.5H13.5V8\" \/>\n<\/svg>\n\t<\/a>\n<\/span>\n<\/div>\n\t\t\t\t\t<h3 class=\"tribe-events-widget-events-list__event-title tribe-common-h7\">\n\t<a\n\t\thref=\"https:\/\/aktuelles.uni-frankfurt.de\/en\/event\/huelle-materialitaet-medialitaet-wirkung\/2026-04-27\/\"\n\t\ttitle=\"H\u00fclle. Materialit\u00e4t | Medialit\u00e4t | Wirkung\"\n\t\trel=\"bookmark\"\n\t\tclass=\"tribe-events-widget-events-list__event-title-link tribe-common-anchor-thin\"\n\t>\n\t\tH\u00fclle. Materialit\u00e4t | Medialit\u00e4t | Wirkung\t<\/a>\n<\/h3>\n\t\t\t\t<\/header>\n\n\t\t\t\t\n\t\t\t<\/div>\n\t\t<\/article>\n\t<\/div>\n\n<\/div>\n\t\t\t\t\t\t\t\t\t\t\t<div  class=\"tribe-common-g-row tribe-events-widget-events-list__event-row\" >\n\n\t<div class=\"tribe-events-widget-events-list__event-date-tag tribe-common-g-col\">\n\t<time class=\"tribe-events-widget-events-list__event-date-tag-datetime\" datetime=\"2026-04-28\">\n\t\t<span class=\"tribe-events-widget-events-list__event-date-tag-month\">\n\t\t\tApr\t\t<\/span>\n\t\t<span class=\"tribe-events-widget-events-list__event-date-tag-daynum tribe-common-h2 tribe-common-h4--min-medium\">\n\t\t\t28\t\t<\/span>\n\t<\/time>\n<\/div>\n\n\t<div class=\"tribe-events-widget-events-list__event-wrapper tribe-common-g-col\">\n\t\t<article  class=\"tribe-events-widget-events-list__event post-10015953 tribe_events type-tribe_events status-publish hentry tribe_events_cat-vortraege\" >\n\t\t\t<div class=\"tribe-events-widget-events-list__event-details\">\n\n\t\t\t\t<header class=\"tribe-events-widget-events-list__event-header\">\n\t\t\t\t\t<div class=\"tribe-events-widget-events-list__event-datetime-wrapper tribe-common-b2 tribe-common-b3--min-medium\">\n\t\t<time class=\"tribe-events-widget-events-list__event-datetime\" datetime=\"2026-04-28\">\n\t\t<span class=\"tribe-event-date-start\">16:00<\/span> bis <span class=\"tribe-event-time\">18:00<\/span>\t<\/time>\n\t\n<span class=\"tribe-events-calendar-series-archive__container\">\n\t<a\n\t\thref=\"https:\/\/aktuelles.uni-frankfurt.de\/en\/series\/sicherheit-und-ordnung-juristische-kontinuitaeten-in-der-bundesrepublik-nach-1945-ringvorlesung-im-sommersemester-2026\/\"\n\t\taria-label=\"Event series: Sicherheit und Ordnung: Juristische Kontinuit\u00e4ten in der Bundesrepublik nach 1945\"\n\t\tclass=\"tribe-events-calendar-series-archive__link\"\n\t>\n\t\t\n<svg  class=\"tribe-common-c-svgicon tribe-common-c-svgicon--series tribe-events-series-archive__icon\"  width=\"14\" height=\"12\" viewBox=\"0 0 14 12\" fill=\"none\" xmlns=\"http:\/\/www.w3.org\/2000\/svg\" aria-hidden=\"true\">\n\t<rect x=\"0.5\" y=\"4.5\" width=\"9\" height=\"7\" \/>\n\t<path d=\"M2 2.5H11.5V10\" \/>\n\t<path d=\"M4 0.5H13.5V8\" \/>\n<\/svg>\n\t<\/a>\n<\/span>\n<\/div>\n\t\t\t\t\t<h3 class=\"tribe-events-widget-events-list__event-title tribe-common-h7\">\n\t<a\n\t\thref=\"https:\/\/aktuelles.uni-frankfurt.de\/en\/event\/auslaenderpolizei-und-volkskoerper-migrationskontrolle-nach-1945\/\"\n\t\ttitle=\"\u201eAusl\u00e4nderpolizei\u201c und Volksk\u00f6rper: Migrationskontrolle nach 1945\"\n\t\trel=\"bookmark\"\n\t\tclass=\"tribe-events-widget-events-list__event-title-link tribe-common-anchor-thin\"\n\t>\n\t\t\u201eAusl\u00e4nderpolizei\u201c und Volksk\u00f6rper: Migrationskontrolle nach 1945\t<\/a>\n<\/h3>\n\t\t\t\t<\/header>\n\n\t\t\t\t\n\t\t\t<\/div>\n\t\t<\/article>\n\t<\/div>\n\n<\/div>\n\t\t\t\t\t\t\t\t\t\t\t<div  class=\"tribe-common-g-row tribe-events-widget-events-list__event-row\" >\n\n\t<div class=\"tribe-events-widget-events-list__event-date-tag tribe-common-g-col\">\n\t<time class=\"tribe-events-widget-events-list__event-date-tag-datetime\" datetime=\"2026-04-28\">\n\t\t<span class=\"tribe-events-widget-events-list__event-date-tag-month\">\n\t\t\tApr\t\t<\/span>\n\t\t<span class=\"tribe-events-widget-events-list__event-date-tag-daynum tribe-common-h2 tribe-common-h4--min-medium\">\n\t\t\t28\t\t<\/span>\n\t<\/time>\n<\/div>\n\n\t<div class=\"tribe-events-widget-events-list__event-wrapper tribe-common-g-col\">\n\t\t<article  class=\"tribe-events-widget-events-list__event post-10015965 tribe_events type-tribe_events status-publish hentry tribe_events_cat-vortraege tribe-recurring-event tribe-recurring-event-parent\" >\n\t\t\t<div class=\"tribe-events-widget-events-list__event-details\">\n\n\t\t\t\t<header class=\"tribe-events-widget-events-list__event-header\">\n\t\t\t\t\t<div class=\"tribe-events-widget-events-list__event-datetime-wrapper tribe-common-b2 tribe-common-b3--min-medium\">\n\t\t<time class=\"tribe-events-widget-events-list__event-datetime\" datetime=\"2026-04-28\">\n\t\t<span class=\"tribe-event-date-start\">16:15<\/span> bis <span class=\"tribe-event-time\">18:00<\/span>\t<\/time>\n\t\n<span class=\"tribe-events-calendar-series-archive__container\">\n\t<a\n\t\thref=\"https:\/\/aktuelles.uni-frankfurt.de\/en\/series\/crossover-inter-trans-undisciplined-anthropology\/\"\n\t\taria-label=\"Event series: Crossover &#8211; Inter.Trans.Undisciplined Anthropology\"\n\t\tclass=\"tribe-events-calendar-series-archive__link\"\n\t>\n\t\t\n<svg  class=\"tribe-common-c-svgicon tribe-common-c-svgicon--series tribe-events-series-archive__icon\"  width=\"14\" height=\"12\" viewBox=\"0 0 14 12\" fill=\"none\" xmlns=\"http:\/\/www.w3.org\/2000\/svg\" aria-hidden=\"true\">\n\t<rect x=\"0.5\" y=\"4.5\" width=\"9\" height=\"7\" \/>\n\t<path d=\"M2 2.5H11.5V10\" \/>\n\t<path d=\"M4 0.5H13.5V8\" \/>\n<\/svg>\n\t<\/a>\n<\/span>\n<\/div>\n\t\t\t\t\t<h3 class=\"tribe-events-widget-events-list__event-title tribe-common-h7\">\n\t<a\n\t\thref=\"https:\/\/aktuelles.uni-frankfurt.de\/en\/event\/crossover-inter-trans-undisciplined-anthropology\/2026-04-28\/\"\n\t\ttitle=\"Crossover &#8211; Inter.Trans.Undisciplined Anthropology\"\n\t\trel=\"bookmark\"\n\t\tclass=\"tribe-events-widget-events-list__event-title-link tribe-common-anchor-thin\"\n\t>\n\t\tCrossover &#8211; Inter.Trans.Undisciplined Anthropology\t<\/a>\n<\/h3>\n\t\t\t\t<\/header>\n\n\t\t\t\t\n\t\t\t<\/div>\n\t\t<\/article>\n\t<\/div>\n\n<\/div>\n\t\t\t\t\t\t\t\t\t<\/div>\n\n\t\t\t\t<div class=\"tribe-events-widget-events-list__view-more tribe-common-b1 tribe-common-b2--min-medium\">\n\t<a\n\t\thref=\"https:\/\/aktuelles.uni-frankfurt.de\/en\/_events\/\"\n\t\tclass=\"tribe-events-widget-events-list__view-more-link tribe-common-anchor-thin\"\n\t\ttitle=\"View more events.\"\n\t>\n\t\tView Calendar\t<\/a>\n<\/div>\n\n\t\t\t\t\t<\/div>\n\t<\/div>\n<\/div>\n<script data-js='tribe-events-view-nonce-data' type='application\/json'>{\"tvn1\":\"5d8b23f2c4\",\"tvn2\":\"\"}<\/script><\/div>\n\t\t\t\t\t\t<\/div>\n\t\t\t\t<\/div>\n\t\t\t\t\t<\/div>\n\t\t<\/div>\n\t\t\t\t\t<\/div>\n\t\t<\/section>\n\t\t\t\t<section class=\"elementor-section elementor-top-section elementor-element elementor-element-02bb2be elementor-section-boxed elementor-section-height-default elementor-section-height-default\" data-id=\"02bb2be\" data-element_type=\"section\" data-settings=\"{&quot;_ha_eqh_enable&quot;:false}\">\n\t\t\t\t\t\t<div class=\"elementor-container elementor-column-gap-default\">\n\t\t\t\t\t<div class=\"elementor-column elementor-col-50 elementor-top-column elementor-element elementor-element-f62033d\" data-id=\"f62033d\" data-element_type=\"column\">\n\t\t\t<div class=\"elementor-widget-wrap elementor-element-populated\">\n\t\t\t\t\t\t<div class=\"elementor-element elementor-element-e0b297a elementor-widget elementor-widget-heading\" data-id=\"e0b297a\" data-element_type=\"widget\" data-widget_type=\"heading.default\">\n\t\t\t\t<div class=\"elementor-widget-container\">\n\t\t\t\t\t<h2 class=\"elementor-heading-title elementor-size-default\">Gesellschaft<\/h2>\t\t\t\t<\/div>\n\t\t\t\t<\/div>\n\t\t\t\t<div class=\"elementor-element elementor-element-002ced3 elementor-widget-divider--view-line elementor-widget elementor-widget-divider\" data-id=\"002ced3\" data-element_type=\"widget\" data-widget_type=\"divider.default\">\n\t\t\t\t<div class=\"elementor-widget-container\">\n\t\t\t\t\t\t\t<div class=\"elementor-divider\">\n\t\t\t<span class=\"elementor-divider-separator\">\n\t\t\t\t\t\t<\/span>\n\t\t<\/div>\n\t\t\t\t\t\t<\/div>\n\t\t\t\t<\/div>\n\t\t\t\t<div class=\"elementor-element elementor-element-4b26bb1 elementor-grid-1 elementor-posts--thumbnail-left elementor-grid-tablet-1 elementor-grid-mobile-1 elementor-widget elementor-widget-posts\" data-id=\"4b26bb1\" data-element_type=\"widget\" data-settings=\"{&quot;classic_columns&quot;:&quot;1&quot;,&quot;classic_row_gap&quot;:{&quot;unit&quot;:&quot;px&quot;,&quot;size&quot;:18,&quot;sizes&quot;:[]},&quot;classic_columns_tablet&quot;:&quot;1&quot;,&quot;classic_row_gap_mobile&quot;:{&quot;unit&quot;:&quot;px&quot;,&quot;size&quot;:20,&quot;sizes&quot;:[]},&quot;classic_columns_mobile&quot;:&quot;1&quot;,&quot;classic_row_gap_tablet&quot;:{&quot;unit&quot;:&quot;px&quot;,&quot;size&quot;:&quot;&quot;,&quot;sizes&quot;:[]}}\" data-widget_type=\"posts.classic\">\n\t\t\t\t<div class=\"elementor-widget-container\">\n\t\t\t\t\t\t\t<div class=\"elementor-posts-container elementor-posts elementor-posts--skin-classic elementor-grid\" role=\"list\">\n\t\t\t\t<article class=\"elementor-post elementor-grid-item post-88176 post type-post status-publish format-standard has-post-thumbnail hentry category-gesellschaft tag-transfer\" role=\"listitem\">\n\t\t\t\t<a class=\"elementor-post__thumbnail__link\" href=\"https:\/\/aktuelles.uni-frankfurt.de\/en\/gesellschaft\/festivals-fuehrungen-vortraege-goethe-uni-gibt-einblick-in-die-forschung\/\" tabindex=\"-1\" >\n\t\t\t<div class=\"elementor-post__thumbnail\"><img decoding=\"async\" width=\"650\" height=\"450\" src=\"https:\/\/aktuelles.uni-frankfurt.de\/wp-content\/uploads\/2021\/10\/beitragsbild_allgemein-goethe-uni-webmagazin.jpg\" class=\"attachment-full size-full wp-image-53025\" alt=\"\" srcset=\"https:\/\/aktuelles.uni-frankfurt.de\/wp-content\/uploads\/2021\/10\/beitragsbild_allgemein-goethe-uni-webmagazin.jpg 650w, https:\/\/aktuelles.uni-frankfurt.de\/wp-content\/uploads\/2021\/10\/beitragsbild_allgemein-goethe-uni-webmagazin-300x208.jpg 300w\" sizes=\"(max-width: 650px) 100vw, 650px\" \/><\/div>\n\t\t<\/a>\n\t\t\t\t<div class=\"elementor-post__text\">\n\t\t\t\t<h3 class=\"elementor-post__title\">\n\t\t\t<a href=\"https:\/\/aktuelles.uni-frankfurt.de\/en\/gesellschaft\/festivals-fuehrungen-vortraege-goethe-uni-gibt-einblick-in-die-forschung\/\" >\n\t\t\t\tFestivals, F\u00fchrungen, Vortr\u00e4ge \u2013 Goethe-Uni gibt Einblick in die Forschung\t\t\t<\/a>\n\t\t<\/h3>\n\t\t\t\t<div class=\"elementor-post__meta-data\">\n\t\t\t\t\t<span class=\"elementor-post-date\">\n\t\t\t24. April 2026\t\t<\/span>\n\t\t\t\t<\/div>\n\t\t\t\t<\/div>\n\t\t\t\t<\/article>\n\t\t\t\t<article class=\"elementor-post elementor-grid-item post-87970 post type-post status-publish format-standard has-post-thumbnail hentry category-gesellschaft category-hochschule tag-nachruf tag-unireport-1-26\" role=\"listitem\">\n\t\t\t\t<a class=\"elementor-post__thumbnail__link\" href=\"https:\/\/aktuelles.uni-frankfurt.de\/en\/gesellschaft\/ein-leben-fuer-die-vernunft\/\" tabindex=\"-1\" >\n\t\t\t<div class=\"elementor-post__thumbnail\"><img loading=\"lazy\" decoding=\"async\" width=\"650\" height=\"450\" src=\"https:\/\/aktuelles.uni-frankfurt.de\/wp-content\/uploads\/2026\/03\/beitragsbild-habermas-vortrag-2019-c-uwe-dettmar.jpg\" class=\"attachment-full size-full wp-image-87712\" alt=\"\" srcset=\"https:\/\/aktuelles.uni-frankfurt.de\/wp-content\/uploads\/2026\/03\/beitragsbild-habermas-vortrag-2019-c-uwe-dettmar.jpg 650w, https:\/\/aktuelles.uni-frankfurt.de\/wp-content\/uploads\/2026\/03\/beitragsbild-habermas-vortrag-2019-c-uwe-dettmar-300x208.jpg 300w, https:\/\/aktuelles.uni-frankfurt.de\/wp-content\/uploads\/2026\/03\/beitragsbild-habermas-vortrag-2019-c-uwe-dettmar-500x346.jpg 500w, https:\/\/aktuelles.uni-frankfurt.de\/wp-content\/uploads\/2026\/03\/beitragsbild-habermas-vortrag-2019-c-uwe-dettmar-18x12.jpg 18w\" sizes=\"(max-width: 650px) 100vw, 650px\" \/><\/div>\n\t\t<\/a>\n\t\t\t\t<div class=\"elementor-post__text\">\n\t\t\t\t<h3 class=\"elementor-post__title\">\n\t\t\t<a href=\"https:\/\/aktuelles.uni-frankfurt.de\/en\/gesellschaft\/ein-leben-fuer-die-vernunft\/\" >\n\t\t\t\tEin Leben f\u00fcr die Vernunft\t\t\t<\/a>\n\t\t<\/h3>\n\t\t\t\t<div class=\"elementor-post__meta-data\">\n\t\t\t\t\t<span class=\"elementor-post-date\">\n\t\t\t20. April 2026\t\t<\/span>\n\t\t\t\t<\/div>\n\t\t\t\t<\/div>\n\t\t\t\t<\/article>\n\t\t\t\t<article class=\"elementor-post elementor-grid-item post-88054 post type-post status-publish format-standard has-post-thumbnail hentry category-gesellschaft\" role=\"listitem\">\n\t\t\t\t<a class=\"elementor-post__thumbnail__link\" href=\"https:\/\/aktuelles.uni-frankfurt.de\/en\/gesellschaft\/gemeinsames-tiktoken-als-chance-aiwg-veroeffentlicht-handreichung\/\" tabindex=\"-1\" >\n\t\t\t<div class=\"elementor-post__thumbnail\"><img loading=\"lazy\" decoding=\"async\" width=\"650\" height=\"450\" src=\"https:\/\/aktuelles.uni-frankfurt.de\/wp-content\/uploads\/2026\/04\/aiwg-handreichung-tiktok-1-650x450px.jpg\" class=\"attachment-full size-full wp-image-88055\" alt=\"Illustration von Personen, die um einen Tisch herum sitzen und sich unterhalten.\" srcset=\"https:\/\/aktuelles.uni-frankfurt.de\/wp-content\/uploads\/2026\/04\/aiwg-handreichung-tiktok-1-650x450px.jpg 650w, https:\/\/aktuelles.uni-frankfurt.de\/wp-content\/uploads\/2026\/04\/aiwg-handreichung-tiktok-1-650x450px-300x208.jpg 300w, https:\/\/aktuelles.uni-frankfurt.de\/wp-content\/uploads\/2026\/04\/aiwg-handreichung-tiktok-1-650x450px-500x346.jpg 500w, https:\/\/aktuelles.uni-frankfurt.de\/wp-content\/uploads\/2026\/04\/aiwg-handreichung-tiktok-1-650x450px-18x12.jpg 18w\" sizes=\"(max-width: 650px) 100vw, 650px\" \/><\/div>\n\t\t<\/a>\n\t\t\t\t<div class=\"elementor-post__text\">\n\t\t\t\t<h3 class=\"elementor-post__title\">\n\t\t\t<a href=\"https:\/\/aktuelles.uni-frankfurt.de\/en\/gesellschaft\/gemeinsames-tiktoken-als-chance-aiwg-veroeffentlicht-handreichung\/\" >\n\t\t\t\t\u201eGemeinsames TikToken als Chance\u201c \u2013 AIWG ver\u00f6ffentlicht Handreichung\t\t\t<\/a>\n\t\t<\/h3>\n\t\t\t\t<div class=\"elementor-post__meta-data\">\n\t\t\t\t\t<span class=\"elementor-post-date\">\n\t\t\t16. April 2026\t\t<\/span>\n\t\t\t\t<\/div>\n\t\t\t\t<\/div>\n\t\t\t\t<\/article>\n\t\t\t\t<\/div>\n\t\t\n\t\t\t\t\t\t<\/div>\n\t\t\t\t<\/div>\n\t\t\t\t\t<\/div>\n\t\t<\/div>\n\t\t\t\t<div class=\"elementor-column elementor-col-50 elementor-top-column elementor-element elementor-element-a9198f7\" data-id=\"a9198f7\" data-element_type=\"column\">\n\t\t\t<div class=\"elementor-widget-wrap elementor-element-populated\">\n\t\t\t\t\t\t<div class=\"elementor-element elementor-element-10f0988 elementor-widget elementor-widget-heading\" data-id=\"10f0988\" data-element_type=\"widget\" data-widget_type=\"heading.default\">\n\t\t\t\t<div class=\"elementor-widget-container\">\n\t\t\t\t\t<h2 class=\"elementor-heading-title elementor-size-default\">Forschung<\/h2>\t\t\t\t<\/div>\n\t\t\t\t<\/div>\n\t\t\t\t<div class=\"elementor-element elementor-element-abf33c2 elementor-widget-divider--view-line elementor-widget elementor-widget-divider\" data-id=\"abf33c2\" data-element_type=\"widget\" data-widget_type=\"divider.default\">\n\t\t\t\t<div class=\"elementor-widget-container\">\n\t\t\t\t\t\t\t<div class=\"elementor-divider\">\n\t\t\t<span class=\"elementor-divider-separator\">\n\t\t\t\t\t\t<\/span>\n\t\t<\/div>\n\t\t\t\t\t\t<\/div>\n\t\t\t\t<\/div>\n\t\t\t\t<div class=\"elementor-element elementor-element-5c11299 elementor-grid-1 elementor-posts--thumbnail-left elementor-grid-tablet-1 elementor-grid-mobile-1 elementor-widget elementor-widget-posts\" data-id=\"5c11299\" data-element_type=\"widget\" data-settings=\"{&quot;classic_columns&quot;:&quot;1&quot;,&quot;classic_row_gap&quot;:{&quot;unit&quot;:&quot;px&quot;,&quot;size&quot;:18,&quot;sizes&quot;:[]},&quot;classic_columns_tablet&quot;:&quot;1&quot;,&quot;classic_row_gap_mobile&quot;:{&quot;unit&quot;:&quot;px&quot;,&quot;size&quot;:20,&quot;sizes&quot;:[]},&quot;classic_columns_mobile&quot;:&quot;1&quot;,&quot;classic_row_gap_tablet&quot;:{&quot;unit&quot;:&quot;px&quot;,&quot;size&quot;:&quot;&quot;,&quot;sizes&quot;:[]}}\" data-widget_type=\"posts.classic\">\n\t\t\t\t<div class=\"elementor-widget-container\">\n\t\t\t\t\t\t\t<div class=\"elementor-posts-container elementor-posts elementor-posts--skin-classic elementor-grid\" role=\"list\">\n\t\t\t\t<article class=\"elementor-post elementor-grid-item post-88162 post type-post status-publish format-standard has-post-thumbnail hentry category-forschung tag-physik\" role=\"listitem\">\n\t\t\t\t<a class=\"elementor-post__thumbnail__link\" href=\"https:\/\/aktuelles.uni-frankfurt.de\/en\/forschung\/quantenmaterialien-volkswagenstiftung-gibt-zwei-millionen-euro-fuer-eckhardt-stiftungsprofessur-an-goethe-universitaet\/\" tabindex=\"-1\" >\n\t\t\t<div class=\"elementor-post__thumbnail\"><img loading=\"lazy\" decoding=\"async\" width=\"650\" height=\"450\" src=\"https:\/\/aktuelles.uni-frankfurt.de\/wp-content\/uploads\/2026\/04\/olena-fedchenko-lichtenbergprofessur-650x450px.jpg\" class=\"attachment-full size-full wp-image-88163\" alt=\"\" srcset=\"https:\/\/aktuelles.uni-frankfurt.de\/wp-content\/uploads\/2026\/04\/olena-fedchenko-lichtenbergprofessur-650x450px.jpg 650w, https:\/\/aktuelles.uni-frankfurt.de\/wp-content\/uploads\/2026\/04\/olena-fedchenko-lichtenbergprofessur-650x450px-300x208.jpg 300w, https:\/\/aktuelles.uni-frankfurt.de\/wp-content\/uploads\/2026\/04\/olena-fedchenko-lichtenbergprofessur-650x450px-500x346.jpg 500w, https:\/\/aktuelles.uni-frankfurt.de\/wp-content\/uploads\/2026\/04\/olena-fedchenko-lichtenbergprofessur-650x450px-18x12.jpg 18w\" sizes=\"(max-width: 650px) 100vw, 650px\" \/><\/div>\n\t\t<\/a>\n\t\t\t\t<div class=\"elementor-post__text\">\n\t\t\t\t<h3 class=\"elementor-post__title\">\n\t\t\t<a href=\"https:\/\/aktuelles.uni-frankfurt.de\/en\/forschung\/quantenmaterialien-volkswagenstiftung-gibt-zwei-millionen-euro-fuer-eckhardt-stiftungsprofessur-an-goethe-universitaet\/\" >\n\t\t\t\tQuantenmaterialien: VolkswagenStiftung gibt zwei Millionen Euro f\u00fcr Eckhardt-Stiftungsprofessur an Goethe-Universit\u00e4t\t\t\t<\/a>\n\t\t<\/h3>\n\t\t\t\t<div class=\"elementor-post__meta-data\">\n\t\t\t\t\t<span class=\"elementor-post-date\">\n\t\t\t24. April 2026\t\t<\/span>\n\t\t\t\t<\/div>\n\t\t\t\t<\/div>\n\t\t\t\t<\/article>\n\t\t\t\t<article class=\"elementor-post elementor-grid-item post-88154 post type-post status-publish format-standard has-post-thumbnail hentry category-forschung tag-medizin\" role=\"listitem\">\n\t\t\t\t<a class=\"elementor-post__thumbnail__link\" href=\"https:\/\/aktuelles.uni-frankfurt.de\/en\/forschung\/wie-sich-leukaemie-bei-kindern-mit-down-syndrom-entwickelt\/\" tabindex=\"-1\" >\n\t\t\t<div class=\"elementor-post__thumbnail\"><img loading=\"lazy\" decoding=\"async\" width=\"650\" height=\"450\" src=\"https:\/\/aktuelles.uni-frankfurt.de\/wp-content\/uploads\/2026\/04\/leukaemie-kinder-downsyndrom-650x450px.jpg\" class=\"attachment-full size-full wp-image-88155\" alt=\"\" srcset=\"https:\/\/aktuelles.uni-frankfurt.de\/wp-content\/uploads\/2026\/04\/leukaemie-kinder-downsyndrom-650x450px.jpg 650w, https:\/\/aktuelles.uni-frankfurt.de\/wp-content\/uploads\/2026\/04\/leukaemie-kinder-downsyndrom-650x450px-300x208.jpg 300w, https:\/\/aktuelles.uni-frankfurt.de\/wp-content\/uploads\/2026\/04\/leukaemie-kinder-downsyndrom-650x450px-500x346.jpg 500w, https:\/\/aktuelles.uni-frankfurt.de\/wp-content\/uploads\/2026\/04\/leukaemie-kinder-downsyndrom-650x450px-18x12.jpg 18w\" sizes=\"(max-width: 650px) 100vw, 650px\" \/><\/div>\n\t\t<\/a>\n\t\t\t\t<div class=\"elementor-post__text\">\n\t\t\t\t<h3 class=\"elementor-post__title\">\n\t\t\t<a href=\"https:\/\/aktuelles.uni-frankfurt.de\/en\/forschung\/wie-sich-leukaemie-bei-kindern-mit-down-syndrom-entwickelt\/\" >\n\t\t\t\tWie sich Leuk\u00e4mie bei Kindern mit Down-Syndrom entwickelt\t\t\t<\/a>\n\t\t<\/h3>\n\t\t\t\t<div class=\"elementor-post__meta-data\">\n\t\t\t\t\t<span class=\"elementor-post-date\">\n\t\t\t23. April 2026\t\t<\/span>\n\t\t\t\t<\/div>\n\t\t\t\t<\/div>\n\t\t\t\t<\/article>\n\t\t\t\t<article class=\"elementor-post elementor-grid-item post-88135 post type-post status-publish format-standard has-post-thumbnail hentry category-forschung tag-medizin\" role=\"listitem\">\n\t\t\t\t<a class=\"elementor-post__thumbnail__link\" href=\"https:\/\/aktuelles.uni-frankfurt.de\/en\/forschung\/rmu-projekt-spitzentechnologie-fuer-die-krebsbehandlung-von-kindern\/\" tabindex=\"-1\" >\n\t\t\t<div class=\"elementor-post__thumbnail\"><img loading=\"lazy\" decoding=\"async\" width=\"650\" height=\"450\" src=\"https:\/\/aktuelles.uni-frankfurt.de\/wp-content\/uploads\/2026\/04\/multidrug-fg-biophotonik-650x450px.jpg\" class=\"attachment-full size-full wp-image-88136\" alt=\"\" srcset=\"https:\/\/aktuelles.uni-frankfurt.de\/wp-content\/uploads\/2026\/04\/multidrug-fg-biophotonik-650x450px.jpg 650w, https:\/\/aktuelles.uni-frankfurt.de\/wp-content\/uploads\/2026\/04\/multidrug-fg-biophotonik-650x450px-300x208.jpg 300w, https:\/\/aktuelles.uni-frankfurt.de\/wp-content\/uploads\/2026\/04\/multidrug-fg-biophotonik-650x450px-500x346.jpg 500w, https:\/\/aktuelles.uni-frankfurt.de\/wp-content\/uploads\/2026\/04\/multidrug-fg-biophotonik-650x450px-18x12.jpg 18w\" sizes=\"(max-width: 650px) 100vw, 650px\" \/><\/div>\n\t\t<\/a>\n\t\t\t\t<div class=\"elementor-post__text\">\n\t\t\t\t<h3 class=\"elementor-post__title\">\n\t\t\t<a href=\"https:\/\/aktuelles.uni-frankfurt.de\/en\/forschung\/rmu-projekt-spitzentechnologie-fuer-die-krebsbehandlung-von-kindern\/\" >\n\t\t\t\tRMU-Projekt: Spitzentechnologie f\u00fcr die Krebsbehandlung von Kindern\t\t\t<\/a>\n\t\t<\/h3>\n\t\t\t\t<div class=\"elementor-post__meta-data\">\n\t\t\t\t\t<span class=\"elementor-post-date\">\n\t\t\t22. April 2026\t\t<\/span>\n\t\t\t\t<\/div>\n\t\t\t\t<\/div>\n\t\t\t\t<\/article>\n\t\t\t\t<\/div>\n\t\t\n\t\t\t\t\t\t<\/div>\n\t\t\t\t<\/div>\n\t\t\t\t\t<\/div>\n\t\t<\/div>\n\t\t\t\t\t<\/div>\n\t\t<\/section>\n\t\t\t\t<section class=\"elementor-section elementor-top-section elementor-element elementor-element-ce01c80 elementor-section-boxed elementor-section-height-default elementor-section-height-default\" data-id=\"ce01c80\" data-element_type=\"section\" data-settings=\"{&quot;_ha_eqh_enable&quot;:false}\">\n\t\t\t\t\t\t<div class=\"elementor-container elementor-column-gap-default\">\n\t\t\t\t\t<div class=\"elementor-column elementor-col-50 elementor-top-column elementor-element elementor-element-487783f\" data-id=\"487783f\" data-element_type=\"column\">\n\t\t\t<div class=\"elementor-widget-wrap elementor-element-populated\">\n\t\t\t\t\t\t<div class=\"elementor-element elementor-element-76204c1 elementor-widget elementor-widget-heading\" data-id=\"76204c1\" data-element_type=\"widget\" data-widget_type=\"heading.default\">\n\t\t\t\t<div class=\"elementor-widget-container\">\n\t\t\t\t\t<h2 class=\"elementor-heading-title elementor-size-default\">Campus<\/h2>\t\t\t\t<\/div>\n\t\t\t\t<\/div>\n\t\t\t\t<div class=\"elementor-element elementor-element-66513e1 elementor-widget-divider--view-line elementor-widget elementor-widget-divider\" data-id=\"66513e1\" data-element_type=\"widget\" data-widget_type=\"divider.default\">\n\t\t\t\t<div class=\"elementor-widget-container\">\n\t\t\t\t\t\t\t<div class=\"elementor-divider\">\n\t\t\t<span class=\"elementor-divider-separator\">\n\t\t\t\t\t\t<\/span>\n\t\t<\/div>\n\t\t\t\t\t\t<\/div>\n\t\t\t\t<\/div>\n\t\t\t\t<div class=\"elementor-element elementor-element-e294bc1 elementor-grid-1 elementor-posts--thumbnail-left elementor-grid-tablet-1 elementor-grid-mobile-1 elementor-widget elementor-widget-posts\" data-id=\"e294bc1\" data-element_type=\"widget\" data-settings=\"{&quot;classic_columns&quot;:&quot;1&quot;,&quot;classic_row_gap&quot;:{&quot;unit&quot;:&quot;px&quot;,&quot;size&quot;:18,&quot;sizes&quot;:[]},&quot;classic_columns_tablet&quot;:&quot;1&quot;,&quot;classic_row_gap_mobile&quot;:{&quot;unit&quot;:&quot;px&quot;,&quot;size&quot;:20,&quot;sizes&quot;:[]},&quot;classic_columns_mobile&quot;:&quot;1&quot;,&quot;classic_row_gap_tablet&quot;:{&quot;unit&quot;:&quot;px&quot;,&quot;size&quot;:&quot;&quot;,&quot;sizes&quot;:[]}}\" data-widget_type=\"posts.classic\">\n\t\t\t\t<div class=\"elementor-widget-container\">\n\t\t\t\t\t\t\t<div class=\"elementor-posts-container elementor-posts elementor-posts--skin-classic elementor-grid\" role=\"list\">\n\t\t\t\t<article class=\"elementor-post elementor-grid-item post-87432 post type-post status-publish format-standard has-post-thumbnail hentry category-campus category-instagram tag-philosophie-und-geschichtswissenschaften\" role=\"listitem\">\n\t\t\t\t<a class=\"elementor-post__thumbnail__link\" href=\"https:\/\/aktuelles.uni-frankfurt.de\/en\/campus\/warum-menschen-kuessen-und-warum-auch-nicht\/\" tabindex=\"-1\" >\n\t\t\t<div class=\"elementor-post__thumbnail\"><img loading=\"lazy\" decoding=\"async\" width=\"650\" height=\"450\" src=\"https:\/\/aktuelles.uni-frankfurt.de\/wp-content\/uploads\/2026\/02\/kuessen-catherine-whittaker-650x450px.jpg\" class=\"attachment-full size-full wp-image-87433\" alt=\"Ethnologieprofessorin Catherine Whittaker bei den Dreharbeiten auf der Terrasse des Casinogeb\u00e4udes. \u00a9 Sabrina Schie\u00dfl\" srcset=\"https:\/\/aktuelles.uni-frankfurt.de\/wp-content\/uploads\/2026\/02\/kuessen-catherine-whittaker-650x450px.jpg 650w, https:\/\/aktuelles.uni-frankfurt.de\/wp-content\/uploads\/2026\/02\/kuessen-catherine-whittaker-650x450px-300x208.jpg 300w, https:\/\/aktuelles.uni-frankfurt.de\/wp-content\/uploads\/2026\/02\/kuessen-catherine-whittaker-650x450px-500x346.jpg 500w, https:\/\/aktuelles.uni-frankfurt.de\/wp-content\/uploads\/2026\/02\/kuessen-catherine-whittaker-650x450px-18x12.jpg 18w\" sizes=\"(max-width: 650px) 100vw, 650px\" \/><\/div>\n\t\t<\/a>\n\t\t\t\t<div class=\"elementor-post__text\">\n\t\t\t\t<h3 class=\"elementor-post__title\">\n\t\t\t<a href=\"https:\/\/aktuelles.uni-frankfurt.de\/en\/campus\/warum-menschen-kuessen-und-warum-auch-nicht\/\" >\n\t\t\t\tWarum Menschen k\u00fcssen \u2013 und warum auch nicht\t\t\t<\/a>\n\t\t<\/h3>\n\t\t\t\t<div class=\"elementor-post__meta-data\">\n\t\t\t\t\t<span class=\"elementor-post-date\">\n\t\t\t12. February 2026\t\t<\/span>\n\t\t\t\t<\/div>\n\t\t\t\t<\/div>\n\t\t\t\t<\/article>\n\t\t\t\t<article class=\"elementor-post elementor-grid-item post-86813 post type-post status-publish format-standard has-post-thumbnail hentry category-campus tag-sprach-und-kulturwissenschaften tag-unireport-6-25\" role=\"listitem\">\n\t\t\t\t<a class=\"elementor-post__thumbnail__link\" href=\"https:\/\/aktuelles.uni-frankfurt.de\/en\/campus\/studentische-ausstellung-zeigt-faszinierende-fragmente-aus-dem-mittelalter\/\" tabindex=\"-1\" >\n\t\t\t<div class=\"elementor-post__thumbnail\"><img loading=\"lazy\" decoding=\"async\" width=\"650\" height=\"450\" src=\"https:\/\/aktuelles.uni-frankfurt.de\/wp-content\/uploads\/2025\/12\/studentische-ausstellung-650x450px-web.jpg\" class=\"attachment-full size-full wp-image-86814\" alt=\"Bei einer Exkursion ins Museum Eschborn sammelten die Studierenden praktische Erfahrungen und lernten, wie eine Ausstellung konzipiert wird. \u00a9 Steckel\" srcset=\"https:\/\/aktuelles.uni-frankfurt.de\/wp-content\/uploads\/2025\/12\/studentische-ausstellung-650x450px-web.jpg 650w, https:\/\/aktuelles.uni-frankfurt.de\/wp-content\/uploads\/2025\/12\/studentische-ausstellung-650x450px-web-300x208.jpg 300w, https:\/\/aktuelles.uni-frankfurt.de\/wp-content\/uploads\/2025\/12\/studentische-ausstellung-650x450px-web-500x346.jpg 500w, https:\/\/aktuelles.uni-frankfurt.de\/wp-content\/uploads\/2025\/12\/studentische-ausstellung-650x450px-web-18x12.jpg 18w\" sizes=\"(max-width: 650px) 100vw, 650px\" \/><\/div>\n\t\t<\/a>\n\t\t\t\t<div class=\"elementor-post__text\">\n\t\t\t\t<h3 class=\"elementor-post__title\">\n\t\t\t<a href=\"https:\/\/aktuelles.uni-frankfurt.de\/en\/campus\/studentische-ausstellung-zeigt-faszinierende-fragmente-aus-dem-mittelalter\/\" >\n\t\t\t\tStudentische Ausstellung zeigt faszinierende Fragmente aus dem Mittelalter\t\t\t<\/a>\n\t\t<\/h3>\n\t\t\t\t<div class=\"elementor-post__meta-data\">\n\t\t\t\t\t<span class=\"elementor-post-date\">\n\t\t\t18. December 2025\t\t<\/span>\n\t\t\t\t<\/div>\n\t\t\t\t<\/div>\n\t\t\t\t<\/article>\n\t\t\t\t<article class=\"elementor-post elementor-grid-item post-86808 post type-post status-publish format-standard has-post-thumbnail hentry category-campus tag-unireport-6-25\" role=\"listitem\">\n\t\t\t\t<a class=\"elementor-post__thumbnail__link\" href=\"https:\/\/aktuelles.uni-frankfurt.de\/en\/campus\/living-landscapes-in-madrid\/\" tabindex=\"-1\" >\n\t\t\t<div class=\"elementor-post__thumbnail\"><img loading=\"lazy\" decoding=\"async\" width=\"650\" height=\"450\" src=\"https:\/\/aktuelles.uni-frankfurt.de\/wp-content\/uploads\/2025\/12\/living-landscapes-650x450px-web.jpg\" class=\"attachment-full size-full wp-image-86809\" alt=\"Workshop in Casa de Campo, BIP Living Landscapes in Madrid (Oktober 2025). \u00a9 Daniela Ortiz dos Santos\" srcset=\"https:\/\/aktuelles.uni-frankfurt.de\/wp-content\/uploads\/2025\/12\/living-landscapes-650x450px-web.jpg 650w, https:\/\/aktuelles.uni-frankfurt.de\/wp-content\/uploads\/2025\/12\/living-landscapes-650x450px-web-300x208.jpg 300w, https:\/\/aktuelles.uni-frankfurt.de\/wp-content\/uploads\/2025\/12\/living-landscapes-650x450px-web-500x346.jpg 500w, https:\/\/aktuelles.uni-frankfurt.de\/wp-content\/uploads\/2025\/12\/living-landscapes-650x450px-web-18x12.jpg 18w\" sizes=\"(max-width: 650px) 100vw, 650px\" \/><\/div>\n\t\t<\/a>\n\t\t\t\t<div class=\"elementor-post__text\">\n\t\t\t\t<h3 class=\"elementor-post__title\">\n\t\t\t<a href=\"https:\/\/aktuelles.uni-frankfurt.de\/en\/campus\/living-landscapes-in-madrid\/\" >\n\t\t\t\tLiving Landscapes in Madrid\t\t\t<\/a>\n\t\t<\/h3>\n\t\t\t\t<div class=\"elementor-post__meta-data\">\n\t\t\t\t\t<span class=\"elementor-post-date\">\n\t\t\t18. December 2025\t\t<\/span>\n\t\t\t\t<\/div>\n\t\t\t\t<\/div>\n\t\t\t\t<\/article>\n\t\t\t\t<\/div>\n\t\t\n\t\t\t\t\t\t<\/div>\n\t\t\t\t<\/div>\n\t\t\t\t\t<\/div>\n\t\t<\/div>\n\t\t\t\t<div class=\"elementor-column elementor-col-50 elementor-top-column elementor-element elementor-element-6865e1e\" data-id=\"6865e1e\" data-element_type=\"column\">\n\t\t\t<div class=\"elementor-widget-wrap elementor-element-populated\">\n\t\t\t\t\t\t<div class=\"elementor-element elementor-element-9b313a9 elementor-widget elementor-widget-heading\" data-id=\"9b313a9\" data-element_type=\"widget\" data-widget_type=\"heading.default\">\n\t\t\t\t<div class=\"elementor-widget-container\">\n\t\t\t\t\t<h2 class=\"elementor-heading-title elementor-size-default\">Menschen<\/h2>\t\t\t\t<\/div>\n\t\t\t\t<\/div>\n\t\t\t\t<div class=\"elementor-element elementor-element-02f9a88 elementor-widget-divider--view-line elementor-widget elementor-widget-divider\" data-id=\"02f9a88\" data-element_type=\"widget\" data-widget_type=\"divider.default\">\n\t\t\t\t<div class=\"elementor-widget-container\">\n\t\t\t\t\t\t\t<div class=\"elementor-divider\">\n\t\t\t<span class=\"elementor-divider-separator\">\n\t\t\t\t\t\t<\/span>\n\t\t<\/div>\n\t\t\t\t\t\t<\/div>\n\t\t\t\t<\/div>\n\t\t\t\t<div class=\"elementor-element elementor-element-222e75d elementor-grid-1 elementor-posts--thumbnail-left elementor-grid-tablet-1 elementor-grid-mobile-1 elementor-widget elementor-widget-posts\" data-id=\"222e75d\" data-element_type=\"widget\" data-settings=\"{&quot;classic_columns&quot;:&quot;1&quot;,&quot;classic_row_gap&quot;:{&quot;unit&quot;:&quot;px&quot;,&quot;size&quot;:18,&quot;sizes&quot;:[]},&quot;classic_columns_tablet&quot;:&quot;1&quot;,&quot;classic_row_gap_mobile&quot;:{&quot;unit&quot;:&quot;px&quot;,&quot;size&quot;:20,&quot;sizes&quot;:[]},&quot;classic_columns_mobile&quot;:&quot;1&quot;,&quot;classic_row_gap_tablet&quot;:{&quot;unit&quot;:&quot;px&quot;,&quot;size&quot;:&quot;&quot;,&quot;sizes&quot;:[]}}\" data-widget_type=\"posts.classic\">\n\t\t\t\t<div class=\"elementor-widget-container\">\n\t\t\t\t\t\t\t<div class=\"elementor-posts-container elementor-posts elementor-posts--skin-classic elementor-grid\" role=\"list\">\n\t\t\t\t<article class=\"elementor-post elementor-grid-item post-88003 post type-post status-publish format-standard has-post-thumbnail hentry category-instagram category-menschen tag-internationales tag-unireport-1-26\" role=\"listitem\">\n\t\t\t\t<a class=\"elementor-post__thumbnail__link\" href=\"https:\/\/aktuelles.uni-frankfurt.de\/en\/menschen\/vier-wege-aus-dem-krieg-und-an-die-goethe-universitaet\/\" tabindex=\"-1\" >\n\t\t\t<div class=\"elementor-post__thumbnail\"><img loading=\"lazy\" decoding=\"async\" width=\"650\" height=\"450\" src=\"https:\/\/aktuelles.uni-frankfurt.de\/wp-content\/uploads\/2026\/04\/ukrainische-wissenschaftlerinnen-collage-2026-privat-650x450px_DE.jpg\" class=\"attachment-full size-full wp-image-88012\" alt=\"Dr. Nataliia Aliabieva, Dr. Nataliia Medzhybovska, Olha Huzhva und Olha Vashchenko \u00a9 privat\" srcset=\"https:\/\/aktuelles.uni-frankfurt.de\/wp-content\/uploads\/2026\/04\/ukrainische-wissenschaftlerinnen-collage-2026-privat-650x450px_DE.jpg 650w, https:\/\/aktuelles.uni-frankfurt.de\/wp-content\/uploads\/2026\/04\/ukrainische-wissenschaftlerinnen-collage-2026-privat-650x450px_DE-300x208.jpg 300w, https:\/\/aktuelles.uni-frankfurt.de\/wp-content\/uploads\/2026\/04\/ukrainische-wissenschaftlerinnen-collage-2026-privat-650x450px_DE-500x346.jpg 500w, https:\/\/aktuelles.uni-frankfurt.de\/wp-content\/uploads\/2026\/04\/ukrainische-wissenschaftlerinnen-collage-2026-privat-650x450px_DE-18x12.jpg 18w\" sizes=\"(max-width: 650px) 100vw, 650px\" \/><\/div>\n\t\t<\/a>\n\t\t\t\t<div class=\"elementor-post__text\">\n\t\t\t\t<h3 class=\"elementor-post__title\">\n\t\t\t<a href=\"https:\/\/aktuelles.uni-frankfurt.de\/en\/menschen\/vier-wege-aus-dem-krieg-und-an-die-goethe-universitaet\/\" >\n\t\t\t\tVier Wege aus dem Krieg und an die Goethe-Universit\u00e4t\t\t\t<\/a>\n\t\t<\/h3>\n\t\t\t\t<div class=\"elementor-post__meta-data\">\n\t\t\t\t\t<span class=\"elementor-post-date\">\n\t\t\t17. April 2026\t\t<\/span>\n\t\t\t\t<\/div>\n\t\t\t\t<\/div>\n\t\t\t\t<\/article>\n\t\t\t\t<article class=\"elementor-post elementor-grid-item post-87765 post type-post status-publish format-standard has-post-thumbnail hentry category-menschen tag-biowissenschaften\" role=\"listitem\">\n\t\t\t\t<a class=\"elementor-post__thumbnail__link\" href=\"https:\/\/aktuelles.uni-frankfurt.de\/en\/menschen\/nachruf-auf-den-ornithologen-und-physiologen-roland-prinzinger\/\" tabindex=\"-1\" >\n\t\t\t<div class=\"elementor-post__thumbnail\"><img loading=\"lazy\" decoding=\"async\" width=\"650\" height=\"450\" src=\"https:\/\/aktuelles.uni-frankfurt.de\/wp-content\/uploads\/2026\/03\/roland-prinzinger-650x450px.jpg\" class=\"attachment-full size-full wp-image-87766\" alt=\"Roland Prinzinger\" srcset=\"https:\/\/aktuelles.uni-frankfurt.de\/wp-content\/uploads\/2026\/03\/roland-prinzinger-650x450px.jpg 650w, https:\/\/aktuelles.uni-frankfurt.de\/wp-content\/uploads\/2026\/03\/roland-prinzinger-650x450px-300x208.jpg 300w, https:\/\/aktuelles.uni-frankfurt.de\/wp-content\/uploads\/2026\/03\/roland-prinzinger-650x450px-500x346.jpg 500w, https:\/\/aktuelles.uni-frankfurt.de\/wp-content\/uploads\/2026\/03\/roland-prinzinger-650x450px-18x12.jpg 18w\" sizes=\"(max-width: 650px) 100vw, 650px\" \/><\/div>\n\t\t<\/a>\n\t\t\t\t<div class=\"elementor-post__text\">\n\t\t\t\t<h3 class=\"elementor-post__title\">\n\t\t\t<a href=\"https:\/\/aktuelles.uni-frankfurt.de\/en\/menschen\/nachruf-auf-den-ornithologen-und-physiologen-roland-prinzinger\/\" >\n\t\t\t\tNachruf auf den Ornithologen und Physiologen Roland Prinzinger\t\t\t<\/a>\n\t\t<\/h3>\n\t\t\t\t<div class=\"elementor-post__meta-data\">\n\t\t\t\t\t<span class=\"elementor-post-date\">\n\t\t\t24. March 2026\t\t<\/span>\n\t\t\t\t<\/div>\n\t\t\t\t<\/div>\n\t\t\t\t<\/article>\n\t\t\t\t<article class=\"elementor-post elementor-grid-item post-86767 post type-post status-publish format-standard has-post-thumbnail hentry category-menschen category-unireport tag-politikwissenschaft tag-unireport-6-25\" role=\"listitem\">\n\t\t\t\t<a class=\"elementor-post__thumbnail__link\" href=\"https:\/\/aktuelles.uni-frankfurt.de\/en\/unireport\/politikberatung-neben-der-forschung\/\" tabindex=\"-1\" >\n\t\t\t<div class=\"elementor-post__thumbnail\"><img loading=\"lazy\" decoding=\"async\" width=\"650\" height=\"450\" src=\"https:\/\/aktuelles.uni-frankfurt.de\/wp-content\/uploads\/2025\/12\/iris-reus-c-privat.jpg\" class=\"attachment-full size-full wp-image-86768\" alt=\"Iris Reus \u00a9 privat\" srcset=\"https:\/\/aktuelles.uni-frankfurt.de\/wp-content\/uploads\/2025\/12\/iris-reus-c-privat.jpg 650w, https:\/\/aktuelles.uni-frankfurt.de\/wp-content\/uploads\/2025\/12\/iris-reus-c-privat-300x208.jpg 300w, https:\/\/aktuelles.uni-frankfurt.de\/wp-content\/uploads\/2025\/12\/iris-reus-c-privat-500x346.jpg 500w, https:\/\/aktuelles.uni-frankfurt.de\/wp-content\/uploads\/2025\/12\/iris-reus-c-privat-18x12.jpg 18w\" sizes=\"(max-width: 650px) 100vw, 650px\" \/><\/div>\n\t\t<\/a>\n\t\t\t\t<div class=\"elementor-post__text\">\n\t\t\t\t<h3 class=\"elementor-post__title\">\n\t\t\t<a href=\"https:\/\/aktuelles.uni-frankfurt.de\/en\/unireport\/politikberatung-neben-der-forschung\/\" >\n\t\t\t\tPolitikberatung neben der Forschung\t\t\t<\/a>\n\t\t<\/h3>\n\t\t\t\t<div class=\"elementor-post__meta-data\">\n\t\t\t\t\t<span class=\"elementor-post-date\">\n\t\t\t15. December 2025\t\t<\/span>\n\t\t\t\t<\/div>\n\t\t\t\t<\/div>\n\t\t\t\t<\/article>\n\t\t\t\t<\/div>\n\t\t\n\t\t\t\t\t\t<\/div>\n\t\t\t\t<\/div>\n\t\t\t\t\t<\/div>\n\t\t<\/div>\n\t\t\t\t\t<\/div>\n\t\t<\/section>\n\t\t\t\t<section class=\"elementor-section elementor-top-section elementor-element elementor-element-0263dac elementor-section-boxed elementor-section-height-default elementor-section-height-default\" data-id=\"0263dac\" data-element_type=\"section\" data-settings=\"{&quot;_ha_eqh_enable&quot;:false}\">\n\t\t\t\t\t\t<div class=\"elementor-container elementor-column-gap-default\">\n\t\t\t\t\t<div class=\"elementor-column elementor-col-50 elementor-top-column elementor-element elementor-element-93989f9\" data-id=\"93989f9\" data-element_type=\"column\">\n\t\t\t<div class=\"elementor-widget-wrap elementor-element-populated\">\n\t\t\t\t\t\t<div class=\"elementor-element elementor-element-e5384a8 elementor-widget elementor-widget-heading\" data-id=\"e5384a8\" data-element_type=\"widget\" data-widget_type=\"heading.default\">\n\t\t\t\t<div class=\"elementor-widget-container\">\n\t\t\t\t\t<h2 class=\"elementor-heading-title elementor-size-default\">Hochschule<\/h2>\t\t\t\t<\/div>\n\t\t\t\t<\/div>\n\t\t\t\t<div class=\"elementor-element elementor-element-67f8289 elementor-widget-divider--view-line elementor-widget elementor-widget-divider\" data-id=\"67f8289\" data-element_type=\"widget\" data-widget_type=\"divider.default\">\n\t\t\t\t<div class=\"elementor-widget-container\">\n\t\t\t\t\t\t\t<div class=\"elementor-divider\">\n\t\t\t<span class=\"elementor-divider-separator\">\n\t\t\t\t\t\t<\/span>\n\t\t<\/div>\n\t\t\t\t\t\t<\/div>\n\t\t\t\t<\/div>\n\t\t\t\t<div class=\"elementor-element elementor-element-07f5722 elementor-grid-1 elementor-posts--thumbnail-left elementor-grid-tablet-1 elementor-grid-mobile-1 elementor-widget elementor-widget-posts\" data-id=\"07f5722\" data-element_type=\"widget\" data-settings=\"{&quot;classic_columns&quot;:&quot;1&quot;,&quot;classic_row_gap&quot;:{&quot;unit&quot;:&quot;px&quot;,&quot;size&quot;:18,&quot;sizes&quot;:[]},&quot;classic_columns_tablet&quot;:&quot;1&quot;,&quot;classic_row_gap_mobile&quot;:{&quot;unit&quot;:&quot;px&quot;,&quot;size&quot;:20,&quot;sizes&quot;:[]},&quot;classic_columns_mobile&quot;:&quot;1&quot;,&quot;classic_row_gap_tablet&quot;:{&quot;unit&quot;:&quot;px&quot;,&quot;size&quot;:&quot;&quot;,&quot;sizes&quot;:[]}}\" data-widget_type=\"posts.classic\">\n\t\t\t\t<div class=\"elementor-widget-container\">\n\t\t\t\t\t\t\t<div class=\"elementor-posts-container elementor-posts elementor-posts--skin-classic elementor-grid\" role=\"list\">\n\t\t\t\t<article class=\"elementor-post elementor-grid-item post-88165 post type-post status-publish format-standard has-post-thumbnail hentry category-hochschule tag-grade\" role=\"listitem\">\n\t\t\t\t<a class=\"elementor-post__thumbnail__link\" href=\"https:\/\/aktuelles.uni-frankfurt.de\/en\/hochschule\/supervisor-peer-coaching-kollegialer-austausch-fuer-eine-reflektierte-promotionsbetreuung\/\" tabindex=\"-1\" >\n\t\t\t<div class=\"elementor-post__thumbnail\"><img loading=\"lazy\" decoding=\"async\" width=\"650\" height=\"450\" src=\"https:\/\/aktuelles.uni-frankfurt.de\/wp-content\/uploads\/2026\/04\/beitragsbild-grade-chairs-ryaqoob-650x450px-article-text.jpg\" class=\"attachment-full size-full wp-image-88171\" alt=\"\" srcset=\"https:\/\/aktuelles.uni-frankfurt.de\/wp-content\/uploads\/2026\/04\/beitragsbild-grade-chairs-ryaqoob-650x450px-article-text.jpg 650w, https:\/\/aktuelles.uni-frankfurt.de\/wp-content\/uploads\/2026\/04\/beitragsbild-grade-chairs-ryaqoob-650x450px-article-text-300x208.jpg 300w, https:\/\/aktuelles.uni-frankfurt.de\/wp-content\/uploads\/2026\/04\/beitragsbild-grade-chairs-ryaqoob-650x450px-article-text-500x346.jpg 500w, https:\/\/aktuelles.uni-frankfurt.de\/wp-content\/uploads\/2026\/04\/beitragsbild-grade-chairs-ryaqoob-650x450px-article-text-18x12.jpg 18w\" sizes=\"(max-width: 650px) 100vw, 650px\" \/><\/div>\n\t\t<\/a>\n\t\t\t\t<div class=\"elementor-post__text\">\n\t\t\t\t<h3 class=\"elementor-post__title\">\n\t\t\t<a href=\"https:\/\/aktuelles.uni-frankfurt.de\/en\/hochschule\/supervisor-peer-coaching-kollegialer-austausch-fuer-eine-reflektierte-promotionsbetreuung\/\" >\n\t\t\t\tSupervisor Peer Coaching \u2013 Kollegialer Austausch f\u00fcr eine reflektierte Promotionsbetreuung\t\t\t<\/a>\n\t\t<\/h3>\n\t\t\t\t<div class=\"elementor-post__meta-data\">\n\t\t\t\t\t<span class=\"elementor-post-date\">\n\t\t\t23. April 2026\t\t<\/span>\n\t\t\t\t<\/div>\n\t\t\t\t<\/div>\n\t\t\t\t<\/article>\n\t\t\t\t<article class=\"elementor-post elementor-grid-item post-88140 post type-post status-publish format-standard has-post-thumbnail hentry category-hochschule\" role=\"listitem\">\n\t\t\t\t<a class=\"elementor-post__thumbnail__link\" href=\"https:\/\/aktuelles.uni-frankfurt.de\/en\/hochschule\/einigung-ueber-haustarifvertrag-der-goethe-universitaet\/\" tabindex=\"-1\" >\n\t\t\t<div class=\"elementor-post__thumbnail\"><img decoding=\"async\" width=\"650\" height=\"450\" src=\"https:\/\/aktuelles.uni-frankfurt.de\/wp-content\/uploads\/2021\/10\/beitragsbild_allgemein-goethe-uni-webmagazin.jpg\" class=\"attachment-full size-full wp-image-53025\" alt=\"\" srcset=\"https:\/\/aktuelles.uni-frankfurt.de\/wp-content\/uploads\/2021\/10\/beitragsbild_allgemein-goethe-uni-webmagazin.jpg 650w, https:\/\/aktuelles.uni-frankfurt.de\/wp-content\/uploads\/2021\/10\/beitragsbild_allgemein-goethe-uni-webmagazin-300x208.jpg 300w\" sizes=\"(max-width: 650px) 100vw, 650px\" \/><\/div>\n\t\t<\/a>\n\t\t\t\t<div class=\"elementor-post__text\">\n\t\t\t\t<h3 class=\"elementor-post__title\">\n\t\t\t<a href=\"https:\/\/aktuelles.uni-frankfurt.de\/en\/hochschule\/einigung-ueber-haustarifvertrag-der-goethe-universitaet\/\" >\n\t\t\t\tEinigung \u00fcber Haustarifvertrag der Goethe-Universit\u00e4t\t\t\t<\/a>\n\t\t<\/h3>\n\t\t\t\t<div class=\"elementor-post__meta-data\">\n\t\t\t\t\t<span class=\"elementor-post-date\">\n\t\t\t22. April 2026\t\t<\/span>\n\t\t\t\t<\/div>\n\t\t\t\t<\/div>\n\t\t\t\t<\/article>\n\t\t\t\t<article class=\"elementor-post elementor-grid-item post-87973 post type-post status-publish format-standard has-post-thumbnail hentry category-hochschule category-unireport tag-nachruf tag-unireport-1-26\" role=\"listitem\">\n\t\t\t\t<a class=\"elementor-post__thumbnail__link\" href=\"https:\/\/aktuelles.uni-frankfurt.de\/en\/unireport\/kommunikative-vernunft-zum-tod-von-juergen-habermas\/\" tabindex=\"-1\" >\n\t\t\t<div class=\"elementor-post__thumbnail\"><img loading=\"lazy\" decoding=\"async\" width=\"650\" height=\"450\" src=\"https:\/\/aktuelles.uni-frankfurt.de\/wp-content\/uploads\/2026\/03\/beitragsbild-habermas-vortrag-2019-c-uwe-dettmar.jpg\" class=\"attachment-full size-full wp-image-87712\" alt=\"\" srcset=\"https:\/\/aktuelles.uni-frankfurt.de\/wp-content\/uploads\/2026\/03\/beitragsbild-habermas-vortrag-2019-c-uwe-dettmar.jpg 650w, https:\/\/aktuelles.uni-frankfurt.de\/wp-content\/uploads\/2026\/03\/beitragsbild-habermas-vortrag-2019-c-uwe-dettmar-300x208.jpg 300w, https:\/\/aktuelles.uni-frankfurt.de\/wp-content\/uploads\/2026\/03\/beitragsbild-habermas-vortrag-2019-c-uwe-dettmar-500x346.jpg 500w, https:\/\/aktuelles.uni-frankfurt.de\/wp-content\/uploads\/2026\/03\/beitragsbild-habermas-vortrag-2019-c-uwe-dettmar-18x12.jpg 18w\" sizes=\"(max-width: 650px) 100vw, 650px\" \/><\/div>\n\t\t<\/a>\n\t\t\t\t<div class=\"elementor-post__text\">\n\t\t\t\t<h3 class=\"elementor-post__title\">\n\t\t\t<a href=\"https:\/\/aktuelles.uni-frankfurt.de\/en\/unireport\/kommunikative-vernunft-zum-tod-von-juergen-habermas\/\" >\n\t\t\t\tKommunikative Vernunft. Zum Tod von J\u00fcrgen Habermas\t\t\t<\/a>\n\t\t<\/h3>\n\t\t\t\t<div class=\"elementor-post__meta-data\">\n\t\t\t\t\t<span class=\"elementor-post-date\">\n\t\t\t20. April 2026\t\t<\/span>\n\t\t\t\t<\/div>\n\t\t\t\t<\/div>\n\t\t\t\t<\/article>\n\t\t\t\t<\/div>\n\t\t\n\t\t\t\t\t\t<\/div>\n\t\t\t\t<\/div>\n\t\t\t\t\t<\/div>\n\t\t<\/div>\n\t\t\t\t<div class=\"elementor-column elementor-col-50 elementor-top-column elementor-element elementor-element-e5b346f\" data-id=\"e5b346f\" data-element_type=\"column\">\n\t\t\t<div class=\"elementor-widget-wrap elementor-element-populated\">\n\t\t\t\t\t\t<div class=\"elementor-element elementor-element-b7d6668 elementor-widget elementor-widget-heading\" data-id=\"b7d6668\" data-element_type=\"widget\" data-widget_type=\"heading.default\">\n\t\t\t\t<div class=\"elementor-widget-container\">\n\t\t\t\t\t<h2 class=\"elementor-heading-title elementor-size-default\">Veranstaltungen<\/h2>\t\t\t\t<\/div>\n\t\t\t\t<\/div>\n\t\t\t\t<div class=\"elementor-element elementor-element-454fd5e elementor-widget-divider--view-line elementor-widget elementor-widget-divider\" data-id=\"454fd5e\" data-element_type=\"widget\" data-widget_type=\"divider.default\">\n\t\t\t\t<div class=\"elementor-widget-container\">\n\t\t\t\t\t\t\t<div class=\"elementor-divider\">\n\t\t\t<span class=\"elementor-divider-separator\">\n\t\t\t\t\t\t<\/span>\n\t\t<\/div>\n\t\t\t\t\t\t<\/div>\n\t\t\t\t<\/div>\n\t\t\t\t<div class=\"elementor-element elementor-element-d21c9e1 elementor-grid-1 elementor-posts--thumbnail-left elementor-grid-tablet-1 elementor-grid-mobile-1 elementor-widget elementor-widget-posts\" data-id=\"d21c9e1\" data-element_type=\"widget\" data-settings=\"{&quot;classic_columns&quot;:&quot;1&quot;,&quot;classic_row_gap&quot;:{&quot;unit&quot;:&quot;px&quot;,&quot;size&quot;:18,&quot;sizes&quot;:[]},&quot;classic_columns_tablet&quot;:&quot;1&quot;,&quot;classic_row_gap_mobile&quot;:{&quot;unit&quot;:&quot;px&quot;,&quot;size&quot;:20,&quot;sizes&quot;:[]},&quot;classic_columns_mobile&quot;:&quot;1&quot;,&quot;classic_row_gap_tablet&quot;:{&quot;unit&quot;:&quot;px&quot;,&quot;size&quot;:&quot;&quot;,&quot;sizes&quot;:[]}}\" data-widget_type=\"posts.classic\">\n\t\t\t\t<div class=\"elementor-widget-container\">\n\t\t\t\t\t\t\t<div class=\"elementor-posts-container elementor-posts elementor-posts--skin-classic elementor-grid\" role=\"list\">\n\t\t\t\t<article class=\"elementor-post elementor-grid-item post-88131 post type-post status-publish format-standard has-post-thumbnail hentry category-unireport category-veranstaltungen tag-neuere-philologien tag-unireport-1-26\" role=\"listitem\">\n\t\t\t\t<a class=\"elementor-post__thumbnail__link\" href=\"https:\/\/aktuelles.uni-frankfurt.de\/en\/unireport\/menschlichkeit-im-kapitalismus\/\" tabindex=\"-1\" >\n\t\t\t<div class=\"elementor-post__thumbnail\"><img decoding=\"async\" width=\"650\" height=\"450\" src=\"https:\/\/aktuelles.uni-frankfurt.de\/wp-content\/uploads\/2021\/10\/beitragsbild_allgemein-goethe-uni-webmagazin.jpg\" class=\"attachment-full size-full wp-image-53025\" alt=\"\" srcset=\"https:\/\/aktuelles.uni-frankfurt.de\/wp-content\/uploads\/2021\/10\/beitragsbild_allgemein-goethe-uni-webmagazin.jpg 650w, https:\/\/aktuelles.uni-frankfurt.de\/wp-content\/uploads\/2021\/10\/beitragsbild_allgemein-goethe-uni-webmagazin-300x208.jpg 300w\" sizes=\"(max-width: 650px) 100vw, 650px\" \/><\/div>\n\t\t<\/a>\n\t\t\t\t<div class=\"elementor-post__text\">\n\t\t\t\t<h3 class=\"elementor-post__title\">\n\t\t\t<a href=\"https:\/\/aktuelles.uni-frankfurt.de\/en\/unireport\/menschlichkeit-im-kapitalismus\/\" >\n\t\t\t\tMenschlichkeit im Kapitalismus\t\t\t<\/a>\n\t\t<\/h3>\n\t\t\t\t<div class=\"elementor-post__meta-data\">\n\t\t\t\t\t<span class=\"elementor-post-date\">\n\t\t\t21. April 2026\t\t<\/span>\n\t\t\t\t<\/div>\n\t\t\t\t<\/div>\n\t\t\t\t<\/article>\n\t\t\t\t<article class=\"elementor-post elementor-grid-item post-87979 post type-post status-publish format-standard has-post-thumbnail hentry category-unireport category-veranstaltungen tag-unireport-1-26\" role=\"listitem\">\n\t\t\t\t<a class=\"elementor-post__thumbnail__link\" href=\"https:\/\/aktuelles.uni-frankfurt.de\/en\/unireport\/marie-luise-kaschnitz-hier\/\" tabindex=\"-1\" >\n\t\t\t<div class=\"elementor-post__thumbnail\"><img loading=\"lazy\" decoding=\"async\" width=\"650\" height=\"450\" src=\"https:\/\/aktuelles.uni-frankfurt.de\/wp-content\/uploads\/2026\/04\/beitragsbild-marie-luise-kaschnitz-unireport-1-26-650x450px.jpg\" class=\"attachment-full size-full wp-image-88128\" alt=\"\" srcset=\"https:\/\/aktuelles.uni-frankfurt.de\/wp-content\/uploads\/2026\/04\/beitragsbild-marie-luise-kaschnitz-unireport-1-26-650x450px.jpg 650w, https:\/\/aktuelles.uni-frankfurt.de\/wp-content\/uploads\/2026\/04\/beitragsbild-marie-luise-kaschnitz-unireport-1-26-650x450px-300x208.jpg 300w, https:\/\/aktuelles.uni-frankfurt.de\/wp-content\/uploads\/2026\/04\/beitragsbild-marie-luise-kaschnitz-unireport-1-26-650x450px-500x346.jpg 500w, https:\/\/aktuelles.uni-frankfurt.de\/wp-content\/uploads\/2026\/04\/beitragsbild-marie-luise-kaschnitz-unireport-1-26-650x450px-18x12.jpg 18w\" sizes=\"(max-width: 650px) 100vw, 650px\" \/><\/div>\n\t\t<\/a>\n\t\t\t\t<div class=\"elementor-post__text\">\n\t\t\t\t<h3 class=\"elementor-post__title\">\n\t\t\t<a href=\"https:\/\/aktuelles.uni-frankfurt.de\/en\/unireport\/marie-luise-kaschnitz-hier\/\" >\n\t\t\t\t\u00bbMarie Luise Kaschnitz. Hier.\u00ab\t\t\t<\/a>\n\t\t<\/h3>\n\t\t\t\t<div class=\"elementor-post__meta-data\">\n\t\t\t\t\t<span class=\"elementor-post-date\">\n\t\t\t21. April 2026\t\t<\/span>\n\t\t\t\t<\/div>\n\t\t\t\t<\/div>\n\t\t\t\t<\/article>\n\t\t\t\t<article class=\"elementor-post elementor-grid-item post-87995 post type-post status-publish format-standard has-post-thumbnail hentry category-veranstaltungen tag-medizin\" role=\"listitem\">\n\t\t\t\t<a class=\"elementor-post__thumbnail__link\" href=\"https:\/\/aktuelles.uni-frankfurt.de\/en\/veranstaltungen\/buergerveranstaltungen-wie-unser-gehirn-musik-wahrnimmt-einblicke-in-die-studien-des-hirnforschungszentrums-cobic\/\" tabindex=\"-1\" >\n\t\t\t<div class=\"elementor-post__thumbnail\"><img loading=\"lazy\" decoding=\"async\" width=\"650\" height=\"450\" src=\"https:\/\/aktuelles.uni-frankfurt.de\/wp-content\/uploads\/2026\/04\/cobic-buergerveranstaltung-650x450px.jpg\" class=\"attachment-full size-full wp-image-87997\" alt=\"\" srcset=\"https:\/\/aktuelles.uni-frankfurt.de\/wp-content\/uploads\/2026\/04\/cobic-buergerveranstaltung-650x450px.jpg 650w, https:\/\/aktuelles.uni-frankfurt.de\/wp-content\/uploads\/2026\/04\/cobic-buergerveranstaltung-650x450px-300x208.jpg 300w, https:\/\/aktuelles.uni-frankfurt.de\/wp-content\/uploads\/2026\/04\/cobic-buergerveranstaltung-650x450px-500x346.jpg 500w, https:\/\/aktuelles.uni-frankfurt.de\/wp-content\/uploads\/2026\/04\/cobic-buergerveranstaltung-650x450px-18x12.jpg 18w\" sizes=\"(max-width: 650px) 100vw, 650px\" \/><\/div>\n\t\t<\/a>\n\t\t\t\t<div class=\"elementor-post__text\">\n\t\t\t\t<h3 class=\"elementor-post__title\">\n\t\t\t<a href=\"https:\/\/aktuelles.uni-frankfurt.de\/en\/veranstaltungen\/buergerveranstaltungen-wie-unser-gehirn-musik-wahrnimmt-einblicke-in-die-studien-des-hirnforschungszentrums-cobic\/\" >\n\t\t\t\tB\u00fcrgerveranstaltungen: Wie unser Gehirn Musik wahrnimmt \u2013 Einblicke in die Studien des Hirnforschungszentrums CoBIC\t\t\t<\/a>\n\t\t<\/h3>\n\t\t\t\t<div class=\"elementor-post__meta-data\">\n\t\t\t\t\t<span class=\"elementor-post-date\">\n\t\t\t14. April 2026\t\t<\/span>\n\t\t\t\t<\/div>\n\t\t\t\t<\/div>\n\t\t\t\t<\/article>\n\t\t\t\t<\/div>\n\t\t\n\t\t\t\t\t\t<\/div>\n\t\t\t\t<\/div>\n\t\t\t\t\t<\/div>\n\t\t<\/div>\n\t\t\t\t\t<\/div>\n\t\t<\/section>\n\t\t\t\t<\/div>\n\t\t","protected":false},"excerpt":{"rendered":"<p>Studium Aktuelle Kurzmeldungen Alle Meldungen im \u00dcberblick \u00d6ffentliche Veranstaltungen Gesellschaft Forschung Campus Menschen Hochschule Veranstaltungen<\/p>","protected":false},"author":24,"featured_media":0,"parent":0,"menu_order":0,"comment_status":"closed","ping_status":"closed","template":"","meta":{"_eb_attr":"","_price":"","_stock":"","_tribe_ticket_header":"","_tribe_default_ticket_provider":"","_ticket_start_date":"","_ticket_end_date":"","_tribe_ticket_show_description":"","_tribe_ticket_show_not_going":false,"_tribe_ticket_use_global_stock":"","_tribe_ticket_global_stock_level":"","_global_stock_mode":"","_global_stock_cap":"","_tribe_rsvp_for_event":"","_tribe_ticket_going_count":"","_tribe_ticket_not_going_count":"","_tribe_tickets_list":"[]","_tribe_ticket_has_attendee_info_fields":false,"footnotes":"","_tec_slr_enabled":"","_tec_slr_layout":""},"folder":[185],"class_list":["post-56180","page","type-page","status-publish","hentry"],"yoast_head":"<!-- This site is optimized with the Yoast SEO plugin v27.4 - https:\/\/yoast.com\/product\/yoast-seo-wordpress\/ -->\n<title>Studium | Aktuelles aus der Goethe-Universit\u00e4t Frankfurt<\/title>\n<meta name=\"robots\" content=\"index, follow, max-snippet:-1, max-image-preview:large, max-video-preview:-1\" \/>\n<link rel=\"canonical\" href=\"https:\/\/aktuelles.uni-frankfurt.de\/en\/studium\/\" \/>\n<meta property=\"og:locale\" content=\"en_GB\" \/>\n<meta property=\"og:type\" content=\"article\" \/>\n<meta property=\"og:title\" content=\"Studium | Aktuelles aus der Goethe-Universit\u00e4t Frankfurt\" \/>\n<meta property=\"og:description\" content=\"Studium Aktuelle Kurzmeldungen Alle Meldungen im \u00dcberblick \u00d6ffentliche Veranstaltungen Gesellschaft Forschung Campus Menschen Hochschule Veranstaltungen\" \/>\n<meta property=\"og:url\" content=\"https:\/\/aktuelles.uni-frankfurt.de\/en\/studium\/\" \/>\n<meta property=\"og:site_name\" content=\"Aktuelles aus der Goethe-Universit\u00e4t Frankfurt\" \/>\n<meta property=\"article:modified_time\" content=\"2023-12-15T09:04:38+00:00\" \/>\n<meta name=\"twitter:card\" content=\"summary_large_image\" \/>\n<meta name=\"twitter:label1\" content=\"Estimated reading time\" \/>\n\t<meta name=\"twitter:data1\" content=\"1 minute\" \/>\n<script type=\"application\/ld+json\" class=\"yoast-schema-graph\">{\"@context\":\"https:\\\/\\\/schema.org\",\"@graph\":[{\"@type\":\"WebPage\",\"@id\":\"https:\\\/\\\/aktuelles.uni-frankfurt.de\\\/studium\\\/\",\"url\":\"https:\\\/\\\/aktuelles.uni-frankfurt.de\\\/studium\\\/\",\"name\":\"Studium | Aktuelles aus der Goethe-Universit\u00e4t Frankfurt\",\"isPartOf\":{\"@id\":\"https:\\\/\\\/aktuelles.uni-frankfurt.de\\\/#website\"},\"datePublished\":\"2022-03-20T02:02:02+00:00\",\"dateModified\":\"2023-12-15T09:04:38+00:00\",\"breadcrumb\":{\"@id\":\"https:\\\/\\\/aktuelles.uni-frankfurt.de\\\/studium\\\/#breadcrumb\"},\"inLanguage\":\"en-GB\",\"potentialAction\":[{\"@type\":\"ReadAction\",\"target\":[\"https:\\\/\\\/aktuelles.uni-frankfurt.de\\\/studium\\\/\"]}]},{\"@type\":\"BreadcrumbList\",\"@id\":\"https:\\\/\\\/aktuelles.uni-frankfurt.de\\\/studium\\\/#breadcrumb\",\"itemListElement\":[{\"@type\":\"ListItem\",\"position\":1,\"name\":\"Startseite\",\"item\":\"https:\\\/\\\/aktuelles.uni-frankfurt.de\\\/\"},{\"@type\":\"ListItem\",\"position\":2,\"name\":\"Studium\"}]},{\"@type\":\"WebSite\",\"@id\":\"https:\\\/\\\/aktuelles.uni-frankfurt.de\\\/#website\",\"url\":\"https:\\\/\\\/aktuelles.uni-frankfurt.de\\\/\",\"name\":\"Aktuelles aus der Goethe-Universit\u00e4t Frankfurt\",\"description\":\"Aktuelles aus der Goethe-Universit\u00e4t | Neues aus Forschung, Lehre, Studium\",\"publisher\":{\"@id\":\"https:\\\/\\\/aktuelles.uni-frankfurt.de\\\/#organization\"},\"potentialAction\":[{\"@type\":\"SearchAction\",\"target\":{\"@type\":\"EntryPoint\",\"urlTemplate\":\"https:\\\/\\\/aktuelles.uni-frankfurt.de\\\/?s={search_term_string}\"},\"query-input\":{\"@type\":\"PropertyValueSpecification\",\"valueRequired\":true,\"valueName\":\"search_term_string\"}}],\"inLanguage\":\"en-GB\"},{\"@type\":\"Organization\",\"@id\":\"https:\\\/\\\/aktuelles.uni-frankfurt.de\\\/#organization\",\"name\":\"Goethe-Universit\u00e4t\",\"url\":\"https:\\\/\\\/aktuelles.uni-frankfurt.de\\\/\",\"logo\":{\"@type\":\"ImageObject\",\"inLanguage\":\"en-GB\",\"@id\":\"https:\\\/\\\/aktuelles.uni-frankfurt.de\\\/#\\\/schema\\\/logo\\\/image\\\/\",\"url\":\"https:\\\/\\\/aktuelles.uni-frankfurt.de\\\/wp-content\\\/uploads\\\/2022\\\/03\\\/800px-Goethe-Logo.png\",\"contentUrl\":\"https:\\\/\\\/aktuelles.uni-frankfurt.de\\\/wp-content\\\/uploads\\\/2022\\\/03\\\/800px-Goethe-Logo.png\",\"width\":800,\"height\":436,\"caption\":\"Goethe-Universit\u00e4t\"},\"image\":{\"@id\":\"https:\\\/\\\/aktuelles.uni-frankfurt.de\\\/#\\\/schema\\\/logo\\\/image\\\/\"}}]}<\/script>\n<!-- \/ Yoast SEO plugin. -->","yoast_head_json":{"title":"Studium | Aktuelles aus der Goethe-Universit\u00e4t Frankfurt","robots":{"index":"index","follow":"follow","max-snippet":"max-snippet:-1","max-image-preview":"max-image-preview:large","max-video-preview":"max-video-preview:-1"},"canonical":"https:\/\/aktuelles.uni-frankfurt.de\/en\/studium\/","og_locale":"en_GB","og_type":"article","og_title":"Studium | Aktuelles aus der Goethe-Universit\u00e4t Frankfurt","og_description":"Studium Aktuelle Kurzmeldungen Alle Meldungen im \u00dcberblick \u00d6ffentliche Veranstaltungen Gesellschaft Forschung Campus Menschen Hochschule Veranstaltungen","og_url":"https:\/\/aktuelles.uni-frankfurt.de\/en\/studium\/","og_site_name":"Aktuelles aus der Goethe-Universit\u00e4t Frankfurt","article_modified_time":"2023-12-15T09:04:38+00:00","twitter_card":"summary_large_image","twitter_misc":{"Estimated reading time":"1 minute"},"schema":{"@context":"https:\/\/schema.org","@graph":[{"@type":"WebPage","@id":"https:\/\/aktuelles.uni-frankfurt.de\/studium\/","url":"https:\/\/aktuelles.uni-frankfurt.de\/studium\/","name":"Studium | Aktuelles aus der Goethe-Universit\u00e4t Frankfurt","isPartOf":{"@id":"https:\/\/aktuelles.uni-frankfurt.de\/#website"},"datePublished":"2022-03-20T02:02:02+00:00","dateModified":"2023-12-15T09:04:38+00:00","breadcrumb":{"@id":"https:\/\/aktuelles.uni-frankfurt.de\/studium\/#breadcrumb"},"inLanguage":"en-GB","potentialAction":[{"@type":"ReadAction","target":["https:\/\/aktuelles.uni-frankfurt.de\/studium\/"]}]},{"@type":"BreadcrumbList","@id":"https:\/\/aktuelles.uni-frankfurt.de\/studium\/#breadcrumb","itemListElement":[{"@type":"ListItem","position":1,"name":"Startseite","item":"https:\/\/aktuelles.uni-frankfurt.de\/"},{"@type":"ListItem","position":2,"name":"Studium"}]},{"@type":"WebSite","@id":"https:\/\/aktuelles.uni-frankfurt.de\/#website","url":"https:\/\/aktuelles.uni-frankfurt.de\/","name":"Aktuelles aus der Goethe-Universit\u00e4t Frankfurt","description":"Aktuelles aus der Goethe-Universit\u00e4t | Neues aus Forschung, Lehre, Studium","publisher":{"@id":"https:\/\/aktuelles.uni-frankfurt.de\/#organization"},"potentialAction":[{"@type":"SearchAction","target":{"@type":"EntryPoint","urlTemplate":"https:\/\/aktuelles.uni-frankfurt.de\/?s={search_term_string}"},"query-input":{"@type":"PropertyValueSpecification","valueRequired":true,"valueName":"search_term_string"}}],"inLanguage":"en-GB"},{"@type":"Organization","@id":"https:\/\/aktuelles.uni-frankfurt.de\/#organization","name":"Goethe University Frankfurt","url":"https:\/\/aktuelles.uni-frankfurt.de\/","logo":{"@type":"ImageObject","inLanguage":"en-GB","@id":"https:\/\/aktuelles.uni-frankfurt.de\/#\/schema\/logo\/image\/","url":"https:\/\/aktuelles.uni-frankfurt.de\/wp-content\/uploads\/2022\/03\/800px-Goethe-Logo.png","contentUrl":"https:\/\/aktuelles.uni-frankfurt.de\/wp-content\/uploads\/2022\/03\/800px-Goethe-Logo.png","width":800,"height":436,"caption":"Goethe-Universit\u00e4t"},"image":{"@id":"https:\/\/aktuelles.uni-frankfurt.de\/#\/schema\/logo\/image\/"}}]}},"ticketed":false,"_links":{"self":[{"href":"https:\/\/aktuelles.uni-frankfurt.de\/en\/wp-json\/wp\/v2\/pages\/56180","targetHints":{"allow":["GET"]}}],"collection":[{"href":"https:\/\/aktuelles.uni-frankfurt.de\/en\/wp-json\/wp\/v2\/pages"}],"about":[{"href":"https:\/\/aktuelles.uni-frankfurt.de\/en\/wp-json\/wp\/v2\/types\/page"}],"author":[{"embeddable":true,"href":"https:\/\/aktuelles.uni-frankfurt.de\/en\/wp-json\/wp\/v2\/users\/24"}],"replies":[{"embeddable":true,"href":"https:\/\/aktuelles.uni-frankfurt.de\/en\/wp-json\/wp\/v2\/comments?post=56180"}],"version-history":[{"count":0,"href":"https:\/\/aktuelles.uni-frankfurt.de\/en\/wp-json\/wp\/v2\/pages\/56180\/revisions"}],"wp:attachment":[{"href":"https:\/\/aktuelles.uni-frankfurt.de\/en\/wp-json\/wp\/v2\/media?parent=56180"}],"wp:term":[{"taxonomy":"folder","embeddable":true,"href":"https:\/\/aktuelles.uni-frankfurt.de\/en\/wp-json\/wp\/v2\/folder?post=56180"}],"curies":[{"name":"wp","href":"https:\/\/api.w.org\/{rel}","templated":true}]}}