{"id":79214,"date":"2024-03-04T11:08:49","date_gmt":"2024-03-04T10:08:49","guid":{"rendered":"https:\/\/aktuelles.uni-frankfurt.de\/?page_id=79214"},"modified":"2025-08-01T15:18:04","modified_gmt":"2025-08-01T13:18:04","slug":"jahrbuch-2022-forschung","status":"publish","type":"page","link":"https:\/\/aktuelles.uni-frankfurt.de\/en\/jahrbuch-2022-forschung\/","title":{"rendered":"Jahrbuch 2022 Forschung"},"content":{"rendered":"\t\t<div data-elementor-type=\"wp-page\" data-elementor-id=\"79214\" class=\"elementor elementor-79214\" data-elementor-settings=\"{&quot;ha_cmc_init_switcher&quot;:&quot;no&quot;}\" data-elementor-post-type=\"page\">\n\t\t\t\t\t\t<section class=\"elementor-section elementor-top-section elementor-element elementor-element-2677aa4 elementor-section-full_width elementor-hidden-tablet elementor-hidden-mobile elementor-section-height-default elementor-section-height-default\" data-id=\"2677aa4\" data-element_type=\"section\" data-settings=\"{&quot;background_background&quot;:&quot;classic&quot;,&quot;sticky&quot;:&quot;top&quot;,&quot;_ha_eqh_enable&quot;:false,&quot;sticky_on&quot;:[&quot;desktop&quot;,&quot;tablet&quot;,&quot;mobile&quot;],&quot;sticky_offset&quot;:0,&quot;sticky_effects_offset&quot;:0,&quot;sticky_anchor_link_offset&quot;:0}\">\n\t\t\t\t\t\t<div class=\"elementor-container elementor-column-gap-no\">\n\t\t\t\t\t<div data-ha-element-link=\"{&quot;url&quot;:&quot;https:\\\/\\\/aktuelles.uni-frankfurt.de\\\/jahrbuch-2022&quot;,&quot;is_external&quot;:&quot;&quot;,&quot;nofollow&quot;:&quot;&quot;}\" style=\"cursor: pointer\" class=\"elementor-column elementor-col-50 elementor-top-column elementor-element elementor-element-8bbd399\" data-id=\"8bbd399\" data-element_type=\"column\" data-settings=\"{&quot;background_background&quot;:&quot;classic&quot;}\">\n\t\t\t<div class=\"elementor-widget-wrap elementor-element-populated\">\n\t\t\t\t\t\t<div class=\"elementor-element elementor-element-2e0b310 elementor-widget elementor-widget-spacer\" data-id=\"2e0b310\" data-element_type=\"widget\" data-widget_type=\"spacer.default\">\n\t\t\t\t<div class=\"elementor-widget-container\">\n\t\t\t\t\t\t\t<div class=\"elementor-spacer\">\n\t\t\t<div class=\"elementor-spacer-inner\"><\/div>\n\t\t<\/div>\n\t\t\t\t\t\t<\/div>\n\t\t\t\t<\/div>\n\t\t\t\t\t<\/div>\n\t\t<\/div>\n\t\t\t\t<div class=\"elementor-column elementor-col-50 elementor-top-column elementor-element elementor-element-a076f20\" data-id=\"a076f20\" data-element_type=\"column\">\n\t\t\t<div class=\"elementor-widget-wrap elementor-element-populated\">\n\t\t\t\t\t\t<div class=\"elementor-element elementor-element-d51640b elementor-hidden-tablet elementor-hidden-mobile elementor-widget elementor-widget-eael-image-accordion\" data-id=\"d51640b\" data-element_type=\"widget\" data-widget_type=\"eael-image-accordion.default\">\n\t\t\t\t<div class=\"elementor-widget-container\">\n\t\t\t\t\t    <div class=\"eael-img-accordion accordion-direction-horizontal eael-img-accordion-horizontal-align-center eael-img-accordion-vertical-align-center\" id=\"eael-img-accordion-d51640b\" data-img-accordion-id=\"d51640b\" data-img-accordion-type=\"on-hover\">\n                    \n            <div class=\"eael-image-accordion-hover eael-image-accordion-item\" style=\"background-image: url(https:\/\/aktuelles.uni-frankfurt.de\/wp-content\/uploads\/2024\/03\/akkordeon-forschung.jpg);\"  tabindex=\"0\">\n                <div class=\"overlay\">\n                                        <div class=\"overlay-inner \">\n                        <a href=\"https:\/\/aktuelles.uni-frankfurt.de\/jahrbuch-2022-forschung\/\"><h1 class=\"img-accordion-title\"><div id=\"Kasten\">Forschung<\/div><\/h1><\/a>                    <\/div>\n                <\/div>\n            <\/div>\n                    \n            <div class=\"eael-image-accordion-hover eael-image-accordion-item\" style=\"background-image: url(https:\/\/aktuelles.uni-frankfurt.de\/wp-content\/uploads\/2024\/03\/akkordeon-fakten.jpg);\"  tabindex=\"0\">\n                <div class=\"overlay\">\n                                        <div class=\"overlay-inner \">\n                        <a href=\"https:\/\/aktuelles.uni-frankfurt.de\/jahrbuch-2022-lehre-studium\/\"><h1 class=\"img-accordion-title\"><div id=\"Kasten\">Lehre &amp; Studium<\/div><\/h1><\/a>                    <\/div>\n                <\/div>\n            <\/div>\n                    \n            <div class=\"eael-image-accordion-hover eael-image-accordion-item\" style=\"background-image: url(https:\/\/aktuelles.uni-frankfurt.de\/wp-content\/uploads\/2024\/03\/akkordeon-chronik.jpg);\"  tabindex=\"0\">\n                <div class=\"overlay\">\n                                        <div class=\"overlay-inner \">\n                        <a href=\"https:\/\/aktuelles.uni-frankfurt.de\/jahrbuch-2022-campus\/\"><h1 class=\"img-accordion-title\"><div id=\"Kasten\">Campus<\/div><\/h1><\/a>                    <\/div>\n                <\/div>\n            <\/div>\n                    \n            <div class=\"eael-image-accordion-hover eael-image-accordion-item\" style=\"background-image: url(https:\/\/aktuelles.uni-frankfurt.de\/wp-content\/uploads\/2024\/03\/akkordeon-interaktion.jpg);\"  tabindex=\"0\">\n                <div class=\"overlay\">\n                                        <div class=\"overlay-inner \">\n                        <a href=\"https:\/\/aktuelles.uni-frankfurt.de\/jahrbuch-2022-interaktion\/\"><h1 class=\"img-accordion-title\"><div id=\"Kasten\">Interaktion<\/div><\/h1><\/a>                    <\/div>\n                <\/div>\n            <\/div>\n                    \n            <div class=\"eael-image-accordion-hover eael-image-accordion-item\" style=\"background-image: url(https:\/\/aktuelles.uni-frankfurt.de\/wp-content\/uploads\/2024\/03\/akkoredeon-campus.jpg);\"  tabindex=\"0\">\n                <div class=\"overlay\">\n                                        <div class=\"overlay-inner \">\n                        <a href=\"https:\/\/aktuelles.uni-frankfurt.de\/jahrbuch-2022-chronik\/\"><h1 class=\"img-accordion-title\"><div id=\"Kasten\">Jahres-Chronik<\/div><\/h1><\/a>                    <\/div>\n                <\/div>\n            <\/div>\n                    \n            <div class=\"eael-image-accordion-hover eael-image-accordion-item\" style=\"background-image: url(https:\/\/aktuelles.uni-frankfurt.de\/wp-content\/uploads\/2024\/03\/akkordeon-studium-lehre.jpg);\"  tabindex=\"0\">\n                <div class=\"overlay\">\n                                        <div class=\"overlay-inner \">\n                        <a href=\"https:\/\/aktuelles.uni-frankfurt.de\/jahrbuch-2022-fakten\/\"><h1 class=\"img-accordion-title\"><div id=\"Kasten\">Daten &amp; Fakten<\/div><\/h1><\/a>                    <\/div>\n                <\/div>\n            <\/div>\n                <\/div>\n        <style typr=\"text\/css\">\n                    #eael-img-accordion-d51640b .eael-image-accordion-hover:hover {\n                        flex: 3 1 0% !important;\n                    }\n                    #eael-img-accordion-d51640b .eael-image-accordion-hover:hover:hover .overlay-inner * {\n                        opacity: 1;\n                        visibility: visible;\n                        transform: none;\n                        transition: all .3s .3s;\n                    }\n                <\/style>\t\t\t\t<\/div>\n\t\t\t\t<\/div>\n\t\t\t\t\t<\/div>\n\t\t<\/div>\n\t\t\t\t\t<\/div>\n\t\t<\/section>\n\t\t\t\t<header class=\"elementor-section elementor-top-section elementor-element elementor-element-f88d855 elementor-section-content-middle elementor-section-full_width elementor-hidden-desktop elementor-section-height-default elementor-section-height-default\" data-id=\"f88d855\" data-element_type=\"section\" data-settings=\"{&quot;background_background&quot;:&quot;classic&quot;,&quot;sticky&quot;:&quot;top&quot;,&quot;sticky_on&quot;:[&quot;desktop&quot;,&quot;tablet&quot;,&quot;mobile&quot;],&quot;sticky_offset&quot;:0,&quot;sticky_effects_offset&quot;:0,&quot;sticky_anchor_link_offset&quot;:0}\">\n\t\t\t\t\t\t<div class=\"elementor-container elementor-column-gap-no\">\n\t\t\t\t\t<div data-ha-element-link=\"{&quot;url&quot;:&quot;https:\\\/\\\/aktuelles.uni-frankfurt.de\\\/jahrbuch-2022\\\/&quot;,&quot;is_external&quot;:&quot;&quot;,&quot;nofollow&quot;:&quot;&quot;}\" style=\"cursor: pointer\" class=\"elementor-column elementor-col-25 elementor-top-column elementor-element elementor-element-a7007e9\" data-id=\"a7007e9\" data-element_type=\"column\">\n\t\t\t<div class=\"elementor-widget-wrap elementor-element-populated\">\n\t\t\t\t\t\t<div class=\"elementor-element elementor-element-c4a7979 elementor-widget-mobile__width-auto elementor-widget elementor-widget-image\" data-id=\"c4a7979\" data-element_type=\"widget\" data-widget_type=\"image.default\">\n\t\t\t\t<div class=\"elementor-widget-container\">\n\t\t\t\t\t\t\t\t\t\t\t\t\t\t\t\t<a href=\"https:\/\/www.uni-frankfurt.de\/\">\n\t\t\t\t\t\t\t<img fetchpriority=\"high\" decoding=\"async\" width=\"1078\" height=\"997\" src=\"https:\/\/aktuelles.uni-frankfurt.de\/wp-content\/uploads\/2024\/02\/GU-Logo-blauKopfpng.png\" class=\"attachment-1536x1536 size-1536x1536 wp-image-79205\" alt=\"\" srcset=\"https:\/\/aktuelles.uni-frankfurt.de\/wp-content\/uploads\/2024\/02\/GU-Logo-blauKopfpng.png 1078w, https:\/\/aktuelles.uni-frankfurt.de\/wp-content\/uploads\/2024\/02\/GU-Logo-blauKopfpng-300x277.png 300w, https:\/\/aktuelles.uni-frankfurt.de\/wp-content\/uploads\/2024\/02\/GU-Logo-blauKopfpng-500x462.png 500w, https:\/\/aktuelles.uni-frankfurt.de\/wp-content\/uploads\/2024\/02\/GU-Logo-blauKopfpng-768x710.png 768w, https:\/\/aktuelles.uni-frankfurt.de\/wp-content\/uploads\/2024\/02\/GU-Logo-blauKopfpng-13x12.png 13w\" sizes=\"(max-width: 1078px) 100vw, 1078px\" \/>\t\t\t\t\t\t\t\t<\/a>\n\t\t\t\t\t\t\t\t\t\t\t\t\t\t\t<\/div>\n\t\t\t\t<\/div>\n\t\t\t\t\t<\/div>\n\t\t<\/div>\n\t\t\t\t<div class=\"elementor-column elementor-col-50 elementor-top-column elementor-element elementor-element-4ce5d24\" data-id=\"4ce5d24\" data-element_type=\"column\">\n\t\t\t<div class=\"elementor-widget-wrap elementor-element-populated\">\n\t\t\t\t\t\t<div class=\"elementor-element elementor-element-cff8907 animated-fast elementor-invisible elementor-widget elementor-widget-text-editor\" data-id=\"cff8907\" data-element_type=\"widget\" data-settings=\"{&quot;_animation&quot;:&quot;fadeInUp&quot;}\" data-widget_type=\"text-editor.default\">\n\t\t\t\t<div class=\"elementor-widget-container\">\n\t\t\t\t\t\t\t\t\tGoethe in progress <a style=\"color: #016191;\"> 2022 <\/a>\t\t\t\t\t\t\t\t<\/div>\n\t\t\t\t<\/div>\n\t\t\t\t\t<\/div>\n\t\t<\/div>\n\t\t\t\t<div class=\"elementor-column elementor-col-25 elementor-top-column elementor-element elementor-element-1e70dc5\" data-id=\"1e70dc5\" data-element_type=\"column\">\n\t\t\t<div class=\"elementor-widget-wrap elementor-element-populated\">\n\t\t\t\t\t\t<div class=\"elementor-element elementor-element-5631708 elementor-widget-mobile__width-auto elementor-view-default elementor-widget elementor-widget-icon\" data-id=\"5631708\" data-element_type=\"widget\" data-widget_type=\"icon.default\">\n\t\t\t\t<div class=\"elementor-widget-container\">\n\t\t\t\t\t\t\t<div class=\"elementor-icon-wrapper\">\n\t\t\t<a class=\"elementor-icon\" href=\"#elementor-action%3Aaction%3Dpopup%3Aopen%26settings%3DeyJpZCI6Ijc5MTcyIiwidG9nZ2xlIjpmYWxzZX0%3D\">\n\t\t\t<i aria-hidden=\"true\" class=\"icon icon-menu-11\"><\/i>\t\t\t<\/a>\n\t\t<\/div>\n\t\t\t\t\t\t<\/div>\n\t\t\t\t<\/div>\n\t\t\t\t\t<\/div>\n\t\t<\/div>\n\t\t\t\t\t<\/div>\n\t\t<\/header>\n\t\t\t\t<section class=\"elementor-section elementor-top-section elementor-element elementor-element-931fd79 elementor-section-full_width elementor-section-height-min-height elementor-section-content-top elementor-section-items-stretch elementor-section-height-default\" data-id=\"931fd79\" data-element_type=\"section\" id=\"intro\" data-settings=\"{&quot;background_background&quot;:&quot;classic&quot;,&quot;_ha_eqh_enable&quot;:false}\">\n\t\t\t\t\t\t\t<div class=\"elementor-background-overlay\"><\/div>\n\t\t\t\t\t\t\t<div class=\"elementor-container elementor-column-gap-no\">\n\t\t\t\t\t<div class=\"elementor-column elementor-col-100 elementor-top-column elementor-element elementor-element-5f3261d\" data-id=\"5f3261d\" data-element_type=\"column\">\n\t\t\t<div class=\"elementor-widget-wrap elementor-element-populated\">\n\t\t\t\t\t\t<div class=\"elementor-element elementor-element-1c76ba5 elementor-widget__width-auto elementor-fixed elementor-view-default elementor-widget elementor-widget-icon\" data-id=\"1c76ba5\" data-element_type=\"widget\" data-settings=\"{&quot;_position&quot;:&quot;fixed&quot;,&quot;sticky&quot;:&quot;bottom&quot;,&quot;motion_fx_motion_fx_scrolling&quot;:&quot;yes&quot;,&quot;motion_fx_opacity_effect&quot;:&quot;yes&quot;,&quot;motion_fx_range&quot;:&quot;viewport&quot;,&quot;motion_fx_opacity_direction&quot;:&quot;out-in&quot;,&quot;motion_fx_opacity_level&quot;:{&quot;unit&quot;:&quot;px&quot;,&quot;size&quot;:10,&quot;sizes&quot;:[]},&quot;motion_fx_opacity_range&quot;:{&quot;unit&quot;:&quot;%&quot;,&quot;size&quot;:&quot;&quot;,&quot;sizes&quot;:{&quot;start&quot;:20,&quot;end&quot;:80}},&quot;motion_fx_devices&quot;:[&quot;desktop&quot;,&quot;tablet&quot;,&quot;mobile&quot;],&quot;sticky_on&quot;:[&quot;desktop&quot;,&quot;tablet&quot;,&quot;mobile&quot;],&quot;sticky_offset&quot;:0,&quot;sticky_effects_offset&quot;:0,&quot;sticky_anchor_link_offset&quot;:0}\" data-widget_type=\"icon.default\">\n\t\t\t\t<div class=\"elementor-widget-container\">\n\t\t\t\t\t\t\t<div class=\"elementor-icon-wrapper\">\n\t\t\t<a class=\"elementor-icon\" href=\"#intro\">\n\t\t\t<i aria-hidden=\"true\" class=\"fas fa-arrow-circle-up\"><\/i>\t\t\t<\/a>\n\t\t<\/div>\n\t\t\t\t\t\t<\/div>\n\t\t\t\t<\/div>\n\t\t\t\t\t<\/div>\n\t\t<\/div>\n\t\t\t\t\t<\/div>\n\t\t<\/section>\n\t\t\t\t<section class=\"elementor-section elementor-top-section elementor-element elementor-element-d340b9e elementor-section-content-middle elementor-section-height-min-height elementor-section-boxed elementor-section-height-default elementor-section-items-middle\" data-id=\"d340b9e\" data-element_type=\"section\" data-settings=\"{&quot;background_background&quot;:&quot;classic&quot;,&quot;_ha_eqh_enable&quot;:false}\">\n\t\t\t\t\t\t<div class=\"elementor-container elementor-column-gap-no\">\n\t\t\t\t\t<div class=\"elementor-column elementor-col-100 elementor-top-column elementor-element elementor-element-3b6bf6e crank-it\" data-id=\"3b6bf6e\" data-element_type=\"column\" data-settings=\"{&quot;background_background&quot;:&quot;classic&quot;}\">\n\t\t\t<div class=\"elementor-widget-wrap elementor-element-populated\">\n\t\t\t\t\t\t<div class=\"elementor-element elementor-element-4fdb554 invert e-transform elementor-widget elementor-widget-image\" data-id=\"4fdb554\" data-element_type=\"widget\" data-settings=\"{&quot;motion_fx_motion_fx_scrolling&quot;:&quot;yes&quot;,&quot;motion_fx_rotateZ_effect&quot;:&quot;yes&quot;,&quot;motion_fx_rotateZ_direction&quot;:&quot;negative&quot;,&quot;_transform_translateY_effect&quot;:{&quot;unit&quot;:&quot;px&quot;,&quot;size&quot;:-225,&quot;sizes&quot;:[]},&quot;_transform_translateX_effect&quot;:{&quot;unit&quot;:&quot;px&quot;,&quot;size&quot;:317,&quot;sizes&quot;:[]},&quot;_transform_translateX_effect_tablet&quot;:{&quot;unit&quot;:&quot;px&quot;,&quot;size&quot;:298,&quot;sizes&quot;:[]},&quot;_transform_translateY_effect_tablet&quot;:{&quot;unit&quot;:&quot;px&quot;,&quot;size&quot;:-180,&quot;sizes&quot;:[]},&quot;_transform_translateX_effect_mobile&quot;:{&quot;unit&quot;:&quot;px&quot;,&quot;size&quot;:0,&quot;sizes&quot;:[]},&quot;_transform_translateY_effect_mobile&quot;:{&quot;unit&quot;:&quot;px&quot;,&quot;size&quot;:-100,&quot;sizes&quot;:[]},&quot;motion_fx_rotateZ_speed&quot;:{&quot;unit&quot;:&quot;px&quot;,&quot;size&quot;:1,&quot;sizes&quot;:[]},&quot;motion_fx_rotateZ_affectedRange&quot;:{&quot;unit&quot;:&quot;%&quot;,&quot;size&quot;:&quot;&quot;,&quot;sizes&quot;:{&quot;start&quot;:0,&quot;end&quot;:100}},&quot;motion_fx_devices&quot;:[&quot;desktop&quot;,&quot;tablet&quot;,&quot;mobile&quot;]}\" data-widget_type=\"image.default\">\n\t\t\t\t<div class=\"elementor-widget-container\">\n\t\t\t\t\t\t\t\t\t\t\t\t\t\t\t<img decoding=\"async\" width=\"1501\" height=\"1651\" src=\"https:\/\/aktuelles.uni-frankfurt.de\/wp-content\/uploads\/2024\/03\/jahrbuch22-sternpng.png\" class=\"attachment-2048x2048 size-2048x2048 wp-image-79286\" alt=\"\" srcset=\"https:\/\/aktuelles.uni-frankfurt.de\/wp-content\/uploads\/2024\/03\/jahrbuch22-sternpng.png 1501w, https:\/\/aktuelles.uni-frankfurt.de\/wp-content\/uploads\/2024\/03\/jahrbuch22-sternpng-273x300.png 273w, https:\/\/aktuelles.uni-frankfurt.de\/wp-content\/uploads\/2024\/03\/jahrbuch22-sternpng-455x500.png 455w, https:\/\/aktuelles.uni-frankfurt.de\/wp-content\/uploads\/2024\/03\/jahrbuch22-sternpng-768x845.png 768w, https:\/\/aktuelles.uni-frankfurt.de\/wp-content\/uploads\/2024\/03\/jahrbuch22-sternpng-1396x1536.png 1396w, https:\/\/aktuelles.uni-frankfurt.de\/wp-content\/uploads\/2024\/03\/jahrbuch22-sternpng-11x12.png 11w\" sizes=\"(max-width: 1501px) 100vw, 1501px\" \/>\t\t\t\t\t\t\t\t\t\t\t\t\t\t\t<\/div>\n\t\t\t\t<\/div>\n\t\t\t\t<div class=\"elementor-element elementor-element-8adb9e7 elementor-icon-list--layout-inline elementor-list-item-link-inline elementor-align-center elementor-tablet-align-center elementor-widget-tablet__width-inherit elementor-widget elementor-widget-icon-list\" data-id=\"8adb9e7\" data-element_type=\"widget\" data-widget_type=\"icon-list.default\">\n\t\t\t\t<div class=\"elementor-widget-container\">\n\t\t\t\t\t\t\t<ul class=\"elementor-icon-list-items elementor-inline-items\">\n\t\t\t\t\t\t\t<li class=\"elementor-icon-list-item elementor-inline-item\">\n\t\t\t\t\t\t\t\t\t\t\t<a href=\"http:\/\/aktuelles.uni-frankfurt.de\/jahrbuch-2022-forschung\">\n\n\t\t\t\t\t\t\t\t\t\t\t<span class=\"elementor-icon-list-text\">DE<\/span>\n\t\t\t\t\t\t\t\t\t\t\t<\/a>\n\t\t\t\t\t\t\t\t\t<\/li>\n\t\t\t\t\t\t\t\t<li class=\"elementor-icon-list-item elementor-inline-item\">\n\t\t\t\t\t\t\t\t\t\t\t<a href=\"\/en\/jahrbuch-2022-forschung\">\n\n\t\t\t\t\t\t\t\t\t\t\t\t<span class=\"elementor-icon-list-icon\">\n\t\t\t\t\t\t\t<i aria-hidden=\"true\" class=\"fas fa-grip-lines-vertical\"><\/i>\t\t\t\t\t\t<\/span>\n\t\t\t\t\t\t\t\t\t\t<span class=\"elementor-icon-list-text\">EN<\/span>\n\t\t\t\t\t\t\t\t\t\t\t<\/a>\n\t\t\t\t\t\t\t\t\t<\/li>\n\t\t\t\t\t\t<\/ul>\n\t\t\t\t\t\t<\/div>\n\t\t\t\t<\/div>\n\t\t\t\t<div class=\"elementor-element elementor-element-af5067b elementor-widget elementor-widget-heading\" data-id=\"af5067b\" data-element_type=\"widget\" data-widget_type=\"heading.default\">\n\t\t\t\t<div class=\"elementor-widget-container\">\n\t\t\t\t\t<h2 class=\"elementor-heading-title elementor-size-default\">Goethe in progress 2022 \u2013 Forschung<\/h2>\t\t\t\t<\/div>\n\t\t\t\t<\/div>\n\t\t\t\t<div class=\"elementor-element elementor-element-1c69bbf elementor-invisible elementor-widget elementor-widget-heading\" data-id=\"1c69bbf\" data-element_type=\"widget\" data-settings=\"{&quot;_animation&quot;:&quot;fadeInUp&quot;}\" data-widget_type=\"heading.default\">\n\t\t\t\t<div class=\"elementor-widget-container\">\n\t\t\t\t\t<h1 class=\"elementor-heading-title elementor-size-default\">Weltoffen forschen<\/h1>\t\t\t\t<\/div>\n\t\t\t\t<\/div>\n\t\t\t\t<div class=\"elementor-element elementor-element-c44780e animated-fast elementor-invisible elementor-widget elementor-widget-text-editor\" data-id=\"c44780e\" data-element_type=\"widget\" data-settings=\"{&quot;_animation&quot;:&quot;fadeInUp&quot;}\" data-widget_type=\"text-editor.default\">\n\t\t\t\t<div class=\"elementor-widget-container\">\n\t\t\t\t\t\t\t\t\t<p>Rund 3.700 Wissenschaftler*innen gestalten an der Goethe-Universit\u00e4t eine weltoffene Werkstatt der Zukunft: Sie arbeiten gemeinsam mit regionalen, nationalen und internationalen Partnern an L\u00f6sungen f\u00fcr Gesellschaft, Wirtschaft und Wissenschaft und tragen mit ihrer Forschung dazu bei, die Herausforderungen des 21. Jahrhunderts zu bew\u00e4ltigen. Dabei wird die herausragende Einzel- und Verbundforschung an unserer Hochschule in sechs interdisziplin\u00e4re Profilbereiche geb\u00fcndelt.\u00a0<\/p><p>Etliche unserer Wissenschaftler*innen haben f\u00fcr ihre Forschung 2022 Preise erhalten, viele von ihnen haben in diesem Jahr erfolgreich Projekte eingeworben \u2013 bei Bund und Land, der Deutschen Forschungsgemeinschaft (DFG), die Europ\u00e4ischen Union und anderen Institutionen. Bei den <strong>Forschungsgruppen<\/strong>, <strong>Sonderforschungsbereichen<\/strong> und <strong>Graduiertenkollegs<\/strong> waren sogar alle Vollantr\u00e4ge unter Federf\u00fchrung der Goethe-Universit\u00e4t erfolgreich. Einige stellen wir Ihnen vor.<\/p>\t\t\t\t\t\t\t\t<\/div>\n\t\t\t\t<\/div>\n\t\t\t\t\t<\/div>\n\t\t<\/div>\n\t\t\t\t\t<\/div>\n\t\t<\/section>\n\t\t\t\t<section class=\"elementor-section elementor-top-section elementor-element elementor-element-5e4db2e elementor-section-content-middle elementor-section-boxed elementor-section-height-default elementor-section-height-default\" data-id=\"5e4db2e\" data-element_type=\"section\" data-settings=\"{&quot;background_background&quot;:&quot;classic&quot;,&quot;_ha_eqh_enable&quot;:false}\">\n\t\t\t\t\t\t<div class=\"elementor-container elementor-column-gap-no\">\n\t\t\t\t\t<div data-ha-element-link=\"{&quot;url&quot;:&quot;#sfb-gewebe&quot;,&quot;is_external&quot;:&quot;&quot;,&quot;nofollow&quot;:&quot;&quot;}\" style=\"cursor: pointer\" class=\"elementor-column elementor-col-50 elementor-top-column elementor-element elementor-element-e653186 animated-fast elementor-invisible\" data-id=\"e653186\" data-element_type=\"column\" data-settings=\"{&quot;background_background&quot;:&quot;classic&quot;,&quot;animation&quot;:&quot;fadeInUp&quot;}\">\n\t\t\t<div class=\"elementor-widget-wrap elementor-element-populated\">\n\t\t\t\t\t\t<div class=\"elementor-element elementor-element-3f14ef0 elementor-widget elementor-widget-image\" data-id=\"3f14ef0\" data-element_type=\"widget\" data-widget_type=\"image.default\">\n\t\t\t\t<div class=\"elementor-widget-container\">\n\t\t\t\t\t\t\t\t\t\t\t\t\t\t\t<img decoding=\"async\" width=\"1536\" height=\"1024\" src=\"https:\/\/aktuelles.uni-frankfurt.de\/wp-content\/uploads\/2024\/02\/Forschung-Brandes_Vessel1-1536x1024.jpg\" class=\"attachment-1536x1536 size-1536x1536 wp-image-79218\" alt=\"\" srcset=\"https:\/\/aktuelles.uni-frankfurt.de\/wp-content\/uploads\/2024\/02\/Forschung-Brandes_Vessel1-1536x1024.jpg 1536w, https:\/\/aktuelles.uni-frankfurt.de\/wp-content\/uploads\/2024\/02\/Forschung-Brandes_Vessel1-300x200.jpg 300w, https:\/\/aktuelles.uni-frankfurt.de\/wp-content\/uploads\/2024\/02\/Forschung-Brandes_Vessel1-500x333.jpg 500w, https:\/\/aktuelles.uni-frankfurt.de\/wp-content\/uploads\/2024\/02\/Forschung-Brandes_Vessel1-768x512.jpg 768w, https:\/\/aktuelles.uni-frankfurt.de\/wp-content\/uploads\/2024\/02\/Forschung-Brandes_Vessel1-18x12.jpg 18w, https:\/\/aktuelles.uni-frankfurt.de\/wp-content\/uploads\/2024\/02\/Forschung-Brandes_Vessel1.jpg 1800w\" sizes=\"(max-width: 1536px) 100vw, 1536px\" \/>\t\t\t\t\t\t\t\t\t\t\t\t\t\t\t<\/div>\n\t\t\t\t<\/div>\n\t\t\t\t<div class=\"elementor-element elementor-element-861b46b elementor-widget elementor-widget-heading\" data-id=\"861b46b\" data-element_type=\"widget\" data-widget_type=\"heading.default\">\n\t\t\t\t<div class=\"elementor-widget-container\">\n\t\t\t\t\t<h2 class=\"elementor-heading-title elementor-size-default\">Ersthelfer bei verletzten Geweben<\/h2>\t\t\t\t<\/div>\n\t\t\t\t<\/div>\n\t\t\t\t<div class=\"elementor-element elementor-element-4e8249f elementor-widget elementor-widget-text-editor\" data-id=\"4e8249f\" data-element_type=\"widget\" data-widget_type=\"text-editor.default\">\n\t\t\t\t<div class=\"elementor-widget-container\">\n\t\t\t\t\t\t\t\t\t<p>2022 hat die Goethe-Universit\u00e4t zwei Sonderforschungsbereiche eingeworben. Der SFB \u201eSchadenskontrolle durch das Stroma-vaskul\u00e4re Kompartiment\u201c beispielsweise untersucht die Rolle von St\u00fctzzellen bei der Reparatur von gesch\u00e4digten Organen. \u00a0<\/p>\t\t\t\t\t\t\t\t<\/div>\n\t\t\t\t<\/div>\n\t\t\t\t\t<\/div>\n\t\t<\/div>\n\t\t\t\t<div data-ha-element-link=\"{&quot;url&quot;:&quot;#DFG-Forschungsgruppen&quot;,&quot;is_external&quot;:&quot;&quot;,&quot;nofollow&quot;:&quot;&quot;}\" style=\"cursor: pointer\" class=\"elementor-column elementor-col-50 elementor-top-column elementor-element elementor-element-3e18e8b animated-fast elementor-invisible\" data-id=\"3e18e8b\" data-element_type=\"column\" data-settings=\"{&quot;background_background&quot;:&quot;classic&quot;,&quot;animation&quot;:&quot;fadeInUp&quot;}\">\n\t\t\t<div class=\"elementor-widget-wrap elementor-element-populated\">\n\t\t\t\t\t\t<div class=\"elementor-element elementor-element-95594e9 elementor-widget elementor-widget-image\" data-id=\"95594e9\" data-element_type=\"widget\" data-widget_type=\"image.default\">\n\t\t\t\t<div class=\"elementor-widget-container\">\n\t\t\t\t\t\t\t\t\t\t\t\t\t\t\t<img loading=\"lazy\" decoding=\"async\" width=\"1536\" height=\"1024\" src=\"https:\/\/aktuelles.uni-frankfurt.de\/wp-content\/uploads\/2024\/03\/Forschung_ARENA-mae-mu-s6S8IgEN6-4-unplash-web-quer-1536x1024.jpg\" class=\"attachment-1536x1536 size-1536x1536 wp-image-79385\" alt=\"\" srcset=\"https:\/\/aktuelles.uni-frankfurt.de\/wp-content\/uploads\/2024\/03\/Forschung_ARENA-mae-mu-s6S8IgEN6-4-unplash-web-quer-1536x1024.jpg 1536w, https:\/\/aktuelles.uni-frankfurt.de\/wp-content\/uploads\/2024\/03\/Forschung_ARENA-mae-mu-s6S8IgEN6-4-unplash-web-quer-300x200.jpg 300w, https:\/\/aktuelles.uni-frankfurt.de\/wp-content\/uploads\/2024\/03\/Forschung_ARENA-mae-mu-s6S8IgEN6-4-unplash-web-quer-500x333.jpg 500w, https:\/\/aktuelles.uni-frankfurt.de\/wp-content\/uploads\/2024\/03\/Forschung_ARENA-mae-mu-s6S8IgEN6-4-unplash-web-quer-768x512.jpg 768w, https:\/\/aktuelles.uni-frankfurt.de\/wp-content\/uploads\/2024\/03\/Forschung_ARENA-mae-mu-s6S8IgEN6-4-unplash-web-quer-18x12.jpg 18w, https:\/\/aktuelles.uni-frankfurt.de\/wp-content\/uploads\/2024\/03\/Forschung_ARENA-mae-mu-s6S8IgEN6-4-unplash-web-quer.jpg 1800w\" sizes=\"(max-width: 1536px) 100vw, 1536px\" \/>\t\t\t\t\t\t\t\t\t\t\t\t\t\t\t<\/div>\n\t\t\t\t<\/div>\n\t\t\t\t<div class=\"elementor-element elementor-element-fcfd66a elementor-widget elementor-widget-heading\" data-id=\"fcfd66a\" data-element_type=\"widget\" data-widget_type=\"heading.default\">\n\t\t\t\t<div class=\"elementor-widget-container\">\n\t\t\t\t\t<h2 class=\"elementor-heading-title elementor-size-default\">Wie abstraktes Wissen im Gehirn gespeichert wird<\/h2>\t\t\t\t<\/div>\n\t\t\t\t<\/div>\n\t\t\t\t<div class=\"elementor-element elementor-element-205489e elementor-widget elementor-widget-text-editor\" data-id=\"205489e\" data-element_type=\"widget\" data-widget_type=\"text-editor.default\">\n\t\t\t\t<div class=\"elementor-widget-container\">\n\t\t\t\t\t\t\t\t\t<p>In der neuen DFG-Forschungsgruppe ARENA arbeiten Psycholog:innen und Informatiker:innen zusammen. Ihre Erkenntnisse in der Hirnforschung sollen dazu beitragen, k\u00fcnstlich intelligente (KI)-Systeme effizienter und flexibler zu machen.<\/p>\t\t\t\t\t\t\t\t<\/div>\n\t\t\t\t<\/div>\n\t\t\t\t\t<\/div>\n\t\t<\/div>\n\t\t\t\t\t<\/div>\n\t\t<\/section>\n\t\t\t\t<section class=\"elementor-section elementor-top-section elementor-element elementor-element-4dd3edf elementor-section-content-middle elementor-section-boxed elementor-section-height-default elementor-section-height-default\" data-id=\"4dd3edf\" data-element_type=\"section\" data-settings=\"{&quot;background_background&quot;:&quot;classic&quot;,&quot;_ha_eqh_enable&quot;:false}\">\n\t\t\t\t\t\t<div class=\"elementor-container elementor-column-gap-no\">\n\t\t\t\t\t<div data-ha-element-link=\"{&quot;url&quot;:&quot;#graduiertenkollegs&quot;,&quot;is_external&quot;:&quot;&quot;,&quot;nofollow&quot;:&quot;&quot;}\" style=\"cursor: pointer\" class=\"elementor-column elementor-col-33 elementor-top-column elementor-element elementor-element-2c1c515 animated-fast elementor-invisible\" data-id=\"2c1c515\" data-element_type=\"column\" data-settings=\"{&quot;background_background&quot;:&quot;classic&quot;,&quot;animation&quot;:&quot;fadeInUp&quot;}\">\n\t\t\t<div class=\"elementor-widget-wrap elementor-element-populated\">\n\t\t\t\t\t\t<div class=\"elementor-element elementor-element-9b5b4bf elementor-widget elementor-widget-image\" data-id=\"9b5b4bf\" data-element_type=\"widget\" data-widget_type=\"image.default\">\n\t\t\t\t<div class=\"elementor-widget-container\">\n\t\t\t\t\t\t\t\t\t\t\t\t\t\t\t<img loading=\"lazy\" decoding=\"async\" width=\"1024\" height=\"469\" src=\"https:\/\/aktuelles.uni-frankfurt.de\/wp-content\/uploads\/2024\/02\/BIld-zu-Fixing-Futures.jpg\" class=\"attachment-1536x1536 size-1536x1536 wp-image-79245\" alt=\"\" srcset=\"https:\/\/aktuelles.uni-frankfurt.de\/wp-content\/uploads\/2024\/02\/BIld-zu-Fixing-Futures.jpg 1024w, https:\/\/aktuelles.uni-frankfurt.de\/wp-content\/uploads\/2024\/02\/BIld-zu-Fixing-Futures-300x137.jpg 300w, https:\/\/aktuelles.uni-frankfurt.de\/wp-content\/uploads\/2024\/02\/BIld-zu-Fixing-Futures-500x229.jpg 500w, https:\/\/aktuelles.uni-frankfurt.de\/wp-content\/uploads\/2024\/02\/BIld-zu-Fixing-Futures-768x352.jpg 768w, https:\/\/aktuelles.uni-frankfurt.de\/wp-content\/uploads\/2024\/02\/BIld-zu-Fixing-Futures-18x8.jpg 18w\" sizes=\"(max-width: 1024px) 100vw, 1024px\" \/>\t\t\t\t\t\t\t\t\t\t\t\t\t\t\t<\/div>\n\t\t\t\t<\/div>\n\t\t\t\t<div class=\"elementor-element elementor-element-a2a55e2 elementor-widget elementor-widget-heading\" data-id=\"a2a55e2\" data-element_type=\"widget\" data-widget_type=\"heading.default\">\n\t\t\t\t<div class=\"elementor-widget-container\">\n\t\t\t\t\t<h2 class=\"elementor-heading-title elementor-size-default\">Wie Zukunft \u201erepariert\u201c werden kann<\/h2>\t\t\t\t<\/div>\n\t\t\t\t<\/div>\n\t\t\t\t<div class=\"elementor-element elementor-element-783a573 elementor-widget elementor-widget-text-editor\" data-id=\"783a573\" data-element_type=\"widget\" data-widget_type=\"text-editor.default\">\n\t\t\t\t<div class=\"elementor-widget-container\">\n\t\t\t\t\t\t\t\t\t<p>Das Graduiertenkolleg \u201eFixing Futures\u201c erforscht, wie neue Technologien auf zuk\u00fcnftige Ereignisse vorbereiten k\u00f6nnen. Es ist eines von zwei neuen DFG-gef\u00f6rderten Forschungsprojekten, die junge Wissenschaftler*innen in der Promotionsphase begleiten.\u00a0<\/p>\t\t\t\t\t\t\t\t<\/div>\n\t\t\t\t<\/div>\n\t\t\t\t\t<\/div>\n\t\t<\/div>\n\t\t\t\t<div data-ha-element-link=\"{&quot;url&quot;:&quot;#projekte-land-und-bund&quot;,&quot;is_external&quot;:&quot;&quot;,&quot;nofollow&quot;:&quot;&quot;}\" style=\"cursor: pointer\" class=\"elementor-column elementor-col-33 elementor-top-column elementor-element elementor-element-dab0d6a animated-fast elementor-invisible\" data-id=\"dab0d6a\" data-element_type=\"column\" data-settings=\"{&quot;background_background&quot;:&quot;classic&quot;,&quot;animation&quot;:&quot;fadeInUp&quot;}\">\n\t\t\t<div class=\"elementor-widget-wrap elementor-element-populated\">\n\t\t\t\t\t\t<div class=\"elementor-element elementor-element-ed0aaa3 elementor-widget elementor-widget-image\" data-id=\"ed0aaa3\" data-element_type=\"widget\" data-widget_type=\"image.default\">\n\t\t\t\t<div class=\"elementor-widget-container\">\n\t\t\t\t\t\t\t\t\t\t\t\t\t\t\t<img loading=\"lazy\" decoding=\"async\" width=\"650\" height=\"450\" src=\"https:\/\/aktuelles.uni-frankfurt.de\/wp-content\/uploads\/2022\/12\/beitragsbild_athene.jpg\" class=\"attachment-1536x1536 size-1536x1536 wp-image-66226\" alt=\"\" srcset=\"https:\/\/aktuelles.uni-frankfurt.de\/wp-content\/uploads\/2022\/12\/beitragsbild_athene.jpg 650w, https:\/\/aktuelles.uni-frankfurt.de\/wp-content\/uploads\/2022\/12\/beitragsbild_athene-300x208.jpg 300w, https:\/\/aktuelles.uni-frankfurt.de\/wp-content\/uploads\/2022\/12\/beitragsbild_athene-18x12.jpg 18w\" sizes=\"(max-width: 650px) 100vw, 650px\" \/>\t\t\t\t\t\t\t\t\t\t\t\t\t\t\t<\/div>\n\t\t\t\t<\/div>\n\t\t\t\t<div class=\"elementor-element elementor-element-1aad245 elementor-widget elementor-widget-heading\" data-id=\"1aad245\" data-element_type=\"widget\" data-widget_type=\"heading.default\">\n\t\t\t\t<div class=\"elementor-widget-container\">\n\t\t\t\t\t<h2 class=\"elementor-heading-title elementor-size-default\">Expertise f\u00fcr Cybersicherheit und Krebsforschung<\/h2>\t\t\t\t<\/div>\n\t\t\t\t<\/div>\n\t\t\t\t<div class=\"elementor-element elementor-element-154d720 elementor-widget elementor-widget-text-editor\" data-id=\"154d720\" data-element_type=\"widget\" data-widget_type=\"text-editor.default\">\n\t\t\t\t<div class=\"elementor-widget-container\">\n\t\t\t\t\t\t\t\t\t<p>Seit Ende 2022 wirken Forschende an ATHENE mit, Europas gr\u00f6\u00dftem Forschungszentrum f\u00fcr Cybersicherheit. ATHENE ist eines von zahlreichen Projekten an der Goethe-Universit\u00e4t, die vom Land und Bund gef\u00f6rdert werden. Wie zum Beispiel das LOEWE-Zentrum \u201eFrankfurt Cancer Institute\u201c.<\/p>\t\t\t\t\t\t\t\t<\/div>\n\t\t\t\t<\/div>\n\t\t\t\t\t<\/div>\n\t\t<\/div>\n\t\t\t\t<div data-ha-element-link=\"{&quot;url&quot;:&quot;#projekte-eu&quot;,&quot;is_external&quot;:&quot;&quot;,&quot;nofollow&quot;:&quot;&quot;}\" style=\"cursor: pointer\" class=\"elementor-column elementor-col-33 elementor-top-column elementor-element elementor-element-e2e9a7d animated-fast elementor-invisible\" data-id=\"e2e9a7d\" data-element_type=\"column\" data-settings=\"{&quot;background_background&quot;:&quot;classic&quot;,&quot;animation&quot;:&quot;fadeInUp&quot;}\">\n\t\t\t<div class=\"elementor-widget-wrap elementor-element-populated\">\n\t\t\t\t\t\t<div class=\"elementor-element elementor-element-1aa8f7d elementor-widget elementor-widget-image\" data-id=\"1aa8f7d\" data-element_type=\"widget\" data-widget_type=\"image.default\">\n\t\t\t\t<div class=\"elementor-widget-container\">\n\t\t\t\t\t\t\t\t\t\t\t\t\t\t\t<img loading=\"lazy\" decoding=\"async\" width=\"1536\" height=\"1024\" src=\"https:\/\/aktuelles.uni-frankfurt.de\/wp-content\/uploads\/2024\/02\/Forschung_ERC_mathias-reding-yfXhqAW5X0c-unsplash-web-1536x1024.jpg\" class=\"attachment-1536x1536 size-1536x1536 wp-image-79221\" alt=\"\" srcset=\"https:\/\/aktuelles.uni-frankfurt.de\/wp-content\/uploads\/2024\/02\/Forschung_ERC_mathias-reding-yfXhqAW5X0c-unsplash-web-1536x1024.jpg 1536w, https:\/\/aktuelles.uni-frankfurt.de\/wp-content\/uploads\/2024\/02\/Forschung_ERC_mathias-reding-yfXhqAW5X0c-unsplash-web-300x200.jpg 300w, https:\/\/aktuelles.uni-frankfurt.de\/wp-content\/uploads\/2024\/02\/Forschung_ERC_mathias-reding-yfXhqAW5X0c-unsplash-web-500x333.jpg 500w, https:\/\/aktuelles.uni-frankfurt.de\/wp-content\/uploads\/2024\/02\/Forschung_ERC_mathias-reding-yfXhqAW5X0c-unsplash-web-768x512.jpg 768w, https:\/\/aktuelles.uni-frankfurt.de\/wp-content\/uploads\/2024\/02\/Forschung_ERC_mathias-reding-yfXhqAW5X0c-unsplash-web-18x12.jpg 18w, https:\/\/aktuelles.uni-frankfurt.de\/wp-content\/uploads\/2024\/02\/Forschung_ERC_mathias-reding-yfXhqAW5X0c-unsplash-web.jpg 1800w\" sizes=\"(max-width: 1536px) 100vw, 1536px\" \/>\t\t\t\t\t\t\t\t\t\t\t\t\t\t\t<\/div>\n\t\t\t\t<\/div>\n\t\t\t\t<div class=\"elementor-element elementor-element-9947d4c elementor-widget elementor-widget-heading\" data-id=\"9947d4c\" data-element_type=\"widget\" data-widget_type=\"heading.default\">\n\t\t\t\t<div class=\"elementor-widget-container\">\n\t\t\t\t\t<h2 class=\"elementor-heading-title elementor-size-default\">EU-F\u00f6rderung f\u00fcr bahnbrechende Forschung <\/h2>\t\t\t\t<\/div>\n\t\t\t\t<\/div>\n\t\t\t\t<div class=\"elementor-element elementor-element-ff16959 elementor-widget elementor-widget-text-editor\" data-id=\"ff16959\" data-element_type=\"widget\" data-widget_type=\"text-editor.default\">\n\t\t\t\t<div class=\"elementor-widget-container\">\n\t\t\t\t\t\t\t\t\t<p>F\u00fcnf Wissenschaftlicher*innen haben 2022 renommierte ERC-F\u00f6rderungen f\u00fcr ihre Forschungsvorhaben eingeworben. Auch die Mitarbeit theoretischer Physiker am ersten Bild des Schwarzen Lochs im Zentrum der Milchstra\u00dfe wurde vom Europ\u00e4ischen Forschungsrat gef\u00f6rdert.<\/p>\t\t\t\t\t\t\t\t<\/div>\n\t\t\t\t<\/div>\n\t\t\t\t\t<\/div>\n\t\t<\/div>\n\t\t\t\t\t<\/div>\n\t\t<\/section>\n\t\t\t\t<section class=\"elementor-section elementor-top-section elementor-element elementor-element-b62916f elementor-section-full_width elementor-hidden-tablet elementor-hidden-mobile elementor-section-height-default elementor-section-height-default\" data-id=\"b62916f\" data-element_type=\"section\" data-settings=\"{&quot;_ha_eqh_enable&quot;:false}\">\n\t\t\t\t\t\t<div class=\"elementor-container elementor-column-gap-no\">\n\t\t\t\t\t<div class=\"elementor-column elementor-col-100 elementor-top-column elementor-element elementor-element-18722bc\" data-id=\"18722bc\" data-element_type=\"column\">\n\t\t\t<div class=\"elementor-widget-wrap elementor-element-populated\">\n\t\t\t\t\t\t<div class=\"elementor-element elementor-element-6d8ff72 elementor-hidden-tablet elementor-hidden-mobile text-left elementor-widget elementor-widget-tp-scroll-navigation\" data-id=\"6d8ff72\" data-element_type=\"widget\" data-settings=\"{&quot;motion_fx_motion_fx_scrolling&quot;:&quot;yes&quot;,&quot;motion_fx_opacity_effect&quot;:&quot;yes&quot;,&quot;motion_fx_opacity_range&quot;:{&quot;unit&quot;:&quot;%&quot;,&quot;size&quot;:&quot;&quot;,&quot;sizes&quot;:{&quot;start&quot;:97,&quot;end&quot;:100}},&quot;motion_fx_opacity_direction&quot;:&quot;out-in&quot;,&quot;motion_fx_opacity_level&quot;:{&quot;unit&quot;:&quot;px&quot;,&quot;size&quot;:10,&quot;sizes&quot;:[]},&quot;motion_fx_devices&quot;:[&quot;desktop&quot;,&quot;tablet&quot;,&quot;mobile&quot;]}\" data-widget_type=\"tp-scroll-navigation.default\">\n\t\t\t\t<div class=\"elementor-widget-container\">\n\t\t\t\t\t<div class=\"theplus-scroll-navigation scroll69f1bcef7336e style-1 s_n_left \" data-uid=\"scroll69f1bcef7336e\" ><div class=\"theplus-scroll-navigation__inner\"><a href=\"#sfb-gewebe\" class=\"theplus-scroll-navigation__item _mPS2id-h\" ><div class=\"theplus-scroll-navigation__dot\"><span class=\"tooltiptext s_n_left sn_t_a_d  on_default\"> Sonderforschungsbereiche<\/span><\/div><\/a><a href=\"#DFG-Forschungsgruppen\" class=\"theplus-scroll-navigation__item _mPS2id-h\" ><div class=\"theplus-scroll-navigation__dot\"><span class=\"tooltiptext s_n_left sn_t_a_d  on_default\"> DFG-Forschungsgruppen <\/span><\/div><\/a><a href=\"#graduiertenkollegs\" class=\"theplus-scroll-navigation__item _mPS2id-h\" ><div class=\"theplus-scroll-navigation__dot\"><span class=\"tooltiptext s_n_left sn_t_a_d  on_default\"> Graduiertenkollegs<\/span><\/div><\/a><a href=\"#projekte-land-und-bund\" class=\"theplus-scroll-navigation__item _mPS2id-h\" ><div class=\"theplus-scroll-navigation__dot\"><span class=\"tooltiptext s_n_left sn_t_a_d  on_default\"> Von Land und Bund gef\u00f6rderte Projekte<\/span><\/div><\/a><a href=\"#projekte-eu\" class=\"theplus-scroll-navigation__item _mPS2id-h\" ><div class=\"theplus-scroll-navigation__dot\"><span class=\"tooltiptext s_n_left sn_t_a_d  on_default\"> EU-gef\u00f6rderte Projekte<\/span><\/div><\/a><\/div><\/div>\t\t\t\t<\/div>\n\t\t\t\t<\/div>\n\t\t\t\t\t<\/div>\n\t\t<\/div>\n\t\t\t\t\t<\/div>\n\t\t<\/section>\n\t\t\t\t<section class=\"elementor-section elementor-top-section elementor-element elementor-element-21d9cc7 elementor-section-full_width elementor-section-height-min-height elementor-section-items-stretch elementor-section-height-default\" data-id=\"21d9cc7\" data-element_type=\"section\" id=\"sfb-gewebe\" data-settings=\"{&quot;background_background&quot;:&quot;classic&quot;,&quot;_ha_eqh_enable&quot;:false}\">\n\t\t\t\t\t\t<div class=\"elementor-container elementor-column-gap-default\">\n\t\t\t\t\t<div class=\"elementor-column elementor-col-50 elementor-top-column elementor-element elementor-element-3c1e42c\" data-id=\"3c1e42c\" data-element_type=\"column\" data-settings=\"{&quot;background_background&quot;:&quot;classic&quot;}\">\n\t\t\t<div class=\"elementor-widget-wrap elementor-element-populated\">\n\t\t\t\t\t<div class=\"elementor-background-overlay\"><\/div>\n\t\t\t\t\t\t<div class=\"elementor-element elementor-element-7b27acc elementor-widget elementor-widget-spacer\" data-id=\"7b27acc\" data-element_type=\"widget\" data-widget_type=\"spacer.default\">\n\t\t\t\t<div class=\"elementor-widget-container\">\n\t\t\t\t\t\t\t<div class=\"elementor-spacer\">\n\t\t\t<div class=\"elementor-spacer-inner\"><\/div>\n\t\t<\/div>\n\t\t\t\t\t\t<\/div>\n\t\t\t\t<\/div>\n\t\t\t\t<div class=\"elementor-element elementor-element-d45145c animated-fast ha-has-bg-overlay elementor-invisible elementor-widget elementor-widget-text-editor\" data-id=\"d45145c\" data-element_type=\"widget\" data-settings=\"{&quot;_animation&quot;:&quot;fadeInUp&quot;}\" data-widget_type=\"text-editor.default\">\n\t\t\t\t<div class=\"elementor-widget-container\">\n\t\t\t\t\t\t\t\t\t<p>Schnitt durch gesch\u00e4digtes Herzgewebe (Herzmuskelzellen gr\u00fcn, Bindegewebe rot): Man sieht, wie von dem Blutgewebe ausgehend gro\u00dfe Mengen an Bindegewebe in den Muskel hineinziehen. Dadurch verschlechtern sich die mechanischen Eigenschaften des Herzens (Bild: Vessel)<\/p>\t\t\t\t\t\t\t\t<\/div>\n\t\t\t\t<\/div>\n\t\t\t\t\t<\/div>\n\t\t<\/div>\n\t\t\t\t<div class=\"elementor-column elementor-col-50 elementor-top-column elementor-element elementor-element-bb5f87f\" data-id=\"bb5f87f\" data-element_type=\"column\">\n\t\t\t<div class=\"elementor-widget-wrap elementor-element-populated\">\n\t\t\t\t\t\t<div class=\"elementor-element elementor-element-a55014c animated-fast elementor-invisible elementor-widget elementor-widget-heading\" data-id=\"a55014c\" data-element_type=\"widget\" data-settings=\"{&quot;_animation&quot;:&quot;fadeInUp&quot;}\" data-widget_type=\"heading.default\">\n\t\t\t\t<div class=\"elementor-widget-container\">\n\t\t\t\t\t<h2 class=\"elementor-heading-title elementor-size-default\">Ersthelfer bei verletzten Geweben<\/h2>\t\t\t\t<\/div>\n\t\t\t\t<\/div>\n\t\t\t\t<div class=\"elementor-element elementor-element-104ccc1 e-transform animated-fast elementor-invisible elementor-widget elementor-widget-text-editor\" data-id=\"104ccc1\" data-element_type=\"widget\" data-settings=\"{&quot;_transform_translateY_effect_mobile&quot;:{&quot;unit&quot;:&quot;px&quot;,&quot;size&quot;:-50,&quot;sizes&quot;:[]},&quot;_animation&quot;:&quot;fadeInUp&quot;,&quot;_transform_translateX_effect&quot;:{&quot;unit&quot;:&quot;px&quot;,&quot;size&quot;:&quot;&quot;,&quot;sizes&quot;:[]},&quot;_transform_translateX_effect_tablet&quot;:{&quot;unit&quot;:&quot;px&quot;,&quot;size&quot;:&quot;&quot;,&quot;sizes&quot;:[]},&quot;_transform_translateX_effect_mobile&quot;:{&quot;unit&quot;:&quot;px&quot;,&quot;size&quot;:&quot;&quot;,&quot;sizes&quot;:[]},&quot;_transform_translateY_effect&quot;:{&quot;unit&quot;:&quot;px&quot;,&quot;size&quot;:&quot;&quot;,&quot;sizes&quot;:[]},&quot;_transform_translateY_effect_tablet&quot;:{&quot;unit&quot;:&quot;px&quot;,&quot;size&quot;:&quot;&quot;,&quot;sizes&quot;:[]}}\" data-widget_type=\"text-editor.default\">\n\t\t\t\t<div class=\"elementor-widget-container\">\n\t\t\t\t\t\t\t\t\t<p>Wenn sich durch Infarkt gesch\u00e4digte Organe selbst reparieren, werden sie von Ger\u00fcst- und St\u00fctzzellen unterst\u00fctzt. Wie genau das geschieht, erkundet der neue Sonderforschungsbereich \u201eSchadenskontrolle durch das Stroma-vaskul\u00e4re Kompartiment\u201c.<\/p>\t\t\t\t\t\t\t\t<\/div>\n\t\t\t\t<\/div>\n\t\t\t\t\t<\/div>\n\t\t<\/div>\n\t\t\t\t\t<\/div>\n\t\t<\/section>\n\t\t\t\t<section class=\"elementor-section elementor-top-section elementor-element elementor-element-e605dfe elementor-section-content-middle elementor-section-boxed elementor-section-height-default elementor-section-height-default\" data-id=\"e605dfe\" data-element_type=\"section\" data-settings=\"{&quot;_ha_eqh_enable&quot;:false}\">\n\t\t\t\t\t\t<div class=\"elementor-container elementor-column-gap-no\">\n\t\t\t\t\t<div class=\"elementor-column elementor-col-100 elementor-top-column elementor-element elementor-element-6aec39e\" data-id=\"6aec39e\" data-element_type=\"column\">\n\t\t\t<div class=\"elementor-widget-wrap elementor-element-populated\">\n\t\t\t\t\t\t<div class=\"elementor-element elementor-element-18f3552 animated-fast elementor-invisible elementor-widget elementor-widget-text-editor\" data-id=\"18f3552\" data-element_type=\"widget\" data-settings=\"{&quot;_animation&quot;:&quot;fadeInUp&quot;}\" data-widget_type=\"text-editor.default\">\n\t\t\t\t<div class=\"elementor-widget-container\">\n\t\t\t\t\t\t\t\t\t<p>Wer heute einen Herz- oder Hirninfarkt erleidet, hat gute Chancen, ihn zu \u00fcberleben. Der gro\u00dfe medizinische Fortschritt in der Akutversorgung f\u00fchrt dazu, dass vor allem die Durchblutung schnell wiederhergestellt wird und somit weniger Gewebe abstirbt. Doch auch heute vergeht oft noch zu viel Zeit bis zur rettenden Therapie. So \u00fcberleben viele Patienten zwar den akuten Infarkt, aber gleichzeitig nehmen die chronischen Folgen wie Herzinsuffizienz zu.<\/p><p>F\u00fcr die medizinische Wissenschaft er\u00f6ffnet sich ein neues translationales, also mit der Praxis eng verbundenes Forschungsfeld: Es geht darum zu verstehen, wie Reparationsprozesse ablaufen \u2013 und wie sie mit Therapien unterst\u00fctzt werden k\u00f6nnen. Ziel ist es, die Folgen zu reduzieren.<\/p><p>Diesem Forschungsfeld widmet sich der neue Sonderforschungsbereich (SFB) \u201eSchadenskontrolle durch das Stroma-vaskul\u00e4re Kompartiment\u201c; eine entscheidende Rolle spielen j\u00fcngste Fortschritte in der wissenschaftlichen Methodenentwicklung: in der Massenspektrometrie, der Einzelzell-RNA-Sequenzierung von Geweben und der Bioinformatik. Sie erm\u00f6glichen es n\u00e4mlich erst, Prozesse in Zellen zu beobachten und auch den zeitlichen Ablauf von Reaktionen zu verstehen. \u201eDie Zeit musste reif sein f\u00fcr unser Projekt\u201c, erkl\u00e4rt der Physiologe Prof. Ralf Brandes, Direktor des Instituts f\u00fcr Kardiovaskul\u00e4re Physiologie an der Goethe-Universit\u00e4t und Koordinator des SFB.<\/p><p>Ausgangspunkt des Forschungsbereichs ist die entscheidende Rolle, die das Stroma-vaskul\u00e4re Kompartiment (SVC) in dem Reparationsprozess spielt \u2013 also die Ger\u00fcst- und St\u00fctzzellen f\u00fcr jenen Zelltypus, der f\u00fcr eine spezifische Organfunktion verantwortlich ist. Die st\u00fctzenden Zellen des SVC werden als Ersthelfer etwa bei verletzten Herzmuskelzellen aktiv und sorgen daf\u00fcr, dass sich nach einer Verletzung neue Blutgef\u00e4\u00dfe bilden. Die Wissenschaftler*innen des SFB sind an den Mechanismen und molekularen Akteuren interessiert, die die Reaktion auf eine Verletzung in einem multizellul\u00e4ren Kontext orchestrieren. Dabei konzentriert der SFB seine Forschung auf Herz, Gehirn und Blutgef\u00e4\u00dfe. Es geht um das komplexe Zusammenspiel zwischen den Zelltypen des SVC und darum, wie die Reparatur koordiniert wird und wie es schlie\u00dflich gelingt, dass Zellen wieder funktionieren.<\/p><p>F\u00fcr die Erforschung der \u201eSchadenskontrolle durch das Stroma_vaskul\u00e4re Kompartiment\u201c wird der SFB von 2022 an f\u00fcr vier Jahre mit insgesamt 14,2 Millionen Euro gef\u00f6rdert. 28 leitende Wissenschaftler*innen geh\u00f6ren dem Konsortium an, darunter zehn j\u00fcngere Forschende. Sprecherin ist die Goethe-Universit\u00e4t, Partner sind das Max-Planck-Institut f\u00fcr Herz- und Lungenforschung in Bad Nauheim, das Berliner Institut f\u00fcr Gesundheitsforschung an der Charit\u00e9, das Universit\u00e4tsklinikum Heidelberg und die Johannes Gutenberg-Universit\u00e4t Mainz. Ein Graduiertenkolleg f\u00fcr Nachwuchswissenschafter*innen soll das Konsortium bald noch erg\u00e4nzen.<\/p><p>Das multidisziplin\u00e4re Konsortium geht zun\u00e4chst zweigleisig vor: Einige Wissenschaftler*innen untersuchen die zelleigene Mechanismen, Schaden zu erkennen, darauf zu reagieren und sich anzupassen. Was geschieht nach einem Schlaganfall oder Herzinfarkt im Stoffwechsel, wie werden Gene kontrolliert, wie sind die zellul\u00e4ren Kommunikationslinien? Eine andere Gruppe konzentriert sich auf die Schadenskontrolle zwischen einer Vielzahl von Zellen. Wie ist der physiologische zellul\u00e4re \u201eCrosstalk\u201c organisiert, und wie kommt es dazu, dass verschiedene Zellpopulationen wieder ihre regul\u00e4ren Funktionen aufnehmen?<\/p>\t\t\t\t\t\t\t\t<\/div>\n\t\t\t\t<\/div>\n\t\t\t\t<div class=\"elementor-element elementor-element-521b2a4 elementor-blockquote--skin-quotation animated-fast elementor-invisible elementor-widget elementor-widget-blockquote\" data-id=\"521b2a4\" data-element_type=\"widget\" data-settings=\"{&quot;_animation&quot;:&quot;fadeInUp&quot;}\" data-widget_type=\"blockquote.default\">\n\t\t\t\t<div class=\"elementor-widget-container\">\n\t\t\t\t\t\t\t<blockquote class=\"elementor-blockquote\">\n\t\t\t<p class=\"elementor-blockquote__content\">\n\t\t\t\tWir w\u00fcrden gerne Wege finden, wie wir medizinisch k\u00f6rpereigene Heilungsprozesse unterst\u00fctzen k\u00f6nnen\t\t\t<\/p>\n\t\t\t\t\t<\/blockquote>\n\t\t\t\t\t\t<\/div>\n\t\t\t\t<\/div>\n\t\t\t\t<div class=\"elementor-element elementor-element-9ed7f7a animated-fast elementor-invisible elementor-widget elementor-widget-text-editor\" data-id=\"9ed7f7a\" data-element_type=\"widget\" data-settings=\"{&quot;_animation&quot;:&quot;fadeInUp&quot;}\" data-widget_type=\"text-editor.default\">\n\t\t\t\t<div class=\"elementor-widget-container\">\n\t\t\t\t\t\t\t\t\t<p>Das Ziel des Projekts ist, Mechanismen zu identifizieren, die genutzt werden k\u00f6nnen, um das SVC in seinem Reparaturprozess falls n\u00f6tig zu unterst\u00fctzen. Die Wissenschaftler*innen werden nach Ablauf der ersten F\u00f6rderung eine zweite F\u00f6rderung beantragen, um die Schadenskontrolle in noch komplexeren Umgebungen zu erforschen, n\u00e4mlich im Zusammenhang mit Fettstoffwechselst\u00f6rungen, Zuckerkrankheit oder Alterung. Dies sei n\u00f6tig, erkl\u00e4rt Brandes, weil Herzinfarkte oft bei \u00e4lteren, \u201emultimorbiden\u201c Menschen auftreten, die typischerweise unter mindestens zwei Krankheiten leiden. Erst in einer dritten \u2013 und letzten \u2013 F\u00f6rderstufe wird der Fokus der Forschenden auf m\u00f6glichen Therapien liegen. \u201eWir w\u00fcrden gerne Wege finden\u201c, betont Brandes, \u201ewie wir medizinisch k\u00f6rpereigene Heilungsprozesse unterst\u00fctzen k\u00f6nnen\u201c.<\/p>\t\t\t\t\t\t\t\t<\/div>\n\t\t\t\t<\/div>\n\t\t\t\t<div class=\"elementor-element elementor-element-40b77d1 animated-fast elementor-invisible elementor-widget elementor-widget-text-editor\" data-id=\"40b77d1\" data-element_type=\"widget\" data-settings=\"{&quot;_animation&quot;:&quot;fadeInUp&quot;}\" data-widget_type=\"text-editor.default\">\n\t\t\t\t<div class=\"elementor-widget-container\">\n\t\t\t\t\t\t\t\t\t<p><em>(pb)<\/em><\/p>\t\t\t\t\t\t\t\t<\/div>\n\t\t\t\t<\/div>\n\t\t\t\t\t<\/div>\n\t\t<\/div>\n\t\t\t\t\t<\/div>\n\t\t<\/section>\n\t\t\t\t<section class=\"elementor-section elementor-top-section elementor-element elementor-element-7f55b76 elementor-section-content-middle animated-fast elementor-section-boxed elementor-section-height-default elementor-section-height-default\" data-id=\"7f55b76\" data-element_type=\"section\" data-settings=\"{&quot;background_background&quot;:&quot;classic&quot;,&quot;animation&quot;:&quot;none&quot;,&quot;_ha_eqh_enable&quot;:false}\">\n\t\t\t\t\t\t<div class=\"elementor-container elementor-column-gap-no\">\n\t\t\t\t\t<div class=\"elementor-column elementor-col-100 elementor-top-column elementor-element elementor-element-fd0a3f0\" data-id=\"fd0a3f0\" data-element_type=\"column\">\n\t\t\t<div class=\"elementor-widget-wrap elementor-element-populated\">\n\t\t\t\t\t\t<div class=\"elementor-element elementor-element-a7199c4 animated-fast ha-has-bg-overlay elementor-invisible elementor-widget elementor-widget-text-editor\" data-id=\"a7199c4\" data-element_type=\"widget\" data-settings=\"{&quot;_animation&quot;:&quot;fadeInUp&quot;}\" data-widget_type=\"text-editor.default\">\n\t\t\t\t<div class=\"elementor-widget-container\">\n\t\t\t\t\t\t\t\t\t<p><strong>Neue Sonderforschungsbereiche<\/strong><\/p><p>Die Goethe-Universit\u00e4t hat 2022 zwei Sonderforschungsbereiche (SFB) eingeworben. Sie werden in den kommenden vier Jahren mit insgesamt 28 Millionen Euro gef\u00f6rdert: Der SFB 1531 befasst sich mit k\u00f6rpereigenen Reparaturmechanismen von Gewebsverletzungen des Herzens oder des Gehirns, die als Folge etwa von Infarkten auftreten. Die Forscher:innen untersuchen, wie die Bindegewebsumgebung zur Reparatur dieser Sch\u00e4den beitr\u00e4gt (siehe den Beitrag \u201eErsthelfer bei verletzten Geweben\u201c).<\/p><p>Der SFB \u201eProteinverb\u00fcnde und Maschinerien in Zellmembranen\u201c (1507) nimmt ein Grundprinzip des Lebens in den Blick: biochemische Reaktionen und subzellul\u00e4re Architekturen an Membranen. Die Proteinanordnungen und molekulare Mechanismen in Zellmembranen sind n\u00e4mlich f\u00fcr wesentliche Lebensprozesse von zentraler Bedeutung \u2013 sie \u00fcbertragen etwa Energie, transportieren N\u00e4hrstoffe und Stoffwechselprodukte und die Steuerung der Kommunikation innerhalb und zwischen Zellen. Um die hochkomplexen Organisationsprinzipien noch weitgehender zu verstehen, untersuchen Wissenschaftler*innen des SFB 1507 Proteinkomplexe in der Zellmembran \u2013 von Protein-Verb\u00fcnden \u00fcber zellul\u00e4re Maschinen bis zu Superkomplexen. Der SFB, dessen Sprecher der Biochemiker und Strukturbiologe Prof.\u00a0Robert Tamp\u00e9 ist, setzt dabei auf das weltweit sichtbare Kompetenz-Zentrum in der Struktur und Funktionsanalyse von Membranproteinen.<\/p><p>Beide Sonderforschungsbereiche kooperieren unter anderem mit der Johannes Gutenberg-Universit\u00e4t Mainz und unterstreichen die starke Vernetzung in der Allianz der Rhein-Main-Universit\u00e4ten RMU.<\/p>\t\t\t\t\t\t\t\t<\/div>\n\t\t\t\t<\/div>\n\t\t\t\t<div class=\"elementor-element elementor-element-3dff9ec animated-fast ha-has-bg-overlay elementor-invisible elementor-widget elementor-widget-text-editor\" data-id=\"3dff9ec\" data-element_type=\"widget\" data-settings=\"{&quot;_animation&quot;:&quot;fadeInUp&quot;}\" data-widget_type=\"text-editor.default\">\n\t\t\t\t<div class=\"elementor-widget-container\">\n\t\t\t\t\t\t\t\t\t<p><strong>Neues Schwerpunktprogramm der DFG<\/strong><\/p><p>Im Rahmen eines neuen Schwerpunktprogramms der Deutschen Forschungsgemeinschaft startet das Projekt \u201eVisuelle Kommunikation\u201c (ViCom). Beantragt haben das Verbundprojekt Prof. Dr. Cornelia Ebert (Goethe-Universit\u00e4t) und Prof. Dr. Markus Steinbach (Universit\u00e4t G\u00f6ttingen), beide Linguistik. Die Sprecherschaft liegt bei der Goethe-Universit\u00e4t. In dem Schwerpunktprogramm geht es um kommunikative M\u00f6glichkeiten, Informationen au\u00dferhalb der gesprochenen Sprache, auch im Verh\u00e4ltnis zu den anderen Kan\u00e4len, zu vermitteln.<\/p>\t\t\t\t\t\t\t\t<\/div>\n\t\t\t\t<\/div>\n\t\t\t\t\t<\/div>\n\t\t<\/div>\n\t\t\t\t\t<\/div>\n\t\t<\/section>\n\t\t\t\t<section class=\"elementor-section elementor-top-section elementor-element elementor-element-7dbd2ec elementor-section-content-middle animated-fast elementor-section-boxed elementor-section-height-default elementor-section-height-default\" data-id=\"7dbd2ec\" data-element_type=\"section\" data-settings=\"{&quot;background_background&quot;:&quot;classic&quot;,&quot;animation&quot;:&quot;none&quot;,&quot;_ha_eqh_enable&quot;:false}\">\n\t\t\t\t\t\t<div class=\"elementor-container elementor-column-gap-no\">\n\t\t\t\t\t<div class=\"elementor-column elementor-col-100 elementor-top-column elementor-element elementor-element-d3db527\" data-id=\"d3db527\" data-element_type=\"column\" data-settings=\"{&quot;background_background&quot;:&quot;classic&quot;}\">\n\t\t\t<div class=\"elementor-widget-wrap elementor-element-populated\">\n\t\t\t\t\t\t<div class=\"elementor-element elementor-element-f9b7a7a animated-fast elementor-invisible elementor-widget elementor-widget-heading\" data-id=\"f9b7a7a\" data-element_type=\"widget\" data-settings=\"{&quot;_animation&quot;:&quot;fadeInUp&quot;}\" data-widget_type=\"heading.default\">\n\t\t\t\t<div class=\"elementor-widget-container\">\n\t\t\t\t\t<h2 class=\"elementor-heading-title elementor-size-default\">Kurz &amp; b\u00fcndig: Neues aus der Forschung<\/h2>\t\t\t\t<\/div>\n\t\t\t\t<\/div>\n\t\t\t\t<div class=\"elementor-element elementor-element-0a7efb4 animated-fast elementor-invisible elementor-widget elementor-widget-text-editor\" data-id=\"0a7efb4\" data-element_type=\"widget\" data-settings=\"{&quot;_animation&quot;:&quot;fadeInUp&quot;}\" data-widget_type=\"text-editor.default\">\n\t\t\t\t<div class=\"elementor-widget-container\">\n\t\t\t\t\t\t\t\t\t<p>Auf dem Weg zur Sch\u00e4rfung des Forschungsprofils wurde 2021 ein entscheidendes Etappenziel erreicht: Es wurden sechs Profilbereiche bestimmt, die Forschungsleistungen der Goethe-Universit\u00e4t abbilden, in denen aber auch innovatives Potenzial f\u00fcr weitere Forschungsfragen liegt.<\/p><p>Im November 2022 startete eine Vorlesungsreihe, in der sich die Profilbereiche innerhalb der Universit\u00e4t pr\u00e4sentierten: An welchen Themen forschen sie? Wer geh\u00f6rt dazu und welches Selbstverst\u00e4ndnis haben sie? In den Profilbereichen wird fachbereichs\u00fcbergreifend und interdisziplin\u00e4r gearbeitet. Folgende Profilbereiche arbeiten zusammen: Orders &amp; Transformations, Space, Time &amp; Matter, Molecular &amp; Translational Medicine, Structure &amp; Dynamics of Life, Sustainability &amp; Biodiversity, Universality &amp; Diversity.<\/p><p><a href=\"https:\/\/www.uni-frankfurt.de\/forschung-goethe-universitaet\">Forschung an der Goethe-Universit\u00e4t<\/a><\/p>\t\t\t\t\t\t\t\t<\/div>\n\t\t\t\t<\/div>\n\t\t\t\t\t<\/div>\n\t\t<\/div>\n\t\t\t\t\t<\/div>\n\t\t<\/section>\n\t\t\t\t<section class=\"elementor-section elementor-top-section elementor-element elementor-element-afff7e8 elementor-section-content-middle animated-fast elementor-section-boxed elementor-section-height-default elementor-section-height-default\" data-id=\"afff7e8\" data-element_type=\"section\" data-settings=\"{&quot;background_background&quot;:&quot;classic&quot;,&quot;animation&quot;:&quot;none&quot;,&quot;_ha_eqh_enable&quot;:false}\">\n\t\t\t\t\t\t<div class=\"elementor-container elementor-column-gap-no\">\n\t\t\t\t\t<div class=\"elementor-column elementor-col-100 elementor-top-column elementor-element elementor-element-f98161f\" data-id=\"f98161f\" data-element_type=\"column\" data-settings=\"{&quot;background_background&quot;:&quot;classic&quot;}\">\n\t\t\t<div class=\"elementor-widget-wrap elementor-element-populated\">\n\t\t\t\t\t\t<div class=\"elementor-element elementor-element-a2e009e animated-fast elementor-invisible elementor-widget elementor-widget-heading\" data-id=\"a2e009e\" data-element_type=\"widget\" data-settings=\"{&quot;_animation&quot;:&quot;fadeInUp&quot;}\" data-widget_type=\"heading.default\">\n\t\t\t\t<div class=\"elementor-widget-container\">\n\t\t\t\t\t<h2 class=\"elementor-heading-title elementor-size-default\">Meist zitiert<\/h2>\t\t\t\t<\/div>\n\t\t\t\t<\/div>\n\t\t\t\t<div class=\"elementor-element elementor-element-d66a8b1 animated-fast elementor-invisible elementor-widget elementor-widget-text-editor\" data-id=\"d66a8b1\" data-element_type=\"widget\" data-settings=\"{&quot;_animation&quot;:&quot;fadeInUp&quot;}\" data-widget_type=\"text-editor.default\">\n\t\t\t\t<div class=\"elementor-widget-container\">\n\t\t\t\t\t\t\t\t\t<p>Von den knapp 7.000 am meisten zitierten Wissenschaftlerinnen und Wissenschaftlern der Welt <a href=\"https:\/\/aktuelles.uni-frankfurt.de\/forschung\/ranking-sechs-forscherinnen-der-goethe-universitaet-unter-den-meistzitierten-der-welt\/?highlight=Ranking%3A%20Sechs%20Forscherinnen%20und%20Forscher%20der%20Goethe-Universit%C3%A4t%20unter%20den%20meistzitierten%20Wissenschaftlern%20der%20Welt\" target=\"_blank\" rel=\"noopener\">forschen sechs an der Goethe-Universit\u00e4t Frankfurt<\/a>. Dies ging aus dem aktuellen Zitationsranking des \u201eWeb of Science\u201c 2022 des Unternehmens Clarivate Analytics hervor.<\/p>\t\t\t\t\t\t\t\t<\/div>\n\t\t\t\t<\/div>\n\t\t\t\t\t<\/div>\n\t\t<\/div>\n\t\t\t\t\t<\/div>\n\t\t<\/section>\n\t\t\t\t<section class=\"elementor-section elementor-top-section elementor-element elementor-element-4b2ab9b elementor-section-content-middle animated-fast elementor-section-boxed elementor-section-height-default elementor-section-height-default\" data-id=\"4b2ab9b\" data-element_type=\"section\" data-settings=\"{&quot;background_background&quot;:&quot;classic&quot;,&quot;animation&quot;:&quot;none&quot;,&quot;_ha_eqh_enable&quot;:false}\">\n\t\t\t\t\t\t<div class=\"elementor-container elementor-column-gap-no\">\n\t\t\t\t\t<div class=\"elementor-column elementor-col-100 elementor-top-column elementor-element elementor-element-fc9a6ce\" data-id=\"fc9a6ce\" data-element_type=\"column\" data-settings=\"{&quot;background_background&quot;:&quot;classic&quot;}\">\n\t\t\t<div class=\"elementor-widget-wrap elementor-element-populated\">\n\t\t\t\t\t\t<div class=\"elementor-element elementor-element-9eb97c5 animated-fast elementor-invisible elementor-widget elementor-widget-heading\" data-id=\"9eb97c5\" data-element_type=\"widget\" data-settings=\"{&quot;_animation&quot;:&quot;fadeInUp&quot;}\" data-widget_type=\"heading.default\">\n\t\t\t\t<div class=\"elementor-widget-container\">\n\t\t\t\t\t<h2 class=\"elementor-heading-title elementor-size-default\">Zentrum f\u00fcr interreligi\u00f6se Dynamiken<\/h2>\t\t\t\t<\/div>\n\t\t\t\t<\/div>\n\t\t\t\t<div class=\"elementor-element elementor-element-81ba2bc animated-fast elementor-invisible elementor-widget elementor-widget-text-editor\" data-id=\"81ba2bc\" data-element_type=\"widget\" data-settings=\"{&quot;_animation&quot;:&quot;fadeInUp&quot;}\" data-widget_type=\"text-editor.default\">\n\t\t\t\t<div class=\"elementor-widget-container\">\n\t\t\t\t\t\t\t\t\t<p>Das Frankfurt-Tel Aviv Center f\u00fcr Interreligi\u00f6se Studien ging am 19. Dezember mit einer zweit\u00e4gigen Tagung in Israel an den Start. H\u00f6hepunkt des Auftakts war die Unterzeichnung des Kooperationsvertrages durch die Universit\u00e4tspr\u00e4sidenten der Tel Aviv University und der Goethe-Universit\u00e4t. Vor einem Jahr war bereits ein \u201eLetter of Intent\u201c unterzeichnet worden. Das neue Zentrum widmet sich der Erforschung religi\u00f6ser und interreligi\u00f6ser Dynamiken.<\/p><p><a href=\"https:\/\/www.puk.uni-frankfurt.de\/130028456\/Frankfurt_Tel_Aviv_Center_startet_nun_offiziell_mit_einer_Konferenz_in_Israel\">Frankfurt-Tel Aviv Center startet nun offiziell mit einer Konferenz in Israel<\/a><\/p>\t\t\t\t\t\t\t\t<\/div>\n\t\t\t\t<\/div>\n\t\t\t\t\t<\/div>\n\t\t<\/div>\n\t\t\t\t\t<\/div>\n\t\t<\/section>\n\t\t\t\t<section class=\"elementor-section elementor-top-section elementor-element elementor-element-3adc6db elementor-section-content-middle animated-fast elementor-section-boxed elementor-section-height-default elementor-section-height-default\" data-id=\"3adc6db\" data-element_type=\"section\" data-settings=\"{&quot;background_background&quot;:&quot;classic&quot;,&quot;animation&quot;:&quot;none&quot;,&quot;_ha_eqh_enable&quot;:false}\">\n\t\t\t\t\t\t<div class=\"elementor-container elementor-column-gap-no\">\n\t\t\t\t\t<div class=\"elementor-column elementor-col-100 elementor-top-column elementor-element elementor-element-0af85ba\" data-id=\"0af85ba\" data-element_type=\"column\" data-settings=\"{&quot;background_background&quot;:&quot;classic&quot;}\">\n\t\t\t<div class=\"elementor-widget-wrap elementor-element-populated\">\n\t\t\t\t\t\t<div class=\"elementor-element elementor-element-c30343e animated-fast elementor-invisible elementor-widget elementor-widget-heading\" data-id=\"c30343e\" data-element_type=\"widget\" data-settings=\"{&quot;_animation&quot;:&quot;fadeInUp&quot;}\" data-widget_type=\"heading.default\">\n\t\t\t\t<div class=\"elementor-widget-container\">\n\t\t\t\t\t<h2 class=\"elementor-heading-title elementor-size-default\">F\u00fcnf gehen ins Rennen<\/h2>\t\t\t\t<\/div>\n\t\t\t\t<\/div>\n\t\t\t\t<div class=\"elementor-element elementor-element-6768755 animated-fast elementor-invisible elementor-widget elementor-widget-text-editor\" data-id=\"6768755\" data-element_type=\"widget\" data-settings=\"{&quot;_animation&quot;:&quot;fadeInUp&quot;}\" data-widget_type=\"text-editor.default\">\n\t\t\t\t<div class=\"elementor-widget-container\">\n\t\t\t\t\t\t\t\t\t<p>Ende 2022 fiel an der Goethe-Universit\u00e4t die Entscheidung: F\u00fcr die anstehende Runde der Exzellenzstrategie des Bundes und der L\u00e4nder wird sich die Universit\u00e4t im kommenden Jahr mit vier neuen Forschungsclustern bewerben. Der seit 2019 bestehende Exzellenzcluster Cardiopulmonary Institute (CPI<em>)<\/em> wird direkt einen Vollantrag einreichen.<\/p><p>Die neuen Forschungsprojekte forschen zu den Themen Vertrauen im Konflikt (CONTRUST), Infektion und Entz\u00fcndung (EMTHERA), Ursprung der Schweren Elemente (ELEMENTS) und zellul\u00e4re Architekturen (SCALE). Dabei kooperieren die Wissenschaftler*innen der Goethe-Universit\u00e4t mit Kolleg:innen des Verbunds der Rhein-Main-Universit\u00e4ten (RMU) und weiteren Partnern.<\/p>\t\t\t\t\t\t\t\t<\/div>\n\t\t\t\t<\/div>\n\t\t\t\t\t<\/div>\n\t\t<\/div>\n\t\t\t\t\t<\/div>\n\t\t<\/section>\n\t\t\t\t<section class=\"elementor-section elementor-top-section elementor-element elementor-element-40a4c61 elementor-section-content-middle animated-fast elementor-section-boxed elementor-section-height-default elementor-section-height-default\" data-id=\"40a4c61\" data-element_type=\"section\" data-settings=\"{&quot;background_background&quot;:&quot;classic&quot;,&quot;animation&quot;:&quot;none&quot;,&quot;_ha_eqh_enable&quot;:false}\">\n\t\t\t\t\t\t<div class=\"elementor-container elementor-column-gap-no\">\n\t\t\t\t\t<div class=\"elementor-column elementor-col-100 elementor-top-column elementor-element elementor-element-c21c205\" data-id=\"c21c205\" data-element_type=\"column\" data-settings=\"{&quot;background_background&quot;:&quot;classic&quot;}\">\n\t\t\t<div class=\"elementor-widget-wrap elementor-element-populated\">\n\t\t\t\t\t\t<div class=\"elementor-element elementor-element-2ccec55 animated-fast elementor-invisible elementor-widget elementor-widget-heading\" data-id=\"2ccec55\" data-element_type=\"widget\" data-settings=\"{&quot;_animation&quot;:&quot;fadeInUp&quot;}\" data-widget_type=\"heading.default\">\n\t\t\t\t<div class=\"elementor-widget-container\">\n\t\t\t\t\t<h2 class=\"elementor-heading-title elementor-size-default\">Ausgezeichnet: Fritz-Bauer-Institut<\/h2>\t\t\t\t<\/div>\n\t\t\t\t<\/div>\n\t\t\t\t<div class=\"elementor-element elementor-element-ba13c6a animated-fast elementor-invisible elementor-widget elementor-widget-text-editor\" data-id=\"ba13c6a\" data-element_type=\"widget\" data-settings=\"{&quot;_animation&quot;:&quot;fadeInUp&quot;}\" data-widget_type=\"text-editor.default\">\n\t\t\t\t<div class=\"elementor-widget-container\">\n\t\t\t\t\t\t\t\t\t<p>Das Fritz-Bauer-Institut bietet mit seiner hochwertigen Forschung \u201ebeeindruckende Leistungen\u201c trotz seiner \u201egeringen personellen Ausstattung\u201c \u2013 so hei\u00dft es in einem Bericht des Wissenschaftsrats, der vom Hessischen Ministerium f\u00fcr Wissenschaft und Kunst mit der Evaluation des Instituts beauftragt wurde. Die Forschung des Frankfurter Instituts zu nationalsozialistischen Gewaltverbrechen, vor allem zum Holocaust, sowie zum juristischen und gesellschaftlichen Umgang damit nach 1945 sei von hoher Qualit\u00e4t. Positiv hervorgehoben wird auch die engere Zusammenarbeit mit der Universit\u00e4t, die durch eine Kooperationsprofessur erm\u00f6glicht wurde.<\/p><p><a href=\"https:\/\/www.puk.uni-frankfurt.de\/127364018\/Wissenschaftsrat_bescheinigt_Fritz_Bauer_Institut__beeindruckende_Leistungen\">Wissenschaftsrat bescheinigt Fritz Bauer Institut \u201ebeeindruckende Leistungen\u201c\u00a0<\/a><\/p>\t\t\t\t\t\t\t\t<\/div>\n\t\t\t\t<\/div>\n\t\t\t\t\t<\/div>\n\t\t<\/div>\n\t\t\t\t\t<\/div>\n\t\t<\/section>\n\t\t\t\t<section class=\"elementor-section elementor-top-section elementor-element elementor-element-e23413b elementor-section-content-middle animated-fast elementor-section-boxed elementor-section-height-default elementor-section-height-default\" data-id=\"e23413b\" data-element_type=\"section\" data-settings=\"{&quot;background_background&quot;:&quot;classic&quot;,&quot;animation&quot;:&quot;none&quot;,&quot;_ha_eqh_enable&quot;:false}\">\n\t\t\t\t\t\t<div class=\"elementor-container elementor-column-gap-no\">\n\t\t\t\t\t<div class=\"elementor-column elementor-col-100 elementor-top-column elementor-element elementor-element-c7e9484\" data-id=\"c7e9484\" data-element_type=\"column\" data-settings=\"{&quot;background_background&quot;:&quot;classic&quot;}\">\n\t\t\t<div class=\"elementor-widget-wrap elementor-element-populated\">\n\t\t\t\t\t\t<div class=\"elementor-element elementor-element-e385ab8 animated-fast elementor-invisible elementor-widget elementor-widget-heading\" data-id=\"e385ab8\" data-element_type=\"widget\" data-settings=\"{&quot;_animation&quot;:&quot;fadeInUp&quot;}\" data-widget_type=\"heading.default\">\n\t\t\t\t<div class=\"elementor-widget-container\">\n\t\t\t\t\t<h2 class=\"elementor-heading-title elementor-size-default\">Wandel der Arbeitswelt durch Digitalisierung<\/h2>\t\t\t\t<\/div>\n\t\t\t\t<\/div>\n\t\t\t\t<div class=\"elementor-element elementor-element-6d58e69 animated-fast elementor-invisible elementor-widget elementor-widget-text-editor\" data-id=\"6d58e69\" data-element_type=\"widget\" data-settings=\"{&quot;_animation&quot;:&quot;fadeInUp&quot;}\" data-widget_type=\"text-editor.default\">\n\t\t\t\t<div class=\"elementor-widget-container\">\n\t\t\t\t\t\t\t\t\t<p>Eine neue Stiftungsprofessur \u201eDigitale Transformation und Arbeit\u201c bereichert zuk\u00fcnftig die sozialwissenschaftliche Forschung an der Goethe-Universit\u00e4t in der Tradition einer kritischen Gesellschaftstheorie: Dazu wurde Anfang November 2022 der Vertrag von den beiden Stiftern\u00a0<em>ProLife Stiftung<\/em>\u00a0und Frankfurter University of Labour sowie der Goethe-Universit\u00e4t unterzeichnet. Die neue Stiftungsprofessur soll den sozialen Wandel der Arbeitswelt durch die Digitalisierung erforschen.<\/p><p><a href=\"https:\/\/www.puk.uni-frankfurt.de\/128044553\/Das_Digitalzeitalter_verstehen\">Das Digitalzeitalter verstehen<\/a><\/p>\t\t\t\t\t\t\t\t<\/div>\n\t\t\t\t<\/div>\n\t\t\t\t\t<\/div>\n\t\t<\/div>\n\t\t\t\t\t<\/div>\n\t\t<\/section>\n\t\t\t\t<section class=\"elementor-section elementor-top-section elementor-element elementor-element-368bef8 elementor-section-content-middle animated-fast elementor-section-boxed elementor-section-height-default elementor-section-height-default\" data-id=\"368bef8\" data-element_type=\"section\" data-settings=\"{&quot;background_background&quot;:&quot;classic&quot;,&quot;animation&quot;:&quot;none&quot;,&quot;_ha_eqh_enable&quot;:false}\">\n\t\t\t\t\t\t<div class=\"elementor-container elementor-column-gap-no\">\n\t\t\t\t\t<div class=\"elementor-column elementor-col-100 elementor-top-column elementor-element elementor-element-00c2ecb\" data-id=\"00c2ecb\" data-element_type=\"column\" data-settings=\"{&quot;background_background&quot;:&quot;classic&quot;}\">\n\t\t\t<div class=\"elementor-widget-wrap elementor-element-populated\">\n\t\t\t\t\t\t<div class=\"elementor-element elementor-element-f5f6338 animated-fast elementor-invisible elementor-widget elementor-widget-heading\" data-id=\"f5f6338\" data-element_type=\"widget\" data-settings=\"{&quot;_animation&quot;:&quot;fadeInUp&quot;}\" data-widget_type=\"heading.default\">\n\t\t\t\t<div class=\"elementor-widget-container\">\n\t\t\t\t\t<h2 class=\"elementor-heading-title elementor-size-default\">Italienforum: RMU-geb\u00fcndelt<\/h2>\t\t\t\t<\/div>\n\t\t\t\t<\/div>\n\t\t\t\t<div class=\"elementor-element elementor-element-8b8a9cf animated-fast elementor-invisible elementor-widget elementor-widget-text-editor\" data-id=\"8b8a9cf\" data-element_type=\"widget\" data-settings=\"{&quot;_animation&quot;:&quot;fadeInUp&quot;}\" data-widget_type=\"text-editor.default\">\n\t\t\t\t<div class=\"elementor-widget-container\">\n\t\t\t\t\t\t\t\t\t<p>Die Strategische Allianz der Rhein-Main-Universit\u00e4ten (RMU) hat im Dezember 2022 ihr neu gegr\u00fcndetes RMU-Italienforum er\u00f6ffnet. Das Forum soll italienbezogene Forschung an den jeweiligen Universit\u00e4ten vernetzen und sichtbar machen. Dazu haben sich acht Wissenschaftlerinnen und Wissenschaftler der Rhein-Main-Universit\u00e4ten aus geistes- und sozialwissenschaftlichen F\u00e4chern zusammengeschlossen.<\/p><p><a href=\"https:\/\/www.rhein-main-universitaeten.de\/news\/rhein-main-universitaeten-eroeffnen-rmu-italienforum\">Rhein-Main-Universit\u00e4ten er\u00f6ffnen RMU-Italienforum | Rhein-Main Universit\u00e4ten (rhein-main-universitaeten.de)<\/a><\/p>\t\t\t\t\t\t\t\t<\/div>\n\t\t\t\t<\/div>\n\t\t\t\t\t<\/div>\n\t\t<\/div>\n\t\t\t\t\t<\/div>\n\t\t<\/section>\n\t\t\t\t<section class=\"elementor-section elementor-top-section elementor-element elementor-element-dd61046 elementor-section-full_width elementor-section-height-min-height elementor-section-items-stretch elementor-section-height-default\" data-id=\"dd61046\" data-element_type=\"section\" id=\"DFG-Forschungsgruppen\" data-settings=\"{&quot;background_background&quot;:&quot;classic&quot;,&quot;_ha_eqh_enable&quot;:false}\">\n\t\t\t\t\t\t<div class=\"elementor-container elementor-column-gap-default\">\n\t\t\t\t\t<div class=\"elementor-column elementor-col-50 elementor-top-column elementor-element elementor-element-2b1a9d6\" data-id=\"2b1a9d6\" data-element_type=\"column\" data-settings=\"{&quot;background_background&quot;:&quot;classic&quot;}\">\n\t\t\t<div class=\"elementor-widget-wrap elementor-element-populated\">\n\t\t\t\t\t<div class=\"elementor-background-overlay\"><\/div>\n\t\t\t\t\t\t<div class=\"elementor-element elementor-element-841e5ce elementor-widget elementor-widget-spacer\" data-id=\"841e5ce\" data-element_type=\"widget\" data-widget_type=\"spacer.default\">\n\t\t\t\t<div class=\"elementor-widget-container\">\n\t\t\t\t\t\t\t<div class=\"elementor-spacer\">\n\t\t\t<div class=\"elementor-spacer-inner\"><\/div>\n\t\t<\/div>\n\t\t\t\t\t\t<\/div>\n\t\t\t\t<\/div>\n\t\t\t\t<div class=\"elementor-element elementor-element-8a830bf animated-fast ha-has-bg-overlay elementor-invisible elementor-widget elementor-widget-text-editor\" data-id=\"8a830bf\" data-element_type=\"widget\" data-settings=\"{&quot;_animation&quot;:&quot;fadeInUp&quot;}\" data-widget_type=\"text-editor.default\">\n\t\t\t\t<div class=\"elementor-widget-container\">\n\t\t\t\t\t\t\t\t\t<p>Eine Orange ist eine Orange ist eine Orange: Ein f\u00fcr die Bild- und Spracherkennung entwickeltes KI-System kann ein Bild von einer Orange mit dem Wort \u201eOrange\u201c verkn\u00fcpfen. Auf andere Sinneseindr\u00fccke verallgemeinern kann es jedoch nicht \u2013 was unser Gehirn dagegen m\u00fchelos schafft (Foto: Mae Mu\/unplash)<\/p>\t\t\t\t\t\t\t\t<\/div>\n\t\t\t\t<\/div>\n\t\t\t\t\t<\/div>\n\t\t<\/div>\n\t\t\t\t<div class=\"elementor-column elementor-col-50 elementor-top-column elementor-element elementor-element-b5e2668\" data-id=\"b5e2668\" data-element_type=\"column\">\n\t\t\t<div class=\"elementor-widget-wrap elementor-element-populated\">\n\t\t\t\t\t\t<div class=\"elementor-element elementor-element-561a2b2 animated-fast elementor-invisible elementor-widget elementor-widget-heading\" data-id=\"561a2b2\" data-element_type=\"widget\" data-settings=\"{&quot;_animation&quot;:&quot;fadeInUp&quot;}\" data-widget_type=\"heading.default\">\n\t\t\t\t<div class=\"elementor-widget-container\">\n\t\t\t\t\t<h2 class=\"elementor-heading-title elementor-size-default\">Wenn Hirnforschung und K\u00fcnstliche Intelligenz im Austausch sind<\/h2>\t\t\t\t<\/div>\n\t\t\t\t<\/div>\n\t\t\t\t<div class=\"elementor-element elementor-element-45a9054 e-transform animated-fast elementor-invisible elementor-widget elementor-widget-text-editor\" data-id=\"45a9054\" data-element_type=\"widget\" data-settings=\"{&quot;_transform_translateY_effect_mobile&quot;:{&quot;unit&quot;:&quot;px&quot;,&quot;size&quot;:-50,&quot;sizes&quot;:[]},&quot;_animation&quot;:&quot;fadeInUp&quot;,&quot;_transform_translateX_effect&quot;:{&quot;unit&quot;:&quot;px&quot;,&quot;size&quot;:&quot;&quot;,&quot;sizes&quot;:[]},&quot;_transform_translateX_effect_tablet&quot;:{&quot;unit&quot;:&quot;px&quot;,&quot;size&quot;:&quot;&quot;,&quot;sizes&quot;:[]},&quot;_transform_translateX_effect_mobile&quot;:{&quot;unit&quot;:&quot;px&quot;,&quot;size&quot;:&quot;&quot;,&quot;sizes&quot;:[]},&quot;_transform_translateY_effect&quot;:{&quot;unit&quot;:&quot;px&quot;,&quot;size&quot;:&quot;&quot;,&quot;sizes&quot;:[]},&quot;_transform_translateY_effect_tablet&quot;:{&quot;unit&quot;:&quot;px&quot;,&quot;size&quot;:&quot;&quot;,&quot;sizes&quot;:[]}}\" data-widget_type=\"text-editor.default\">\n\t\t\t\t<div class=\"elementor-widget-container\">\n\t\t\t\t\t\t\t\t\t<p>Wie abstraktes Wissen im Gehirn gespeichert wird, untersuchen Psycholog:innen und Informatiker:innen in der neuen DFG-Forschungsgruppe ARENA. Die Erkenntnisse sollen dazu beitragen, k\u00fcnstlich intelligente (KI)-Systeme effizienter und flexibler zu machen.<\/p>\t\t\t\t\t\t\t\t<\/div>\n\t\t\t\t<\/div>\n\t\t\t\t\t<\/div>\n\t\t<\/div>\n\t\t\t\t\t<\/div>\n\t\t<\/section>\n\t\t\t\t<section class=\"elementor-section elementor-top-section elementor-element elementor-element-8746a27 elementor-section-content-middle elementor-section-boxed elementor-section-height-default elementor-section-height-default\" data-id=\"8746a27\" data-element_type=\"section\" data-settings=\"{&quot;_ha_eqh_enable&quot;:false}\">\n\t\t\t\t\t\t<div class=\"elementor-container elementor-column-gap-no\">\n\t\t\t\t\t<div class=\"elementor-column elementor-col-100 elementor-top-column elementor-element elementor-element-1232168\" data-id=\"1232168\" data-element_type=\"column\">\n\t\t\t<div class=\"elementor-widget-wrap elementor-element-populated\">\n\t\t\t\t\t\t<div class=\"elementor-element elementor-element-1b6acd1 animated-fast elementor-invisible elementor-widget elementor-widget-text-editor\" data-id=\"1b6acd1\" data-element_type=\"widget\" data-settings=\"{&quot;_animation&quot;:&quot;fadeInUp&quot;}\" data-widget_type=\"text-editor.default\">\n\t\t\t\t<div class=\"elementor-widget-container\">\n\t\t\t\t\t\t\t\t\t<p>Seitdem k\u00fcnstlich intelligente Systeme Objekte und Sprache zuverl\u00e4ssig erkennen k\u00f6nnen, erlebt die KI-Forschung einen Boom. Doch nach wie vor m\u00fcssen die Systeme mit hohem Arbeits- und Energieaufwand trainiert werden \u2013 und speichern ihr Wissen \u00fcber Objekte und W\u00f6rter trotzdem anders als das menschliche Gehirn: Moderne KI-Systeme sind in der Regel neuronale Netzwerkmodelle. Sie bestehen aus mehreren Schichten von k\u00fcnstlichen Nervenzellen, die miteinander verkn\u00fcpft sind. Deshalb werden sie auch als tiefe neuronale Netze (\u201edeep neural networks\u201c) bezeichnet. Ein KI-System, das f\u00fcr die Bilderkennung und die Spracherkennung entwickelt wurde, kann ein Bild von einer Orange (Input) mit dem Wort \u201eOrange\u201c (Output) verkn\u00fcpfen. Auf andere Sinneseindr\u00fccke verallgemeinern kann ein solches KI-System jedoch nicht \u2013 was unser Gehirn dagegen m\u00fchelos schafft.<\/p><p>Denn eine der wichtigsten Eigenschaften des menschlichen Gehirns ist die F\u00e4higkeit zur Abstraktion: So kann unser Wissen \u00fcber eine Orange aktiviert werden, wenn wir sie sehen, sie f\u00fchlen, schmecken oder riechen. Unser semantisches Wissen \u00fcber Orangen wird also im Gehirn abstrakt abgebildet oder repr\u00e4sentiert \u2013 unabh\u00e4ngig davon, wie wir Orangen \u00fcber die Sinne wahrnehmen.<\/p><p>Diese Art der abstrakten Wissensrepr\u00e4sentation k\u00f6nnte die KI vom menschlichen Gehirn lernen. Allerdings ist das \u201aFormat\u2018, in dem unser semantisches Wissen im menschlichen Gehirn gespeichert ist, noch nicht gut verstanden. Hier wiederum kann die Hirnforschung von den m\u00e4chtigen KI-Modellen profitieren. Die von der Deutschen Forschungsgemeinschaft (DFG) gef\u00f6rderte interdisziplin\u00e4re Forschungsgruppe ARENA (\u201eAbstrakte Repr\u00e4sentationen in neuronalen Architekturen\u201c) an den Instituten f\u00fcr Psychologie und f\u00fcr Informatik der Goethe-Universit\u00e4t, dem Frankfurt Institute for Advanced Studies (FIAS) und dem Max-Planck-Institut f\u00fcr Softwaresysteme in Saarbr\u00fccken schl\u00e4gt eine Br\u00fccke zwischen Informatik, Psychologie und Neurowissenschaften, um diese Fragestellungen zu erforschen. Sie erh\u00e4lt in den kommenden vier Jahren insgesamt rund 3,7 Millionen Euro.<\/p><p>Ein wichtiges Ziel der ARENA-Forschungsgruppe ist es, zu untersuchen, ob KI-Systeme, die mit Daten unterschiedlicher Formate \u2013 mit Bildern, Sprache oder Videos, also mit multimodalen Daten \u2013 trainiert werden, abstraktere oder zumindest dem menschlichen Gehirn \u00e4hnlichere Wissensformen entwickeln. Bei diesen Arbeiten nimmt Prof. Gemma Roig, die in der Forschungsgruppe als Br\u00fcckenprofessorin zwischen Informatik und Psychologie fungiert, eine tragende Rolle ein.<\/p><p>Umgekehrt interessiert die Psycholog:innen und Neurowissenschaftler:innen, wie gut KI-Systeme die Arbeitsweise des Gehirns bei der Verarbeitung abstrakter Bedeutungen erkl\u00e4ren k\u00f6nnen. Dazu wollen sie vergleichen, wie ein KI-System und das menschliche Gehirn arbeiten, wenn sie dieselben Aufgaben l\u00f6sen. Zur Beantwortung dieser Fragestellung werden KI-Modelle als ein statistisches Werkzeug zur Analyse von Hirnaktivit\u00e4t verwendet, die mit den Methoden der funktionellen Magnetresonanztomographie und der Magnetenzephalographie am Brain Imaging Center am Universit\u00e4tsklinikum w\u00e4hrend der Bearbeitung von Sprach- und Objekterkennungsaufgaben gemessen werden. Die Forscher:innen erwarten, dass dabei auf dem h\u00f6chsten Abstraktionsgrad die gleichen Repr\u00e4sentationen im Gehirn angesprochen werden.<\/p><p>Ein Kernst\u00fcck dieser Arbeit wird die Erhebung eines sehr gro\u00dfen Datensatzes an Versuchspersonen sein, die in mehreren Untersuchungssitzungen eine ganze Reihe von entsprechenden Aufgaben bearbeiten, w\u00e4hrend ihre Hirnaktivit\u00e4t gemessen wird. \u201eDer geplante Datensatz ist einzigartig und soll in der Zukunft auch im Sinne der Open Science mit anderen Wissenschaftlerinnen und Wissenschaftlern geteilt werden\u201c, erl\u00e4utert Christian Fiebach, Sprecher der ARENA-Forschungsgruppe und Professor f\u00fcr Neurokognitive Psychologie am Fachbereich Psychologie.<\/p><p>Doch zun\u00e4chst dienen die erhobenen Daten den Modellierer:innen in der ARENA-Forschungsgruppe, zu erforschen, ob sie KI-Systeme nach dem biologischen Vorbild des menschlichen Gehirns flexibler und effizienter gestalten k\u00f6nnen. Hierzu werden auch Erkenntnisse aus der Entwicklungspsychologie einbezogen. Umgekehrt m\u00f6chten die Experimentator:innen von den Modellierer:innen neue Analysetechniken lernen, um ihre Modelle des Gehirns zu pr\u00e4zisieren. Oder anders gesagt: Wie l\u00e4sst sich das neuronale Abbild der Orange im Gehirn besser entschl\u00fcsseln, und wie kann diese Erkenntnis dazu beitragen, KI-Modellen in der Zukunft ein menschen\u00e4hnlicheres Wissen \u00fcber die Orange zu vermitteln?<\/p>\t\t\t\t\t\t\t\t<\/div>\n\t\t\t\t<\/div>\n\t\t\t\t<div class=\"elementor-element elementor-element-7e457cf animated-fast elementor-invisible elementor-widget elementor-widget-text-editor\" data-id=\"7e457cf\" data-element_type=\"widget\" data-settings=\"{&quot;_animation&quot;:&quot;fadeInUp&quot;}\" data-widget_type=\"text-editor.default\">\n\t\t\t\t<div class=\"elementor-widget-container\">\n\t\t\t\t\t\t\t\t\t<p>(mb)<\/p>\t\t\t\t\t\t\t\t<\/div>\n\t\t\t\t<\/div>\n\t\t\t\t<div class=\"elementor-element elementor-element-362a759 animated-fast ha-has-bg-overlay elementor-invisible elementor-widget elementor-widget-text-editor\" data-id=\"362a759\" data-element_type=\"widget\" data-settings=\"{&quot;_animation&quot;:&quot;fadeInUp&quot;}\" data-widget_type=\"text-editor.default\">\n\t\t\t\t<div class=\"elementor-widget-container\">\n\t\t\t\t\t\t\t\t\t<p><strong>Neue Forschungsgruppen der Deutschen Forschungsgemeinschaft (DFG) unter Frankfurter Sprecherschaft<\/strong><\/p><p>In Forschungsgruppen der Deutschen Forschungsgemeinschaft (DFG) werden mehrere herausragende Wissenschaftler*innen bei der gemeinsamen Bearbeitung einer Forschungsaufgabe gef\u00f6rdert. Diese F\u00f6rderung geht \u00fcber die F\u00f6rderungsm\u00f6glichkeiten der DFG im Rahmen einer Einzelf\u00f6rderung weit hinaus.\u00a0<\/p><p>F\u00fcnf gro\u00dfe Traumazentren in Deutschland, an den Universit\u00e4ten Frankfurt, Ulm, Aachen, Magdeburg und Erlangen, haben sich zur DFG-Forschungsgruppe \u201eTranslational Polytrauma Research to Provide Diagnostic and Therapeutic Tools for Improving Outcomes\u201c (FOR 5417) verbunden, die 2022 erstmals gef\u00f6rdert wurde. Der Verbund unter der Sprecherschaft von Prof. Ingo Marzi vom Fachbereich Medizin der Goethe-Universit\u00e4t will dazu beitragen, nach einem Trauma den klinischen Verlauf besser zu erkl\u00e4ren und vorherzusagen. Die F\u00f6rdersumme f\u00fcr die erste F\u00f6rderperiode von vier Jahren betr\u00e4gt circa 3,5 Millionen Euro.<\/p><p>Zu den beiden weiteren neuen DFG-gef\u00f6rderten Forschungsgruppen lesen Sie die Beitr\u00e4ge \u201eAustausch zwischen Hirnforschung und K\u00fcnstlicher Intelligenz\u201c und \u201eWie sich famili\u00e4re Entscheidungen auf die Wirtschaft auswirken \u2013 und umgekehrt\u201c.<\/p>\t\t\t\t\t\t\t\t<\/div>\n\t\t\t\t<\/div>\n\t\t\t\t<div class=\"elementor-element elementor-element-dc17058 animated-fast ha-has-bg-overlay elementor-invisible elementor-widget elementor-widget-text-editor\" data-id=\"dc17058\" data-element_type=\"widget\" data-settings=\"{&quot;_animation&quot;:&quot;fadeInUp&quot;}\" data-widget_type=\"text-editor.default\">\n\t\t\t\t<div class=\"elementor-widget-container\">\n\t\t\t\t\t\t\t\t\t<p><strong>Reinhart-Koselleck-Projekt der Deutschen Forschungsgemeinschaft<\/strong><\/p><p>Der Mikrobiologe Prof. Volker M\u00fcller hat Reinhart-Koselleck-Projekt der Deutschen Forschungsgemeinschaft eingeworben, das besonders innovative und im positiven Sinne risikobehaftete Forschungsprojekte f\u00f6rdert. M\u00fcller erforscht erfolgreich seit Jahren, wie Essigs\u00e4ure-herstellende Bakterien (Acetogene) Energie aus C02 gewinnen. Jetzt m\u00f6chte er das letzte R\u00e4tsel dieser Energieerzeugung knacken.<\/p>\t\t\t\t\t\t\t\t<\/div>\n\t\t\t\t<\/div>\n\t\t\t\t\t<\/div>\n\t\t<\/div>\n\t\t\t\t\t<\/div>\n\t\t<\/section>\n\t\t\t\t<section class=\"elementor-section elementor-top-section elementor-element elementor-element-4b6bbe0 elementor-section-content-top elementor-section-boxed elementor-section-height-default elementor-section-height-default\" data-id=\"4b6bbe0\" data-element_type=\"section\" id=\"DFG-Forschungsgruppen-2\" data-settings=\"{&quot;background_background&quot;:&quot;classic&quot;,&quot;_ha_eqh_enable&quot;:false}\">\n\t\t\t\t\t\t<div class=\"elementor-container elementor-column-gap-no\">\n\t\t\t\t\t<div class=\"elementor-column elementor-col-100 elementor-top-column elementor-element elementor-element-57219f9\" data-id=\"57219f9\" data-element_type=\"column\" data-settings=\"{&quot;background_background&quot;:&quot;classic&quot;}\">\n\t\t\t<div class=\"elementor-widget-wrap elementor-element-populated\">\n\t\t\t\t\t<div class=\"elementor-background-overlay\"><\/div>\n\t\t\t\t\t\t<div class=\"elementor-element elementor-element-38ecf44 elementor-widget elementor-widget-spacer\" data-id=\"38ecf44\" data-element_type=\"widget\" data-widget_type=\"spacer.default\">\n\t\t\t\t<div class=\"elementor-widget-container\">\n\t\t\t\t\t\t\t<div class=\"elementor-spacer\">\n\t\t\t<div class=\"elementor-spacer-inner\"><\/div>\n\t\t<\/div>\n\t\t\t\t\t\t<\/div>\n\t\t\t\t<\/div>\n\t\t\t\t<div class=\"elementor-element elementor-element-c9c5a74 animated-fast e-transform ha-has-bg-overlay elementor-invisible elementor-widget elementor-widget-text-editor\" data-id=\"c9c5a74\" data-element_type=\"widget\" data-settings=\"{&quot;_animation&quot;:&quot;fadeInUp&quot;,&quot;_transform_rotateZ_effect&quot;:{&quot;unit&quot;:&quot;px&quot;,&quot;size&quot;:&quot;&quot;,&quot;sizes&quot;:[]},&quot;_transform_rotateZ_effect_tablet&quot;:{&quot;unit&quot;:&quot;deg&quot;,&quot;size&quot;:&quot;&quot;,&quot;sizes&quot;:[]},&quot;_transform_rotateZ_effect_mobile&quot;:{&quot;unit&quot;:&quot;deg&quot;,&quot;size&quot;:&quot;&quot;,&quot;sizes&quot;:[]}}\" data-widget_type=\"text-editor.default\">\n\t\t\t\t<div class=\"elementor-widget-container\">\n\t\t\t\t\t\t\t\t\t<p>Wie private Haushalte organisiert sind, beeinflusst Einkommen, Konsum und Verm\u00f6gen in einer Volkswirtschaft. (Foto: Annie Spratt\/Unplash)<\/p>\t\t\t\t\t\t\t\t<\/div>\n\t\t\t\t<\/div>\n\t\t\t\t\t<\/div>\n\t\t<\/div>\n\t\t\t\t\t<\/div>\n\t\t<\/section>\n\t\t\t\t<section class=\"elementor-section elementor-top-section elementor-element elementor-element-39b3dfc elementor-section-content-middle elementor-section-boxed elementor-section-height-default elementor-section-height-default\" data-id=\"39b3dfc\" data-element_type=\"section\" data-settings=\"{&quot;background_background&quot;:&quot;classic&quot;,&quot;_ha_eqh_enable&quot;:false}\">\n\t\t\t\t\t\t<div class=\"elementor-container elementor-column-gap-no\">\n\t\t\t\t\t<div class=\"elementor-column elementor-col-100 elementor-top-column elementor-element elementor-element-316c4e7\" data-id=\"316c4e7\" data-element_type=\"column\">\n\t\t\t<div class=\"elementor-widget-wrap elementor-element-populated\">\n\t\t\t\t\t\t<div class=\"elementor-element elementor-element-0bf4840 elementor-align-center elementor-mobile-align-start elementor-icon-list--layout-traditional elementor-list-item-link-full_width elementor-widget elementor-widget-icon-list\" data-id=\"0bf4840\" data-element_type=\"widget\" data-widget_type=\"icon-list.default\">\n\t\t\t\t<div class=\"elementor-widget-container\">\n\t\t\t\t\t\t\t<ul class=\"elementor-icon-list-items\">\n\t\t\t\t\t\t\t<li class=\"elementor-icon-list-item\">\n\t\t\t\t\t\t\t\t\t\t\t<span class=\"elementor-icon-list-icon\">\n\t\t\t\t\t\t\t<i aria-hidden=\"true\" class=\"fas fa-chevron-up\"><\/i>\t\t\t\t\t\t<\/span>\n\t\t\t\t\t\t\t\t\t\t<span class=\"elementor-icon-list-text\">DFG-Forschungsgruppen<\/span>\n\t\t\t\t\t\t\t\t\t<\/li>\n\t\t\t\t\t\t<\/ul>\n\t\t\t\t\t\t<\/div>\n\t\t\t\t<\/div>\n\t\t\t\t<div class=\"elementor-element elementor-element-43d540f elementor-widget elementor-widget-heading\" data-id=\"43d540f\" data-element_type=\"widget\" data-widget_type=\"heading.default\">\n\t\t\t\t<div class=\"elementor-widget-container\">\n\t\t\t\t\t<h1 class=\"elementor-heading-title elementor-size-default\">Wie sich famili\u00e4re Entscheidungen auf die Wirtschaft auswirken \u2013 und umgekehrt<\/h1>\t\t\t\t<\/div>\n\t\t\t\t<\/div>\n\t\t\t\t<div class=\"elementor-element elementor-element-ac8f73c animated-fast elementor-invisible elementor-widget elementor-widget-text-editor\" data-id=\"ac8f73c\" data-element_type=\"widget\" data-settings=\"{&quot;_animation&quot;:&quot;fadeInUp&quot;}\" data-widget_type=\"text-editor.default\">\n\t\t\t\t<div class=\"elementor-widget-container\">\n\t\t\t\t\t\t\t\t\t<p>Singles, Paare, alleinerziehende Elternteile, Familien mit einem Kind oder mit mehreren \u2013 private Haushalte k\u00f6nnen sehr unterschiedlich aussehen. Eine neue Forschungsgruppe an der Goethe-Universit\u00e4t will herausfinden, wie sich das individuelle Verhalten von Haushalten einerseits und die gesamtwirtschaftliche Situation und die Familienpolitik andererseits gegenseitig beeinflussen.<\/p>\t\t\t\t\t\t\t\t<\/div>\n\t\t\t\t<\/div>\n\t\t\t\t\t<\/div>\n\t\t<\/div>\n\t\t\t\t\t<\/div>\n\t\t<\/section>\n\t\t\t\t<section class=\"elementor-section elementor-top-section elementor-element elementor-element-bd56a38 elementor-section-content-middle elementor-section-boxed elementor-section-height-default elementor-section-height-default\" data-id=\"bd56a38\" data-element_type=\"section\" data-settings=\"{&quot;_ha_eqh_enable&quot;:false}\">\n\t\t\t\t\t\t<div class=\"elementor-container elementor-column-gap-no\">\n\t\t\t\t\t<div class=\"elementor-column elementor-col-100 elementor-top-column elementor-element elementor-element-e3b072d\" data-id=\"e3b072d\" data-element_type=\"column\">\n\t\t\t<div class=\"elementor-widget-wrap elementor-element-populated\">\n\t\t\t\t\t\t<div class=\"elementor-element elementor-element-49781a2 animated-fast elementor-invisible elementor-widget elementor-widget-text-editor\" data-id=\"49781a2\" data-element_type=\"widget\" data-settings=\"{&quot;_animation&quot;:&quot;fadeInUp&quot;}\" data-widget_type=\"text-editor.default\">\n\t\t\t\t<div class=\"elementor-widget-container\">\n\t\t\t\t\t\t\t\t\t<p>Wie Einkommen, Konsum und Verm\u00f6gen in einer Volkswirtschaft verteilt sind, hat viel mit den Entscheidungen zu tun, die in den einzelnen Haushalten getroffen werden. Die Forschungsgruppe \u201eMakro\u00f6konomische Implikationen von Intra-Haushalt-Entscheidungen\u201c (5399) will die Verhaltensweisen einzelner Haushaltsmitglieder im Hinblick auf Konsum-, Besch\u00e4ftigungs- und Investitionsm\u00f6glichkeiten st\u00e4rker in den Blick nehmen und deren Wechselwirkung erforschen. Die Deutsche Forschungsgemeinschaft (DFG) wird die Forschungen f\u00fcr zun\u00e4chst vier Jahre mit 2,44 Millionen Euro finanzieren. Sprecher der Gruppe ist Prof. Alexander Ludwig, der an der Goethe-Universit\u00e4t die Professur f\u00fcr Public Finance and Macroeconomic Dynamics innehat. Die Forschungsgruppe besteht ausschlie\u00dflich aus Frankfurter \u00d6konomen: Georg D\u00fcrnecker, Professor f\u00fcr Internationalen Handel, Entwicklung und Wachstum, die Leibniz-Preistr\u00e4gerin Nicola Fuchs-Sch\u00fcndeln, Professorin f\u00fcr Makro\u00f6konomie und Entwicklung, Leo Kaas, Professor f\u00fcr Volkswirtschaftslehre, insbesondere Makro\u00f6konomik und Arbeitsm\u00e4rkte sowie die Nachwuchswissenschaftlerinnen Chiara Lacava und Dr. Zainab Iftikhar, die ebenfalls auf arbeitsmarkt- und familien\u00f6konomische Fragestellungen spezialisiert sind.<\/p>\t\t\t\t\t\t\t\t<\/div>\n\t\t\t\t<\/div>\n\t\t\t\t<div class=\"elementor-element elementor-element-6c86280 elementor-blockquote--skin-quotation animated-fast elementor-blockquote--align-left elementor-invisible elementor-widget elementor-widget-blockquote\" data-id=\"6c86280\" data-element_type=\"widget\" data-settings=\"{&quot;_animation&quot;:&quot;fadeInUp&quot;}\" data-widget_type=\"blockquote.default\">\n\t\t\t\t<div class=\"elementor-widget-container\">\n\t\t\t\t\t\t\t<blockquote class=\"elementor-blockquote\">\n\t\t\t<p class=\"elementor-blockquote__content\">\n\t\t\t\tTraditionelle makro\u00f6konomische Modelle ber\u00fccksichtigen die Dynamik in privaten Haushalten nicht\t\t\t<\/p>\n\t\t\t\t\t\t\t<div class=\"e-q-footer\">\n\t\t\t\t\t\t\t\t\t\t\t<cite class=\"elementor-blockquote__author\">\u2014 Alexander Ludwig<\/cite>\n\t\t\t\t\t\t\t\t\t\t\t\t\t\t<\/div>\n\t\t\t\t\t<\/blockquote>\n\t\t\t\t\t\t<\/div>\n\t\t\t\t<\/div>\n\t\t\t\t<div class=\"elementor-element elementor-element-7d337c6 animated-fast elementor-invisible elementor-widget elementor-widget-text-editor\" data-id=\"7d337c6\" data-element_type=\"widget\" data-settings=\"{&quot;_animation&quot;:&quot;fadeInUp&quot;}\" data-widget_type=\"text-editor.default\">\n\t\t\t\t<div class=\"elementor-widget-container\">\n\t\t\t\t\t\t\t\t\t<p><span style=\"color: var( --e-global-color-c332436 );\">\u201eTraditionelle makro\u00f6konomische Modelle ber\u00fccksichtigen die Dynamik in privaten Haushalten nicht. Jeder Haushalt wird durch ein einziges Mitglied repr\u00e4sentiert. Mit Hilfe komplexer Wirtschaftsmodelle k\u00f6nnen wir nun Interaktionen zwischen den Haushaltsmitgliedern in makro\u00f6konomische Modelle einf\u00fchren\u201c, erkl\u00e4rt Prof. Ludwig. Auf diese Weise werde man dazu beitragen, die mikro\u00f6konomischen Grundlagen der Makro\u00f6konomie noch besser zu verstehen. Das Thema Ungleichheit soll nicht nur zwischen Haushalten untersucht werden, sondern auch innerhalb von Haushalten \u2013 z.B. der ungleichen Einkommensverteilung zwischen Mann und Frau.<\/span><\/p><p>Die Forschungen sind in acht Projekte gegliedert, die unterschiedliche Themen bearbeiten werden. Eines der Projekte widmet sich der Frage, inwiefern die M\u00f6glichkeit, Eizellen einzufrieren und damit die Realisierung des Kinderwunsches zu vertagen, die Arbeitsbiographien von Frauen beeinflussen kann. Manche Firmen bieten dabei eine Kosten\u00fcbernahme an, um so die Arbeitskraft im Betrieb halten zu k\u00f6nnen. Doch welche Auswirkungen hat dies auf die Frauen? Und auf die gesamte Volkswirtschaft? Weitere Themen sind etwa die Auswirkungen innerfamili\u00e4rer Arbeitsteilung auf die Einkommenssituation von Individuen oder die Wohnentscheidungen von Familien in Abh\u00e4ngigkeit von wohnungspolitischen Ma\u00dfnahmen.<\/p><p>Die Forschenden erhoffen sich von ihrer Arbeit einen grundlegenden Erkenntniszuwachs dar\u00fcber, wie \u00f6konomische Ma\u00dfnahmen wirken, die etwa durch Steuer- und Transferzahlungen Arbeitsangebots-, Spar-, Fertilit\u00e4ts- und Wohnnachfrageentscheidungen beeinflussen. Diese Ma\u00dfnahmen sollen hinsichtlich ihrer gesamtwirtschaftlichen Effizienz- und ihrer Verteilungswirkungen untersucht werden. Um diese Zusammenh\u00e4nge sichtbar zu machen, wird etwa gefragt, inwieweit die Spezialisierung eines Partners in einer Familie auf dem Arbeitsmarkt, verursacht etwa durch die Geburt eines Kindes oder durch steuerpolitische Ma\u00dfnahmen wie Ehegattensplittingtarife, zu st\u00e4rkerer Ungleichheit zwischen M\u00e4nnern und Frauen f\u00fchrt. Untersucht wird auch, inwieweit dies die gesamt\u00f6konomische Effizienz verringert \u2013 z.B. durch eine verringerte Erwerbspartizipation von Frauen \u2013 oder etwa erh\u00f6ht \u2013, da eine st\u00e4rkere Spezialisierung die Arbeitsproduktivit\u00e4t des Hauptern\u00e4hrers im Haushalt steigert.<\/p>\t\t\t\t\t\t\t\t<\/div>\n\t\t\t\t<\/div>\n\t\t\t\t<div class=\"elementor-element elementor-element-e88fbc8 animated-fast elementor-invisible elementor-widget elementor-widget-text-editor\" data-id=\"e88fbc8\" data-element_type=\"widget\" data-settings=\"{&quot;_animation&quot;:&quot;fadeInUp&quot;}\" data-widget_type=\"text-editor.default\">\n\t\t\t\t<div class=\"elementor-widget-container\">\n\t\t\t\t\t\t\t\t\t<p>(asa)<\/p>\t\t\t\t\t\t\t\t<\/div>\n\t\t\t\t<\/div>\n\t\t\t\t\t<\/div>\n\t\t<\/div>\n\t\t\t\t\t<\/div>\n\t\t<\/section>\n\t\t\t\t<section class=\"elementor-section elementor-top-section elementor-element elementor-element-c0cd922 elementor-section-full_width elementor-section-height-min-height elementor-section-items-stretch elementor-section-height-default\" data-id=\"c0cd922\" data-element_type=\"section\" id=\"graduiertenkollegs\" data-settings=\"{&quot;background_background&quot;:&quot;classic&quot;,&quot;_ha_eqh_enable&quot;:false}\">\n\t\t\t\t\t\t<div class=\"elementor-container elementor-column-gap-default\">\n\t\t\t\t\t<div class=\"elementor-column elementor-col-50 elementor-top-column elementor-element elementor-element-77e642c\" data-id=\"77e642c\" data-element_type=\"column\" data-settings=\"{&quot;background_background&quot;:&quot;classic&quot;}\">\n\t\t\t<div class=\"elementor-widget-wrap elementor-element-populated\">\n\t\t\t\t\t<div class=\"elementor-background-overlay\"><\/div>\n\t\t\t\t\t\t<div class=\"elementor-element elementor-element-14a9e74 elementor-widget elementor-widget-spacer\" data-id=\"14a9e74\" data-element_type=\"widget\" data-widget_type=\"spacer.default\">\n\t\t\t\t<div class=\"elementor-widget-container\">\n\t\t\t\t\t\t\t<div class=\"elementor-spacer\">\n\t\t\t<div class=\"elementor-spacer-inner\"><\/div>\n\t\t<\/div>\n\t\t\t\t\t\t<\/div>\n\t\t\t\t<\/div>\n\t\t\t\t<div class=\"elementor-element elementor-element-4b7c325 animated-fast ha-has-bg-overlay elementor-invisible elementor-widget elementor-widget-text-editor\" data-id=\"4b7c325\" data-element_type=\"widget\" data-settings=\"{&quot;_animation&quot;:&quot;fadeInUp&quot;}\" data-widget_type=\"text-editor.default\">\n\t\t\t\t<div class=\"elementor-widget-container\">\n\t\t\t\t\t\t\t\t\t<p>Erforschen auf verschiedene Weise die Zukunft: Professorinnen und Professoren am neuen Graduiertenkolleg \u201eFixing Futures\u201c (obere Reihe, von links nach rechts): Thomas\u00a0<strong>Lemke<\/strong>\u00a0(Foto: Mafra Merielli), Martina Klausner (Foto: privat), Peter Lindner (Foto: A. Nikulin), Thomas Scheffer (Foto: Uwe Dettmar), (untere Reihe, von links nach rechts): Marc Boeckler (Foto: privat), Lizzie Richardson (Foto: privat), Barbara Brandl (Foto: Jan-Frederik Bandel), Josef Barla (Foto: Merielli Mafra), Gisela Welz (Foto: privat).<\/p>\t\t\t\t\t\t\t\t<\/div>\n\t\t\t\t<\/div>\n\t\t\t\t\t<\/div>\n\t\t<\/div>\n\t\t\t\t<div class=\"elementor-column elementor-col-50 elementor-top-column elementor-element elementor-element-cae14d2\" data-id=\"cae14d2\" data-element_type=\"column\">\n\t\t\t<div class=\"elementor-widget-wrap elementor-element-populated\">\n\t\t\t\t\t\t<div class=\"elementor-element elementor-element-8f27261 animated-fast elementor-invisible elementor-widget elementor-widget-heading\" data-id=\"8f27261\" data-element_type=\"widget\" data-settings=\"{&quot;_animation&quot;:&quot;fadeInUp&quot;}\" data-widget_type=\"heading.default\">\n\t\t\t\t<div class=\"elementor-widget-container\">\n\t\t\t\t\t<h2 class=\"elementor-heading-title elementor-size-default\">Wie Zukunft \u201erepariert\u201c werden kann<\/h2>\t\t\t\t<\/div>\n\t\t\t\t<\/div>\n\t\t\t\t<div class=\"elementor-element elementor-element-0ede7e9 e-transform animated-fast elementor-invisible elementor-widget elementor-widget-text-editor\" data-id=\"0ede7e9\" data-element_type=\"widget\" data-settings=\"{&quot;_transform_translateY_effect_mobile&quot;:{&quot;unit&quot;:&quot;px&quot;,&quot;size&quot;:-50,&quot;sizes&quot;:[]},&quot;_animation&quot;:&quot;fadeInUp&quot;,&quot;_transform_translateX_effect&quot;:{&quot;unit&quot;:&quot;px&quot;,&quot;size&quot;:&quot;&quot;,&quot;sizes&quot;:[]},&quot;_transform_translateX_effect_tablet&quot;:{&quot;unit&quot;:&quot;px&quot;,&quot;size&quot;:&quot;&quot;,&quot;sizes&quot;:[]},&quot;_transform_translateX_effect_mobile&quot;:{&quot;unit&quot;:&quot;px&quot;,&quot;size&quot;:&quot;&quot;,&quot;sizes&quot;:[]},&quot;_transform_translateY_effect&quot;:{&quot;unit&quot;:&quot;px&quot;,&quot;size&quot;:&quot;&quot;,&quot;sizes&quot;:[]},&quot;_transform_translateY_effect_tablet&quot;:{&quot;unit&quot;:&quot;px&quot;,&quot;size&quot;:&quot;&quot;,&quot;sizes&quot;:[]}}\" data-widget_type=\"text-editor.default\">\n\t\t\t\t<div class=\"elementor-widget-container\">\n\t\t\t\t\t\t\t\t\t<p>Wie bereitet man sich auf zuk\u00fcnftige Ereignisse vor? Welche Rolle spielen dabei neue Technologien? Und was ist, wenn alles anders kommt als erwartet? Mit diesen Fragen besch\u00e4ftigt sich das neue Graduiertenkolleg \u201eFixing Futures\u201c an der Goethe-Universit\u00e4t.\u00a0 \u00a0<\/p>\t\t\t\t\t\t\t\t<\/div>\n\t\t\t\t<\/div>\n\t\t\t\t\t<\/div>\n\t\t<\/div>\n\t\t\t\t\t<\/div>\n\t\t<\/section>\n\t\t\t\t<section class=\"elementor-section elementor-top-section elementor-element elementor-element-f2e1cc3 elementor-section-content-middle elementor-section-boxed elementor-section-height-default elementor-section-height-default\" data-id=\"f2e1cc3\" data-element_type=\"section\" data-settings=\"{&quot;_ha_eqh_enable&quot;:false}\">\n\t\t\t\t\t\t<div class=\"elementor-container elementor-column-gap-no\">\n\t\t\t\t\t<div class=\"elementor-column elementor-col-100 elementor-top-column elementor-element elementor-element-718754a\" data-id=\"718754a\" data-element_type=\"column\">\n\t\t\t<div class=\"elementor-widget-wrap elementor-element-populated\">\n\t\t\t\t\t\t<div class=\"elementor-element elementor-element-b5fbac6 animated-fast elementor-invisible elementor-widget elementor-widget-text-editor\" data-id=\"b5fbac6\" data-element_type=\"widget\" data-settings=\"{&quot;_animation&quot;:&quot;fadeInUp&quot;}\" data-widget_type=\"text-editor.default\">\n\t\t\t\t<div class=\"elementor-widget-container\">\n\t\t\t\t\t\t\t\t\t<p>Menschen haben sich schon immer Gedanken gemacht, was die Zukunft bringen k\u00f6nnte. Aber noch nie war die Frage so dr\u00e4ngend wie heute. Die Gesellschaften der Gegenwart sind mit neuartigen politischen, wirtschaftlichen und \u00f6kologischen Herausforderungen konfrontiert \u2013 zum Beispiel in Zusammenhang mit der Erderw\u00e4rmung, mit Pandemien und immer wieder neuen Fluchtbewegungen. Um f\u00fcr die Zukunft gewappnet zu sein, werden Szenarien und Problemlagen antizipiert und h\u00e4ufig technologische L\u00f6sungen vorbereitet. Die Zukunft wird \u201efixiert\u201c \u2013 wobei das englische Wort \u201eto fix\u201c in seiner Doppeldeutigkeit benutzt wird: \u201eEinerseits geht es darum, Zuk\u00fcnfte festzulegen, damit man sich darauf einstellen kann. Andererseits beinhaltet es auch, dass als defizit\u00e4r gesehene Zuk\u00fcnfte repariert werden\u201c, erkl\u00e4rt Prof.\u00a0Lemke, der im Kolleg mit acht weiteren Wissenschaftlerinnen und Wissenschaftlern zusammenarbeiten wird. Au\u00dfer der Soziologie und der Kulturanthropologie ist auch das Fach Humangeographie am Graduiertenkolleg beteiligt.<\/p><p>Wie bereitet man sich auf Ereignisse vor, die man f\u00fcr die Zukunft erwartet? Welche Vorkehrungen werden getroffen? Wie begr\u00fcndet man diese Entscheidungen? Und was ist, wenn die Zukunft doch anders aussieht und man nicht vorbereitet ist? Derartige Fehleinsch\u00e4tzungen k\u00f6nnen gravierende Folgen haben. Untersucht werden sollen die drei Bereiche Economies, Governance und Life. Auff\u00e4llig sei, dass in allen Bereichen technologische L\u00f6sungen angeboten werden \u2013 und dass die Entscheidungen dar\u00fcber oft dem Individuum \u00fcberlassen sind. Als Beispiel nennt\u00a0Lemke\u00a0das so genannte\u00a0<em>social freezin<\/em>g, bei dem der Kinderwunsch in die Zukunft verschoben wird im Interesse der Karriere. \u201eMan fragt sich: Warum werden diese Dinge nicht gesellschaftlich diskutiert?\u201c, sagt\u00a0Lemke. Ob Genbank f\u00fcr aussterbende Tierarten oder Umstieg auf E-Mobilit\u00e4t \u2013 oft setze man auf das Credo: \u201eTechnologien werden uns retten\u201c \u2013 dabei k\u00f6nnte man auch dar\u00fcber nachdenken, wie die Probleme urs\u00e4chlich angegangen werden k\u00f6nnten. Hier spielten auch Machtverteilungen eine gro\u00dfe Rolle, was besonders beim Thema Klimawandel offenkundig ist: Diejenigen, die am meisten unter den Folgen leiden, sind weder f\u00fcr die Ursachen verantwortlich noch haben sie nennenswerte Mitsprache bei L\u00f6sungsans\u00e4tzen.<\/p><p>Das Graduiertenkolleg \u201eFixing Futures\u201c kn\u00fcpft an den Masterstudiengang \u201eScience and Technology Studies. Economies, Governance, Life\u201c und das interdisziplin\u00e4re Forschungsnetzwerk \u201eLab for Studies in Science and Technology\u201c an und bietet neue Perspektiven f\u00fcr junge Forscherinnen und Forscher, die sich in diesem Bereich qualifizieren wollen. Die Sprecherschaft liegt beim Soziologen Prof. Thomas\u00a0Lemke, Ko-Sprecherin ist die Kulturanthropologin Prof. Dr. Gisela Welz. Zehn Promovierende und zwei Post-docs werden im Graduiertenkolleg forschen \u2013 und so f\u00fcr eine Vielzahl von Berufsfeldern und Einrichtungen im akademischen Bereich und dar\u00fcber hinaus vorbereitet werden.<\/p>\t\t\t\t\t\t\t\t<\/div>\n\t\t\t\t<\/div>\n\t\t\t\t<div class=\"elementor-element elementor-element-205b498 animated-fast elementor-invisible elementor-widget elementor-widget-text-editor\" data-id=\"205b498\" data-element_type=\"widget\" data-settings=\"{&quot;_animation&quot;:&quot;fadeInUp&quot;}\" data-widget_type=\"text-editor.default\">\n\t\t\t\t<div class=\"elementor-widget-container\">\n\t\t\t\t\t\t\t\t\t<p>(mb\/pb)<\/p>\t\t\t\t\t\t\t\t<\/div>\n\t\t\t\t<\/div>\n\t\t\t\t\t<\/div>\n\t\t<\/div>\n\t\t\t\t\t<\/div>\n\t\t<\/section>\n\t\t\t\t<section class=\"elementor-section elementor-top-section elementor-element elementor-element-7791f66 elementor-section-content-middle animated-fast elementor-section-boxed elementor-section-height-default elementor-section-height-default\" data-id=\"7791f66\" data-element_type=\"section\" data-settings=\"{&quot;background_background&quot;:&quot;classic&quot;,&quot;animation&quot;:&quot;none&quot;,&quot;_ha_eqh_enable&quot;:false}\">\n\t\t\t\t\t\t<div class=\"elementor-container elementor-column-gap-no\">\n\t\t\t\t\t<div class=\"elementor-column elementor-col-100 elementor-top-column elementor-element elementor-element-1f800c1\" data-id=\"1f800c1\" data-element_type=\"column\">\n\t\t\t<div class=\"elementor-widget-wrap elementor-element-populated\">\n\t\t\t\t\t\t<div class=\"elementor-element elementor-element-2aac148 animated-fast ha-has-bg-overlay elementor-invisible elementor-widget elementor-widget-text-editor\" data-id=\"2aac148\" data-element_type=\"widget\" data-settings=\"{&quot;_animation&quot;:&quot;fadeInUp&quot;}\" data-widget_type=\"text-editor.default\">\n\t\t\t\t<div class=\"elementor-widget-container\">\n\t\t\t\t\t\t\t\t\t<p><b>Graduiertenkollegs<\/b><\/p><p>Graduiertenkollegs begleiten junge Wissenschaftler in ihrer Promotionsphase. Zugleich bereiten sie sie auf den Arbeitsmarkt \u201eWissenschaft\u201c vor. Die Goethe-Universit\u00e4t hat im Jahr 2022 zwei neue Graduiertenkollegs hinzugewonnen: Das Graduiertenkolleg \u201eFixing Futures\u201c befasst sich mit der Antizipation von \u201eZuk\u00fcnften\u201c und damit, wie sich Gesellschaft und Individuum darauf vorbereiten. Ein weiteres, gemeinsam mit der TU Darmstadt eingeworbenes Graduiertenkolleg widmet sich der Frage, wie \u201eStandards des Regierens\u201c, die \u00f6ffentliche und private Akteure auf Normen guten Regierens verpflichten, die M\u00f6glichkeit kollektiver Selbstbestimmung ver\u00e4ndern.<\/p><p>F\u00f6rderstart f\u00fcr die beiden Graduiertenkollegs \u201eFixing Futures\u201c und \u201eStandards des Regierens\u201c ist der 1. April 2023, Laufzeit ist zun\u00e4chst f\u00fcnf Jahre. Anschlie\u00dfend ist eine Fortf\u00fchrung f\u00fcr weitere vier Jahre m\u00f6glich.<\/p><p>Das Graduiertenkolleg \u201eAufl\u00f6sung von Entz\u00fcndungsreaktionen\u201c der Goethe-Universit\u00e4t wird f\u00fcr viereinhalb weitere Jahre fortgesetzt. Das Graduiertenkolleg befasst sich mit der relativ jungen Erkenntnis, dass auch das Abklingen einer Entz\u00fcndung aktiv durch den K\u00f6rper gesteuert wird, und will erforschen, wie dieser Prozess auf zellul\u00e4rer und molekularer Ebene abl\u00e4uft.<\/p>\t\t\t\t\t\t\t\t<\/div>\n\t\t\t\t<\/div>\n\t\t\t\t\t<\/div>\n\t\t<\/div>\n\t\t\t\t\t<\/div>\n\t\t<\/section>\n\t\t\t\t<section class=\"elementor-section elementor-top-section elementor-element elementor-element-b6842fd elementor-section-content-top elementor-section-boxed elementor-section-height-default elementor-section-height-default\" data-id=\"b6842fd\" data-element_type=\"section\" data-settings=\"{&quot;background_background&quot;:&quot;classic&quot;,&quot;_ha_eqh_enable&quot;:false}\">\n\t\t\t\t\t\t<div class=\"elementor-container elementor-column-gap-no\">\n\t\t\t\t\t<div class=\"elementor-column elementor-col-100 elementor-top-column elementor-element elementor-element-e19e932\" data-id=\"e19e932\" data-element_type=\"column\" data-settings=\"{&quot;background_background&quot;:&quot;classic&quot;}\">\n\t\t\t<div class=\"elementor-widget-wrap elementor-element-populated\">\n\t\t\t\t\t<div class=\"elementor-background-overlay\"><\/div>\n\t\t\t\t\t\t<div class=\"elementor-element elementor-element-7574764 elementor-widget elementor-widget-spacer\" data-id=\"7574764\" data-element_type=\"widget\" data-widget_type=\"spacer.default\">\n\t\t\t\t<div class=\"elementor-widget-container\">\n\t\t\t\t\t\t\t<div class=\"elementor-spacer\">\n\t\t\t<div class=\"elementor-spacer-inner\"><\/div>\n\t\t<\/div>\n\t\t\t\t\t\t<\/div>\n\t\t\t\t<\/div>\n\t\t\t\t<div class=\"elementor-element elementor-element-523fb78 animated-fast e-transform ha-has-bg-overlay elementor-invisible elementor-widget elementor-widget-text-editor\" data-id=\"523fb78\" data-element_type=\"widget\" data-settings=\"{&quot;_animation&quot;:&quot;fadeInUp&quot;,&quot;_transform_rotateZ_effect&quot;:{&quot;unit&quot;:&quot;px&quot;,&quot;size&quot;:&quot;&quot;,&quot;sizes&quot;:[]},&quot;_transform_rotateZ_effect_tablet&quot;:{&quot;unit&quot;:&quot;deg&quot;,&quot;size&quot;:&quot;&quot;,&quot;sizes&quot;:[]},&quot;_transform_rotateZ_effect_mobile&quot;:{&quot;unit&quot;:&quot;deg&quot;,&quot;size&quot;:&quot;&quot;,&quot;sizes&quot;:[]}}\" data-widget_type=\"text-editor.default\">\n\t\t\t\t<div class=\"elementor-widget-container\">\n\t\t\t\t\t\t\t\t\t<p>Wie werden Standards des Regierens in die Praxis umgesetzt? Dazu forschen Doktoranden verschiedener Disziplinen im neuen Graduiertenkolleg \u201eStandards des Regierens\u201c<\/p>\t\t\t\t\t\t\t\t<\/div>\n\t\t\t\t<\/div>\n\t\t\t\t\t<\/div>\n\t\t<\/div>\n\t\t\t\t\t<\/div>\n\t\t<\/section>\n\t\t\t\t<section class=\"elementor-section elementor-top-section elementor-element elementor-element-a09dd26 elementor-section-content-middle elementor-section-boxed elementor-section-height-default elementor-section-height-default\" data-id=\"a09dd26\" data-element_type=\"section\" data-settings=\"{&quot;background_background&quot;:&quot;classic&quot;,&quot;_ha_eqh_enable&quot;:false}\">\n\t\t\t\t\t\t<div class=\"elementor-container elementor-column-gap-no\">\n\t\t\t\t\t<div class=\"elementor-column elementor-col-100 elementor-top-column elementor-element elementor-element-8ce9009\" data-id=\"8ce9009\" data-element_type=\"column\">\n\t\t\t<div class=\"elementor-widget-wrap elementor-element-populated\">\n\t\t\t\t\t\t<div class=\"elementor-element elementor-element-0d13564 elementor-align-center elementor-mobile-align-start elementor-icon-list--layout-traditional elementor-list-item-link-full_width elementor-widget elementor-widget-icon-list\" data-id=\"0d13564\" data-element_type=\"widget\" data-widget_type=\"icon-list.default\">\n\t\t\t\t<div class=\"elementor-widget-container\">\n\t\t\t\t\t\t\t<ul class=\"elementor-icon-list-items\">\n\t\t\t\t\t\t\t<li class=\"elementor-icon-list-item\">\n\t\t\t\t\t\t\t\t\t\t\t<span class=\"elementor-icon-list-icon\">\n\t\t\t\t\t\t\t<i aria-hidden=\"true\" class=\"fas fa-chevron-up\"><\/i>\t\t\t\t\t\t<\/span>\n\t\t\t\t\t\t\t\t\t\t<span class=\"elementor-icon-list-text\">Graduiertenkollegs<\/span>\n\t\t\t\t\t\t\t\t\t<\/li>\n\t\t\t\t\t\t<\/ul>\n\t\t\t\t\t\t<\/div>\n\t\t\t\t<\/div>\n\t\t\t\t<div class=\"elementor-element elementor-element-d6f0b6a elementor-widget elementor-widget-heading\" data-id=\"d6f0b6a\" data-element_type=\"widget\" data-widget_type=\"heading.default\">\n\t\t\t\t<div class=\"elementor-widget-container\">\n\t\t\t\t\t<h1 class=\"elementor-heading-title elementor-size-default\">Wie gutes Regieren funktioniert<\/h1>\t\t\t\t<\/div>\n\t\t\t\t<\/div>\n\t\t\t\t<div class=\"elementor-element elementor-element-248263f animated-fast elementor-invisible elementor-widget elementor-widget-text-editor\" data-id=\"248263f\" data-element_type=\"widget\" data-settings=\"{&quot;_animation&quot;:&quot;fadeInUp&quot;}\" data-widget_type=\"text-editor.default\">\n\t\t\t\t<div class=\"elementor-widget-container\">\n\t\t\t\t\t\t\t\t\t<p>W\u00e4hrend immer wieder von der \u201eKrise der Demokratie\u201c zu h\u00f6ren ist, hat sich das Konzept der \u201egood governance\u201c, das \u00f6ffentliche und private Akteure auf Normen guten Regierens verpflichtet, weltweit verbreitet. Ein neues Graduiertenkolleg von Goethe-Universit\u00e4t und TU Darmstadt widmet sich der Frage, wie \u201eStandards des Regierens\u201c die M\u00f6glichkeit kollektiver Selbstbestimmung ver\u00e4ndern.<\/p>\t\t\t\t\t\t\t\t<\/div>\n\t\t\t\t<\/div>\n\t\t\t\t\t<\/div>\n\t\t<\/div>\n\t\t\t\t\t<\/div>\n\t\t<\/section>\n\t\t\t\t<section class=\"elementor-section elementor-top-section elementor-element elementor-element-2700355 elementor-section-content-middle elementor-section-boxed elementor-section-height-default elementor-section-height-default\" data-id=\"2700355\" data-element_type=\"section\" data-settings=\"{&quot;_ha_eqh_enable&quot;:false}\">\n\t\t\t\t\t\t<div class=\"elementor-container elementor-column-gap-no\">\n\t\t\t\t\t<div class=\"elementor-column elementor-col-100 elementor-top-column elementor-element elementor-element-6d3e421\" data-id=\"6d3e421\" data-element_type=\"column\">\n\t\t\t<div class=\"elementor-widget-wrap elementor-element-populated\">\n\t\t\t\t\t\t<div class=\"elementor-element elementor-element-84a4a79 animated-fast elementor-invisible elementor-widget elementor-widget-text-editor\" data-id=\"84a4a79\" data-element_type=\"widget\" data-settings=\"{&quot;_animation&quot;:&quot;fadeInUp&quot;}\" data-widget_type=\"text-editor.default\">\n\t\t\t\t<div class=\"elementor-widget-container\">\n\t\t\t\t\t\t\t\t\t<p>Demokratische Gesellschaften stehen heute vor gro\u00dfen Herausforderungen. Viele Versuche, das westliche Demokratiemodell in andere Teile der Welt zu \u00fcbertragen, sind gescheitert. Der weltpolitische Einfluss autorit\u00e4r regierter Staaten wie China nimmt seit Jahren zu. W\u00e4hrend also die Demokratie als Staatsform in der Krise zu sein scheint, nimmt das Konzept der \u201egood governance\u201c, des guten Regierens, einen steilen Aufstieg. Es pr\u00e4gt mittlerweile nicht nur politische Strukturen, sondern auch Unternehmen und Einrichtungen.<\/p>\t\t\t\t\t\t\t\t<\/div>\n\t\t\t\t<\/div>\n\t\t\t\t<div class=\"elementor-element elementor-element-18327b7 elementor-blockquote--skin-quotation animated-fast elementor-blockquote--align-left elementor-invisible elementor-widget elementor-widget-blockquote\" data-id=\"18327b7\" data-element_type=\"widget\" data-settings=\"{&quot;_animation&quot;:&quot;fadeInUp&quot;}\" data-widget_type=\"blockquote.default\">\n\t\t\t\t<div class=\"elementor-widget-container\">\n\t\t\t\t\t\t\t<blockquote class=\"elementor-blockquote\">\n\t\t\t<p class=\"elementor-blockquote__content\">\n\t\t\t\tDie Anforderungen der \u201egood governance\u201c richten sich gleichzeitig an den \u00f6ffentlichen und den privaten Sektor\t\t\t<\/p>\n\t\t\t\t\t<\/blockquote>\n\t\t\t\t\t\t<\/div>\n\t\t\t\t<\/div>\n\t\t\t\t<div class=\"elementor-element elementor-element-6b1477c animated-fast elementor-invisible elementor-widget elementor-widget-text-editor\" data-id=\"6b1477c\" data-element_type=\"widget\" data-settings=\"{&quot;_animation&quot;:&quot;fadeInUp&quot;}\" data-widget_type=\"text-editor.default\">\n\t\t\t\t<div class=\"elementor-widget-container\">\n\t\t\t\t\t\t\t\t\t<p><span style=\"color: var( --e-global-color-c332436 );\">Das neue standort\u00fcbergreifende Graduiertenkolleg \u201eStandards des Regierens\u201c, das die Deutsche Forschungsgemeinschaft f\u00fcr die n\u00e4chsten f\u00fcnf Jahre mit 4,4 Millionen Euro f\u00f6rdert, besch\u00e4ftigt sich mit dem Konzept der \u201egood governance\u201c: Es beinhaltet allgemeine Normen wie Transparenz, Partizipation und Verantwortlichkeit (\u201eaccountability\u201c) der Regierenden, aber je nach Konzeption auch spezifischere Aspekte wie Geschlechtergerechtigkeit, Korruptionsbek\u00e4mpfung und systematische Evaluation von Politik. Die Anforderungen der \u201egood governance\u201c richten sich gleichzeitig an den \u00f6ffentlichen und den privaten Sektor. Staaten und Kommunen, b\u00f6rsennotierte Unternehmen, Finanzmarktakteure und Nichtregierungsorganisationen \u2013 sie alle werden heute nach ihrer Performance auf Skalen der \u201egood governance\u201c beurteilt und in Rankings gelistet.<\/span><\/p>\t\t\t\t\t\t\t\t<\/div>\n\t\t\t\t<\/div>\n\t\t\t\t<div class=\"elementor-element elementor-element-97ae96f animated-fast elementor-invisible elementor-widget elementor-widget-text-editor\" data-id=\"97ae96f\" data-element_type=\"widget\" data-settings=\"{&quot;_animation&quot;:&quot;fadeInUp&quot;}\" data-widget_type=\"text-editor.default\">\n\t\t\t\t<div class=\"elementor-widget-container\">\n\t\t\t\t\t\t\t\t\t<p><span style=\"color: var( --e-global-color-c332436 );\">Die innovative Leitidee des Graduiertenkollegs besteht darin, Normen des guten Regierens als Standards zu begreifen \u2013 vergleichbar technischen Normen \u2013 und zu analysieren. In der interdisziplin\u00e4ren Zusammenarbeit und in Kombination von empirisch-analytischer und normativer Forschung wird es etwa um die Frage gehen, wie Standards des Regierens eigentlich entstehen und warum sie kodifiziert werden. Weitere Forschungsfragen sind: Warum verbreiten sich Standards des Regierens unter Bedingungen der Transnationalisierung \u00fcber Grenzen hinweg? Wie werden Standards des Regierens in die Praxis umgesetzt, und wie wird ihre Einhaltung gemessen? Wie wird versucht, diese Standards durchzusetzen, warum formiert sich Widerstand gegen solche Versuche, und k\u00f6nnen sie auch demokratischen Zwecken dienen?<\/span><\/p><p>Durch die Verbindung von Forschungsperspektiven, die normalerweise nicht gemeinsam betrachtet werden, soll im Kolleg auch ein Dialog zwischen politischer Theorie und Institutionenlehre und Fachdisziplinen wie der politischen \u00d6konomie, den Internationalen Beziehungen, der Rechtswissenschaft und der soziologischen Modernisierungsforschung stattfinden.<\/p><p>Das neue Graduiertenkolleg \u201eStandards des Regierens\u201c wurde gemeinsam von der Goethe-Universit\u00e4t und der Technischen Universit\u00e4t Darmstadt beantragt. Die Sprecherschaft hat Jens Steffek, Professor f\u00fcr transnationales Regieren an der TU Darmstadt inne, stellvertretende Sprecherin an der Goethe-Universit\u00e4t ist die Demokratieforscherin Professorin Sandra Seubert. Beide Universit\u00e4ten sind mit jeweils f\u00fcnf Wissenschaftlerinnen bzw. Wissenschaftlern aus den F\u00e4chern Politologie und Soziologie, Philosophie und Rechtswissenschaft beteiligt. Das Kolleg ist interdisziplin\u00e4r angelegt und dient der Qualifikation von jungen Wissenschaftlerinnen und Wissenschaftlern.<\/p><p>\u201eEs ist eine zentrale Herausforderung dieses Graduiertenkollegs, die demokratiewissenschaftlichen Gro\u00dftheorien auf empirische Studien herunterzubrechen\u201c, sagt Prof. Sandra Seubert. So k\u00f6nnten die wichtigsten Thesen in der Kooperation \u00fcberpr\u00fcft werden. Goethe-Universit\u00e4t und TU Darmstadt geh\u00f6ren zum Hochschulverbund der Rhein-Main-Universit\u00e4ten und bieten die standort\u00fcbergreifenden Masterstudieng\u00e4nge \u201eInternationale Studien, Friedens- und Konfliktforschung\u201c sowie \u201ePolitische Theorie\u201c an.<\/p><p>Insgesamt sieht das Kolleg zun\u00e4chst zwei Gruppen mit jeweils zehn Promovierenden vor. Dabei gehe es nicht nur um die Nachwuchsgewinnung f\u00fcr die Wissenschaft, betont Seubert: \u201eAngesichts der Aufgaben und Probleme, vor denen demokratische Gesellschaften heute stehen, ist es sehr wichtig, junge Menschen f\u00fcr unterschiedliche Bereiche der Politik gut auszubilden und das wissenschaftlich generierte Wissen mit der Gesellschaft zu verbinden.\u201c<\/p>\t\t\t\t\t\t\t\t<\/div>\n\t\t\t\t<\/div>\n\t\t\t\t<div class=\"elementor-element elementor-element-e79d841 animated-fast elementor-invisible elementor-widget elementor-widget-text-editor\" data-id=\"e79d841\" data-element_type=\"widget\" data-settings=\"{&quot;_animation&quot;:&quot;fadeInUp&quot;}\" data-widget_type=\"text-editor.default\">\n\t\t\t\t<div class=\"elementor-widget-container\">\n\t\t\t\t\t\t\t\t\t<p>(asa)<\/p>\t\t\t\t\t\t\t\t<\/div>\n\t\t\t\t<\/div>\n\t\t\t\t\t<\/div>\n\t\t<\/div>\n\t\t\t\t\t<\/div>\n\t\t<\/section>\n\t\t\t\t<section class=\"elementor-section elementor-top-section elementor-element elementor-element-0ac1de3 elementor-section-content-middle animated-fast elementor-section-boxed elementor-section-height-default elementor-section-height-default\" data-id=\"0ac1de3\" data-element_type=\"section\" data-settings=\"{&quot;background_background&quot;:&quot;classic&quot;,&quot;animation&quot;:&quot;none&quot;,&quot;_ha_eqh_enable&quot;:false}\">\n\t\t\t\t\t\t<div class=\"elementor-container elementor-column-gap-no\">\n\t\t\t\t\t<div class=\"elementor-column elementor-col-100 elementor-top-column elementor-element elementor-element-b3ed16b\" data-id=\"b3ed16b\" data-element_type=\"column\" data-settings=\"{&quot;background_background&quot;:&quot;classic&quot;}\">\n\t\t\t<div class=\"elementor-widget-wrap elementor-element-populated\">\n\t\t\t\t\t\t<div class=\"elementor-element elementor-element-9357225 animated-fast elementor-invisible elementor-widget elementor-widget-heading\" data-id=\"9357225\" data-element_type=\"widget\" data-settings=\"{&quot;_animation&quot;:&quot;fadeInUp&quot;}\" data-widget_type=\"heading.default\">\n\t\t\t\t<div class=\"elementor-widget-container\">\n\t\t\t\t\t<h2 class=\"elementor-heading-title elementor-size-default\">Ausgezeichnet in der Forschung<\/h2>\t\t\t\t<\/div>\n\t\t\t\t<\/div>\n\t\t\t\t<div class=\"elementor-element elementor-element-f8160fb animated-fast elementor-invisible elementor-widget elementor-widget-text-editor\" data-id=\"f8160fb\" data-element_type=\"widget\" data-settings=\"{&quot;_animation&quot;:&quot;fadeInUp&quot;}\" data-widget_type=\"text-editor.default\">\n\t\t\t\t<div class=\"elementor-widget-container\">\n\t\t\t\t\t\t\t\t\t<p><strong>Prof. Ralf Brandes,<\/strong><\/p><p>Direktor des Instituts f\u00fcr Kardiovaskul\u00e4re Physiologie, erh\u00e4lt f\u00fcr seine Betr\u00e4ge zur Physiologie und Pathophysiologie von Blutgef\u00e4\u00dfen gemeinsam mit zwei weiteren Preistr\u00e4gern den Robert-Pfleger-Forschungspreis 2020. Die Preistr\u00e4ger erhalten zusammen ein Preisgeld von 60.000 Euro. Der Robert-Pfleger-Forschungspreis, der diesmal wegen der Corona-Ma\u00dfnahmen nachtr\u00e4glich verliehen wurde, geh\u00f6rt zu den h\u00f6chstdotierten Medizinpreisen in Deutschland.<\/p><p><a href=\"https:\/\/aktuelles.uni-frankfurt.de\/forschung\/mediziner-prof-dr-ralf-brandes-erhaelt-robert-pfleger-forschungspreis\/\" target=\"_blank\" rel=\"noopener\">Mediziner Prof. Dr. Ralf Brandes erh\u00e4lt Robert Pfleger-Forschungspreis<\/a><\/p>\t\t\t\t\t\t\t\t<\/div>\n\t\t\t\t<\/div>\n\t\t\t\t<div class=\"elementor-element elementor-element-0d1fa9b animated-fast elementor-invisible elementor-widget elementor-widget-text-editor\" data-id=\"0d1fa9b\" data-element_type=\"widget\" data-settings=\"{&quot;_animation&quot;:&quot;fadeInUp&quot;}\" data-widget_type=\"text-editor.default\">\n\t\t\t\t<div class=\"elementor-widget-container\">\n\t\t\t\t\t\t\t\t\t<p><strong>Prof. Stefanie Dimmeler,<\/strong><\/p><p>Direktorin des Instituts f\u00fcr Kardiovaskul\u00e4re Regeneration im Zentrum f\u00fcr Molekulare Medizin, erh\u00e4lt f\u00fcr ihre bahnbrechenden Arbeiten auf dem Gebiet der Herz-Kreislauf-Erkrankungen die Otto-Warburg-Medaille. Verliehen wird der Preis in H\u00f6he von 25.000 Euro von der Gesellschaft f\u00fcr Biochemie und Molekularbiologie (GBM) und Elsevier\/BBA.<\/p><p><a href=\"https:\/\/aktuelles.uni-frankfurt.de\/forschung\/otto-warburg-medaille-2022-geht-an-stefanie-dimmeler\/\">Otto-Warburg-Medaille 2022 geht an Stefanie Dimmeler<\/a><\/p>\t\t\t\t\t\t\t\t<\/div>\n\t\t\t\t<\/div>\n\t\t\t\t<div class=\"elementor-element elementor-element-29556b1 animated-fast elementor-invisible elementor-widget elementor-widget-text-editor\" data-id=\"29556b1\" data-element_type=\"widget\" data-settings=\"{&quot;_animation&quot;:&quot;fadeInUp&quot;}\" data-widget_type=\"text-editor.default\">\n\t\t\t\t<div class=\"elementor-widget-container\">\n\t\t\t\t\t\t\t\t\t<p><strong>Dr. Sebastian Eckart und Prof. Thomas Wilhelm,<\/strong><\/p><p>Mitglieder des Fachbereichs Physik, werden mit hochrangigen Preisen der Deutschen Physikalischen Gesellschaft ausgezeichnet: F\u00fcr seine Beitr\u00e4ge zu fundamentalen Fragen der Quantenmechanik erh\u00e4lt Dr. Sebastian Eckart vom Institut f\u00fcr Kernphysik den mit 7.500 Euro dotierten Gustav-Hertz-Preis. Prof. Dr. Thomas Wilhelm vom Institut f\u00fcr Didaktik der Physik wird mit dem Robert-Wichard-Pohl-Preis und einem Preisgeld von 5.000 Euro f\u00fcr seine herausragenden Verdienste um die Modernisierung der Didaktik der Physik geehrt.<\/p><p><a href=\"https:\/\/www.puk.uni-frankfurt.de\/128506444\/Deutsche_Physikalische_Gesellschaft_ehrt_Sebastian_Eckart_und_Thomas_Wilhelm_von_der_Goethe_Universit%C3%A4t\">Deutsche Physikalische Gesellschaft ehrt Sebastian Eckart und Thomas Wilhelm von der Goethe-Universit\u00e4t<\/a><\/p>\t\t\t\t\t\t\t\t<\/div>\n\t\t\t\t<\/div>\n\t\t\t\t<div class=\"elementor-element elementor-element-90afed1 animated-fast elementor-invisible elementor-widget elementor-widget-text-editor\" data-id=\"90afed1\" data-element_type=\"widget\" data-settings=\"{&quot;_animation&quot;:&quot;fadeInUp&quot;}\" data-widget_type=\"text-editor.default\">\n\t\t\t\t<div class=\"elementor-widget-container\">\n\t\t\t\t\t\t\t\t\t<p><strong>Prof. Ingrid Fleming,<\/strong><\/p><p>Direktorin des Zentrums f\u00fcr Molekulare Medizinerh\u00e4lt, erh\u00e4lt den Ernst Jung-Preis f\u00fcr Medizin 2022 f\u00fcr ihre Erforschung der molekularen Ursachen von Gef\u00e4\u00dferkrankungen im Zusammenhang mit Diabetes sowie Kreislauferkrankungen. Weiterer Preistr\u00e4ger ist der Heidelberger Virologe Prof. Ralf Bartenschlager.<\/p><p><a href=\"https:\/\/aktuelles.uni-frankfurt.de\/menschen\/diabetesforschung-ingrid-fleming-erhaelt-ernst-jung-preis-fuer-medizin\" target=\"_blank\" rel=\"noopener\">Diabetesforschung: Ingrid Fleming erh\u00e4lt Ernst-Jung-Preis f\u00fcr Mediziner<\/a><\/p>\t\t\t\t\t\t\t\t<\/div>\n\t\t\t\t<\/div>\n\t\t\t\t<div class=\"elementor-element elementor-element-0720bd6 animated-fast elementor-invisible elementor-widget elementor-widget-text-editor\" data-id=\"0720bd6\" data-element_type=\"widget\" data-settings=\"{&quot;_animation&quot;:&quot;fadeInUp&quot;}\" data-widget_type=\"text-editor.default\">\n\t\t\t\t<div class=\"elementor-widget-container\">\n\t\t\t\t\t\t\t\t\t<p><strong>Prof. Luciano Rezzolla,<\/strong><\/p><p>Direktor des Instituts f\u00fcr Theoretische Physik, ist von der Falling Walls Foundation in ihre Shortlist f\u00fcr die wissenschaftlichen Durchbr\u00fcche des Jahres \u201eFalling Walls Science Breakthrough of the Year 2022\u201c aufgenommen worden. Die von Rezzolla aufgebaute Recheninfrastruktur half dem Horizon-Teleskop, die ersten Schwarzen L\u00f6cher zu best\u00e4tigen.<\/p>\t\t\t\t\t\t\t\t<\/div>\n\t\t\t\t<\/div>\n\t\t\t\t<div class=\"elementor-element elementor-element-48e532e animated-fast elementor-invisible elementor-widget elementor-widget-text-editor\" data-id=\"48e532e\" data-element_type=\"widget\" data-settings=\"{&quot;_animation&quot;:&quot;fadeInUp&quot;}\" data-widget_type=\"text-editor.default\">\n\t\t\t\t<div class=\"elementor-widget-container\">\n\t\t\t\t\t\t\t\t\t<p><strong>Prof. Roser Valenti und Prof. Luciano Rezzolla,<\/strong><\/p><p>beide Institut f\u00fcr Theoretische Physik, bekommen eine Laureatus-Professur f\u00fcr herausragende Leistungen in Forschung und Lehre. Rezzolla erh\u00e4lt die <em>Carl Wilhelm Fueck<\/em>-Laureatus-Professur f\u00fcr seine Arbeiten auf dem Gebiet der Theoretischen Astrophysik.\u00a0 Valenti wird mit der <em>Stefan Lyson<\/em>-Laureatus-Professur f\u00fcr ihre Leistungen in der Forschung auf dem Gebiet der Theoretischen Festk\u00f6rperphysik geehrt.<\/p><p><a href=\"https:\/\/www.puk.uni-frankfurt.de\/121943521\/Frankfurter_Physik_feiert_Laureatus_Professuren_an_der_Goethe_Universit%C3%A4t\">Frankfurter Physik feiert Laureatus-Professuren an der Goethe-Universit\u00e4t<\/a><\/p>\t\t\t\t\t\t\t\t<\/div>\n\t\t\t\t<\/div>\n\t\t\t\t<div class=\"elementor-element elementor-element-be813f7 animated-fast elementor-invisible elementor-widget elementor-widget-text-editor\" data-id=\"be813f7\" data-element_type=\"widget\" data-settings=\"{&quot;_animation&quot;:&quot;fadeInUp&quot;}\" data-widget_type=\"text-editor.default\">\n\t\t\t\t<div class=\"elementor-widget-container\">\n\t\t\t\t\t\t\t\t\t<p><strong>PD Dr. Martina Wernli,<\/strong><\/p><p>Institut f\u00fcr Deutsche Literatur und ihre Didaktik, erh\u00e4lt den Barbara und Piergiuseppe Scardigli-Preis zur F\u00f6rderung der geisteswissenschaftlichen F\u00e4cher 2022. Sie erh\u00e4lt die Auszeichnung f\u00fcr ihre Habilitation \u201eFedern lesen. Eine Literaturgeschichte des G\u00e4nsekiels von den Anf\u00e4ngen bis ins 19. Jahrhundert\u201c.\u00a0<\/p><p><a href=\"https:\/\/www.uni-frankfurt.de\/132260864\/Generic_132260864.pdf\">akademische Feier 2022 der Vereinigung von Freunden und F\u00f6rderern der Goethe-Universit\u00e4t Frankfurt<\/a><\/p>\t\t\t\t\t\t\t\t<\/div>\n\t\t\t\t<\/div>\n\t\t\t\t<div class=\"elementor-element elementor-element-c3d437b animated-fast elementor-invisible elementor-widget elementor-widget-text-editor\" data-id=\"c3d437b\" data-element_type=\"widget\" data-settings=\"{&quot;_animation&quot;:&quot;fadeInUp&quot;}\" data-widget_type=\"text-editor.default\">\n\t\t\t\t<div class=\"elementor-widget-container\">\n\t\t\t\t\t\t\t\t\t<p><strong>Prof. Harald Schwalbe,<\/strong><\/p><p>Chemiker und Spezialist f\u00fcr Kernspinresonanz-(NMR)-Spektroskopie, wird mit dem Richard-R.-Ernst-Preis f\u00fcr Magnetische Resonanz der internationalen EUROMAR-Konferenz in Utrecht ausgezeichnet. Er erh\u00e4lt den Preis in H\u00f6he von 15.000 Euro f\u00fcr seine wegweisenden Beitr\u00e4ge zur Entwicklung und Anwendung neuartiger Methoden in der biomolekularen NMR-Spektroskopie.<\/p><p><a href=\"https:\/\/www.puk.uni-frankfurt.de\/122141902\/Harald_Schwalbe_erh%C3%A4lt_Richard_R__Ernst_Preis_f%C3%BCr_Magnetische_Resonanz\">Harald Schwalbe erh\u00e4lt Richard-R.-Ernst-Preis f\u00fcr Magnetische Resonanz<\/a><\/p>\t\t\t\t\t\t\t\t<\/div>\n\t\t\t\t<\/div>\n\t\t\t\t<div class=\"elementor-element elementor-element-cd80ea8 animated-fast elementor-invisible elementor-widget elementor-widget-text-editor\" data-id=\"cd80ea8\" data-element_type=\"widget\" data-settings=\"{&quot;_animation&quot;:&quot;fadeInUp&quot;}\" data-widget_type=\"text-editor.default\">\n\t\t\t\t<div class=\"elementor-widget-container\">\n\t\t\t\t\t\t\t\t\t<p><strong>Prof. Thomas Wilhelm,<\/strong><\/p><p>Institut f\u00fcr Didaktik der Physik, erh\u00e4lt f\u00fcr seine Forschungen den mit 5.000 Euro dotierten Wissenschaftspreis der Frankfurter Physik 2021.<\/p><p><a href=\"https:\/\/aktuelles.uni-frankfurt.de\/forschung\/wissenschaftspreis-fuer-physikdidaktiker-thomas-wilhelm\/?highlight=thomas%20wilhelm\" target=\"_blank\" rel=\"noopener\">Wissenschaftspreis f\u00fcr Physikdidaktiker Thomas Wilhelm<\/a><\/p>\t\t\t\t\t\t\t\t<\/div>\n\t\t\t\t<\/div>\n\t\t\t\t<div class=\"elementor-element elementor-element-547fab7 animated-fast elementor-invisible elementor-widget elementor-widget-text-editor\" data-id=\"547fab7\" data-element_type=\"widget\" data-settings=\"{&quot;_animation&quot;:&quot;fadeInUp&quot;}\" data-widget_type=\"text-editor.default\">\n\t\t\t\t<div class=\"elementor-widget-container\">\n\t\t\t\t\t\t\t\t\t<p><strong>Prof. Bonnie Bassler und Prof. Michael Silverman<\/strong><\/p><p>werden nachtr\u00e4glich mit dem Paul Ehrlich- und Ludwig Darmstaedter-Preis 2021 geehrt. Ihre Entdeckung, wie Bakterien miteinander kommunizieren, er\u00f6ffnete den Weg zu einer neuen Antibiotikaklasse. Der Preis wird von der Paul Ehrlich-Stiftung vergeben, einer rechtlich unselbstst\u00e4ndigen Stiftung der Vereinigung von Freunden und F\u00f6rderern der Goethe-Universit\u00e4t.<\/p>\t\t\t\t\t\t\t\t<\/div>\n\t\t\t\t<\/div>\n\t\t\t\t<div class=\"elementor-element elementor-element-6decfa2 animated-fast elementor-invisible elementor-widget elementor-widget-text-editor\" data-id=\"6decfa2\" data-element_type=\"widget\" data-settings=\"{&quot;_animation&quot;:&quot;fadeInUp&quot;}\" data-widget_type=\"text-editor.default\">\n\t\t\t\t<div class=\"elementor-widget-container\">\n\t\t\t\t\t\t\t\t\t<p><strong>Prof. Katalin Karik\u00f3, Prof. Ugur Sahin und Dr. \u00d6zlem T\u00fcreci<\/strong><\/p><p>erhalten den Paul Ehrlich- und Ludwig Darmstaedter-Preis 2022. Sie werden ausgezeichnet f\u00fcr die Erforschung der messenger RNA (mRNA), die in der spektakul\u00e4r schnellen Entwicklung eines hochwirksamen Impfstoffs gegen Covid-19 gipfelte. Ihre Erkenntnisse bieten zudem aussichtsreiche Perspektiven im Kampf gegen Krebs.<\/p><p><a href=\"https:\/\/www.puk.uni-frankfurt.de\/115799146\/Resistente_Bakterien_und_pandemische_Viren_im_Visier____Doppelpreisverleihung_in_der_Frankfurter_Paulskirche\">Resistente Bakterien und pandemische Viren im Visier: Doppelpreisverleihung in der Frankfurter Paulskirche<\/a><\/p>\t\t\t\t\t\t\t\t<\/div>\n\t\t\t\t<\/div>\n\t\t\t\t<div class=\"elementor-element elementor-element-48b481b animated-fast elementor-invisible elementor-widget elementor-widget-text-editor\" data-id=\"48b481b\" data-element_type=\"widget\" data-settings=\"{&quot;_animation&quot;:&quot;fadeInUp&quot;}\" data-widget_type=\"text-editor.default\">\n\t\t\t\t<div class=\"elementor-widget-container\">\n\t\t\t\t\t\t\t\t\t<p><strong>Dr. Laura Hinze<\/strong><\/p><p>Wissenschaftlerin an der Medizinischen Hochschule Hannover, erh\u00e4lt den Paul Ehrlich- und Ludwig Darmstaedter-Nachwuchspreis 2022. Die Preistr\u00e4gerin wird f\u00fcr ihren bedeutenden Beitrag zum Verst\u00e4ndnis der Signal\u00fcbertragung in Krebszellen ausgezeichnet.<\/p><p><a href=\"https:\/\/www.puk.uni-frankfurt.de\/111806291\/Herausragende_Forschung_zur_Krebsresistenz_____Laura_Hinze_erh%C3%A4lt_Paul_Ehrlich__und_Ludwig_Darmstaedter_Nachwuchspreis\">Herausragende Forschung zur Krebsresistenz: Laura Hinze erh\u00e4lt Paul Ehrlich- und Ludwig Darmstaedter-Nachwuchspreis<\/a><\/p>\t\t\t\t\t\t\t\t<\/div>\n\t\t\t\t<\/div>\n\t\t\t\t<div class=\"elementor-element elementor-element-6687844 animated-fast elementor-invisible elementor-widget elementor-widget-text-editor\" data-id=\"6687844\" data-element_type=\"widget\" data-settings=\"{&quot;_animation&quot;:&quot;fadeInUp&quot;}\" data-widget_type=\"text-editor.default\">\n\t\t\t\t<div class=\"elementor-widget-container\">\n\t\t\t\t\t\t\t\t\t<p><strong>Prof. Frederick W. Alt und Prof. David G. Schatz<\/strong><\/p><p>erhalten den Paul Ehrlich- und Ludwig Darmstaedter-Preis 2023. Frederick W. Alt von der Harvard Medical School und David G. Schatz von der Yale Medical School werden vom Stiftungsrat f\u00fcr die Entdeckung von Molek\u00fclen und Mechanismen ausgezeichnet, die unser Immunsystem zu der Leistung bef\u00e4higen, Milliarden verschiedener Antigene schon beim ersten Kontakt zu erkennen. Die Preise werden am 14. M\u00e4rz 2023 verliehen.<\/p><p><a href=\"https:\/\/www.puk.uni-frankfurt.de\/125454030\/Frederick_W__Alt_und_David_G__Schatz_werden_mit_dem_Paul_Ehrlich__und_Ludwig_Darmstaedter_Preis_2023_ausgezeichnet\">Frederick W. Alt und David G. Schatz werden mit dem\u00a0Paul Ehrlich- und Ludwig Darmstaedter-Preis 2023 ausgezeichnet<\/a><\/p>\t\t\t\t\t\t\t\t<\/div>\n\t\t\t\t<\/div>\n\t\t\t\t<div class=\"elementor-element elementor-element-aab7383 animated-fast elementor-invisible elementor-widget elementor-widget-text-editor\" data-id=\"aab7383\" data-element_type=\"widget\" data-settings=\"{&quot;_animation&quot;:&quot;fadeInUp&quot;}\" data-widget_type=\"text-editor.default\">\n\t\t\t\t<div class=\"elementor-widget-container\">\n\t\t\t\t\t\t\t\t\t<p><strong>Prof. Erin Schuman,<\/strong><\/p><p>Neurowissenschaftlerin am Max-Planck-Institut f\u00fcr Hirnforschung und Kooperationsprofessorin an der Goethe-Universit\u00e4t, erh\u00e4lt den diesj\u00e4hrigen FEBS | EMBO Women in Science Award. Schuman erh\u00e4lt den Preis f\u00fcr ihre herausragenden Forschungsarbeiten zur synaptischen Plastizit\u00e4t &#8211; der Verst\u00e4rkung und Abschw\u00e4chung von Synapsen &#8211; und ihr Engagement f\u00fcr die F\u00f6rderung von Frauen in der Wissenschaft<\/p><p><a href=\"https:\/\/brain.mpg.de\/536805\/erin-schuman-erhaelt-den-febs-embo-women-in-science-award-2022\" target=\"_blank\" rel=\"noopener\"> Erin Schuman erh\u00e4lt den FEBS | EMBO Women in Science Award 2022<\/a><\/p>\t\t\t\t\t\t\t\t<\/div>\n\t\t\t\t<\/div>\n\t\t\t\t\t<\/div>\n\t\t<\/div>\n\t\t\t\t\t<\/div>\n\t\t<\/section>\n\t\t\t\t<section class=\"elementor-section elementor-top-section elementor-element elementor-element-d53706e elementor-section-full_width elementor-section-height-min-height elementor-section-items-stretch elementor-section-height-default\" data-id=\"d53706e\" data-element_type=\"section\" id=\"projekte-land-und-bund\" data-settings=\"{&quot;background_background&quot;:&quot;classic&quot;,&quot;_ha_eqh_enable&quot;:false}\">\n\t\t\t\t\t\t<div class=\"elementor-container elementor-column-gap-default\">\n\t\t\t\t\t<div class=\"elementor-column elementor-col-50 elementor-top-column elementor-element elementor-element-bf836eb\" data-id=\"bf836eb\" data-element_type=\"column\" data-settings=\"{&quot;background_background&quot;:&quot;classic&quot;}\">\n\t\t\t<div class=\"elementor-widget-wrap elementor-element-populated\">\n\t\t\t\t\t<div class=\"elementor-background-overlay\"><\/div>\n\t\t\t\t\t\t<div class=\"elementor-element elementor-element-fac3cd2 elementor-widget elementor-widget-spacer\" data-id=\"fac3cd2\" data-element_type=\"widget\" data-widget_type=\"spacer.default\">\n\t\t\t\t<div class=\"elementor-widget-container\">\n\t\t\t\t\t\t\t<div class=\"elementor-spacer\">\n\t\t\t<div class=\"elementor-spacer-inner\"><\/div>\n\t\t<\/div>\n\t\t\t\t\t\t<\/div>\n\t\t\t\t<\/div>\n\t\t\t\t<div class=\"elementor-element elementor-element-0a770c9 animated-fast ha-has-bg-overlay elementor-invisible elementor-widget elementor-widget-text-editor\" data-id=\"0a770c9\" data-element_type=\"widget\" data-settings=\"{&quot;_animation&quot;:&quot;fadeInUp&quot;}\" data-widget_type=\"text-editor.default\">\n\t\t\t\t<div class=\"elementor-widget-container\">\n\t\t\t\t\t\t\t\t\t<p>Mit mehr als 600 beteiligten Wissenschaftlerinnen und Wissenschaftlern ist ATHENE das gr\u00f6\u00dfte Forschungszentrum f\u00fcr Cybersicherheit in Europa (Foto: Fraunhofer Institut)<\/p>\t\t\t\t\t\t\t\t<\/div>\n\t\t\t\t<\/div>\n\t\t\t\t\t<\/div>\n\t\t<\/div>\n\t\t\t\t<div class=\"elementor-column elementor-col-50 elementor-top-column elementor-element elementor-element-c8907c7\" data-id=\"c8907c7\" data-element_type=\"column\">\n\t\t\t<div class=\"elementor-widget-wrap elementor-element-populated\">\n\t\t\t\t\t\t<div class=\"elementor-element elementor-element-26c7fdc animated-fast elementor-invisible elementor-widget elementor-widget-heading\" data-id=\"26c7fdc\" data-element_type=\"widget\" data-settings=\"{&quot;_animation&quot;:&quot;fadeInUp&quot;}\" data-widget_type=\"heading.default\">\n\t\t\t\t<div class=\"elementor-widget-container\">\n\t\t\t\t\t<h2 class=\"elementor-heading-title elementor-size-default\">Geballte Expertise f\u00fcr Cybersicherheit<\/h2>\t\t\t\t<\/div>\n\t\t\t\t<\/div>\n\t\t\t\t<div class=\"elementor-element elementor-element-cf4f064 e-transform animated-fast elementor-invisible elementor-widget elementor-widget-text-editor\" data-id=\"cf4f064\" data-element_type=\"widget\" data-settings=\"{&quot;_transform_translateY_effect_mobile&quot;:{&quot;unit&quot;:&quot;px&quot;,&quot;size&quot;:-50,&quot;sizes&quot;:[]},&quot;_animation&quot;:&quot;fadeInUp&quot;,&quot;_transform_translateX_effect&quot;:{&quot;unit&quot;:&quot;px&quot;,&quot;size&quot;:&quot;&quot;,&quot;sizes&quot;:[]},&quot;_transform_translateX_effect_tablet&quot;:{&quot;unit&quot;:&quot;px&quot;,&quot;size&quot;:&quot;&quot;,&quot;sizes&quot;:[]},&quot;_transform_translateX_effect_mobile&quot;:{&quot;unit&quot;:&quot;px&quot;,&quot;size&quot;:&quot;&quot;,&quot;sizes&quot;:[]},&quot;_transform_translateY_effect&quot;:{&quot;unit&quot;:&quot;px&quot;,&quot;size&quot;:&quot;&quot;,&quot;sizes&quot;:[]},&quot;_transform_translateY_effect_tablet&quot;:{&quot;unit&quot;:&quot;px&quot;,&quot;size&quot;:&quot;&quot;,&quot;sizes&quot;:[]}}\" data-widget_type=\"text-editor.default\">\n\t\t\t\t<div class=\"elementor-widget-container\">\n\t\t\t\t\t\t\t\t\t<p>Die Cybersicherheit von Gesellschaft, Wirtschaft und Staat sch\u00fctzen und Bedrohungen abwehren \u2013 das ist das Ziel von ATHENE, dem Nationalen Forschungszentrum f\u00fcr angewandte Cybersicherheit. Seit Ende 2022 wirkt die Goethe-Universit\u00e4t an Europas gr\u00f6\u00dftem Forschungszentrum f\u00fcr Cybersicherheit mit.<\/p>\t\t\t\t\t\t\t\t<\/div>\n\t\t\t\t<\/div>\n\t\t\t\t\t<\/div>\n\t\t<\/div>\n\t\t\t\t\t<\/div>\n\t\t<\/section>\n\t\t\t\t<section class=\"elementor-section elementor-top-section elementor-element elementor-element-0616ca3 elementor-section-content-middle elementor-section-boxed elementor-section-height-default elementor-section-height-default\" data-id=\"0616ca3\" data-element_type=\"section\" data-settings=\"{&quot;_ha_eqh_enable&quot;:false}\">\n\t\t\t\t\t\t<div class=\"elementor-container elementor-column-gap-no\">\n\t\t\t\t\t<div class=\"elementor-column elementor-col-100 elementor-top-column elementor-element elementor-element-b8b7dff\" data-id=\"b8b7dff\" data-element_type=\"column\">\n\t\t\t<div class=\"elementor-widget-wrap elementor-element-populated\">\n\t\t\t\t\t\t<div class=\"elementor-element elementor-element-41a867f animated-fast elementor-invisible elementor-widget elementor-widget-text-editor\" data-id=\"41a867f\" data-element_type=\"widget\" data-settings=\"{&quot;_animation&quot;:&quot;fadeInUp&quot;}\" data-widget_type=\"text-editor.default\">\n\t\t\t\t<div class=\"elementor-widget-container\">\n\t\t\t\t\t\t\t\t\t<p>Nahezu jedes Unternehmen wird Opfer von IT-basierten Angriffen. Und die Angreifer werden immer professioneller, hat der Branchenverband der deutschen Informations- und Telekommunikationsbranche Bitkom ermittelt. Cybersecurity will diese Bedrohungen von Gesellschaft, Staat und Wirtschaft abwehren. Das Nationale Forschungszentrum f\u00fcr angewandte Cybersicherheit ATHENE b\u00fcndelt die Cybersecurity-Aktivit\u00e4ten verschiedener Spitzenforschungseinrichtungen<em>. <\/em>Seit Ende 2022 verst\u00e4rkt und erg\u00e4nzt die Goethe-Universit\u00e4t die Cybersicherheitsforschung von ATHENE \u2013 vor allem mit ihren Kompetenzen im Bereich der Rechtswissenschaften, Medizin und Finanzwissenschaften.<\/p><p>\u201eDas innovative Kooperationsmodell von ATHENE\u201c, so Universit\u00e4tspr\u00e4sident Prof. Enrico Schleiff, \u201ebietet uns einzigartige M\u00f6glichkeiten, die Herausforderungen einer zunehmend digitalen Welt zu erforschen und auch L\u00f6sungen und Antworten f\u00fcr Gesellschaft, Wirtschaft und Politik zu entwickeln. Der Beitrag der Goethe-Universit\u00e4t liegt dabei besonders auf System- und Netzwerksicherheit, auf Sicherheit von Hochleistungsrechnen sowie Datenschutz und rechtlichen Aspekten der Cybersicherheit. Au\u00dferdem sehen wir ATHENE als bedeutendes Element f\u00fcr den weiteren Ausbau des Standorts Rhein-Main, der in der IT-Sicherheit international f\u00fchrend ist.\u201c<\/p><p>Im ATHENE-Board wird die Goethe-Universit\u00e4t vertreten durch Prof. Haya Shulman, die im Februar 2022 auf eine LOEWE-Spitzenprofessur f\u00fcr Cybersicherheit an das Institut f\u00fcr Informatik der Goethe-Universit\u00e4t berufen wurde. Sie leitet die Abteilung Cybersecurity Analytics and Defenses am Fraunhofer-Institut SIT in Darmstadt und koordiniert den Forschungsbereich Analytics Based Cybersecurity am Nationalen Forschungszentrum f\u00fcr angewandte Cybersicherheit ATHENE.<\/p><p>Das Nationale Forschungszentrum f\u00fcr angewandte Cybersicherheit ATHENE ist ein Forschungszentrum der Fraunhofer-Gesellschaft, an dem die Fraunhofer-Institute f\u00fcr Sichere Informationstechnologie (SIT) und f\u00fcr Graphische Datenverarbeitung (IGD), die Technische Universit\u00e4t Darmstadt, die Hochschule Darmstadt und nun auch die Goethe-Universit\u00e4t mitwirken. Mit mehr als 600 beteiligten Wissenschaftlerinnen und Wissenschaftlern, darunter 50 Professorinnen und Professoren, ist ATHENE das gr\u00f6\u00dfte Forschungszentrum f\u00fcr Cybersicherheit in Europa und die f\u00fchrende wissenschaftliche Forschungseinrichtung in Deutschland. In rund 100 Forschungsprojekten in aktuell 13 Forschungsbereichen widmet sich ATHENE den wichtigen Herausforderungen der Cybersicherheit f\u00fcr Gesellschaft, Wirtschaft und Staat. ATHENE arbeitet mit f\u00fchrenden Forschungseinrichtungen aus der ganzen Welt; besondere Beziehungen unterh\u00e4lt das Forschungszentrum mit Israel, wo es gemeinsam mit der Hebr\u00e4ischen Universit\u00e4t in Jerusalem die Fraunhofer-Innovationsplattform f\u00fcr Cybersicherheit betreibt.<\/p><p>ATHENE ist ein auf Dauer eingerichtetes Forschungszentrum der Fraunhofer-Gesellschaft und wird vom Bundesministerium f\u00fcr Bildung und Forschung (BMBF) und dem Hessischen Ministerium f\u00fcr Wissenschaft und Kunst (HMKW) gef\u00f6rdert. Im Jahr 2022 betrug die F\u00f6rderung rund 23 Mio. Euro.<\/p>\t\t\t\t\t\t\t\t<\/div>\n\t\t\t\t<\/div>\n\t\t\t\t<div class=\"elementor-element elementor-element-daea55e animated-fast elementor-invisible elementor-widget elementor-widget-text-editor\" data-id=\"daea55e\" data-element_type=\"widget\" data-settings=\"{&quot;_animation&quot;:&quot;fadeInUp&quot;}\" data-widget_type=\"text-editor.default\">\n\t\t\t\t<div class=\"elementor-widget-container\">\n\t\t\t\t\t\t\t\t\t<p>(pb)<\/p>\t\t\t\t\t\t\t\t<\/div>\n\t\t\t\t<\/div>\n\t\t\t\t\t<\/div>\n\t\t<\/div>\n\t\t\t\t\t<\/div>\n\t\t<\/section>\n\t\t\t\t<section class=\"elementor-section elementor-top-section elementor-element elementor-element-d4bb5d3 elementor-section-full_width elementor-section-height-min-height elementor-section-items-stretch elementor-section-height-default\" data-id=\"d4bb5d3\" data-element_type=\"section\" id=\"projekte-land-und-bund-interview\" data-settings=\"{&quot;background_background&quot;:&quot;classic&quot;,&quot;_ha_eqh_enable&quot;:false}\">\n\t\t\t\t\t\t<div class=\"elementor-container elementor-column-gap-default\">\n\t\t\t\t\t<div class=\"elementor-column elementor-col-50 elementor-top-column elementor-element elementor-element-a1946af\" data-id=\"a1946af\" data-element_type=\"column\" data-settings=\"{&quot;background_background&quot;:&quot;classic&quot;}\">\n\t\t\t<div class=\"elementor-widget-wrap elementor-element-populated\">\n\t\t\t\t\t<div class=\"elementor-background-overlay\"><\/div>\n\t\t\t\t\t\t<div class=\"elementor-element elementor-element-109a52c elementor-widget elementor-widget-spacer\" data-id=\"109a52c\" data-element_type=\"widget\" data-widget_type=\"spacer.default\">\n\t\t\t\t<div class=\"elementor-widget-container\">\n\t\t\t\t\t\t\t<div class=\"elementor-spacer\">\n\t\t\t<div class=\"elementor-spacer-inner\"><\/div>\n\t\t<\/div>\n\t\t\t\t\t\t<\/div>\n\t\t\t\t<\/div>\n\t\t\t\t<div class=\"elementor-element elementor-element-4baa60c animated-fast ha-has-bg-overlay elementor-invisible elementor-widget elementor-widget-text-editor\" data-id=\"4baa60c\" data-element_type=\"widget\" data-settings=\"{&quot;_animation&quot;:&quot;fadeInUp&quot;}\" data-widget_type=\"text-editor.default\">\n\t\t\t\t<div class=\"elementor-widget-container\">\n\t\t\t\t\t\t\t\t\t<p>Shulman: \u201eWir arbeiten gerade an einem Pilotprojekt, in dem es darum geht, eine `Zero Trust Architektur\u2018 f\u00fcr wissenschaftliche Einrichtungen aufzubauen\u201c (Foto: Fraunhofer-Institut)<\/p>\t\t\t\t\t\t\t\t<\/div>\n\t\t\t\t<\/div>\n\t\t\t\t\t<\/div>\n\t\t<\/div>\n\t\t\t\t<div class=\"elementor-column elementor-col-50 elementor-top-column elementor-element elementor-element-44f66de\" data-id=\"44f66de\" data-element_type=\"column\">\n\t\t\t<div class=\"elementor-widget-wrap elementor-element-populated\">\n\t\t\t\t\t\t<div class=\"elementor-element elementor-element-6fba6a8 elementor-align-start elementor-mobile-align-start elementor-icon-list--layout-traditional elementor-list-item-link-full_width elementor-widget elementor-widget-icon-list\" data-id=\"6fba6a8\" data-element_type=\"widget\" data-widget_type=\"icon-list.default\">\n\t\t\t\t<div class=\"elementor-widget-container\">\n\t\t\t\t\t\t\t<ul class=\"elementor-icon-list-items\">\n\t\t\t\t\t\t\t<li class=\"elementor-icon-list-item\">\n\t\t\t\t\t\t\t\t\t\t\t<span class=\"elementor-icon-list-icon\">\n\t\t\t\t\t\t\t<i aria-hidden=\"true\" class=\"fas fa-chevron-up\"><\/i>\t\t\t\t\t\t<\/span>\n\t\t\t\t\t\t\t\t\t\t<span class=\"elementor-icon-list-text\">Von Land und Bund gef\u00f6rderte Projekte<\/span>\n\t\t\t\t\t\t\t\t\t<\/li>\n\t\t\t\t\t\t<\/ul>\n\t\t\t\t\t\t<\/div>\n\t\t\t\t<\/div>\n\t\t\t\t<div class=\"elementor-element elementor-element-a411ad5 elementor-blockquote--skin-quotation animated-fast elementor-invisible elementor-widget elementor-widget-blockquote\" data-id=\"a411ad5\" data-element_type=\"widget\" data-settings=\"{&quot;_animation&quot;:&quot;fadeInUp&quot;}\" data-widget_type=\"blockquote.default\">\n\t\t\t\t<div class=\"elementor-widget-container\">\n\t\t\t\t\t\t\t<blockquote class=\"elementor-blockquote\">\n\t\t\t<p class=\"elementor-blockquote__content\">\n\t\t\t\tSich irgendwo einzuhacken, geh\u00f6rt auch zu meiner Arbeit\t\t\t<\/p>\n\t\t\t\t\t<\/blockquote>\n\t\t\t\t\t\t<\/div>\n\t\t\t\t<\/div>\n\t\t\t\t<div class=\"elementor-element elementor-element-d7de423 e-transform animated-fast elementor-invisible elementor-widget elementor-widget-text-editor\" data-id=\"d7de423\" data-element_type=\"widget\" data-settings=\"{&quot;_transform_translateY_effect_mobile&quot;:{&quot;unit&quot;:&quot;px&quot;,&quot;size&quot;:-50,&quot;sizes&quot;:[]},&quot;_animation&quot;:&quot;fadeInUp&quot;,&quot;_transform_translateX_effect&quot;:{&quot;unit&quot;:&quot;px&quot;,&quot;size&quot;:&quot;&quot;,&quot;sizes&quot;:[]},&quot;_transform_translateX_effect_tablet&quot;:{&quot;unit&quot;:&quot;px&quot;,&quot;size&quot;:&quot;&quot;,&quot;sizes&quot;:[]},&quot;_transform_translateX_effect_mobile&quot;:{&quot;unit&quot;:&quot;px&quot;,&quot;size&quot;:&quot;&quot;,&quot;sizes&quot;:[]},&quot;_transform_translateY_effect&quot;:{&quot;unit&quot;:&quot;px&quot;,&quot;size&quot;:&quot;&quot;,&quot;sizes&quot;:[]},&quot;_transform_translateY_effect_tablet&quot;:{&quot;unit&quot;:&quot;px&quot;,&quot;size&quot;:&quot;&quot;,&quot;sizes&quot;:[]}}\" data-widget_type=\"text-editor.default\">\n\t\t\t\t<div class=\"elementor-widget-container\">\n\t\t\t\t\t\t\t\t\t<p>Was ist eigentlich Cybersicherheit? Sicherheit zu entwickeln, bedeutet, \u00fcber Schwachstellen nachzudenken. Informatikprofessorin Prof. Haya Shulman \u00fcber die Gefahren von Cyberangriffen und wie man Institutionen k\u00fcnftig besser sch\u00fctzt.<\/p>\t\t\t\t\t\t\t\t<\/div>\n\t\t\t\t<\/div>\n\t\t\t\t\t<\/div>\n\t\t<\/div>\n\t\t\t\t\t<\/div>\n\t\t<\/section>\n\t\t\t\t<section class=\"elementor-section elementor-top-section elementor-element elementor-element-96c60f6 elementor-section-height-min-height elementor-section-items-stretch elementor-section-content-middle elementor-section-boxed elementor-section-height-default\" data-id=\"96c60f6\" data-element_type=\"section\" data-settings=\"{&quot;_ha_eqh_enable&quot;:false}\">\n\t\t\t\t\t\t<div class=\"elementor-container elementor-column-gap-no\">\n\t\t\t\t\t<div class=\"elementor-column elementor-col-100 elementor-top-column elementor-element elementor-element-f0b1387\" data-id=\"f0b1387\" data-element_type=\"column\">\n\t\t\t<div class=\"elementor-widget-wrap elementor-element-populated\">\n\t\t\t\t\t\t<div class=\"elementor-element elementor-element-a8810ea animated-fast elementor-invisible elementor-widget elementor-widget-elementskit-faq\" data-id=\"a8810ea\" data-element_type=\"widget\" data-settings=\"{&quot;_animation&quot;:&quot;fadeInUp&quot;}\" data-widget_type=\"elementskit-faq.default\">\n\t\t\t\t<div class=\"elementor-widget-container\">\n\t\t\t\t\t<div class=\"ekit-wid-con\" >\n                <div class=\"elementskit-single-faq elementor-repeater-item-b6b9b71\">\n            <div class=\"elementskit-faq-header\">\n                <h2 class=\"elementskit-faq-title\">Frau Professorin Shulman, Sie besetzen eine LOEWE-Professur an der Goethe-Universit\u00e4t. Sie sind aber auch Leiterin der Abteilung Cybersecurity Analytics and Defences (CAD) am Fraunhofer-Institut f\u00fcr Sichere Informationstechnologie SIT in Darmstadt und Koordinatorin des Forschungsbereichs Analytics Based Cybersecurity am Nationalen Forschungszentrum f\u00fcr Angewandte Cybersicherheit ATHENE. Das ist eine lange Reihe wichtiger \u00c4mter und Funktionen, lassen sich diese gut und produktiv verbinden?<\/h2>\n            <\/div>\n            <div class=\"elementskit-faq-body\">\n                <b>Haya Shulman:<\/b>  Die Kombination ist perfekt. Das Thema Cybersicherheit braucht Interdisziplinarit\u00e4t, und die Goethe-Universit\u00e4t verf\u00fcgt \u00fcber eine breite fachliche Exzellenz \u2013 nicht nur in der Informatik, sondern auch in der Mathematik, in der Medizin, in der Rechts- und Wirtschaftswissenschaft. Das Fraunhofer-Institut wiederum besitzt Expertise in der Forschung zur angewandten Cybersicherheit. Wir forschen nicht nur zu rein technischen Aspekten, sondern wir kombinieren das auch mit anderen Disziplinen, um f\u00fcr alle damit verbundenen Fragen L\u00f6sungen zu finden. Beispielsweise ist die Cyberabwehr ein wichtiges Thema f\u00fcr Deutschland, Europa und auch die USA. Es geht nicht nur darum, die richtige Technologie zu entwickeln, um Cyberangriffe abzuwehren, sondern auch die damit verbundenen rechtlichen und politischen Fragen im Blick zu behalten. Eine in diesem Zusammenhang gerade f\u00fcr Europa wichtige Frage: Wie erkennt man nicht vertrauensw\u00fcrdige Technologien, auf welcher Basis trifft man da Entscheidungen? Es handelt sich bei Softwareprodukten auch nicht um einen deutschen, sondern um einen europ\u00e4ischen Markt. Es muss also auf europ\u00e4ischer Ebene entschieden werden, welche Produkte nicht mehr verkauft werden d\u00fcrfen.            <\/div>\n        <\/div>\n                <div class=\"elementskit-single-faq elementor-repeater-item-e70524d\">\n            <div class=\"elementskit-faq-header\">\n                <h2 class=\"elementskit-faq-title\">Einmal laienhaft gefragt: Womit besch\u00e4ftigen Sie sich in Ihrer Arbeitszeit als Cyber-Expertin haupts\u00e4chlich? M\u00fcssen Sie beispielsweise auch programmieren oder sich testweise irgendwo einhacken?<\/h2>\n            <\/div>\n            <div class=\"elementskit-faq-body\">\n                Ja, sich irgendwo einzuhacken geh\u00f6rt auch zu meiner Arbeit. Normalerweise mache ich eine erste \u00dcberpr\u00fcfung, um Schwachstellen in einem System, in einem Protokoll oder auf einer Plattform zu finden. Danach \u00fcbergebe ich das an mein exzellentes Team aus wissenschaftlichen Mitarbeitenden und studentischen Hilfskr\u00e4ften. Das Team analysiert und evaluiert dann die Sicherheitsl\u00fccken mit verschiedenen Methoden und in verschiedenen Konfigurationen. Das Ziel ist es, Probleme in der Sicherheitsarchitektur noch vor den Hackern zu finden und nach M\u00f6glichkeit zu beheben.            <\/div>\n        <\/div>\n                \n    <\/div>\t\t\t\t<\/div>\n\t\t\t\t<\/div>\n\t\t\t\t<section class=\"elementor-section elementor-inner-section elementor-element elementor-element-a3544d0 elementor-section-boxed elementor-section-height-default elementor-section-height-default\" data-id=\"a3544d0\" data-element_type=\"section\" data-settings=\"{&quot;_ha_eqh_enable&quot;:false}\">\n\t\t\t\t\t\t<div class=\"elementor-container elementor-column-gap-default\">\n\t\t\t\t\t<div class=\"elementor-column elementor-col-50 elementor-inner-column elementor-element elementor-element-15504fd\" data-id=\"15504fd\" data-element_type=\"column\">\n\t\t\t<div class=\"elementor-widget-wrap elementor-element-populated\">\n\t\t\t\t\t\t<div class=\"elementor-element elementor-element-1024f34 animated-fast ha-has-bg-overlay elementor-invisible elementor-widget elementor-widget-image\" data-id=\"1024f34\" data-element_type=\"widget\" data-settings=\"{&quot;_animation&quot;:&quot;fadeInUp&quot;}\" data-widget_type=\"image.default\">\n\t\t\t\t<div class=\"elementor-widget-container\">\n\t\t\t\t\t\t\t\t\t\t\t\t\t\t\t<img loading=\"lazy\" decoding=\"async\" width=\"1000\" height=\"1000\" src=\"https:\/\/aktuelles.uni-frankfurt.de\/wp-content\/uploads\/2024\/02\/Forschung-_INT.Shulmann-1-Foto-Farideh-Diehl-web.jpg\" class=\"attachment-1536x1536 size-1536x1536 wp-image-79241\" alt=\"\" srcset=\"https:\/\/aktuelles.uni-frankfurt.de\/wp-content\/uploads\/2024\/02\/Forschung-_INT.Shulmann-1-Foto-Farideh-Diehl-web.jpg 1000w, https:\/\/aktuelles.uni-frankfurt.de\/wp-content\/uploads\/2024\/02\/Forschung-_INT.Shulmann-1-Foto-Farideh-Diehl-web-300x300.jpg 300w, https:\/\/aktuelles.uni-frankfurt.de\/wp-content\/uploads\/2024\/02\/Forschung-_INT.Shulmann-1-Foto-Farideh-Diehl-web-500x500.jpg 500w, https:\/\/aktuelles.uni-frankfurt.de\/wp-content\/uploads\/2024\/02\/Forschung-_INT.Shulmann-1-Foto-Farideh-Diehl-web-150x150.jpg 150w, https:\/\/aktuelles.uni-frankfurt.de\/wp-content\/uploads\/2024\/02\/Forschung-_INT.Shulmann-1-Foto-Farideh-Diehl-web-768x768.jpg 768w, https:\/\/aktuelles.uni-frankfurt.de\/wp-content\/uploads\/2024\/02\/Forschung-_INT.Shulmann-1-Foto-Farideh-Diehl-web-12x12.jpg 12w, https:\/\/aktuelles.uni-frankfurt.de\/wp-content\/uploads\/2024\/02\/Forschung-_INT.Shulmann-1-Foto-Farideh-Diehl-web-700x700.jpg 700w\" sizes=\"(max-width: 1000px) 100vw, 1000px\" \/>\t\t\t\t\t\t\t\t\t\t\t\t\t\t\t<\/div>\n\t\t\t\t<\/div>\n\t\t\t\t\t<\/div>\n\t\t<\/div>\n\t\t\t\t<div class=\"elementor-column elementor-col-50 elementor-inner-column elementor-element elementor-element-0faa661\" data-id=\"0faa661\" data-element_type=\"column\">\n\t\t\t<div class=\"elementor-widget-wrap elementor-element-populated\">\n\t\t\t\t\t\t<div class=\"elementor-element elementor-element-ca3e03a animated-fast elementor-invisible elementor-widget elementor-widget-heading\" data-id=\"ca3e03a\" data-element_type=\"widget\" data-settings=\"{&quot;_animation&quot;:&quot;fadeInUp&quot;}\" data-widget_type=\"heading.default\">\n\t\t\t\t<div class=\"elementor-widget-container\">\n\t\t\t\t\t<h5 class=\"elementor-heading-title elementor-size-medium\">Haya Shulman forscht und lehrt auf einer LOEWE-Professur an der Goethe-Universit\u00e4t, leitet die Abteilung Cybersecurity Analytics and Defences (CAD) am Fraunhofer-Institut f\u00fcr Sichere Informationstechnologie SIT in Darmstadt und koordiniert den Forschungsbereich Analytics Based Cybersecurity am Nationalen Forschungszentrum f\u00fcr Angewandte Cybersicherheit ATHENE.<\/h5>\t\t\t\t<\/div>\n\t\t\t\t<\/div>\n\t\t\t\t<div class=\"elementor-element elementor-element-1526d7a animated-fast elementor-invisible elementor-widget elementor-widget-heading\" data-id=\"1526d7a\" data-element_type=\"widget\" data-settings=\"{&quot;_animation&quot;:&quot;fadeInUp&quot;}\" data-widget_type=\"heading.default\">\n\t\t\t\t<div class=\"elementor-widget-container\">\n\t\t\t\t\t<h2 class=\"elementor-heading-title elementor-size-default\">(Foto: Farideh Diehl)<\/h2>\t\t\t\t<\/div>\n\t\t\t\t<\/div>\n\t\t\t\t\t<\/div>\n\t\t<\/div>\n\t\t\t\t\t<\/div>\n\t\t<\/section>\n\t\t\t\t<div class=\"elementor-element elementor-element-b13f7fa animated-fast elementor-invisible elementor-widget elementor-widget-elementskit-faq\" data-id=\"b13f7fa\" data-element_type=\"widget\" data-settings=\"{&quot;_animation&quot;:&quot;fadeInUp&quot;}\" data-widget_type=\"elementskit-faq.default\">\n\t\t\t\t<div class=\"elementor-widget-container\">\n\t\t\t\t\t<div class=\"ekit-wid-con\" >\n                <div class=\"elementskit-single-faq elementor-repeater-item-b5f1121\">\n            <div class=\"elementskit-faq-header\">\n                <h2 class=\"elementskit-faq-title\">Man kennt das Prinzip im Alltag: Ein besseres Schloss an der Wohnungst\u00fcr bietet auch nur begrenzten Schutz, weil der Einbrecher neue Technologien entwickelt, um das Schloss zu knacken, was dann wiederum neue Sicherheitsma\u00dfnahmen erfordert und so weiter. Muss man sich den Kampf um sichere IT-Strukturen \u00e4hnlich vorstellen?<\/h2>\n            <\/div>\n            <div class=\"elementskit-faq-body\">\n                Die Frage stellt sich, was eigentlich IT-Sicherheit ist. Diejenigen, die eine Struktur aufbauen, m\u00fcssen dar\u00fcber nachdenken, dass und wie sie funktioniert. Wer sich mit IT-Sicherheit besch\u00e4ftigt, ob als Hacker oder als Verteidiger, muss dagegen dar\u00fcber nachdenken, was schiefgehen kann. Es ist auch sehr spannend, einen Schwachstelle zu entdecken, etwas, was der andere verstecken will oder \u00fcbersehen hat. Daher hat IT-Sicherheit etwas mit dem Schachspielen gemeinsam. Der Unterschied besteht aber darin, dass man sich immer neue Regeln ausdenken muss. Man kann nicht im Voraus berechnen, was der Gegner machen wird, wie und wann er das System angreifen wird.            <\/div>\n        <\/div>\n                <div class=\"elementskit-single-faq elementor-repeater-item-4454ffc\">\n            <div class=\"elementskit-faq-header\">\n                <h2 class=\"elementskit-faq-title\">Auch Hochschulen sind gef\u00e4hrdet, wie einige F\u00e4lle der j\u00fcngeren Vergangenheit gezeigt haben. Kann man Hochschulen gegen Cyberangriffe ausreichend wappnen?<\/h2>\n            <\/div>\n            <div class=\"elementskit-faq-body\">\n                Hochschulen sind als Organisationen besonders gef\u00e4hrdet: Es gibt sehr heterogene Nutzergruppen, die einen Zugriff auf die IT von au\u00dfen haben, der nicht gut gesichert ist. Oft richten Fachbereiche oder sogar einzelne Lehrst\u00fchle eine eigene Infrastruktur ein. Hier w\u00e4re mehr Homogenit\u00e4t w\u00fcnschenswert. Es gibt also mehr Schwachstellen als in anderen Organisationen, wenngleich es bislang noch nicht viele Cyberangriffe auf Hochschulen gegeben hat. Wir haben jetzt in ATHENE eine Sicherheitsstudie zu allen deutschen Universit\u00e4ten erstellt. Welche L\u00fccken, welche Schwachstellen gibt es im System, welche Credentials, also Berechtigungsnachweise, findet man im Darknet? Ein wichtiges Ergebnis lautet: Es gibt nur wenige \u00fcberzeugend sichere Unis. Wir haben im Darknet die Login-Daten verschiedener Sektoren von 2018 bis heute angeschaut, die geleakt wurden. Man erkennt, dass die Unis schlechter dastehen als zum Beispiel Organisationen aus den Bereichen IT, KI oder Finanzen. So sind zum Beispiel die verwendeten Passw\u00f6rter im Durchschnitt von geringerer Qualit\u00e4t.\nWir arbeiten gerade an einem Pilotprojekt, in dem es darum geht, eine \u201eZero Trust Architektur\u201c f\u00fcr wissenschaftliche Einrichtungen aufzubauen. Es handelt sich um das erste Projekt dieser Art in Deutschland. Bei der \u201eZero Trust Architektur\u201c handelt es sich um ein schon l\u00e4nger bekanntes Konzept. Konventionelle Sicherheitsarchitekturen sind darauf ausgerichtet, das Netz einer Organisation durch eine Firewall zu sch\u00fctzen, die Angriffe von au\u00dfen blockieren und filtern soll.\nDiese Art der Sicherheit bedeutet nun aber auch, dass derjenige, der eine Schwachstelle findet, ins Netz gelangt und dort auf alle Server zugreifen kann. \u201eZero Trust\u201c bedeutet demgegen\u00fcber, dass man gewisserma\u00dfen niemandem traut und jeden Datenzugriff auf Vertrauensw\u00fcrdigkeit \u00fcberpr\u00fcft. In dem Projekt, das Goethe-Universit\u00e4t und Fraunhofer SIT gemeinsam im Rahmen von ATHENE und mit Unterst\u00fctzung des Bundesministeriums f\u00fcr Bildung und Forschung durchf\u00fchren, steht die Frage im Fokus: Welche Technologien passen zu Deutschland? Das Thema hat auch eine hohe strategische Bedeutung f\u00fcr das Bundesministerium des Inneren  und f\u00fcr das Ausw\u00e4rtige Amt. Geplant ist, die entwickelte \u201eZero Trust Architektur\u201c im Anschluss auch f\u00fcr andere Bereiche zu verwenden.\n            <\/div>\n        <\/div>\n                <div class=\"elementskit-single-faq elementor-repeater-item-b11433c\">\n            <div class=\"elementskit-faq-header\">\n                <h2 class=\"elementskit-faq-title\">Stellt jede\/r Nutzer\/in der digitalen Hochschulinfrastruktur potenziell eine Gefahr dar, wenn schadhafte Mails nicht erkannt werden?<\/h2>\n            <\/div>\n            <div class=\"elementskit-faq-body\">\n                M\u00fcssen Mitarbeitende und Studierende dringend sensibilisiert und gegebenenfalls noch st\u00e4rker geschult werden? Ja, das ist ein wichtiger Aspekt: Studierende und Mitarbeitende m\u00fcssen definitiv geschult werden. Man darf auch nicht Auto fahren ohne F\u00fchrerschein. Wenn man IT verwendet, ohne ein Verst\u00e4ndnis der m\u00f6glichen Gefahren zu haben und zu wissen, wie man diese vermeiden kann, stellt man eine Sicherheitsl\u00fccke da. Und zwar nicht nur f\u00fcr sich, sondern f\u00fcr das ganze System. Wir haben vor der letzten Bundestagswahl alle im Bundestag vertretenen Parteien in Sachen Cybersicherheit beraten und Workshops angeboten, um die Verantwortlichen zu sensibilisieren: zum Beispiel f\u00fcr gef\u00e4lschte E-Mails oder Phishing. Wenn jemand damit noch keine Ber\u00fchrung hatte, kann man ihm oder ihr das Wissen und die Kompetenzen gut vermitteln.            <\/div>\n        <\/div>\n                \n    <\/div>\t\t\t\t<\/div>\n\t\t\t\t<\/div>\n\t\t\t\t<div class=\"elementor-element elementor-element-f4c1548 animated-fast elementor-invisible elementor-widget elementor-widget-text-editor\" data-id=\"f4c1548\" data-element_type=\"widget\" data-settings=\"{&quot;_animation&quot;:&quot;fadeInUp&quot;}\" data-widget_type=\"text-editor.default\">\n\t\t\t\t<div class=\"elementor-widget-container\">\n\t\t\t\t\t\t\t\t\t<p>Die Fragen stellte Dirk Frank. Eine l\u00e4ngere Version des Interviews erschien im <a href=\"https:\/\/aktuelles.uni-frankfurt.de\/thema\/unireport-6-22\/\">UniReport 6.22<\/a>.<\/p>\t\t\t\t\t\t\t\t<\/div>\n\t\t\t\t<\/div>\n\t\t\t\t\t<\/div>\n\t\t<\/div>\n\t\t\t\t\t<\/div>\n\t\t<\/section>\n\t\t\t\t<section class=\"elementor-section elementor-top-section elementor-element elementor-element-99cf041 elementor-section-content-top elementor-section-boxed elementor-section-height-default elementor-section-height-default\" data-id=\"99cf041\" data-element_type=\"section\" id=\"projekte-land-und-bund-fci\" data-settings=\"{&quot;background_background&quot;:&quot;classic&quot;,&quot;_ha_eqh_enable&quot;:false}\">\n\t\t\t\t\t\t<div class=\"elementor-container elementor-column-gap-no\">\n\t\t\t\t\t<div class=\"elementor-column elementor-col-100 elementor-top-column elementor-element elementor-element-4532bbe\" data-id=\"4532bbe\" data-element_type=\"column\" data-settings=\"{&quot;background_background&quot;:&quot;classic&quot;}\">\n\t\t\t<div class=\"elementor-widget-wrap elementor-element-populated\">\n\t\t\t\t\t<div class=\"elementor-background-overlay\"><\/div>\n\t\t\t\t\t\t<div class=\"elementor-element elementor-element-7f07366 elementor-widget elementor-widget-spacer\" data-id=\"7f07366\" data-element_type=\"widget\" data-widget_type=\"spacer.default\">\n\t\t\t\t<div class=\"elementor-widget-container\">\n\t\t\t\t\t\t\t<div class=\"elementor-spacer\">\n\t\t\t<div class=\"elementor-spacer-inner\"><\/div>\n\t\t<\/div>\n\t\t\t\t\t\t<\/div>\n\t\t\t\t<\/div>\n\t\t\t\t<div class=\"elementor-element elementor-element-2515443 animated-fast e-transform ha-has-bg-overlay elementor-invisible elementor-widget elementor-widget-text-editor\" data-id=\"2515443\" data-element_type=\"widget\" data-settings=\"{&quot;_animation&quot;:&quot;fadeInUp&quot;,&quot;_transform_rotateZ_effect&quot;:{&quot;unit&quot;:&quot;px&quot;,&quot;size&quot;:&quot;&quot;,&quot;sizes&quot;:[]},&quot;_transform_rotateZ_effect_tablet&quot;:{&quot;unit&quot;:&quot;deg&quot;,&quot;size&quot;:&quot;&quot;,&quot;sizes&quot;:[]},&quot;_transform_rotateZ_effect_mobile&quot;:{&quot;unit&quot;:&quot;deg&quot;,&quot;size&quot;:&quot;&quot;,&quot;sizes&quot;:[]}}\" data-widget_type=\"text-editor.default\">\n\t\t\t\t<div class=\"elementor-widget-container\">\n\t\t\t\t\t\t\t\t\t<p>Die interdisziplin\u00e4ren Teams aus Klinik, Tumorbiologie, Chemie und Bioinformatik werden f\u00fcr jedes Querschnittsprogramm eigens zusammengestellt (Foto: Georg-Speyer-Haus \u00a9 Andreas Reeg)<\/p>\t\t\t\t\t\t\t\t<\/div>\n\t\t\t\t<\/div>\n\t\t\t\t\t<\/div>\n\t\t<\/div>\n\t\t\t\t\t<\/div>\n\t\t<\/section>\n\t\t\t\t<section class=\"elementor-section elementor-top-section elementor-element elementor-element-0e554df elementor-section-content-middle elementor-section-boxed elementor-section-height-default elementor-section-height-default\" data-id=\"0e554df\" data-element_type=\"section\" data-settings=\"{&quot;background_background&quot;:&quot;classic&quot;,&quot;_ha_eqh_enable&quot;:false}\">\n\t\t\t\t\t\t<div class=\"elementor-container elementor-column-gap-no\">\n\t\t\t\t\t<div class=\"elementor-column elementor-col-100 elementor-top-column elementor-element elementor-element-62018e5\" data-id=\"62018e5\" data-element_type=\"column\">\n\t\t\t<div class=\"elementor-widget-wrap elementor-element-populated\">\n\t\t\t\t\t\t<div class=\"elementor-element elementor-element-bbe46a0 elementor-align-center elementor-mobile-align-start elementor-icon-list--layout-traditional elementor-list-item-link-full_width elementor-widget elementor-widget-icon-list\" data-id=\"bbe46a0\" data-element_type=\"widget\" data-widget_type=\"icon-list.default\">\n\t\t\t\t<div class=\"elementor-widget-container\">\n\t\t\t\t\t\t\t<ul class=\"elementor-icon-list-items\">\n\t\t\t\t\t\t\t<li class=\"elementor-icon-list-item\">\n\t\t\t\t\t\t\t\t\t\t\t<span class=\"elementor-icon-list-icon\">\n\t\t\t\t\t\t\t<i aria-hidden=\"true\" class=\"fas fa-chevron-up\"><\/i>\t\t\t\t\t\t<\/span>\n\t\t\t\t\t\t\t\t\t\t<span class=\"elementor-icon-list-text\">Vom Land und Bund gef\u00f6rderte Projekte<\/span>\n\t\t\t\t\t\t\t\t\t<\/li>\n\t\t\t\t\t\t<\/ul>\n\t\t\t\t\t\t<\/div>\n\t\t\t\t<\/div>\n\t\t\t\t<div class=\"elementor-element elementor-element-bdb911e elementor-widget elementor-widget-heading\" data-id=\"bdb911e\" data-element_type=\"widget\" data-widget_type=\"heading.default\">\n\t\t\t\t<div class=\"elementor-widget-container\">\n\t\t\t\t\t<h1 class=\"elementor-heading-title elementor-size-default\">Wo Wissenschaft und medizinische Praxis zusammenarbeiten<\/h1>\t\t\t\t<\/div>\n\t\t\t\t<\/div>\n\t\t\t\t<div class=\"elementor-element elementor-element-1e085e3 animated-fast elementor-invisible elementor-widget elementor-widget-text-editor\" data-id=\"1e085e3\" data-element_type=\"widget\" data-settings=\"{&quot;_animation&quot;:&quot;fadeInUp&quot;}\" data-widget_type=\"text-editor.default\">\n\t\t\t\t<div class=\"elementor-widget-container\">\n\t\t\t\t\t\t\t\t\t<p>Im \u201eFrankfurt Cancer Institute\u201c (FCI) untersuchen \u00c4rzt*innen und Wissenschaftler*innen, wie sich Tumore entwickeln und Resistenzen bilden, und entwickeln dazu neue Therapien. Dabei arbeiten klinische Praxis und interdisziplin\u00e4re Wissenschaft eng zusammen. F\u00fcr seine erfolgreiche Krebsforschung wurde das LOEWE-Zentrum erneut vom Land gef\u00f6rdert.<\/p>\t\t\t\t\t\t\t\t<\/div>\n\t\t\t\t<\/div>\n\t\t\t\t\t<\/div>\n\t\t<\/div>\n\t\t\t\t\t<\/div>\n\t\t<\/section>\n\t\t\t\t<section class=\"elementor-section elementor-top-section elementor-element elementor-element-1236d75 elementor-section-content-middle elementor-section-boxed elementor-section-height-default elementor-section-height-default\" data-id=\"1236d75\" data-element_type=\"section\" data-settings=\"{&quot;_ha_eqh_enable&quot;:false}\">\n\t\t\t\t\t\t<div class=\"elementor-container elementor-column-gap-no\">\n\t\t\t\t\t<div class=\"elementor-column elementor-col-100 elementor-top-column elementor-element elementor-element-8d17b3f\" data-id=\"8d17b3f\" data-element_type=\"column\">\n\t\t\t<div class=\"elementor-widget-wrap elementor-element-populated\">\n\t\t\t\t\t\t<div class=\"elementor-element elementor-element-58799d8 animated-fast elementor-invisible elementor-widget elementor-widget-text-editor\" data-id=\"58799d8\" data-element_type=\"widget\" data-settings=\"{&quot;_animation&quot;:&quot;fadeInUp&quot;}\" data-widget_type=\"text-editor.default\">\n\t\t\t\t<div class=\"elementor-widget-container\">\n\t\t\t\t\t\t\t\t\t<p>Die Fragen der Wissenschaftler entstehen am Krankenbett. Warum schl\u00e4gt bei vielen Patientinnen und Patienten mit Enddarmkrebs eine Chemotherapie an, warum bei einigen aber nicht? Die enge Zusammenarbeit von \u00c4rzt*innen mit Wissenschaftler*innen im Frankfurt Cancer Institut (FCI) verbindet Klinikalltag und Forschung und sorgt f\u00fcr praxisnahe Ergebnisse. Was also \u2013 so etwa die Frage, die sich den Wissenschaftler*innen aus der Praxis stellt \u2013 passiert im K\u00f6rper derjenigen, deren Tumorzellen sich gegen eine Krebstherapie resistent zeigen? Und wie k\u00f6nnen auch diese Patientinnen und Patienten therapiert werden?<\/p><p>Im FCI forschen unter Federf\u00fchrung der Goethe-Universit\u00e4t \u00c4rzt*innen und Wissenschaftler*innen des Georg-Speyer-Hauses gemeinsam mit anderen Einrichtungen in sogenannten Querschnittsprogrammen. Diese Forschungsvorhaben aus interdisziplin\u00e4ren Teams, so das FCI auf seiner Webseite, bilden das \u201eHerzst\u00fcck des FCI\u201c. Die Teams aus Klinik, Tumorbiologie, Chemie und Bioinformatik werden f\u00fcr jedes Querschnittsprogramm eigens zusammengestellt. Im Fall des Enddarmkrebses haben sich \u00c4rztinnen und \u00c4rzte aus der Klinik f\u00fcr Strahlentherapie und Onkologie, dem Universit\u00e4ren Centrum f\u00fcr Tumorerkrankungen (UCT) und anderen Teilen des Universit\u00e4tsklinikums Frankfurt mit Wissenschaftler*innen aus dem Georg-Speyer-Haus zusammengetan. Ein Resultat ihrer Forschung: Nicht die Tumorzelle selbst l\u00f6st die Resistenz gegen die die Standard-Radiochemotherapie aus; es ist die Umgebung der Zelle, das sogenannte Tumormikromilieu mit seinen entz\u00fcndlich ver\u00e4nderten Bindegewebszellen. Diese Zellen, fanden die Forscher*innen heraus, werden durch eine Bestrahlung sogar noch resistenter. Wird in ihnen allerdings ein bestimmter entz\u00fcndungsf\u00f6rdernder Botenstoff namens IL-1a gehemmt, nimmt die Entz\u00fcndungsreaktion ab, der Krebs wird durch Bestrahlung wieder angreifbar. Dr. Adele Nicolas, Wissenschaftlerin aus dem Georg-Speyer-Haus und Erstautorin der Studie, weist auf den zweifachen Effekt ihrer Laborforschung hin: \u201eWir konnten unseren Kolleginnen und Kollegen aus der Klinik dabei helfen, resistente Enddarmtumore wieder f\u00fcr die Therapie sensitiv zu machen; und wir konnten ihnen eine Methode an die Hand geben, betroffene Patientinnen und Patienten auf eine Therapieresistenz zu screenen und herauszufinden, bei wem voraussichtlich eine antientz\u00fcndliche Begleittherapie hilfreich sein k\u00f6nnte.\u201c<\/p>\t\t\t\t\t\t\t\t<\/div>\n\t\t\t\t<\/div>\n\t\t\t\t<div class=\"elementor-element elementor-element-620d5a8 animated-fast elementor-invisible elementor-widget elementor-widget-image\" data-id=\"620d5a8\" data-element_type=\"widget\" data-settings=\"{&quot;_animation&quot;:&quot;fadeInUp&quot;}\" data-widget_type=\"image.default\">\n\t\t\t\t<div class=\"elementor-widget-container\">\n\t\t\t\t\t\t\t\t\t\t\t\t<figure class=\"wp-caption\">\n\t\t\t\t\t\t\t\t\t\t<img loading=\"lazy\" decoding=\"async\" width=\"1536\" height=\"1024\" src=\"https:\/\/aktuelles.uni-frankfurt.de\/wp-content\/uploads\/2024\/02\/FCI_Bild3_HFZellkultur-web-1536x1024.jpg\" class=\"attachment-1536x1536 size-1536x1536 wp-image-79243\" alt=\"\" srcset=\"https:\/\/aktuelles.uni-frankfurt.de\/wp-content\/uploads\/2024\/02\/FCI_Bild3_HFZellkultur-web-1536x1024.jpg 1536w, https:\/\/aktuelles.uni-frankfurt.de\/wp-content\/uploads\/2024\/02\/FCI_Bild3_HFZellkultur-web-300x200.jpg 300w, https:\/\/aktuelles.uni-frankfurt.de\/wp-content\/uploads\/2024\/02\/FCI_Bild3_HFZellkultur-web-500x333.jpg 500w, https:\/\/aktuelles.uni-frankfurt.de\/wp-content\/uploads\/2024\/02\/FCI_Bild3_HFZellkultur-web-768x512.jpg 768w, https:\/\/aktuelles.uni-frankfurt.de\/wp-content\/uploads\/2024\/02\/FCI_Bild3_HFZellkultur-web-18x12.jpg 18w, https:\/\/aktuelles.uni-frankfurt.de\/wp-content\/uploads\/2024\/02\/FCI_Bild3_HFZellkultur-web.jpg 1800w\" sizes=\"(max-width: 1536px) 100vw, 1536px\" \/>\t\t\t\t\t\t\t\t\t\t\t<figcaption class=\"widget-image-caption wp-caption-text\">(Foto: Georg-Speyer-Haus \u00a9 Andreas Reeg)<\/figcaption>\n\t\t\t\t\t\t\t\t\t\t<\/figure>\n\t\t\t\t\t\t\t\t\t<\/div>\n\t\t\t\t<\/div>\n\t\t\t\t<div class=\"elementor-element elementor-element-8619f8b animated-fast elementor-invisible elementor-widget elementor-widget-text-editor\" data-id=\"8619f8b\" data-element_type=\"widget\" data-settings=\"{&quot;_animation&quot;:&quot;fadeInUp&quot;}\" data-widget_type=\"text-editor.default\">\n\t\t\t\t<div class=\"elementor-widget-container\">\n\t\t\t\t\t\t\t\t\t<p><span style=\"color: var( --e-global-color-c332436 );\">Diese Ergebnisse der translationalen, also im engen Austausch mit der Praxis entwickelten Forschung wurden Anfang 2022 ver\u00f6ffentlicht. Im Oktober desselben Jahres folgte eine weitere Publikation zur Behandlung von Enddarmkrebs, erneut von einem Forschungsteam, das von Prof. Florian Greten vom Georg-Speyer-Haus, Institut f\u00fcr Tumorbiologie und experimentelle Therapie und der Goethe-Universit\u00e4t geleitet wurde. Ausgangspunkt war wiederum das Tumormikromilieu: Es schr\u00e4nkt, so die Erkenntnis des Teams, die Wirkungskraft von T-Zellen ein, die die nat\u00fcrliche Immunantwort unseres K\u00f6rpers gegen Krebs darstellen. Die Folge ist ein unkontrolliertes Wachstum des Tumors. Dieses Wachstum kann der Studie zufolge jedoch gestoppt werden, indem man gealterte und gesch\u00e4digte Mitochondrien, die \u201eKraftwerke\u201c der Zellen, entfernt. In der Folge entstehen in den T-Zellen neue, funktionsf\u00e4hige Mitochondrien, die die Zellen wieder \u201eschlagkr\u00e4ftig\u201c machen. Ein Stoff, der diesen Prozess in Gang setzt, ist Urolithin A, ein Stoffwechselprodukt aus dem Granatapfel, das die Funktion von Immunzellen in ihrem Kampf gegen Krebs nachhaltig verbessert. In der Therapie von Personen mit Darmkrebs konnte Urolithin A \u00fcber die Nahrung zugef\u00fchrt und auch in menschliche T-Zellen im Labor induziert werden. Die Wirkung wird jetzt in Rahmen klinischer Studien an Patienten erprobt.<\/span><\/p><p>Ende 2022 hat das Land Hessen zugesagt, das FCI mit 18 Millionen Euro f\u00fcr weitere drei Jahre zu f\u00f6rdern. Die erfolgreiche Krebsforschung am 2019 gegr\u00fcndeten LOEWE-Zentrum kann also weitergehen. F\u00fcr Prof. Greten, Direktor des Georg-Speyer-Hauses und Sprecher des FCI, ist diese F\u00f6rderung eine Best\u00e4tigung f\u00fcr das interdisziplin\u00e4re Konzept des FCI und das innovative Forschen in Querschnittprogrammen: \u201eDamit haben wir bereits in der Aufbauphase des\u00a0FCI\u00a0geschafft, den kompletten Prozess von der klinischen Fragestellung \u00fcber die Grundlagenforschung und Therapieentwicklung bis hin zur klinischen Studie in einem interdisziplin\u00e4ren Zentrum abzubilden.\u201c Den drei bestehenden Querschnittsprogrammen \u2013 der Erforschung von gastrointestinalen Tumoren, akuter myeloischer Leuk\u00e4mie (kurz AML), also Blutkrebs, und Hirntumoren \u2013 soll nun ein weiteres, viertes Querschnittsprogramm hinzugef\u00fcgt werden, in dem es um Metastasenbildung gehen soll. Wie Universit\u00e4tspr\u00e4sident Prof. Enrico Schleiff anl\u00e4sslich der zweiten F\u00f6rderzusage \u00e4u\u00dferte, soll es f\u00fcr das FCI bald auch ein eigenes Domizil mit optimalen Arbeitsbedingungen geben. \u201eEin sichtbarer Ausdruck der Verstetigung\u201c, so Schleiff, \u201esind die Bauvorbereitungen auf unserem Campus Niederrad f\u00fcr ein eigenes, hochmodernes\u00a0FCI-Forschungsgeb\u00e4ude.\u201c<\/p>\t\t\t\t\t\t\t\t<\/div>\n\t\t\t\t<\/div>\n\t\t\t\t<div class=\"elementor-element elementor-element-9ca8c29 animated-fast elementor-invisible elementor-widget elementor-widget-text-editor\" data-id=\"9ca8c29\" data-element_type=\"widget\" data-settings=\"{&quot;_animation&quot;:&quot;fadeInUp&quot;}\" data-widget_type=\"text-editor.default\">\n\t\t\t\t<div class=\"elementor-widget-container\">\n\t\t\t\t\t\t\t\t\t<p>(mb\/pb)<\/p>\t\t\t\t\t\t\t\t<\/div>\n\t\t\t\t<\/div>\n\t\t\t\t\t<\/div>\n\t\t<\/div>\n\t\t\t\t\t<\/div>\n\t\t<\/section>\n\t\t\t\t<section class=\"elementor-section elementor-top-section elementor-element elementor-element-fc72739 elementor-section-content-middle animated-fast elementor-section-boxed elementor-section-height-default elementor-section-height-default\" data-id=\"fc72739\" data-element_type=\"section\" data-settings=\"{&quot;background_background&quot;:&quot;classic&quot;,&quot;animation&quot;:&quot;none&quot;,&quot;_ha_eqh_enable&quot;:false}\">\n\t\t\t\t\t\t<div class=\"elementor-container elementor-column-gap-no\">\n\t\t\t\t\t<div class=\"elementor-column elementor-col-100 elementor-top-column elementor-element elementor-element-4b8f6c0\" data-id=\"4b8f6c0\" data-element_type=\"column\" data-settings=\"{&quot;background_background&quot;:&quot;classic&quot;}\">\n\t\t\t<div class=\"elementor-widget-wrap elementor-element-populated\">\n\t\t\t\t\t\t<div class=\"elementor-element elementor-element-90f8c04 animated-fast elementor-invisible elementor-widget elementor-widget-heading\" data-id=\"90f8c04\" data-element_type=\"widget\" data-settings=\"{&quot;_animation&quot;:&quot;fadeInUp&quot;}\" data-widget_type=\"heading.default\">\n\t\t\t\t<div class=\"elementor-widget-container\">\n\t\t\t\t\t<h2 class=\"elementor-heading-title elementor-size-default\">Von Bund und Land gef\u00f6rdert: Weitere Forschungsprojekte unter Federf\u00fchrung der Goethe-Universit\u00e4t<\/h2>\t\t\t\t<\/div>\n\t\t\t\t<\/div>\n\t\t\t\t<div class=\"elementor-element elementor-element-61f1697 animated-fast elementor-invisible elementor-widget elementor-widget-text-editor\" data-id=\"61f1697\" data-element_type=\"widget\" data-settings=\"{&quot;_animation&quot;:&quot;fadeInUp&quot;}\" data-widget_type=\"text-editor.default\">\n\t\t\t\t<div class=\"elementor-widget-container\">\n\t\t\t\t\t\t\t\t\t<h4><strong>Haushaltsbarometer<\/strong><\/h4><p>Prof. Andreas Hackethal, Leiter der Forschungsabteilung <a href=\"https:\/\/safe-frankfurt.de\/de\/forschung\/forschungsabteilungen\/household-finance.html\">Household Finance<\/a> am Leibniz-Institut f\u00fcr Finanzmarktforschung SAFE und Professor am Fachbereich Wirtschaftswissenschaften, entwickelt mit seinem Team ein neues \u201eHaushaltsbarometer\u201c, das detaillierte Echtzeit-Einblicke in die wirtschaftliche Lage von Privathaushalten gibt. Damit \u00fcbernimmt Hackethal die Leitung f\u00fcr ein Teilprojekt in dem internationalen Konsortium EuroDaT. Gef\u00f6rdert wird EuroDat \u00fcber das Bundesministerium f\u00fcr Wirtschaft und Klimaschutz (BMWi) f\u00fcr die Dauer von zwei Jahren.\u00a0<\/p><p><a href=\"https:\/\/safe-frankfurt.de\/de\/aktuelles\/alle-news\/einzelansicht\/safe-startet-neues-haushaltsbarometer-zu-finanzdaten-privater-haushalte.html\" target=\"_blank\" rel=\"noopener\">SAFE startet neues \u201eHaushaltsbarometer\u201c zu Finanzdaten privater Haushalte<\/a><\/p><h4><strong><br \/>Mobilit\u00e4tswende<\/strong><\/h4><p>Das Projekt \u201eDie Gestaltung der Energie- und Mobilit\u00e4tswende als sozial-\u00f6kologische Transformation in der Region FrankfurtRheinMain\u201c (transform-R) entwickelt ein Leitbild f\u00fcr die Mobilit\u00e4tswende in der Region. Dabei sollen alle relevanten Akteure einbezogen und besser koordiniert werden. Dar\u00fcber hinaus sollen in vier dreij\u00e4hrigen Reallaboren innovative Ma\u00dfnahmen f\u00fcr die Region erprobt werden. Das Projekt wird vom Bundesministerium f\u00fcr Bildung und Forschung (BMBF) gef\u00f6rdert.<\/p><p><a href=\"https:\/\/www.uni-frankfurt.de\/133283829.pdf\" target=\"_blank\" rel=\"noopener\">AG Mobilit\u00e4tsforschung Arbeitsgruppe Mobilit\u00e4tsforschung, Institut f\u00fcr Humangeographie, Goethe-Universit\u00e4t Frankfurt a.M. transform-R Die Gestaltung der Energie- und Mobilit\u00e4tswende als sozial-\u00f6kologische Transformation in der Region FrankfurtRheinMain<\/a><\/p><h4><strong><br \/>Forschungszeit f\u00fcr Fach\u00e4rzte<\/strong><\/h4><p>Fach\u00e4rztinnen und -\u00e4rzte am Universit\u00e4tsklinikum Frankfurt k\u00f6nnen nun einen Teil ihrer Arbeitszeit der Forschung widmen, und zwar der Erforschung von Infektionskrankheiten. M\u00f6glich macht das Programm INITIALISE \u2013 Innovations in Infection Medicine durch die F\u00f6rderung des Bundesministeriums f\u00fcr Bildung und Forschung (BMBF).<\/p><p><a href=\"https:\/\/aktuelles.uni-frankfurt.de\/forschung\/millionenfoerderung-schafft-freiraum-fuer-forschung-zu-infektionskrankheiten\/\" target=\"_blank\" rel=\"noopener\">Millionenf\u00f6rderung schafft Freiraum f\u00fcr Forschung zu Infektionskrankheiten<\/a><\/p><h4><strong><br \/>Lernen mit Gel\u00e4nder<\/strong><\/h4><p>2022 startet das Projekt \u201eMultiprofessionelle Kooperation und Professionalisierung zur fachbezogenen Sprachbildung im schulischen Ganztag\u201c (KoPaS) am Fachbereich Erziehungswissenschaften. Ziel ist es, die fachliche und sprachliche Lernentwicklung von Grundschulkindern der Jahrgangsstufen 3 und 4 zu f\u00f6rdern \u2013 und zwar in der Interaktion mit kompetenten Lehrkr\u00e4ften und unter der Ber\u00fccksichtigung individueller Mehrsprachigkeit. Das Projekt wird an den drei Projektstandorten Frankfurt, Bamberg und Berlin umgesetzt.<\/p><p><a href=\"https:\/\/www.uni-frankfurt.de\/134897003\/KoPaS___Multiprofessionelle_Kooperation_und_Professionalisierung_zur_fachbezogenen_Sprachbildung_im_schulischen_Ganztag\" target=\"_blank\" rel=\"noopener\">KoPaS &#8211; Multiprofessionelle Kooperation und Professionalisierung zur fachbezogenen Sprachbildung im schulischen Ganztag (KoPaS)<\/a><\/p><h4><strong><br \/>Politische Gewalt regional erforschen<\/strong><\/h4><p>F\u00fcnf hessische Forschungsinstitute kooperieren in einem neuen Verbundprojekt zu Ursachen, Dynamiken und Effekten von politischer Gewalt: An dem interdisziplin\u00e4ren Projekt \u201eRegionales Forschungszentrum \u2013 Transformations of Political Violence\u201c (TraCe) sind das Leibniz-Institut Hessische Stiftung Friedens- und Konflikt\u00adforschung (HSFK) und die Goethe-Universit\u00e4t beteiligt sowie die Justus-Liebig-Universit\u00e4t Gie\u00dfen, die Philipps-Universit\u00e4t Marburg und die Technische Universit\u00e4t Darmstadt. Das Verbundprojekt, das auch die Aktivit\u00e4ten der Rhein-Main-Universit\u00e4ten st\u00e4rkt, wird vom Bundesministerium f\u00fcr Bildung und Forschung (BMBF) mit ca. 5,2 Mio. Euro gef\u00f6rdert.<\/p><p><a href=\"https:\/\/www.puk.uni-frankfurt.de\/116727998\/Politische_Gewalt_erforschen\">Politische Gewalt erforschen<\/a><\/p><h4><strong><br \/>Islam-Akademie f\u00f6rdern<\/strong><\/h4><p>Die Akademie f\u00fcr Islam in Wissenschaft und Gesellschaft (AIWG) wird f\u00fcr weitere f\u00fcnf Jahre vom Bundesministerium f\u00fcr Bildung und Forschung (BMBF) gef\u00f6rdert. Das BMBF unterst\u00fctzt die Arbeit der Akademie mit 6,4 Millionen Euro.<\/p><p><a href=\"https:\/\/www.puk.uni-frankfurt.de\/125846523\/Forschungsimpulse_geben__Wissenstransfer_st%C3%A4rken\">Forschungsimpulse geben, Wissenstransfer st\u00e4rken<\/a><\/p><h4><strong><br \/>Leberversagen erforschen<\/strong><\/h4><p>Wissenschaftlerinnen und Wissenschaftler des LOEWE-Schwerpunkts \u201eDie ACLF-Initiative&#8220; werden gef\u00f6rdert, um an einer schweren Form des Leberversagens (Akut-auf-Chronisches Leberversagen) zu forschen. Das \u00fcbergeordnete Ziel ist es, neue diagnostische und therapeutische Ans\u00e4tze f\u00fcr das Acute-on-Chronic Liver Failure (ACLF) zu entwickeln.\u00a0<\/p><p><a href=\"https:\/\/proloewe.de\/de\/loewe-vorhaben\/nach-themen\/aclf-i\/\" target=\"_blank\" rel=\"noopener\">ACLF-I Pathogenetische Mechanismen des Akut-auf-Chronischem Leberversagen und therapeutische Ans\u00e4tze<\/a><\/p><h4><strong><br \/>Erfolgreiche Krebsforschung<\/strong><\/h4><p>Wegen seiner gro\u00dfen Erfolge in der Erforschung von Mechanismen der Tumorentwicklung und von Resistenzbildung sowie an neuen Therapien in der Krebsforschung wird das seit 2019 bestehende LOEWE-Zentrum \u201eFrankfurt Cancer Institute\u201c (FCI) f\u00fcr weitere drei Jahre mit 18 Millionen Euro aus Landesmitteln gef\u00f6rdert.<\/p><p><a href=\"https:\/\/aktuelles.uni-frankfurt.de\/forschung\/loewe-zentrum-frankfurt-cancer-institute-fuer-weitere-drei-jahre-gefoerdert\/?highlight=%20%E2%80%9EFrankfurt%20Cancer%20Institute%E2%80%9C%20\">LOEWE-Zentrum \u201eFrankfurt Cancer Institute\u201c f\u00fcr weitere drei Jahre gef\u00f6rdert | Aktuelles aus der Goethe-Universit\u00e4t Frankfurt (uni-frankfurt.de)<\/a><\/p><h4><strong><br \/>LOEWE-Spitzenprofessuren f\u00fcr Virologin und Spezialistin f\u00fcr Cybersicherheit<\/strong><\/h4><p>Die F\u00f6rderung des Landes Hessen f\u00fcr die Virologin Prof. Sandra Ciesek mit 1,4 Millionen Euro im Rahmen einer LOEWE-Spitzenprofessur beginnt. Ebenfalls eine LOEWE-Spitzen-Professur besetzt die Spezialistin f\u00fcr Cybersicherheit Dr. Haya Shulman, die dem Ruf auf eine Professur am Institut f\u00fcr Informatik nach Frankfurt gefolgt ist und zudem am Fraunhofer-Institut f\u00fcr Sichere Informationstechnologie SIT in Darmstadt forscht.<\/p><p><a href=\"https:\/\/aktuelles.uni-frankfurt.de\/forschung\/loewe-spitzen-professur-in-frankfurt-fuer-cyber-expertin-dr-haya-shulman\/\" target=\"_blank\" rel=\"noopener\">LOEWE-Spitzen-Professur in Frankfurt f\u00fcr Cyber-Expertin Dr. Haya Shulman<\/a><\/p>\t\t\t\t\t\t\t\t<\/div>\n\t\t\t\t<\/div>\n\t\t\t\t\t<\/div>\n\t\t<\/div>\n\t\t\t\t\t<\/div>\n\t\t<\/section>\n\t\t\t\t<section class=\"elementor-section elementor-top-section elementor-element elementor-element-0f64efd elementor-section-full_width elementor-section-height-min-height elementor-section-items-stretch elementor-section-height-default\" data-id=\"0f64efd\" data-element_type=\"section\" id=\"projekte-eu\" data-settings=\"{&quot;background_background&quot;:&quot;classic&quot;,&quot;_ha_eqh_enable&quot;:false}\">\n\t\t\t\t\t\t<div class=\"elementor-container elementor-column-gap-default\">\n\t\t\t\t\t<div class=\"elementor-column elementor-col-50 elementor-top-column elementor-element elementor-element-862effb\" data-id=\"862effb\" data-element_type=\"column\" data-settings=\"{&quot;background_background&quot;:&quot;classic&quot;}\">\n\t\t\t<div class=\"elementor-widget-wrap elementor-element-populated\">\n\t\t\t\t\t<div class=\"elementor-background-overlay\"><\/div>\n\t\t\t\t\t\t<div class=\"elementor-element elementor-element-67fa3e7 elementor-widget elementor-widget-spacer\" data-id=\"67fa3e7\" data-element_type=\"widget\" data-widget_type=\"spacer.default\">\n\t\t\t\t<div class=\"elementor-widget-container\">\n\t\t\t\t\t\t\t<div class=\"elementor-spacer\">\n\t\t\t<div class=\"elementor-spacer-inner\"><\/div>\n\t\t<\/div>\n\t\t\t\t\t\t<\/div>\n\t\t\t\t<\/div>\n\t\t\t\t<div class=\"elementor-element elementor-element-00cc948 animated-fast ha-has-bg-overlay elementor-invisible elementor-widget elementor-widget-text-editor\" data-id=\"00cc948\" data-element_type=\"widget\" data-settings=\"{&quot;_animation&quot;:&quot;fadeInUp&quot;}\" data-widget_type=\"text-editor.default\">\n\t\t\t\t<div class=\"elementor-widget-container\">\n\t\t\t\t\t\t\t\t\t<p>(Foto: Mathias Reding\/unplash)<\/p>\t\t\t\t\t\t\t\t<\/div>\n\t\t\t\t<\/div>\n\t\t\t\t\t<\/div>\n\t\t<\/div>\n\t\t\t\t<div class=\"elementor-column elementor-col-50 elementor-top-column elementor-element elementor-element-58832b7\" data-id=\"58832b7\" data-element_type=\"column\">\n\t\t\t<div class=\"elementor-widget-wrap elementor-element-populated\">\n\t\t\t\t\t\t<div class=\"elementor-element elementor-element-645e20c animated-fast elementor-invisible elementor-widget elementor-widget-heading\" data-id=\"645e20c\" data-element_type=\"widget\" data-settings=\"{&quot;_animation&quot;:&quot;fadeInUp&quot;}\" data-widget_type=\"heading.default\">\n\t\t\t\t<div class=\"elementor-widget-container\">\n\t\t\t\t\t<h2 class=\"elementor-heading-title elementor-size-default\">Wenn Fake News f\u00fcr internationale Organisationen zum Problem werden<\/h2>\t\t\t\t<\/div>\n\t\t\t\t<\/div>\n\t\t\t\t<div class=\"elementor-element elementor-element-4722a8c e-transform animated-fast elementor-invisible elementor-widget elementor-widget-text-editor\" data-id=\"4722a8c\" data-element_type=\"widget\" data-settings=\"{&quot;_transform_translateY_effect_mobile&quot;:{&quot;unit&quot;:&quot;px&quot;,&quot;size&quot;:-50,&quot;sizes&quot;:[]},&quot;_animation&quot;:&quot;fadeInUp&quot;,&quot;_transform_translateX_effect&quot;:{&quot;unit&quot;:&quot;px&quot;,&quot;size&quot;:&quot;&quot;,&quot;sizes&quot;:[]},&quot;_transform_translateX_effect_tablet&quot;:{&quot;unit&quot;:&quot;px&quot;,&quot;size&quot;:&quot;&quot;,&quot;sizes&quot;:[]},&quot;_transform_translateX_effect_mobile&quot;:{&quot;unit&quot;:&quot;px&quot;,&quot;size&quot;:&quot;&quot;,&quot;sizes&quot;:[]},&quot;_transform_translateY_effect&quot;:{&quot;unit&quot;:&quot;px&quot;,&quot;size&quot;:&quot;&quot;,&quot;sizes&quot;:[]},&quot;_transform_translateY_effect_tablet&quot;:{&quot;unit&quot;:&quot;px&quot;,&quot;size&quot;:&quot;&quot;,&quot;sizes&quot;:[]}}\" data-widget_type=\"text-editor.default\">\n\t\t\t\t<div class=\"elementor-widget-container\">\n\t\t\t\t\t\t\t\t\t<p>In ihrem Forschungsprojekt FARRIO (\u201eThe Effects of Far-Right Challanges on International Organsations\u201c) erforscht die Politikwissenschaftlerin Prof. Lisbeth Zimmermann das Erstarken der Radikalen und Extremen Rechten in der internationalen Politik. Daf\u00fcr erhielt sie 2022 den ERC Starting Grant in H\u00f6he von 1.5 Millionen Euro.<\/p>\t\t\t\t\t\t\t\t<\/div>\n\t\t\t\t<\/div>\n\t\t\t\t\t<\/div>\n\t\t<\/div>\n\t\t\t\t\t<\/div>\n\t\t<\/section>\n\t\t\t\t<section class=\"elementor-section elementor-top-section elementor-element elementor-element-831b048 elementor-section-content-middle elementor-section-boxed elementor-section-height-default elementor-section-height-default\" data-id=\"831b048\" data-element_type=\"section\" data-settings=\"{&quot;_ha_eqh_enable&quot;:false}\">\n\t\t\t\t\t\t<div class=\"elementor-container elementor-column-gap-no\">\n\t\t\t\t\t<div class=\"elementor-column elementor-col-100 elementor-top-column elementor-element elementor-element-d9d7da8\" data-id=\"d9d7da8\" data-element_type=\"column\">\n\t\t\t<div class=\"elementor-widget-wrap elementor-element-populated\">\n\t\t\t\t\t\t<div class=\"elementor-element elementor-element-3bdf40c animated-fast elementor-invisible elementor-widget elementor-widget-text-editor\" data-id=\"3bdf40c\" data-element_type=\"widget\" data-settings=\"{&quot;_animation&quot;:&quot;fadeInUp&quot;}\" data-widget_type=\"text-editor.default\">\n\t\t\t\t<div class=\"elementor-widget-container\">\n\t\t\t\t\t\t\t\t\t<p>Globale und lokale Krisen haben sich in den letzten 20 Jahren gewisserma\u00dfen die Klinke in die Hand geben: Die Welt geriet von der Finanzkrise in die Corona-Pandemie, in den Krieg gegen die Ukraine und befindet sich mit dem Klimawandel in einer globalen Dauerkrise. Vor diesem Hintergrund ist das Entstehen weiterer Konflikten zunehmend wahrscheinlicher geworden \u2013 auf nationaler, aber eben auch auf internationaler Ebene. \u201eIch wollte immer schon verstehen, wie sich das System globalen Regierens ver\u00e4ndert, anpasst oder resilient zeigt \u2013 wenn es etwa in Frage gestellt wird oder \u00fcber Themen gestritten wird\u201c, erkl\u00e4rt Lisbeth Zimmermann. Sie ist Professorin f\u00fcr Politikwissenschaft mit dem Schwerpunkt Internationale Institutionen und Friedensprozesse im Fachbereich Gesellschaftswissenschaften und Private Investigator (PI) in der Clusterinitiative ConTrust.<\/p><p>Wie k\u00f6nnen die zunehmenden Herausforderungen f\u00fcr internationale Organisationen beforscht werden? \u201eWir versuchen in den vergangenen zwei Dekaden viel st\u00e4rker, quantitative Daten \u00fcber globales Regieren zu sammeln: Dazu geh\u00f6ren Resolutionen, Wortmeldungen von Staaten, Berichte, Protokolle und vieles mehr. Gro\u00dfe Mengen an schriftlichem Material k\u00f6nnen heute mithilfe neuer quantitativer Methoden viel besser ausgewertet werden.\u201c Zum anderen, erkl\u00e4rt Zimmermann, werden Politikprozesse auch ganz klassisch engmaschig mit qualitativen Methoden verfolgt, beispielsweise durch teilnehmende Beobachtung bei Versammlungen und Verhandlungen. Aktuell untersucht Lisbeth Zimmermann in einem gro\u00dfen Projekt die transnationale Neue Rechte und ihren Einfluss auf internationale Organisationen.<\/p>\t\t\t\t\t\t\t\t<\/div>\n\t\t\t\t<\/div>\n\t\t\t\t<div class=\"elementor-element elementor-element-2bea039 elementor-blockquote--skin-quotation animated-fast elementor-invisible elementor-widget elementor-widget-blockquote\" data-id=\"2bea039\" data-element_type=\"widget\" data-settings=\"{&quot;_animation&quot;:&quot;fadeInUp&quot;}\" data-widget_type=\"blockquote.default\">\n\t\t\t\t<div class=\"elementor-widget-container\">\n\t\t\t\t\t\t\t<blockquote class=\"elementor-blockquote\">\n\t\t\t<p class=\"elementor-blockquote__content\">\n\t\t\t\tInternationale Organisationen sehen in Fake News und gezielten Desinformationen eines ihrer Hauptprobleme\t\t\t<\/p>\n\t\t\t\t\t<\/blockquote>\n\t\t\t\t\t\t<\/div>\n\t\t\t\t<\/div>\n\t\t\t\t<div class=\"elementor-element elementor-element-18d6801 animated-fast elementor-invisible elementor-widget elementor-widget-text-editor\" data-id=\"18d6801\" data-element_type=\"widget\" data-settings=\"{&quot;_animation&quot;:&quot;fadeInUp&quot;}\" data-widget_type=\"text-editor.default\">\n\t\t\t\t<div class=\"elementor-widget-container\">\n\t\t\t\t\t\t\t\t\t<p><span style=\"color: var( --e-global-color-c332436 );\">Die Schnittstelle zur Cluster-Initiative ConTrust ist die Frage, wann aus Streit und Konflikt ein produktives Moment entstehen kann \u2013 und damit auch neues Vertrauen. \u201eEs geht in ConTrust um Vertrauen auf ganz verschiedenen Ebenen: um politische Konflikte, um Konflikte \u00fcber sozio\u00f6konomische Verteilung, auch um Konflikte um richtiges Wissen und Expertise. Der letztgenannte ist der Teilbereich, in den ich bei ConTrust eingebunden bin\u201c, sagt die Politikwissenschaftlerin. Wann f\u00fchrt neues Wissen zu Konflikten, wann wird es vertrauensw\u00fcrdig? \u201eDas ist f\u00fcr mich ein hochspannender Bereich, den ich noch st\u00e4rker beforschen m\u00f6chte. Denn internationale Organisationen sehen in Fake News und gezielten Desinformationen eines ihrer Hauptprobleme: Wenn ihr Expertenwissen zunehmend infrage gestellt wird, m\u00fcssen sich Organisationen wie die OECD oder WHO \u00fcberlegen, welche institutionellen Neuerungen sie durchf\u00fchren m\u00fcssen, um wieder als Autorit\u00e4ten gesehen zu werden. Wie k\u00f6nnen sie sich zum Beispiel auf Social Media oder durch neue institutionelle Strukturen pr\u00e4sentieren, um als b\u00fcrgernah wahrgenommen zu werden?\u201c<\/span><\/p>\t\t\t\t\t\t\t\t<\/div>\n\t\t\t\t<\/div>\n\t\t\t\t<div class=\"elementor-element elementor-element-8a5f25a elementor-blockquote--skin-quotation animated-fast elementor-blockquote--align-left elementor-invisible elementor-widget elementor-widget-blockquote\" data-id=\"8a5f25a\" data-element_type=\"widget\" data-settings=\"{&quot;_animation&quot;:&quot;fadeInUp&quot;}\" data-widget_type=\"blockquote.default\">\n\t\t\t\t<div class=\"elementor-widget-container\">\n\t\t\t\t\t\t\t<blockquote class=\"elementor-blockquote\">\n\t\t\t<p class=\"elementor-blockquote__content\">\n\t\t\t\tIch wollte immer schon verstehen, wie sich das System globalen Regierens \u00fcber die Zeit ver\u00e4ndert, anpasst oder resilient zeigt\t\t\t<\/p>\n\t\t\t\t\t\t\t<div class=\"e-q-footer\">\n\t\t\t\t\t\t\t\t\t\t\t<cite class=\"elementor-blockquote__author\">\u2014 Politikwissenschaftlerin Lisbeth Zimmermann<\/cite>\n\t\t\t\t\t\t\t\t\t\t\t\t\t\t<\/div>\n\t\t\t\t\t<\/blockquote>\n\t\t\t\t\t\t<\/div>\n\t\t\t\t<\/div>\n\t\t\t\t<div class=\"elementor-element elementor-element-78c7677 animated-fast elementor-invisible elementor-widget elementor-widget-text-editor\" data-id=\"78c7677\" data-element_type=\"widget\" data-settings=\"{&quot;_animation&quot;:&quot;fadeInUp&quot;}\" data-widget_type=\"text-editor.default\">\n\t\t\t\t<div class=\"elementor-widget-container\">\n\t\t\t\t\t\t\t\t\t<p><span style=\"color: var( --e-global-color-c332436 );\">Zimmermann sieht auch noch einen anderen m\u00f6glichen Grund daf\u00fcr, warum die Autorit\u00e4t und Expertise internationaler Organisationen in schwierigeres Fahrwasser geraten ist. \u201eHeute verhandeln in diesen Organisationen immer seltener ausgebildete Diplomat*innen, daf\u00fcr immer h\u00e4ufiger Spezialist*innen aus Ministerien oder Forschungsinstituten. Die Erwartung ist, dass in den internationalen Verhandlungen Leute agieren, die sich auskennen, und dass der politische Aspekt ihrer Arbeit dahinter zur\u00fccktritt. Das ist im Prinzip aber gar nicht so klar, denn wenn bei einer Verhandlung Teilnehmende mit sehr unterschiedlichen Expertisen aus verschiedenen Feldern und auch noch mit anderen politischen Intention aufeinandertreffen \u2013 welche Rolle spielt dann letztendlich das jeweilige Wissen? Oder anders gefragt: Wie unterschiedlich blicken Menschen mit verschiedenen \u201aWahrheiten\u2018 auf die Welt und ihre Konflikte? Wenn ein*e Klimaexperte\/-expertin auf eine*n Wirtschaftsexperten\/-expertin trifft, wie k\u00f6nnen gemeinsames Wissen und dann gemeinsame L\u00f6sungen entstehen? Und aus der Perspektive von ConTrust gefragt: Wie kann aus dieser komplexen Situation Vertrauen entstehen?\u201c<\/span><\/p>\t\t\t\t\t\t\t\t<\/div>\n\t\t\t\t<\/div>\n\t\t\t\t<div class=\"elementor-element elementor-element-8d7b24b animated-fast elementor-invisible elementor-widget elementor-widget-text-editor\" data-id=\"8d7b24b\" data-element_type=\"widget\" data-settings=\"{&quot;_animation&quot;:&quot;fadeInUp&quot;}\" data-widget_type=\"text-editor.default\">\n\t\t\t\t<div class=\"elementor-widget-container\">\n\t\t\t\t\t\t\t\t\t<p>(df)<\/p>\t\t\t\t\t\t\t\t<\/div>\n\t\t\t\t<\/div>\n\t\t\t\t\t<\/div>\n\t\t<\/div>\n\t\t\t\t\t<\/div>\n\t\t<\/section>\n\t\t\t\t<section class=\"elementor-section elementor-top-section elementor-element elementor-element-0ad2a82 elementor-section-content-middle animated-fast elementor-section-boxed elementor-section-height-default elementor-section-height-default\" data-id=\"0ad2a82\" data-element_type=\"section\" data-settings=\"{&quot;background_background&quot;:&quot;classic&quot;,&quot;animation&quot;:&quot;none&quot;,&quot;_ha_eqh_enable&quot;:false}\">\n\t\t\t\t\t\t<div class=\"elementor-container elementor-column-gap-no\">\n\t\t\t\t\t<div class=\"elementor-column elementor-col-100 elementor-top-column elementor-element elementor-element-c885d45\" data-id=\"c885d45\" data-element_type=\"column\">\n\t\t\t<div class=\"elementor-widget-wrap elementor-element-populated\">\n\t\t\t\t\t\t<div class=\"elementor-element elementor-element-d0c65e2 animated-fast ha-has-bg-overlay elementor-invisible elementor-widget elementor-widget-text-editor\" data-id=\"d0c65e2\" data-element_type=\"widget\" data-settings=\"{&quot;_animation&quot;:&quot;fadeInUp&quot;}\" data-widget_type=\"text-editor.default\">\n\t\t\t\t<div class=\"elementor-widget-container\">\n\t\t\t\t\t\t\t\t\t<p><strong>F\u00fcnf Europ\u00e4ische ERC-F\u00f6rderungen f\u00fcr Spitzenforschung <\/strong><\/p><p>F\u00fcr ihre vision\u00e4ren Forschungsvorhaben haben f\u00fcnf Spitzenforscher:innen der Goethe-Universit\u00e4t von 2022 bis 2027 F\u00f6rdergelder des Europ\u00e4ischen Forschungsrats (ERC) erhalten. Mit einem<strong> ERC Advanced Grant <\/strong>forschen Prof. Ivan \u0110iki\u0107 zur Membran-Feinstruktur von Zellen, Prof. Stefanie Dimmeler zu Alterungsprozessen im Herzen und Prof. Andreas Zeiher zur Genetik von Herzklappenerkrankungen.\u00a0Einen ERC Starting Grant erhalten Prof. Mirco G\u00f6pfert f\u00fcr seine Forschung zum Verh\u00e4ltnis von Humor und Politik und Prof. Lisbeth Zimmermann f\u00fcr ihre Studien zur transnationalen Neuen Rechten.<\/p><p>Stefanie Dimmeler und Ivan \u0110iki\u0107 sind damit bereits zum dritten Mal in der Einwerbung eines ERC Grants erfolgreich. Mit den ERC Advanced Grants f\u00f6rdert der Europ\u00e4ische Forschungsrat (European Research Council, ERC) bahnbrechende Forschungsvorhaben von erfahrenen Wissenschaftlerinnen und Wissenschaftlern. F\u00fcr die Projekte erhalten sie bis zu 2,5 Millionen Euro \u00fcber einen Zeitraum von bis zu f\u00fcnf Jahren.<\/p>\t\t\t\t\t\t\t\t<\/div>\n\t\t\t\t<\/div>\n\t\t\t\t<section class=\"elementor-section elementor-inner-section elementor-element elementor-element-01d2878 elementor-reverse-mobile elementor-section-boxed elementor-section-height-default elementor-section-height-default\" data-id=\"01d2878\" data-element_type=\"section\" data-settings=\"{&quot;background_background&quot;:&quot;classic&quot;,&quot;_ha_eqh_enable&quot;:false}\">\n\t\t\t\t\t\t<div class=\"elementor-container elementor-column-gap-default\">\n\t\t\t\t\t<div class=\"elementor-column elementor-col-50 elementor-inner-column elementor-element elementor-element-676d757\" data-id=\"676d757\" data-element_type=\"column\">\n\t\t\t<div class=\"elementor-widget-wrap elementor-element-populated\">\n\t\t\t\t\t\t<div class=\"elementor-element elementor-element-cdb824f elementor-widget elementor-widget-image\" data-id=\"cdb824f\" data-element_type=\"widget\" data-widget_type=\"image.default\">\n\t\t\t\t<div class=\"elementor-widget-container\">\n\t\t\t\t\t\t\t\t\t\t\t\t<figure class=\"wp-caption\">\n\t\t\t\t\t\t\t\t\t\t<img loading=\"lazy\" decoding=\"async\" width=\"1000\" height=\"1000\" src=\"https:\/\/aktuelles.uni-frankfurt.de\/wp-content\/uploads\/2024\/03\/Profil-Dikic.jpg\" class=\"attachment-1536x1536 size-1536x1536 wp-image-79333\" alt=\"\" srcset=\"https:\/\/aktuelles.uni-frankfurt.de\/wp-content\/uploads\/2024\/03\/Profil-Dikic.jpg 1000w, https:\/\/aktuelles.uni-frankfurt.de\/wp-content\/uploads\/2024\/03\/Profil-Dikic-300x300.jpg 300w, https:\/\/aktuelles.uni-frankfurt.de\/wp-content\/uploads\/2024\/03\/Profil-Dikic-500x500.jpg 500w, https:\/\/aktuelles.uni-frankfurt.de\/wp-content\/uploads\/2024\/03\/Profil-Dikic-150x150.jpg 150w, https:\/\/aktuelles.uni-frankfurt.de\/wp-content\/uploads\/2024\/03\/Profil-Dikic-768x768.jpg 768w, https:\/\/aktuelles.uni-frankfurt.de\/wp-content\/uploads\/2024\/03\/Profil-Dikic-12x12.jpg 12w, https:\/\/aktuelles.uni-frankfurt.de\/wp-content\/uploads\/2024\/03\/Profil-Dikic-700x700.jpg 700w\" sizes=\"(max-width: 1000px) 100vw, 1000px\" \/>\t\t\t\t\t\t\t\t\t\t\t<figcaption class=\"widget-image-caption wp-caption-text\">(Foto: Uwe Dettmar\/Goethe-Universit\u00e4t)<\/figcaption>\n\t\t\t\t\t\t\t\t\t\t<\/figure>\n\t\t\t\t\t\t\t\t\t<\/div>\n\t\t\t\t<\/div>\n\t\t\t\t\t<\/div>\n\t\t<\/div>\n\t\t\t\t<div class=\"elementor-column elementor-col-50 elementor-inner-column elementor-element elementor-element-0b82406\" data-id=\"0b82406\" data-element_type=\"column\">\n\t\t\t<div class=\"elementor-widget-wrap elementor-element-populated\">\n\t\t\t\t\t\t<div class=\"elementor-element elementor-element-d97133e animated-fast elementor-invisible elementor-widget elementor-widget-text-editor\" data-id=\"d97133e\" data-element_type=\"widget\" data-settings=\"{&quot;_animation&quot;:&quot;fadeInUp&quot;}\" data-widget_type=\"text-editor.default\">\n\t\t\t\t<div class=\"elementor-widget-container\">\n\t\t\t\t\t\t\t\t\t<p><strong>Prof. Ivan \u0110iki\u0107,<\/strong><\/p><p>Direktor des Instituts f\u00fcr Biochemie II an der Goethe-Universit\u00e4t Frankfurt und Max Planck Fellow am MPI f\u00fcr Biophysik in Frankfurt, widmet sich in seinem Forschungsprojekt\u00a0ER-REMODEL (\u201eEndoplasmic reticulum remodelling via ER-phagy pathways\u201d) einer Feinstruktur der Zelle, dem Endoplasmatischen Retikulum (ER). Als gr\u00f6\u00dftes Membransystem innerhalb von Zellen nimmt das ER wichtige Funktionen bei der Synthese und dem Transport von zellul\u00e4ren Bestandteilen wahr. Im neuen Forschungsprojekt sollen die zugrundeliegenden, genau regulierten Mechanismen untersucht werden.<\/p>\t\t\t\t\t\t\t\t<\/div>\n\t\t\t\t<\/div>\n\t\t\t\t\t<\/div>\n\t\t<\/div>\n\t\t\t\t\t<\/div>\n\t\t<\/section>\n\t\t\t\t<section class=\"elementor-section elementor-inner-section elementor-element elementor-element-6e928b0 elementor-reverse-mobile elementor-section-boxed elementor-section-height-default elementor-section-height-default\" data-id=\"6e928b0\" data-element_type=\"section\" data-settings=\"{&quot;background_background&quot;:&quot;classic&quot;,&quot;_ha_eqh_enable&quot;:false}\">\n\t\t\t\t\t\t<div class=\"elementor-container elementor-column-gap-default\">\n\t\t\t\t\t<div class=\"elementor-column elementor-col-50 elementor-inner-column elementor-element elementor-element-0c0c129\" data-id=\"0c0c129\" data-element_type=\"column\">\n\t\t\t<div class=\"elementor-widget-wrap elementor-element-populated\">\n\t\t\t\t\t\t<div class=\"elementor-element elementor-element-6ccb09a elementor-widget elementor-widget-image\" data-id=\"6ccb09a\" data-element_type=\"widget\" data-widget_type=\"image.default\">\n\t\t\t\t<div class=\"elementor-widget-container\">\n\t\t\t\t\t\t\t\t\t\t\t\t<figure class=\"wp-caption\">\n\t\t\t\t\t\t\t\t\t\t<img loading=\"lazy\" decoding=\"async\" width=\"1000\" height=\"1000\" src=\"https:\/\/aktuelles.uni-frankfurt.de\/wp-content\/uploads\/2024\/03\/Profil-Dimmeler.jpg\" class=\"attachment-1536x1536 size-1536x1536 wp-image-79334\" alt=\"\" srcset=\"https:\/\/aktuelles.uni-frankfurt.de\/wp-content\/uploads\/2024\/03\/Profil-Dimmeler.jpg 1000w, https:\/\/aktuelles.uni-frankfurt.de\/wp-content\/uploads\/2024\/03\/Profil-Dimmeler-300x300.jpg 300w, https:\/\/aktuelles.uni-frankfurt.de\/wp-content\/uploads\/2024\/03\/Profil-Dimmeler-500x500.jpg 500w, https:\/\/aktuelles.uni-frankfurt.de\/wp-content\/uploads\/2024\/03\/Profil-Dimmeler-150x150.jpg 150w, https:\/\/aktuelles.uni-frankfurt.de\/wp-content\/uploads\/2024\/03\/Profil-Dimmeler-768x768.jpg 768w, https:\/\/aktuelles.uni-frankfurt.de\/wp-content\/uploads\/2024\/03\/Profil-Dimmeler-12x12.jpg 12w, https:\/\/aktuelles.uni-frankfurt.de\/wp-content\/uploads\/2024\/03\/Profil-Dimmeler-700x700.jpg 700w\" sizes=\"(max-width: 1000px) 100vw, 1000px\" \/>\t\t\t\t\t\t\t\t\t\t\t<figcaption class=\"widget-image-caption wp-caption-text\">(Foto: Uwe Dettmar\/Goethe-Universit\u00e4t)<\/figcaption>\n\t\t\t\t\t\t\t\t\t\t<\/figure>\n\t\t\t\t\t\t\t\t\t<\/div>\n\t\t\t\t<\/div>\n\t\t\t\t\t<\/div>\n\t\t<\/div>\n\t\t\t\t<div class=\"elementor-column elementor-col-50 elementor-inner-column elementor-element elementor-element-7e2b48e\" data-id=\"7e2b48e\" data-element_type=\"column\">\n\t\t\t<div class=\"elementor-widget-wrap elementor-element-populated\">\n\t\t\t\t\t\t<div class=\"elementor-element elementor-element-179698f animated-fast elementor-invisible elementor-widget elementor-widget-text-editor\" data-id=\"179698f\" data-element_type=\"widget\" data-settings=\"{&quot;_animation&quot;:&quot;fadeInUp&quot;}\" data-widget_type=\"text-editor.default\">\n\t\t\t\t<div class=\"elementor-widget-container\">\n\t\t\t\t\t\t\t\t\t<p><strong>Prof. Stefanie Dimmeler,<\/strong><\/p><p>Professorin f\u00fcr Molekulare Kardiologie und Direktorin des Instituts f\u00fcr Kardiovaskul\u00e4re Regeneration, untersucht im Forschungsprojekt Neuroheart (\u201eThe cardiac neurovascular interface in aging\u201d) Alterungsprozesse im Herzen, dabei insbesondere die Reparaturm\u00f6glichkeiten und Regeneration im Gef\u00e4\u00dfsystem und im Herzen. Damit m\u00f6chte sie langfristig dazu beitragen, die molekularen Mechanismen der Herz-Reparatur zu entschl\u00fcsseln, um die Heilung nach Herzinfarkt und Herzmuskelschw\u00e4che zu beschleunigen oder deren Auftreten zu vermeiden. Stefanie Dimmeler ist Sprecherin des Exzellenzclusters Cardio-Pulmonary Institute (CPI).<\/p>\t\t\t\t\t\t\t\t<\/div>\n\t\t\t\t<\/div>\n\t\t\t\t\t<\/div>\n\t\t<\/div>\n\t\t\t\t\t<\/div>\n\t\t<\/section>\n\t\t\t\t<section class=\"elementor-section elementor-inner-section elementor-element elementor-element-6dcdfef elementor-reverse-mobile elementor-section-boxed elementor-section-height-default elementor-section-height-default\" data-id=\"6dcdfef\" data-element_type=\"section\" data-settings=\"{&quot;background_background&quot;:&quot;classic&quot;,&quot;_ha_eqh_enable&quot;:false}\">\n\t\t\t\t\t\t<div class=\"elementor-container elementor-column-gap-default\">\n\t\t\t\t\t<div class=\"elementor-column elementor-col-50 elementor-inner-column elementor-element elementor-element-98a1eaf\" data-id=\"98a1eaf\" data-element_type=\"column\">\n\t\t\t<div class=\"elementor-widget-wrap elementor-element-populated\">\n\t\t\t\t\t\t<div class=\"elementor-element elementor-element-8991507 elementor-widget elementor-widget-image\" data-id=\"8991507\" data-element_type=\"widget\" data-widget_type=\"image.default\">\n\t\t\t\t<div class=\"elementor-widget-container\">\n\t\t\t\t\t\t\t\t\t\t\t\t<figure class=\"wp-caption\">\n\t\t\t\t\t\t\t\t\t\t<img loading=\"lazy\" decoding=\"async\" width=\"1000\" height=\"1000\" src=\"https:\/\/aktuelles.uni-frankfurt.de\/wp-content\/uploads\/2024\/03\/Profil-Zeiher.jpg\" class=\"attachment-1536x1536 size-1536x1536 wp-image-79336\" alt=\"\" srcset=\"https:\/\/aktuelles.uni-frankfurt.de\/wp-content\/uploads\/2024\/03\/Profil-Zeiher.jpg 1000w, https:\/\/aktuelles.uni-frankfurt.de\/wp-content\/uploads\/2024\/03\/Profil-Zeiher-300x300.jpg 300w, https:\/\/aktuelles.uni-frankfurt.de\/wp-content\/uploads\/2024\/03\/Profil-Zeiher-500x500.jpg 500w, https:\/\/aktuelles.uni-frankfurt.de\/wp-content\/uploads\/2024\/03\/Profil-Zeiher-150x150.jpg 150w, https:\/\/aktuelles.uni-frankfurt.de\/wp-content\/uploads\/2024\/03\/Profil-Zeiher-768x768.jpg 768w, https:\/\/aktuelles.uni-frankfurt.de\/wp-content\/uploads\/2024\/03\/Profil-Zeiher-12x12.jpg 12w, https:\/\/aktuelles.uni-frankfurt.de\/wp-content\/uploads\/2024\/03\/Profil-Zeiher-700x700.jpg 700w\" sizes=\"(max-width: 1000px) 100vw, 1000px\" \/>\t\t\t\t\t\t\t\t\t\t\t<figcaption class=\"widget-image-caption wp-caption-text\">(Foto: Uwe Dettmar\/Goethe-Universit\u00e4t)<\/figcaption>\n\t\t\t\t\t\t\t\t\t\t<\/figure>\n\t\t\t\t\t\t\t\t\t<\/div>\n\t\t\t\t<\/div>\n\t\t\t\t\t<\/div>\n\t\t<\/div>\n\t\t\t\t<div class=\"elementor-column elementor-col-50 elementor-inner-column elementor-element elementor-element-51a8eca\" data-id=\"51a8eca\" data-element_type=\"column\">\n\t\t\t<div class=\"elementor-widget-wrap elementor-element-populated\">\n\t\t\t\t\t\t<div class=\"elementor-element elementor-element-f963da2 animated-fast elementor-invisible elementor-widget elementor-widget-text-editor\" data-id=\"f963da2\" data-element_type=\"widget\" data-settings=\"{&quot;_animation&quot;:&quot;fadeInUp&quot;}\" data-widget_type=\"text-editor.default\">\n\t\t\t\t<div class=\"elementor-widget-container\">\n\t\t\t\t\t\t\t\t\t<p><strong>Prof. Andreas M. Zeiher\u00a0<\/strong><\/p><p>befasst sich in seinem ERC-Projekt CHIP-AVS (\u201eClonal hematopoesis of indeterminate potential and degenerative aortic valve stenosis\u201d) im Schwerpunkt mit der Diagnostik und Therapie von Patienten mit koronarer Herzerkrankung und Herzinsuffizienz, einschlie\u00dflich s\u00e4mtlicher interventioneller Behandlungsverfahren. Dabei besch\u00e4ftigt Zeiher die Risikofaktoren f\u00fcr die h\u00e4ufigste erworbene Herzklappenerkrankung, die degenerative Aortenklappenstenose. Andreas M. Zeiher ist Professor f\u00fcr Innere Medizin\/Kardiologie und Mitbegr\u00fcnder des Exzellenzclusters Cardio-Pulmonary Institute (CPI), in dessen im Lenkungsausschuss er aktiv ist.<\/p>\t\t\t\t\t\t\t\t<\/div>\n\t\t\t\t<\/div>\n\t\t\t\t\t<\/div>\n\t\t<\/div>\n\t\t\t\t\t<\/div>\n\t\t<\/section>\n\t\t\t\t<section class=\"elementor-section elementor-inner-section elementor-element elementor-element-3975755 elementor-reverse-mobile elementor-section-boxed elementor-section-height-default elementor-section-height-default\" data-id=\"3975755\" data-element_type=\"section\" data-settings=\"{&quot;background_background&quot;:&quot;classic&quot;,&quot;_ha_eqh_enable&quot;:false}\">\n\t\t\t\t\t\t<div class=\"elementor-container elementor-column-gap-default\">\n\t\t\t\t\t<div class=\"elementor-column elementor-col-50 elementor-inner-column elementor-element elementor-element-9f41807\" data-id=\"9f41807\" data-element_type=\"column\">\n\t\t\t<div class=\"elementor-widget-wrap elementor-element-populated\">\n\t\t\t\t\t\t<div class=\"elementor-element elementor-element-31b7517 elementor-widget elementor-widget-image\" data-id=\"31b7517\" data-element_type=\"widget\" data-widget_type=\"image.default\">\n\t\t\t\t<div class=\"elementor-widget-container\">\n\t\t\t\t\t\t\t\t\t\t\t\t<figure class=\"wp-caption\">\n\t\t\t\t\t\t\t\t\t\t<img loading=\"lazy\" decoding=\"async\" width=\"1000\" height=\"1000\" src=\"https:\/\/aktuelles.uni-frankfurt.de\/wp-content\/uploads\/2024\/03\/Profil-Zimmermann.jpg\" class=\"attachment-1536x1536 size-1536x1536 wp-image-79337\" alt=\"\" srcset=\"https:\/\/aktuelles.uni-frankfurt.de\/wp-content\/uploads\/2024\/03\/Profil-Zimmermann.jpg 1000w, https:\/\/aktuelles.uni-frankfurt.de\/wp-content\/uploads\/2024\/03\/Profil-Zimmermann-300x300.jpg 300w, https:\/\/aktuelles.uni-frankfurt.de\/wp-content\/uploads\/2024\/03\/Profil-Zimmermann-500x500.jpg 500w, https:\/\/aktuelles.uni-frankfurt.de\/wp-content\/uploads\/2024\/03\/Profil-Zimmermann-150x150.jpg 150w, https:\/\/aktuelles.uni-frankfurt.de\/wp-content\/uploads\/2024\/03\/Profil-Zimmermann-768x768.jpg 768w, https:\/\/aktuelles.uni-frankfurt.de\/wp-content\/uploads\/2024\/03\/Profil-Zimmermann-12x12.jpg 12w, https:\/\/aktuelles.uni-frankfurt.de\/wp-content\/uploads\/2024\/03\/Profil-Zimmermann-700x700.jpg 700w\" sizes=\"(max-width: 1000px) 100vw, 1000px\" \/>\t\t\t\t\t\t\t\t\t\t\t<figcaption class=\"widget-image-caption wp-caption-text\">(Foto: Samuel Groesch)<\/figcaption>\n\t\t\t\t\t\t\t\t\t\t<\/figure>\n\t\t\t\t\t\t\t\t\t<\/div>\n\t\t\t\t<\/div>\n\t\t\t\t\t<\/div>\n\t\t<\/div>\n\t\t\t\t<div class=\"elementor-column elementor-col-50 elementor-inner-column elementor-element elementor-element-b87acdc\" data-id=\"b87acdc\" data-element_type=\"column\">\n\t\t\t<div class=\"elementor-widget-wrap elementor-element-populated\">\n\t\t\t\t\t\t<div class=\"elementor-element elementor-element-5d11689 animated-fast elementor-invisible elementor-widget elementor-widget-text-editor\" data-id=\"5d11689\" data-element_type=\"widget\" data-settings=\"{&quot;_animation&quot;:&quot;fadeInUp&quot;}\" data-widget_type=\"text-editor.default\">\n\t\t\t\t<div class=\"elementor-widget-container\">\n\t\t\t\t\t\t\t\t\t<p><strong>Prof. Lisbeth Zimmermann<\/strong><\/p><p>erh\u00e4lt einen <strong>ERC Starting Grant<\/strong> mit ihrem Forschungsprojekt FARRIO \u201eThe Effects of Far Right Challenges on International Organizations\u201d. \u00a0Das Projekt ist dem Erstarken der Neuen Rechten in der internationalen Politik gewidmet. Die Politologin wird darin untersuchen, welche Effekte transnationale Aktivit\u00e4ten der Neuen Rechten auf die Europ\u00e4ische Union, die Vereinten Nationen sowie ihre Unterorganisationen in verschiedenen Politikbereichen haben.<\/p>\t\t\t\t\t\t\t\t<\/div>\n\t\t\t\t<\/div>\n\t\t\t\t\t<\/div>\n\t\t<\/div>\n\t\t\t\t\t<\/div>\n\t\t<\/section>\n\t\t\t\t<section class=\"elementor-section elementor-inner-section elementor-element elementor-element-25e2bed elementor-reverse-mobile elementor-section-boxed elementor-section-height-default elementor-section-height-default\" data-id=\"25e2bed\" data-element_type=\"section\" data-settings=\"{&quot;background_background&quot;:&quot;classic&quot;,&quot;_ha_eqh_enable&quot;:false}\">\n\t\t\t\t\t\t<div class=\"elementor-container elementor-column-gap-default\">\n\t\t\t\t\t<div class=\"elementor-column elementor-col-50 elementor-inner-column elementor-element elementor-element-2852f50\" data-id=\"2852f50\" data-element_type=\"column\">\n\t\t\t<div class=\"elementor-widget-wrap elementor-element-populated\">\n\t\t\t\t\t\t<div class=\"elementor-element elementor-element-09c73c0 elementor-widget elementor-widget-image\" data-id=\"09c73c0\" data-element_type=\"widget\" data-widget_type=\"image.default\">\n\t\t\t\t<div class=\"elementor-widget-container\">\n\t\t\t\t\t\t\t\t\t\t\t\t<figure class=\"wp-caption\">\n\t\t\t\t\t\t\t\t\t\t<img loading=\"lazy\" decoding=\"async\" width=\"1000\" height=\"1000\" src=\"https:\/\/aktuelles.uni-frankfurt.de\/wp-content\/uploads\/2024\/03\/Profil-Goepfert.jpg\" class=\"attachment-1536x1536 size-1536x1536 wp-image-79335\" alt=\"\" srcset=\"https:\/\/aktuelles.uni-frankfurt.de\/wp-content\/uploads\/2024\/03\/Profil-Goepfert.jpg 1000w, https:\/\/aktuelles.uni-frankfurt.de\/wp-content\/uploads\/2024\/03\/Profil-Goepfert-300x300.jpg 300w, https:\/\/aktuelles.uni-frankfurt.de\/wp-content\/uploads\/2024\/03\/Profil-Goepfert-500x500.jpg 500w, https:\/\/aktuelles.uni-frankfurt.de\/wp-content\/uploads\/2024\/03\/Profil-Goepfert-150x150.jpg 150w, https:\/\/aktuelles.uni-frankfurt.de\/wp-content\/uploads\/2024\/03\/Profil-Goepfert-768x768.jpg 768w, https:\/\/aktuelles.uni-frankfurt.de\/wp-content\/uploads\/2024\/03\/Profil-Goepfert-12x12.jpg 12w, https:\/\/aktuelles.uni-frankfurt.de\/wp-content\/uploads\/2024\/03\/Profil-Goepfert-700x700.jpg 700w\" sizes=\"(max-width: 1000px) 100vw, 1000px\" \/>\t\t\t\t\t\t\t\t\t\t\t<figcaption class=\"widget-image-caption wp-caption-text\">(Foto: privat)<\/figcaption>\n\t\t\t\t\t\t\t\t\t\t<\/figure>\n\t\t\t\t\t\t\t\t\t<\/div>\n\t\t\t\t<\/div>\n\t\t\t\t\t<\/div>\n\t\t<\/div>\n\t\t\t\t<div class=\"elementor-column elementor-col-50 elementor-inner-column elementor-element elementor-element-df46477\" data-id=\"df46477\" data-element_type=\"column\">\n\t\t\t<div class=\"elementor-widget-wrap elementor-element-populated\">\n\t\t\t\t\t\t<div class=\"elementor-element elementor-element-cb3edcf animated-fast elementor-invisible elementor-widget elementor-widget-text-editor\" data-id=\"cb3edcf\" data-element_type=\"widget\" data-settings=\"{&quot;_animation&quot;:&quot;fadeInUp&quot;}\" data-widget_type=\"text-editor.default\">\n\t\t\t\t<div class=\"elementor-widget-container\">\n\t\t\t\t\t\t\t\t\t<p><strong>Prof. Mirco G\u00f6pfert,<\/strong><\/p><p>Professor f\u00fcr Ethnologie am Institut f\u00fcr Ethnologie, erh\u00e4lt ebenso einen ERC Grant: Er forscht in seinem Projekt \u201eNoJoke\u201c (\u201eHumour as an epistemic practice of the political present\u201d zum Verh\u00e4ltnis von Humor und Politik. G\u00f6pfert untersucht, wie die Praxis des Karikierens, der Satire und der Comedy zum Verst\u00e4ndnis dieser mit Dissonanzen durchsetzten politischen Gegenwart beitr\u00e4gt und inwieweit das Erkenntnispotenzial von Komik f\u00fcr die Wissenschaft selbst fruchtbar gemacht werden kann.<\/p>\t\t\t\t\t\t\t\t<\/div>\n\t\t\t\t<\/div>\n\t\t\t\t\t<\/div>\n\t\t<\/div>\n\t\t\t\t\t<\/div>\n\t\t<\/section>\n\t\t\t\t<section class=\"elementor-section elementor-inner-section elementor-element elementor-element-7206eba elementor-section-boxed elementor-section-height-default elementor-section-height-default\" data-id=\"7206eba\" data-element_type=\"section\" data-settings=\"{&quot;background_background&quot;:&quot;classic&quot;,&quot;_ha_eqh_enable&quot;:false}\">\n\t\t\t\t\t\t<div class=\"elementor-container elementor-column-gap-default\">\n\t\t\t\t\t<div class=\"elementor-column elementor-col-100 elementor-inner-column elementor-element elementor-element-c0d4b9d\" data-id=\"c0d4b9d\" data-element_type=\"column\">\n\t\t\t<div class=\"elementor-widget-wrap elementor-element-populated\">\n\t\t\t\t\t\t<div class=\"elementor-element elementor-element-d74b811 animated-fast elementor-invisible elementor-widget elementor-widget-text-editor\" data-id=\"d74b811\" data-element_type=\"widget\" data-settings=\"{&quot;_animation&quot;:&quot;fadeInUp&quot;}\" data-widget_type=\"text-editor.default\">\n\t\t\t\t<div class=\"elementor-widget-container\">\n\t\t\t\t\t\t\t\t\t<p><strong>ERC Starting Grants<\/strong>\u00a0unterst\u00fctzen exzellente Forscherinnen und Forscher, die sich in den ersten Jahren nach ihrer Promotion ein eigenes Forschungsteam aufbauen und sich mit einem viel versprechenden Forschungsprojekt wissenschaftlich etablieren wollen. F\u00fcr die Projekte erhalten sie bis zu 1,5 Millionen Euro \u00fcber einen Zeitraum von bis zu f\u00fcnf Jahren.<\/p>\t\t\t\t\t\t\t\t<\/div>\n\t\t\t\t<\/div>\n\t\t\t\t\t<\/div>\n\t\t<\/div>\n\t\t\t\t\t<\/div>\n\t\t<\/section>\n\t\t\t\t\t<\/div>\n\t\t<\/div>\n\t\t\t\t\t<\/div>\n\t\t<\/section>\n\t\t\t\t<section class=\"elementor-section elementor-top-section elementor-element elementor-element-30f2954 elementor-section-content-top elementor-section-boxed elementor-section-height-default elementor-section-height-default\" data-id=\"30f2954\" data-element_type=\"section\" data-settings=\"{&quot;background_background&quot;:&quot;classic&quot;,&quot;_ha_eqh_enable&quot;:false}\">\n\t\t\t\t\t\t<div class=\"elementor-container elementor-column-gap-no\">\n\t\t\t\t\t<div class=\"elementor-column elementor-col-100 elementor-top-column elementor-element elementor-element-1a2302c\" data-id=\"1a2302c\" data-element_type=\"column\" data-settings=\"{&quot;background_background&quot;:&quot;classic&quot;}\">\n\t\t\t<div class=\"elementor-widget-wrap elementor-element-populated\">\n\t\t\t\t\t<div class=\"elementor-background-overlay\"><\/div>\n\t\t\t\t\t\t<div class=\"elementor-element elementor-element-290fc80 elementor-widget elementor-widget-spacer\" data-id=\"290fc80\" data-element_type=\"widget\" data-widget_type=\"spacer.default\">\n\t\t\t\t<div class=\"elementor-widget-container\">\n\t\t\t\t\t\t\t<div class=\"elementor-spacer\">\n\t\t\t<div class=\"elementor-spacer-inner\"><\/div>\n\t\t<\/div>\n\t\t\t\t\t\t<\/div>\n\t\t\t\t<\/div>\n\t\t\t\t<div class=\"elementor-element elementor-element-0bff487 animated-fast ha-has-bg-overlay elementor-invisible elementor-widget elementor-widget-text-editor\" data-id=\"0bff487\" data-element_type=\"widget\" data-settings=\"{&quot;_animation&quot;:&quot;fadeInUp&quot;}\" data-widget_type=\"text-editor.default\">\n\t\t\t\t<div class=\"elementor-widget-container\">\n\t\t\t\t\t\t\t\t\t<p>Das erste Bild des Schwarzen Lochs im Zentrum der Milchstra\u00dfe Sagittarius A* \u2013 \u00a0hergestellt in internationaler Forschungskollaboration mit Daten eines erdumspannenden Netzes von Radioteleskopen, dem \u201eEvent Horizon Telescope (EHT)\u201c (Bild: EHT-Kollaboration)<\/p>\t\t\t\t\t\t\t\t<\/div>\n\t\t\t\t<\/div>\n\t\t\t\t\t<\/div>\n\t\t<\/div>\n\t\t\t\t\t<\/div>\n\t\t<\/section>\n\t\t\t\t<section class=\"elementor-section elementor-top-section elementor-element elementor-element-dc4b05f elementor-section-content-middle elementor-section-boxed elementor-section-height-default elementor-section-height-default\" data-id=\"dc4b05f\" data-element_type=\"section\" data-settings=\"{&quot;background_background&quot;:&quot;classic&quot;,&quot;_ha_eqh_enable&quot;:false}\">\n\t\t\t\t\t\t<div class=\"elementor-container elementor-column-gap-no\">\n\t\t\t\t\t<div class=\"elementor-column elementor-col-100 elementor-top-column elementor-element elementor-element-d8eb81d\" data-id=\"d8eb81d\" data-element_type=\"column\">\n\t\t\t<div class=\"elementor-widget-wrap elementor-element-populated\">\n\t\t\t\t\t\t<div class=\"elementor-element elementor-element-d75ed7a elementor-align-center elementor-mobile-align-start elementor-icon-list--layout-traditional elementor-list-item-link-full_width elementor-widget elementor-widget-icon-list\" data-id=\"d75ed7a\" data-element_type=\"widget\" data-widget_type=\"icon-list.default\">\n\t\t\t\t<div class=\"elementor-widget-container\">\n\t\t\t\t\t\t\t<ul class=\"elementor-icon-list-items\">\n\t\t\t\t\t\t\t<li class=\"elementor-icon-list-item\">\n\t\t\t\t\t\t\t\t\t\t\t<span class=\"elementor-icon-list-icon\">\n\t\t\t\t\t\t\t<i aria-hidden=\"true\" class=\"fas fa-chevron-up\"><\/i>\t\t\t\t\t\t<\/span>\n\t\t\t\t\t\t\t\t\t\t<span class=\"elementor-icon-list-text\">EU-gef\u00f6rderte Projekte<\/span>\n\t\t\t\t\t\t\t\t\t<\/li>\n\t\t\t\t\t\t<\/ul>\n\t\t\t\t\t\t<\/div>\n\t\t\t\t<\/div>\n\t\t\t\t<div class=\"elementor-element elementor-element-3f3ff66 elementor-widget elementor-widget-heading\" data-id=\"3f3ff66\" data-element_type=\"widget\" data-widget_type=\"heading.default\">\n\t\t\t\t<div class=\"elementor-widget-container\">\n\t\t\t\t\t<h1 class=\"elementor-heading-title elementor-size-default\">Erstes Bild des Schwarzen Lochs im Herzen der Milchstra\u00dfe<\/h1>\t\t\t\t<\/div>\n\t\t\t\t<\/div>\n\t\t\t\t<div class=\"elementor-element elementor-element-493f634 animated-fast elementor-invisible elementor-widget elementor-widget-text-editor\" data-id=\"493f634\" data-element_type=\"widget\" data-settings=\"{&quot;_animation&quot;:&quot;fadeInUp&quot;}\" data-widget_type=\"text-editor.default\">\n\t\t\t\t<div class=\"elementor-widget-container\">\n\t\t\t\t\t\t\t\t\t<p>Am 12. Mai 2022 ver\u00f6ffentlichen Astronom:innen das erste Bild des supermassiven Schwarzen Lochs im Zentrum unserer Milchstra\u00dfe. Theoretische Physiker der Goethe-Universit\u00e4t waren entscheidend an der Interpretation der Daten beteiligt.<\/p>\t\t\t\t\t\t\t\t<\/div>\n\t\t\t\t<\/div>\n\t\t\t\t\t<\/div>\n\t\t<\/div>\n\t\t\t\t\t<\/div>\n\t\t<\/section>\n\t\t\t\t<section class=\"elementor-section elementor-top-section elementor-element elementor-element-326ef3e elementor-section-content-middle elementor-section-boxed elementor-section-height-default elementor-section-height-default\" data-id=\"326ef3e\" data-element_type=\"section\" data-settings=\"{&quot;_ha_eqh_enable&quot;:false}\">\n\t\t\t\t\t\t<div class=\"elementor-container elementor-column-gap-no\">\n\t\t\t\t\t<div class=\"elementor-column elementor-col-100 elementor-top-column elementor-element elementor-element-1b6bd45\" data-id=\"1b6bd45\" data-element_type=\"column\">\n\t\t\t<div class=\"elementor-widget-wrap elementor-element-populated\">\n\t\t\t\t\t\t<div class=\"elementor-element elementor-element-039869f animated-fast elementor-invisible elementor-widget elementor-widget-text-editor\" data-id=\"039869f\" data-element_type=\"widget\" data-settings=\"{&quot;_animation&quot;:&quot;fadeInUp&quot;}\" data-widget_type=\"text-editor.default\">\n\t\t\t\t<div class=\"elementor-widget-container\">\n\t\t\t\t\t\t\t\t\t<p>Bereits vor einiger Zeit beobachteten Wissenschaftler:innen im Zentrum unserer Milchstra\u00dfe Sterne, die etwas Unsichtbares, Kompaktes und sehr Massives umkreisen. Dies deutete stark darauf hin, dass dieses unsichtbare Objekt \u2013 bekannt als (Sgr A*, englisch ausgesprochen als \u201eSadge-ay-star\u201c) ein Schwarzes Loch ist. Das lange erwartete nun ver\u00f6ffentlichte Bild liefert den ersten direkten visuellen Beweis daf\u00fcr, dass es sich bei dem Objekt tats\u00e4chlich um ein\u00a0Schwarzes Loch\u00a0handelt.<\/p><p>Obwohl wir das Schwarze Loch selbst nicht sehen k\u00f6nnen \u2013 es ist absolut dunkel \u2013, leuchtet das Gas rundherum auf charakteristische Weise: Das Bild von Sgr A* zeigt eine dunkle zentrale Region, den Schatten des Schwarzen Lochs, der von einem hellen, ringf\u00f6rmigen Muster umgeben ist. Dies ist das Licht, das durch die ungeheure Schwerkraft des Schwarzen Lochs abgelenkt wird \u2013 das Schwarze Lochhat vier Millionen Mal so viel Masse wie unsere Sonne.<\/p><p>\u201eWir waren verbl\u00fcfft, wie gut die Gr\u00f6\u00dfe des Rings mit den Vorhersagen von Einsteins Allgemeiner Relativit\u00e4tstheorie \u00fcbereinstimmt\u201c, sagt EHT-Projektwissenschaftler Prof. Geoffrey Bower vom Institut f\u00fcr Astronomie und Astrophysik der Academia Sinica in Taipeh\/Taiwan.<\/p><p>Das Schwarze Loch Sgr A* ist 27.000 Lichtjahre von der Erde entfernt. Am Himmel erscheint es uns daher etwa so gro\u00df wie ein Donut auf dem Mond. Um das Schwarze Loch abzubilden, verband das EHT-Wissenschaftsteam acht \u00fcber die Erde verteilte Radioteleskope miteinander zu einem virtuellen Riesenteleskop von der Gr\u00f6\u00dfe der Erde: dem \u201eEvent Horizon Telescope (EHT)\u201c. Mit dem EHT beobachteten sie Sgr A* \u00fcber mehrere N\u00e4chte hinweg und sammelten viele Stunden lang Daten, \u00e4hnlich wie bei einer langen Belichtungszeit mit einer Kamera.<\/p><p>Die gewaltigen Mengen an Daten, die aus den Beobachtungen gewonnen wurden, mussten physiktheoretisch interpretiert werden \u2013 eine Aufgabe, der sich ein Forschungsteam um den theoretischen Astrophysiker Prof. Luciano Rezzolla von der Goethe-Universit\u00e4t widmete. Die Forscher:innen simulierten in Supercomputern anhand der bekannten Informationen \u00fcber Sgr A*, wie ein Schwarzes Loch\u00a0in einer Betrachtung durch das EHT aussehen k\u00f6nnte. Auf diese Weise generierten die Wissenschaftler:innen Millionen verschiedener Bilder. Die Bilddatenbank verglich sie mit den Tausenden Bildern, die aus den EHT-Beobachtungen gewonnen wurden, und konnte daraus die Eigenschaften von Sgr A* ableiten.<\/p>\t\t\t\t\t\t\t\t<\/div>\n\t\t\t\t<\/div>\n\t\t\t\t<div class=\"elementor-element elementor-element-e93c183 animated-fast elementor-invisible elementor-widget elementor-widget-image\" data-id=\"e93c183\" data-element_type=\"widget\" data-settings=\"{&quot;_animation&quot;:&quot;fadeInUp&quot;}\" data-widget_type=\"image.default\">\n\t\t\t\t<div class=\"elementor-widget-container\">\n\t\t\t\t\t\t\t\t\t\t\t\t<figure class=\"wp-caption\">\n\t\t\t\t\t\t\t\t\t\t<img loading=\"lazy\" decoding=\"async\" width=\"650\" height=\"450\" src=\"https:\/\/aktuelles.uni-frankfurt.de\/wp-content\/uploads\/2022\/05\/beitragsbild_Rezzolla_Luciano_2019_Credit_JuergenLecher.jpg\" class=\"attachment-1536x1536 size-1536x1536 wp-image-58255\" alt=\"\" srcset=\"https:\/\/aktuelles.uni-frankfurt.de\/wp-content\/uploads\/2022\/05\/beitragsbild_Rezzolla_Luciano_2019_Credit_JuergenLecher.jpg 650w, https:\/\/aktuelles.uni-frankfurt.de\/wp-content\/uploads\/2022\/05\/beitragsbild_Rezzolla_Luciano_2019_Credit_JuergenLecher-300x208.jpg 300w\" sizes=\"(max-width: 650px) 100vw, 650px\" \/>\t\t\t\t\t\t\t\t\t\t\t<figcaption class=\"widget-image-caption wp-caption-text\">\u201eUm zu verstehen, wie das EHT ein Bild von Sgr A* produziert hat, kann man sich zum Beispiel ein Foto von einem Berggipfel vorstellen, das auf Basis eines Zeitrafferfilms erstellt werden soll\u201c: Luciano Rezzolla, Professor f\u00fcr Theoretische Astrophysik (Foto: J\u00fcrgen Lecher\/Goethe-Universit\u00e4t)<\/figcaption>\n\t\t\t\t\t\t\t\t\t\t<\/figure>\n\t\t\t\t\t\t\t\t\t<\/div>\n\t\t\t\t<\/div>\n\t\t\t\t<div class=\"elementor-element elementor-element-9b68516 animated-fast elementor-invisible elementor-widget elementor-widget-text-editor\" data-id=\"9b68516\" data-element_type=\"widget\" data-settings=\"{&quot;_animation&quot;:&quot;fadeInUp&quot;}\" data-widget_type=\"text-editor.default\">\n\t\t\t\t<div class=\"elementor-widget-container\">\n\t\t\t\t\t\t\t\t\t<p><span style=\"color: var( --e-global-color-c332436 );\">Das Bild von Sgr A* ist das zweite Bild eines Schwarzen Lochs, das von der EHT-Kollaboration ver\u00f6ffentlicht wird. Das erste Bild eines Schwarzen Lochs zeigten die Wissenschaftler:innen 2019, es handelte sich um M87* im Zentrum der 55 Millionen Lichtjahre entfernten Galaxie Messier 87.<\/span><\/p><p>Die beiden Schwarzen L\u00f6cher sehen sich sehr \u00e4hnlich, obwohl das Schwarze Loch im Zentrum unserer Galaxie mehr als tausendmal kleiner ist und weniger Masse hat als M87*. Obwohl Sgr A* viel n\u00e4her an der Erde liegt als M87*, war die Erstellung des Bildes erheblich schwieriger. Die Forscher:innen mussten wegen der Gaswolken, die sich um Sgr A* herumbewegen, ausgekl\u00fcgelte neue Technologien entwickeln: Denn im Gegensatz zu M87*, wo alle Bilder nahezu gleich aussahen, waren die von Sgr A* sehr unterschiedlich. Das heute ver\u00f6ffentlichte Schwarze Loch von Sgr A* stellt daher eine Art Durchschnitt dieser unterschiedlichen Bilder dar.<\/p><p>Dies war nur durch die gemeinsame Arbeit von mehr als 300 Forscherinnen und Forschern aus 80 Instituten auf der ganzen Welt m\u00f6glich, die die EHT-Kollaboration bilden. F\u00fcnf Jahre lang entwickelten sie neue Technologien zur Erstellung des Sgr A*-Bildes, analysierten mit Supercomputern die Daten und stellten eine bislang beispiellose Datenbank simulierter Schwarzer L\u00f6cher zusammen, um diese mit ihren Beobachtungen zu vergleichen.<\/p><p>Luciano Rezzolla erl\u00e4utert: \u201eMasse und Entfernung des Objekts waren bereits vor unseren Untersuchungen sehr pr\u00e4zise bekannt. Daher konnten wir anhand der Gr\u00f6\u00dfe des Schattens ausschlie\u00dfen, dass es sich bei Sgr A* um ein anderes kompaktes Objekt wie einen Bosonenstern oder ein Wurmloch handelt und schlussfolgern: \u201aWas wir sehen, sieht definitiv wie ein Schwarzes Loch aus!\u2018\u201c<\/p>\t\t\t\t\t\t\t\t<\/div>\n\t\t\t\t<\/div>\n\t\t\t\t<div class=\"elementor-element elementor-element-2a8f08b elementor-blockquote--skin-quotation animated-fast elementor-blockquote--align-left elementor-invisible elementor-widget elementor-widget-blockquote\" data-id=\"2a8f08b\" data-element_type=\"widget\" data-settings=\"{&quot;_animation&quot;:&quot;fadeInUp&quot;}\" data-widget_type=\"blockquote.default\">\n\t\t\t\t<div class=\"elementor-widget-container\">\n\t\t\t\t\t\t\t<blockquote class=\"elementor-blockquote\">\n\t\t\t<p class=\"elementor-blockquote__content\">\n\t\t\t\tWir haben drei Millionen synthetischer Bilder errechnet mit unterschiedlichen Akkretions- und Strahlungsemissionsmodellen\t\t\t<\/p>\n\t\t\t\t\t\t\t<div class=\"e-q-footer\">\n\t\t\t\t\t\t\t\t\t\t\t<cite class=\"elementor-blockquote__author\">\u2014 Luciano Rezzolla<\/cite>\n\t\t\t\t\t\t\t\t\t\t\t\t\t\t<\/div>\n\t\t\t\t\t<\/blockquote>\n\t\t\t\t\t\t<\/div>\n\t\t\t\t<\/div>\n\t\t\t\t<div class=\"elementor-element elementor-element-00c8ecd animated-fast elementor-invisible elementor-widget elementor-widget-text-editor\" data-id=\"00c8ecd\" data-element_type=\"widget\" data-settings=\"{&quot;_animation&quot;:&quot;fadeInUp&quot;}\" data-widget_type=\"text-editor.default\">\n\t\t\t\t<div class=\"elementor-widget-container\">\n\t\t\t\t\t\t\t\t\t<p><span style=\"color: var( --e-global-color-c332436 );\">Die Frankfurter Physiktheoretiker nutzten fortgeschrittene numerische Codes und f\u00fchrten umfangreiche Berechnungen durch, um die Eigenschaften des Plasmas zu bestimmen, das vom Schwarze Loch aufgesaugt wird (Akkretion). Rezzolla: \u201eWir haben drei Millionen synthetischer Bilder errechnet mit unterschiedlichen Akkretions- und Strahlungsemissionsmodellen. Au\u00dferdem haben wir Varianten ber\u00fccksichtigt, die durch unterschiedliche Betrachtungswinkel des Schwarzen Lochs zustande kommen.\u201c Letzteres war n\u00f6tig, weil sich das Bild eines Schwarzen Loch radikal \u00e4ndern kann, je nachdem, aus welchem Winkel es betrachtet wird. \u201eUnsere beiden Bilder von Sgr A* und M87* sind auch deshalb sehr \u00e4hnlich, weil wir aus einem nahezu identischen Blickwinkel auf die beiden Schwarzen L\u00f6cher sehen\u201c, erl\u00e4utert Rezzolla.<\/span><\/p><p>\u201eUm zu verstehen, wie das EHT ein Bild von Sgr A* produziert hat, kann man sich zum Beispiel ein Foto von einem Berggipfel vorstellen, das auf Basis eines Zeitrafferfilms erstellt werden soll\u201c, vergleicht Rezzolla. \u201eIm Zeitrafferfilm wird der Gipfel die meiste Zeit \u00fcber sichtbar sein, aber immer wieder wird er auch von Wolken verdeckt. Wenn man aus den vielen Einzelbildern ein Durchschnittsbild macht, ist der Gipfel allerdings deutlich zu sehen. \u00c4hnlich ist es bei Sgr A*: Die Daten des EHT haben zu Tausenden von Bildern gef\u00fchrt, die aufgrund ihrer Merkmale in vier Klassen gruppiert wurden, aus denen jeweils Durchschnittsbilder errechnet wurden. Das Endergebnis ist das erste deutliche Bild des Schwarzen Lochs im Zentrum der Milchstra\u00dfe.\u201c<\/p><p>Dass nunmehr Bilder von zwei Schwarzen L\u00f6chern sehr unterschiedlicher Gr\u00f6\u00dfe vorliegen, erm\u00f6glicht es den Forschenden, Unterschiede und Gemeinsamkeiten zwischen den Schwarzen L\u00f6chern zu verstehen. Die Forschenden testen mit den neuen Daten bereits Theorien und Modelle, um besser vorhersagen zu k\u00f6nnen, wie sich Gas in der Umgebung supermassereicher Schwarzer L\u00f6cher verh\u00e4lt. Man nimmt an, dass dieser Prozess eine Schl\u00fcsselrolle bei der Entstehung und Entwicklung Galaxien spielt.<\/p><p>Die Forschungen mit dem EHT gehen weiter: Eine gro\u00dfe Beobachtungskampagne im M\u00e4rz 2022 schloss mehr Teleskope ein als je zuvor. Die laufende Erweiterung des EHT-Netzwerks und bedeutende technologische Upgrades werden es Wissenschaftler:innen erm\u00f6glichen, bald weitere eindrucksvolle Bilder sowie Filme von Schwarzen L\u00f6chern zu machen.<\/p><p>Eine Reihe von Wissenschaftler:innen sind im Rahmen der EHT-Kollaboration mit der Goethe-Universit\u00e4t Frankfurt assoziiert. Zusammen mit Prof. Luciano Rezzolla haben Dr. Alejandro Cruz Orsorio, Dr. Prashant Kocherlakota und Kotaro Moriyama sowie Prof. Mariafelicia De Laurentis (alle Universit\u00e4t Neapel), Prof. Christian Fromm (Universit\u00e4t W\u00fcrzburg), Prof. Roman Gold (Universit\u00e4t S\u00fcd-D\u00e4nemark), Dr. Antonios Nathanail (Universit\u00e4t Athen) und Dr. Ziri Younsi (University College London) wesentliche Beitr\u00e4ge zur theoretischen Forschung in der EHT-Kollaboration geleistet.<\/p><p>Die Arbeiten wurden vom European Research Council unterst\u00fctzt.<\/p>\t\t\t\t\t\t\t\t<\/div>\n\t\t\t\t<\/div>\n\t\t\t\t<div class=\"elementor-element elementor-element-632914e animated-fast elementor-invisible elementor-widget elementor-widget-text-editor\" data-id=\"632914e\" data-element_type=\"widget\" data-settings=\"{&quot;_animation&quot;:&quot;fadeInUp&quot;}\" data-widget_type=\"text-editor.default\">\n\t\t\t\t<div class=\"elementor-widget-container\">\n\t\t\t\t\t\t\t\t\t<p>(mb)<\/p>\t\t\t\t\t\t\t\t<\/div>\n\t\t\t\t<\/div>\n\t\t\t\t\t<\/div>\n\t\t<\/div>\n\t\t\t\t\t<\/div>\n\t\t<\/section>\n\t\t\t\t<section class=\"elementor-section elementor-top-section elementor-element elementor-element-16ad677 elementor-section-boxed elementor-section-height-default elementor-section-height-default\" data-id=\"16ad677\" data-element_type=\"section\" data-settings=\"{&quot;_ha_eqh_enable&quot;:false}\">\n\t\t\t\t\t\t<div class=\"elementor-container elementor-column-gap-default\">\n\t\t\t\t\t<div class=\"elementor-column elementor-col-100 elementor-top-column elementor-element elementor-element-e91640c\" data-id=\"e91640c\" data-element_type=\"column\" data-settings=\"{&quot;background_background&quot;:&quot;classic&quot;}\">\n\t\t\t<div class=\"elementor-widget-wrap elementor-element-populated\">\n\t\t\t\t\t\t<div class=\"elementor-element elementor-element-69e85f2 animated-fast elementor-invisible elementor-widget elementor-widget-heading\" data-id=\"69e85f2\" data-element_type=\"widget\" data-settings=\"{&quot;_animation&quot;:&quot;fadeInUp&quot;}\" data-widget_type=\"heading.default\">\n\t\t\t\t<div class=\"elementor-widget-container\">\n\t\t\t\t\t<h3 class=\"elementor-heading-title elementor-size-default\">Wie das erste Bild von Sgr A* entstand<\/h3>\t\t\t\t<\/div>\n\t\t\t\t<\/div>\n\t\t\t\t<div class=\"elementor-element elementor-element-e917d6d animated-fast elementor-invisible elementor-widget elementor-widget-video\" data-id=\"e917d6d\" data-element_type=\"widget\" data-settings=\"{&quot;youtube_url&quot;:&quot;https:\\\/\\\/www.youtube.com\\\/watch?v=noU9Z6SKTPU&quot;,&quot;_animation&quot;:&quot;fadeInUp&quot;,&quot;video_type&quot;:&quot;youtube&quot;}\" data-widget_type=\"video.default\">\n\t\t\t\t<div class=\"elementor-widget-container\">\n\t\t\t\t\t\t\t<div class=\"elementor-wrapper elementor-open-inline\">\n\t\t\t<div class=\"elementor-video\"><\/div>\t\t<\/div>\n\t\t\t\t\t\t<\/div>\n\t\t\t\t<\/div>\n\t\t\t\t\t<\/div>\n\t\t<\/div>\n\t\t\t\t\t<\/div>\n\t\t<\/section>\n\t\t\t\t<section class=\"elementor-section elementor-top-section elementor-element elementor-element-b2af75f elementor-section-content-top elementor-section-boxed elementor-section-height-default elementor-section-height-default\" data-id=\"b2af75f\" data-element_type=\"section\" id=\"projekte-eu-cloud\" data-settings=\"{&quot;background_background&quot;:&quot;classic&quot;,&quot;_ha_eqh_enable&quot;:false}\">\n\t\t\t\t\t\t<div class=\"elementor-container elementor-column-gap-no\">\n\t\t\t\t\t<div class=\"elementor-column elementor-col-100 elementor-top-column elementor-element elementor-element-869ba54\" data-id=\"869ba54\" data-element_type=\"column\" data-settings=\"{&quot;background_background&quot;:&quot;classic&quot;}\">\n\t\t\t<div class=\"elementor-widget-wrap elementor-element-populated\">\n\t\t\t\t\t<div class=\"elementor-background-overlay\"><\/div>\n\t\t\t\t\t\t<div class=\"elementor-element elementor-element-c173f9e elementor-widget elementor-widget-spacer\" data-id=\"c173f9e\" data-element_type=\"widget\" data-widget_type=\"spacer.default\">\n\t\t\t\t<div class=\"elementor-widget-container\">\n\t\t\t\t\t\t\t<div class=\"elementor-spacer\">\n\t\t\t<div class=\"elementor-spacer-inner\"><\/div>\n\t\t<\/div>\n\t\t\t\t\t\t<\/div>\n\t\t\t\t<\/div>\n\t\t\t\t<div class=\"elementor-element elementor-element-72fedc6 animated-fast e-transform ha-has-bg-overlay elementor-invisible elementor-widget elementor-widget-text-editor\" data-id=\"72fedc6\" data-element_type=\"widget\" data-settings=\"{&quot;_animation&quot;:&quot;fadeInUp&quot;,&quot;_transform_rotateZ_effect&quot;:{&quot;unit&quot;:&quot;px&quot;,&quot;size&quot;:&quot;&quot;,&quot;sizes&quot;:[]},&quot;_transform_rotateZ_effect_tablet&quot;:{&quot;unit&quot;:&quot;deg&quot;,&quot;size&quot;:&quot;&quot;,&quot;sizes&quot;:[]},&quot;_transform_rotateZ_effect_mobile&quot;:{&quot;unit&quot;:&quot;deg&quot;,&quot;size&quot;:&quot;&quot;,&quot;sizes&quot;:[]}}\" data-widget_type=\"text-editor.default\">\n\t\t\t\t<div class=\"elementor-widget-container\">\n\t\t\t\t\t\t\t\t\t<p>Zw\u00f6lf Doktorand*innen aus zw\u00f6lf europ\u00e4ischen Partnerinstituten: das CLOUD-Team beim Kick-off (CLOUD)\u00a0 (Foto: CLOUD Doc-Netzwerk)<\/p>\t\t\t\t\t\t\t\t<\/div>\n\t\t\t\t<\/div>\n\t\t\t\t\t<\/div>\n\t\t<\/div>\n\t\t\t\t\t<\/div>\n\t\t<\/section>\n\t\t\t\t<section class=\"elementor-section elementor-top-section elementor-element elementor-element-2cf0ca3 elementor-section-content-middle elementor-section-boxed elementor-section-height-default elementor-section-height-default\" data-id=\"2cf0ca3\" data-element_type=\"section\" data-settings=\"{&quot;background_background&quot;:&quot;classic&quot;,&quot;_ha_eqh_enable&quot;:false}\">\n\t\t\t\t\t\t<div class=\"elementor-container elementor-column-gap-no\">\n\t\t\t\t\t<div class=\"elementor-column elementor-col-100 elementor-top-column elementor-element elementor-element-497274c\" data-id=\"497274c\" data-element_type=\"column\">\n\t\t\t<div class=\"elementor-widget-wrap elementor-element-populated\">\n\t\t\t\t\t\t<div class=\"elementor-element elementor-element-8d46c7d elementor-align-center elementor-mobile-align-start elementor-icon-list--layout-traditional elementor-list-item-link-full_width elementor-widget elementor-widget-icon-list\" data-id=\"8d46c7d\" data-element_type=\"widget\" data-widget_type=\"icon-list.default\">\n\t\t\t\t<div class=\"elementor-widget-container\">\n\t\t\t\t\t\t\t<ul class=\"elementor-icon-list-items\">\n\t\t\t\t\t\t\t<li class=\"elementor-icon-list-item\">\n\t\t\t\t\t\t\t\t\t\t\t<span class=\"elementor-icon-list-icon\">\n\t\t\t\t\t\t\t<i aria-hidden=\"true\" class=\"fas fa-chevron-up\"><\/i>\t\t\t\t\t\t<\/span>\n\t\t\t\t\t\t\t\t\t\t<span class=\"elementor-icon-list-text\">EU-gef\u00f6rderte Projekte<\/span>\n\t\t\t\t\t\t\t\t\t<\/li>\n\t\t\t\t\t\t<\/ul>\n\t\t\t\t\t\t<\/div>\n\t\t\t\t<\/div>\n\t\t\t\t<div class=\"elementor-element elementor-element-d193102 elementor-widget elementor-widget-heading\" data-id=\"d193102\" data-element_type=\"widget\" data-widget_type=\"heading.default\">\n\t\t\t\t<div class=\"elementor-widget-container\">\n\t\t\t\t\t<h1 class=\"elementor-heading-title elementor-size-default\">\u201eDer fr\u00fche und enge Kontakt zu Unternehmen ist sehr wichtig\u201c<\/h1>\t\t\t\t<\/div>\n\t\t\t\t<\/div>\n\t\t\t\t<div class=\"elementor-element elementor-element-7c68384 animated-fast elementor-invisible elementor-widget elementor-widget-text-editor\" data-id=\"7c68384\" data-element_type=\"widget\" data-settings=\"{&quot;_animation&quot;:&quot;fadeInUp&quot;}\" data-widget_type=\"text-editor.default\">\n\t\t\t\t<div class=\"elementor-widget-container\">\n\t\t\t\t\t\t\t\t\t<p>Welche Rolle spielt Aerosolbildung f\u00fcr Wolken und Klima? Das erforschen Nachwuchswissenschaftler*innen in dem CLOUD-Doc-Netzwerk im EU-Rahmenprogramm f\u00fcr Forschung und Innovation <em>Horizon Europe<\/em>. Wissenschaftlicher Koordinator des europ\u00e4ischen Promotionsnetzwerks ist Professor Joachim Curtius, Atmosph\u00e4renforscher an der Goethe-Universit\u00e4t.<\/p>\t\t\t\t\t\t\t\t<\/div>\n\t\t\t\t<\/div>\n\t\t\t\t\t<\/div>\n\t\t<\/div>\n\t\t\t\t\t<\/div>\n\t\t<\/section>\n\t\t\t\t<section class=\"elementor-section elementor-top-section elementor-element elementor-element-43a595f elementor-section-height-min-height elementor-section-items-stretch elementor-section-content-middle elementor-section-boxed elementor-section-height-default\" data-id=\"43a595f\" data-element_type=\"section\" data-settings=\"{&quot;_ha_eqh_enable&quot;:false}\">\n\t\t\t\t\t\t<div class=\"elementor-container elementor-column-gap-no\">\n\t\t\t\t\t<div class=\"elementor-column elementor-col-100 elementor-top-column elementor-element elementor-element-862f530\" data-id=\"862f530\" data-element_type=\"column\">\n\t\t\t<div class=\"elementor-widget-wrap elementor-element-populated\">\n\t\t\t\t\t\t<div class=\"elementor-element elementor-element-6614634 animated-fast elementor-invisible elementor-widget elementor-widget-elementskit-faq\" data-id=\"6614634\" data-element_type=\"widget\" data-settings=\"{&quot;_animation&quot;:&quot;fadeInUp&quot;}\" data-widget_type=\"elementskit-faq.default\">\n\t\t\t\t<div class=\"elementor-widget-container\">\n\t\t\t\t\t<div class=\"ekit-wid-con\" >\n                <div class=\"elementskit-single-faq elementor-repeater-item-b6b9b71\">\n            <div class=\"elementskit-faq-header\">\n                <h2 class=\"elementskit-faq-title\">Herr Professor Curtius, im CLOUD-Projekt werden zw\u00f6lf junge Wissenschaftler*innen mit knapp 2,7 Millionen Euro von der Europ\u00e4ischen Union gef\u00f6rdert. Das CLOUD-Projekt ist Teil des F\u00f6rderprogramms \u201eMarie-Sk\u0142odowska-Curie-Ma\u00dfnahmen\u201c der Europ\u00e4ischen Kommission, das wissenschaftliche Laufbahnen attraktiver machen will. Was genau wollen die jungen Promovierenden europaweit erforschen?<\/h2>\n            <\/div>\n            <div class=\"elementskit-faq-body\">\n                <b>Joachim Curtius:<\/b> Wir wollen vor allem die Entstehung von neuen Aerosolpartikeln in der Atmosph\u00e4re unter Laborbedingungen nachstellen und im Detail untersuchen. Aerosolpartikel sind die sehr kleinen Tr\u00f6pfchen und festen Partikel, die in der Luft schweben. Wir fragen zum Beispiel, welche chemischen Substanzen an der Entstehung von Aerosolpartikeln beteiligt sind, wie die Prozesse genau ablaufen und ob elektrisch geladene Molek\u00fcle, die durch kosmische Strahlung entstehen, bei der Aerosolbildung eine Rolle spielen. Neben der Bildung von neuen Aerosolpartikeln untersuchen wir auch, wie Eiswolken entstehen, vor allem, wie gut bestimmte Partikelsorten als Eiskeime geeignet sind f\u00fcr die Entstehung der kleinen Eiskristalle, aus denen die Eiswolken bestehen.            <\/div>\n        <\/div>\n                <div class=\"elementskit-single-faq elementor-repeater-item-e47cbb2\">\n            <div class=\"elementskit-faq-header\">\n                <h2 class=\"elementskit-faq-title\">Warum ist das wichtig?<\/h2>\n            <\/div>\n            <div class=\"elementskit-faq-body\">\n                Beide Prozesse, die Aerosolbildung und auch die Eisbildung, sind wichtig f\u00fcr die Eigenschaften der Wolken, zum Beispiel wieviel Sonnenlicht eine Wolke reflektiert. Die Wolken spielen damit eine wichtige Rolle f\u00fcr das Klima, und es gibt viele Fragen, wie stark der Mensch die Aerosole und Wolken in der Atmosph\u00e4re ver\u00e4ndert und in wieweit sich die Wolken im Klimawandel ver\u00e4ndern. Aber wir interessieren uns auch aus Sicht der Grundlagenforschung f\u00fcr diese Prozesse. Wir wollen einfach verstehen, welche Substanzen neue Aerosolpartikel in der Atmosph\u00e4re bilden k\u00f6nnen und unter welchen Bedingungen.             <\/div>\n        <\/div>\n                <div class=\"elementskit-single-faq elementor-repeater-item-ab3fb25\">\n            <div class=\"elementskit-faq-header\">\n                <h2 class=\"elementskit-faq-title\">19 Institutionen sind \u00fcber das Netzwerk verbunden. Warum diese?<\/h2>\n            <\/div>\n            <div class=\"elementskit-faq-body\">\n                Die zw\u00f6lf Doktorand*innen sind aufgeteilt auf zw\u00f6lf europ\u00e4ische Partnerinstitute, die schon seit einigen Jahren gemeinsam im CLOUD-Projekt am CERN diese Art von Untersuchungen durchf\u00fchren. Einige der f\u00fchrenden europ\u00e4ischen Gruppen im Bereich der Aerosolforschung bringen hier ihre Expertise und ihre besten Instrumente ein, um diese Experimente gemeinsam umzusetzen. Viele der Substanzen, die gemessen werden m\u00fcssen, sind nur in verschwindend kleinen Mengen vorhanden \u2013 daher braucht es dann die besten verf\u00fcgbaren Ger\u00e4te und einen hohen Personalaufwand, um die gemeinsamen Versuche durchzuf\u00fchren. Die CLOUD-Aerosolkammer ist ein gro\u00dfer Edelstahltank, sechs Meter hoch, mit einem Durchmesser von vier Metern. In dieser Kammer lassen wir unter sehr genau kontrollierten Bedingungen die Experimente ablaufen. Gleichzeitig ist die Kammer von mehr als zwanzig Instrumenten umstellt, die die verschiedenen Spurengase und die Aerosolpartikel in der Kammer analysieren. Die Experimente am CERN laufen 24 Stunden am Tag, die Doktoranden arbeiten im Schichtbetrieb, immer zwei Personen f\u00fcr acht Stunden. Es sind auch noch amerikanische Partner dabei, zum Beispiel das California Institute of Technology und die Carnegie Mellon Universit\u00e4t. Bei diesen Partnern machen die Doktoranden Praktika und gemeinsame Forschungsprojekte.             <\/div>\n        <\/div>\n                \n    <\/div>\t\t\t\t<\/div>\n\t\t\t\t<\/div>\n\t\t\t\t<div class=\"elementor-element elementor-element-6b1a6fc animated-fast elementor-invisible elementor-widget elementor-widget-image\" data-id=\"6b1a6fc\" data-element_type=\"widget\" data-settings=\"{&quot;_animation&quot;:&quot;fadeInUp&quot;}\" data-widget_type=\"image.default\">\n\t\t\t\t<div class=\"elementor-widget-container\">\n\t\t\t\t\t\t\t\t\t\t\t\t<figure class=\"wp-caption\">\n\t\t\t\t\t\t\t\t\t\t<img loading=\"lazy\" decoding=\"async\" width=\"1536\" height=\"1024\" src=\"https:\/\/aktuelles.uni-frankfurt.de\/wp-content\/uploads\/2024\/03\/CLOUD_CERN_202204-064_131-web-1536x1024.jpg\" class=\"attachment-1536x1536 size-1536x1536 wp-image-79358\" alt=\"\" srcset=\"https:\/\/aktuelles.uni-frankfurt.de\/wp-content\/uploads\/2024\/03\/CLOUD_CERN_202204-064_131-web-1536x1024.jpg 1536w, https:\/\/aktuelles.uni-frankfurt.de\/wp-content\/uploads\/2024\/03\/CLOUD_CERN_202204-064_131-web-300x200.jpg 300w, https:\/\/aktuelles.uni-frankfurt.de\/wp-content\/uploads\/2024\/03\/CLOUD_CERN_202204-064_131-web-500x333.jpg 500w, https:\/\/aktuelles.uni-frankfurt.de\/wp-content\/uploads\/2024\/03\/CLOUD_CERN_202204-064_131-web-768x512.jpg 768w, https:\/\/aktuelles.uni-frankfurt.de\/wp-content\/uploads\/2024\/03\/CLOUD_CERN_202204-064_131-web-18x12.jpg 18w, https:\/\/aktuelles.uni-frankfurt.de\/wp-content\/uploads\/2024\/03\/CLOUD_CERN_202204-064_131-web.jpg 1800w\" sizes=\"(max-width: 1536px) 100vw, 1536px\" \/>\t\t\t\t\t\t\t\t\t\t\t<figcaption class=\"widget-image-caption wp-caption-text\">Schichtbetrieb f\u00fcr die Doktorand*innen: Die CLOUD-Aerosolkammer in CERN ist von mehr als zwanzig Instrumenten umstellt, die die verschiedenen Spurengase und die Aerosolpartikel in der Kammer analysieren (Foto: CERN, Maximilien Brice)<\/figcaption>\n\t\t\t\t\t\t\t\t\t\t<\/figure>\n\t\t\t\t\t\t\t\t\t<\/div>\n\t\t\t\t<\/div>\n\t\t\t\t<div class=\"elementor-element elementor-element-f524ec6 animated-fast elementor-invisible elementor-widget elementor-widget-elementskit-faq\" data-id=\"f524ec6\" data-element_type=\"widget\" data-settings=\"{&quot;_animation&quot;:&quot;fadeInUp&quot;}\" data-widget_type=\"elementskit-faq.default\">\n\t\t\t\t<div class=\"elementor-widget-container\">\n\t\t\t\t\t<div class=\"ekit-wid-con\" >\n                <div class=\"elementskit-single-faq elementor-repeater-item-b5f1121\">\n            <div class=\"elementskit-faq-header\">\n                <h2 class=\"elementskit-faq-title\">Als Forschungsort werden arktische Umgebungen, die obere Troposph\u00e4re \u00fcber der asiatischen Monsunregion, die obere Troposph\u00e4re \u00fcber tropischen Regenw\u00e4ldern und der S\u00fcdliche Ozean genannt. Geforscht wird aber \u00fcberwiegend auch am CERN. Wie passt das zusammen? CERN ist doch vor allem f\u00fcr seine Kernforschung bekannt...<\/h2>\n            <\/div>\n            <div class=\"elementskit-faq-body\">\n                Ja, die gemeinsamen Laborexperimente der Doktorand*innen finden alle am CERN statt, weil dort die CLOUD-Aerosolkammer steht. Wir bilden dort im Labor die Bedingungen nach, wie sie im Monsun oder in der Arktis herrschen. Das hei\u00dft, wir stellen die Temperaturen und die Spurengaskonzentrationen in der Kammer so ein, dass sie den Bedingungen in diesen Regionen entsprechen. Und die Kammer steht am CERN, weil wir dort eine Beam-Line, also einen Teilchenstrahl verwenden d\u00fcrfen, der f\u00fcr uns die kosmische Strahlung in der Atmosph\u00e4re simuliert. Das CLOUD-Experiment ist eines von nur sehr wenigen Experimenten am CERN, das nicht auf Elementarteilchen-Physik ausgerichtet ist.            <\/div>\n        <\/div>\n                <div class=\"elementskit-single-faq elementor-repeater-item-7c653c1\">\n            <div class=\"elementskit-faq-header\">\n                <h2 class=\"elementskit-faq-title\">Steht das Forschungsprojekt der Nachwuchswissenschaftler*innen f\u00fcr sich, oder ist es an gr\u00f6\u00dfere europ\u00e4ische Forschungsverb\u00fcnde angedockt?<\/h2>\n            <\/div>\n            <div class=\"elementskit-faq-body\">\n                Es steht schon f\u00fcr sich, aber wir haben auch noch weitere Unterst\u00fctzung im CLOUD-Projekt durch nationale Forschungsf\u00f6rderung. Die Instrumente, die die Doktorand*innen nutzen, sind beispielsweise durch nationale F\u00f6rderung beschafft worden. Au\u00dferdem ist der gesamte Verbund von CLOUD in engem Kontakt mit Modellierern, die Klima- und Atmosph\u00e4renmodelle betreiben und mit Gruppen, die direkt in der Atmosph\u00e4re Messungen durchf\u00fchren. Die drei Arbeitsfelder \u201aLabor\u2018, \u201aModell\u2018 und \u201aFeldmessung\u2018 erg\u00e4nzen sich sehr gut.            <\/div>\n        <\/div>\n                <div class=\"elementskit-single-faq elementor-repeater-item-7498139\">\n            <div class=\"elementskit-faq-header\">\n                <h2 class=\"elementskit-faq-title\">Haben sich die Teilnehmer*innen schon vorher auf Klimaforschung spezialisiert?<\/h2>\n            <\/div>\n            <div class=\"elementskit-faq-body\">\n                Ja, viele der Doktorand*innen haben schon im Bereich Atmosph\u00e4re und Klima ihre Masterarbeit gemacht. Die meisten haben Physik, Chemie, Umweltwissenschaften oder Meteorologie studiert und sich im Studium bereits auf die Physik und Chemie der Atmosph\u00e4re, teilweise auch auf Klimamodellierung spezialisiert.            <\/div>\n        <\/div>\n                <div class=\"elementskit-single-faq elementor-repeater-item-e948037\">\n            <div class=\"elementskit-faq-header\">\n                <h2 class=\"elementskit-faq-title\">Es gibt Partner aus der Privatwirtschaft? Wozu werden sie gebraucht?<\/h2>\n            <\/div>\n            <div class=\"elementskit-faq-body\">\n                Bei dieser Art von EU-Projekten ist es sogar eine Bedingung, dass Partner aus Unternehmen und aus dem nicht-akademischen Bereich dabei sind. Da viele Doktorand*innen nach ihrer Promotion die Wissenschaft verlassen und in die Industrie wechseln, ist hier der fr\u00fche und enge Kontakt zu Unternehmen sehr wichtig, die auch in diesem Feld arbeiten, beispielsweise zu den Entwicklern der Messinstrumente, die wir verwenden. Der EU ist es ein gro\u00dfes Anliegen, dass einerseits die Doktorand*innen nicht im Elfenbeinturm vor sich hinforschen und andererseits die Unternehmen Kontakt zu jungen Wissenschaftler*innen und aktuellen Technologieentwicklungen bekommen.            <\/div>\n        <\/div>\n                <div class=\"elementskit-single-faq elementor-repeater-item-eccf9c2\">\n            <div class=\"elementskit-faq-header\">\n                <h2 class=\"elementskit-faq-title\">Die Teilnehmer*innen werden auch zu Unternehmensgr\u00fcndungen geschult. Was f\u00fcr Unternehmen sind denn denkbar?<\/h2>\n            <\/div>\n            <div class=\"elementskit-faq-body\">\n                Drei der Partner unseres Netzwerks sind selbst Unternehmensgr\u00fcnder. Sie haben vor einigen Jahren die Unternehmen gegr\u00fcndet und aufgebaut, die heute die Messger\u00e4te herstellen, die wir verwenden. Diese Partner haben in Seminaren berichtet, wie so eine Unternehmensgr\u00fcndung abl\u00e4uft, welche Probleme und Fallstricke es gab, was sie heutigen Unternehmensgr\u00fcndern mit auf den Weg geben m\u00f6chten und so weiter. Im Hochtechnologie-Umfeld von CERN ist es gar nicht unwahrscheinlich, dass Doktorand*innen nach der Promotion ein spin-off Unternehmen gr\u00fcnden; und am Beispiel Biontech sieht man ja, wie wichtig und erfolgreich solche Ausgr\u00fcndungen sein k\u00f6nnen.            <\/div>\n        <\/div>\n                \n    <\/div>\t\t\t\t<\/div>\n\t\t\t\t<\/div>\n\t\t\t\t<div class=\"elementor-element elementor-element-13a6208 animated-fast elementor-invisible elementor-widget elementor-widget-text-editor\" data-id=\"13a6208\" data-element_type=\"widget\" data-settings=\"{&quot;_animation&quot;:&quot;fadeInUp&quot;}\" data-widget_type=\"text-editor.default\">\n\t\t\t\t<div class=\"elementor-widget-container\">\n\t\t\t\t\t\t\t\t\t<p>Die Fragen stellte Pia Barth.<\/p>\t\t\t\t\t\t\t\t<\/div>\n\t\t\t\t<\/div>\n\t\t\t\t<div class=\"elementor-element elementor-element-0d07be0 animated-fast ha-has-bg-overlay elementor-invisible elementor-widget elementor-widget-text-editor\" data-id=\"0d07be0\" data-element_type=\"widget\" data-settings=\"{&quot;_animation&quot;:&quot;fadeInUp&quot;}\" data-widget_type=\"text-editor.default\">\n\t\t\t\t<div class=\"elementor-widget-container\">\n\t\t\t\t\t\t\t\t\t<p><strong>Im Verbund gef\u00f6rdert: Neue EU-Forschungsprojekte 2022<\/strong><\/p><p>\u00a0<\/p><p><strong>\u201eTele-Forschung\u201c: 1,5 Millionen Euro f\u00fcr europ\u00e4isches Forschungsgro\u00dfprojekt Remote-NMR<\/strong><\/p><p>Weitere EU-F\u00f6rderung f\u00fcr die Goethe-Universit\u00e4t: Horizon Europe f\u00f6rdert das Projekt <em>Remote-NMR<\/em>, dessen Leitung bei Prof. Harald Schwalbe vom Biomolekularen Magnet-Resonanz-Zentrum der Goethe-Universit\u00e4t liegt. Ein Verbund von 26 Partnern der wichtigsten europ\u00e4ischen Forschungsinfrastrukturen f\u00fcr die Kernspinresonanzspektroskopie (NMR-Spektroskopie) wird in den kommenden Jahren standardisierte Verfahren entwickeln, mit denen sich NMR-Ger\u00e4te auch aus der Ferne steuern und nutzen lassen. Die Europ\u00e4ische Union f\u00f6rdert das Projekt\u00a0<em>Remote-NMR<\/em>\u00a0von 2022 an f\u00fcr drei Jahre mit 1,5 Millionen Euro.<\/p><p><a href=\"https:\/\/aktuelles.uni-frankfurt.de\/forschung\/tele-forschung-15-millionen-euro-fuer-europaeisches-forschungsgrossprojekt-remote-nmr\/\" target=\"_blank\" rel=\"noopener\">\u201eTele-Forschung\u201c: 1,5 Millionen Euro f\u00fcr europ\u00e4isches Forschungsgro\u00dfprojekt Remote-NMR<\/a><\/p><p>\u00a0<\/p><p><strong>Junge Atmosph\u00e4renforscher kn\u00fcpfen europ\u00e4isches Netzwerk<\/strong><\/p><p>Atmosph\u00e4renforscher:innen des internationalen Verbunds CLOUD haben ein Doktorandenprojekt bei der Europ\u00e4ischen Union eingeworben: Koordiniert durch die Goethe-Universit\u00e4t soll CLOUD-Doctoral Network ein Netzwerk von Nachwuchswissenschaftler*innen in ganz Europa aufbauen, das die Rolle der Aerosolkeimbildung untersucht. Das Projekt, das im September 2022 startet, wird mit ca. 2,7 Millionen Euro gef\u00f6rdert. Untersuchungsgebiete sind arktische Umgebungen, die obere Troposph\u00e4re \u00fcber der asiatischen Monsunregion und \u00fcber tropischen Regenw\u00e4ldern sowie der S\u00fcdliche Ozean.<\/p><p><a href=\"https:\/\/www.goethe-university-frankfurt.de\/129245433\/CLOUD_DOC\" target=\"_blank\" rel=\"noopener\">EU MSCA Project CLOUD-DOC<\/a><\/p>\t\t\t\t\t\t\t\t<\/div>\n\t\t\t\t<\/div>\n\t\t\t\t\t<\/div>\n\t\t<\/div>\n\t\t\t\t\t<\/div>\n\t\t<\/section>\n\t\t\t\t<section class=\"elementor-section elementor-top-section elementor-element elementor-element-4a7325d elementor-section-content-middle elementor-section-boxed elementor-section-height-default elementor-section-height-default\" data-id=\"4a7325d\" data-element_type=\"section\" data-settings=\"{&quot;background_background&quot;:&quot;classic&quot;,&quot;_ha_eqh_enable&quot;:false}\">\n\t\t\t\t\t\t<div class=\"elementor-container elementor-column-gap-no\">\n\t\t\t\t\t<div class=\"elementor-column elementor-col-100 elementor-top-column elementor-element elementor-element-c0ac9a4\" data-id=\"c0ac9a4\" data-element_type=\"column\">\n\t\t\t<div class=\"elementor-widget-wrap elementor-element-populated\">\n\t\t\t\t\t\t<div class=\"elementor-element elementor-element-11b88f3 elementor-widget elementor-widget-text-editor\" data-id=\"11b88f3\" data-element_type=\"widget\" data-settings=\"{&quot;_animation&quot;:&quot;none&quot;,&quot;_animation_delay&quot;:600}\" data-widget_type=\"text-editor.default\">\n\t\t\t\t<div class=\"elementor-widget-container\">\n\t\t\t\t\t\t\t\t\t<p>\u00a9 2024 <a style=\"color: #e0e0e0;\" href=\"https:\/\/aktuelles.uni-frankfurt.de\">Goethe-Universit\u00e4t Frankfurt am Main<\/a><\/p><p><a style=\"color: #e0e0e0;\" href=\"https:\/\/aktuelles.uni-frankfurt.de\/jahrbuch-2022-impressum\">Impressum<\/a> | <a style=\"color: #e0e0e0;\" href=\"https:\/\/aktuelles.uni-frankfurt.de\/datenschutzerklaerung\/\">Datenschutz<\/a><\/p>\t\t\t\t\t\t\t\t<\/div>\n\t\t\t\t<\/div>\n\t\t\t\t\t<\/div>\n\t\t<\/div>\n\t\t\t\t\t<\/div>\n\t\t<\/section>\n\t\t\t\t<\/div>\n\t\t","protected":false},"excerpt":{"rendered":"<p>Forschung Lehre &amp; Studium Campus Interaktion Jahres-Chronik Daten &amp; Fakten Goethe in progress 2022 DE EN Goethe in progress 2022 \u2013 Forschung Weltoffen forschen Rund 3.700 Wissenschaftler*innen gestalten an der [&hellip;]<\/p>\n","protected":false},"author":24,"featured_media":0,"parent":0,"menu_order":0,"comment_status":"closed","ping_status":"closed","template":"elementor_canvas","meta":{"_eb_attr":"","_price":"","_stock":"","_tribe_ticket_header":"","_tribe_default_ticket_provider":"","_ticket_start_date":"","_ticket_end_date":"","_tribe_ticket_show_description":"","_tribe_ticket_show_not_going":false,"_tribe_ticket_use_global_stock":"","_tribe_ticket_global_stock_level":"","_global_stock_mode":"","_global_stock_cap":"","_tribe_rsvp_for_event":"","_tribe_ticket_going_count":"","_tribe_ticket_not_going_count":"","_tribe_tickets_list":"[]","_tribe_ticket_has_attendee_info_fields":false,"footnotes":"","_tec_slr_enabled":"","_tec_slr_layout":""},"folder":[316],"class_list":["post-79214","page","type-page","status-publish","hentry"],"yoast_head":"<!-- This site is optimized with the Yoast SEO plugin v27.5 - https:\/\/yoast.com\/product\/yoast-seo-wordpress\/ -->\n<title>Jahrbuch 2022 Forschung | Aktuelles aus der Goethe-Universit\u00e4t Frankfurt<\/title>\n<meta name=\"robots\" content=\"index, follow, max-snippet:-1, max-image-preview:large, max-video-preview:-1\" \/>\n<link rel=\"canonical\" href=\"https:\/\/aktuelles.uni-frankfurt.de\/en\/jahrbuch-2022-forschung\/\" \/>\n<meta property=\"og:locale\" content=\"en_GB\" \/>\n<meta property=\"og:type\" content=\"article\" \/>\n<meta property=\"og:title\" content=\"Jahrbuch 2022 Forschung | Aktuelles aus der Goethe-Universit\u00e4t Frankfurt\" \/>\n<meta property=\"og:description\" content=\"Forschung Lehre &amp; Studium Campus Interaktion Jahres-Chronik Daten &amp; Fakten Goethe in progress 2022 DE EN Goethe in progress 2022 \u2013 Forschung Weltoffen forschen Rund 3.700 Wissenschaftler*innen gestalten an der [&hellip;]\" \/>\n<meta property=\"og:url\" content=\"https:\/\/aktuelles.uni-frankfurt.de\/en\/jahrbuch-2022-forschung\/\" \/>\n<meta property=\"og:site_name\" content=\"Aktuelles aus der Goethe-Universit\u00e4t Frankfurt\" \/>\n<meta property=\"article:modified_time\" content=\"2025-08-01T13:18:04+00:00\" \/>\n<meta property=\"og:image\" content=\"https:\/\/aktuelles.uni-frankfurt.de\/wp-content\/uploads\/2024\/02\/GU-Logo-blauKopfpng.png\" \/>\n\t<meta property=\"og:image:width\" content=\"1078\" \/>\n\t<meta property=\"og:image:height\" content=\"997\" \/>\n\t<meta property=\"og:image:type\" content=\"image\/png\" \/>\n<meta name=\"twitter:card\" content=\"summary_large_image\" \/>\n<meta name=\"twitter:label1\" content=\"Estimated reading time\" \/>\n\t<meta name=\"twitter:data1\" content=\"5 minutes\" \/>\n<script type=\"application\/ld+json\" class=\"yoast-schema-graph\">{\"@context\":\"https:\\\/\\\/schema.org\",\"@graph\":[{\"@type\":\"WebPage\",\"@id\":\"https:\\\/\\\/aktuelles.uni-frankfurt.de\\\/jahrbuch-2022-forschung\\\/\",\"url\":\"https:\\\/\\\/aktuelles.uni-frankfurt.de\\\/jahrbuch-2022-forschung\\\/\",\"name\":\"Jahrbuch 2022 Forschung | Aktuelles aus der Goethe-Universit\u00e4t Frankfurt\",\"isPartOf\":{\"@id\":\"https:\\\/\\\/aktuelles.uni-frankfurt.de\\\/#website\"},\"primaryImageOfPage\":{\"@id\":\"https:\\\/\\\/aktuelles.uni-frankfurt.de\\\/jahrbuch-2022-forschung\\\/#primaryimage\"},\"image\":{\"@id\":\"https:\\\/\\\/aktuelles.uni-frankfurt.de\\\/jahrbuch-2022-forschung\\\/#primaryimage\"},\"thumbnailUrl\":\"https:\\\/\\\/aktuelles.uni-frankfurt.de\\\/wp-content\\\/uploads\\\/2024\\\/02\\\/GU-Logo-blauKopfpng.png\",\"datePublished\":\"2024-03-04T10:08:49+00:00\",\"dateModified\":\"2025-08-01T13:18:04+00:00\",\"breadcrumb\":{\"@id\":\"https:\\\/\\\/aktuelles.uni-frankfurt.de\\\/jahrbuch-2022-forschung\\\/#breadcrumb\"},\"inLanguage\":\"en-GB\",\"potentialAction\":[{\"@type\":\"ReadAction\",\"target\":[\"https:\\\/\\\/aktuelles.uni-frankfurt.de\\\/jahrbuch-2022-forschung\\\/\"]}]},{\"@type\":\"ImageObject\",\"inLanguage\":\"en-GB\",\"@id\":\"https:\\\/\\\/aktuelles.uni-frankfurt.de\\\/jahrbuch-2022-forschung\\\/#primaryimage\",\"url\":\"https:\\\/\\\/aktuelles.uni-frankfurt.de\\\/wp-content\\\/uploads\\\/2024\\\/02\\\/GU-Logo-blauKopfpng.png\",\"contentUrl\":\"https:\\\/\\\/aktuelles.uni-frankfurt.de\\\/wp-content\\\/uploads\\\/2024\\\/02\\\/GU-Logo-blauKopfpng.png\"},{\"@type\":\"BreadcrumbList\",\"@id\":\"https:\\\/\\\/aktuelles.uni-frankfurt.de\\\/jahrbuch-2022-forschung\\\/#breadcrumb\",\"itemListElement\":[{\"@type\":\"ListItem\",\"position\":1,\"name\":\"Startseite\",\"item\":\"https:\\\/\\\/aktuelles.uni-frankfurt.de\\\/\"},{\"@type\":\"ListItem\",\"position\":2,\"name\":\"Jahrbuch 2022 Forschung\"}]},{\"@type\":\"WebSite\",\"@id\":\"https:\\\/\\\/aktuelles.uni-frankfurt.de\\\/#website\",\"url\":\"https:\\\/\\\/aktuelles.uni-frankfurt.de\\\/\",\"name\":\"Aktuelles aus der Goethe-Universit\u00e4t Frankfurt\",\"description\":\"Aktuelles aus der Goethe-Universit\u00e4t | Neues aus Forschung, Lehre, Studium\",\"publisher\":{\"@id\":\"https:\\\/\\\/aktuelles.uni-frankfurt.de\\\/#organization\"},\"potentialAction\":[{\"@type\":\"SearchAction\",\"target\":{\"@type\":\"EntryPoint\",\"urlTemplate\":\"https:\\\/\\\/aktuelles.uni-frankfurt.de\\\/?s={search_term_string}\"},\"query-input\":{\"@type\":\"PropertyValueSpecification\",\"valueRequired\":true,\"valueName\":\"search_term_string\"}}],\"inLanguage\":\"en-GB\"},{\"@type\":\"Organization\",\"@id\":\"https:\\\/\\\/aktuelles.uni-frankfurt.de\\\/#organization\",\"name\":\"Goethe-Universit\u00e4t\",\"url\":\"https:\\\/\\\/aktuelles.uni-frankfurt.de\\\/\",\"logo\":{\"@type\":\"ImageObject\",\"inLanguage\":\"en-GB\",\"@id\":\"https:\\\/\\\/aktuelles.uni-frankfurt.de\\\/#\\\/schema\\\/logo\\\/image\\\/\",\"url\":\"https:\\\/\\\/aktuelles.uni-frankfurt.de\\\/wp-content\\\/uploads\\\/2022\\\/03\\\/800px-Goethe-Logo.png\",\"contentUrl\":\"https:\\\/\\\/aktuelles.uni-frankfurt.de\\\/wp-content\\\/uploads\\\/2022\\\/03\\\/800px-Goethe-Logo.png\",\"width\":800,\"height\":436,\"caption\":\"Goethe-Universit\u00e4t\"},\"image\":{\"@id\":\"https:\\\/\\\/aktuelles.uni-frankfurt.de\\\/#\\\/schema\\\/logo\\\/image\\\/\"}}]}<\/script>\n<!-- \/ Yoast SEO plugin. -->","yoast_head_json":{"title":"Jahrbuch 2022 Forschung | Aktuelles aus der Goethe-Universit\u00e4t Frankfurt","robots":{"index":"index","follow":"follow","max-snippet":"max-snippet:-1","max-image-preview":"max-image-preview:large","max-video-preview":"max-video-preview:-1"},"canonical":"https:\/\/aktuelles.uni-frankfurt.de\/en\/jahrbuch-2022-forschung\/","og_locale":"en_GB","og_type":"article","og_title":"Jahrbuch 2022 Forschung | Aktuelles aus der Goethe-Universit\u00e4t Frankfurt","og_description":"Forschung Lehre &amp; Studium Campus Interaktion Jahres-Chronik Daten &amp; Fakten Goethe in progress 2022 DE EN Goethe in progress 2022 \u2013 Forschung Weltoffen forschen Rund 3.700 Wissenschaftler*innen gestalten an der [&hellip;]","og_url":"https:\/\/aktuelles.uni-frankfurt.de\/en\/jahrbuch-2022-forschung\/","og_site_name":"Aktuelles aus der Goethe-Universit\u00e4t Frankfurt","article_modified_time":"2025-08-01T13:18:04+00:00","og_image":[{"width":1078,"height":997,"url":"https:\/\/aktuelles.uni-frankfurt.de\/wp-content\/uploads\/2024\/02\/GU-Logo-blauKopfpng.png","type":"image\/png"}],"twitter_card":"summary_large_image","twitter_misc":{"Estimated reading time":"5 minutes"},"schema":{"@context":"https:\/\/schema.org","@graph":[{"@type":"WebPage","@id":"https:\/\/aktuelles.uni-frankfurt.de\/jahrbuch-2022-forschung\/","url":"https:\/\/aktuelles.uni-frankfurt.de\/jahrbuch-2022-forschung\/","name":"Jahrbuch 2022 Forschung | Aktuelles aus der Goethe-Universit\u00e4t Frankfurt","isPartOf":{"@id":"https:\/\/aktuelles.uni-frankfurt.de\/#website"},"primaryImageOfPage":{"@id":"https:\/\/aktuelles.uni-frankfurt.de\/jahrbuch-2022-forschung\/#primaryimage"},"image":{"@id":"https:\/\/aktuelles.uni-frankfurt.de\/jahrbuch-2022-forschung\/#primaryimage"},"thumbnailUrl":"https:\/\/aktuelles.uni-frankfurt.de\/wp-content\/uploads\/2024\/02\/GU-Logo-blauKopfpng.png","datePublished":"2024-03-04T10:08:49+00:00","dateModified":"2025-08-01T13:18:04+00:00","breadcrumb":{"@id":"https:\/\/aktuelles.uni-frankfurt.de\/jahrbuch-2022-forschung\/#breadcrumb"},"inLanguage":"en-GB","potentialAction":[{"@type":"ReadAction","target":["https:\/\/aktuelles.uni-frankfurt.de\/jahrbuch-2022-forschung\/"]}]},{"@type":"ImageObject","inLanguage":"en-GB","@id":"https:\/\/aktuelles.uni-frankfurt.de\/jahrbuch-2022-forschung\/#primaryimage","url":"https:\/\/aktuelles.uni-frankfurt.de\/wp-content\/uploads\/2024\/02\/GU-Logo-blauKopfpng.png","contentUrl":"https:\/\/aktuelles.uni-frankfurt.de\/wp-content\/uploads\/2024\/02\/GU-Logo-blauKopfpng.png"},{"@type":"BreadcrumbList","@id":"https:\/\/aktuelles.uni-frankfurt.de\/jahrbuch-2022-forschung\/#breadcrumb","itemListElement":[{"@type":"ListItem","position":1,"name":"Startseite","item":"https:\/\/aktuelles.uni-frankfurt.de\/"},{"@type":"ListItem","position":2,"name":"Jahrbuch 2022 Forschung"}]},{"@type":"WebSite","@id":"https:\/\/aktuelles.uni-frankfurt.de\/#website","url":"https:\/\/aktuelles.uni-frankfurt.de\/","name":"Aktuelles aus der Goethe-Universit\u00e4t Frankfurt","description":"Aktuelles aus der Goethe-Universit\u00e4t | Neues aus Forschung, Lehre, Studium","publisher":{"@id":"https:\/\/aktuelles.uni-frankfurt.de\/#organization"},"potentialAction":[{"@type":"SearchAction","target":{"@type":"EntryPoint","urlTemplate":"https:\/\/aktuelles.uni-frankfurt.de\/?s={search_term_string}"},"query-input":{"@type":"PropertyValueSpecification","valueRequired":true,"valueName":"search_term_string"}}],"inLanguage":"en-GB"},{"@type":"Organization","@id":"https:\/\/aktuelles.uni-frankfurt.de\/#organization","name":"Goethe University Frankfurt","url":"https:\/\/aktuelles.uni-frankfurt.de\/","logo":{"@type":"ImageObject","inLanguage":"en-GB","@id":"https:\/\/aktuelles.uni-frankfurt.de\/#\/schema\/logo\/image\/","url":"https:\/\/aktuelles.uni-frankfurt.de\/wp-content\/uploads\/2022\/03\/800px-Goethe-Logo.png","contentUrl":"https:\/\/aktuelles.uni-frankfurt.de\/wp-content\/uploads\/2022\/03\/800px-Goethe-Logo.png","width":800,"height":436,"caption":"Goethe-Universit\u00e4t"},"image":{"@id":"https:\/\/aktuelles.uni-frankfurt.de\/#\/schema\/logo\/image\/"}}]}},"ticketed":false,"_links":{"self":[{"href":"https:\/\/aktuelles.uni-frankfurt.de\/en\/wp-json\/wp\/v2\/pages\/79214","targetHints":{"allow":["GET"]}}],"collection":[{"href":"https:\/\/aktuelles.uni-frankfurt.de\/en\/wp-json\/wp\/v2\/pages"}],"about":[{"href":"https:\/\/aktuelles.uni-frankfurt.de\/en\/wp-json\/wp\/v2\/types\/page"}],"author":[{"embeddable":true,"href":"https:\/\/aktuelles.uni-frankfurt.de\/en\/wp-json\/wp\/v2\/users\/24"}],"replies":[{"embeddable":true,"href":"https:\/\/aktuelles.uni-frankfurt.de\/en\/wp-json\/wp\/v2\/comments?post=79214"}],"version-history":[{"count":0,"href":"https:\/\/aktuelles.uni-frankfurt.de\/en\/wp-json\/wp\/v2\/pages\/79214\/revisions"}],"wp:attachment":[{"href":"https:\/\/aktuelles.uni-frankfurt.de\/en\/wp-json\/wp\/v2\/media?parent=79214"}],"wp:term":[{"taxonomy":"folder","embeddable":true,"href":"https:\/\/aktuelles.uni-frankfurt.de\/en\/wp-json\/wp\/v2\/folder?post=79214"}],"curies":[{"name":"wp","href":"https:\/\/api.w.org\/{rel}","templated":true}]}}