{"id":80551,"date":"2024-08-05T10:17:17","date_gmt":"2024-08-05T08:17:17","guid":{"rendered":"https:\/\/aktuelles.uni-frankfurt.de\/?page_id=80551"},"modified":"2025-05-19T17:06:25","modified_gmt":"2025-05-19T15:06:25","slug":"jahrbuch-2023-forschung","status":"publish","type":"page","link":"https:\/\/aktuelles.uni-frankfurt.de\/en\/jahrbuch-2023-forschung\/","title":{"rendered":"Jahrbuch 2023 Forschung"},"content":{"rendered":"\t\t<div data-elementor-type=\"wp-page\" data-elementor-id=\"80551\" class=\"elementor elementor-80551\" data-elementor-settings=\"{&quot;ha_cmc_init_switcher&quot;:&quot;no&quot;}\" data-elementor-post-type=\"page\">\n\t\t\t\t\t\t<section class=\"elementor-section elementor-top-section elementor-element elementor-element-6d638e1 elementor-section-full_width elementor-hidden-tablet elementor-hidden-mobile elementor-section-height-default elementor-section-height-default\" data-id=\"6d638e1\" data-element_type=\"section\" data-settings=\"{&quot;background_background&quot;:&quot;classic&quot;,&quot;sticky&quot;:&quot;top&quot;,&quot;_ha_eqh_enable&quot;:false,&quot;sticky_on&quot;:[&quot;desktop&quot;,&quot;tablet&quot;,&quot;mobile&quot;],&quot;sticky_offset&quot;:0,&quot;sticky_effects_offset&quot;:0,&quot;sticky_anchor_link_offset&quot;:0}\">\n\t\t\t\t\t\t<div class=\"elementor-container elementor-column-gap-no\">\n\t\t\t\t\t<div data-ha-element-link=\"{&quot;url&quot;:&quot;https:\\\/\\\/aktuelles.uni-frankfurt.de\\\/jahrbuch-2023&quot;,&quot;is_external&quot;:&quot;&quot;,&quot;nofollow&quot;:&quot;&quot;}\" style=\"cursor: pointer\" class=\"elementor-column elementor-col-50 elementor-top-column elementor-element elementor-element-a28d1df\" data-id=\"a28d1df\" data-element_type=\"column\" data-settings=\"{&quot;background_background&quot;:&quot;classic&quot;}\">\n\t\t\t<div class=\"elementor-widget-wrap elementor-element-populated\">\n\t\t\t\t\t\t<div class=\"elementor-element elementor-element-0506619 elementor-widget elementor-widget-spacer\" data-id=\"0506619\" data-element_type=\"widget\" data-widget_type=\"spacer.default\">\n\t\t\t\t<div class=\"elementor-widget-container\">\n\t\t\t\t\t\t\t<div class=\"elementor-spacer\">\n\t\t\t<div class=\"elementor-spacer-inner\"><\/div>\n\t\t<\/div>\n\t\t\t\t\t\t<\/div>\n\t\t\t\t<\/div>\n\t\t\t\t\t<\/div>\n\t\t<\/div>\n\t\t\t\t<div class=\"elementor-column elementor-col-50 elementor-top-column elementor-element elementor-element-f2ef5ea\" data-id=\"f2ef5ea\" data-element_type=\"column\">\n\t\t\t<div class=\"elementor-widget-wrap elementor-element-populated\">\n\t\t\t\t\t\t<div class=\"elementor-element elementor-element-d355364 elementor-hidden-tablet elementor-hidden-mobile elementor-widget elementor-widget-eael-image-accordion\" data-id=\"d355364\" data-element_type=\"widget\" data-widget_type=\"eael-image-accordion.default\">\n\t\t\t\t<div class=\"elementor-widget-container\">\n\t\t\t\t\t    <div class=\"eael-img-accordion accordion-direction-horizontal eael-img-accordion-horizontal-align-center eael-img-accordion-vertical-align-center\" id=\"eael-img-accordion-d355364\" data-img-accordion-id=\"d355364\" data-img-accordion-type=\"on-hover\">\n                    \n            <div class=\"eael-image-accordion-hover eael-image-accordion-item\" style=\"background-image: url(https:\/\/aktuelles.uni-frankfurt.de\/wp-content\/uploads\/2024\/03\/akkordeon-forschung.jpg);\"  tabindex=\"0\">\n                <div class=\"overlay\">\n                                        <div class=\"overlay-inner \">\n                        <a href=\"https:\/\/aktuelles.uni-frankfurt.de\/jahrbuch-2023-forschung\/\"><h1 class=\"img-accordion-title\"><div id=\"Kasten\">Forschung<\/div><\/h1><\/a>                    <\/div>\n                <\/div>\n            <\/div>\n                    \n            <div class=\"eael-image-accordion-hover eael-image-accordion-item\" style=\"background-image: url(https:\/\/aktuelles.uni-frankfurt.de\/wp-content\/uploads\/2024\/03\/akkordeon-fakten.jpg);\"  tabindex=\"0\">\n                <div class=\"overlay\">\n                                        <div class=\"overlay-inner \">\n                        <a href=\"https:\/\/aktuelles.uni-frankfurt.de\/jahrbuch-2023-lehre-studium\/\"><h1 class=\"img-accordion-title\"><div id=\"Kasten\">Lehre &amp; Studium<\/div><\/h1><\/a>                    <\/div>\n                <\/div>\n            <\/div>\n                    \n            <div class=\"eael-image-accordion-hover eael-image-accordion-item\" style=\"background-image: url(https:\/\/aktuelles.uni-frankfurt.de\/wp-content\/uploads\/2024\/03\/akkordeon-chronik.jpg);\"  tabindex=\"0\">\n                <div class=\"overlay\">\n                                        <div class=\"overlay-inner \">\n                        <a href=\"https:\/\/aktuelles.uni-frankfurt.de\/jahrbuch-2023-campus-leben\/\"><h1 class=\"img-accordion-title\"><div id=\"Kasten\">Campus &amp; Leben<\/div><\/h1><\/a>                    <\/div>\n                <\/div>\n            <\/div>\n                    \n            <div class=\"eael-image-accordion-hover eael-image-accordion-item\" style=\"background-image: url(https:\/\/aktuelles.uni-frankfurt.de\/wp-content\/uploads\/2024\/03\/akkordeon-interaktion.jpg);\"  tabindex=\"0\">\n                <div class=\"overlay\">\n                                        <div class=\"overlay-inner \">\n                        <a href=\"https:\/\/aktuelles.uni-frankfurt.de\/jahrbuch-2023-interaktion-kooperation\/\"><h1 class=\"img-accordion-title\"><div id=\"Kasten\">Interaktion &amp; Kooperation<\/div><\/h1><\/a>                    <\/div>\n                <\/div>\n            <\/div>\n                    \n            <div class=\"eael-image-accordion-hover eael-image-accordion-item\" style=\"background-image: url(https:\/\/aktuelles.uni-frankfurt.de\/wp-content\/uploads\/2024\/03\/akkoredeon-campus.jpg);\"  tabindex=\"0\">\n                <div class=\"overlay\">\n                                        <div class=\"overlay-inner \">\n                        <a href=\"https:\/\/aktuelles.uni-frankfurt.de\/jahrbuch-2023-chronik\/\"><h1 class=\"img-accordion-title\"><div id=\"Kasten\">Jahres-Chronik<\/div><\/h1><\/a>                    <\/div>\n                <\/div>\n            <\/div>\n                    \n            <div class=\"eael-image-accordion-hover eael-image-accordion-item\" style=\"background-image: url(https:\/\/aktuelles.uni-frankfurt.de\/wp-content\/uploads\/2024\/03\/akkordeon-studium-lehre.jpg);\"  tabindex=\"0\">\n                <div class=\"overlay\">\n                                        <div class=\"overlay-inner \">\n                        <a href=\"https:\/\/aktuelles.uni-frankfurt.de\/jahrbuch-2023-daten-fakten\/\"><h1 class=\"img-accordion-title\"><div id=\"Kasten\">Daten &amp; Fakten<\/div><\/h1><\/a>                    <\/div>\n                <\/div>\n            <\/div>\n                <\/div>\n        <style typr=\"text\/css\">\n                    #eael-img-accordion-d355364 .eael-image-accordion-hover:hover {\n                        flex: 3 1 0% !important;\n                    }\n                    #eael-img-accordion-d355364 .eael-image-accordion-hover:hover:hover .overlay-inner * {\n                        opacity: 1;\n                        visibility: visible;\n                        transform: none;\n                        transition: all .3s .3s;\n                    }\n                <\/style>\t\t\t\t<\/div>\n\t\t\t\t<\/div>\n\t\t\t\t\t<\/div>\n\t\t<\/div>\n\t\t\t\t\t<\/div>\n\t\t<\/section>\n\t\t\t\t<header class=\"elementor-section elementor-top-section elementor-element elementor-element-6b8b8d4 elementor-section-content-middle elementor-section-full_width elementor-hidden-desktop elementor-section-height-default elementor-section-height-default\" data-id=\"6b8b8d4\" data-element_type=\"section\" data-settings=\"{&quot;background_background&quot;:&quot;classic&quot;,&quot;sticky&quot;:&quot;top&quot;,&quot;sticky_on&quot;:[&quot;desktop&quot;,&quot;tablet&quot;,&quot;mobile&quot;],&quot;sticky_offset&quot;:0,&quot;sticky_effects_offset&quot;:0,&quot;sticky_anchor_link_offset&quot;:0}\">\n\t\t\t\t\t\t<div class=\"elementor-container elementor-column-gap-no\">\n\t\t\t\t\t<div data-ha-element-link=\"{&quot;url&quot;:&quot;https:\\\/\\\/aktuelles.uni-frankfurt.de\\\/jahrbuch-2022\\\/&quot;,&quot;is_external&quot;:&quot;&quot;,&quot;nofollow&quot;:&quot;&quot;}\" style=\"cursor: pointer\" class=\"elementor-column elementor-col-25 elementor-top-column elementor-element elementor-element-9455f22\" data-id=\"9455f22\" data-element_type=\"column\">\n\t\t\t<div class=\"elementor-widget-wrap elementor-element-populated\">\n\t\t\t\t\t\t<div class=\"elementor-element elementor-element-8a7b485 elementor-widget-mobile__width-auto elementor-widget elementor-widget-image\" data-id=\"8a7b485\" data-element_type=\"widget\" data-widget_type=\"image.default\">\n\t\t\t\t<div class=\"elementor-widget-container\">\n\t\t\t\t\t\t\t\t\t\t\t\t\t\t\t\t<a href=\"https:\/\/www.uni-frankfurt.de\/\">\n\t\t\t\t\t\t\t<img fetchpriority=\"high\" decoding=\"async\" width=\"1078\" height=\"997\" src=\"https:\/\/aktuelles.uni-frankfurt.de\/wp-content\/uploads\/2024\/02\/GU-Logo-blauKopfpng.png\" class=\"attachment-1536x1536 size-1536x1536 wp-image-79205\" alt=\"\" srcset=\"https:\/\/aktuelles.uni-frankfurt.de\/wp-content\/uploads\/2024\/02\/GU-Logo-blauKopfpng.png 1078w, https:\/\/aktuelles.uni-frankfurt.de\/wp-content\/uploads\/2024\/02\/GU-Logo-blauKopfpng-300x277.png 300w, https:\/\/aktuelles.uni-frankfurt.de\/wp-content\/uploads\/2024\/02\/GU-Logo-blauKopfpng-500x462.png 500w, https:\/\/aktuelles.uni-frankfurt.de\/wp-content\/uploads\/2024\/02\/GU-Logo-blauKopfpng-768x710.png 768w, https:\/\/aktuelles.uni-frankfurt.de\/wp-content\/uploads\/2024\/02\/GU-Logo-blauKopfpng-13x12.png 13w\" sizes=\"(max-width: 1078px) 100vw, 1078px\" \/>\t\t\t\t\t\t\t\t<\/a>\n\t\t\t\t\t\t\t\t\t\t\t\t\t\t\t<\/div>\n\t\t\t\t<\/div>\n\t\t\t\t\t<\/div>\n\t\t<\/div>\n\t\t\t\t<div class=\"elementor-column elementor-col-50 elementor-top-column elementor-element elementor-element-0e77faf\" data-id=\"0e77faf\" data-element_type=\"column\">\n\t\t\t<div class=\"elementor-widget-wrap elementor-element-populated\">\n\t\t\t\t\t\t<div class=\"elementor-element elementor-element-762b70f animated-fast elementor-invisible elementor-widget elementor-widget-text-editor\" data-id=\"762b70f\" data-element_type=\"widget\" data-settings=\"{&quot;_animation&quot;:&quot;fadeInUp&quot;}\" data-widget_type=\"text-editor.default\">\n\t\t\t\t<div class=\"elementor-widget-container\">\n\t\t\t\t\t\t\t\t\t<p>Goethe in progress <a style=\"color: #016191;\"> 2023<\/a><\/p>\t\t\t\t\t\t\t\t<\/div>\n\t\t\t\t<\/div>\n\t\t\t\t\t<\/div>\n\t\t<\/div>\n\t\t\t\t<div class=\"elementor-column elementor-col-25 elementor-top-column elementor-element elementor-element-de4908d\" data-id=\"de4908d\" data-element_type=\"column\">\n\t\t\t<div class=\"elementor-widget-wrap elementor-element-populated\">\n\t\t\t\t\t\t<div class=\"elementor-element elementor-element-ea61b4f elementor-widget-mobile__width-auto elementor-view-default elementor-widget elementor-widget-icon\" data-id=\"ea61b4f\" data-element_type=\"widget\" data-widget_type=\"icon.default\">\n\t\t\t\t<div class=\"elementor-widget-container\">\n\t\t\t\t\t\t\t<div class=\"elementor-icon-wrapper\">\n\t\t\t<a class=\"elementor-icon\" href=\"#elementor-action%3Aaction%3Dpopup%3Aopen%26settings%3DeyJpZCI6IjgwNTMwIiwidG9nZ2xlIjpmYWxzZX0%3D\">\n\t\t\t<i aria-hidden=\"true\" class=\"icon icon-menu-11\"><\/i>\t\t\t<\/a>\n\t\t<\/div>\n\t\t\t\t\t\t<\/div>\n\t\t\t\t<\/div>\n\t\t\t\t\t<\/div>\n\t\t<\/div>\n\t\t\t\t\t<\/div>\n\t\t<\/header>\n\t\t\t\t<section class=\"elementor-section elementor-top-section elementor-element elementor-element-72146b7 elementor-section-full_width elementor-section-height-min-height elementor-section-content-top elementor-section-items-stretch elementor-section-height-default\" data-id=\"72146b7\" data-element_type=\"section\" id=\"intro\" data-settings=\"{&quot;background_background&quot;:&quot;classic&quot;,&quot;_ha_eqh_enable&quot;:false}\">\n\t\t\t\t\t\t<div class=\"elementor-container elementor-column-gap-no\">\n\t\t\t\t\t<div class=\"elementor-column elementor-col-100 elementor-top-column elementor-element elementor-element-7377d7f\" data-id=\"7377d7f\" data-element_type=\"column\">\n\t\t\t<div class=\"elementor-widget-wrap elementor-element-populated\">\n\t\t\t\t\t\t<div class=\"elementor-element elementor-element-cea9063 elementor-widget__width-auto elementor-fixed elementor-view-default elementor-widget elementor-widget-icon\" data-id=\"cea9063\" data-element_type=\"widget\" data-settings=\"{&quot;_position&quot;:&quot;fixed&quot;,&quot;sticky&quot;:&quot;bottom&quot;,&quot;motion_fx_motion_fx_scrolling&quot;:&quot;yes&quot;,&quot;motion_fx_opacity_effect&quot;:&quot;yes&quot;,&quot;motion_fx_range&quot;:&quot;viewport&quot;,&quot;motion_fx_opacity_direction&quot;:&quot;out-in&quot;,&quot;motion_fx_opacity_level&quot;:{&quot;unit&quot;:&quot;px&quot;,&quot;size&quot;:10,&quot;sizes&quot;:[]},&quot;motion_fx_opacity_range&quot;:{&quot;unit&quot;:&quot;%&quot;,&quot;size&quot;:&quot;&quot;,&quot;sizes&quot;:{&quot;start&quot;:20,&quot;end&quot;:80}},&quot;motion_fx_devices&quot;:[&quot;desktop&quot;,&quot;tablet&quot;,&quot;mobile&quot;],&quot;sticky_on&quot;:[&quot;desktop&quot;,&quot;tablet&quot;,&quot;mobile&quot;],&quot;sticky_offset&quot;:0,&quot;sticky_effects_offset&quot;:0,&quot;sticky_anchor_link_offset&quot;:0}\" data-widget_type=\"icon.default\">\n\t\t\t\t<div class=\"elementor-widget-container\">\n\t\t\t\t\t\t\t<div class=\"elementor-icon-wrapper\">\n\t\t\t<a class=\"elementor-icon\" href=\"#intro\">\n\t\t\t<i aria-hidden=\"true\" class=\"fas fa-arrow-circle-up\"><\/i>\t\t\t<\/a>\n\t\t<\/div>\n\t\t\t\t\t\t<\/div>\n\t\t\t\t<\/div>\n\t\t\t\t\t\t\t<div data-eael_duration=\"{&quot;transitionDuration&quot;:500}\" data-eael_easing=\"{&quot;transitionEasing&quot;:&quot;ease&quot;}\" data-eael_offset_hover_left=\"{&quot;size&quot;:-20,&quot;unit&quot;:&quot;%&quot;}\" data-eael_hover_duration=\"{&quot;transitionDuration&quot;:1000}\" data-eael_hover_easing=\"{&quot;transitionEasing&quot;:&quot;ease&quot;}\" class=\"eael_hover_effect elementor-element elementor-element-012ff71 elementor-widget__width-auto elementor-fixed elementor-view-default elementor-widget elementor-widget-icon\" data-id=\"012ff71\" data-element_type=\"widget\" data-settings=\"{&quot;_position&quot;:&quot;fixed&quot;,&quot;motion_fx_motion_fx_scrolling&quot;:&quot;yes&quot;,&quot;motion_fx_opacity_effect&quot;:&quot;yes&quot;,&quot;motion_fx_range&quot;:&quot;viewport&quot;,&quot;eael_hover_effect_offset_hover_popover&quot;:&quot;yes&quot;,&quot;eael_hover_effect_offset_hover_left&quot;:{&quot;unit&quot;:&quot;%&quot;,&quot;size&quot;:-20,&quot;sizes&quot;:[]},&quot;eael_hover_effect_offset_hover_left_tablet&quot;:{&quot;unit&quot;:&quot;%&quot;,&quot;size&quot;:&quot;&quot;,&quot;sizes&quot;:[]},&quot;eael_hover_effect_offset_hover_left_mobile&quot;:{&quot;unit&quot;:&quot;%&quot;,&quot;size&quot;:&quot;&quot;,&quot;sizes&quot;:[]},&quot;eael_hover_effect_general_settings_easing&quot;:&quot;ease&quot;,&quot;eael_hover_effect_offset_hover_top&quot;:{&quot;unit&quot;:&quot;px&quot;,&quot;size&quot;:0,&quot;sizes&quot;:[]},&quot;eael_hover_effect_offset_hover_top_tablet&quot;:{&quot;unit&quot;:&quot;px&quot;,&quot;size&quot;:&quot;&quot;,&quot;sizes&quot;:[]},&quot;eael_hover_effect_offset_hover_top_mobile&quot;:{&quot;unit&quot;:&quot;px&quot;,&quot;size&quot;:&quot;&quot;,&quot;sizes&quot;:[]},&quot;eael_hover_effect_general_settings_hover_easing&quot;:&quot;ease&quot;,&quot;motion_fx_opacity_direction&quot;:&quot;out-in&quot;,&quot;motion_fx_opacity_level&quot;:{&quot;unit&quot;:&quot;px&quot;,&quot;size&quot;:10,&quot;sizes&quot;:[]},&quot;motion_fx_opacity_range&quot;:{&quot;unit&quot;:&quot;%&quot;,&quot;size&quot;:&quot;&quot;,&quot;sizes&quot;:{&quot;start&quot;:20,&quot;end&quot;:80}},&quot;motion_fx_devices&quot;:[&quot;desktop&quot;,&quot;tablet&quot;,&quot;mobile&quot;]}\" data-widget_type=\"icon.default\">\n\t\t\t\t<div class=\"elementor-widget-container\">\n\t\t\t\t\t\t\t<div class=\"elementor-icon-wrapper\">\n\t\t\t<a class=\"elementor-icon\" href=\"#elementor-action%3Aaction%3Dpopup%3Aopen%26settings%3DeyJpZCI6IjgwNzI4IiwidG9nZ2xlIjpmYWxzZX0%3D\">\n\t\t\t<svg xmlns=\"http:\/\/www.w3.org\/2000\/svg\" viewBox=\"0 0 121.3 121.3\"><defs><style>      .cls-1 {        stroke: #fff;        stroke-miterlimit: 10;        stroke-width: 4px;      }    <\/style><\/defs><g><g id=\"Ebene_1\"><g id=\"Ebene_1-2\" data-name=\"Ebene_1\"><g id=\"Ebene_1-2\"><path class=\"cls-1\" d=\"M30.3,3c.5,0,.9,0,1.2.4l28.6,16.6L88.7,3.4c.7-.5,1.7-.5,2.5,0s1.2,1.2,1.2,2.1v109.2c0,1.4-1.1,2.5-2.5,2.5H30.3c-1.4,0-2.5-1.1-2.5-2.5V5.5c0-.9.5-1.7,1.2-2.1.4-.2.7-.4,1.2-.4h0Z\"><\/path><\/g><\/g><\/g><\/g><\/svg>\t\t\t<\/a>\n\t\t<\/div>\n\t\t\t\t\t\t<\/div>\n\t\t\t\t<\/div>\n\t\t\t\t\t<\/div>\n\t\t<\/div>\n\t\t\t\t\t<\/div>\n\t\t<\/section>\n\t\t\t\t<section class=\"elementor-section elementor-top-section elementor-element elementor-element-a6d85cd elementor-section-content-middle elementor-section-boxed elementor-section-height-default elementor-section-height-default\" data-id=\"a6d85cd\" data-element_type=\"section\" data-settings=\"{&quot;background_background&quot;:&quot;classic&quot;,&quot;_ha_eqh_enable&quot;:false}\">\n\t\t\t\t\t\t<div class=\"elementor-container elementor-column-gap-no\">\n\t\t\t\t\t<div class=\"elementor-column elementor-col-100 elementor-top-column elementor-element elementor-element-0712888 crank-it\" data-id=\"0712888\" data-element_type=\"column\" data-settings=\"{&quot;background_background&quot;:&quot;classic&quot;}\">\n\t\t\t<div class=\"elementor-widget-wrap elementor-element-populated\">\n\t\t\t\t\t\t<div class=\"elementor-element elementor-element-c0b9668 invert elementor-absolute elementor-widget__width-auto elementor-widget elementor-widget-image\" data-id=\"c0b9668\" data-element_type=\"widget\" data-settings=\"{&quot;motion_fx_motion_fx_scrolling&quot;:&quot;yes&quot;,&quot;motion_fx_rotateZ_effect&quot;:&quot;yes&quot;,&quot;motion_fx_rotateZ_direction&quot;:&quot;negative&quot;,&quot;_position&quot;:&quot;absolute&quot;,&quot;motion_fx_rotateZ_speed&quot;:{&quot;unit&quot;:&quot;px&quot;,&quot;size&quot;:1,&quot;sizes&quot;:[]},&quot;motion_fx_rotateZ_affectedRange&quot;:{&quot;unit&quot;:&quot;%&quot;,&quot;size&quot;:&quot;&quot;,&quot;sizes&quot;:{&quot;start&quot;:0,&quot;end&quot;:100}},&quot;motion_fx_devices&quot;:[&quot;desktop&quot;,&quot;tablet&quot;,&quot;mobile&quot;]}\" data-widget_type=\"image.default\">\n\t\t\t\t<div class=\"elementor-widget-container\">\n\t\t\t\t\t\t\t\t\t\t\t\t\t\t\t<img decoding=\"async\" width=\"1501\" height=\"1651\" src=\"https:\/\/aktuelles.uni-frankfurt.de\/wp-content\/uploads\/2024\/03\/jahrbuch22-sternpng.png\" class=\"attachment-2048x2048 size-2048x2048 wp-image-79286\" alt=\"\" srcset=\"https:\/\/aktuelles.uni-frankfurt.de\/wp-content\/uploads\/2024\/03\/jahrbuch22-sternpng.png 1501w, https:\/\/aktuelles.uni-frankfurt.de\/wp-content\/uploads\/2024\/03\/jahrbuch22-sternpng-273x300.png 273w, https:\/\/aktuelles.uni-frankfurt.de\/wp-content\/uploads\/2024\/03\/jahrbuch22-sternpng-455x500.png 455w, https:\/\/aktuelles.uni-frankfurt.de\/wp-content\/uploads\/2024\/03\/jahrbuch22-sternpng-768x845.png 768w, https:\/\/aktuelles.uni-frankfurt.de\/wp-content\/uploads\/2024\/03\/jahrbuch22-sternpng-1396x1536.png 1396w, https:\/\/aktuelles.uni-frankfurt.de\/wp-content\/uploads\/2024\/03\/jahrbuch22-sternpng-11x12.png 11w\" sizes=\"(max-width: 1501px) 100vw, 1501px\" \/>\t\t\t\t\t\t\t\t\t\t\t\t\t\t\t<\/div>\n\t\t\t\t<\/div>\n\t\t\t\t<div class=\"elementor-element elementor-element-4c1f5b9 elementor-icon-list--layout-inline elementor-list-item-link-inline elementor-align-center elementor-tablet-align-center elementor-widget-tablet__width-inherit elementor-widget elementor-widget-icon-list\" data-id=\"4c1f5b9\" data-element_type=\"widget\" data-widget_type=\"icon-list.default\">\n\t\t\t\t<div class=\"elementor-widget-container\">\n\t\t\t\t\t\t\t<ul class=\"elementor-icon-list-items elementor-inline-items\">\n\t\t\t\t\t\t\t<li class=\"elementor-icon-list-item elementor-inline-item\">\n\t\t\t\t\t\t\t\t\t\t\t<a href=\"http:\/\/aktuelles.uni-frankfurt.de\/jahrbuch-2023-forschung\">\n\n\t\t\t\t\t\t\t\t\t\t\t<span class=\"elementor-icon-list-text\">DE<\/span>\n\t\t\t\t\t\t\t\t\t\t\t<\/a>\n\t\t\t\t\t\t\t\t\t<\/li>\n\t\t\t\t\t\t\t\t<li class=\"elementor-icon-list-item elementor-inline-item\">\n\t\t\t\t\t\t\t\t\t\t\t<a href=\"\/en\/jahrbuch-2023-forschung\">\n\n\t\t\t\t\t\t\t\t\t\t\t\t<span class=\"elementor-icon-list-icon\">\n\t\t\t\t\t\t\t<i aria-hidden=\"true\" class=\"fas fa-grip-lines-vertical\"><\/i>\t\t\t\t\t\t<\/span>\n\t\t\t\t\t\t\t\t\t\t<span class=\"elementor-icon-list-text\">EN<\/span>\n\t\t\t\t\t\t\t\t\t\t\t<\/a>\n\t\t\t\t\t\t\t\t\t<\/li>\n\t\t\t\t\t\t<\/ul>\n\t\t\t\t\t\t<\/div>\n\t\t\t\t<\/div>\n\t\t\t\t<div class=\"elementor-element elementor-element-bf02ede elementor-widget elementor-widget-heading\" data-id=\"bf02ede\" data-element_type=\"widget\" data-widget_type=\"heading.default\">\n\t\t\t\t<div class=\"elementor-widget-container\">\n\t\t\t\t\t<h2 class=\"elementor-heading-title elementor-size-default\">Goethe in progress 2023 \u2013 Forschung<\/h2>\t\t\t\t<\/div>\n\t\t\t\t<\/div>\n\t\t\t\t<div class=\"elementor-element elementor-element-93ba1a9 elementor-invisible elementor-widget elementor-widget-heading\" data-id=\"93ba1a9\" data-element_type=\"widget\" data-settings=\"{&quot;_animation&quot;:&quot;fadeInUp&quot;}\" data-widget_type=\"heading.default\">\n\t\t\t\t<div class=\"elementor-widget-container\">\n\t\t\t\t\t<h1 class=\"elementor-heading-title elementor-size-default\">Ein guter Rahmen f\u00fcr Forschung<\/h1>\t\t\t\t<\/div>\n\t\t\t\t<\/div>\n\t\t\t\t<div class=\"elementor-element elementor-element-d9b382d animated-fast elementor-invisible elementor-widget elementor-widget-text-editor\" data-id=\"d9b382d\" data-element_type=\"widget\" data-settings=\"{&quot;_animation&quot;:&quot;fadeInUp&quot;}\" data-widget_type=\"text-editor.default\">\n\t\t\t\t<div class=\"elementor-widget-container\">\n\t\t\t\t\t\t\t\t\t<p>Wer an wissenschaftlichen Erkenntnissen arbeitet, braucht eine Umgebung, die unterst\u00fctzt und f\u00f6rdert. Dieses Umfeld hat die Goethe-Universit\u00e4t 2023 f\u00fcr ihre Forschenden weiter ausgestaltet. Drei Beispiele: So hat sie das Zukunftsinstitut \u201eCenter for Critical Computational Studies\u201c gegr\u00fcndet, das \u00fcber die Fachbereiche hinweg computer- und datengest\u00fctzte Methoden hinterfragend entwickelt und anwendet; und zudem Wechselwirkungen von Digitalit\u00e4t und Demokratie sowie die Dynamiken des Wandels erforscht. Mit dem Projekt Go4Tech hat die Universit\u00e4t au\u00dferdem den Zugang zu Forschungsgro\u00dfger\u00e4ten vereinfacht. Und sie hat entscheidende Weichen f\u00fcr die beruflichen Perspektiven ihrer Early Career Researchers gestellt.<\/p><p>Auch dieser Rahmen hat dazu beigetragen, dass die Forschenden der Goethe-Universit\u00e4t mit innovativen Projekten international und national wieder zahlreiche F\u00f6rderungen eingeworben und Auszeichnungen gewonnen haben.<\/p>\t\t\t\t\t\t\t\t<\/div>\n\t\t\t\t<\/div>\n\t\t\t\t\t<\/div>\n\t\t<\/div>\n\t\t\t\t\t<\/div>\n\t\t<\/section>\n\t\t\t\t<section class=\"elementor-section elementor-top-section elementor-element elementor-element-590adb4 elementor-section-content-middle elementor-section-boxed elementor-section-height-default elementor-section-height-default\" data-id=\"590adb4\" data-element_type=\"section\" data-settings=\"{&quot;background_background&quot;:&quot;classic&quot;,&quot;_ha_eqh_enable&quot;:false}\">\n\t\t\t\t\t\t<div class=\"elementor-container elementor-column-gap-no\">\n\t\t\t\t\t<div data-ha-element-link=\"{&quot;url&quot;:&quot;#ersthelfer&quot;,&quot;is_external&quot;:&quot;&quot;,&quot;nofollow&quot;:&quot;&quot;}\" style=\"cursor: pointer\" class=\"elementor-column elementor-col-100 elementor-top-column elementor-element elementor-element-d8b86a3 animated-fast elementor-invisible\" data-id=\"d8b86a3\" data-element_type=\"column\" data-settings=\"{&quot;animation&quot;:&quot;fadeInUp&quot;}\">\n\t\t\t<div class=\"elementor-widget-wrap elementor-element-populated\">\n\t\t\t\t\t\t<section data-ha-element-link=\"{&quot;url&quot;:&quot;https:\\\/\\\/aktuelles.uni-frankfurt.de\\\/jahrbuch-2023-neue-forschungsprojekte\\\/&quot;,&quot;is_external&quot;:&quot;on&quot;,&quot;nofollow&quot;:&quot;&quot;}\" style=\"cursor: pointer\" class=\"elementor-section elementor-inner-section elementor-element elementor-element-955ff42 elementor-section-height-min-height elementor-section-full_width elementor-section-height-default\" data-id=\"955ff42\" data-element_type=\"section\" data-settings=\"{&quot;_ha_eqh_enable&quot;:false}\">\n\t\t\t\t\t\t<div class=\"elementor-container elementor-column-gap-default\">\n\t\t\t\t\t<div class=\"elementor-column elementor-col-50 elementor-inner-column elementor-element elementor-element-3e9938e\" data-id=\"3e9938e\" data-element_type=\"column\" data-settings=\"{&quot;background_background&quot;:&quot;classic&quot;}\">\n\t\t\t<div class=\"elementor-widget-wrap elementor-element-populated\">\n\t\t\t\t\t\t<div class=\"elementor-element elementor-element-074db35 elementor-widget elementor-widget-spacer\" data-id=\"074db35\" data-element_type=\"widget\" data-widget_type=\"spacer.default\">\n\t\t\t\t<div class=\"elementor-widget-container\">\n\t\t\t\t\t\t\t<div class=\"elementor-spacer\">\n\t\t\t<div class=\"elementor-spacer-inner\"><\/div>\n\t\t<\/div>\n\t\t\t\t\t\t<\/div>\n\t\t\t\t<\/div>\n\t\t\t\t\t<\/div>\n\t\t<\/div>\n\t\t\t\t<div class=\"elementor-column elementor-col-50 elementor-inner-column elementor-element elementor-element-00cade7\" data-id=\"00cade7\" data-element_type=\"column\" data-settings=\"{&quot;background_background&quot;:&quot;classic&quot;}\">\n\t\t\t<div class=\"elementor-widget-wrap elementor-element-populated\">\n\t\t\t\t\t\t<div class=\"elementor-element elementor-element-2f59ec5 elementor-widget elementor-widget-heading\" data-id=\"2f59ec5\" data-element_type=\"widget\" data-widget_type=\"heading.default\">\n\t\t\t\t<div class=\"elementor-widget-container\">\n\t\t\t\t\t<h2 class=\"elementor-heading-title elementor-size-default\">Neue Forschungsprojekte<\/h2>\t\t\t\t<\/div>\n\t\t\t\t<\/div>\n\t\t\t\t<div class=\"elementor-element elementor-element-ed676b8 elementor-widget elementor-widget-text-editor\" data-id=\"ed676b8\" data-element_type=\"widget\" data-widget_type=\"text-editor.default\">\n\t\t\t\t<div class=\"elementor-widget-container\">\n\t\t\t\t\t\t\t\t\t<p>Etliche Wissenschaftler*innen der Goethe-Universit\u00e4t haben 2023 erfolgreich Projekte eingeworben \u2013 bei Bund und L\u00e4ndern, der Deutschen Forschungsgemeinschaft (DFG), die Europ\u00e4ischen Union, Stiftungen und anderen Institutionen. Und mit dem Endowed Chair-Modell der Goethe-Universit\u00e4t nach amerikanischem Vorbild k\u00f6nnen Stiftungsprofessuren neuerdings dauerhafter finanziert werden.<\/p>\t\t\t\t\t\t\t\t<\/div>\n\t\t\t\t<\/div>\n\t\t\t\t\t<\/div>\n\t\t<\/div>\n\t\t\t\t\t<\/div>\n\t\t<\/section>\n\t\t\t\t\t<\/div>\n\t\t<\/div>\n\t\t\t\t\t<\/div>\n\t\t<\/section>\n\t\t\t\t<section class=\"elementor-section elementor-top-section elementor-element elementor-element-b2928ed elementor-section-content-middle animated-fast elementor-section-boxed elementor-section-height-default elementor-section-height-default elementor-invisible\" data-id=\"b2928ed\" data-element_type=\"section\" data-settings=\"{&quot;background_background&quot;:&quot;classic&quot;,&quot;animation&quot;:&quot;fadeInUp&quot;,&quot;_ha_eqh_enable&quot;:false}\">\n\t\t\t\t\t\t<div class=\"elementor-container elementor-column-gap-no\">\n\t\t\t\t\t<div data-ha-element-link=\"{&quot;url&quot;:&quot;#C3S&quot;,&quot;is_external&quot;:&quot;&quot;,&quot;nofollow&quot;:&quot;&quot;}\" style=\"cursor: pointer\" class=\"elementor-column elementor-col-33 elementor-top-column elementor-element elementor-element-4496927 elementor-invisible\" data-id=\"4496927\" data-element_type=\"column\" data-settings=\"{&quot;background_background&quot;:&quot;classic&quot;,&quot;animation&quot;:&quot;fadeIn&quot;}\">\n\t\t\t<div class=\"elementor-widget-wrap elementor-element-populated\">\n\t\t\t\t\t\t<div class=\"elementor-element elementor-element-921288c elementor-widget elementor-widget-image\" data-id=\"921288c\" data-element_type=\"widget\" data-widget_type=\"image.default\">\n\t\t\t\t<div class=\"elementor-widget-container\">\n\t\t\t\t\t\t\t\t\t\t\t\t\t\t\t<img decoding=\"async\" width=\"1536\" height=\"864\" src=\"https:\/\/aktuelles.uni-frankfurt.de\/wp-content\/uploads\/2024\/08\/Center-for-Comp-Studies_AdobeStock_514438025_peachaya-tanomsup-EyeEm_lizensiert-ea06c0c9-1536x864.jpg\" class=\"attachment-1536x1536 size-1536x1536 wp-image-80557\" alt=\"\" srcset=\"https:\/\/aktuelles.uni-frankfurt.de\/wp-content\/uploads\/2024\/08\/Center-for-Comp-Studies_AdobeStock_514438025_peachaya-tanomsup-EyeEm_lizensiert-ea06c0c9-1536x864.jpg 1536w, https:\/\/aktuelles.uni-frankfurt.de\/wp-content\/uploads\/2024\/08\/Center-for-Comp-Studies_AdobeStock_514438025_peachaya-tanomsup-EyeEm_lizensiert-ea06c0c9-300x169.jpg 300w, https:\/\/aktuelles.uni-frankfurt.de\/wp-content\/uploads\/2024\/08\/Center-for-Comp-Studies_AdobeStock_514438025_peachaya-tanomsup-EyeEm_lizensiert-ea06c0c9-500x281.jpg 500w, https:\/\/aktuelles.uni-frankfurt.de\/wp-content\/uploads\/2024\/08\/Center-for-Comp-Studies_AdobeStock_514438025_peachaya-tanomsup-EyeEm_lizensiert-ea06c0c9-768x432.jpg 768w, https:\/\/aktuelles.uni-frankfurt.de\/wp-content\/uploads\/2024\/08\/Center-for-Comp-Studies_AdobeStock_514438025_peachaya-tanomsup-EyeEm_lizensiert-ea06c0c9-18x10.jpg 18w, https:\/\/aktuelles.uni-frankfurt.de\/wp-content\/uploads\/2024\/08\/Center-for-Comp-Studies_AdobeStock_514438025_peachaya-tanomsup-EyeEm_lizensiert-ea06c0c9.jpg 2000w\" sizes=\"(max-width: 1536px) 100vw, 1536px\" \/>\t\t\t\t\t\t\t\t\t\t\t\t\t\t\t<\/div>\n\t\t\t\t<\/div>\n\t\t\t\t<div class=\"elementor-element elementor-element-2645b5e elementor-align-start elementor-mobile-align-start elementor-icon-list--layout-traditional elementor-list-item-link-full_width elementor-widget elementor-widget-icon-list\" data-id=\"2645b5e\" data-element_type=\"widget\" data-widget_type=\"icon-list.default\">\n\t\t\t\t<div class=\"elementor-widget-container\">\n\t\t\t\t\t\t\t<ul class=\"elementor-icon-list-items\">\n\t\t\t\t\t\t\t<li class=\"elementor-icon-list-item\">\n\t\t\t\t\t\t\t\t\t\t<span class=\"elementor-icon-list-text\">C\u00b3S<\/span>\n\t\t\t\t\t\t\t\t\t<\/li>\n\t\t\t\t\t\t<\/ul>\n\t\t\t\t\t\t<\/div>\n\t\t\t\t<\/div>\n\t\t\t\t<div class=\"elementor-element elementor-element-be28381 elementor-widget elementor-widget-heading\" data-id=\"be28381\" data-element_type=\"widget\" data-widget_type=\"heading.default\">\n\t\t\t\t<div class=\"elementor-widget-container\">\n\t\t\t\t\t<h2 class=\"elementor-heading-title elementor-size-default\">Ein digitaler Campus, mitten im Gr\u00fcnen<\/h2>\t\t\t\t<\/div>\n\t\t\t\t<\/div>\n\t\t\t\t<div class=\"elementor-element elementor-element-fb9266c elementor-widget elementor-widget-text-editor\" data-id=\"fb9266c\" data-element_type=\"widget\" data-widget_type=\"text-editor.default\">\n\t\t\t\t<div class=\"elementor-widget-container\">\n\t\t\t\t\t\t\t\t\t<p>Im Mai 2023 nahm das neue \u201eCenter for Critical Computational Studies\u201c seine Arbeit auf. Damit hat die Goethe-Universit\u00e4t einen bedeutenden Schritt hin zur Weiterentwicklung rechner-, daten- und algorithmenbasierter Methoden gemacht.<\/p>\t\t\t\t\t\t\t\t<\/div>\n\t\t\t\t<\/div>\n\t\t\t\t\t<\/div>\n\t\t<\/div>\n\t\t\t\t<div data-ha-element-link=\"{&quot;url&quot;:&quot;#exzellenzstrategie&quot;,&quot;is_external&quot;:&quot;&quot;,&quot;nofollow&quot;:&quot;&quot;}\" style=\"cursor: pointer\" class=\"elementor-column elementor-col-33 elementor-top-column elementor-element elementor-element-308b44e elementor-invisible\" data-id=\"308b44e\" data-element_type=\"column\" data-settings=\"{&quot;background_background&quot;:&quot;classic&quot;,&quot;animation&quot;:&quot;fadeInUp&quot;}\">\n\t\t\t<div class=\"elementor-widget-wrap elementor-element-populated\">\n\t\t\t\t\t\t<div class=\"elementor-element elementor-element-081e9b8 elementor-widget elementor-widget-image\" data-id=\"081e9b8\" data-element_type=\"widget\" data-widget_type=\"image.default\">\n\t\t\t\t<div class=\"elementor-widget-container\">\n\t\t\t\t\t\t\t\t\t\t\t\t\t\t\t<img loading=\"lazy\" decoding=\"async\" width=\"1536\" height=\"1139\" src=\"https:\/\/aktuelles.uni-frankfurt.de\/wp-content\/uploads\/2024\/08\/1_Aufmacher-_-SCALE_Zelle_Mikroskop_2024_higherDPI2_af_2000-1536x1139.jpg\" class=\"attachment-1536x1536 size-1536x1536 wp-image-80569\" alt=\"\" srcset=\"https:\/\/aktuelles.uni-frankfurt.de\/wp-content\/uploads\/2024\/08\/1_Aufmacher-_-SCALE_Zelle_Mikroskop_2024_higherDPI2_af_2000-1536x1139.jpg 1536w, https:\/\/aktuelles.uni-frankfurt.de\/wp-content\/uploads\/2024\/08\/1_Aufmacher-_-SCALE_Zelle_Mikroskop_2024_higherDPI2_af_2000-300x222.jpg 300w, https:\/\/aktuelles.uni-frankfurt.de\/wp-content\/uploads\/2024\/08\/1_Aufmacher-_-SCALE_Zelle_Mikroskop_2024_higherDPI2_af_2000-500x371.jpg 500w, https:\/\/aktuelles.uni-frankfurt.de\/wp-content\/uploads\/2024\/08\/1_Aufmacher-_-SCALE_Zelle_Mikroskop_2024_higherDPI2_af_2000-768x569.jpg 768w, https:\/\/aktuelles.uni-frankfurt.de\/wp-content\/uploads\/2024\/08\/1_Aufmacher-_-SCALE_Zelle_Mikroskop_2024_higherDPI2_af_2000-16x12.jpg 16w, https:\/\/aktuelles.uni-frankfurt.de\/wp-content\/uploads\/2024\/08\/1_Aufmacher-_-SCALE_Zelle_Mikroskop_2024_higherDPI2_af_2000.jpg 2000w\" sizes=\"(max-width: 1536px) 100vw, 1536px\" \/>\t\t\t\t\t\t\t\t\t\t\t\t\t\t\t<\/div>\n\t\t\t\t<\/div>\n\t\t\t\t<div class=\"elementor-element elementor-element-fb1a3d8 elementor-align-start elementor-mobile-align-start elementor-icon-list--layout-traditional elementor-list-item-link-full_width elementor-widget elementor-widget-icon-list\" data-id=\"fb1a3d8\" data-element_type=\"widget\" data-widget_type=\"icon-list.default\">\n\t\t\t\t<div class=\"elementor-widget-container\">\n\t\t\t\t\t\t\t<ul class=\"elementor-icon-list-items\">\n\t\t\t\t\t\t\t<li class=\"elementor-icon-list-item\">\n\t\t\t\t\t\t\t\t\t\t<span class=\"elementor-icon-list-text\">Exzellenzstrategie<\/span>\n\t\t\t\t\t\t\t\t\t<\/li>\n\t\t\t\t\t\t<\/ul>\n\t\t\t\t\t\t<\/div>\n\t\t\t\t<\/div>\n\t\t\t\t<div class=\"elementor-element elementor-element-06c8d5e elementor-widget elementor-widget-heading\" data-id=\"06c8d5e\" data-element_type=\"widget\" data-widget_type=\"heading.default\">\n\t\t\t\t<div class=\"elementor-widget-container\">\n\t\t\t\t\t<h2 class=\"elementor-heading-title elementor-size-default\">Forschungsprofil gesch\u00e4rft<\/h2>\t\t\t\t<\/div>\n\t\t\t\t<\/div>\n\t\t\t\t<div class=\"elementor-element elementor-element-145d19d elementor-widget elementor-widget-text-editor\" data-id=\"145d19d\" data-element_type=\"widget\" data-widget_type=\"text-editor.default\">\n\t\t\t\t<div class=\"elementor-widget-container\">\n\t\t\t\t\t\t\t\t\t<p>Die Exzellenzstrategie des Bundes und der L\u00e4nder will Deutschlands Spitzenforschung st\u00e4rken. Entschieden wird in mehreren Etappen.<\/p>\t\t\t\t\t\t\t\t<\/div>\n\t\t\t\t<\/div>\n\t\t\t\t\t<\/div>\n\t\t<\/div>\n\t\t\t\t<div data-ha-element-link=\"{&quot;url&quot;:&quot;#profilbereiche&quot;,&quot;is_external&quot;:&quot;&quot;,&quot;nofollow&quot;:&quot;&quot;}\" style=\"cursor: pointer\" class=\"elementor-column elementor-col-33 elementor-top-column elementor-element elementor-element-5ae3fe9 elementor-invisible\" data-id=\"5ae3fe9\" data-element_type=\"column\" data-settings=\"{&quot;background_background&quot;:&quot;classic&quot;,&quot;animation&quot;:&quot;fadeIn&quot;}\">\n\t\t\t<div class=\"elementor-widget-wrap elementor-element-populated\">\n\t\t\t\t\t\t<div class=\"elementor-element elementor-element-bfa809e elementor-widget elementor-widget-image\" data-id=\"bfa809e\" data-element_type=\"widget\" data-widget_type=\"image.default\">\n\t\t\t\t<div class=\"elementor-widget-container\">\n\t\t\t\t\t\t\t\t\t\t\t\t\t\t\t<img loading=\"lazy\" decoding=\"async\" width=\"1500\" height=\"1500\" src=\"https:\/\/aktuelles.uni-frankfurt.de\/wp-content\/uploads\/2024\/08\/GU_Profildarstellung_230809_png.png\" class=\"attachment-1536x1536 size-1536x1536 wp-image-80694\" alt=\"\" srcset=\"https:\/\/aktuelles.uni-frankfurt.de\/wp-content\/uploads\/2024\/08\/GU_Profildarstellung_230809_png.png 1500w, https:\/\/aktuelles.uni-frankfurt.de\/wp-content\/uploads\/2024\/08\/GU_Profildarstellung_230809_png-300x300.png 300w, https:\/\/aktuelles.uni-frankfurt.de\/wp-content\/uploads\/2024\/08\/GU_Profildarstellung_230809_png-500x500.png 500w, https:\/\/aktuelles.uni-frankfurt.de\/wp-content\/uploads\/2024\/08\/GU_Profildarstellung_230809_png-150x150.png 150w, https:\/\/aktuelles.uni-frankfurt.de\/wp-content\/uploads\/2024\/08\/GU_Profildarstellung_230809_png-768x768.png 768w, https:\/\/aktuelles.uni-frankfurt.de\/wp-content\/uploads\/2024\/08\/GU_Profildarstellung_230809_png-12x12.png 12w, https:\/\/aktuelles.uni-frankfurt.de\/wp-content\/uploads\/2024\/08\/GU_Profildarstellung_230809_png-700x700.png 700w\" sizes=\"(max-width: 1500px) 100vw, 1500px\" \/>\t\t\t\t\t\t\t\t\t\t\t\t\t\t\t<\/div>\n\t\t\t\t<\/div>\n\t\t\t\t<div class=\"elementor-element elementor-element-9df2c8f elementor-align-start elementor-mobile-align-start elementor-icon-list--layout-traditional elementor-list-item-link-full_width elementor-widget elementor-widget-icon-list\" data-id=\"9df2c8f\" data-element_type=\"widget\" data-widget_type=\"icon-list.default\">\n\t\t\t\t<div class=\"elementor-widget-container\">\n\t\t\t\t\t\t\t<ul class=\"elementor-icon-list-items\">\n\t\t\t\t\t\t\t<li class=\"elementor-icon-list-item\">\n\t\t\t\t\t\t\t\t\t\t<span class=\"elementor-icon-list-text\">Profilbereiche<\/span>\n\t\t\t\t\t\t\t\t\t<\/li>\n\t\t\t\t\t\t<\/ul>\n\t\t\t\t\t\t<\/div>\n\t\t\t\t<\/div>\n\t\t\t\t<div class=\"elementor-element elementor-element-f8500bb elementor-widget elementor-widget-heading\" data-id=\"f8500bb\" data-element_type=\"widget\" data-widget_type=\"heading.default\">\n\t\t\t\t<div class=\"elementor-widget-container\">\n\t\t\t\t\t<h2 class=\"elementor-heading-title elementor-size-default\">Potentiale f\u00f6rdern<\/h2>\t\t\t\t<\/div>\n\t\t\t\t<\/div>\n\t\t\t\t<div class=\"elementor-element elementor-element-18fbccf elementor-widget elementor-widget-text-editor\" data-id=\"18fbccf\" data-element_type=\"widget\" data-widget_type=\"text-editor.default\">\n\t\t\t\t<div class=\"elementor-widget-container\">\n\t\t\t\t\t\t\t\t\t<p>Sechs interdisziplin\u00e4re Profilbereiche charakterisieren das Forschungsprofil der Goethe-Universit\u00e4t. Sie b\u00fcndeln thematische Forschungsschwerpunkte und -projekte. Und sie bieten ein Forum f\u00fcr neue Forschungsvorhaben \u00fcber Fachbereichsgrenzen hinweg.<\/p>\t\t\t\t\t\t\t\t<\/div>\n\t\t\t\t<\/div>\n\t\t\t\t\t<\/div>\n\t\t<\/div>\n\t\t\t\t\t<\/div>\n\t\t<\/section>\n\t\t\t\t<section class=\"elementor-section elementor-top-section elementor-element elementor-element-dbfcf37 elementor-section-content-middle animated-fast elementor-section-boxed elementor-section-height-default elementor-section-height-default elementor-invisible\" data-id=\"dbfcf37\" data-element_type=\"section\" data-settings=\"{&quot;background_background&quot;:&quot;classic&quot;,&quot;animation&quot;:&quot;fadeInUp&quot;,&quot;_ha_eqh_enable&quot;:false}\">\n\t\t\t\t\t\t<div class=\"elementor-container elementor-column-gap-no\">\n\t\t\t\t\t<div data-ha-element-link=\"{&quot;url&quot;:&quot;#kurz-und-buendig&quot;,&quot;is_external&quot;:&quot;&quot;,&quot;nofollow&quot;:&quot;&quot;}\" style=\"cursor: pointer\" class=\"elementor-column elementor-col-33 elementor-top-column elementor-element elementor-element-77037c5 elementor-invisible\" data-id=\"77037c5\" data-element_type=\"column\" data-settings=\"{&quot;background_background&quot;:&quot;classic&quot;,&quot;animation&quot;:&quot;fadeIn&quot;}\">\n\t\t\t<div class=\"elementor-widget-wrap elementor-element-populated\">\n\t\t\t\t\t\t<div class=\"elementor-element elementor-element-488b3f3 elementor-view-default elementor-widget elementor-widget-icon\" data-id=\"488b3f3\" data-element_type=\"widget\" data-widget_type=\"icon.default\">\n\t\t\t\t<div class=\"elementor-widget-container\">\n\t\t\t\t\t\t\t<div class=\"elementor-icon-wrapper\">\n\t\t\t<div class=\"elementor-icon\">\n\t\t\t<i aria-hidden=\"true\" class=\"far fa-lightbulb\"><\/i>\t\t\t<\/div>\n\t\t<\/div>\n\t\t\t\t\t\t<\/div>\n\t\t\t\t<\/div>\n\t\t\t\t<div class=\"elementor-element elementor-element-460861f elementor-widget elementor-widget-heading\" data-id=\"460861f\" data-element_type=\"widget\" data-widget_type=\"heading.default\">\n\t\t\t\t<div class=\"elementor-widget-container\">\n\t\t\t\t\t<h2 class=\"elementor-heading-title elementor-size-default\">Kurz &amp; b\u00fcndig<\/h2>\t\t\t\t<\/div>\n\t\t\t\t<\/div>\n\t\t\t\t\t<\/div>\n\t\t<\/div>\n\t\t\t\t<div data-ha-element-link=\"{&quot;url&quot;:&quot;#go4tech&quot;,&quot;is_external&quot;:&quot;&quot;,&quot;nofollow&quot;:&quot;&quot;}\" style=\"cursor: pointer\" class=\"elementor-column elementor-col-33 elementor-top-column elementor-element elementor-element-a4b0da4 elementor-invisible\" data-id=\"a4b0da4\" data-element_type=\"column\" data-settings=\"{&quot;background_background&quot;:&quot;classic&quot;,&quot;animation&quot;:&quot;fadeInUp&quot;}\">\n\t\t\t<div class=\"elementor-widget-wrap elementor-element-populated\">\n\t\t\t\t\t\t<div class=\"elementor-element elementor-element-e17fb1d elementor-widget elementor-widget-image\" data-id=\"e17fb1d\" data-element_type=\"widget\" data-widget_type=\"image.default\">\n\t\t\t\t<div class=\"elementor-widget-container\">\n\t\t\t\t\t\t\t\t\t\t\t\t\t\t\t<img loading=\"lazy\" decoding=\"async\" width=\"1536\" height=\"864\" src=\"https:\/\/aktuelles.uni-frankfurt.de\/wp-content\/uploads\/2024\/10\/Go4Tech-1536x864.jpg\" class=\"attachment-1536x1536 size-1536x1536 wp-image-81046\" alt=\"\" srcset=\"https:\/\/aktuelles.uni-frankfurt.de\/wp-content\/uploads\/2024\/10\/Go4Tech-1536x864.jpg 1536w, https:\/\/aktuelles.uni-frankfurt.de\/wp-content\/uploads\/2024\/10\/Go4Tech-300x169.jpg 300w, https:\/\/aktuelles.uni-frankfurt.de\/wp-content\/uploads\/2024\/10\/Go4Tech-500x281.jpg 500w, https:\/\/aktuelles.uni-frankfurt.de\/wp-content\/uploads\/2024\/10\/Go4Tech-768x432.jpg 768w, https:\/\/aktuelles.uni-frankfurt.de\/wp-content\/uploads\/2024\/10\/Go4Tech-18x10.jpg 18w, https:\/\/aktuelles.uni-frankfurt.de\/wp-content\/uploads\/2024\/10\/Go4Tech.jpg 1920w\" sizes=\"(max-width: 1536px) 100vw, 1536px\" \/>\t\t\t\t\t\t\t\t\t\t\t\t\t\t\t<\/div>\n\t\t\t\t<\/div>\n\t\t\t\t<div class=\"elementor-element elementor-element-d6a36b2 elementor-align-start elementor-mobile-align-start elementor-icon-list--layout-traditional elementor-list-item-link-full_width elementor-widget elementor-widget-icon-list\" data-id=\"d6a36b2\" data-element_type=\"widget\" data-widget_type=\"icon-list.default\">\n\t\t\t\t<div class=\"elementor-widget-container\">\n\t\t\t\t\t\t\t<ul class=\"elementor-icon-list-items\">\n\t\t\t\t\t\t\t<li class=\"elementor-icon-list-item\">\n\t\t\t\t\t\t\t\t\t\t<span class=\"elementor-icon-list-text\">Go4Tech<\/span>\n\t\t\t\t\t\t\t\t\t<\/li>\n\t\t\t\t\t\t<\/ul>\n\t\t\t\t\t\t<\/div>\n\t\t\t\t<\/div>\n\t\t\t\t<div class=\"elementor-element elementor-element-ad31493 elementor-widget elementor-widget-heading\" data-id=\"ad31493\" data-element_type=\"widget\" data-widget_type=\"heading.default\">\n\t\t\t\t<div class=\"elementor-widget-container\">\n\t\t\t\t\t<h2 class=\"elementor-heading-title elementor-size-default\">Go4Tech: Sharing is caring <\/h2>\t\t\t\t<\/div>\n\t\t\t\t<\/div>\n\t\t\t\t<div class=\"elementor-element elementor-element-03a960f elementor-widget elementor-widget-text-editor\" data-id=\"03a960f\" data-element_type=\"widget\" data-widget_type=\"text-editor.default\">\n\t\t\t\t<div class=\"elementor-widget-container\">\n\t\t\t\t\t\t\t\t\t<p>An der Goethe-Universit\u00e4t sind zahlreiche Gro\u00dfger\u00e4te im Einsatz. Doch nicht alle sind ausgelastet. Im M\u00e4rz 2023 startete das Projekt Go4Tech.<\/p>\t\t\t\t\t\t\t\t<\/div>\n\t\t\t\t<\/div>\n\t\t\t\t\t<\/div>\n\t\t<\/div>\n\t\t\t\t<div data-ha-element-link=\"{&quot;url&quot;:&quot;#zehnpunktepapier&quot;,&quot;is_external&quot;:&quot;&quot;,&quot;nofollow&quot;:&quot;&quot;}\" style=\"cursor: pointer\" class=\"elementor-column elementor-col-33 elementor-top-column elementor-element elementor-element-451147d elementor-invisible\" data-id=\"451147d\" data-element_type=\"column\" data-settings=\"{&quot;background_background&quot;:&quot;classic&quot;,&quot;animation&quot;:&quot;fadeIn&quot;}\">\n\t\t\t<div class=\"elementor-widget-wrap elementor-element-populated\">\n\t\t\t\t\t\t<div class=\"elementor-element elementor-element-652b304 elementor-widget elementor-widget-image\" data-id=\"652b304\" data-element_type=\"widget\" data-widget_type=\"image.default\">\n\t\t\t\t<div class=\"elementor-widget-container\">\n\t\t\t\t\t\t\t\t\t\t\t\t\t\t\t<img loading=\"lazy\" decoding=\"async\" width=\"1536\" height=\"1024\" src=\"https:\/\/aktuelles.uni-frankfurt.de\/wp-content\/uploads\/2024\/08\/alexandru-acea-RQgKM1h2agA-unsplash_1000-1536x1024.jpg\" class=\"attachment-1536x1536 size-1536x1536 wp-image-80610\" alt=\"\" srcset=\"https:\/\/aktuelles.uni-frankfurt.de\/wp-content\/uploads\/2024\/08\/alexandru-acea-RQgKM1h2agA-unsplash_1000-1536x1024.jpg 1536w, https:\/\/aktuelles.uni-frankfurt.de\/wp-content\/uploads\/2024\/08\/alexandru-acea-RQgKM1h2agA-unsplash_1000-300x200.jpg 300w, https:\/\/aktuelles.uni-frankfurt.de\/wp-content\/uploads\/2024\/08\/alexandru-acea-RQgKM1h2agA-unsplash_1000-500x333.jpg 500w, https:\/\/aktuelles.uni-frankfurt.de\/wp-content\/uploads\/2024\/08\/alexandru-acea-RQgKM1h2agA-unsplash_1000-768x512.jpg 768w, https:\/\/aktuelles.uni-frankfurt.de\/wp-content\/uploads\/2024\/08\/alexandru-acea-RQgKM1h2agA-unsplash_1000-18x12.jpg 18w, https:\/\/aktuelles.uni-frankfurt.de\/wp-content\/uploads\/2024\/08\/alexandru-acea-RQgKM1h2agA-unsplash_1000.jpg 2000w\" sizes=\"(max-width: 1536px) 100vw, 1536px\" \/>\t\t\t\t\t\t\t\t\t\t\t\t\t\t\t<\/div>\n\t\t\t\t<\/div>\n\t\t\t\t<div class=\"elementor-element elementor-element-de7a29f elementor-align-start elementor-mobile-align-start elementor-icon-list--layout-traditional elementor-list-item-link-full_width elementor-widget elementor-widget-icon-list\" data-id=\"de7a29f\" data-element_type=\"widget\" data-widget_type=\"icon-list.default\">\n\t\t\t\t<div class=\"elementor-widget-container\">\n\t\t\t\t\t\t\t<ul class=\"elementor-icon-list-items\">\n\t\t\t\t\t\t\t<li class=\"elementor-icon-list-item\">\n\t\t\t\t\t\t\t\t\t\t<span class=\"elementor-icon-list-text\">Zehnpunktepapier<\/span>\n\t\t\t\t\t\t\t\t\t<\/li>\n\t\t\t\t\t\t<\/ul>\n\t\t\t\t\t\t<\/div>\n\t\t\t\t<\/div>\n\t\t\t\t<div class=\"elementor-element elementor-element-877d727 elementor-widget elementor-widget-heading\" data-id=\"877d727\" data-element_type=\"widget\" data-widget_type=\"heading.default\">\n\t\t\t\t<div class=\"elementor-widget-container\">\n\t\t\t\t\t<h2 class=\"elementor-heading-title elementor-size-default\">Gendersensitive Forschung<\/h2>\t\t\t\t<\/div>\n\t\t\t\t<\/div>\n\t\t\t\t<div class=\"elementor-element elementor-element-205ce8f elementor-widget elementor-widget-text-editor\" data-id=\"205ce8f\" data-element_type=\"widget\" data-widget_type=\"text-editor.default\">\n\t\t\t\t<div class=\"elementor-widget-container\">\n\t\t\t\t\t\t\t\t\t<p>K\u00fcnstliche Intelligenz mit Vorurteilen oder falsch zugeordnete Gr\u00e4ber von Wikingerinnen \u2013 Geschlecht und Vielfalt k\u00f6nnen mitunter unerwartete Bedeutung f\u00fcr die Forschung entfalten.<\/p>\t\t\t\t\t\t\t\t<\/div>\n\t\t\t\t<\/div>\n\t\t\t\t\t<\/div>\n\t\t<\/div>\n\t\t\t\t\t<\/div>\n\t\t<\/section>\n\t\t\t\t<section class=\"elementor-section elementor-top-section elementor-element elementor-element-efb2302 elementor-section-content-middle animated-fast elementor-section-boxed elementor-section-height-default elementor-section-height-default elementor-invisible\" data-id=\"efb2302\" data-element_type=\"section\" data-settings=\"{&quot;background_background&quot;:&quot;classic&quot;,&quot;animation&quot;:&quot;fadeInUp&quot;,&quot;_ha_eqh_enable&quot;:false}\">\n\t\t\t\t\t\t<div class=\"elementor-container elementor-column-gap-no\">\n\t\t\t\t\t<div data-ha-element-link=\"{&quot;url&quot;:&quot;#ifs&quot;,&quot;is_external&quot;:&quot;&quot;,&quot;nofollow&quot;:&quot;&quot;}\" style=\"cursor: pointer\" class=\"elementor-column elementor-col-33 elementor-top-column elementor-element elementor-element-b1829ea elementor-invisible\" data-id=\"b1829ea\" data-element_type=\"column\" data-settings=\"{&quot;background_background&quot;:&quot;classic&quot;,&quot;animation&quot;:&quot;fadeIn&quot;}\">\n\t\t\t<div class=\"elementor-widget-wrap elementor-element-populated\">\n\t\t\t\t\t\t<div class=\"elementor-element elementor-element-ed0ded6 elementor-widget elementor-widget-image\" data-id=\"ed0ded6\" data-element_type=\"widget\" data-widget_type=\"image.default\">\n\t\t\t\t<div class=\"elementor-widget-container\">\n\t\t\t\t\t\t\t\t\t\t\t\t\t\t\t<img loading=\"lazy\" decoding=\"async\" width=\"1536\" height=\"1090\" src=\"https:\/\/aktuelles.uni-frankfurt.de\/wp-content\/uploads\/2024\/08\/Senckenberganlage-3.2-UNiversitaetsarchiv-Frankfurt_2000-1536x1090.jpg\" class=\"attachment-1536x1536 size-1536x1536 wp-image-80563\" alt=\"\" srcset=\"https:\/\/aktuelles.uni-frankfurt.de\/wp-content\/uploads\/2024\/08\/Senckenberganlage-3.2-UNiversitaetsarchiv-Frankfurt_2000-1536x1090.jpg 1536w, https:\/\/aktuelles.uni-frankfurt.de\/wp-content\/uploads\/2024\/08\/Senckenberganlage-3.2-UNiversitaetsarchiv-Frankfurt_2000-300x213.jpg 300w, https:\/\/aktuelles.uni-frankfurt.de\/wp-content\/uploads\/2024\/08\/Senckenberganlage-3.2-UNiversitaetsarchiv-Frankfurt_2000-500x355.jpg 500w, https:\/\/aktuelles.uni-frankfurt.de\/wp-content\/uploads\/2024\/08\/Senckenberganlage-3.2-UNiversitaetsarchiv-Frankfurt_2000-768x545.jpg 768w, https:\/\/aktuelles.uni-frankfurt.de\/wp-content\/uploads\/2024\/08\/Senckenberganlage-3.2-UNiversitaetsarchiv-Frankfurt_2000-18x12.jpg 18w, https:\/\/aktuelles.uni-frankfurt.de\/wp-content\/uploads\/2024\/08\/Senckenberganlage-3.2-UNiversitaetsarchiv-Frankfurt_2000.jpg 2000w\" sizes=\"(max-width: 1536px) 100vw, 1536px\" \/>\t\t\t\t\t\t\t\t\t\t\t\t\t\t\t<\/div>\n\t\t\t\t<\/div>\n\t\t\t\t<div class=\"elementor-element elementor-element-911c664 elementor-align-start elementor-mobile-align-start elementor-icon-list--layout-traditional elementor-list-item-link-full_width elementor-widget elementor-widget-icon-list\" data-id=\"911c664\" data-element_type=\"widget\" data-widget_type=\"icon-list.default\">\n\t\t\t\t<div class=\"elementor-widget-container\">\n\t\t\t\t\t\t\t<ul class=\"elementor-icon-list-items\">\n\t\t\t\t\t\t\t<li class=\"elementor-icon-list-item\">\n\t\t\t\t\t\t\t\t\t\t<span class=\"elementor-icon-list-text\">Frankfurter Institut f\u00fcr Sozialforschung <\/span>\n\t\t\t\t\t\t\t\t\t<\/li>\n\t\t\t\t\t\t<\/ul>\n\t\t\t\t\t\t<\/div>\n\t\t\t\t<\/div>\n\t\t\t\t<div class=\"elementor-element elementor-element-8235177 elementor-widget elementor-widget-heading\" data-id=\"8235177\" data-element_type=\"widget\" data-widget_type=\"heading.default\">\n\t\t\t\t<div class=\"elementor-widget-container\">\n\t\t\t\t\t<h2 class=\"elementor-heading-title elementor-size-default\">\u201eUnsere Gesellschaft wird von Widerspr\u00fcchen getrieben\u201c<\/h2>\t\t\t\t<\/div>\n\t\t\t\t<\/div>\n\t\t\t\t<div class=\"elementor-element elementor-element-49b61cb elementor-widget elementor-widget-text-editor\" data-id=\"49b61cb\" data-element_type=\"widget\" data-widget_type=\"text-editor.default\">\n\t\t\t\t<div class=\"elementor-widget-container\">\n\t\t\t\t\t\t\t\t\t<p>Im Januar 2023 wurde das ber\u00fchmte Institut f\u00fcr Sozialforschung hundert Jahre alt. Anlass f\u00fcr ein Gespr\u00e4ch mit dem neuen Direktor des Instituts f\u00fcr Sozialforschung, Prof. Stephan\u00a0Lessenich.<\/p>\t\t\t\t\t\t\t\t<\/div>\n\t\t\t\t<\/div>\n\t\t\t\t\t<\/div>\n\t\t<\/div>\n\t\t\t\t<div data-ha-element-link=\"{&quot;url&quot;:&quot;#ausgezeichnet&quot;,&quot;is_external&quot;:&quot;&quot;,&quot;nofollow&quot;:&quot;&quot;}\" style=\"cursor: pointer\" class=\"elementor-column elementor-col-33 elementor-top-column elementor-element elementor-element-1a61b53 elementor-invisible\" data-id=\"1a61b53\" data-element_type=\"column\" data-settings=\"{&quot;background_background&quot;:&quot;classic&quot;,&quot;animation&quot;:&quot;fadeInUp&quot;}\">\n\t\t\t<div class=\"elementor-widget-wrap elementor-element-populated\">\n\t\t\t\t\t\t<div class=\"elementor-element elementor-element-2680b44 elementor-view-default elementor-widget elementor-widget-icon\" data-id=\"2680b44\" data-element_type=\"widget\" data-widget_type=\"icon.default\">\n\t\t\t\t<div class=\"elementor-widget-container\">\n\t\t\t\t\t\t\t<div class=\"elementor-icon-wrapper\">\n\t\t\t<div class=\"elementor-icon\">\n\t\t\t<i aria-hidden=\"true\" class=\"fas fa-trophy\"><\/i>\t\t\t<\/div>\n\t\t<\/div>\n\t\t\t\t\t\t<\/div>\n\t\t\t\t<\/div>\n\t\t\t\t<div class=\"elementor-element elementor-element-37a8280 elementor-widget elementor-widget-heading\" data-id=\"37a8280\" data-element_type=\"widget\" data-widget_type=\"heading.default\">\n\t\t\t\t<div class=\"elementor-widget-container\">\n\t\t\t\t\t<h2 class=\"elementor-heading-title elementor-size-default\">Ausgezeichnet<\/h2>\t\t\t\t<\/div>\n\t\t\t\t<\/div>\n\t\t\t\t\t<\/div>\n\t\t<\/div>\n\t\t\t\t<div data-ha-element-link=\"{&quot;url&quot;:&quot;#tenure-track&quot;,&quot;is_external&quot;:&quot;&quot;,&quot;nofollow&quot;:&quot;&quot;}\" style=\"cursor: pointer\" class=\"elementor-column elementor-col-33 elementor-top-column elementor-element elementor-element-caa6220 elementor-invisible\" data-id=\"caa6220\" data-element_type=\"column\" data-settings=\"{&quot;background_background&quot;:&quot;classic&quot;,&quot;animation&quot;:&quot;fadeIn&quot;}\">\n\t\t\t<div class=\"elementor-widget-wrap elementor-element-populated\">\n\t\t\t\t\t\t<div class=\"elementor-element elementor-element-890fd01 elementor-widget elementor-widget-image\" data-id=\"890fd01\" data-element_type=\"widget\" data-widget_type=\"image.default\">\n\t\t\t\t<div class=\"elementor-widget-container\">\n\t\t\t\t\t\t\t\t\t\t\t\t\t\t\t<img loading=\"lazy\" decoding=\"async\" width=\"1536\" height=\"1024\" src=\"https:\/\/aktuelles.uni-frankfurt.de\/wp-content\/uploads\/2024\/08\/PRESSE_FREI_Schleiff_Enrico_2022_Schleiff-47_jl_1000-1536x1024.jpg\" class=\"attachment-1536x1536 size-1536x1536 wp-image-80621\" alt=\"\" srcset=\"https:\/\/aktuelles.uni-frankfurt.de\/wp-content\/uploads\/2024\/08\/PRESSE_FREI_Schleiff_Enrico_2022_Schleiff-47_jl_1000-1536x1024.jpg 1536w, https:\/\/aktuelles.uni-frankfurt.de\/wp-content\/uploads\/2024\/08\/PRESSE_FREI_Schleiff_Enrico_2022_Schleiff-47_jl_1000-300x200.jpg 300w, https:\/\/aktuelles.uni-frankfurt.de\/wp-content\/uploads\/2024\/08\/PRESSE_FREI_Schleiff_Enrico_2022_Schleiff-47_jl_1000-500x333.jpg 500w, https:\/\/aktuelles.uni-frankfurt.de\/wp-content\/uploads\/2024\/08\/PRESSE_FREI_Schleiff_Enrico_2022_Schleiff-47_jl_1000-768x512.jpg 768w, https:\/\/aktuelles.uni-frankfurt.de\/wp-content\/uploads\/2024\/08\/PRESSE_FREI_Schleiff_Enrico_2022_Schleiff-47_jl_1000-18x12.jpg 18w, https:\/\/aktuelles.uni-frankfurt.de\/wp-content\/uploads\/2024\/08\/PRESSE_FREI_Schleiff_Enrico_2022_Schleiff-47_jl_1000.jpg 2000w\" sizes=\"(max-width: 1536px) 100vw, 1536px\" \/>\t\t\t\t\t\t\t\t\t\t\t\t\t\t\t<\/div>\n\t\t\t\t<\/div>\n\t\t\t\t<div class=\"elementor-element elementor-element-2dc1f2d elementor-align-start elementor-mobile-align-start elementor-icon-list--layout-traditional elementor-list-item-link-full_width elementor-widget elementor-widget-icon-list\" data-id=\"2dc1f2d\" data-element_type=\"widget\" data-widget_type=\"icon-list.default\">\n\t\t\t\t<div class=\"elementor-widget-container\">\n\t\t\t\t\t\t\t<ul class=\"elementor-icon-list-items\">\n\t\t\t\t\t\t\t<li class=\"elementor-icon-list-item\">\n\t\t\t\t\t\t\t\t\t\t<span class=\"elementor-icon-list-text\">Tenure-Track<\/span>\n\t\t\t\t\t\t\t\t\t<\/li>\n\t\t\t\t\t\t<\/ul>\n\t\t\t\t\t\t<\/div>\n\t\t\t\t<\/div>\n\t\t\t\t<div class=\"elementor-element elementor-element-5d5fe9f elementor-widget elementor-widget-heading\" data-id=\"5d5fe9f\" data-element_type=\"widget\" data-widget_type=\"heading.default\">\n\t\t\t\t<div class=\"elementor-widget-container\">\n\t\t\t\t\t<h2 class=\"elementor-heading-title elementor-size-default\">Hanna kann jetzt anders planen<\/h2>\t\t\t\t<\/div>\n\t\t\t\t<\/div>\n\t\t\t\t<div class=\"elementor-element elementor-element-97157bc elementor-widget elementor-widget-text-editor\" data-id=\"97157bc\" data-element_type=\"widget\" data-widget_type=\"text-editor.default\">\n\t\t\t\t<div class=\"elementor-widget-container\">\n\t\t\t\t\t\t\t\t\t<p>Unter dem Hashtag \u201eIch bin Hanna\u201c ist die prek\u00e4re Karriereplanung junger Wissenschaftler*innen \u00f6ffentlich geworden. Die Goethe-Universit\u00e4t hat 2023 einen neuen Rahmen f\u00fcr berufliche Perspektiven von Early Career Researchers gesteckt.<\/p>\t\t\t\t\t\t\t\t<\/div>\n\t\t\t\t<\/div>\n\t\t\t\t\t<\/div>\n\t\t<\/div>\n\t\t\t\t\t<\/div>\n\t\t<\/section>\n\t\t\t\t<section class=\"elementor-section elementor-top-section elementor-element elementor-element-eb931eb elementor-section-full_width elementor-section-height-min-height elementor-section-items-stretch elementor-section-height-default\" data-id=\"eb931eb\" data-element_type=\"section\" id=\"C3S\" data-settings=\"{&quot;background_background&quot;:&quot;classic&quot;,&quot;_ha_eqh_enable&quot;:false}\">\n\t\t\t\t\t\t<div class=\"elementor-container elementor-column-gap-default\">\n\t\t\t\t\t<div class=\"elementor-column elementor-col-50 elementor-top-column elementor-element elementor-element-867fa0d\" data-id=\"867fa0d\" data-element_type=\"column\" data-settings=\"{&quot;background_background&quot;:&quot;classic&quot;}\">\n\t\t\t<div class=\"elementor-widget-wrap elementor-element-populated\">\n\t\t\t\t\t\t<div class=\"elementor-element elementor-element-400e628 elementor-widget elementor-widget-spacer\" data-id=\"400e628\" data-element_type=\"widget\" data-widget_type=\"spacer.default\">\n\t\t\t\t<div class=\"elementor-widget-container\">\n\t\t\t\t\t\t\t<div class=\"elementor-spacer\">\n\t\t\t<div class=\"elementor-spacer-inner\"><\/div>\n\t\t<\/div>\n\t\t\t\t\t\t<\/div>\n\t\t\t\t<\/div>\n\t\t\t\t<div class=\"elementor-element elementor-element-d40a9d8 animated-fast elementor-widget__width-initial ha-has-bg-overlay elementor-invisible elementor-widget elementor-widget-text-editor\" data-id=\"d40a9d8\" data-element_type=\"widget\" data-settings=\"{&quot;_animation&quot;:&quot;fadeInUp&quot;}\" data-widget_type=\"text-editor.default\">\n\t\t\t\t<div class=\"elementor-widget-container\">\n\t\t\t\t\t\t\t\t\t<p>Grafik: AdobeStock\/peachaya tanomsup EyeEm<\/p>\t\t\t\t\t\t\t\t<\/div>\n\t\t\t\t<\/div>\n\t\t\t\t\t<\/div>\n\t\t<\/div>\n\t\t\t\t<div class=\"elementor-column elementor-col-50 elementor-top-column elementor-element elementor-element-4e3b4cc\" data-id=\"4e3b4cc\" data-element_type=\"column\">\n\t\t\t<div class=\"elementor-widget-wrap elementor-element-populated\">\n\t\t\t\t\t\t<div class=\"elementor-element elementor-element-35c5570 elementor-align-start elementor-mobile-align-start elementor-icon-list--layout-traditional elementor-list-item-link-full_width elementor-widget elementor-widget-icon-list\" data-id=\"35c5570\" data-element_type=\"widget\" data-widget_type=\"icon-list.default\">\n\t\t\t\t<div class=\"elementor-widget-container\">\n\t\t\t\t\t\t\t<ul class=\"elementor-icon-list-items\">\n\t\t\t\t\t\t\t<li class=\"elementor-icon-list-item\">\n\t\t\t\t\t\t\t\t\t\t<span class=\"elementor-icon-list-text\">C\u00b3S<\/span>\n\t\t\t\t\t\t\t\t\t<\/li>\n\t\t\t\t\t\t<\/ul>\n\t\t\t\t\t\t<\/div>\n\t\t\t\t<\/div>\n\t\t\t\t<div class=\"elementor-element elementor-element-4942eb8 animated-fast elementor-invisible elementor-widget elementor-widget-heading\" data-id=\"4942eb8\" data-element_type=\"widget\" data-settings=\"{&quot;_animation&quot;:&quot;fadeInUp&quot;}\" data-widget_type=\"heading.default\">\n\t\t\t\t<div class=\"elementor-widget-container\">\n\t\t\t\t\t<h2 class=\"elementor-heading-title elementor-size-default\">Ein digitaler Campus, mitten im Gr\u00fcnen<\/h2>\t\t\t\t<\/div>\n\t\t\t\t<\/div>\n\t\t\t\t<div class=\"elementor-element elementor-element-6a5a7bd animated-fast elementor-invisible elementor-widget elementor-widget-text-editor\" data-id=\"6a5a7bd\" data-element_type=\"widget\" data-settings=\"{&quot;_animation&quot;:&quot;fadeInUp&quot;}\" data-widget_type=\"text-editor.default\">\n\t\t\t\t<div class=\"elementor-widget-container\">\n\t\t\t\t\t\t\t\t\t<p>Im Mai 2023 nahm das neue \u201eCenter for Critical Computational Studies\u201c (kurz C\u00b3S) seine Arbeit auf, im Juni fand die Auftaktveranstaltung statt. Damit hat die Goethe-Universit\u00e4t einen bedeutenden Schritt hin zur Weiterentwicklung rechner-, daten- und algorithmenbasierter Methoden gemacht. Standort des C3S wird der fr\u00fchere Biocampus an der Siesmayerstra\u00dfe sein.<\/p>\t\t\t\t\t\t\t\t<\/div>\n\t\t\t\t<\/div>\n\t\t\t\t\t<\/div>\n\t\t<\/div>\n\t\t\t\t\t<\/div>\n\t\t<\/section>\n\t\t\t\t<section class=\"elementor-section elementor-top-section elementor-element elementor-element-109b1bc elementor-section-content-middle elementor-section-boxed elementor-section-height-default elementor-section-height-default\" data-id=\"109b1bc\" data-element_type=\"section\" data-settings=\"{&quot;_ha_eqh_enable&quot;:false}\">\n\t\t\t\t\t\t<div class=\"elementor-container elementor-column-gap-no\">\n\t\t\t\t\t<div class=\"elementor-column elementor-col-100 elementor-top-column elementor-element elementor-element-732c43b\" data-id=\"732c43b\" data-element_type=\"column\">\n\t\t\t<div class=\"elementor-widget-wrap elementor-element-populated\">\n\t\t\t\t\t\t<div class=\"elementor-element elementor-element-ef4e991 animated-fast elementor-invisible elementor-widget elementor-widget-text-editor\" data-id=\"ef4e991\" data-element_type=\"widget\" data-settings=\"{&quot;_animation&quot;:&quot;fadeInUp&quot;}\" data-widget_type=\"text-editor.default\">\n\t\t\t\t<div class=\"elementor-widget-container\">\n\t\t\t\t\t\t\t\t\t<p>\u201eJust Computing?\u201c \u2013 der Titel des Auftakts war bewusst doppeldeutig gew\u00e4hlt. Bedeutet die digitale Transformation \u00bbnur\u00ab, dass rechnergest\u00fctzte Methoden Prozesse allerorten optimieren? Oder ist damit auch ein Wandel gemeint, der \u00bbgerecht\u00ab gestaltet werden kann? Antworten auf solch grundlegende Fragen \u2013 so viel stellte Uni-Pr\u00e4sident Enrico Schleiff bei der Auftaktveranstaltung des \u201eCenter for Critical Computational Studies\u201c klar \u2013 k\u00f6nnen nur gemeinsam erarbeitet werden mit einem neuen, Fachgrenzen \u00fcberschreitenden Denken. \u201eEine Mammutaufgabe und nicht ohne Risiko\u201c, so Schleiff, aber notwendig, weshalb er das Zentrum in seiner Pr\u00e4sidentschaftsbewerbung auch \u201eversprochen\u201c habe. Nun ist es da, und damit ein neues Forschungsfeld an der Goethe-Universit\u00e4t. Zw\u00f6lf neue \u201eausfinanzierte\u201c Professuren sollen in den kommenden zwei Jahren dorthin berufen werden, gab der Sprecher des Gr\u00fcndungsvorstands Christoph Burchard bekannt. Neben dem Juristen Burchard geh\u00f6ren diesem Gr\u00fcndungsvorstand die Bioinformatikerin Franziska Matth\u00e4us an, der Informatiker Ulrich Meyer und die Erziehungswissenschaftlerin Juliane Engel \u2013 die angestrebte Perspektivenvielfalt ist auf dieser Ebene also schon einmal vorhanden.<\/p>\t\t\t\t\t\t\t\t<\/div>\n\t\t\t\t<\/div>\n\t\t\t\t<div class=\"elementor-element elementor-element-09de600 elementor-widget elementor-widget-heading\" data-id=\"09de600\" data-element_type=\"widget\" data-widget_type=\"heading.default\">\n\t\t\t\t<div class=\"elementor-widget-container\">\n\t\t\t\t\t<h3 class=\"elementor-heading-title elementor-size-default\">Neue Wege in die Digitalit\u00e4t<\/h3>\t\t\t\t<\/div>\n\t\t\t\t<\/div>\n\t\t\t\t<div class=\"elementor-element elementor-element-82ae7ef animated-fast elementor-invisible elementor-widget elementor-widget-text-editor\" data-id=\"82ae7ef\" data-element_type=\"widget\" data-settings=\"{&quot;_animation&quot;:&quot;fadeInUp&quot;}\" data-widget_type=\"text-editor.default\">\n\t\t\t\t<div class=\"elementor-widget-container\">\n\t\t\t\t\t\t\t\t\t<p>Die \u201eCritical Computational Studies\u201c sind ein wegweisendes Forschungsfeld. Sie zielen darauf, computationale \u2013 also rechner-, algorithmen- und datengest\u00fctzte \u2013 Methoden zu fundieren, zu entwickeln und anzuwenden. Dabei werden stets auch die Wechselwirkungen zwischen Mensch, Gesellschaft und Technologie in den Blick genommen. Mit dieser Verschr\u00e4nkung des Computationalen und des Kritischen will die Goethe-Universit\u00e4t auch die Chancen und Herausforderungen (post)digitaler Transformationen verstehen und letztere aktiv mitgestalten.<\/p><p>Die neuen \u201eCritical Computational Studies\u201c machen einen Unterschied, indem die folgenorientierte Reflexion \u2013 beispielsweise bezogen auf Folgen f\u00fcr gesellschaftliche Entwicklungen \u2013 von Anfang an fester Bestandteil des Wissenschaftsfeldes ist. \u201eDie Critical Computational Studies verbinden das \u203aKritische\u2039 und das \u203aComputationale\u2039, um rechnergest\u00fctzte Methoden kritisch reflektiert weiterzuentwickeln und (post-)digitale Zuk\u00fcnfte mit dem notwendigen Systemverst\u00e4ndnis gerechtfertigt, innovativ und nachhaltig gestalten zu k\u00f6nnen\u201c, pr\u00e4zisiert Prof. Dr. Christoph Burchard den Auftrag des Zentrums.<\/p><p>Angedacht sind beispielsweise Forschungsteams zu Feldern wie den Schnittstellen zwischen klassischer Netzwerkwissenschaft und Deep Learning; der Berechnung von Kippelementen und ihren Wechselwirkungen bei fortschreitender Klimaerhitzung; der Modellierung der sozialen und sozio\u00f6konomischen Triebkr\u00e4fte und Auswirkungen der Erderw\u00e4rmung sowie von \u00d6kosystemen und Biodiversit\u00e4t in ihrer Wechselbeziehung dazu; Kritik des Computerwesens: Kritische Datenwissenschaft; Ethik der Datenverarbeitung; Wissenschafts- und Technologiestudien; Wissenschaft, Philosophie und Geschichte der Computertechnologie; Vorhersagen in komplexen Systemen; Fortgeschrittene Simulation in den Lebenswissenschaften und in den Sozialwissenschaften.<\/p>\t\t\t\t\t\t\t\t<\/div>\n\t\t\t\t<\/div>\n\t\t\t\t<div class=\"elementor-element elementor-element-88d763f elementor-widget elementor-widget-heading\" data-id=\"88d763f\" data-element_type=\"widget\" data-widget_type=\"heading.default\">\n\t\t\t\t<div class=\"elementor-widget-container\">\n\t\t\t\t\t<h3 class=\"elementor-heading-title elementor-size-default\">Der verlassene Biocampus wird wiederbelebt<\/h3>\t\t\t\t<\/div>\n\t\t\t\t<\/div>\n\t\t\t\t<div class=\"elementor-element elementor-element-5c7dae8 animated-fast elementor-invisible elementor-widget elementor-widget-text-editor\" data-id=\"5c7dae8\" data-element_type=\"widget\" data-settings=\"{&quot;_animation&quot;:&quot;fadeInUp&quot;}\" data-widget_type=\"text-editor.default\">\n\t\t\t\t<div class=\"elementor-widget-container\">\n\t\t\t\t\t\t\t\t\t<p>Neben der Forschung wird das Zentrum auch in Studium und Lehre sowie im Transfer aktiv. So vermittelt das C\u00b3S \u201eCritical Computational Literacy\u201c in die Breite der Universit\u00e4t und Gesellschaft, also den kreativen Umgang mit zukunftstr\u00e4chtigen Computertechnologien sowie die Reflexionskompetenz f\u00fcr deren ethische, soziale, politische und wirtschaftliche Implikationen.<\/p><p>Mehr als 100 G\u00e4ste, darunter zahlreiche Kolleginnen und Kollegen aus der Universit\u00e4t, verfolgten den Auftakt des Zentrums mit Neugier und Diskussionsbeitr\u00e4gen \u2013 zumal Unipr\u00e4sident Schleiff neben der Gr\u00fcndung von C\u00b3S eine weitere frohe Botschaft zu verk\u00fcnden hatte: Der 2013 verlassene Biocampus an der Siesmayerstra\u00dfe solle gem\u00e4\u00df Auskunft des Landes und nach einer Renovierung des Geb\u00e4udes wiederbelebt und Heimstatt von C\u00b3S werden. Ein digitaler Campus, mitten im Gr\u00fcnen: Dorthin m\u00f6gen sich, nach der deutlich ausgesprochenen Einladung, das C\u00b3S mitzugestalten, viele gerne begeben.<\/p>\t\t\t\t\t\t\t\t<\/div>\n\t\t\t\t<\/div>\n\t\t\t\t<div class=\"elementor-element elementor-element-7220cd0 animated-fast elementor-invisible elementor-widget elementor-widget-text-editor\" data-id=\"7220cd0\" data-element_type=\"widget\" data-settings=\"{&quot;_animation&quot;:&quot;fadeInUp&quot;}\" data-widget_type=\"text-editor.default\">\n\t\t\t\t<div class=\"elementor-widget-container\">\n\t\t\t\t\t\t\t\t\t<p>pb<\/p><p><a href=\"http:\/\/www.c3s-frankfurt.de\" target=\"_blank\" rel=\"noopener\">Hier<\/a> gibt es Informationen auf der Webseite des Zentrums.<\/p>\t\t\t\t\t\t\t\t<\/div>\n\t\t\t\t<\/div>\n\t\t\t\t\t<\/div>\n\t\t<\/div>\n\t\t\t\t\t<\/div>\n\t\t<\/section>\n\t\t\t\t<section class=\"elementor-section elementor-top-section elementor-element elementor-element-d7dc263 elementor-section-full_width elementor-section-height-min-height elementor-section-items-stretch elementor-section-height-default\" data-id=\"d7dc263\" data-element_type=\"section\" id=\"exzellenzstrategie\" data-settings=\"{&quot;background_background&quot;:&quot;classic&quot;,&quot;_ha_eqh_enable&quot;:false}\">\n\t\t\t\t\t\t<div class=\"elementor-container elementor-column-gap-default\">\n\t\t\t\t\t<div class=\"elementor-column elementor-col-50 elementor-top-column elementor-element elementor-element-1bc24da\" data-id=\"1bc24da\" data-element_type=\"column\" data-settings=\"{&quot;background_background&quot;:&quot;classic&quot;}\">\n\t\t\t<div class=\"elementor-widget-wrap elementor-element-populated\">\n\t\t\t\t\t\t<div class=\"elementor-element elementor-element-dfd56c2 elementor-widget elementor-widget-spacer\" data-id=\"dfd56c2\" data-element_type=\"widget\" data-widget_type=\"spacer.default\">\n\t\t\t\t<div class=\"elementor-widget-container\">\n\t\t\t\t\t\t\t<div class=\"elementor-spacer\">\n\t\t\t<div class=\"elementor-spacer-inner\"><\/div>\n\t\t<\/div>\n\t\t\t\t\t\t<\/div>\n\t\t\t\t<\/div>\n\t\t\t\t<div class=\"elementor-element elementor-element-116bbea animated-fast elementor-widget__width-initial ha-has-bg-overlay elementor-invisible elementor-widget elementor-widget-text-editor\" data-id=\"116bbea\" data-element_type=\"widget\" data-settings=\"{&quot;_animation&quot;:&quot;fadeInUp&quot;}\" data-widget_type=\"text-editor.default\">\n\t\t\t\t<div class=\"elementor-widget-container\">\n\t\t\t\t\t\t\t\t\t<p>3D Rekonstruktion: Achilles Frangakis<\/p>\t\t\t\t\t\t\t\t<\/div>\n\t\t\t\t<\/div>\n\t\t\t\t\t<\/div>\n\t\t<\/div>\n\t\t\t\t<div class=\"elementor-column elementor-col-50 elementor-top-column elementor-element elementor-element-9e36122\" data-id=\"9e36122\" data-element_type=\"column\">\n\t\t\t<div class=\"elementor-widget-wrap elementor-element-populated\">\n\t\t\t\t\t\t<div class=\"elementor-element elementor-element-1c7aa1a elementor-align-start elementor-mobile-align-start elementor-icon-list--layout-traditional elementor-list-item-link-full_width elementor-widget elementor-widget-icon-list\" data-id=\"1c7aa1a\" data-element_type=\"widget\" data-widget_type=\"icon-list.default\">\n\t\t\t\t<div class=\"elementor-widget-container\">\n\t\t\t\t\t\t\t<ul class=\"elementor-icon-list-items\">\n\t\t\t\t\t\t\t<li class=\"elementor-icon-list-item\">\n\t\t\t\t\t\t\t\t\t\t<span class=\"elementor-icon-list-text\">Exzellenzstrategie<\/span>\n\t\t\t\t\t\t\t\t\t<\/li>\n\t\t\t\t\t\t<\/ul>\n\t\t\t\t\t\t<\/div>\n\t\t\t\t<\/div>\n\t\t\t\t<div class=\"elementor-element elementor-element-adf9e25 animated-fast elementor-invisible elementor-widget elementor-widget-heading\" data-id=\"adf9e25\" data-element_type=\"widget\" data-settings=\"{&quot;_animation&quot;:&quot;fadeInUp&quot;}\" data-widget_type=\"heading.default\">\n\t\t\t\t<div class=\"elementor-widget-container\">\n\t\t\t\t\t<h2 class=\"elementor-heading-title elementor-size-default\">Forschungsprofil gesch\u00e4rft<\/h2>\t\t\t\t<\/div>\n\t\t\t\t<\/div>\n\t\t\t\t<div class=\"elementor-element elementor-element-89b0a87 animated-fast elementor-invisible elementor-widget elementor-widget-text-editor\" data-id=\"89b0a87\" data-element_type=\"widget\" data-settings=\"{&quot;_animation&quot;:&quot;fadeInUp&quot;}\" data-widget_type=\"text-editor.default\">\n\t\t\t\t<div class=\"elementor-widget-container\">\n\t\t\t\t\t\t\t\t\t<p>Die Exzellenzstrategie des Bundes und der L\u00e4nder will Deutschlands Spitzenforschung st\u00e4rken. Entschieden wird in mehreren Etappen. Anfang 2024 wurde die Auswahl der 2023 eingereichten Skizzen bekannt gegeben: Die Goethe-Universit\u00e4t wird mit dem neuen Clusterprojekt SCALE ins Rennen gehen.<\/p>\t\t\t\t\t\t\t\t<\/div>\n\t\t\t\t<\/div>\n\t\t\t\t\t<\/div>\n\t\t<\/div>\n\t\t\t\t\t<\/div>\n\t\t<\/section>\n\t\t\t\t<section class=\"elementor-section elementor-top-section elementor-element elementor-element-71cca21 elementor-section-content-middle elementor-section-boxed elementor-section-height-default elementor-section-height-default\" data-id=\"71cca21\" data-element_type=\"section\" data-settings=\"{&quot;_ha_eqh_enable&quot;:false}\">\n\t\t\t\t\t\t<div class=\"elementor-container elementor-column-gap-no\">\n\t\t\t\t\t<div class=\"elementor-column elementor-col-100 elementor-top-column elementor-element elementor-element-55ce4e6\" data-id=\"55ce4e6\" data-element_type=\"column\">\n\t\t\t<div class=\"elementor-widget-wrap elementor-element-populated\">\n\t\t\t\t\t\t<div class=\"elementor-element elementor-element-8212954 animated-fast elementor-invisible elementor-widget elementor-widget-text-editor\" data-id=\"8212954\" data-element_type=\"widget\" data-settings=\"{&quot;_animation&quot;:&quot;fadeInUp&quot;}\" data-widget_type=\"text-editor.default\">\n\t\t\t\t<div class=\"elementor-widget-container\">\n\t\t\t\t\t\t\t\t\t<p>Mit vier Clustern zu den Forschungsthemen Vertrauen im Konflikt (CONTRUST), Infektion und Entz\u00fcndung (EMTHERA), Ursprung der Schweren Elemente (ELEMENTS) und zellul\u00e4re Architekturen (SCALE) hatte sich die Goethe-Universit\u00e4t im Mai 2023 f\u00fcr die anstehende Runde der Exzellenzstrategie des Bundes und der L\u00e4nder beworben. Am 1. Februar 2024 wurde die Clusterinitiative \u201eSCALE: Subcellular Architectures of Life\u201d vom Expertengremium dazu aufgefordert, einen Vollantrag einzureichen. Der an der Goethe-Universit\u00e4t seit 2019 bestehende Exzellenzcluster \u201eCardiopulmonary Institute\u201c wird dar\u00fcber hinaus 2024 direkt einen Vollantrag stellen. Somit geht die Goethe-Universit\u00e4t mit zwei Forschungsverb\u00fcnden in die n\u00e4chste Runde des mehrstufigen Wettbewerbs \u201eExzellenzstrategie des Bundes und der L\u00e4nder\u201c.<\/p><p>Prof. Enrico Schleiff, Pr\u00e4sident der Goethe-Universit\u00e4t, gratulierte den Forschenden zu ihrem Erfolg: \u201eWir wussten, dass der wissenschaftliche Wettbewerb sehr hart sein w\u00fcrde. Umso mehr freue ich mich, dass eines der von uns und unseren Partnern vorgeschlagenen interdisziplin\u00e4ren Projekte zur Vollantragstellung zugelassen wurde. Dies bietet uns die Chance, die F\u00f6rderung in der Erforschung von biologischen Zellstrukturen zu beantragen.\u201c<\/p>\t\t\t\t\t\t\t\t<\/div>\n\t\t\t\t<\/div>\n\t\t\t\t<div class=\"elementor-element elementor-element-537de90 elementor-widget elementor-widget-heading\" data-id=\"537de90\" data-element_type=\"widget\" data-widget_type=\"heading.default\">\n\t\t\t\t<div class=\"elementor-widget-container\">\n\t\t\t\t\t<h3 class=\"elementor-heading-title elementor-size-default\">Neue Schwerpunkte entwickelt<\/h3>\t\t\t\t<\/div>\n\t\t\t\t<\/div>\n\t\t\t\t<div class=\"elementor-element elementor-element-91eb228 animated-fast elementor-invisible elementor-widget elementor-widget-text-editor\" data-id=\"91eb228\" data-element_type=\"widget\" data-settings=\"{&quot;_animation&quot;:&quot;fadeInUp&quot;}\" data-widget_type=\"text-editor.default\">\n\t\t\t\t<div class=\"elementor-widget-container\">\n\t\t\t\t\t\t\t\t\t<p>Prof. Bernard Br\u00fcne, Vizepr\u00e4sident der Goethe-Universit\u00e4t f\u00fcr Forschung, sah die Teilnahme einer gro\u00dfen Zahl von Clustern als Gewinn: \u201eIn der Vorbereitung auf die Bewerbung haben unsere Forschenden viele kreative Forschungsans\u00e4tze erarbeitet, Strukturen geschaffen und interdisziplin\u00e4re Kooperationen aufgebaut. So konnten wir neue Schwerpunkte entwickeln und das Forschungsprofil der Goethe-Universit\u00e4t weiter sch\u00e4rfen. Ich bin \u00fcberzeugt, dass wir diese Ideen weiterentwickeln und in einer anderen Form weiterf\u00fchren k\u00f6nnen. Seitens der Goethe-Universit\u00e4t werden wir die Initiativen auf diesem Weg unterst\u00fctzen.\u201c<\/p><p>Die Goethe-Universit\u00e4t war mit urspr\u00fcnglich sieben neuen Projekten in die ExStra-Vorbereitungen gestartet. Nach einer universit\u00e4tsinternen Sichtung, unter anderem auch durch ein von der Goethe-Universit\u00e4t bestelltes \u201eInternational Scientific Advisory Board\u201c (ISAB), traten zwei Forschungsprojekte aus dem Wettbewerb aus. Diese haben inzwischen andere Wege eingeschlagen, um ihre Forschung langfristig betreiben zu k\u00f6nnen. Die Clusterprojekte \u201eCONTRUST\u201c, \u201eEMTHERA\u201c und \u201eELEMENTS\u201c, die nun nicht zum Vollantrag aufgefordert wurden, werden noch bis 2025 mit insgesamt 20,7 Millionen Euro vom Land Hessen wie auch von der Goethe-Universit\u00e4t unterst\u00fctzt, um ihre Forschungsschwerpunkte mit ihren Partnern weiterzuentwickeln. Einige der Antr\u00e4ge waren im Verbund der Rhein-Main-Universit\u00e4ten (RMU) und weiterer Partner au\u00dferuniversit\u00e4rer Forschung gestellt worden.<\/p><p>Die Exzellenzstrategie des Bundes und der L\u00e4nder ist ein F\u00f6rderprogramm, das Spitzenforschung in Deutschland st\u00e4rken soll. Der Wettbewerb ist hochkompetitiv: Von 143 Ende Mai 2023 eingereichten Antr\u00e4gen hat das Expertengremium am 1. Februar 2024 41 neue Skizzen ausgew\u00e4hlt, die bis Mitte 2024 Vollantr\u00e4ge einreichen k\u00f6nnen. Die bundesweit bereits bestehenden 57 Exzellenzcluster k\u00f6nnen Mitte 2024 Fortsetzungsantr\u00e4ge\u00a0 einreichen. 2026 werden 70 Forschungsprojekte aus den Altclustern und neuen Antr\u00e4gen f\u00fcr die neue F\u00f6rderperiode ausgew\u00e4hlt werden.<\/p>\t\t\t\t\t\t\t\t<\/div>\n\t\t\t\t<\/div>\n\t\t\t\t<div class=\"elementor-element elementor-element-4c53f7c animated-fast elementor-invisible elementor-widget elementor-widget-text-editor\" data-id=\"4c53f7c\" data-element_type=\"widget\" data-settings=\"{&quot;_animation&quot;:&quot;fadeInUp&quot;}\" data-widget_type=\"text-editor.default\">\n\t\t\t\t<div class=\"elementor-widget-container\">\n\t\t\t\t\t\t\t\t\t<p>pb<\/p>\t\t\t\t\t\t\t\t<\/div>\n\t\t\t\t<\/div>\n\t\t\t\t\t<\/div>\n\t\t<\/div>\n\t\t\t\t\t<\/div>\n\t\t<\/section>\n\t\t\t\t<section class=\"elementor-section elementor-top-section elementor-element elementor-element-cd4e0ac elementor-section-content-middle elementor-section-boxed elementor-section-height-default elementor-section-height-default\" data-id=\"cd4e0ac\" data-element_type=\"section\" data-settings=\"{&quot;_ha_eqh_enable&quot;:false}\">\n\t\t\t\t\t\t<div class=\"elementor-container elementor-column-gap-no\">\n\t\t\t\t\t<div class=\"elementor-column elementor-col-100 elementor-top-column elementor-element elementor-element-4341cd1\" data-id=\"4341cd1\" data-element_type=\"column\">\n\t\t\t<div class=\"elementor-widget-wrap elementor-element-populated\">\n\t\t\t\t\t\t<div class=\"elementor-element elementor-element-937056f elementor-align-start elementor-icon-list--layout-traditional elementor-list-item-link-full_width elementor-widget elementor-widget-icon-list\" data-id=\"937056f\" data-element_type=\"widget\" data-widget_type=\"icon-list.default\">\n\t\t\t\t<div class=\"elementor-widget-container\">\n\t\t\t\t\t\t\t<ul class=\"elementor-icon-list-items\">\n\t\t\t\t\t\t\t<li class=\"elementor-icon-list-item\">\n\t\t\t\t\t\t\t\t\t\t\t<span class=\"elementor-icon-list-icon\">\n\t\t\t\t\t\t\t<i aria-hidden=\"true\" class=\"far fa-lightbulb\"><\/i>\t\t\t\t\t\t<\/span>\n\t\t\t\t\t\t\t\t\t\t<span class=\"elementor-icon-list-text\">Goethe-Universit\u00e4t mit dabei<\/span>\n\t\t\t\t\t\t\t\t\t<\/li>\n\t\t\t\t\t\t<\/ul>\n\t\t\t\t\t\t<\/div>\n\t\t\t\t<\/div>\n\t\t\t\t<div class=\"elementor-element elementor-element-4605ba9 animated-fast elementor-invisible elementor-widget elementor-widget-text-editor\" data-id=\"4605ba9\" data-element_type=\"widget\" data-settings=\"{&quot;_animation&quot;:&quot;fadeInUp&quot;}\" data-widget_type=\"text-editor.default\">\n\t\t\t\t<div class=\"elementor-widget-container\">\n\t\t\t\t\t\t\t\t\t<p>Die Goethe-Universit\u00e4t ist Partnerin folgender Forschungsprojekte, die die erste H\u00fcrde im Wettbewerb der Exzellenzstrategie genommen haben:<\/p>\t\t\t\t\t\t\t\t<\/div>\n\t\t\t\t<\/div>\n\t\t\t\t<div class=\"elementor-element elementor-element-5dd0687 animated-fast elementor-invisible elementor-widget elementor-widget-text-editor\" data-id=\"5dd0687\" data-element_type=\"widget\" data-settings=\"{&quot;_animation&quot;:&quot;fadeInUp&quot;}\" data-widget_type=\"text-editor.default\">\n\t\t\t\t<div class=\"elementor-widget-container\">\n\t\t\t\t\t\t\t\t\t<p><strong>RAI \u2013 Reasonable Artificial Intelligence<\/strong><\/p><p>Der Cluster erforscht KI-Systeme, die nicht nur lernen, sondern auch \u2013 neuartige \u2013 Fakten erfassen k\u00f6nnen und in der Lage sind, diese mit Formen abstrakten Denkens zu verkn\u00fcpfen. So sollen die KI-Systeme logische Schlussfolgerungen ziehen und kontextbezogene Entscheidungen treffen und daraus wieder lernen. Antragstellerin ist die TU Darmstadt.<\/p><p>\u00a0<\/p><p><strong>TAM \u2013 The Adaptive Mind<\/strong><\/p><p>The Adaptive Mind ist ein Forschungscluster, der Wissenschaftlerinnen und Wissenschaftler aus der experimentellen Psychologie, der klinischen Psychologie und der k\u00fcnstlichen Intelligenz zusammenbringt, um zu verstehen, wie sich der menschliche Geist erfolgreich an ver\u00e4nderte Bedingungen anpasst und was passiert, wenn diese Anpassungsprozesse versagen. Antragstellerin ist die Justus-Liebig-Universit\u00e4t Gie\u00dfen.<\/p>\t\t\t\t\t\t\t\t<\/div>\n\t\t\t\t<\/div>\n\t\t\t\t\t<\/div>\n\t\t<\/div>\n\t\t\t\t\t<\/div>\n\t\t<\/section>\n\t\t\t\t<section class=\"elementor-section elementor-top-section elementor-element elementor-element-6b8b502 elementor-section-content-middle elementor-section-boxed elementor-section-height-default elementor-section-height-default\" data-id=\"6b8b502\" data-element_type=\"section\" data-settings=\"{&quot;_ha_eqh_enable&quot;:false}\">\n\t\t\t\t\t\t<div class=\"elementor-container elementor-column-gap-no\">\n\t\t\t\t\t<div class=\"elementor-column elementor-col-100 elementor-top-column elementor-element elementor-element-b22bf0b\" data-id=\"b22bf0b\" data-element_type=\"column\">\n\t\t\t<div class=\"elementor-widget-wrap elementor-element-populated\">\n\t\t\t\t\t\t<div class=\"elementor-element elementor-element-46fbf6f elementor-widget elementor-widget-heading\" data-id=\"46fbf6f\" data-element_type=\"widget\" data-widget_type=\"heading.default\">\n\t\t\t\t<div class=\"elementor-widget-container\">\n\t\t\t\t\t<h3 class=\"elementor-heading-title elementor-size-default\">Die Clusterinitiativen der Goethe-Universit\u00e4t 2023<\/h3>\t\t\t\t<\/div>\n\t\t\t\t<\/div>\n\t\t\t\t<div class=\"elementor-element elementor-element-7d17ead elementor-widget elementor-widget-spacer\" data-id=\"7d17ead\" data-element_type=\"widget\" data-widget_type=\"spacer.default\">\n\t\t\t\t<div class=\"elementor-widget-container\">\n\t\t\t\t\t\t\t<div class=\"elementor-spacer\">\n\t\t\t<div class=\"elementor-spacer-inner\"><\/div>\n\t\t<\/div>\n\t\t\t\t\t\t<\/div>\n\t\t\t\t<\/div>\n\t\t\t\t<div class=\"elementor-element elementor-element-946120e ha-has-bg-overlay elementor-widget elementor-widget-heading\" data-id=\"946120e\" data-element_type=\"widget\" data-widget_type=\"heading.default\">\n\t\t\t\t<div class=\"elementor-widget-container\">\n\t\t\t\t\t<h3 class=\"elementor-heading-title elementor-size-default\">SCALE: Subcellular Architectures of Life<\/h3>\t\t\t\t<\/div>\n\t\t\t\t<\/div>\n\t\t\t\t<div class=\"elementor-element elementor-element-8f0c7e8 animated-fast elementor-invisible elementor-widget elementor-widget-text-editor\" data-id=\"8f0c7e8\" data-element_type=\"widget\" data-settings=\"{&quot;_animation&quot;:&quot;fadeInUp&quot;}\" data-widget_type=\"text-editor.default\">\n\t\t\t\t<div class=\"elementor-widget-container\">\n\t\t\t\t\t\t\t\t\t<p>Zellen bestehen aus Milliarden von Molek\u00fclen, die von Einzelmolek\u00fclen \u00fcber gro\u00dfe Molek\u00fclkomplexe bis hin zu Organellen organisiert sind. Zwar sind die Funktionen vieler einzelner Molek\u00fcle bekannt, doch ist noch vielfach unklar, wie die Architektur im Innern einer Zelle entsteht, funktioniert und wie die Teile interagieren. Wissenschaftlerinnen und Wissenschaftler von SCALE wollen die Selbstorganisationsprinzipien der Zelle aufdecken und eine r\u00e4umlich wie zeitlich hochaufgel\u00f6ste Simulation der Zelle erstellen, um besser zu verstehen, wie Zellen wirklich funktionieren und wie ihre verschiedenen \u201eMaschinen\u201c zusammenarbeiten.<\/p>\t\t\t\t\t\t\t\t<\/div>\n\t\t\t\t<\/div>\n\t\t\t\t<div class=\"elementor-element elementor-element-62d606c animated-fast elementor-invisible elementor-widget elementor-widget-text-editor\" data-id=\"62d606c\" data-element_type=\"widget\" data-settings=\"{&quot;_animation&quot;:&quot;fadeInUp&quot;}\" data-widget_type=\"text-editor.default\">\n\t\t\t\t<div class=\"elementor-widget-container\">\n\t\t\t\t\t\t\t\t\t<p>Projektpartner der Goethe-Universit\u00e4t sind:<\/p><ul><li>Max-Planck-Institut f\u00fcr Biophysik, Frankfurt<\/li><li>Max-Planck-Institut f\u00fcr Hirnforschung, Frankfurt<\/li><li>Frankfurt Institute for Advanced Studies (FIAS)<\/li><li>Max-Planck-Institut f\u00fcr Molekulare Zellbiologie und Genetik, Dresden<\/li><li>Universit\u00e4t des Saarlandes, Homburg<\/li><\/ul><p><br \/><a href=\"https:\/\/scale-frankfurt.org\" target=\"_blank\" rel=\"noopener\">Website: SCALE<\/a><\/p>\t\t\t\t\t\t\t\t<\/div>\n\t\t\t\t<\/div>\n\t\t\t\t<div class=\"elementor-element elementor-element-217acf6 animated-fast elementor-invisible elementor-widget elementor-widget-image\" data-id=\"217acf6\" data-element_type=\"widget\" data-settings=\"{&quot;_animation&quot;:&quot;fadeInUp&quot;}\" data-widget_type=\"image.default\">\n\t\t\t\t<div class=\"elementor-widget-container\">\n\t\t\t\t\t\t\t\t\t\t\t\t<figure class=\"wp-caption\">\n\t\t\t\t\t\t\t\t\t\t<img loading=\"lazy\" decoding=\"async\" width=\"1536\" height=\"1024\" src=\"https:\/\/aktuelles.uni-frankfurt.de\/wp-content\/uploads\/2024\/08\/2_SCALE-Mueller_McNicoll_Michaela_2024_Labor_B_10_jl_2000-1536x1024.jpg\" class=\"attachment-1536x1536 size-1536x1536 wp-image-80570\" alt=\"\" srcset=\"https:\/\/aktuelles.uni-frankfurt.de\/wp-content\/uploads\/2024\/08\/2_SCALE-Mueller_McNicoll_Michaela_2024_Labor_B_10_jl_2000-1536x1024.jpg 1536w, https:\/\/aktuelles.uni-frankfurt.de\/wp-content\/uploads\/2024\/08\/2_SCALE-Mueller_McNicoll_Michaela_2024_Labor_B_10_jl_2000-300x200.jpg 300w, https:\/\/aktuelles.uni-frankfurt.de\/wp-content\/uploads\/2024\/08\/2_SCALE-Mueller_McNicoll_Michaela_2024_Labor_B_10_jl_2000-500x333.jpg 500w, https:\/\/aktuelles.uni-frankfurt.de\/wp-content\/uploads\/2024\/08\/2_SCALE-Mueller_McNicoll_Michaela_2024_Labor_B_10_jl_2000-768x512.jpg 768w, https:\/\/aktuelles.uni-frankfurt.de\/wp-content\/uploads\/2024\/08\/2_SCALE-Mueller_McNicoll_Michaela_2024_Labor_B_10_jl_2000-18x12.jpg 18w, https:\/\/aktuelles.uni-frankfurt.de\/wp-content\/uploads\/2024\/08\/2_SCALE-Mueller_McNicoll_Michaela_2024_Labor_B_10_jl_2000.jpg 2000w\" sizes=\"(max-width: 1536px) 100vw, 1536px\" \/>\t\t\t\t\t\t\t\t\t\t\t<figcaption class=\"widget-image-caption wp-caption-text\">Forschen an den Baupl\u00e4nen f\u00fcr Proteine: Doktorandin Ellen Kazumi Okuda (l.) und Prof. Dr. Michaela M\u00fcller-McNicoll, Co-Sprecherin des Clusterprojekts SCALE (Foto: J\u00fcrgen Lecher)<\/figcaption>\n\t\t\t\t\t\t\t\t\t\t<\/figure>\n\t\t\t\t\t\t\t\t\t<\/div>\n\t\t\t\t<\/div>\n\t\t\t\t<div class=\"elementor-element elementor-element-9d45281 ha-has-bg-overlay elementor-widget elementor-widget-heading\" data-id=\"9d45281\" data-element_type=\"widget\" data-widget_type=\"heading.default\">\n\t\t\t\t<div class=\"elementor-widget-container\">\n\t\t\t\t\t<h3 class=\"elementor-heading-title elementor-size-default\">CONTRUST: Vertrauen im Konflikt \u2013 Politisches Zusammenleben unter Bedingungen der Ungewissheit<\/h3>\t\t\t\t<\/div>\n\t\t\t\t<\/div>\n\t\t\t\t<div class=\"elementor-element elementor-element-655852d animated-fast elementor-invisible elementor-widget elementor-widget-text-editor\" data-id=\"655852d\" data-element_type=\"widget\" data-settings=\"{&quot;_animation&quot;:&quot;fadeInUp&quot;}\" data-widget_type=\"text-editor.default\">\n\t\t\t\t<div class=\"elementor-widget-container\">\n\t\t\t\t\t\t\t\t\t<p>Konflikte sind in gesellschaftlichen Kontexten unumg\u00e4nglich, aber dennoch funktioniert das Zusammenleben. Eine wichtige Rolle spielt hier das Vertrauen. Es gibt uns die Gewissheit, dass Auseinandersetzungen nicht eskalieren, dass sich das jeweilige Gegen\u00fcber an Regeln h\u00e4lt, dass Institutionen uns gegen \u00dcberschreitungen absichern und dass die soziale Welt als ganze so stabil ist, dass wir unser Handeln in ihr sinnvoll orientieren k\u00f6nnen. Wie sich dieses Vertrauen bildet und was seine Urspr\u00fcnge sind, untersuchen Wissenschaftlerinnen und Wissenschaftler in CONTRUST.<\/p>\t\t\t\t\t\t\t\t<\/div>\n\t\t\t\t<\/div>\n\t\t\t\t<div class=\"elementor-element elementor-element-05e6597 animated-fast elementor-invisible elementor-widget elementor-widget-text-editor\" data-id=\"05e6597\" data-element_type=\"widget\" data-settings=\"{&quot;_animation&quot;:&quot;fadeInUp&quot;}\" data-widget_type=\"text-editor.default\">\n\t\t\t\t<div class=\"elementor-widget-container\">\n\t\t\t\t\t\t\t\t\t<p>Projektpartner der Goethe-Universit\u00e4t ist das Leibniz-Institut Hessische Stiftung f\u00fcr Friedens- und Konfliktforschung, Frankfurt.<br \/><br \/><a href=\"https:\/\/contrust.uni-frankfurt.de\/\" target=\"_blank\" rel=\"noopener\">Website: ConTrust<\/a><\/p>\t\t\t\t\t\t\t\t<\/div>\n\t\t\t\t<\/div>\n\t\t\t\t<div class=\"elementor-element elementor-element-355d1c6 animated-fast elementor-invisible elementor-widget elementor-widget-image\" data-id=\"355d1c6\" data-element_type=\"widget\" data-settings=\"{&quot;_animation&quot;:&quot;fadeInUp&quot;}\" data-widget_type=\"image.default\">\n\t\t\t\t<div class=\"elementor-widget-container\">\n\t\t\t\t\t\t\t\t\t\t\t\t<figure class=\"wp-caption\">\n\t\t\t\t\t\t\t\t\t\t<img loading=\"lazy\" decoding=\"async\" width=\"1536\" height=\"1025\" src=\"https:\/\/aktuelles.uni-frankfurt.de\/wp-content\/uploads\/2024\/08\/3_ConTrust_DFF_2023_DSC_1478_sw_2000-1536x1025.jpg\" class=\"attachment-1536x1536 size-1536x1536 wp-image-80571\" alt=\"\" srcset=\"https:\/\/aktuelles.uni-frankfurt.de\/wp-content\/uploads\/2024\/08\/3_ConTrust_DFF_2023_DSC_1478_sw_2000-1536x1025.jpg 1536w, https:\/\/aktuelles.uni-frankfurt.de\/wp-content\/uploads\/2024\/08\/3_ConTrust_DFF_2023_DSC_1478_sw_2000-300x200.jpg 300w, https:\/\/aktuelles.uni-frankfurt.de\/wp-content\/uploads\/2024\/08\/3_ConTrust_DFF_2023_DSC_1478_sw_2000-500x334.jpg 500w, https:\/\/aktuelles.uni-frankfurt.de\/wp-content\/uploads\/2024\/08\/3_ConTrust_DFF_2023_DSC_1478_sw_2000-768x513.jpg 768w, https:\/\/aktuelles.uni-frankfurt.de\/wp-content\/uploads\/2024\/08\/3_ConTrust_DFF_2023_DSC_1478_sw_2000-18x12.jpg 18w, https:\/\/aktuelles.uni-frankfurt.de\/wp-content\/uploads\/2024\/08\/3_ConTrust_DFF_2023_DSC_1478_sw_2000.jpg 2000w\" sizes=\"(max-width: 1536px) 100vw, 1536px\" \/>\t\t\t\t\t\t\t\t\t\t\t<figcaption class=\"widget-image-caption wp-caption-text\">Sieben Tage. Sieben Filme. Siebenmal Streit: Co-Sprecher und Principal Investigator von CONTRUST Prof. Vinzenz Hediger pr\u00e4sentiert die Filmreihe \u201eStreitFilme\u201c im Frankfurter Filmuseum (Foto: Stefanie Wetzel)<\/figcaption>\n\t\t\t\t\t\t\t\t\t\t<\/figure>\n\t\t\t\t\t\t\t\t\t<\/div>\n\t\t\t\t<\/div>\n\t\t\t\t<div class=\"elementor-element elementor-element-64a1bf2 ha-has-bg-overlay elementor-widget elementor-widget-heading\" data-id=\"64a1bf2\" data-element_type=\"widget\" data-widget_type=\"heading.default\">\n\t\t\t\t<div class=\"elementor-widget-container\">\n\t\t\t\t\t<h3 class=\"elementor-heading-title elementor-size-default\">EMTHERA: Emerging Therapeutics<\/h3>\t\t\t\t<\/div>\n\t\t\t\t<\/div>\n\t\t\t\t<div class=\"elementor-element elementor-element-d894419 animated-fast elementor-invisible elementor-widget elementor-widget-text-editor\" data-id=\"d894419\" data-element_type=\"widget\" data-settings=\"{&quot;_animation&quot;:&quot;fadeInUp&quot;}\" data-widget_type=\"text-editor.default\">\n\t\t\t\t<div class=\"elementor-widget-container\">\n\t\t\t\t\t\t\t\t\t<p>Zu den gr\u00f6\u00dften medizinischen Herausforderungen der globalen Gesundheit geh\u00f6ren Infektions- und Entz\u00fcndungskrankheiten sowie St\u00f6rungen des Immunsystems, die den gesamten menschlichen K\u00f6rper betreffen. Die Prozesse sind wissenschaftlich nicht gut verstanden, was zu einer gro\u00dfen Zahl von Therapieversagen f\u00fchrt. EMTHERA sucht nach neuen Ans\u00e4tzen zur Erforschung dieser Krankheiten und zur Entwicklung neuartiger Therapien. Dabei setzen die Wissenschaftlerinnen und Wissenschaftler auf mRNA-basierte Verabreichungsformen, auf Wirkstoffe, die gezielt krankheitsrelevante Proteine abbauen und auf computergest\u00fctzte und nanotechnologische Anwendungen.<\/p>\t\t\t\t\t\t\t\t<\/div>\n\t\t\t\t<\/div>\n\t\t\t\t<div class=\"elementor-element elementor-element-d143c63 animated-fast elementor-invisible elementor-widget elementor-widget-text-editor\" data-id=\"d143c63\" data-element_type=\"widget\" data-settings=\"{&quot;_animation&quot;:&quot;fadeInUp&quot;}\" data-widget_type=\"text-editor.default\">\n\t\t\t\t<div class=\"elementor-widget-container\">\n\t\t\t\t\t\t\t\t\t<p>Projektpartner der Goethe-Universit\u00e4t sind: <\/p><ul><li>Johannes-Gutenberg-Universit\u00e4t Mainz (weitere Antragstellerin)<\/li><li>Fraunhofer-Institut f\u00fcr Translationale Medizin und Pharmakologie (ITMP), Frankfurt<\/li><li>Helmholtz-Institut f\u00fcr Translationale Onkologie (HI-TRON), Mainz<\/li><li>Institute for Molecular Biology (IMB), Mainz<\/li><li>Max-Planck-Institut f\u00fcr Polymerforschung, Mainz<\/li><li>Max-Planck-Institut f\u00fcr Biophysik, Frankfurt<\/li><\/ul><p><br \/><a href=\"https:\/\/www.emthera.de\/\" target=\"_blank\" rel=\"noopener\">Website: EMTHERA<\/a><\/p>\t\t\t\t\t\t\t\t<\/div>\n\t\t\t\t<\/div>\n\t\t\t\t<div class=\"elementor-element elementor-element-8cceb3f animated-fast elementor-invisible elementor-widget elementor-widget-image\" data-id=\"8cceb3f\" data-element_type=\"widget\" data-settings=\"{&quot;_animation&quot;:&quot;fadeInUp&quot;}\" data-widget_type=\"image.default\">\n\t\t\t\t<div class=\"elementor-widget-container\">\n\t\t\t\t\t\t\t\t\t\t\t\t<figure class=\"wp-caption\">\n\t\t\t\t\t\t\t\t\t\t<img loading=\"lazy\" decoding=\"async\" width=\"1536\" height=\"1024\" src=\"https:\/\/aktuelles.uni-frankfurt.de\/wp-content\/uploads\/2024\/08\/4_EMTHERA_Windbergs_Maike_2019_007_ud_2000-1536x1024.jpg\" class=\"attachment-1536x1536 size-1536x1536 wp-image-80572\" alt=\"\" srcset=\"https:\/\/aktuelles.uni-frankfurt.de\/wp-content\/uploads\/2024\/08\/4_EMTHERA_Windbergs_Maike_2019_007_ud_2000-1536x1024.jpg 1536w, https:\/\/aktuelles.uni-frankfurt.de\/wp-content\/uploads\/2024\/08\/4_EMTHERA_Windbergs_Maike_2019_007_ud_2000-300x200.jpg 300w, https:\/\/aktuelles.uni-frankfurt.de\/wp-content\/uploads\/2024\/08\/4_EMTHERA_Windbergs_Maike_2019_007_ud_2000-500x333.jpg 500w, https:\/\/aktuelles.uni-frankfurt.de\/wp-content\/uploads\/2024\/08\/4_EMTHERA_Windbergs_Maike_2019_007_ud_2000-768x512.jpg 768w, https:\/\/aktuelles.uni-frankfurt.de\/wp-content\/uploads\/2024\/08\/4_EMTHERA_Windbergs_Maike_2019_007_ud_2000-18x12.jpg 18w, https:\/\/aktuelles.uni-frankfurt.de\/wp-content\/uploads\/2024\/08\/4_EMTHERA_Windbergs_Maike_2019_007_ud_2000.jpg 2000w\" sizes=\"(max-width: 1536px) 100vw, 1536px\" \/>\t\t\t\t\t\t\t\t\t\t\t<figcaption class=\"widget-image-caption wp-caption-text\">EMTHERA sucht nach neuen Ans\u00e4tzen zur Erforschung von Infektions- und Entz\u00fcndungskrankheiten und zur Entwicklung neuartiger Therapien. Co-Sprecherin ist Prof. Maike Windbergs (Foto: Uwe Dettmar)<\/figcaption>\n\t\t\t\t\t\t\t\t\t\t<\/figure>\n\t\t\t\t\t\t\t\t\t<\/div>\n\t\t\t\t<\/div>\n\t\t\t\t<div class=\"elementor-element elementor-element-68c7b22 ha-has-bg-overlay elementor-widget elementor-widget-heading\" data-id=\"68c7b22\" data-element_type=\"widget\" data-widget_type=\"heading.default\">\n\t\t\t\t<div class=\"elementor-widget-container\">\n\t\t\t\t\t<h3 class=\"elementor-heading-title elementor-size-default\">ELEMENTS: Exploring the Universe from Microscopic to Macroscopic Scales<\/h3>\t\t\t\t<\/div>\n\t\t\t\t<\/div>\n\t\t\t\t<div class=\"elementor-element elementor-element-ba3bffd animated-fast elementor-invisible elementor-widget elementor-widget-text-editor\" data-id=\"ba3bffd\" data-element_type=\"widget\" data-settings=\"{&quot;_animation&quot;:&quot;fadeInUp&quot;}\" data-widget_type=\"text-editor.default\">\n\t\t\t\t<div class=\"elementor-widget-container\">\n\t\t\t\t\t\t\t\t\t<p>Unsere Welt ist aufgebaut aus verschiedenen Atomsorten, den Elementen. Vom leichten Wasserstoff bis hinauf zum Eisen entstehen diese Elemente in Sternen wie unserer Sonne. Auf welche Weise sich jedoch die viel selteneren, schweren Elemente wie etwa Gold oder Platin bilden, untersuchen Wissenschaftlerinnen und Wissenschaftler bei ELEMENTS, indem sie die mikroskopischen Ma\u00dfst\u00e4be von Elementarteilchen mit den makroskopischen Ma\u00dfst\u00e4ben astrophysikalischer Objekte wie etwa den Neutronensternen verbinden.<\/p>\t\t\t\t\t\t\t\t<\/div>\n\t\t\t\t<\/div>\n\t\t\t\t<div class=\"elementor-element elementor-element-53f047c animated-fast elementor-invisible elementor-widget elementor-widget-text-editor\" data-id=\"53f047c\" data-element_type=\"widget\" data-settings=\"{&quot;_animation&quot;:&quot;fadeInUp&quot;}\" data-widget_type=\"text-editor.default\">\n\t\t\t\t<div class=\"elementor-widget-container\">\n\t\t\t\t\t\t\t\t\t<p>Projektpartner der Goethe-Universit\u00e4t sind:<\/p><ul><li><p>Technische Universit\u00e4t Darmstadt<\/p><\/li><li><p>GSI Helmholtzzentrum f\u00fcr Schwerionenforschung GmbH<\/p><\/li><li><p>Justus-Liebig- Universit\u00e4t Gie\u00dfen<\/p><\/li><\/ul><p><a href=\"https:\/\/elements.science\/\" target=\"_blank\" rel=\"noopener\">Website: ELEMENTS<\/a><\/p>\t\t\t\t\t\t\t\t<\/div>\n\t\t\t\t<\/div>\n\t\t\t\t<div class=\"elementor-element elementor-element-4bb57db animated-fast elementor-invisible elementor-widget elementor-widget-image\" data-id=\"4bb57db\" data-element_type=\"widget\" data-settings=\"{&quot;_animation&quot;:&quot;fadeInUp&quot;}\" data-widget_type=\"image.default\">\n\t\t\t\t<div class=\"elementor-widget-container\">\n\t\t\t\t\t\t\t\t\t\t\t\t<figure class=\"wp-caption\">\n\t\t\t\t\t\t\t\t\t\t<img loading=\"lazy\" decoding=\"async\" width=\"1048\" height=\"1536\" src=\"https:\/\/aktuelles.uni-frankfurt.de\/wp-content\/uploads\/2024\/08\/5-ELEMENTS_2023_Rezzolla_Nuklikarte_DSC_3159_sw-1_1000-1048x1536.jpg\" class=\"attachment-1536x1536 size-1536x1536 wp-image-80573\" alt=\"\" srcset=\"https:\/\/aktuelles.uni-frankfurt.de\/wp-content\/uploads\/2024\/08\/5-ELEMENTS_2023_Rezzolla_Nuklikarte_DSC_3159_sw-1_1000-1048x1536.jpg 1048w, https:\/\/aktuelles.uni-frankfurt.de\/wp-content\/uploads\/2024\/08\/5-ELEMENTS_2023_Rezzolla_Nuklikarte_DSC_3159_sw-1_1000-205x300.jpg 205w, https:\/\/aktuelles.uni-frankfurt.de\/wp-content\/uploads\/2024\/08\/5-ELEMENTS_2023_Rezzolla_Nuklikarte_DSC_3159_sw-1_1000-341x500.jpg 341w, https:\/\/aktuelles.uni-frankfurt.de\/wp-content\/uploads\/2024\/08\/5-ELEMENTS_2023_Rezzolla_Nuklikarte_DSC_3159_sw-1_1000-768x1125.jpg 768w, https:\/\/aktuelles.uni-frankfurt.de\/wp-content\/uploads\/2024\/08\/5-ELEMENTS_2023_Rezzolla_Nuklikarte_DSC_3159_sw-1_1000-1398x2048.jpg 1398w, https:\/\/aktuelles.uni-frankfurt.de\/wp-content\/uploads\/2024\/08\/5-ELEMENTS_2023_Rezzolla_Nuklikarte_DSC_3159_sw-1_1000-8x12.jpg 8w, https:\/\/aktuelles.uni-frankfurt.de\/wp-content\/uploads\/2024\/08\/5-ELEMENTS_2023_Rezzolla_Nuklikarte_DSC_3159_sw-1_1000-scaled.jpg 1747w\" sizes=\"(max-width: 1048px) 100vw, 1048px\" \/>\t\t\t\t\t\t\t\t\t\t\t<figcaption class=\"widget-image-caption wp-caption-text\">Verstehen, warum es im Universum schwere Elemente gibt: Im Forschungsprojekt ELEMENTS haben sich Teilchen- und Astrophysiker*innen im Rahmen der Allianz der Rhein-Main Universit\u00e4ten zusammengeschlossen. Co-Sprecher ist Prof. Dr. Luciano Rezzolla (Foto. Stefanie Wetzel)<\/figcaption>\n\t\t\t\t\t\t\t\t\t\t<\/figure>\n\t\t\t\t\t\t\t\t\t<\/div>\n\t\t\t\t<\/div>\n\t\t\t\t<div class=\"elementor-element elementor-element-80ea4c0 ha-has-bg-overlay elementor-widget elementor-widget-heading\" data-id=\"80ea4c0\" data-element_type=\"widget\" data-widget_type=\"heading.default\">\n\t\t\t\t<div class=\"elementor-widget-container\">\n\t\t\t\t\t<h3 class=\"elementor-heading-title elementor-size-default\">CPI: Cardiopulmonary Institute<\/h3>\t\t\t\t<\/div>\n\t\t\t\t<\/div>\n\t\t\t\t<div class=\"elementor-element elementor-element-3cae842 animated-fast elementor-invisible elementor-widget elementor-widget-text-editor\" data-id=\"3cae842\" data-element_type=\"widget\" data-settings=\"{&quot;_animation&quot;:&quot;fadeInUp&quot;}\" data-widget_type=\"text-editor.default\">\n\t\t\t\t<div class=\"elementor-widget-container\">\n\t\t\t\t\t\t\t\t\t<p>Erkrankungen des Herz-Kreislaufsystems gehen h\u00e4ufig einher mit Lungenkrankheiten. Weltweit sind sie die h\u00e4ufigsten Todesursachen. Ziel des Exzellenzclusters ist es zu verstehen, welche molekularbiologischen Prozesse dem Funktionieren dieser Organe und ihrem Versagen bei Erkrankungen zugrunde liegen. Dazu entwickeln die CPI-Wissenschaftlerinnen und -Wissenschaftler im hochschul\u00fcbergreifenden CPI Modellsysteme von Zellkulturen bis zu Tiermodellen und kombinieren die Ergebnisse mit Untersuchungsdaten von Patient*innen, um neue Therapieans\u00e4tze zu finden. Der Cluster wurde erstmals als \u201eExcellence Cluster Cardio-Pulmonary System\u201c von 2006 bis 2018 gef\u00f6rdert und konnte sich 2019 erneut als Exzellenzcluster Cardiopulmonary Institute durchsetzen.<\/p>\t\t\t\t\t\t\t\t<\/div>\n\t\t\t\t<\/div>\n\t\t\t\t<div class=\"elementor-element elementor-element-b29dc0d animated-fast elementor-invisible elementor-widget elementor-widget-text-editor\" data-id=\"b29dc0d\" data-element_type=\"widget\" data-settings=\"{&quot;_animation&quot;:&quot;fadeInUp&quot;}\" data-widget_type=\"text-editor.default\">\n\t\t\t\t<div class=\"elementor-widget-container\">\n\t\t\t\t\t\t\t\t\t<p>Projektpartner der Goethe-Universit\u00e4t sind:<\/p><ul><li>Justus-Liebig-Universit\u00e4t Gie\u00dfen (gemeinsame Antragstellerinnen)<\/li><li>Max-Planck-Institut f\u00fcr Herz- und Lungenforschung, Bad Nauheim<\/li><li>Universit\u00e4tsmedizin G\u00f6ttingen<\/li><\/ul><p>Derzeitige F\u00f6rderung als Exzellenzcluster: 2019 \u2013 2025 (45 Millionen Euro)<\/p><p><a href=\"https:\/\/www.cpi-online.de\/\" target=\"_blank\" rel=\"noopener\">Website: CPI<\/a><\/p>\t\t\t\t\t\t\t\t<\/div>\n\t\t\t\t<\/div>\n\t\t\t\t<div class=\"elementor-element elementor-element-fe1b50e animated-fast elementor-invisible elementor-widget elementor-widget-image\" data-id=\"fe1b50e\" data-element_type=\"widget\" data-settings=\"{&quot;_animation&quot;:&quot;fadeInUp&quot;}\" data-widget_type=\"image.default\">\n\t\t\t\t<div class=\"elementor-widget-container\">\n\t\t\t\t\t\t\t\t\t\t\t\t<figure class=\"wp-caption\">\n\t\t\t\t\t\t\t\t\t\t<img loading=\"lazy\" decoding=\"async\" width=\"1536\" height=\"1020\" src=\"https:\/\/aktuelles.uni-frankfurt.de\/wp-content\/uploads\/2024\/08\/6_CPI-Labor3-Prioritaet_2000-1536x1020.jpg\" class=\"attachment-1536x1536 size-1536x1536 wp-image-80568\" alt=\"\" srcset=\"https:\/\/aktuelles.uni-frankfurt.de\/wp-content\/uploads\/2024\/08\/6_CPI-Labor3-Prioritaet_2000-1536x1020.jpg 1536w, https:\/\/aktuelles.uni-frankfurt.de\/wp-content\/uploads\/2024\/08\/6_CPI-Labor3-Prioritaet_2000-300x199.jpg 300w, https:\/\/aktuelles.uni-frankfurt.de\/wp-content\/uploads\/2024\/08\/6_CPI-Labor3-Prioritaet_2000-500x332.jpg 500w, https:\/\/aktuelles.uni-frankfurt.de\/wp-content\/uploads\/2024\/08\/6_CPI-Labor3-Prioritaet_2000-768x510.jpg 768w, https:\/\/aktuelles.uni-frankfurt.de\/wp-content\/uploads\/2024\/08\/6_CPI-Labor3-Prioritaet_2000-18x12.jpg 18w, https:\/\/aktuelles.uni-frankfurt.de\/wp-content\/uploads\/2024\/08\/6_CPI-Labor3-Prioritaet_2000.jpg 2000w\" sizes=\"(max-width: 1536px) 100vw, 1536px\" \/>\t\t\t\t\t\t\t\t\t\t\t<figcaption class=\"widget-image-caption wp-caption-text\">Erforscht seit 2006 molekulare Prozesse im Zusammenspiel von Herz und Lunge \u2013 auch im klinischen Bereich: Der Exzellenzcluster CPI mit Co-Sprecherin Prof. Stefanie Dimmeler (im Vordergrund, Foto: J\u00fcrgen Lecher)<\/figcaption>\n\t\t\t\t\t\t\t\t\t\t<\/figure>\n\t\t\t\t\t\t\t\t\t<\/div>\n\t\t\t\t<\/div>\n\t\t\t\t\t<\/div>\n\t\t<\/div>\n\t\t\t\t\t<\/div>\n\t\t<\/section>\n\t\t\t\t<section class=\"elementor-section elementor-top-section elementor-element elementor-element-17636e2 elementor-section-full_width elementor-section-height-min-height elementor-section-items-stretch elementor-section-height-default\" data-id=\"17636e2\" data-element_type=\"section\" id=\"profilbereiche\" data-settings=\"{&quot;background_background&quot;:&quot;classic&quot;,&quot;_ha_eqh_enable&quot;:false}\">\n\t\t\t\t\t\t<div class=\"elementor-container elementor-column-gap-default\">\n\t\t\t\t\t<div class=\"elementor-column elementor-col-50 elementor-top-column elementor-element elementor-element-d2be52b\" data-id=\"d2be52b\" data-element_type=\"column\" data-settings=\"{&quot;background_background&quot;:&quot;classic&quot;}\">\n\t\t\t<div class=\"elementor-widget-wrap elementor-element-populated\">\n\t\t\t\t\t\t<div class=\"elementor-element elementor-element-7226cb6 elementor-widget elementor-widget-spacer\" data-id=\"7226cb6\" data-element_type=\"widget\" data-widget_type=\"spacer.default\">\n\t\t\t\t<div class=\"elementor-widget-container\">\n\t\t\t\t\t\t\t<div class=\"elementor-spacer\">\n\t\t\t<div class=\"elementor-spacer-inner\"><\/div>\n\t\t<\/div>\n\t\t\t\t\t\t<\/div>\n\t\t\t\t<\/div>\n\t\t\t\t<div class=\"elementor-element elementor-element-e80be30 animated-fast elementor-widget__width-initial ha-has-bg-overlay elementor-invisible elementor-widget elementor-widget-text-editor\" data-id=\"e80be30\" data-element_type=\"widget\" id=\"profilbereiche\" data-settings=\"{&quot;_animation&quot;:&quot;fadeInUp&quot;}\" data-widget_type=\"text-editor.default\">\n\t\t\t\t<div class=\"elementor-widget-container\">\n\t\t\t\t\t\t\t\t\t<p>Grafik: Goethe-Universit\u00e4t<\/p>\t\t\t\t\t\t\t\t<\/div>\n\t\t\t\t<\/div>\n\t\t\t\t\t<\/div>\n\t\t<\/div>\n\t\t\t\t<div class=\"elementor-column elementor-col-50 elementor-top-column elementor-element elementor-element-05bc8dc\" data-id=\"05bc8dc\" data-element_type=\"column\">\n\t\t\t<div class=\"elementor-widget-wrap elementor-element-populated\">\n\t\t\t\t\t\t<div class=\"elementor-element elementor-element-5e8ea79 elementor-align-start elementor-mobile-align-start elementor-icon-list--layout-traditional elementor-list-item-link-full_width elementor-widget elementor-widget-icon-list\" data-id=\"5e8ea79\" data-element_type=\"widget\" data-widget_type=\"icon-list.default\">\n\t\t\t\t<div class=\"elementor-widget-container\">\n\t\t\t\t\t\t\t<ul class=\"elementor-icon-list-items\">\n\t\t\t\t\t\t\t<li class=\"elementor-icon-list-item\">\n\t\t\t\t\t\t\t\t\t\t<span class=\"elementor-icon-list-text\">Profilbereiche<\/span>\n\t\t\t\t\t\t\t\t\t<\/li>\n\t\t\t\t\t\t<\/ul>\n\t\t\t\t\t\t<\/div>\n\t\t\t\t<\/div>\n\t\t\t\t<div class=\"elementor-element elementor-element-ba48b1c animated-fast elementor-invisible elementor-widget elementor-widget-heading\" data-id=\"ba48b1c\" data-element_type=\"widget\" data-settings=\"{&quot;_animation&quot;:&quot;fadeInUp&quot;}\" data-widget_type=\"heading.default\">\n\t\t\t\t<div class=\"elementor-widget-container\">\n\t\t\t\t\t<h2 class=\"elementor-heading-title elementor-size-default\">Potenziale f\u00f6rdern<\/h2>\t\t\t\t<\/div>\n\t\t\t\t<\/div>\n\t\t\t\t<div class=\"elementor-element elementor-element-ab74d29 animated-fast elementor-invisible elementor-widget elementor-widget-text-editor\" data-id=\"ab74d29\" data-element_type=\"widget\" data-settings=\"{&quot;_animation&quot;:&quot;fadeInUp&quot;}\" data-widget_type=\"text-editor.default\">\n\t\t\t\t<div class=\"elementor-widget-container\">\n\t\t\t\t\t\t\t\t\t<p>Sechs interdisziplin\u00e4re Profilbereiche charakterisieren das Forschungsprofil der Goethe-Universit\u00e4t. Sie b\u00fcndeln thematische Forschungsschwerpunkte und -projekte, zugeh\u00f6rige Infrastrukturen und wichtige Kooperationen. Und sie bieten ein Forum f\u00fcr neue Forschungsvorhaben \u00fcber Fachbereichsgrenzen hinweg. Konkret \u00e4u\u00dfert sich das in \u201ePotenzialfeldern\u201c, von denen jeder Profilbereich j\u00e4hrlich eines zur F\u00f6rderung vorschlagen kann: damit aus dem Potenzialfeld ein innovatives Projekt werden kann, das im Wettbewerb um Drittmittel gute Chancen hat. Erstmals haben zwei Potenzialfelder 2023 ihre Arbeit aufgenommen bzw. wurden f\u00fcr eine F\u00f6rderung in 2024 bewilligt.<\/p>\t\t\t\t\t\t\t\t<\/div>\n\t\t\t\t<\/div>\n\t\t\t\t\t<\/div>\n\t\t<\/div>\n\t\t\t\t\t<\/div>\n\t\t<\/section>\n\t\t\t\t<section class=\"elementor-section elementor-top-section elementor-element elementor-element-1ab045a elementor-section-content-middle elementor-section-boxed elementor-section-height-default elementor-section-height-default\" data-id=\"1ab045a\" data-element_type=\"section\" data-settings=\"{&quot;_ha_eqh_enable&quot;:false}\">\n\t\t\t\t\t\t<div class=\"elementor-container elementor-column-gap-no\">\n\t\t\t\t\t<div class=\"elementor-column elementor-col-100 elementor-top-column elementor-element elementor-element-c4f6ff4\" data-id=\"c4f6ff4\" data-element_type=\"column\" data-settings=\"{&quot;background_background&quot;:&quot;classic&quot;}\">\n\t\t\t<div class=\"elementor-widget-wrap elementor-element-populated\">\n\t\t\t\t\t\t<div class=\"elementor-element elementor-element-bd49944 elementor-widget elementor-widget-heading\" data-id=\"bd49944\" data-element_type=\"widget\" data-widget_type=\"heading.default\">\n\t\t\t\t<div class=\"elementor-widget-container\">\n\t\t\t\t\t<h1 class=\"elementor-heading-title elementor-size-default\">Patienten ganzheitlich betrachten<\/h1>\t\t\t\t<\/div>\n\t\t\t\t<\/div>\n\t\t\t\t<div class=\"elementor-element elementor-element-e51e72c animated-fast elementor-invisible elementor-widget elementor-widget-text-editor\" data-id=\"e51e72c\" data-element_type=\"widget\" data-settings=\"{&quot;_animation&quot;:&quot;fadeInUp&quot;}\" data-widget_type=\"text-editor.default\">\n\t\t\t\t<div class=\"elementor-widget-container\">\n\t\t\t\t\t\t\t\t\t<p>Vorhersagemodelle entwickeln, die f\u00fcr eine st\u00e4rker personalisierte Medizin genutzt werden k\u00f6nnen: Dies ist das Ziel der Initiative MOPRED (Multimodal Predictive Modelling in Medicine). Seit 2023 erh\u00e4lt sie eine Anschubfinanzierung als Potenzialfeld des Profilbereichs \u201eMolecular and Translational Medicine\u201c.<\/p>\t\t\t\t\t\t\t\t<\/div>\n\t\t\t\t<\/div>\n\t\t\t\t\t<\/div>\n\t\t<\/div>\n\t\t\t\t\t<\/div>\n\t\t<\/section>\n\t\t\t\t<section class=\"elementor-section elementor-top-section elementor-element elementor-element-083cca3 elementor-section-content-middle elementor-section-boxed elementor-section-height-default elementor-section-height-default\" data-id=\"083cca3\" data-element_type=\"section\" data-settings=\"{&quot;_ha_eqh_enable&quot;:false}\">\n\t\t\t\t\t\t<div class=\"elementor-container elementor-column-gap-no\">\n\t\t\t\t\t<div class=\"elementor-column elementor-col-100 elementor-top-column elementor-element elementor-element-9380da2\" data-id=\"9380da2\" data-element_type=\"column\">\n\t\t\t<div class=\"elementor-widget-wrap elementor-element-populated\">\n\t\t\t\t\t\t<div class=\"elementor-element elementor-element-420b0bb animated-fast elementor-invisible elementor-widget elementor-widget-text-editor\" data-id=\"420b0bb\" data-element_type=\"widget\" data-settings=\"{&quot;_animation&quot;:&quot;fadeInUp&quot;}\" data-widget_type=\"text-editor.default\">\n\t\t\t\t<div class=\"elementor-widget-container\">\n\t\t\t\t\t\t\t\t\t<p>Wie k\u00f6nnen Daten, die von einem erkrankten Patienten erhoben wurden, so ausgewertet werden, dass etwa ein Therapieverlauf vorhergesagt werden kann? 18 Forschende aus den Fachbereichen Informatik und Mathematik, Biowissenschaften und Medizin haben sich an der Goethe-Universit\u00e4t zusammengeschlossen, um genau dies zu leisten: gemeinsam Vorhersagemodelle f\u00fcr eine st\u00e4rker personalisierte Medizin zu entwickeln. Das Projekt, das von den beiden Medizin-Professoren Marcel Schulz und Florian B\u00fcttner geleitet wird, erh\u00e4lt daf\u00fcr als Potenzialfeld des Profilbereichs \u201eMolecular and Translational Medicine\u201c eine F\u00f6rderung von 50.000 Euro f\u00fcr zwei Jahre. \u00a0<\/p><p>Schulz ist Professor f\u00fcr K\u00fcnstliche Intelligenz in der Genomforschung und leitet das von ihm gegr\u00fcndete Institute for Computational Genomic Medicine. Der Bioinformatiker nutzt genomische Daten, um Krankheiten besser zu verstehen. B\u00fcttner ist Professor f\u00fcr Bioinformatik in der Onkologie des Deutschen Konsortiums f\u00fcr Translationale Krebsforschung (DKTK), an dem die Goethe-Universit\u00e4t beteiligt ist. Er entwickelt unter anderem Methoden des maschinellen Lernens zur Integration multimodaler Molekulardaten.<\/p>\t\t\t\t\t\t\t\t<\/div>\n\t\t\t\t<\/div>\n\t\t\t\t<section class=\"elementor-section elementor-inner-section elementor-element elementor-element-52416f9 elementor-section-boxed elementor-section-height-default elementor-section-height-default\" data-id=\"52416f9\" data-element_type=\"section\" data-settings=\"{&quot;_ha_eqh_enable&quot;:false}\">\n\t\t\t\t\t\t<div class=\"elementor-container elementor-column-gap-default\">\n\t\t\t\t\t<div class=\"elementor-column elementor-col-50 elementor-inner-column elementor-element elementor-element-264a233\" data-id=\"264a233\" data-element_type=\"column\">\n\t\t\t<div class=\"elementor-widget-wrap elementor-element-populated\">\n\t\t\t\t\t\t<div class=\"elementor-element elementor-element-66e37d8 animated-fast ha-has-bg-overlay elementor-invisible elementor-widget elementor-widget-image\" data-id=\"66e37d8\" data-element_type=\"widget\" data-settings=\"{&quot;_animation&quot;:&quot;fadeInUp&quot;}\" data-widget_type=\"image.default\">\n\t\t\t\t<div class=\"elementor-widget-container\">\n\t\t\t\t\t\t\t\t\t\t\t\t\t\t\t<img loading=\"lazy\" decoding=\"async\" width=\"1000\" height=\"1000\" src=\"https:\/\/aktuelles.uni-frankfurt.de\/wp-content\/uploads\/2024\/08\/Foto-Schulz_1000.jpg\" class=\"attachment-1536x1536 size-1536x1536 wp-image-80695\" alt=\"\" srcset=\"https:\/\/aktuelles.uni-frankfurt.de\/wp-content\/uploads\/2024\/08\/Foto-Schulz_1000.jpg 1000w, https:\/\/aktuelles.uni-frankfurt.de\/wp-content\/uploads\/2024\/08\/Foto-Schulz_1000-300x300.jpg 300w, https:\/\/aktuelles.uni-frankfurt.de\/wp-content\/uploads\/2024\/08\/Foto-Schulz_1000-500x500.jpg 500w, https:\/\/aktuelles.uni-frankfurt.de\/wp-content\/uploads\/2024\/08\/Foto-Schulz_1000-150x150.jpg 150w, https:\/\/aktuelles.uni-frankfurt.de\/wp-content\/uploads\/2024\/08\/Foto-Schulz_1000-768x768.jpg 768w, https:\/\/aktuelles.uni-frankfurt.de\/wp-content\/uploads\/2024\/08\/Foto-Schulz_1000-12x12.jpg 12w, https:\/\/aktuelles.uni-frankfurt.de\/wp-content\/uploads\/2024\/08\/Foto-Schulz_1000-700x700.jpg 700w\" sizes=\"(max-width: 1000px) 100vw, 1000px\" \/>\t\t\t\t\t\t\t\t\t\t\t\t\t\t\t<\/div>\n\t\t\t\t<\/div>\n\t\t\t\t<div class=\"elementor-element elementor-element-9149bba animated-fast elementor-invisible elementor-widget elementor-widget-heading\" data-id=\"9149bba\" data-element_type=\"widget\" data-settings=\"{&quot;_animation&quot;:&quot;fadeInUp&quot;}\" data-widget_type=\"heading.default\">\n\t\t\t\t<div class=\"elementor-widget-container\">\n\t\t\t\t\t<h5 class=\"elementor-heading-title elementor-size-medium\">Marcel Schulz<\/h5>\t\t\t\t<\/div>\n\t\t\t\t<\/div>\n\t\t\t\t<div class=\"elementor-element elementor-element-e700ac2 animated-fast elementor-invisible elementor-widget elementor-widget-heading\" data-id=\"e700ac2\" data-element_type=\"widget\" data-settings=\"{&quot;_animation&quot;:&quot;fadeInUp&quot;}\" data-widget_type=\"heading.default\">\n\t\t\t\t<div class=\"elementor-widget-container\">\n\t\t\t\t\t<h2 class=\"elementor-heading-title elementor-size-default\">Foto: privat<\/h2>\t\t\t\t<\/div>\n\t\t\t\t<\/div>\n\t\t\t\t\t<\/div>\n\t\t<\/div>\n\t\t\t\t<div class=\"elementor-column elementor-col-50 elementor-inner-column elementor-element elementor-element-54270a4\" data-id=\"54270a4\" data-element_type=\"column\">\n\t\t\t<div class=\"elementor-widget-wrap elementor-element-populated\">\n\t\t\t\t\t\t<div class=\"elementor-element elementor-element-19e7515 animated-fast ha-has-bg-overlay elementor-invisible elementor-widget elementor-widget-image\" data-id=\"19e7515\" data-element_type=\"widget\" data-settings=\"{&quot;_animation&quot;:&quot;fadeInUp&quot;}\" data-widget_type=\"image.default\">\n\t\t\t\t<div class=\"elementor-widget-container\">\n\t\t\t\t\t\t\t\t\t\t\t\t\t\t\t<img loading=\"lazy\" decoding=\"async\" width=\"1000\" height=\"1000\" src=\"https:\/\/aktuelles.uni-frankfurt.de\/wp-content\/uploads\/2024\/08\/Foto-Buettner_Foto_Yavuz-Cakir._1000.jpg\" class=\"attachment-1536x1536 size-1536x1536 wp-image-80696\" alt=\"\" srcset=\"https:\/\/aktuelles.uni-frankfurt.de\/wp-content\/uploads\/2024\/08\/Foto-Buettner_Foto_Yavuz-Cakir._1000.jpg 1000w, https:\/\/aktuelles.uni-frankfurt.de\/wp-content\/uploads\/2024\/08\/Foto-Buettner_Foto_Yavuz-Cakir._1000-300x300.jpg 300w, https:\/\/aktuelles.uni-frankfurt.de\/wp-content\/uploads\/2024\/08\/Foto-Buettner_Foto_Yavuz-Cakir._1000-500x500.jpg 500w, https:\/\/aktuelles.uni-frankfurt.de\/wp-content\/uploads\/2024\/08\/Foto-Buettner_Foto_Yavuz-Cakir._1000-150x150.jpg 150w, https:\/\/aktuelles.uni-frankfurt.de\/wp-content\/uploads\/2024\/08\/Foto-Buettner_Foto_Yavuz-Cakir._1000-768x768.jpg 768w, https:\/\/aktuelles.uni-frankfurt.de\/wp-content\/uploads\/2024\/08\/Foto-Buettner_Foto_Yavuz-Cakir._1000-12x12.jpg 12w, https:\/\/aktuelles.uni-frankfurt.de\/wp-content\/uploads\/2024\/08\/Foto-Buettner_Foto_Yavuz-Cakir._1000-700x700.jpg 700w\" sizes=\"(max-width: 1000px) 100vw, 1000px\" \/>\t\t\t\t\t\t\t\t\t\t\t\t\t\t\t<\/div>\n\t\t\t\t<\/div>\n\t\t\t\t<div class=\"elementor-element elementor-element-76a2e27 animated-fast elementor-invisible elementor-widget elementor-widget-heading\" data-id=\"76a2e27\" data-element_type=\"widget\" data-settings=\"{&quot;_animation&quot;:&quot;fadeInUp&quot;}\" data-widget_type=\"heading.default\">\n\t\t\t\t<div class=\"elementor-widget-container\">\n\t\t\t\t\t<h5 class=\"elementor-heading-title elementor-size-medium\">Florian B\u00fcttner<\/h5>\t\t\t\t<\/div>\n\t\t\t\t<\/div>\n\t\t\t\t<div class=\"elementor-element elementor-element-187c0ee animated-fast elementor-invisible elementor-widget elementor-widget-heading\" data-id=\"187c0ee\" data-element_type=\"widget\" data-settings=\"{&quot;_animation&quot;:&quot;fadeInUp&quot;}\" data-widget_type=\"heading.default\">\n\t\t\t\t<div class=\"elementor-widget-container\">\n\t\t\t\t\t<h2 class=\"elementor-heading-title elementor-size-default\">Foto: privat\/Yavuz Cakir<\/h2>\t\t\t\t<\/div>\n\t\t\t\t<\/div>\n\t\t\t\t\t<\/div>\n\t\t<\/div>\n\t\t\t\t\t<\/div>\n\t\t<\/section>\n\t\t\t\t<div class=\"elementor-element elementor-element-a4b2dc0 elementor-widget elementor-widget-heading\" data-id=\"a4b2dc0\" data-element_type=\"widget\" data-widget_type=\"heading.default\">\n\t\t\t\t<div class=\"elementor-widget-container\">\n\t\t\t\t\t<h3 class=\"elementor-heading-title elementor-size-default\">Alle Projekte sind als Tandem aufgestellt<\/h3>\t\t\t\t<\/div>\n\t\t\t\t<\/div>\n\t\t\t\t<div class=\"elementor-element elementor-element-dbcdd21 animated-fast elementor-invisible elementor-widget elementor-widget-text-editor\" data-id=\"dbcdd21\" data-element_type=\"widget\" data-settings=\"{&quot;_animation&quot;:&quot;fadeInUp&quot;}\" data-widget_type=\"text-editor.default\">\n\t\t\t\t<div class=\"elementor-widget-container\">\n\t\t\t\t\t\t\t\t\t<p>Letztere stehen im Zentrum von MOPRED. Multimodal bezeichnet eine Datenanalyse, bei der mindestens zwei Arten von Daten \u2013 also beispielsweise Genexpressionsdaten und digitalisierte Schnittbilder von bildgebenden Verfahren \u2013 miteinander kombiniert werden. \u201eIn der Medizin werden immer mehr Molekulardaten aufgenommen, um Patienten ganzheitlich zu charakterisieren\u201c, erkl\u00e4rt B\u00fcttner. \u201eBislang fehlt es aber an Methoden, um diese Daten so zu integrieren, dass damit eine Diagnose oder das Ansprechen auf eine Therapie vorhersagt werden kann. Daf\u00fcr wollen wir gemeinsam mit unseren Kooperationspartnern neuartige bioinformatische Methoden erarbeiten\u201c.<\/p><p>Ein gro\u00dfer Vorteil von MOPRED sei, dass die Initiative nicht auf einen Krankheitskomplex limitiert sei, so Schulz. \u201eWeil oft \u00e4hnliche Datentypen genutzt werden, lassen sich unsere Algorithmen auf unterschiedliche Krankheitskontexte anwenden.\u201c Bevor MOPRED benutzerfreundliche Software f\u00fcr Kliniker*innen bereitstellen kann, m\u00fcssen neue Algorithmen entwickelt werden. Daf\u00fcr sind alle Projekte als Tandem aufgestellt, wie Schulz erl\u00e4utert: \u201eMindestens ein Projektpartner kommt aus der Bioinformatik oder einem verwandten Bereich, der andere dient als Ansprechpartner f\u00fcr das konkrete medizinische Problem.\u201c<\/p><p>Mithilfe der Potenzialfeld-F\u00f6rderung wurden bereits ein Symposium und ein Hackathon organisiert, um die Vernetzung der MOPRED-Forschergruppen zu verbessern. Nach Wunsch von Schulz und B\u00fcttner soll daraus eine regelm\u00e4\u00dfige Einrichtung werden, um die Bioinformatik im medizinischen Kontext an der Goethe-Universit\u00e4t besser \u2013 und vor allem schon f\u00fcr Studierende \u2013 sichtbar zu machen. Auch sollen Drittmittel eingeworben werden, um aus dem Potenzialfeld ein langfristig gef\u00f6rdertes Forschungsprojekt zu entwickeln, in das auch an Bioinformatik interessierte Nachwuchsforscher*innen eingebunden werden k\u00f6nnen.<\/p>\t\t\t\t\t\t\t\t<\/div>\n\t\t\t\t<\/div>\n\t\t\t\t<div class=\"elementor-element elementor-element-d2f9de2 animated-fast elementor-invisible elementor-widget elementor-widget-text-editor\" data-id=\"d2f9de2\" data-element_type=\"widget\" data-settings=\"{&quot;_animation&quot;:&quot;fadeInUp&quot;}\" data-widget_type=\"text-editor.default\">\n\t\t\t\t<div class=\"elementor-widget-container\">\n\t\t\t\t\t\t\t\t\t<p>Larissa Tetsch<\/p>\t\t\t\t\t\t\t\t<\/div>\n\t\t\t\t<\/div>\n\t\t\t\t\t<\/div>\n\t\t<\/div>\n\t\t\t\t\t<\/div>\n\t\t<\/section>\n\t\t\t\t<section class=\"elementor-section elementor-top-section elementor-element elementor-element-1dbb092 elementor-section-content-middle elementor-section-boxed elementor-section-height-default elementor-section-height-default\" data-id=\"1dbb092\" data-element_type=\"section\" data-settings=\"{&quot;_ha_eqh_enable&quot;:false}\">\n\t\t\t\t\t\t<div class=\"elementor-container elementor-column-gap-no\">\n\t\t\t\t\t<div class=\"elementor-column elementor-col-100 elementor-top-column elementor-element elementor-element-5f8e799\" data-id=\"5f8e799\" data-element_type=\"column\" data-settings=\"{&quot;background_background&quot;:&quot;classic&quot;}\">\n\t\t\t<div class=\"elementor-widget-wrap elementor-element-populated\">\n\t\t\t\t\t\t<div class=\"elementor-element elementor-element-bda6eff elementor-widget elementor-widget-heading\" data-id=\"bda6eff\" data-element_type=\"widget\" data-widget_type=\"heading.default\">\n\t\t\t\t<div class=\"elementor-widget-container\">\n\t\t\t\t\t<h1 class=\"elementor-heading-title elementor-size-default\">Zur Nachbarschaft von Judentum und Islam<\/h1>\t\t\t\t<\/div>\n\t\t\t\t<\/div>\n\t\t\t\t<div class=\"elementor-element elementor-element-3ef9efb animated-fast elementor-invisible elementor-widget elementor-widget-text-editor\" data-id=\"3ef9efb\" data-element_type=\"widget\" data-settings=\"{&quot;_animation&quot;:&quot;fadeInUp&quot;}\" data-widget_type=\"text-editor.default\">\n\t\t\t\t<div class=\"elementor-widget-container\">\n\t\t\t\t\t\t\t\t\t<p>Wie waren und sind Judentum und Islam im historischen R\u00fcckblick miteinander verflochten? Wo sind sie sich nah, wo geraten sie in Konflikt? Dies interdisziplin\u00e4r zu erforschen, ist Ziel der Initiative \u201eJ\u00fcdisch-islamische Nachbarschaften in Geschichte und Gegenwart\u201c. Sie wird 2024 als Potenzialfeld des Profilbereichs \u201eUniversality &amp; Diversity\u201c gef\u00f6rdert.<\/p>\t\t\t\t\t\t\t\t<\/div>\n\t\t\t\t<\/div>\n\t\t\t\t\t<\/div>\n\t\t<\/div>\n\t\t\t\t\t<\/div>\n\t\t<\/section>\n\t\t\t\t<section class=\"elementor-section elementor-top-section elementor-element elementor-element-45ecddb elementor-section-content-middle elementor-section-boxed elementor-section-height-default elementor-section-height-default\" data-id=\"45ecddb\" data-element_type=\"section\" data-settings=\"{&quot;_ha_eqh_enable&quot;:false}\">\n\t\t\t\t\t\t<div class=\"elementor-container elementor-column-gap-no\">\n\t\t\t\t\t<div class=\"elementor-column elementor-col-100 elementor-top-column elementor-element elementor-element-2edda40\" data-id=\"2edda40\" data-element_type=\"column\">\n\t\t\t<div class=\"elementor-widget-wrap elementor-element-populated\">\n\t\t\t\t\t\t<div class=\"elementor-element elementor-element-206f089 animated-fast elementor-invisible elementor-widget elementor-widget-text-editor\" data-id=\"206f089\" data-element_type=\"widget\" data-settings=\"{&quot;_animation&quot;:&quot;fadeInUp&quot;}\" data-widget_type=\"text-editor.default\">\n\t\t\t\t<div class=\"elementor-widget-container\">\n\t\t\t\t\t\t\t\t\t<p>Der Fokus des Projekts liegt auf exemplarischen Fallstudien zur Interaktion zwischen j\u00fcdischer und islamischer Geistesgeschichte seit dem Mittelalter. Dabei geht es unter anderem darum, die sozialen und politischen Folgen des Zusammenlebens von Juden und Muslimen in unterschiedlichen Kontexten zu forschen. Wo sind sie kulturell miteinander verbunden, wie findet ein Kultur- und Wissenstransfer statt, wie grenzen sich die beiden Religionen ab, welche Geltungsanspr\u00fcche erheben sie, und welche Konflikte resultieren daraus? Das Potenzialfeld f\u00fchrt Wissenschaftler*innen aus den Fachbereichen Evangelische Theologie, Philosophie und Geschichtswissenschaften sowie Sprach- und Kulturwissenschaften der Goethe-Universit\u00e4t und au\u00dferuniversit\u00e4re Einrichtungen zusammen.<\/p><p>\u201eGerade in der gegenw\u00e4rtigen politischen Situation handelt es sich also um ein interreligi\u00f6ses Projekt, das auch f\u00fcr \u00f6ffentliche Diskurse und Bildungskontexte in der multireligi\u00f6sen Konstellation des Rhein-Main-Gebiets von Bedeutung ist\u201c, sagt die Islamwissenschaftlerin Armina Omerika, die das Projekt gemeinsam mit dem Judaisten Christian Wiese leitet. \u201eDie dramatischen Ereignisse im Nahen Osten seit dem 7. Oktober 2023 und die Folgen auch f\u00fcr gegenw\u00e4rtige gesellschaftlichen Debatten \u00fcber den Nahostkonflikt, den zunehmenden Antisemitismus und wachsende Feindschaft gegen\u00fcber dem Islam\u201c, so Christian Wiese, \u201eerfordern gerade jetzt, dass wir differenziert forschen \u2013 \u00fcber j\u00fcdisch-islamische Beziehungen, die konflikthaften Elemente und die dialogischen Potenziale beider Religionen zum Umgang mit religi\u00f6ser Pluralit\u00e4t und Differenz\u201c. Dazu, so Wiese, m\u00fcssten J\u00fcdische und Islamische Studien im Kontext interdisziplin\u00e4rer Religionsforschung eng zusammenwirken.<\/p>\t\t\t\t\t\t\t\t<\/div>\n\t\t\t\t<\/div>\n\t\t\t\t<section class=\"elementor-section elementor-inner-section elementor-element elementor-element-ff6c06e elementor-section-boxed elementor-section-height-default elementor-section-height-default\" data-id=\"ff6c06e\" data-element_type=\"section\" data-settings=\"{&quot;_ha_eqh_enable&quot;:false}\">\n\t\t\t\t\t\t<div class=\"elementor-container elementor-column-gap-default\">\n\t\t\t\t\t<div class=\"elementor-column elementor-col-50 elementor-inner-column elementor-element elementor-element-040483d\" data-id=\"040483d\" data-element_type=\"column\">\n\t\t\t<div class=\"elementor-widget-wrap elementor-element-populated\">\n\t\t\t\t\t\t<div class=\"elementor-element elementor-element-9c26f0c animated-fast ha-has-bg-overlay elementor-invisible elementor-widget elementor-widget-image\" data-id=\"9c26f0c\" data-element_type=\"widget\" data-settings=\"{&quot;_animation&quot;:&quot;fadeInUp&quot;}\" data-widget_type=\"image.default\">\n\t\t\t\t<div class=\"elementor-widget-container\">\n\t\t\t\t\t\t\t\t\t\t\t\t\t\t\t<img loading=\"lazy\" decoding=\"async\" width=\"1536\" height=\"1536\" src=\"https:\/\/aktuelles.uni-frankfurt.de\/wp-content\/uploads\/2024\/10\/omerika_2023-1536x1536.jpg\" class=\"attachment-1536x1536 size-1536x1536 wp-image-81118\" alt=\"\" srcset=\"https:\/\/aktuelles.uni-frankfurt.de\/wp-content\/uploads\/2024\/10\/omerika_2023-1536x1536.jpg 1536w, https:\/\/aktuelles.uni-frankfurt.de\/wp-content\/uploads\/2024\/10\/omerika_2023-300x300.jpg 300w, https:\/\/aktuelles.uni-frankfurt.de\/wp-content\/uploads\/2024\/10\/omerika_2023-500x500.jpg 500w, https:\/\/aktuelles.uni-frankfurt.de\/wp-content\/uploads\/2024\/10\/omerika_2023-150x150.jpg 150w, https:\/\/aktuelles.uni-frankfurt.de\/wp-content\/uploads\/2024\/10\/omerika_2023-768x768.jpg 768w, https:\/\/aktuelles.uni-frankfurt.de\/wp-content\/uploads\/2024\/10\/omerika_2023-12x12.jpg 12w, https:\/\/aktuelles.uni-frankfurt.de\/wp-content\/uploads\/2024\/10\/omerika_2023-700x700.jpg 700w, https:\/\/aktuelles.uni-frankfurt.de\/wp-content\/uploads\/2024\/10\/omerika_2023.jpg 2000w\" sizes=\"(max-width: 1536px) 100vw, 1536px\" \/>\t\t\t\t\t\t\t\t\t\t\t\t\t\t\t<\/div>\n\t\t\t\t<\/div>\n\t\t\t\t<div class=\"elementor-element elementor-element-bfadd04 animated-fast elementor-invisible elementor-widget elementor-widget-heading\" data-id=\"bfadd04\" data-element_type=\"widget\" data-settings=\"{&quot;_animation&quot;:&quot;fadeInUp&quot;}\" data-widget_type=\"heading.default\">\n\t\t\t\t<div class=\"elementor-widget-container\">\n\t\t\t\t\t<h5 class=\"elementor-heading-title elementor-size-medium\">Armina Omerika<\/h5>\t\t\t\t<\/div>\n\t\t\t\t<\/div>\n\t\t\t\t<div class=\"elementor-element elementor-element-7f95b6b animated-fast elementor-invisible elementor-widget elementor-widget-heading\" data-id=\"7f95b6b\" data-element_type=\"widget\" data-settings=\"{&quot;_animation&quot;:&quot;fadeInUp&quot;}\" data-widget_type=\"heading.default\">\n\t\t\t\t<div class=\"elementor-widget-container\">\n\t\t\t\t\t<h2 class=\"elementor-heading-title elementor-size-default\">Foto: Julius Matuschik<\/h2>\t\t\t\t<\/div>\n\t\t\t\t<\/div>\n\t\t\t\t\t<\/div>\n\t\t<\/div>\n\t\t\t\t<div class=\"elementor-column elementor-col-50 elementor-inner-column elementor-element elementor-element-11bfa5a\" data-id=\"11bfa5a\" data-element_type=\"column\">\n\t\t\t<div class=\"elementor-widget-wrap elementor-element-populated\">\n\t\t\t\t\t\t<div class=\"elementor-element elementor-element-3acaf6a animated-fast ha-has-bg-overlay elementor-invisible elementor-widget elementor-widget-image\" data-id=\"3acaf6a\" data-element_type=\"widget\" data-settings=\"{&quot;_animation&quot;:&quot;fadeInUp&quot;}\" data-widget_type=\"image.default\">\n\t\t\t\t<div class=\"elementor-widget-container\">\n\t\t\t\t\t\t\t\t\t\t\t\t\t\t\t<img loading=\"lazy\" decoding=\"async\" width=\"1536\" height=\"1536\" src=\"https:\/\/aktuelles.uni-frankfurt.de\/wp-content\/uploads\/2024\/10\/wiese-1536x1536.jpg\" class=\"attachment-1536x1536 size-1536x1536 wp-image-81117\" alt=\"\" srcset=\"https:\/\/aktuelles.uni-frankfurt.de\/wp-content\/uploads\/2024\/10\/wiese-1536x1536.jpg 1536w, https:\/\/aktuelles.uni-frankfurt.de\/wp-content\/uploads\/2024\/10\/wiese-300x300.jpg 300w, https:\/\/aktuelles.uni-frankfurt.de\/wp-content\/uploads\/2024\/10\/wiese-500x500.jpg 500w, https:\/\/aktuelles.uni-frankfurt.de\/wp-content\/uploads\/2024\/10\/wiese-150x150.jpg 150w, https:\/\/aktuelles.uni-frankfurt.de\/wp-content\/uploads\/2024\/10\/wiese-768x768.jpg 768w, https:\/\/aktuelles.uni-frankfurt.de\/wp-content\/uploads\/2024\/10\/wiese-12x12.jpg 12w, https:\/\/aktuelles.uni-frankfurt.de\/wp-content\/uploads\/2024\/10\/wiese-700x700.jpg 700w, https:\/\/aktuelles.uni-frankfurt.de\/wp-content\/uploads\/2024\/10\/wiese.jpg 2000w\" sizes=\"(max-width: 1536px) 100vw, 1536px\" \/>\t\t\t\t\t\t\t\t\t\t\t\t\t\t\t<\/div>\n\t\t\t\t<\/div>\n\t\t\t\t<div class=\"elementor-element elementor-element-3f44062 animated-fast elementor-invisible elementor-widget elementor-widget-heading\" data-id=\"3f44062\" data-element_type=\"widget\" data-settings=\"{&quot;_animation&quot;:&quot;fadeInUp&quot;}\" data-widget_type=\"heading.default\">\n\t\t\t\t<div class=\"elementor-widget-container\">\n\t\t\t\t\t<h5 class=\"elementor-heading-title elementor-size-medium\">Christian Wiese<\/h5>\t\t\t\t<\/div>\n\t\t\t\t<\/div>\n\t\t\t\t<div class=\"elementor-element elementor-element-7874b2f animated-fast elementor-invisible elementor-widget elementor-widget-heading\" data-id=\"7874b2f\" data-element_type=\"widget\" data-settings=\"{&quot;_animation&quot;:&quot;fadeInUp&quot;}\" data-widget_type=\"heading.default\">\n\t\t\t\t<div class=\"elementor-widget-container\">\n\t\t\t\t\t<h2 class=\"elementor-heading-title elementor-size-default\">Foto: Uwe Dettmar<\/h2>\t\t\t\t<\/div>\n\t\t\t\t<\/div>\n\t\t\t\t\t<\/div>\n\t\t<\/div>\n\t\t\t\t\t<\/div>\n\t\t<\/section>\n\t\t\t\t<div class=\"elementor-element elementor-element-8c2daf0 elementor-widget elementor-widget-heading\" data-id=\"8c2daf0\" data-element_type=\"widget\" data-widget_type=\"heading.default\">\n\t\t\t\t<div class=\"elementor-widget-container\">\n\t\t\t\t\t<h3 class=\"elementor-heading-title elementor-size-default\">J\u00fcdische-islamische Denktradition<\/h3>\t\t\t\t<\/div>\n\t\t\t\t<\/div>\n\t\t\t\t<div class=\"elementor-element elementor-element-2460a42 animated-fast elementor-invisible elementor-widget elementor-widget-text-editor\" data-id=\"2460a42\" data-element_type=\"widget\" data-settings=\"{&quot;_animation&quot;:&quot;fadeInUp&quot;}\" data-widget_type=\"text-editor.default\">\n\t\t\t\t<div class=\"elementor-widget-container\">\n\t\t\t\t\t\t\t\t\t<p>Armina Omerika ist Professorin f\u00fcr Ideengeschichte des Islam und gesch\u00e4ftsf\u00fchrende Direktorin des Instituts f\u00fcr Studien der Kultur und Religion des Islam. Sie forscht unter anderem zum Geschichtsdenken in der islamischen Theologie und zum Islam in Deutschland. Christian Wiese ist Inhaber der Martin-Buber-Professur f\u00fcr J\u00fcdische Religionsphilosophie und Direktor des Buber-Rosenzweig-Instituts f\u00fcr j\u00fcdische Geistes- und Kulturgeschichte der Moderne und Gegenwart. In diesem Themenfeld ist auch seine historische und religionsphilosophische Forschung zu den interreligi\u00f6sen Beziehungen des Judentums verortet.<\/p><p>Die Verflochtenheit von Judentum und Islam zu erforschen hat an der Goethe-Universit\u00e4t Tradition: In deren Anf\u00e4ngen befassten sich j\u00fcdische Orientalisten wie Josef Horovitz (1874-1931) oder Shlomo Dov Goitein (1900-1985) intensiv mit dem Islam; dem Potenzialfeld geh\u00f6ren unter anderen im Rahmen der Koranexegese Prof. \u00d6mer \u00d6zsoy an sowie Prof. Nathan Gibson mit einer neuen Professur f\u00fcr die Beziehungen zwischen Judentum und Islam.<\/p><p>An dem Projekt wirkt zudem der Philosoph Yossef Schwartz von der Tel Aviv University mit. Er ist Mitglied des 2022 gegr\u00fcndeten \u201eFrankfurt-Tel Aviv Center for the Study of Religious and Interreligious Dynamics\u201c, eines von der Goethe-Universit\u00e4t und der Tel Aviv University gemeinsam getragenen deutsch-israelischen Forschungszentrums. Das Zentrum widmet sich der interreligi\u00f6sen Forschung mit Blick auf die historischen und gegenw\u00e4rtigen Beziehungen zwischen Judentum, Christentum und Islam \u2013 sowohl im Nahen Osten als auch in europ\u00e4ischen Kontexten.<\/p><p>Die Initiative \u201eJ\u00fcdisch-islamische Nachbarschaften in Geschichte und Gegenwart\u201c wird mit 50.000 Euro noch bis Ende 2024 gef\u00f6rdert und hat das Ziel, sich f\u00fcr eine weiterf\u00fchrende Drittmittelf\u00f6rderung zu bewerben.<\/p>\t\t\t\t\t\t\t\t<\/div>\n\t\t\t\t<\/div>\n\t\t\t\t<div class=\"elementor-element elementor-element-c3f233b animated-fast elementor-invisible elementor-widget elementor-widget-text-editor\" data-id=\"c3f233b\" data-element_type=\"widget\" data-settings=\"{&quot;_animation&quot;:&quot;fadeInUp&quot;}\" data-widget_type=\"text-editor.default\">\n\t\t\t\t<div class=\"elementor-widget-container\">\n\t\t\t\t\t\t\t\t\t<p>Christian Wiese\/pb<\/p>\t\t\t\t\t\t\t\t<\/div>\n\t\t\t\t<\/div>\n\t\t\t\t\t<\/div>\n\t\t<\/div>\n\t\t\t\t\t<\/div>\n\t\t<\/section>\n\t\t\t\t<section class=\"elementor-section elementor-top-section elementor-element elementor-element-4a5f791 elementor-section-content-middle elementor-section-boxed elementor-section-height-default elementor-section-height-default\" data-id=\"4a5f791\" data-element_type=\"section\" id=\"kurz-und-buendig\" data-settings=\"{&quot;_ha_eqh_enable&quot;:false}\">\n\t\t\t\t\t\t<div class=\"elementor-container elementor-column-gap-no\">\n\t\t\t\t\t<div class=\"elementor-column elementor-col-100 elementor-top-column elementor-element elementor-element-6474083\" data-id=\"6474083\" data-element_type=\"column\">\n\t\t\t<div class=\"elementor-widget-wrap elementor-element-populated\">\n\t\t\t\t\t\t<div class=\"elementor-element elementor-element-c626cd8 elementor-align-start elementor-icon-list--layout-traditional elementor-list-item-link-full_width elementor-widget elementor-widget-icon-list\" data-id=\"c626cd8\" data-element_type=\"widget\" data-widget_type=\"icon-list.default\">\n\t\t\t\t<div class=\"elementor-widget-container\">\n\t\t\t\t\t\t\t<ul class=\"elementor-icon-list-items\">\n\t\t\t\t\t\t\t<li class=\"elementor-icon-list-item\">\n\t\t\t\t\t\t\t\t\t\t\t<span class=\"elementor-icon-list-icon\">\n\t\t\t\t\t\t\t<i aria-hidden=\"true\" class=\"far fa-lightbulb\"><\/i>\t\t\t\t\t\t<\/span>\n\t\t\t\t\t\t\t\t\t\t<span class=\"elementor-icon-list-text\">Kurz &amp; b\u00fcndig<\/span>\n\t\t\t\t\t\t\t\t\t<\/li>\n\t\t\t\t\t\t<\/ul>\n\t\t\t\t\t\t<\/div>\n\t\t\t\t<\/div>\n\t\t\t\t<div class=\"elementor-element elementor-element-ad80e5d animated-fast elementor-invisible elementor-widget elementor-widget-text-editor\" data-id=\"ad80e5d\" data-element_type=\"widget\" data-settings=\"{&quot;_animation&quot;:&quot;fadeInUp&quot;}\" data-widget_type=\"text-editor.default\">\n\t\t\t\t<div class=\"elementor-widget-container\">\n\t\t\t\t\t\t\t\t\t<h4><strong>\u00d6l im Feinstaub<\/strong><\/h4><p>Eine Studie der Goethe-Universit\u00e4t in Kooperation mit dem Hessischem Landesamt f\u00fcr Naturschutz, Umwelt und Geologie hat ergeben, dass Ultrafeinstaub am Frankfurter Flughafen auch zu einem Teil aus synthetischen Turbinenschmier\u00f6len besteht.<\/p><p><a href=\"https:\/\/www.puk.uni-frankfurt.de\/130440417\/Schmier%C3%B6le_von_Flugzeugen_sind_wichtige_Quelle_f%C3%BCr_Ultrafeinstaub\">Schmier\u00f6le von Flugzeugen sind wichtige Quelle f\u00fcr Ultrafeinstaub<\/a><\/p><h4><strong><br \/>Geschichte im Zahnschmelz<\/strong><\/h4><p>Ein internationales Wissenschaftsteam um Forscher*innen der Goethe-Universit\u00e4t und des Senckenberg Forschungsinstituts und Naturmuseum Frankfurt erkl\u00e4rt Unterschiede in der Ern\u00e4hrung zwischen Homo erectus und Menschenaffen. Zahnanalysen ergaben, dass die Fr\u00fchmenschen mit den Jahreszeiten von pflanzlicher Nahrung zu Mischkost wechselten.<\/p><p><a href=\"https:\/\/www.puk.uni-frankfurt.de\/130824636\/Fr%C3%BChmenschen__Jahreszyklen_im_Zahnschmelz_geben_Einblicke_in_Lebensgeschichten\">Fr\u00fchmenschen: Jahreszyklen im Zahnschmelz geben Einblicke in Lebensgeschichten<\/a><\/p><h4><strong><br \/>Immuntherapie verst\u00e4rkt<\/strong><\/h4><p>Der Eisentod (Ferroptose) von Zellen kann dazu genutzt werden, um die Wirkung einer Immuntherapie gegen Leberkrebs zu verst\u00e4rken. Dies haben jetzt Forschende des Georg-Speyer-Hauses, des Universit\u00e4tsklinikums Frankfurt und der Goethe-Universit\u00e4t bei M\u00e4usen zeigen k\u00f6nnen, die an Leberkrebs erkrankt waren.<\/p><p><a href=\"https:\/\/www.puk.uni-frankfurt.de\/132537915\/Leberkrebs_Forschung__Eisentod_von_Zellen_k%C3%B6nnte_Schl%C3%BCssel_f%C3%BCr_neuartige_Kombinationstherapien_sein\">Leberkrebs-Forschung: Eisentod von Zellen k\u00f6nnte Schl\u00fcssel f\u00fcr neuartige Kombinationstherapien sein<\/a><\/p><h4><strong><br \/>Gegraben und gefunden<\/strong><\/h4><p>Eine Lehrgrabung der Provinzialr\u00f6mischen Arch\u00e4ologie der Goethe-Universit\u00e4t in Bad Ems widerlegt bisherige Vermutungen.\u00a0Die spannende Forschungsgeschichte eines Milit\u00e4rlagers samt einem Silberfund brachte dem jungen Arch\u00e4ologen Frederic Auth zudem den 1. Platz beim Wiesbadener Science Slam ein.\u00a0\u00a0<\/p><p><a href=\"https:\/\/www.puk.uni-frankfurt.de\/132696873\/An_der_Lahn_blieben_den_R%C3%B6mern_200_Tonnen_Silber_verborgen\">An der Lahn blieben den R\u00f6mern 200 Tonnen Silber verborgen<\/a><\/p><h4><strong><br \/>Echter Krater <\/strong><\/h4><p>Der Marketing-Gag des Weinguts \u201eDomaine du M\u00e9t\u00e9ore\u201c entpuppt sich wirklich als Einschlagkrater: Forscher*innen der Goethe-Universit\u00e4t um Prof. Frank Brenker und Prof. Andreas Junge stellten durch Gesteins- und Bodenanalysen fest, dass der Krater tats\u00e4chlich durch den Einschlag eines Eisen-Nickel-Meteoriten entstanden ist.<\/p><p><a href=\"https:\/\/www.puk.uni-frankfurt.de\/132759884\/Meteoritenkrater_in_franz%C3%B6sischem_Weingut_entdeckt\">Meteoritenkrater in franz\u00f6sischem Weingut entdeckt<\/a><\/p><h4><strong><br \/>Ins Nest geguckt<\/strong><\/h4><p>Ein internationales Forschungsteam aus Deutschland, \u00d6sterreich, Kanada, den Niederlanden und den USA wendet ein neues Verfahren zur Karbonat-Analyse auf Eierschalen von Dinosauriern, Reptilien und V\u00f6geln an. Damit erschlie\u00dft sich das Fortpflanzungssystem von Troodon, einem mit heutigen V\u00f6geln eng verwandten Dinosaurier.<\/p><p><a href=\"https:\/\/www.puk.uni-frankfurt.de\/135088535\/Analyse_von_Dinosaurier_Eierschalen__Vogel%C3%A4hnlicher_Troodon_legte_4_bis_6_Eier_in_ein_Gemeinschaftsnest\">Analyse von Dinosaurier-Eierschalen: Vogel\u00e4hnlicher Troodon legte 4 bis 6 Eier in ein Gemeinschaftsnest<\/a><\/p><h4><strong><br \/>Drittmittel-H\u00f6chststand <\/strong><\/h4><p>Im Jahr 2022 hat die Goethe-Universit\u00e4t ihre Drittmittel um 17 Prozent gesteigert. Mit einem Drittmittelvolumen von 232,8 Millionen hat die Universit\u00e4t 33,9 Millionen Euro mehr eingenommen als 2021 und ist in allen Bereichen der Drittmittelfinanzierung gewachsen.\u00a0Den st\u00e4rksten Zuwachs verzeichneten EU-gef\u00f6rderte Projekte: Ihr Volumen stieg um 50% auf 27,2 Millionen Euro.\u00a0<\/p><p><a href=\"https:\/\/www.puk.uni-frankfurt.de\/137280244\/Neuer_H%C3%B6chststand_bei_Drittmitteln\">Neuer H\u00f6chststand bei Drittmitteln<\/a><\/p><h4><strong><br \/>Vom Innenleben der Zelle<\/strong><\/h4><p>Ein internationales Forschungsteam unter Leitung der Goethe-Universit\u00e4t und Universit\u00e4tsklinikum Jena findet einen Regulationsmechanismus f\u00fcr Struktur und Funktion des Endoplasmatischen Reticulums. Die Beitr\u00e4ge wurden in \u201eNature\u201c ver\u00f6ffentlicht.<\/p><p><a href=\"https:\/\/www.puk.uni-frankfurt.de\/137673846\/Wenn_die_Zelle_sich_selbst_verdaut__Wie_sich_neurodegenerative_Erkrankungen_entwickeln\">Wenn die Zelle sich selbst verdaut: Wie sich neurodegenerative Erkrankungen entwickeln<\/a><\/p><h4><strong><br \/>Profil international gesch\u00e4rft<\/strong><\/h4><p>Die Profilbereiche der Goethe-Universit\u00e4t werden durch internationale Expertise weiter gesch\u00e4rft: Mindestens ein Jahr lang forschen die international ausgewiesenen Wissenschaftler*innen im Bereich der Forschungsschwerpunkte \u201eDynamiken des Religi\u00f6sen\u201c und \u201eRobust Nature\u201c sowie EMTHERA, die verschiedenen universit\u00e4ren Profilbereichen zugeordnet sind. Die Stiftungsgastprofessuren werden von der Familie H\u00fcckmann gef\u00f6rdert.<\/p><p><a href=\"https:\/\/www.puk.uni-frankfurt.de\/139081540\/Jochen_H%C3%BCckmann_Stiftungsgastprofessuren_f%C3%BCr_Forschungsexzellenz_unterst%C3%BCtzen_Spitzenforschung\">Jochen H\u00fcckmann-Stiftungsgastprofessuren f\u00fcr Forschungsexzellenz unterst\u00fctzen Spitzenforschung\u00a0<\/a><\/p><h4><strong><br \/>Ein Plus f\u00fcrs Kind<\/strong><\/h4><p>Die Goethe Research Academy for Early Career Researchers (GRADE) unterst\u00fctzt aus Mitteln des Franz Adickes Stiftungsfonds 30 Promovierende, Postdocs und Wissenschaftler*innen in der R3-Qualifizierungsphase mit Kindern, die an der Goethe-Universit\u00e4t Frankfurt forschen.<\/p><p><a href=\"https:\/\/aktuelles.uni-frankfurt.de\/aktuelles\/finanzielle-unterstuetzung-fuer-early-career-researchers-mit-kind\/\">Finanzielle Unterst\u00fctzung f\u00fcr Early Career Researchers mit Kind<\/a><\/p><h4><strong><br \/>Studie zu Artenvielfalt<\/strong><\/h4><p>Chemikalien in der Umwelt werden in der Wissenschaft nicht ausreichend als eine der Ursachen f\u00fcr den Schwund der Artenvielfalt in den Blick genommen: Dies haben Forschende des Forschungsnetzwerks RobustNature der Goethe-Universit\u00e4t mit Kooperationspartnern in einer Studie ermittelt.<\/p><p><a href=\"https:\/\/www.puk.uni-frankfurt.de\/139570782\/Wie_Chemikalieneinsatz_und_der_Verlust_der_Artenvielfalt_zusammenh%C3%A4ngen\">Wie Chemikalieneinsatz und der Verlust der Artenvielfalt zusammenh\u00e4ngen<\/a><\/p><h4><strong><br \/>Scharfmacher f\u00fcrs Immunsystem<\/strong><\/h4><p>Forscher*innen von Goethe-Universit\u00e4t, Max von Pettenkofer-Institut und Medizinischer Hochschule Hannover kl\u00e4ren die molekularen Mitspieler des MHC-I-Beladekomplexes bei dendritischen Zellen auf. Als Teil des Immunsystems sind dendritische Zellen essenziell f\u00fcr die Bek\u00e4mpfung von virusinfizierten und entarteten K\u00f6rperzellen.<\/p><p><a href=\"https:\/\/www.puk.uni-frankfurt.de\/140198579\/Die_Scharfmacher__Wie_dendritische_Zellen_das_Immunsystem_aktivieren\">Die Scharfmacher: Wie dendritische Zellen das Immunsystem aktivieren<\/a><\/p><h4><strong><br \/>Kompetenzzentrum<\/strong><\/h4><p>Der Hochschulrat unterst\u00fctzt auf seiner Sitzung den Gr\u00fcndungsprozess der Errichtung eines \u201eTransfer- und Kompetenzzentrums Islam\u201c. Im Rahmen dieses Vorhabens erh\u00e4lt Prof.\u00a0Susanne Schr\u00f6ter\u00a0eine Goethe Research Professorship. Das neue Zentrum soll die bereits vorhandenen Expertisen der Goethe-Universit\u00e4t in islamischen Forschungsfragen b\u00fcndeln.<\/p><p><a href=\"https:\/\/aktuelles.uni-frankfurt.de\/aktuelles\/hochschulrat-unterstuetzt-den-gruendungsprozess-zur-errichtung-eines-transfer-und-kompetenzzentrums-islam\/?highlight=schr%C3%B6ter\">\u201eTransfer- und Kompetenzzentrums Islam\u201c<\/a><\/p><h4><strong><br \/>Klimagase gemessen<\/strong><\/h4><p>Die Goethe-Universit\u00e4t startet die Messung von halogenierten Kohlenwasserstoffen auf dem Kleinen Feldberg bei Frankfurt: Erstmals werden in Deutschland kontinuierlich und mit hoher Genauigkeit die Konzentrationen gasf\u00f6rmiger Stoffe mit Halogenen wie Chlor oder Fluor im Rahmen eines internationalen Netzwerks \u00fcberwacht.<\/p><p><a href=\"https:\/\/www.puk.uni-frankfurt.de\/140752439\/Neues_Messger%C3%A4t_der_Goethe_Universit%C3%A4t__Halogen_Klimagase_werden_auch_in_Deutschland_ausgesto%C3%9Fen\">Neues Messger\u00e4t der Goethe-Universit\u00e4t: Halogen-Klimagase werden auch in Deutschland ausgesto\u00dfen<\/a><\/p><h4><strong><br \/><\/strong><strong>Kraftwerke der Zellen <\/strong><\/h4><p>Forschende der Goethe-Universit\u00e4t entdecken zentrale Schaltstelle in Fehlfaltungsstress-Signalkette von Mitochondrien. Wie sehr sich ihr Stoffwechsel im Laufe der Evolution mit dem ihrer Wirtszellen verschr\u00e4nkt hat, haben die Wissenschaftler*innen am Beispiel einer Stressreaktion von Mitochondrien untersucht.<\/p><p><a href=\"https:\/\/www.puk.uni-frankfurt.de\/141016620\/Zellbiologie__Wie_zellul%C3%A4re_Kraftwerke_unter_Stress_Hilfe_anfordern\">Zellbiologie: Wie zellul\u00e4re Kraftwerke unter Stress Hilfe anfordern<\/a><\/p><h4><strong><br \/>Antibiotikaresistenz<br \/><\/strong><\/h4><p>Ein Frankfurter Forschungsteam zeigt, wie der Krankenhauskeim Acinetobacter baumannii \u00fcber kurze evolutive Zeitr\u00e4ume gro\u00dfe Funktionsver\u00e4nderungen von Proteinkomplexen erreichen kann und deshalb besonders resistent gegen g\u00e4ngige Antibiotika ist. Daraus k\u00f6nnten Behandlungsstrategien resultieren, die spezifisch auf einen bestimmten Keim zugeschnitten sind.\u00a0<\/p><p><a href=\"https:\/\/www.puk.uni-frankfurt.de\/141212628\/So_passt_sich_der_Krankenhauskeim_Acinetobacter_baumannii_schnell_an_neue_Umweltbedingungen_an\">So passt sich der Krankenhauskeim Acinetobacter baumannii schnell an neue Umweltbedingungen an<\/a><\/p><h4><strong><br \/>Ausgebr\u00fctet<\/strong><\/h4><p>SARS-CoV-2-Viren gelingt es, menschliche Zellen mit einem Minimum eigener Proteine zu kapern. Forschende der Goethe-Universit\u00e4t kl\u00e4ren einen entscheidenden Teil im RNA-Bindemechanismus vom Nucleocapsidprotein (N) auf und erkennen, wie SARS-CoV-2 die menschliche K\u00f6rpertemperatur als Brutkasten zur Vermehrung nutzt.<\/p><p><a href=\"https:\/\/www.puk.uni-frankfurt.de\/141627348\/SARS_CoV_2__Die_tastenden_Finger_des_Virusprotein_N\">SARS-CoV-2: Die tastenden Finger des Virusprotein N<\/a><\/p><h4><strong><br \/>Ausbalanciert<\/strong><\/h4><p>Dr. Alexandra Stolz vom Institut f\u00fcr Biochemie II der Goethe-Universit\u00e4t sucht nach Substanzen, mit denen sich das zellul\u00e4re Gleichgewicht wiederherstellen l\u00e4sst. Sie erh\u00e4lt daf\u00fcr einen \u201eExploration Grant\u201c von 161.000 Euro der Boehringer Ingelheim Stiftung.<\/p><p><a href=\"https:\/\/www.puk.uni-frankfurt.de\/141673458\/Zellul%C3%A4re_Entsorgung_therapeutisch_nutzen__Alexandra_Stolz_erh%C3%A4lt_Exploration_Grant_der_Boehringer_Ingelheim_Stiftung\">Zellul\u00e4re Entsorgung therapeutisch nutzen: Alexandra Stolz erh\u00e4lt Exploration Grant der Boehringer Ingelheim Stiftung<\/a><\/p><h4><strong><br \/>Herz mit Nerven <\/strong><\/h4><p>J\u00fcngste Forschungsergebnisse des Instituts f\u00fcr Kardiovaskul\u00e4re Regeneration und des Cardio-Pulmonary Institute der Goethe-Universit\u00e4t geben neue Einblicke in Alterungsprozesse des Herzens, die auch die Nerven betreffen. Die Studie wurde im Science-Magazine ver\u00f6ffentlicht.\u00a0<\/p><p><a href=\"https:\/\/www.puk.uni-frankfurt.de\/141817066\/Wenn_das_Herz_die_Nerven_verliert\">Wenn das Herz die Nerven verliert<\/a><\/p><h4><strong><br \/>Wetter erforscht<\/strong><\/h4><p>Der Deutsche Wetterdienst f\u00f6rdert im Rahmen des Hans-Ertel-Zentrums (HerZ) zwei Initiativen am Institut f\u00fcr Atmosph\u00e4re und Umwelt: Prof. J\u00fcrg Schmidli wird f\u00fcr eine weitere Phase von vier Jahren f\u00fcr seine HErZ-Arbeitsgruppe gef\u00f6rdert. Dr. Anna Possner hat eine HErZ-Nachwuchsgruppe mit einer Laufzeit von sechs Jahren eingeworben. Beide Vorhaben haben ein Volumen von ca. 1 Mio. EUR.\u00a0<\/p><h4><strong>Mehr Netzwerken <\/strong><\/h4><p>Neu bewilligt wurde die durch die Goethe-Universit\u00e4t koordinierte COST-Action \u201eCROPWISE: Conservation and Research for Optimization of Utilization of Cereal Wild Relatives for Sustainable and Enhanced Agriculture\u201d. COST erm\u00f6glicht den Auf- und Ausbau von wissenschaftlichen Netzwerken und b\u00fcndelt damit nationale Forschungsinitiativen in transnationalen \u201eCOST-Aktionen\u201c.<\/p><h4><strong><br \/>International promovieren<\/strong><\/h4><p>Im Marie Sklodowska-Curie-Programm \u00fcbernimmt die Goethe-Universit\u00e4t die Koordination des neu bewilligten Doctoral Network \u201eNatural Traces in forensic investigations &#8211; how the analysis of non-human evidence can solve crime\u201c zur internationalen, strukturierten Doktorand*innen-Ausbildung.<\/p><h4><strong><br \/><\/strong><strong>Schlafende Keime<\/strong><\/h4><p>Wissenschaftler*innen von Goethe-Universit\u00e4t, Robert-Koch-Institut und Georg-August-Universit\u00e4t G\u00f6ttingen entdecken einen fundamentalen Mechanismus, der dem gef\u00fcrchteten Krankenhauskeim\u00a0Acinetobacter baumannii\u00a0beim \u00dcberleben hilft.<\/p><p><a href=\"https:\/\/www.puk.uni-frankfurt.de\/143881755\/Krankenhauskeim_im_Dornr%C3%B6schenschlaf__Warum_Infektionen_mit_Acinetobacter_baumannii_immer_wieder_aufflammen_k%C3%B6nnen\">Krankenhauskeim im Dornr\u00f6schenschlaf: Warum Infektionen mit Acinetobacter baumannii immer wieder aufflammen k\u00f6nnen<\/a><\/p><h4><strong><br \/>Bewegter Erdmantel <\/strong><\/h4><p>Ein internationales Geologenteam unter Federf\u00fchrung des Instituts f\u00fcr Geowissenschaften der Goethe-Universit\u00e4t stellt eine bisherige Theorie \u00fcber die Bewegung von Platten im Erdmantel in Frage. Dies gelingt, indem ein Alpenschiefer mittels Computermodellierung genau analysiert wird.<\/p><p><a href=\"https:\/\/www.puk.uni-frankfurt.de\/144462261\/Alpengestein_verr%C3%A4t_Dynamik_von_Plattenbewegungen_im_Erdinnern\">Alpengestein verr\u00e4t Dynamik von Plattenbewegungen im Erdinnern<\/a><\/p><h4><strong><br \/>Weltspitze <\/strong><\/h4><p>Der weltweit gr\u00f6\u00dfte Kernspinresonanz-Spektrometer f\u00fcr biomedizinische Wissenschaft wird an der Goethe-Universit\u00e4t eingeweiht. Die Kosten f\u00fcr Ger\u00e4t und eigenes Geb\u00e4ude in H\u00f6he von insgesamt 30 Millionen Euro trugen die Bundesrepublik, Hessen und die Goethe-Universit\u00e4t.\u00a0<\/p><p><a href=\"https:\/\/www.puk.uni-frankfurt.de\/144541806\/Ultrahochfeld_Spektrometer__Neu_entwickeltes_Ger%C3%A4t_zur_Spitzenforschung_an_der_Goethe_Universit%C3%A4t_eingeweiht\">Ultrahochfeld-Spektrometer: Neu entwickeltes Ger\u00e4t zur Spitzenforschung an der Goethe-Universit\u00e4t eingeweiht<\/a><\/p><h4><strong><br \/>Lebenswelten<\/strong><\/h4><p>Der erste Zusammenhaltsbericht des Forschungsinstituts Gesellschaftlicher Zusammenhalt (FGZ) zeigt: Gro\u00dfe Teile der Bev\u00f6lkerung in Deutschland verf\u00fcgen \u00fcber homogene Bekanntenkreise \u2013 dies beeinflusst auch ihre Weltsichten und Erfahrungen.<\/p><p><a href=\"https:\/\/www.puk.uni-frankfurt.de\/144973395\/Entkoppelte_Lebenswelten\">Entkoppelte Lebenswelten?<\/a><\/p><h4><strong><br \/>Zeitmaschine<\/strong><\/h4><p>Wie Wasserverschmutzung, extreme Wetterereignisse und steigende Temperaturen \u00fcber viele Jahrzehnte hinweg das \u00d6kosystem eines S\u00fc\u00dfwassersees unwiederbringlich sch\u00e4digen k\u00f6nnen, zeigt ein KI-Modell eines Teams aus Wissenschaftler*innen der Goethe-Universit\u00e4t und der Universit\u00e4t Birmingham.<\/p><p><a href=\"https:\/\/www.puk.uni-frankfurt.de\/145065160\/KI_zeigt_Artenschwund_im_Badesee__Forschende_entwickeln__Zeitmaschine_f%C3%BCr_die_biologische_Vielfalt\">KI zeigt Artenschwund im Badesee: Forschende entwickeln \u201eZeitmaschine f\u00fcr die biologische Vielfalt\u201c<\/a><\/p><h4><strong><br \/>GU am CERN<\/strong><\/h4><p>Physiker*innen und Computerwissenschaftler*innen der Goethe-Universit\u00e4t sind an der ersten Datennahme und -auswertung nach f\u00fcnf Jahren am gro\u00dfen Beschleuniger LHC am CERN beteiligt. Es wird ein neuer Rekord bei Kollisionen von Blei-Ionen sowie eine h\u00f6chste Energie und h\u00f6chste Kollisionsrate gemessen.<\/p><p><a href=\"https:\/\/www.puk.uni-frankfurt.de\/145182219\/Wie_beim_Urknall__ALICE_Experiment_startet_wieder_mit_Blei_Ionen___Goethe_Universit%C3%A4t_an_Messrekord_beteiligt\">Wie beim Urknall: ALICE-Experiment startet wieder mit Blei-Ionen &#8211; Goethe-Universit\u00e4t an Messrekord beteiligt<\/a><\/p><h4><strong><br \/>DNA als Angriffspunkt<\/strong><\/h4><p>Mediziner*innen der Goethe-Universit\u00e4t identifizieren in der DNA von Leuk\u00e4miezellen einen vielversprechenden Angriffspunkt f\u00fcr neue Therapieans\u00e4tze.<\/p><p><a href=\"https:\/\/www.puk.uni-frankfurt.de\/145426880\/Kinderonkologie__Neue_Achillesferse_von_Leuk%C3%A4miezellen_entdeckt\">Kinderonkologie: Neue Achillesferse von Leuk\u00e4miezellen entdeckt<\/a><\/p><h4><strong><br \/>Islamische Bestattungen<\/strong><\/h4><p>Die Akademie f\u00fcr Islam in Wissenschaft und Gesellschaft (AIWG) ver\u00f6ffentlicht ihre Expertise zu islamischen Bestattungen: Immer mehr der ca. 5,5 Millionen Muslim*innen in Deutschland wollen nach ihrem Tod auch hierzulande beerdigt werden.<\/p><p><a href=\"https:\/\/www.puk.uni-frankfurt.de\/145821806\/Immer_mehr_Musliminnen_und_Muslime_lassen_sich_in_Deutschland_bestatten\">Immer mehr Musliminnen und Muslime lassen sich in Deutschland bestatten<\/a><\/p><h4><strong><br \/>Besorgte Jugend<\/strong><\/h4><p>Globale Krisen lassen junge Menschen weiterhin besorgt in die Zukunft blicken: Dies ist ein Ergebnis der vierten JuCo-Studie des Forschungsverbunds<em>\u00a0<\/em>Kindheit \u2013 Jugend \u2013 Familie in der Corona-Zeit\u00a0der Universit\u00e4ten Frankfurt und Hildesheim. Rund 1.200 junge Menschen haben im Fr\u00fchjahr 2023 an der Studie teilgenommen.\u00a0<\/p><p><a href=\"https:\/\/www.puk.uni-frankfurt.de\/146323789\/Jugend_zwischen_Corona_Folgen_und_globalen_Krisen\">Jugend zwischen Corona-Folgen und globalen Krisen<\/a><\/p><h4><strong><br \/>Giftig <\/strong><\/h4><p>Frankfurter Forscher*innen widerlegen Hypothesen zur Evolution von Giftgenen bei Bienen, Wespen und Ameisen und zeigen, dass typische Gift-Bestandteile bereits bei den fr\u00fchesten Vorfahren der Hautfl\u00fcgler vor der Entstehung des Stachels entstanden sind.<\/p><p><a href=\"https:\/\/www.puk.uni-frankfurt.de\/146325475\/Das_Gift_war_vor_dem_Stachel_da__Erbgutanalyse_beleuchtet_Herkunft_des_Bienengifts\">Das Gift war vor dem Stachel da: Erbgutanalyse beleuchtet Herkunft des Bienengifts<\/a><\/p><h4><strong><br \/>\u201eBaby Diamond\u201c<\/strong><\/h4><p>Die Goethe-Universit\u00e4t wird in K\u00fcrze ihren ersten Quantencomputer installieren und sich damit in die Spitzengruppe der deutschen Universit\u00e4ten im Bereich des angewandten Quantencomputing einreihen: Der Frankfurter Erstling mit dem Namen \u201eBaby Diamond\u201c startet als Pilotsystem mit f\u00fcnf Qubits und beruht auf der Technologie der Stickstoff-Fehlstellen in einem k\u00fcnstlichen Diamanten.<\/p><p><a href=\"https:\/\/www.puk.uni-frankfurt.de\/146365968\/Goethe_Universit%C3%A4t_erh%C3%A4lt_ihren_ersten_Quantencomputer\">Goethe-Universit\u00e4t erh\u00e4lt ihren ersten Quantencomputer\u00a0<\/a><\/p><h4><strong><br \/>Zellen recycelt<\/strong><\/h4><p>Wissenschaftler*innen um Prof. Stefan M\u00fcller vom Institut f\u00fcr Biochemie II der Goethe-Universit\u00e4t identifizieren einen Mechanismus bei Leuk\u00e4miezellen, der sich als Ansatzpunkt f\u00fcr neue Medikamente eignen k\u00f6nnte.<\/p><p><a href=\"https:\/\/www.puk.uni-frankfurt.de\/146467060\/Leuk%C3%A4miezellen_aktivieren_zellul%C3%A4res_Recyclingprogramm\">Leuk\u00e4miezellen aktivieren zellul\u00e4res Recyclingprogramm<\/a><\/p>\t\t\t\t\t\t\t\t<\/div>\n\t\t\t\t<\/div>\n\t\t\t\t\t<\/div>\n\t\t<\/div>\n\t\t\t\t\t<\/div>\n\t\t<\/section>\n\t\t\t\t<section class=\"elementor-section elementor-top-section elementor-element elementor-element-f1415d6 elementor-section-full_width elementor-section-height-min-height elementor-section-items-stretch elementor-section-height-default\" data-id=\"f1415d6\" data-element_type=\"section\" id=\"go4tech\" data-settings=\"{&quot;background_background&quot;:&quot;classic&quot;,&quot;_ha_eqh_enable&quot;:false}\">\n\t\t\t\t\t\t<div class=\"elementor-container elementor-column-gap-default\">\n\t\t\t\t\t<div class=\"elementor-column elementor-col-50 elementor-top-column elementor-element elementor-element-000b99c\" data-id=\"000b99c\" data-element_type=\"column\" data-settings=\"{&quot;background_background&quot;:&quot;classic&quot;}\">\n\t\t\t<div class=\"elementor-widget-wrap elementor-element-populated\">\n\t\t\t\t\t\t<div class=\"elementor-element elementor-element-5577114 elementor-widget elementor-widget-spacer\" data-id=\"5577114\" data-element_type=\"widget\" data-widget_type=\"spacer.default\">\n\t\t\t\t<div class=\"elementor-widget-container\">\n\t\t\t\t\t\t\t<div class=\"elementor-spacer\">\n\t\t\t<div class=\"elementor-spacer-inner\"><\/div>\n\t\t<\/div>\n\t\t\t\t\t\t<\/div>\n\t\t\t\t<\/div>\n\t\t\t\t<div class=\"elementor-element elementor-element-8c5e911 animated-fast elementor-widget__width-initial ha-has-bg-overlay elementor-invisible elementor-widget elementor-widget-text-editor\" data-id=\"8c5e911\" data-element_type=\"widget\" data-settings=\"{&quot;_animation&quot;:&quot;fadeInUp&quot;}\" data-widget_type=\"text-editor.default\">\n\t\t\t\t<div class=\"elementor-widget-container\">\n\t\t\t\t\t\t\t\t\t<p>Illustration: Go4Tec<\/p>\t\t\t\t\t\t\t\t<\/div>\n\t\t\t\t<\/div>\n\t\t\t\t\t<\/div>\n\t\t<\/div>\n\t\t\t\t<div class=\"elementor-column elementor-col-50 elementor-top-column elementor-element elementor-element-0e6fffa\" data-id=\"0e6fffa\" data-element_type=\"column\">\n\t\t\t<div class=\"elementor-widget-wrap elementor-element-populated\">\n\t\t\t\t\t\t<div class=\"elementor-element elementor-element-77e48fe elementor-align-start elementor-mobile-align-start elementor-icon-list--layout-traditional elementor-list-item-link-full_width elementor-widget elementor-widget-icon-list\" data-id=\"77e48fe\" data-element_type=\"widget\" data-widget_type=\"icon-list.default\">\n\t\t\t\t<div class=\"elementor-widget-container\">\n\t\t\t\t\t\t\t<ul class=\"elementor-icon-list-items\">\n\t\t\t\t\t\t\t<li class=\"elementor-icon-list-item\">\n\t\t\t\t\t\t\t\t\t\t<span class=\"elementor-icon-list-text\">Go4Tech<\/span>\n\t\t\t\t\t\t\t\t\t<\/li>\n\t\t\t\t\t\t<\/ul>\n\t\t\t\t\t\t<\/div>\n\t\t\t\t<\/div>\n\t\t\t\t<div class=\"elementor-element elementor-element-e3d6c93 animated-fast elementor-invisible elementor-widget elementor-widget-heading\" data-id=\"e3d6c93\" data-element_type=\"widget\" data-settings=\"{&quot;_animation&quot;:&quot;fadeInUp&quot;}\" data-widget_type=\"heading.default\">\n\t\t\t\t<div class=\"elementor-widget-container\">\n\t\t\t\t\t<h2 class=\"elementor-heading-title elementor-size-default\">Go4Tech: Sharing is caring <\/h2>\t\t\t\t<\/div>\n\t\t\t\t<\/div>\n\t\t\t\t<div class=\"elementor-element elementor-element-06aee92 animated-fast elementor-invisible elementor-widget elementor-widget-text-editor\" data-id=\"06aee92\" data-element_type=\"widget\" data-settings=\"{&quot;_animation&quot;:&quot;fadeInUp&quot;}\" data-widget_type=\"text-editor.default\">\n\t\t\t\t<div class=\"elementor-widget-container\">\n\t\t\t\t\t\t\t\t\t<p>An der Goethe-Universit\u00e4t sind zahlreiche Gro\u00dfger\u00e4te im Einsatz. Doch nicht alle sind ausgelastet. Im M\u00e4rz 2023 startete das Projekt Go4Tech: Es soll den Aufbau eines Gro\u00dfger\u00e4te-Dachzentrums testen \u2013 zum Vorteil vieler Forscher*innen an der Goethe-Universit\u00e4t, aber auch f\u00fcr den neuen Forschungsverbund Frankfurt Alliance und die Partner im Verbund der Rhein-Main-Universit\u00e4ten.<\/p>\t\t\t\t\t\t\t\t<\/div>\n\t\t\t\t<\/div>\n\t\t\t\t\t<\/div>\n\t\t<\/div>\n\t\t\t\t\t<\/div>\n\t\t<\/section>\n\t\t\t\t<section class=\"elementor-section elementor-top-section elementor-element elementor-element-ba89034 elementor-section-content-middle elementor-section-boxed elementor-section-height-default elementor-section-height-default\" data-id=\"ba89034\" data-element_type=\"section\" data-settings=\"{&quot;_ha_eqh_enable&quot;:false}\">\n\t\t\t\t\t\t<div class=\"elementor-container elementor-column-gap-no\">\n\t\t\t\t\t<div class=\"elementor-column elementor-col-100 elementor-top-column elementor-element elementor-element-28b42a7\" data-id=\"28b42a7\" data-element_type=\"column\">\n\t\t\t<div class=\"elementor-widget-wrap elementor-element-populated\">\n\t\t\t\t\t\t<div class=\"elementor-element elementor-element-74f275c animated-fast elementor-invisible elementor-widget elementor-widget-text-editor\" data-id=\"74f275c\" data-element_type=\"widget\" data-settings=\"{&quot;_animation&quot;:&quot;fadeInUp&quot;}\" data-widget_type=\"text-editor.default\">\n\t\t\t\t<div class=\"elementor-widget-container\">\n\t\t\t\t\t\t\t\t\t<p>Um mit der Forschung in das Innerste, was die Welt zusammenh\u00e4lt, vorzusto\u00dfen, sind modernste und leistungsf\u00e4hige Forschungsger\u00e4te n\u00f6tig. Diese Forschungsgro\u00dfger\u00e4te sind an der Goethe-Universit\u00e4t zumeist in unabh\u00e4ngigen Technologieinfrastrukturzentren und in der Regel einer Professur organisiert \u2013 wie dem Frankfurt Center for Electron Microsopy (FCEM), dem Brain Imaging Center (BIC) oder dem Biomolekularen Magnet-Resonanz-Zentrum (BMRZ). Das hei\u00dft: Sie werden dezentral betrieben. Die Nutzung dieser Infrastrukturen stand zwar schon bislang Wissenschaftler*innen aus anderen Bereichen offen. Allerdings kommen Interessenten und Betreiber*innen nicht immer zusammen. Das ist vor allem dann der Fall, wenn Transparenz fehlt, an welchen Ger\u00e4ten der Goethe-Universit\u00e4t sich Messungen oder Forschungsprozesse f\u00fcr das jeweils gesuchte Testverfahren durchf\u00fchren lassen. F\u00fcr die Anbieterseite \u2013 die Betreiberzentren \u2013 kann es dagegen herausfordernd sein, sich um die Anfragen parallel zum eigenen Forschungsbetrieb zu k\u00fcmmern, die Prozesse zu organisieren, abzurechnen und auch zu dokumentieren.<\/p>\t\t\t\t\t\t\t\t<\/div>\n\t\t\t\t<\/div>\n\t\t\t\t<div class=\"elementor-element elementor-element-76e8d05 elementor-widget elementor-widget-heading\" data-id=\"76e8d05\" data-element_type=\"widget\" data-widget_type=\"heading.default\">\n\t\t\t\t<div class=\"elementor-widget-container\">\n\t\t\t\t\t<h3 class=\"elementor-heading-title elementor-size-default\">Suche Gro\u00dfger\u00e4t, biete Gegenfinanzierung<\/h3>\t\t\t\t<\/div>\n\t\t\t\t<\/div>\n\t\t\t\t<div class=\"elementor-element elementor-element-5fb4e8b animated-fast elementor-invisible elementor-widget elementor-widget-text-editor\" data-id=\"5fb4e8b\" data-element_type=\"widget\" data-settings=\"{&quot;_animation&quot;:&quot;fadeInUp&quot;}\" data-widget_type=\"text-editor.default\">\n\t\t\t\t<div class=\"elementor-widget-container\">\n\t\t\t\t\t\t\t\t\t<p>Das im M\u00e4rz 2023 Projekt Go4Tech zielte nun darauf, die Auslastung der Forschungsgro\u00dfger\u00e4te zu verbessern, Transparenz \u00fcber die Services herzustellen und die Betreiber*innen von administrativer Arbeit zu entlasten. Denn gibt es kein Matching von Interessenten- und Anbieterseite, ist das nicht nur f\u00fcr die Forschenden, die ein Ger\u00e4t f\u00fcr ihre Testungen suchen, ein Verlust. Nachteile haben auch die Betreiber*innen, denn der Betrieb der Gro\u00dfger\u00e4te wird in Teilen auch durch Nutzungsentgelte gegenfinanziert. Dabei bewegt sich nicht nur der Anschaffungspreis f\u00fcr ein Gro\u00dfger\u00e4t in Millionenh\u00f6he \u2013 auch die laufenden Kosten machen einen gro\u00dfen Posten aus. \u00bbWartungs- und Reparaturkosten k\u00f6nnen sich leicht auf f\u00fcnf Prozent der Anschaffungssumme pro Jahr belaufen, bis die Vollkosten f\u00fcr das Ger\u00e4t dann nach 15 Jahren abgeschrieben sind\u00ab, sagt Prof. Dr. Michael Huth, Vizepr\u00e4sident f\u00fcr Strategische Organisations- und Qualit\u00e4tsentwicklung (SOQE). Er sch\u00e4tzt, dass es allein an der Goethe-Universit\u00e4t um die 1.000 Wissenschaftler*innen gibt, die nach dem passenden Forschungsgro\u00dfger\u00e4t f\u00fcr ihre Arbeit suchen, w\u00e4hrend gleichzeitig diese Ger\u00e4te in einigen der Infrastrukturzenten nicht ausgelastet sind. \u00bbIch kenne das Problem mit der Auslastung, weil ich selbst zwei Zweistrahl-Elektronenmikroskope betreibe und Direktor des Zentrums f\u00fcr Elektronenmikroskopie war\u00ab, erl\u00e4utert der Physiker.<\/p><p>Um diese Strukturen und damit die Situation nachhaltig zu ver\u00e4ndern, hat Huth gemeinsam mit Lars Winter, dem Leiter des B\u00fcros Strategische Organisations- und Qualit\u00e4tsentwicklung, ein Konzept f\u00fcr eine Service-Dachorganisation entwickelt. Diese soll dazu beitragen, die Sichtbarkeit und Zug\u00e4nge zu den Forschungsgro\u00dfger\u00e4ten und Services zu verbessern und zugleich die Betreiber*innen bei der Administration entlasten. Unter dem Namen Go4Tech arbeitet das Dachzentrum seit M\u00e4rz 2023 erst einmal als Projekt (Website: <a href=\"https:\/\/www.go4tec-frankfurt.de\/en\/FCET\" target=\"_blank\" rel=\"noopener\">Go4Tech<\/a>).<\/p>\t\t\t\t\t\t\t\t<\/div>\n\t\t\t\t<\/div>\n\t\t\t\t<div class=\"elementor-element elementor-element-858f095 elementor-widget elementor-widget-heading\" data-id=\"858f095\" data-element_type=\"widget\" data-widget_type=\"heading.default\">\n\t\t\t\t<div class=\"elementor-widget-container\">\n\t\t\t\t\t<h3 class=\"elementor-heading-title elementor-size-default\">Messzeit oder Testprozess einfach buchen <\/h3>\t\t\t\t<\/div>\n\t\t\t\t<\/div>\n\t\t\t\t<div class=\"elementor-element elementor-element-75f4335 animated-fast elementor-invisible elementor-widget elementor-widget-text-editor\" data-id=\"75f4335\" data-element_type=\"widget\" data-settings=\"{&quot;_animation&quot;:&quot;fadeInUp&quot;}\" data-widget_type=\"text-editor.default\">\n\t\t\t\t<div class=\"elementor-widget-container\">\n\t\t\t\t\t\t\t\t\t<p>Und so soll Go4Tech funktionieren: Bestehende Zentren mit Gro\u00dfger\u00e4ten lassen sich bei Interesse assoziieren oder als Kompetenzzentren integrieren. Neue Kompetenzzentren k\u00f6nnen direkt in Go4Tec etabliert werden. Informationen zum Forschungsgro\u00dfger\u00e4t werden \u00fcber Go4Tec transparent dargestellt. Forscher*innen, die die entsprechende Infrastruktur f\u00fcr ihre Arbeit ben\u00f6tigen, k\u00f6nnen direkt \u00fcber die Go4Tec-Plattform Buchungsanfragen stellen. Wer mit dem Gro\u00dfger\u00e4t vertraut ist und selbst messen m\u00f6chte, bucht einfach nur die reine Messzeit in dem mit Go4Tec verbundenen Buchungsportal. Buchbar sind aber auch \u2013 je nach Aufgabenstellung \u2013 komplette Services (Testprozess) inklusive Analyse und Auswertung. Die Information, f\u00fcr welchen Zeitraum das Ger\u00e4t f\u00fcr welche Leistungen gebucht wurde, geht an das Betreiberzentrum. Dort k\u00fcmmert man sich dann um die Umsetzung. Die Abrechnung \u00fcbernimmt zuk\u00fcnftig Go4Tech; von dort werden die eingenommenen Drittmittel an die Betreiber*innen \u00fcberwiesen.<\/p><p>F\u00fcr in Go4Tec integrierte Kompetenzzentren sind dar\u00fcber hinaus auch finanzielle Entlastungen vorgesehen. Zum einen bei Personalkosten. Zum anderen geht es um die Kosten, die den Kompetenzzentren f\u00fcr die Instandhaltung der Forschungsgro\u00dfger\u00e4te entstehen \u2013 von wenigen Ausnahmen abgesehen, lassen sich f\u00fcr diese keine zus\u00e4tzlichen Drittmittel beantragen. Das Finanzierungskonzept sieht vor, dass die Betreiber*innen f\u00fcr jeden Euro, der f\u00fcr die Nutzung des Gro\u00dfger\u00e4ts durch externe Nutzer*innen an das Kompetenzzentrum flie\u00dft, einen prozentualen Anteil on Top bekommen und sich auch Fachbereiche beteiligen.<\/p><p>Huth und Winter ist bewusst, dass die Integration in Go4Tech nicht f\u00fcr jedes Zentrum die richtige L\u00f6sung ist. So werde das BMRZ, bei dem es um biologische Magnetresonanz geht, europaweit genutzt, sei somit ein Kandidat, der sich m\u00f6glicherweise einfach als Kooperationspartner einfach nur \u00fcber Go4Tec \u203aassoziieren\u2039 lassen k\u00f6nne. Bereits integriert ist das Frankfurt Competence Center for Emerging Therapeutics, kurz: FCET. Jahres- oder quartalsweise kann das System nun auf Knopfdruck die Ger\u00e4teauslastung anzeigen. Au\u00dferdem ist es m\u00f6glich, die Rechnungsstellung f\u00fcr die Mess- oder Prozesszeit \u00fcber das Buchungssystem automatisch vorzunehmen und an die im System eingetragenen Nutzer*innen zu verschicken.<\/p>\t\t\t\t\t\t\t\t<\/div>\n\t\t\t\t<\/div>\n\t\t\t\t<div class=\"elementor-element elementor-element-cba20af elementor-widget elementor-widget-heading\" data-id=\"cba20af\" data-element_type=\"widget\" data-widget_type=\"heading.default\">\n\t\t\t\t<div class=\"elementor-widget-container\">\n\t\t\t\t\t<h3 class=\"elementor-heading-title elementor-size-default\">Auch eine Antwort auf Erwartungen der Drittmittelgeber <\/h3>\t\t\t\t<\/div>\n\t\t\t\t<\/div>\n\t\t\t\t<div class=\"elementor-element elementor-element-ef8a234 animated-fast elementor-invisible elementor-widget elementor-widget-text-editor\" data-id=\"ef8a234\" data-element_type=\"widget\" data-settings=\"{&quot;_animation&quot;:&quot;fadeInUp&quot;}\" data-widget_type=\"text-editor.default\">\n\t\t\t\t<div class=\"elementor-widget-container\">\n\t\t\t\t\t\t\t\t\t<p>Dass Go4Tech sich als fachbereichs\u00fcbergreifendes Zentrum etablieren wird, davon sind Michael Huth und Lars Winter \u00fcberzeugt. \u00bbGo4Tec ist sozusagen Technologie-offen. So k\u00f6nnte man dar\u00fcber nachdenken, dass Forschungsinfrastrukturen, die im Kontext von psychologischer Forschung ben\u00f6tigt werden, sich ebenfalls in Go4Tec integrieren\u00ab, so Winter. Auch die gro\u00dfen Drittmittelgeber erwarten, dass Hochschulen ihre Forschungsinfrastrukturen nachhaltig managen. Dazu geh\u00f6rt auch, dass das k\u00fcnftige Dachzentrum einen wissenschaftlichen Beirat mit internen Mitgliedern \u2013 den Direktor*innen der Kompetenzzentren \u2013 und externen Expert*innen einrichten wird.<\/p><p>\u00bbEin weiterer Schritt beim Ausbau von Go4Tec\u00ab, sagt Michael Huth, \u00bbw\u00e4re schlie\u00dflich, dass sich das Dachzentrum auch f\u00fcr unsere RMU-Allianzpartner in Darmstadt und Mainz sowie f\u00fcr andere externe Kooperationspartner, beispielsweise im Rahmen des neuen Forschungsverbunds Frankfurt Alliance, \u00f6ffnet. So k\u00f6nnten unsere Forscherinnen und Forscher und unsere Partner von mehr Transparenz, mehr Service und besserem Drittmittelfluss profitieren.\u00ab<\/p>\t\t\t\t\t\t\t\t<\/div>\n\t\t\t\t<\/div>\n\t\t\t\t<div class=\"elementor-element elementor-element-4d9b177 animated-fast elementor-invisible elementor-widget elementor-widget-text-editor\" data-id=\"4d9b177\" data-element_type=\"widget\" data-settings=\"{&quot;_animation&quot;:&quot;fadeInUp&quot;}\" data-widget_type=\"text-editor.default\">\n\t\t\t\t<div class=\"elementor-widget-container\">\n\t\t\t\t\t\t\t\t\t<p>if\/pb<\/p><p>Der Text ist die gek\u00fcrzte Fassung eines Beitrags im GoetheSpektrum 1\/24.<\/p>\t\t\t\t\t\t\t\t<\/div>\n\t\t\t\t<\/div>\n\t\t\t\t\t<\/div>\n\t\t<\/div>\n\t\t\t\t\t<\/div>\n\t\t<\/section>\n\t\t\t\t<section class=\"elementor-section elementor-top-section elementor-element elementor-element-6990f82 elementor-section-full_width elementor-section-height-min-height elementor-section-items-stretch elementor-section-height-default\" data-id=\"6990f82\" data-element_type=\"section\" id=\"zehnpunktepapier\" data-settings=\"{&quot;background_background&quot;:&quot;classic&quot;,&quot;_ha_eqh_enable&quot;:false}\">\n\t\t\t\t\t\t<div class=\"elementor-container elementor-column-gap-default\">\n\t\t\t\t\t<div class=\"elementor-column elementor-col-50 elementor-top-column elementor-element elementor-element-7b29f84\" data-id=\"7b29f84\" data-element_type=\"column\" data-settings=\"{&quot;background_background&quot;:&quot;classic&quot;}\">\n\t\t\t<div class=\"elementor-widget-wrap elementor-element-populated\">\n\t\t\t\t\t\t<div class=\"elementor-element elementor-element-1c2e92a elementor-widget elementor-widget-spacer\" data-id=\"1c2e92a\" data-element_type=\"widget\" data-widget_type=\"spacer.default\">\n\t\t\t\t<div class=\"elementor-widget-container\">\n\t\t\t\t\t\t\t<div class=\"elementor-spacer\">\n\t\t\t<div class=\"elementor-spacer-inner\"><\/div>\n\t\t<\/div>\n\t\t\t\t\t\t<\/div>\n\t\t\t\t<\/div>\n\t\t\t\t<div class=\"elementor-element elementor-element-826cab8 animated-fast elementor-widget__width-initial ha-has-bg-overlay elementor-invisible elementor-widget elementor-widget-text-editor\" data-id=\"826cab8\" data-element_type=\"widget\" data-settings=\"{&quot;_animation&quot;:&quot;fadeInUp&quot;}\" data-widget_type=\"text-editor.default\">\n\t\t\t\t<div class=\"elementor-widget-container\">\n\t\t\t\t\t\t\t\t\t<p>Foto: Pheelings media\/shutterstock<\/p>\t\t\t\t\t\t\t\t<\/div>\n\t\t\t\t<\/div>\n\t\t\t\t\t<\/div>\n\t\t<\/div>\n\t\t\t\t<div class=\"elementor-column elementor-col-50 elementor-top-column elementor-element elementor-element-f4ec269\" data-id=\"f4ec269\" data-element_type=\"column\">\n\t\t\t<div class=\"elementor-widget-wrap elementor-element-populated\">\n\t\t\t\t\t\t<div class=\"elementor-element elementor-element-b203226 elementor-align-start elementor-mobile-align-start elementor-icon-list--layout-traditional elementor-list-item-link-full_width elementor-widget elementor-widget-icon-list\" data-id=\"b203226\" data-element_type=\"widget\" data-widget_type=\"icon-list.default\">\n\t\t\t\t<div class=\"elementor-widget-container\">\n\t\t\t\t\t\t\t<ul class=\"elementor-icon-list-items\">\n\t\t\t\t\t\t\t<li class=\"elementor-icon-list-item\">\n\t\t\t\t\t\t\t\t\t\t<span class=\"elementor-icon-list-text\">Zehnpunktepapier<\/span>\n\t\t\t\t\t\t\t\t\t<\/li>\n\t\t\t\t\t\t<\/ul>\n\t\t\t\t\t\t<\/div>\n\t\t\t\t<\/div>\n\t\t\t\t<div class=\"elementor-element elementor-element-ebf1844 animated-fast elementor-invisible elementor-widget elementor-widget-heading\" data-id=\"ebf1844\" data-element_type=\"widget\" data-settings=\"{&quot;_animation&quot;:&quot;fadeInUp&quot;}\" data-widget_type=\"heading.default\">\n\t\t\t\t<div class=\"elementor-widget-container\">\n\t\t\t\t\t<h2 class=\"elementor-heading-title elementor-size-default\">Gendersensitive Forschung<\/h2>\t\t\t\t<\/div>\n\t\t\t\t<\/div>\n\t\t\t\t<div class=\"elementor-element elementor-element-1ce9737 animated-fast elementor-invisible elementor-widget elementor-widget-text-editor\" data-id=\"1ce9737\" data-element_type=\"widget\" data-settings=\"{&quot;_animation&quot;:&quot;fadeInUp&quot;}\" data-widget_type=\"text-editor.default\">\n\t\t\t\t<div class=\"elementor-widget-container\">\n\t\t\t\t\t\t\t\t\t<p>K\u00fcnstliche Intelligenz mit Vorurteilen oder falsch zugeordnete Gr\u00e4ber von Wikingerinnen \u2013 Geschlecht und Vielfalt k\u00f6nnen mitunter unerwartete Bedeutung f\u00fcr die Forschung entfalten. Deshalb sollen sie in der Goethe-Universit\u00e4t bei der Konzeption von Forschungsthemen st\u00e4rker ber\u00fccksichtigt werden. Ein neues Zehn-Punkte-Papier hilft dabei.<\/p>\t\t\t\t\t\t\t\t<\/div>\n\t\t\t\t<\/div>\n\t\t\t\t\t<\/div>\n\t\t<\/div>\n\t\t\t\t\t<\/div>\n\t\t<\/section>\n\t\t\t\t<section class=\"elementor-section elementor-top-section elementor-element elementor-element-ca82fbc elementor-section-content-middle elementor-section-boxed elementor-section-height-default elementor-section-height-default\" data-id=\"ca82fbc\" data-element_type=\"section\" data-settings=\"{&quot;_ha_eqh_enable&quot;:false}\">\n\t\t\t\t\t\t<div class=\"elementor-container elementor-column-gap-no\">\n\t\t\t\t\t<div class=\"elementor-column elementor-col-100 elementor-top-column elementor-element elementor-element-0367e35\" data-id=\"0367e35\" data-element_type=\"column\">\n\t\t\t<div class=\"elementor-widget-wrap elementor-element-populated\">\n\t\t\t\t\t\t<div class=\"elementor-element elementor-element-405d566 animated-fast elementor-invisible elementor-widget elementor-widget-text-editor\" data-id=\"405d566\" data-element_type=\"widget\" data-settings=\"{&quot;_animation&quot;:&quot;fadeInUp&quot;}\" data-widget_type=\"text-editor.default\">\n\t\t\t\t<div class=\"elementor-widget-container\">\n\t\t\t\t\t\t\t\t\t<p>\u201eDie Goethe-Universit\u00e4t will Vorreiterin auf dem Weg zu einer besseren Wissenschaft sein, die m\u00f6glichst allen Menschen gerecht wird\u201c, formuliert Universit\u00e4tspr\u00e4sident Prof. Enrico Schleiff die Zielrichtung des Zehn-Punkte-Papiers zu Geschlecht und Vielfalt in der Forschung. Im Juni 2023 pr\u00e4sentierte das Pr\u00e4sidium der Goethe-Universit\u00e4t das Papier und die darin vorgegebenen konkreten Schritte auf einer Veranstaltung mit externen Fachleuten und der Goethe-Uni-Forschungscommunity.<\/p><p>\u201eJede Forscherin, jeder Forscher sollte sich fragen: Inwiefern spielen Geschlechter und Vielfaltsaspekte in meiner Forschung eine Rolle? Und zwar nicht nur, weil dies auch f\u00fcr Projektantr\u00e4ge an Bedeutung gewinnt, sondern weil wir \u00fcberzeugt sind, dass wir damit zu valideren Forschungsergebnissen kommen. Indem wir uns dessen st\u00e4rker bewusst werden und in Austausch dar\u00fcber treten, wird unsere Forschung innovativer und kreativer\u201c, sagte Universit\u00e4tspr\u00e4sident Enrico Schleiff anl\u00e4sslich der Vorstellung des Zehn-Punkte-Papiers. In dem Papier beschreibt die Goethe-Universit\u00e4t, wo sie derzeit steht, und setzt auf konkrete Ma\u00dfnahmen und Ziele, um den Einbezug der besagten Aspekte zuk\u00fcnftig noch weiter zu verbessern. So plant die Universit\u00e4t nicht nur, das Thema im n\u00e4chsten Hochschulentwicklungsplan zu verankern, sondern auch, die Reflexion in internen Ausschreibungen einzufordern und in der Ausbildung und Weiterqualifizierung st\u00e4rker einzubinden.<\/p>\t\t\t\t\t\t\t\t<\/div>\n\t\t\t\t<\/div>\n\t\t\t\t<div class=\"elementor-element elementor-element-15d855e elementor-widget elementor-widget-heading\" data-id=\"15d855e\" data-element_type=\"widget\" data-widget_type=\"heading.default\">\n\t\t\t\t<div class=\"elementor-widget-container\">\n\t\t\t\t\t<h3 class=\"elementor-heading-title elementor-size-default\">Bislang sind die f\u00fcr Frauen typischen Symptome eines Herzinfarkts weniger erforscht<\/h3>\t\t\t\t<\/div>\n\t\t\t\t<\/div>\n\t\t\t\t<div class=\"elementor-element elementor-element-97e327d animated-fast elementor-invisible elementor-widget elementor-widget-text-editor\" data-id=\"97e327d\" data-element_type=\"widget\" data-settings=\"{&quot;_animation&quot;:&quot;fadeInUp&quot;}\" data-widget_type=\"text-editor.default\">\n\t\t\t\t<div class=\"elementor-widget-container\">\n\t\t\t\t\t\t\t\t\t<p>Auch f\u00fcr Laien auf Anhieb einleuchtend sind die Beispiele aus der medizinischen Forschung: Wenn Medikamente nicht gleicherma\u00dfen und differenziert an Frauen wie M\u00e4nnern erprobt sind, wird ihre passgenaue Anwendung schwierig sein. Dr. Lena Marie Seegers und Prof. David Leistner aus der Kardiologie des Universit\u00e4tsklinikums Frankfurt sehen viel Potenzial darin, die medizinische Forschung im Hinblick auf die Vielfalt von Menschen besser aufzustellen \u2013 etwa durch das geplante. Frauen-Herzzentrum (\u201eWomen\u2019s Heart Health Center Frankfurt\u201c) zur gendersensitiven medizinischen Forschung, das die Kardiologin Seegers leiten wird. Seegers forschte zwei Jahre an der Harvard University in Boston zu geschlechtsspezifischen Unterschieden der Herzkranzgef\u00e4\u00dfe. Frauen ignorierten kardiovaskul\u00e4re Symptomatiken oft, weil sie ein Leben lang an Schwankungen im Wohlbefinden gew\u00f6hnt seien. Gerade aber in Phasen der hormonellen Umstellung wie Schwangerschaft und Menopause sei ein spezifischer Blick auf die weibliche Gesundheit wichtig.<\/p><p>Noch relativ unerforscht sei auch der Zusammenhang zwischen rheumatischen oder gyn\u00e4kologischen Erkrankungen und dem Herzinfarktrisiko. \u201eFrauen haben in Deutschland ein deutlich h\u00f6heres Risiko, an einem Herzinfarkt zu versterben als M\u00e4nner\u201c, lautet Seegers\u2019 n\u00fcchterne Bilanz. Denn bislang seien die f\u00fcr Frauen typischen Symptome eines Herzinfarkts weniger erforscht und auch wenig allgemein bekannt.<\/p>\t\t\t\t\t\t\t\t<\/div>\n\t\t\t\t<\/div>\n\t\t\t\t<div class=\"elementor-element elementor-element-8096de8 elementor-widget elementor-widget-heading\" data-id=\"8096de8\" data-element_type=\"widget\" data-widget_type=\"heading.default\">\n\t\t\t\t<div class=\"elementor-widget-container\">\n\t\t\t\t\t<h3 class=\"elementor-heading-title elementor-size-default\">\u201eWir m\u00fcssen in der Ausbildung angehende Lehrkr\u00e4fte f\u00fcr Stereotype in ihrem eigenen Denken sensibilisieren\u201c<\/h3>\t\t\t\t<\/div>\n\t\t\t\t<\/div>\n\t\t\t\t<div class=\"elementor-element elementor-element-fc2d0cd animated-fast elementor-invisible elementor-widget elementor-widget-text-editor\" data-id=\"fc2d0cd\" data-element_type=\"widget\" data-settings=\"{&quot;_animation&quot;:&quot;fadeInUp&quot;}\" data-widget_type=\"text-editor.default\">\n\t\t\t\t<div class=\"elementor-widget-container\">\n\t\t\t\t\t\t\t\t\t<p>In den Erziehungswissenschaften existiert zwar seit Langem eine differenzierte und anspruchsvolle Geschlechterforschung, ein Querschnittsthema ist dies aber bislang nicht. Prof. Bettina Kleiner, Erziehungswissenschaftlerin und Direktorin des Cornelia Goethe-Zentrums, w\u00fcrde das gern \u00e4ndern. Die p\u00e4dagogischen Handlungsfelder Schule und Kindertagesst\u00e4tten seien zwar nicht die einzigen Gegenst\u00e4nde ihres Faches, aber die dortige Realit\u00e4t sei pr\u00e4gend f\u00fcr die gesellschaftliche Geschlechterordnung. Schule bilde einerseits die Lebensverh\u00e4ltnisse in der Gesellschaft ab und habe andererseits die Aufgabe, Kinder und Jugendliche zu sozialisieren. Damit vermittelte sie immer auch Werte und Normen, die zu reflektieren seien. \u201eNoch immer werden im schulischen Unterricht Geschlechterstereotype reproduziert, die unter anderem dazu f\u00fchren, dass unterschiedliche und tendenziell f\u00fcr Frauen karrierebezogen nachteilige fachbezogene und berufliche Pr\u00e4ferenzen ausgebildet werden. Und wenn wir an queere Kinder und Jugendliche denken\u201c, so Kleiner, \u201ewerden deren Lebensrealit\u00e4ten nach wie vor selten und kaum einmal in angemessener Weise im Schulalltag abgebildet. Deshalb m\u00fcssen wir in der Ausbildung angehende Lehrkr\u00e4fte f\u00fcr Stereotype in ihrem eigenen Denken sensibilisieren.\u201c<\/p><p>Doch nicht nur in den Erziehungswissenschaften und in der Medizin sollen Geschlecht und Vielfalt k\u00fcnftig st\u00e4rker ins Bewusstsein der Forschenden r\u00fccken. Auch alle anderen Disziplinen sollen sich k\u00fcnftig Gedanken dar\u00fcber machen, ob dieser Aspekt eine Rolle spielt und welche: Literaturwissenschaften und Geschichtswissenschaft, Politologie und Wirtschaft \u2013 aber auch Biologie, Chemie und Physik. Physik? Bei der Erforschung eines Schwarzen Lochs mag es tats\u00e4chlich schwierig sein, die Relevanz von Genderaspekten zu erkennen. Aber es sollte k\u00fcnftig Standard sein, zumindest dar\u00fcber nachzudenken.<\/p><p>Und auch wenn es hier nicht um Gleichstellung, also Chancengleichheit am Arbeitsplatz geht, so spielt es dennoch auch eine Rolle, wie Forschungsgruppen und -verb\u00fcnde zusammengesetzt sind: \u201eNat\u00fcrlich ist es f\u00fcr die Forschung \u2013 f\u00fcr ihre Ausrichtung und die Ergebnisse \u2013 auch von Bedeutung, wer sie betreibt\u201c, ist Erziehungswissenschaftlerin Bettina Kleiner \u00fcberzeugt. F\u00fcr sie ist das Zehn-Punkte-Papier der Goethe-Universit\u00e4t deshalb von zentraler Bedeutung: Es sei eine \u201ewichtige Selbstverpflichtung zur St\u00e4rkung von Geschlechterreflexivit\u00e4t, Vielfalt und Gerechtigkeit in der Forschung\u201c.<\/p>\t\t\t\t\t\t\t\t<\/div>\n\t\t\t\t<\/div>\n\t\t\t\t<div class=\"elementor-element elementor-element-4b9bb34 animated-fast elementor-invisible elementor-widget elementor-widget-text-editor\" data-id=\"4b9bb34\" data-element_type=\"widget\" data-settings=\"{&quot;_animation&quot;:&quot;fadeInUp&quot;}\" data-widget_type=\"text-editor.default\">\n\t\t\t\t<div class=\"elementor-widget-container\">\n\t\t\t\t\t\t\t\t\t<p>asa<\/p><p>Der Beitrag erschien in l\u00e4ngerer Fassung im UniReport 4\/23.<\/p>\t\t\t\t\t\t\t\t<\/div>\n\t\t\t\t<\/div>\n\t\t\t\t\t<\/div>\n\t\t<\/div>\n\t\t\t\t\t<\/div>\n\t\t<\/section>\n\t\t\t\t<section class=\"elementor-section elementor-top-section elementor-element elementor-element-13f6b64 elementor-section-full_width elementor-section-height-min-height elementor-section-items-stretch elementor-section-height-default\" data-id=\"13f6b64\" data-element_type=\"section\" id=\"ifs\" data-settings=\"{&quot;background_background&quot;:&quot;classic&quot;,&quot;_ha_eqh_enable&quot;:false}\">\n\t\t\t\t\t\t<div class=\"elementor-container elementor-column-gap-default\">\n\t\t\t\t\t<div class=\"elementor-column elementor-col-50 elementor-top-column elementor-element elementor-element-3160d06\" data-id=\"3160d06\" data-element_type=\"column\" data-settings=\"{&quot;background_background&quot;:&quot;classic&quot;}\">\n\t\t\t<div class=\"elementor-widget-wrap elementor-element-populated\">\n\t\t\t\t\t\t<div class=\"elementor-element elementor-element-636d368 elementor-widget elementor-widget-spacer\" data-id=\"636d368\" data-element_type=\"widget\" data-widget_type=\"spacer.default\">\n\t\t\t\t<div class=\"elementor-widget-container\">\n\t\t\t\t\t\t\t<div class=\"elementor-spacer\">\n\t\t\t<div class=\"elementor-spacer-inner\"><\/div>\n\t\t<\/div>\n\t\t\t\t\t\t<\/div>\n\t\t\t\t<\/div>\n\t\t\t\t<div class=\"elementor-element elementor-element-60c4422 animated-fast elementor-widget__width-initial ha-has-bg-overlay elementor-invisible elementor-widget elementor-widget-text-editor\" data-id=\"60c4422\" data-element_type=\"widget\" data-settings=\"{&quot;_animation&quot;:&quot;fadeInUp&quot;}\" data-widget_type=\"text-editor.default\">\n\t\t\t\t<div class=\"elementor-widget-container\">\n\t\t\t\t\t\t\t\t\t<p>Foto: Universit\u00e4tsarchiv Frankfurt<\/p>\t\t\t\t\t\t\t\t<\/div>\n\t\t\t\t<\/div>\n\t\t\t\t\t<\/div>\n\t\t<\/div>\n\t\t\t\t<div class=\"elementor-column elementor-col-50 elementor-top-column elementor-element elementor-element-a2bbdd2\" data-id=\"a2bbdd2\" data-element_type=\"column\">\n\t\t\t<div class=\"elementor-widget-wrap elementor-element-populated\">\n\t\t\t\t\t\t<div class=\"elementor-element elementor-element-61a32c5 elementor-align-start elementor-mobile-align-start elementor-icon-list--layout-traditional elementor-list-item-link-full_width elementor-widget elementor-widget-icon-list\" data-id=\"61a32c5\" data-element_type=\"widget\" data-widget_type=\"icon-list.default\">\n\t\t\t\t<div class=\"elementor-widget-container\">\n\t\t\t\t\t\t\t<ul class=\"elementor-icon-list-items\">\n\t\t\t\t\t\t\t<li class=\"elementor-icon-list-item\">\n\t\t\t\t\t\t\t\t\t\t<span class=\"elementor-icon-list-text\">Frankfurter Institut f\u00fcr Sozialforschung <\/span>\n\t\t\t\t\t\t\t\t\t<\/li>\n\t\t\t\t\t\t<\/ul>\n\t\t\t\t\t\t<\/div>\n\t\t\t\t<\/div>\n\t\t\t\t<div class=\"elementor-element elementor-element-dfd723f animated-fast elementor-invisible elementor-widget elementor-widget-heading\" data-id=\"dfd723f\" data-element_type=\"widget\" data-settings=\"{&quot;_animation&quot;:&quot;fadeInUp&quot;}\" data-widget_type=\"heading.default\">\n\t\t\t\t<div class=\"elementor-widget-container\">\n\t\t\t\t\t<h2 class=\"elementor-heading-title elementor-size-default\">\u201eUnsere Gesellschaft wird von Widerspr\u00fcchen getrieben\u201c<\/h2>\t\t\t\t<\/div>\n\t\t\t\t<\/div>\n\t\t\t\t<div class=\"elementor-element elementor-element-19166c8 animated-fast elementor-invisible elementor-widget elementor-widget-text-editor\" data-id=\"19166c8\" data-element_type=\"widget\" data-settings=\"{&quot;_animation&quot;:&quot;fadeInUp&quot;}\" data-widget_type=\"text-editor.default\">\n\t\t\t\t<div class=\"elementor-widget-container\">\n\t\t\t\t\t\t\t\t\t<p>Im Januar 2023 wurde das ber\u00fchmte Institut f\u00fcr Sozialforschung hundert Jahre alt. Anlass f\u00fcr ein Gespr\u00e4ch mit dem neuen Direktor des Instituts f\u00fcr Sozialforschung, Prof. Stephan\u00a0Lessenich, \u00fcber historische Meilensteine, das F\u00fcr und Wider von Galionsfiguren und neue Formen der Zusammenarbeit mit der Goethe-Universit\u00e4t.<\/p>\t\t\t\t\t\t\t\t<\/div>\n\t\t\t\t<\/div>\n\t\t\t\t\t<\/div>\n\t\t<\/div>\n\t\t\t\t\t<\/div>\n\t\t<\/section>\n\t\t\t\t<section class=\"elementor-section elementor-top-section elementor-element elementor-element-0221d49 elementor-section-content-middle elementor-section-boxed elementor-section-height-default elementor-section-height-default\" data-id=\"0221d49\" data-element_type=\"section\" data-settings=\"{&quot;_ha_eqh_enable&quot;:false}\">\n\t\t\t\t\t\t<div class=\"elementor-container elementor-column-gap-no\">\n\t\t\t\t\t<div class=\"elementor-column elementor-col-100 elementor-top-column elementor-element elementor-element-bf8e350\" data-id=\"bf8e350\" data-element_type=\"column\" data-settings=\"{&quot;background_background&quot;:&quot;classic&quot;}\">\n\t\t\t<div class=\"elementor-widget-wrap elementor-element-populated\">\n\t\t\t\t\t\t<div class=\"elementor-element elementor-element-f4708da animated-fast elementor-invisible elementor-widget elementor-widget-text-editor\" data-id=\"f4708da\" data-element_type=\"widget\" data-settings=\"{&quot;_animation&quot;:&quot;fadeInUp&quot;}\" data-widget_type=\"text-editor.default\">\n\t\t\t\t<div class=\"elementor-widget-container\">\n\t\t\t\t\t\t\t\t\t<p>Die Feiern seines stolzen Jubil\u00e4ums von hundert Jahren hatte das Institut f\u00fcr Sozialforschung auf eineinhalb Jahre ausgerichtet: Beginnend gewisserma\u00dfen mit einem \u201eStaatsakt\u201c, zu dem die hessische Wissenschaftsministerin, die Kulturdezernentin der Stadt Frankfurt und der Universit\u00e4tspr\u00e4sident geladen waren, bezogen die Institutsmitarbeiter*innen im Laufe des Jahres mit weiteren Hauptveranstaltungen verschiedene Publika ein: die Stadtgesellschaft, der sie ihre R\u00e4umlichkeiten \u00f6ffnete und \u00fcber Pfingsten mit einer Marxistischen Arbeitswoche niederschwellig ein akademisches sowie nicht-akademisches Publikum. Vor dem Hintergrund, \u201edass wir offenkundig in einem postmarxistischen Zeitalter leben\u201c, so der Direktor des Instituts Stephan Lessenich, wolle man noch einmal fragen, was die marxistische Tradition des Hauses und der Kritischen Theorie heute noch bedeute. Im September folgte dann eine gro\u00dfe wissenschaftliche Tagung und zum Abschluss der Feierlichkeiten im Juni 2024 ein Stra\u00dfenfest f\u00fcr alle zum Feiern und Austausch: Genau 100 Jahre nach der Er\u00f6ffnung des ersten Institutsgeb\u00e4udes, das am 22. Juni 1924 an der Viktoriaallee schr\u00e4g gegen\u00fcber der heutigen Institutsadresse eingeweiht wurde, findet das Festival statt, auf dem der Abschluss des offiziellen Teils der 100-Jahr-Feierlichkeiten begangen wird.<\/p><p>Zu Beginn des Jubil\u00e4umsjahres reflektierte Stephan Lessenich, seit 1. Juli Direktor des Instituts f\u00fcr Sozialforschung, die Geschichte des renommierten Instituts, das die Geschichte der Goethe-Universit\u00e4t wesentlich gepr\u00e4gt hat.<\/p>\t\t\t\t\t\t\t\t<\/div>\n\t\t\t\t<\/div>\n\t\t\t\t\t<\/div>\n\t\t<\/div>\n\t\t\t\t\t<\/div>\n\t\t<\/section>\n\t\t\t\t<section class=\"elementor-section elementor-top-section elementor-element elementor-element-9f1fe1f elementor-section-content-middle elementor-section-boxed elementor-section-height-default elementor-section-height-default\" data-id=\"9f1fe1f\" data-element_type=\"section\" data-settings=\"{&quot;_ha_eqh_enable&quot;:false}\">\n\t\t\t\t\t\t<div class=\"elementor-container elementor-column-gap-no\">\n\t\t\t\t\t<div class=\"elementor-column elementor-col-100 elementor-top-column elementor-element elementor-element-86b60a2\" data-id=\"86b60a2\" data-element_type=\"column\">\n\t\t\t<div class=\"elementor-widget-wrap elementor-element-populated\">\n\t\t\t\t\t\t<section class=\"elementor-section elementor-inner-section elementor-element elementor-element-6113cca elementor-section-boxed elementor-section-height-default elementor-section-height-default\" data-id=\"6113cca\" data-element_type=\"section\" data-settings=\"{&quot;_ha_eqh_enable&quot;:false}\">\n\t\t\t\t\t\t<div class=\"elementor-container elementor-column-gap-default\">\n\t\t\t\t\t<div class=\"elementor-column elementor-col-50 elementor-inner-column elementor-element elementor-element-cbc7d05\" data-id=\"cbc7d05\" data-element_type=\"column\">\n\t\t\t<div class=\"elementor-widget-wrap elementor-element-populated\">\n\t\t\t\t\t\t<div class=\"elementor-element elementor-element-ba1339d animated-fast ha-has-bg-overlay elementor-invisible elementor-widget elementor-widget-image\" data-id=\"ba1339d\" data-element_type=\"widget\" data-settings=\"{&quot;_animation&quot;:&quot;fadeInUp&quot;}\" data-widget_type=\"image.default\">\n\t\t\t\t<div class=\"elementor-widget-container\">\n\t\t\t\t\t\t\t\t\t\t\t\t\t\t\t<img loading=\"lazy\" decoding=\"async\" width=\"1000\" height=\"1000\" src=\"https:\/\/aktuelles.uni-frankfurt.de\/wp-content\/uploads\/2024\/08\/Lessenich_1000.jpg\" class=\"attachment-1536x1536 size-1536x1536 wp-image-80562\" alt=\"\" srcset=\"https:\/\/aktuelles.uni-frankfurt.de\/wp-content\/uploads\/2024\/08\/Lessenich_1000.jpg 1000w, https:\/\/aktuelles.uni-frankfurt.de\/wp-content\/uploads\/2024\/08\/Lessenich_1000-300x300.jpg 300w, https:\/\/aktuelles.uni-frankfurt.de\/wp-content\/uploads\/2024\/08\/Lessenich_1000-500x500.jpg 500w, https:\/\/aktuelles.uni-frankfurt.de\/wp-content\/uploads\/2024\/08\/Lessenich_1000-150x150.jpg 150w, https:\/\/aktuelles.uni-frankfurt.de\/wp-content\/uploads\/2024\/08\/Lessenich_1000-768x768.jpg 768w, https:\/\/aktuelles.uni-frankfurt.de\/wp-content\/uploads\/2024\/08\/Lessenich_1000-12x12.jpg 12w, https:\/\/aktuelles.uni-frankfurt.de\/wp-content\/uploads\/2024\/08\/Lessenich_1000-700x700.jpg 700w\" sizes=\"(max-width: 1000px) 100vw, 1000px\" \/>\t\t\t\t\t\t\t\t\t\t\t\t\t\t\t<\/div>\n\t\t\t\t<\/div>\n\t\t\t\t\t<\/div>\n\t\t<\/div>\n\t\t\t\t<div class=\"elementor-column elementor-col-50 elementor-inner-column elementor-element elementor-element-4279d01\" data-id=\"4279d01\" data-element_type=\"column\">\n\t\t\t<div class=\"elementor-widget-wrap elementor-element-populated\">\n\t\t\t\t\t\t<div class=\"elementor-element elementor-element-987cb9e animated-fast elementor-invisible elementor-widget elementor-widget-heading\" data-id=\"987cb9e\" data-element_type=\"widget\" data-settings=\"{&quot;_animation&quot;:&quot;fadeInUp&quot;}\" data-widget_type=\"heading.default\">\n\t\t\t\t<div class=\"elementor-widget-container\">\n\t\t\t\t\t<h5 class=\"elementor-heading-title elementor-size-medium\">Prof. Stephan Lessenich, Direktor des Instituts f\u00fcr Sozialforschung seit Juli 2021<\/h5>\t\t\t\t<\/div>\n\t\t\t\t<\/div>\n\t\t\t\t<div class=\"elementor-element elementor-element-5ceb2a6 animated-fast elementor-invisible elementor-widget elementor-widget-heading\" data-id=\"5ceb2a6\" data-element_type=\"widget\" data-settings=\"{&quot;_animation&quot;:&quot;fadeInUp&quot;}\" data-widget_type=\"heading.default\">\n\t\t\t\t<div class=\"elementor-widget-container\">\n\t\t\t\t\t<h2 class=\"elementor-heading-title elementor-size-default\">Foto: privat<\/h2>\t\t\t\t<\/div>\n\t\t\t\t<\/div>\n\t\t\t\t\t<\/div>\n\t\t<\/div>\n\t\t\t\t\t<\/div>\n\t\t<\/section>\n\t\t\t\t<div class=\"elementor-element elementor-element-319fee9 animated-fast elementor-invisible elementor-widget elementor-widget-elementskit-faq\" data-id=\"319fee9\" data-element_type=\"widget\" data-settings=\"{&quot;_animation&quot;:&quot;fadeInUp&quot;}\" data-widget_type=\"elementskit-faq.default\">\n\t\t\t\t<div class=\"elementor-widget-container\">\n\t\t\t\t\t<div class=\"ekit-wid-con\" >\n                <div class=\"elementskit-single-faq elementor-repeater-item-b6b9b71\">\n            <div class=\"elementskit-faq-header\">\n                <h2 class=\"elementskit-faq-title\">Herr Lessenich, wenn Sie mit Ihrem frischen Blick auf die Geschichte Ihres Hauses schauen, was sind f\u00fcr Sie wichtige Markierungspunkte oder Einschnitte?<\/h2>\n            <\/div>\n            <div class=\"elementskit-faq-body\">\n                <b>Prof. Stephan Lessenich:<\/b> Die Gr\u00fcndung des Hauses war selbstverst\u00e4ndlich ein wichtiges Datum. Interessant ist das zu diesem Zweck verfasste Memorandum: Retrospektiv kann man sagen, es wurde etwas verdunkelt, dass es sich um die Gr\u00fcndung eines marxistischen Forschungsinstituts handeln sollte. Denn eigentlich sollte es um eine Institution gehen, die intellektuell und auch von den politischen Anliegen her stark an die Arbeiterbewegung angekoppelt ist. Es gab zwar Geld f\u00fcr die Gr\u00fcndung aus privaten Quellen. Aber die Gr\u00fcndung auch als \u00f6ffentliches Institut war halt nicht ganz voraussetzungslos. Ein zweites wichtiges Datum war sicherlich die Schlie\u00dfung des Hauses, handgreiflich durch die SA, der die Konfiszierung der Bibliothek folgte, die Vertreibung des Personals und die anschlie\u00dfende Emigration von zentralen Figuren, erst in die Schweiz und bald darauf in die USA. Und dann die Wiederer\u00f6ffnung des Hauses und die R\u00fcckkehr der Protagonisten, die ja auch alles andere als selbstverst\u00e4ndlich war. Denn man h\u00e4tte sich auch gut vorstellen k\u00f6nnen, dass die tragenden Figuren, also Adorno und Horkheimer, nicht mehr nach Deutschland zur\u00fcckkommen. Das Institut wurde dann ganz explizit in Frankfurt reetabliert, um Demokratisierungswissenschaft zu betreiben und in die \u00d6ffentlichkeit zu wirken, um das demokratische Fundament der fr\u00fchen Bundesrepublik zu st\u00e4rken. Das pr\u00e4gt meines Erachtens das Haus bis heute. Und diesen Impuls wollen wir auch in der neuen Phase wieder aufnehmen. Deswegen auch der starke Fokus auf verschiedene Publika jetzt bei den Feierlichkeiten zum hundertj\u00e4hrigen Jubil\u00e4um. Das Haus soll auch in Zukunft daf\u00fcr stehen, dass eine kritische Sozialforschung betrieben wird, die nicht nur im wissenschaftlichen Selbstbezug vollzogen wird, sondern die auch gesellschaftlich etwas austragen und allen Interessierten etwas zu sagen haben soll.            <\/div>\n        <\/div>\n                <div class=\"elementskit-single-faq elementor-repeater-item-00a85ff\">\n            <div class=\"elementskit-faq-header\">\n                <h2 class=\"elementskit-faq-title\">Kann es manchmal auch ein Problem sein, dass bestimmte Galionsfiguren ein Haus so stark gepr\u00e4gt haben, dass man immer wieder auf sie zu sprechen kommen muss?<\/h2>\n            <\/div>\n            <div class=\"elementskit-faq-body\">\n                Ja, es gibt nat\u00fcrlich diese Verkn\u00fcpfung des Instituts mit gro\u00dfen Namen, vor allem mit Theodor W. Adorno und Max Horkheimer. Dies ist Kapital und Hypothek zugleich. Das Renommee des Hauses, seine Wahrnehmung in der \u00d6ffentlichkeit h\u00e4ngt ganz stark vor allem an der Person Adornos. Selbst in au\u00dferakademischen Milieus kennt man seinen Namen. Es ist aber auch eine Hypothek, weil die Arbeit des Hauses damit auf ein bzw. zwei Personen reduziert wird. Es gibt noch viele andere historische, intellektuelle Gr\u00f6\u00dfen, die oft hinten runterfallen. Und die Fixierung auf die gro\u00dfen Namen verst\u00e4rkt immer auch ein wenig die Schwerkraft der Geschichte. Das f\u00fchrt dann auch zu solchen Fragen, ob der der neue Direktor, egal, ob der nun Axel Honneth oder Stephan Lessenich hei\u00dft, in die Fu\u00dfstapfen seiner Vorg\u00e4nger tritt. Ich denke, dass eine solche Sichtweise nicht sehr produktiv ist.            <\/div>\n        <\/div>\n                \n    <\/div>\t\t\t\t<\/div>\n\t\t\t\t<\/div>\n\t\t\t\t\t<\/div>\n\t\t<\/div>\n\t\t\t\t\t<\/div>\n\t\t<\/section>\n\t\t\t\t<section class=\"elementor-section elementor-top-section elementor-element elementor-element-80da984 elementor-section-content-middle elementor-section-boxed elementor-section-height-default elementor-section-height-default\" data-id=\"80da984\" data-element_type=\"section\" data-settings=\"{&quot;_ha_eqh_enable&quot;:false}\">\n\t\t\t\t\t\t<div class=\"elementor-container elementor-column-gap-no\">\n\t\t\t\t\t<div class=\"elementor-column elementor-col-100 elementor-top-column elementor-element elementor-element-2545792\" data-id=\"2545792\" data-element_type=\"column\">\n\t\t\t<div class=\"elementor-widget-wrap elementor-element-populated\">\n\t\t\t\t\t\t<div class=\"elementor-element elementor-element-0ec3475 elementor-mobile-position-inline-start elementor-view-default elementor-position-block-start elementor-widget elementor-widget-icon-box\" data-id=\"0ec3475\" data-element_type=\"widget\" data-widget_type=\"icon-box.default\">\n\t\t\t\t<div class=\"elementor-widget-container\">\n\t\t\t\t\t\t\t<div class=\"elementor-icon-box-wrapper\">\n\n\t\t\t\t\t\t<div class=\"elementor-icon-box-icon\">\n\t\t\t\t<span  class=\"elementor-icon\">\n\t\t\t\t<i aria-hidden=\"true\" class=\"fas fa-quote-right\"><\/i>\t\t\t\t<\/span>\n\t\t\t<\/div>\n\t\t\t\n\t\t\t\t\t\t<div class=\"elementor-icon-box-content\">\n\n\t\t\t\t\t\t\t\t\t<h3 class=\"elementor-icon-box-title\">\n\t\t\t\t\t\t<span  >\n\t\t\t\t\t\t\t \u201eEs gibt keine klaren Abgrenzungen, wer dazu geh\u00f6rt und wer nicht, wer drinnen und wer drau\u00dfen ist\u201c\t\t\t\t\t\t<\/span>\n\t\t\t\t\t<\/h3>\n\t\t\t\t\n\t\t\t\t\n\t\t\t<\/div>\n\t\t\t\n\t\t<\/div>\n\t\t\t\t\t\t<\/div>\n\t\t\t\t<\/div>\n\t\t\t\t\t<\/div>\n\t\t<\/div>\n\t\t\t\t\t<\/div>\n\t\t<\/section>\n\t\t\t\t<section class=\"elementor-section elementor-top-section elementor-element elementor-element-2cd0b1e elementor-section-content-middle elementor-section-boxed elementor-section-height-default elementor-section-height-default\" data-id=\"2cd0b1e\" data-element_type=\"section\" data-settings=\"{&quot;_ha_eqh_enable&quot;:false}\">\n\t\t\t\t\t\t<div class=\"elementor-container elementor-column-gap-no\">\n\t\t\t\t\t<div class=\"elementor-column elementor-col-100 elementor-top-column elementor-element elementor-element-724ece5\" data-id=\"724ece5\" data-element_type=\"column\">\n\t\t\t<div class=\"elementor-widget-wrap elementor-element-populated\">\n\t\t\t\t\t\t<div class=\"elementor-element elementor-element-95caa19 animated-fast elementor-invisible elementor-widget elementor-widget-elementskit-faq\" data-id=\"95caa19\" data-element_type=\"widget\" data-settings=\"{&quot;_animation&quot;:&quot;fadeInUp&quot;}\" data-widget_type=\"elementskit-faq.default\">\n\t\t\t\t<div class=\"elementor-widget-container\">\n\t\t\t\t\t<div class=\"ekit-wid-con\" >\n                <div class=\"elementskit-single-faq elementor-repeater-item-b6b9b71\">\n            <div class=\"elementskit-faq-header\">\n                <h2 class=\"elementskit-faq-title\">Das Institut f\u00fcr Sozialforschung wurde und wird immer auch als Wiege der Frankfurter Schule bezeichnet. W\u00fcrden Sie sagen, es macht noch Sinn, diesen Begriff zu verwenden? War er \u00fcberhaupt jemals zutreffend?<\/h2>\n            <\/div>\n            <div class=\"elementskit-faq-body\">\n                Da w\u00e4re ich geteilter Meinung. Es macht einerseits Sinn, weil ich glaube, die Pr\u00e4gung des Instituts ist doch ganz stark der \u00d6rtlichkeit geschuldet. Die Gr\u00fcndung fand nicht zuf\u00e4llig in Frankfurt statt. Da waren eine liberale Stadtgesellschaft, das b\u00fcrgerlich-j\u00fcdische Milieu, intellektuell; aber auch das aufgekl\u00e4rte, \u00f6konomische Milieu j\u00fcdischen Glaubens war ein zentraler Faktor f\u00fcr die Entstehung, f\u00fcr die Akzeptanz und auch f\u00fcr die Wiedergr\u00fcndung dieses Instituts in der Stadt nach dem Krieg. Von der Frankfurter Schule zu sprechen, ist so gesehen schon angemessen. Anderswo w\u00e4re eben \u2013 wenn \u00fcberhaupt \u2013 eine andere Form der kritischen Sozialforschung entstanden. Der Begriff Schule ist hier allerdings schwierig. Das war auch keine Selbstbeschreibung der Akteure, sondern eine Zuschreibung von au\u00dfen. Schulbildung klingt ja immer nach einer eher starken Formatierung, mit klaren Orientierungspunkten und auch Grenzziehungen. Die Sch\u00fcler und Sch\u00fclerinnen ordnen sich dem zu oder grenzen sich ab. Das ist aber ist mit Blick auf die Kritische Theorie nicht der Fall. Es gibt keine klaren Abgrenzungen, wer dazu geh\u00f6rt und wer nicht, wer drinnen und wer drau\u00dfen ist.            <\/div>\n        <\/div>\n                <div class=\"elementskit-single-faq elementor-repeater-item-b63139f\">\n            <div class=\"elementskit-faq-header\">\n                <h2 class=\"elementskit-faq-title\">Ihr Vorg\u00e4nger Axel Honneth hat mal gesagt, dass er das IfS der Erforschung der \u00bbParadoxien des gegenw\u00e4rtigen Kapitalismus\u00ab verpflichtet sieht. W\u00fcrden Sie daran ankn\u00fcpfen, oder h\u00e4tten Sie eine eigene, davon abweichende Schwerpunktsetzung?<\/h2>\n            <\/div>\n            <div class=\"elementskit-faq-body\">\n                Wir sind gerade dabei, dieses Programm aus der, wenn man jetzt so m\u00f6chte, Honneth-\u00c4ra, noch mal zu pr\u00fcfen und f\u00fcr das n\u00e4chste Jahrzehnt ein neu ansetzendes Forschungsprogramm zu entwickeln. Die Katze einer neuen programmatischen Formel, so etwas wie eben \u201eParadoxien der kapitalistischen Modernisierung\u201c, wird erst im kommenden Sommer aus dem Sack gelassen werden, zur internationalen wissenschaftlichen Tagung. Ein paar Eckpunkte der Neuorientierung kann man aber jetzt schon benennen, und das h\u00e4ngt auch mit der genannten Formel zusammen. Denn die \u201eParadoxien kapitalistischer Modernisierung\u201c waren noch stark im Kontext der westlichen Industriegesellschaft und ihrer Entwicklungsdynamik gedacht. Diesen engeren Fokus wollen wir in Zukunft \u00fcberschreiten. Der Kapitalismus ist globaler Natur, und das gilt auch f\u00fcr seine Krisen. Wir haben es in letzter Zeit erlebt: Finanzkrise, Migrationskrise, Klimakrise, Coronakrise, jetzt Ukrainekrise, das sind Krisen im Weltma\u00dfstab. Das bedeutet, dass die kritische Theoriebildung solche globalen \u00f6konomischen und sozialen Verh\u00e4ltnisse in den Blick nehmen muss. Die eine Achse der Erneuerung w\u00e4re also in gewisser Weise die Entwestlichung der Forschungsprogrammatik. Eine zweite Achse w\u00e4re die Orientierung auf die Stofflichkeit von Gesellschaft. Ich meine, wir reden heute \u2013 notgedrungen \u2013 von \u00f6kologischen Krisen, von sozial\u00f6kologischer Transformation. Und in Frankfurt ist die Problematik gesellschaftlicher Naturverh\u00e4ltnisse schon fr\u00fch systematisch diskutiert worden; das war aber in den letzten zwei Jahrzehnten kein zentrales Thema des Instituts mehr. Vor diesem Hintergrund w\u00fcrde ich sagen, heute von Paradoxien zu sprechen, ist einerseits eine westliche Perspektive, trifft andererseits aber auch nicht mehr den Punkt. Das bisherige Forschungsprogramm ging ausdr\u00fccklich davon aus, dass man die gesellschaftliche Entwicklung heute nicht mehr in Widerspruchskategorien fassen k\u00f6nne, sondern der Begriff der Paradoxie geeigneter sei. Ich w\u00fcrde sagen, das, was wir jetzt gerade im 21. Jahrhundert, in den letzten anderthalb Jahrzehnten gesehen und erfahren haben, spricht daf\u00fcr, doch die Widerspruchskategorie neu zu beleben. Diese Gesellschaft ist voll von Widerspr\u00fcchen, sie wird von Widerspr\u00fcchen angetrieben. Wir sind sehenden Auges in eine Energiekrise geraten, was jetzt nicht nur eine Paradoxie darstellt, sondern eine extrem widerspr\u00fcchliche politisch-\u00f6konomische Konstellation benennt. Wir sind in ganz vielen Feldern in fundamentale Widerspr\u00fcche geraten, und ich meine, dass deswegen auch analytisch und diagnostisch gegen\u00fcber der Paradoxienkategorie die Widerspruchskategorie wieder gest\u00e4rkt werden muss. Aber nat\u00fcrlich auf eine andere Weise, als das bei Marx der Fall gewesen ist oder in den 1920er\/1930er Jahren.            <\/div>\n        <\/div>\n                \n    <\/div>\t\t\t\t<\/div>\n\t\t\t\t<\/div>\n\t\t\t\t\t<\/div>\n\t\t<\/div>\n\t\t\t\t\t<\/div>\n\t\t<\/section>\n\t\t\t\t<section class=\"elementor-section elementor-top-section elementor-element elementor-element-295c97a elementor-section-content-middle elementor-section-boxed elementor-section-height-default elementor-section-height-default\" data-id=\"295c97a\" data-element_type=\"section\" data-settings=\"{&quot;_ha_eqh_enable&quot;:false}\">\n\t\t\t\t\t\t<div class=\"elementor-container elementor-column-gap-no\">\n\t\t\t\t\t<div class=\"elementor-column elementor-col-100 elementor-top-column elementor-element elementor-element-d86e495\" data-id=\"d86e495\" data-element_type=\"column\">\n\t\t\t<div class=\"elementor-widget-wrap elementor-element-populated\">\n\t\t\t\t\t\t<div class=\"elementor-element elementor-element-9b41dd8 elementor-mobile-position-inline-start elementor-view-default elementor-position-block-start elementor-widget elementor-widget-icon-box\" data-id=\"9b41dd8\" data-element_type=\"widget\" data-widget_type=\"icon-box.default\">\n\t\t\t\t<div class=\"elementor-widget-container\">\n\t\t\t\t\t\t\t<div class=\"elementor-icon-box-wrapper\">\n\n\t\t\t\t\t\t<div class=\"elementor-icon-box-icon\">\n\t\t\t\t<span  class=\"elementor-icon\">\n\t\t\t\t<i aria-hidden=\"true\" class=\"fas fa-quote-right\"><\/i>\t\t\t\t<\/span>\n\t\t\t<\/div>\n\t\t\t\n\t\t\t\t\t\t<div class=\"elementor-icon-box-content\">\n\n\t\t\t\t\t\t\t\t\t<h3 class=\"elementor-icon-box-title\">\n\t\t\t\t\t\t<span  >\n\t\t\t\t\t\t\t \u201eSoziologie tut gut daran, nicht nur am Schreibtisch ihre Problemdeutung zu entwickeln\u201c\t\t\t\t\t\t<\/span>\n\t\t\t\t\t<\/h3>\n\t\t\t\t\n\t\t\t\t\n\t\t\t<\/div>\n\t\t\t\n\t\t<\/div>\n\t\t\t\t\t\t<\/div>\n\t\t\t\t<\/div>\n\t\t\t\t\t<\/div>\n\t\t<\/div>\n\t\t\t\t\t<\/div>\n\t\t<\/section>\n\t\t\t\t<section class=\"elementor-section elementor-top-section elementor-element elementor-element-7cdf9a7 elementor-section-content-middle elementor-section-boxed elementor-section-height-default elementor-section-height-default\" data-id=\"7cdf9a7\" data-element_type=\"section\" data-settings=\"{&quot;_ha_eqh_enable&quot;:false}\">\n\t\t\t\t\t\t<div class=\"elementor-container elementor-column-gap-no\">\n\t\t\t\t\t<div class=\"elementor-column elementor-col-100 elementor-top-column elementor-element elementor-element-2e300a0\" data-id=\"2e300a0\" data-element_type=\"column\">\n\t\t\t<div class=\"elementor-widget-wrap elementor-element-populated\">\n\t\t\t\t\t\t<div class=\"elementor-element elementor-element-32cb48c animated-fast elementor-invisible elementor-widget elementor-widget-elementskit-faq\" data-id=\"32cb48c\" data-element_type=\"widget\" data-settings=\"{&quot;_animation&quot;:&quot;fadeInUp&quot;}\" data-widget_type=\"elementskit-faq.default\">\n\t\t\t\t<div class=\"elementor-widget-container\">\n\t\t\t\t\t<div class=\"ekit-wid-con\" >\n                <div class=\"elementskit-single-faq elementor-repeater-item-b6b9b71\">\n            <div class=\"elementskit-faq-header\">\n                <h2 class=\"elementskit-faq-title\">Im Rahmen der Feierlichkeiten zum hundertj\u00e4hrigen Jubil\u00e4um der Soziologie an der Goethe-Universit\u00e4t, wurde 2019 ein neues disziplin\u00e4res Selbstverst\u00e4ndnis der Soziologie eingefordert: Sie m\u00fcsse ihre Anliegen nicht nur viel st\u00e4rker als bisher auch in nichtakademische \u00d6ffentlichkeit kommunizieren, sondern diese \u00d6ffentlichkeiten auch bei der Produktion von Wissen st\u00e4rker ber\u00fccksichtigen. W\u00fcrden Sie das auch so sehen?<\/h2>\n            <\/div>\n            <div class=\"elementskit-faq-body\">\n                In der Disziplin wird das h\u00e4ufig unter dem Label Public Sociology oder \u00d6ffentliche Soziologie gefasst. Das ist eine Diskussion, die in den 2000er Jahren zun\u00e4chst in den Vereinigten Staaten eingesetzt hat. Und dann vor allem im letzten Jahrzehnt, in den 2010er Jahren, nach Deutschland her\u00fcbergeschwappt ist. Ich selbst habe mich schon fr\u00fch f\u00fcr ein Verst\u00e4ndnis von Soziologie als \u00f6ffentlicher Wissenschaft ausgesprochen, was aber nicht bedeutet, die Differenz zwischen Wissenschaft und Gesellschaft oder zwischen wissenschaftlicher Praxis und sozialer Alltagspraxis aufzul\u00f6sen. Aber ich glaube schon, dass zwischenzeitlich etwas in Vergessenheit geraten ist, dass Wissenschaft einen \u00f6ffentlichen Auftrag hat, dass sie der Gesellschaft auch etwas zu sagen haben muss. Und zwar nicht nur in dem Sinne, dass Politik Politikberatung verlangt. In allen \u00f6ffentlichen Debatten ist ja auch immer gesellschaftsanalytische, soziologische Expertise gefragt, und dies gilt zumal f\u00fcr alle genannten Krisen, aber selbst auch im vielleicht krisenfernen Alltag. Da hat die Soziologie vielf\u00e4ltigen sozialen Akteuren wirklich viel zu sagen \u2013 und eben nicht nur der Politik, auch gesellschaftlichen Organisationen und den Leuten selbst. Gleichzeitig sollte man \u00f6ffentliche Soziologie nicht als Einbahnstra\u00dfe verstehen. Es g\u00e4lte vielmehr, st\u00e4rker dialogische Formen der Wissenspr\u00e4sentation, aber auch der Wissensproduktion zu entwickeln. Soziologie tut gut daran, nicht nur am Schreibtisch ihre Problemdeutung zu entwickeln, sondern sich auch die Problemdeutungen gesellschaftlicher Akteure pr\u00e4sentieren zu lassen. Dies sollte wiederum eingespeist werden in die eigene wissenschaftliche Arbeit.            <\/div>\n        <\/div>\n                <div class=\"elementskit-single-faq elementor-repeater-item-4d3aabd\">\n            <div class=\"elementskit-faq-header\">\n                <h2 class=\"elementskit-faq-title\">Man hat das Gef\u00fchl, dass die \u00d6ffentlichkeit sich in letzter Zeit durch bestimmte Debatten entzweit, etwa bei der \u00fcber kulturelle Aneignung. Sehen Sie da auch eine Aufgabe der Soziologie, sich st\u00e4rker in solche Debatten einzubringen?<\/h2>\n            <\/div>\n            <div class=\"elementskit-faq-body\">\n                Grunds\u00e4tzlich w\u00fcrde ich sagen, dass Fragen, die eine Gesellschaft so stark bewegen, wie \u201aDarf man jetzt so reden, wie einem der Schnabel gewachsen ist?\u2018, \u201aDarf man sich zu Fasching als Indianer verkleiden? immer auch Themen der Soziologie bzw. der Sozialwissenschaft sind und sein m\u00fcssen. Eine wissenschaftliche Herangehensweise, zumal der kritischen Sozialforschung, w\u00e4re aber meines Erachtens, sozusagen von den Oberfl\u00e4chenph\u00e4nomenen wegzukommen und darunter liegende Strukturentwicklungen zu beleuchten. Ich finde, dass die Irritation und auch die Affekte, die mobilisiert werden, beispielsweise durch das Gendersternchen, ja nur zu verstehen sind, wenn man sich vergegenw\u00e4rtigt, wie massiv sich die Geschlechterverh\u00e4ltnisse der Gesellschaft ver\u00e4ndert haben. Die Art und Weise, wie sich Geschlechter in dieser Gesellschaft begegnen, und dass auch dritte Geschlechter sich \u00e4u\u00dfern und sagen, wir lassen uns nicht einzw\u00e4ngen in eine bin\u00e4re Logik von Mann und Frau, hat nat\u00fcrlich ein riesiges Irritationspotenzial. Da ist in den letzten Jahrzehnten eine geschlechterpolitische Normalit\u00e4t grundlegend ver\u00e4ndert worden. Und die Soziologie ist in diesen Prozessen gefragt, und zwar nicht irgendwie f\u00fcr oder gegen das Gendern zu argumentieren, sondern zu sagen: Warum gibt es denn solch massive Konflikte, was wird hier eigentlich verhandelt? Gegenw\u00e4rtig hat sich in so vielen verschiedenen gesellschaftlichen Bereichen so viel verschoben, dass wir gehalten sind, tiefer zu schauen und zumindest die M\u00f6glichkeit zu geben, zu verstehen, worum hier eigentlich gestritten wird. Und das ist in der Regel nicht das, was behauptet wird.            <\/div>\n        <\/div>\n                \n    <\/div>\t\t\t\t<\/div>\n\t\t\t\t<\/div>\n\t\t\t\t\t<\/div>\n\t\t<\/div>\n\t\t\t\t\t<\/div>\n\t\t<\/section>\n\t\t\t\t<section class=\"elementor-section elementor-top-section elementor-element elementor-element-8608164 elementor-section-content-middle elementor-section-boxed elementor-section-height-default elementor-section-height-default\" data-id=\"8608164\" data-element_type=\"section\" data-settings=\"{&quot;_ha_eqh_enable&quot;:false}\">\n\t\t\t\t\t\t<div class=\"elementor-container elementor-column-gap-no\">\n\t\t\t\t\t<div class=\"elementor-column elementor-col-100 elementor-top-column elementor-element elementor-element-498060a\" data-id=\"498060a\" data-element_type=\"column\">\n\t\t\t<div class=\"elementor-widget-wrap elementor-element-populated\">\n\t\t\t\t\t\t<div class=\"elementor-element elementor-element-13da196 elementor-mobile-position-inline-start elementor-view-default elementor-position-block-start elementor-widget elementor-widget-icon-box\" data-id=\"13da196\" data-element_type=\"widget\" data-widget_type=\"icon-box.default\">\n\t\t\t\t<div class=\"elementor-widget-container\">\n\t\t\t\t\t\t\t<div class=\"elementor-icon-box-wrapper\">\n\n\t\t\t\t\t\t<div class=\"elementor-icon-box-icon\">\n\t\t\t\t<span  class=\"elementor-icon\">\n\t\t\t\t<i aria-hidden=\"true\" class=\"fas fa-quote-right\"><\/i>\t\t\t\t<\/span>\n\t\t\t<\/div>\n\t\t\t\n\t\t\t\t\t\t<div class=\"elementor-icon-box-content\">\n\n\t\t\t\t\t\t\t\t\t<h3 class=\"elementor-icon-box-title\">\n\t\t\t\t\t\t<span  >\n\t\t\t\t\t\t\t \u201eIch glaube, dass f\u00fcr das IfS der Kontakt zur Universit\u00e4t ganz zentral ist\u201c\t\t\t\t\t\t<\/span>\n\t\t\t\t\t<\/h3>\n\t\t\t\t\n\t\t\t\t\n\t\t\t<\/div>\n\t\t\t\n\t\t<\/div>\n\t\t\t\t\t\t<\/div>\n\t\t\t\t<\/div>\n\t\t\t\t\t<\/div>\n\t\t<\/div>\n\t\t\t\t\t<\/div>\n\t\t<\/section>\n\t\t\t\t<section class=\"elementor-section elementor-top-section elementor-element elementor-element-d0649e5 elementor-section-content-middle elementor-section-boxed elementor-section-height-default elementor-section-height-default\" data-id=\"d0649e5\" data-element_type=\"section\" data-settings=\"{&quot;_ha_eqh_enable&quot;:false}\">\n\t\t\t\t\t\t<div class=\"elementor-container elementor-column-gap-no\">\n\t\t\t\t\t<div class=\"elementor-column elementor-col-100 elementor-top-column elementor-element elementor-element-21730cd\" data-id=\"21730cd\" data-element_type=\"column\">\n\t\t\t<div class=\"elementor-widget-wrap elementor-element-populated\">\n\t\t\t\t\t\t<div class=\"elementor-element elementor-element-16f24fc animated-fast elementor-invisible elementor-widget elementor-widget-elementskit-faq\" data-id=\"16f24fc\" data-element_type=\"widget\" data-settings=\"{&quot;_animation&quot;:&quot;fadeInUp&quot;}\" data-widget_type=\"elementskit-faq.default\">\n\t\t\t\t<div class=\"elementor-widget-container\">\n\t\t\t\t\t<div class=\"ekit-wid-con\" >\n                <div class=\"elementskit-single-faq elementor-repeater-item-b6b9b71\">\n            <div class=\"elementskit-faq-header\">\n                <h2 class=\"elementskit-faq-title\">Wie w\u00fcnschen Sie sich k\u00fcnftig die Zusammenarbeit zwischen IfS und Goethe-Universit\u00e4t?<\/h2>\n            <\/div>\n            <div class=\"elementskit-faq-body\">\n                Die Konstruktion meiner Professur als Kooperationsprofessur ist ja quasi die institutionalisierte Hoffnung darauf, das IfS und in diesem Fall der Fachbereich Gesellschaftswissenschaften, aber auch die Goethe-Universit\u00e4t insgesamt, enger zusammenr\u00fccken \u2013 und zwar im operativen Gesch\u00e4ft, aber auch in der Art und Weise, Wissenschaft nach au\u00dfen zu pr\u00e4sentieren. F\u00fcr mich pers\u00f6nlich war das auch der zentrale Anreiz, nach Frankfurt zu kommen. Ich h\u00e4tte mich n\u00e4mlich nicht so sehr nur als Wissenschaftsmanager gesehen, der ein Forschungsinstitut leitet und dieses bestm\u00f6glich zu positionieren sucht. Ich glaube vielmehr, dass f\u00fcr das IfS der Kontakt zur Universit\u00e4t, auch der Kontakt mit Studierenden, die Integration in die Lehre und in die allt\u00e4glichen universit\u00e4ren Prozesse ganz zentral ist. Denn eine wissenschaftliche Forschung, die sich zu entkoppeln sucht von den sonstigen Dynamiken des Wissenschaftssystems, ist meist nicht gut beraten. Wir haben ab Dezember am Institut ein Promotionskolleg zur \u201eDialektik der Teilhabe\u201c, gef\u00f6rdert durch die Hans-B\u00f6ckler-Stiftung. Das setzt ganz klar nicht nur auf eine analytische Begrifflichkeit der Dialektik, sondern auch auf die forschungspraktische Verkopplung von Theorie und Empirie und auf die Frage nach einer kritischen Gesellschaftsanalyse in gesellschaftsgestaltender Absicht. Das Institut wird sich wieder st\u00e4rker in die Lehre integrieren \u2013 nicht nur \u00fcber meine Person. Es werden gemeinsame Forschungsvorhaben entwickelt werden mit Kolleg*innen vom Fachbereich Gesellschaftswissenschaften, aber auch von anderen Fachbereichen. Ich glaube, beide Seiten k\u00f6nnen da massiv von profitieren. Nach meinem Eindruck ist den Studierenden nicht nur Corona-bedingt ein wenig der Blick f\u00fcr das IfS verloren gegangen. Das hat etwas mit der r\u00e4umlichen Distanz zum Campus Westend zu tun, aber auch damit, dass das IfS in der Lehre und Forschung am Fachbereich nicht mehr so pr\u00e4sent war. Die Kooperationsprofessur gibt jetzt wirklich die M\u00f6glichkeit, das zu \u00e4ndern. Und ich meine, wir haben da schon erste Schritte getan. Ich bin jetzt auch verantwortlich daf\u00fcr, einen neuen Masterstudiengang \u201eCritical Social Theory\u201c zu entwickeln, der die kritische Sozialforschung sichtbar in der grundst\u00e4ndigen akademischen Lehre am Fachbereich und dar\u00fcber hinaus verankern soll. All das wird, denke ich, dazu beitragen, die Klammer zwischen den beiden Institutionen wirklich zu festigen. Und das ist auch gut so.            <\/div>\n        <\/div>\n                \n    <\/div>\t\t\t\t<\/div>\n\t\t\t\t<\/div>\n\t\t\t\t<div class=\"elementor-element elementor-element-1cd7605 animated-fast elementor-invisible elementor-widget elementor-widget-text-editor\" data-id=\"1cd7605\" data-element_type=\"widget\" data-settings=\"{&quot;_animation&quot;:&quot;fadeInUp&quot;}\" data-widget_type=\"text-editor.default\">\n\t\t\t\t<div class=\"elementor-widget-container\">\n\t\t\t\t\t\t\t\t\t<p>Fragen: Dirk Frank<\/p><p>Der Text ist die gek\u00fcrzte Version eines Interviews im UniReport 5\/22.<\/p><p>Ende 2023 wurden die <a href=\"https:\/\/www.ifs.uni-frankfurt.de\/forschung.html?file=files\/Content\/Publikationen\/IfS%20Working%20Papers\/20_IfS%20Working%20Paper_Perspektivenpapier.pdf&amp;cid=2448\" target=\"_blank\" rel=\"noopener\">Forschungsperspektiven des Instituts f\u00fcr Sozialforschung<\/a> publiziert.<\/p>\t\t\t\t\t\t\t\t<\/div>\n\t\t\t\t<\/div>\n\t\t\t\t\t<\/div>\n\t\t<\/div>\n\t\t\t\t\t<\/div>\n\t\t<\/section>\n\t\t\t\t<section class=\"elementor-section elementor-top-section elementor-element elementor-element-9955fff elementor-section-content-middle elementor-section-boxed elementor-section-height-default elementor-section-height-default\" data-id=\"9955fff\" data-element_type=\"section\" id=\"ausgezeichnet\" data-settings=\"{&quot;_ha_eqh_enable&quot;:false}\">\n\t\t\t\t\t\t<div class=\"elementor-container elementor-column-gap-no\">\n\t\t\t\t\t<div class=\"elementor-column elementor-col-100 elementor-top-column elementor-element elementor-element-397b7c6\" data-id=\"397b7c6\" data-element_type=\"column\">\n\t\t\t<div class=\"elementor-widget-wrap elementor-element-populated\">\n\t\t\t\t\t\t<div class=\"elementor-element elementor-element-9c8d4b5 elementor-align-start elementor-icon-list--layout-traditional elementor-list-item-link-full_width elementor-widget elementor-widget-icon-list\" data-id=\"9c8d4b5\" data-element_type=\"widget\" data-widget_type=\"icon-list.default\">\n\t\t\t\t<div class=\"elementor-widget-container\">\n\t\t\t\t\t\t\t<ul class=\"elementor-icon-list-items\">\n\t\t\t\t\t\t\t<li class=\"elementor-icon-list-item\">\n\t\t\t\t\t\t\t\t\t\t\t<span class=\"elementor-icon-list-icon\">\n\t\t\t\t\t\t\t<i aria-hidden=\"true\" class=\"fas fa-trophy\"><\/i>\t\t\t\t\t\t<\/span>\n\t\t\t\t\t\t\t\t\t\t<span class=\"elementor-icon-list-text\">Ausgezeichnet<\/span>\n\t\t\t\t\t\t\t\t\t<\/li>\n\t\t\t\t\t\t<\/ul>\n\t\t\t\t\t\t<\/div>\n\t\t\t\t<\/div>\n\t\t\t\t<div class=\"elementor-element elementor-element-25f8a5e animated-fast elementor-invisible elementor-widget elementor-widget-text-editor\" data-id=\"25f8a5e\" data-element_type=\"widget\" data-settings=\"{&quot;_animation&quot;:&quot;fadeInUp&quot;}\" data-widget_type=\"text-editor.default\">\n\t\t\t\t<div class=\"elementor-widget-container\">\n\t\t\t\t\t\t\t\t\t<h4><strong>Ratsmitglied <\/strong><\/h4><p>Die Senckenbergerin Katrin B\u00f6hning-Gaese, Professorin an der Goethe-Universit\u00e4t, wird Mitglied im Rat f\u00fcr Nachhaltige Entwicklung. Die Expertin f\u00fcr Biodiversit\u00e4t und Tr\u00e4gerin des Deutschen Umweltpreises 2021 wurde in das 15-k\u00f6pfige Gremium berufen, das die Bundesregierung in Fragen der nachhaltigen Entwicklung ber\u00e4t.<\/p><p><a href=\"https:\/\/aktuelles.uni-frankfurt.de\/forschung\/katrin-boehning-gaese-in-den-rat-fuer-nachhaltige-entwicklung-berufen\/\">Katrin B\u00f6hning-Gaese in den Rat f\u00fcr Nachhaltige Entwicklung berufen<\/a><\/p><h4><strong><br \/><\/strong><strong>Louis-Jeantet-Preis<\/strong><\/h4><p>Prof. Ivan \u0110iki\u0107 wird f\u00fcr seine Beitr\u00e4ge zur Erforschung eines der zentralen Regulationssysteme der Zelle, des Ubiquitin-Systems, mit dem Louis-Jeantet-Preis f\u00fcr Medizin ausgezeichnet. \u0110iki\u0107 ist Direktor des Instituts f\u00fcr Biochemie II der Goethe-Universit\u00e4t.<\/p><p><a href=\"https:\/\/www.puk.uni-frankfurt.de\/131353836\/Ausgezeichnet__Ivan_%C4%90iki%C4%87_von_der_Goethe_Universit%C3%A4t_erh%C3%A4lt_schweizerischen_Louis_Jeantet_Preis_f%C3%BCr_Medizin\">Ausgezeichnet: Ivan \u0110iki\u0107 von der Goethe-Universit\u00e4t erh\u00e4lt schweizerischen Louis-Jeantet-Preis f\u00fcr Medizin<\/a><\/p><h4><strong><br \/>ASM-Fellow <\/strong><\/h4><p>Prof. Volker M\u00fcller, Mikrobiologe an der Goethe-Universit\u00e4t, wird als einer von drei Deutschen und insgesamt 65 Wissenschaftlerinnen und Wissenschaftlern aus der ganzen Welt als Fellow in die Akademie der Amerikanischen Gesellschaft f\u00fcr Mikrobiologie (ASM) aufgenommen.<\/p><p><a href=\"https:\/\/www.puk.uni-frankfurt.de\/132670156\/Volker_M%C3%BCller_von_der_Goethe_Universit%C3%A4t_zum_Mitglied_der_Amerikanischen_Akademie_f%C3%BCr_Mikrobiologie_ernannt\">Volker M\u00fcller von der Goethe-Universit\u00e4t zum Mitglied der Amerikanischen Akademie f\u00fcr Mikrobiologie ernannt<\/a><\/p><h4><strong><br \/>Kulturpreis<\/strong><\/h4><p>Anne Bohnenkamp-Renken, Professorin f\u00fcr Neuere deutsche Literaturwissenschaft an der Goethe-Universit\u00e4t und Direktorin des Deutschen Hochstifts in Frankfurt, erh\u00e4lt den Hessischen Kulturpreis.\u00a0Damit w\u00fcrdigt das Land Hessen die Verdienste der Leiterin des Goethehauses und des Deutschen Romantik-Museums in Frankfurt um Literatur und Forschung.<\/p><p><a href=\"https:\/\/aktuelles.uni-frankfurt.de\/menschen\/goethe-universitaet-gratuliert-anne-bohnenkamp-renken-zum-hessischen-kulturpreis\/\">Goethe-Universit\u00e4t gratuliert Anne Bohnenkamp-Renken zum Hessischen Kulturpreis<\/a><\/p><h4><strong><br \/>Fokusgruppe<\/strong><\/h4><p>Wirtschaftswissenschaftler Prof. Raimond Maurer ist in die von der Bundesregierung eingesetzte \u201eFokusgruppe private Altersvorsorge\u201c berufen worden. Deren Ziel ist, Vorschl\u00e4ge zur Verbesserung der kapitalgedeckten Altersvorsorge in Deutschland zu erarbeiten.<\/p><p><a href=\"https:\/\/aktuelles.uni-frankfurt.de\/forschung\/abschlussbericht-der-fokusgruppe-private-altersvorsorge\/\">Abschlussbericht<\/a><\/p><h4><strong><br \/>Kinderschutz<\/strong><\/h4><p>Prof. Sabine Andresen, Professorin f\u00fcr Erziehungswissenschaft mit dem Schwerpunkt Sozialp\u00e4dagogik und Familienforschung an der Goethe-Universit\u00e4t, ist zur neuen Pr\u00e4sidentin des Kinderschutzbundes gew\u00e4hlt worden.<\/p><p><a href=\"https:\/\/kinderschutzbund.de\/sabine-andresen-ist-neue-praesidentin-des-kinderschutzbundes\/\">Kinderschutz<\/a><\/p><h4><strong><br \/>Deutscher Studienpreis <\/strong><\/h4><p>Dr. Samira Akbarian, Wissenschaftliche Mitarbeiterin bei Prof.\u00a0Dr.\u00a0Uwe Volkmann, ist f\u00fcr ihre Dissertation zum Thema \u201eZiviler Ungehorsam als Verfassungsinterpretation\u201c mit dem Deutschen Studienpreis (Sektion Geistes- und Kulturwissenschaften, 1. Platz) der K\u00f6rber-Stiftung 2023, dem Werner P\u00fcnder-Preis 2023 und dem Merkur-Preis (3. Platz) der Klett-Stiftung 2022 ausgezeichnet worden.<\/p><p><a href=\"https:\/\/aktuelles.uni-frankfurt.de\/menschen\/samira-akbarian-erhaelt-deutschen-studienpreis-2023-der-koerber-stiftung\/?highlight=Dr.%20Samira%20Akbarian\">Deutscher Studienpreis f\u00fcr Dr. Samira Akbarian<\/a><\/p><p><a href=\"https:\/\/aktuelles.uni-frankfurt.de\/forschung-frankfurt\/unterbrochene-ordnung-unordnung-neuordnung\/?highlight=Dr.%20Samira%20Akbarian\">Interview mit Dr. Samira Akbarian<\/a><\/p><h4><strong><br \/>Ehrendoktor<\/strong><\/h4><p>Die Universit\u00e4t Magdeburg verleiht Prof. Nicola Fuchs-Sch\u00fcndeln den Ehrendoktortitel f\u00fcr ihre Forschung zu der Frage, wie sich die Wiedervereinigung wirtschaftlich auf private Haushalte ausgewirkt hat.<\/p><p><a href=\"https:\/\/www.puk.uni-frankfurt.de\/138615481\/Ehrendoktorw%C3%BCrde_f%C3%BCr_Nicola_Fuchs_Sch%C3%BCndeln\">Ehrendoktorw\u00fcrde f\u00fcr Nicola Fuchs-Sch\u00fcndeln<\/a><\/p><p><strong><br \/><\/strong><strong>PRACE Ada Lovelace Award<\/strong><\/p><p>Dr. Sarah Neuwirth von der Goethe-Universit\u00e4t wird mit dem diesj\u00e4hrigen PRACE Ada Lovelace Award der Organisation \u201ePartnership for Advanced Computing in Europe\u201c (PRACE) ausgezeichnet. Sie erh\u00e4lt den Preis f\u00fcr ihre herausragenden Leistungen in der Entwicklung des High Performance Computing (HPC).<\/p><p><a href=\"https:\/\/www.puk.uni-frankfurt.de\/139042640\/Europ%C3%A4ischer_Preis_f%C3%BCr_Supercomputing__Sarah_Neuwirth_von_der_Goethe_Universit%C3%A4t_erh%C3%A4lt_PRACE_Ada_Lovelace_Award\">Europ\u00e4ischer Preis f\u00fcr Supercomputing: Sarah Neuwirth von der Goethe-Universit\u00e4t erh\u00e4lt PRACE Ada Lovelace Award<\/a><\/p><h4><strong><br \/>Schaefer Scholar Award<\/strong><\/h4><p>Als einziger Preistr\u00e4ger aus Europa erh\u00e4lt der Biochemiker und Strukturbiologe Prof. Robert Tamp\u00e9 den \u201eSchaefer Scholar Award\u201c 2023. Das Forschungsstipendium von 250.000 Dollar (230.000 Euro) wird j\u00e4hrlich von der Columbia University an Wissenschaftler*innen f\u00fcr herausragende akademische Leistungen in der Humanphysiologie verliehen.<\/p><p><a href=\"https:\/\/www.puk.uni-frankfurt.de\/139130632\/Renommierter_Schaefer_Award_der_Columbia_University_geht_an_Biochemiker_Robert_Tamp%C3%A9_von_der_Goethe_Universit%C3%A4t\">Renommierter Schaefer Award der Columbia University geht an Biochemiker Robert Tamp\u00e9 von der Goethe-Universit\u00e4t<\/a><\/p><h4><strong><br \/>F\u00f6rderpreis<\/strong><\/h4><p>Prof. Frederike Middelhoff erh\u00e4lt den mit 5.000 Euro dotierten F\u00f6rderpreis der Wissenschaftlichen Gesellschaft der Goethe-Universit\u00e4t. Die Auszeichnung geht an promovierte Wissenschaftler*innen, die sich durch ihre eigenst\u00e4ndigen Arbeiten bereits in besonderer Weise f\u00fcr eine weitere wissenschaftliche T\u00e4tigkeit qualifiziert haben.<\/p><h4><strong><br \/>Umwelt-Preis<\/strong><\/h4><p>Der \u201eFrankfurter Preis f\u00fcr Umwelt und Nachhaltigkeit 2023\u201c geht in diesem Jahr an vier Early Career Researchers der Goethe-Universit\u00e4t. Ausgezeichnet werden Qualifikationsarbeiten im Feld der Umwelt- und sozial-\u00f6kologischen Nachhaltigkeitsforschung.<\/p><p><a href=\"https:\/\/www.puk.uni-frankfurt.de\/140289558\/Ausgezeichnet___Frankfurter_Preis_f%C3%BCr_Umwelt_und_Nachhaltigkeit_2023__geht_an_Nachwuchswissenschaftler_innen\">Ausgezeichnet: \u201eFrankfurter Preis f\u00fcr Umwelt und Nachhaltigkeit 2023\u201c geht an Nachwuchswissenschaftler*innen<\/a><\/p><h4><strong><br \/>Leopoldina-Mitglied<\/strong><\/h4><p>Prof. Jan-Henning Klusmann, Direktor der Klinik f\u00fcr Kinder- und Jugendmedizin am Universit\u00e4tsklinikum Frankfurt, erh\u00e4lt eine der h\u00f6chsten Auszeichnungen in der wissenschaftlichen Gemeinschaft: Er wird als Mitglied in die Deutsche Akademie der Naturforscher Leopoldina \u2013 Nationale Akademie der Wissenschaften \u2013 aufgenommen.<\/p><p>Direktor der Kinder- und Jugendklinik wird Mitglied der Nationalen Akademie Leopoldina<\/p><h4><strong><br \/>Preis der Ordnungspolitik<\/strong><\/h4><p>Zusammen mit Prof. Lars P. Feld und Prof. Christoph M. Schmidt hat Prof. Volker Wieland den Ordnungspolitischen Preis 2023 des Wirtschaftsverbands der Familienunternehmer erhalten.<\/p><p><a href=\"https:\/\/aktuelles.uni-frankfurt.de\/forschung\/prof-volker-wieland-mit-ordnungspolitischem-preis-2023-ausgezeichnet\/?highlight=Prof.%20Volker%20Wieland%20mit%20Ordnungspolitischem%20Preis%202023%20ausgezeichnet\">Ordnungspolitischer Preis 2023<\/a><\/p><h4><strong><br \/>Wilfried Lorenz-Preis <\/strong><\/h4><p>Dr. Jennifer Engler und Dr. Dania Sch\u00fctze vom Institut f\u00fcr Allgemeinmedizin der Goethe-Universit\u00e4t erhalten in Berlin den renommierten Wilfried-Lorenz-Versorgungsforschungspreis des Deutschen Netzwerks Versorgungsforschung e.V. (DNVF).\u00a0<\/p><p><a href=\"https:\/\/aktuelles.uni-frankfurt.de\/forschung\/forschungspreis-fuer-palliativversorgung-von-kindern-und-jugendlichen\/\">Forschungspreis f\u00fcr Palliativversorgung von Kindern und Jugendlichen<\/a><\/p><h4><strong><br \/>Bestbetreut <\/strong><\/h4><p>Im Rahmen eines Festakts wird der Preis f\u00fcr die beste Promotionsbetreuung an die Professor*innen Prof. Bernd Skiera, Prof. Sarah Speck und Prof. Eckhard Boles verliehen.<\/p><p><a href=\"https:\/\/aktuelles.uni-frankfurt.de\/hochschule\/preis-fuer-die-beste-promotionsbetreuung-2023\/#:~:text=Zum%20vierten%20Mal%20wurden%20am,f%C3%BCr%20die%20beste%20Promotionsbetreuung%20ausgezeichnet\">Preis f\u00fcr die beste Promotionsbetreuung 2023<\/a><\/p><h4><strong><br \/>Umweltpreis<\/strong><\/h4><p>Die Bruno H. Schubert-Stiftung vergibt einen der h\u00f6chstdotierten deutschen Umweltpreise, den Frankfurt Conservation Award 2023 (Bruno H. Schubert-Preis) in den drei Kategorien Lehre, Forschung und angewandter Naturschutz an Prof. Meike Piepenbring (Goethe-Universit\u00e4t Frankfurt), Prof. Beth Kaplin (University of Rwanda) und Jos\u00e9 Carlos Nieto Navarrete (Servicio Nacional de \u00c1reas Naturales Protegidas por el Estado \u2013 SERNANP, Peru).<\/p><p><a href=\"https:\/\/www.puk.uni-frankfurt.de\/144855568\/Naturforscherinnen_und_peruanischer_Naturschutzchef_erhalten_Frankfurt_Conservation_Award_2023__Bruno_H__Schubert_Preis\">Naturforscherinnen und peruanischer Naturschutzchef erhalten Frankfurt Conservation Award 2023 (Bruno H. Schubert-Preis)<\/a><\/p><h4><strong><br \/>Carus-Medaille<\/strong><\/h4><p>Die Nationale Akademie der Wissenschaften Leopoldina w\u00fcrdigt die Wirtschaftswissenschaftlerin Prof. Nicola Fuchs-Sch\u00fcndeln f\u00fcr ihre herausragenden Forschungsarbeiten im Bereich der quantitativen Makro\u00f6konomie mit der diesj\u00e4hrigen Carus-Medaille.<\/p><p><a href=\"https:\/\/nachrichten.idw-online.de\/2023\/10\/24\/leopoldina-verleiht-carus-medaille-an-nicola-fuchs-schuendeln-fuer-ihre-forschung-in-der-makrooekonomie\">Carus-Medaille<\/a><\/p><h4><strong><br \/>Ehrendoktor<\/strong><\/h4><p>Astrid Erll, Professorin f\u00fcr englischsprachige Literaturen und Kulturen, wird von der Universit\u00e4t Kopenhagen mit der Ehrendoktorw\u00fcrde ausgezeichnet.\u00a0Astrid Erll ist eine der f\u00fchrenden und grundlegenden Kr\u00e4fte auf dem Forschungsgebiet der \u201eMemory Studies\u201c, das unser kollektives Ged\u00e4chtnis in den Blick nimmt.<\/p><p><a href=\"https:\/\/aktuelles.uni-frankfurt.de\/menschen\/ehrendoktorwurde-fuer-astrid-erll-in-anwesenheit-von-daenemarks-koenigin\/\">Ehrendoktorw\u00fcrde f\u00fcr Astrid Erll<\/a><\/p><h4><strong><br \/>Max-Planck-Humboldt-Medaille <\/strong><\/h4><p>Amy Buck, Professorin am Institut f\u00fcr Immunologie und Infektionsforschung der Universit\u00e4t Edinburgh, erh\u00e4lt die Max-Planck-Humboldt-Medaille f\u00fcr die Erforschung der Rolle von RNA bei der Kommunikation im Darm von S\u00e4ugetieren. Amy Bucks Entdeckungen, die in Kooperation mit der Goethe-Universit\u00e4t entstanden sind, k\u00f6nnten die Grundlage f\u00fcr neue Methoden zur Verabreichung von RNA-basierten Wirkstoffen an Zellen sein.<\/p><p><a href=\"https:\/\/www.mpg.de\/20827554\/max-planck-humboldt-forschungspreis-2023\">Max-Planck-Humboldt-Medaille<\/a><\/p><h4><strong><br \/>Preis mal drei<\/strong><\/h4><p>Der \u201eScientist of\u00a0the Year-Preis\u201c und der \u201ePublic Service Fellowship-Preis\u201c der Alfons-Gertrud-Kassel-Stiftung sowie der New Horizon-Preis des Pr\u00e4sidenten der Goethe-Universit\u00e4t werden erstmals gemeinsam an Wissenschaftler*innen der Goethe-Universit\u00e4t verliehen: Pr\u00e4miert werden die Mikrobiologin Prof. Inga H\u00e4nelt, die Juraprofessorin Indra Spiecker und der Erziehungswissenschaftler Lukas Gerhards.<\/p><p><a href=\"https:\/\/www.puk.uni-frankfurt.de\/146384139\/Drei_preisw%C3%BCrdige_Pers%C3%B6nlichkeiten_der_Goethe_Universit%C3%A4t\">Drei preisw\u00fcrdige Pers\u00f6nlichkeiten der Goethe-Universit\u00e4t<\/a><\/p><h4><strong><br \/>Ehrendoktor<\/strong><\/h4><p>Die Frankfurter Herzforscherin Prof. Stefanie Dimmeler ist Ehrendoktorin der Universit\u00e4t Bern. Sie erh\u00e4lt die Auszeichnung in Anerkennung ihrer wissenschaftlichen Leistungen zum Verst\u00e4ndnis der Pathophysiologie von Herz-Kreislauferkrankungen.<\/p><p><a href=\"https:\/\/aktuelles.uni-frankfurt.de\/forschung\/frankfurter-herzforscherin-prof-stefanie-dimmeler-ist-ehrendoktorin-der-universitaet-bern\/\">Frankfurter Herzforscherin Prof. Stefanie Dimmeler ist Ehrendoktorin der Universit\u00e4t Bern<\/a><\/p>\t\t\t\t\t\t\t\t<\/div>\n\t\t\t\t<\/div>\n\t\t\t\t<div class=\"elementor-element elementor-element-90f57a8 elementor-widget elementor-widget-heading\" data-id=\"90f57a8\" data-element_type=\"widget\" data-widget_type=\"heading.default\">\n\t\t\t\t<div class=\"elementor-widget-container\">\n\t\t\t\t\t<h3 class=\"elementor-heading-title elementor-size-default\">Preise der Goethe-Universit\u00e4t an ausw\u00e4rtige Wissenschaftler*innen<\/h3>\t\t\t\t<\/div>\n\t\t\t\t<\/div>\n\t\t\t\t<div class=\"elementor-element elementor-element-91b6240 animated-fast elementor-invisible elementor-widget elementor-widget-text-editor\" data-id=\"91b6240\" data-element_type=\"widget\" data-settings=\"{&quot;_animation&quot;:&quot;fadeInUp&quot;}\" data-widget_type=\"text-editor.default\">\n\t\t\t\t<div class=\"elementor-widget-container\">\n\t\t\t\t\t\t\t\t\t<h4><strong>Paul Ehrlich- und Ludwig Darmstaedter-Preis<\/strong><\/h4><p>Die Immunologen Prof. Frederick W. Alt und Prof. David G. Schatz werden in der Frankfurter Paulskirche mit dem mit 120.000 Euro dotierten Paul Ehrlich- und Ludwig Darmstaedter-Preis 2023 ausgezeichnet. Den Nachwuchspreis erh\u00e4lt der Biochemiker und Arzt Dr. Leif S. Ludwig f\u00fcr ein von ihm erfundenes Verfahren zur Analyse der Abstammung und Entwicklung menschlicher Blutzellen.<\/p><p><a href=\"https:\/\/www.puk.uni-frankfurt.de\/133912182\/Paul_Ehrlich__und_Ludwig_Darmstaedter_Preis__Einblicke_in_die_Evolution__Entstehung_und_Entwicklung_unserer_Immunit%C3%A4t\">Paul Ehrlich- und Ludwig Darmstaedter-Preis: Einblicke in die Evolution, Entstehung und Entwicklung unserer Immunit\u00e4t\u00a0<\/a><\/p><h4><strong><br \/>Goethe-Medienpreis 2022<\/strong><\/h4><p>Der Goethe-Medienpreis 2022 f\u00fcr wissenschafts-und hochschulpolitischen Journalismus geht an drei Autorenteams bzw. Einzelautoren renommierter Medien. Sie widmen sich in ihren Beitr\u00e4gen dem wissenschaftlichen Scheitern als Chance, der Gefahren staatlicher Einflussnahme und der Vorbildfunktion wissenschaftlicher Biographien.<\/p><p><a href=\"https:\/\/www.puk.uni-frankfurt.de\/135088439\/Unbequem__nachfragend_und_kritisch__Goethe_Medienpreis_2022\">Unbequem, nachfragend und kritisch: Goethe-Medienpreis 2022<\/a><\/p><h4><strong><br \/>Romantik-Preis <\/strong><\/h4><p>Der Kunsthistoriker Dr. Miguel A. Gaete erh\u00e4lt den von der Goethe-Universit\u00e4t verliehenen Klaus Heyne-Preis zur Erforschung der Deutschen Romantik.<\/p><p><a href=\"https:\/\/www.puk.uni-frankfurt.de\/138555590\/Romantisches_Naturverst%C3%A4ndnis___postkolonial_reflektiert\">Romantisches Naturverst\u00e4ndnis \u2013 postkolonial reflektiert<\/a><\/p>\t\t\t\t\t\t\t\t<\/div>\n\t\t\t\t<\/div>\n\t\t\t\t\t<\/div>\n\t\t<\/div>\n\t\t\t\t\t<\/div>\n\t\t<\/section>\n\t\t\t\t<section class=\"elementor-section elementor-top-section elementor-element elementor-element-e28f9f0 elementor-section-full_width elementor-section-height-min-height elementor-section-items-stretch elementor-section-height-default\" data-id=\"e28f9f0\" data-element_type=\"section\" id=\"tenure-track\" data-settings=\"{&quot;background_background&quot;:&quot;classic&quot;,&quot;_ha_eqh_enable&quot;:false}\">\n\t\t\t\t\t\t<div class=\"elementor-container elementor-column-gap-default\">\n\t\t\t\t\t<div class=\"elementor-column elementor-col-50 elementor-top-column elementor-element elementor-element-031880c\" data-id=\"031880c\" data-element_type=\"column\" data-settings=\"{&quot;background_background&quot;:&quot;classic&quot;}\">\n\t\t\t<div class=\"elementor-widget-wrap elementor-element-populated\">\n\t\t\t\t\t\t<div class=\"elementor-element elementor-element-95d466d elementor-widget elementor-widget-spacer\" data-id=\"95d466d\" data-element_type=\"widget\" data-widget_type=\"spacer.default\">\n\t\t\t\t<div class=\"elementor-widget-container\">\n\t\t\t\t\t\t\t<div class=\"elementor-spacer\">\n\t\t\t<div class=\"elementor-spacer-inner\"><\/div>\n\t\t<\/div>\n\t\t\t\t\t\t<\/div>\n\t\t\t\t<\/div>\n\t\t\t\t<div class=\"elementor-element elementor-element-333c1dd animated-fast elementor-widget__width-initial ha-has-bg-overlay elementor-invisible elementor-widget elementor-widget-text-editor\" data-id=\"333c1dd\" data-element_type=\"widget\" data-settings=\"{&quot;_animation&quot;:&quot;fadeInUp&quot;}\" data-widget_type=\"text-editor.default\">\n\t\t\t\t<div class=\"elementor-widget-container\">\n\t\t\t\t\t\t\t\t\t<p>Universit\u00e4tspr\u00e4sident Prof. Enrico Schleiff. Foto: J\u00fcrgen Lecher<\/p>\t\t\t\t\t\t\t\t<\/div>\n\t\t\t\t<\/div>\n\t\t\t\t\t<\/div>\n\t\t<\/div>\n\t\t\t\t<div class=\"elementor-column elementor-col-50 elementor-top-column elementor-element elementor-element-f89b396\" data-id=\"f89b396\" data-element_type=\"column\">\n\t\t\t<div class=\"elementor-widget-wrap elementor-element-populated\">\n\t\t\t\t\t\t<div class=\"elementor-element elementor-element-a6dde3c elementor-align-start elementor-mobile-align-start elementor-icon-list--layout-traditional elementor-list-item-link-full_width elementor-widget elementor-widget-icon-list\" data-id=\"a6dde3c\" data-element_type=\"widget\" data-widget_type=\"icon-list.default\">\n\t\t\t\t<div class=\"elementor-widget-container\">\n\t\t\t\t\t\t\t<ul class=\"elementor-icon-list-items\">\n\t\t\t\t\t\t\t<li class=\"elementor-icon-list-item\">\n\t\t\t\t\t\t\t\t\t\t<span class=\"elementor-icon-list-text\">Tenure-Track<\/span>\n\t\t\t\t\t\t\t\t\t<\/li>\n\t\t\t\t\t\t<\/ul>\n\t\t\t\t\t\t<\/div>\n\t\t\t\t<\/div>\n\t\t\t\t<div class=\"elementor-element elementor-element-6d581c8 animated-fast elementor-invisible elementor-widget elementor-widget-heading\" data-id=\"6d581c8\" data-element_type=\"widget\" data-settings=\"{&quot;_animation&quot;:&quot;fadeInUp&quot;}\" data-widget_type=\"heading.default\">\n\t\t\t\t<div class=\"elementor-widget-container\">\n\t\t\t\t\t<h2 class=\"elementor-heading-title elementor-size-default\">Hanna kann jetzt anders planen<\/h2>\t\t\t\t<\/div>\n\t\t\t\t<\/div>\n\t\t\t\t<div class=\"elementor-element elementor-element-a782b34 animated-fast elementor-invisible elementor-widget elementor-widget-text-editor\" data-id=\"a782b34\" data-element_type=\"widget\" data-settings=\"{&quot;_animation&quot;:&quot;fadeInUp&quot;}\" data-widget_type=\"text-editor.default\">\n\t\t\t\t<div class=\"elementor-widget-container\">\n\t\t\t\t\t\t\t\t\t<p>Unter dem Hashtag \u201eIch bin Hanna\u201c ist die prek\u00e4re Karriereplanung junger Wissenschaftler*innen zuletzt \u00f6ffentlich geworden. Die Goethe-Universit\u00e4t hat 2023 einen neuen Rahmen f\u00fcr berufliche Perspektiven von Early Career Researchers gesteckt.<\/p>\t\t\t\t\t\t\t\t<\/div>\n\t\t\t\t<\/div>\n\t\t\t\t\t<\/div>\n\t\t<\/div>\n\t\t\t\t\t<\/div>\n\t\t<\/section>\n\t\t\t\t<section class=\"elementor-section elementor-top-section elementor-element elementor-element-b366c0a elementor-section-content-middle elementor-section-boxed elementor-section-height-default elementor-section-height-default\" data-id=\"b366c0a\" data-element_type=\"section\" data-settings=\"{&quot;_ha_eqh_enable&quot;:false}\">\n\t\t\t\t\t\t<div class=\"elementor-container elementor-column-gap-no\">\n\t\t\t\t\t<div class=\"elementor-column elementor-col-100 elementor-top-column elementor-element elementor-element-e9c9db5\" data-id=\"e9c9db5\" data-element_type=\"column\">\n\t\t\t<div class=\"elementor-widget-wrap elementor-element-populated\">\n\t\t\t\t\t\t<div class=\"elementor-element elementor-element-9342704 animated-fast elementor-invisible elementor-widget elementor-widget-text-editor\" data-id=\"9342704\" data-element_type=\"widget\" data-settings=\"{&quot;_animation&quot;:&quot;fadeInUp&quot;}\" data-widget_type=\"text-editor.default\">\n\t\t\t\t<div class=\"elementor-widget-container\">\n\t\t\t\t\t\t\t\t\t<p>\u201eMan kann alles so weitermachen wie im 20. Jahrhundert. Kann den Early Career Researchers (ECRs) sagen: ,Sie haben sich f\u00fcr diesen Weg entschieden, Sie finden sich schon zurecht.\u2018 Oder man ver\u00e4ndert die Perspektive. Zeigt, was es f\u00fcr eine Professur braucht, wo sich aber auch jenseits der Professur, auch jenseits des akademischen Systems, spannende Karriereoptionen auftun und \u2013\u00a0 wie man es dahin schaffen kann. F\u00fcr diesen zeitgem\u00e4\u00dfen Weg haben wir die Weichen neu gestellt.\u201c Das sagte Universit\u00e4tspr\u00e4sident Prof. Enrico Schleiff mit Blick auf zwei Anfang des Jahres durch Pr\u00e4sidium und Senat verabschiedete Grundsatzpapiere: das ECR-Konzept und die Grunds\u00e4tze zu Karrierewegen im akademischen Mittelbau an der Goethe-Universit\u00e4t. Beide Papiere erg\u00e4nzen sich. W\u00e4hrend das eine bei den Qualifikationen ansetzt, macht das andere ein Portfolio an weiter gedachten Entwicklungsm\u00f6glichkeiten f\u00fcr junge Wissenschaftler*innen sichtbar. Gleichzeitig wird mit den Grunds\u00e4tzen zu Karrierewegen im akademischen Mittelbau ein Impuls f\u00fcr eine nachhaltige Personalplanung in der Universit\u00e4t gesetzt, denn mit einer vorausschauenden Planung k\u00f6nnen ECRs sich bereits im Vorfeld zu Expert*innen f\u00fcr bestimmte Wirkungsbereiche entwickeln. Schleiff: \u201eTransparente, f\u00f6rdernde Rahmenbedingungen und Qualifizierungsstrukturen sind Voraussetzung f\u00fcr exzellente Forschung und eine konkurrenzf\u00e4hige Universit\u00e4t und haben daher in der Gesamtstrategie besondere Priorit\u00e4t.\u201c<\/p><p>Die Konzepte sind ein Teil der Antwort auf dr\u00e4ngende Fragen, die in den vergangenen Jahren unter anderem unter dem Hashtag \u201eIch bin Hanna\u201c Universit\u00e4ten und die \u00d6ffentlichkeit aufr\u00fcttelten: Wie k\u00f6nnen verl\u00e4sslichere Karriereoptionen f\u00fcr junge Wissenschaftler*innen geschaffen werden? Wie vermeiden diese eine Aneinanderreihung von befristeten Vertr\u00e4gen ohne echte Aussicht? Wie lassen sich Dauerstellen schaffen f\u00fcr ECRs, obwohl nur ein Bruchteil von ihnen sp\u00e4ter eine Professur antreten wird?<\/p><p>\u201eBei unserem Vorsto\u00df geht es um die Anerkennung verschiedener Karrierewege nach der Promotion. Um die Gleichwertigkeit von Forschung, Lehre, aber auch Wissenschaftsmanagement\u201c, f\u00fchrt Schleiff aus. \u201eNicht alle ECRs werden sp\u00e4ter eine Professur \u00fcbernehmen k\u00f6nnen. Die erworbenen F\u00e4higkeiten als Wissenschaftler*in k\u00f6nnen ihnen aber die T\u00fcr \u00f6ffnen f\u00fcr viele andere Berufswege in- und au\u00dferhalb des Wissenschaftssystems.\u201c<\/p>\t\t\t\t\t\t\t\t<\/div>\n\t\t\t\t<\/div>\n\t\t\t\t<div class=\"elementor-element elementor-element-5c6e466 elementor-widget elementor-widget-heading\" data-id=\"5c6e466\" data-element_type=\"widget\" data-widget_type=\"heading.default\">\n\t\t\t\t<div class=\"elementor-widget-container\">\n\t\t\t\t\t<h3 class=\"elementor-heading-title elementor-size-default\">Drei Tracks...<\/h3>\t\t\t\t<\/div>\n\t\t\t\t<\/div>\n\t\t\t\t<div class=\"elementor-element elementor-element-720ca5b animated-fast elementor-invisible elementor-widget elementor-widget-text-editor\" data-id=\"720ca5b\" data-element_type=\"widget\" data-settings=\"{&quot;_animation&quot;:&quot;fadeInUp&quot;}\" data-widget_type=\"text-editor.default\">\n\t\t\t\t<div class=\"elementor-widget-container\">\n\t\t\t\t\t\t\t\t\t<p>Vereinfacht l\u00e4sst sich das neue Modell so beschreiben: Das Selbstverst\u00e4ndnis von Universit\u00e4ten hat sich ver\u00e4ndert, unter anderem spielen die Serviceorientierung der Hochschule und die Professionalisierung des Managements eine gr\u00f6\u00dfere Rolle als fr\u00fcher. Damit sind neue Aufgaben und neue Jobprofile entstanden, die weiter professionalisiert werden sollen. Die Grunds\u00e4tze zu Karrierewegen im akademischen Mittelbau sehen vor diesem Hintergrund drei Karrierebahnen f\u00fcr ECRs vor:<\/p><ul><li>Advanced Academic Track (Karriereweg in der Forschung und Lehre mit besonderen Aufgaben in der akademischen Selbstverwaltung)<\/li><li>Advanced Teaching Track (Karrierewege in der Forschung und Lehre mit besonderem Fokus auf die universit\u00e4re Lehre)<\/li><li>Academic Support Track (wissenschaftsunterst\u00fctzende Karrierewege) <br \/>Konkret hei\u00dft das: Neben der Professur werden Lehre und Wissenschaftsmanagement bzw. wissenschaftsnahe T\u00e4tigkeiten (zum Beispiel in den Laboren oder der IT) verst\u00e4rkt zu alternativen Karriereoptionen f\u00fcr ECRs.<\/li><\/ul>\t\t\t\t\t\t\t\t<\/div>\n\t\t\t\t<\/div>\n\t\t\t\t<div class=\"elementor-element elementor-element-bd136ff elementor-widget elementor-widget-heading\" data-id=\"bd136ff\" data-element_type=\"widget\" data-widget_type=\"heading.default\">\n\t\t\t\t<div class=\"elementor-widget-container\">\n\t\t\t\t\t<h3 class=\"elementor-heading-title elementor-size-default\">...und der Weg dorthin<\/h3>\t\t\t\t<\/div>\n\t\t\t\t<\/div>\n\t\t\t\t<div class=\"elementor-element elementor-element-f44524d animated-fast elementor-invisible elementor-widget elementor-widget-text-editor\" data-id=\"f44524d\" data-element_type=\"widget\" data-settings=\"{&quot;_animation&quot;:&quot;fadeInUp&quot;}\" data-widget_type=\"text-editor.default\">\n\t\t\t\t<div class=\"elementor-widget-container\">\n\t\t\t\t\t\t\t\t\t<p>Damit sich junge Wissenschaftler*innen f\u00fcr einen der drei Tracks entscheiden k\u00f6nnen, m\u00fcssen ihnen diese Optionen bereits w\u00e4hrend der Promotion bewusst gemacht werden. Universit\u00e4tspr\u00e4sident Schleiff ist es deshalb ein Anliegen, dass die Early Career Researchers sich immer wieder schon w\u00e4hrend der Qualifikationsphase Zeit nehmen und ihnen dies auch erm\u00f6glicht wird \u2013 damit sie einen Schritt zur Seite treten und sich \u00fcberlegen k\u00f6nnen, wof\u00fcr sie brennen, damit sie Augen und Ohren offenhalten f\u00fcr verschiedene Karrierewege \u2013 einhergehend mit der richtigen Qualifikation. Dazu kommt der Blick der Mentor*innen auf die ECRs als individuelle Pers\u00f6nlichkeiten. \u201eDie ECRs sind eine zentrale Gruppe f\u00fcr die Leistungsf\u00e4higkeit der Goethe-Universit\u00e4t\u201c, betont Enrico Schleiff. \u201eWas ich mir w\u00fcnschen w\u00fcrde, ist, dass wir noch st\u00e4rker auf die einzelne Person schauen und fragen: Was kannst du? Wo willst du hin? Damit ergeben sich ganz neue M\u00f6glichkeiten \u2013 dies setzt aber auch ein hohes Ma\u00df an Verantwortungsbewusstsein bei den Mentor*innen voraus.\u201c<\/p><p>Das neue ECR-Konzept schreibt daher die bedarfsgerechte F\u00f6rderung gro\u00df. Die F\u00f6rder- und Beratungsangebote werden gleichzeitig immer weniger auf unterschiedliche Karrierephasen, sondern auf Kompetenzprofile zugeschnitten. Dabei dient die Goethe Research Academy GRADE als Anlaufpunkt und Erstberatungsstelle. Erg\u00e4nzend wurde zur F\u00f6rderung der fr\u00fchen wirklichen Eigenst\u00e4ndigkeit das Portfolio der Johanna Quandt Young Academy @ Goethe weiterentwickelt.<\/p>\t\t\t\t\t\t\t\t<\/div>\n\t\t\t\t<\/div>\n\t\t\t\t<div class=\"elementor-element elementor-element-6c907ab elementor-widget elementor-widget-heading\" data-id=\"6c907ab\" data-element_type=\"widget\" data-widget_type=\"heading.default\">\n\t\t\t\t<div class=\"elementor-widget-container\">\n\t\t\t\t\t<h3 class=\"elementor-heading-title elementor-size-default\">Wo entstehen die Dauerstellen?<\/h3>\t\t\t\t<\/div>\n\t\t\t\t<\/div>\n\t\t\t\t<div class=\"elementor-element elementor-element-2c48795 animated-fast elementor-invisible elementor-widget elementor-widget-text-editor\" data-id=\"2c48795\" data-element_type=\"widget\" data-settings=\"{&quot;_animation&quot;:&quot;fadeInUp&quot;}\" data-widget_type=\"text-editor.default\">\n\t\t\t\t<div class=\"elementor-widget-container\">\n\t\t\t\t\t\t\t\t\t<p>Die Positionen sollen in den Fachbereichen oder wissenschaftlichen Einrichtungen der Goethe-Universit\u00e4t entstehen. Schleiff erl\u00e4utert, an welchem Punkt sich die Goethe-Universit\u00e4t gerade befindet: \u201eF\u00fcr die Entwicklung unserer Angebote haben wir geschaut, wie wir Unterst\u00fctzungsma\u00dfnahmen f\u00fcr die verschiedenen Karrierestufen formulieren k\u00f6nnen. Was jetzt noch ansteht, ist, die jeweiligen Anspr\u00fcche an die entsprechenden Karrierestufen zu definieren. Unser Ziel ist, eine \u00dcbersicht \u00fcber die die verschiedenen Wege zu geben, dies aber \u00fcberschaubar zu halten, denn f\u00fcr die Wissenschaftler*innen, gerade f\u00fcr internationale, ist das deutsche System schon komplex genug.\u201c<\/p><p>\u201eWir stehen erst am Anfang einer gro\u00dfen Ver\u00e4nderung\u201c, blickt der Universit\u00e4tspr\u00e4sident voraus. Er ist \u00fcberzeugt, dass das ECR-Konzept und die Grunds\u00e4tze zu Karrierewegen im akademischen Mittelbau einen echten Unterschied machen k\u00f6nnen. Schleiff wei\u00df aber auch, dass der Erfolg zudem davon abh\u00e4ngt, wie sehr der Perspektivenwechsel in den K\u00f6pfen ankommt. Er sagt: \u201eUnser Konzept kann nur funktionieren, wenn wir alle diesen Kultur- und Verst\u00e4ndniswandel leben und nicht st\u00e4ndig auf das verweisen, wie es uns im 20. Jahrhundert erging \u2013 das ist n\u00e4mlich vorbei.\u201c\u00a0\u00a0\u00a0\u00a0\u00a0\u00a0\u00a0\u00a0\u00a0<\/p>\t\t\t\t\t\t\t\t<\/div>\n\t\t\t\t<\/div>\n\t\t\t\t<div class=\"elementor-element elementor-element-3431eca animated-fast elementor-invisible elementor-widget elementor-widget-text-editor\" data-id=\"3431eca\" data-element_type=\"widget\" data-settings=\"{&quot;_animation&quot;:&quot;fadeInUp&quot;}\" data-widget_type=\"text-editor.default\">\n\t\t\t\t<div class=\"elementor-widget-container\">\n\t\t\t\t\t\t\t\t\t<p>if<\/p>\t\t\t\t\t\t\t\t<\/div>\n\t\t\t\t<\/div>\n\t\t\t\t\t<\/div>\n\t\t<\/div>\n\t\t\t\t\t<\/div>\n\t\t<\/section>\n\t\t\t\t<section class=\"elementor-section elementor-top-section elementor-element elementor-element-13ffa3a elementor-section-content-middle elementor-section-boxed elementor-section-height-default elementor-section-height-default\" data-id=\"13ffa3a\" data-element_type=\"section\" data-settings=\"{&quot;_ha_eqh_enable&quot;:false}\">\n\t\t\t\t\t\t<div class=\"elementor-container elementor-column-gap-no\">\n\t\t\t\t\t<div class=\"elementor-column elementor-col-100 elementor-top-column elementor-element elementor-element-20d3e6b\" data-id=\"20d3e6b\" data-element_type=\"column\">\n\t\t\t<div class=\"elementor-widget-wrap elementor-element-populated\">\n\t\t\t\t\t\t<div class=\"elementor-element elementor-element-d06e4f4 elementor-align-start elementor-icon-list--layout-traditional elementor-list-item-link-full_width elementor-widget elementor-widget-icon-list\" data-id=\"d06e4f4\" data-element_type=\"widget\" data-widget_type=\"icon-list.default\">\n\t\t\t\t<div class=\"elementor-widget-container\">\n\t\t\t\t\t\t\t<ul class=\"elementor-icon-list-items\">\n\t\t\t\t\t\t\t<li class=\"elementor-icon-list-item\">\n\t\t\t\t\t\t\t\t\t\t\t<span class=\"elementor-icon-list-icon\">\n\t\t\t\t\t\t\t<i aria-hidden=\"true\" class=\"far fa-lightbulb\"><\/i>\t\t\t\t\t\t<\/span>\n\t\t\t\t\t\t\t\t\t\t<span class=\"elementor-icon-list-text\">Wer geh\u00f6rt zur Gruppe der ECRs?<\/span>\n\t\t\t\t\t\t\t\t\t<\/li>\n\t\t\t\t\t\t<\/ul>\n\t\t\t\t\t\t<\/div>\n\t\t\t\t<\/div>\n\t\t\t\t<div class=\"elementor-element elementor-element-7aa371c animated-fast elementor-invisible elementor-widget elementor-widget-text-editor\" data-id=\"7aa371c\" data-element_type=\"widget\" data-settings=\"{&quot;_animation&quot;:&quot;fadeInUp&quot;}\" data-widget_type=\"text-editor.default\">\n\t\t\t\t<div class=\"elementor-widget-container\">\n\t\t\t\t\t\t\t\t\t<p>Als Early Career Researchers (ECRs) versteht die Goethe-Universit\u00e4t ihre Wissenschaftler*innen, die entweder gerade promovieren, bereits promoviert wurden und erste weitere Berufserfahrungen an der Universit\u00e4t sammeln oder als Postdocs auch schon eigenst\u00e4ndig Projekte oder Gruppen leiten, aber noch keine Professur angetreten haben.<\/p>\t\t\t\t\t\t\t\t<\/div>\n\t\t\t\t<\/div>\n\t\t\t\t\t<\/div>\n\t\t<\/div>\n\t\t\t\t\t<\/div>\n\t\t<\/section>\n\t\t\t\t<section class=\"elementor-section elementor-top-section elementor-element elementor-element-f5244d9 elementor-section-content-middle elementor-section-boxed elementor-section-height-default elementor-section-height-default\" data-id=\"f5244d9\" data-element_type=\"section\" data-settings=\"{&quot;background_background&quot;:&quot;classic&quot;,&quot;_ha_eqh_enable&quot;:false}\">\n\t\t\t\t\t\t<div class=\"elementor-container elementor-column-gap-no\">\n\t\t\t\t\t<div class=\"elementor-column elementor-col-100 elementor-top-column elementor-element elementor-element-00f3685\" data-id=\"00f3685\" data-element_type=\"column\">\n\t\t\t<div class=\"elementor-widget-wrap elementor-element-populated\">\n\t\t\t\t\t\t<div class=\"elementor-element elementor-element-b8e1169 elementor-widget elementor-widget-text-editor\" data-id=\"b8e1169\" data-element_type=\"widget\" data-settings=\"{&quot;_animation&quot;:&quot;none&quot;,&quot;_animation_delay&quot;:600}\" data-widget_type=\"text-editor.default\">\n\t\t\t\t<div class=\"elementor-widget-container\">\n\t\t\t\t\t\t\t\t\t<p>\u00a9 2024 <a style=\"color: #e0e0e0;\" href=\"https:\/\/aktuelles.uni-frankfurt.de\">Goethe-Universit\u00e4t Frankfurt am Main<\/a><\/p><p><a style=\"color: #e0e0e0;\" href=\"https:\/\/aktuelles.uni-frankfurt.de\/jahrbuch-2023-impressum\">Impressum<\/a> | <a style=\"color: #e0e0e0;\" href=\"https:\/\/aktuelles.uni-frankfurt.de\/datenschutzerklaerung\/\">Datenschutz<\/a><\/p>\t\t\t\t\t\t\t\t<\/div>\n\t\t\t\t<\/div>\n\t\t\t\t\t<\/div>\n\t\t<\/div>\n\t\t\t\t\t<\/div>\n\t\t<\/section>\n\t\t\t\t<\/div>\n\t\t","protected":false},"excerpt":{"rendered":"<p>Forschung Lehre &amp; Studium Campus &amp; Leben Interaktion &amp; Kooperation Jahres-Chronik Daten &amp; Fakten Goethe in progress 2023 DE EN Goethe in progress 2023 \u2013 Forschung Ein guter Rahmen f\u00fcr [&hellip;]<\/p>\n","protected":false},"author":24,"featured_media":0,"parent":0,"menu_order":0,"comment_status":"closed","ping_status":"closed","template":"elementor_canvas","meta":{"_eb_attr":"","_price":"","_stock":"","_tribe_ticket_header":"","_tribe_default_ticket_provider":"","_ticket_start_date":"","_ticket_end_date":"","_tribe_ticket_show_description":"","_tribe_ticket_show_not_going":false,"_tribe_ticket_use_global_stock":"","_tribe_ticket_global_stock_level":"","_global_stock_mode":"","_global_stock_cap":"","_tribe_rsvp_for_event":"","_tribe_ticket_going_count":"","_tribe_ticket_not_going_count":"","_tribe_tickets_list":"[]","_tribe_ticket_has_attendee_info_fields":false,"footnotes":"","_tec_slr_enabled":"","_tec_slr_layout":""},"folder":[382],"class_list":["post-80551","page","type-page","status-publish","hentry"],"yoast_head":"<!-- This site is optimized with the Yoast SEO plugin v27.5 - https:\/\/yoast.com\/product\/yoast-seo-wordpress\/ -->\n<title>Jahrbuch 2023 Forschung | Aktuelles aus der Goethe-Universit\u00e4t Frankfurt<\/title>\n<meta name=\"robots\" content=\"index, follow, max-snippet:-1, max-image-preview:large, max-video-preview:-1\" \/>\n<link rel=\"canonical\" href=\"https:\/\/aktuelles.uni-frankfurt.de\/en\/jahrbuch-2023-forschung\/\" \/>\n<meta property=\"og:locale\" content=\"en_GB\" \/>\n<meta property=\"og:type\" content=\"article\" \/>\n<meta property=\"og:title\" content=\"Jahrbuch 2023 Forschung | Aktuelles aus der Goethe-Universit\u00e4t Frankfurt\" \/>\n<meta property=\"og:description\" content=\"Forschung Lehre &amp; Studium Campus &amp; Leben Interaktion &amp; Kooperation Jahres-Chronik Daten &amp; Fakten Goethe in progress 2023 DE EN Goethe in progress 2023 \u2013 Forschung Ein guter Rahmen f\u00fcr [&hellip;]\" \/>\n<meta property=\"og:url\" content=\"https:\/\/aktuelles.uni-frankfurt.de\/en\/jahrbuch-2023-forschung\/\" \/>\n<meta property=\"og:site_name\" content=\"Aktuelles aus der Goethe-Universit\u00e4t Frankfurt\" \/>\n<meta property=\"article:modified_time\" content=\"2025-05-19T15:06:25+00:00\" \/>\n<meta property=\"og:image\" content=\"https:\/\/aktuelles.uni-frankfurt.de\/wp-content\/uploads\/2024\/02\/GU-Logo-blauKopfpng.png\" \/>\n\t<meta property=\"og:image:width\" content=\"1078\" \/>\n\t<meta property=\"og:image:height\" content=\"997\" \/>\n\t<meta property=\"og:image:type\" content=\"image\/png\" \/>\n<meta name=\"twitter:card\" content=\"summary_large_image\" \/>\n<meta name=\"twitter:label1\" content=\"Estimated reading time\" \/>\n\t<meta name=\"twitter:data1\" content=\"5 minutes\" \/>\n<script type=\"application\/ld+json\" class=\"yoast-schema-graph\">{\"@context\":\"https:\\\/\\\/schema.org\",\"@graph\":[{\"@type\":\"WebPage\",\"@id\":\"https:\\\/\\\/aktuelles.uni-frankfurt.de\\\/jahrbuch-2023-forschung\\\/\",\"url\":\"https:\\\/\\\/aktuelles.uni-frankfurt.de\\\/jahrbuch-2023-forschung\\\/\",\"name\":\"Jahrbuch 2023 Forschung | Aktuelles aus der Goethe-Universit\u00e4t Frankfurt\",\"isPartOf\":{\"@id\":\"https:\\\/\\\/aktuelles.uni-frankfurt.de\\\/#website\"},\"primaryImageOfPage\":{\"@id\":\"https:\\\/\\\/aktuelles.uni-frankfurt.de\\\/jahrbuch-2023-forschung\\\/#primaryimage\"},\"image\":{\"@id\":\"https:\\\/\\\/aktuelles.uni-frankfurt.de\\\/jahrbuch-2023-forschung\\\/#primaryimage\"},\"thumbnailUrl\":\"https:\\\/\\\/aktuelles.uni-frankfurt.de\\\/wp-content\\\/uploads\\\/2024\\\/02\\\/GU-Logo-blauKopfpng.png\",\"datePublished\":\"2024-08-05T08:17:17+00:00\",\"dateModified\":\"2025-05-19T15:06:25+00:00\",\"breadcrumb\":{\"@id\":\"https:\\\/\\\/aktuelles.uni-frankfurt.de\\\/jahrbuch-2023-forschung\\\/#breadcrumb\"},\"inLanguage\":\"en-GB\",\"potentialAction\":[{\"@type\":\"ReadAction\",\"target\":[\"https:\\\/\\\/aktuelles.uni-frankfurt.de\\\/jahrbuch-2023-forschung\\\/\"]}]},{\"@type\":\"ImageObject\",\"inLanguage\":\"en-GB\",\"@id\":\"https:\\\/\\\/aktuelles.uni-frankfurt.de\\\/jahrbuch-2023-forschung\\\/#primaryimage\",\"url\":\"https:\\\/\\\/aktuelles.uni-frankfurt.de\\\/wp-content\\\/uploads\\\/2024\\\/02\\\/GU-Logo-blauKopfpng.png\",\"contentUrl\":\"https:\\\/\\\/aktuelles.uni-frankfurt.de\\\/wp-content\\\/uploads\\\/2024\\\/02\\\/GU-Logo-blauKopfpng.png\"},{\"@type\":\"BreadcrumbList\",\"@id\":\"https:\\\/\\\/aktuelles.uni-frankfurt.de\\\/jahrbuch-2023-forschung\\\/#breadcrumb\",\"itemListElement\":[{\"@type\":\"ListItem\",\"position\":1,\"name\":\"Startseite\",\"item\":\"https:\\\/\\\/aktuelles.uni-frankfurt.de\\\/\"},{\"@type\":\"ListItem\",\"position\":2,\"name\":\"Jahrbuch 2023 Forschung\"}]},{\"@type\":\"WebSite\",\"@id\":\"https:\\\/\\\/aktuelles.uni-frankfurt.de\\\/#website\",\"url\":\"https:\\\/\\\/aktuelles.uni-frankfurt.de\\\/\",\"name\":\"Aktuelles aus der Goethe-Universit\u00e4t Frankfurt\",\"description\":\"Aktuelles aus der Goethe-Universit\u00e4t | Neues aus Forschung, Lehre, Studium\",\"publisher\":{\"@id\":\"https:\\\/\\\/aktuelles.uni-frankfurt.de\\\/#organization\"},\"potentialAction\":[{\"@type\":\"SearchAction\",\"target\":{\"@type\":\"EntryPoint\",\"urlTemplate\":\"https:\\\/\\\/aktuelles.uni-frankfurt.de\\\/?s={search_term_string}\"},\"query-input\":{\"@type\":\"PropertyValueSpecification\",\"valueRequired\":true,\"valueName\":\"search_term_string\"}}],\"inLanguage\":\"en-GB\"},{\"@type\":\"Organization\",\"@id\":\"https:\\\/\\\/aktuelles.uni-frankfurt.de\\\/#organization\",\"name\":\"Goethe-Universit\u00e4t\",\"url\":\"https:\\\/\\\/aktuelles.uni-frankfurt.de\\\/\",\"logo\":{\"@type\":\"ImageObject\",\"inLanguage\":\"en-GB\",\"@id\":\"https:\\\/\\\/aktuelles.uni-frankfurt.de\\\/#\\\/schema\\\/logo\\\/image\\\/\",\"url\":\"https:\\\/\\\/aktuelles.uni-frankfurt.de\\\/wp-content\\\/uploads\\\/2022\\\/03\\\/800px-Goethe-Logo.png\",\"contentUrl\":\"https:\\\/\\\/aktuelles.uni-frankfurt.de\\\/wp-content\\\/uploads\\\/2022\\\/03\\\/800px-Goethe-Logo.png\",\"width\":800,\"height\":436,\"caption\":\"Goethe-Universit\u00e4t\"},\"image\":{\"@id\":\"https:\\\/\\\/aktuelles.uni-frankfurt.de\\\/#\\\/schema\\\/logo\\\/image\\\/\"}}]}<\/script>\n<!-- \/ Yoast SEO plugin. -->","yoast_head_json":{"title":"Jahrbuch 2023 Forschung | Aktuelles aus der Goethe-Universit\u00e4t Frankfurt","robots":{"index":"index","follow":"follow","max-snippet":"max-snippet:-1","max-image-preview":"max-image-preview:large","max-video-preview":"max-video-preview:-1"},"canonical":"https:\/\/aktuelles.uni-frankfurt.de\/en\/jahrbuch-2023-forschung\/","og_locale":"en_GB","og_type":"article","og_title":"Jahrbuch 2023 Forschung | Aktuelles aus der Goethe-Universit\u00e4t Frankfurt","og_description":"Forschung Lehre &amp; Studium Campus &amp; Leben Interaktion &amp; Kooperation Jahres-Chronik Daten &amp; Fakten Goethe in progress 2023 DE EN Goethe in progress 2023 \u2013 Forschung Ein guter Rahmen f\u00fcr [&hellip;]","og_url":"https:\/\/aktuelles.uni-frankfurt.de\/en\/jahrbuch-2023-forschung\/","og_site_name":"Aktuelles aus der Goethe-Universit\u00e4t Frankfurt","article_modified_time":"2025-05-19T15:06:25+00:00","og_image":[{"width":1078,"height":997,"url":"https:\/\/aktuelles.uni-frankfurt.de\/wp-content\/uploads\/2024\/02\/GU-Logo-blauKopfpng.png","type":"image\/png"}],"twitter_card":"summary_large_image","twitter_misc":{"Estimated reading time":"5 minutes"},"schema":{"@context":"https:\/\/schema.org","@graph":[{"@type":"WebPage","@id":"https:\/\/aktuelles.uni-frankfurt.de\/jahrbuch-2023-forschung\/","url":"https:\/\/aktuelles.uni-frankfurt.de\/jahrbuch-2023-forschung\/","name":"Jahrbuch 2023 Forschung | Aktuelles aus der Goethe-Universit\u00e4t Frankfurt","isPartOf":{"@id":"https:\/\/aktuelles.uni-frankfurt.de\/#website"},"primaryImageOfPage":{"@id":"https:\/\/aktuelles.uni-frankfurt.de\/jahrbuch-2023-forschung\/#primaryimage"},"image":{"@id":"https:\/\/aktuelles.uni-frankfurt.de\/jahrbuch-2023-forschung\/#primaryimage"},"thumbnailUrl":"https:\/\/aktuelles.uni-frankfurt.de\/wp-content\/uploads\/2024\/02\/GU-Logo-blauKopfpng.png","datePublished":"2024-08-05T08:17:17+00:00","dateModified":"2025-05-19T15:06:25+00:00","breadcrumb":{"@id":"https:\/\/aktuelles.uni-frankfurt.de\/jahrbuch-2023-forschung\/#breadcrumb"},"inLanguage":"en-GB","potentialAction":[{"@type":"ReadAction","target":["https:\/\/aktuelles.uni-frankfurt.de\/jahrbuch-2023-forschung\/"]}]},{"@type":"ImageObject","inLanguage":"en-GB","@id":"https:\/\/aktuelles.uni-frankfurt.de\/jahrbuch-2023-forschung\/#primaryimage","url":"https:\/\/aktuelles.uni-frankfurt.de\/wp-content\/uploads\/2024\/02\/GU-Logo-blauKopfpng.png","contentUrl":"https:\/\/aktuelles.uni-frankfurt.de\/wp-content\/uploads\/2024\/02\/GU-Logo-blauKopfpng.png"},{"@type":"BreadcrumbList","@id":"https:\/\/aktuelles.uni-frankfurt.de\/jahrbuch-2023-forschung\/#breadcrumb","itemListElement":[{"@type":"ListItem","position":1,"name":"Startseite","item":"https:\/\/aktuelles.uni-frankfurt.de\/"},{"@type":"ListItem","position":2,"name":"Jahrbuch 2023 Forschung"}]},{"@type":"WebSite","@id":"https:\/\/aktuelles.uni-frankfurt.de\/#website","url":"https:\/\/aktuelles.uni-frankfurt.de\/","name":"Aktuelles aus der Goethe-Universit\u00e4t Frankfurt","description":"Aktuelles aus der Goethe-Universit\u00e4t | Neues aus Forschung, Lehre, Studium","publisher":{"@id":"https:\/\/aktuelles.uni-frankfurt.de\/#organization"},"potentialAction":[{"@type":"SearchAction","target":{"@type":"EntryPoint","urlTemplate":"https:\/\/aktuelles.uni-frankfurt.de\/?s={search_term_string}"},"query-input":{"@type":"PropertyValueSpecification","valueRequired":true,"valueName":"search_term_string"}}],"inLanguage":"en-GB"},{"@type":"Organization","@id":"https:\/\/aktuelles.uni-frankfurt.de\/#organization","name":"Goethe University Frankfurt","url":"https:\/\/aktuelles.uni-frankfurt.de\/","logo":{"@type":"ImageObject","inLanguage":"en-GB","@id":"https:\/\/aktuelles.uni-frankfurt.de\/#\/schema\/logo\/image\/","url":"https:\/\/aktuelles.uni-frankfurt.de\/wp-content\/uploads\/2022\/03\/800px-Goethe-Logo.png","contentUrl":"https:\/\/aktuelles.uni-frankfurt.de\/wp-content\/uploads\/2022\/03\/800px-Goethe-Logo.png","width":800,"height":436,"caption":"Goethe-Universit\u00e4t"},"image":{"@id":"https:\/\/aktuelles.uni-frankfurt.de\/#\/schema\/logo\/image\/"}}]}},"ticketed":false,"_links":{"self":[{"href":"https:\/\/aktuelles.uni-frankfurt.de\/en\/wp-json\/wp\/v2\/pages\/80551","targetHints":{"allow":["GET"]}}],"collection":[{"href":"https:\/\/aktuelles.uni-frankfurt.de\/en\/wp-json\/wp\/v2\/pages"}],"about":[{"href":"https:\/\/aktuelles.uni-frankfurt.de\/en\/wp-json\/wp\/v2\/types\/page"}],"author":[{"embeddable":true,"href":"https:\/\/aktuelles.uni-frankfurt.de\/en\/wp-json\/wp\/v2\/users\/24"}],"replies":[{"embeddable":true,"href":"https:\/\/aktuelles.uni-frankfurt.de\/en\/wp-json\/wp\/v2\/comments?post=80551"}],"version-history":[{"count":0,"href":"https:\/\/aktuelles.uni-frankfurt.de\/en\/wp-json\/wp\/v2\/pages\/80551\/revisions"}],"wp:attachment":[{"href":"https:\/\/aktuelles.uni-frankfurt.de\/en\/wp-json\/wp\/v2\/media?parent=80551"}],"wp:term":[{"taxonomy":"folder","embeddable":true,"href":"https:\/\/aktuelles.uni-frankfurt.de\/en\/wp-json\/wp\/v2\/folder?post=80551"}],"curies":[{"name":"wp","href":"https:\/\/api.w.org\/{rel}","templated":true}]}}