{"id":84549,"date":"2025-10-24T07:35:17","date_gmt":"2025-10-24T05:35:17","guid":{"rendered":"https:\/\/aktuelles.uni-frankfurt.de\/?page_id=84549"},"modified":"2025-10-24T08:23:24","modified_gmt":"2025-10-24T06:23:24","slug":"jahrbuch-2024-campus-leben","status":"publish","type":"page","link":"https:\/\/aktuelles.uni-frankfurt.de\/en\/jahrbuch-2024-campus-leben\/","title":{"rendered":"Jahrbuch 2024 Campus &#038; Leben"},"content":{"rendered":"\t\t<div data-elementor-type=\"wp-page\" data-elementor-id=\"84549\" class=\"elementor elementor-84549\" data-elementor-settings=\"{&quot;ha_cmc_init_switcher&quot;:&quot;no&quot;}\" data-elementor-post-type=\"page\">\n\t\t\t\t\t\t<section class=\"elementor-section elementor-top-section elementor-element elementor-element-4ebc0ae elementor-section-full_width elementor-hidden-tablet elementor-hidden-mobile elementor-section-height-default elementor-section-height-default\" data-id=\"4ebc0ae\" data-element_type=\"section\" data-settings=\"{&quot;background_background&quot;:&quot;classic&quot;,&quot;sticky&quot;:&quot;top&quot;,&quot;_ha_eqh_enable&quot;:false,&quot;sticky_on&quot;:[&quot;desktop&quot;,&quot;tablet&quot;,&quot;mobile&quot;],&quot;sticky_offset&quot;:0,&quot;sticky_effects_offset&quot;:0,&quot;sticky_anchor_link_offset&quot;:0}\">\n\t\t\t\t\t\t<div class=\"elementor-container elementor-column-gap-no\">\n\t\t\t\t\t<div data-ha-element-link=\"{&quot;url&quot;:&quot;https:\\\/\\\/aktuelles.uni-frankfurt.de\\\/jahrbuch-2024&quot;,&quot;is_external&quot;:&quot;&quot;,&quot;nofollow&quot;:&quot;&quot;}\" style=\"cursor: pointer\" class=\"elementor-column elementor-col-50 elementor-top-column elementor-element elementor-element-8460bc4\" data-id=\"8460bc4\" data-element_type=\"column\" data-settings=\"{&quot;background_background&quot;:&quot;classic&quot;}\">\n\t\t\t<div class=\"elementor-widget-wrap elementor-element-populated\">\n\t\t\t\t\t\t<div class=\"elementor-element elementor-element-acd62cc elementor-widget elementor-widget-spacer\" data-id=\"acd62cc\" data-element_type=\"widget\" data-widget_type=\"spacer.default\">\n\t\t\t\t<div class=\"elementor-widget-container\">\n\t\t\t\t\t\t\t<div class=\"elementor-spacer\">\n\t\t\t<div class=\"elementor-spacer-inner\"><\/div>\n\t\t<\/div>\n\t\t\t\t\t\t<\/div>\n\t\t\t\t<\/div>\n\t\t\t\t\t<\/div>\n\t\t<\/div>\n\t\t\t\t<div class=\"elementor-column elementor-col-50 elementor-top-column elementor-element elementor-element-83e8733\" data-id=\"83e8733\" data-element_type=\"column\">\n\t\t\t<div class=\"elementor-widget-wrap elementor-element-populated\">\n\t\t\t\t\t\t<div class=\"elementor-element elementor-element-1e98f89 elementor-hidden-tablet elementor-hidden-mobile elementor-widget elementor-widget-eael-image-accordion\" data-id=\"1e98f89\" data-element_type=\"widget\" data-widget_type=\"eael-image-accordion.default\">\n\t\t\t\t<div class=\"elementor-widget-container\">\n\t\t\t\t\t    <div class=\"eael-img-accordion accordion-direction-horizontal eael-img-accordion-horizontal-align-center eael-img-accordion-vertical-align-center\" id=\"eael-img-accordion-1e98f89\" data-img-accordion-id=\"1e98f89\" data-img-accordion-type=\"on-hover\">\n                    \n            <div class=\"eael-image-accordion-hover eael-image-accordion-item\" style=\"background-image: url(https:\/\/aktuelles.uni-frankfurt.de\/wp-content\/uploads\/2024\/03\/akkordeon-forschung.jpg);\"  tabindex=\"0\">\n                <div class=\"overlay\">\n                                        <div class=\"overlay-inner \">\n                        <a href=\"https:\/\/aktuelles.uni-frankfurt.de\/jahrbuch-2024-forschung\/\"><h1 class=\"img-accordion-title\"><div id=\"Kasten\">Forschung<\/div><\/h1><\/a>                    <\/div>\n                <\/div>\n            <\/div>\n                    \n            <div class=\"eael-image-accordion-hover eael-image-accordion-item\" style=\"background-image: url(https:\/\/aktuelles.uni-frankfurt.de\/wp-content\/uploads\/2024\/03\/akkordeon-fakten.jpg);\"  tabindex=\"0\">\n                <div class=\"overlay\">\n                                        <div class=\"overlay-inner \">\n                        <a href=\"https:\/\/aktuelles.uni-frankfurt.de\/jahrbuch-2024-lehre-studium\/\"><h1 class=\"img-accordion-title\"><div id=\"Kasten\">Lehre &amp; Studium<\/div><\/h1><\/a>                    <\/div>\n                <\/div>\n            <\/div>\n                    \n            <div class=\"eael-image-accordion-hover eael-image-accordion-item\" style=\"background-image: url(https:\/\/aktuelles.uni-frankfurt.de\/wp-content\/uploads\/2024\/03\/akkordeon-chronik.jpg);\"  tabindex=\"0\">\n                <div class=\"overlay\">\n                                        <div class=\"overlay-inner \">\n                        <a href=\"https:\/\/aktuelles.uni-frankfurt.de\/jahrbuch-2024-campus-leben\/\"><h1 class=\"img-accordion-title\"><div id=\"Kasten\">Campus &amp; Leben<\/div><\/h1><\/a>                    <\/div>\n                <\/div>\n            <\/div>\n                    \n            <div class=\"eael-image-accordion-hover eael-image-accordion-item\" style=\"background-image: url(https:\/\/aktuelles.uni-frankfurt.de\/wp-content\/uploads\/2024\/03\/akkordeon-interaktion.jpg);\"  tabindex=\"0\">\n                <div class=\"overlay\">\n                                        <div class=\"overlay-inner \">\n                        <a href=\"https:\/\/aktuelles.uni-frankfurt.de\/jahrbuch-2024-interaktion-kooperation\/\"><h1 class=\"img-accordion-title\"><div id=\"Kasten\">Interaktion &amp; Kooperation<\/div><\/h1><\/a>                    <\/div>\n                <\/div>\n            <\/div>\n                    \n            <div class=\"eael-image-accordion-hover eael-image-accordion-item\" style=\"background-image: url(https:\/\/aktuelles.uni-frankfurt.de\/wp-content\/uploads\/2024\/03\/akkoredeon-campus.jpg);\"  tabindex=\"0\">\n                <div class=\"overlay\">\n                                        <div class=\"overlay-inner \">\n                        <a href=\"https:\/\/aktuelles.uni-frankfurt.de\/jahrbuch-2024-chronik\/\"><h1 class=\"img-accordion-title\"><div id=\"Kasten\">Jahres-Chronik<\/div><\/h1><\/a>                    <\/div>\n                <\/div>\n            <\/div>\n                    \n            <div class=\"eael-image-accordion-hover eael-image-accordion-item\" style=\"background-image: url(https:\/\/aktuelles.uni-frankfurt.de\/wp-content\/uploads\/2024\/03\/akkordeon-studium-lehre.jpg);\"  tabindex=\"0\">\n                <div class=\"overlay\">\n                                        <div class=\"overlay-inner \">\n                        <a href=\"https:\/\/aktuelles.uni-frankfurt.de\/jahrbuch-2024-daten-fakten\/\"><h1 class=\"img-accordion-title\"><div id=\"Kasten\">Daten &amp; Fakten<\/div><\/h1><\/a>                    <\/div>\n                <\/div>\n            <\/div>\n                <\/div>\n        <style typr=\"text\/css\">\n                    #eael-img-accordion-1e98f89 .eael-image-accordion-hover:hover {\n                        flex: 3 1 0% !important;\n                    }\n                    #eael-img-accordion-1e98f89 .eael-image-accordion-hover:hover:hover .overlay-inner * {\n                        opacity: 1;\n                        visibility: visible;\n                        transform: none;\n                        transition: all .3s .3s;\n                    }\n                <\/style>\t\t\t\t<\/div>\n\t\t\t\t<\/div>\n\t\t\t\t\t<\/div>\n\t\t<\/div>\n\t\t\t\t\t<\/div>\n\t\t<\/section>\n\t\t\t\t<header class=\"elementor-section elementor-top-section elementor-element elementor-element-6b8b8d4 elementor-section-content-middle elementor-section-full_width elementor-hidden-desktop elementor-section-height-default elementor-section-height-default\" data-id=\"6b8b8d4\" data-element_type=\"section\" data-settings=\"{&quot;background_background&quot;:&quot;classic&quot;,&quot;sticky&quot;:&quot;top&quot;,&quot;sticky_on&quot;:[&quot;desktop&quot;,&quot;tablet&quot;,&quot;mobile&quot;],&quot;sticky_offset&quot;:0,&quot;sticky_effects_offset&quot;:0,&quot;sticky_anchor_link_offset&quot;:0}\">\n\t\t\t\t\t\t<div class=\"elementor-container elementor-column-gap-no\">\n\t\t\t\t\t<div data-ha-element-link=\"{&quot;url&quot;:&quot;https:\\\/\\\/aktuelles.uni-frankfurt.de\\\/jahrbuch-2022\\\/&quot;,&quot;is_external&quot;:&quot;&quot;,&quot;nofollow&quot;:&quot;&quot;}\" style=\"cursor: pointer\" class=\"elementor-column elementor-col-25 elementor-top-column elementor-element elementor-element-9455f22\" data-id=\"9455f22\" data-element_type=\"column\">\n\t\t\t<div class=\"elementor-widget-wrap elementor-element-populated\">\n\t\t\t\t\t\t<div class=\"elementor-element elementor-element-8a7b485 elementor-widget-mobile__width-auto elementor-widget elementor-widget-image\" data-id=\"8a7b485\" data-element_type=\"widget\" data-widget_type=\"image.default\">\n\t\t\t\t<div class=\"elementor-widget-container\">\n\t\t\t\t\t\t\t\t\t\t\t\t\t\t\t\t<a href=\"https:\/\/www.uni-frankfurt.de\/\">\n\t\t\t\t\t\t\t<img fetchpriority=\"high\" decoding=\"async\" width=\"1078\" height=\"997\" src=\"https:\/\/aktuelles.uni-frankfurt.de\/wp-content\/uploads\/2024\/02\/GU-Logo-blauKopfpng.png\" class=\"attachment-1536x1536 size-1536x1536 wp-image-79205\" alt=\"\" srcset=\"https:\/\/aktuelles.uni-frankfurt.de\/wp-content\/uploads\/2024\/02\/GU-Logo-blauKopfpng.png 1078w, https:\/\/aktuelles.uni-frankfurt.de\/wp-content\/uploads\/2024\/02\/GU-Logo-blauKopfpng-300x277.png 300w, https:\/\/aktuelles.uni-frankfurt.de\/wp-content\/uploads\/2024\/02\/GU-Logo-blauKopfpng-500x462.png 500w, https:\/\/aktuelles.uni-frankfurt.de\/wp-content\/uploads\/2024\/02\/GU-Logo-blauKopfpng-768x710.png 768w, https:\/\/aktuelles.uni-frankfurt.de\/wp-content\/uploads\/2024\/02\/GU-Logo-blauKopfpng-13x12.png 13w\" sizes=\"(max-width: 1078px) 100vw, 1078px\" \/>\t\t\t\t\t\t\t\t<\/a>\n\t\t\t\t\t\t\t\t\t\t\t\t\t\t\t<\/div>\n\t\t\t\t<\/div>\n\t\t\t\t\t<\/div>\n\t\t<\/div>\n\t\t\t\t<div class=\"elementor-column elementor-col-50 elementor-top-column elementor-element elementor-element-0e77faf\" data-id=\"0e77faf\" data-element_type=\"column\">\n\t\t\t<div class=\"elementor-widget-wrap elementor-element-populated\">\n\t\t\t\t\t\t<div class=\"elementor-element elementor-element-762b70f animated-fast elementor-invisible elementor-widget elementor-widget-text-editor\" data-id=\"762b70f\" data-element_type=\"widget\" data-settings=\"{&quot;_animation&quot;:&quot;fadeInUp&quot;}\" data-widget_type=\"text-editor.default\">\n\t\t\t\t<div class=\"elementor-widget-container\">\n\t\t\t\t\t\t\t\t\t<p>Goethe in progress <a style=\"color: #016191;\"> 2024<\/a><\/p>\t\t\t\t\t\t\t\t<\/div>\n\t\t\t\t<\/div>\n\t\t\t\t\t<\/div>\n\t\t<\/div>\n\t\t\t\t<div class=\"elementor-column elementor-col-25 elementor-top-column elementor-element elementor-element-de4908d\" data-id=\"de4908d\" data-element_type=\"column\">\n\t\t\t<div class=\"elementor-widget-wrap elementor-element-populated\">\n\t\t\t\t\t\t<div class=\"elementor-element elementor-element-ea61b4f elementor-widget-mobile__width-auto elementor-view-default elementor-widget elementor-widget-icon\" data-id=\"ea61b4f\" data-element_type=\"widget\" data-widget_type=\"icon.default\">\n\t\t\t\t<div class=\"elementor-widget-container\">\n\t\t\t\t\t\t\t<div class=\"elementor-icon-wrapper\">\n\t\t\t<a class=\"elementor-icon\" href=\"#elementor-action%3Aaction%3Dpopup%3Aopen%26settings%3DeyJpZCI6Ijg1NTM1IiwidG9nZ2xlIjpmYWxzZX0%3D\">\n\t\t\t<i aria-hidden=\"true\" class=\"icon icon-menu-11\"><\/i>\t\t\t<\/a>\n\t\t<\/div>\n\t\t\t\t\t\t<\/div>\n\t\t\t\t<\/div>\n\t\t\t\t\t<\/div>\n\t\t<\/div>\n\t\t\t\t\t<\/div>\n\t\t<\/header>\n\t\t\t\t<section class=\"elementor-section elementor-top-section elementor-element elementor-element-72146b7 elementor-section-full_width elementor-section-height-min-height elementor-section-content-top elementor-section-items-stretch elementor-section-height-default\" data-id=\"72146b7\" data-element_type=\"section\" id=\"intro\" data-settings=\"{&quot;background_background&quot;:&quot;classic&quot;,&quot;_ha_eqh_enable&quot;:false}\">\n\t\t\t\t\t\t<div class=\"elementor-container elementor-column-gap-no\">\n\t\t\t\t\t<div class=\"elementor-column elementor-col-100 elementor-top-column elementor-element elementor-element-7377d7f\" data-id=\"7377d7f\" data-element_type=\"column\">\n\t\t\t<div class=\"elementor-widget-wrap elementor-element-populated\">\n\t\t\t\t\t\t<div class=\"elementor-element elementor-element-cea9063 elementor-widget__width-auto elementor-fixed elementor-view-default elementor-widget elementor-widget-icon\" data-id=\"cea9063\" data-element_type=\"widget\" data-settings=\"{&quot;_position&quot;:&quot;fixed&quot;,&quot;sticky&quot;:&quot;bottom&quot;,&quot;motion_fx_motion_fx_scrolling&quot;:&quot;yes&quot;,&quot;motion_fx_opacity_effect&quot;:&quot;yes&quot;,&quot;motion_fx_range&quot;:&quot;viewport&quot;,&quot;motion_fx_opacity_direction&quot;:&quot;out-in&quot;,&quot;motion_fx_opacity_level&quot;:{&quot;unit&quot;:&quot;px&quot;,&quot;size&quot;:10,&quot;sizes&quot;:[]},&quot;motion_fx_opacity_range&quot;:{&quot;unit&quot;:&quot;%&quot;,&quot;size&quot;:&quot;&quot;,&quot;sizes&quot;:{&quot;start&quot;:20,&quot;end&quot;:80}},&quot;motion_fx_devices&quot;:[&quot;desktop&quot;,&quot;tablet&quot;,&quot;mobile&quot;],&quot;sticky_on&quot;:[&quot;desktop&quot;,&quot;tablet&quot;,&quot;mobile&quot;],&quot;sticky_offset&quot;:0,&quot;sticky_effects_offset&quot;:0,&quot;sticky_anchor_link_offset&quot;:0}\" data-widget_type=\"icon.default\">\n\t\t\t\t<div class=\"elementor-widget-container\">\n\t\t\t\t\t\t\t<div class=\"elementor-icon-wrapper\">\n\t\t\t<a class=\"elementor-icon\" href=\"#intro\">\n\t\t\t<i aria-hidden=\"true\" class=\"fas fa-arrow-circle-up\"><\/i>\t\t\t<\/a>\n\t\t<\/div>\n\t\t\t\t\t\t<\/div>\n\t\t\t\t<\/div>\n\t\t\t\t<div class=\"elementor-element elementor-element-2b8b56e elementor-widget__width-auto elementor-fixed elementor-view-default elementor-widget elementor-widget-icon\" data-id=\"2b8b56e\" data-element_type=\"widget\" data-settings=\"{&quot;_position&quot;:&quot;fixed&quot;,&quot;motion_fx_motion_fx_scrolling&quot;:&quot;yes&quot;,&quot;motion_fx_opacity_effect&quot;:&quot;yes&quot;,&quot;motion_fx_range&quot;:&quot;viewport&quot;,&quot;motion_fx_opacity_direction&quot;:&quot;out-in&quot;,&quot;motion_fx_opacity_level&quot;:{&quot;unit&quot;:&quot;px&quot;,&quot;size&quot;:10,&quot;sizes&quot;:[]},&quot;motion_fx_opacity_range&quot;:{&quot;unit&quot;:&quot;%&quot;,&quot;size&quot;:&quot;&quot;,&quot;sizes&quot;:{&quot;start&quot;:20,&quot;end&quot;:80}},&quot;motion_fx_devices&quot;:[&quot;desktop&quot;,&quot;tablet&quot;,&quot;mobile&quot;]}\" data-widget_type=\"icon.default\">\n\t\t\t\t<div class=\"elementor-widget-container\">\n\t\t\t\t\t\t\t<div class=\"elementor-icon-wrapper\">\n\t\t\t<a class=\"elementor-icon\" href=\"#elementor-action%3Aaction%3Dpopup%3Aopen%26settings%3DeyJpZCI6Ijg1MTg3IiwidG9nZ2xlIjpmYWxzZX0%3D\">\n\t\t\t<i aria-hidden=\"true\" class=\"icon icon-menu-9\"><\/i>\t\t\t<\/a>\n\t\t<\/div>\n\t\t\t\t\t\t<\/div>\n\t\t\t\t<\/div>\n\t\t\t\t\t<\/div>\n\t\t<\/div>\n\t\t\t\t\t<\/div>\n\t\t<\/section>\n\t\t\t\t<section class=\"elementor-section elementor-top-section elementor-element elementor-element-a6d85cd elementor-section-content-middle elementor-section-boxed elementor-section-height-default elementor-section-height-default\" data-id=\"a6d85cd\" data-element_type=\"section\" data-settings=\"{&quot;background_background&quot;:&quot;classic&quot;,&quot;_ha_eqh_enable&quot;:false}\">\n\t\t\t\t\t\t<div class=\"elementor-container elementor-column-gap-no\">\n\t\t\t\t\t<div class=\"elementor-column elementor-col-100 elementor-top-column elementor-element elementor-element-0712888 crank-it\" data-id=\"0712888\" data-element_type=\"column\" data-settings=\"{&quot;background_background&quot;:&quot;classic&quot;}\">\n\t\t\t<div class=\"elementor-widget-wrap elementor-element-populated\">\n\t\t\t\t\t\t<div class=\"elementor-element elementor-element-489f476 invert elementor-absolute elementor-widget elementor-widget-image\" data-id=\"489f476\" data-element_type=\"widget\" data-settings=\"{&quot;motion_fx_motion_fx_scrolling&quot;:&quot;yes&quot;,&quot;motion_fx_rotateZ_effect&quot;:&quot;yes&quot;,&quot;motion_fx_rotateZ_direction&quot;:&quot;negative&quot;,&quot;_position&quot;:&quot;absolute&quot;,&quot;motion_fx_range&quot;:&quot;viewport&quot;,&quot;motion_fx_rotateZ_speed&quot;:{&quot;unit&quot;:&quot;px&quot;,&quot;size&quot;:1,&quot;sizes&quot;:[]},&quot;motion_fx_rotateZ_affectedRange&quot;:{&quot;unit&quot;:&quot;%&quot;,&quot;size&quot;:&quot;&quot;,&quot;sizes&quot;:{&quot;start&quot;:0,&quot;end&quot;:100}},&quot;motion_fx_devices&quot;:[&quot;desktop&quot;,&quot;tablet&quot;,&quot;mobile&quot;]}\" data-widget_type=\"image.default\">\n\t\t\t\t<div class=\"elementor-widget-container\">\n\t\t\t\t\t\t\t\t\t\t\t\t\t\t\t<img decoding=\"async\" width=\"1501\" height=\"1651\" src=\"https:\/\/aktuelles.uni-frankfurt.de\/wp-content\/uploads\/2024\/03\/jahrbuch22-sternpng.png\" class=\"attachment-2048x2048 size-2048x2048 wp-image-79286\" alt=\"\" srcset=\"https:\/\/aktuelles.uni-frankfurt.de\/wp-content\/uploads\/2024\/03\/jahrbuch22-sternpng.png 1501w, https:\/\/aktuelles.uni-frankfurt.de\/wp-content\/uploads\/2024\/03\/jahrbuch22-sternpng-273x300.png 273w, https:\/\/aktuelles.uni-frankfurt.de\/wp-content\/uploads\/2024\/03\/jahrbuch22-sternpng-455x500.png 455w, https:\/\/aktuelles.uni-frankfurt.de\/wp-content\/uploads\/2024\/03\/jahrbuch22-sternpng-768x845.png 768w, https:\/\/aktuelles.uni-frankfurt.de\/wp-content\/uploads\/2024\/03\/jahrbuch22-sternpng-1396x1536.png 1396w, https:\/\/aktuelles.uni-frankfurt.de\/wp-content\/uploads\/2024\/03\/jahrbuch22-sternpng-11x12.png 11w\" sizes=\"(max-width: 1501px) 100vw, 1501px\" \/>\t\t\t\t\t\t\t\t\t\t\t\t\t\t\t<\/div>\n\t\t\t\t<\/div>\n\t\t\t\t<div class=\"elementor-element elementor-element-bf02ede elementor-widget elementor-widget-heading\" data-id=\"bf02ede\" data-element_type=\"widget\" data-widget_type=\"heading.default\">\n\t\t\t\t<div class=\"elementor-widget-container\">\n\t\t\t\t\t<h2 class=\"elementor-heading-title elementor-size-default\">Goethe in progress 2024 \u2013 Campus &amp; Leben<\/h2>\t\t\t\t<\/div>\n\t\t\t\t<\/div>\n\t\t\t\t<div class=\"elementor-element elementor-element-93ba1a9 elementor-invisible elementor-widget elementor-widget-heading\" data-id=\"93ba1a9\" data-element_type=\"widget\" data-settings=\"{&quot;_animation&quot;:&quot;fadeInUp&quot;}\" data-widget_type=\"heading.default\">\n\t\t\t\t<div class=\"elementor-widget-container\">\n\t\t\t\t\t<h1 class=\"elementor-heading-title elementor-size-default\">Zukunft aktiv gestalten<\/h1>\t\t\t\t<\/div>\n\t\t\t\t<\/div>\n\t\t\t\t<div class=\"elementor-element elementor-element-d9b382d animated-fast elementor-invisible elementor-widget elementor-widget-text-editor\" data-id=\"d9b382d\" data-element_type=\"widget\" data-settings=\"{&quot;_animation&quot;:&quot;fadeInUp&quot;}\" data-widget_type=\"text-editor.default\">\n\t\t\t\t<div class=\"elementor-widget-container\">\n\t\t\t\t\t\t\t\t\t<p>Die Goethe-Universit\u00e4t stellt 2024 viele Weichen f\u00fcr die Zukunft: mit Strategien f\u00fcr Nachhaltigkeit, Digitalisierung und Ausbildung, mit einem Gesundheitsmanagement f\u00fcr alle, mit dem Ausbau des Campus und neuen K\u00f6pfen im Pr\u00e4sidium. Dabei entstehen nicht nur neue Netzwerke und Strukturen, sondern wie beim Bau des neuen Centers for Humanities auch neue R\u00e4ume \u2013 f\u00fcr Begegnung, Forschung und kreativen Austausch.<\/p>\t\t\t\t\t\t\t\t<\/div>\n\t\t\t\t<\/div>\n\t\t\t\t\t<\/div>\n\t\t<\/div>\n\t\t\t\t\t<\/div>\n\t\t<\/section>\n\t\t\t\t<section class=\"elementor-section elementor-top-section elementor-element elementor-element-6c17a22 elementor-section-content-middle animated-fast elementor-section-boxed elementor-section-height-default elementor-section-height-default elementor-invisible\" data-id=\"6c17a22\" data-element_type=\"section\" data-settings=\"{&quot;animation&quot;:&quot;fadeInUp&quot;,&quot;_ha_eqh_enable&quot;:false}\">\n\t\t\t\t\t\t<div class=\"elementor-container elementor-column-gap-no\">\n\t\t\t\t\t<div data-ha-element-link=\"{&quot;url&quot;:&quot;#Exzellenzwettbewerb&quot;,&quot;is_external&quot;:&quot;&quot;,&quot;nofollow&quot;:&quot;&quot;}\" style=\"cursor: pointer\" class=\"elementor-column elementor-col-100 elementor-top-column elementor-element elementor-element-214e39c elementor-invisible\" data-id=\"214e39c\" data-element_type=\"column\" data-settings=\"{&quot;animation&quot;:&quot;fadeIn&quot;}\">\n\t\t\t<div class=\"elementor-widget-wrap elementor-element-populated\">\n\t\t\t\t\t\t<div class=\"elementor-element elementor-element-228594d elementor-hidden-mobile elementor-arrows-yes elementor-pagination-type-bullets elementor--star-style-star_fontawesome elementor-widget elementor-widget-reviews\" data-id=\"228594d\" data-element_type=\"widget\" data-settings=\"{&quot;slides_per_view&quot;:&quot;2&quot;,&quot;autoplay_speed&quot;:3000,&quot;space_between&quot;:{&quot;unit&quot;:&quot;px&quot;,&quot;size&quot;:15,&quot;sizes&quot;:[]},&quot;show_arrows&quot;:&quot;yes&quot;,&quot;pagination&quot;:&quot;bullets&quot;,&quot;speed&quot;:500,&quot;autoplay&quot;:&quot;yes&quot;,&quot;loop&quot;:&quot;yes&quot;,&quot;pause_on_hover&quot;:&quot;yes&quot;,&quot;pause_on_interaction&quot;:&quot;yes&quot;,&quot;space_between_tablet&quot;:{&quot;unit&quot;:&quot;px&quot;,&quot;size&quot;:10,&quot;sizes&quot;:[]},&quot;space_between_mobile&quot;:{&quot;unit&quot;:&quot;px&quot;,&quot;size&quot;:10,&quot;sizes&quot;:[]}}\" data-widget_type=\"reviews.default\">\n\t\t\t\t<div class=\"elementor-widget-container\">\n\t\t\t\t\t\t\t\t\t<div class=\"elementor-swiper\">\n\t\t\t\t\t<div class=\"elementor-main-swiper swiper\" role=\"region\" aria-roledescription=\"carousel\" aria-label=\"Slider\">\n\t\t\t\t<div class=\"swiper-wrapper\">\n\t\t\t\t\t\t\t\t\t\t\t<div class=\"swiper-slide\" role=\"group\" aria-roledescription=\"slide\">\n\t\t\t\t\t\t\t\t\t<div class=\"elementor-testimonial elementor-repeater-item-f14e8bc\">\n\t\t\t\t\t\t\t<a class=\"elementor-testimonial__header\" href=\"#Strategie\">\n\t\t\t\t\t\t\t\t\t\t\t<div class=\"elementor-testimonial__image\">\n\t\t\t\t\t\t\t<img decoding=\"async\" src=\"https:\/\/aktuelles.uni-frankfurt.de\/wp-content\/uploads\/2025\/07\/Bild-1-AUFMACHER-_Nachhaltigkeitswerkstatt-Forschung_c_Peggy-Feige_NHB_02.jpg\" alt=\"&lt;div style=&quot;margin-top: 15px; margin-bottom: 15px;&quot;&gt;Strategie&lt;\/div&gt;\">\n\t\t\t\t\t\t\t\t\t\t\t\t\t<\/div>\n\t\t\t\t\t\t\t\t\t\t<cite class=\"elementor-testimonial__cite\"><span class=\"elementor-testimonial__name\"><div style=\"margin-top: 15px;margin-bottom: 15px\">Strategie<\/div><\/span><span class=\"elementor-testimonial__title\"><div style=\"margin-top: 15px\">\u201eWir m\u00fcssen positive Zukunftsbilder malen\u201c<\/div><\/span><\/cite>\t\t\t\t\t<div class=\"elementor-testimonial__icon elementor-icon elementor-icon-\" aria-label=\"Read More\"><\/div>\t\t\t\t<\/a>\n\t\t\t\t\t\t\t\t<\/div>\n\t\t\t\t\t\t\t\t<\/div>\n\t\t\t\t\t\t\t\t\t\t\t<div class=\"swiper-slide\" role=\"group\" aria-roledescription=\"slide\">\n\t\t\t\t\t\t\t\t\t<div class=\"elementor-testimonial elementor-repeater-item-bdc88e3\">\n\t\t\t\t\t\t\t<a class=\"elementor-testimonial__header\" href=\"#Praesidium\">\n\t\t\t\t\t\t\t\t\t\t\t<div class=\"elementor-testimonial__image\">\n\t\t\t\t\t\t\t<img decoding=\"async\" src=\"https:\/\/aktuelles.uni-frankfurt.de\/wp-content\/uploads\/2025\/07\/3_Vizepraesidenten_Huth_4.vl_Foto_Stefanie-Wetzel.jpg\" alt=\"&lt;div style=&quot;margin-top: 15px; margin-bottom: 15px;&quot;&gt;Pr\u00e4sidium&lt;\/div&gt;\">\n\t\t\t\t\t\t\t\t\t\t\t\t\t<\/div>\n\t\t\t\t\t\t\t\t\t\t<cite class=\"elementor-testimonial__cite\"><span class=\"elementor-testimonial__name\"><div style=\"margin-top: 15px;margin-bottom: 15px\">Pr\u00e4sidium<\/div><\/span><span class=\"elementor-testimonial__title\"><div style=\"margin-top: 15px\">Wechsel im Team der Unileitung<\/div><\/span><\/cite>\t\t\t\t\t<div class=\"elementor-testimonial__icon elementor-icon elementor-icon-\" aria-label=\"Read More\"><\/div>\t\t\t\t<\/a>\n\t\t\t\t\t\t\t\t<\/div>\n\t\t\t\t\t\t\t\t<\/div>\n\t\t\t\t\t\t\t\t\t\t\t<div class=\"swiper-slide\" role=\"group\" aria-roledescription=\"slide\">\n\t\t\t\t\t\t\t\t\t<div class=\"elementor-testimonial elementor-repeater-item-ba0dbef\">\n\t\t\t\t\t\t\t<a class=\"elementor-testimonial__header\" href=\"#Gesundheit\">\n\t\t\t\t\t\t\t\t\t\t\t<div class=\"elementor-testimonial__image\">\n\t\t\t\t\t\t\t<img decoding=\"async\" src=\"https:\/\/aktuelles.uni-frankfurt.de\/wp-content\/uploads\/2025\/07\/Fotos-Beitrag-ZfH_2_Goethe-Lauf-2024-c-Jessica-Kuch.jpg\" alt=\"&lt;div style=&quot;margin-top: 15px; margin-bottom: 15px;&quot;&gt;Gesundheit f\u00fcr alle&lt;\/div&gt;\">\n\t\t\t\t\t\t\t\t\t\t\t\t\t<\/div>\n\t\t\t\t\t\t\t\t\t\t<cite class=\"elementor-testimonial__cite\"><span class=\"elementor-testimonial__name\"><div style=\"margin-top: 15px;margin-bottom: 15px\">Gesundheit f\u00fcr alle<\/div><\/span><span class=\"elementor-testimonial__title\"><div style=\"margin-top: 15px\">Ein starkes Signal f\u00fcr die Gesundheitsf\u00f6rderung<\/div><\/span><\/cite>\t\t\t\t\t<div class=\"elementor-testimonial__icon elementor-icon elementor-icon-\" aria-label=\"Read More\"><\/div>\t\t\t\t<\/a>\n\t\t\t\t\t\t\t\t<\/div>\n\t\t\t\t\t\t\t\t<\/div>\n\t\t\t\t\t\t\t\t\t\t\t<div class=\"swiper-slide\" role=\"group\" aria-roledescription=\"slide\">\n\t\t\t\t\t\t\t\t\t<div class=\"elementor-testimonial elementor-repeater-item-247e8a2\">\n\t\t\t\t\t\t\t<a class=\"elementor-testimonial__header\" href=\"#Ausbildung\">\n\t\t\t\t\t\t\t\t\t\t\t<div class=\"elementor-testimonial__image\">\n\t\t\t\t\t\t\t<img decoding=\"async\" src=\"https:\/\/aktuelles.uni-frankfurt.de\/wp-content\/uploads\/2025\/08\/Collage.jpg\" alt=\"&lt;div style=&quot;margin-top: 15px; margin-bottom: 15px;&quot;&gt;Ausbildung&lt;\/div&gt;\">\n\t\t\t\t\t\t\t\t\t\t\t\t\t<\/div>\n\t\t\t\t\t\t\t\t\t\t<cite class=\"elementor-testimonial__cite\"><span class=\"elementor-testimonial__name\"><div style=\"margin-top: 15px;margin-bottom: 15px\">Ausbildung<\/div><\/span><span class=\"elementor-testimonial__title\"><div style=\"margin-top: 15px\">\u201eEin Highlight unserer Ausbildung ist die Vielseitigkeit\u201c<\/div><\/span><\/cite>\t\t\t\t\t<div class=\"elementor-testimonial__icon elementor-icon elementor-icon-\" aria-label=\"Read More\"><\/div>\t\t\t\t<\/a>\n\t\t\t\t\t\t\t\t<\/div>\n\t\t\t\t\t\t\t\t<\/div>\n\t\t\t\t\t\t\t\t\t\t\t<div class=\"swiper-slide\" role=\"group\" aria-roledescription=\"slide\">\n\t\t\t\t\t\t\t\t\t<div class=\"elementor-testimonial elementor-repeater-item-f308858\">\n\t\t\t\t\t\t\t<a class=\"elementor-testimonial__header\" href=\"#Bauen\">\n\t\t\t\t\t\t\t\t\t\t\t<div class=\"elementor-testimonial__image\">\n\t\t\t\t\t\t\t<img decoding=\"async\" src=\"https:\/\/aktuelles.uni-frankfurt.de\/wp-content\/uploads\/2024\/05\/bm_05_spatenstich-cfh.jpg\" alt=\"&lt;div style=&quot;margin-top: 15px; margin-bottom: 15px;&quot;&gt;Bauen&lt;\/div&gt;\">\n\t\t\t\t\t\t\t\t\t\t\t\t\t<\/div>\n\t\t\t\t\t\t\t\t\t\t<cite class=\"elementor-testimonial__cite\"><span class=\"elementor-testimonial__name\"><div style=\"margin-top: 15px;margin-bottom: 15px\">Bauen<\/div><\/span><span class=\"elementor-testimonial__title\"><div style=\"margin-top: 15px\">Ein Domizil \u201emade by Goethe\u201d<\/div><\/span><\/cite>\t\t\t\t\t<div class=\"elementor-testimonial__icon elementor-icon elementor-icon-\" aria-label=\"Read More\"><\/div>\t\t\t\t<\/a>\n\t\t\t\t\t\t\t\t<\/div>\n\t\t\t\t\t\t\t\t<\/div>\n\t\t\t\t\t\t\t\t\t<\/div>\n\t\t\t\t\t\t\t\t\t\t\t\t\t\t\t<div class=\"elementor-swiper-button elementor-swiper-button-prev\" role=\"button\" tabindex=\"0\" aria-label=\"Previous\">\n\t\t\t\t\t\t\t<i aria-hidden=\"true\" class=\"eicon-chevron-left\"><\/i>\t\t\t\t\t\t<\/div>\n\t\t\t\t\t\t<div class=\"elementor-swiper-button elementor-swiper-button-next\" role=\"button\" tabindex=\"0\" aria-label=\"Next\">\n\t\t\t\t\t\t\t<i aria-hidden=\"true\" class=\"eicon-chevron-right\"><\/i>\t\t\t\t\t\t<\/div>\n\t\t\t\t\t\t\t\t\t\t\t\t\t\t\t\t<div class=\"swiper-pagination\"><\/div>\n\t\t\t\t\t\t\t\t\t\t\t\t<\/div>\n\t\t\t\t<\/div>\n\t\t\t\t\t\t\t\t<\/div>\n\t\t\t\t<\/div>\n\t\t\t\t\t<\/div>\n\t\t<\/div>\n\t\t\t\t\t<\/div>\n\t\t<\/section>\n\t\t\t\t<section class=\"elementor-section elementor-top-section elementor-element elementor-element-6970b5e elementor-section-full_width elementor-section-height-min-height elementor-section-items-stretch elementor-section-height-default\" data-id=\"6970b5e\" data-element_type=\"section\" id=\"Strategie\" data-settings=\"{&quot;background_background&quot;:&quot;classic&quot;,&quot;_ha_eqh_enable&quot;:false}\">\n\t\t\t\t\t\t<div class=\"elementor-container elementor-column-gap-default\">\n\t\t\t\t\t<div class=\"elementor-column elementor-col-50 elementor-top-column elementor-element elementor-element-7c5b09d\" data-id=\"7c5b09d\" data-element_type=\"column\" data-settings=\"{&quot;background_background&quot;:&quot;classic&quot;}\">\n\t\t\t<div class=\"elementor-widget-wrap elementor-element-populated\">\n\t\t\t\t\t\t<div class=\"elementor-element elementor-element-f40fdfc elementor-widget elementor-widget-spacer\" data-id=\"f40fdfc\" data-element_type=\"widget\" data-widget_type=\"spacer.default\">\n\t\t\t\t<div class=\"elementor-widget-container\">\n\t\t\t\t\t\t\t<div class=\"elementor-spacer\">\n\t\t\t<div class=\"elementor-spacer-inner\"><\/div>\n\t\t<\/div>\n\t\t\t\t\t\t<\/div>\n\t\t\t\t<\/div>\n\t\t\t\t<div class=\"elementor-element elementor-element-3627357 animated-fast elementor-widget__width-initial ha-has-bg-overlay elementor-invisible elementor-widget elementor-widget-text-editor\" data-id=\"3627357\" data-element_type=\"widget\" data-settings=\"{&quot;_animation&quot;:&quot;fadeInUp&quot;}\" data-widget_type=\"text-editor.default\">\n\t\t\t\t<div class=\"elementor-widget-container\">\n\t\t\t\t\t\t\t\t\t<p>Foto: Peggy Feige<\/p>\t\t\t\t\t\t\t\t<\/div>\n\t\t\t\t<\/div>\n\t\t\t\t\t<\/div>\n\t\t<\/div>\n\t\t\t\t<div class=\"elementor-column elementor-col-50 elementor-top-column elementor-element elementor-element-bdbfac7\" data-id=\"bdbfac7\" data-element_type=\"column\">\n\t\t\t<div class=\"elementor-widget-wrap elementor-element-populated\">\n\t\t\t\t\t\t<div class=\"elementor-element elementor-element-c522407 elementor-align-start elementor-mobile-align-start elementor-icon-list--layout-traditional elementor-list-item-link-full_width elementor-widget elementor-widget-icon-list\" data-id=\"c522407\" data-element_type=\"widget\" data-widget_type=\"icon-list.default\">\n\t\t\t\t<div class=\"elementor-widget-container\">\n\t\t\t\t\t\t\t<ul class=\"elementor-icon-list-items\">\n\t\t\t\t\t\t\t<li class=\"elementor-icon-list-item\">\n\t\t\t\t\t\t\t\t\t\t<span class=\"elementor-icon-list-text\">Strategie<\/span>\n\t\t\t\t\t\t\t\t\t<\/li>\n\t\t\t\t\t\t<\/ul>\n\t\t\t\t\t\t<\/div>\n\t\t\t\t<\/div>\n\t\t\t\t<div class=\"elementor-element elementor-element-cf75896 animated-fast elementor-invisible elementor-widget elementor-widget-heading\" data-id=\"cf75896\" data-element_type=\"widget\" data-settings=\"{&quot;_animation&quot;:&quot;fadeInUp&quot;}\" data-widget_type=\"heading.default\">\n\t\t\t\t<div class=\"elementor-widget-container\">\n\t\t\t\t\t<h2 class=\"elementor-heading-title elementor-size-default\">\u201eWir m\u00fcssen positive Zukunftsbilder malen\u201c<\/h2>\t\t\t\t<\/div>\n\t\t\t\t<\/div>\n\t\t\t\t<div class=\"elementor-element elementor-element-ee64d9c animated-fast elementor-invisible elementor-widget elementor-widget-text-editor\" data-id=\"ee64d9c\" data-element_type=\"widget\" data-settings=\"{&quot;_animation&quot;:&quot;fadeInUp&quot;}\" data-widget_type=\"text-editor.default\">\n\t\t\t\t<div class=\"elementor-widget-container\">\n\t\t\t\t\t\t\t\t\t<p>F\u00fcnf Werkst\u00e4tten und eine Mobilit\u00e4tsbefragung haben Stoff f\u00fcr die Nachhaltigkeitsstrategie der Goethe-Universit\u00e4t geliefert. Ein Gespr\u00e4ch mit Fabienne Beck, der neuen Leiterin des Nachhaltigkeitsb\u00fcros.<\/p>\t\t\t\t\t\t\t\t<\/div>\n\t\t\t\t<\/div>\n\t\t\t\t\t<\/div>\n\t\t<\/div>\n\t\t\t\t\t<\/div>\n\t\t<\/section>\n\t\t\t\t<section class=\"elementor-section elementor-top-section elementor-element elementor-element-6d31553 elementor-section-content-middle elementor-section-boxed elementor-section-height-default elementor-section-height-default\" data-id=\"6d31553\" data-element_type=\"section\" data-settings=\"{&quot;_ha_eqh_enable&quot;:false}\">\n\t\t\t\t\t\t<div class=\"elementor-container elementor-column-gap-no\">\n\t\t\t\t\t<div class=\"elementor-column elementor-col-100 elementor-top-column elementor-element elementor-element-2f9ebf9\" data-id=\"2f9ebf9\" data-element_type=\"column\">\n\t\t\t<div class=\"elementor-widget-wrap elementor-element-populated\">\n\t\t\t\t\t\t<div class=\"elementor-element elementor-element-fef5d17 animated-fast elementor-invisible elementor-widget elementor-widget-elementskit-faq\" data-id=\"fef5d17\" data-element_type=\"widget\" data-settings=\"{&quot;_animation&quot;:&quot;fadeInUp&quot;}\" data-widget_type=\"elementskit-faq.default\">\n\t\t\t\t<div class=\"elementor-widget-container\">\n\t\t\t\t\t<div class=\"ekit-wid-con\" >\n                <div class=\"elementskit-single-faq elementor-repeater-item-b6b9b71\">\n            <div class=\"elementskit-faq-header\">\n                <h2 class=\"elementskit-faq-title\">Liebe Frau Beck, wie sind Sie heute zur Uni gekommen?<\/h2>\n            <\/div>\n            <div class=\"elementskit-faq-body\">\n                <b>Fabienne Beck:<\/b> Mit dem Fahrrad \u2013 allerdings mit dem eBike, denn f\u00fcr die Strecke zum Campus brauche ich schon eine Dreiviertelstunde. Auf dem R\u00fcckweg schalte ich dann auch gerne mal in den Turbo-Modus, um schneller zuhause zu sein.            <\/div>\n        <\/div>\n                \n    <\/div>\t\t\t\t<\/div>\n\t\t\t\t<\/div>\n\t\t\t\t\t<\/div>\n\t\t<\/div>\n\t\t\t\t\t<\/div>\n\t\t<\/section>\n\t\t\t\t<section class=\"elementor-section elementor-top-section elementor-element elementor-element-7e9a5f4 elementor-section-content-middle elementor-section-boxed elementor-section-height-default elementor-section-height-default\" data-id=\"7e9a5f4\" data-element_type=\"section\" data-settings=\"{&quot;_ha_eqh_enable&quot;:false}\">\n\t\t\t\t\t\t<div class=\"elementor-container elementor-column-gap-no\">\n\t\t\t\t\t<div class=\"elementor-column elementor-col-100 elementor-top-column elementor-element elementor-element-dd36870\" data-id=\"dd36870\" data-element_type=\"column\">\n\t\t\t<div class=\"elementor-widget-wrap elementor-element-populated\">\n\t\t\t\t\t\t<section class=\"elementor-section elementor-inner-section elementor-element elementor-element-3634e12 elementor-section-boxed elementor-section-height-default elementor-section-height-default\" data-id=\"3634e12\" data-element_type=\"section\" data-settings=\"{&quot;_ha_eqh_enable&quot;:false}\">\n\t\t\t\t\t\t<div class=\"elementor-container elementor-column-gap-default\">\n\t\t\t\t\t<div class=\"elementor-column elementor-col-50 elementor-inner-column elementor-element elementor-element-d6a9127\" data-id=\"d6a9127\" data-element_type=\"column\">\n\t\t\t<div class=\"elementor-widget-wrap elementor-element-populated\">\n\t\t\t\t\t\t<div class=\"elementor-element elementor-element-9b2582f animated-fast ha-has-bg-overlay elementor-invisible elementor-widget elementor-widget-image\" data-id=\"9b2582f\" data-element_type=\"widget\" data-settings=\"{&quot;_animation&quot;:&quot;fadeInUp&quot;}\" data-widget_type=\"image.default\">\n\t\t\t\t<div class=\"elementor-widget-container\">\n\t\t\t\t\t\t\t\t\t\t\t\t\t\t\t<img decoding=\"async\" width=\"1536\" height=\"1536\" src=\"https:\/\/aktuelles.uni-frankfurt.de\/wp-content\/uploads\/2025\/07\/Beck_Fabienne-1536x1536.jpg\" class=\"attachment-1536x1536 size-1536x1536 wp-image-84879\" alt=\"\" srcset=\"https:\/\/aktuelles.uni-frankfurt.de\/wp-content\/uploads\/2025\/07\/Beck_Fabienne-1536x1536.jpg 1536w, https:\/\/aktuelles.uni-frankfurt.de\/wp-content\/uploads\/2025\/07\/Beck_Fabienne-300x300.jpg 300w, https:\/\/aktuelles.uni-frankfurt.de\/wp-content\/uploads\/2025\/07\/Beck_Fabienne-500x500.jpg 500w, https:\/\/aktuelles.uni-frankfurt.de\/wp-content\/uploads\/2025\/07\/Beck_Fabienne-150x150.jpg 150w, https:\/\/aktuelles.uni-frankfurt.de\/wp-content\/uploads\/2025\/07\/Beck_Fabienne-768x768.jpg 768w, https:\/\/aktuelles.uni-frankfurt.de\/wp-content\/uploads\/2025\/07\/Beck_Fabienne-12x12.jpg 12w, https:\/\/aktuelles.uni-frankfurt.de\/wp-content\/uploads\/2025\/07\/Beck_Fabienne-700x700.jpg 700w, https:\/\/aktuelles.uni-frankfurt.de\/wp-content\/uploads\/2025\/07\/Beck_Fabienne.jpg 2000w\" sizes=\"(max-width: 1536px) 100vw, 1536px\" \/>\t\t\t\t\t\t\t\t\t\t\t\t\t\t\t<\/div>\n\t\t\t\t<\/div>\n\t\t\t\t\t<\/div>\n\t\t<\/div>\n\t\t\t\t<div class=\"elementor-column elementor-col-50 elementor-inner-column elementor-element elementor-element-c0a35d1\" data-id=\"c0a35d1\" data-element_type=\"column\">\n\t\t\t<div class=\"elementor-widget-wrap elementor-element-populated\">\n\t\t\t\t\t\t<div class=\"elementor-element elementor-element-1f96f48 animated-fast elementor-invisible elementor-widget elementor-widget-heading\" data-id=\"1f96f48\" data-element_type=\"widget\" data-settings=\"{&quot;_animation&quot;:&quot;fadeInUp&quot;}\" data-widget_type=\"heading.default\">\n\t\t\t\t<div class=\"elementor-widget-container\">\n\t\t\t\t\t<h5 class=\"elementor-heading-title elementor-size-medium\">Fabienne Beck<\/h5>\t\t\t\t<\/div>\n\t\t\t\t<\/div>\n\t\t\t\t<div class=\"elementor-element elementor-element-8f7db6a animated-fast elementor-invisible elementor-widget elementor-widget-heading\" data-id=\"8f7db6a\" data-element_type=\"widget\" data-settings=\"{&quot;_animation&quot;:&quot;fadeInUp&quot;}\" data-widget_type=\"heading.default\">\n\t\t\t\t<div class=\"elementor-widget-container\">\n\t\t\t\t\t<h2 class=\"elementor-heading-title elementor-size-default\">Foto: Uwe Dettmar<\/h2>\t\t\t\t<\/div>\n\t\t\t\t<\/div>\n\t\t\t\t\t<\/div>\n\t\t<\/div>\n\t\t\t\t\t<\/div>\n\t\t<\/section>\n\t\t\t\t\t<\/div>\n\t\t<\/div>\n\t\t\t\t\t<\/div>\n\t\t<\/section>\n\t\t\t\t<section class=\"elementor-section elementor-top-section elementor-element elementor-element-4732863 elementor-section-content-middle elementor-section-boxed elementor-section-height-default elementor-section-height-default\" data-id=\"4732863\" data-element_type=\"section\" data-settings=\"{&quot;_ha_eqh_enable&quot;:false}\">\n\t\t\t\t\t\t<div class=\"elementor-container elementor-column-gap-no\">\n\t\t\t\t\t<div class=\"elementor-column elementor-col-100 elementor-top-column elementor-element elementor-element-ad2535e\" data-id=\"ad2535e\" data-element_type=\"column\">\n\t\t\t<div class=\"elementor-widget-wrap elementor-element-populated\">\n\t\t\t\t\t\t<div class=\"elementor-element elementor-element-44b4275 animated-fast elementor-invisible elementor-widget elementor-widget-elementskit-faq\" data-id=\"44b4275\" data-element_type=\"widget\" data-settings=\"{&quot;_animation&quot;:&quot;fadeInUp&quot;}\" data-widget_type=\"elementskit-faq.default\">\n\t\t\t\t<div class=\"elementor-widget-container\">\n\t\t\t\t\t<div class=\"ekit-wid-con\" >\n                <div class=\"elementskit-single-faq elementor-repeater-item-d06a36f\">\n            <div class=\"elementskit-faq-header\">\n                <h2 class=\"elementskit-faq-title\">Erst vor wenigen Wochen hat das Nachhaltigkeitsb\u00fcro eine Mobilit\u00e4tsumfrage durchgef\u00fchrt. Was f\u00fcr eine Rolle spielt es denn f\u00fcr die Klimabilanz der Goethe-Uni, wie ich zum Campus und zur\u00fcckkomme?<\/h2>\n            <\/div>\n            <div class=\"elementskit-faq-body\">\n                Tats\u00e4chlich eine sehr gro\u00dfe: Rund 50 Prozent unserer gesamten Treibhausgasemissionen sind der Pendelmobilit\u00e4t zuzuschreiben \u2013 zumindest bei der Datenlage, die wir bisher erfassen k\u00f6nnen.            <\/div>\n        <\/div>\n                <div class=\"elementskit-single-faq elementor-repeater-item-fea2f60\">\n            <div class=\"elementskit-faq-header\">\n                <h2 class=\"elementskit-faq-title\">Ich h\u00e4tte gedacht, dass die Studierenden als gr\u00f6\u00dfter Teil der Goethe-Uni-Mitglieder vor allem mit \u00f6ffentlichen Verkehrsmitteln an den Campus kommen.<\/h2>\n            <\/div>\n            <div class=\"elementskit-faq-body\">\n                Ob das so ist, werden wir jetzt herausfinden. Im Moment beruhen die Zahlen noch viel auf Hochrechnungen und Annahmen. Wenn wir k\u00fcnftig einmal pro Jahr die Treibhausgasbilanz der Goethe-Universit\u00e4t aktualisieren, gibt es auch sicher noch Anpassungen, aber ich rechne nicht mit signifikanten Ver\u00e4nderungen. Das liegt einfach daran, dass wir von ungef\u00e4hr 50.000 Menschen sprechen, die von A nach B kommen \u2013 und unser Einzugsgebiet, insbesondere bei den Mitarbeitenden, ist schon ziemlich gro\u00df.            <\/div>\n        <\/div>\n                \n    <\/div>\t\t\t\t<\/div>\n\t\t\t\t<\/div>\n\t\t\t\t\t<\/div>\n\t\t<\/div>\n\t\t\t\t\t<\/div>\n\t\t<\/section>\n\t\t\t\t<section class=\"elementor-section elementor-top-section elementor-element elementor-element-09a99b4 elementor-section-content-middle elementor-section-boxed elementor-section-height-default elementor-section-height-default\" data-id=\"09a99b4\" data-element_type=\"section\" data-settings=\"{&quot;_ha_eqh_enable&quot;:false}\">\n\t\t\t\t\t\t<div class=\"elementor-container elementor-column-gap-no\">\n\t\t\t\t\t<div class=\"elementor-column elementor-col-100 elementor-top-column elementor-element elementor-element-30e790c\" data-id=\"30e790c\" data-element_type=\"column\">\n\t\t\t<div class=\"elementor-widget-wrap elementor-element-populated\">\n\t\t\t\t\t\t<div class=\"elementor-element elementor-element-7949bf9 elementor-align-start elementor-icon-list--layout-traditional elementor-list-item-link-full_width elementor-widget elementor-widget-icon-list\" data-id=\"7949bf9\" data-element_type=\"widget\" data-widget_type=\"icon-list.default\">\n\t\t\t\t<div class=\"elementor-widget-container\">\n\t\t\t\t\t\t\t<ul class=\"elementor-icon-list-items\">\n\t\t\t\t\t\t\t<li class=\"elementor-icon-list-item\">\n\t\t\t\t\t\t\t\t\t\t\t<span class=\"elementor-icon-list-icon\">\n\t\t\t\t\t\t\t<i aria-hidden=\"true\" class=\"far fa-lightbulb\"><\/i>\t\t\t\t\t\t<\/span>\n\t\t\t\t\t\t\t\t\t\t<span class=\"elementor-icon-list-text\">Strategin f\u00fcr Nachhaltigkeit<\/span>\n\t\t\t\t\t\t\t\t\t<\/li>\n\t\t\t\t\t\t<\/ul>\n\t\t\t\t\t\t<\/div>\n\t\t\t\t<\/div>\n\t\t\t\t<div class=\"elementor-element elementor-element-ce2d168 animated-fast elementor-invisible elementor-widget elementor-widget-text-editor\" data-id=\"ce2d168\" data-element_type=\"widget\" data-settings=\"{&quot;_animation&quot;:&quot;fadeInUp&quot;}\" data-widget_type=\"text-editor.default\">\n\t\t\t\t<div class=\"elementor-widget-container\">\n\t\t\t\t\t\t\t\t\t<p>Schon w\u00e4hrend ihres Bachelor-Studiums trieb Fabienne Beck das Thema Nachhaltigkeit um, und im Auslandssemester in Kopenhagen sah sie, dass man dort schon weitergekommen war mit Ma\u00dfnahmen f\u00fcr Nachhaltigkeit. In ihrer Bachelor-Arbeit befasste sie sich dann auch mit dem Thema Cradle to Cradle, also Kreislaufwirtschaft.<\/p><p>Nach ihrem Studium arbeitete Fabienne Beck zw\u00f6lf Jahre in der Unternehmensberatung; Nachhaltigkeit war dort h\u00f6chstens am Rand einzelner Projekte ein Arbeitsgebiet. Fabienne Beck wollte mehr tun \u2013 \u201eEin Ausl\u00f6ser f\u00fcr mich war der Earth Overshoot Day\u201c \u2013 und studierte jetzt berufsbegleitend Strategisches Nachhaltigkeitsmanagement. Nach der Geburt ihrer Tochter wurde ihr Wunsch noch st\u00e4rker, sich f\u00fcr eine nachhaltige Welt einzusetzen.<\/p>\t\t\t\t\t\t\t\t<\/div>\n\t\t\t\t<\/div>\n\t\t\t\t\t<\/div>\n\t\t<\/div>\n\t\t\t\t\t<\/div>\n\t\t<\/section>\n\t\t\t\t<section class=\"elementor-section elementor-top-section elementor-element elementor-element-87e2519 elementor-section-content-middle elementor-section-boxed elementor-section-height-default elementor-section-height-default\" data-id=\"87e2519\" data-element_type=\"section\" data-settings=\"{&quot;_ha_eqh_enable&quot;:false}\">\n\t\t\t\t\t\t<div class=\"elementor-container elementor-column-gap-no\">\n\t\t\t\t\t<div class=\"elementor-column elementor-col-100 elementor-top-column elementor-element elementor-element-dc5d4ad\" data-id=\"dc5d4ad\" data-element_type=\"column\">\n\t\t\t<div class=\"elementor-widget-wrap elementor-element-populated\">\n\t\t\t\t\t\t<div class=\"elementor-element elementor-element-ee683d6 animated-fast elementor-invisible elementor-widget elementor-widget-elementskit-faq\" data-id=\"ee683d6\" data-element_type=\"widget\" data-settings=\"{&quot;_animation&quot;:&quot;fadeInUp&quot;}\" data-widget_type=\"elementskit-faq.default\">\n\t\t\t\t<div class=\"elementor-widget-container\">\n\t\t\t\t\t<div class=\"ekit-wid-con\" >\n                <div class=\"elementskit-single-faq elementor-repeater-item-ee7bdfd\">\n            <div class=\"elementskit-faq-header\">\n                <h2 class=\"elementskit-faq-title\">Mit den CO2-Emissionen des Universit\u00e4tsbetriebs hat das Pendeln eigentlich ja nichts zu tun...<\/h2>\n            <\/div>\n            <div class=\"elementskit-faq-body\">\n                Mit den CO2-Emissionen des Universit\u00e4tsbetriebs hat das Pendeln eigentlich ja nichts zu tun \u2026\nNun, streng genommen k\u00f6nnten wir die Pendel-Emissionen unter den Tisch fallen lassen, weil sie nicht im eigentlichen universit\u00e4ren Betrieb entstehen. Wir sprechen in solchen F\u00e4llen von Scope-3-Emissionen nach dem Greenhouse Gas Protocol, also indirekten Emissionen. Aber da der Emissionsanteil der Arbeits- bzw. Studienwege in unserem Fall so gro\u00df ist, haben wir uns entschieden, die Pendelwege bei der Entwicklung unserer Nachhaltigkeitsstrategie von Anfang an mit zu ber\u00fccksichtigen. Das gilt nicht nur f\u00fcr die Pendelwege, sondern beispielsweise auch f\u00fcr unsere Bauprojekte oder Eink\u00e4ufe. Auch das strategische Ziel der Goethe-Universit\u00e4t bis 2038 klimaneutral zu sein, umfasst die indirekten Emissionen aus Scope 3.            <\/div>\n        <\/div>\n                <div class=\"elementskit-single-faq elementor-repeater-item-e0f251d\">\n            <div class=\"elementskit-faq-header\">\n                <h2 class=\"elementskit-faq-title\">Wie wollen Sie die Angaben aus der Mobilit\u00e4tsbefragung nutzen?<\/h2>\n            <\/div>\n            <div class=\"elementskit-faq-body\">\n                Wir bringen die Befragungsergebnisse mit anderen Faktoren zusammen, um zum Beispiel W\u00fcnsche und Machbarkeit abgleichen zu k\u00f6nnen. Dabei haben wir Unterst\u00fctzung von der Gesellschaft f\u00fcr integriertes Verkehrsmanagement RheinMain (IVM), die Berater*innen an die Standorte der Goethe-Universit\u00e4t schickt. Diese schauen dann zum Beispiel, wie die Parkplatzsituation vor Ort ist, wie es mit Stellpl\u00e4tzen f\u00fcr Fahrr\u00e4der aussieht und welche ungenutzten M\u00f6glichkeiten es vielleicht dar\u00fcber hinaus noch gibt. Falls in der Umfrage also beispielsweise viele Personen angeben, dass sie mit dem Rad zur Uni kommen w\u00fcrden, wenn es vor Ort Duschen g\u00e4be, k\u00f6nnen wir pr\u00fcfen, wo solche Duschen gegebenenfalls eingebaut werden k\u00f6nnten oder ob es sogar an einigen Standorten bereits Duschen gibt, die Radfahrer*innen zur Verf\u00fcgung gestellt werden k\u00f6nnten. Was wir nicht machen wollen, ist, ins Blaue irgendwelche Ma\u00dfnahmen f\u00fcr viel Zeit und Geld umzusetzen, f\u00fcr die es am Ende gar keinen Bedarf gibt.            <\/div>\n        <\/div>\n                \n    <\/div>\t\t\t\t<\/div>\n\t\t\t\t<\/div>\n\t\t\t\t\t<\/div>\n\t\t<\/div>\n\t\t\t\t\t<\/div>\n\t\t<\/section>\n\t\t\t\t<section class=\"elementor-section elementor-top-section elementor-element elementor-element-df44f41 elementor-section-content-middle elementor-section-boxed elementor-section-height-default elementor-section-height-default\" data-id=\"df44f41\" data-element_type=\"section\" data-settings=\"{&quot;_ha_eqh_enable&quot;:false}\">\n\t\t\t\t\t\t<div class=\"elementor-container elementor-column-gap-no\">\n\t\t\t\t\t<div class=\"elementor-column elementor-col-100 elementor-top-column elementor-element elementor-element-c18d57b\" data-id=\"c18d57b\" data-element_type=\"column\">\n\t\t\t<div class=\"elementor-widget-wrap elementor-element-populated\">\n\t\t\t\t\t\t<div class=\"elementor-element elementor-element-09dc642 elementor-mobile-position-inline-start elementor-view-default elementor-position-block-start elementor-widget elementor-widget-icon-box\" data-id=\"09dc642\" data-element_type=\"widget\" data-widget_type=\"icon-box.default\">\n\t\t\t\t<div class=\"elementor-widget-container\">\n\t\t\t\t\t\t\t<div class=\"elementor-icon-box-wrapper\">\n\n\t\t\t\t\t\t<div class=\"elementor-icon-box-icon\">\n\t\t\t\t<span  class=\"elementor-icon\">\n\t\t\t\t<i aria-hidden=\"true\" class=\"fas fa-quote-right\"><\/i>\t\t\t\t<\/span>\n\t\t\t<\/div>\n\t\t\t\n\t\t\t\t\t\t<div class=\"elementor-icon-box-content\">\n\n\t\t\t\t\t\t\t\t\t<h3 class=\"elementor-icon-box-title\">\n\t\t\t\t\t\t<span  >\n\t\t\t\t\t\t\t\u201eF\u00fcr die Vielfalt an Fragestellungen ganzheitliche L\u00f6sungen zu entwickeln, ist eine unserer gro\u00dfen St\u00e4rken als Goethe-Universit\u00e4t\u201c\t\t\t\t\t\t<\/span>\n\t\t\t\t\t<\/h3>\n\t\t\t\t\n\t\t\t\t\n\t\t\t<\/div>\n\t\t\t\n\t\t<\/div>\n\t\t\t\t\t\t<\/div>\n\t\t\t\t<\/div>\n\t\t\t\t\t<\/div>\n\t\t<\/div>\n\t\t\t\t\t<\/div>\n\t\t<\/section>\n\t\t\t\t<section class=\"elementor-section elementor-top-section elementor-element elementor-element-094a72d elementor-section-content-middle elementor-section-boxed elementor-section-height-default elementor-section-height-default\" data-id=\"094a72d\" data-element_type=\"section\" data-settings=\"{&quot;_ha_eqh_enable&quot;:false}\">\n\t\t\t\t\t\t<div class=\"elementor-container elementor-column-gap-no\">\n\t\t\t\t\t<div class=\"elementor-column elementor-col-100 elementor-top-column elementor-element elementor-element-d7de7ce\" data-id=\"d7de7ce\" data-element_type=\"column\">\n\t\t\t<div class=\"elementor-widget-wrap elementor-element-populated\">\n\t\t\t\t\t\t<div class=\"elementor-element elementor-element-3d4fbfc animated-fast elementor-invisible elementor-widget elementor-widget-elementskit-faq\" data-id=\"3d4fbfc\" data-element_type=\"widget\" data-settings=\"{&quot;_animation&quot;:&quot;fadeInUp&quot;}\" data-widget_type=\"elementskit-faq.default\">\n\t\t\t\t<div class=\"elementor-widget-container\">\n\t\t\t\t\t<div class=\"ekit-wid-con\" >\n                <div class=\"elementskit-single-faq elementor-repeater-item-b6b9b71\">\n            <div class=\"elementskit-faq-header\">\n                <h2 class=\"elementskit-faq-title\">Als Sie im Mai die Leitung des Nachhaltigkeitsb\u00fcros \u00fcbernommen haben, waren gerade die \u201eNachhaltigkeitswerkst\u00e4tten\u201c angelaufen, bei denen Mitarbeitende und Studierende die Gelegenheit hatten, die k\u00fcnftige Nachhaltigkeitsstrategie mit zu erarbeiten. Wie wurde dieses Angebot angenommen, und was war den Teilnehmer*innen besonders wichtig?<\/h2>\n            <\/div>\n            <div class=\"elementskit-faq-body\">\n                Alle Werkst\u00e4tten waren wirklich recht gut besucht, das hat uns sehr gefreut! Die Teilnehmer*innen waren vor allem Personen, die sich ohnehin f\u00fcr Nachhaltigkeit oder in der Hochschulpolitik engagieren. Das hei\u00dft allerdings auch, dass wir \u00fcber die Teilnehmenden die angesprochenen Zielgruppen nicht repr\u00e4sentativ abbilden konnten. Vor allem h\u00e4tten wir uns mehr Studierende in den Werkst\u00e4tten gew\u00fcnscht. Unsere Hilfskr\u00e4fte wollten das nicht auf sich sitzen lassen und sind dann sogar noch pers\u00f6nlich auf andere Studierende zugegangen, um deren Meinungen einzuholen.<br><br>\nViele Teilnehmer*innen waren vor allem an Ma\u00dfnahmen f\u00fcr die betriebliche Nachhaltigkeit interessiert. Das liegt, glaube ich, in der Natur der Sache, weil es da um Dinge geht, die uns unmittelbar betreffen und die man gut greifen kann wie Energiesparen oder M\u00fclltrennung an der Universit\u00e4t. Oder Fragen, warum wir noch kein Jobrad-Angebot oder Photovoltaik auf den D\u00e4chern der Goethe-Universit\u00e4t haben.            <\/div>\n        <\/div>\n                \n    <\/div>\t\t\t\t<\/div>\n\t\t\t\t<\/div>\n\t\t\t\t\t<\/div>\n\t\t<\/div>\n\t\t\t\t\t<\/div>\n\t\t<\/section>\n\t\t\t\t<section class=\"elementor-section elementor-top-section elementor-element elementor-element-ec0ee3b elementor-section-content-middle elementor-section-boxed elementor-section-height-default elementor-section-height-default\" data-id=\"ec0ee3b\" data-element_type=\"section\" data-settings=\"{&quot;_ha_eqh_enable&quot;:false}\">\n\t\t\t\t\t\t<div class=\"elementor-container elementor-column-gap-no\">\n\t\t\t\t\t<div class=\"elementor-column elementor-col-100 elementor-top-column elementor-element elementor-element-db18906\" data-id=\"db18906\" data-element_type=\"column\">\n\t\t\t<div class=\"elementor-widget-wrap elementor-element-populated\">\n\t\t\t\t\t\t<div class=\"elementor-element elementor-element-afd76a6 elementor-align-start elementor-icon-list--layout-traditional elementor-list-item-link-full_width elementor-widget elementor-widget-icon-list\" data-id=\"afd76a6\" data-element_type=\"widget\" data-widget_type=\"icon-list.default\">\n\t\t\t\t<div class=\"elementor-widget-container\">\n\t\t\t\t\t\t\t<ul class=\"elementor-icon-list-items\">\n\t\t\t\t\t\t\t<li class=\"elementor-icon-list-item\">\n\t\t\t\t\t\t\t\t\t\t\t<span class=\"elementor-icon-list-icon\">\n\t\t\t\t\t\t\t<i aria-hidden=\"true\" class=\"far fa-lightbulb\"><\/i>\t\t\t\t\t\t<\/span>\n\t\t\t\t\t\t\t\t\t\t<span class=\"elementor-icon-list-text\">Strategisch verzahnt \u2013 zum Zukunftsbild der Goethe-Universit\u00e4t<\/span>\n\t\t\t\t\t\t\t\t\t<\/li>\n\t\t\t\t\t\t<\/ul>\n\t\t\t\t\t\t<\/div>\n\t\t\t\t<\/div>\n\t\t\t\t<div class=\"elementor-element elementor-element-989a959 animated-fast elementor-invisible elementor-widget elementor-widget-text-editor\" data-id=\"989a959\" data-element_type=\"widget\" data-settings=\"{&quot;_animation&quot;:&quot;fadeInUp&quot;}\" data-widget_type=\"text-editor.default\">\n\t\t\t\t<div class=\"elementor-widget-container\">\n\t\t\t\t\t\t\t\t\t<p>Die Goethe-Universit\u00e4t arbeitet intensiv daran, ihre zentralen strategischen Ziele den neuen Herausforderungen der Zeit anzupassen und sie zu sch\u00e4rfen. Je gr\u00f6\u00dfer diese Herausforderungen werden, desto wichtiger ist es zu wissen, in welche Richtung sich die Universit\u00e4t weiterentwickeln soll. Es braucht einen Orientierungsrahmen, Ziele, Kriterien, dann k\u00f6nnen im Zuge der Umsetzungsplanung auch Priorit\u00e4ten gesetzt werden.<\/p><p>Das Zukunftsbild sowie die verschiedenen Leitbilder der Goethe-Universit\u00e4t bilden das Fundament f\u00fcr die erarbeiteten Strategien. Die Hochschulentwicklungsplanung gibt dabei den gemeinsamen Rahmen vor \u2013 auch f\u00fcr die Fachstrategien zu den vier Querschnittsthemen: Nachhaltigkeit, Internationalisierung, Chancengerechtigkeit, Digitalit\u00e4t.<\/p><p>So ist die Nachhaltigkeitsstrategie der Goethe-Universit\u00e4t eingebettet in weitere Strategieprozesse der Goethe-Universit\u00e4t \u2013 wie Digitalisierung, Internationalisierung und Chancengerechtigkeit. Digitalit\u00e4t, Internationalit\u00e4t, Nachhaltigkeit und Chancengerechtigkeit sind vier wichtige Handlungsbereiche der Universit\u00e4t, die die drei Kernaufgaben \u2013 Forschung, Lehre und Transfer \u2013 betreffen. Eng verzahnt mit diesen Fachstrategien wird der Hochschulentwicklungsplan \u201e2025+\u201c fortgeschrieben.<\/p><p>Viele Mitglieder der Universit\u00e4t aus allen Bereichen und der Hochschulrat haben intensiv an diesen Strategien gearbeitet. Sie haben sich mit ihrer jeweiligen Expertise eingebracht und daran mitgewirkt, f\u00fcr die Zukunft der Goethe-Universit\u00e4t wichtige Ziele zu formulieren. Es gab einen gemeinsamen Planungsrahmen, sodass einerseits Zielkonflikte vermieden oder zumindest sichtbar wurden und andererseits Synergien m\u00f6glich werden k\u00f6nnen.<\/p><p>Wenn die Strategiearbeit geleistet ist, sollen im n\u00e4chsten Schritt nun zun\u00e4chst laufende Ma\u00dfnahmen bewertet und aus der F\u00fclle an neuen Ma\u00dfnahmen nach Priorit\u00e4ten die Umsetzung weiterer geplant werden. Auch bei diesem Schritt werden verschiedene Interessengruppen einbezogen.<\/p><p>mw\/pb<\/p>\t\t\t\t\t\t\t\t<\/div>\n\t\t\t\t<\/div>\n\t\t\t\t\t<\/div>\n\t\t<\/div>\n\t\t\t\t\t<\/div>\n\t\t<\/section>\n\t\t\t\t<section class=\"elementor-section elementor-top-section elementor-element elementor-element-698ae43 elementor-section-content-middle elementor-section-boxed elementor-section-height-default elementor-section-height-default\" data-id=\"698ae43\" data-element_type=\"section\" data-settings=\"{&quot;_ha_eqh_enable&quot;:false}\">\n\t\t\t\t\t\t<div class=\"elementor-container elementor-column-gap-no\">\n\t\t\t\t\t<div class=\"elementor-column elementor-col-100 elementor-top-column elementor-element elementor-element-e0be4eb\" data-id=\"e0be4eb\" data-element_type=\"column\">\n\t\t\t<div class=\"elementor-widget-wrap elementor-element-populated\">\n\t\t\t\t\t\t<div class=\"elementor-element elementor-element-50bdedb elementor-mobile-position-inline-start elementor-view-default elementor-position-block-start elementor-widget elementor-widget-icon-box\" data-id=\"50bdedb\" data-element_type=\"widget\" data-widget_type=\"icon-box.default\">\n\t\t\t\t<div class=\"elementor-widget-container\">\n\t\t\t\t\t\t\t<div class=\"elementor-icon-box-wrapper\">\n\n\t\t\t\t\t\t<div class=\"elementor-icon-box-icon\">\n\t\t\t\t<span  class=\"elementor-icon\">\n\t\t\t\t<i aria-hidden=\"true\" class=\"fas fa-quote-right\"><\/i>\t\t\t\t<\/span>\n\t\t\t<\/div>\n\t\t\t\n\t\t\t\t\t\t<div class=\"elementor-icon-box-content\">\n\n\t\t\t\t\t\t\t\t\t<h3 class=\"elementor-icon-box-title\">\n\t\t\t\t\t\t<span  >\n\t\t\t\t\t\t\t\u201eIm Moment ist unsere Arbeitsbasis hier noch eher ein Halbwissen\u201c\t\t\t\t\t\t<\/span>\n\t\t\t\t\t<\/h3>\n\t\t\t\t\n\t\t\t\t\n\t\t\t<\/div>\n\t\t\t\n\t\t<\/div>\n\t\t\t\t\t\t<\/div>\n\t\t\t\t<\/div>\n\t\t\t\t\t<\/div>\n\t\t<\/div>\n\t\t\t\t\t<\/div>\n\t\t<\/section>\n\t\t\t\t<section class=\"elementor-section elementor-top-section elementor-element elementor-element-4321dfb elementor-section-content-middle elementor-section-boxed elementor-section-height-default elementor-section-height-default\" data-id=\"4321dfb\" data-element_type=\"section\" data-settings=\"{&quot;_ha_eqh_enable&quot;:false}\">\n\t\t\t\t\t\t<div class=\"elementor-container elementor-column-gap-no\">\n\t\t\t\t\t<div class=\"elementor-column elementor-col-100 elementor-top-column elementor-element elementor-element-466cc37\" data-id=\"466cc37\" data-element_type=\"column\">\n\t\t\t<div class=\"elementor-widget-wrap elementor-element-populated\">\n\t\t\t\t\t\t<div class=\"elementor-element elementor-element-4e85a69 animated-fast elementor-invisible elementor-widget elementor-widget-elementskit-faq\" data-id=\"4e85a69\" data-element_type=\"widget\" data-settings=\"{&quot;_animation&quot;:&quot;fadeInUp&quot;}\" data-widget_type=\"elementskit-faq.default\">\n\t\t\t\t<div class=\"elementor-widget-container\">\n\t\t\t\t\t<div class=\"ekit-wid-con\" >\n                <div class=\"elementskit-single-faq elementor-repeater-item-b6b9b71\">\n            <div class=\"elementskit-faq-header\">\n                <h2 class=\"elementskit-faq-title\">Wird \u00fcber Nachhaltigkeit berichtet, geht es vor allem um den Klimawandel. Eigentlich stehen ja aber bei den UN-Nachhaltigkeitszielen 17 Dimensionen gleichberechtigt nebeneinander. Welche Rolle spielt dieser sehr weite Blickwinkel f\u00fcr die Nachhaltigkeitsstrategie der Goethe-Universit\u00e4t?<\/h2>\n            <\/div>\n            <div class=\"elementskit-faq-body\">\n                Ja, in der Berichterstattung zu Nachhaltigkeit wird meist verk\u00fcrzt vor allem \u00fcber CO2 gesprochen und wenig \u00fcber die anderen Nachhaltigkeitsziele. Genau diesen Schuh wollten wir uns als Goethe-Uni nicht anziehen, sondern Nachhaltigkeit ganzheitlich betrachten. Deshalb trifft es auch die Formulierung von 17 SDGs, die \u201egleichberechtigt nebeneinander\u201c stehen nicht ganz. Wir verstehen die SDGs als integrierte Ziele mit Wechselwirkungen, Synergien und Zielkonflikten zwischen den Dimensionen. F\u00fcr die Vielfalt an Fragestellungen ganzheitliche L\u00f6sungen zu entwickeln, ist eine unserer gro\u00dfen St\u00e4rken als Goethe-Universit\u00e4t.            <\/div>\n        <\/div>\n                <div class=\"elementskit-single-faq elementor-repeater-item-288818b\">\n            <div class=\"elementskit-faq-header\">\n                <h2 class=\"elementskit-faq-title\">Wir haben unglaublich viele kluge K\u00f6pfe hier, die zu den spannendsten Fragestellungen forschen, und viele dieser Forschungsthemen zahlen wiederum direkt oder indirekt auf die 17 SDGs ein.<\/h2>\n            <\/div>\n            <div class=\"elementskit-faq-body\">\n                Im Moment werden diese anderen Nachhaltigkeitsdimensionen oft noch gar nicht als solche erkannt und entsprechend deklariert. Damit besch\u00e4ftigen wir uns jetzt. Wir arbeiten gerade daran, k\u00fcnftig systematisch darstellen zu k\u00f6nnen, wo die Goethe-Uni heute schon zu den 17 Nachhaltigkeitszielen ihren Beitrag leistet. Im Moment ist unsere Arbeitsbasis hier noch eher ein Halbwissen: Wir kennen einzelne Projekte, aber nicht das gro\u00dfe Ganze. Darum schauen wir uns nun noch einmal alle Professuren an, alle Studieng\u00e4nge, alle betrieblichen Projekte und weitere Aktivit\u00e4ten in den Fachbereichen. Wenn wir das getan haben, haben wir eine valide Datengrundlage und k\u00f6nnen systematisch zuordnen, wo wir jetzt schon stark sind und wo wir vielleicht im Aufbruch sind und Kompetenzen b\u00fcndeln und Expert*innen zusammenbringen k\u00f6nnten f\u00fcr noch mehr Synergien.            <\/div>\n        <\/div>\n                \n    <\/div>\t\t\t\t<\/div>\n\t\t\t\t<\/div>\n\t\t\t\t\t<\/div>\n\t\t<\/div>\n\t\t\t\t\t<\/div>\n\t\t<\/section>\n\t\t\t\t<section class=\"elementor-section elementor-top-section elementor-element elementor-element-5d5d0c4 elementor-section-content-middle elementor-section-boxed elementor-section-height-default elementor-section-height-default\" data-id=\"5d5d0c4\" data-element_type=\"section\" data-settings=\"{&quot;_ha_eqh_enable&quot;:false}\">\n\t\t\t\t\t\t<div class=\"elementor-container elementor-column-gap-no\">\n\t\t\t\t\t<div class=\"elementor-column elementor-col-100 elementor-top-column elementor-element elementor-element-acd573c\" data-id=\"acd573c\" data-element_type=\"column\">\n\t\t\t<div class=\"elementor-widget-wrap elementor-element-populated\">\n\t\t\t\t\t\t<div class=\"elementor-element elementor-element-c729586 elementor-mobile-position-inline-start elementor-view-default elementor-position-block-start elementor-widget elementor-widget-icon-box\" data-id=\"c729586\" data-element_type=\"widget\" data-widget_type=\"icon-box.default\">\n\t\t\t\t<div class=\"elementor-widget-container\">\n\t\t\t\t\t\t\t<div class=\"elementor-icon-box-wrapper\">\n\n\t\t\t\t\t\t<div class=\"elementor-icon-box-icon\">\n\t\t\t\t<span  class=\"elementor-icon\">\n\t\t\t\t<i aria-hidden=\"true\" class=\"fas fa-quote-right\"><\/i>\t\t\t\t<\/span>\n\t\t\t<\/div>\n\t\t\t\n\t\t\t\t\t\t<div class=\"elementor-icon-box-content\">\n\n\t\t\t\t\t\t\t\t\t<h3 class=\"elementor-icon-box-title\">\n\t\t\t\t\t\t<span  >\n\t\t\t\t\t\t\t\u201eZum einen brauchen wir Kommunikation, Kommunikation, Kommunikation\u201c\t\t\t\t\t\t<\/span>\n\t\t\t\t\t<\/h3>\n\t\t\t\t\n\t\t\t\t\n\t\t\t<\/div>\n\t\t\t\n\t\t<\/div>\n\t\t\t\t\t\t<\/div>\n\t\t\t\t<\/div>\n\t\t\t\t\t<\/div>\n\t\t<\/div>\n\t\t\t\t\t<\/div>\n\t\t<\/section>\n\t\t\t\t<section class=\"elementor-section elementor-top-section elementor-element elementor-element-7089e0c elementor-section-content-middle elementor-section-boxed elementor-section-height-default elementor-section-height-default\" data-id=\"7089e0c\" data-element_type=\"section\" data-settings=\"{&quot;_ha_eqh_enable&quot;:false}\">\n\t\t\t\t\t\t<div class=\"elementor-container elementor-column-gap-no\">\n\t\t\t\t\t<div class=\"elementor-column elementor-col-100 elementor-top-column elementor-element elementor-element-32fa86d\" data-id=\"32fa86d\" data-element_type=\"column\">\n\t\t\t<div class=\"elementor-widget-wrap elementor-element-populated\">\n\t\t\t\t\t\t<div class=\"elementor-element elementor-element-a1414bc animated-fast elementor-invisible elementor-widget elementor-widget-elementskit-faq\" data-id=\"a1414bc\" data-element_type=\"widget\" data-settings=\"{&quot;_animation&quot;:&quot;fadeInUp&quot;}\" data-widget_type=\"elementskit-faq.default\">\n\t\t\t\t<div class=\"elementor-widget-container\">\n\t\t\t\t\t<div class=\"ekit-wid-con\" >\n                <div class=\"elementskit-single-faq elementor-repeater-item-b6b9b71\">\n            <div class=\"elementskit-faq-header\">\n                <h2 class=\"elementskit-faq-title\">Wenn Nachhaltigkeitsdimensionen zurzeit teils noch nicht erkannt werden, obwohl es sie in Forschung oder Lehre schon gibt \u2013 was braucht es Ihrer Einsch\u00e4tzung nach noch f\u00fcr eine Kultur der Nachhaltigkeit an der Goethe-Universit\u00e4t?<\/h2>\n            <\/div>\n            <div class=\"elementskit-faq-body\">\n                Zum einen brauchen wir Kommunikation, Kommunikation, Kommunikation. Und gleichzeitig m\u00fcssen wir uns der Herausforderung stellen, das Thema Nachhaltigkeit \u00fcberall hineindiffundieren zu lassen. Mit der Einrichtung eines eigenen Nachhaltigkeitsb\u00fcros ist die Goethe-Universit\u00e4t schon recht gut aufgestellt, aber wir k\u00f6nnen nicht die Transformation einer ganzen Universit\u00e4t bewerkstelligen. Um das zu erreichen, brauchen wir \u201eVerb\u00fcndete\u201c und Multiplikator*innen. Wir m\u00fcssen gemeinsam mit der Hochschulleitung schauen, wie wir Strukturen so ver\u00e4ndern k\u00f6nnen, dass mehr Nachhaltigkeit m\u00f6glich ist.            <\/div>\n        <\/div>\n                <div class=\"elementskit-single-faq elementor-repeater-item-e852ff8\">\n            <div class=\"elementskit-faq-header\">\n                <h2 class=\"elementskit-faq-title\">Wie k\u00f6nnte das konkret in der Praxis aussehen?<\/h2>\n            <\/div>\n            <div class=\"elementskit-faq-body\">\n                Heute Vormittag war ich zum Beispiel zu Besuch beim Fachbereich Biochemie, Chemie und Pharmazie. Dort steht gerade eine Nachhaltigkeitszertifizierung der Labore an. Es gibt bereits erste Labore, die das machen m\u00f6chten, die sehr engagiert und motiviert sind. Aber alleine sto\u00dfen sie an Grenzen. In so einem Fall kann das Nachhaltigkeitsb\u00fcro ins Spiel kommen und helfen, die Aufgabe systematisch auf Organisationsebene anzugehen. Damit schaffen wir gleichzeitig ein Leuchtturmprojekt, das Abstrahlungseffekte hat, sodass im Idealfall immer mehr Menschen mitziehen.            <\/div>\n        <\/div>\n                \n    <\/div>\t\t\t\t<\/div>\n\t\t\t\t<\/div>\n\t\t\t\t<div class=\"elementor-element elementor-element-e9bd308 animated-fast elementor-invisible elementor-widget elementor-widget-image\" data-id=\"e9bd308\" data-element_type=\"widget\" data-settings=\"{&quot;_animation&quot;:&quot;fadeInUp&quot;}\" data-widget_type=\"image.default\">\n\t\t\t\t<div class=\"elementor-widget-container\">\n\t\t\t\t\t\t\t\t\t\t\t\t<figure class=\"wp-caption\">\n\t\t\t\t\t\t\t\t\t\t<img loading=\"lazy\" decoding=\"async\" width=\"1536\" height=\"1024\" src=\"https:\/\/aktuelles.uni-frankfurt.de\/wp-content\/uploads\/2025\/07\/Bild-3-Nachhaltigkeitsteam-ud-1536x1024.jpg\" class=\"attachment-1536x1536 size-1536x1536 wp-image-84877\" alt=\"\" srcset=\"https:\/\/aktuelles.uni-frankfurt.de\/wp-content\/uploads\/2025\/07\/Bild-3-Nachhaltigkeitsteam-ud-1536x1024.jpg 1536w, https:\/\/aktuelles.uni-frankfurt.de\/wp-content\/uploads\/2025\/07\/Bild-3-Nachhaltigkeitsteam-ud-300x200.jpg 300w, https:\/\/aktuelles.uni-frankfurt.de\/wp-content\/uploads\/2025\/07\/Bild-3-Nachhaltigkeitsteam-ud-500x333.jpg 500w, https:\/\/aktuelles.uni-frankfurt.de\/wp-content\/uploads\/2025\/07\/Bild-3-Nachhaltigkeitsteam-ud-768x512.jpg 768w, https:\/\/aktuelles.uni-frankfurt.de\/wp-content\/uploads\/2025\/07\/Bild-3-Nachhaltigkeitsteam-ud-18x12.jpg 18w, https:\/\/aktuelles.uni-frankfurt.de\/wp-content\/uploads\/2025\/07\/Bild-3-Nachhaltigkeitsteam-ud.jpg 2000w\" sizes=\"(max-width: 1536px) 100vw, 1536px\" \/>\t\t\t\t\t\t\t\t\t\t\t<figcaption class=\"widget-image-caption wp-caption-text\">Fabienne Beck (rechts) mit ihrem Team des Nachhaltigkeitsb\u00fcros, von links: Katharina Forster (Kommunikation und Partizipation), Peggy Feige (Sachbearbeiterin), Svenja Maier und Nele Kress (Referentinnen) (Foto: Uwe Dettmar)<\/figcaption>\n\t\t\t\t\t\t\t\t\t\t<\/figure>\n\t\t\t\t\t\t\t\t\t<\/div>\n\t\t\t\t<\/div>\n\t\t\t\t<div class=\"elementor-element elementor-element-6fbdd61 animated-fast elementor-invisible elementor-widget elementor-widget-elementskit-faq\" data-id=\"6fbdd61\" data-element_type=\"widget\" data-settings=\"{&quot;_animation&quot;:&quot;fadeInUp&quot;}\" data-widget_type=\"elementskit-faq.default\">\n\t\t\t\t<div class=\"elementor-widget-container\">\n\t\t\t\t\t<div class=\"ekit-wid-con\" >\n                <div class=\"elementskit-single-faq elementor-repeater-item-f4526de\">\n            <div class=\"elementskit-faq-header\">\n                <h2 class=\"elementskit-faq-title\">Angesichts der Gleichzeitigkeit der vielen Krisen heute ist die Nachhaltigkeit allerdings nicht mehr so pr\u00e4sent in den Medien wie vor einigen Jahren. \u00dcberhaupt scheint sich eine M\u00fcdigkeit zu verbreiten, ein Gef\u00fchl von \u201ees ist zu viel\u201c. Was bedeutet das f\u00fcr Ihre Arbeit?<\/h2>\n            <\/div>\n            <div class=\"elementskit-faq-body\">\n                Ja, diese Ver\u00e4nderungsm\u00fcdigkeit ist da; Kriege und auch andere Krisen \u00fcberschatten das Thema Nachhaltigkeit. Aber auch das geh\u00f6rt ja am Ende des Tages zusammen, und gerade auch deswegen hat die Uni aufgrund ihrer Position in der Gesellschaft eine enorme Vorbildfunktion: Wir d\u00fcrfen unseren Einsatz f\u00fcr Klimagerechtigkeit und andere Nachhaltigkeitsziele jetzt nicht hinten runterfallen lassen \u2013 die Probleme gehen nicht weg, nur, weil wir nicht mehr hinschauen; im Gegenteil. Darum ist es mir auch so wichtig, dass wir in der Kommunikation wegkommen von dem Eindruck \u201eDas ist ein globales Problem, da habe ich als Einzelne*r sowieso keinen Einfluss drauf\u201c. Ich sehe es als unsere Aufgabe, die jeweiligen Faktoren so greifbar zu machen, dass wir alle verstehen, was unser eigener Beitrag sein kann und was der institutionelle Betrag der Goethe-Universit\u00e4t sein wird! Und dabei m\u00fcssen wir positive Zukunftsbilder malen, die motivieren und inspirieren.            <\/div>\n        <\/div>\n                \n    <\/div>\t\t\t\t<\/div>\n\t\t\t\t<\/div>\n\t\t\t\t<div class=\"elementor-element elementor-element-7f1736e animated-fast elementor-invisible elementor-widget elementor-widget-image\" data-id=\"7f1736e\" data-element_type=\"widget\" data-settings=\"{&quot;_animation&quot;:&quot;fadeInUp&quot;}\" data-widget_type=\"image.default\">\n\t\t\t\t<div class=\"elementor-widget-container\">\n\t\t\t\t\t\t\t\t\t\t\t\t<figure class=\"wp-caption\">\n\t\t\t\t\t\t\t\t\t\t<img loading=\"lazy\" decoding=\"async\" width=\"1536\" height=\"864\" src=\"https:\/\/aktuelles.uni-frankfurt.de\/wp-content\/uploads\/2025\/07\/Bild-4-Umsonstladen-1536x864.jpg\" class=\"attachment-1536x1536 size-1536x1536 wp-image-84878\" alt=\"\" srcset=\"https:\/\/aktuelles.uni-frankfurt.de\/wp-content\/uploads\/2025\/07\/Bild-4-Umsonstladen-1536x864.jpg 1536w, https:\/\/aktuelles.uni-frankfurt.de\/wp-content\/uploads\/2025\/07\/Bild-4-Umsonstladen-300x169.jpg 300w, https:\/\/aktuelles.uni-frankfurt.de\/wp-content\/uploads\/2025\/07\/Bild-4-Umsonstladen-500x281.jpg 500w, https:\/\/aktuelles.uni-frankfurt.de\/wp-content\/uploads\/2025\/07\/Bild-4-Umsonstladen-768x432.jpg 768w, https:\/\/aktuelles.uni-frankfurt.de\/wp-content\/uploads\/2025\/07\/Bild-4-Umsonstladen-18x10.jpg 18w, https:\/\/aktuelles.uni-frankfurt.de\/wp-content\/uploads\/2025\/07\/Bild-4-Umsonstladen.jpg 2000w\" sizes=\"(max-width: 1536px) 100vw, 1536px\" \/>\t\t\t\t\t\t\t\t\t\t\t<figcaption class=\"widget-image-caption wp-caption-text\">Nachhaltigkeit ganz praktisch: Das Nachhaltigkeitsb\u00fcro veranstaltet Aktionen zum Mitmachen wie etwa Kleidertausch in Kooperation mit dem Umsonstladen \u201eDie Teilerei\u201c (Foto: Nachhaltigkeitsb\u00fcro)<\/figcaption>\n\t\t\t\t\t\t\t\t\t\t<\/figure>\n\t\t\t\t\t\t\t\t\t<\/div>\n\t\t\t\t<\/div>\n\t\t\t\t<div class=\"elementor-element elementor-element-9222bb2 animated-fast elementor-invisible elementor-widget elementor-widget-elementskit-faq\" data-id=\"9222bb2\" data-element_type=\"widget\" data-settings=\"{&quot;_animation&quot;:&quot;fadeInUp&quot;}\" data-widget_type=\"elementskit-faq.default\">\n\t\t\t\t<div class=\"elementor-widget-container\">\n\t\t\t\t\t<div class=\"ekit-wid-con\" >\n                <div class=\"elementskit-single-faq elementor-repeater-item-d5db942\">\n            <div class=\"elementskit-faq-header\">\n                <h2 class=\"elementskit-faq-title\">Vor diesem Hintergrund: Worauf wird es Ihrer Einsch\u00e4tzung nach in den n\u00e4chsten Jahren ankommen, damit wir unser Ziel einer nachhaltigen Universit\u00e4t wirklich erreichen k\u00f6nnen?<\/h2>\n            <\/div>\n            <div class=\"elementskit-faq-body\">\n                Ein entscheidender Punkt wird jetzt sein, die Nachhaltigkeitsstrategie zu vollenden. Wir sind dazu gerade noch einmal in einem gr\u00f6\u00dferen Feedback-Prozess und merken schon, wie gro\u00df die Themenvielfalt ist \u2013 nicht, weil alle m\u00f6glichen Themen wahllos aufgenommen wurden, sondern als Ergebnis einer systematischen Wesentlichkeitsanalyse. Die Analysen zeigen, dass wir jetzt viele Dinge ansto\u00dfen m\u00fcssen, die wir aber nicht in zwei, drei Jahren umsetzen k\u00f6nnen. Da geht es dann um wirklich gro\u00dfe Themen, wie etwa ein sozial-\u00f6kologisches Beschaffungswesen oder darum, den vielen Studierenden der Goethe-Universit\u00e4t fl\u00e4chendeckend Bildung f\u00fcr Nachhaltige Entwicklung anzubieten.<br><br>\nVon daher w\u00fcrde ich es f\u00fcr mich als Erfolg verbuchen, wenn wir es in den n\u00e4chsten zwei Jahren schaffen, unsere Strategie zum Leben zu erwecken: dass sich perspektivisch jede*r an der Uni dieser Nachhaltigkeitsstrategie bewusst ist, die eigene Rolle dabei kennt und sieht, wo er oder sie einen eigenen Beitrag mit leisten kann. Und das Ziel, in das ich vor allem im kommenden Jahr investieren m\u00f6chte: dass es bei der Strategie nicht bei einem St\u00fcck Papier (oder einem PDF-Dokument) bleibt!            <\/div>\n        <\/div>\n                \n    <\/div>\t\t\t\t<\/div>\n\t\t\t\t<\/div>\n\t\t\t\t<div class=\"elementor-element elementor-element-62afc54 animated-fast elementor-invisible elementor-widget elementor-widget-text-editor\" data-id=\"62afc54\" data-element_type=\"widget\" data-settings=\"{&quot;_animation&quot;:&quot;fadeInUp&quot;}\" data-widget_type=\"text-editor.default\">\n\t\t\t\t<div class=\"elementor-widget-container\">\n\t\t\t\t\t\t\t\t\t<p>Interview: Imke Folkerts<\/p><p>Das (hier leicht gek\u00fcrzte) Interview erschien in GoetheSpektrum News 1\/24.<\/p>\t\t\t\t\t\t\t\t<\/div>\n\t\t\t\t<\/div>\n\t\t\t\t\t<\/div>\n\t\t<\/div>\n\t\t\t\t\t<\/div>\n\t\t<\/section>\n\t\t\t\t<section class=\"elementor-section elementor-top-section elementor-element elementor-element-c9ccc7a elementor-section-content-middle elementor-section-boxed elementor-section-height-default elementor-section-height-default\" data-id=\"c9ccc7a\" data-element_type=\"section\" data-settings=\"{&quot;_ha_eqh_enable&quot;:false}\">\n\t\t\t\t\t\t<div class=\"elementor-container elementor-column-gap-no\">\n\t\t\t\t\t<div class=\"elementor-column elementor-col-100 elementor-top-column elementor-element elementor-element-461c383\" data-id=\"461c383\" data-element_type=\"column\">\n\t\t\t<div class=\"elementor-widget-wrap elementor-element-populated\">\n\t\t\t\t\t\t<div class=\"elementor-element elementor-element-f3e140a elementor-align-start elementor-icon-list--layout-traditional elementor-list-item-link-full_width elementor-widget elementor-widget-icon-list\" data-id=\"f3e140a\" data-element_type=\"widget\" data-widget_type=\"icon-list.default\">\n\t\t\t\t<div class=\"elementor-widget-container\">\n\t\t\t\t\t\t\t<ul class=\"elementor-icon-list-items\">\n\t\t\t\t\t\t\t<li class=\"elementor-icon-list-item\">\n\t\t\t\t\t\t\t\t\t\t\t<span class=\"elementor-icon-list-icon\">\n\t\t\t\t\t\t\t<i aria-hidden=\"true\" class=\"far fa-lightbulb\"><\/i>\t\t\t\t\t\t<\/span>\n\t\t\t\t\t\t\t\t\t\t<span class=\"elementor-icon-list-text\">Die Nachhaltigkeitswerkst\u00e4tten<\/span>\n\t\t\t\t\t\t\t\t\t<\/li>\n\t\t\t\t\t\t<\/ul>\n\t\t\t\t\t\t<\/div>\n\t\t\t\t<\/div>\n\t\t\t\t<div class=\"elementor-element elementor-element-836c009 animated-fast elementor-invisible elementor-widget elementor-widget-text-editor\" data-id=\"836c009\" data-element_type=\"widget\" data-settings=\"{&quot;_animation&quot;:&quot;fadeInUp&quot;}\" data-widget_type=\"text-editor.default\">\n\t\t\t\t<div class=\"elementor-widget-container\">\n\t\t\t\t\t\t\t\t\t<p>F\u00fcnf Workshops, rund 150 Teilnehmende, \u00fcber 1500 gesammelte Ideen \u2013 das ist die positive Bilanz der Nachhaltigkeitswerkst\u00e4tten 2024. Hochschulangeh\u00f6rige aller Statusgruppen diskutierten m\u00f6gliche Schritte und Ma\u00dfnahmen f\u00fcr die Nachhaltigkeitsstrategie der Goethe-Universit\u00e4t zu den Themen: Forschung und Transfer, Studium &amp; Lehre, Beschaffung &amp; Mobilit\u00e4t, Klima, Energie, sozial-\u00f6kologischer Campus, Governance.<\/p><p>Erg\u00e4nzt wurden die Nachhaltigkeitswerkst\u00e4tten durch zwei themen\u00fcbergreifende studentische Nachhaltigkeitsformate. Einen ausf\u00fchrlichen Beitrag zu den Nachhaltigkeitswerkst\u00e4tten finden Sie <a href=\"https:\/\/tinygu.de\/C7zHe\">im Webmagazin<\/a>.<\/p>\t\t\t\t\t\t\t\t<\/div>\n\t\t\t\t<\/div>\n\t\t\t\t\t<\/div>\n\t\t<\/div>\n\t\t\t\t\t<\/div>\n\t\t<\/section>\n\t\t\t\t<section class=\"elementor-section elementor-top-section elementor-element elementor-element-013ebfa elementor-section-content-middle elementor-section-boxed elementor-section-height-default elementor-section-height-default\" data-id=\"013ebfa\" data-element_type=\"section\" data-settings=\"{&quot;_ha_eqh_enable&quot;:false}\">\n\t\t\t\t\t\t<div class=\"elementor-container elementor-column-gap-no\">\n\t\t\t\t\t<div class=\"elementor-column elementor-col-100 elementor-top-column elementor-element elementor-element-248e710\" data-id=\"248e710\" data-element_type=\"column\">\n\t\t\t<div class=\"elementor-widget-wrap elementor-element-populated\">\n\t\t\t\t\t\t<div class=\"elementor-element elementor-element-7039318 elementor-align-start elementor-icon-list--layout-traditional elementor-list-item-link-full_width elementor-widget elementor-widget-icon-list\" data-id=\"7039318\" data-element_type=\"widget\" data-widget_type=\"icon-list.default\">\n\t\t\t\t<div class=\"elementor-widget-container\">\n\t\t\t\t\t\t\t<ul class=\"elementor-icon-list-items\">\n\t\t\t\t\t\t\t<li class=\"elementor-icon-list-item\">\n\t\t\t\t\t\t\t\t\t\t\t<span class=\"elementor-icon-list-icon\">\n\t\t\t\t\t\t\t<i aria-hidden=\"true\" class=\"far fa-lightbulb\"><\/i>\t\t\t\t\t\t<\/span>\n\t\t\t\t\t\t\t\t\t\t<span class=\"elementor-icon-list-text\">Public Climate School 2024<\/span>\n\t\t\t\t\t\t\t\t\t<\/li>\n\t\t\t\t\t\t<\/ul>\n\t\t\t\t\t\t<\/div>\n\t\t\t\t<\/div>\n\t\t\t\t<div class=\"elementor-element elementor-element-33c7b7b animated-fast elementor-invisible elementor-widget elementor-widget-text-editor\" data-id=\"33c7b7b\" data-element_type=\"widget\" data-settings=\"{&quot;_animation&quot;:&quot;fadeInUp&quot;}\" data-widget_type=\"text-editor.default\">\n\t\t\t\t<div class=\"elementor-widget-container\">\n\t\t\t\t\t\t\t\t\t<p>Vom 4. bis 8. November 2024 machte die Goethe-Universit\u00e4t bei der Public Climate School (PCS) mit, einer bundesweiten Aktionswoche, die Klimabildung in Schulen, Universit\u00e4ten und die Gesellschaft tragen m\u00f6chte. Organisiert von den studentischen Hilfskr\u00e4ften im Nachhaltigkeitsb\u00fcro der Goethe-Universit\u00e4t und unterst\u00fctzt durch ehrenamtliche Coachings der Initiative Klimabildung e.V. stand die diesj\u00e4hrige PCS unter dem Motto \u201eKlima, Bildung, Demokratie\u201c. <br \/><br \/><strong>Nachhaltig unterwegs? <a href=\"https:\/\/uni-frankfurt.de\/157701086\/Mobilit%C3%A4tsumfrage\" target=\"_blank\" rel=\"noopener\">Ergebnisse der hochschulweiten Mobilit\u00e4tsumfrage 2024<\/a><\/strong><\/p>\t\t\t\t\t\t\t\t<\/div>\n\t\t\t\t<\/div>\n\t\t\t\t\t<\/div>\n\t\t<\/div>\n\t\t\t\t\t<\/div>\n\t\t<\/section>\n\t\t\t\t<section class=\"elementor-section elementor-top-section elementor-element elementor-element-d462afb elementor-section-content-middle elementor-section-boxed elementor-section-height-default elementor-section-height-default\" data-id=\"d462afb\" data-element_type=\"section\" id=\"Strategie_Digitalstrategie\" data-settings=\"{&quot;_ha_eqh_enable&quot;:false}\">\n\t\t\t\t\t\t<div class=\"elementor-container elementor-column-gap-no\">\n\t\t\t\t\t<div class=\"elementor-column elementor-col-100 elementor-top-column elementor-element elementor-element-f95ebd0\" data-id=\"f95ebd0\" data-element_type=\"column\" data-settings=\"{&quot;background_background&quot;:&quot;classic&quot;}\">\n\t\t\t<div class=\"elementor-widget-wrap elementor-element-populated\">\n\t\t\t\t\t\t<div class=\"elementor-element elementor-element-4f37cb5 elementor-align-center elementor-mobile-align-start elementor-icon-list--layout-traditional elementor-list-item-link-full_width elementor-widget elementor-widget-icon-list\" data-id=\"4f37cb5\" data-element_type=\"widget\" data-widget_type=\"icon-list.default\">\n\t\t\t\t<div class=\"elementor-widget-container\">\n\t\t\t\t\t\t\t<ul class=\"elementor-icon-list-items\">\n\t\t\t\t\t\t\t<li class=\"elementor-icon-list-item\">\n\t\t\t\t\t\t\t\t\t\t<span class=\"elementor-icon-list-text\">Strategie<\/span>\n\t\t\t\t\t\t\t\t\t<\/li>\n\t\t\t\t\t\t<\/ul>\n\t\t\t\t\t\t<\/div>\n\t\t\t\t<\/div>\n\t\t\t\t<div class=\"elementor-element elementor-element-d27a85d elementor-widget elementor-widget-heading\" data-id=\"d27a85d\" data-element_type=\"widget\" data-widget_type=\"heading.default\">\n\t\t\t\t<div class=\"elementor-widget-container\">\n\t\t\t\t\t<h1 class=\"elementor-heading-title elementor-size-default\">Digitalstrategie mit Kreativtechnik<\/h1>\t\t\t\t<\/div>\n\t\t\t\t<\/div>\n\t\t\t\t<div class=\"elementor-element elementor-element-b0f6fec animated-fast elementor-invisible elementor-widget elementor-widget-text-editor\" data-id=\"b0f6fec\" data-element_type=\"widget\" data-settings=\"{&quot;_animation&quot;:&quot;fadeInUp&quot;}\" data-widget_type=\"text-editor.default\">\n\t\t\t\t<div class=\"elementor-widget-container\">\n\t\t\t\t\t\t\t\t\t<p>Die Digitalisierung der Goethe-Universit\u00e4t betrifft alle und jeden: alle ihre Handlungsbereiche sowie jede und jeden Mitarbeiter*in. In offenen Digitalwerkst\u00e4tten wurden 2024 deshalb die Erfahrungen und Erwartungen aller Statusgruppen an eine digitalisierte Universit\u00e4t gesammelt.<\/p>\t\t\t\t\t\t\t\t<\/div>\n\t\t\t\t<\/div>\n\t\t\t\t\t<\/div>\n\t\t<\/div>\n\t\t\t\t\t<\/div>\n\t\t<\/section>\n\t\t\t\t<section class=\"elementor-section elementor-top-section elementor-element elementor-element-55b3b9d elementor-section-content-middle elementor-section-boxed elementor-section-height-default elementor-section-height-default\" data-id=\"55b3b9d\" data-element_type=\"section\" data-settings=\"{&quot;_ha_eqh_enable&quot;:false}\">\n\t\t\t\t\t\t<div class=\"elementor-container elementor-column-gap-no\">\n\t\t\t\t\t<div class=\"elementor-column elementor-col-100 elementor-top-column elementor-element elementor-element-e5a90f8\" data-id=\"e5a90f8\" data-element_type=\"column\">\n\t\t\t<div class=\"elementor-widget-wrap elementor-element-populated\">\n\t\t\t\t\t\t<div class=\"elementor-element elementor-element-2e9d12e animated-fast elementor-invisible elementor-widget elementor-widget-text-editor\" data-id=\"2e9d12e\" data-element_type=\"widget\" data-settings=\"{&quot;_animation&quot;:&quot;fadeInUp&quot;}\" data-widget_type=\"text-editor.default\">\n\t\t\t\t<div class=\"elementor-widget-container\">\n\t\t\t\t\t\t\t\t\t<p>Quantencomputing, K\u00fcnstliche Intelligenz, Forschungsinformationssystem und Dokumentenmanagement, digitale Lehre und Webrelaunch: Die Digitalisierung der Goethe-Universit\u00e4t pr\u00e4gt alle Handlungsbereiche \u2013 sie reichen von Forschung und Transfer \u00fcber Lehre und Studium bis hin zur Verwaltung. Die im Sommer 2024 mit der ersten Planung gestartete Erarbeitung der Digitalstrategie soll einen Leidfaden f\u00fcr diese vielf\u00e4ltigen und hochkomplexen \u00c4nderungsprozesse bieten \u2013 und dabei die Mitglieder aller Statusgruppen sowie der Gremien miteinbeziehen; koordiniert wird das Gro\u00dfprojekt vom Chief Information Office.<\/p><p>Das Projektteam des Office hat gemeinsam mit dem Beratungsunternehmen KPMG die Zielvision des Digitalisierungsprozesses in den kommenden f\u00fcnf bis sieben Jahren in einem ersten Entwurf formuliert. Sie lautet:<\/p>\t\t\t\t\t\t\t\t<\/div>\n\t\t\t\t<\/div>\n\t\t\t\t<div class=\"elementor-element elementor-element-0037f37 animated-fast elementor-invisible elementor-widget elementor-widget-image\" data-id=\"0037f37\" data-element_type=\"widget\" data-settings=\"{&quot;_animation&quot;:&quot;fadeInUp&quot;}\" data-widget_type=\"image.default\">\n\t\t\t\t<div class=\"elementor-widget-container\">\n\t\t\t\t\t\t\t\t\t\t\t\t<figure class=\"wp-caption\">\n\t\t\t\t\t\t\t\t\t\t<img loading=\"lazy\" decoding=\"async\" width=\"1536\" height=\"1152\" src=\"https:\/\/aktuelles.uni-frankfurt.de\/wp-content\/uploads\/2025\/07\/BU_1-20240916_104932-1536x1152.jpg\" class=\"attachment-1536x1536 size-1536x1536 wp-image-84882\" alt=\"\" srcset=\"https:\/\/aktuelles.uni-frankfurt.de\/wp-content\/uploads\/2025\/07\/BU_1-20240916_104932-1536x1152.jpg 1536w, https:\/\/aktuelles.uni-frankfurt.de\/wp-content\/uploads\/2025\/07\/BU_1-20240916_104932-300x225.jpg 300w, https:\/\/aktuelles.uni-frankfurt.de\/wp-content\/uploads\/2025\/07\/BU_1-20240916_104932-500x375.jpg 500w, https:\/\/aktuelles.uni-frankfurt.de\/wp-content\/uploads\/2025\/07\/BU_1-20240916_104932-768x576.jpg 768w, https:\/\/aktuelles.uni-frankfurt.de\/wp-content\/uploads\/2025\/07\/BU_1-20240916_104932-16x12.jpg 16w, https:\/\/aktuelles.uni-frankfurt.de\/wp-content\/uploads\/2025\/07\/BU_1-20240916_104932.jpg 2000w\" sizes=\"(max-width: 1536px) 100vw, 1536px\" \/>\t\t\t\t\t\t\t\t\t\t\t<figcaption class=\"widget-image-caption wp-caption-text\">Das versammelte Pr\u00e4sidium der Goethe-Universit\u00e4t beim Auftakt der Digitalwerkst\u00e4tten: (v.l.) Pr\u00e4sident Prof. Enrico Schleiff, die Vizepr\u00e4sidentinnen Prof. Sabine Andresen und Prof. Viera Pirker, die Vizepr\u00e4sidenten Prof. Michael Huth und Prof. Bernhard Br\u00fcne sowie Vizepr\u00e4sident und CIO Ulrich Schielein (Foto: CIOffice\/Goethe-Universit\u00e4t)<\/figcaption>\n\t\t\t\t\t\t\t\t\t\t<\/figure>\n\t\t\t\t\t\t\t\t\t<\/div>\n\t\t\t\t<\/div>\n\t\t\t\t<div class=\"elementor-element elementor-element-e60330a animated-fast elementor-invisible elementor-widget elementor-widget-text-editor\" data-id=\"e60330a\" data-element_type=\"widget\" data-settings=\"{&quot;_animation&quot;:&quot;fadeInUp&quot;}\" data-widget_type=\"text-editor.default\">\n\t\t\t\t<div class=\"elementor-widget-container\">\n\t\t\t\t\t\t\t\t\t<ul><li><em>Wir gestalten und nutzen die M\u00f6glichkeiten der Digitalisierung reflektiert und sind offen f\u00fcr Ver\u00e4nderungen.<\/em><\/li><li><em>Gemeinsam schaffen wir nutzendenzentrierte Forschungs-, Lehr-, Lern- und Arbeitsumgebungen, um unsere Potenziale in allen Handlungsfeldern zu entfalten.<\/em><\/li><li><em>Deshalb leben wir die Digitalisierung aktiv und agieren als verantwortungsvoller Treiber gesellschaftlicher Transformation.<\/em><\/li><li><em>Die Auswahl von Technologien und deren Betrieb erfolgt nachhaltig<\/em>.<\/li><\/ul>\t\t\t\t\t\t\t\t<\/div>\n\t\t\t\t<\/div>\n\t\t\t\t<div class=\"elementor-element elementor-element-54108df animated-fast elementor-invisible elementor-widget elementor-widget-text-editor\" data-id=\"54108df\" data-element_type=\"widget\" data-settings=\"{&quot;_animation&quot;:&quot;fadeInUp&quot;}\" data-widget_type=\"text-editor.default\">\n\t\t\t\t<div class=\"elementor-widget-container\">\n\t\t\t\t\t\t\t\t\t<p>Das Jahr 2024 stand nun im Zeichen offener Digitalwerkst\u00e4tten, in denen Interessierte ihre Erfahrungen und Anregungen zu der Vision und den strategischen Zielen und den entworfenen Missionen f\u00fcr die einzelnen Kern- und Unterst\u00fctzungsbereiche einbringen konnten. Kick-Off war am 16. September. Die Werkst\u00e4tten standen unter Themen wie Lehre und Studium \u2013 Studierende &#8211; Verwaltung &#8211; IT-Prozesse &#8211; Forschung und Transfer.<\/p>\t\t\t\t\t\t\t\t<\/div>\n\t\t\t\t<\/div>\n\t\t\t\t<div class=\"elementor-element elementor-element-9d580df animated-fast elementor-invisible elementor-widget elementor-widget-image\" data-id=\"9d580df\" data-element_type=\"widget\" data-settings=\"{&quot;_animation&quot;:&quot;fadeInUp&quot;}\" data-widget_type=\"image.default\">\n\t\t\t\t<div class=\"elementor-widget-container\">\n\t\t\t\t\t\t\t\t\t\t\t\t<figure class=\"wp-caption\">\n\t\t\t\t\t\t\t\t\t\t<img loading=\"lazy\" decoding=\"async\" width=\"1536\" height=\"1152\" src=\"https:\/\/aktuelles.uni-frankfurt.de\/wp-content\/uploads\/2025\/07\/BU-2_-IMG_20241017_115948-1536x1152.jpg\" class=\"attachment-1536x1536 size-1536x1536 wp-image-84881\" alt=\"\" srcset=\"https:\/\/aktuelles.uni-frankfurt.de\/wp-content\/uploads\/2025\/07\/BU-2_-IMG_20241017_115948-1536x1152.jpg 1536w, https:\/\/aktuelles.uni-frankfurt.de\/wp-content\/uploads\/2025\/07\/BU-2_-IMG_20241017_115948-300x225.jpg 300w, https:\/\/aktuelles.uni-frankfurt.de\/wp-content\/uploads\/2025\/07\/BU-2_-IMG_20241017_115948-500x375.jpg 500w, https:\/\/aktuelles.uni-frankfurt.de\/wp-content\/uploads\/2025\/07\/BU-2_-IMG_20241017_115948-768x576.jpg 768w, https:\/\/aktuelles.uni-frankfurt.de\/wp-content\/uploads\/2025\/07\/BU-2_-IMG_20241017_115948-16x12.jpg 16w, https:\/\/aktuelles.uni-frankfurt.de\/wp-content\/uploads\/2025\/07\/BU-2_-IMG_20241017_115948.jpg 2000w\" sizes=\"(max-width: 1536px) 100vw, 1536px\" \/>\t\t\t\t\t\t\t\t\t\t\t<figcaption class=\"widget-image-caption wp-caption-text\">Welche digitalen F\u00e4higkeiten und welche IT-Services ben\u00f6tigen wir an der Goethe-Universit\u00e4t? Um Elemente der k\u00fcnftigen Digitalstrategie wurden mittels der eine Kreativtechnik \u201eWalt Disney-Methode\u201c erarbeitet (Foto: CIOffice\/Goethe-Universit\u00e4t)<\/figcaption>\n\t\t\t\t\t\t\t\t\t\t<\/figure>\n\t\t\t\t\t\t\t\t\t<\/div>\n\t\t\t\t<\/div>\n\t\t\t\t<div class=\"elementor-element elementor-element-b89b661 elementor-widget elementor-widget-heading\" data-id=\"b89b661\" data-element_type=\"widget\" data-widget_type=\"heading.default\">\n\t\t\t\t<div class=\"elementor-widget-container\">\n\t\t\t\t\t<h3 class=\"elementor-heading-title elementor-size-default\">KI als Gegenstand der Forschung<\/h3>\t\t\t\t<\/div>\n\t\t\t\t<\/div>\n\t\t\t\t<div class=\"elementor-element elementor-element-afb3bc8 animated-fast elementor-invisible elementor-widget elementor-widget-text-editor\" data-id=\"afb3bc8\" data-element_type=\"widget\" data-settings=\"{&quot;_animation&quot;:&quot;fadeInUp&quot;}\" data-widget_type=\"text-editor.default\">\n\t\t\t\t<div class=\"elementor-widget-container\">\n\t\t\t\t\t\t\t\t\t<p>Welche digitalen F\u00e4higkeiten und welche IT-Services ben\u00f6tigen wir an der Goethe-Universit\u00e4t? Um Schritte der Digitalstrategie zu definieren, arbeiteten die Gruppen mit der Walt Disney-Methode <em>(siehe Illustration) \u2013 <\/em>eine Kreativtechnik, die auf den Arbeitsstil des Filmproduzenten Walt Disney zur\u00fcckgef\u00fchrt wird. Daf\u00fcr nehmen Teilnehmer abwechselnd die Rollen als \u201eTr\u00e4umer\u201c, \u201eRealist\u201c und \u201eKritiker\u201c ein. \u201eWir haben \u00fcber diese Methode viele neue Ideen gesammelt\u201c, sagte Ulrich Schielein, CIO und Vizepr\u00e4sident f\u00fcr Digitalisierung, am Rande der Werkst\u00e4tten. Dazu geh\u00f6ren beispielsweise im Bereich Studium und Lehre der Auf- und Ausbau digitaler Kompetenzen wie bedarfsgerechte Lernmanagementsysteme oder formative Pr\u00fcfungsformate; diese werden bereits koordiniert und gesteuert durch <em>studium digitale<\/em>, die zentrale Innovationseinheit f\u00fcr technologiegest\u00fctztes Lehren und Lernen. Im Bereich der Forschung soll das Center for Scientific Computing zur zentralen Anlaufstelle f\u00fcr digitale Forschungsservices werden und beim Wissens -und Technologietransfer beraten. In der Verwaltung wurde bereits ein Dokumentenmanagementsystem eingef\u00fchrt, das elektronische Studierenden- und Personalakten erm\u00f6glicht. Generative K\u00fcnstliche Intelligenz (KI) wird zuk\u00fcnftig zudem Prozesse unterst\u00fctzen \u2013 und sollte wiederum selbst zum Forschungsgegenstand werden.<\/p><p>Der Entwurf der Digitalstrategie wird im Rahmen der Digitalmesse der IT- und Digitalprojekte am 26. Juni 2025 vorgestellt. Hat die Digitalstrategie dann alle Gremien der Universit\u00e4t erfolgreich durchlaufen, geht es an die n\u00e4chsten Schritte: auf Grundlage der Digitalstrategie konkrete Ma\u00dfnahmen miteinander zu vernetzen und neue zu entwerfen.<\/p>\t\t\t\t\t\t\t\t<\/div>\n\t\t\t\t<\/div>\n\t\t\t\t\t<\/div>\n\t\t<\/div>\n\t\t\t\t\t<\/div>\n\t\t<\/section>\n\t\t\t\t<section class=\"elementor-section elementor-top-section elementor-element elementor-element-468fe05 elementor-section-content-middle elementor-section-boxed elementor-section-height-default elementor-section-height-default\" data-id=\"468fe05\" data-element_type=\"section\" data-settings=\"{&quot;_ha_eqh_enable&quot;:false}\">\n\t\t\t\t\t\t<div class=\"elementor-container elementor-column-gap-no\">\n\t\t\t\t\t<div class=\"elementor-column elementor-col-100 elementor-top-column elementor-element elementor-element-2dba9da\" data-id=\"2dba9da\" data-element_type=\"column\">\n\t\t\t<div class=\"elementor-widget-wrap elementor-element-populated\">\n\t\t\t\t\t\t<div class=\"elementor-element elementor-element-d948c88 elementor-align-start elementor-icon-list--layout-traditional elementor-list-item-link-full_width elementor-widget elementor-widget-icon-list\" data-id=\"d948c88\" data-element_type=\"widget\" data-widget_type=\"icon-list.default\">\n\t\t\t\t<div class=\"elementor-widget-container\">\n\t\t\t\t\t\t\t<ul class=\"elementor-icon-list-items\">\n\t\t\t\t\t\t\t<li class=\"elementor-icon-list-item\">\n\t\t\t\t\t\t\t\t\t\t\t<span class=\"elementor-icon-list-icon\">\n\t\t\t\t\t\t\t<i aria-hidden=\"true\" class=\"far fa-lightbulb\"><\/i>\t\t\t\t\t\t<\/span>\n\t\t\t\t\t\t\t\t\t\t<span class=\"elementor-icon-list-text\">Kreativ nach Walt Disney<\/span>\n\t\t\t\t\t\t\t\t\t<\/li>\n\t\t\t\t\t\t<\/ul>\n\t\t\t\t\t\t<\/div>\n\t\t\t\t<\/div>\n\t\t\t\t<div class=\"elementor-element elementor-element-d3690d0 animated-fast elementor-invisible elementor-widget elementor-widget-text-editor\" data-id=\"d3690d0\" data-element_type=\"widget\" data-settings=\"{&quot;_animation&quot;:&quot;fadeInUp&quot;}\" data-widget_type=\"text-editor.default\">\n\t\t\t\t<div class=\"elementor-widget-container\">\n\t\t\t\t\t\t\t\t\t<p>In den Digitalwerkst\u00e4tten arbeiteten die Teilnehmer*innen mit der Kreativtechnik \u201eWalt Disney-Methode\u201c. Dabei nehmen die Teilnehmer*innen abwechselnd verschiedene Rollen ein und beleuchten damit ihre Aufgabe aus verschiedenen Perspektiven.<\/p><p>\u00a0<\/p>\t\t\t\t\t\t\t\t<\/div>\n\t\t\t\t<\/div>\n\t\t\t\t<div class=\"elementor-element elementor-element-9fc3862 animated-fast elementor-invisible elementor-widget elementor-widget-image\" data-id=\"9fc3862\" data-element_type=\"widget\" data-settings=\"{&quot;_animation&quot;:&quot;fadeInUp&quot;}\" data-widget_type=\"image.default\">\n\t\t\t\t<div class=\"elementor-widget-container\">\n\t\t\t\t\t\t\t\t\t\t\t\t<figure class=\"wp-caption\">\n\t\t\t\t\t\t\t\t\t\t<img loading=\"lazy\" decoding=\"async\" width=\"945\" height=\"532\" src=\"https:\/\/aktuelles.uni-frankfurt.de\/wp-content\/uploads\/2025\/07\/Disney-Methode.png\" class=\"attachment-1536x1536 size-1536x1536 wp-image-84880\" alt=\"\" srcset=\"https:\/\/aktuelles.uni-frankfurt.de\/wp-content\/uploads\/2025\/07\/Disney-Methode.png 945w, https:\/\/aktuelles.uni-frankfurt.de\/wp-content\/uploads\/2025\/07\/Disney-Methode-300x169.png 300w, https:\/\/aktuelles.uni-frankfurt.de\/wp-content\/uploads\/2025\/07\/Disney-Methode-500x281.png 500w, https:\/\/aktuelles.uni-frankfurt.de\/wp-content\/uploads\/2025\/07\/Disney-Methode-768x432.png 768w, https:\/\/aktuelles.uni-frankfurt.de\/wp-content\/uploads\/2025\/07\/Disney-Methode-18x10.png 18w\" sizes=\"(max-width: 945px) 100vw, 945px\" \/>\t\t\t\t\t\t\t\t\t\t\t<figcaption class=\"widget-image-caption wp-caption-text\"><\/figcaption>\n\t\t\t\t\t\t\t\t\t\t<\/figure>\n\t\t\t\t\t\t\t\t\t<\/div>\n\t\t\t\t<\/div>\n\t\t\t\t\t<\/div>\n\t\t<\/div>\n\t\t\t\t\t<\/div>\n\t\t<\/section>\n\t\t\t\t<section class=\"elementor-section elementor-top-section elementor-element elementor-element-91cd9c3 elementor-section-content-middle elementor-section-boxed elementor-section-height-default elementor-section-height-default\" data-id=\"91cd9c3\" data-element_type=\"section\" data-settings=\"{&quot;_ha_eqh_enable&quot;:false}\">\n\t\t\t\t\t\t<div class=\"elementor-container elementor-column-gap-no\">\n\t\t\t\t\t<div class=\"elementor-column elementor-col-100 elementor-top-column elementor-element elementor-element-1fec814\" data-id=\"1fec814\" data-element_type=\"column\">\n\t\t\t<div class=\"elementor-widget-wrap elementor-element-populated\">\n\t\t\t\t\t\t<div class=\"elementor-element elementor-element-264a790 elementor-align-start elementor-icon-list--layout-traditional elementor-list-item-link-full_width elementor-widget elementor-widget-icon-list\" data-id=\"264a790\" data-element_type=\"widget\" data-widget_type=\"icon-list.default\">\n\t\t\t\t<div class=\"elementor-widget-container\">\n\t\t\t\t\t\t\t<ul class=\"elementor-icon-list-items\">\n\t\t\t\t\t\t\t<li class=\"elementor-icon-list-item\">\n\t\t\t\t\t\t\t\t\t\t\t<span class=\"elementor-icon-list-icon\">\n\t\t\t\t\t\t\t<i aria-hidden=\"true\" class=\"far fa-lightbulb\"><\/i>\t\t\t\t\t\t<\/span>\n\t\t\t\t\t\t\t\t\t\t<span class=\"elementor-icon-list-text\">Strategisch verzahnt<\/span>\n\t\t\t\t\t\t\t\t\t<\/li>\n\t\t\t\t\t\t<\/ul>\n\t\t\t\t\t\t<\/div>\n\t\t\t\t<\/div>\n\t\t\t\t<div class=\"elementor-element elementor-element-20ce2bb animated-fast elementor-invisible elementor-widget elementor-widget-text-editor\" data-id=\"20ce2bb\" data-element_type=\"widget\" data-settings=\"{&quot;_animation&quot;:&quot;fadeInUp&quot;}\" data-widget_type=\"text-editor.default\">\n\t\t\t\t<div class=\"elementor-widget-container\">\n\t\t\t\t\t\t\t\t\t<p>Die Entwicklung der Digitalstrategie war eingebettet in weitere Strategieprozesse an der Goethe-Universit\u00e4t \u2013 wie Nachhaltigkeit, Internationalisierung und Chancengerechtigkeit. Gleichzeitig wurde 2024, eng verzahnt mit diesen Fachstrategien, der Hochschulentwicklungsplan 2025+ fortgeschrieben. Digitalit\u00e4t, Internationalit\u00e4t, Nachhaltigkeit und Chancengerechtigkeit sind vier wichtige Handlungsbereiche der Goethe-Universit\u00e4t, die alle drei universit\u00e4ren Kernaufgaben \u2013 Forschung, Lehre und Transfer \u2013 betreffen.<\/p>\t\t\t\t\t\t\t\t<\/div>\n\t\t\t\t<\/div>\n\t\t\t\t\t<\/div>\n\t\t<\/div>\n\t\t\t\t\t<\/div>\n\t\t<\/section>\n\t\t\t\t<section class=\"elementor-section elementor-top-section elementor-element elementor-element-c36a07f elementor-section-full_width elementor-section-height-min-height elementor-section-items-stretch elementor-section-height-default\" data-id=\"c36a07f\" data-element_type=\"section\" id=\"Praesidium\" data-settings=\"{&quot;background_background&quot;:&quot;classic&quot;,&quot;_ha_eqh_enable&quot;:false}\">\n\t\t\t\t\t\t<div class=\"elementor-container elementor-column-gap-default\">\n\t\t\t\t\t<div class=\"elementor-column elementor-col-50 elementor-top-column elementor-element elementor-element-d246de5\" data-id=\"d246de5\" data-element_type=\"column\" data-settings=\"{&quot;background_background&quot;:&quot;classic&quot;}\">\n\t\t\t<div class=\"elementor-widget-wrap elementor-element-populated\">\n\t\t\t\t\t\t<div class=\"elementor-element elementor-element-6a800af elementor-widget elementor-widget-spacer\" data-id=\"6a800af\" data-element_type=\"widget\" data-widget_type=\"spacer.default\">\n\t\t\t\t<div class=\"elementor-widget-container\">\n\t\t\t\t\t\t\t<div class=\"elementor-spacer\">\n\t\t\t<div class=\"elementor-spacer-inner\"><\/div>\n\t\t<\/div>\n\t\t\t\t\t\t<\/div>\n\t\t\t\t<\/div>\n\t\t\t\t<div class=\"elementor-element elementor-element-5b3bbbc animated-fast elementor-widget__width-initial ha-has-bg-overlay elementor-invisible elementor-widget elementor-widget-text-editor\" data-id=\"5b3bbbc\" data-element_type=\"widget\" data-settings=\"{&quot;_animation&quot;:&quot;fadeInUp&quot;}\" data-widget_type=\"text-editor.default\">\n\t\t\t\t<div class=\"elementor-widget-container\">\n\t\t\t\t\t\t\t\t\t<p>Foto: Stefanie Wetzel<\/p>\t\t\t\t\t\t\t\t<\/div>\n\t\t\t\t<\/div>\n\t\t\t\t\t<\/div>\n\t\t<\/div>\n\t\t\t\t<div class=\"elementor-column elementor-col-50 elementor-top-column elementor-element elementor-element-70c7888\" data-id=\"70c7888\" data-element_type=\"column\">\n\t\t\t<div class=\"elementor-widget-wrap elementor-element-populated\">\n\t\t\t\t\t\t<div class=\"elementor-element elementor-element-27006c1 elementor-align-start elementor-mobile-align-start elementor-icon-list--layout-traditional elementor-list-item-link-full_width elementor-widget elementor-widget-icon-list\" data-id=\"27006c1\" data-element_type=\"widget\" data-widget_type=\"icon-list.default\">\n\t\t\t\t<div class=\"elementor-widget-container\">\n\t\t\t\t\t\t\t<ul class=\"elementor-icon-list-items\">\n\t\t\t\t\t\t\t<li class=\"elementor-icon-list-item\">\n\t\t\t\t\t\t\t\t\t\t<span class=\"elementor-icon-list-text\">Pr\u00e4sidium<\/span>\n\t\t\t\t\t\t\t\t\t<\/li>\n\t\t\t\t\t\t<\/ul>\n\t\t\t\t\t\t<\/div>\n\t\t\t\t<\/div>\n\t\t\t\t<div class=\"elementor-element elementor-element-e9e9b57 animated-fast elementor-invisible elementor-widget elementor-widget-heading\" data-id=\"e9e9b57\" data-element_type=\"widget\" data-settings=\"{&quot;_animation&quot;:&quot;fadeInUp&quot;}\" data-widget_type=\"heading.default\">\n\t\t\t\t<div class=\"elementor-widget-container\">\n\t\t\t\t\t<h2 class=\"elementor-heading-title elementor-size-default\">Wechsel im Team der Unileitung<\/h2>\t\t\t\t<\/div>\n\t\t\t\t<\/div>\n\t\t\t\t<div class=\"elementor-element elementor-element-b55e32f animated-fast elementor-invisible elementor-widget elementor-widget-text-editor\" data-id=\"b55e32f\" data-element_type=\"widget\" data-settings=\"{&quot;_animation&quot;:&quot;fadeInUp&quot;}\" data-widget_type=\"text-editor.default\">\n\t\t\t\t<div class=\"elementor-widget-container\">\n\t\t\t\t\t\t\t\t\t<p>Zwei neue Vizepr\u00e4sidentinnen, zwei wiedergew\u00e4hlte Vizepr\u00e4sidenten, ein neues Ressort: Bei der Wahl der Vizepr\u00e4sident*innen am 7. Februar stimmten die Mitglieder des Erweiterten Senats der Universit\u00e4t mehrheitlich f\u00fcr alle vier Kandidat*innen.<\/p>\t\t\t\t\t\t\t\t<\/div>\n\t\t\t\t<\/div>\n\t\t\t\t\t<\/div>\n\t\t<\/div>\n\t\t\t\t\t<\/div>\n\t\t<\/section>\n\t\t\t\t<section class=\"elementor-section elementor-top-section elementor-element elementor-element-fcab7c9 elementor-section-content-middle elementor-section-boxed elementor-section-height-default elementor-section-height-default\" data-id=\"fcab7c9\" data-element_type=\"section\" data-settings=\"{&quot;_ha_eqh_enable&quot;:false}\">\n\t\t\t\t\t\t<div class=\"elementor-container elementor-column-gap-no\">\n\t\t\t\t\t<div class=\"elementor-column elementor-col-100 elementor-top-column elementor-element elementor-element-b906a6b\" data-id=\"b906a6b\" data-element_type=\"column\">\n\t\t\t<div class=\"elementor-widget-wrap elementor-element-populated\">\n\t\t\t\t\t\t<div class=\"elementor-element elementor-element-0e4f369 animated-fast elementor-invisible elementor-widget elementor-widget-text-editor\" data-id=\"0e4f369\" data-element_type=\"widget\" data-settings=\"{&quot;_animation&quot;:&quot;fadeInUp&quot;}\" data-widget_type=\"text-editor.default\">\n\t\t\t\t<div class=\"elementor-widget-container\">\n\t\t\t\t\t\t\t\t\t<p>Zwei Gesichter im neu zusammengesetzten Team der Vizepr\u00e4sidenten der Universit\u00e4t waren der Unicommunity bereits bekannt: F\u00fcr eine zweite Amtszeit ab dem 1. April 2024 wiedergew\u00e4hlt wurden Prof. Bernhard Br\u00fcne aus dem Fachbereich Medizin als Vizepr\u00e4sident f\u00fcr Forschung sowie der Physiker Prof. Michael Huth als Vizepr\u00e4sident f\u00fcr Qualit\u00e4tsmanagement, Infrastruktur und Technologietransfer.<\/p><p>Neu gew\u00e4hlt wurden die Vizepr\u00e4sident*innen f\u00fcr Lehre und Studium \u2013\u00a0 hier l\u00f6ste Prof. Viera Pirker Prof. Christiane Thompson ab, die nicht mehr angetreten war \u2013\u00a0 und das neu geschaffene Ressort f\u00fcr Chancen, Karriereentwicklung und -f\u00f6rderung. Als Professorin f\u00fcr Religionsp\u00e4dagogik und Mediendidaktik ist Viera Pirker seit 2020 Mitglied des Fachbereichs Katholische Theologie und war dort zuletzt Studiendekanin.<\/p><p>Das Ressort f\u00fcr Chancen, Karriereentwicklung und \u2013f\u00f6rderung, Diversit\u00e4t und Gleichstellung gestaltet Prof. Sabine Andresen: Sie widmet sich damit den Bedingungen und Strukturen f\u00fcr Early Career Researchers, der weiteren Entwicklung der wissenschaftlichen Weiterbildung sowie Gleichstellung und Chancengerechtigkeit an der Goethe-Universit\u00e4t. Andresen geh\u00f6rt seit 2011 dem Fachbereich Erziehungswissenschaften und dort dem Institut f\u00fcr Sozialp\u00e4dagogik und Erwachsenenbildung an. Bis September 2023 war sie Dekanin; als Prodekanin hatte sie sich u.a. f\u00fcr die Einrichtung einer Ethikkommission eingesetzt.<\/p><p>Universit\u00e4tspr\u00e4sident Prof. Enrico Schleiff dankte dem bisher amtierenden Pr\u00e4sidialteam f\u00fcr seinen Einsatz und wies auf besondere Herausforderungen in der bisherigen Arbeit wie etwa Corona-Pandemie und die Energiekrise in Folge des Angriffskriegs Russlands auf die Ukraine hin. Die Vizepr\u00e4sent*innen waren vom Erweiterten Senat, also allen Mitgliedern und ihren Stellvertreter*innen, gew\u00e4hlt worden. Der hauptamtliche Vizepr\u00e4sident f\u00fcr Digitalisierung, Chief Information Officer (CIO) Ulrich Schielein, war 2022 mit einer Amtszeit von sechs Jahren gew\u00e4hlt worden und hatte deshalb nicht kandidiert.<\/p>\t\t\t\t\t\t\t\t<\/div>\n\t\t\t\t<\/div>\n\t\t\t\t<div class=\"elementor-element elementor-element-cd9a6f2 animated-fast elementor-invisible elementor-widget elementor-widget-text-editor\" data-id=\"cd9a6f2\" data-element_type=\"widget\" data-settings=\"{&quot;_animation&quot;:&quot;fadeInUp&quot;}\" data-widget_type=\"text-editor.default\">\n\t\t\t\t<div class=\"elementor-widget-container\">\n\t\t\t\t\t\t\t\t\t<p>pb<\/p>\t\t\t\t\t\t\t\t<\/div>\n\t\t\t\t<\/div>\n\t\t\t\t\t<\/div>\n\t\t<\/div>\n\t\t\t\t\t<\/div>\n\t\t<\/section>\n\t\t\t\t<section class=\"elementor-section elementor-top-section elementor-element elementor-element-87762c1 elementor-section-content-middle elementor-section-boxed elementor-section-height-default elementor-section-height-default\" data-id=\"87762c1\" data-element_type=\"section\" data-settings=\"{&quot;_ha_eqh_enable&quot;:false}\">\n\t\t\t\t\t\t<div class=\"elementor-container elementor-column-gap-no\">\n\t\t\t\t\t<div class=\"elementor-column elementor-col-100 elementor-top-column elementor-element elementor-element-73662b9\" data-id=\"73662b9\" data-element_type=\"column\" data-settings=\"{&quot;background_background&quot;:&quot;classic&quot;}\">\n\t\t\t<div class=\"elementor-widget-wrap elementor-element-populated\">\n\t\t\t\t\t\t<div class=\"elementor-element elementor-element-208805a elementor-align-center elementor-mobile-align-start elementor-icon-list--layout-traditional elementor-list-item-link-full_width elementor-widget elementor-widget-icon-list\" data-id=\"208805a\" data-element_type=\"widget\" data-widget_type=\"icon-list.default\">\n\t\t\t\t<div class=\"elementor-widget-container\">\n\t\t\t\t\t\t\t<ul class=\"elementor-icon-list-items\">\n\t\t\t\t\t\t\t<li class=\"elementor-icon-list-item\">\n\t\t\t\t\t\t\t\t\t\t<span class=\"elementor-icon-list-text\">Pr\u00e4sidium<\/span>\n\t\t\t\t\t\t\t\t\t<\/li>\n\t\t\t\t\t\t<\/ul>\n\t\t\t\t\t\t<\/div>\n\t\t\t\t<\/div>\n\t\t\t\t<div class=\"elementor-element elementor-element-fb50155 elementor-widget elementor-widget-heading\" data-id=\"fb50155\" data-element_type=\"widget\" data-widget_type=\"heading.default\">\n\t\t\t\t<div class=\"elementor-widget-container\">\n\t\t\t\t\t<h1 class=\"elementor-heading-title elementor-size-default\">\u201eWir m\u00fcssen die Lebensrealit\u00e4t der Studierenden wahrnehmen\u201c<\/h1>\t\t\t\t<\/div>\n\t\t\t\t<\/div>\n\t\t\t\t<div class=\"elementor-element elementor-element-1ddedf8 animated-fast elementor-invisible elementor-widget elementor-widget-text-editor\" data-id=\"1ddedf8\" data-element_type=\"widget\" data-settings=\"{&quot;_animation&quot;:&quot;fadeInUp&quot;}\" data-widget_type=\"text-editor.default\">\n\t\t\t\t<div class=\"elementor-widget-container\">\n\t\t\t\t\t\t\t\t\t<p>Was digital und analog soll eine Hochschule sein? Und welche Rolle spielt \u201ebiographienahes Lernen\u201c? Ein Gespr\u00e4ch mit der neuen Vizepr\u00e4sidentin f\u00fcr Studium und Lehre, Prof. Viera Pirker.<\/p>\t\t\t\t\t\t\t\t<\/div>\n\t\t\t\t<\/div>\n\t\t\t\t\t<\/div>\n\t\t<\/div>\n\t\t\t\t\t<\/div>\n\t\t<\/section>\n\t\t\t\t<section class=\"elementor-section elementor-top-section elementor-element elementor-element-e23d998 elementor-section-content-middle elementor-section-boxed elementor-section-height-default elementor-section-height-default\" data-id=\"e23d998\" data-element_type=\"section\" data-settings=\"{&quot;_ha_eqh_enable&quot;:false}\">\n\t\t\t\t\t\t<div class=\"elementor-container elementor-column-gap-no\">\n\t\t\t\t\t<div class=\"elementor-column elementor-col-100 elementor-top-column elementor-element elementor-element-dd02b9a\" data-id=\"dd02b9a\" data-element_type=\"column\">\n\t\t\t<div class=\"elementor-widget-wrap elementor-element-populated\">\n\t\t\t\t\t\t<section class=\"elementor-section elementor-inner-section elementor-element elementor-element-48dde2e elementor-section-boxed elementor-section-height-default elementor-section-height-default\" data-id=\"48dde2e\" data-element_type=\"section\" data-settings=\"{&quot;_ha_eqh_enable&quot;:false}\">\n\t\t\t\t\t\t<div class=\"elementor-container elementor-column-gap-default\">\n\t\t\t\t\t<div class=\"elementor-column elementor-col-50 elementor-inner-column elementor-element elementor-element-82b56d4\" data-id=\"82b56d4\" data-element_type=\"column\">\n\t\t\t<div class=\"elementor-widget-wrap elementor-element-populated\">\n\t\t\t\t\t\t<div class=\"elementor-element elementor-element-41622d1 animated-fast ha-has-bg-overlay elementor-invisible elementor-widget elementor-widget-image\" data-id=\"41622d1\" data-element_type=\"widget\" data-settings=\"{&quot;_animation&quot;:&quot;fadeInUp&quot;}\" data-widget_type=\"image.default\">\n\t\t\t\t<div class=\"elementor-widget-container\">\n\t\t\t\t\t\t\t\t\t\t\t\t\t\t\t<img loading=\"lazy\" decoding=\"async\" width=\"1536\" height=\"1536\" src=\"https:\/\/aktuelles.uni-frankfurt.de\/wp-content\/uploads\/2025\/07\/vera-pirker-1536x1536.jpg\" class=\"attachment-1536x1536 size-1536x1536 wp-image-84884\" alt=\"\" srcset=\"https:\/\/aktuelles.uni-frankfurt.de\/wp-content\/uploads\/2025\/07\/vera-pirker-1536x1536.jpg 1536w, https:\/\/aktuelles.uni-frankfurt.de\/wp-content\/uploads\/2025\/07\/vera-pirker-300x300.jpg 300w, https:\/\/aktuelles.uni-frankfurt.de\/wp-content\/uploads\/2025\/07\/vera-pirker-500x500.jpg 500w, https:\/\/aktuelles.uni-frankfurt.de\/wp-content\/uploads\/2025\/07\/vera-pirker-150x150.jpg 150w, https:\/\/aktuelles.uni-frankfurt.de\/wp-content\/uploads\/2025\/07\/vera-pirker-768x768.jpg 768w, https:\/\/aktuelles.uni-frankfurt.de\/wp-content\/uploads\/2025\/07\/vera-pirker-12x12.jpg 12w, https:\/\/aktuelles.uni-frankfurt.de\/wp-content\/uploads\/2025\/07\/vera-pirker-700x700.jpg 700w, https:\/\/aktuelles.uni-frankfurt.de\/wp-content\/uploads\/2025\/07\/vera-pirker.jpg 2000w\" sizes=\"(max-width: 1536px) 100vw, 1536px\" \/>\t\t\t\t\t\t\t\t\t\t\t\t\t\t\t<\/div>\n\t\t\t\t<\/div>\n\t\t\t\t\t<\/div>\n\t\t<\/div>\n\t\t\t\t<div class=\"elementor-column elementor-col-50 elementor-inner-column elementor-element elementor-element-e7a2384\" data-id=\"e7a2384\" data-element_type=\"column\">\n\t\t\t<div class=\"elementor-widget-wrap elementor-element-populated\">\n\t\t\t\t\t\t<div class=\"elementor-element elementor-element-e605de8 animated-fast elementor-invisible elementor-widget elementor-widget-heading\" data-id=\"e605de8\" data-element_type=\"widget\" data-settings=\"{&quot;_animation&quot;:&quot;fadeInUp&quot;}\" data-widget_type=\"heading.default\">\n\t\t\t\t<div class=\"elementor-widget-container\">\n\t\t\t\t\t<h5 class=\"elementor-heading-title elementor-size-medium\">Prof. Viera Pirker<\/h5>\t\t\t\t<\/div>\n\t\t\t\t<\/div>\n\t\t\t\t<div class=\"elementor-element elementor-element-2bfe945 animated-fast elementor-invisible elementor-widget elementor-widget-heading\" data-id=\"2bfe945\" data-element_type=\"widget\" data-settings=\"{&quot;_animation&quot;:&quot;fadeInUp&quot;}\" data-widget_type=\"heading.default\">\n\t\t\t\t<div class=\"elementor-widget-container\">\n\t\t\t\t\t<h2 class=\"elementor-heading-title elementor-size-default\">Foto: Marlene Heinzinger<\/h2>\t\t\t\t<\/div>\n\t\t\t\t<\/div>\n\t\t\t\t\t<\/div>\n\t\t<\/div>\n\t\t\t\t\t<\/div>\n\t\t<\/section>\n\t\t\t\t\t<\/div>\n\t\t<\/div>\n\t\t\t\t\t<\/div>\n\t\t<\/section>\n\t\t\t\t<section class=\"elementor-section elementor-top-section elementor-element elementor-element-3f88f35 elementor-section-content-middle elementor-section-boxed elementor-section-height-default elementor-section-height-default\" data-id=\"3f88f35\" data-element_type=\"section\" data-settings=\"{&quot;_ha_eqh_enable&quot;:false}\">\n\t\t\t\t\t\t<div class=\"elementor-container elementor-column-gap-no\">\n\t\t\t\t\t<div class=\"elementor-column elementor-col-100 elementor-top-column elementor-element elementor-element-c8059c2\" data-id=\"c8059c2\" data-element_type=\"column\">\n\t\t\t<div class=\"elementor-widget-wrap elementor-element-populated\">\n\t\t\t\t\t\t<div class=\"elementor-element elementor-element-f0da69f animated-fast elementor-invisible elementor-widget elementor-widget-text-editor\" data-id=\"f0da69f\" data-element_type=\"widget\" data-settings=\"{&quot;_animation&quot;:&quot;fadeInUp&quot;}\" data-widget_type=\"text-editor.default\">\n\t\t\t\t<div class=\"elementor-widget-container\">\n\t\t\t\t\t\t\t\t\t<p>Die folgenden Aussagen der Vizepr\u00e4sidentin f\u00fcr Studium und Lehre, Viera Pirker, entstammen aus einem gemeinsamen Interview mit der scheidenden Vizepr\u00e4sidentin f\u00fcr Studium und Lehre, Christiane Thompson. Diese hatte als pr\u00e4gendes Ereignis ihrer Amtszeit die Herausforderungen der Pandemie erlebt und die Umstellung auf digitale Lehre und wieder zur\u00fcck in Pr\u00e4senz entscheidend mitgestaltet.<\/p>\t\t\t\t\t\t\t\t<\/div>\n\t\t\t\t<\/div>\n\t\t\t\t<div class=\"elementor-element elementor-element-af43f0b animated-fast elementor-invisible elementor-widget elementor-widget-elementskit-faq\" data-id=\"af43f0b\" data-element_type=\"widget\" data-settings=\"{&quot;_animation&quot;:&quot;fadeInUp&quot;}\" data-widget_type=\"elementskit-faq.default\">\n\t\t\t\t<div class=\"elementor-widget-container\">\n\t\t\t\t\t<div class=\"ekit-wid-con\" >\n                <div class=\"elementskit-single-faq elementor-repeater-item-b6b9b71\">\n            <div class=\"elementskit-faq-header\">\n                <h2 class=\"elementskit-faq-title\">Frau Pirker, Sie forschen ja selbst im Bereich digitales Lernen. Welche Lehren sollte man aus der Pandemie ziehen?<\/h2>\n            <\/div>\n            <div class=\"elementskit-faq-body\">\n                <b>Prof. Viera Pirker:<\/b> Erfahrungsberichte von Studierenden legen nahe, dass wir in einer solchen Situation mehr interaktive Elemente ben\u00f6tigen. Die Studierenden brauchen den Austausch, aktives Lernen, brauchen das Dialogische, um Dinge zu verstehen, in Themen reinzukommen. Diese interaktiven Elemente sind vorrangig, ganz gleich, ob die Lehre in Distanz oder in Pr\u00e4senz stattfindet. Ist das die Absage an die klassische Vorlesung? Pirker: Nicht unbedingt. Die Vorlesung ist die richtige Form, um einen gro\u00dfen Gedanken zu entfalten. Sie muss forschungsnah und aktuell gestaltet sein. Aber auch eine Vorlesung braucht heute interaktive Anteile. Sie funktioniert nicht alleine \u00fcber Videos, die man online stellt und die sich die Studierenden dann anschauen, da braucht es auch M\u00f6glichkeiten des Austauschs.            <\/div>\n        <\/div>\n                <div class=\"elementskit-single-faq elementor-repeater-item-82e7d6d\">\n            <div class=\"elementskit-faq-header\">\n                <h2 class=\"elementskit-faq-title\">Ist das die Absage an die klassische Vorlesung?<\/h2>\n            <\/div>\n            <div class=\"elementskit-faq-body\">\n                Nicht unbedingt. Die Vorlesung ist die richtige Form, um einen gro\u00dfen Gedanken zu entfalten. Sie muss forschungsnah und aktuell gestaltet sein. Aber auch eine Vorlesung braucht heute interaktive Anteile. Sie funktioniert nicht alleine \u00fcber Videos, die man online stellt und die sich die Studierenden dann anschauen, da braucht es auch M\u00f6glichkeiten des Austauschs.            <\/div>\n        <\/div>\n                <div class=\"elementskit-single-faq elementor-repeater-item-3b92ea8\">\n            <div class=\"elementskit-faq-header\">\n                <h2 class=\"elementskit-faq-title\">Was interessiert Sie in Ihrer Forschung besonders?<\/h2>\n            <\/div>\n            <div class=\"elementskit-faq-body\">\n                Mich interessiert, wie fachspezifisches Wissen und fachspezifische Wissensaneignungen sich ver\u00e4ndern durch digitale und mediale Perspektiven. Ich arbeite beispielsweise zu Open Educational Resources, frage danach, wie Bildung und Bildungsmedien zusammenh\u00e4ngen. Und mich interessieren Bedingungen des informellen Lernens. Informelles Lernen findet h\u00e4ufig im Medienkontext statt, etwa wenn auf Instagram Vorbilder kopiert werden. Junge Erwachsene entwickeln dort andere Muster des Wissensaufbaus.            <\/div>\n        <\/div>\n                <div class=\"elementskit-single-faq elementor-repeater-item-3d38d6f\">\n            <div class=\"elementskit-faq-header\">\n                <h2 class=\"elementskit-faq-title\">Sie meinen zum Beispiel die Physikvideos, die bei der Vorbereitung von Klassenarbeiten hinzugezogen werden?<\/h2>\n            <\/div>\n            <div class=\"elementskit-faq-body\">\n                Genau. Die gro\u00dfen YouTube-Lehrer haben ja heute einen hohen Stellenwert. K\u00fcrzlich sagte der Bundesvorsitzende der Sch\u00fclerkonferenzen, dass er sein Abitur nicht geschafft h\u00e4tte ohne den Lehrer Schmidt. Das ist eine interessante Herausforderung, die wir im formalen Bildungssektor noch zu wenig wahrnehmen. Wir m\u00fcssen keineswegs alle YouTuber werden, aber die Frage, wer dieses Feld bespielt und was dort sichtbar wird, die sollten wir uns schon stellen. Nat\u00fcrlich muss man sehen: Die allzu h\u00e4ppchenweise Strukturierung von Wissen, gerade von Grundwissen, ist auch mit Risiken behaftet.            <\/div>\n        <\/div>\n                <div class=\"elementskit-single-faq elementor-repeater-item-07b6c05\">\n            <div class=\"elementskit-faq-header\">\n                <h2 class=\"elementskit-faq-title\">Bei Ihrer Vorstellung haben Sie gesagt, Sie w\u00fcrden die Goethe-Universit\u00e4t nicht zu einer digitalen Universit\u00e4t entwickeln wollen.<\/h2>\n            <\/div>\n            <div class=\"elementskit-faq-body\">\n                Gegenfrage: Was soll eine digitale Universit\u00e4t eigentlich sein? Nat\u00fcrlich muss die Goethe-Universit\u00e4t digital herausragend aufgestellt sein. Also brauchen wir hohe Infrastruktur-Standards, dazu sind wir verpflichtet. Aber das hei\u00dft ja nicht, dass alle nur hinter Bildschirmen sitzen. F\u00fcr das Feld der digitalen Kompetenzen sind die kollaborativen und kommunikativen Elemente ganz wesentlich. Ich selbst merke, dass ich in meiner Lehre, die sich sehr stark aufs Digitale bezieht, immer mehr ins Analoge zur\u00fcckkehre. Denn mir geht es ja nicht darum, wie man Medien in Bildung integriert. Viel spannender ist doch, zu diskutieren, was sich in der Gesellschaft ver\u00e4ndert durch die neuen Technologien, die unseren Alltag bestimmen, und dies dann gemeinsam in Laboratorien zu reflektieren.            <\/div>\n        <\/div>\n                \n    <\/div>\t\t\t\t<\/div>\n\t\t\t\t<\/div>\n\t\t\t\t<div class=\"elementor-element elementor-element-43d11d3 animated-fast elementor-invisible elementor-widget elementor-widget-text-editor\" data-id=\"43d11d3\" data-element_type=\"widget\" data-settings=\"{&quot;_animation&quot;:&quot;fadeInUp&quot;}\" data-widget_type=\"text-editor.default\">\n\t\t\t\t<div class=\"elementor-widget-container\">\n\t\t\t\t\t\t\t\t\t<p>W\u00e4hrend ihrer Amtszeit hat Prof. Christiane Thomson die Entwicklung eines Leitbild Lehre und Studium f\u00fcr die Goethe-Universit\u00e4t angesto\u00dfen. Es wurde in einem partizipativen Prozess entwickelt, an dem auch die neue Vizepr\u00e4sidentin Viera Pirker mitgewirkt hat. Sie hat nun die Aufgabe \u00fcbernommen, das Leitbild in der Universit\u00e4t bekannt zu machen und mit Leben zu erf\u00fcllen.<\/p>\t\t\t\t\t\t\t\t<\/div>\n\t\t\t\t<\/div>\n\t\t\t\t<div class=\"elementor-element elementor-element-2b0e46a animated-fast elementor-invisible elementor-widget elementor-widget-elementskit-faq\" data-id=\"2b0e46a\" data-element_type=\"widget\" data-settings=\"{&quot;_animation&quot;:&quot;fadeInUp&quot;}\" data-widget_type=\"elementskit-faq.default\">\n\t\t\t\t<div class=\"elementor-widget-container\">\n\t\t\t\t\t<div class=\"ekit-wid-con\" >\n                <div class=\"elementskit-single-faq elementor-repeater-item-b6b9b71\">\n            <div class=\"elementskit-faq-header\">\n                <h2 class=\"elementskit-faq-title\">Was zeichnet das Leitbild der Goethe-Universit\u00e4t denn besonders aus?<\/h2>\n            <\/div>\n            <div class=\"elementskit-faq-body\">\n                Ich halte es f\u00fcr wichtig, dass es im Leitbild nicht nur um die Lehrenden und die Studierenden geht, sondern auch das Begleitungs- und Unterst\u00fctzungssystem benannt ist. Ob das unser Leitbild von anderen unterscheidet, kann ich nicht sagen. Aber bei uns ist es auf alle F\u00e4lle besonders expliziert. Das Leitbild soll ja auch die ganze Organisation auf eine bestimmte Sache verpflichten. (...)            <\/div>\n        <\/div>\n                <div class=\"elementskit-single-faq elementor-repeater-item-3379f4d\">\n            <div class=\"elementskit-faq-header\">\n                <h2 class=\"elementskit-faq-title\">Sie haben ja gesagt, dass es besonders wichtig ist, dass auch die Lehrenden das Leitbild kennen, wenn sie hier anfangen. Was passiert aber, wenn das Leitbild nicht umgesetzt wird: Wo k\u00f6nnen sich die Studierenden dann hinwenden?<\/h2>\n            <\/div>\n            <div class=\"elementskit-faq-body\">\n                Ich habe keine Sorge, dass die Studierenden ihre Rechte und Positionen nicht einfordern w\u00fcrden, so wie ich sie erlebe an unserer Uni. Sicher, Leitbilder sind keine solchen hard facts wie zum Beispiel Pr\u00fcfungsrahmenbedingungen, die man einfordern kann. Die Strukturen f\u00fcr Beschwerden sind aber auf alle F\u00e4lle vorhanden, die Studierenden sind ja in allen relevanten Gremien vertreten. Und selbstverst\u00e4ndlich sollte das Leitbild zum Onboarding neuer Kolleg*innen dazugeh\u00f6ren. (...)            <\/div>\n        <\/div>\n                <div class=\"elementskit-single-faq elementor-repeater-item-f676ca6\">\n            <div class=\"elementskit-faq-header\">\n                <h2 class=\"elementskit-faq-title\">Welche konkreten Ziele haben Sie sich gesetzt, die Sie unbedingt erreichen wollen, Frau Pirker?<\/h2>\n            <\/div>\n            <div class=\"elementskit-faq-body\">\n                Als zust\u00e4ndige Vizepr\u00e4sidentin w\u00fcnsche ich mir Vorfahrt f\u00fcr die Lehre an der Goethe-Universit\u00e4t, und das in allen Zusammenh\u00e4ngen. Das f\u00e4ngt bei Berufungen an und endet nicht bei der Vergabe von Mitteln. Deshalb will ich das Gespr\u00e4ch \u00fcber Lehre anregen und so ihre Bedeutung als zentraler Prozess an der Universit\u00e4t st\u00e4rker in den Vordergrund r\u00fccken. So werden auch Personen sichtbarer, die in der Lehre innovative Ideen haben. Es gibt nat\u00fcrlich bereits laufende strategische Projekte, in die ich mich erst einmal einf\u00e4deln und die ich gut begleiten will. Dann ist mir Pers\u00f6nlichkeitsbildung wichtig: Wir m\u00fcssen die Lebensrealit\u00e4t der Studierenden wahrnehmen, ihre Biographie einbeziehen, Stichwort \u00bbbiographienahes Lernen\u00ab. Diese Perspektiven will ich st\u00e4rker sichtbar machen.            <\/div>\n        <\/div>\n                \n    <\/div>\t\t\t\t<\/div>\n\t\t\t\t<\/div>\n\t\t\t\t<div class=\"elementor-element elementor-element-8670b01 animated-fast elementor-invisible elementor-widget elementor-widget-text-editor\" data-id=\"8670b01\" data-element_type=\"widget\" data-settings=\"{&quot;_animation&quot;:&quot;fadeInUp&quot;}\" data-widget_type=\"text-editor.default\">\n\t\t\t\t<div class=\"elementor-widget-container\">\n\t\t\t\t\t\t\t\t\t<p>Interview: Anke Sauter<\/p><p>Das vollst\u00e4ndige Interview mit der ehemaligen Vizepr\u00e4sidentin f\u00fcr Studium und Lehre, Christiane Thompson, und ihrer Nachfolgerin Viera Pirker erschien in GoetheSpektrum 1\/24.<\/p>\t\t\t\t\t\t\t\t<\/div>\n\t\t\t\t<\/div>\n\t\t\t\t\t<\/div>\n\t\t<\/div>\n\t\t\t\t\t<\/div>\n\t\t<\/section>\n\t\t\t\t<section class=\"elementor-section elementor-top-section elementor-element elementor-element-05a6d82 elementor-section-content-middle elementor-section-boxed elementor-section-height-default elementor-section-height-default\" data-id=\"05a6d82\" data-element_type=\"section\" data-settings=\"{&quot;_ha_eqh_enable&quot;:false}\">\n\t\t\t\t\t\t<div class=\"elementor-container elementor-column-gap-no\">\n\t\t\t\t\t<div class=\"elementor-column elementor-col-100 elementor-top-column elementor-element elementor-element-e0253dc\" data-id=\"e0253dc\" data-element_type=\"column\" data-settings=\"{&quot;background_background&quot;:&quot;classic&quot;}\">\n\t\t\t<div class=\"elementor-widget-wrap elementor-element-populated\">\n\t\t\t\t\t\t<div class=\"elementor-element elementor-element-c3b5ac4 elementor-align-center elementor-mobile-align-start elementor-icon-list--layout-traditional elementor-list-item-link-full_width elementor-widget elementor-widget-icon-list\" data-id=\"c3b5ac4\" data-element_type=\"widget\" data-widget_type=\"icon-list.default\">\n\t\t\t\t<div class=\"elementor-widget-container\">\n\t\t\t\t\t\t\t<ul class=\"elementor-icon-list-items\">\n\t\t\t\t\t\t\t<li class=\"elementor-icon-list-item\">\n\t\t\t\t\t\t\t\t\t\t<span class=\"elementor-icon-list-text\">Pr\u00e4sidium<\/span>\n\t\t\t\t\t\t\t\t\t<\/li>\n\t\t\t\t\t\t<\/ul>\n\t\t\t\t\t\t<\/div>\n\t\t\t\t<\/div>\n\t\t\t\t<div class=\"elementor-element elementor-element-b81e7b3 elementor-widget elementor-widget-heading\" data-id=\"b81e7b3\" data-element_type=\"widget\" data-widget_type=\"heading.default\">\n\t\t\t\t<div class=\"elementor-widget-container\">\n\t\t\t\t\t<h1 class=\"elementor-heading-title elementor-size-default\">\u201eDas Gef\u00fchl von Ungerechtigkeit, das macht etwas mit uns\u201c<\/h1>\t\t\t\t<\/div>\n\t\t\t\t<\/div>\n\t\t\t\t<div class=\"elementor-element elementor-element-901545d animated-fast elementor-invisible elementor-widget elementor-widget-text-editor\" data-id=\"901545d\" data-element_type=\"widget\" data-settings=\"{&quot;_animation&quot;:&quot;fadeInUp&quot;}\" data-widget_type=\"text-editor.default\">\n\t\t\t\t<div class=\"elementor-widget-container\">\n\t\t\t\t\t\t\t\t\t<p>Erstmals gibt es ein Vizepr\u00e4sidentenamt mit den Aufgaben Chancen, Karriereentwicklung und -f\u00f6rderung, Diversit\u00e4t und Gleichstellung. Welche Ziele verbindet Sabine Andresen damit? Ein Gespr\u00e4ch.<\/p>\t\t\t\t\t\t\t\t<\/div>\n\t\t\t\t<\/div>\n\t\t\t\t\t<\/div>\n\t\t<\/div>\n\t\t\t\t\t<\/div>\n\t\t<\/section>\n\t\t\t\t<section class=\"elementor-section elementor-top-section elementor-element elementor-element-9799a3e elementor-section-content-middle elementor-section-boxed elementor-section-height-default elementor-section-height-default\" data-id=\"9799a3e\" data-element_type=\"section\" data-settings=\"{&quot;_ha_eqh_enable&quot;:false}\">\n\t\t\t\t\t\t<div class=\"elementor-container elementor-column-gap-no\">\n\t\t\t\t\t<div class=\"elementor-column elementor-col-100 elementor-top-column elementor-element elementor-element-5ae2c43\" data-id=\"5ae2c43\" data-element_type=\"column\">\n\t\t\t<div class=\"elementor-widget-wrap elementor-element-populated\">\n\t\t\t\t\t\t<section class=\"elementor-section elementor-inner-section elementor-element elementor-element-4ff8430 elementor-section-boxed elementor-section-height-default elementor-section-height-default\" data-id=\"4ff8430\" data-element_type=\"section\" data-settings=\"{&quot;_ha_eqh_enable&quot;:false}\">\n\t\t\t\t\t\t<div class=\"elementor-container elementor-column-gap-default\">\n\t\t\t\t\t<div class=\"elementor-column elementor-col-50 elementor-inner-column elementor-element elementor-element-1b978a1\" data-id=\"1b978a1\" data-element_type=\"column\">\n\t\t\t<div class=\"elementor-widget-wrap elementor-element-populated\">\n\t\t\t\t\t\t<div class=\"elementor-element elementor-element-a5c15de animated-fast ha-has-bg-overlay elementor-invisible elementor-widget elementor-widget-image\" data-id=\"a5c15de\" data-element_type=\"widget\" data-settings=\"{&quot;_animation&quot;:&quot;fadeInUp&quot;}\" data-widget_type=\"image.default\">\n\t\t\t\t<div class=\"elementor-widget-container\">\n\t\t\t\t\t\t\t\t\t\t\t\t\t\t\t<img loading=\"lazy\" decoding=\"async\" width=\"1536\" height=\"1536\" src=\"https:\/\/aktuelles.uni-frankfurt.de\/wp-content\/uploads\/2025\/07\/Sabine_Andresen-1536x1536.jpg\" class=\"attachment-1536x1536 size-1536x1536 wp-image-84886\" alt=\"\" srcset=\"https:\/\/aktuelles.uni-frankfurt.de\/wp-content\/uploads\/2025\/07\/Sabine_Andresen-1536x1536.jpg 1536w, https:\/\/aktuelles.uni-frankfurt.de\/wp-content\/uploads\/2025\/07\/Sabine_Andresen-300x300.jpg 300w, https:\/\/aktuelles.uni-frankfurt.de\/wp-content\/uploads\/2025\/07\/Sabine_Andresen-500x500.jpg 500w, https:\/\/aktuelles.uni-frankfurt.de\/wp-content\/uploads\/2025\/07\/Sabine_Andresen-150x150.jpg 150w, https:\/\/aktuelles.uni-frankfurt.de\/wp-content\/uploads\/2025\/07\/Sabine_Andresen-768x768.jpg 768w, https:\/\/aktuelles.uni-frankfurt.de\/wp-content\/uploads\/2025\/07\/Sabine_Andresen-12x12.jpg 12w, https:\/\/aktuelles.uni-frankfurt.de\/wp-content\/uploads\/2025\/07\/Sabine_Andresen-700x700.jpg 700w, https:\/\/aktuelles.uni-frankfurt.de\/wp-content\/uploads\/2025\/07\/Sabine_Andresen.jpg 2000w\" sizes=\"(max-width: 1536px) 100vw, 1536px\" \/>\t\t\t\t\t\t\t\t\t\t\t\t\t\t\t<\/div>\n\t\t\t\t<\/div>\n\t\t\t\t\t<\/div>\n\t\t<\/div>\n\t\t\t\t<div class=\"elementor-column elementor-col-50 elementor-inner-column elementor-element elementor-element-28f0252\" data-id=\"28f0252\" data-element_type=\"column\">\n\t\t\t<div class=\"elementor-widget-wrap elementor-element-populated\">\n\t\t\t\t\t\t<div class=\"elementor-element elementor-element-ea69bec animated-fast elementor-invisible elementor-widget elementor-widget-heading\" data-id=\"ea69bec\" data-element_type=\"widget\" data-settings=\"{&quot;_animation&quot;:&quot;fadeInUp&quot;}\" data-widget_type=\"heading.default\">\n\t\t\t\t<div class=\"elementor-widget-container\">\n\t\t\t\t\t<h5 class=\"elementor-heading-title elementor-size-medium\">Prof. Sabine Andresen<\/h5>\t\t\t\t<\/div>\n\t\t\t\t<\/div>\n\t\t\t\t<div class=\"elementor-element elementor-element-764e856 animated-fast elementor-invisible elementor-widget elementor-widget-heading\" data-id=\"764e856\" data-element_type=\"widget\" data-settings=\"{&quot;_animation&quot;:&quot;fadeInUp&quot;}\" data-widget_type=\"heading.default\">\n\t\t\t\t<div class=\"elementor-widget-container\">\n\t\t\t\t\t<h2 class=\"elementor-heading-title elementor-size-default\">Foto: Die Hoffotografen<\/h2>\t\t\t\t<\/div>\n\t\t\t\t<\/div>\n\t\t\t\t\t<\/div>\n\t\t<\/div>\n\t\t\t\t\t<\/div>\n\t\t<\/section>\n\t\t\t\t\t<\/div>\n\t\t<\/div>\n\t\t\t\t\t<\/div>\n\t\t<\/section>\n\t\t\t\t<section class=\"elementor-section elementor-top-section elementor-element elementor-element-06e16e8 elementor-section-content-middle elementor-section-boxed elementor-section-height-default elementor-section-height-default\" data-id=\"06e16e8\" data-element_type=\"section\" data-settings=\"{&quot;_ha_eqh_enable&quot;:false}\">\n\t\t\t\t\t\t<div class=\"elementor-container elementor-column-gap-no\">\n\t\t\t\t\t<div class=\"elementor-column elementor-col-100 elementor-top-column elementor-element elementor-element-9717129\" data-id=\"9717129\" data-element_type=\"column\">\n\t\t\t<div class=\"elementor-widget-wrap elementor-element-populated\">\n\t\t\t\t\t\t<div class=\"elementor-element elementor-element-7bf91fb animated-fast elementor-invisible elementor-widget elementor-widget-elementskit-faq\" data-id=\"7bf91fb\" data-element_type=\"widget\" data-settings=\"{&quot;_animation&quot;:&quot;fadeInUp&quot;}\" data-widget_type=\"elementskit-faq.default\">\n\t\t\t\t<div class=\"elementor-widget-container\">\n\t\t\t\t\t<div class=\"ekit-wid-con\" >\n                <div class=\"elementskit-single-faq elementor-repeater-item-b6b9b71\">\n            <div class=\"elementskit-faq-header\">\n                <h2 class=\"elementskit-faq-title\">Liebe Frau Prof. Andresen, seit April verantworten Sie als Vizepr\u00e4sidentin das neue Ressort \u201eChancen, Karriereentwicklung, Karrieref\u00f6rderung, Diversit\u00e4t und Gleichstellung\u201c. Erinnern Sie sich noch, wie Sie die Anfangszeit erlebt haben?<\/h2>\n            <\/div>\n            <div class=\"elementskit-faq-body\">\n                <b>Prof. Sabine Andresen:<\/b> Die ersten Wochen waren herausforderungsvoll. Ich habe gleich mitbekommen, unter welch komplexen Bedingungen eine Hochschulleitung entscheiden und handeln muss. Und auch in nicht-allt\u00e4glichen Situationen, wie mehrt\u00e4gigen Protestcamps auf dem Campus, m\u00fcssen alle anderen Aufgaben kontinuierlich bearbeitet werden. Ich pers\u00f6nlich habe von Anfang an gro\u00dfartige Unterst\u00fctzung von allen Seiten bekommen. (\u2026)            <\/div>\n        <\/div>\n                <div class=\"elementskit-single-faq elementor-repeater-item-f7351e6\">\n            <div class=\"elementskit-faq-header\">\n                <h2 class=\"elementskit-faq-title\">Ihr Ressort ist ja neu geschaffen worden. Wo wollen Sie ansetzen?<\/h2>\n            <\/div>\n            <div class=\"elementskit-faq-body\">\n                Der Zuschnitt ist zwar neu, aber die Themen sind es nicht. Wir fangen zum Gl\u00fcck nicht bei null an, denn es ist viel gelaufen hier an der GU zu Karriereentwicklung und Chancengerechtigkeit. Was sich nun vor allem ge\u00e4ndert hat, ist die Zusammenstellung und damit auch die Akzentuierung und Gewichtung \u2013 manchmal vielleicht auch Verdichtung \u2013 von Themen. Was ich an dem Ressort wichtig finde, ist die Fokussierung auf Chancen.<br><br>\nBei vielen Themen rollt unser Zug also schon und sollte nicht unn\u00f6tig gestoppt werden. F\u00fcr mich hei\u00dft das, dass ich auf diesen fahrenden Zug aufspringen muss und dann mit den entsprechenden Kolleg*innen zusammen schaue, ob Strecke und Ziel noch zusammen passen. Im Zweifelsfall kann es sinnvoll sein, den Zug f\u00fcr einen Moment anzuhalten und zu \u00fcberlegen, ob die Fahrt wie vorgesehen weitergeht oder ob doch eine Weiche anders gestellt werden sollte. Was das laufende Gesch\u00e4ft bei uns an der Goethe-Universit\u00e4t betrifft, war ich in den ersten Wochen vor allem in einem Modus des Zuh\u00f6rens. Dass ich dabei nochmal einen so breiten Einblick in die Universit\u00e4t bekomme und so viele engagierte Menschen in den verschiedensten Feldern kennenlerne, das empfinde ich durchaus als Privileg.<br><br>\nIn meinen ersten Tagen als Vizepr\u00e4sidentin ist mir au\u00dferdem viel bewusster geworden, welch gro\u00dfe Bedeutung das Thema RMU f\u00fcr uns hat und wie sehr dies auch den Bereich \u201eChancen\u201c betrifft, gerade auch mit Blick auf die Exzellenzstrategie. Im Zuge dessen habe ich auch z\u00fcgig die Fachkolleg*innen aus Darmstadt und Mainz kennengelernt.<br><br>\nDas hei\u00dft aber auch: Wir m\u00fcssen die Themen Early Career, Umgang mit Diversit\u00e4t, Chancengerechtigkeit und auch Weiterbildung einerseits auf das spezifische Profil von Frankfurt beziehen und andererseits im RMU-Zusammenhang weiterdenken.            <\/div>\n        <\/div>\n                <div class=\"elementskit-single-faq elementor-repeater-item-4a657ba\">\n            <div class=\"elementskit-faq-header\">\n                <h2 class=\"elementskit-faq-title\">Das Begriff Gerechtigkeit zieht sich wie ein roter Faden durch die von Ihnen verantworteten Themen. Wann haben Sie sich das letzte Mal \u00fcber Ungerechtigkeiten im Hochschulalltag ge\u00e4rgert und gedacht: \u201eDas muss anders werden\u201c?<\/h2>\n            <\/div>\n            <div class=\"elementskit-faq-body\">\n                Ich vermute, jedes einzelne Mitglied der Universit\u00e4t k\u00f6nnte dazu etwas sagen. Etwas als ungerecht zu empfinden, bedeutet allerdings nicht automatisch, dass Strukturen, Verfahren, Entscheidungen an der Universit\u00e4t ungerecht sind. Gleichwohl muss eine Universit\u00e4t kontinuierlich daran arbeiten, dass Einstellungs- und Berufungsverfahren transparent und die leitenden Kriterien an der Sache orientiert sind. Fragen der Gerechtigkeit stellen sich f\u00fcr Mitarbeiter*innen beispielsweise in der Verwaltung, wenn es um M\u00f6glichkeiten der Weiterbildung und Karriereentwicklung geht, Studierende interessieren Kriterien der Leistungsbewertung, der Zug\u00e4nge zu von ihnen favorisierten Lehrveranstaltungen und zu qualitativ hochwertiger Betreuung ihrer Abschussarbeiten. Und schlie\u00dflich stellt sich f\u00fcr viele an der Universit\u00e4t die Frage, wie sich die Anforderungen mit dem \u00fcbrigen Leben, insbesondere mit Betreuungs-, Pflege- und Erwerbsarbeitsaufgaben vereinbaren lassen. Hier sind nach wie vor insbesondere Frauen stark belastet. Das habe ich auch selbst oft erlebt. In meiner Zeit als Oberassistentin an der Universit\u00e4t Z\u00fcrich, musste ich pendeln und habe mein just eingeschultes Grundschulkind ein paar Tage \u201enur\u201c in der Obhut des Vaters gelassen. Als mich an einem Abend ein Kollege noch sp\u00e4t im Institut antraf, fragte er mich mit einem Grundton moralischer Entr\u00fcstung, was denn \u201emein armes Kind\u201c jetzt mache. Ein gleichaltriger Kollege meinte, f\u00fcr mich sei es ja nicht so schlimm, wenn ich nicht gleich eine Professur bek\u00e4me, mein Mann w\u00fcrde ja Geld verdienen. Wie oft habe ich solche Spr\u00fcche \u201eweggel\u00e4chelt\u201c.<br><br>\nIch f\u00fcrchte, dass solche Haltungen auch heute noch nicht ganz verschwunden sind und Menschen in einen v\u00f6llig unn\u00f6tigen Rechtfertigungszwang gebracht und Schuldgef\u00fchle aufgerufen werden. Mein Eindruck \u2013 und auch meine pers\u00f6nliche Erfahrung \u2013 ist also, dass wir als Studierende, aber auch als Wissenschaftler*innen immer wieder mit Situationen konfrontiert sind, die ein Gef\u00fchl von Ungerechtigkeit ausl\u00f6sen, weil sie ungerecht sind. Und das Erleben von Ungerechtigkeit, die Erfahrung mit Machtmissbrauch, all das macht etwas mit uns.            <\/div>\n        <\/div>\n                \n    <\/div>\t\t\t\t<\/div>\n\t\t\t\t<\/div>\n\t\t\t\t<div class=\"elementor-element elementor-element-64d9b52 animated-fast elementor-invisible elementor-widget elementor-widget-image\" data-id=\"64d9b52\" data-element_type=\"widget\" data-settings=\"{&quot;_animation&quot;:&quot;fadeInUp&quot;}\" data-widget_type=\"image.default\">\n\t\t\t\t<div class=\"elementor-widget-container\">\n\t\t\t\t\t\t\t\t\t\t\t\t<figure class=\"wp-caption\">\n\t\t\t\t\t\t\t\t\t\t<img loading=\"lazy\" decoding=\"async\" width=\"1536\" height=\"1024\" src=\"https:\/\/aktuelles.uni-frankfurt.de\/wp-content\/uploads\/2025\/07\/Foto-4-Banner-Marc-Jacquemin-1536x1024.jpg\" class=\"attachment-1536x1536 size-1536x1536 wp-image-84885\" alt=\"\" srcset=\"https:\/\/aktuelles.uni-frankfurt.de\/wp-content\/uploads\/2025\/07\/Foto-4-Banner-Marc-Jacquemin-1536x1024.jpg 1536w, https:\/\/aktuelles.uni-frankfurt.de\/wp-content\/uploads\/2025\/07\/Foto-4-Banner-Marc-Jacquemin-300x200.jpg 300w, https:\/\/aktuelles.uni-frankfurt.de\/wp-content\/uploads\/2025\/07\/Foto-4-Banner-Marc-Jacquemin-500x333.jpg 500w, https:\/\/aktuelles.uni-frankfurt.de\/wp-content\/uploads\/2025\/07\/Foto-4-Banner-Marc-Jacquemin-768x512.jpg 768w, https:\/\/aktuelles.uni-frankfurt.de\/wp-content\/uploads\/2025\/07\/Foto-4-Banner-Marc-Jacquemin-18x12.jpg 18w, https:\/\/aktuelles.uni-frankfurt.de\/wp-content\/uploads\/2025\/07\/Foto-4-Banner-Marc-Jacquemin.jpg 2000w\" sizes=\"(max-width: 1536px) 100vw, 1536px\" \/>\t\t\t\t\t\t\t\t\t\t\t<figcaption class=\"widget-image-caption wp-caption-text\">In das Ressort von Vizepr\u00e4sidentin Prof. Sabine Andresen fallen auch Fragen zu Chancengerechtigkeit und Gleichstellung. Das zeigt den Banner der Goethe-Universit\u00e4t am Otto Stern-Zentrum auf dem Campus Riedberg (Foto: Marc Jacquemin)<\/figcaption>\n\t\t\t\t\t\t\t\t\t\t<\/figure>\n\t\t\t\t\t\t\t\t\t<\/div>\n\t\t\t\t<\/div>\n\t\t\t\t<div class=\"elementor-element elementor-element-8dddbc1 animated-fast elementor-invisible elementor-widget elementor-widget-elementskit-faq\" data-id=\"8dddbc1\" data-element_type=\"widget\" data-settings=\"{&quot;_animation&quot;:&quot;fadeInUp&quot;}\" data-widget_type=\"elementskit-faq.default\">\n\t\t\t\t<div class=\"elementor-widget-container\">\n\t\t\t\t\t<div class=\"ekit-wid-con\" >\n                <div class=\"elementskit-single-faq elementor-repeater-item-245fa62\">\n            <div class=\"elementskit-faq-header\">\n                <h2 class=\"elementskit-faq-title\">Wie Wissenschaftskarrieren durch Ungerechtigkeit konkret erschwert werden k\u00f6nnen, haben Sie gerade an Ihrem eigenen Beispiel verdeutlicht. Wann sehen Sie auch sonst die Chancen im Universit\u00e4tsalltag ungerecht verteilt?<\/h2>\n            <\/div>\n            <div class=\"elementskit-faq-body\">\n                Das f\u00e4ngt an mit der Frage, wie gerechtfertigt rein quantitative Betreuungsverh\u00e4ltnisse im Studium sind. Wir haben Studierende, beispielsweise in den Erziehungswissenschaften, die selbst im Masterstudium immer noch in sehr gro\u00dfen Seminargruppen sind. Kommiliton*innen aus \u201ekleineren\u201c F\u00e4chern k\u00f6nnen das Studieren viel pers\u00f6nlicher erleben. Solche Erfahrungen k\u00f6nnen gerade in \u00dcbergangsphasen eine gro\u00dfe Rolle spielen, wenn ich zum Beispiel jemanden f\u00fcr die Betreuung meiner Abschlussarbeit suche.<br><br>\nWeiter geht es mit der \u201eKlassenfrage\u201c in unserem akademischen System. In meiner Familie war ich die Erste, die studiert hat. Ich habe diejenigen meiner Kommiliton*innen, die aus akademischen Elternh\u00e4usern kamen, immer beneidet. Meine Familie hat mich zwar stets unterst\u00fctzt, aber wenn ich einen akademischen, karrierebezogenen Rat brauchte, musste ich mir immer jemand anderen suchen.<br><br>\nUngleich verteilte Chancen begleiten einen nat\u00fcrlich auch auf dem weiteren akademischen Weg, beispielsweise w\u00e4hrend der Promotion. Ich selbst bin hervorragend betreut worden von meinem Supervisor, aber dieses Gl\u00fcck hat nicht jede*r. Und auch die Rahmenbedingungen beim Promovieren unterscheiden sich oft sehr: Habe ich eine Stelle an der Universit\u00e4t oder bin ich au\u00dferhalb der Uni voll berufst\u00e4tig, das macht einen Unterschied. Die andere Seite ist: Man muss diese entbehrungsreiche Zeit auch ein St\u00fcck weit wollen und akzeptieren, wenn man sich auf eine Promotion einl\u00e4sst. Das mache ich auch immer zum Thema, wenn junge Wissenschaftler*innen bei mir promovieren wollen: Eine Promotion ausschlie\u00dflich in der regul\u00e4ren Arbeitszeit machen zu wollen, wird nicht funktionieren. Es werden Urlaubstage und es werden Wochenenden daf\u00fcr draufgehen, das muss einem bewusst sein.            <\/div>\n        <\/div>\n                <div class=\"elementskit-single-faq elementor-repeater-item-194acab\">\n            <div class=\"elementskit-faq-header\">\n                <h2 class=\"elementskit-faq-title\">Sich f\u00fcr andere zu engagieren, ist Ihnen schon lange auch ein ganz pers\u00f6nliches Anliegen. Unter anderem waren Sie Vorsitzende der Unabh\u00e4ngigen Kommission zur Aufarbeitung sexuellen Kindesmissbrauchs, seit 2023 sind Sie Pr\u00e4sidentin des Kinderschutzbundes. F\u00fcr wen wollen Sie sich als Vizepr\u00e4sidentin stark machen?<\/h2>\n            <\/div>\n            <div class=\"elementskit-faq-body\">\n                Ich m\u00f6chte mich auf jeden Fall f\u00fcr diejenigen stark machen, die sich entscheiden, nach ihrem Studienabschluss zumindest f\u00fcr eine bestimmte Phase ihres Lebens hier an der Universit\u00e4t t\u00e4tig zu sein. Mein gro\u00dfes Anliegen ist zu schauen, wie an dieser gro\u00dfen, diversen Universit\u00e4t mit ihren 16 Fachbereichen und unterschiedlichen Fachkulturen die F\u00f6rderung und das Empowerment von Wissenschaftler*innen in den verschiedenen Phasen bislang gelingt und wo wir noch besser werden k\u00f6nnen. Also: Was sind unsere St\u00e4rken und wo spiegeln uns Early Career Researcher schwierige \u00dcberg\u00e4nge zwischen den verschiedenen Karrierephasen oder machen uns auf andere Probleme aufmerksam? Wir sind dabei zwar abh\u00e4ngig von den Rahmenbedingungen des Wissenschaftszeitvertragsgesetzes, dennoch erscheint es mir zu einfach, die Verantwortung nur auf die Politik zu schieben. Mein Anspruch ist, immer auch die eigenen Handlungsm\u00f6glichkeiten in der Organisation zu pr\u00fcfen.<br><br>\nUnd dann interessieren mich nat\u00fcrlich Fragen zu Chancengerechtigkeit und Gleichstellung \u2013 sei es, dass Studierende immer neben ihrem Studium arbeiten m\u00fcssen, weil das Geld trotz Stipendium oder Baf\u00f6g nicht zum Leben reicht, sei es, dass Studierende aus Kriegsgebieten zu uns kommen und neue Perspektiven suchen. Oder dass Menschen bei uns an der Universit\u00e4t Erfahrungen mit Diskriminierung machen: Wie begegnen wir diesen Erfahrungen, welche Unterst\u00fctzung k\u00f6nnen wir bieten, wie l\u00e4sst sich pr\u00e4ventiv Diskriminierung begegnen? Wie also k\u00f6nnen wir uns mit unseren Ressourcen und unserer Kultur so aufstellen, dass wir das Risiko der Diskriminierung minimieren und Betroffene so schnell und so gut wie m\u00f6glich unterst\u00fctzen?<br><br>\nMich pers\u00f6nlich bedr\u00fcckt es sehr, dass sich j\u00fcdische Studierende und Kolleg*innen nicht sicher f\u00fchlen auf dem Campus. Wir m\u00fcssen dem Antisemitismus entgegentreten, und zwar als Gemeinschaft an der Universit\u00e4t. Das ist Leitungsaufgabe einerseits, aber das geht jedes einzelne Mitglied der Universit\u00e4t andererseits etwas an. Wichtig ist dabei auch, dass wir alle Formen der Diskriminierung, Grenzverletzung und Gewalt im Blick haben und insbesondere Rassismus nicht ausblenden, sondern benennen und offensiv entgegentreten.            <\/div>\n        <\/div>\n                <div class=\"elementskit-single-faq elementor-repeater-item-45557c4\">\n            <div class=\"elementskit-faq-header\">\n                <h2 class=\"elementskit-faq-title\">Eine weitere S\u00e4ule in Ihrem Ressort ist die Entwicklung der wissenschaftlichen Weiterbildung an der Goethe-Universit\u00e4t. Was sollte wissenschaftliche Weiterbildung aus Ihrer Sicht in Zukunft leisten? Auch vor dem Hintergrund, dass der Fachkr\u00e4ftemangel und die K\u00fcnstliche Intelligenz unsere Arbeitswelt wahrscheinlich bald radikal ver\u00e4ndern werden.<\/h2>\n            <\/div>\n            <div class=\"elementskit-faq-body\">\n                Das ist ein gro\u00dfes Thema, zu dem ich aktuell noch in den ersten Orientierungen bin. Mein bisheriger Eindruck ist: Wir bieten viel an, zum Beispiel bei der Goethe Business School (die Weiterbildungsplattform der Goethe-Universit\u00e4t f\u00fcr Fach- und F\u00fchrungskr\u00e4fte, die Red.) oder in der Lehrkr\u00e4fteweiterbildung, aber bisher scheint es noch keine \u00fcbergeordnete Idee zu geben. Wo wollen wir insgesamt hin? Wie sehen wir die akademische oder wissenschaftliche Weiterbildung vor dem Hintergrund der gesellschaftlichen Herausforderungen, angesichts des Fachkr\u00e4ftemangels, vor dem Hintergrund digitaler und nachhaltig zu steuernder Transformationsprozesse? Das sind Fragen, die eine gesellschaftliche Dimension aufmachen. Darauf habe ich noch keine dezidierte Antwort, sondern nehme es als Problemanzeige in meine Gespr\u00e4che etwa mit den Kolleg*innen des C3S (Center for critical computional studies, die Red.) mit. Ich bin sehr gespannt, welche Gedanken und Ideen hierzu aus der Goethe-Community kommen werden. Das ist ja das Tolle an dieser Universit\u00e4t, dass wir f\u00fcr die verschiedensten Fragen Wissen und Expertise haben. Darauf, diese Themen und Herausforderungen mit Kolleg*innen aus unterschiedlichsten Bereichen weiterzudenken, freue ich mich am meisten \u2013 bei diesem breiten Spektrum, das mir auch zwischendrin immer mal wieder Respekt einfl\u00f6\u00dft.            <\/div>\n        <\/div>\n                <div class=\"elementskit-single-faq elementor-repeater-item-e98899b\">\n            <div class=\"elementskit-faq-header\">\n                <h2 class=\"elementskit-faq-title\">Wenn Sie nach drei Jahren auf Ihre Amtszeit schauen, was m\u00f6chten Sie dann erreicht haben?<\/h2>\n            <\/div>\n            <div class=\"elementskit-faq-body\">\n                Weiter ausgebaute und unterschiedliche Karrierewege f\u00fcr ECRs (Early Career Reseachers, die Red.), die auch zu fr\u00fchen Zeitpunkten Orientierung bieten. Ein Bewusstsein daf\u00fcr, dass Machtmissbrauch an unserer Universit\u00e4t keinen Platz hat und davon Betroffene wissen und erleben, sie bekommen Unterst\u00fctzung. Eine weiterentwickelte Idee von wissenschaftlicher Weiterbildung, die auch durch den RMU-Verbund inspiriert ist. Und vielleicht sind wir in drei Jahren auch st\u00e4rker daran orientiert, wie wir gemeinsam als Mitglieder der Universit\u00e4t zu L\u00f6sungen der gro\u00dfen Probleme hier vor Ort beitragen, durch ein gemeinsam getragenes Verst\u00e4ndnis von Verantwortung angesichts der Klimakrise und Fragen des m\u00f6glichen Wachstums, angesichts der Verbreitung von Fake News und Polarisierungen. Dazu geh\u00f6rt auch, dass wir als Universit\u00e4t weiterkommen, wenn es darum geht, eine antisemitismus- und rassismuskritische Universit\u00e4tskultur zu schaffen und unsere Beratungsangebote zu stabilisieren. Ich m\u00f6chte gern einen Beitrag dazu leisten, das Gemeinsame, das \u201eWir\u201c, im Blick zu behalten.            <\/div>\n        <\/div>\n                \n    <\/div>\t\t\t\t<\/div>\n\t\t\t\t<\/div>\n\t\t\t\t<div class=\"elementor-element elementor-element-cb9ca9c animated-fast elementor-invisible elementor-widget elementor-widget-text-editor\" data-id=\"cb9ca9c\" data-element_type=\"widget\" data-settings=\"{&quot;_animation&quot;:&quot;fadeInUp&quot;}\" data-widget_type=\"text-editor.default\">\n\t\t\t\t<div class=\"elementor-widget-container\">\n\t\t\t\t\t\t\t\t\t<p><em>Das Gespr\u00e4ch ist die gek\u00fcrzte Fassung eines Beitrags in den Goethe-Uni-News vom 24. Juli 2024. Die Fragen stellte Imke Folkerts. <\/em><\/p>\t\t\t\t\t\t\t\t<\/div>\n\t\t\t\t<\/div>\n\t\t\t\t\t<\/div>\n\t\t<\/div>\n\t\t\t\t\t<\/div>\n\t\t<\/section>\n\t\t\t\t<section class=\"elementor-section elementor-top-section elementor-element elementor-element-cfb6e59 elementor-section-content-middle elementor-section-boxed elementor-section-height-default elementor-section-height-default\" data-id=\"cfb6e59\" data-element_type=\"section\" data-settings=\"{&quot;_ha_eqh_enable&quot;:false}\">\n\t\t\t\t\t\t<div class=\"elementor-container elementor-column-gap-no\">\n\t\t\t\t\t<div class=\"elementor-column elementor-col-100 elementor-top-column elementor-element elementor-element-3bf1e6f\" data-id=\"3bf1e6f\" data-element_type=\"column\" data-settings=\"{&quot;background_background&quot;:&quot;classic&quot;}\">\n\t\t\t<div class=\"elementor-widget-wrap elementor-element-populated\">\n\t\t\t\t\t\t<div class=\"elementor-element elementor-element-019a8be elementor-align-start elementor-icon-list--layout-traditional elementor-list-item-link-full_width elementor-widget elementor-widget-icon-list\" data-id=\"019a8be\" data-element_type=\"widget\" data-widget_type=\"icon-list.default\">\n\t\t\t\t<div class=\"elementor-widget-container\">\n\t\t\t\t\t\t\t<ul class=\"elementor-icon-list-items\">\n\t\t\t\t\t\t\t<li class=\"elementor-icon-list-item\">\n\t\t\t\t\t\t\t\t\t\t\t<span class=\"elementor-icon-list-icon\">\n\t\t\t\t\t\t\t<i aria-hidden=\"true\" class=\"far fa-newspaper\"><\/i>\t\t\t\t\t\t<\/span>\n\t\t\t\t\t\t\t\t\t\t<span class=\"elementor-icon-list-text\">Kurz &amp; b\u00fcndig<\/span>\n\t\t\t\t\t\t\t\t\t<\/li>\n\t\t\t\t\t\t<\/ul>\n\t\t\t\t\t\t<\/div>\n\t\t\t\t<\/div>\n\t\t\t\t<div class=\"elementor-element elementor-element-7224349 animated-fast elementor-invisible elementor-widget elementor-widget-text-editor\" data-id=\"7224349\" data-element_type=\"widget\" data-settings=\"{&quot;_animation&quot;:&quot;fadeInUp&quot;}\" data-widget_type=\"text-editor.default\">\n\t\t\t\t<div class=\"elementor-widget-container\">\n\t\t\t\t\t\t\t\t\t<h4>+++ 4.000 Mal beraten +++<\/h4><p>Die Psychosozialberatung des Studierendenwerks Frankfurt am Main wird am 1. Januar zehn Jahre alt. Die Anlaufstelle f\u00fcr Studierende auf dem Campus Westend hat zwischen 2014 und 2023 mehr als 4.000 Studierende beraten und ca. 14 000 Gespr\u00e4che in Beratungsterminen und offenen Sprechstunden gef\u00fchrt.<\/p><p><a href=\"https:\/\/www.swffm.de\/studierendenwerk\/presse\/detail\/zwischen-kummer-und-klausuren\">Psychosozialberatung des Studierendenwerks Frankfurt am Main wird zehn<\/a><\/p><h4>+++ Forschende im Exil +++<\/h4><p>Noch bis zum 17. Februar zeigt die Ausstellung \u201ePoser pour la Libert\u00e9 \/ Standing for Freedom\u201c im I.G. Farben-Haus 15 Lebenswege von Forschenden und ihren Gastgeber*innen im Exil. Die Fotos entstammen dem preisgekr\u00f6nten Fotoprojekt RESTRICA (Einblicke in das erzwungene wissenschaftliche Exil in Vergangenheit und Gegenwart), initiiert von der Politologin Pascale Laborier mit dem franz\u00f6sischen Fotografen Pierre-J\u00e9r\u00f4me Adjedj.<\/p><p><a href=\"https:\/\/www.puk.uni-frankfurt.de\/147570100\/Gezwungen_aus_dem_eigenen_Land\">Gezwungen aus dem eigenen Land\u00a0<\/a><\/p><h4>+++ Auf die B\u00fchne gebracht +++<\/h4><p>Die Chaincourt Theatre Company bringt am 26. Januar mit \u201eFahrenheit 451\u201c einen Romanklassiker auf die B\u00fchne. Weitere St\u00fccke im Laufe des Jahres sind Arthur Conan Doyles \u201eSherlock Holmes: A Scandal in Bohemia\u201c und Shakespeares \u201eHamlet\u201c.<\/p><p><a href=\"https:\/\/www.puk.uni-frankfurt.de\/148052961\/Brandaktuelles_Theater\">Brandaktuelles Theater<\/a><\/p><h4>+++ Abschlusskonzerte +++<\/h4><p>Die drei Semesterabschlusskonzerte des Wintersemesters des Collegium Musicum pr\u00e4sentieren gro\u00dfe Musikwerke wie Bachs \u201eJohannes-Passion\u201c und die \u201eRomantische\u201c von Anton Bruckner. Am Ende des Sommersemesters stehen Werke von Haydn, Brahms, Shostakovich und dem zeitgen\u00f6ssischen lettischen Komponist Peteris Vasks sowie ein Konzert zu \u201eEmotionen in Klangfarben\u201c auf dem Programm.<\/p><p><a href=\"https:\/\/www.puk.uni-frankfurt.de\/148552966\/Bach__Bruckner_und_der_Klangforscher_Crumb\">Bach, Bruckner und der Klangforscher Crumb<\/a><\/p><h4>+++ Empfangen +++<\/h4><p>Auf dem Neujahrsempfang f\u00fcr die internationale Forschungsgemeinschaft der Goethe-Universit\u00e4t treffen internationale (Jung)Wissenschaftler*innen zusammen.<\/p><h4>+++ Runder Tisch Ausbildung +++<\/h4><p>Erstmals findet im Februar auf Initiative des Kanzlers der Goethe-Universit\u00e4t, Dr. Ulrich Breuer, der \u201eRunde Tisch Berufsausbildung\u201c statt. Ziel ist ein Aktionsplan zur Weiterentwicklung der beruflichen Ausbildung an der Goethe-Universit\u00e4t.<\/p><p><a href=\"https:\/\/www.uni-frankfurt.de\/133223787\/%C3%9Cber_uns___lerne_uns_kennen\">Runder Tisch Ausbildung<\/a><\/p><h4>+++ Lange Nacht +++<\/h4><p>Das Schreibzentrum der Goethe-Universit\u00e4t l\u00e4dt am 7. M\u00e4rz zur hybriden Langen Nacht der aufgeschobenen Hausarbeiten ein.<\/p><p><a href=\"https:\/\/aktuelles.uni-frankfurt.de\/studium\/schreibzentrum-der-goethe-universitaet-laedt-wieder-zur-hybriden-langen-nacht-der-aufgeschobenen-hausarbeiten\/\">Lange Nacht im Schreibzentrum<\/a><\/p><h4>+++ Stellung bezogen +++<\/h4><p>Mit Bannern gegen Rassismus und Antisemitismus auf dem Campus Westend und dem Campus Riedberg bezieht die Goethe-Universit\u00e4t aktiv Stellung f\u00fcr eine Kultur der Akzeptanz und des Respekts.<\/p><p><a href=\"https:\/\/www.uni-frankfurt.de\/151609506\/Gemeinsam_gegen_Rassismus_und_Antisemitismus__Ein_Aufruf_zur_Solidarit%C3%A4t_an_der_GU\">Gemeinsam gegen Rassismus und Antisemitismus: Ein Aufruf zur Solidarit\u00e4t an der GU<\/a><\/p><h4>+++ Memorandum f\u00fcr Nachhaltigkeit +++<\/h4><p>Das seit 2022 in Frankfurt am Main ans\u00e4ssige \u201eInternational Sustainability Standards Board\u201c (ISSB) soll zuk\u00fcnftig eine st\u00e4rkere akademische Unterst\u00fctzung aus der Rhein-Main-Region erfahren. In einem \u201eMemorandum of Understanding\u201c haben Goethe-Universit\u00e4t und ISSB die Eckpfeiler der k\u00fcnftigen Zusammenarbeit abgesteckt.<\/p><p><a href=\"https:\/\/aktuelles.uni-frankfurt.de\/gesellschaft\/goethe-universitaet-und-issb-wollen-kuenftig-intensiv-zusammenarbeiten\/\">Memorandum f\u00fcr Nachhaltigkeit<\/a><\/p><p><a href=\"https:\/\/aktuelles.uni-frankfurt.de\/english\/goethe-university-and-issb-want-to-work-together-intensively-in-future\/?highlight=%20ISSB\">https:\/\/aktuelles.uni-frankfurt.de\/english\/goethe-university-and-issb-want-to-work-together-intensively-in-future\/<\/a><\/p><h4>+++ Neugebaut +++<\/h4><p>Auf dem Campus Niederrad wird der zentrale Erweiterungsbau der Universit\u00e4tsmedizin Frankfurt, eines der gr\u00f6\u00dften Neubauprojekte des Landes Hessen, am 3. Mai offiziell \u00fcbergeben. Auf rund 20.000 Quadratmetern werden unter anderem neurologische Kliniken, die Knochenmarkstransplantation, die Infektiologie, die Hals-Nasen-Ohren-Heilkunde, die Mund-, Kiefer- und Plastische Gesichtschirurgie, Teile der Orthop\u00e4die und die Nuklearmedizin untergebracht sowie eine Stroke Unit f\u00fcr die Versorgung von Schlaganfallpatienten.<\/p><p><a href=\"https:\/\/wissenschaft.hessen.de\/presse\/zentraler-erweiterungsbau-am-universitaetsklinikum-frankfurt-geht-in-betrieb\">Erweiterungsbau Universit\u00e4tsmedizin<\/a><\/p><h4>+++ Erinnert +++<\/h4><p>Das Buber-Rosenzweig-Institut l\u00e4dt am 6. Mai gemeinsam mit \u201eElysium \u2013 between Two Continents\u201c zur Wiederentdeckung von Werken vergessener j\u00fcdischer Komponistinnen und Komponisten ein.<\/p><p><a href=\"https:\/\/www.puk.uni-frankfurt.de\/152021187\/Konzert__Pioniere_im_Exil__an_der_Goethe_Universit%C3%A4t\">Konzert \u201ePioniere im Exil\u201c an der Goethe-Universit\u00e4t<\/a><\/p><p>+++ Baustart +++<\/p><p>Mit dem Center for Humanities erh\u00e4lt der Campus Westend ein weiteres markantes Geb\u00e4ude. Am 28. Mai ist offizieller Baustart f\u00fcr den Bau mit 180 B\u00fcroarbeitspl\u00e4tzen, drei Seminarr\u00e4umen, einer Probeb\u00fchne und einem Ausstellungsraum.<\/p><p><a href=\"https:\/\/aktuelles.uni-frankfurt.de\/campus\/offizieller-baustart-fuer-das-kuenftige-center-for-humanities-am-campus-westend\/\">Center for Humanities<\/a><\/p><h4>+++ Fr\u00fchlingsfest +++<\/h4><p>Das Fr\u00fchlingsfest im Wissenschaftsgarten der Goethe-Universit\u00e4t am 26. Mai bietet eine gute Gelegenheit, Wissenschaft und Wissenschaftler*innen im Gr\u00fcnen kennenzulernen und dabei etwas \u00fcber Biodiversit\u00e4t und Nachhaltigkeit zu erfahren. In diesem Jahr gibt es gleich doppelten Anlass zu feiern, denn der Wissenschaftsgarten wird 10 Jahre alt.<br \/><a href=\"https:\/\/www.puk.uni-frankfurt.de\/153434325\/Immer_wieder_sonntags\">Immer wieder sonntags \u2026<\/a><\/p>\t\t\t\t\t\t\t\t<\/div>\n\t\t\t\t<\/div>\n\t\t\t\t<div class=\"elementor-element elementor-element-2a5b0a1 animated-fast elementor-invisible elementor-widget elementor-widget-image\" data-id=\"2a5b0a1\" data-element_type=\"widget\" data-settings=\"{&quot;_animation&quot;:&quot;fadeInUp&quot;}\" data-widget_type=\"image.default\">\n\t\t\t\t<div class=\"elementor-widget-container\">\n\t\t\t\t\t\t\t\t\t\t\t\t<figure class=\"wp-caption\">\n\t\t\t\t\t\t\t\t\t\t<img loading=\"lazy\" decoding=\"async\" width=\"1536\" height=\"1024\" src=\"https:\/\/aktuelles.uni-frankfurt.de\/wp-content\/uploads\/2025\/09\/cr_Fruehlingsfest_2024_00_jessica-Kuch_web-1536x1024.jpg\" class=\"attachment-1536x1536 size-1536x1536 wp-image-85514\" alt=\"\" srcset=\"https:\/\/aktuelles.uni-frankfurt.de\/wp-content\/uploads\/2025\/09\/cr_Fruehlingsfest_2024_00_jessica-Kuch_web-1536x1024.jpg 1536w, https:\/\/aktuelles.uni-frankfurt.de\/wp-content\/uploads\/2025\/09\/cr_Fruehlingsfest_2024_00_jessica-Kuch_web-300x200.jpg 300w, https:\/\/aktuelles.uni-frankfurt.de\/wp-content\/uploads\/2025\/09\/cr_Fruehlingsfest_2024_00_jessica-Kuch_web-500x333.jpg 500w, https:\/\/aktuelles.uni-frankfurt.de\/wp-content\/uploads\/2025\/09\/cr_Fruehlingsfest_2024_00_jessica-Kuch_web-768x512.jpg 768w, https:\/\/aktuelles.uni-frankfurt.de\/wp-content\/uploads\/2025\/09\/cr_Fruehlingsfest_2024_00_jessica-Kuch_web-18x12.jpg 18w, https:\/\/aktuelles.uni-frankfurt.de\/wp-content\/uploads\/2025\/09\/cr_Fruehlingsfest_2024_00_jessica-Kuch_web.jpg 2000w\" sizes=\"(max-width: 1536px) 100vw, 1536px\" \/>\t\t\t\t\t\t\t\t\t\t\t<figcaption class=\"widget-image-caption wp-caption-text\">Diesmal wurde der Wissenschaftsgarten zehn Jahre alt (Foto. Jessica Kuch)<\/figcaption>\n\t\t\t\t\t\t\t\t\t\t<\/figure>\n\t\t\t\t\t\t\t\t\t<\/div>\n\t\t\t\t<\/div>\n\t\t\t\t<div class=\"elementor-element elementor-element-72baad5 animated-fast elementor-invisible elementor-widget elementor-widget-text-editor\" data-id=\"72baad5\" data-element_type=\"widget\" data-settings=\"{&quot;_animation&quot;:&quot;fadeInUp&quot;}\" data-widget_type=\"text-editor.default\">\n\t\t\t\t<div class=\"elementor-widget-container\">\n\t\t\t\t\t\t\t\t\t<h4>+++ Umbenannt +++<\/h4><p>Das Gleichstellungsb\u00fcro der Goethe-Universit\u00e4t Frankfurt hei\u00dft ab Mai B\u00fcro f\u00fcr Chancengerechtigkeit. Anlass hierf\u00fcr ist die Erweiterung um den Arbeitsbereich Inklusion. Damit umfasst das B\u00fcro die vier Bereiche Gleichstellung, Familie &amp; Dual Career, Diversity Policies &amp; Antidiskriminierung sowie Inklusion. <br \/>Auch in diesem Rahmen hat das B\u00fcro f\u00fcr Chancengerechtigkeit neue Veranstaltungen initiiert, etwa zum Internationalen Tag der Menschen mit Behinderung, den Matching Day Inklusion zum Berufseinstieg f\u00fcr gesundheitlich beeintr\u00e4chtigte Akademiker*innen, die Konferenz f\u00fcr \u201eEquity, Diversity\u201c und \u201eInclusion\u201c der U15 Canada and German U15 und die Tagung \u00fcber Diversit\u00e4t an Hochschulen. <br \/><a href=\"https:\/\/www.uni-frankfurt.de\/152153587\/Aus__Gleichstellungsb%C3%BCro__wird__B%C3%BCro_f%C3%BCr_Chancengerechtigkeit\">Aus &#8222;Gleichstellungsb\u00fcro&#8220; wird &#8222;B\u00fcro f\u00fcr Chancengerechtigkeit&#8220;<\/a><\/p><p>\u00a0<\/p><h4>+++ Studenten dabei +++<\/h4><p>Ende Mai findet auf dem Campus Westend der \u201eTag der studentischen Partizipation \u2013 Markt der M\u00f6glichkeiten\u201c statt. Studentische Initiativen, Fachschaften und Institutsgruppen stellen ihre Arbeit vor \u2013 umrahmt von Kurzvortr\u00e4gen und intensivem Netzwerken.<\/p><p>\u00a0<\/p><h4>+++ Installation +++<\/h4><p>Die Studiengalerie 1.357 zeigt ab Mitte Juni Arbeiten der K\u00fcnstlerin Talya Feldman. Im Fokus steht die Videoinstallation \u201cElegy&#8220;, in der die K\u00fcnstlerin die traumatische Wirkung des Terroranschlags auf die Synagoge und einen D\u00f6nerladen in Halle thematisiert. Die Ausstellung ist der erste Teil des zweiteiligen Ausstellungsprojektes \u201cSetzt dem Schweigen ein Ende&#8220;.<\/p><p><a href=\"https:\/\/www.puk.uni-frankfurt.de\/154332841\/Ein_Klagegedicht_%C3%BCber_rechtsextremen_Terror\">Ein Klagegedicht \u00fcber rechtsextremen Terror<\/a><\/p><p>\u00a0<\/p><h4>+++ Gedenktafel +++<\/h4><p>An den Anschlag der \u201eRoten Armee Fraktion\u201c (RAF) vom 11. Mai 1972 erinnert seit Juni eine Gedenktafel am Eingang des Casino-Geb\u00e4udes auf dem Campus Westend. Bei dem Terrorakt auf das Hauptquartier des V. Korps der US-Armee sowie das United States European Command und die Central Intelligence Agency (CIA) kam der amerikanische Oberstleutnant Paul A. Bloomquist ums Leben.<\/p><p><a href=\"https:\/\/aktuelles.uni-frankfurt.de\/gesellschaft\/gedenktafel-in-erinnerung-an-die-opfer-des-anschlags-der-raf-auf-das-hauptquartier-der-us-army-uebergeben\/\">US-army-Gedenktafel<\/a><\/p><p>\u00a0<\/p><h4>+++ Digitalmesse +++<\/h4><p>Mit einer Messe stellen sich am 19. Juni rund 35 IT- und Digitalprojekte der Goethe-Universit\u00e4t im Casino vor. Anlass ist der f\u00fcnfte bundesweite Digitaltag mit dem Motto \u201eErlebe Digitalisierung!\u201c.<u> <br \/><\/u><\/p><p>\u00a0<\/p><h4>+++ Sommerfest, gro\u00df +++<\/h4><p>Das Sommerfest der Goethe-Universit\u00e4t am 27. Juni auf dem Campus Westend bietet Livemusik und Rhythmus, ein umfangreiches Sport- und Kulturangebot sowie Spiele f\u00fcr gro\u00dfe und kleine G\u00e4ste.<\/p>\t\t\t\t\t\t\t\t<\/div>\n\t\t\t\t<\/div>\n\t\t\t\t<div class=\"elementor-element elementor-element-8bca7cc animated-fast elementor-invisible elementor-widget elementor-widget-image\" data-id=\"8bca7cc\" data-element_type=\"widget\" data-settings=\"{&quot;_animation&quot;:&quot;fadeInUp&quot;}\" data-widget_type=\"image.default\">\n\t\t\t\t<div class=\"elementor-widget-container\">\n\t\t\t\t\t\t\t\t\t\t\t\t<figure class=\"wp-caption\">\n\t\t\t\t\t\t\t\t\t\t<img loading=\"lazy\" decoding=\"async\" width=\"1536\" height=\"1024\" src=\"https:\/\/aktuelles.uni-frankfurt.de\/wp-content\/uploads\/2025\/09\/Sommerfest_2024_DSC5026_peter-kiefer_web-1536x1024.jpg\" class=\"attachment-1536x1536 size-1536x1536 wp-image-85513\" alt=\"\" srcset=\"https:\/\/aktuelles.uni-frankfurt.de\/wp-content\/uploads\/2025\/09\/Sommerfest_2024_DSC5026_peter-kiefer_web-1536x1024.jpg 1536w, https:\/\/aktuelles.uni-frankfurt.de\/wp-content\/uploads\/2025\/09\/Sommerfest_2024_DSC5026_peter-kiefer_web-300x200.jpg 300w, https:\/\/aktuelles.uni-frankfurt.de\/wp-content\/uploads\/2025\/09\/Sommerfest_2024_DSC5026_peter-kiefer_web-500x333.jpg 500w, https:\/\/aktuelles.uni-frankfurt.de\/wp-content\/uploads\/2025\/09\/Sommerfest_2024_DSC5026_peter-kiefer_web-768x512.jpg 768w, https:\/\/aktuelles.uni-frankfurt.de\/wp-content\/uploads\/2025\/09\/Sommerfest_2024_DSC5026_peter-kiefer_web-18x12.jpg 18w, https:\/\/aktuelles.uni-frankfurt.de\/wp-content\/uploads\/2025\/09\/Sommerfest_2024_DSC5026_peter-kiefer_web.jpg 2000w\" sizes=\"(max-width: 1536px) 100vw, 1536px\" \/>\t\t\t\t\t\t\t\t\t\t\t<figcaption class=\"widget-image-caption wp-caption-text\">Noch eine Gelegenheit der Begegnung \u2013 das Sommerfest auf dem Campus Westend (Foto: Peter Kiefer)<\/figcaption>\n\t\t\t\t\t\t\t\t\t\t<\/figure>\n\t\t\t\t\t\t\t\t\t<\/div>\n\t\t\t\t<\/div>\n\t\t\t\t<div class=\"elementor-element elementor-element-1fc9f93 animated-fast elementor-invisible elementor-widget elementor-widget-text-editor\" data-id=\"1fc9f93\" data-element_type=\"widget\" data-settings=\"{&quot;_animation&quot;:&quot;fadeInUp&quot;}\" data-widget_type=\"text-editor.default\">\n\t\t\t\t<div class=\"elementor-widget-container\">\n\t\t\t\t\t\t\t\t\t<h4>+++ Sommerfest, klein +++<\/h4><p>Beim Sommerfest f\u00fcr die die internationalen Wissenschaftler*innen der Goethe-Universit\u00e4t am 28. Juni kommen 85 Wissenschaftler*innen aus 37 L\u00e4ndern und ihre Familien im G\u00e4stehaus in der Ditmarstra\u00dfe zusammen.<\/p><p><a href=\"https:\/\/www.uni-frankfurt.de\/155743258\/Internationales_Sommerfest____Ein_Abend_mit_inspirierendem__vielseitigem_und_bereicherndem_Austausch\">Internationales Sommerfest \/\/ Ein Abend mit inspirierendem, vielseitigem und bereicherndem Austausch<\/a><\/p><p>\u00a0<\/p><h4>+++ HEP +++<\/h4><p>Vom 15. bis 17. Juli 2024 kann sich die interessierte Hochschul\u00f6ffentlichkeit am Campus Riedberg und auf dem Campus Westend \u00fcber den aktuellen Stand des neuen Hochschulentwicklungsplans (kurz: \u201eHEP\u201c) informieren und Ideen einbringen.<\/p><p>\u00a0<\/p><h4>+++ Goethe-Lauf +++<\/h4><p>An Goethes 275. Geburtstag am 28. August findet der Goethe-Lauf f\u00fcr Mitarbeiter*innen der Goethe-Universit\u00e4t statt. 564 L\u00e4ufer*innen meistern die 5,8 Kilometer lange Strecke. F\u00fcr das Pr\u00e4sidium ist Kanzler Dr. Ulrich Breuer anwesend. Erstmals ist beim Goethe-Lauf auch ein Awareness-Team des Zentrums f\u00fcr Hochschulsport vor Ort.<\/p><p>\u00a0<\/p><h4>+++ Digitalstrategie +++<\/h4><p>Was sind die strukturellen Anforderungen an eine digitale Goethe-Universit\u00e4t? Mit einer Kick-off-Veranstaltung startet am 16. September\u00a0 die Goethe-Universit\u00e4t ihre offenen Digitalwerkst\u00e4tten zu Forschung und Transfer, Lehre und Studium sowie Verwaltung und IT-Prozessen.<\/p><p><a href=\"https:\/\/tinygu.de\/kick-off-digitalstrategie\">Digitalstrategie<\/a><\/p><p>\u00a0<\/p><h4>+++ Richtfest +++<\/h4><p>Die Entwicklung des naturwissenschaftlichen Campus Riedberg macht einen gro\u00dfen Schritt nach vorne: Beim traditionellen Richtfest wird am 26. Juni der Abschluss des Rohbaus f\u00fcr den ersten Bauabschnitt der Chemischen Institute inklusive einer neuen Technikzentrale gefeiert.<\/p><p><a href=\"https:\/\/aktuelles.uni-frankfurt.de\/campus\/richtfest-fuer-den-neubau-der-chemischen-institute-auf-dem-campus-riedberg\/\">Richtfest Riedberg<\/a><\/p><p>\u00a0<\/p><h4>+++ Botschafterin +++<\/h4><p>Ilona Klemens ist seit Fr\u00fchjahr neue Pfarrerin der Evangelischen Studierendengemeinde (ESG).<\/p><p><a href=\"https:\/\/aktuelles.uni-frankfurt.de\/unireport\/botschafterin-des-interreligioesen-dialogs\/\">Neue ESG-Pfarrerin<\/a><\/p><p>\u00a0<\/p><h4>+++ Geburtstagskonzert +++<\/h4><p>Die Goethe-Universit\u00e4t wird 110 Jahre alt. Gefeiert wird am 30. Oktober mit einem universit\u00e4ren Geburtstagskonzert unter Leitung des Dirigenten Zubin Mehta und dem Sinfonieorchester der Buchmann-Metha School of Music. Das Konzert, zu dem 80 junge Musiker*innen aus Tel Aviv angereist sind, kann stattfinden dank der Unterst\u00fctzung von Dr.h.c. Josef Buchmann, Ehrensenator der Universit\u00e4t, und Dr. h.c. Bareket Buchmann.<br \/><a href=\"https:\/\/aktuelles.uni-frankfurt.de\/einblick\/110-jahre-goethe-universitaet\/\">Geburtstagskonzert<\/a><\/p><p>\u00a0<\/p><h4>+++ Goethe Let\u00b4s talk +++<\/h4><p>Das Pr\u00e4sidium l\u00e4dt Ende Oktober die Universit\u00e4tsmitglieder aus allen Statusgruppen zu einer Informations- und Austauschveranstaltung ein. Es geht unter anderem um die Exzellenzstrategie und um Zukunftsstrategien und Leitbilder f\u00fcr die Goethe-Universit\u00e4t.<\/p><p>\u00a0<\/p><h4>+++ Zweimal gepriesen +++<\/h4><p>J\u00e4hrlich vergibt die Goethe-Universit\u00e4t den \u201ePublic Service Fellowship-Preis\u201c an Wissenschaftler*innen der Goethe-Universit\u00e4t; der Pr\u00e4sident der Goethe-Universit\u00e4t verleiht zudem einmal im Jahr den New Horizon-Preis. Im Rahmen einer festlichen Veranstaltung am 14. November im IG-Farben-Haus werden beide Preise \u00fcberreicht: Der \u201ePublic Service Fellowship\u201c-Preis geht an den Humangeographen Martin Lanzendorf, der \u201eNew Horizon\u201c-Preis an das Team des Wissenschaftsgartens.<\/p><p><a href=\"https:\/\/aktuelles.uni-frankfurt.de\/gesellschaft\/goethe-universitaet-hat-zwei-preise-vergeben-public-service-fellowship-geht-an-den-humangeographen-martin-lanzendorf-new-horizon-an-das-team-des-wissenschaftsgart\/\">Preise der Universit\u00e4t<\/a><\/p><p>\u00a0<\/p><h4>+++ Inklusiv \u2013 aktiv +++<\/h4><p>Unter dem Titel \u201eInklusiv \u2013 Aktiv \u2013 Zukunftsfest? Wie gelingt gutes Arbeiten und Studieren ohne Barrieren an einer inklusiven Hochschule?\u201c findet am 3. Dezember eine Veranstaltung auf dem Campus Westend statt. Themen sind Perspektiven f\u00fcr ein gelingendes Arbeiten, Studieren und Forschen an einer Universit\u00e4t, die sich auf den Weg zur Inklusiven Hochschule gemacht hat. Die Veranstaltung wird in Zusammenarbeit mit der Schwerbehindertenvertretung gestaltet, der Inklusionsbeauftragten und dem Arbeitsbereich Inklusion des B\u00fcros f\u00fcr Chancengerechtigkeit.<\/p>\t\t\t\t\t\t\t\t<\/div>\n\t\t\t\t<\/div>\n\t\t\t\t\t<\/div>\n\t\t<\/div>\n\t\t\t\t\t<\/div>\n\t\t<\/section>\n\t\t\t\t<section class=\"elementor-section elementor-top-section elementor-element elementor-element-ea2055f elementor-section-full_width elementor-section-height-min-height elementor-section-items-stretch elementor-section-height-default\" data-id=\"ea2055f\" data-element_type=\"section\" id=\"Gesundheit\" data-settings=\"{&quot;background_background&quot;:&quot;classic&quot;,&quot;_ha_eqh_enable&quot;:false}\">\n\t\t\t\t\t\t<div class=\"elementor-container elementor-column-gap-default\">\n\t\t\t\t\t<div class=\"elementor-column elementor-col-50 elementor-top-column elementor-element elementor-element-235aa8d\" data-id=\"235aa8d\" data-element_type=\"column\" data-settings=\"{&quot;background_background&quot;:&quot;classic&quot;}\">\n\t\t\t<div class=\"elementor-widget-wrap elementor-element-populated\">\n\t\t\t\t\t\t<div class=\"elementor-element elementor-element-887d4a8 elementor-widget elementor-widget-spacer\" data-id=\"887d4a8\" data-element_type=\"widget\" data-widget_type=\"spacer.default\">\n\t\t\t\t<div class=\"elementor-widget-container\">\n\t\t\t\t\t\t\t<div class=\"elementor-spacer\">\n\t\t\t<div class=\"elementor-spacer-inner\"><\/div>\n\t\t<\/div>\n\t\t\t\t\t\t<\/div>\n\t\t\t\t<\/div>\n\t\t\t\t<div class=\"elementor-element elementor-element-b4a2b63 animated-fast elementor-widget__width-initial ha-has-bg-overlay elementor-invisible elementor-widget elementor-widget-text-editor\" data-id=\"b4a2b63\" data-element_type=\"widget\" data-settings=\"{&quot;_animation&quot;:&quot;fadeInUp&quot;}\" data-widget_type=\"text-editor.default\">\n\t\t\t\t<div class=\"elementor-widget-container\">\n\t\t\t\t\t\t\t\t\t<p>Foto: Jessica Kuch<\/p>\t\t\t\t\t\t\t\t<\/div>\n\t\t\t\t<\/div>\n\t\t\t\t\t<\/div>\n\t\t<\/div>\n\t\t\t\t<div class=\"elementor-column elementor-col-50 elementor-top-column elementor-element elementor-element-b802990\" data-id=\"b802990\" data-element_type=\"column\">\n\t\t\t<div class=\"elementor-widget-wrap elementor-element-populated\">\n\t\t\t\t\t\t<div class=\"elementor-element elementor-element-3a02126 elementor-align-start elementor-mobile-align-start elementor-icon-list--layout-traditional elementor-list-item-link-full_width elementor-widget elementor-widget-icon-list\" data-id=\"3a02126\" data-element_type=\"widget\" data-widget_type=\"icon-list.default\">\n\t\t\t\t<div class=\"elementor-widget-container\">\n\t\t\t\t\t\t\t<ul class=\"elementor-icon-list-items\">\n\t\t\t\t\t\t\t<li class=\"elementor-icon-list-item\">\n\t\t\t\t\t\t\t\t\t\t<span class=\"elementor-icon-list-text\">Gesundheit f\u00fcr alle<\/span>\n\t\t\t\t\t\t\t\t\t<\/li>\n\t\t\t\t\t\t<\/ul>\n\t\t\t\t\t\t<\/div>\n\t\t\t\t<\/div>\n\t\t\t\t<div class=\"elementor-element elementor-element-bb7c127 animated-fast elementor-invisible elementor-widget elementor-widget-heading\" data-id=\"bb7c127\" data-element_type=\"widget\" data-settings=\"{&quot;_animation&quot;:&quot;fadeInUp&quot;}\" data-widget_type=\"heading.default\">\n\t\t\t\t<div class=\"elementor-widget-container\">\n\t\t\t\t\t<h2 class=\"elementor-heading-title elementor-size-default\">Ein starkes Signal f\u00fcr die Gesundheitsf\u00f6rderung<\/h2>\t\t\t\t<\/div>\n\t\t\t\t<\/div>\n\t\t\t\t<div class=\"elementor-element elementor-element-b7a1026 animated-fast elementor-invisible elementor-widget elementor-widget-text-editor\" data-id=\"b7a1026\" data-element_type=\"widget\" data-settings=\"{&quot;_animation&quot;:&quot;fadeInUp&quot;}\" data-widget_type=\"text-editor.default\">\n\t\t\t\t<div class=\"elementor-widget-container\">\n\t\t\t\t\t\t\t\t\t<p>Das Zentrum f\u00fcr Hochschulsport hat seit Januar 2024 einen neuen Platz innerhalb der Universit\u00e4t. Und einen neuen Auftrag: Als zentrale Betriebseinheit soll der Hochschulsport f\u00fcr das Gesundheitsmanagement der Unicommunity sorgen.<\/p>\t\t\t\t\t\t\t\t<\/div>\n\t\t\t\t<\/div>\n\t\t\t\t\t<\/div>\n\t\t<\/div>\n\t\t\t\t\t<\/div>\n\t\t<\/section>\n\t\t\t\t<section class=\"elementor-section elementor-top-section elementor-element elementor-element-76bc901 elementor-section-content-middle elementor-section-boxed elementor-section-height-default elementor-section-height-default\" data-id=\"76bc901\" data-element_type=\"section\" data-settings=\"{&quot;_ha_eqh_enable&quot;:false}\">\n\t\t\t\t\t\t<div class=\"elementor-container elementor-column-gap-no\">\n\t\t\t\t\t<div class=\"elementor-column elementor-col-100 elementor-top-column elementor-element elementor-element-7da3495\" data-id=\"7da3495\" data-element_type=\"column\">\n\t\t\t<div class=\"elementor-widget-wrap elementor-element-populated\">\n\t\t\t\t\t\t<div class=\"elementor-element elementor-element-96178a9 animated-fast elementor-invisible elementor-widget elementor-widget-text-editor\" data-id=\"96178a9\" data-element_type=\"widget\" data-settings=\"{&quot;_animation&quot;:&quot;fadeInUp&quot;}\" data-widget_type=\"text-editor.default\">\n\t\t\t\t<div class=\"elementor-widget-container\">\n\t\t\t\t\t\t\t\t\t<p>2022 wurde die Goethe-Universit\u00e4t f\u00fcr ihr Sport- und Gesundheitsprogramm als \u201eHochschule des Jahres\u201c ausgezeichnet. Der eigentliche Preistr\u00e4ger aber war das Team des Hochschulsports. Bisher angesiedelt am Fachbereich \u201ePsychologie und Sportwissenschaften\u201c, organisiert der Hochschulsport n\u00e4mlich nicht nur seit Jahren ein vielf\u00e4ltiges, beeindruckend breites Sportprogramm f\u00fcr alle Mitarbeiter*innen und Studierenden der Universit\u00e4t. Schon l\u00e4nger hat das Team das physische, psychische und soziale Wohlbefinden der gesamten Unicommunity im Blick.<\/p><p>Offenkundig wurde das besonders in der Pandemie: Damals ersetzte das Hochschulsport-Team sein komplett fertiges, 60 Sportarten breites, 300-Kurse starkes, durch das Virus ausgebremstes Semesterprogramm kurzerhand durch ein hochfunktionelles Notprogramm. Mit Kochkursen und Pausenexpress, mit Pilates-, Full-Body- Workout- und Yoga-Kursen \u2013 \u00fcberwiegend online oder im Freien, versteht sich \u2013 wirkte dieses Angebot als sozialer Kleber in einer Zeit, in der viele nur allein und frei flottierend im Homeoffice unterwegs waren.<\/p><p>Schon damals zeigte sich: Das Team des Hochschulsports \u2013 bestehend aus sieben hauptamtlichen, neunzehn studentischen Mitarbeiter*innen und ca. einhundertzwanzig \u00dcbungsleitenden \u2013 unter der Leitung von Martin Miecke wendet die Formel \u201egeht nicht\u201c nur ungern und im aller\u00e4u\u00dfersten Notfall an. Und: Die Sportexpertinnen und -experten f\u00fchlen sich zunehmend und ganz grunds\u00e4tzlich f\u00fcr das soziale Wohlbefinden der Uniangeh\u00f6rigen ansprechbar. \u201eWir m\u00fcssen das Thema Gesundheit wesentlich breiter denken als ein Sportprogramm\u201c, sagte Martin Miecke, Leiter des Hochschulsports, im Gespr\u00e4ch anl\u00e4sslich der Preisverleihung. \u201eZu einer leistungsf\u00e4higen und gut organisierten Bildungseinrichtung geh\u00f6rt auch das Thema Gesundheitsbildung. Das Thema sollte besetzt werden.\u201c \u201eAllein dadurch\u201c, erg\u00e4nzte Joshua Kliewer, Koordinator f\u00fcr \u00fcbergreifende Gesundheitsthemen im Hochschulsport, \u201edass die Mieten so exorbitant sind, sind viele in finanziellen N\u00f6ten, die Stress ausl\u00f6sen. Dann zu sagen, bewegt euch doch einfach ein bisschen mehr, ist unglaubw\u00fcrdig. Sport als Bewegung um des Bewegens willen ist nicht schon gesund. Da m\u00fcssen wir mehr tun.\u201c<\/p>\t\t\t\t\t\t\t\t<\/div>\n\t\t\t\t<\/div>\n\t\t\t\t<div class=\"elementor-element elementor-element-af9365a elementor-widget elementor-widget-heading\" data-id=\"af9365a\" data-element_type=\"widget\" data-widget_type=\"heading.default\">\n\t\t\t\t<div class=\"elementor-widget-container\">\n\t\t\t\t\t<h3 class=\"elementor-heading-title elementor-size-default\">Gruppenevents als sozialer Treffpunkt<\/h3>\t\t\t\t<\/div>\n\t\t\t\t<\/div>\n\t\t\t\t<div class=\"elementor-element elementor-element-c64edd0 animated-fast elementor-invisible elementor-widget elementor-widget-text-editor\" data-id=\"c64edd0\" data-element_type=\"widget\" data-settings=\"{&quot;_animation&quot;:&quot;fadeInUp&quot;}\" data-widget_type=\"text-editor.default\">\n\t\t\t\t<div class=\"elementor-widget-container\">\n\t\t\t\t\t\t\t\t\t<p>Schon seit geraumer Zeit wird deshalb das Sportprogramm des Hochschulsports von Aikido und Aqua-Fit \u00fcber Bouldern und K-Pop bis Streetdance bis Zumba Fitness erg\u00e4nzt \u2013 durch neue, psychische und soziale Aspekte mitdenkende Angebote wie etwa das mobile Goethe-Play-Lastenrad, \u00dcbungen f\u00fcr h\u00f6rsaalkompatible Bewegungseinheiten (Active Movement Break) oder auch Musik-Events (wie das GruppenSingen), die vorranging als soziale Treffpunkte gedacht sind. Schier grenzenlos scheint das Ideenpotenzial zu sein, mit dem das Team Angebote passgenau auf studentische Bed\u00fcrfnisse zuschneidet, was auch damit zu tun hat, dass der Hochschulsport das Programm vor allem von Studierenden f\u00fcr Studierende entwickeln l\u00e4sst. So entstand auch zuletzt das Programm f\u00fcr die letzte Sensibilisierungsreihe mit Autorenlesungen, Poetry Slams, Podiumsdiskussionen und Filmabenden. \u201eMit dem Gesundheitsprojekt \u201ahealthYgoethe&#8216; setzt die Goethe-Universit\u00e4t ein starkes Signal f\u00fcr die zielgruppengerechte Gesundheitsf\u00f6rderung der Studierenden\u201c, betont Martin Miecke. \u201eDer Hochschulsport zeigt, wie wichtig es ist, auf die k\u00f6rperlichen und auch die psychischen Bed\u00fcrfnisse der Studierenden \u2013 und langfristig der gesamten Universit\u00e4tsgemeinschaft \u2013 einzugehen.\u201c<\/p><p>Der Preis und das kreative Engagement des Teams haben geholfen, auch universit\u00e4tsintern auf das Thema Gesundheitsf\u00f6rderung aufmerksam zu machen und es hochschulpolitisch zu st\u00e4rken. So ist es nur folgerichtig, dass die Hochschulleitung den Hochschulsport seit Januar 2024 aus dem Fachbereich \u201ePsychologie und Sportwissenschaften\u201c \u201eumgezogen\u201c und als neue zentrale Einrichtung direkt dem Pr\u00e4sidium zugeordnet hat. Damit wird deutlich, was im Angebot des Hochschulsports l\u00e4ngst der Fall ist: n\u00e4mlich das Wohlbefinden der gesamten Unicommunity im Blick zu haben. Und diese umfasst selbst ehemalige Studierende, wie das Alumni-Sommerfest 2024 mit der Freundesvereinigung der Universit\u00e4t am Bootshaus der Goethe-Universit\u00e4t zeigt.<\/p>\t\t\t\t\t\t\t\t<\/div>\n\t\t\t\t<\/div>\n\t\t\t\t<div class=\"elementor-element elementor-element-b224095 animated-fast elementor-invisible elementor-widget elementor-widget-image\" data-id=\"b224095\" data-element_type=\"widget\" data-settings=\"{&quot;_animation&quot;:&quot;fadeInUp&quot;}\" data-widget_type=\"image.default\">\n\t\t\t\t<div class=\"elementor-widget-container\">\n\t\t\t\t\t\t\t\t\t\t\t\t<figure class=\"wp-caption\">\n\t\t\t\t\t\t\t\t\t\t<img loading=\"lazy\" decoding=\"async\" width=\"1536\" height=\"1024\" src=\"https:\/\/aktuelles.uni-frankfurt.de\/wp-content\/uploads\/2025\/07\/Fotos-Beitrag-ZfH_1-_-Summerchallenge_Beachvolleyball-ZfH-1536x1024.jpg\" class=\"attachment-1536x1536 size-1536x1536 wp-image-84887\" alt=\"\" srcset=\"https:\/\/aktuelles.uni-frankfurt.de\/wp-content\/uploads\/2025\/07\/Fotos-Beitrag-ZfH_1-_-Summerchallenge_Beachvolleyball-ZfH-1536x1024.jpg 1536w, https:\/\/aktuelles.uni-frankfurt.de\/wp-content\/uploads\/2025\/07\/Fotos-Beitrag-ZfH_1-_-Summerchallenge_Beachvolleyball-ZfH-300x200.jpg 300w, https:\/\/aktuelles.uni-frankfurt.de\/wp-content\/uploads\/2025\/07\/Fotos-Beitrag-ZfH_1-_-Summerchallenge_Beachvolleyball-ZfH-500x333.jpg 500w, https:\/\/aktuelles.uni-frankfurt.de\/wp-content\/uploads\/2025\/07\/Fotos-Beitrag-ZfH_1-_-Summerchallenge_Beachvolleyball-ZfH-768x512.jpg 768w, https:\/\/aktuelles.uni-frankfurt.de\/wp-content\/uploads\/2025\/07\/Fotos-Beitrag-ZfH_1-_-Summerchallenge_Beachvolleyball-ZfH-18x12.jpg 18w, https:\/\/aktuelles.uni-frankfurt.de\/wp-content\/uploads\/2025\/07\/Fotos-Beitrag-ZfH_1-_-Summerchallenge_Beachvolleyball-ZfH.jpg 2000w\" sizes=\"(max-width: 1536px) 100vw, 1536px\" \/>\t\t\t\t\t\t\t\t\t\t\t<figcaption class=\"widget-image-caption wp-caption-text\">Erstmals organisierte das ZfH in den Semesterferien eine Beachliga (Foto: Zentrum f\u00fcr Hochschulsport)<\/figcaption>\n\t\t\t\t\t\t\t\t\t\t<\/figure>\n\t\t\t\t\t\t\t\t\t<\/div>\n\t\t\t\t<\/div>\n\t\t\t\t\t<\/div>\n\t\t<\/div>\n\t\t\t\t\t<\/div>\n\t\t<\/section>\n\t\t\t\t<section class=\"elementor-section elementor-top-section elementor-element elementor-element-c92172f elementor-section-content-middle elementor-section-boxed elementor-section-height-default elementor-section-height-default\" data-id=\"c92172f\" data-element_type=\"section\" data-settings=\"{&quot;_ha_eqh_enable&quot;:false}\">\n\t\t\t\t\t\t<div class=\"elementor-container elementor-column-gap-no\">\n\t\t\t\t\t<div class=\"elementor-column elementor-col-100 elementor-top-column elementor-element elementor-element-dc9221d\" data-id=\"dc9221d\" data-element_type=\"column\">\n\t\t\t<div class=\"elementor-widget-wrap elementor-element-populated\">\n\t\t\t\t\t\t<div class=\"elementor-element elementor-element-ce136f8 elementor-align-start elementor-icon-list--layout-traditional elementor-list-item-link-full_width elementor-widget elementor-widget-icon-list\" data-id=\"ce136f8\" data-element_type=\"widget\" data-widget_type=\"icon-list.default\">\n\t\t\t\t<div class=\"elementor-widget-container\">\n\t\t\t\t\t\t\t<ul class=\"elementor-icon-list-items\">\n\t\t\t\t\t\t\t<li class=\"elementor-icon-list-item\">\n\t\t\t\t\t\t\t\t\t\t\t<span class=\"elementor-icon-list-icon\">\n\t\t\t\t\t\t\t<i aria-hidden=\"true\" class=\"far fa-lightbulb\"><\/i>\t\t\t\t\t\t<\/span>\n\t\t\t\t\t\t\t\t\t\t<span class=\"elementor-icon-list-text\">Alumni-Events 2024<\/span>\n\t\t\t\t\t\t\t\t\t<\/li>\n\t\t\t\t\t\t<\/ul>\n\t\t\t\t\t\t<\/div>\n\t\t\t\t<\/div>\n\t\t\t\t<div class=\"elementor-element elementor-element-29229cc animated-fast elementor-invisible elementor-widget elementor-widget-text-editor\" data-id=\"29229cc\" data-element_type=\"widget\" data-settings=\"{&quot;_animation&quot;:&quot;fadeInUp&quot;}\" data-widget_type=\"text-editor.default\">\n\t\t\t\t<div class=\"elementor-widget-container\">\n\t\t\t\t\t\t\t\t\t<p>Geh\u00f6ren zur Unicommunity, dessen Wohlbefinden auch das Zentrum f\u00fcr Hochschulsport (ZfH) im Blick hat: die Alumni der Goethe-Universit\u00e4t. So fand das Alumni-Sommerfest 2024 mit der Freundesvereinigung der Universit\u00e4t am Bootshaus der Universit\u00e4t statt \u2013 wo das ZfH sportliche Highlights wie Drachenbootrudern und Stand-Up Paddling organisiert hatte. Weitere Alumni-Jahresevents waren ein Besuch der historischen Sternwarte des Physikalischen Vereins und die Teilnahme einer Alumni-Gruppe am Goethe-Lauf, der die Ehemaligen auf einer 5,4 Kilometer langen Strecke vom Campus Westend zum Campus Ginnheim f\u00fchrte.<\/p>\t\t\t\t\t\t\t\t<\/div>\n\t\t\t\t<\/div>\n\t\t\t\t\t<\/div>\n\t\t<\/div>\n\t\t\t\t\t<\/div>\n\t\t<\/section>\n\t\t\t\t<section class=\"elementor-section elementor-top-section elementor-element elementor-element-0d316cd elementor-section-content-middle elementor-section-boxed elementor-section-height-default elementor-section-height-default\" data-id=\"0d316cd\" data-element_type=\"section\" data-settings=\"{&quot;_ha_eqh_enable&quot;:false}\">\n\t\t\t\t\t\t<div class=\"elementor-container elementor-column-gap-no\">\n\t\t\t\t\t<div class=\"elementor-column elementor-col-100 elementor-top-column elementor-element elementor-element-4d1d93a\" data-id=\"4d1d93a\" data-element_type=\"column\">\n\t\t\t<div class=\"elementor-widget-wrap elementor-element-populated\">\n\t\t\t\t\t\t<div class=\"elementor-element elementor-element-c2792d0 elementor-widget elementor-widget-heading\" data-id=\"c2792d0\" data-element_type=\"widget\" data-widget_type=\"heading.default\">\n\t\t\t\t<div class=\"elementor-widget-container\">\n\t\t\t\t\t<h3 class=\"elementor-heading-title elementor-size-default\">Stipendienportal freut Hochschulsport<\/h3>\t\t\t\t<\/div>\n\t\t\t\t<\/div>\n\t\t\t\t<div class=\"elementor-element elementor-element-33e4157 animated-fast elementor-invisible elementor-widget elementor-widget-text-editor\" data-id=\"33e4157\" data-element_type=\"widget\" data-settings=\"{&quot;_animation&quot;:&quot;fadeInUp&quot;}\" data-widget_type=\"text-editor.default\">\n\t\t\t\t<div class=\"elementor-widget-container\">\n\t\t\t\t\t\t\t\t\t<p>Verbunden mit der neuen Positionierung des Hochschulsports hat Martin Miecke den Auftrag erhalten, gemeinsam mit seinem Team federf\u00fchrend ein Konzept f\u00fcr das universit\u00e4tsweite Gesundheitsmanagement zu entwickeln, das Studierende und alle Mitarbeiter*innen umfasst; ein zus\u00e4tzliches Teammitglied soll f\u00fcr mehr Woman- bzw. Manpower sorgen und sich vor allem der Vernetzung und dem Austausch zwischen den verschiedenen Gesundheitsakteuren, Gremien und Arbeitskreisen widmen. Denn zu dem Auftrag geh\u00f6rt, all diejenigen miteinzubeziehen, die bereits Angebote an Studierende oder Universit\u00e4tsangeh\u00f6rige verbreiten \u2013 wie etwa das Studierendenwerk, die psychotherapeutische Beratungsstelle und das betriebliche Gesundheitsmanagement. Auch die Kolleg*innen aus dem Bereich \u201eStudium, Lehre, Internationales\u201c (SLI) m\u00f6chte Martin Miecke mit ins Boot holen \u2013 wenn sie nicht schon l\u00e4ngst darin sitzen. Denn gemeinsame Sache mit anderen Akteuren zu machen, geh\u00f6rt eigentlich zur DNA des Hochschulsports. \u201eWir haben an der Universit\u00e4t viele gute Leute, mit denen wir gerne zusammenarbeiten\u201c, betont Miecke. Wenn Kolleg*innen von SLI etwa ein Portal zu Stipendien entwickelt haben, das Studierenden schnell und leicht eine \u00dcbersicht den verschiedenen Angeboten gibt, dann freut das das Hochschulsport-Team.<\/p><p>Anders als Universit\u00e4ten aus anderen Regionen, die ihr universit\u00e4res Hochschulsport-Programm auf die Konkurrenzf\u00e4higkeit ihrer Studierenden bei Wettk\u00e4mpfen konzentrieren, will Miecke das schon angelegte Profil der Goethe-Universit\u00e4t noch einmal deutlich sch\u00e4rfen: N\u00e4mlich mit einem vielf\u00e4ltigen Sportprogramm und einem dar\u00fcber hinausgehenden Gesundheitsmanagement eine m\u00f6glichst umfassende Breitenwirkung des Angebots an der Universit\u00e4t zu erzielen, die wirklich jede und jeden Mitarbeiter*in, jeden Studierenden erreiche. Damit k\u00f6nne, so Miecke, Gesundheitsmanagement an der Goethe-Universit\u00e4t zu einem Querschnittsthema werden wie etwa Nachhaltigkeit und Digitalisierung. Nicht zuletzt leiste dies auch einen Beitrag dazu, die Universit\u00e4t als Arbeitgeber in der Region attraktiver zu machen.<\/p>\t\t\t\t\t\t\t\t<\/div>\n\t\t\t\t<\/div>\n\t\t\t\t<div class=\"elementor-element elementor-element-22460cd elementor-widget elementor-widget-heading\" data-id=\"22460cd\" data-element_type=\"widget\" data-widget_type=\"heading.default\">\n\t\t\t\t<div class=\"elementor-widget-container\">\n\t\t\t\t\t<h3 class=\"elementor-heading-title elementor-size-default\">Konzept mit \u00fcberraschenden Folgen<\/h3>\t\t\t\t<\/div>\n\t\t\t\t<\/div>\n\t\t\t\t<div class=\"elementor-element elementor-element-072faad animated-fast elementor-invisible elementor-widget elementor-widget-text-editor\" data-id=\"072faad\" data-element_type=\"widget\" data-settings=\"{&quot;_animation&quot;:&quot;fadeInUp&quot;}\" data-widget_type=\"text-editor.default\">\n\t\t\t\t<div class=\"elementor-widget-container\">\n\t\t\t\t\t\t\t\t\t<p>Gesundheitsmanagement als Querschnittsthema: Das Konzept hat weitreichendere Folgen, als mancher erwarten mag. \u201eWenn prek\u00e4re wirtschaftliche Verh\u00e4ltnisse von Studierenden ein Studium unm\u00f6glich machen oder hohe Durchfallquoten am Ende eines Studiums Existenzen bedrohen, dann ist das psychisch und auch gesundheitlich belastend\u201c. Miecke schlie\u00dft deshalb in ein Gesundheitsmanagement, das seinen Namen verdiene, ausdr\u00fccklich mit ein, auch universit\u00e4re Strukturen, etwa in Studienordnungen oder der Lehre, kritisch zu betrachten und \u00c4nderungsanst\u00f6\u00dfe zu geben. \u201eNat\u00fcrlich wissen wir: das ist ein langfristiges Ziel.\u201c Vorher gelte es, innerhalb der Universit\u00e4t f\u00fcr eine m\u00f6glichst breite Akzeptanz und Etablierung des Gesundheitsmanagements f\u00fcr alle Uni-Angeh\u00f6rigen zu werben. Das Team des Hochschulsports ist bereits auf dem besten Wege dorthin.<\/p>\t\t\t\t\t\t\t\t<\/div>\n\t\t\t\t<\/div>\n\t\t\t\t<div class=\"elementor-element elementor-element-153bb3c animated-fast elementor-invisible elementor-widget elementor-widget-text-editor\" data-id=\"153bb3c\" data-element_type=\"widget\" data-settings=\"{&quot;_animation&quot;:&quot;fadeInUp&quot;}\" data-widget_type=\"text-editor.default\">\n\t\t\t\t<div class=\"elementor-widget-container\">\n\t\t\t\t\t\t\t\t\t<p>pb<\/p>\t\t\t\t\t\t\t\t<\/div>\n\t\t\t\t<\/div>\n\t\t\t\t\t<\/div>\n\t\t<\/div>\n\t\t\t\t\t<\/div>\n\t\t<\/section>\n\t\t\t\t<section class=\"elementor-section elementor-top-section elementor-element elementor-element-8b1b486 elementor-section-full_width elementor-section-height-min-height elementor-section-items-stretch elementor-section-height-default\" data-id=\"8b1b486\" data-element_type=\"section\" id=\"Ausbildung\" data-settings=\"{&quot;background_background&quot;:&quot;classic&quot;,&quot;_ha_eqh_enable&quot;:false}\">\n\t\t\t\t\t\t<div class=\"elementor-container elementor-column-gap-default\">\n\t\t\t\t\t<div class=\"elementor-column elementor-col-50 elementor-top-column elementor-element elementor-element-808f5f2\" data-id=\"808f5f2\" data-element_type=\"column\" data-settings=\"{&quot;background_background&quot;:&quot;classic&quot;}\">\n\t\t\t<div class=\"elementor-widget-wrap elementor-element-populated\">\n\t\t\t\t\t\t<div class=\"elementor-element elementor-element-ff986de elementor-widget elementor-widget-spacer\" data-id=\"ff986de\" data-element_type=\"widget\" data-widget_type=\"spacer.default\">\n\t\t\t\t<div class=\"elementor-widget-container\">\n\t\t\t\t\t\t\t<div class=\"elementor-spacer\">\n\t\t\t<div class=\"elementor-spacer-inner\"><\/div>\n\t\t<\/div>\n\t\t\t\t\t\t<\/div>\n\t\t\t\t<\/div>\n\t\t\t\t<div class=\"elementor-element elementor-element-415cb27 animated-fast elementor-widget__width-initial ha-has-bg-overlay elementor-invisible elementor-widget elementor-widget-text-editor\" data-id=\"415cb27\" data-element_type=\"widget\" data-settings=\"{&quot;_animation&quot;:&quot;fadeInUp&quot;}\" data-widget_type=\"text-editor.default\">\n\t\t\t\t<div class=\"elementor-widget-container\">\n\t\t\t\t\t\t\t\t\t<p>Fotos: Stabsstelle Ausbildung<\/p>\t\t\t\t\t\t\t\t<\/div>\n\t\t\t\t<\/div>\n\t\t\t\t\t<\/div>\n\t\t<\/div>\n\t\t\t\t<div class=\"elementor-column elementor-col-50 elementor-top-column elementor-element elementor-element-1b096f4\" data-id=\"1b096f4\" data-element_type=\"column\">\n\t\t\t<div class=\"elementor-widget-wrap elementor-element-populated\">\n\t\t\t\t\t\t<div class=\"elementor-element elementor-element-95534b9 elementor-align-start elementor-mobile-align-start elementor-icon-list--layout-traditional elementor-list-item-link-full_width elementor-widget elementor-widget-icon-list\" data-id=\"95534b9\" data-element_type=\"widget\" data-widget_type=\"icon-list.default\">\n\t\t\t\t<div class=\"elementor-widget-container\">\n\t\t\t\t\t\t\t<ul class=\"elementor-icon-list-items\">\n\t\t\t\t\t\t\t<li class=\"elementor-icon-list-item\">\n\t\t\t\t\t\t\t\t\t\t<span class=\"elementor-icon-list-text\">Ausbildung<\/span>\n\t\t\t\t\t\t\t\t\t<\/li>\n\t\t\t\t\t\t<\/ul>\n\t\t\t\t\t\t<\/div>\n\t\t\t\t<\/div>\n\t\t\t\t<div class=\"elementor-element elementor-element-732da9f animated-fast elementor-invisible elementor-widget elementor-widget-heading\" data-id=\"732da9f\" data-element_type=\"widget\" data-settings=\"{&quot;_animation&quot;:&quot;fadeInUp&quot;}\" data-widget_type=\"heading.default\">\n\t\t\t\t<div class=\"elementor-widget-container\">\n\t\t\t\t\t<h2 class=\"elementor-heading-title elementor-size-default\">\u201eEin Highlight unserer Ausbildung ist die Vielseitigkeit\u201c<\/h2>\t\t\t\t<\/div>\n\t\t\t\t<\/div>\n\t\t\t\t<div class=\"elementor-element elementor-element-e756440 animated-fast elementor-invisible elementor-widget elementor-widget-text-editor\" data-id=\"e756440\" data-element_type=\"widget\" data-settings=\"{&quot;_animation&quot;:&quot;fadeInUp&quot;}\" data-widget_type=\"text-editor.default\">\n\t\t\t\t<div class=\"elementor-widget-container\">\n\t\t\t\t\t\t\t\t\t<p>Die Goethe-Universit\u00e4t ist einer der gr\u00f6\u00dften Arbeitgeber in der Region \u2013 eine neue, 2024 entwickelte Strategie soll die Palette an Ausbildungsberufen der Universit\u00e4t nicht nur bekannter machen, sondern auch erweitern. Zum Beispiel im Bereich der Informationstechnik.\u00a0<\/p>\t\t\t\t\t\t\t\t<\/div>\n\t\t\t\t<\/div>\n\t\t\t\t\t<\/div>\n\t\t<\/div>\n\t\t\t\t\t<\/div>\n\t\t<\/section>\n\t\t\t\t<section class=\"elementor-section elementor-top-section elementor-element elementor-element-904d687 elementor-section-content-middle elementor-section-boxed elementor-section-height-default elementor-section-height-default\" data-id=\"904d687\" data-element_type=\"section\" data-settings=\"{&quot;_ha_eqh_enable&quot;:false}\">\n\t\t\t\t\t\t<div class=\"elementor-container elementor-column-gap-no\">\n\t\t\t\t\t<div class=\"elementor-column elementor-col-100 elementor-top-column elementor-element elementor-element-26162fc\" data-id=\"26162fc\" data-element_type=\"column\">\n\t\t\t<div class=\"elementor-widget-wrap elementor-element-populated\">\n\t\t\t\t\t\t<section class=\"elementor-section elementor-inner-section elementor-element elementor-element-5b579fd elementor-section-boxed elementor-section-height-default elementor-section-height-default\" data-id=\"5b579fd\" data-element_type=\"section\" data-settings=\"{&quot;_ha_eqh_enable&quot;:false}\">\n\t\t\t\t\t\t<div class=\"elementor-container elementor-column-gap-default\">\n\t\t\t\t\t<div class=\"elementor-column elementor-col-33 elementor-inner-column elementor-element elementor-element-e3791b3\" data-id=\"e3791b3\" data-element_type=\"column\">\n\t\t\t<div class=\"elementor-widget-wrap elementor-element-populated\">\n\t\t\t\t\t\t<div class=\"elementor-element elementor-element-3c50df0 animated-fast ha-has-bg-overlay elementor-invisible elementor-widget elementor-widget-image\" data-id=\"3c50df0\" data-element_type=\"widget\" data-settings=\"{&quot;_animation&quot;:&quot;fadeInUp&quot;}\" data-widget_type=\"image.default\">\n\t\t\t\t<div class=\"elementor-widget-container\">\n\t\t\t\t\t\t\t\t\t\t\t\t\t\t\t<img loading=\"lazy\" decoding=\"async\" width=\"1536\" height=\"1536\" src=\"https:\/\/aktuelles.uni-frankfurt.de\/wp-content\/uploads\/2025\/07\/Sujan_Niklas-1536x1536.jpg\" class=\"attachment-1536x1536 size-1536x1536 wp-image-84890\" alt=\"\" srcset=\"https:\/\/aktuelles.uni-frankfurt.de\/wp-content\/uploads\/2025\/07\/Sujan_Niklas-1536x1536.jpg 1536w, https:\/\/aktuelles.uni-frankfurt.de\/wp-content\/uploads\/2025\/07\/Sujan_Niklas-300x300.jpg 300w, https:\/\/aktuelles.uni-frankfurt.de\/wp-content\/uploads\/2025\/07\/Sujan_Niklas-500x500.jpg 500w, https:\/\/aktuelles.uni-frankfurt.de\/wp-content\/uploads\/2025\/07\/Sujan_Niklas-150x150.jpg 150w, https:\/\/aktuelles.uni-frankfurt.de\/wp-content\/uploads\/2025\/07\/Sujan_Niklas-768x768.jpg 768w, https:\/\/aktuelles.uni-frankfurt.de\/wp-content\/uploads\/2025\/07\/Sujan_Niklas-12x12.jpg 12w, https:\/\/aktuelles.uni-frankfurt.de\/wp-content\/uploads\/2025\/07\/Sujan_Niklas-700x700.jpg 700w, https:\/\/aktuelles.uni-frankfurt.de\/wp-content\/uploads\/2025\/07\/Sujan_Niklas.jpg 2000w\" sizes=\"(max-width: 1536px) 100vw, 1536px\" \/>\t\t\t\t\t\t\t\t\t\t\t\t\t\t\t<\/div>\n\t\t\t\t<\/div>\n\t\t\t\t<div class=\"elementor-element elementor-element-3a43c9c animated-fast elementor-invisible elementor-widget elementor-widget-heading\" data-id=\"3a43c9c\" data-element_type=\"widget\" data-settings=\"{&quot;_animation&quot;:&quot;fadeInUp&quot;}\" data-widget_type=\"heading.default\">\n\t\t\t\t<div class=\"elementor-widget-container\">\n\t\t\t\t\t<h5 class=\"elementor-heading-title elementor-size-medium\">Niklas Sujan, Ausbildungsleiter<\/h5>\t\t\t\t<\/div>\n\t\t\t\t<\/div>\n\t\t\t\t<div class=\"elementor-element elementor-element-0c23781 animated-fast elementor-invisible elementor-widget elementor-widget-heading\" data-id=\"0c23781\" data-element_type=\"widget\" data-settings=\"{&quot;_animation&quot;:&quot;fadeInUp&quot;}\" data-widget_type=\"heading.default\">\n\t\t\t\t<div class=\"elementor-widget-container\">\n\t\t\t\t\t<h2 class=\"elementor-heading-title elementor-size-default\">Foto: Uwe Dettmar<\/h2>\t\t\t\t<\/div>\n\t\t\t\t<\/div>\n\t\t\t\t\t<\/div>\n\t\t<\/div>\n\t\t\t\t<div class=\"elementor-column elementor-col-33 elementor-inner-column elementor-element elementor-element-a681b12\" data-id=\"a681b12\" data-element_type=\"column\">\n\t\t\t<div class=\"elementor-widget-wrap elementor-element-populated\">\n\t\t\t\t\t\t<div class=\"elementor-element elementor-element-3930cf2 animated-fast ha-has-bg-overlay elementor-invisible elementor-widget elementor-widget-image\" data-id=\"3930cf2\" data-element_type=\"widget\" data-settings=\"{&quot;_animation&quot;:&quot;fadeInUp&quot;}\" data-widget_type=\"image.default\">\n\t\t\t\t<div class=\"elementor-widget-container\">\n\t\t\t\t\t\t\t\t\t\t\t\t\t\t\t<img loading=\"lazy\" decoding=\"async\" width=\"1536\" height=\"1536\" src=\"https:\/\/aktuelles.uni-frankfurt.de\/wp-content\/uploads\/2025\/07\/Unverzagt_Markus-1536x1536.jpg\" class=\"attachment-1536x1536 size-1536x1536 wp-image-84891\" alt=\"\" srcset=\"https:\/\/aktuelles.uni-frankfurt.de\/wp-content\/uploads\/2025\/07\/Unverzagt_Markus-1536x1536.jpg 1536w, https:\/\/aktuelles.uni-frankfurt.de\/wp-content\/uploads\/2025\/07\/Unverzagt_Markus-300x300.jpg 300w, https:\/\/aktuelles.uni-frankfurt.de\/wp-content\/uploads\/2025\/07\/Unverzagt_Markus-500x500.jpg 500w, https:\/\/aktuelles.uni-frankfurt.de\/wp-content\/uploads\/2025\/07\/Unverzagt_Markus-150x150.jpg 150w, https:\/\/aktuelles.uni-frankfurt.de\/wp-content\/uploads\/2025\/07\/Unverzagt_Markus-768x768.jpg 768w, https:\/\/aktuelles.uni-frankfurt.de\/wp-content\/uploads\/2025\/07\/Unverzagt_Markus-12x12.jpg 12w, https:\/\/aktuelles.uni-frankfurt.de\/wp-content\/uploads\/2025\/07\/Unverzagt_Markus-700x700.jpg 700w, https:\/\/aktuelles.uni-frankfurt.de\/wp-content\/uploads\/2025\/07\/Unverzagt_Markus.jpg 2000w\" sizes=\"(max-width: 1536px) 100vw, 1536px\" \/>\t\t\t\t\t\t\t\t\t\t\t\t\t\t\t<\/div>\n\t\t\t\t<\/div>\n\t\t\t\t<div class=\"elementor-element elementor-element-d0b2d49 animated-fast elementor-invisible elementor-widget elementor-widget-heading\" data-id=\"d0b2d49\" data-element_type=\"widget\" data-settings=\"{&quot;_animation&quot;:&quot;fadeInUp&quot;}\" data-widget_type=\"heading.default\">\n\t\t\t\t<div class=\"elementor-widget-container\">\n\t\t\t\t\t<h5 class=\"elementor-heading-title elementor-size-medium\">Dr. Markus Unverzagt,<br>Leiter des Hochschulrechenzentrum<\/h5>\t\t\t\t<\/div>\n\t\t\t\t<\/div>\n\t\t\t\t<div class=\"elementor-element elementor-element-935f10f animated-fast elementor-invisible elementor-widget elementor-widget-heading\" data-id=\"935f10f\" data-element_type=\"widget\" data-settings=\"{&quot;_animation&quot;:&quot;fadeInUp&quot;}\" data-widget_type=\"heading.default\">\n\t\t\t\t<div class=\"elementor-widget-container\">\n\t\t\t\t\t<h2 class=\"elementor-heading-title elementor-size-default\">Foto: Uwe Dettmar<\/h2>\t\t\t\t<\/div>\n\t\t\t\t<\/div>\n\t\t\t\t\t<\/div>\n\t\t<\/div>\n\t\t\t\t<div class=\"elementor-column elementor-col-33 elementor-inner-column elementor-element elementor-element-d8a4733\" data-id=\"d8a4733\" data-element_type=\"column\">\n\t\t\t<div class=\"elementor-widget-wrap elementor-element-populated\">\n\t\t\t\t\t\t<div class=\"elementor-element elementor-element-f3fe237 animated-fast ha-has-bg-overlay elementor-invisible elementor-widget elementor-widget-image\" data-id=\"f3fe237\" data-element_type=\"widget\" data-settings=\"{&quot;_animation&quot;:&quot;fadeInUp&quot;}\" data-widget_type=\"image.default\">\n\t\t\t\t<div class=\"elementor-widget-container\">\n\t\t\t\t\t\t\t\t\t\t\t\t\t\t\t<img loading=\"lazy\" decoding=\"async\" width=\"1536\" height=\"1536\" src=\"https:\/\/aktuelles.uni-frankfurt.de\/wp-content\/uploads\/2025\/07\/Florian-Lang-1536x1536.jpg\" class=\"attachment-1536x1536 size-1536x1536 wp-image-84889\" alt=\"\" srcset=\"https:\/\/aktuelles.uni-frankfurt.de\/wp-content\/uploads\/2025\/07\/Florian-Lang-1536x1536.jpg 1536w, https:\/\/aktuelles.uni-frankfurt.de\/wp-content\/uploads\/2025\/07\/Florian-Lang-300x300.jpg 300w, https:\/\/aktuelles.uni-frankfurt.de\/wp-content\/uploads\/2025\/07\/Florian-Lang-500x500.jpg 500w, https:\/\/aktuelles.uni-frankfurt.de\/wp-content\/uploads\/2025\/07\/Florian-Lang-150x150.jpg 150w, https:\/\/aktuelles.uni-frankfurt.de\/wp-content\/uploads\/2025\/07\/Florian-Lang-768x768.jpg 768w, https:\/\/aktuelles.uni-frankfurt.de\/wp-content\/uploads\/2025\/07\/Florian-Lang-12x12.jpg 12w, https:\/\/aktuelles.uni-frankfurt.de\/wp-content\/uploads\/2025\/07\/Florian-Lang-700x700.jpg 700w, https:\/\/aktuelles.uni-frankfurt.de\/wp-content\/uploads\/2025\/07\/Florian-Lang.jpg 2000w\" sizes=\"(max-width: 1536px) 100vw, 1536px\" \/>\t\t\t\t\t\t\t\t\t\t\t\t\t\t\t<\/div>\n\t\t\t\t<\/div>\n\t\t\t\t<div class=\"elementor-element elementor-element-e4b9079 animated-fast elementor-invisible elementor-widget elementor-widget-heading\" data-id=\"e4b9079\" data-element_type=\"widget\" data-settings=\"{&quot;_animation&quot;:&quot;fadeInUp&quot;}\" data-widget_type=\"heading.default\">\n\t\t\t\t<div class=\"elementor-widget-container\">\n\t\t\t\t\t<h5 class=\"elementor-heading-title elementor-size-medium\">Florian Lang,<br>ehemaliger Auszubildender am Hochschulrechenzentrum (HRZ), jetzt Mitarbeiter und Teil des Teams Ausbildungsplanung<\/h5>\t\t\t\t<\/div>\n\t\t\t\t<\/div>\n\t\t\t\t<div class=\"elementor-element elementor-element-e2a2b5e animated-fast elementor-invisible elementor-widget elementor-widget-heading\" data-id=\"e2a2b5e\" data-element_type=\"widget\" data-settings=\"{&quot;_animation&quot;:&quot;fadeInUp&quot;}\" data-widget_type=\"heading.default\">\n\t\t\t\t<div class=\"elementor-widget-container\">\n\t\t\t\t\t<h2 class=\"elementor-heading-title elementor-size-default\">Foto: privat<\/h2>\t\t\t\t<\/div>\n\t\t\t\t<\/div>\n\t\t\t\t\t<\/div>\n\t\t<\/div>\n\t\t\t\t\t<\/div>\n\t\t<\/section>\n\t\t\t\t\t<\/div>\n\t\t<\/div>\n\t\t\t\t\t<\/div>\n\t\t<\/section>\n\t\t\t\t<section class=\"elementor-section elementor-top-section elementor-element elementor-element-bc60370 elementor-section-content-middle elementor-section-boxed elementor-section-height-default elementor-section-height-default\" data-id=\"bc60370\" data-element_type=\"section\" data-settings=\"{&quot;_ha_eqh_enable&quot;:false}\">\n\t\t\t\t\t\t<div class=\"elementor-container elementor-column-gap-no\">\n\t\t\t\t\t<div class=\"elementor-column elementor-col-100 elementor-top-column elementor-element elementor-element-58c95eb\" data-id=\"58c95eb\" data-element_type=\"column\">\n\t\t\t<div class=\"elementor-widget-wrap elementor-element-populated\">\n\t\t\t\t\t\t<div class=\"elementor-element elementor-element-ec36bb0 animated-fast elementor-invisible elementor-widget elementor-widget-text-editor\" data-id=\"ec36bb0\" data-element_type=\"widget\" data-settings=\"{&quot;_animation&quot;:&quot;fadeInUp&quot;}\" data-widget_type=\"text-editor.default\">\n\t\t\t\t<div class=\"elementor-widget-container\">\n\t\t\t\t\t\t\t\t\t<p>Ob Imker, Tischlerin oder G\u00e4rtner, Tierpfleger, Industriemechanikerin, Inspektoranw\u00e4rter \u00fcber ein Duales Studium oder Fachangestellte f\u00fcr Medien- und Informationsdienste sowie in der Verwaltung \u2013 das Spektrum der Ausbildungsberufe an der Goethe-Universit\u00e4t ist gro\u00df. Und es soll noch breiter werden \u2013 etwa auch, um den eigenen Bedarf an Fachkr\u00e4ften zu decken. Dies war unter anderem Thema des ersten Runden Tischs \u201eBerufsausbildung\u201c im Fr\u00fchjahr 2024, zu dem der Kanzler der Goethe-Universit\u00e4t geladen hatte. Dem Runden Tisch folgten rasch weitere Schritte: F\u00fcr eine gr\u00f6\u00dfere \u00d6ffentlichkeit sorgte das verst\u00e4rkte Team in der Ausbildung mit der Teilnahme an der #k\u00f6nnenlernen-Kampagne der Industrie- und Handelskammer und der Brosch\u00fcre \u201eSchule und was dann\u201c; Kontakte zu regionalen und \u00fcberregionalen Schulen wurden gekn\u00fcpft und regelm\u00e4\u00dfige Besuchen von Schulklassen auf den Campus begleitet. Auch eine universit\u00e4tsweite IT-Ausbildung wurde 2024 entwickelt \u2013 dies schildern im Gespr\u00e4ch nach dem zweiten Runden Tisch Anfang 2025 Niklas Sujan, Strategische Ausbildungsplanung und -entwicklung der Stabsstelle Ausbildung, Dr. Markus Unverzagt, Leiter des Hochschulrechenzentrums seit M\u00e4rz 2024, und Florian Lang, ehemaliger Auszubildender am Hochschulrechenzentrum (HRZ), jetzt Mitarbeiter und Teil des Teams Ausbildungsplanung. Das Gespr\u00e4ch f\u00fchrte Dr. Simone Beetz, zust\u00e4ndig f\u00fcr \u00d6ffentlichkeitsarbeit im HRZ der Goethe-Universit\u00e4t.<\/p>\t\t\t\t\t\t\t\t<\/div>\n\t\t\t\t<\/div>\n\t\t\t\t<div class=\"elementor-element elementor-element-60dfae5 animated-fast elementor-invisible elementor-widget elementor-widget-elementskit-faq\" data-id=\"60dfae5\" data-element_type=\"widget\" data-settings=\"{&quot;_animation&quot;:&quot;fadeInUp&quot;}\" data-widget_type=\"elementskit-faq.default\">\n\t\t\t\t<div class=\"elementor-widget-container\">\n\t\t\t\t\t<div class=\"ekit-wid-con\" >\n                <div class=\"elementskit-single-faq elementor-repeater-item-245fa62\">\n            <div class=\"elementskit-faq-header\">\n                <h2 class=\"elementskit-faq-title\">Wie sieht die neue Ausbildungsstrategie an der Goethe-Universit\u00e4t aus?<\/h2>\n            <\/div>\n            <div class=\"elementskit-faq-body\">\n                <b>Niklas Sujan:<\/b> Wir setzen aktuell einen Schwerpunkt auf die (Wieder-)Implementierung von Ausbildungsberufen. In diesem Zusammenhang bauen wir eine GU-\u00fcbergreifende IT-Ausbildung auf: Wir b\u00fcndeln Prozesse, Bedarfe und Interessen, um Synergien zu schaffen und die IT-Ausbildung an der Universit\u00e4t sichtbar und attraktiv zu gestalten. Wir haben sogar eine neue Stelle \u201eKoordination Duale Bildung IT\u201c geschaffen, um diese Vision strukturell zu unterst\u00fctzen.<br><br>\n<b>Dr. Markus Unverzagt:<\/b> Das Hochschulrechenzentrum hat mit einem Pilotprojekt ein <\/i>duales Studium Informatik<\/i> ins Leben gerufen, das Informationstechnik und Angewandte Informatik kombiniert. Auch die reine Ausbildung zum oder zur <i>Fachinformatiker*in<\/i> ist wieder m\u00f6glich. Das Ziel ist, den Personalbedarf im IT-Bereich zu decken und die Ausbildungsm\u00f6glichkeiten an der Universit\u00e4t und im Hochschulrechenzentrum (HRZ) bekannt zu machen. Besonders betonen wir dabei die Kooperation mit anderen IT-Einheiten der Universit\u00e4t, wie studiumdigitale und der Informationstechnik der Universit\u00e4tsbibliothek, um ein breites Netzwerk an Erfahrungen und M\u00f6glichkeiten zu bieten.            <\/div>\n        <\/div>\n                <div class=\"elementskit-single-faq elementor-repeater-item-25e29ce\">\n            <div class=\"elementskit-faq-header\">\n                <h2 class=\"elementskit-faq-title\">Was ist wichtig f\u00fcr die Ausbildung an der Universit\u00e4t heute?<\/h2>\n            <\/div>\n            <div class=\"elementskit-faq-body\">\n                <b>Sujan:<\/b> Die Ausbildung an der Universit\u00e4t muss die Auszubildenden sowohl fachlich als auch pers\u00f6nlich weiterentwickeln. Daf\u00fcr ist es wichtig, dass Ausbilder*innen qualifiziert sind und sich kontinuierlich fort- und weiterbilden. Eine moderne Ausbildung muss den Auszubildenden auch die Flexibilit\u00e4t bieten, sich auf die Ver\u00e4nderungen der Arbeitswelt einzustellen, insbesondere auf die Digitalisierung. Ebenso ist es entscheidend, dass wir als Arbeitgeber attraktiv sind \u2013 mit guten Arbeitsbedingungen und der M\u00f6glichkeit zur Weiterentwicklung.<br><br>\n<b>Unverzagt:<\/b> Die Ausbilder*innen ben\u00f6tigen nicht nur Fachwissen; sie m\u00fcssen auch die F\u00e4higkeit haben, die oder den Auszubildende*n durch schwierige Phasen zu begleiten. Die Motivation aufrechtzuerhalten und Auszubildende darin zu best\u00e4rken, dass sie die Verantwortung f\u00fcr ihren Erfolg auch selbst \u00fcbernehmen und gestalten k\u00f6nnen, ist entscheidend. Und nat\u00fcrlich brauchen wir ein modernes Marketing, das die Zielgruppen anspricht und unser Angebot attraktiv macht.<br><br>\n<b>Lang:<\/b> F\u00fcr mich war es wichtig, dass ich w\u00e4hrend meiner Ausbildung am HRZ nicht nur Theorie gelernt habe, sondern direkt in den Arbeitsalltag integriert wurde. Das hat mir geholfen, schnell eigenst\u00e4ndig zu arbeiten und Verantwortung zu \u00fcbernehmen. (\u2026)            <\/div>\n        <\/div>\n                <div class=\"elementskit-single-faq elementor-repeater-item-d2b2eb2\">\n            <div class=\"elementskit-faq-header\">\n                <h2 class=\"elementskit-faq-title\">Wenn Sie von Sch\u00fcler*innen gefragt werden, was f\u00fcr eine Ausbildung an der Goethe-Uni spricht und f\u00fcr wen sie vielleicht besonders geeignet ist \u2013 was antworten Sie dann?<\/h2>\n            <\/div>\n            <div class=\"elementskit-faq-body\">\n                <b>Sujan:<\/b> Eine Ausbildung an der Goethe-Universit\u00e4t ist f\u00fcr alle interessant, die praxisorientiert arbeiten m\u00f6chten, aber dennoch die M\u00f6glichkeit haben wollen, an einer der gr\u00f6\u00dften Universit\u00e4ten Deutschlands zu lernen und zu arbeiten. Besonders spannend ist sie f\u00fcr Schulabsolvent*innen, die sich vielleicht noch nicht sicher sind, ob ein Studium das Richtige f\u00fcr sie ist. Aber auch f\u00fcr Berufserfahrene oder Studienabbrecher, die einen neuen Weg einschlagen wollen, ist dies eine Chance. Und: Wir legen gro\u00dfen Wert auf Inklusion \u2013 auch Menschen mit Behinderungen sollen die M\u00f6glichkeit haben, bei uns ihre Ausbildung zu machen.<br><br>\n<b>Unverzagt:<\/b> Das Besondere an der Fachinformatiker-Ausbildung an der Goethe-Universit\u00e4t ist die Verbindung von Studium und Praxis auf einem Zukunftsfeld: IT-Infrastruktur und Digitalisierung gewinnen immer mehr an Bedeutung. Jede*r dual Studierende*r oder Auszubildende*r kann sich dabei ein breites berufliches Netzwerk innerhalb der Universit\u00e4t aufbauen und von den interdisziplin\u00e4ren Perspektiven profitieren. Zudem sind die Ausbildungsbedingungen attraktiv, das Umfeld ist jung, dynamisch und international. Wer sich f\u00fcr eine Karriere in der IT interessiert, wird hier definitiv auf seine Kosten kommen.<br><br>\n<b>Lang:<\/b> Ich hatte mich f\u00fcr die duale Ausbildung am HRZ entschieden, weil sie eine perfekte Kombination aus Theorie und Praxis bietet. Durch meine pers\u00f6nliche Erfahrung liegt mir das Thema Ausbildung am HRZ sehr am Herzen, und es ist mir ein Anliegen, jungen Menschen den Beruf des Fachinformatikers n\u00e4her zu bringen.            <\/div>\n        <\/div>\n                <div class=\"elementskit-single-faq elementor-repeater-item-8938bfd\">\n            <div class=\"elementskit-faq-header\">\n                <h2 class=\"elementskit-faq-title\">Was ist das Besondere am dualen Studium Informatik und der dualen Ausbildung zum\/zur Fachinformatiker*in?<\/h2>\n            <\/div>\n            <div class=\"elementskit-faq-body\">\n                <b>Sujan:<\/b> Unsere Auszubildenden erlernen nicht nur die grundlegenden IT-F\u00e4higkeiten, sondern k\u00f6nnen diese auch direkt in realen Projekten anwenden. Gerade das duale Studium bietet dabei eine vertiefte theoretische Ausbildung, gepaart mit der praktischen Umsetzung im Arbeitsumfeld. Dies erm\u00f6glicht eine fundierte Ausbildung, die auf die Bed\u00fcrfnisse des Arbeitsmarktes abgestimmt ist. <br><br>\n<b>Unverzagt:<\/b> Ein Highlight unserer Ausbildung ist die Vielseitigkeit. Die Fachinformatiker*innen arbeiten nicht nur im klassischen IT-Support, sondern vor allem in der Entwicklung und Beratung, etwa f\u00fcr Studierende, oder in der Verwaltung rund um die Themen IT-Infrastruktur und Digitalisierung von Arbeitsprozessen. Besonders ist auch, dass die Ausbildung im Umfeld einer Hochschule erfolgt, was eine enge Verbindung zur Forschung und Wissenschaft schafft.            <\/div>\n        <\/div>\n                <div class=\"elementskit-single-faq elementor-repeater-item-d80d2b7\">\n            <div class=\"elementskit-faq-header\">\n                <h2 class=\"elementskit-faq-title\">Welche Perspektiven bietet die Ausbildung im Bereich Informatik?<\/h2>\n            <\/div>\n            <div class=\"elementskit-faq-body\">\n                <b>Unverzagt:<\/b> Durch die Kooperationen mit verschiedenen IT-Einheiten an der Uni er\u00f6ffnen sich viele M\u00f6glichkeiten f\u00fcr unsere Auszubildenden. Sie k\u00f6nnen nach der Ausbildung in einer Vielzahl von Bereichen arbeiten, von der IT-Entwicklung bis hin zur Systemadministration. Der Bedarf an qualifizierten Fachkr\u00e4ften wird in den kommenden Jahren noch zunehmen, und wir m\u00f6chten unsere Auszubildenden bestens auf diese Herausforderungen vorbereiten.<br><br>\n<b>Lang:<\/b> Ich wurde nach meiner Ausbildung direkt im HRZ \u00fcbernommen und habe sofort in einem vertrauten Umfeld meine Kenntnisse weiter vertieft. Ich konnte so einen direkten Mehrwert f\u00fcr mein Team bieten. Auch der Blick \u00fcber den Tellerrand und die Zusammenarbeit mit verschiedenen Teams macht Spa\u00df.            <\/div>\n        <\/div>\n                \n    <\/div>\t\t\t\t<\/div>\n\t\t\t\t<\/div>\n\t\t\t\t<div class=\"elementor-element elementor-element-735260d animated-fast elementor-invisible elementor-widget elementor-widget-text-editor\" data-id=\"735260d\" data-element_type=\"widget\" data-settings=\"{&quot;_animation&quot;:&quot;fadeInUp&quot;}\" data-widget_type=\"text-editor.default\">\n\t\t\t\t<div class=\"elementor-widget-container\">\n\t\t\t\t\t\t\t\t\t<p>Das (hier gek\u00fcrzte) Gespr\u00e4ch erschien im Intranet der Goethe-Universit\u00e4t (23.04.2025).<\/p>\t\t\t\t\t\t\t\t<\/div>\n\t\t\t\t<\/div>\n\t\t\t\t\t<\/div>\n\t\t<\/div>\n\t\t\t\t\t<\/div>\n\t\t<\/section>\n\t\t\t\t<section class=\"elementor-section elementor-top-section elementor-element elementor-element-c3c87e2 elementor-section-content-middle elementor-section-boxed elementor-section-height-default elementor-section-height-default\" data-id=\"c3c87e2\" data-element_type=\"section\" data-settings=\"{&quot;_ha_eqh_enable&quot;:false}\">\n\t\t\t\t\t\t<div class=\"elementor-container elementor-column-gap-no\">\n\t\t\t\t\t<div class=\"elementor-column elementor-col-100 elementor-top-column elementor-element elementor-element-ffaf481\" data-id=\"ffaf481\" data-element_type=\"column\">\n\t\t\t<div class=\"elementor-widget-wrap elementor-element-populated\">\n\t\t\t\t\t\t<div class=\"elementor-element elementor-element-9ef11d4 elementor-align-start elementor-icon-list--layout-traditional elementor-list-item-link-full_width elementor-widget elementor-widget-icon-list\" data-id=\"9ef11d4\" data-element_type=\"widget\" data-widget_type=\"icon-list.default\">\n\t\t\t\t<div class=\"elementor-widget-container\">\n\t\t\t\t\t\t\t<ul class=\"elementor-icon-list-items\">\n\t\t\t\t\t\t\t<li class=\"elementor-icon-list-item\">\n\t\t\t\t\t\t\t\t\t\t\t<span class=\"elementor-icon-list-icon\">\n\t\t\t\t\t\t\t<i aria-hidden=\"true\" class=\"far fa-lightbulb\"><\/i>\t\t\t\t\t\t<\/span>\n\t\t\t\t\t\t\t\t\t\t<span class=\"elementor-icon-list-text\">Mehr Informationen<\/span>\n\t\t\t\t\t\t\t\t\t<\/li>\n\t\t\t\t\t\t<\/ul>\n\t\t\t\t\t\t<\/div>\n\t\t\t\t<\/div>\n\t\t\t\t<div class=\"elementor-element elementor-element-3a9c66d animated-fast elementor-invisible elementor-widget elementor-widget-text-editor\" data-id=\"3a9c66d\" data-element_type=\"widget\" data-settings=\"{&quot;_animation&quot;:&quot;fadeInUp&quot;}\" data-widget_type=\"text-editor.default\">\n\t\t\t\t<div class=\"elementor-widget-container\">\n\t\t\t\t\t\t\t\t\t<h5>Ausbildung und duales Studium am Hochschulrechenzentrum:<\/h5><p><a href=\"https:\/\/www.tinygu.de\/hrz-ausbildung\">tinygu.de\/hrz-ausbildung<\/a><\/p><h5>Kontakt f\u00fcr Abteilungen\/Bereiche an der Goethe-Universit\u00e4t, die Interesse haben auszubilden:<\/h5><p>Theresa Anton, Ausbildungsleitung, <a href=\"mailto:t.anton@em.uni-frankfurt.de\">t.anton@em.uni-frankfurt.de<\/a><\/p><h5>Beitrag \u00fcber den Runden Tisch Berufsausbildung:<\/h5><p><a href=\"https:\/\/tinygu.de\/MnDCt\">tinygu.de\/MnDCt<\/a><\/p>\t\t\t\t\t\t\t\t<\/div>\n\t\t\t\t<\/div>\n\t\t\t\t\t<\/div>\n\t\t<\/div>\n\t\t\t\t\t<\/div>\n\t\t<\/section>\n\t\t\t\t<section class=\"elementor-section elementor-top-section elementor-element elementor-element-c5ab8f0 elementor-section-full_width elementor-section-height-min-height elementor-section-items-stretch elementor-section-height-default\" data-id=\"c5ab8f0\" data-element_type=\"section\" id=\"Bauen\" data-settings=\"{&quot;background_background&quot;:&quot;classic&quot;,&quot;_ha_eqh_enable&quot;:false}\">\n\t\t\t\t\t\t<div class=\"elementor-container elementor-column-gap-default\">\n\t\t\t\t\t<div class=\"elementor-column elementor-col-50 elementor-top-column elementor-element elementor-element-ca4c4b0\" data-id=\"ca4c4b0\" data-element_type=\"column\" data-settings=\"{&quot;background_background&quot;:&quot;classic&quot;}\">\n\t\t\t<div class=\"elementor-widget-wrap elementor-element-populated\">\n\t\t\t\t\t\t<div class=\"elementor-element elementor-element-851dc71 elementor-widget elementor-widget-spacer\" data-id=\"851dc71\" data-element_type=\"widget\" data-widget_type=\"spacer.default\">\n\t\t\t\t<div class=\"elementor-widget-container\">\n\t\t\t\t\t\t\t<div class=\"elementor-spacer\">\n\t\t\t<div class=\"elementor-spacer-inner\"><\/div>\n\t\t<\/div>\n\t\t\t\t\t\t<\/div>\n\t\t\t\t<\/div>\n\t\t\t\t<div class=\"elementor-element elementor-element-383d18e animated-fast elementor-widget__width-initial ha-has-bg-overlay elementor-invisible elementor-widget elementor-widget-text-editor\" data-id=\"383d18e\" data-element_type=\"widget\" data-settings=\"{&quot;_animation&quot;:&quot;fadeInUp&quot;}\" data-widget_type=\"text-editor.default\">\n\t\t\t\t<div class=\"elementor-widget-container\">\n\t\t\t\t\t\t\t\t\t<p>Foto: Uwe Dettmar<\/p>\t\t\t\t\t\t\t\t<\/div>\n\t\t\t\t<\/div>\n\t\t\t\t\t<\/div>\n\t\t<\/div>\n\t\t\t\t<div class=\"elementor-column elementor-col-50 elementor-top-column elementor-element elementor-element-f93a8c8\" data-id=\"f93a8c8\" data-element_type=\"column\">\n\t\t\t<div class=\"elementor-widget-wrap elementor-element-populated\">\n\t\t\t\t\t\t<div class=\"elementor-element elementor-element-47a2ad0 elementor-align-start elementor-mobile-align-start elementor-icon-list--layout-traditional elementor-list-item-link-full_width elementor-widget elementor-widget-icon-list\" data-id=\"47a2ad0\" data-element_type=\"widget\" data-widget_type=\"icon-list.default\">\n\t\t\t\t<div class=\"elementor-widget-container\">\n\t\t\t\t\t\t\t<ul class=\"elementor-icon-list-items\">\n\t\t\t\t\t\t\t<li class=\"elementor-icon-list-item\">\n\t\t\t\t\t\t\t\t\t\t<span class=\"elementor-icon-list-text\">Bauen<\/span>\n\t\t\t\t\t\t\t\t\t<\/li>\n\t\t\t\t\t\t<\/ul>\n\t\t\t\t\t\t<\/div>\n\t\t\t\t<\/div>\n\t\t\t\t<div class=\"elementor-element elementor-element-0a97496 animated-fast elementor-invisible elementor-widget elementor-widget-heading\" data-id=\"0a97496\" data-element_type=\"widget\" data-settings=\"{&quot;_animation&quot;:&quot;fadeInUp&quot;}\" data-widget_type=\"heading.default\">\n\t\t\t\t<div class=\"elementor-widget-container\">\n\t\t\t\t\t<h2 class=\"elementor-heading-title elementor-size-default\">Ein Domizil \u201emade by Goethe\u201d<\/h2>\t\t\t\t<\/div>\n\t\t\t\t<\/div>\n\t\t\t\t<div class=\"elementor-element elementor-element-34603af animated-fast elementor-invisible elementor-widget elementor-widget-text-editor\" data-id=\"34603af\" data-element_type=\"widget\" data-settings=\"{&quot;_animation&quot;:&quot;fadeInUp&quot;}\" data-widget_type=\"text-editor.default\">\n\t\t\t\t<div class=\"elementor-widget-container\">\n\t\t\t\t\t\t\t\t\t<p>Der Campus Westend erh\u00e4lt ein weiteres markantes Geb\u00e4ude: Mit dem neuen Center for Humanisties bekommen auch die Theater-, Film- und Medienwissenschaftler der Uni Frankfurt ein neues Domizil.<\/p>\t\t\t\t\t\t\t\t<\/div>\n\t\t\t\t<\/div>\n\t\t\t\t\t<\/div>\n\t\t<\/div>\n\t\t\t\t\t<\/div>\n\t\t<\/section>\n\t\t\t\t<section class=\"elementor-section elementor-top-section elementor-element elementor-element-346fd20 elementor-section-content-middle elementor-section-boxed elementor-section-height-default elementor-section-height-default\" data-id=\"346fd20\" data-element_type=\"section\" data-settings=\"{&quot;_ha_eqh_enable&quot;:false}\">\n\t\t\t\t\t\t<div class=\"elementor-container elementor-column-gap-no\">\n\t\t\t\t\t<div class=\"elementor-column elementor-col-100 elementor-top-column elementor-element elementor-element-69d4ebe\" data-id=\"69d4ebe\" data-element_type=\"column\">\n\t\t\t<div class=\"elementor-widget-wrap elementor-element-populated\">\n\t\t\t\t\t\t<div class=\"elementor-element elementor-element-2805d6e animated-fast elementor-invisible elementor-widget elementor-widget-text-editor\" data-id=\"2805d6e\" data-element_type=\"widget\" data-settings=\"{&quot;_animation&quot;:&quot;fadeInUp&quot;}\" data-widget_type=\"text-editor.default\">\n\t\t\t\t<div class=\"elementor-widget-container\">\n\t\t\t\t\t\t\t\t\t<p>2800 Quadratmeter, alles in allem sieben Stockwerke, 180 B\u00fcroarbeitspl\u00e4tze, vier Seminarr\u00e4ume, eine Probeb\u00fchne und ein gro\u00dfer Multifunktionsraum \u2013 dies alles wird das k\u00fcnftige Center for Humanities zu bieten haben, wenn es im Jahr 2026 in Betrieb gehen wird \u2013 viel Raum unter anderem f\u00fcr innovative, zukunftsweisende Forschungsprojekte, die aus Drittmitteln gef\u00f6rdert werden. Am 28. Mai 2024 war der offizielle Spatenstich. Der Standort des neuen Centers auf dem Campus Westend in direkter Nachbarschaft zum 2022 fertiggestellten Geb\u00e4ude der Sprach- und Kulturwissenschaften und zum Leibniz-Institut f\u00fcr Bildungsforschung und Bildungsinformation DIPF ist prominent: An der Ecke von Miquel- und Hansallee wird das Center for Humanities schon von weitem das Erscheinungsbild der Universit\u00e4t pr\u00e4gen. <br \/><br \/>\u201eSchon der derzeitige Name des Geb\u00e4udes verdeutlich das Grundverst\u00e4ndnis der Goethe-Universit\u00e4t, dass stark forschende Geistes- und Gesellschaftswissenschaften notwendig sind, um unsere Gesellschaft zukunftsf\u00e4hig auszugestalten\u201c, betonte Universit\u00e4tspr\u00e4sident Prof. Enrico Schleiff beim Spatenstich. Der Neubau soll B\u00fcro- und Seminarfl\u00e4chen sowie eine Probeb\u00fchne f\u00fcr die Theater-, Film- und Medienwissenschaften enthalten und allen Fachbereichen zur Verf\u00fcgung stehen.<\/p>\t\t\t\t\t\t\t\t<\/div>\n\t\t\t\t<\/div>\n\t\t\t\t<div class=\"elementor-element elementor-element-9cdd635 animated-fast elementor-invisible elementor-widget elementor-widget-image\" data-id=\"9cdd635\" data-element_type=\"widget\" data-settings=\"{&quot;_animation&quot;:&quot;fadeInUp&quot;}\" data-widget_type=\"image.default\">\n\t\t\t\t<div class=\"elementor-widget-container\">\n\t\t\t\t\t\t\t\t\t\t\t\t<figure class=\"wp-caption\">\n\t\t\t\t\t\t\t\t\t\t<img loading=\"lazy\" decoding=\"async\" width=\"1000\" height=\"750\" src=\"https:\/\/aktuelles.uni-frankfurt.de\/wp-content\/uploads\/2025\/07\/Foto-2_Campus-6-_Center_for_Humanities_Copyright_ArGe_Architekten_.jpg\" class=\"attachment-1536x1536 size-1536x1536 wp-image-84892\" alt=\"\" srcset=\"https:\/\/aktuelles.uni-frankfurt.de\/wp-content\/uploads\/2025\/07\/Foto-2_Campus-6-_Center_for_Humanities_Copyright_ArGe_Architekten_.jpg 1000w, https:\/\/aktuelles.uni-frankfurt.de\/wp-content\/uploads\/2025\/07\/Foto-2_Campus-6-_Center_for_Humanities_Copyright_ArGe_Architekten_-300x225.jpg 300w, https:\/\/aktuelles.uni-frankfurt.de\/wp-content\/uploads\/2025\/07\/Foto-2_Campus-6-_Center_for_Humanities_Copyright_ArGe_Architekten_-500x375.jpg 500w, https:\/\/aktuelles.uni-frankfurt.de\/wp-content\/uploads\/2025\/07\/Foto-2_Campus-6-_Center_for_Humanities_Copyright_ArGe_Architekten_-768x576.jpg 768w, https:\/\/aktuelles.uni-frankfurt.de\/wp-content\/uploads\/2025\/07\/Foto-2_Campus-6-_Center_for_Humanities_Copyright_ArGe_Architekten_-16x12.jpg 16w\" sizes=\"(max-width: 1000px) 100vw, 1000px\" \/>\t\t\t\t\t\t\t\t\t\t\t<figcaption class=\"widget-image-caption wp-caption-text\">Die Universit\u00e4t hat beim Center for Humanities nicht nur als Bauherrin alle F\u00e4den in der Hand, sondern auch der Architektenentwurf ist \u201emade by Goethe\u201c. Mit der Ausf\u00fchrungsplanung ist das Architekturb\u00fcro ArGe Architekten beauftragt (Grafik: ArGe_Architekten)<\/figcaption>\n\t\t\t\t\t\t\t\t\t\t<\/figure>\n\t\t\t\t\t\t\t\t\t<\/div>\n\t\t\t\t<\/div>\n\t\t\t\t<div class=\"elementor-element elementor-element-03dc9e8 elementor-widget elementor-widget-heading\" data-id=\"03dc9e8\" data-element_type=\"widget\" data-widget_type=\"heading.default\">\n\t\t\t\t<div class=\"elementor-widget-container\">\n\t\t\t\t\t<h3 class=\"elementor-heading-title elementor-size-default\">Von au\u00dfen einsehbare Probeb\u00fchne<\/h3>\t\t\t\t<\/div>\n\t\t\t\t<\/div>\n\t\t\t\t<div class=\"elementor-element elementor-element-37daac3 animated-fast elementor-invisible elementor-widget elementor-widget-text-editor\" data-id=\"37daac3\" data-element_type=\"widget\" data-settings=\"{&quot;_animation&quot;:&quot;fadeInUp&quot;}\" data-widget_type=\"text-editor.default\">\n\t\t\t\t<div class=\"elementor-widget-container\">\n\t\t\t\t\t\t\t\t\t<p>Eine Besonderheit des Bauprojekts ist: Die gesamte Objektplanung und die Finanzierung des Center for Humanities liegen in der Hand der Goethe-Universit\u00e4t.\u00a0Der Entwurf stammt von Esref Yavuz, Leiter der Abteilung Planung und Bauen der Universit\u00e4t. Auf seinem Schreibtisch steht das Modell aus wei\u00dfem Karton, das er w\u00e4hrend der Pandemie im Homeoffice gebaut \u2013 und bei dem er unterschiedliche Bed\u00fcrfnisse ber\u00fccksichtigt hat. Von Osten und Westen wird das Geb\u00e4ude ebenerdig zug\u00e4nglich sein, man gelangt in das gro\u00dfz\u00fcgige Foyer und kann in einen zweigeschossigen verglasten Raum schauen, der f\u00fcr Ausstellungen und Veranstaltungen genutzt werden kann. Auf der anderen Seite des Foyers befindet sich die Probeb\u00fchne, die sich vom Untergeschoss ins Erdgeschoss erstreckt und die auch von au\u00dfen einsichtig ist. Die B\u00fchne steht f\u00fcr Proben und Auff\u00fchrungen der Studierenden des Instituts f\u00fcr Theater-, Film- und Medienwissenschaften zur Verf\u00fcgung und kann auch vom Universit\u00e4tsorchester und von der Medientechnik der Universit\u00e4t genutzt werden. \u201eDie Proben von drau\u00dfen beobachten zu k\u00f6nnen, das stelle ich mir sehr spannend vor\u201c, sagt Stephanie K\u00f6hler-Frank, die als unizugeh\u00f6rige Architektin die Projektleitung innehat. Ein bis zweimal w\u00f6chentlich besucht K\u00f6hler-Frank die Baustelle, macht sich ein Bild von den Fortschritten, spricht mit der Bauleitung. In ihre Planungsbesprechungen flie\u00dfen die Erfahrungswerte aus unispezifischer Nutzung ein \u2013 ein nicht zu untersch\u00e4tzender Vorteil bei den vielen Entscheidungen, die zu treffen sind.<br \/><br \/>Im Erdgeschoss des Center for Humanities befinden sich au\u00dferdem ein Seminarraum und ein B\u00fcro. Drei weitere Seminarr\u00e4ume sind im ersten Obergeschoss angelegt, au\u00dferdem Lernbereiche f\u00fcr Studierende. In den Stockwerken zwei bis f\u00fcnf werden rund 180 B\u00fcroarbeitspl\u00e4tze vor allem f\u00fcr Drittmittelprojekte eingerichtet \u2013 zum Teil in Einzel- zum Teil in Gruppenb\u00fcros. Mit der Ausf\u00fchrungsplanung ist das Architekturb\u00fcro ArGe Architekten beauftragt, die Gesamtkosten sind auf rund 20 Millionen Euro veranschlagt. Der Neubau am Campus Westend wird \u00fcber Drittmittel und ohne Landesbeteiligung errichtet. In seinem Gru\u00dfwort beim Spatenstich erinnerte Christoph Degen, Staatssekret\u00e4r im Hessischen Ministerium f\u00fcr Wissenschaft und Forschung, Kunst und Kultur, dass mit dem neuen Geb\u00e4ude \u201edie Standortneuordnung der Goethe-Universit\u00e4t, die die Landesregierung bereits mit \u00fcber einer Milliarde Euro aus dem Hochschulbauinvestitionsprogramm HEUREKA unterst\u00fctzt hat, weiter vorangebracht\u201c werde.<\/p>\t\t\t\t\t\t\t\t<\/div>\n\t\t\t\t<\/div>\n\t\t\t\t<div class=\"elementor-element elementor-element-f79bc3b animated-fast elementor-invisible elementor-widget elementor-widget-text-editor\" data-id=\"f79bc3b\" data-element_type=\"widget\" data-settings=\"{&quot;_animation&quot;:&quot;fadeInUp&quot;}\" data-widget_type=\"text-editor.default\">\n\t\t\t\t<div class=\"elementor-widget-container\">\n\t\t\t\t\t\t\t\t\t<p>asa\/pb<\/p>\t\t\t\t\t\t\t\t<\/div>\n\t\t\t\t<\/div>\n\t\t\t\t\t<\/div>\n\t\t<\/div>\n\t\t\t\t\t<\/div>\n\t\t<\/section>\n\t\t\t\t<section class=\"elementor-section elementor-top-section elementor-element elementor-element-c89483d elementor-section-content-middle elementor-section-boxed elementor-section-height-default elementor-section-height-default\" data-id=\"c89483d\" data-element_type=\"section\" data-settings=\"{&quot;background_background&quot;:&quot;classic&quot;,&quot;_ha_eqh_enable&quot;:false}\">\n\t\t\t\t\t\t<div class=\"elementor-container elementor-column-gap-no\">\n\t\t\t\t\t<div class=\"elementor-column elementor-col-100 elementor-top-column elementor-element elementor-element-994faf7\" data-id=\"994faf7\" data-element_type=\"column\">\n\t\t\t<div class=\"elementor-widget-wrap elementor-element-populated\">\n\t\t\t\t\t\t<div class=\"elementor-element elementor-element-3c4a8cd elementor-widget elementor-widget-text-editor\" data-id=\"3c4a8cd\" data-element_type=\"widget\" data-settings=\"{&quot;_animation&quot;:&quot;none&quot;,&quot;_animation_delay&quot;:600}\" data-widget_type=\"text-editor.default\">\n\t\t\t\t<div class=\"elementor-widget-container\">\n\t\t\t\t\t\t\t\t\t<p>\u00a9 2025 <a style=\"color: #e0e0e0;\" href=\"https:\/\/aktuelles.uni-frankfurt.de\">Goethe-Universit\u00e4t Frankfurt am Main<\/a><\/p><p><a style=\"color: #e0e0e0;\" href=\"https:\/\/aktuelles.uni-frankfurt.de\/jahrbuch-2024-impressum\">Impressum<\/a> | <a style=\"color: #e0e0e0;\" href=\"https:\/\/aktuelles.uni-frankfurt.de\/datenschutzerklaerung\/\">Datenschutz<\/a><\/p>\t\t\t\t\t\t\t\t<\/div>\n\t\t\t\t<\/div>\n\t\t\t\t\t<\/div>\n\t\t<\/div>\n\t\t\t\t\t<\/div>\n\t\t<\/section>\n\t\t\t\t<\/div>\n\t\t","protected":false},"excerpt":{"rendered":"<p>Forschung Lehre &amp; Studium Campus &amp; Leben Interaktion &amp; Kooperation Jahres-Chronik Daten &amp; Fakten Goethe in progress 2024 Goethe in progress 2024 \u2013 Campus &amp; Leben Zukunft aktiv gestalten Die [&hellip;]<\/p>\n","protected":false},"author":24,"featured_media":0,"parent":0,"menu_order":0,"comment_status":"closed","ping_status":"closed","template":"elementor_canvas","meta":{"_eb_attr":"","_price":"","_stock":"","_tribe_ticket_header":"","_tribe_default_ticket_provider":"","_ticket_start_date":"","_ticket_end_date":"","_tribe_ticket_show_description":"","_tribe_ticket_show_not_going":false,"_tribe_ticket_use_global_stock":"","_tribe_ticket_global_stock_level":"","_global_stock_mode":"","_global_stock_cap":"","_tribe_rsvp_for_event":"","_tribe_ticket_going_count":"","_tribe_ticket_not_going_count":"","_tribe_tickets_list":"[]","_tribe_ticket_has_attendee_info_fields":false,"footnotes":"","_tec_slr_enabled":"","_tec_slr_layout":""},"folder":[405],"class_list":["post-84549","page","type-page","status-publish","hentry"],"yoast_head":"<!-- This site is optimized with the Yoast SEO plugin v27.4 - https:\/\/yoast.com\/product\/yoast-seo-wordpress\/ -->\n<title>Jahrbuch 2024 Campus &amp; Leben | Aktuelles aus der Goethe-Universit\u00e4t Frankfurt<\/title>\n<meta name=\"robots\" content=\"index, follow, max-snippet:-1, max-image-preview:large, max-video-preview:-1\" \/>\n<link rel=\"canonical\" href=\"https:\/\/aktuelles.uni-frankfurt.de\/en\/jahrbuch-2024-campus-leben\/\" \/>\n<meta property=\"og:locale\" content=\"en_GB\" \/>\n<meta property=\"og:type\" content=\"article\" \/>\n<meta property=\"og:title\" content=\"Jahrbuch 2024 Campus &amp; Leben | Aktuelles aus der Goethe-Universit\u00e4t Frankfurt\" \/>\n<meta property=\"og:description\" content=\"Forschung Lehre &amp; Studium Campus &amp; Leben Interaktion &amp; Kooperation Jahres-Chronik Daten &amp; Fakten Goethe in progress 2024 Goethe in progress 2024 \u2013 Campus &amp; Leben Zukunft aktiv gestalten Die [&hellip;]\" \/>\n<meta property=\"og:url\" content=\"https:\/\/aktuelles.uni-frankfurt.de\/en\/jahrbuch-2024-campus-leben\/\" \/>\n<meta property=\"og:site_name\" content=\"Aktuelles aus der Goethe-Universit\u00e4t Frankfurt\" \/>\n<meta property=\"article:modified_time\" content=\"2025-10-24T06:23:24+00:00\" \/>\n<meta property=\"og:image\" content=\"https:\/\/aktuelles.uni-frankfurt.de\/wp-content\/uploads\/2024\/02\/GU-Logo-blauKopfpng.png\" \/>\n\t<meta property=\"og:image:width\" content=\"1078\" \/>\n\t<meta property=\"og:image:height\" content=\"997\" \/>\n\t<meta property=\"og:image:type\" content=\"image\/png\" \/>\n<meta name=\"twitter:card\" content=\"summary_large_image\" \/>\n<meta name=\"twitter:label1\" content=\"Estimated reading time\" \/>\n\t<meta name=\"twitter:data1\" content=\"5 minutes\" \/>\n<script type=\"application\/ld+json\" class=\"yoast-schema-graph\">{\"@context\":\"https:\\\/\\\/schema.org\",\"@graph\":[{\"@type\":\"WebPage\",\"@id\":\"https:\\\/\\\/aktuelles.uni-frankfurt.de\\\/jahrbuch-2024-campus-leben\\\/\",\"url\":\"https:\\\/\\\/aktuelles.uni-frankfurt.de\\\/jahrbuch-2024-campus-leben\\\/\",\"name\":\"Jahrbuch 2024 Campus & Leben | Aktuelles aus der Goethe-Universit\u00e4t Frankfurt\",\"isPartOf\":{\"@id\":\"https:\\\/\\\/aktuelles.uni-frankfurt.de\\\/#website\"},\"primaryImageOfPage\":{\"@id\":\"https:\\\/\\\/aktuelles.uni-frankfurt.de\\\/jahrbuch-2024-campus-leben\\\/#primaryimage\"},\"image\":{\"@id\":\"https:\\\/\\\/aktuelles.uni-frankfurt.de\\\/jahrbuch-2024-campus-leben\\\/#primaryimage\"},\"thumbnailUrl\":\"https:\\\/\\\/aktuelles.uni-frankfurt.de\\\/wp-content\\\/uploads\\\/2024\\\/02\\\/GU-Logo-blauKopfpng.png\",\"datePublished\":\"2025-10-24T05:35:17+00:00\",\"dateModified\":\"2025-10-24T06:23:24+00:00\",\"breadcrumb\":{\"@id\":\"https:\\\/\\\/aktuelles.uni-frankfurt.de\\\/jahrbuch-2024-campus-leben\\\/#breadcrumb\"},\"inLanguage\":\"en-GB\",\"potentialAction\":[{\"@type\":\"ReadAction\",\"target\":[\"https:\\\/\\\/aktuelles.uni-frankfurt.de\\\/jahrbuch-2024-campus-leben\\\/\"]}]},{\"@type\":\"ImageObject\",\"inLanguage\":\"en-GB\",\"@id\":\"https:\\\/\\\/aktuelles.uni-frankfurt.de\\\/jahrbuch-2024-campus-leben\\\/#primaryimage\",\"url\":\"https:\\\/\\\/aktuelles.uni-frankfurt.de\\\/wp-content\\\/uploads\\\/2024\\\/02\\\/GU-Logo-blauKopfpng.png\",\"contentUrl\":\"https:\\\/\\\/aktuelles.uni-frankfurt.de\\\/wp-content\\\/uploads\\\/2024\\\/02\\\/GU-Logo-blauKopfpng.png\"},{\"@type\":\"BreadcrumbList\",\"@id\":\"https:\\\/\\\/aktuelles.uni-frankfurt.de\\\/jahrbuch-2024-campus-leben\\\/#breadcrumb\",\"itemListElement\":[{\"@type\":\"ListItem\",\"position\":1,\"name\":\"Startseite\",\"item\":\"https:\\\/\\\/aktuelles.uni-frankfurt.de\\\/\"},{\"@type\":\"ListItem\",\"position\":2,\"name\":\"Jahrbuch 2024 Campus &#038; Leben\"}]},{\"@type\":\"WebSite\",\"@id\":\"https:\\\/\\\/aktuelles.uni-frankfurt.de\\\/#website\",\"url\":\"https:\\\/\\\/aktuelles.uni-frankfurt.de\\\/\",\"name\":\"Aktuelles aus der Goethe-Universit\u00e4t Frankfurt\",\"description\":\"Aktuelles aus der Goethe-Universit\u00e4t | Neues aus Forschung, Lehre, Studium\",\"publisher\":{\"@id\":\"https:\\\/\\\/aktuelles.uni-frankfurt.de\\\/#organization\"},\"potentialAction\":[{\"@type\":\"SearchAction\",\"target\":{\"@type\":\"EntryPoint\",\"urlTemplate\":\"https:\\\/\\\/aktuelles.uni-frankfurt.de\\\/?s={search_term_string}\"},\"query-input\":{\"@type\":\"PropertyValueSpecification\",\"valueRequired\":true,\"valueName\":\"search_term_string\"}}],\"inLanguage\":\"en-GB\"},{\"@type\":\"Organization\",\"@id\":\"https:\\\/\\\/aktuelles.uni-frankfurt.de\\\/#organization\",\"name\":\"Goethe-Universit\u00e4t\",\"url\":\"https:\\\/\\\/aktuelles.uni-frankfurt.de\\\/\",\"logo\":{\"@type\":\"ImageObject\",\"inLanguage\":\"en-GB\",\"@id\":\"https:\\\/\\\/aktuelles.uni-frankfurt.de\\\/#\\\/schema\\\/logo\\\/image\\\/\",\"url\":\"https:\\\/\\\/aktuelles.uni-frankfurt.de\\\/wp-content\\\/uploads\\\/2022\\\/03\\\/800px-Goethe-Logo.png\",\"contentUrl\":\"https:\\\/\\\/aktuelles.uni-frankfurt.de\\\/wp-content\\\/uploads\\\/2022\\\/03\\\/800px-Goethe-Logo.png\",\"width\":800,\"height\":436,\"caption\":\"Goethe-Universit\u00e4t\"},\"image\":{\"@id\":\"https:\\\/\\\/aktuelles.uni-frankfurt.de\\\/#\\\/schema\\\/logo\\\/image\\\/\"}}]}<\/script>\n<!-- \/ Yoast SEO plugin. -->","yoast_head_json":{"title":"Jahrbuch 2024 Campus & Leben | Aktuelles aus der Goethe-Universit\u00e4t Frankfurt","robots":{"index":"index","follow":"follow","max-snippet":"max-snippet:-1","max-image-preview":"max-image-preview:large","max-video-preview":"max-video-preview:-1"},"canonical":"https:\/\/aktuelles.uni-frankfurt.de\/en\/jahrbuch-2024-campus-leben\/","og_locale":"en_GB","og_type":"article","og_title":"Jahrbuch 2024 Campus & Leben | Aktuelles aus der Goethe-Universit\u00e4t Frankfurt","og_description":"Forschung Lehre &amp; Studium Campus &amp; Leben Interaktion &amp; Kooperation Jahres-Chronik Daten &amp; Fakten Goethe in progress 2024 Goethe in progress 2024 \u2013 Campus &amp; Leben Zukunft aktiv gestalten Die [&hellip;]","og_url":"https:\/\/aktuelles.uni-frankfurt.de\/en\/jahrbuch-2024-campus-leben\/","og_site_name":"Aktuelles aus der Goethe-Universit\u00e4t Frankfurt","article_modified_time":"2025-10-24T06:23:24+00:00","og_image":[{"width":1078,"height":997,"url":"https:\/\/aktuelles.uni-frankfurt.de\/wp-content\/uploads\/2024\/02\/GU-Logo-blauKopfpng.png","type":"image\/png"}],"twitter_card":"summary_large_image","twitter_misc":{"Estimated reading time":"5 minutes"},"schema":{"@context":"https:\/\/schema.org","@graph":[{"@type":"WebPage","@id":"https:\/\/aktuelles.uni-frankfurt.de\/jahrbuch-2024-campus-leben\/","url":"https:\/\/aktuelles.uni-frankfurt.de\/jahrbuch-2024-campus-leben\/","name":"Jahrbuch 2024 Campus & Leben | Aktuelles aus der Goethe-Universit\u00e4t Frankfurt","isPartOf":{"@id":"https:\/\/aktuelles.uni-frankfurt.de\/#website"},"primaryImageOfPage":{"@id":"https:\/\/aktuelles.uni-frankfurt.de\/jahrbuch-2024-campus-leben\/#primaryimage"},"image":{"@id":"https:\/\/aktuelles.uni-frankfurt.de\/jahrbuch-2024-campus-leben\/#primaryimage"},"thumbnailUrl":"https:\/\/aktuelles.uni-frankfurt.de\/wp-content\/uploads\/2024\/02\/GU-Logo-blauKopfpng.png","datePublished":"2025-10-24T05:35:17+00:00","dateModified":"2025-10-24T06:23:24+00:00","breadcrumb":{"@id":"https:\/\/aktuelles.uni-frankfurt.de\/jahrbuch-2024-campus-leben\/#breadcrumb"},"inLanguage":"en-GB","potentialAction":[{"@type":"ReadAction","target":["https:\/\/aktuelles.uni-frankfurt.de\/jahrbuch-2024-campus-leben\/"]}]},{"@type":"ImageObject","inLanguage":"en-GB","@id":"https:\/\/aktuelles.uni-frankfurt.de\/jahrbuch-2024-campus-leben\/#primaryimage","url":"https:\/\/aktuelles.uni-frankfurt.de\/wp-content\/uploads\/2024\/02\/GU-Logo-blauKopfpng.png","contentUrl":"https:\/\/aktuelles.uni-frankfurt.de\/wp-content\/uploads\/2024\/02\/GU-Logo-blauKopfpng.png"},{"@type":"BreadcrumbList","@id":"https:\/\/aktuelles.uni-frankfurt.de\/jahrbuch-2024-campus-leben\/#breadcrumb","itemListElement":[{"@type":"ListItem","position":1,"name":"Startseite","item":"https:\/\/aktuelles.uni-frankfurt.de\/"},{"@type":"ListItem","position":2,"name":"Jahrbuch 2024 Campus &#038; Leben"}]},{"@type":"WebSite","@id":"https:\/\/aktuelles.uni-frankfurt.de\/#website","url":"https:\/\/aktuelles.uni-frankfurt.de\/","name":"Aktuelles aus der Goethe-Universit\u00e4t Frankfurt","description":"Aktuelles aus der Goethe-Universit\u00e4t | Neues aus Forschung, Lehre, Studium","publisher":{"@id":"https:\/\/aktuelles.uni-frankfurt.de\/#organization"},"potentialAction":[{"@type":"SearchAction","target":{"@type":"EntryPoint","urlTemplate":"https:\/\/aktuelles.uni-frankfurt.de\/?s={search_term_string}"},"query-input":{"@type":"PropertyValueSpecification","valueRequired":true,"valueName":"search_term_string"}}],"inLanguage":"en-GB"},{"@type":"Organization","@id":"https:\/\/aktuelles.uni-frankfurt.de\/#organization","name":"Goethe University Frankfurt","url":"https:\/\/aktuelles.uni-frankfurt.de\/","logo":{"@type":"ImageObject","inLanguage":"en-GB","@id":"https:\/\/aktuelles.uni-frankfurt.de\/#\/schema\/logo\/image\/","url":"https:\/\/aktuelles.uni-frankfurt.de\/wp-content\/uploads\/2022\/03\/800px-Goethe-Logo.png","contentUrl":"https:\/\/aktuelles.uni-frankfurt.de\/wp-content\/uploads\/2022\/03\/800px-Goethe-Logo.png","width":800,"height":436,"caption":"Goethe-Universit\u00e4t"},"image":{"@id":"https:\/\/aktuelles.uni-frankfurt.de\/#\/schema\/logo\/image\/"}}]}},"ticketed":false,"_links":{"self":[{"href":"https:\/\/aktuelles.uni-frankfurt.de\/en\/wp-json\/wp\/v2\/pages\/84549","targetHints":{"allow":["GET"]}}],"collection":[{"href":"https:\/\/aktuelles.uni-frankfurt.de\/en\/wp-json\/wp\/v2\/pages"}],"about":[{"href":"https:\/\/aktuelles.uni-frankfurt.de\/en\/wp-json\/wp\/v2\/types\/page"}],"author":[{"embeddable":true,"href":"https:\/\/aktuelles.uni-frankfurt.de\/en\/wp-json\/wp\/v2\/users\/24"}],"replies":[{"embeddable":true,"href":"https:\/\/aktuelles.uni-frankfurt.de\/en\/wp-json\/wp\/v2\/comments?post=84549"}],"version-history":[{"count":0,"href":"https:\/\/aktuelles.uni-frankfurt.de\/en\/wp-json\/wp\/v2\/pages\/84549\/revisions"}],"wp:attachment":[{"href":"https:\/\/aktuelles.uni-frankfurt.de\/en\/wp-json\/wp\/v2\/media?parent=84549"}],"wp:term":[{"taxonomy":"folder","embeddable":true,"href":"https:\/\/aktuelles.uni-frankfurt.de\/en\/wp-json\/wp\/v2\/folder?post=84549"}],"curies":[{"name":"wp","href":"https:\/\/api.w.org\/{rel}","templated":true}]}}