{"id":84554,"date":"2025-10-24T07:36:01","date_gmt":"2025-10-24T05:36:01","guid":{"rendered":"https:\/\/aktuelles.uni-frankfurt.de\/?page_id=84554"},"modified":"2025-10-24T08:22:10","modified_gmt":"2025-10-24T06:22:10","slug":"jahrbuch-2024-lehre-studium","status":"publish","type":"page","link":"https:\/\/aktuelles.uni-frankfurt.de\/en\/jahrbuch-2024-lehre-studium\/","title":{"rendered":"Jahrbuch 2024 Lehre &#038; Studium"},"content":{"rendered":"\t\t<div data-elementor-type=\"wp-page\" data-elementor-id=\"84554\" class=\"elementor elementor-84554\" data-elementor-settings=\"{&quot;ha_cmc_init_switcher&quot;:&quot;no&quot;}\" data-elementor-post-type=\"page\">\n\t\t\t\t\t\t<section class=\"elementor-section elementor-top-section elementor-element elementor-element-e1a0241 elementor-section-full_width elementor-hidden-tablet elementor-hidden-mobile elementor-section-height-default elementor-section-height-default\" data-id=\"e1a0241\" data-element_type=\"section\" data-settings=\"{&quot;background_background&quot;:&quot;classic&quot;,&quot;sticky&quot;:&quot;top&quot;,&quot;_ha_eqh_enable&quot;:false,&quot;sticky_on&quot;:[&quot;desktop&quot;,&quot;tablet&quot;,&quot;mobile&quot;],&quot;sticky_offset&quot;:0,&quot;sticky_effects_offset&quot;:0,&quot;sticky_anchor_link_offset&quot;:0}\">\n\t\t\t\t\t\t<div class=\"elementor-container elementor-column-gap-no\">\n\t\t\t\t\t<div data-ha-element-link=\"{&quot;url&quot;:&quot;https:\\\/\\\/aktuelles.uni-frankfurt.de\\\/jahrbuch-2024&quot;,&quot;is_external&quot;:&quot;&quot;,&quot;nofollow&quot;:&quot;&quot;}\" style=\"cursor: pointer\" class=\"elementor-column elementor-col-50 elementor-top-column elementor-element elementor-element-d65d3d0\" data-id=\"d65d3d0\" data-element_type=\"column\" data-settings=\"{&quot;background_background&quot;:&quot;classic&quot;}\">\n\t\t\t<div class=\"elementor-widget-wrap elementor-element-populated\">\n\t\t\t\t\t\t<div class=\"elementor-element elementor-element-31acfe0 elementor-widget elementor-widget-spacer\" data-id=\"31acfe0\" data-element_type=\"widget\" data-widget_type=\"spacer.default\">\n\t\t\t\t<div class=\"elementor-widget-container\">\n\t\t\t\t\t\t\t<div class=\"elementor-spacer\">\n\t\t\t<div class=\"elementor-spacer-inner\"><\/div>\n\t\t<\/div>\n\t\t\t\t\t\t<\/div>\n\t\t\t\t<\/div>\n\t\t\t\t\t<\/div>\n\t\t<\/div>\n\t\t\t\t<div class=\"elementor-column elementor-col-50 elementor-top-column elementor-element elementor-element-cb69c25\" data-id=\"cb69c25\" data-element_type=\"column\">\n\t\t\t<div class=\"elementor-widget-wrap elementor-element-populated\">\n\t\t\t\t\t\t<div class=\"elementor-element elementor-element-ddc1b64 elementor-hidden-tablet elementor-hidden-mobile elementor-widget elementor-widget-eael-image-accordion\" data-id=\"ddc1b64\" data-element_type=\"widget\" data-widget_type=\"eael-image-accordion.default\">\n\t\t\t\t<div class=\"elementor-widget-container\">\n\t\t\t\t\t    <div class=\"eael-img-accordion accordion-direction-horizontal eael-img-accordion-horizontal-align-center eael-img-accordion-vertical-align-center\" id=\"eael-img-accordion-ddc1b64\" data-img-accordion-id=\"ddc1b64\" data-img-accordion-type=\"on-hover\">\n                    \n            <div class=\"eael-image-accordion-hover eael-image-accordion-item\" style=\"background-image: url(https:\/\/aktuelles.uni-frankfurt.de\/wp-content\/uploads\/2024\/03\/akkordeon-forschung.jpg);\"  tabindex=\"0\">\n                <div class=\"overlay\">\n                                        <div class=\"overlay-inner \">\n                        <a href=\"https:\/\/aktuelles.uni-frankfurt.de\/jahrbuch-2024-forschung\/\"><h1 class=\"img-accordion-title\"><div id=\"Kasten\">Forschung<\/div><\/h1><\/a>                    <\/div>\n                <\/div>\n            <\/div>\n                    \n            <div class=\"eael-image-accordion-hover eael-image-accordion-item\" style=\"background-image: url(https:\/\/aktuelles.uni-frankfurt.de\/wp-content\/uploads\/2024\/03\/akkordeon-fakten.jpg);\"  tabindex=\"0\">\n                <div class=\"overlay\">\n                                        <div class=\"overlay-inner \">\n                        <a href=\"https:\/\/aktuelles.uni-frankfurt.de\/jahrbuch-2024-lehre-studium\/\"><h1 class=\"img-accordion-title\"><div id=\"Kasten\">Lehre &amp; Studium<\/div><\/h1><\/a>                    <\/div>\n                <\/div>\n            <\/div>\n                    \n            <div class=\"eael-image-accordion-hover eael-image-accordion-item\" style=\"background-image: url(https:\/\/aktuelles.uni-frankfurt.de\/wp-content\/uploads\/2024\/03\/akkordeon-chronik.jpg);\"  tabindex=\"0\">\n                <div class=\"overlay\">\n                                        <div class=\"overlay-inner \">\n                        <a href=\"https:\/\/aktuelles.uni-frankfurt.de\/jahrbuch-2024-campus-leben\/\"><h1 class=\"img-accordion-title\"><div id=\"Kasten\">Campus &amp; Leben<\/div><\/h1><\/a>                    <\/div>\n                <\/div>\n            <\/div>\n                    \n            <div class=\"eael-image-accordion-hover eael-image-accordion-item\" style=\"background-image: url(https:\/\/aktuelles.uni-frankfurt.de\/wp-content\/uploads\/2024\/03\/akkordeon-interaktion.jpg);\"  tabindex=\"0\">\n                <div class=\"overlay\">\n                                        <div class=\"overlay-inner \">\n                        <a href=\"https:\/\/aktuelles.uni-frankfurt.de\/jahrbuch-2024-interaktion-kooperation\/\"><h1 class=\"img-accordion-title\"><div id=\"Kasten\">Interaktion &amp; Kooperation<\/div><\/h1><\/a>                    <\/div>\n                <\/div>\n            <\/div>\n                    \n            <div class=\"eael-image-accordion-hover eael-image-accordion-item\" style=\"background-image: url(https:\/\/aktuelles.uni-frankfurt.de\/wp-content\/uploads\/2024\/03\/akkoredeon-campus.jpg);\"  tabindex=\"0\">\n                <div class=\"overlay\">\n                                        <div class=\"overlay-inner \">\n                        <a href=\"https:\/\/aktuelles.uni-frankfurt.de\/jahrbuch-2024-chronik\/\"><h1 class=\"img-accordion-title\"><div id=\"Kasten\">Jahres-Chronik<\/div><\/h1><\/a>                    <\/div>\n                <\/div>\n            <\/div>\n                    \n            <div class=\"eael-image-accordion-hover eael-image-accordion-item\" style=\"background-image: url(https:\/\/aktuelles.uni-frankfurt.de\/wp-content\/uploads\/2024\/03\/akkordeon-studium-lehre.jpg);\"  tabindex=\"0\">\n                <div class=\"overlay\">\n                                        <div class=\"overlay-inner \">\n                        <a href=\"https:\/\/aktuelles.uni-frankfurt.de\/jahrbuch-2024-daten-fakten\/\"><h1 class=\"img-accordion-title\"><div id=\"Kasten\">Daten &amp; Fakten<\/div><\/h1><\/a>                    <\/div>\n                <\/div>\n            <\/div>\n                <\/div>\n        <style typr=\"text\/css\">\n                    #eael-img-accordion-ddc1b64 .eael-image-accordion-hover:hover {\n                        flex: 3 1 0% !important;\n                    }\n                    #eael-img-accordion-ddc1b64 .eael-image-accordion-hover:hover:hover .overlay-inner * {\n                        opacity: 1;\n                        visibility: visible;\n                        transform: none;\n                        transition: all .3s .3s;\n                    }\n                <\/style>\t\t\t\t<\/div>\n\t\t\t\t<\/div>\n\t\t\t\t\t<\/div>\n\t\t<\/div>\n\t\t\t\t\t<\/div>\n\t\t<\/section>\n\t\t\t\t<header class=\"elementor-section elementor-top-section elementor-element elementor-element-6b8b8d4 elementor-section-content-middle elementor-section-full_width elementor-hidden-desktop elementor-section-height-default elementor-section-height-default\" data-id=\"6b8b8d4\" data-element_type=\"section\" data-settings=\"{&quot;background_background&quot;:&quot;classic&quot;,&quot;sticky&quot;:&quot;top&quot;,&quot;sticky_on&quot;:[&quot;desktop&quot;,&quot;tablet&quot;,&quot;mobile&quot;],&quot;sticky_offset&quot;:0,&quot;sticky_effects_offset&quot;:0,&quot;sticky_anchor_link_offset&quot;:0}\">\n\t\t\t\t\t\t<div class=\"elementor-container elementor-column-gap-no\">\n\t\t\t\t\t<div data-ha-element-link=\"{&quot;url&quot;:&quot;https:\\\/\\\/aktuelles.uni-frankfurt.de\\\/jahrbuch-2022\\\/&quot;,&quot;is_external&quot;:&quot;&quot;,&quot;nofollow&quot;:&quot;&quot;}\" style=\"cursor: pointer\" class=\"elementor-column elementor-col-25 elementor-top-column elementor-element elementor-element-9455f22\" data-id=\"9455f22\" data-element_type=\"column\">\n\t\t\t<div class=\"elementor-widget-wrap elementor-element-populated\">\n\t\t\t\t\t\t<div class=\"elementor-element elementor-element-8a7b485 elementor-widget-mobile__width-auto elementor-widget elementor-widget-image\" data-id=\"8a7b485\" data-element_type=\"widget\" data-widget_type=\"image.default\">\n\t\t\t\t<div class=\"elementor-widget-container\">\n\t\t\t\t\t\t\t\t\t\t\t\t\t\t\t\t<a href=\"https:\/\/www.uni-frankfurt.de\/\">\n\t\t\t\t\t\t\t<img fetchpriority=\"high\" decoding=\"async\" width=\"1078\" height=\"997\" src=\"https:\/\/aktuelles.uni-frankfurt.de\/wp-content\/uploads\/2024\/02\/GU-Logo-blauKopfpng.png\" class=\"attachment-1536x1536 size-1536x1536 wp-image-79205\" alt=\"\" srcset=\"https:\/\/aktuelles.uni-frankfurt.de\/wp-content\/uploads\/2024\/02\/GU-Logo-blauKopfpng.png 1078w, https:\/\/aktuelles.uni-frankfurt.de\/wp-content\/uploads\/2024\/02\/GU-Logo-blauKopfpng-300x277.png 300w, https:\/\/aktuelles.uni-frankfurt.de\/wp-content\/uploads\/2024\/02\/GU-Logo-blauKopfpng-500x462.png 500w, https:\/\/aktuelles.uni-frankfurt.de\/wp-content\/uploads\/2024\/02\/GU-Logo-blauKopfpng-768x710.png 768w, https:\/\/aktuelles.uni-frankfurt.de\/wp-content\/uploads\/2024\/02\/GU-Logo-blauKopfpng-13x12.png 13w\" sizes=\"(max-width: 1078px) 100vw, 1078px\" \/>\t\t\t\t\t\t\t\t<\/a>\n\t\t\t\t\t\t\t\t\t\t\t\t\t\t\t<\/div>\n\t\t\t\t<\/div>\n\t\t\t\t\t<\/div>\n\t\t<\/div>\n\t\t\t\t<div class=\"elementor-column elementor-col-50 elementor-top-column elementor-element elementor-element-0e77faf\" data-id=\"0e77faf\" data-element_type=\"column\">\n\t\t\t<div class=\"elementor-widget-wrap elementor-element-populated\">\n\t\t\t\t\t\t<div class=\"elementor-element elementor-element-762b70f animated-fast elementor-invisible elementor-widget elementor-widget-text-editor\" data-id=\"762b70f\" data-element_type=\"widget\" data-settings=\"{&quot;_animation&quot;:&quot;fadeInUp&quot;}\" data-widget_type=\"text-editor.default\">\n\t\t\t\t<div class=\"elementor-widget-container\">\n\t\t\t\t\t\t\t\t\t<p>Goethe in progress <a style=\"color: #016191;\"> 2024<\/a><\/p>\t\t\t\t\t\t\t\t<\/div>\n\t\t\t\t<\/div>\n\t\t\t\t\t<\/div>\n\t\t<\/div>\n\t\t\t\t<div class=\"elementor-column elementor-col-25 elementor-top-column elementor-element elementor-element-de4908d\" data-id=\"de4908d\" data-element_type=\"column\">\n\t\t\t<div class=\"elementor-widget-wrap elementor-element-populated\">\n\t\t\t\t\t\t<div class=\"elementor-element elementor-element-ea61b4f elementor-widget-mobile__width-auto elementor-view-default elementor-widget elementor-widget-icon\" data-id=\"ea61b4f\" data-element_type=\"widget\" data-widget_type=\"icon.default\">\n\t\t\t\t<div class=\"elementor-widget-container\">\n\t\t\t\t\t\t\t<div class=\"elementor-icon-wrapper\">\n\t\t\t<a class=\"elementor-icon\" href=\"#elementor-action%3Aaction%3Dpopup%3Aopen%26settings%3DeyJpZCI6Ijg1NTM1IiwidG9nZ2xlIjpmYWxzZX0%3D\">\n\t\t\t<i aria-hidden=\"true\" class=\"icon icon-menu-11\"><\/i>\t\t\t<\/a>\n\t\t<\/div>\n\t\t\t\t\t\t<\/div>\n\t\t\t\t<\/div>\n\t\t\t\t\t<\/div>\n\t\t<\/div>\n\t\t\t\t\t<\/div>\n\t\t<\/header>\n\t\t\t\t<section class=\"elementor-section elementor-top-section elementor-element elementor-element-72146b7 elementor-section-full_width elementor-section-height-min-height elementor-section-content-top elementor-section-items-stretch elementor-section-height-default\" data-id=\"72146b7\" data-element_type=\"section\" id=\"intro\" data-settings=\"{&quot;background_background&quot;:&quot;classic&quot;,&quot;_ha_eqh_enable&quot;:false}\">\n\t\t\t\t\t\t<div class=\"elementor-container elementor-column-gap-no\">\n\t\t\t\t\t<div class=\"elementor-column elementor-col-100 elementor-top-column elementor-element elementor-element-7377d7f\" data-id=\"7377d7f\" data-element_type=\"column\">\n\t\t\t<div class=\"elementor-widget-wrap elementor-element-populated\">\n\t\t\t\t\t\t<div class=\"elementor-element elementor-element-cea9063 elementor-widget__width-auto elementor-fixed elementor-view-default elementor-widget elementor-widget-icon\" data-id=\"cea9063\" data-element_type=\"widget\" data-settings=\"{&quot;_position&quot;:&quot;fixed&quot;,&quot;sticky&quot;:&quot;bottom&quot;,&quot;motion_fx_motion_fx_scrolling&quot;:&quot;yes&quot;,&quot;motion_fx_opacity_effect&quot;:&quot;yes&quot;,&quot;motion_fx_range&quot;:&quot;viewport&quot;,&quot;motion_fx_opacity_direction&quot;:&quot;out-in&quot;,&quot;motion_fx_opacity_level&quot;:{&quot;unit&quot;:&quot;px&quot;,&quot;size&quot;:10,&quot;sizes&quot;:[]},&quot;motion_fx_opacity_range&quot;:{&quot;unit&quot;:&quot;%&quot;,&quot;size&quot;:&quot;&quot;,&quot;sizes&quot;:{&quot;start&quot;:20,&quot;end&quot;:80}},&quot;motion_fx_devices&quot;:[&quot;desktop&quot;,&quot;tablet&quot;,&quot;mobile&quot;],&quot;sticky_on&quot;:[&quot;desktop&quot;,&quot;tablet&quot;,&quot;mobile&quot;],&quot;sticky_offset&quot;:0,&quot;sticky_effects_offset&quot;:0,&quot;sticky_anchor_link_offset&quot;:0}\" data-widget_type=\"icon.default\">\n\t\t\t\t<div class=\"elementor-widget-container\">\n\t\t\t\t\t\t\t<div class=\"elementor-icon-wrapper\">\n\t\t\t<a class=\"elementor-icon\" href=\"#intro\">\n\t\t\t<i aria-hidden=\"true\" class=\"fas fa-arrow-circle-up\"><\/i>\t\t\t<\/a>\n\t\t<\/div>\n\t\t\t\t\t\t<\/div>\n\t\t\t\t<\/div>\n\t\t\t\t<div class=\"elementor-element elementor-element-8bfa15a elementor-widget__width-auto elementor-fixed elementor-view-default elementor-widget elementor-widget-icon\" data-id=\"8bfa15a\" data-element_type=\"widget\" data-settings=\"{&quot;_position&quot;:&quot;fixed&quot;,&quot;motion_fx_motion_fx_scrolling&quot;:&quot;yes&quot;,&quot;motion_fx_opacity_effect&quot;:&quot;yes&quot;,&quot;motion_fx_range&quot;:&quot;viewport&quot;,&quot;motion_fx_opacity_direction&quot;:&quot;out-in&quot;,&quot;motion_fx_opacity_level&quot;:{&quot;unit&quot;:&quot;px&quot;,&quot;size&quot;:10,&quot;sizes&quot;:[]},&quot;motion_fx_opacity_range&quot;:{&quot;unit&quot;:&quot;%&quot;,&quot;size&quot;:&quot;&quot;,&quot;sizes&quot;:{&quot;start&quot;:20,&quot;end&quot;:80}},&quot;motion_fx_devices&quot;:[&quot;desktop&quot;,&quot;tablet&quot;,&quot;mobile&quot;]}\" data-widget_type=\"icon.default\">\n\t\t\t\t<div class=\"elementor-widget-container\">\n\t\t\t\t\t\t\t<div class=\"elementor-icon-wrapper\">\n\t\t\t<a class=\"elementor-icon\" href=\"#elementor-action%3Aaction%3Dpopup%3Aopen%26settings%3DeyJpZCI6Ijg1MTkxIiwidG9nZ2xlIjpmYWxzZX0%3D\">\n\t\t\t<i aria-hidden=\"true\" class=\"icon icon-menu-9\"><\/i>\t\t\t<\/a>\n\t\t<\/div>\n\t\t\t\t\t\t<\/div>\n\t\t\t\t<\/div>\n\t\t\t\t\t<\/div>\n\t\t<\/div>\n\t\t\t\t\t<\/div>\n\t\t<\/section>\n\t\t\t\t<section class=\"elementor-section elementor-top-section elementor-element elementor-element-a6d85cd elementor-section-content-middle elementor-section-boxed elementor-section-height-default elementor-section-height-default\" data-id=\"a6d85cd\" data-element_type=\"section\" data-settings=\"{&quot;background_background&quot;:&quot;classic&quot;,&quot;_ha_eqh_enable&quot;:false}\">\n\t\t\t\t\t\t<div class=\"elementor-container elementor-column-gap-no\">\n\t\t\t\t\t<div class=\"elementor-column elementor-col-100 elementor-top-column elementor-element elementor-element-0712888 crank-it\" data-id=\"0712888\" data-element_type=\"column\" data-settings=\"{&quot;background_background&quot;:&quot;classic&quot;}\">\n\t\t\t<div class=\"elementor-widget-wrap elementor-element-populated\">\n\t\t\t\t\t\t<div class=\"elementor-element elementor-element-02130b4 invert elementor-absolute elementor-widget elementor-widget-image\" data-id=\"02130b4\" data-element_type=\"widget\" data-settings=\"{&quot;motion_fx_motion_fx_scrolling&quot;:&quot;yes&quot;,&quot;motion_fx_rotateZ_effect&quot;:&quot;yes&quot;,&quot;motion_fx_rotateZ_direction&quot;:&quot;negative&quot;,&quot;_position&quot;:&quot;absolute&quot;,&quot;motion_fx_rotateZ_speed&quot;:{&quot;unit&quot;:&quot;px&quot;,&quot;size&quot;:1,&quot;sizes&quot;:[]},&quot;motion_fx_rotateZ_affectedRange&quot;:{&quot;unit&quot;:&quot;%&quot;,&quot;size&quot;:&quot;&quot;,&quot;sizes&quot;:{&quot;start&quot;:0,&quot;end&quot;:100}},&quot;motion_fx_devices&quot;:[&quot;desktop&quot;,&quot;tablet&quot;,&quot;mobile&quot;]}\" data-widget_type=\"image.default\">\n\t\t\t\t<div class=\"elementor-widget-container\">\n\t\t\t\t\t\t\t\t\t\t\t\t\t\t\t<img decoding=\"async\" width=\"1501\" height=\"1651\" src=\"https:\/\/aktuelles.uni-frankfurt.de\/wp-content\/uploads\/2024\/03\/jahrbuch22-sternpng.png\" class=\"attachment-2048x2048 size-2048x2048 wp-image-79286\" alt=\"\" srcset=\"https:\/\/aktuelles.uni-frankfurt.de\/wp-content\/uploads\/2024\/03\/jahrbuch22-sternpng.png 1501w, https:\/\/aktuelles.uni-frankfurt.de\/wp-content\/uploads\/2024\/03\/jahrbuch22-sternpng-273x300.png 273w, https:\/\/aktuelles.uni-frankfurt.de\/wp-content\/uploads\/2024\/03\/jahrbuch22-sternpng-455x500.png 455w, https:\/\/aktuelles.uni-frankfurt.de\/wp-content\/uploads\/2024\/03\/jahrbuch22-sternpng-768x845.png 768w, https:\/\/aktuelles.uni-frankfurt.de\/wp-content\/uploads\/2024\/03\/jahrbuch22-sternpng-1396x1536.png 1396w, https:\/\/aktuelles.uni-frankfurt.de\/wp-content\/uploads\/2024\/03\/jahrbuch22-sternpng-11x12.png 11w\" sizes=\"(max-width: 1501px) 100vw, 1501px\" \/>\t\t\t\t\t\t\t\t\t\t\t\t\t\t\t<\/div>\n\t\t\t\t<\/div>\n\t\t\t\t<div class=\"elementor-element elementor-element-bf02ede elementor-widget elementor-widget-heading\" data-id=\"bf02ede\" data-element_type=\"widget\" data-widget_type=\"heading.default\">\n\t\t\t\t<div class=\"elementor-widget-container\">\n\t\t\t\t\t<h2 class=\"elementor-heading-title elementor-size-default\">Goethe in progress 2024 \u2013 Lehre &amp; Studium<\/h2>\t\t\t\t<\/div>\n\t\t\t\t<\/div>\n\t\t\t\t<div class=\"elementor-element elementor-element-93ba1a9 elementor-invisible elementor-widget elementor-widget-heading\" data-id=\"93ba1a9\" data-element_type=\"widget\" data-settings=\"{&quot;_animation&quot;:&quot;fadeInUp&quot;}\" data-widget_type=\"heading.default\">\n\t\t\t\t<div class=\"elementor-widget-container\">\n\t\t\t\t\t<h1 class=\"elementor-heading-title elementor-size-default\">Wie wir lernen<\/h1>\t\t\t\t<\/div>\n\t\t\t\t<\/div>\n\t\t\t\t<div class=\"elementor-element elementor-element-d9b382d animated-fast elementor-invisible elementor-widget elementor-widget-text-editor\" data-id=\"d9b382d\" data-element_type=\"widget\" data-settings=\"{&quot;_animation&quot;:&quot;fadeInUp&quot;}\" data-widget_type=\"text-editor.default\">\n\t\t\t\t<div class=\"elementor-widget-container\">\n\t\t\t\t\t\t\t\t\t<p>Mehr als 80 Prozent der Studierenden haben Freude an ihrem Studienfach \u2013 das wissen wir durch die dritte Befragung, die die Goethe-Universit\u00e4t unter ihren Studierenden durchgef\u00fchrt hat. Was sie auch gefragt hat: Wie finanzieren die Studierenden ihr Studium? Wie viele studieren in Teilzeit? Und wie viele kommen aus dem Ausland? Der Universit\u00e4t ist es ein Anliegen, eine m\u00f6glichst hohe Zufriedenheit unter ihren Studierenden zu erreichen. Zum Beispiel auch durch das Studienangebot: Das wird regelm\u00e4\u00dfig begutachtet und ist 2024 durch neue \u2013 internationale \u2013 Bachelor- und Masterstudieng\u00e4nge erweitert worden.<\/p><p>Gleich mit zwei Projekten war die Goethe-Universit\u00e4t 2024 beim \u201eHessischen Hochschulpreis f\u00fcr Exzellenz in der Lehre\u201c erfolgreich \u2013 auch dabei spielten Studierende eine prominente Rolle. Ausgezeichnet wurde zudem das \u201eInklusive Sch\u00fclerlabor Farben\u201c: Es bringt Sch\u00fcler*innen Farben aus den Blickwinkeln von Chemie, Physik und Biologie nahe. Daf\u00fcr erhielt es einen \u201ePreis der Vielfalt\u201c.<\/p>\t\t\t\t\t\t\t\t<\/div>\n\t\t\t\t<\/div>\n\t\t\t\t\t<\/div>\n\t\t<\/div>\n\t\t\t\t\t<\/div>\n\t\t<\/section>\n\t\t\t\t<section class=\"elementor-section elementor-top-section elementor-element elementor-element-50cd537 elementor-section-content-middle animated-fast elementor-section-boxed elementor-section-height-default elementor-section-height-default elementor-invisible\" data-id=\"50cd537\" data-element_type=\"section\" data-settings=\"{&quot;animation&quot;:&quot;fadeInUp&quot;,&quot;_ha_eqh_enable&quot;:false}\">\n\t\t\t\t\t\t<div class=\"elementor-container elementor-column-gap-no\">\n\t\t\t\t\t<div data-ha-element-link=\"{&quot;url&quot;:&quot;#Exzellenzwettbewerb&quot;,&quot;is_external&quot;:&quot;&quot;,&quot;nofollow&quot;:&quot;&quot;}\" style=\"cursor: pointer\" class=\"elementor-column elementor-col-100 elementor-top-column elementor-element elementor-element-b778e74 elementor-invisible\" data-id=\"b778e74\" data-element_type=\"column\" data-settings=\"{&quot;animation&quot;:&quot;fadeIn&quot;}\">\n\t\t\t<div class=\"elementor-widget-wrap elementor-element-populated\">\n\t\t\t\t\t\t<div data-ha-element-link=\"{&quot;url&quot;:&quot;#Studierendenbefragung&quot;,&quot;is_external&quot;:&quot;&quot;,&quot;nofollow&quot;:&quot;&quot;}\" style=\"cursor: pointer\" class=\"elementor-element elementor-element-1273dbe elementor-hidden-mobile elementor-arrows-yes elementor-pagination-type-bullets elementor--star-style-star_fontawesome elementor-widget elementor-widget-reviews\" data-id=\"1273dbe\" data-element_type=\"widget\" data-settings=\"{&quot;slides_per_view&quot;:&quot;2&quot;,&quot;autoplay_speed&quot;:3000,&quot;space_between&quot;:{&quot;unit&quot;:&quot;px&quot;,&quot;size&quot;:15,&quot;sizes&quot;:[]},&quot;show_arrows&quot;:&quot;yes&quot;,&quot;pagination&quot;:&quot;bullets&quot;,&quot;speed&quot;:500,&quot;autoplay&quot;:&quot;yes&quot;,&quot;loop&quot;:&quot;yes&quot;,&quot;pause_on_hover&quot;:&quot;yes&quot;,&quot;pause_on_interaction&quot;:&quot;yes&quot;,&quot;space_between_tablet&quot;:{&quot;unit&quot;:&quot;px&quot;,&quot;size&quot;:10,&quot;sizes&quot;:[]},&quot;space_between_mobile&quot;:{&quot;unit&quot;:&quot;px&quot;,&quot;size&quot;:10,&quot;sizes&quot;:[]}}\" data-widget_type=\"reviews.default\">\n\t\t\t\t<div class=\"elementor-widget-container\">\n\t\t\t\t\t\t\t\t\t<div class=\"elementor-swiper\">\n\t\t\t\t\t<div class=\"elementor-main-swiper swiper\" role=\"region\" aria-roledescription=\"carousel\" aria-label=\"Slider\">\n\t\t\t\t<div class=\"swiper-wrapper\">\n\t\t\t\t\t\t\t\t\t\t\t<div class=\"swiper-slide\" role=\"group\" aria-roledescription=\"slide\">\n\t\t\t\t\t\t\t\t\t<div class=\"elementor-testimonial elementor-repeater-item-f14e8bc\">\n\t\t\t\t\t\t\t<a class=\"elementor-testimonial__header\" href=\"#Alliance-Science-Festival\">\n\t\t\t\t\t\t\t\t\t\t\t<div class=\"elementor-testimonial__image\">\n\t\t\t\t\t\t\t<img decoding=\"async\" src=\"https:\/\/aktuelles.uni-frankfurt.de\/wp-content\/uploads\/2025\/08\/Foto-1-Goethe-Uni_Architektur_2025_Marc_Jacquemin_4684_web.jpg\" alt=\"&lt;div style=&quot;margin-top: 15px; margin-bottom: 15px;&quot;&gt;Studierendenbefragung&lt;\/div&gt;\">\n\t\t\t\t\t\t\t\t\t\t\t\t\t<\/div>\n\t\t\t\t\t\t\t\t\t\t<cite class=\"elementor-testimonial__cite\"><span class=\"elementor-testimonial__name\"><div style=\"margin-top: 15px;margin-bottom: 15px\">Studierendenbefragung<\/div><\/span><span class=\"elementor-testimonial__title\"><div style=\"margin-top: 15px\">Maximal zufrieden?<\/div><\/span><\/cite>\t\t\t\t\t<div class=\"elementor-testimonial__icon elementor-icon elementor-icon-\" aria-label=\"Read More\"><\/div>\t\t\t\t<\/a>\n\t\t\t\t\t\t\t\t<\/div>\n\t\t\t\t\t\t\t\t<\/div>\n\t\t\t\t\t\t\t\t\t\t\t<div class=\"swiper-slide\" role=\"group\" aria-roledescription=\"slide\">\n\t\t\t\t\t\t\t\t\t<div class=\"elementor-testimonial elementor-repeater-item-bdc88e3\">\n\t\t\t\t\t\t\t<a class=\"elementor-testimonial__header\" href=\"#Ausgezeichnet\">\n\t\t\t\t\t\t\t\t\t\t\t<div class=\"elementor-testimonial__image\">\n\t\t\t\t\t\t\t<img decoding=\"async\" src=\"https:\/\/aktuelles.uni-frankfurt.de\/wp-content\/uploads\/2025\/08\/LS_Hochschulpreis_Studentische-Initiative_GU_c_HMWK_web.jpg\" alt=\"&lt;div style=&quot;margin-top: 15px; margin-bottom: 15px;&quot;&gt;Ausgezeichnet&lt;\/div&gt;\">\n\t\t\t\t\t\t\t\t\t\t\t\t\t<\/div>\n\t\t\t\t\t\t\t\t\t\t<cite class=\"elementor-testimonial__cite\"><span class=\"elementor-testimonial__name\"><div style=\"margin-top: 15px;margin-bottom: 15px\">Ausgezeichnet<\/div><\/span><span class=\"elementor-testimonial__title\"><div style=\"margin-top: 15px\">Preise f\u00fcr studentische Lehr-, Lern- und Experimentierr\u00e4ume<\/div><\/span><\/cite>\t\t\t\t\t<div class=\"elementor-testimonial__icon elementor-icon elementor-icon-\" aria-label=\"Read More\"><\/div>\t\t\t\t<\/a>\n\t\t\t\t\t\t\t\t<\/div>\n\t\t\t\t\t\t\t\t<\/div>\n\t\t\t\t\t\t\t\t\t\t\t<div class=\"swiper-slide\" role=\"group\" aria-roledescription=\"slide\">\n\t\t\t\t\t\t\t\t\t<div class=\"elementor-testimonial elementor-repeater-item-c068a24\">\n\t\t\t\t\t\t\t<a class=\"elementor-testimonial__header\" href=\"#Ausbildung_Lehramt\">\n\t\t\t\t\t\t\t\t\t\t\t<div class=\"elementor-testimonial__image\">\n\t\t\t\t\t\t\t<img decoding=\"async\" src=\"https:\/\/aktuelles.uni-frankfurt.de\/wp-content\/uploads\/2025\/08\/BILd-1_DSC_9922ABL_EXAMEN_WS2425-002_web.jpg\" alt=\"&lt;div style=&quot;margin-top: 15px; margin-bottom: 15px;&quot;&gt;Ausbildung Lehramt &lt;\/div&gt;\">\n\t\t\t\t\t\t\t\t\t\t\t\t\t<\/div>\n\t\t\t\t\t\t\t\t\t\t<cite class=\"elementor-testimonial__cite\"><span class=\"elementor-testimonial__name\"><div style=\"margin-top: 15px;margin-bottom: 15px\">Ausbildung Lehramt <\/div><\/span><span class=\"elementor-testimonial__title\"><div style=\"margin-top: 15px\">Praxisnah und international<\/div><\/span><\/cite>\t\t\t\t\t<div class=\"elementor-testimonial__icon elementor-icon elementor-icon-\" aria-label=\"Read More\"><\/div>\t\t\t\t<\/a>\n\t\t\t\t\t\t\t\t<\/div>\n\t\t\t\t\t\t\t\t<\/div>\n\t\t\t\t\t\t\t\t\t\t\t<div class=\"swiper-slide\" role=\"group\" aria-roledescription=\"slide\">\n\t\t\t\t\t\t\t\t\t<div class=\"elementor-testimonial elementor-repeater-item-a0d2249\">\n\t\t\t\t\t\t\t<a class=\"elementor-testimonial__header\" href=\"#Bachelor_Master\">\n\t\t\t\t\t\t\t\t\t\t\t<div class=\"elementor-testimonial__image\">\n\t\t\t\t\t\t\t<img decoding=\"async\" src=\"https:\/\/aktuelles.uni-frankfurt.de\/wp-content\/uploads\/2025\/08\/LS_4a_ULB-SBS-Juin2019.jpg\" alt=\"&lt;div style=&quot;margin-top: 15px; margin-bottom: 15px;&quot;&gt;Neue Bachelor- und Masterstudieng\u00e4nge&lt;\/div&gt;\">\n\t\t\t\t\t\t\t\t\t\t\t\t\t<\/div>\n\t\t\t\t\t\t\t\t\t\t<cite class=\"elementor-testimonial__cite\"><span class=\"elementor-testimonial__name\"><div style=\"margin-top: 15px;margin-bottom: 15px\">Neue Bachelor- und Masterstudieng\u00e4nge<\/div><\/span><span class=\"elementor-testimonial__title\"><div style=\"margin-top: 15px\">Leben und Lernen in drei L\u00e4ndern\u201c<\/div><\/span><\/cite>\t\t\t\t\t<div class=\"elementor-testimonial__icon elementor-icon elementor-icon-\" aria-label=\"Read More\"><\/div>\t\t\t\t<\/a>\n\t\t\t\t\t\t\t\t<\/div>\n\t\t\t\t\t\t\t\t<\/div>\n\t\t\t\t\t\t\t\t\t\t\t<div class=\"swiper-slide\" role=\"group\" aria-roledescription=\"slide\">\n\t\t\t\t\t\t\t\t\t<div class=\"elementor-testimonial elementor-repeater-item-1e5a5e1\">\n\t\t\t\t\t\t\t<a class=\"elementor-testimonial__header\" href=\"#Schreibzentrum\">\n\t\t\t\t\t\t\t\t\t\t\t<div class=\"elementor-testimonial__image\">\n\t\t\t\t\t\t\t<img decoding=\"async\" src=\"https:\/\/aktuelles.uni-frankfurt.de\/wp-content\/uploads\/2025\/08\/Schreibwerkstatt_Bild-2_DSC4714_web.jpg\" alt=\"&lt;div style=&quot;margin-top: 15px; margin-bottom: 15px;&quot;&gt;Zentren f\u00fcr Lehre \u2013 Schreibzentrum&lt;\/div&gt;\">\n\t\t\t\t\t\t\t\t\t\t\t\t\t<\/div>\n\t\t\t\t\t\t\t\t\t\t<cite class=\"elementor-testimonial__cite\"><span class=\"elementor-testimonial__name\"><div style=\"margin-top: 15px;margin-bottom: 15px\">Zentren f\u00fcr Lehre \u2013 Schreibzentrum<\/div><\/span><span class=\"elementor-testimonial__title\"><div style=\"margin-top: 15px\">\u201eEin Basistipp ist, dass Schreiben eigentlich nicht alleine passiert\u201c<\/div><\/span><\/cite>\t\t\t\t\t<div class=\"elementor-testimonial__icon elementor-icon elementor-icon-\" aria-label=\"Read More\"><\/div>\t\t\t\t<\/a>\n\t\t\t\t\t\t\t\t<\/div>\n\t\t\t\t\t\t\t\t<\/div>\n\t\t\t\t\t\t\t\t\t<\/div>\n\t\t\t\t\t\t\t\t\t\t\t\t\t\t\t<div class=\"elementor-swiper-button elementor-swiper-button-prev\" role=\"button\" tabindex=\"0\" aria-label=\"Previous\">\n\t\t\t\t\t\t\t<i aria-hidden=\"true\" class=\"eicon-chevron-left\"><\/i>\t\t\t\t\t\t<\/div>\n\t\t\t\t\t\t<div class=\"elementor-swiper-button elementor-swiper-button-next\" role=\"button\" tabindex=\"0\" aria-label=\"Next\">\n\t\t\t\t\t\t\t<i aria-hidden=\"true\" class=\"eicon-chevron-right\"><\/i>\t\t\t\t\t\t<\/div>\n\t\t\t\t\t\t\t\t\t\t\t\t\t\t\t\t<div class=\"swiper-pagination\"><\/div>\n\t\t\t\t\t\t\t\t\t\t\t\t<\/div>\n\t\t\t\t<\/div>\n\t\t\t\t\t\t\t\t<\/div>\n\t\t\t\t<\/div>\n\t\t\t\t\t<\/div>\n\t\t<\/div>\n\t\t\t\t\t<\/div>\n\t\t<\/section>\n\t\t\t\t<section class=\"elementor-section elementor-top-section elementor-element elementor-element-2f21080 elementor-section-full_width elementor-section-height-min-height elementor-section-items-stretch elementor-section-height-default\" data-id=\"2f21080\" data-element_type=\"section\" id=\"Studierendenbefragung\" data-settings=\"{&quot;background_background&quot;:&quot;classic&quot;,&quot;_ha_eqh_enable&quot;:false}\">\n\t\t\t\t\t\t<div class=\"elementor-container elementor-column-gap-default\">\n\t\t\t\t\t<div class=\"elementor-column elementor-col-50 elementor-top-column elementor-element elementor-element-12f454b\" data-id=\"12f454b\" data-element_type=\"column\" data-settings=\"{&quot;background_background&quot;:&quot;classic&quot;}\">\n\t\t\t<div class=\"elementor-widget-wrap elementor-element-populated\">\n\t\t\t\t\t\t<div class=\"elementor-element elementor-element-6d14cca elementor-widget elementor-widget-spacer\" data-id=\"6d14cca\" data-element_type=\"widget\" data-widget_type=\"spacer.default\">\n\t\t\t\t<div class=\"elementor-widget-container\">\n\t\t\t\t\t\t\t<div class=\"elementor-spacer\">\n\t\t\t<div class=\"elementor-spacer-inner\"><\/div>\n\t\t<\/div>\n\t\t\t\t\t\t<\/div>\n\t\t\t\t<\/div>\n\t\t\t\t<div class=\"elementor-element elementor-element-15f2ced animated-fast elementor-widget__width-initial ha-has-bg-overlay elementor-invisible elementor-widget elementor-widget-text-editor\" data-id=\"15f2ced\" data-element_type=\"widget\" data-settings=\"{&quot;_animation&quot;:&quot;fadeInUp&quot;}\" data-widget_type=\"text-editor.default\">\n\t\t\t\t<div class=\"elementor-widget-container\">\n\t\t\t\t\t\t\t\t\t<p>Foto: Marc Jacquemin<\/p>\t\t\t\t\t\t\t\t<\/div>\n\t\t\t\t<\/div>\n\t\t\t\t\t<\/div>\n\t\t<\/div>\n\t\t\t\t<div class=\"elementor-column elementor-col-50 elementor-top-column elementor-element elementor-element-072740f\" data-id=\"072740f\" data-element_type=\"column\">\n\t\t\t<div class=\"elementor-widget-wrap elementor-element-populated\">\n\t\t\t\t\t\t<div class=\"elementor-element elementor-element-42f2e8a elementor-align-start elementor-mobile-align-start elementor-icon-list--layout-traditional elementor-list-item-link-full_width elementor-widget elementor-widget-icon-list\" data-id=\"42f2e8a\" data-element_type=\"widget\" data-widget_type=\"icon-list.default\">\n\t\t\t\t<div class=\"elementor-widget-container\">\n\t\t\t\t\t\t\t<ul class=\"elementor-icon-list-items\">\n\t\t\t\t\t\t\t<li class=\"elementor-icon-list-item\">\n\t\t\t\t\t\t\t\t\t\t<span class=\"elementor-icon-list-text\">Studierendenbefragung<\/span>\n\t\t\t\t\t\t\t\t\t<\/li>\n\t\t\t\t\t\t<\/ul>\n\t\t\t\t\t\t<\/div>\n\t\t\t\t<\/div>\n\t\t\t\t<div class=\"elementor-element elementor-element-a5e0efc animated-fast elementor-invisible elementor-widget elementor-widget-heading\" data-id=\"a5e0efc\" data-element_type=\"widget\" data-settings=\"{&quot;_animation&quot;:&quot;fadeInUp&quot;}\" data-widget_type=\"heading.default\">\n\t\t\t\t<div class=\"elementor-widget-container\">\n\t\t\t\t\t<h2 class=\"elementor-heading-title elementor-size-default\">Maximal zufrieden?<\/h2>\t\t\t\t<\/div>\n\t\t\t\t<\/div>\n\t\t\t\t<div class=\"elementor-element elementor-element-3570d3a animated-fast elementor-invisible elementor-widget elementor-widget-text-editor\" data-id=\"3570d3a\" data-element_type=\"widget\" data-settings=\"{&quot;_animation&quot;:&quot;fadeInUp&quot;}\" data-widget_type=\"text-editor.default\">\n\t\t\t\t<div class=\"elementor-widget-container\">\n\t\t\t\t\t\t\t\t\t<p>W\u00fcrden sie ihr Fach noch einmal w\u00e4hlen? Wie finanzieren sie ihr Studium? Und wo wohnen sie? Im Wintersemester 2022\/23 befragte die Goethe-Universit\u00e4t zum dritten Mal ihre Studierenden. 2024 lagen die Ergebnisse vor.<\/p>\t\t\t\t\t\t\t\t<\/div>\n\t\t\t\t<\/div>\n\t\t\t\t\t<\/div>\n\t\t<\/div>\n\t\t\t\t\t<\/div>\n\t\t<\/section>\n\t\t\t\t<section class=\"elementor-section elementor-top-section elementor-element elementor-element-57ee743 elementor-section-content-middle elementor-section-boxed elementor-section-height-default elementor-section-height-default\" data-id=\"57ee743\" data-element_type=\"section\" data-settings=\"{&quot;_ha_eqh_enable&quot;:false}\">\n\t\t\t\t\t\t<div class=\"elementor-container elementor-column-gap-no\">\n\t\t\t\t\t<div class=\"elementor-column elementor-col-100 elementor-top-column elementor-element elementor-element-07c8b2a\" data-id=\"07c8b2a\" data-element_type=\"column\">\n\t\t\t<div class=\"elementor-widget-wrap elementor-element-populated\">\n\t\t\t\t\t\t<div class=\"elementor-element elementor-element-ef785f7 animated-fast elementor-invisible elementor-widget elementor-widget-text-editor\" data-id=\"ef785f7\" data-element_type=\"widget\" data-settings=\"{&quot;_animation&quot;:&quot;fadeInUp&quot;}\" data-widget_type=\"text-editor.default\">\n\t\t\t\t<div class=\"elementor-widget-container\">\n\t\t\t\t\t\t\t\t\t<p>Die einen wohnen bei den Eltern, andere jobben, um sich Wohnung und Alltag finanzieren zu k\u00f6nnen; manche geben an, in Teilzeit zu studieren, obwohl sie f\u00fcr ein Vollzeitstudium immatrikuliert sind; einige haben ihr Abitur im Ausland abgelegt, andere kommen aus einer Familie mit Migrationshintergrund, manche haben selbst schon Familie. So unterschiedlich die Lebenswelten der knapp 41.000 Studierenden an der Goethe-Universit\u00e4t sind \u2013 der Universit\u00e4t ist es ein Anliegen, eine m\u00f6glichst hohe Zufriedenheit ihrer Studierenden zu erreichen. Aus diesem Grund f\u00fchrt die Hochschule universit\u00e4tsweite Studierendenbefragungen durch \u2013 nach 2018 und w\u00e4hrend der Pandemie 2020 nun im Wintersemester 2022\/23 zum dritten Mal. 314 Basisfragen plus Zusatzfragen zu ihrem Fachbereich wurden Studierenden gestellt \u2013 7765 haben sich f\u00fcr Antworten Zeit genommen und somit der Goethe-Universit\u00e4t einen Eindruck von den vielf\u00e4ltigen Bed\u00fcrfnissen ihrer Studierenden vermittelt.<\/p><p>Vor allem die Zufriedenheit der Studierenden ist der Universit\u00e4t ein Anliegen; denn sie spiegelt nicht nur die Qualit\u00e4t der Bildungseinrichtung wider, sondern hat auch \u2013 wie Studien ergeben haben \u2013 ma\u00dfgeblichen Einfluss auf den Studienerfolg. Die Ergebnisse der dritten universit\u00e4tsweiten Studierendenbefragung zeigen nun, dass mit 84 Prozent der \u00fcberwiegende Teil der Studierenden an der Goethe-Universit\u00e4t mit dem Studium zufrieden ist. Dies markiert einen leichten Anstieg im Vergleich zum Sommersemester 2020 (80%), gleichzeitig hat der Wert noch nicht das Niveau vor der Corona-Pandemie erreicht (2018: 87%). Dar\u00fcber hinaus geben 82 % der Studierenden an, dass sie ihr Studium erneut w\u00e4hlen w\u00fcrden, w\u00e4hrend 83 % Freude an ihrem Studienfach haben und sich mit den Inhalten identifizieren (86%).<\/p>\t\t\t\t\t\t\t\t<\/div>\n\t\t\t\t<\/div>\n\t\t\t\t<div class=\"elementor-element elementor-element-36db87b animated-fast elementor-invisible elementor-widget elementor-widget-image\" data-id=\"36db87b\" data-element_type=\"widget\" data-settings=\"{&quot;_animation&quot;:&quot;fadeInUp&quot;}\" data-widget_type=\"image.default\">\n\t\t\t\t<div class=\"elementor-widget-container\">\n\t\t\t\t\t\t\t\t\t\t\t\t<figure class=\"wp-caption\">\n\t\t\t\t\t\t\t\t\t\t<img decoding=\"async\" width=\"1536\" height=\"1024\" src=\"https:\/\/aktuelles.uni-frankfurt.de\/wp-content\/uploads\/2025\/08\/Foto-2-Goethe-Uni_Architektur_2025_Marc_Jacquemin_2082_web-1536x1024.jpg\" class=\"attachment-1536x1536 size-1536x1536 wp-image-85166\" alt=\"\" srcset=\"https:\/\/aktuelles.uni-frankfurt.de\/wp-content\/uploads\/2025\/08\/Foto-2-Goethe-Uni_Architektur_2025_Marc_Jacquemin_2082_web-1536x1024.jpg 1536w, https:\/\/aktuelles.uni-frankfurt.de\/wp-content\/uploads\/2025\/08\/Foto-2-Goethe-Uni_Architektur_2025_Marc_Jacquemin_2082_web-300x200.jpg 300w, https:\/\/aktuelles.uni-frankfurt.de\/wp-content\/uploads\/2025\/08\/Foto-2-Goethe-Uni_Architektur_2025_Marc_Jacquemin_2082_web-500x333.jpg 500w, https:\/\/aktuelles.uni-frankfurt.de\/wp-content\/uploads\/2025\/08\/Foto-2-Goethe-Uni_Architektur_2025_Marc_Jacquemin_2082_web-768x512.jpg 768w, https:\/\/aktuelles.uni-frankfurt.de\/wp-content\/uploads\/2025\/08\/Foto-2-Goethe-Uni_Architektur_2025_Marc_Jacquemin_2082_web-18x12.jpg 18w, https:\/\/aktuelles.uni-frankfurt.de\/wp-content\/uploads\/2025\/08\/Foto-2-Goethe-Uni_Architektur_2025_Marc_Jacquemin_2082_web.jpg 2000w\" sizes=\"(max-width: 1536px) 100vw, 1536px\" \/>\t\t\t\t\t\t\t\t\t\t\t<figcaption class=\"widget-image-caption wp-caption-text\">Rund ein Drittel der Studierenden haben einen Migrationshintergrund (Foto: Marc Jaquemin)<\/figcaption>\n\t\t\t\t\t\t\t\t\t\t<\/figure>\n\t\t\t\t\t\t\t\t\t<\/div>\n\t\t\t\t<\/div>\n\t\t\t\t<div class=\"elementor-element elementor-element-fc5ba1b elementor-widget elementor-widget-heading\" data-id=\"fc5ba1b\" data-element_type=\"widget\" data-widget_type=\"heading.default\">\n\t\t\t\t<div class=\"elementor-widget-container\">\n\t\t\t\t\t<h3 class=\"elementor-heading-title elementor-size-default\">Ist ein Studiengang gut aufgebaut?<\/h3>\t\t\t\t<\/div>\n\t\t\t\t<\/div>\n\t\t\t\t<div class=\"elementor-element elementor-element-949c866 animated-fast elementor-invisible elementor-widget elementor-widget-text-editor\" data-id=\"949c866\" data-element_type=\"widget\" data-settings=\"{&quot;_animation&quot;:&quot;fadeInUp&quot;}\" data-widget_type=\"text-editor.default\">\n\t\t\t\t<div class=\"elementor-widget-container\">\n\t\t\t\t\t\t\t\t\t<p>Vertiefende Analysen zeigen, dass f\u00fcnf wesentliche Faktoren die Studierendenzufriedenheit ma\u00dfgeblich, wenn auch unterschiedlich stark beeinflussen: Die Zufriedenheit mit der Struktur und Aufbau des Studiengangs \u00fcbt dabei den st\u00e4rksten Einfluss auf die allgemeine Studienzufriedenheit aus. An zweiter Stelle stehen das Gef\u00fchl von Orientierung und die Zufriedenheit mit der pers\u00f6nlichen Studienleistung. Dar\u00fcber hinaus wirken sich das Gef\u00fchl sozialer Integration und das Erleben von Autonomie jeweils positiv auf die Gesamtzufriedenheit aus.<\/p><p>Merkmale wie Geschlecht, Erwerbst\u00e4tigkeit oder Kinderbetreuung spielen dagegen keine Rolle bei der Einordnung von Zufriedenheit. Eine Ausnahme bilden Studierende mit gesundheitlicher Beeintr\u00e4chtigung, die signifikant unzufriedener als andere sind. Au\u00dferdem zeigen sich Lehramtsstudierende unzufriedener als Bachelor-, Master und Staatsexamensstudierende, w\u00e4hrend Vollzeitstudierende zufriedener sind als Teilzeitstudierende, die eine geringere soziale Integration beschreiben. Studierende, die Diskriminierung erfahren haben, sind ebenfalls unzufriedener als solche ohne Diskriminierungserfahrung. Erfreulicherweise haben dagegen weder die finanzielle (Un-)Sicherheit noch die Bildungsherkunft des Elternhauses einen Einfluss auf die allgemeine Studienzufriedenheit. (\u2026) Wichtig f\u00fcr die Motivation und Zufriedenheit der Studierenden sind dagegen Autonomieerleben, Kompetenzempfinden, soziale Eingebundenheit, der Aufbau und die Struktur des Studiengangs sowie das Empfinden von Orientierung.<\/p>\t\t\t\t\t\t\t\t<\/div>\n\t\t\t\t<\/div>\n\t\t\t\t<div class=\"elementor-element elementor-element-3bdad77 animated-fast elementor-invisible elementor-widget elementor-widget-image\" data-id=\"3bdad77\" data-element_type=\"widget\" data-settings=\"{&quot;_animation&quot;:&quot;fadeInUp&quot;}\" data-widget_type=\"image.default\">\n\t\t\t\t<div class=\"elementor-widget-container\">\n\t\t\t\t\t\t\t\t\t\t\t\t<figure class=\"wp-caption\">\n\t\t\t\t\t\t\t\t\t\t<img loading=\"lazy\" decoding=\"async\" width=\"605\" height=\"593\" src=\"https:\/\/aktuelles.uni-frankfurt.de\/wp-content\/uploads\/2025\/08\/InternationaleStudierende_Grafik.jpg\" class=\"attachment-full size-full wp-image-85168\" alt=\"\" srcset=\"https:\/\/aktuelles.uni-frankfurt.de\/wp-content\/uploads\/2025\/08\/InternationaleStudierende_Grafik.jpg 605w, https:\/\/aktuelles.uni-frankfurt.de\/wp-content\/uploads\/2025\/08\/InternationaleStudierende_Grafik-300x294.jpg 300w, https:\/\/aktuelles.uni-frankfurt.de\/wp-content\/uploads\/2025\/08\/InternationaleStudierende_Grafik-500x490.jpg 500w, https:\/\/aktuelles.uni-frankfurt.de\/wp-content\/uploads\/2025\/08\/InternationaleStudierende_Grafik-12x12.jpg 12w\" sizes=\"(max-width: 605px) 100vw, 605px\" \/>\t\t\t\t\t\t\t\t\t\t\t<figcaption class=\"widget-image-caption wp-caption-text\"><\/figcaption>\n\t\t\t\t\t\t\t\t\t\t<\/figure>\n\t\t\t\t\t\t\t\t\t<\/div>\n\t\t\t\t<\/div>\n\t\t\t\t<div class=\"elementor-element elementor-element-d6fe159 elementor-widget elementor-widget-heading\" data-id=\"d6fe159\" data-element_type=\"widget\" data-widget_type=\"heading.default\">\n\t\t\t\t<div class=\"elementor-widget-container\">\n\t\t\t\t\t<h3 class=\"elementor-heading-title elementor-size-default\">Der lange Schatten der Pandemie<\/h3>\t\t\t\t<\/div>\n\t\t\t\t<\/div>\n\t\t\t\t<div class=\"elementor-element elementor-element-f96da89 animated-fast elementor-invisible elementor-widget elementor-widget-text-editor\" data-id=\"f96da89\" data-element_type=\"widget\" data-settings=\"{&quot;_animation&quot;:&quot;fadeInUp&quot;}\" data-widget_type=\"text-editor.default\">\n\t\t\t\t<div class=\"elementor-widget-container\">\n\t\t\t\t\t\t\t\t\t<p>Auff\u00e4llig ist, dass im Zuge der Corona-Pandemie insbesondere das Gef\u00fchl sozialer Eingebundenheit ist bei den Studierenden deutlich gesunken: W\u00e4hrend sich in der Studierendenbefragung 2017\/18 noch 75 % der Studierenden als gut sozial integriert betrachten, sind es 2022\/23 nur noch 59 %. Dieser Eindruck bezieht sich jedoch insbesondere auf die Eingebundenheit in der Studierendenschaft, denn die Wahrnehmung des Kontakts zu Lehrenden bzw. der Goethe-Universit\u00e4t hat sich zwischen den beiden Befragungen nicht ver\u00e4ndert. Angesichts dieser Situation ist die gro\u00dfe Herausforderung f\u00fcr die Goethe-Universit\u00e4t, das Erleben sozialer Eingebundenheit zwischen den Studierenden und damit auch die Studienzufriedenheit und Motivation der Studierenden zu f\u00f6rdern. (&#8230;)<\/p>\t\t\t\t\t\t\t\t<\/div>\n\t\t\t\t<\/div>\n\t\t\t\t<div class=\"elementor-element elementor-element-282f34d animated-fast elementor-invisible elementor-widget elementor-widget-text-editor\" data-id=\"282f34d\" data-element_type=\"widget\" data-settings=\"{&quot;_animation&quot;:&quot;fadeInUp&quot;}\" data-widget_type=\"text-editor.default\">\n\t\t\t\t<div class=\"elementor-widget-container\">\n\t\t\t\t\t\t\t\t\t<p>Antonia Winkler, Philipp Nolden und Christoph G\u00f6tz <br \/>f\u00fcr das Team Quantitative Instrumente, Kennzahlen, Kapazit\u00e4t und Statistik (QUIKKS)\/pb<\/p><p>(Der Beitrag ist eine gek\u00fcrzte Fassung aus UniReport 3.24, S.24.)<\/p>\t\t\t\t\t\t\t\t<\/div>\n\t\t\t\t<\/div>\n\t\t\t\t\t<\/div>\n\t\t<\/div>\n\t\t\t\t\t<\/div>\n\t\t<\/section>\n\t\t\t\t<section class=\"elementor-section elementor-top-section elementor-element elementor-element-fc217d5 elementor-section-content-middle elementor-section-boxed elementor-section-height-default elementor-section-height-default\" data-id=\"fc217d5\" data-element_type=\"section\" data-settings=\"{&quot;_ha_eqh_enable&quot;:false}\">\n\t\t\t\t\t\t<div class=\"elementor-container elementor-column-gap-no\">\n\t\t\t\t\t<div class=\"elementor-column elementor-col-100 elementor-top-column elementor-element elementor-element-3e0250e\" data-id=\"3e0250e\" data-element_type=\"column\">\n\t\t\t<div class=\"elementor-widget-wrap elementor-element-populated\">\n\t\t\t\t\t\t<div class=\"elementor-element elementor-element-9561c52 elementor-align-start elementor-icon-list--layout-traditional elementor-list-item-link-full_width elementor-widget elementor-widget-icon-list\" data-id=\"9561c52\" data-element_type=\"widget\" data-widget_type=\"icon-list.default\">\n\t\t\t\t<div class=\"elementor-widget-container\">\n\t\t\t\t\t\t\t<ul class=\"elementor-icon-list-items\">\n\t\t\t\t\t\t\t<li class=\"elementor-icon-list-item\">\n\t\t\t\t\t\t\t\t\t\t\t<span class=\"elementor-icon-list-icon\">\n\t\t\t\t\t\t\t<i aria-hidden=\"true\" class=\"far fa-lightbulb\"><\/i>\t\t\t\t\t\t<\/span>\n\t\t\t\t\t\t\t\t\t\t<span class=\"elementor-icon-list-text\">Studierendenbefragung: Und noch mehr Antworten<\/span>\n\t\t\t\t\t\t\t\t\t<\/li>\n\t\t\t\t\t\t<\/ul>\n\t\t\t\t\t\t<\/div>\n\t\t\t\t<\/div>\n\t\t\t\t<div class=\"elementor-element elementor-element-466bcaa animated-fast elementor-invisible elementor-widget elementor-widget-text-editor\" data-id=\"466bcaa\" data-element_type=\"widget\" data-settings=\"{&quot;_animation&quot;:&quot;fadeInUp&quot;}\" data-widget_type=\"text-editor.default\">\n\t\t\t\t<div class=\"elementor-widget-container\">\n\t\t\t\t\t\t\t\t\t<p>Weitere Ergebnisse der Befragung sind nachlesbar unter: www.studierendenbefragung. uni-frankfurt.de. <a href=\"https:\/\/uni-frankfurt.de\/150745471\/dritte-universitaetsweitestudierendenbefragung-zentraleergebnisse-als-broschuere.pdf\" target=\"_blank\" rel=\"noopener\">Eine Zusammenfassung der zentralen Ergebnisse gibt es hier.<\/a><br \/>Eine Gesamtauswertung l<a href=\"https:\/\/uni-frankfurt.de\/150745481\/dritte-universitaetsweitestudierendenbefragung-auswertungsanhang.pdf\" target=\"_blank\" rel=\"noopener\">iegt als gro\u00dfes Nachschlagewerk vor.<\/a><\/p>\t\t\t\t\t\t\t\t<\/div>\n\t\t\t\t<\/div>\n\t\t\t\t\t<\/div>\n\t\t<\/div>\n\t\t\t\t\t<\/div>\n\t\t<\/section>\n\t\t\t\t<section class=\"elementor-section elementor-top-section elementor-element elementor-element-5cd066a elementor-section-full_width elementor-section-height-min-height elementor-section-items-stretch elementor-section-height-default\" data-id=\"5cd066a\" data-element_type=\"section\" id=\"Ausgezeichnet\" data-settings=\"{&quot;background_background&quot;:&quot;classic&quot;,&quot;_ha_eqh_enable&quot;:false}\">\n\t\t\t\t\t\t<div class=\"elementor-container elementor-column-gap-default\">\n\t\t\t\t\t<div class=\"elementor-column elementor-col-50 elementor-top-column elementor-element elementor-element-6ca39d6\" data-id=\"6ca39d6\" data-element_type=\"column\" data-settings=\"{&quot;background_background&quot;:&quot;classic&quot;}\">\n\t\t\t<div class=\"elementor-widget-wrap elementor-element-populated\">\n\t\t\t\t\t\t<div class=\"elementor-element elementor-element-af30153 elementor-widget elementor-widget-spacer\" data-id=\"af30153\" data-element_type=\"widget\" data-widget_type=\"spacer.default\">\n\t\t\t\t<div class=\"elementor-widget-container\">\n\t\t\t\t\t\t\t<div class=\"elementor-spacer\">\n\t\t\t<div class=\"elementor-spacer-inner\"><\/div>\n\t\t<\/div>\n\t\t\t\t\t\t<\/div>\n\t\t\t\t<\/div>\n\t\t\t\t<div class=\"elementor-element elementor-element-7873a97 animated-fast elementor-widget__width-initial ha-has-bg-overlay elementor-invisible elementor-widget elementor-widget-text-editor\" data-id=\"7873a97\" data-element_type=\"widget\" data-settings=\"{&quot;_animation&quot;:&quot;fadeInUp&quot;}\" data-widget_type=\"text-editor.default\">\n\t\t\t\t<div class=\"elementor-widget-container\">\n\t\t\t\t\t\t\t\t\t<p>Foto: HMWK<\/p>\t\t\t\t\t\t\t\t<\/div>\n\t\t\t\t<\/div>\n\t\t\t\t\t<\/div>\n\t\t<\/div>\n\t\t\t\t<div class=\"elementor-column elementor-col-50 elementor-top-column elementor-element elementor-element-6574e96\" data-id=\"6574e96\" data-element_type=\"column\">\n\t\t\t<div class=\"elementor-widget-wrap elementor-element-populated\">\n\t\t\t\t\t\t<div class=\"elementor-element elementor-element-cb998fa elementor-align-start elementor-mobile-align-start elementor-icon-list--layout-traditional elementor-list-item-link-full_width elementor-widget elementor-widget-icon-list\" data-id=\"cb998fa\" data-element_type=\"widget\" data-widget_type=\"icon-list.default\">\n\t\t\t\t<div class=\"elementor-widget-container\">\n\t\t\t\t\t\t\t<ul class=\"elementor-icon-list-items\">\n\t\t\t\t\t\t\t<li class=\"elementor-icon-list-item\">\n\t\t\t\t\t\t\t\t\t\t<span class=\"elementor-icon-list-text\">Ausgezeichnet<\/span>\n\t\t\t\t\t\t\t\t\t<\/li>\n\t\t\t\t\t\t<\/ul>\n\t\t\t\t\t\t<\/div>\n\t\t\t\t<\/div>\n\t\t\t\t<div class=\"elementor-element elementor-element-ec589c8 animated-fast elementor-invisible elementor-widget elementor-widget-heading\" data-id=\"ec589c8\" data-element_type=\"widget\" data-settings=\"{&quot;_animation&quot;:&quot;fadeInUp&quot;}\" data-widget_type=\"heading.default\">\n\t\t\t\t<div class=\"elementor-widget-container\">\n\t\t\t\t\t<h2 class=\"elementor-heading-title elementor-size-default\">Preise f\u00fcr studentische Lehr-, Lern- und Experimentierr\u00e4ume<\/h2>\t\t\t\t<\/div>\n\t\t\t\t<\/div>\n\t\t\t\t<div class=\"elementor-element elementor-element-f87083b animated-fast elementor-invisible elementor-widget elementor-widget-text-editor\" data-id=\"f87083b\" data-element_type=\"widget\" data-settings=\"{&quot;_animation&quot;:&quot;fadeInUp&quot;}\" data-widget_type=\"text-editor.default\">\n\t\t\t\t<div class=\"elementor-widget-container\">\n\t\t\t\t\t\t\t\t\t<p>Gleich mit zwei Projekten war die Goethe-Universit\u00e4t 2024 beim \u201eHessischen Hochschulpreis f\u00fcr Exzellenz in der Lehre\u201c erfolgreich. Studierende spielen jeweils eine prominente Rolle.<\/p>\t\t\t\t\t\t\t\t<\/div>\n\t\t\t\t<\/div>\n\t\t\t\t\t<\/div>\n\t\t<\/div>\n\t\t\t\t\t<\/div>\n\t\t<\/section>\n\t\t\t\t<section class=\"elementor-section elementor-top-section elementor-element elementor-element-e123650 elementor-section-content-middle elementor-section-boxed elementor-section-height-default elementor-section-height-default\" data-id=\"e123650\" data-element_type=\"section\" data-settings=\"{&quot;_ha_eqh_enable&quot;:false}\">\n\t\t\t\t\t\t<div class=\"elementor-container elementor-column-gap-no\">\n\t\t\t\t\t<div class=\"elementor-column elementor-col-100 elementor-top-column elementor-element elementor-element-12dd414\" data-id=\"12dd414\" data-element_type=\"column\">\n\t\t\t<div class=\"elementor-widget-wrap elementor-element-populated\">\n\t\t\t\t\t\t<div class=\"elementor-element elementor-element-d1939e4 animated-fast elementor-invisible elementor-widget elementor-widget-text-editor\" data-id=\"d1939e4\" data-element_type=\"widget\" data-settings=\"{&quot;_animation&quot;:&quot;fadeInUp&quot;}\" data-widget_type=\"text-editor.default\">\n\t\t\t\t<div class=\"elementor-widget-container\">\n\t\t\t\t\t\t\t\t\t<p>Das Service-Learning-Seminar \u201eCall-a-Cab\u201c von Prof. Sabine Windmann, Lucie Binder, Bettina Schultz und Henri Krake erhielt in der Kategorie den Projektpreis f\u00fcr eine Arbeitsgruppe\/Organisationseinheit den 2. Preis in H\u00f6he von 30.000 Euro. Das Projekt erm\u00f6glicht Studierenden der Psychologie, das gelernte Wissen im Alltag einzusetzen und berufspraktische Kompetenzen zu erlangen. \u201eCAB\u201c steht dabei f\u00fcr Come-along-Buddy. Die Teilnehmenden des Seminars unterst\u00fctzen Studierende aus beliebigen Fachrichtungen individuell bei der Bew\u00e4ltigung studienrelevanter Herausforderungen. Das fachlich gut umgesetzte Seminar f\u00f6rdert aus Sicht der Jury den Lernerfolg der Studierenden nachhaltig und ist auf andere Hochschulen \u00fcbertragbar. Dem kontinuierlich weiterentwickelten Lehrkonzept gelinge es, die geforderte praktische, praxisnahe Ausbildungskompetenz in das Psychologiestudium zu integrieren und die Teilnehmenden \u00fcbern\u00e4hmen nicht nur Verantwortung, sondern trainierten psychologische Basis- und Beratungskompetenzen, die f\u00fcr die sp\u00e4tere Berufspraxis relevant seien.<\/p>\t\t\t\t\t\t\t\t<\/div>\n\t\t\t\t<\/div>\n\t\t\t\t<div class=\"elementor-element elementor-element-8756648 animated-fast elementor-invisible elementor-widget elementor-widget-image\" data-id=\"8756648\" data-element_type=\"widget\" data-settings=\"{&quot;_animation&quot;:&quot;fadeInUp&quot;}\" data-widget_type=\"image.default\">\n\t\t\t\t<div class=\"elementor-widget-container\">\n\t\t\t\t\t\t\t\t\t\t\t\t<figure class=\"wp-caption\">\n\t\t\t\t\t\t\t\t\t\t<img loading=\"lazy\" decoding=\"async\" width=\"1536\" height=\"1024\" src=\"https:\/\/aktuelles.uni-frankfurt.de\/wp-content\/uploads\/2025\/08\/LS_Hochschulpreis-Call-a-CAB-HMWK_web-1536x1024.jpg\" class=\"attachment-1536x1536 size-1536x1536 wp-image-85169\" alt=\"\" srcset=\"https:\/\/aktuelles.uni-frankfurt.de\/wp-content\/uploads\/2025\/08\/LS_Hochschulpreis-Call-a-CAB-HMWK_web-1536x1024.jpg 1536w, https:\/\/aktuelles.uni-frankfurt.de\/wp-content\/uploads\/2025\/08\/LS_Hochschulpreis-Call-a-CAB-HMWK_web-300x200.jpg 300w, https:\/\/aktuelles.uni-frankfurt.de\/wp-content\/uploads\/2025\/08\/LS_Hochschulpreis-Call-a-CAB-HMWK_web-500x333.jpg 500w, https:\/\/aktuelles.uni-frankfurt.de\/wp-content\/uploads\/2025\/08\/LS_Hochschulpreis-Call-a-CAB-HMWK_web-768x512.jpg 768w, https:\/\/aktuelles.uni-frankfurt.de\/wp-content\/uploads\/2025\/08\/LS_Hochschulpreis-Call-a-CAB-HMWK_web-18x12.jpg 18w, https:\/\/aktuelles.uni-frankfurt.de\/wp-content\/uploads\/2025\/08\/LS_Hochschulpreis-Call-a-CAB-HMWK_web.jpg 2000w\" sizes=\"(max-width: 1536px) 100vw, 1536px\" \/>\t\t\t\t\t\t\t\t\t\t\t<figcaption class=\"widget-image-caption wp-caption-text\">(v.l.) F\u00fcr das Projekt Call-a-CAB nahmen den Preis Prof. Sabine Windmann, Henri Krake und Lucie Binder in Empfang (Foto: HMWK)<\/figcaption>\n\t\t\t\t\t\t\t\t\t\t<\/figure>\n\t\t\t\t\t\t\t\t\t<\/div>\n\t\t\t\t<\/div>\n\t\t\t\t<div class=\"elementor-element elementor-element-d253a70 elementor-widget elementor-widget-heading\" data-id=\"d253a70\" data-element_type=\"widget\" data-widget_type=\"heading.default\">\n\t\t\t\t<div class=\"elementor-widget-container\">\n\t\t\t\t\t<h3 class=\"elementor-heading-title elementor-size-default\">16 Projekte zur Vorauswahl<\/h3>\t\t\t\t<\/div>\n\t\t\t\t<\/div>\n\t\t\t\t<div class=\"elementor-element elementor-element-18e3bc9 animated-fast elementor-invisible elementor-widget elementor-widget-text-editor\" data-id=\"18e3bc9\" data-element_type=\"widget\" data-settings=\"{&quot;_animation&quot;:&quot;fadeInUp&quot;}\" data-widget_type=\"text-editor.default\">\n\t\t\t\t<div class=\"elementor-widget-container\">\n\t\t\t\t\t\t\t\t\t<p>Die interdisziplin\u00e4re, studentische Initiative \u201eMakeLab\u201c wurde in der Kategorie Studentische Initiative mit dem Preis in H\u00f6he von 10.000 Euro ausgezeichnet. \u201eMakeLab\u201c betreibt eine offene Werkstatt als \u201eMakerspace\u201c und 3D-Labor an der Goethe-Universit\u00e4t. Zur Initiative geh\u00f6ren Patrick Gunkel, Maite Vera von Bargen, Tarick Horky, Paula Kilp, Kyle Rinfreschi, Theresa Berg, Corinna Kraft, Jou Preu\u00df, Silvan Kuhlke, Sandra Stelzenm\u00fcller und Johannes G\u00f6pel \u201eMakeLab\u201c ist als studentischer Lehr-, Lern- und Experimentierraum gedacht, in dem neben dem offenen Zugang zu Ger\u00e4ten und Werkzeugen auch Hilfe zur Selbsthilfe, Wissenstransfer sowie Beratung und Unterst\u00fctzung bei Projekten angeboten wird. Die Jury hebt hervor, dass die herausragende studentische Initiative sich besonders durch die gelebte Experimentierkultur und das interdisziplin\u00e4re Miteinander-Arbeiten der Teilnehmenden aus unterschiedlichen Fachbereichen und die Vielfalt der durchgef\u00fchrten Projekte auszeichne. Die Jury zeigt sich ferner beeindruckt vom gro\u00dfen ehrenamtlichen Engagement der beteiligten Studierenden und von deren integrativem Wirken in die Universit\u00e4t hinein.<\/p><p>In Frankfurt koordiniert die Abteilung Karriere, Stipendien und Preise im Bereich Studium, Lehre, Internationales das interne Verfahren und begleitet die Ausschreibung, Organisation sowie den Auswahlprozess der Einreichungen beim HMWK. Die Schirmherrschaft liegt bei der Vizepr\u00e4sidentin f\u00fcr Studium und Lehre, aktuell Prof. Viera Pirker; die interne Auswahljury wird aus der QSL-Kommission gebildet, die auch die Einreichenden im Verfahren begleitet. 2024 wurden 16 Projekte zur internen Vorauswahl eingereicht.<\/p>\t\t\t\t\t\t\t\t<\/div>\n\t\t\t\t<\/div>\n\t\t\t\t<div class=\"elementor-element elementor-element-64946d7 animated-fast elementor-invisible elementor-widget elementor-widget-text-editor\" data-id=\"64946d7\" data-element_type=\"widget\" data-settings=\"{&quot;_animation&quot;:&quot;fadeInUp&quot;}\" data-widget_type=\"text-editor.default\">\n\t\t\t\t<div class=\"elementor-widget-container\">\n\t\t\t\t\t\t\t\t\t<p>HMWK\/pb<\/p>\t\t\t\t\t\t\t\t<\/div>\n\t\t\t\t<\/div>\n\t\t\t\t\t<\/div>\n\t\t<\/div>\n\t\t\t\t\t<\/div>\n\t\t<\/section>\n\t\t\t\t<section class=\"elementor-section elementor-top-section elementor-element elementor-element-5193998 elementor-section-content-middle elementor-section-boxed elementor-section-height-default elementor-section-height-default\" data-id=\"5193998\" data-element_type=\"section\" id=\"Ausgezeichnet-Schuelerllabor\" data-settings=\"{&quot;_ha_eqh_enable&quot;:false}\">\n\t\t\t\t\t\t<div class=\"elementor-container elementor-column-gap-no\">\n\t\t\t\t\t<div class=\"elementor-column elementor-col-100 elementor-top-column elementor-element elementor-element-06ac7cd\" data-id=\"06ac7cd\" data-element_type=\"column\" data-settings=\"{&quot;background_background&quot;:&quot;classic&quot;}\">\n\t\t\t<div class=\"elementor-widget-wrap elementor-element-populated\">\n\t\t\t\t\t\t<div class=\"elementor-element elementor-element-3bd5dcd elementor-align-center elementor-mobile-align-start elementor-icon-list--layout-traditional elementor-list-item-link-full_width elementor-widget elementor-widget-icon-list\" data-id=\"3bd5dcd\" data-element_type=\"widget\" data-widget_type=\"icon-list.default\">\n\t\t\t\t<div class=\"elementor-widget-container\">\n\t\t\t\t\t\t\t<ul class=\"elementor-icon-list-items\">\n\t\t\t\t\t\t\t<li class=\"elementor-icon-list-item\">\n\t\t\t\t\t\t\t\t\t\t<span class=\"elementor-icon-list-text\">Ausgezeichnet<\/span>\n\t\t\t\t\t\t\t\t\t<\/li>\n\t\t\t\t\t\t<\/ul>\n\t\t\t\t\t\t<\/div>\n\t\t\t\t<\/div>\n\t\t\t\t<div class=\"elementor-element elementor-element-6563deb elementor-widget elementor-widget-heading\" data-id=\"6563deb\" data-element_type=\"widget\" data-widget_type=\"heading.default\">\n\t\t\t\t<div class=\"elementor-widget-container\">\n\t\t\t\t\t<h1 class=\"elementor-heading-title elementor-size-default\">Im Sch\u00fclerlabor \u201eFarben\u201c wird jede und jeder Experte<\/h1>\t\t\t\t<\/div>\n\t\t\t\t<\/div>\n\t\t\t\t<div class=\"elementor-element elementor-element-5f036e0 animated-fast elementor-invisible elementor-widget elementor-widget-text-editor\" data-id=\"5f036e0\" data-element_type=\"widget\" data-settings=\"{&quot;_animation&quot;:&quot;fadeInUp&quot;}\" data-widget_type=\"text-editor.default\">\n\t\t\t\t<div class=\"elementor-widget-container\">\n\t\t\t\t\t\t\t\t\t<p>Was bedeuten Farben aus den Blickwinkeln von Chemie, Physik und Biologie? Antworten auf diese Fragen enth\u00e4lt das 2024 entwickelte Frankfurter \u201eInklusive Sch\u00fclerlabor Farben\u201c. In der Kategorie \u201ePreis der Vielfalt\u201c wurde es vom \u201eLernortLabor \u2013 Bundesverband der Sch\u00fclerlabore e.V.\u201c mit dem zweiten Platz pr\u00e4miert.<\/p>\t\t\t\t\t\t\t\t<\/div>\n\t\t\t\t<\/div>\n\t\t\t\t\t<\/div>\n\t\t<\/div>\n\t\t\t\t\t<\/div>\n\t\t<\/section>\n\t\t\t\t<section class=\"elementor-section elementor-top-section elementor-element elementor-element-8475bce elementor-section-content-middle elementor-section-boxed elementor-section-height-default elementor-section-height-default\" data-id=\"8475bce\" data-element_type=\"section\" data-settings=\"{&quot;_ha_eqh_enable&quot;:false}\">\n\t\t\t\t\t\t<div class=\"elementor-container elementor-column-gap-no\">\n\t\t\t\t\t<div class=\"elementor-column elementor-col-100 elementor-top-column elementor-element elementor-element-07c7060\" data-id=\"07c7060\" data-element_type=\"column\">\n\t\t\t<div class=\"elementor-widget-wrap elementor-element-populated\">\n\t\t\t\t\t\t<div class=\"elementor-element elementor-element-25642d4 animated-fast elementor-invisible elementor-widget elementor-widget-text-editor\" data-id=\"25642d4\" data-element_type=\"widget\" data-settings=\"{&quot;_animation&quot;:&quot;fadeInUp&quot;}\" data-widget_type=\"text-editor.default\">\n\t\t\t\t<div class=\"elementor-widget-container\">\n\t\t\t\t\t\t\t\t\t<p>Vier Experimente erh\u00e4lt die \u201eForscherbox\u201c, \u00fcber die Sch\u00fcler*innen der f\u00fcnften und sechsten Klassen aller Schulformen sich einen Vormittag lang im Sch\u00fclerlabor der Goethe-Universit\u00e4t dem Thema Farben widmen k\u00f6nnten \u2013 und zwar aus gleich mehreren Perspektiven: der Biowissenschaften, der Chemie und der Physik. In einer Vierergruppe erh\u00e4lt jede Sch\u00fclerin und jeder Sch\u00fcler ein Experiment, das sie oder er eigenst\u00e4ndig bearbeiten, sich aber gleichzeitig in der Gruppe austauschen kann. Danach erhalten die Gruppen eine gemeinsame Aufgabe und dokumentieren ihre Ergebnisse in einem Gruppenplakat. Ein angeleitetes Plenum schlie\u00dft den Vormittag ab.<\/p><p>Das Besondere: Je nach Lernvoraussetzungen erhalten die Sch\u00fclerinnen und Sch\u00fcler eine Experimentieranleitung in einfachen S\u00e4tzen, ein Anleitungsvideo, Hilfekarten oder auch anspruchsvollere Zusatzaufgaben.<\/p>\t\t\t\t\t\t\t\t<\/div>\n\t\t\t\t<\/div>\n\t\t\t\t<div class=\"elementor-element elementor-element-38643c3 animated-fast elementor-invisible elementor-widget elementor-widget-image\" data-id=\"38643c3\" data-element_type=\"widget\" data-settings=\"{&quot;_animation&quot;:&quot;fadeInUp&quot;}\" data-widget_type=\"image.default\">\n\t\t\t\t<div class=\"elementor-widget-container\">\n\t\t\t\t\t\t\t\t\t\t\t\t<figure class=\"wp-caption\">\n\t\t\t\t\t\t\t\t\t\t<img loading=\"lazy\" decoding=\"async\" width=\"605\" height=\"419\" src=\"https:\/\/aktuelles.uni-frankfurt.de\/wp-content\/uploads\/2025\/08\/Bild-Farben-_Lea-Meike-Burkhardt.jpg\" class=\"attachment-1536x1536 size-1536x1536 wp-image-85171\" alt=\"\" srcset=\"https:\/\/aktuelles.uni-frankfurt.de\/wp-content\/uploads\/2025\/08\/Bild-Farben-_Lea-Meike-Burkhardt.jpg 605w, https:\/\/aktuelles.uni-frankfurt.de\/wp-content\/uploads\/2025\/08\/Bild-Farben-_Lea-Meike-Burkhardt-300x208.jpg 300w, https:\/\/aktuelles.uni-frankfurt.de\/wp-content\/uploads\/2025\/08\/Bild-Farben-_Lea-Meike-Burkhardt-500x346.jpg 500w, https:\/\/aktuelles.uni-frankfurt.de\/wp-content\/uploads\/2025\/08\/Bild-Farben-_Lea-Meike-Burkhardt-18x12.jpg 18w\" sizes=\"(max-width: 605px) 100vw, 605px\" \/>\t\t\t\t\t\t\t\t\t\t\t<figcaption class=\"widget-image-caption wp-caption-text\">Das Sch\u00fclerprojekt der Biowissenschaften, der Chemie und der Physik vermittelt Spa\u00df am bunten Lernen: Inklusives Sch\u00fclerlabor zum Thema \u201eFarben\u201c der Goethe-Universit\u00e4t erh\u00e4lt Preis vom Bundesverband LernortLabor (Foto: Lea Meike Burkhardt)<\/figcaption>\n\t\t\t\t\t\t\t\t\t\t<\/figure>\n\t\t\t\t\t\t\t\t\t<\/div>\n\t\t\t\t<\/div>\n\t\t\t\t<div class=\"elementor-element elementor-element-8fb374a animated-fast elementor-invisible elementor-widget elementor-widget-text-editor\" data-id=\"8fb374a\" data-element_type=\"widget\" data-settings=\"{&quot;_animation&quot;:&quot;fadeInUp&quot;}\" data-widget_type=\"text-editor.default\">\n\t\t\t\t<div class=\"elementor-widget-container\">\n\t\t\t\t\t\t\t\t\t<p>Entwickelt und evaluiert wurde das Sch\u00fclerlabor \u201eFarben\u201c von einem Projektteam der Goethe-Universit\u00e4t, zu dem der Biowissenschaftsdidaktiker Prof. Volker Wenzel, der Chemiedidaktiker Prof. Arnim L\u00fchken, der Physikdidaktiker Prof. Thomas Wilhelm und Prof. Dieter Katzenbach, Sonderp\u00e4dagogik, z\u00e4hlten sowie insbesondere Lea Meike Burkhardt, Giulia Pantiri und Fatime Beka, die zudem das Sch\u00fclerlabor betreuen.<\/p><p>\u201eDie Auszeichnung hilft uns, unser Konzept breiter bekannt zu machen\u201c, freute sich Thomas Wilhelm am 12. M\u00e4rz, dem Tag der Preisverleihung. Berichte von Lehrkr\u00e4ften h\u00e4tten deutlich gemacht, dass sich in inklusiven Klassen die leistungsschw\u00e4cheren Sch\u00fcler*innen wenig beteiligten, da die leistungsst\u00e4rkeren Sch\u00fcler*innen oft schneller seien. Hier setzt das \u201einklusive Sch\u00fclerlabor Farben\u201c an. \u201eWeil jeder Sch\u00fclerin und jeder Sch\u00fcler im Sch\u00fclerlabor \u201aFarben\u2018 ein eigenes Experiment macht, ist er daf\u00fcr Expertin oder Experte. Dies f\u00fchrt, so konnten wir beobachten, zu einer guten Selbstwirksamkeitserfahrung. Gleichzeitig unterst\u00fctzen wir in der Gruppenphase die Arbeit im Team.\u201c Auch die Vernetzung der drei Naturwissenschaften w\u00fcrde seitens der Lehrkr\u00e4fte gesch\u00e4tzt, so Wilhelm. \u201eUnser Konzept l\u00e4sst sich nicht nur \u00fcberall in Deutschland durchf\u00fchren, da wir alle Lernmaterialien ver\u00f6ffentlichen\u201c, ist Wilhelm \u00fcberzeugt. \u201eUnser didaktisch-methodisches Konzept ist empirisch gut abgesichert und l\u00e4sst sich daher gut auf andere Inhalte oder auf andere Jahrgangsstufen \u00fcbertragen.\u201c Derzeit arbeitete das Team zum Beispiel am Themenbereich \u201eHaften und Kleben\u201c, so der Physikdidaktiker, das Thema \u201eFarben\u201c wurde zudem bereits bei Grundschulklassen und reine F\u00f6rderschulklassen eingesetzt und wird aktuell im regul\u00e4ren Schulunterricht getestet.<\/p>\t\t\t\t\t\t\t\t<\/div>\n\t\t\t\t<\/div>\n\t\t\t\t<div class=\"elementor-element elementor-element-d717bb2 animated-fast elementor-invisible elementor-widget elementor-widget-text-editor\" data-id=\"d717bb2\" data-element_type=\"widget\" data-settings=\"{&quot;_animation&quot;:&quot;fadeInUp&quot;}\" data-widget_type=\"text-editor.default\">\n\t\t\t\t<div class=\"elementor-widget-container\">\n\t\t\t\t\t\t\t\t\t<p>Markus Bernards<\/p><p>Weitere Informationen:<br \/><a href=\"http:\/\/www.thomas-wilhelm.net\/Schuelerlabor_inklusiv.htm\">Das Sch\u00fclerlabor Farben\u00a0der Goethe-Universit\u00e4t<\/a><br \/><a href=\"https:\/\/youtu.be\/qTEI4QIkaHs?si=ONN8nITT-W9tsCew\">Video zum Sch\u00fclerlabor Farben<\/a><br \/><a href=\"https:\/\/www.lernortlabor.de\/LernortLabor\/LeLa-Preis\">Lela-Preis<\/a><\/p>\t\t\t\t\t\t\t\t<\/div>\n\t\t\t\t<\/div>\n\t\t\t\t\t<\/div>\n\t\t<\/div>\n\t\t\t\t\t<\/div>\n\t\t<\/section>\n\t\t\t\t<section class=\"elementor-section elementor-top-section elementor-element elementor-element-f305d0a elementor-section-full_width elementor-section-height-min-height elementor-section-items-stretch elementor-section-height-default\" data-id=\"f305d0a\" data-element_type=\"section\" id=\"Ausbildung_Lehramt\" data-settings=\"{&quot;background_background&quot;:&quot;classic&quot;,&quot;_ha_eqh_enable&quot;:false}\">\n\t\t\t\t\t\t<div class=\"elementor-container elementor-column-gap-default\">\n\t\t\t\t\t<div class=\"elementor-column elementor-col-50 elementor-top-column elementor-element elementor-element-dbbe176\" data-id=\"dbbe176\" data-element_type=\"column\" data-settings=\"{&quot;background_background&quot;:&quot;classic&quot;}\">\n\t\t\t<div class=\"elementor-widget-wrap elementor-element-populated\">\n\t\t\t\t\t\t<div class=\"elementor-element elementor-element-382e142 elementor-widget elementor-widget-spacer\" data-id=\"382e142\" data-element_type=\"widget\" data-widget_type=\"spacer.default\">\n\t\t\t\t<div class=\"elementor-widget-container\">\n\t\t\t\t\t\t\t<div class=\"elementor-spacer\">\n\t\t\t<div class=\"elementor-spacer-inner\"><\/div>\n\t\t<\/div>\n\t\t\t\t\t\t<\/div>\n\t\t\t\t<\/div>\n\t\t\t\t<div class=\"elementor-element elementor-element-112717e animated-fast elementor-widget__width-initial ha-has-bg-overlay elementor-invisible elementor-widget elementor-widget-text-editor\" data-id=\"112717e\" data-element_type=\"widget\" data-settings=\"{&quot;_animation&quot;:&quot;fadeInUp&quot;}\" data-widget_type=\"text-editor.default\">\n\t\t\t\t<div class=\"elementor-widget-container\">\n\t\t\t\t\t\t\t\t\t<p>Foto: Julia Essl<\/p>\t\t\t\t\t\t\t\t<\/div>\n\t\t\t\t<\/div>\n\t\t\t\t\t<\/div>\n\t\t<\/div>\n\t\t\t\t<div class=\"elementor-column elementor-col-50 elementor-top-column elementor-element elementor-element-122b867\" data-id=\"122b867\" data-element_type=\"column\">\n\t\t\t<div class=\"elementor-widget-wrap elementor-element-populated\">\n\t\t\t\t\t\t<div class=\"elementor-element elementor-element-7b2010f elementor-align-start elementor-mobile-align-start elementor-icon-list--layout-traditional elementor-list-item-link-full_width elementor-widget elementor-widget-icon-list\" data-id=\"7b2010f\" data-element_type=\"widget\" data-widget_type=\"icon-list.default\">\n\t\t\t\t<div class=\"elementor-widget-container\">\n\t\t\t\t\t\t\t<ul class=\"elementor-icon-list-items\">\n\t\t\t\t\t\t\t<li class=\"elementor-icon-list-item\">\n\t\t\t\t\t\t\t\t\t\t<span class=\"elementor-icon-list-text\">Ausbildung Lehramt<\/span>\n\t\t\t\t\t\t\t\t\t<\/li>\n\t\t\t\t\t\t<\/ul>\n\t\t\t\t\t\t<\/div>\n\t\t\t\t<\/div>\n\t\t\t\t<div class=\"elementor-element elementor-element-2190b69 animated-fast elementor-invisible elementor-widget elementor-widget-heading\" data-id=\"2190b69\" data-element_type=\"widget\" data-settings=\"{&quot;_animation&quot;:&quot;fadeInUp&quot;}\" data-widget_type=\"heading.default\">\n\t\t\t\t<div class=\"elementor-widget-container\">\n\t\t\t\t\t<h2 class=\"elementor-heading-title elementor-size-default\">Praxisnah und international<\/h2>\t\t\t\t<\/div>\n\t\t\t\t<\/div>\n\t\t\t\t<div class=\"elementor-element elementor-element-b41685d animated-fast elementor-invisible elementor-widget elementor-widget-text-editor\" data-id=\"b41685d\" data-element_type=\"widget\" data-settings=\"{&quot;_animation&quot;:&quot;fadeInUp&quot;}\" data-widget_type=\"text-editor.default\">\n\t\t\t\t<div class=\"elementor-widget-container\">\n\t\t\t\t\t\t\t\t\t<p>Sie ist DIE zentrale Anlaufstelle f\u00fcr alle Lehramtsstudierenden: Die Akademie f\u00fcr Bildungsforschung und Lehrkr\u00e4ftebildung an der Goethe-Universit\u00e4t. Alle vier Jahre wird die Akademie evaluiert. 2024 war es wieder einmal soweit.<\/p>\t\t\t\t\t\t\t\t<\/div>\n\t\t\t\t<\/div>\n\t\t\t\t\t<\/div>\n\t\t<\/div>\n\t\t\t\t\t<\/div>\n\t\t<\/section>\n\t\t\t\t<section class=\"elementor-section elementor-top-section elementor-element elementor-element-baeb027 elementor-section-content-middle elementor-section-boxed elementor-section-height-default elementor-section-height-default\" data-id=\"baeb027\" data-element_type=\"section\" data-settings=\"{&quot;_ha_eqh_enable&quot;:false}\">\n\t\t\t\t\t\t<div class=\"elementor-container elementor-column-gap-no\">\n\t\t\t\t\t<div class=\"elementor-column elementor-col-100 elementor-top-column elementor-element elementor-element-ee6f726\" data-id=\"ee6f726\" data-element_type=\"column\">\n\t\t\t<div class=\"elementor-widget-wrap elementor-element-populated\">\n\t\t\t\t\t\t<div class=\"elementor-element elementor-element-4a63223 animated-fast elementor-invisible elementor-widget elementor-widget-text-editor\" data-id=\"4a63223\" data-element_type=\"widget\" data-settings=\"{&quot;_animation&quot;:&quot;fadeInUp&quot;}\" data-widget_type=\"text-editor.default\">\n\t\t\t\t<div class=\"elementor-widget-container\">\n\t\t\t\t\t\t\t\t\t<p>Wer an der Goethe-Universit\u00e4t Lehramt studiert, kommt an ihr nicht vorbei. Oder genauer: sucht sogar den Kontakt mit ihr. Die Rede ist von der Akademie f\u00fcr Bildungsforschung und Lehrkr\u00e4ftebildung (ABL) der Goethe-Universit\u00e4t. Sie ist seit 2011 die zentrale interdisziplin\u00e4re Einrichtung die Ausbildung und Bildung von Lehrkr\u00e4ften an der Universit\u00e4t. Und deshalb auch eine wichtige Anlaufstelle f\u00fcr die rund 14 Prozent der Studierenden aller Fachbereiche mit dem Berufsziel \u201eLehrer*in\u201c sowie die an der Lehrkr\u00e4ftebildung beteiligten Fachbereiche. Die ABL bietet etwa Studienberatung und Fort- und Weiterbildungskurse an, sie organisiert die Praxisphasen der Studierenden, kooperiert mit externen, auch internationalen Partnern wie Schulen und anderen Bildungsinstitutionen, sie verwaltet die Pr\u00fcfungen und richtet j\u00e4hrlich Feiern zur Ersten Staatspr\u00fcfung aus; dar\u00fcber hinaus unterst\u00fctzt die ABL die Fachbereiche bei Studien- und Pr\u00fcfungsordnungen und koordiniert die Lehramtsstudieng\u00e4nge sowie deren inhaltliche Weiterentwicklung.<\/p>\t\t\t\t\t\t\t\t<\/div>\n\t\t\t\t<\/div>\n\t\t\t\t<div class=\"elementor-element elementor-element-6391538 elementor-widget elementor-widget-heading\" data-id=\"6391538\" data-element_type=\"widget\" data-widget_type=\"heading.default\">\n\t\t\t\t<div class=\"elementor-widget-container\">\n\t\t\t\t\t<h3 class=\"elementor-heading-title elementor-size-default\">\u201eRunder Tisch\u201c mit Studierenden<\/h3>\t\t\t\t<\/div>\n\t\t\t\t<\/div>\n\t\t\t\t<div class=\"elementor-element elementor-element-4861758 animated-fast elementor-invisible elementor-widget elementor-widget-text-editor\" data-id=\"4861758\" data-element_type=\"widget\" data-settings=\"{&quot;_animation&quot;:&quot;fadeInUp&quot;}\" data-widget_type=\"text-editor.default\">\n\t\t\t\t<div class=\"elementor-widget-container\">\n\t\t\t\t\t\t\t\t\t<p>Ob ihre Leistungen den Erwartungen entsprechen, wie sich St\u00e4rken entwickelt haben und wo es noch Entwicklungspotenziale gibt \u2013 dies wird alle vier Jahre von einem Council ermittelt, das neben einem Direktorium und einem Rat die Arbeit der ABL begleitet. Das Direktorium leitet die ABL und besteht aus sechs Professor*innen der Fachdidaktik und Bildungswissenschaften sowie die jeweiligen Vizepr\u00e4sident*in f\u00fcr Lehre und Studium. Der Rat ber\u00e4t und entscheidet in Angelegenheiten von grunds\u00e4tzlicher Bedeutung; in ihm sind alle an der Lehrkr\u00e4ftebildung beteiligten Fachbereiche und Statusgruppen vertreten. Der Council schlie\u00dflich evaluiert die Arbeit der ABL und setzt sich aus uni-internen und -externen Mitgliedern unterschiedlicher Statusgruppen zusammen.<\/p><p>Ein besonderes Merkmal der ABL ist die aktive studentische Partizipation. Studierende sind im Council (wie auch im ABL-Rat) vertreten und bringen ihre Perspektiven in die Weiterentwicklung der Studieng\u00e4nge ein. Der \u201eRunde Tisch\u201c f\u00f6rdert einen kontinuierlichen Dialog zwischen Studierenden und der ABL, sodass die Lehrkr\u00e4ftebildung praxisnah und zukunftsorientiert bleibt.<\/p><p>Praxisnah und zukunftsorientiert \u2013 dies attestierte das Council der ABL auch nach der Evaluation, die Mitte Juni 2024 startete \u2013 mit einer Begehung, Gespra\u0308chen mit dem Pra\u0308sidium der Universit\u00e4t, Direktorium und Gesch\u00e4ftsf\u00fchrung der ABL, Fachbereichen, Studierenden und Lehrenden sowie Vertreter*innen der Kultusbeh\u00f6rden und Schulen. Das abschlie\u00dfende Urteil am Jahresende vermittelte eine umfassende Wertsch\u00e4tzung der ABL-Arbeit.<\/p>\t\t\t\t\t\t\t\t<\/div>\n\t\t\t\t<\/div>\n\t\t\t\t<div class=\"elementor-element elementor-element-e8c9409 animated-fast elementor-invisible elementor-widget elementor-widget-image\" data-id=\"e8c9409\" data-element_type=\"widget\" data-settings=\"{&quot;_animation&quot;:&quot;fadeInUp&quot;}\" data-widget_type=\"image.default\">\n\t\t\t\t<div class=\"elementor-widget-container\">\n\t\t\t\t\t\t\t\t\t\t\t\t<figure class=\"wp-caption\">\n\t\t\t\t\t\t\t\t\t\t<img loading=\"lazy\" decoding=\"async\" width=\"1536\" height=\"1022\" src=\"https:\/\/aktuelles.uni-frankfurt.de\/wp-content\/uploads\/2025\/08\/Bild-2_-2303_ABL_18786Pro-L-002_web-1536x1022.jpg\" class=\"attachment-1536x1536 size-1536x1536 wp-image-85172\" alt=\"\" srcset=\"https:\/\/aktuelles.uni-frankfurt.de\/wp-content\/uploads\/2025\/08\/Bild-2_-2303_ABL_18786Pro-L-002_web-1536x1022.jpg 1536w, https:\/\/aktuelles.uni-frankfurt.de\/wp-content\/uploads\/2025\/08\/Bild-2_-2303_ABL_18786Pro-L-002_web-300x200.jpg 300w, https:\/\/aktuelles.uni-frankfurt.de\/wp-content\/uploads\/2025\/08\/Bild-2_-2303_ABL_18786Pro-L-002_web-500x333.jpg 500w, https:\/\/aktuelles.uni-frankfurt.de\/wp-content\/uploads\/2025\/08\/Bild-2_-2303_ABL_18786Pro-L-002_web-768x511.jpg 768w, https:\/\/aktuelles.uni-frankfurt.de\/wp-content\/uploads\/2025\/08\/Bild-2_-2303_ABL_18786Pro-L-002_web-18x12.jpg 18w, https:\/\/aktuelles.uni-frankfurt.de\/wp-content\/uploads\/2025\/08\/Bild-2_-2303_ABL_18786Pro-L-002_web.jpg 2000w\" sizes=\"(max-width: 1536px) 100vw, 1536px\" \/>\t\t\t\t\t\t\t\t\t\t\t<figcaption class=\"widget-image-caption wp-caption-text\">Umgang mit Fake News in der p\u00e4dagogischen Arbeit: Ein kostenloses Workshopprogramm umfasst neben Stimm- und Kommunikationstrainings Angebote f\u00fcr Studierende, Kompeten-zen f\u00fcr ihr zuk\u00fcnftiges Berufsfeld auszubauen, die nicht \u00fcber das regul\u00e4re Lehrangebot ab-gedeckt werden   (Foto: Moritz Reich)<\/figcaption>\n\t\t\t\t\t\t\t\t\t\t<\/figure>\n\t\t\t\t\t\t\t\t\t<\/div>\n\t\t\t\t<\/div>\n\t\t\t\t<div class=\"elementor-element elementor-element-3ab6525 animated-fast elementor-invisible elementor-widget elementor-widget-text-editor\" data-id=\"3ab6525\" data-element_type=\"widget\" data-settings=\"{&quot;_animation&quot;:&quot;fadeInUp&quot;}\" data-widget_type=\"text-editor.default\">\n\t\t\t\t<div class=\"elementor-widget-container\">\n\t\t\t\t\t\t\t\t\t<p>Positiv bewertet wurden etwa die<\/p><ul><li><strong>Interdisziplin\u00e4re Zusammenarbeit der ABL<\/strong>: 14 von 16 Fachbereichen der Universit\u00e4t sind an der Lehrkr\u00e4ftebildung beteiligt, was eine breite und fundierte Ausbildung und eine hohe F\u00e4chervielfalt erm\u00f6glicht. Allein im Lehramt f\u00fcr Gymnasien gibt es aktuell \u00fcber 400 F\u00e4cherkombinationen.<\/li><li><strong>Praxisorientierung<\/strong>: Eine enge Kooperation der Fachbereiche mit einem aktiven Netzwerk von ca. 700 Schulen und den an der Lehrkr\u00e4ftebildung beteiligten Einrichtungen garantiert eine praxisnahe Ausbildung.<\/li><\/ul>\t\t\t\t\t\t\t\t<\/div>\n\t\t\t\t<\/div>\n\t\t\t\t\t<\/div>\n\t\t<\/div>\n\t\t\t\t\t<\/div>\n\t\t<\/section>\n\t\t\t\t<section class=\"elementor-section elementor-top-section elementor-element elementor-element-b02a8d7 elementor-section-content-middle elementor-section-boxed elementor-section-height-default elementor-section-height-default\" data-id=\"b02a8d7\" data-element_type=\"section\" data-settings=\"{&quot;_ha_eqh_enable&quot;:false}\">\n\t\t\t\t\t\t<div class=\"elementor-container elementor-column-gap-no\">\n\t\t\t\t\t<div class=\"elementor-column elementor-col-100 elementor-top-column elementor-element elementor-element-bfde01e\" data-id=\"bfde01e\" data-element_type=\"column\">\n\t\t\t<div class=\"elementor-widget-wrap elementor-element-populated\">\n\t\t\t\t\t\t<div class=\"elementor-element elementor-element-5eeadcd elementor-align-start elementor-icon-list--layout-traditional elementor-list-item-link-full_width elementor-widget elementor-widget-icon-list\" data-id=\"5eeadcd\" data-element_type=\"widget\" data-widget_type=\"icon-list.default\">\n\t\t\t\t<div class=\"elementor-widget-container\">\n\t\t\t\t\t\t\t<ul class=\"elementor-icon-list-items\">\n\t\t\t\t\t\t\t<li class=\"elementor-icon-list-item\">\n\t\t\t\t\t\t\t\t\t\t\t<span class=\"elementor-icon-list-icon\">\n\t\t\t\t\t\t\t<i aria-hidden=\"true\" class=\"far fa-lightbulb\"><\/i>\t\t\t\t\t\t<\/span>\n\t\t\t\t\t\t\t\t\t\t<span class=\"elementor-icon-list-text\">Zum Beispiel: Das Projekt \u201ePraktikabeL \u2013 Praktika in besonderen Lebenslagen\u201c<\/span>\n\t\t\t\t\t\t\t\t\t<\/li>\n\t\t\t\t\t\t<\/ul>\n\t\t\t\t\t\t<\/div>\n\t\t\t\t<\/div>\n\t\t\t\t<div class=\"elementor-element elementor-element-d1760c9 animated-fast elementor-invisible elementor-widget elementor-widget-text-editor\" data-id=\"d1760c9\" data-element_type=\"widget\" data-settings=\"{&quot;_animation&quot;:&quot;fadeInUp&quot;}\" data-widget_type=\"text-editor.default\">\n\t\t\t\t<div class=\"elementor-widget-container\">\n\t\t\t\t\t\t\t\t\t<p>Das Projekt unterst\u00fctzt Lehramtsstudierende in besonderen Lebenslagen in der Durchf\u00fchrung der schulischen Praxisphasen. Dies gelingt unter anderem dadurch, dass das Praktikum mithilfe von (digitalen) \u00c4quivalenzleistungen zeitlich und r\u00e4umlich an individuelle Bed\u00fcrfnisse angepasst wird.<\/p>\t\t\t\t\t\t\t\t<\/div>\n\t\t\t\t<\/div>\n\t\t\t\t\t<\/div>\n\t\t<\/div>\n\t\t\t\t\t<\/div>\n\t\t<\/section>\n\t\t\t\t<section class=\"elementor-section elementor-top-section elementor-element elementor-element-49b9c76 elementor-section-content-middle elementor-section-boxed elementor-section-height-default elementor-section-height-default\" data-id=\"49b9c76\" data-element_type=\"section\" data-settings=\"{&quot;_ha_eqh_enable&quot;:false}\">\n\t\t\t\t\t\t<div class=\"elementor-container elementor-column-gap-no\">\n\t\t\t\t\t<div class=\"elementor-column elementor-col-100 elementor-top-column elementor-element elementor-element-44c9d94\" data-id=\"44c9d94\" data-element_type=\"column\">\n\t\t\t<div class=\"elementor-widget-wrap elementor-element-populated\">\n\t\t\t\t\t\t<div class=\"elementor-element elementor-element-a345443 animated-fast elementor-invisible elementor-widget elementor-widget-text-editor\" data-id=\"a345443\" data-element_type=\"widget\" data-settings=\"{&quot;_animation&quot;:&quot;fadeInUp&quot;}\" data-widget_type=\"text-editor.default\">\n\t\t\t\t<div class=\"elementor-widget-container\">\n\t\t\t\t\t\t\t\t\t<ul><li><strong>Studienberatung und \u2013begleitung<\/strong><strong>: <\/strong>Studierende beraten Studierende im Info-Cafe oder digital \u00fcber das Infoportal MainLehramt; seit dem Wintersemester 23\/24 gibt es zudem eine Plattform Lehramtsstudium: <a href=\"https:\/\/leon.uni-frankfurt.de\/\" target=\"_blank\" rel=\"noopener\">\u201eLeOn \u2013 Lehramt Online\u201c<\/a> enth\u00e4lt die studienrelevanten Informationen nach Lehramtsstudieng\u00e4ngen gef\u00e4chert zu den Pr\u00fcfungs- und Studienordnungen seit 2023.<\/li><li><strong>Fort- und Weiterbildungsangebote<\/strong>: W\u00e4hrend und nach dem Studium bietet die ABL mit <a href=\"https:\/\/www.uni-frankfurt.de\/164662583\/PRO_L_Workshops\" target=\"_blank\" rel=\"noopener\">Workshops, Zertifikaten und weiteren Fortbildungsangeboten<\/a> allen Interessierten die M\u00f6glichkeit, Neues zu lernen, Wissen zu vertiefen und sich weiterzuentwickeln. Dazu geh\u00f6ren Stimmtraining und Zeitmanagement, Handlungsstrategien bei Mobbing und Gewalt und weitere Trainings, die auf den Berufsalltag vorbereiten.\u00a0<\/li><li><strong>Internationalisierung<\/strong>: Die ABL f\u00f6rdert die Internationalisierung des Studiums durch Praktika und Kooperationen mit Schulen weltweit. Studierende haben derzeit die M\u00f6glichkeit, an 30 Schulen im Ausland internationale Erfahrungen zu sammeln und ihre interkulturellen Kompetenzen zu erweitern.<\/li><\/ul><p>\u00a0<\/p><p>Als Zeichen einer erfolgreichen Arbeit gewertet wurden beispielsweise auch die in den letzten Jahren eingeworbenen Drittmittelprojekte der ABL und die Pilotarbeit des Bereichs Lehramt bei der Einf\u00fchrung des digitalen Pr\u00fcfungsmanagementsystems (EXA) an der Goethe-Universit\u00e4t. Anerkennung fand zudem das Portal f\u00fcr Unterrichtsvideos, mit dem die ABL zusammen mit den beteiligten Fachbereichen an der Goethe-Universit\u00e4t ein besonderes Angebot geschaffen hat, das zuk\u00fcnftig noch weiterentwickelt werden soll. Der Aufbau der Weiterbildung wurde ebenso positiv hervorgehoben verbunden mit dem Wunsch, die Angebote weiter auszubauen.<\/p>\t\t\t\t\t\t\t\t<\/div>\n\t\t\t\t<\/div>\n\t\t\t\t<div class=\"elementor-element elementor-element-b132d5e animated-fast elementor-invisible elementor-widget elementor-widget-text-editor\" data-id=\"b132d5e\" data-element_type=\"widget\" data-settings=\"{&quot;_animation&quot;:&quot;fadeInUp&quot;}\" data-widget_type=\"text-editor.default\">\n\t\t\t\t<div class=\"elementor-widget-container\">\n\t\t\t\t\t\t\t\t\t<p>Angela Gies<\/p><p>Dr. Angela Gies ist Gesch\u00e4ftsf\u00fchrerin der ABL.<\/p>\t\t\t\t\t\t\t\t<\/div>\n\t\t\t\t<\/div>\n\t\t\t\t\t<\/div>\n\t\t<\/div>\n\t\t\t\t\t<\/div>\n\t\t<\/section>\n\t\t\t\t<section class=\"elementor-section elementor-top-section elementor-element elementor-element-a2aab0c elementor-section-content-middle elementor-section-boxed elementor-section-height-default elementor-section-height-default\" data-id=\"a2aab0c\" data-element_type=\"section\" data-settings=\"{&quot;_ha_eqh_enable&quot;:false}\">\n\t\t\t\t\t\t<div class=\"elementor-container elementor-column-gap-no\">\n\t\t\t\t\t<div class=\"elementor-column elementor-col-100 elementor-top-column elementor-element elementor-element-9865c99\" data-id=\"9865c99\" data-element_type=\"column\">\n\t\t\t<div class=\"elementor-widget-wrap elementor-element-populated\">\n\t\t\t\t\t\t<div class=\"elementor-element elementor-element-9d69d99 elementor-align-start elementor-icon-list--layout-traditional elementor-list-item-link-full_width elementor-widget elementor-widget-icon-list\" data-id=\"9d69d99\" data-element_type=\"widget\" data-widget_type=\"icon-list.default\">\n\t\t\t\t<div class=\"elementor-widget-container\">\n\t\t\t\t\t\t\t<ul class=\"elementor-icon-list-items\">\n\t\t\t\t\t\t\t<li class=\"elementor-icon-list-item\">\n\t\t\t\t\t\t\t\t\t\t\t<span class=\"elementor-icon-list-icon\">\n\t\t\t\t\t\t\t<i aria-hidden=\"true\" class=\"far fa-lightbulb\"><\/i>\t\t\t\t\t\t<\/span>\n\t\t\t\t\t\t\t\t\t\t<span class=\"elementor-icon-list-text\">Welche Schulen im Ausland kooperieren<\/span>\n\t\t\t\t\t\t\t\t\t<\/li>\n\t\t\t\t\t\t<\/ul>\n\t\t\t\t\t\t<\/div>\n\t\t\t\t<\/div>\n\t\t\t\t<div class=\"elementor-element elementor-element-11c04c0 animated-fast elementor-invisible elementor-widget elementor-widget-text-editor\" data-id=\"11c04c0\" data-element_type=\"widget\" data-settings=\"{&quot;_animation&quot;:&quot;fadeInUp&quot;}\" data-widget_type=\"text-editor.default\">\n\t\t\t\t<div class=\"elementor-widget-container\">\n\t\t\t\t\t\t\t\t\t<ul><li>German European School Singapore (2017)<\/li><li>Deutsch\/Schweizerische Schule Hong Kong (2017)<\/li><li>Deutsche Schule Melbourne {2018)<\/li><li>Deutsche Schule Sydney (2018)<\/li><li>Deutsche Schule Guadalajara (2018)<\/li><li>Deutsche Schule Mexiko-Stadt La Herradura (2018)<\/li><li>Deutsche Schule Puebla (2018)<\/li><li>Deutsche Schule Willy-Brandt-Schule Warschau (2019)<\/li><li>Deutsche Schule Curitiba (2019)<\/li><li>Deutsche Schule Prag {2019)<\/li><li>German International School Ho Chi Minh City (2019)<\/li><li>Deutsche Schule Guatemala (2019)<\/li><li>Deutsche Schule Barranquilla (2019<\/li><li>Deutsche Schule Sankt Petersburg (2019)<\/li><li>Europ\u00e4ische Schule Den Haag (2019)<\/li><li>Twin Cities German Immersion School St. Paul (2019)<\/li><li>Deutsche Schule Medell\u00edn (2019)<\/li><li>Deutsche Schule St. Thomas Morus Santiago (2020)<\/li><li>Deutsche Schule Tokyo Yokohama (2020)<\/li><li>Penta Jacob van Liesveldt Hellevoetsluis (2021)<\/li><li>German International School Chicago (2021)<\/li><li>Marie Kruses Skole Farum (2021)<\/li><li>Deutsche Schule Mexiko-Stadt Lomas Verdes (2022)<\/li><li>Deutsche Schule Mexiko-Stadt Xochimilco (2022)<\/li><li>Deutsche Schule Caracas (2023)<\/li><li>RIS Swiss &#8211; Deutschsprachige Schule Bangkok (2023)<\/li><li>Col\u00e9gio Humboldt &#8211; Deutsche Schule in S\u00e3o Paulo (2023)<\/li><li>Col\u00e9gio Alem\u00e1n Del Istmo \u2014 Panama-Stadt (2024)<\/li><li>German School Brooklyn &#8211; New York City (2024)<\/li><li>Colegio Humboldt San Jos\u00e9 \u2014 Costa Rica (2025)<\/li><\/ul>\t\t\t\t\t\t\t\t<\/div>\n\t\t\t\t<\/div>\n\t\t\t\t\t<\/div>\n\t\t<\/div>\n\t\t\t\t\t<\/div>\n\t\t<\/section>\n\t\t\t\t<section class=\"elementor-section elementor-top-section elementor-element elementor-element-4a2618b elementor-section-full_width elementor-section-height-min-height elementor-section-items-stretch elementor-section-height-default\" data-id=\"4a2618b\" data-element_type=\"section\" id=\"Bachelor_Master\" data-settings=\"{&quot;background_background&quot;:&quot;classic&quot;,&quot;_ha_eqh_enable&quot;:false}\">\n\t\t\t\t\t\t<div class=\"elementor-container elementor-column-gap-default\">\n\t\t\t\t\t<div class=\"elementor-column elementor-col-50 elementor-top-column elementor-element elementor-element-c6c569a\" data-id=\"c6c569a\" data-element_type=\"column\" data-settings=\"{&quot;background_background&quot;:&quot;classic&quot;}\">\n\t\t\t<div class=\"elementor-widget-wrap elementor-element-populated\">\n\t\t\t\t\t\t<div class=\"elementor-element elementor-element-7c1609e elementor-widget elementor-widget-spacer\" data-id=\"7c1609e\" data-element_type=\"widget\" data-widget_type=\"spacer.default\">\n\t\t\t\t<div class=\"elementor-widget-container\">\n\t\t\t\t\t\t\t<div class=\"elementor-spacer\">\n\t\t\t<div class=\"elementor-spacer-inner\"><\/div>\n\t\t<\/div>\n\t\t\t\t\t\t<\/div>\n\t\t\t\t<\/div>\n\t\t\t\t<div class=\"elementor-element elementor-element-9119425 animated-fast elementor-widget__width-initial ha-has-bg-overlay elementor-invisible elementor-widget elementor-widget-text-editor\" data-id=\"9119425\" data-element_type=\"widget\" data-settings=\"{&quot;_animation&quot;:&quot;fadeInUp&quot;}\" data-widget_type=\"text-editor.default\">\n\t\t\t\t<div class=\"elementor-widget-container\">\n\t\t\t\t\t\t\t\t\t<p>Foto: ULB<\/p>\t\t\t\t\t\t\t\t<\/div>\n\t\t\t\t<\/div>\n\t\t\t\t\t<\/div>\n\t\t<\/div>\n\t\t\t\t<div class=\"elementor-column elementor-col-50 elementor-top-column elementor-element elementor-element-1ccd91e\" data-id=\"1ccd91e\" data-element_type=\"column\">\n\t\t\t<div class=\"elementor-widget-wrap elementor-element-populated\">\n\t\t\t\t\t\t<div class=\"elementor-element elementor-element-df3b62a elementor-align-start elementor-mobile-align-start elementor-icon-list--layout-traditional elementor-list-item-link-full_width elementor-widget elementor-widget-icon-list\" data-id=\"df3b62a\" data-element_type=\"widget\" data-widget_type=\"icon-list.default\">\n\t\t\t\t<div class=\"elementor-widget-container\">\n\t\t\t\t\t\t\t<ul class=\"elementor-icon-list-items\">\n\t\t\t\t\t\t\t<li class=\"elementor-icon-list-item\">\n\t\t\t\t\t\t\t\t\t\t<span class=\"elementor-icon-list-text\">Neue Bachelor- und Masterstudieng\u00e4nge<\/span>\n\t\t\t\t\t\t\t\t\t<\/li>\n\t\t\t\t\t\t<\/ul>\n\t\t\t\t\t\t<\/div>\n\t\t\t\t<\/div>\n\t\t\t\t<div class=\"elementor-element elementor-element-722ac76 animated-fast elementor-invisible elementor-widget elementor-widget-heading\" data-id=\"722ac76\" data-element_type=\"widget\" data-settings=\"{&quot;_animation&quot;:&quot;fadeInUp&quot;}\" data-widget_type=\"heading.default\">\n\t\t\t\t<div class=\"elementor-widget-container\">\n\t\t\t\t\t<h2 class=\"elementor-heading-title elementor-size-default\">Leben und Lernen in drei L\u00e4ndern<\/h2>\t\t\t\t<\/div>\n\t\t\t\t<\/div>\n\t\t\t\t<div class=\"elementor-element elementor-element-3a42dd2 animated-fast elementor-invisible elementor-widget elementor-widget-text-editor\" data-id=\"3a42dd2\" data-element_type=\"widget\" data-settings=\"{&quot;_animation&quot;:&quot;fadeInUp&quot;}\" data-widget_type=\"text-editor.default\">\n\t\t\t\t<div class=\"elementor-widget-container\">\n\t\t\t\t\t\t\t\t\t<p>Mit einem gemeinsamen Masterprogramm kennen sie sich schon aus, nun haben sie einen gemeinsamen europ\u00e4ischen Triple-Bachelor in Economics and Business (EUTribe) entwickelt: die drei Hochschulen Solvay Brussels School Economics &amp; Management, die Luiss-Universit\u00e4t in Rom und die Goethe-Universit\u00e4t in Frankfurt.<\/p>\t\t\t\t\t\t\t\t<\/div>\n\t\t\t\t<\/div>\n\t\t\t\t\t<\/div>\n\t\t<\/div>\n\t\t\t\t\t<\/div>\n\t\t<\/section>\n\t\t\t\t<section class=\"elementor-section elementor-top-section elementor-element elementor-element-898e0aa elementor-section-content-middle elementor-section-boxed elementor-section-height-default elementor-section-height-default\" data-id=\"898e0aa\" data-element_type=\"section\" data-settings=\"{&quot;_ha_eqh_enable&quot;:false}\">\n\t\t\t\t\t\t<div class=\"elementor-container elementor-column-gap-no\">\n\t\t\t\t\t<div class=\"elementor-column elementor-col-100 elementor-top-column elementor-element elementor-element-591c11b\" data-id=\"591c11b\" data-element_type=\"column\">\n\t\t\t<div class=\"elementor-widget-wrap elementor-element-populated\">\n\t\t\t\t\t\t<div class=\"elementor-element elementor-element-4d46bd3 animated-fast elementor-invisible elementor-widget elementor-widget-text-editor\" data-id=\"4d46bd3\" data-element_type=\"widget\" data-settings=\"{&quot;_animation&quot;:&quot;fadeInUp&quot;}\" data-widget_type=\"text-editor.default\">\n\t\t\t\t<div class=\"elementor-widget-container\">\n\t\t\t\t\t\t\t\t\t<p>Studieren an drei Orten und zudem den Abschluss der drei beteiligten Universit\u00e4ten erhalten: Das haben die Solvay Brussels School of Economics &amp; Management, die Luiss University in Rom und der Fachbereich Wirtschaftswissenschaften der Goethe-Universit\u00e4t Frankfurt in einem neuen Bachelorstudiengang ab dem Wintersemester 2024\/25 angeboten. Er ist zugleich der erste Bachelorstudiengang mit drei Abschl\u00fcssen an der Goethe-Universit\u00e4t.<\/p><p>Der European Triple Bachelor in Economics and Business (EUTribe) ist auf drei Jahre angelegt: Jeweils ein Jahr verbringen die Teilnehmer*innen in Frankfurt, Br\u00fcssel und Rom und machen sich mit verschiedenen Universit\u00e4tskulturen, Lehr- und Lernmethoden in den europ\u00e4ischen L\u00e4ndern vertraut. Das Programm startet zun\u00e4chst mit 10 Studierenden pro Standort.<\/p>\t\t\t\t\t\t\t\t<\/div>\n\t\t\t\t<\/div>\n\t\t\t\t<div class=\"elementor-element elementor-element-ab0e217 elementor-widget elementor-widget-heading\" data-id=\"ab0e217\" data-element_type=\"widget\" data-widget_type=\"heading.default\">\n\t\t\t\t<div class=\"elementor-widget-container\">\n\t\t\t\t\t<h3 class=\"elementor-heading-title elementor-size-default\">Kooperation seit 2012<\/h3>\t\t\t\t<\/div>\n\t\t\t\t<\/div>\n\t\t\t\t<div class=\"elementor-element elementor-element-fbddf03 animated-fast elementor-invisible elementor-widget elementor-widget-text-editor\" data-id=\"fbddf03\" data-element_type=\"widget\" data-settings=\"{&quot;_animation&quot;:&quot;fadeInUp&quot;}\" data-widget_type=\"text-editor.default\">\n\t\t\t\t<div class=\"elementor-widget-container\">\n\t\t\t\t\t\t\t\t\t<p>Die drei Universit\u00e4ten arbeiten bereits seit der Gr\u00fcndung des gemeinsamen Programms QTEM (Quantitative Techniques for Economics &amp; Management Masters Network) im Jahr 2012 eng zusammen: Sie tauschen Studierende im Rahmen eines quantitativ ausgerichteten Masterprogramms untereinander und in einem weltweiten Netzwerk von 20 weiteren Universit\u00e4ten aus. Der Erfolg dieser Zusammenarbeit hat nun zur Initiative gef\u00fchrt, auch auf Bachelor-Ebene eine internationale Ausbildung anzubieten.<\/p><p>\u201eDas EUTribe ist eine einzigartige Bildungserfahrung f\u00fcr Studierende, die sich f\u00fcr Wirtschaftswissenschaften interessieren: Sie studieren in einem kulturell vielf\u00e4ltigen Umfeld, leben und lernen in drei L\u00e4ndern, lernen verschiedene institutionelle Rahmenbedingungen kennen und werden an drei erstklassigen europ\u00e4ischen Universit\u00e4ten ausgebildet\u201c, sagte Andrea Prencipe, Rektor der Luiss-Universit\u00e4t zum Start des neuen Studiengangs.<\/p><p>\u201eUnsere internationalen Studierenden haben nicht nur direkten Zugang zu den jeweiligen Arbeitsm\u00e4rkten in Italien, Belgien und Deutschland. Ihr erfolgreicher Abschluss des Programms er\u00f6ffnet ihnen auch gro\u00dfe Chancen auf anderen Arbeitsfeldern\u201c, erg\u00e4nzte Christian Schlag, Dekan des Fachbereichs Wirtschaftswissenschaften der Goethe-Universit\u00e4t. Die Frankfurter Interessenten am Triple-Studium bewerben sich zun\u00e4chst regul\u00e4r f\u00fcr ein Studium der Wirtschaftswissenschaften an der Goethe-Universit\u00e4t. Danach k\u00f6nnen die Erstsemesterstudierenden im Fachbereich einen Antrag stellen, ihr Studium als Triple-Bachelor fortzusetzen.<\/p><p>\u201eUnser Plan ist es auch, den Teilnehmern im Kursangebot die inhaltlichen Spezialisierungen der einzelnen Partner zug\u00e4nglich zu machen, das sie sich ihren Interessen entsprechend gestalten k\u00f6nnen\u201c, sagte Bruno Van Pottelsberghe, Dekan der Solvay Brussels School of Economics &amp; Management. Dar\u00fcber hinaus gibt es auch M\u00f6glichkeiten, Italienisch oder Franz\u00f6sisch zu lernen. Allerdings kann das Studium in Br\u00fcssel und Rom vollst\u00e4ndig in englischer Sprache absolviert werden. Das Programm wird mit Stipendien im Rahmen von ERASMUS+ gef\u00f6rdert.<\/p>\t\t\t\t\t\t\t\t<\/div>\n\t\t\t\t<\/div>\n\t\t\t\t<div class=\"elementor-element elementor-element-16770ad animated-fast elementor-invisible elementor-widget elementor-widget-text-editor\" data-id=\"16770ad\" data-element_type=\"widget\" data-settings=\"{&quot;_animation&quot;:&quot;fadeInUp&quot;}\" data-widget_type=\"text-editor.default\">\n\t\t\t\t<div class=\"elementor-widget-container\">\n\t\t\t\t\t\t\t\t\t<p>pb<\/p>\t\t\t\t\t\t\t\t<\/div>\n\t\t\t\t<\/div>\n\t\t\t\t\t<\/div>\n\t\t<\/div>\n\t\t\t\t\t<\/div>\n\t\t<\/section>\n\t\t\t\t<section class=\"elementor-section elementor-top-section elementor-element elementor-element-6b79085 elementor-section-content-middle elementor-section-boxed elementor-section-height-default elementor-section-height-default\" data-id=\"6b79085\" data-element_type=\"section\" data-settings=\"{&quot;_ha_eqh_enable&quot;:false}\">\n\t\t\t\t\t\t<div class=\"elementor-container elementor-column-gap-no\">\n\t\t\t\t\t<div class=\"elementor-column elementor-col-100 elementor-top-column elementor-element elementor-element-8c111eb\" data-id=\"8c111eb\" data-element_type=\"column\" data-settings=\"{&quot;background_background&quot;:&quot;classic&quot;}\">\n\t\t\t<div class=\"elementor-widget-wrap elementor-element-populated\">\n\t\t\t\t\t\t<div class=\"elementor-element elementor-element-6ee8451 elementor-align-center elementor-mobile-align-start elementor-icon-list--layout-traditional elementor-list-item-link-full_width elementor-widget elementor-widget-icon-list\" data-id=\"6ee8451\" data-element_type=\"widget\" data-widget_type=\"icon-list.default\">\n\t\t\t\t<div class=\"elementor-widget-container\">\n\t\t\t\t\t\t\t<ul class=\"elementor-icon-list-items\">\n\t\t\t\t\t\t\t<li class=\"elementor-icon-list-item\">\n\t\t\t\t\t\t\t\t\t\t<span class=\"elementor-icon-list-text\">Neue Bachelor- und Masterstudieng\u00e4nge<\/span>\n\t\t\t\t\t\t\t\t\t<\/li>\n\t\t\t\t\t\t<\/ul>\n\t\t\t\t\t\t<\/div>\n\t\t\t\t<\/div>\n\t\t\t\t<div class=\"elementor-element elementor-element-816066c elementor-widget elementor-widget-heading\" data-id=\"816066c\" data-element_type=\"widget\" data-widget_type=\"heading.default\">\n\t\t\t\t<div class=\"elementor-widget-container\">\n\t\t\t\t\t<h1 class=\"elementor-heading-title elementor-size-default\">Literarische Praktiken \u2013 international betrachtet<\/h1>\t\t\t\t<\/div>\n\t\t\t\t<\/div>\n\t\t\t\t<div class=\"elementor-element elementor-element-a3eb789 animated-fast elementor-invisible elementor-widget elementor-widget-text-editor\" data-id=\"a3eb789\" data-element_type=\"widget\" data-settings=\"{&quot;_animation&quot;:&quot;fadeInUp&quot;}\" data-widget_type=\"text-editor.default\">\n\t\t\t\t<div class=\"elementor-widget-container\">\n\t\t\t\t\t\t\t\t\t<p>\u201eInternationale Literaturen und Buchm\u00e4rkte\u201c sind das Themenfeld des praxisorientierten Masters, den Goethe-Universit\u00e4t und Philipps-Universit\u00e4t Marburg zum Wintersemester 2024\/25 erstmals angeboten haben. Das Besondere: Dritter Partner ist die Frankfurter Buchmesse, die mit ihren international t\u00e4tigen Partnern die hohe Qualit\u00e4t des Praxisanteils garantiert.<\/p>\t\t\t\t\t\t\t\t<\/div>\n\t\t\t\t<\/div>\n\t\t\t\t\t<\/div>\n\t\t<\/div>\n\t\t\t\t\t<\/div>\n\t\t<\/section>\n\t\t\t\t<section class=\"elementor-section elementor-top-section elementor-element elementor-element-d24fd08 elementor-section-content-middle elementor-section-boxed elementor-section-height-default elementor-section-height-default\" data-id=\"d24fd08\" data-element_type=\"section\" data-settings=\"{&quot;_ha_eqh_enable&quot;:false}\">\n\t\t\t\t\t\t<div class=\"elementor-container elementor-column-gap-no\">\n\t\t\t\t\t<div class=\"elementor-column elementor-col-100 elementor-top-column elementor-element elementor-element-7aa27d3\" data-id=\"7aa27d3\" data-element_type=\"column\">\n\t\t\t<div class=\"elementor-widget-wrap elementor-element-populated\">\n\t\t\t\t\t\t<div class=\"elementor-element elementor-element-d88d90e animated-fast elementor-invisible elementor-widget elementor-widget-text-editor\" data-id=\"d88d90e\" data-element_type=\"widget\" data-settings=\"{&quot;_animation&quot;:&quot;fadeInUp&quot;}\" data-widget_type=\"text-editor.default\">\n\t\t\t\t<div class=\"elementor-widget-container\">\n\t\t\t\t\t\t\t\t\t<p>Wie wird Literatur der Gegenwart vermittelt, auf dem heimischen Buchmarkt und international? Wie arbeiten Verlage mit Autoren und \u00dcbersetzern zusammen? Wie werden B\u00fccher vermarktet? Und welche gesellschaftspolitische Dimension haben diese literarischen Praktiken? Diese und andere Themen mehr sind Stoff des neuen Masterstudiengangs \u201eInternationale Literaturen und Buchm\u00e4rkte\u201c, den die Goethe-Universit\u00e4t Frankfurt und die Philips-Universit\u00e4t Marburg gemeinsam mit der Frankfurter Buchmesse entwickelt haben. Der neue Master ist auf vier Semester angelegt und startete erstmals im Wintersemester 2024\/25. Fester Bestandteil des Studiums ist ein mehrmonatiges Praktikum bei der Frankfurter Buchmesse oder einem ihrer Partner weltweit. Im Fokus stehen die romanisch-sprachigen L\u00e4nder.<\/p><p>Voraussetzung f\u00fcr die Aufnahme in den Master sind sehr gute Kenntnisse einer romanischen Sprache (Spanisch, Franz\u00f6sisch, Italienisch, Portugiesisch und\/oder Katalanisch) sowie Interesse an Literaturvermittlung im internationalen Raum. Durch Wahloptionen k\u00f6nnen die Studierenden skandinavische Sprachen und Arabisch (und bald auch Englisch) hinzuf\u00fcgen.<\/p>\t\t\t\t\t\t\t\t<\/div>\n\t\t\t\t<\/div>\n\t\t\t\t<div class=\"elementor-element elementor-element-37181d2 animated-fast elementor-invisible elementor-widget elementor-widget-image\" data-id=\"37181d2\" data-element_type=\"widget\" data-settings=\"{&quot;_animation&quot;:&quot;fadeInUp&quot;}\" data-widget_type=\"image.default\">\n\t\t\t\t<div class=\"elementor-widget-container\">\n\t\t\t\t\t\t\t\t\t\t\t\t<figure class=\"wp-caption\">\n\t\t\t\t\t\t\t\t\t\t<img loading=\"lazy\" decoding=\"async\" width=\"1536\" height=\"1018\" src=\"https:\/\/aktuelles.uni-frankfurt.de\/wp-content\/uploads\/2025\/08\/LS_4b-kate-bezzubets-cPgUiIos-q0-unsplash_web-1536x1018.jpg\" class=\"attachment-1536x1536 size-1536x1536 wp-image-85174\" alt=\"\" srcset=\"https:\/\/aktuelles.uni-frankfurt.de\/wp-content\/uploads\/2025\/08\/LS_4b-kate-bezzubets-cPgUiIos-q0-unsplash_web-1536x1018.jpg 1536w, https:\/\/aktuelles.uni-frankfurt.de\/wp-content\/uploads\/2025\/08\/LS_4b-kate-bezzubets-cPgUiIos-q0-unsplash_web-300x199.jpg 300w, https:\/\/aktuelles.uni-frankfurt.de\/wp-content\/uploads\/2025\/08\/LS_4b-kate-bezzubets-cPgUiIos-q0-unsplash_web-500x331.jpg 500w, https:\/\/aktuelles.uni-frankfurt.de\/wp-content\/uploads\/2025\/08\/LS_4b-kate-bezzubets-cPgUiIos-q0-unsplash_web-768x509.jpg 768w, https:\/\/aktuelles.uni-frankfurt.de\/wp-content\/uploads\/2025\/08\/LS_4b-kate-bezzubets-cPgUiIos-q0-unsplash_web-18x12.jpg 18w, https:\/\/aktuelles.uni-frankfurt.de\/wp-content\/uploads\/2025\/08\/LS_4b-kate-bezzubets-cPgUiIos-q0-unsplash_web.jpg 2000w\" sizes=\"(max-width: 1536px) 100vw, 1536px\" \/>\t\t\t\t\t\t\t\t\t\t\t<figcaption class=\"widget-image-caption wp-caption-text\">Wie B\u00fccher entwickelt und vertrieben werden: Dieses Thema ist Stoff des neuen praxisorientierten Masters \u201eInternationale Literaturen und Buchm\u00e4rkte\u201c von Goethe-Universit\u00e4t und Philipps-Universit\u00e4t und Frankfurter Buchmesse (Foto: Kate Bezzubets\/Unsplash)<\/figcaption>\n\t\t\t\t\t\t\t\t\t\t<\/figure>\n\t\t\t\t\t\t\t\t\t<\/div>\n\t\t\t\t<\/div>\n\t\t\t\t<div class=\"elementor-element elementor-element-fa3cb22 elementor-widget elementor-widget-heading\" data-id=\"fa3cb22\" data-element_type=\"widget\" data-widget_type=\"heading.default\">\n\t\t\t\t<div class=\"elementor-widget-container\">\n\t\t\t\t\t<h3 class=\"elementor-heading-title elementor-size-default\">Ein Plus: Literaturvermittlung im st\u00e4dtischen Raum<\/h3>\t\t\t\t<\/div>\n\t\t\t\t<\/div>\n\t\t\t\t<div class=\"elementor-element elementor-element-d3ab295 animated-fast elementor-invisible elementor-widget elementor-widget-text-editor\" data-id=\"d3ab295\" data-element_type=\"widget\" data-settings=\"{&quot;_animation&quot;:&quot;fadeInUp&quot;}\" data-widget_type=\"text-editor.default\">\n\t\t\t\t<div class=\"elementor-widget-container\">\n\t\t\t\t\t\t\t\t\t<p>Potenzielle Berufsfelder des praxisorientierten Masters sind Internationale Buchmessen, Verlage, Agenturen, Literaturh\u00e4user, Kulturjournalismus sowie Forschung und Lehre im Bereich der romanistischen Sprach-, Literatur- und Kulturwissenschaft.<\/p><p>Prof. Kati Hannken-Illjes, Vize-Pr\u00e4sidentin f\u00fcr Bildung der Universit\u00e4t Marburg, freute sich \u00fcber die Zusammenarbeit zweier forschungsstarker Universit\u00e4ten mit dem international t\u00e4tigen Partner Frankfurter Buchmesse: \u201cDas macht den Master in Deutschland einzigartig. Aktuelle Forschungsthemen wie \u00dcbersetzungen und Zirkulation von Literatur \u00fcber L\u00e4ndergrenzen hinweg k\u00f6nnen k\u00fcnftig gemeinsam mit Akteuren aus der Berufspraxis diskutiert werden.\u201d<\/p><p>Prof. Viera Pirker, Vizepr\u00e4sidentin f\u00fcr Studium und Lehre der Goethe-Universit\u00e4t, sch\u00e4tzt am neuen Master-Studiengang neben einer intensiven Zusammenarbeit mit der Universit\u00e4t Marburg, dass \u201edie Studierenden dank der Kooperation mit der Buchmesse fr\u00fchzeitig an Projekten der Literaturvermittlung im st\u00e4dtischen Raum mitwirken. So werden unsere Universit\u00e4t und die Stadt Frankfurt auf eine neue, besondere Weise miteinander verbunden\u201c.<\/p><p>Juergen Boos, Direktor der Frankfurter Buchmesse, begr\u00fc\u00dfte die Kooperation mit den Universit\u00e4ten. \u201eAls Frankfurter Buchmesse sind wir der zentrale Handelsplatz f\u00fcr die internationale Publishing-Branche. Wir engagieren uns weltweit. In unseren Teams ist die Kenntnis romanischer Sprachen von gro\u00dfem Wert. Deshalb freue ich mich, dass wir als Unternehmen zu dem nun bald startenden Master-Studiengang die Praxisorientierung beitragen k\u00f6nnen. Ich bin sicher, wir werden sehr von den entstehenden Kontakten zu den Studierenden profitieren, von ihren Perspektiven auf die Frankfurter Buchmesse, von ihrer Sprachkompetenz, von ihrem Interesse an den Literaturen der Welt.\u201c<\/p>\t\t\t\t\t\t\t\t<\/div>\n\t\t\t\t<\/div>\n\t\t\t\t<div class=\"elementor-element elementor-element-a7c76b6 animated-fast elementor-invisible elementor-widget elementor-widget-text-editor\" data-id=\"a7c76b6\" data-element_type=\"widget\" data-settings=\"{&quot;_animation&quot;:&quot;fadeInUp&quot;}\" data-widget_type=\"text-editor.default\">\n\t\t\t\t<div class=\"elementor-widget-container\">\n\t\t\t\t\t\t\t\t\t<p>pb<\/p>\t\t\t\t\t\t\t\t<\/div>\n\t\t\t\t<\/div>\n\t\t\t\t\t<\/div>\n\t\t<\/div>\n\t\t\t\t\t<\/div>\n\t\t<\/section>\n\t\t\t\t<section class=\"elementor-section elementor-top-section elementor-element elementor-element-52addb8 elementor-section-content-middle elementor-section-boxed elementor-section-height-default elementor-section-height-default\" data-id=\"52addb8\" data-element_type=\"section\" data-settings=\"{&quot;_ha_eqh_enable&quot;:false}\">\n\t\t\t\t\t\t<div class=\"elementor-container elementor-column-gap-no\">\n\t\t\t\t\t<div class=\"elementor-column elementor-col-100 elementor-top-column elementor-element elementor-element-036a9ba\" data-id=\"036a9ba\" data-element_type=\"column\">\n\t\t\t<div class=\"elementor-widget-wrap elementor-element-populated\">\n\t\t\t\t\t\t<div class=\"elementor-element elementor-element-6c8599c elementor-align-start elementor-icon-list--layout-traditional elementor-list-item-link-full_width elementor-widget elementor-widget-icon-list\" data-id=\"6c8599c\" data-element_type=\"widget\" data-widget_type=\"icon-list.default\">\n\t\t\t\t<div class=\"elementor-widget-container\">\n\t\t\t\t\t\t\t<ul class=\"elementor-icon-list-items\">\n\t\t\t\t\t\t\t<li class=\"elementor-icon-list-item\">\n\t\t\t\t\t\t\t\t\t\t\t<span class=\"elementor-icon-list-icon\">\n\t\t\t\t\t\t\t<i aria-hidden=\"true\" class=\"far fa-lightbulb\"><\/i>\t\t\t\t\t\t<\/span>\n\t\t\t\t\t\t\t\t\t\t<span class=\"elementor-icon-list-text\">Internationale Masterstudieng\u00e4nge<\/span>\n\t\t\t\t\t\t\t\t\t<\/li>\n\t\t\t\t\t\t<\/ul>\n\t\t\t\t\t\t<\/div>\n\t\t\t\t<\/div>\n\t\t\t\t<div class=\"elementor-element elementor-element-e27fee8 animated-fast elementor-invisible elementor-widget elementor-widget-text-editor\" data-id=\"e27fee8\" data-element_type=\"widget\" data-settings=\"{&quot;_animation&quot;:&quot;fadeInUp&quot;}\" data-widget_type=\"text-editor.default\">\n\t\t\t\t<div class=\"elementor-widget-container\">\n\t\t\t\t\t\t\t\t\t<p>Nicht wirklich neu ist der im Wintersemester 2023\/24 weiterentwickelte Studiengang M.Sc. Biochemistry. Es handelt sich um den bestehenden Studiengang M.Sc. Biochemie, der im Zuge der Internationalisierungsstrategie der Goethe-Universit\u00e4t auf Englisch umgestellt wurde. Das internationale Masterstudiengangportfolio der naturwissenschaftlichen Studieng\u00e4nge der Goethe-Universit\u00e4t wird auch hierdurch weiter sukzessive ausgebaut.<\/p>\t\t\t\t\t\t\t\t<\/div>\n\t\t\t\t<\/div>\n\t\t\t\t\t<\/div>\n\t\t<\/div>\n\t\t\t\t\t<\/div>\n\t\t<\/section>\n\t\t\t\t<section class=\"elementor-section elementor-top-section elementor-element elementor-element-47fa078 elementor-section-full_width elementor-section-height-min-height elementor-section-items-stretch elementor-section-height-default\" data-id=\"47fa078\" data-element_type=\"section\" id=\"Schreibzentrum\" data-settings=\"{&quot;background_background&quot;:&quot;classic&quot;,&quot;_ha_eqh_enable&quot;:false}\">\n\t\t\t\t\t\t<div class=\"elementor-container elementor-column-gap-default\">\n\t\t\t\t\t<div class=\"elementor-column elementor-col-50 elementor-top-column elementor-element elementor-element-d96e898\" data-id=\"d96e898\" data-element_type=\"column\" data-settings=\"{&quot;background_background&quot;:&quot;classic&quot;}\">\n\t\t\t<div class=\"elementor-widget-wrap elementor-element-populated\">\n\t\t\t\t\t\t<div class=\"elementor-element elementor-element-a09cf27 elementor-widget elementor-widget-spacer\" data-id=\"a09cf27\" data-element_type=\"widget\" data-widget_type=\"spacer.default\">\n\t\t\t\t<div class=\"elementor-widget-container\">\n\t\t\t\t\t\t\t<div class=\"elementor-spacer\">\n\t\t\t<div class=\"elementor-spacer-inner\"><\/div>\n\t\t<\/div>\n\t\t\t\t\t\t<\/div>\n\t\t\t\t<\/div>\n\t\t\t\t<div class=\"elementor-element elementor-element-c399c37 animated-fast elementor-widget__width-initial ha-has-bg-overlay elementor-invisible elementor-widget elementor-widget-text-editor\" data-id=\"c399c37\" data-element_type=\"widget\" data-settings=\"{&quot;_animation&quot;:&quot;fadeInUp&quot;}\" data-widget_type=\"text-editor.default\">\n\t\t\t\t<div class=\"elementor-widget-container\">\n\t\t\t\t\t\t\t\t\t<p>Foto: Ekin Duranli<\/p>\t\t\t\t\t\t\t\t<\/div>\n\t\t\t\t<\/div>\n\t\t\t\t\t<\/div>\n\t\t<\/div>\n\t\t\t\t<div class=\"elementor-column elementor-col-50 elementor-top-column elementor-element elementor-element-f535e12\" data-id=\"f535e12\" data-element_type=\"column\">\n\t\t\t<div class=\"elementor-widget-wrap elementor-element-populated\">\n\t\t\t\t\t\t<div class=\"elementor-element elementor-element-22a96c2 elementor-align-start elementor-mobile-align-start elementor-icon-list--layout-traditional elementor-list-item-link-full_width elementor-widget elementor-widget-icon-list\" data-id=\"22a96c2\" data-element_type=\"widget\" data-widget_type=\"icon-list.default\">\n\t\t\t\t<div class=\"elementor-widget-container\">\n\t\t\t\t\t\t\t<ul class=\"elementor-icon-list-items\">\n\t\t\t\t\t\t\t<li class=\"elementor-icon-list-item\">\n\t\t\t\t\t\t\t\t\t\t<span class=\"elementor-icon-list-text\">Zentren f\u00fcr Lehre \u2013 Schreibzentrum<\/span>\n\t\t\t\t\t\t\t\t\t<\/li>\n\t\t\t\t\t\t<\/ul>\n\t\t\t\t\t\t<\/div>\n\t\t\t\t<\/div>\n\t\t\t\t<div class=\"elementor-element elementor-element-64998f6 animated-fast elementor-invisible elementor-widget elementor-widget-heading\" data-id=\"64998f6\" data-element_type=\"widget\" data-settings=\"{&quot;_animation&quot;:&quot;fadeInUp&quot;}\" data-widget_type=\"heading.default\">\n\t\t\t\t<div class=\"elementor-widget-container\">\n\t\t\t\t\t<h2 class=\"elementor-heading-title elementor-size-default\">\u201eEin Basistipp ist, dass Schreiben eigentlich nicht alleine passiert\u201c<\/h2>\t\t\t\t<\/div>\n\t\t\t\t<\/div>\n\t\t\t\t<div class=\"elementor-element elementor-element-209e5ec animated-fast elementor-invisible elementor-widget elementor-widget-text-editor\" data-id=\"209e5ec\" data-element_type=\"widget\" data-settings=\"{&quot;_animation&quot;:&quot;fadeInUp&quot;}\" data-widget_type=\"text-editor.default\">\n\t\t\t\t<div class=\"elementor-widget-container\">\n\t\t\t\t\t\t\t\t\t<p>Das Schreibzentrum der Goethe-Universit\u00e4t hat 2024 eine Studie zu Schreibzentren an deutschen Hochschulen ver\u00f6ffentlicht. Warum es sie gibt, wie sie sich ver\u00e4ndert haben und welche Rolle K\u00fcnstliche Intelligenz spielt \u2013 ein Gespr\u00e4ch mit der Leiterin Dr. Nora Hoffmann.<\/p>\t\t\t\t\t\t\t\t<\/div>\n\t\t\t\t<\/div>\n\t\t\t\t\t<\/div>\n\t\t<\/div>\n\t\t\t\t\t<\/div>\n\t\t<\/section>\n\t\t\t\t<section class=\"elementor-section elementor-top-section elementor-element elementor-element-ed786e5 elementor-section-content-middle elementor-section-boxed elementor-section-height-default elementor-section-height-default\" data-id=\"ed786e5\" data-element_type=\"section\" data-settings=\"{&quot;_ha_eqh_enable&quot;:false}\">\n\t\t\t\t\t\t<div class=\"elementor-container elementor-column-gap-no\">\n\t\t\t\t\t<div class=\"elementor-column elementor-col-100 elementor-top-column elementor-element elementor-element-64f9ae4\" data-id=\"64f9ae4\" data-element_type=\"column\">\n\t\t\t<div class=\"elementor-widget-wrap elementor-element-populated\">\n\t\t\t\t\t\t<section class=\"elementor-section elementor-inner-section elementor-element elementor-element-0649bf1 elementor-section-boxed elementor-section-height-default elementor-section-height-default\" data-id=\"0649bf1\" data-element_type=\"section\" data-settings=\"{&quot;_ha_eqh_enable&quot;:false}\">\n\t\t\t\t\t\t<div class=\"elementor-container elementor-column-gap-default\">\n\t\t\t\t\t<div class=\"elementor-column elementor-col-50 elementor-inner-column elementor-element elementor-element-00377cc\" data-id=\"00377cc\" data-element_type=\"column\">\n\t\t\t<div class=\"elementor-widget-wrap elementor-element-populated\">\n\t\t\t\t\t\t<div class=\"elementor-element elementor-element-8e96711 animated-fast ha-has-bg-overlay elementor-invisible elementor-widget elementor-widget-image\" data-id=\"8e96711\" data-element_type=\"widget\" data-settings=\"{&quot;_animation&quot;:&quot;fadeInUp&quot;}\" data-widget_type=\"image.default\">\n\t\t\t\t<div class=\"elementor-widget-container\">\n\t\t\t\t\t\t\t\t\t\t\t\t\t\t\t<img loading=\"lazy\" decoding=\"async\" width=\"1536\" height=\"1536\" src=\"https:\/\/aktuelles.uni-frankfurt.de\/wp-content\/uploads\/2025\/08\/Hoffmann_Nora-1536x1536.jpg\" class=\"attachment-1536x1536 size-1536x1536 wp-image-85176\" alt=\"\" srcset=\"https:\/\/aktuelles.uni-frankfurt.de\/wp-content\/uploads\/2025\/08\/Hoffmann_Nora-1536x1536.jpg 1536w, https:\/\/aktuelles.uni-frankfurt.de\/wp-content\/uploads\/2025\/08\/Hoffmann_Nora-300x300.jpg 300w, https:\/\/aktuelles.uni-frankfurt.de\/wp-content\/uploads\/2025\/08\/Hoffmann_Nora-500x500.jpg 500w, https:\/\/aktuelles.uni-frankfurt.de\/wp-content\/uploads\/2025\/08\/Hoffmann_Nora-150x150.jpg 150w, https:\/\/aktuelles.uni-frankfurt.de\/wp-content\/uploads\/2025\/08\/Hoffmann_Nora-768x768.jpg 768w, https:\/\/aktuelles.uni-frankfurt.de\/wp-content\/uploads\/2025\/08\/Hoffmann_Nora-12x12.jpg 12w, https:\/\/aktuelles.uni-frankfurt.de\/wp-content\/uploads\/2025\/08\/Hoffmann_Nora-700x700.jpg 700w, https:\/\/aktuelles.uni-frankfurt.de\/wp-content\/uploads\/2025\/08\/Hoffmann_Nora.jpg 2000w\" sizes=\"(max-width: 1536px) 100vw, 1536px\" \/>\t\t\t\t\t\t\t\t\t\t\t\t\t\t\t<\/div>\n\t\t\t\t<\/div>\n\t\t\t\t\t<\/div>\n\t\t<\/div>\n\t\t\t\t<div class=\"elementor-column elementor-col-50 elementor-inner-column elementor-element elementor-element-af93804\" data-id=\"af93804\" data-element_type=\"column\">\n\t\t\t<div class=\"elementor-widget-wrap elementor-element-populated\">\n\t\t\t\t\t\t<div class=\"elementor-element elementor-element-04a2d44 animated-fast elementor-invisible elementor-widget elementor-widget-heading\" data-id=\"04a2d44\" data-element_type=\"widget\" data-settings=\"{&quot;_animation&quot;:&quot;fadeInUp&quot;}\" data-widget_type=\"heading.default\">\n\t\t\t\t<div class=\"elementor-widget-container\">\n\t\t\t\t\t<h5 class=\"elementor-heading-title elementor-size-medium\">\u201e20 Prozent der Schreibzentren forschen bereits. Es geht darum, die Arbeit unseres noch jungen Gesch\u00e4fts zu fundieren\u201c: die Leiterin der Schreibzentrums<br>Dr. Nora Hoffmann <\/h5>\t\t\t\t<\/div>\n\t\t\t\t<\/div>\n\t\t\t\t<div class=\"elementor-element elementor-element-9d9e406 animated-fast elementor-invisible elementor-widget elementor-widget-heading\" data-id=\"9d9e406\" data-element_type=\"widget\" data-settings=\"{&quot;_animation&quot;:&quot;fadeInUp&quot;}\" data-widget_type=\"heading.default\">\n\t\t\t\t<div class=\"elementor-widget-container\">\n\t\t\t\t\t<h2 class=\"elementor-heading-title elementor-size-default\">Foto: Peter Kiefer<\/h2>\t\t\t\t<\/div>\n\t\t\t\t<\/div>\n\t\t\t\t\t<\/div>\n\t\t<\/div>\n\t\t\t\t\t<\/div>\n\t\t<\/section>\n\t\t\t\t\t<\/div>\n\t\t<\/div>\n\t\t\t\t\t<\/div>\n\t\t<\/section>\n\t\t\t\t<section class=\"elementor-section elementor-top-section elementor-element elementor-element-9462e9e elementor-section-content-middle elementor-section-boxed elementor-section-height-default elementor-section-height-default\" data-id=\"9462e9e\" data-element_type=\"section\" data-settings=\"{&quot;_ha_eqh_enable&quot;:false}\">\n\t\t\t\t\t\t<div class=\"elementor-container elementor-column-gap-no\">\n\t\t\t\t\t<div class=\"elementor-column elementor-col-100 elementor-top-column elementor-element elementor-element-4af58a7\" data-id=\"4af58a7\" data-element_type=\"column\">\n\t\t\t<div class=\"elementor-widget-wrap elementor-element-populated\">\n\t\t\t\t\t\t<div class=\"elementor-element elementor-element-b0c0fed animated-fast elementor-invisible elementor-widget elementor-widget-elementskit-faq\" data-id=\"b0c0fed\" data-element_type=\"widget\" data-settings=\"{&quot;_animation&quot;:&quot;fadeInUp&quot;}\" data-widget_type=\"elementskit-faq.default\">\n\t\t\t\t<div class=\"elementor-widget-container\">\n\t\t\t\t\t<div class=\"ekit-wid-con\" >\n                <div class=\"elementskit-single-faq elementor-repeater-item-b6b9b71\">\n            <div class=\"elementskit-faq-header\">\n                <h2 class=\"elementskit-faq-title\">Das erste Schreibzentrum in Deutschland wurde 1993 in Bielefeld gegr\u00fcndet. Frankfurt folgte 2009. Was war damals der Anlass?<\/h2>\n            <\/div>\n            <div class=\"elementskit-faq-body\">\n                <b>Nora Hoffmann:<\/b> Akademisches Schreiben ist nun einmal etwas grunds\u00e4tzlich Anderes, Anspruchsvolleres als schulisches Schreiben, deshalb haben Studierende damit schon immer Schwierigkeiten. Der Bedarf an Beratung war also nicht neu. In den USA gibt es Schreibzentren schon etwa seit den 1970er und 80er Jahren, und diese Idee wurde in den 1990er Jahren von Bielefeld und Bochum nach Deutschland importiert. Diesen Vorbildern folgend sind dann vor allem ab 2012 viele Schreibzentren \u2013 finanziert durch den Qualit\u00e4ts-Pakt-Lehre \u2013 in Deutschland aus dem Boden geschossen, sodass es aktuell 146 Schreibzentren gibt.            <\/div>\n        <\/div>\n                <div class=\"elementskit-single-faq elementor-repeater-item-d520dd4\">\n            <div class=\"elementskit-faq-header\">\n                <h2 class=\"elementskit-faq-title\">Was hat Ihre Studie nun ermittelt: Was leisten Schreibzentren?<\/h2>\n            <\/div>\n            <div class=\"elementskit-faq-body\">\n                Die Grundidee der US-amerikanischen Schreibzentren war: Wir beraten Studierende eins zu eins auf Peer-Ebene und bilden daf\u00fcr andere Studierende in Schreibdidaktik und Beratung aus. Im Laufe der Zeit hat sich das Angebot ausdifferenziert, weil ja nicht zum Beispiel 45.000 Studierende in Einzelgespr\u00e4chen beraten werden k\u00f6nnen. In Deutschland werden inzwischen h\u00e4ufiger Workshops angeboten. Damit kann ich nicht nur eine gr\u00f6\u00dfere Anzahl an Studierenden erreichen, sondern ich kann sie auch schon unterst\u00fctzen, bevor die ersten Probleme auftreten. Und: Die Studierenden k\u00f6nnen sich darin auch mit anderen Kommiliton*innen austauschen. Das Peer-Prinzip bleibt erhalten.            <\/div>\n        <\/div>\n                <div class=\"elementskit-single-faq elementor-repeater-item-da4f9cd\">\n            <div class=\"elementskit-faq-header\">\n                <h2 class=\"elementskit-faq-title\">Das hei\u00dft, die Workshops werden grunds\u00e4tzlich von Studierenden geleitet.<\/h2>\n            <\/div>\n            <div class=\"elementskit-faq-body\">\n                Das ist nicht an jedem Schreibzentrum so, aber bei uns schon, um eine vertrauensvolle Atmosph\u00e4re auf Augenh\u00f6he herzustellen. Wenn aber spezielle Expertise gebraucht wird, etwa linguistische Kenntnisse oder journalistischen Schreiben, werden Workshops auch bei uns von wissenschaftlichen Mitarbeitenden oder Externen angeboten. Inhaltlich geht es dann um Unterthemen wissenschaftlichen Schreibens: Fragestellung und Zielsetzung finden, Textstruktur schaffen, Arbeit mit Forschungsliteratur, Wissenschaftssprache \u2026 Aber auch: Wie schreibe ich journalistisch, kreativ oder f\u00fcr soziale Medien?            <\/div>\n        <\/div>\n                <div class=\"elementskit-single-faq elementor-repeater-item-15bc737\">\n            <div class=\"elementskit-faq-header\">\n                <h2 class=\"elementskit-faq-title\">2014 ist die Goethe-Universit\u00e4t f\u00fcr das Writing Fellow-Programm mit der Hochschulperle ausgezeichnet worden. Was machte die Uni Frankfurt da besonders gut?<\/h2>\n            <\/div>\n            <div class=\"elementskit-faq-body\">\n                Auch diese Idee kam aus Amerika und wurde von meiner Vorg\u00e4ngerin aufgegriffen. Das Neue war: Tutor*innen des Schreibzentrums, die Writing Fellows, werden in Lehrveranstaltungen eingebunden, um den Studierenden Feedback auf ihre Texte zu geben. So erreicht man auch Studierende, die nicht von sich aus kommen w\u00fcrden, und man kann das fachliche Lernen mit der Schreibf\u00f6rderung verkn\u00fcpfen. Ein weiterer gro\u00dfer Vorteil liegt darin, dass auch die Lehrenden eingebunden sind.            <\/div>\n        <\/div>\n                \n    <\/div>\t\t\t\t<\/div>\n\t\t\t\t<\/div>\n\t\t\t\t\t<\/div>\n\t\t<\/div>\n\t\t\t\t\t<\/div>\n\t\t<\/section>\n\t\t\t\t<section class=\"elementor-section elementor-top-section elementor-element elementor-element-7f94c2e elementor-section-content-middle elementor-section-boxed elementor-section-height-default elementor-section-height-default\" data-id=\"7f94c2e\" data-element_type=\"section\" data-settings=\"{&quot;_ha_eqh_enable&quot;:false}\">\n\t\t\t\t\t\t<div class=\"elementor-container elementor-column-gap-no\">\n\t\t\t\t\t<div class=\"elementor-column elementor-col-100 elementor-top-column elementor-element elementor-element-0134b02\" data-id=\"0134b02\" data-element_type=\"column\">\n\t\t\t<div class=\"elementor-widget-wrap elementor-element-populated\">\n\t\t\t\t\t\t<div class=\"elementor-element elementor-element-9790bbd elementor-mobile-position-inline-start elementor-view-default elementor-position-block-start elementor-widget elementor-widget-icon-box\" data-id=\"9790bbd\" data-element_type=\"widget\" data-widget_type=\"icon-box.default\">\n\t\t\t\t<div class=\"elementor-widget-container\">\n\t\t\t\t\t\t\t<div class=\"elementor-icon-box-wrapper\">\n\n\t\t\t\t\t\t<div class=\"elementor-icon-box-icon\">\n\t\t\t\t<span  class=\"elementor-icon\">\n\t\t\t\t<i aria-hidden=\"true\" class=\"fas fa-quote-right\"><\/i>\t\t\t\t<\/span>\n\t\t\t<\/div>\n\t\t\t\n\t\t\t\t\t\t<div class=\"elementor-icon-box-content\">\n\n\t\t\t\t\t\t\t\t\t<h3 class=\"elementor-icon-box-title\">\n\t\t\t\t\t\t<span  >\n\t\t\t\t\t\t\t\u201eSchreiben ist Kommunikation\u201c\t\t\t\t\t\t<\/span>\n\t\t\t\t\t<\/h3>\n\t\t\t\t\n\t\t\t\t\n\t\t\t<\/div>\n\t\t\t\n\t\t<\/div>\n\t\t\t\t\t\t<\/div>\n\t\t\t\t<\/div>\n\t\t\t\t\t<\/div>\n\t\t<\/div>\n\t\t\t\t\t<\/div>\n\t\t<\/section>\n\t\t\t\t<section class=\"elementor-section elementor-top-section elementor-element elementor-element-4860679 elementor-section-content-middle elementor-section-boxed elementor-section-height-default elementor-section-height-default\" data-id=\"4860679\" data-element_type=\"section\" data-settings=\"{&quot;_ha_eqh_enable&quot;:false}\">\n\t\t\t\t\t\t<div class=\"elementor-container elementor-column-gap-no\">\n\t\t\t\t\t<div class=\"elementor-column elementor-col-100 elementor-top-column elementor-element elementor-element-a0adce5\" data-id=\"a0adce5\" data-element_type=\"column\">\n\t\t\t<div class=\"elementor-widget-wrap elementor-element-populated\">\n\t\t\t\t\t\t<div class=\"elementor-element elementor-element-435ea15 animated-fast elementor-invisible elementor-widget elementor-widget-elementskit-faq\" data-id=\"435ea15\" data-element_type=\"widget\" data-settings=\"{&quot;_animation&quot;:&quot;fadeInUp&quot;}\" data-widget_type=\"elementskit-faq.default\">\n\t\t\t\t<div class=\"elementor-widget-container\">\n\t\t\t\t\t<div class=\"ekit-wid-con\" >\n                <div class=\"elementskit-single-faq elementor-repeater-item-b6b9b71\">\n            <div class=\"elementskit-faq-header\">\n                <h2 class=\"elementskit-faq-title\">Lehrende sind ja auch eine weitere Zielgruppe von Schreibzentren. Weshalb kommende Lehrende auf Schreibzentren zu?<\/h2>\n            <\/div>\n            <div class=\"elementskit-faq-body\">\n                Genau, etwa die H\u00e4lfte der Schreibzentren adressiert auch Lehrende. Diese holen sich bei uns Anregungen und praktische Unterst\u00fctzung, um Schreib- und Lesedidaktik in die Fachlehre zu integrieren \u2013 neben den Writing Fellows etwa durch Handreichungen, Lehrvideos und seminarintegrierte Trainings.            <\/div>\n        <\/div>\n                <div class=\"elementskit-single-faq elementor-repeater-item-a85b62d\">\n            <div class=\"elementskit-faq-header\">\n                <h2 class=\"elementskit-faq-title\">Und was empfehlen Sie dann?<\/h2>\n            <\/div>\n            <div class=\"elementskit-faq-body\">\n                Eine Ma\u00dfnahme ist: Sagen Sie nicht \u201eSchreiben Sie eine Hausarbeit\u201c! Lehrende k\u00f6nnen Studierenden vielmehr sehr genau sagen, was von ihnen erwartet wird \u2013 welche Textform, mit welcher Zielsetzung, welche Rolle sie als Schreibende haben und welche Bewertungsma\u00dfst\u00e4be gelten. Ein weiterer Basistipp ist, dass Schreiben eigentlich nicht alleine passiert \u2013 auch wenn das an der Uni meistens der Fall ist. Schreiben ist Kommunikation. Und deshalb ist gut angeleitetes Peerfeedback im Schreibprozess etwas, womit Lehrende Studierenden sehr helfen k\u00f6nnen.            <\/div>\n        <\/div>\n                <div class=\"elementskit-single-faq elementor-repeater-item-4580bdb\">\n            <div class=\"elementskit-faq-header\">\n                <h2 class=\"elementskit-faq-title\">In Ihrer Studie ist auch Thema, dass Schreibzentren selbst forschen sollten. Warum?<\/h2>\n            <\/div>\n            <div class=\"elementskit-faq-body\">\n                20 Prozent der Schreibzentren forschen ja bereits. Es geht darum, die Arbeit unseres noch jungen Gesch\u00e4fts zu fundieren. Denn eigentlich fehlt uns dieses Fundament noch ein bisschen. Wir k\u00f6nnen uns zwar bei Nachbardisziplinen bedienen, etwa bei Linguistik, Psychologie, Fremdsprachendidaktik und Schulforschung\u2026 Unsere Fragen sind aber eigentlich speziell auf das wissenschaftliche Schreiben Studierender gerichtet: Welchen Kompetenzstand haben Studierende, wie wirken verschiedene F\u00f6rderma\u00dfnahmen, und welche Effekte hat unsere Arbeit letztlich?            <\/div>\n        <\/div>\n                \n    <\/div>\t\t\t\t<\/div>\n\t\t\t\t<\/div>\n\t\t\t\t<div class=\"elementor-element elementor-element-c0e5566 animated-fast elementor-invisible elementor-widget elementor-widget-image\" data-id=\"c0e5566\" data-element_type=\"widget\" data-settings=\"{&quot;_animation&quot;:&quot;fadeInUp&quot;}\" data-widget_type=\"image.default\">\n\t\t\t\t<div class=\"elementor-widget-container\">\n\t\t\t\t\t\t\t\t\t\t\t\t<figure class=\"wp-caption\">\n\t\t\t\t\t\t\t\t\t\t<img loading=\"lazy\" decoding=\"async\" width=\"1536\" height=\"1024\" src=\"https:\/\/aktuelles.uni-frankfurt.de\/wp-content\/uploads\/2025\/08\/Schreibwerkstatt_Bild-3_DSC4750_web-1536x1024.jpg\" class=\"attachment-1536x1536 size-1536x1536 wp-image-85178\" alt=\"\" srcset=\"https:\/\/aktuelles.uni-frankfurt.de\/wp-content\/uploads\/2025\/08\/Schreibwerkstatt_Bild-3_DSC4750_web-1536x1024.jpg 1536w, https:\/\/aktuelles.uni-frankfurt.de\/wp-content\/uploads\/2025\/08\/Schreibwerkstatt_Bild-3_DSC4750_web-300x200.jpg 300w, https:\/\/aktuelles.uni-frankfurt.de\/wp-content\/uploads\/2025\/08\/Schreibwerkstatt_Bild-3_DSC4750_web-500x333.jpg 500w, https:\/\/aktuelles.uni-frankfurt.de\/wp-content\/uploads\/2025\/08\/Schreibwerkstatt_Bild-3_DSC4750_web-768x512.jpg 768w, https:\/\/aktuelles.uni-frankfurt.de\/wp-content\/uploads\/2025\/08\/Schreibwerkstatt_Bild-3_DSC4750_web-18x12.jpg 18w, https:\/\/aktuelles.uni-frankfurt.de\/wp-content\/uploads\/2025\/08\/Schreibwerkstatt_Bild-3_DSC4750_web.jpg 2000w\" sizes=\"(max-width: 1536px) 100vw, 1536px\" \/>\t\t\t\t\t\t\t\t\t\t\t<figcaption class=\"widget-image-caption wp-caption-text\">\u201eEin angeleitetes Peerfeedback im Schreibprozess etwas, womit Lehrende Studierenden sehr helfen k\u00f6nnen\u201c (Foto: Peter Kiefer)<\/figcaption>\n\t\t\t\t\t\t\t\t\t\t<\/figure>\n\t\t\t\t\t\t\t\t\t<\/div>\n\t\t\t\t<\/div>\n\t\t\t\t<div class=\"elementor-element elementor-element-0f82a23 animated-fast elementor-invisible elementor-widget elementor-widget-elementskit-faq\" data-id=\"0f82a23\" data-element_type=\"widget\" data-settings=\"{&quot;_animation&quot;:&quot;fadeInUp&quot;}\" data-widget_type=\"elementskit-faq.default\">\n\t\t\t\t<div class=\"elementor-widget-container\">\n\t\t\t\t\t<div class=\"ekit-wid-con\" >\n                <div class=\"elementskit-single-faq elementor-repeater-item-b6b9b71\">\n            <div class=\"elementskit-faq-header\">\n                <h2 class=\"elementskit-faq-title\">Wenn Schreibzentren die Hochschulleitung beraten, was sie manchmal ja auch tun: Geht es dann um diese Erfahrungen?<\/h2>\n            <\/div>\n            <div class=\"elementskit-faq-body\">\n                Ja, genau. Zum Erhebungszeitpunkt im April 2023 haben nur sechs Prozent der Schreibzentren ihre Hochschulleitungen beraten, doch seitdem hat sich durch das Thema K\u00fcnstliche Intelligenz (KI) einiges ge\u00e4ndert. Viele Schreibzentren wurden aktiv, um ihre Expertise in die Entwicklungen einzubringen. Auch wir in Frankfurt haben bei der Hochschulleitung angeklopft, denn wir bekommen ja hautnah mit, wie Studierende KI einsetzen und welche Fragen sie dazu haben, w\u00e4hrend Lehrende das eher nicht so offen mitgeteilt bekommen. Uns war wichtig, das weiterzugeben: Studierende brauchen zu diesem Thema Regeln und Unterst\u00fctzung.            <\/div>\n        <\/div>\n                <div class=\"elementskit-single-faq elementor-repeater-item-05440ce\">\n            <div class=\"elementskit-faq-header\">\n                <h2 class=\"elementskit-faq-title\">Wie haben die Schreibzentren auf das pl\u00f6tzliche Auftauchen von ChatGPT &amp; Co reagiert?<\/h2>\n            <\/div>\n            <div class=\"elementskit-faq-body\">\n                Wir haben uns schnell deutschlandweit zu einem sinnvollen Umgang damit ausgetauscht. Dann haben wir unsere Tutor*innen geschult, damit sie selbst mit KI umgehen konnten und auch ihre Grenzen kannten. Parallel dazu haben wir in Frankfurt Workshops entwickelt zu Themen wie \u201eWas bedeutet schreiben und lesen mit KI, welche Werkzeuge gibt es, was k\u00f6nnen sie, was solltest du nicht damit machen, was musst du beachten\u201c. Inzwischen bieten wir zum Thema auch seminarintegrierte Trainings an, die Lehrende bei uns buchen.            <\/div>\n        <\/div>\n                <div class=\"elementskit-single-faq elementor-repeater-item-daa1858\">\n            <div class=\"elementskit-faq-header\">\n                <h2 class=\"elementskit-faq-title\">Sie sind also die Institution, die am besten dar\u00fcber informiert ist, wie Studierende mit KI umgehen.<\/h2>\n            <\/div>\n            <div class=\"elementskit-faq-body\">\n                Ja \u2013 und nein. Wir sind gut \u00fcber die studentische Nutzung textgenerierender KI beim wissenschaftlichen Schreiben und Lesen informiert. Da m\u00fcssen wir offensiv mit KI experimentieren, weil die Studierenden es tun. Wir w\u00fcrden sie sonst damit alleine lassen. Zu anderen Anwendungsm\u00f6glichkeiten von KI, etwa zum Programmieren, zur Datenauswertung oder zum Generieren von Bild- oder Audiomaterial ist studiumdigitale der richtige Ansprechpartner.            <\/div>\n        <\/div>\n                \n    <\/div>\t\t\t\t<\/div>\n\t\t\t\t<\/div>\n\t\t\t\t\t<\/div>\n\t\t<\/div>\n\t\t\t\t\t<\/div>\n\t\t<\/section>\n\t\t\t\t<section class=\"elementor-section elementor-top-section elementor-element elementor-element-47a6ffc elementor-section-content-middle elementor-section-boxed elementor-section-height-default elementor-section-height-default\" data-id=\"47a6ffc\" data-element_type=\"section\" data-settings=\"{&quot;_ha_eqh_enable&quot;:false}\">\n\t\t\t\t\t\t<div class=\"elementor-container elementor-column-gap-no\">\n\t\t\t\t\t<div class=\"elementor-column elementor-col-100 elementor-top-column elementor-element elementor-element-8b2bfbc\" data-id=\"8b2bfbc\" data-element_type=\"column\">\n\t\t\t<div class=\"elementor-widget-wrap elementor-element-populated\">\n\t\t\t\t\t\t<div class=\"elementor-element elementor-element-a295f8d elementor-mobile-position-inline-start elementor-view-default elementor-position-block-start elementor-widget elementor-widget-icon-box\" data-id=\"a295f8d\" data-element_type=\"widget\" data-widget_type=\"icon-box.default\">\n\t\t\t\t<div class=\"elementor-widget-container\">\n\t\t\t\t\t\t\t<div class=\"elementor-icon-box-wrapper\">\n\n\t\t\t\t\t\t<div class=\"elementor-icon-box-icon\">\n\t\t\t\t<span  class=\"elementor-icon\">\n\t\t\t\t<i aria-hidden=\"true\" class=\"fas fa-quote-right\"><\/i>\t\t\t\t<\/span>\n\t\t\t<\/div>\n\t\t\t\n\t\t\t\t\t\t<div class=\"elementor-icon-box-content\">\n\n\t\t\t\t\t\t\t\t\t<h3 class=\"elementor-icon-box-title\">\n\t\t\t\t\t\t<span  >\n\t\t\t\t\t\t\t\u201eIm Grunde wollen wir Lehre langfristig ver\u00e4ndern, deshalb richten sich Schreibzentren nicht mehr nur an Studierende, sondern auch an Lehrende\u201c\t\t\t\t\t\t<\/span>\n\t\t\t\t\t<\/h3>\n\t\t\t\t\n\t\t\t\t\n\t\t\t<\/div>\n\t\t\t\n\t\t<\/div>\n\t\t\t\t\t\t<\/div>\n\t\t\t\t<\/div>\n\t\t\t\t\t<\/div>\n\t\t<\/div>\n\t\t\t\t\t<\/div>\n\t\t<\/section>\n\t\t\t\t<section class=\"elementor-section elementor-top-section elementor-element elementor-element-b2e2bf6 elementor-section-content-middle elementor-section-boxed elementor-section-height-default elementor-section-height-default\" data-id=\"b2e2bf6\" data-element_type=\"section\" data-settings=\"{&quot;_ha_eqh_enable&quot;:false}\">\n\t\t\t\t\t\t<div class=\"elementor-container elementor-column-gap-no\">\n\t\t\t\t\t<div class=\"elementor-column elementor-col-100 elementor-top-column elementor-element elementor-element-e061dbd\" data-id=\"e061dbd\" data-element_type=\"column\">\n\t\t\t<div class=\"elementor-widget-wrap elementor-element-populated\">\n\t\t\t\t\t\t<div class=\"elementor-element elementor-element-bc7e8fd animated-fast elementor-invisible elementor-widget elementor-widget-elementskit-faq\" data-id=\"bc7e8fd\" data-element_type=\"widget\" data-settings=\"{&quot;_animation&quot;:&quot;fadeInUp&quot;}\" data-widget_type=\"elementskit-faq.default\">\n\t\t\t\t<div class=\"elementor-widget-container\">\n\t\t\t\t\t<div class=\"ekit-wid-con\" >\n                <div class=\"elementskit-single-faq elementor-repeater-item-b6b9b71\">\n            <div class=\"elementskit-faq-header\">\n                <h2 class=\"elementskit-faq-title\">Kommen eigentlich genug Studierende auf Sie zu?<\/h2>\n            <\/div>\n            <div class=\"elementskit-faq-body\">\n                Wir schaffen es gerade, allen Studierenden und auch Lehrenden, die auf uns zu kommen, Unterst\u00fctzung anzubieten. Aber wenn die Ressourcen mal knapper werden, wird es schwieriger.            <\/div>\n        <\/div>\n                <div class=\"elementskit-single-faq elementor-repeater-item-57fa4e9\">\n            <div class=\"elementskit-faq-header\">\n                <h2 class=\"elementskit-faq-title\">Wie gro\u00df ist das Schreibzentrum der Goethe-Universit\u00e4t im deutschlandweiten Vergleich?<\/h2>\n            <\/div>\n            <div class=\"elementskit-faq-body\">\n                Wir liegen in der Ausstattung bei den oberen zehn Prozent, was auch mit der Gr\u00f6\u00dfe der Goethe-Uni zu tun hat. Deshalb k\u00f6nnen wir auch spannende Projekte jenseits des Standard-Angebots durchf\u00fchren und Neues ausprobieren.            <\/div>\n        <\/div>\n                <div class=\"elementskit-single-faq elementor-repeater-item-8dd1cfb\">\n            <div class=\"elementskit-faq-header\">\n                <h2 class=\"elementskit-faq-title\">Spannende Projekte sind zum Beispiel?<\/h2>\n            <\/div>\n            <div class=\"elementskit-faq-body\">\n                Das erw\u00e4hnte Writing Fellow-Programm geh\u00f6rt dazu, das sich von Frankfurt Main und Frankfurt Oder aus an anderen Schreibzentren verbreitet hat. Ein anderes Beispiel ist das Videoprojekt, in dem wir Professor*innen zu ihren Erfahrungen mit dem Schreiben befragt haben <a href=\"https:\/\/youtube.com\/playlist?list=PL0S8mYm3dkjcpkpFTq7oZdofpY2pmGEWT\">(YouTube-Reihe \u201eWie die Prof(i)s Lesen und Schreiben\u201c)<\/a>. Wir haben auch schon fr\u00fch kleine <a href=\"https:\/\/youtube.com\/watch?v=nO_8YsJmZfk\">Erkl\u00e4rvideos<\/a> gedreht, die tausendfach von anderen Schreibzentren genutzt werden. Und dann die aktuelle Umfrage zum Status Quo von Schreibzentren sowie letztes Jahr die <a href=\"https:\/\/youtube.com\/watch?v=nO_8YsJmZfk\">Studierendenbefragung zum Schreiben mit KI<\/a>.            <\/div>\n        <\/div>\n                \n    <\/div>\t\t\t\t<\/div>\n\t\t\t\t<\/div>\n\t\t\t\t<div class=\"elementor-element elementor-element-cef964e animated-fast elementor-invisible elementor-widget elementor-widget-text-editor\" data-id=\"cef964e\" data-element_type=\"widget\" data-settings=\"{&quot;_animation&quot;:&quot;fadeInUp&quot;}\" data-widget_type=\"text-editor.default\">\n\t\t\t\t<div class=\"elementor-widget-container\">\n\t\t\t\t\t\t\t\t\t<p>Fragen: Pia Barth<\/p>\t\t\t\t\t\t\t\t<\/div>\n\t\t\t\t<\/div>\n\t\t\t\t\t<\/div>\n\t\t<\/div>\n\t\t\t\t\t<\/div>\n\t\t<\/section>\n\t\t\t\t<section class=\"elementor-section elementor-top-section elementor-element elementor-element-e646511 elementor-section-content-middle elementor-section-boxed elementor-section-height-default elementor-section-height-default\" data-id=\"e646511\" data-element_type=\"section\" data-settings=\"{&quot;_ha_eqh_enable&quot;:false}\">\n\t\t\t\t\t\t<div class=\"elementor-container elementor-column-gap-no\">\n\t\t\t\t\t<div class=\"elementor-column elementor-col-100 elementor-top-column elementor-element elementor-element-69715bb\" data-id=\"69715bb\" data-element_type=\"column\">\n\t\t\t<div class=\"elementor-widget-wrap elementor-element-populated\">\n\t\t\t\t\t\t<div class=\"elementor-element elementor-element-bf2e2a6 elementor-align-start elementor-icon-list--layout-traditional elementor-list-item-link-full_width elementor-widget elementor-widget-icon-list\" data-id=\"bf2e2a6\" data-element_type=\"widget\" data-widget_type=\"icon-list.default\">\n\t\t\t\t<div class=\"elementor-widget-container\">\n\t\t\t\t\t\t\t<ul class=\"elementor-icon-list-items\">\n\t\t\t\t\t\t\t<li class=\"elementor-icon-list-item\">\n\t\t\t\t\t\t\t\t\t\t\t<span class=\"elementor-icon-list-icon\">\n\t\t\t\t\t\t\t<i aria-hidden=\"true\" class=\"far fa-lightbulb\"><\/i>\t\t\t\t\t\t<\/span>\n\t\t\t\t\t\t\t\t\t\t<span class=\"elementor-icon-list-text\"><\/span>\n\t\t\t\t\t\t\t\t\t<\/li>\n\t\t\t\t\t\t<\/ul>\n\t\t\t\t\t\t<\/div>\n\t\t\t\t<\/div>\n\t\t\t\t<div class=\"elementor-element elementor-element-63f0cf6 animated-fast elementor-invisible elementor-widget elementor-widget-text-editor\" data-id=\"63f0cf6\" data-element_type=\"widget\" data-settings=\"{&quot;_animation&quot;:&quot;fadeInUp&quot;}\" data-widget_type=\"text-editor.default\">\n\t\t\t\t<div class=\"elementor-widget-container\">\n\t\t\t\t\t\t\t\t\t<p>Die Studie Hoffmann, Nora\/Freise, Fridrun (2024): Rollen und Einflussm\u00f6glichkeiten von Schreibzentren an deutschen Hochschulen. Ergebnisse einer deutschlandweiten Umfrage zu Rahmenbedingungen und Aktivit\u00e4ten von Schreibzentren ist erschienen in:<\/p><p><a href=\"https:\/\/tidsskrift.dk\/her\/article\/view\/153162\" target=\"_blank\" rel=\"noopener\">Hermes \u2013 Journal of Language and Communication in Business 64, 253-270<\/a><\/p>\t\t\t\t\t\t\t\t<\/div>\n\t\t\t\t<\/div>\n\t\t\t\t<div class=\"elementor-element elementor-element-950b845 animated-fast elementor-invisible elementor-widget elementor-widget-image\" data-id=\"950b845\" data-element_type=\"widget\" data-settings=\"{&quot;_animation&quot;:&quot;fadeInUp&quot;}\" data-widget_type=\"image.default\">\n\t\t\t\t<div class=\"elementor-widget-container\">\n\t\t\t\t\t\t\t\t\t\t\t\t<figure class=\"wp-caption\">\n\t\t\t\t\t\t\t\t\t\t<img loading=\"lazy\" decoding=\"async\" width=\"1386\" height=\"535\" src=\"https:\/\/aktuelles.uni-frankfurt.de\/wp-content\/uploads\/2025\/08\/Grafik_Schreibzentrum1.jpg\" class=\"attachment-1536x1536 size-1536x1536 wp-image-85180\" alt=\"\" srcset=\"https:\/\/aktuelles.uni-frankfurt.de\/wp-content\/uploads\/2025\/08\/Grafik_Schreibzentrum1.jpg 1386w, https:\/\/aktuelles.uni-frankfurt.de\/wp-content\/uploads\/2025\/08\/Grafik_Schreibzentrum1-300x116.jpg 300w, https:\/\/aktuelles.uni-frankfurt.de\/wp-content\/uploads\/2025\/08\/Grafik_Schreibzentrum1-500x193.jpg 500w, https:\/\/aktuelles.uni-frankfurt.de\/wp-content\/uploads\/2025\/08\/Grafik_Schreibzentrum1-768x296.jpg 768w, https:\/\/aktuelles.uni-frankfurt.de\/wp-content\/uploads\/2025\/08\/Grafik_Schreibzentrum1-18x7.jpg 18w\" sizes=\"(max-width: 1386px) 100vw, 1386px\" \/>\t\t\t\t\t\t\t\t\t\t\t<figcaption class=\"widget-image-caption wp-caption-text\"><\/figcaption>\n\t\t\t\t\t\t\t\t\t\t<\/figure>\n\t\t\t\t\t\t\t\t\t<\/div>\n\t\t\t\t<\/div>\n\t\t\t\t<div class=\"elementor-element elementor-element-1e32019 animated-fast elementor-invisible elementor-widget elementor-widget-image\" data-id=\"1e32019\" data-element_type=\"widget\" data-settings=\"{&quot;_animation&quot;:&quot;fadeInUp&quot;}\" data-widget_type=\"image.default\">\n\t\t\t\t<div class=\"elementor-widget-container\">\n\t\t\t\t\t\t\t\t\t\t\t\t<figure class=\"wp-caption\">\n\t\t\t\t\t\t\t\t\t\t<img loading=\"lazy\" decoding=\"async\" width=\"947\" height=\"661\" src=\"https:\/\/aktuelles.uni-frankfurt.de\/wp-content\/uploads\/2025\/08\/Grafik_Schreibzentrum2.jpg\" class=\"attachment-1536x1536 size-1536x1536 wp-image-85179\" alt=\"\" srcset=\"https:\/\/aktuelles.uni-frankfurt.de\/wp-content\/uploads\/2025\/08\/Grafik_Schreibzentrum2.jpg 947w, https:\/\/aktuelles.uni-frankfurt.de\/wp-content\/uploads\/2025\/08\/Grafik_Schreibzentrum2-300x209.jpg 300w, https:\/\/aktuelles.uni-frankfurt.de\/wp-content\/uploads\/2025\/08\/Grafik_Schreibzentrum2-500x349.jpg 500w, https:\/\/aktuelles.uni-frankfurt.de\/wp-content\/uploads\/2025\/08\/Grafik_Schreibzentrum2-768x536.jpg 768w, https:\/\/aktuelles.uni-frankfurt.de\/wp-content\/uploads\/2025\/08\/Grafik_Schreibzentrum2-18x12.jpg 18w\" sizes=\"(max-width: 947px) 100vw, 947px\" \/>\t\t\t\t\t\t\t\t\t\t\t<figcaption class=\"widget-image-caption wp-caption-text\"><\/figcaption>\n\t\t\t\t\t\t\t\t\t\t<\/figure>\n\t\t\t\t\t\t\t\t\t<\/div>\n\t\t\t\t<\/div>\n\t\t\t\t\t<\/div>\n\t\t<\/div>\n\t\t\t\t\t<\/div>\n\t\t<\/section>\n\t\t\t\t<section class=\"elementor-section elementor-top-section elementor-element elementor-element-f5244d9 elementor-section-content-middle elementor-section-boxed elementor-section-height-default elementor-section-height-default\" data-id=\"f5244d9\" data-element_type=\"section\" data-settings=\"{&quot;background_background&quot;:&quot;classic&quot;,&quot;_ha_eqh_enable&quot;:false}\">\n\t\t\t\t\t\t<div class=\"elementor-container elementor-column-gap-no\">\n\t\t\t\t\t<div class=\"elementor-column elementor-col-100 elementor-top-column elementor-element elementor-element-00f3685\" data-id=\"00f3685\" data-element_type=\"column\">\n\t\t\t<div class=\"elementor-widget-wrap elementor-element-populated\">\n\t\t\t\t\t\t<div class=\"elementor-element elementor-element-b8e1169 elementor-widget elementor-widget-text-editor\" data-id=\"b8e1169\" data-element_type=\"widget\" data-settings=\"{&quot;_animation&quot;:&quot;none&quot;,&quot;_animation_delay&quot;:600}\" data-widget_type=\"text-editor.default\">\n\t\t\t\t<div class=\"elementor-widget-container\">\n\t\t\t\t\t\t\t\t\t<p>\u00a9 2025 <a style=\"color: #e0e0e0;\" href=\"https:\/\/aktuelles.uni-frankfurt.de\">Goethe-Universit\u00e4t Frankfurt am Main<\/a><\/p><p><a style=\"color: #e0e0e0;\" href=\"https:\/\/aktuelles.uni-frankfurt.de\/jahrbuch-2024-impressum\" target=\"_blank\" rel=\"noopener\">Impressum<\/a> | <a style=\"color: #e0e0e0;\" href=\"https:\/\/aktuelles.uni-frankfurt.de\/datenschutzerklaerung\/\">Datenschutz<\/a><\/p>\t\t\t\t\t\t\t\t<\/div>\n\t\t\t\t<\/div>\n\t\t\t\t\t<\/div>\n\t\t<\/div>\n\t\t\t\t\t<\/div>\n\t\t<\/section>\n\t\t\t\t<\/div>\n\t\t","protected":false},"excerpt":{"rendered":"<p>Forschung Lehre &amp; Studium Campus &amp; Leben Interaktion &amp; Kooperation Jahres-Chronik Daten &amp; Fakten Goethe in progress 2024 Goethe in progress 2024 \u2013 Lehre &amp; Studium Wie wir lernen Mehr [&hellip;]<\/p>\n","protected":false},"author":24,"featured_media":0,"parent":0,"menu_order":0,"comment_status":"closed","ping_status":"closed","template":"elementor_canvas","meta":{"_eb_attr":"","_price":"","_stock":"","_tribe_ticket_header":"","_tribe_default_ticket_provider":"","_ticket_start_date":"","_ticket_end_date":"","_tribe_ticket_show_description":"","_tribe_ticket_show_not_going":false,"_tribe_ticket_use_global_stock":"","_tribe_ticket_global_stock_level":"","_global_stock_mode":"","_global_stock_cap":"","_tribe_rsvp_for_event":"","_tribe_ticket_going_count":"","_tribe_ticket_not_going_count":"","_tribe_tickets_list":"[]","_tribe_ticket_has_attendee_info_fields":false,"footnotes":"","_tec_slr_enabled":"","_tec_slr_layout":""},"folder":[405],"class_list":["post-84554","page","type-page","status-publish","hentry"],"yoast_head":"<!-- This site is optimized with the Yoast SEO plugin v27.4 - https:\/\/yoast.com\/product\/yoast-seo-wordpress\/ -->\n<title>Jahrbuch 2024 Lehre &amp; Studium | Aktuelles aus der Goethe-Universit\u00e4t Frankfurt<\/title>\n<meta name=\"robots\" content=\"index, follow, max-snippet:-1, max-image-preview:large, max-video-preview:-1\" \/>\n<link rel=\"canonical\" href=\"https:\/\/aktuelles.uni-frankfurt.de\/en\/jahrbuch-2024-lehre-studium\/\" \/>\n<meta property=\"og:locale\" content=\"en_GB\" \/>\n<meta property=\"og:type\" content=\"article\" \/>\n<meta property=\"og:title\" content=\"Jahrbuch 2024 Lehre &amp; Studium | Aktuelles aus der Goethe-Universit\u00e4t Frankfurt\" \/>\n<meta property=\"og:description\" content=\"Forschung Lehre &amp; Studium Campus &amp; Leben Interaktion &amp; Kooperation Jahres-Chronik Daten &amp; Fakten Goethe in progress 2024 Goethe in progress 2024 \u2013 Lehre &amp; Studium Wie wir lernen Mehr [&hellip;]\" \/>\n<meta property=\"og:url\" content=\"https:\/\/aktuelles.uni-frankfurt.de\/en\/jahrbuch-2024-lehre-studium\/\" \/>\n<meta property=\"og:site_name\" content=\"Aktuelles aus der Goethe-Universit\u00e4t Frankfurt\" \/>\n<meta property=\"article:modified_time\" content=\"2025-10-24T06:22:10+00:00\" \/>\n<meta property=\"og:image\" content=\"https:\/\/aktuelles.uni-frankfurt.de\/wp-content\/uploads\/2024\/02\/GU-Logo-blauKopfpng.png\" \/>\n\t<meta property=\"og:image:width\" content=\"1078\" \/>\n\t<meta property=\"og:image:height\" content=\"997\" \/>\n\t<meta property=\"og:image:type\" content=\"image\/png\" \/>\n<meta name=\"twitter:card\" content=\"summary_large_image\" \/>\n<meta name=\"twitter:label1\" content=\"Estimated reading time\" \/>\n\t<meta name=\"twitter:data1\" content=\"5 minutes\" \/>\n<script type=\"application\/ld+json\" class=\"yoast-schema-graph\">{\"@context\":\"https:\\\/\\\/schema.org\",\"@graph\":[{\"@type\":\"WebPage\",\"@id\":\"https:\\\/\\\/aktuelles.uni-frankfurt.de\\\/jahrbuch-2024-lehre-studium\\\/\",\"url\":\"https:\\\/\\\/aktuelles.uni-frankfurt.de\\\/jahrbuch-2024-lehre-studium\\\/\",\"name\":\"Jahrbuch 2024 Lehre & Studium | Aktuelles aus der Goethe-Universit\u00e4t Frankfurt\",\"isPartOf\":{\"@id\":\"https:\\\/\\\/aktuelles.uni-frankfurt.de\\\/#website\"},\"primaryImageOfPage\":{\"@id\":\"https:\\\/\\\/aktuelles.uni-frankfurt.de\\\/jahrbuch-2024-lehre-studium\\\/#primaryimage\"},\"image\":{\"@id\":\"https:\\\/\\\/aktuelles.uni-frankfurt.de\\\/jahrbuch-2024-lehre-studium\\\/#primaryimage\"},\"thumbnailUrl\":\"https:\\\/\\\/aktuelles.uni-frankfurt.de\\\/wp-content\\\/uploads\\\/2024\\\/02\\\/GU-Logo-blauKopfpng.png\",\"datePublished\":\"2025-10-24T05:36:01+00:00\",\"dateModified\":\"2025-10-24T06:22:10+00:00\",\"breadcrumb\":{\"@id\":\"https:\\\/\\\/aktuelles.uni-frankfurt.de\\\/jahrbuch-2024-lehre-studium\\\/#breadcrumb\"},\"inLanguage\":\"en-GB\",\"potentialAction\":[{\"@type\":\"ReadAction\",\"target\":[\"https:\\\/\\\/aktuelles.uni-frankfurt.de\\\/jahrbuch-2024-lehre-studium\\\/\"]}]},{\"@type\":\"ImageObject\",\"inLanguage\":\"en-GB\",\"@id\":\"https:\\\/\\\/aktuelles.uni-frankfurt.de\\\/jahrbuch-2024-lehre-studium\\\/#primaryimage\",\"url\":\"https:\\\/\\\/aktuelles.uni-frankfurt.de\\\/wp-content\\\/uploads\\\/2024\\\/02\\\/GU-Logo-blauKopfpng.png\",\"contentUrl\":\"https:\\\/\\\/aktuelles.uni-frankfurt.de\\\/wp-content\\\/uploads\\\/2024\\\/02\\\/GU-Logo-blauKopfpng.png\"},{\"@type\":\"BreadcrumbList\",\"@id\":\"https:\\\/\\\/aktuelles.uni-frankfurt.de\\\/jahrbuch-2024-lehre-studium\\\/#breadcrumb\",\"itemListElement\":[{\"@type\":\"ListItem\",\"position\":1,\"name\":\"Startseite\",\"item\":\"https:\\\/\\\/aktuelles.uni-frankfurt.de\\\/\"},{\"@type\":\"ListItem\",\"position\":2,\"name\":\"Jahrbuch 2024 Lehre &#038; Studium\"}]},{\"@type\":\"WebSite\",\"@id\":\"https:\\\/\\\/aktuelles.uni-frankfurt.de\\\/#website\",\"url\":\"https:\\\/\\\/aktuelles.uni-frankfurt.de\\\/\",\"name\":\"Aktuelles aus der Goethe-Universit\u00e4t Frankfurt\",\"description\":\"Aktuelles aus der Goethe-Universit\u00e4t | Neues aus Forschung, Lehre, Studium\",\"publisher\":{\"@id\":\"https:\\\/\\\/aktuelles.uni-frankfurt.de\\\/#organization\"},\"potentialAction\":[{\"@type\":\"SearchAction\",\"target\":{\"@type\":\"EntryPoint\",\"urlTemplate\":\"https:\\\/\\\/aktuelles.uni-frankfurt.de\\\/?s={search_term_string}\"},\"query-input\":{\"@type\":\"PropertyValueSpecification\",\"valueRequired\":true,\"valueName\":\"search_term_string\"}}],\"inLanguage\":\"en-GB\"},{\"@type\":\"Organization\",\"@id\":\"https:\\\/\\\/aktuelles.uni-frankfurt.de\\\/#organization\",\"name\":\"Goethe-Universit\u00e4t\",\"url\":\"https:\\\/\\\/aktuelles.uni-frankfurt.de\\\/\",\"logo\":{\"@type\":\"ImageObject\",\"inLanguage\":\"en-GB\",\"@id\":\"https:\\\/\\\/aktuelles.uni-frankfurt.de\\\/#\\\/schema\\\/logo\\\/image\\\/\",\"url\":\"https:\\\/\\\/aktuelles.uni-frankfurt.de\\\/wp-content\\\/uploads\\\/2022\\\/03\\\/800px-Goethe-Logo.png\",\"contentUrl\":\"https:\\\/\\\/aktuelles.uni-frankfurt.de\\\/wp-content\\\/uploads\\\/2022\\\/03\\\/800px-Goethe-Logo.png\",\"width\":800,\"height\":436,\"caption\":\"Goethe-Universit\u00e4t\"},\"image\":{\"@id\":\"https:\\\/\\\/aktuelles.uni-frankfurt.de\\\/#\\\/schema\\\/logo\\\/image\\\/\"}}]}<\/script>\n<!-- \/ Yoast SEO plugin. -->","yoast_head_json":{"title":"Jahrbuch 2024 Lehre & Studium | Aktuelles aus der Goethe-Universit\u00e4t Frankfurt","robots":{"index":"index","follow":"follow","max-snippet":"max-snippet:-1","max-image-preview":"max-image-preview:large","max-video-preview":"max-video-preview:-1"},"canonical":"https:\/\/aktuelles.uni-frankfurt.de\/en\/jahrbuch-2024-lehre-studium\/","og_locale":"en_GB","og_type":"article","og_title":"Jahrbuch 2024 Lehre & Studium | Aktuelles aus der Goethe-Universit\u00e4t Frankfurt","og_description":"Forschung Lehre &amp; Studium Campus &amp; Leben Interaktion &amp; Kooperation Jahres-Chronik Daten &amp; Fakten Goethe in progress 2024 Goethe in progress 2024 \u2013 Lehre &amp; Studium Wie wir lernen Mehr [&hellip;]","og_url":"https:\/\/aktuelles.uni-frankfurt.de\/en\/jahrbuch-2024-lehre-studium\/","og_site_name":"Aktuelles aus der Goethe-Universit\u00e4t Frankfurt","article_modified_time":"2025-10-24T06:22:10+00:00","og_image":[{"width":1078,"height":997,"url":"https:\/\/aktuelles.uni-frankfurt.de\/wp-content\/uploads\/2024\/02\/GU-Logo-blauKopfpng.png","type":"image\/png"}],"twitter_card":"summary_large_image","twitter_misc":{"Estimated reading time":"5 minutes"},"schema":{"@context":"https:\/\/schema.org","@graph":[{"@type":"WebPage","@id":"https:\/\/aktuelles.uni-frankfurt.de\/jahrbuch-2024-lehre-studium\/","url":"https:\/\/aktuelles.uni-frankfurt.de\/jahrbuch-2024-lehre-studium\/","name":"Jahrbuch 2024 Lehre & Studium | Aktuelles aus der Goethe-Universit\u00e4t Frankfurt","isPartOf":{"@id":"https:\/\/aktuelles.uni-frankfurt.de\/#website"},"primaryImageOfPage":{"@id":"https:\/\/aktuelles.uni-frankfurt.de\/jahrbuch-2024-lehre-studium\/#primaryimage"},"image":{"@id":"https:\/\/aktuelles.uni-frankfurt.de\/jahrbuch-2024-lehre-studium\/#primaryimage"},"thumbnailUrl":"https:\/\/aktuelles.uni-frankfurt.de\/wp-content\/uploads\/2024\/02\/GU-Logo-blauKopfpng.png","datePublished":"2025-10-24T05:36:01+00:00","dateModified":"2025-10-24T06:22:10+00:00","breadcrumb":{"@id":"https:\/\/aktuelles.uni-frankfurt.de\/jahrbuch-2024-lehre-studium\/#breadcrumb"},"inLanguage":"en-GB","potentialAction":[{"@type":"ReadAction","target":["https:\/\/aktuelles.uni-frankfurt.de\/jahrbuch-2024-lehre-studium\/"]}]},{"@type":"ImageObject","inLanguage":"en-GB","@id":"https:\/\/aktuelles.uni-frankfurt.de\/jahrbuch-2024-lehre-studium\/#primaryimage","url":"https:\/\/aktuelles.uni-frankfurt.de\/wp-content\/uploads\/2024\/02\/GU-Logo-blauKopfpng.png","contentUrl":"https:\/\/aktuelles.uni-frankfurt.de\/wp-content\/uploads\/2024\/02\/GU-Logo-blauKopfpng.png"},{"@type":"BreadcrumbList","@id":"https:\/\/aktuelles.uni-frankfurt.de\/jahrbuch-2024-lehre-studium\/#breadcrumb","itemListElement":[{"@type":"ListItem","position":1,"name":"Startseite","item":"https:\/\/aktuelles.uni-frankfurt.de\/"},{"@type":"ListItem","position":2,"name":"Jahrbuch 2024 Lehre &#038; Studium"}]},{"@type":"WebSite","@id":"https:\/\/aktuelles.uni-frankfurt.de\/#website","url":"https:\/\/aktuelles.uni-frankfurt.de\/","name":"Aktuelles aus der Goethe-Universit\u00e4t Frankfurt","description":"Aktuelles aus der Goethe-Universit\u00e4t | Neues aus Forschung, Lehre, Studium","publisher":{"@id":"https:\/\/aktuelles.uni-frankfurt.de\/#organization"},"potentialAction":[{"@type":"SearchAction","target":{"@type":"EntryPoint","urlTemplate":"https:\/\/aktuelles.uni-frankfurt.de\/?s={search_term_string}"},"query-input":{"@type":"PropertyValueSpecification","valueRequired":true,"valueName":"search_term_string"}}],"inLanguage":"en-GB"},{"@type":"Organization","@id":"https:\/\/aktuelles.uni-frankfurt.de\/#organization","name":"Goethe University Frankfurt","url":"https:\/\/aktuelles.uni-frankfurt.de\/","logo":{"@type":"ImageObject","inLanguage":"en-GB","@id":"https:\/\/aktuelles.uni-frankfurt.de\/#\/schema\/logo\/image\/","url":"https:\/\/aktuelles.uni-frankfurt.de\/wp-content\/uploads\/2022\/03\/800px-Goethe-Logo.png","contentUrl":"https:\/\/aktuelles.uni-frankfurt.de\/wp-content\/uploads\/2022\/03\/800px-Goethe-Logo.png","width":800,"height":436,"caption":"Goethe-Universit\u00e4t"},"image":{"@id":"https:\/\/aktuelles.uni-frankfurt.de\/#\/schema\/logo\/image\/"}}]}},"ticketed":false,"_links":{"self":[{"href":"https:\/\/aktuelles.uni-frankfurt.de\/en\/wp-json\/wp\/v2\/pages\/84554","targetHints":{"allow":["GET"]}}],"collection":[{"href":"https:\/\/aktuelles.uni-frankfurt.de\/en\/wp-json\/wp\/v2\/pages"}],"about":[{"href":"https:\/\/aktuelles.uni-frankfurt.de\/en\/wp-json\/wp\/v2\/types\/page"}],"author":[{"embeddable":true,"href":"https:\/\/aktuelles.uni-frankfurt.de\/en\/wp-json\/wp\/v2\/users\/24"}],"replies":[{"embeddable":true,"href":"https:\/\/aktuelles.uni-frankfurt.de\/en\/wp-json\/wp\/v2\/comments?post=84554"}],"version-history":[{"count":0,"href":"https:\/\/aktuelles.uni-frankfurt.de\/en\/wp-json\/wp\/v2\/pages\/84554\/revisions"}],"wp:attachment":[{"href":"https:\/\/aktuelles.uni-frankfurt.de\/en\/wp-json\/wp\/v2\/media?parent=84554"}],"wp:term":[{"taxonomy":"folder","embeddable":true,"href":"https:\/\/aktuelles.uni-frankfurt.de\/en\/wp-json\/wp\/v2\/folder?post=84554"}],"curies":[{"name":"wp","href":"https:\/\/api.w.org\/{rel}","templated":true}]}}