{"id":10003192,"date":"2023-09-25T09:58:29","date_gmt":"2023-09-25T07:58:29","guid":{"rendered":"https:\/\/aktuelles.uni-frankfurt.de\/?post_type=tribe_events&#038;p=74684"},"modified":"2023-10-09T12:07:37","modified_gmt":"2023-10-09T10:07:37","slug":"der-bedrohte-planet-herausforderungen-fuer-die-geographie","status":"publish","type":"tribe_events","link":"https:\/\/aktuelles.uni-frankfurt.de\/en\/event\/der-bedrohte-planet-herausforderungen-fuer-die-geographie\/2023-11-01\/","title":{"rendered":"Der Bedrohte Planet \u2013 Herausforderungen f\u00fcr die Geographie"},"content":{"rendered":"<p>Die diesj\u00e4hrige Vortragsreihe ist eine eindringliche Pr\u00e4sentation der globalen Herausforderungen, die gegenw\u00e4rtig und zuk\u00fcnftig unseren Lebensraum bedrohen. Sich h\u00e4ufende Hitzephasen, Klimawandel, Naturgefahren und Urbanisierung, Verlust von Biodiversit\u00e4t, Desertifikation, Permafrost in Hochgebirgen und viele weitere aktuelle Themen sind von der Geographie aufzunehmen und zu untersuchen. Nach differenzierten L\u00f6sungskonzepten in verschiedenen \u00d6ko- und Klimazonen der Erde wird gesucht. In sieben Vortr\u00e4gen setzen sich ausgewiesene Experten mit diesen Themen auseinander.<\/p>\n<p>&nbsp;<\/p>\n<p><strong>18. Oktober<\/strong><br \/>\nProf. Dr. Christian Matthias Gei\u00df (Universit\u00e4t Bonn)<br \/>\n<em>K\u00fcnstliche Intelligenz f\u00fcr die Analyse von Naturgefahren<\/em><\/p>\n<p><strong>1. November<\/strong><br \/>\nProf. Dr. Thomas Hickler (Goethe-Universit\u00e4t)<br \/>\n<em>Wechselwirkungen zwischen Biodiversit\u00e4t und Klima \u2013<\/em><em> Warum Klima- und Biodiversit\u00e4tskrise gemeinsam gel\u00f6st werden m\u00fcssen<\/em><\/p>\n<p><strong>15. November<\/strong><br \/>\nProf. Dr. Andreas Dittmann (Universit\u00e4t Gie\u00dfen)<br \/>\n<em>Der Planetary Boundaries-Diskurs und die \u201eLost Fields\u201c der Geographie<\/em><\/p>\n<p><strong>29. November<\/strong><br \/>\nProf. Dr. J\u00fcrgen O\u00dfenbr\u00fcgge (Universit\u00e4t Hamburg)<strong><br \/>\n<\/strong><em>Klimakrise und nachhaltige Stadtentwicklung<\/em><\/p>\n<p><strong>10. Januar 2024<\/strong><br \/>\nProf. Dr. Michael Krautblatter (Technische Universit\u00e4t M\u00fcnchen)<strong><br \/>\n<\/strong><em>Naturgefahren durch auftauenden Permafrost im Hochgebirge und ihre Vorhersage<\/em><\/p>\n<p><strong>24. Januar<\/strong><br \/>\nDr. Aljoscha Kre\u00df (Hessisches Landesamt f\u00fcr Naturschutz, Umwelt und Geologie, Wiesbaden)<strong><br \/>\n<\/strong><em>Klimawandel und menschliche Gesundheit \u2013<\/em><em> ein \u00dcberblick \u00fcber wichtige Handlungsfelder und m\u00f6gliche Anpassungsma\u00dfnahmen<\/em><\/p>\n<p><strong>7. Februar<\/strong><br \/>\nProfessor Dr. Christian Opp (Philipps-Universit\u00e4t Marburg)<br \/>\n<em>Desertifikation im Tarim-Gebiet (NW-China).<\/em><em> Von den \u201ewandernden Seen\u201c Sven Hedins bis zu aktuellen Problemen der Agrarpolitik<\/em><strong><br \/>\n<\/strong><\/p>\n<p>&nbsp;<\/p>\n<p>jeweils um <strong>18.15 Uhr<\/strong><\/p>\n<p>\u2026\u2026\u2026\u2026\u2026\u2026\u2026\u2026\u2026\u2026\u2026\u2026\u2026\u2026\u2026<\/p>\n<p>Campus Bockenheim, H\u00f6rsaal VI, H\u00f6rsaalgeb\u00e4ude,<br \/>\nGr\u00e4fstra\u00dfe 52 \u201354 (Zugang Mertonstra\u00dfe)<\/p>\n<p><em><strong>Eintritt<\/strong><\/em><br \/>\nFGG-Mitglieder frei<br \/>\nNichtmitglieder 5 \u20ac<br \/>\nerm\u00e4\u00dfigt 3 \u20ac<\/p>\n<p><em><strong>Veranstalterin<\/strong><\/em><br \/>\nFrankfurter Geographische Gesellschaft (FGG) e.V.<\/p>","protected":false},"excerpt":{"rendered":"<p>Die diesj\u00e4hrige Vortragsreihe ist eine eindringliche Pr\u00e4sentation der globalen Herausforderungen, die gegenw\u00e4rtig und zuk\u00fcnftig unseren Lebensraum bedrohen. Sich h\u00e4ufende Hitzephasen, Klimawandel, Naturgefahren und Urbanisierung, Verlust von Biodiversit\u00e4t, Desertifikation, Permafrost in [&hellip;]<\/p>\n","protected":false},"author":24,"featured_media":0,"template":"","meta":{"_eb_attr":"","_price":"","_stock":"","_tribe_ticket_header":"","_tribe_default_ticket_provider":"","_ticket_start_date":"","_ticket_end_date":"","_tribe_ticket_show_description":"","_tribe_ticket_show_not_going":false,"_tribe_ticket_use_global_stock":"","_tribe_ticket_global_stock_level":"","_global_stock_mode":"","_global_stock_cap":"","_tribe_rsvp_for_event":"","_tribe_ticket_going_count":"","_tribe_ticket_not_going_count":"","_tribe_tickets_list":"[]","_tribe_ticket_has_attendee_info_fields":false,"_tribe_events_status":"","_tribe_events_status_reason":"","_tribe_events_is_hybrid":"","_tribe_events_is_virtual":"","_tribe_events_virtual_video_source":"","_tribe_events_virtual_embed_video":"","_tribe_events_virtual_linked_button_text":"","_tribe_events_virtual_linked_button":"","_tribe_events_virtual_show_embed_at":"","_tribe_events_virtual_show_embed_to":[],"_tribe_events_virtual_show_on_event":"","_tribe_events_virtual_show_on_views":"","_tribe_events_virtual_url":"","footnotes":"","_tec_slr_enabled":"","_tec_slr_layout":""},"tags":[],"tribe_events_cat":[114],"class_list":["post-10003192","tribe_events","type-tribe_events","status-publish","hentry","tribe_events_cat-vortraege","cat_vortraege","tribe-recurring-event","tribe-recurring-event-parent"],"yoast_head":"<!-- This site is optimized with the Yoast SEO plugin v27.5 - https:\/\/yoast.com\/product\/yoast-seo-wordpress\/ -->\n<title>Der Bedrohte Planet \u2013 Herausforderungen f\u00fcr die Geographie | Aktuelles aus der Goethe-Universit\u00e4t Frankfurt<\/title>\n<meta name=\"robots\" content=\"index, follow, max-snippet:-1, max-image-preview:large, max-video-preview:-1\" \/>\n<link rel=\"canonical\" href=\"https:\/\/aktuelles.uni-frankfurt.de\/en\/event\/der-bedrohte-planet-herausforderungen-fuer-die-geographie\/2023-11-01\/\" \/>\n<meta property=\"og:locale\" content=\"en_GB\" \/>\n<meta property=\"og:type\" content=\"article\" \/>\n<meta property=\"og:title\" content=\"Der Bedrohte Planet \u2013 Herausforderungen f\u00fcr die Geographie | Aktuelles aus der Goethe-Universit\u00e4t Frankfurt\" \/>\n<meta property=\"og:description\" content=\"Die diesj\u00e4hrige Vortragsreihe ist eine eindringliche Pr\u00e4sentation der globalen Herausforderungen, die gegenw\u00e4rtig und zuk\u00fcnftig unseren Lebensraum bedrohen. Sich h\u00e4ufende Hitzephasen, Klimawandel, Naturgefahren und Urbanisierung, Verlust von Biodiversit\u00e4t, Desertifikation, Permafrost in [&hellip;]\" \/>\n<meta property=\"og:url\" content=\"https:\/\/aktuelles.uni-frankfurt.de\/en\/event\/der-bedrohte-planet-herausforderungen-fuer-die-geographie\/2023-11-01\/\" \/>\n<meta property=\"og:site_name\" content=\"Aktuelles aus der Goethe-Universit\u00e4t Frankfurt\" \/>\n<meta property=\"article:modified_time\" content=\"2023-10-09T10:07:37+00:00\" \/>\n<meta name=\"twitter:card\" content=\"summary_large_image\" \/>\n<meta name=\"twitter:label1\" content=\"Estimated reading time\" \/>\n\t<meta name=\"twitter:data1\" content=\"1 minute\" \/>\n<script type=\"application\/ld+json\" class=\"yoast-schema-graph\">{\"@context\":\"https:\\\/\\\/schema.org\",\"@graph\":[{\"@type\":\"WebPage\",\"@id\":\"https:\\\/\\\/aktuelles.uni-frankfurt.de\\\/en\\\/event\\\/der-bedrohte-planet-herausforderungen-fuer-die-geographie\\\/2023-11-01\\\/\",\"url\":\"https:\\\/\\\/aktuelles.uni-frankfurt.de\\\/en\\\/event\\\/der-bedrohte-planet-herausforderungen-fuer-die-geographie\\\/2023-11-01\\\/\",\"name\":\"Der Bedrohte Planet \u2013 Herausforderungen f\u00fcr die Geographie | Aktuelles aus der Goethe-Universit\u00e4t Frankfurt\",\"isPartOf\":{\"@id\":\"https:\\\/\\\/aktuelles.uni-frankfurt.de\\\/#website\"},\"datePublished\":\"2023-09-25T07:58:29+00:00\",\"dateModified\":\"2023-10-09T10:07:37+00:00\",\"breadcrumb\":{\"@id\":\"https:\\\/\\\/aktuelles.uni-frankfurt.de\\\/en\\\/event\\\/der-bedrohte-planet-herausforderungen-fuer-die-geographie\\\/2023-11-01\\\/#breadcrumb\"},\"inLanguage\":\"en-GB\",\"potentialAction\":[{\"@type\":\"ReadAction\",\"target\":[\"https:\\\/\\\/aktuelles.uni-frankfurt.de\\\/en\\\/event\\\/der-bedrohte-planet-herausforderungen-fuer-die-geographie\\\/2023-11-01\\\/\"]}]},{\"@type\":\"BreadcrumbList\",\"@id\":\"https:\\\/\\\/aktuelles.uni-frankfurt.de\\\/en\\\/event\\\/der-bedrohte-planet-herausforderungen-fuer-die-geographie\\\/2023-11-01\\\/#breadcrumb\",\"itemListElement\":[{\"@type\":\"ListItem\",\"position\":1,\"name\":\"Startseite\",\"item\":\"https:\\\/\\\/aktuelles.uni-frankfurt.de\\\/\"},{\"@type\":\"ListItem\",\"position\":2,\"name\":\"Veranstaltungen\",\"item\":\"https:\\\/\\\/aktuelles.uni-frankfurt.de\\\/_events\\\/\"},{\"@type\":\"ListItem\",\"position\":3,\"name\":\"Der Bedrohte Planet \u2013 Herausforderungen f\u00fcr die Geographie\"}]},{\"@type\":\"WebSite\",\"@id\":\"https:\\\/\\\/aktuelles.uni-frankfurt.de\\\/#website\",\"url\":\"https:\\\/\\\/aktuelles.uni-frankfurt.de\\\/\",\"name\":\"Aktuelles aus der Goethe-Universit\u00e4t Frankfurt\",\"description\":\"Aktuelles aus der Goethe-Universit\u00e4t | Neues aus Forschung, Lehre, Studium\",\"publisher\":{\"@id\":\"https:\\\/\\\/aktuelles.uni-frankfurt.de\\\/#organization\"},\"potentialAction\":[{\"@type\":\"SearchAction\",\"target\":{\"@type\":\"EntryPoint\",\"urlTemplate\":\"https:\\\/\\\/aktuelles.uni-frankfurt.de\\\/?s={search_term_string}\"},\"query-input\":{\"@type\":\"PropertyValueSpecification\",\"valueRequired\":true,\"valueName\":\"search_term_string\"}}],\"inLanguage\":\"en-GB\"},{\"@type\":\"Organization\",\"@id\":\"https:\\\/\\\/aktuelles.uni-frankfurt.de\\\/#organization\",\"name\":\"Goethe-Universit\u00e4t\",\"url\":\"https:\\\/\\\/aktuelles.uni-frankfurt.de\\\/\",\"logo\":{\"@type\":\"ImageObject\",\"inLanguage\":\"en-GB\",\"@id\":\"https:\\\/\\\/aktuelles.uni-frankfurt.de\\\/#\\\/schema\\\/logo\\\/image\\\/\",\"url\":\"https:\\\/\\\/aktuelles.uni-frankfurt.de\\\/wp-content\\\/uploads\\\/2022\\\/03\\\/800px-Goethe-Logo.png\",\"contentUrl\":\"https:\\\/\\\/aktuelles.uni-frankfurt.de\\\/wp-content\\\/uploads\\\/2022\\\/03\\\/800px-Goethe-Logo.png\",\"width\":800,\"height\":436,\"caption\":\"Goethe-Universit\u00e4t\"},\"image\":{\"@id\":\"https:\\\/\\\/aktuelles.uni-frankfurt.de\\\/#\\\/schema\\\/logo\\\/image\\\/\"}}]}<\/script>\n<!-- \/ Yoast SEO plugin. -->","yoast_head_json":{"title":"Der Bedrohte Planet \u2013 Herausforderungen f\u00fcr die Geographie | Aktuelles aus der Goethe-Universit\u00e4t Frankfurt","robots":{"index":"index","follow":"follow","max-snippet":"max-snippet:-1","max-image-preview":"max-image-preview:large","max-video-preview":"max-video-preview:-1"},"canonical":"https:\/\/aktuelles.uni-frankfurt.de\/en\/event\/der-bedrohte-planet-herausforderungen-fuer-die-geographie\/2023-11-01\/","og_locale":"en_GB","og_type":"article","og_title":"Der Bedrohte Planet \u2013 Herausforderungen f\u00fcr die Geographie | Aktuelles aus der Goethe-Universit\u00e4t Frankfurt","og_description":"Die diesj\u00e4hrige Vortragsreihe ist eine eindringliche Pr\u00e4sentation der globalen Herausforderungen, die gegenw\u00e4rtig und zuk\u00fcnftig unseren Lebensraum bedrohen. Sich h\u00e4ufende Hitzephasen, Klimawandel, Naturgefahren und Urbanisierung, Verlust von Biodiversit\u00e4t, Desertifikation, Permafrost in [&hellip;]","og_url":"https:\/\/aktuelles.uni-frankfurt.de\/en\/event\/der-bedrohte-planet-herausforderungen-fuer-die-geographie\/2023-11-01\/","og_site_name":"Aktuelles aus der Goethe-Universit\u00e4t Frankfurt","article_modified_time":"2023-10-09T10:07:37+00:00","twitter_card":"summary_large_image","twitter_misc":{"Estimated reading time":"1 minute"},"schema":{"@context":"https:\/\/schema.org","@graph":[{"@type":"WebPage","@id":"https:\/\/aktuelles.uni-frankfurt.de\/en\/event\/der-bedrohte-planet-herausforderungen-fuer-die-geographie\/2023-11-01\/","url":"https:\/\/aktuelles.uni-frankfurt.de\/en\/event\/der-bedrohte-planet-herausforderungen-fuer-die-geographie\/2023-11-01\/","name":"Der Bedrohte Planet \u2013 Herausforderungen f\u00fcr die Geographie | Aktuelles aus der Goethe-Universit\u00e4t Frankfurt","isPartOf":{"@id":"https:\/\/aktuelles.uni-frankfurt.de\/#website"},"datePublished":"2023-09-25T07:58:29+00:00","dateModified":"2023-10-09T10:07:37+00:00","breadcrumb":{"@id":"https:\/\/aktuelles.uni-frankfurt.de\/en\/event\/der-bedrohte-planet-herausforderungen-fuer-die-geographie\/2023-11-01\/#breadcrumb"},"inLanguage":"en-GB","potentialAction":[{"@type":"ReadAction","target":["https:\/\/aktuelles.uni-frankfurt.de\/en\/event\/der-bedrohte-planet-herausforderungen-fuer-die-geographie\/2023-11-01\/"]}]},{"@type":"BreadcrumbList","@id":"https:\/\/aktuelles.uni-frankfurt.de\/en\/event\/der-bedrohte-planet-herausforderungen-fuer-die-geographie\/2023-11-01\/#breadcrumb","itemListElement":[{"@type":"ListItem","position":1,"name":"Startseite","item":"https:\/\/aktuelles.uni-frankfurt.de\/"},{"@type":"ListItem","position":2,"name":"Veranstaltungen","item":"https:\/\/aktuelles.uni-frankfurt.de\/_events\/"},{"@type":"ListItem","position":3,"name":"Der Bedrohte Planet \u2013 Herausforderungen f\u00fcr die Geographie"}]},{"@type":"WebSite","@id":"https:\/\/aktuelles.uni-frankfurt.de\/#website","url":"https:\/\/aktuelles.uni-frankfurt.de\/","name":"Aktuelles aus der Goethe-Universit\u00e4t Frankfurt","description":"Aktuelles aus der Goethe-Universit\u00e4t | Neues aus Forschung, Lehre, Studium","publisher":{"@id":"https:\/\/aktuelles.uni-frankfurt.de\/#organization"},"potentialAction":[{"@type":"SearchAction","target":{"@type":"EntryPoint","urlTemplate":"https:\/\/aktuelles.uni-frankfurt.de\/?s={search_term_string}"},"query-input":{"@type":"PropertyValueSpecification","valueRequired":true,"valueName":"search_term_string"}}],"inLanguage":"en-GB"},{"@type":"Organization","@id":"https:\/\/aktuelles.uni-frankfurt.de\/#organization","name":"Goethe University Frankfurt","url":"https:\/\/aktuelles.uni-frankfurt.de\/","logo":{"@type":"ImageObject","inLanguage":"en-GB","@id":"https:\/\/aktuelles.uni-frankfurt.de\/#\/schema\/logo\/image\/","url":"https:\/\/aktuelles.uni-frankfurt.de\/wp-content\/uploads\/2022\/03\/800px-Goethe-Logo.png","contentUrl":"https:\/\/aktuelles.uni-frankfurt.de\/wp-content\/uploads\/2022\/03\/800px-Goethe-Logo.png","width":800,"height":436,"caption":"Goethe-Universit\u00e4t"},"image":{"@id":"https:\/\/aktuelles.uni-frankfurt.de\/#\/schema\/logo\/image\/"}}]}},"ticketed":false,"_links":{"self":[{"href":"https:\/\/aktuelles.uni-frankfurt.de\/en\/wp-json\/wp\/v2\/tribe_events\/10003192","targetHints":{"allow":["GET"]}}],"collection":[{"href":"https:\/\/aktuelles.uni-frankfurt.de\/en\/wp-json\/wp\/v2\/tribe_events"}],"about":[{"href":"https:\/\/aktuelles.uni-frankfurt.de\/en\/wp-json\/wp\/v2\/types\/tribe_events"}],"author":[{"embeddable":true,"href":"https:\/\/aktuelles.uni-frankfurt.de\/en\/wp-json\/wp\/v2\/users\/24"}],"version-history":[{"count":0,"href":"https:\/\/aktuelles.uni-frankfurt.de\/en\/wp-json\/wp\/v2\/tribe_events\/10003192\/revisions"}],"wp:attachment":[{"href":"https:\/\/aktuelles.uni-frankfurt.de\/en\/wp-json\/wp\/v2\/media?parent=10003192"}],"wp:term":[{"taxonomy":"post_tag","embeddable":true,"href":"https:\/\/aktuelles.uni-frankfurt.de\/en\/wp-json\/wp\/v2\/tags?post=10003192"},{"taxonomy":"tribe_events_cat","embeddable":true,"href":"https:\/\/aktuelles.uni-frankfurt.de\/en\/wp-json\/wp\/v2\/tribe_events_cat?post=10003192"}],"curies":[{"name":"wp","href":"https:\/\/api.w.org\/{rel}","templated":true}]}}