{"id":10003853,"date":"2023-11-14T12:51:30","date_gmt":"2023-11-14T11:51:30","guid":{"rendered":"https:\/\/aktuelles.uni-frankfurt.de\/?post_type=tribe_events&#038;p=77505"},"modified":"2023-11-15T14:38:34","modified_gmt":"2023-11-15T13:38:34","slug":"interdisziplinaere-tagung-im-abgrund-der-geschichte-ist-fuer-alle-platz","status":"publish","type":"tribe_events","link":"https:\/\/aktuelles.uni-frankfurt.de\/en\/event\/interdisziplinaere-tagung-im-abgrund-der-geschichte-ist-fuer-alle-platz\/2023-11-23\/","title":{"rendered":"Interdisziplin\u00e4re Tagung: \u201eIm Abgrund der Geschichte ist f\u00fcr alle Platz\u201c"},"content":{"rendered":"<p><strong>Von Kunstwissenschaft bis \u00d6kologie: Interdisziplin\u00e4re Tagung der Goethe-Universit\u00e4t widmet sich dem Ph\u00e4nomen des \u201eAbgrunds\u201c<\/strong><\/p>\n<p>Das Sprechen vom Abgrund ist so alt wie die Bibel &#8211; es kommt in nahezu allen Disziplinen vor, von der Philosophie \u00fcber die Literatur bis hin zu Geologie. Das Sprechen vom Abgrund ist das Sprechen vom \u00c4u\u00dfersten: Es gibt nichts Tieferes als den Abgrund. Dabei stimmen Metapher und Realit\u00e4t \u00fcberein: Bis heute bleiben den Menschen der Erdkern und die Meerestiefen verschlossen. In Zeiten des Klimawandels und sich \u00fcberlappender Krisen steht die Menschheit in \u00f6ffentlichen Reden aber des \u00d6fteren \u201eam Abgrund\u201c. Wird der Begriff zu inflation\u00e4r verwendet?<\/p>\n<p>Die wissenschaftliche Tagung \u201a\u201eIm Abgrund der Geschichte ist f\u00fcr alle Platz\u201c \u2013 Sprechen \u00fcber Abgr\u00fcnde\u2018 behandelt den \u201eAbgrund\u201c aus verschiedenen Disziplinen \u2013 der Kulturanalyse und Biographieforschung, der Literatur- und Geschichtswissenschaft, der Kunstwissenschaft, Philosophie und Soziologie. Wo und wann wird dort vom Abgrund gesprochen? Und wird der Begriff immer angemessen verwendet?<\/p>\n<p>Diesen Fragen geht die \u00f6ffentliche Tagung nach:<\/p>\n<p><strong>\u201eIm Abgrund der Geschichte ist f\u00fcr alle Platz\u201c \u2013 Sprechen \u00fcber Abgr\u00fcnde <\/strong><strong>vom 23. bis 25. November 2023 <\/strong><strong>im Freies Deutsches Hochstift, Gartensaal, 60311 Frankfurt am Main.<\/strong><\/p>\n<p>Eine Anmeldung f\u00fcr die \u00f6ffentliche Tagung ist nicht erforderlich.<\/p>\n<p>Die geladenen Wissenschaftler:innen aus dem In- und Ausland widmen sich dem \u201eAbgrund\u201c unter anderem in der Sprache, in Politik und Gesellschaft und im Zusammenhang mit Hoffnung. Das ausf\u00fchrliche Programm ist unter folgendem Link einzusehen: <a href=\"https:\/\/www.uni-bamberg.de\/germ-lit2\/personen\/magdalena-sperber\/tagung-abgruende\/\" target=\"_blank\" rel=\"noopener\">Tagung Abgr\u00fcnde &#8211; Professur f\u00fcr Neuere deutsche Literaturwissenschaft (Andrea Bartl) (uni-bamberg.de)<\/a><\/p>\n<p>&nbsp;<\/p>\n<p><em>Veranstalter der Tagung ist die Goethe-Universit\u00e4t gemeinsam mit der Eberhard-Karls-Universit\u00e4t T\u00fcbingen und der Otto-Friedrich-Universit\u00e4t Bamberg.<\/em><\/p>\n<p><em>Die Tagung wird gef\u00f6rdert von der Vereinigung von Freunden und F\u00f6rderern der Goethe-Universit\u00e4t e.V., der Hans-B\u00f6ckler-Stiftung, dem GRADE Center Social Sciences und dem Freien deutschen Hochstift.<\/em><\/p>","protected":false},"excerpt":{"rendered":"<p>Von Kunstwissenschaft bis \u00d6kologie: Interdisziplin\u00e4re Tagung der Goethe-Universit\u00e4t widmet sich dem Ph\u00e4nomen des \u201eAbgrunds\u201c Das Sprechen vom Abgrund ist so alt wie die Bibel &#8211; es kommt in nahezu allen [&hellip;]<\/p>\n","protected":false},"author":2,"featured_media":0,"template":"","meta":{"_eb_attr":"","_price":"","_stock":"","_tribe_ticket_header":"","_tribe_default_ticket_provider":"","_ticket_start_date":"","_ticket_end_date":"","_tribe_ticket_show_description":"","_tribe_ticket_show_not_going":false,"_tribe_ticket_use_global_stock":"","_tribe_ticket_global_stock_level":"","_global_stock_mode":"","_global_stock_cap":"","_tribe_rsvp_for_event":"","_tribe_ticket_going_count":"","_tribe_ticket_not_going_count":"","_tribe_tickets_list":"[]","_tribe_ticket_has_attendee_info_fields":false,"_tribe_events_status":"","_tribe_events_status_reason":"","_tribe_events_is_hybrid":"","_tribe_events_is_virtual":"","_tribe_events_virtual_video_source":"","_tribe_events_virtual_embed_video":"","_tribe_events_virtual_linked_button_text":"","_tribe_events_virtual_linked_button":"","_tribe_events_virtual_show_embed_at":"","_tribe_events_virtual_show_embed_to":[],"_tribe_events_virtual_show_on_event":"","_tribe_events_virtual_show_on_views":"","_tribe_events_virtual_url":"","footnotes":"","_tec_slr_enabled":"","_tec_slr_layout":""},"tags":[],"tribe_events_cat":[215],"class_list":["post-10003853","tribe_events","type-tribe_events","status-publish","hentry","tribe_events_cat-tagung","cat_tagung","tribe-recurring-event","tribe-recurring-event-parent"],"yoast_head":"<!-- This site is optimized with the Yoast SEO plugin v27.5 - https:\/\/yoast.com\/product\/yoast-seo-wordpress\/ -->\n<title>Interdisziplin\u00e4re Tagung: \u201eIm Abgrund der Geschichte ist f\u00fcr alle Platz\u201c | Aktuelles aus der Goethe-Universit\u00e4t Frankfurt<\/title>\n<meta name=\"robots\" content=\"index, follow, max-snippet:-1, max-image-preview:large, max-video-preview:-1\" \/>\n<link rel=\"canonical\" href=\"https:\/\/aktuelles.uni-frankfurt.de\/en\/event\/interdisziplinaere-tagung-im-abgrund-der-geschichte-ist-fuer-alle-platz\/2023-11-23\/\" \/>\n<meta property=\"og:locale\" content=\"en_GB\" \/>\n<meta property=\"og:type\" content=\"article\" \/>\n<meta property=\"og:title\" content=\"Interdisziplin\u00e4re Tagung: \u201eIm Abgrund der Geschichte ist f\u00fcr alle Platz\u201c | Aktuelles aus der Goethe-Universit\u00e4t Frankfurt\" \/>\n<meta property=\"og:description\" content=\"Von Kunstwissenschaft bis \u00d6kologie: Interdisziplin\u00e4re Tagung der Goethe-Universit\u00e4t widmet sich dem Ph\u00e4nomen des \u201eAbgrunds\u201c Das Sprechen vom Abgrund ist so alt wie die Bibel &#8211; es kommt in nahezu allen [&hellip;]\" \/>\n<meta property=\"og:url\" content=\"https:\/\/aktuelles.uni-frankfurt.de\/en\/event\/interdisziplinaere-tagung-im-abgrund-der-geschichte-ist-fuer-alle-platz\/2023-11-23\/\" \/>\n<meta property=\"og:site_name\" content=\"Aktuelles aus der Goethe-Universit\u00e4t Frankfurt\" \/>\n<meta property=\"article:modified_time\" content=\"2023-11-15T13:38:34+00:00\" \/>\n<meta name=\"twitter:card\" content=\"summary_large_image\" \/>\n<meta name=\"twitter:label1\" content=\"Estimated reading time\" \/>\n\t<meta name=\"twitter:data1\" content=\"1 minute\" \/>\n<script type=\"application\/ld+json\" class=\"yoast-schema-graph\">{\"@context\":\"https:\\\/\\\/schema.org\",\"@graph\":[{\"@type\":\"WebPage\",\"@id\":\"https:\\\/\\\/aktuelles.uni-frankfurt.de\\\/en\\\/event\\\/interdisziplinaere-tagung-im-abgrund-der-geschichte-ist-fuer-alle-platz\\\/2023-11-23\\\/\",\"url\":\"https:\\\/\\\/aktuelles.uni-frankfurt.de\\\/en\\\/event\\\/interdisziplinaere-tagung-im-abgrund-der-geschichte-ist-fuer-alle-platz\\\/2023-11-23\\\/\",\"name\":\"Interdisziplin\u00e4re Tagung: \u201eIm Abgrund der Geschichte ist f\u00fcr alle Platz\u201c | Aktuelles aus der Goethe-Universit\u00e4t Frankfurt\",\"isPartOf\":{\"@id\":\"https:\\\/\\\/aktuelles.uni-frankfurt.de\\\/#website\"},\"datePublished\":\"2023-11-14T11:51:30+00:00\",\"dateModified\":\"2023-11-15T13:38:34+00:00\",\"breadcrumb\":{\"@id\":\"https:\\\/\\\/aktuelles.uni-frankfurt.de\\\/en\\\/event\\\/interdisziplinaere-tagung-im-abgrund-der-geschichte-ist-fuer-alle-platz\\\/2023-11-23\\\/#breadcrumb\"},\"inLanguage\":\"en-GB\",\"potentialAction\":[{\"@type\":\"ReadAction\",\"target\":[\"https:\\\/\\\/aktuelles.uni-frankfurt.de\\\/en\\\/event\\\/interdisziplinaere-tagung-im-abgrund-der-geschichte-ist-fuer-alle-platz\\\/2023-11-23\\\/\"]}]},{\"@type\":\"BreadcrumbList\",\"@id\":\"https:\\\/\\\/aktuelles.uni-frankfurt.de\\\/en\\\/event\\\/interdisziplinaere-tagung-im-abgrund-der-geschichte-ist-fuer-alle-platz\\\/2023-11-23\\\/#breadcrumb\",\"itemListElement\":[{\"@type\":\"ListItem\",\"position\":1,\"name\":\"Startseite\",\"item\":\"https:\\\/\\\/aktuelles.uni-frankfurt.de\\\/\"},{\"@type\":\"ListItem\",\"position\":2,\"name\":\"Veranstaltungen\",\"item\":\"https:\\\/\\\/aktuelles.uni-frankfurt.de\\\/_events\\\/\"},{\"@type\":\"ListItem\",\"position\":3,\"name\":\"Interdisziplin\u00e4re Tagung: \u201eIm Abgrund der Geschichte ist f\u00fcr alle Platz\u201c\"}]},{\"@type\":\"WebSite\",\"@id\":\"https:\\\/\\\/aktuelles.uni-frankfurt.de\\\/#website\",\"url\":\"https:\\\/\\\/aktuelles.uni-frankfurt.de\\\/\",\"name\":\"Aktuelles aus der Goethe-Universit\u00e4t Frankfurt\",\"description\":\"Aktuelles aus der Goethe-Universit\u00e4t | Neues aus Forschung, Lehre, Studium\",\"publisher\":{\"@id\":\"https:\\\/\\\/aktuelles.uni-frankfurt.de\\\/#organization\"},\"potentialAction\":[{\"@type\":\"SearchAction\",\"target\":{\"@type\":\"EntryPoint\",\"urlTemplate\":\"https:\\\/\\\/aktuelles.uni-frankfurt.de\\\/?s={search_term_string}\"},\"query-input\":{\"@type\":\"PropertyValueSpecification\",\"valueRequired\":true,\"valueName\":\"search_term_string\"}}],\"inLanguage\":\"en-GB\"},{\"@type\":\"Organization\",\"@id\":\"https:\\\/\\\/aktuelles.uni-frankfurt.de\\\/#organization\",\"name\":\"Goethe-Universit\u00e4t\",\"url\":\"https:\\\/\\\/aktuelles.uni-frankfurt.de\\\/\",\"logo\":{\"@type\":\"ImageObject\",\"inLanguage\":\"en-GB\",\"@id\":\"https:\\\/\\\/aktuelles.uni-frankfurt.de\\\/#\\\/schema\\\/logo\\\/image\\\/\",\"url\":\"https:\\\/\\\/aktuelles.uni-frankfurt.de\\\/wp-content\\\/uploads\\\/2022\\\/03\\\/800px-Goethe-Logo.png\",\"contentUrl\":\"https:\\\/\\\/aktuelles.uni-frankfurt.de\\\/wp-content\\\/uploads\\\/2022\\\/03\\\/800px-Goethe-Logo.png\",\"width\":800,\"height\":436,\"caption\":\"Goethe-Universit\u00e4t\"},\"image\":{\"@id\":\"https:\\\/\\\/aktuelles.uni-frankfurt.de\\\/#\\\/schema\\\/logo\\\/image\\\/\"}}]}<\/script>\n<!-- \/ Yoast SEO plugin. -->","yoast_head_json":{"title":"Interdisziplin\u00e4re Tagung: \u201eIm Abgrund der Geschichte ist f\u00fcr alle Platz\u201c | Aktuelles aus der Goethe-Universit\u00e4t Frankfurt","robots":{"index":"index","follow":"follow","max-snippet":"max-snippet:-1","max-image-preview":"max-image-preview:large","max-video-preview":"max-video-preview:-1"},"canonical":"https:\/\/aktuelles.uni-frankfurt.de\/en\/event\/interdisziplinaere-tagung-im-abgrund-der-geschichte-ist-fuer-alle-platz\/2023-11-23\/","og_locale":"en_GB","og_type":"article","og_title":"Interdisziplin\u00e4re Tagung: \u201eIm Abgrund der Geschichte ist f\u00fcr alle Platz\u201c | Aktuelles aus der Goethe-Universit\u00e4t Frankfurt","og_description":"Von Kunstwissenschaft bis \u00d6kologie: Interdisziplin\u00e4re Tagung der Goethe-Universit\u00e4t widmet sich dem Ph\u00e4nomen des \u201eAbgrunds\u201c Das Sprechen vom Abgrund ist so alt wie die Bibel &#8211; es kommt in nahezu allen [&hellip;]","og_url":"https:\/\/aktuelles.uni-frankfurt.de\/en\/event\/interdisziplinaere-tagung-im-abgrund-der-geschichte-ist-fuer-alle-platz\/2023-11-23\/","og_site_name":"Aktuelles aus der Goethe-Universit\u00e4t Frankfurt","article_modified_time":"2023-11-15T13:38:34+00:00","twitter_card":"summary_large_image","twitter_misc":{"Estimated reading time":"1 minute"},"schema":{"@context":"https:\/\/schema.org","@graph":[{"@type":"WebPage","@id":"https:\/\/aktuelles.uni-frankfurt.de\/en\/event\/interdisziplinaere-tagung-im-abgrund-der-geschichte-ist-fuer-alle-platz\/2023-11-23\/","url":"https:\/\/aktuelles.uni-frankfurt.de\/en\/event\/interdisziplinaere-tagung-im-abgrund-der-geschichte-ist-fuer-alle-platz\/2023-11-23\/","name":"Interdisziplin\u00e4re Tagung: \u201eIm Abgrund der Geschichte ist f\u00fcr alle Platz\u201c | Aktuelles aus der Goethe-Universit\u00e4t Frankfurt","isPartOf":{"@id":"https:\/\/aktuelles.uni-frankfurt.de\/#website"},"datePublished":"2023-11-14T11:51:30+00:00","dateModified":"2023-11-15T13:38:34+00:00","breadcrumb":{"@id":"https:\/\/aktuelles.uni-frankfurt.de\/en\/event\/interdisziplinaere-tagung-im-abgrund-der-geschichte-ist-fuer-alle-platz\/2023-11-23\/#breadcrumb"},"inLanguage":"en-GB","potentialAction":[{"@type":"ReadAction","target":["https:\/\/aktuelles.uni-frankfurt.de\/en\/event\/interdisziplinaere-tagung-im-abgrund-der-geschichte-ist-fuer-alle-platz\/2023-11-23\/"]}]},{"@type":"BreadcrumbList","@id":"https:\/\/aktuelles.uni-frankfurt.de\/en\/event\/interdisziplinaere-tagung-im-abgrund-der-geschichte-ist-fuer-alle-platz\/2023-11-23\/#breadcrumb","itemListElement":[{"@type":"ListItem","position":1,"name":"Startseite","item":"https:\/\/aktuelles.uni-frankfurt.de\/"},{"@type":"ListItem","position":2,"name":"Veranstaltungen","item":"https:\/\/aktuelles.uni-frankfurt.de\/_events\/"},{"@type":"ListItem","position":3,"name":"Interdisziplin\u00e4re Tagung: \u201eIm Abgrund der Geschichte ist f\u00fcr alle Platz\u201c"}]},{"@type":"WebSite","@id":"https:\/\/aktuelles.uni-frankfurt.de\/#website","url":"https:\/\/aktuelles.uni-frankfurt.de\/","name":"Aktuelles aus der Goethe-Universit\u00e4t Frankfurt","description":"Aktuelles aus der Goethe-Universit\u00e4t | Neues aus Forschung, Lehre, Studium","publisher":{"@id":"https:\/\/aktuelles.uni-frankfurt.de\/#organization"},"potentialAction":[{"@type":"SearchAction","target":{"@type":"EntryPoint","urlTemplate":"https:\/\/aktuelles.uni-frankfurt.de\/?s={search_term_string}"},"query-input":{"@type":"PropertyValueSpecification","valueRequired":true,"valueName":"search_term_string"}}],"inLanguage":"en-GB"},{"@type":"Organization","@id":"https:\/\/aktuelles.uni-frankfurt.de\/#organization","name":"Goethe University Frankfurt","url":"https:\/\/aktuelles.uni-frankfurt.de\/","logo":{"@type":"ImageObject","inLanguage":"en-GB","@id":"https:\/\/aktuelles.uni-frankfurt.de\/#\/schema\/logo\/image\/","url":"https:\/\/aktuelles.uni-frankfurt.de\/wp-content\/uploads\/2022\/03\/800px-Goethe-Logo.png","contentUrl":"https:\/\/aktuelles.uni-frankfurt.de\/wp-content\/uploads\/2022\/03\/800px-Goethe-Logo.png","width":800,"height":436,"caption":"Goethe-Universit\u00e4t"},"image":{"@id":"https:\/\/aktuelles.uni-frankfurt.de\/#\/schema\/logo\/image\/"}}]}},"ticketed":false,"_links":{"self":[{"href":"https:\/\/aktuelles.uni-frankfurt.de\/en\/wp-json\/wp\/v2\/tribe_events\/10003853","targetHints":{"allow":["GET"]}}],"collection":[{"href":"https:\/\/aktuelles.uni-frankfurt.de\/en\/wp-json\/wp\/v2\/tribe_events"}],"about":[{"href":"https:\/\/aktuelles.uni-frankfurt.de\/en\/wp-json\/wp\/v2\/types\/tribe_events"}],"author":[{"embeddable":true,"href":"https:\/\/aktuelles.uni-frankfurt.de\/en\/wp-json\/wp\/v2\/users\/2"}],"version-history":[{"count":0,"href":"https:\/\/aktuelles.uni-frankfurt.de\/en\/wp-json\/wp\/v2\/tribe_events\/10003853\/revisions"}],"wp:attachment":[{"href":"https:\/\/aktuelles.uni-frankfurt.de\/en\/wp-json\/wp\/v2\/media?parent=10003853"}],"wp:term":[{"taxonomy":"post_tag","embeddable":true,"href":"https:\/\/aktuelles.uni-frankfurt.de\/en\/wp-json\/wp\/v2\/tags?post=10003853"},{"taxonomy":"tribe_events_cat","embeddable":true,"href":"https:\/\/aktuelles.uni-frankfurt.de\/en\/wp-json\/wp\/v2\/tribe_events_cat?post=10003853"}],"curies":[{"name":"wp","href":"https:\/\/api.w.org\/{rel}","templated":true}]}}