{"id":10005214,"date":"2024-09-23T13:48:27","date_gmt":"2024-09-23T11:48:27","guid":{"rendered":"https:\/\/aktuelles.uni-frankfurt.de\/?post_type=tribe_events&#038;p=80934"},"modified":"2024-09-23T13:48:27","modified_gmt":"2024-09-23T11:48:27","slug":"cornelia-goethe-colloquien-care-to-repair-fuersorge-als-reparatur-des-beschaedigten-lebens","status":"publish","type":"tribe_events","link":"https:\/\/aktuelles.uni-frankfurt.de\/en\/event\/cornelia-goethe-colloquien-care-to-repair-fuersorge-als-reparatur-des-beschaedigten-lebens\/2024-10-30\/","title":{"rendered":"Cornelia Goethe Colloquien: Care to Repair: F\u00fcrsorge als Reparatur des besch\u00e4digten Lebens?"},"content":{"rendered":"<p>Care spielt eine zentrale Rolle f\u00fcr die gesellschaftliche Reproduktion: Die Cornelia Goethe Colloquien gehen nun der Frage nach, inwiefern Care-Beziehungen und die damit einhergehende Care-Arbeit die Besch\u00e4digungen reparieren k\u00f6nnen oder sollten. Bis zu einem gewissen Grad k\u00f6nnen nachbarschaftliche Care-Netzwerke besch\u00e4digte Wohn- und Arbeitsverh\u00e4ltnisse kompensieren; sie k\u00f6nnen auch Defizite in der Infrastruktur zwischen Stadt und Land ausgleichen.<\/p>\n<p>Doch wie weit reichen diese Reparaturpotenziale? K\u00f6nnen Menschen dadurch auch auf neue Weise ausgeschlossen werden \u2013 und gibt es Besch\u00e4digungen, die irreparabel sind? Und: Sollten Bruchstellen nicht manchmal besser sichtbar vernarben?<\/p>\n<p><strong>30. Oktober<\/strong><br \/>\nAlex Nehmer und Markus Krieger<br \/>\nThe Great Repair: Politiken und Praktiken der Reparaturgesellschaft<\/p>\n<p><strong>13. November <\/strong><br \/>\nDr. Elena Boukouvala<br \/>\nWhat is Care? Arts into Acts and Ethics of Care in Lesvos, Greece<\/p>\n<p><strong>27. November <\/strong><br \/>\nRadwa Khaled-Ibrahim<br \/>\nAid to Repair?<\/p>\n<p><strong> 11. Dezember<\/strong><br \/>\nProf. Dr. Gabu Heindl<br \/>\nCare und K\u00e4mpfe um Stadt: Kritisches Erbe und konkrete Utopie anhand des Roten Wien und Neuen Frankfurt<\/p>\n<p><strong>15. Januar 2025 <\/strong><br \/>\nProf. Dr. Mike Laufenberg und Prof. Dr. Inga Haese<br \/>\nCare im l\u00e4ndlichen und posturbanen Raum<\/p>\n<p><strong>29. Januar <\/strong><br \/>\nProf. Dr. Ursula Offenberger und Prof. Dr. Kerstin Rathgeb<br \/>\nZur Einheit von Sozialarbeit, -forschung und -politik am Beispiel des Hull House-Settlements in Chicago<\/p>\n<p>&nbsp;<\/p>\n<p>Zeit: 18.15 Uhr<\/p>\n<p>Ort: Campus Westend, PEG-Geb\u00e4ude, 1.G 191<\/p>\n<p>Kontakt: Johanna Leinius, leinius@em.uni-frankfurt.de<\/p>\n<p><a href=\"https:\/\/cgc.uni-frankfurt.de\/veranstaltungen\/cornelia-goethe-colloquien\">Mehr Informationen<\/a><\/p>","protected":false},"excerpt":{"rendered":"<p>Care spielt eine zentrale Rolle f\u00fcr die gesellschaftliche Reproduktion: Die Cornelia Goethe Colloquien gehen nun der Frage nach, inwiefern Care-Beziehungen und die damit einhergehende Care-Arbeit die Besch\u00e4digungen reparieren k\u00f6nnen oder [&hellip;]<\/p>\n","protected":false},"author":2,"featured_media":0,"template":"","meta":{"_eb_attr":"","_price":"","_stock":"","_tribe_ticket_header":"","_tribe_default_ticket_provider":"","_ticket_start_date":"","_ticket_end_date":"","_tribe_ticket_show_description":"","_tribe_ticket_show_not_going":false,"_tribe_ticket_use_global_stock":"","_tribe_ticket_global_stock_level":"","_global_stock_mode":"","_global_stock_cap":"","_tribe_rsvp_for_event":"","_tribe_ticket_going_count":"","_tribe_ticket_not_going_count":"","_tribe_tickets_list":"[]","_tribe_ticket_has_attendee_info_fields":false,"_tribe_events_status":"","_tribe_events_status_reason":"","_tribe_events_is_hybrid":"","_tribe_events_is_virtual":"","_tribe_events_virtual_video_source":"","_tribe_events_virtual_embed_video":"","_tribe_events_virtual_linked_button_text":"","_tribe_events_virtual_linked_button":"","_tribe_events_virtual_show_embed_at":"","_tribe_events_virtual_show_embed_to":[],"_tribe_events_virtual_show_on_event":"","_tribe_events_virtual_show_on_views":"","_tribe_events_virtual_url":"","footnotes":"","_tec_slr_enabled":"","_tec_slr_layout":""},"tags":[],"tribe_events_cat":[114],"class_list":["post-10005214","tribe_events","type-tribe_events","status-publish","hentry","tribe_events_cat-vortraege","cat_vortraege","tribe-recurring-event","tribe-recurring-event-parent"],"yoast_head":"<!-- This site is optimized with the Yoast SEO plugin v27.5 - https:\/\/yoast.com\/product\/yoast-seo-wordpress\/ -->\n<title>Cornelia Goethe Colloquien: Care to Repair: F\u00fcrsorge als Reparatur des besch\u00e4digten Lebens? | Aktuelles aus der Goethe-Universit\u00e4t Frankfurt<\/title>\n<meta name=\"robots\" content=\"index, follow, max-snippet:-1, max-image-preview:large, max-video-preview:-1\" \/>\n<link rel=\"canonical\" href=\"https:\/\/aktuelles.uni-frankfurt.de\/en\/event\/cornelia-goethe-colloquien-care-to-repair-fuersorge-als-reparatur-des-beschaedigten-lebens\/2024-10-30\/\" \/>\n<meta property=\"og:locale\" content=\"en_GB\" \/>\n<meta property=\"og:type\" content=\"article\" \/>\n<meta property=\"og:title\" content=\"Cornelia Goethe Colloquien: Care to Repair: F\u00fcrsorge als Reparatur des besch\u00e4digten Lebens? | Aktuelles aus der Goethe-Universit\u00e4t Frankfurt\" \/>\n<meta property=\"og:description\" content=\"Care spielt eine zentrale Rolle f\u00fcr die gesellschaftliche Reproduktion: Die Cornelia Goethe Colloquien gehen nun der Frage nach, inwiefern Care-Beziehungen und die damit einhergehende Care-Arbeit die Besch\u00e4digungen reparieren k\u00f6nnen oder [&hellip;]\" \/>\n<meta property=\"og:url\" content=\"https:\/\/aktuelles.uni-frankfurt.de\/en\/event\/cornelia-goethe-colloquien-care-to-repair-fuersorge-als-reparatur-des-beschaedigten-lebens\/2024-10-30\/\" \/>\n<meta property=\"og:site_name\" content=\"Aktuelles aus der Goethe-Universit\u00e4t Frankfurt\" \/>\n<meta name=\"twitter:card\" content=\"summary_large_image\" \/>\n<meta name=\"twitter:label1\" content=\"Estimated reading time\" \/>\n\t<meta name=\"twitter:data1\" content=\"1 minute\" \/>\n<script type=\"application\/ld+json\" class=\"yoast-schema-graph\">{\"@context\":\"https:\\\/\\\/schema.org\",\"@graph\":[{\"@type\":\"WebPage\",\"@id\":\"https:\\\/\\\/aktuelles.uni-frankfurt.de\\\/en\\\/event\\\/cornelia-goethe-colloquien-care-to-repair-fuersorge-als-reparatur-des-beschaedigten-lebens\\\/2024-10-30\\\/\",\"url\":\"https:\\\/\\\/aktuelles.uni-frankfurt.de\\\/en\\\/event\\\/cornelia-goethe-colloquien-care-to-repair-fuersorge-als-reparatur-des-beschaedigten-lebens\\\/2024-10-30\\\/\",\"name\":\"Cornelia Goethe Colloquien: Care to Repair: F\u00fcrsorge als Reparatur des besch\u00e4digten Lebens? | Aktuelles aus der Goethe-Universit\u00e4t Frankfurt\",\"isPartOf\":{\"@id\":\"https:\\\/\\\/aktuelles.uni-frankfurt.de\\\/#website\"},\"datePublished\":\"2024-09-23T11:48:27+00:00\",\"breadcrumb\":{\"@id\":\"https:\\\/\\\/aktuelles.uni-frankfurt.de\\\/en\\\/event\\\/cornelia-goethe-colloquien-care-to-repair-fuersorge-als-reparatur-des-beschaedigten-lebens\\\/2024-10-30\\\/#breadcrumb\"},\"inLanguage\":\"en-GB\",\"potentialAction\":[{\"@type\":\"ReadAction\",\"target\":[\"https:\\\/\\\/aktuelles.uni-frankfurt.de\\\/en\\\/event\\\/cornelia-goethe-colloquien-care-to-repair-fuersorge-als-reparatur-des-beschaedigten-lebens\\\/2024-10-30\\\/\"]}]},{\"@type\":\"BreadcrumbList\",\"@id\":\"https:\\\/\\\/aktuelles.uni-frankfurt.de\\\/en\\\/event\\\/cornelia-goethe-colloquien-care-to-repair-fuersorge-als-reparatur-des-beschaedigten-lebens\\\/2024-10-30\\\/#breadcrumb\",\"itemListElement\":[{\"@type\":\"ListItem\",\"position\":1,\"name\":\"Startseite\",\"item\":\"https:\\\/\\\/aktuelles.uni-frankfurt.de\\\/\"},{\"@type\":\"ListItem\",\"position\":2,\"name\":\"Veranstaltungen\",\"item\":\"https:\\\/\\\/aktuelles.uni-frankfurt.de\\\/_events\\\/\"},{\"@type\":\"ListItem\",\"position\":3,\"name\":\"Cornelia Goethe Colloquien: Care to Repair: F\u00fcrsorge als Reparatur des besch\u00e4digten Lebens?\"}]},{\"@type\":\"WebSite\",\"@id\":\"https:\\\/\\\/aktuelles.uni-frankfurt.de\\\/#website\",\"url\":\"https:\\\/\\\/aktuelles.uni-frankfurt.de\\\/\",\"name\":\"Aktuelles aus der Goethe-Universit\u00e4t Frankfurt\",\"description\":\"Aktuelles aus der Goethe-Universit\u00e4t | Neues aus Forschung, Lehre, Studium\",\"publisher\":{\"@id\":\"https:\\\/\\\/aktuelles.uni-frankfurt.de\\\/#organization\"},\"potentialAction\":[{\"@type\":\"SearchAction\",\"target\":{\"@type\":\"EntryPoint\",\"urlTemplate\":\"https:\\\/\\\/aktuelles.uni-frankfurt.de\\\/?s={search_term_string}\"},\"query-input\":{\"@type\":\"PropertyValueSpecification\",\"valueRequired\":true,\"valueName\":\"search_term_string\"}}],\"inLanguage\":\"en-GB\"},{\"@type\":\"Organization\",\"@id\":\"https:\\\/\\\/aktuelles.uni-frankfurt.de\\\/#organization\",\"name\":\"Goethe-Universit\u00e4t\",\"url\":\"https:\\\/\\\/aktuelles.uni-frankfurt.de\\\/\",\"logo\":{\"@type\":\"ImageObject\",\"inLanguage\":\"en-GB\",\"@id\":\"https:\\\/\\\/aktuelles.uni-frankfurt.de\\\/#\\\/schema\\\/logo\\\/image\\\/\",\"url\":\"https:\\\/\\\/aktuelles.uni-frankfurt.de\\\/wp-content\\\/uploads\\\/2022\\\/03\\\/800px-Goethe-Logo.png\",\"contentUrl\":\"https:\\\/\\\/aktuelles.uni-frankfurt.de\\\/wp-content\\\/uploads\\\/2022\\\/03\\\/800px-Goethe-Logo.png\",\"width\":800,\"height\":436,\"caption\":\"Goethe-Universit\u00e4t\"},\"image\":{\"@id\":\"https:\\\/\\\/aktuelles.uni-frankfurt.de\\\/#\\\/schema\\\/logo\\\/image\\\/\"}}]}<\/script>\n<!-- \/ Yoast SEO plugin. -->","yoast_head_json":{"title":"Cornelia Goethe Colloquien: Care to Repair: F\u00fcrsorge als Reparatur des besch\u00e4digten Lebens? | Aktuelles aus der Goethe-Universit\u00e4t Frankfurt","robots":{"index":"index","follow":"follow","max-snippet":"max-snippet:-1","max-image-preview":"max-image-preview:large","max-video-preview":"max-video-preview:-1"},"canonical":"https:\/\/aktuelles.uni-frankfurt.de\/en\/event\/cornelia-goethe-colloquien-care-to-repair-fuersorge-als-reparatur-des-beschaedigten-lebens\/2024-10-30\/","og_locale":"en_GB","og_type":"article","og_title":"Cornelia Goethe Colloquien: Care to Repair: F\u00fcrsorge als Reparatur des besch\u00e4digten Lebens? | Aktuelles aus der Goethe-Universit\u00e4t Frankfurt","og_description":"Care spielt eine zentrale Rolle f\u00fcr die gesellschaftliche Reproduktion: Die Cornelia Goethe Colloquien gehen nun der Frage nach, inwiefern Care-Beziehungen und die damit einhergehende Care-Arbeit die Besch\u00e4digungen reparieren k\u00f6nnen oder [&hellip;]","og_url":"https:\/\/aktuelles.uni-frankfurt.de\/en\/event\/cornelia-goethe-colloquien-care-to-repair-fuersorge-als-reparatur-des-beschaedigten-lebens\/2024-10-30\/","og_site_name":"Aktuelles aus der Goethe-Universit\u00e4t Frankfurt","twitter_card":"summary_large_image","twitter_misc":{"Estimated reading time":"1 minute"},"schema":{"@context":"https:\/\/schema.org","@graph":[{"@type":"WebPage","@id":"https:\/\/aktuelles.uni-frankfurt.de\/en\/event\/cornelia-goethe-colloquien-care-to-repair-fuersorge-als-reparatur-des-beschaedigten-lebens\/2024-10-30\/","url":"https:\/\/aktuelles.uni-frankfurt.de\/en\/event\/cornelia-goethe-colloquien-care-to-repair-fuersorge-als-reparatur-des-beschaedigten-lebens\/2024-10-30\/","name":"Cornelia Goethe Colloquien: Care to Repair: F\u00fcrsorge als Reparatur des besch\u00e4digten Lebens? | Aktuelles aus der Goethe-Universit\u00e4t Frankfurt","isPartOf":{"@id":"https:\/\/aktuelles.uni-frankfurt.de\/#website"},"datePublished":"2024-09-23T11:48:27+00:00","breadcrumb":{"@id":"https:\/\/aktuelles.uni-frankfurt.de\/en\/event\/cornelia-goethe-colloquien-care-to-repair-fuersorge-als-reparatur-des-beschaedigten-lebens\/2024-10-30\/#breadcrumb"},"inLanguage":"en-GB","potentialAction":[{"@type":"ReadAction","target":["https:\/\/aktuelles.uni-frankfurt.de\/en\/event\/cornelia-goethe-colloquien-care-to-repair-fuersorge-als-reparatur-des-beschaedigten-lebens\/2024-10-30\/"]}]},{"@type":"BreadcrumbList","@id":"https:\/\/aktuelles.uni-frankfurt.de\/en\/event\/cornelia-goethe-colloquien-care-to-repair-fuersorge-als-reparatur-des-beschaedigten-lebens\/2024-10-30\/#breadcrumb","itemListElement":[{"@type":"ListItem","position":1,"name":"Startseite","item":"https:\/\/aktuelles.uni-frankfurt.de\/"},{"@type":"ListItem","position":2,"name":"Veranstaltungen","item":"https:\/\/aktuelles.uni-frankfurt.de\/_events\/"},{"@type":"ListItem","position":3,"name":"Cornelia Goethe Colloquien: Care to Repair: F\u00fcrsorge als Reparatur des besch\u00e4digten Lebens?"}]},{"@type":"WebSite","@id":"https:\/\/aktuelles.uni-frankfurt.de\/#website","url":"https:\/\/aktuelles.uni-frankfurt.de\/","name":"Aktuelles aus der Goethe-Universit\u00e4t Frankfurt","description":"Aktuelles aus der Goethe-Universit\u00e4t | Neues aus Forschung, Lehre, Studium","publisher":{"@id":"https:\/\/aktuelles.uni-frankfurt.de\/#organization"},"potentialAction":[{"@type":"SearchAction","target":{"@type":"EntryPoint","urlTemplate":"https:\/\/aktuelles.uni-frankfurt.de\/?s={search_term_string}"},"query-input":{"@type":"PropertyValueSpecification","valueRequired":true,"valueName":"search_term_string"}}],"inLanguage":"en-GB"},{"@type":"Organization","@id":"https:\/\/aktuelles.uni-frankfurt.de\/#organization","name":"Goethe University Frankfurt","url":"https:\/\/aktuelles.uni-frankfurt.de\/","logo":{"@type":"ImageObject","inLanguage":"en-GB","@id":"https:\/\/aktuelles.uni-frankfurt.de\/#\/schema\/logo\/image\/","url":"https:\/\/aktuelles.uni-frankfurt.de\/wp-content\/uploads\/2022\/03\/800px-Goethe-Logo.png","contentUrl":"https:\/\/aktuelles.uni-frankfurt.de\/wp-content\/uploads\/2022\/03\/800px-Goethe-Logo.png","width":800,"height":436,"caption":"Goethe-Universit\u00e4t"},"image":{"@id":"https:\/\/aktuelles.uni-frankfurt.de\/#\/schema\/logo\/image\/"}}]}},"ticketed":false,"_links":{"self":[{"href":"https:\/\/aktuelles.uni-frankfurt.de\/en\/wp-json\/wp\/v2\/tribe_events\/10005214","targetHints":{"allow":["GET"]}}],"collection":[{"href":"https:\/\/aktuelles.uni-frankfurt.de\/en\/wp-json\/wp\/v2\/tribe_events"}],"about":[{"href":"https:\/\/aktuelles.uni-frankfurt.de\/en\/wp-json\/wp\/v2\/types\/tribe_events"}],"author":[{"embeddable":true,"href":"https:\/\/aktuelles.uni-frankfurt.de\/en\/wp-json\/wp\/v2\/users\/2"}],"version-history":[{"count":0,"href":"https:\/\/aktuelles.uni-frankfurt.de\/en\/wp-json\/wp\/v2\/tribe_events\/10005214\/revisions"}],"wp:attachment":[{"href":"https:\/\/aktuelles.uni-frankfurt.de\/en\/wp-json\/wp\/v2\/media?parent=10005214"}],"wp:term":[{"taxonomy":"post_tag","embeddable":true,"href":"https:\/\/aktuelles.uni-frankfurt.de\/en\/wp-json\/wp\/v2\/tags?post=10005214"},{"taxonomy":"tribe_events_cat","embeddable":true,"href":"https:\/\/aktuelles.uni-frankfurt.de\/en\/wp-json\/wp\/v2\/tribe_events_cat?post=10005214"}],"curies":[{"name":"wp","href":"https:\/\/api.w.org\/{rel}","templated":true}]}}