{"id":10007725,"date":"2025-02-04T10:12:33","date_gmt":"2025-02-04T09:12:33","guid":{"rendered":"https:\/\/aktuelles.uni-frankfurt.de\/?post_type=tribe_events&#038;p=82399"},"modified":"2025-02-04T10:26:09","modified_gmt":"2025-02-04T09:26:09","slug":"konferenz-demokratischer-zusammenhalt","status":"publish","type":"tribe_events","link":"https:\/\/aktuelles.uni-frankfurt.de\/en\/event\/konferenz-demokratischer-zusammenhalt\/2025-02-11\/","title":{"rendered":"Konferenz \u201eDemokratischer Zusammenhalt\u201c"},"content":{"rendered":"<p>Die viel zitierte \u201eKrise der Demokratie\u201c wird h\u00e4ufig mit der Feststellung verkn\u00fcpft, der gesellschaftliche Zusammenhalt sei gef\u00e4hrdet und m\u00fcsse gest\u00e4rkt werden. Die Antworten auf die Frage aber, welche Form des Zusammenhalts f\u00fcr eine Demokratie kennzeichnend und w\u00fcnschenswert sei, sind widerspr\u00fcchlich und vielf\u00e4ltig: Sie reichen von nationalistischen bis zu kosmopolitischen Positionen, von solchen, die die Bedeutung kultureller Homogenit\u00e4t betonen, \u00fcber solche, die gesellschaftliche Pluralit\u00e4t und Konflikt hervorheben, bis zu solchen, die soziale Gleichheit als unabdingbar ansehen. Zeit also f\u00fcr eine Bestandsaufnahme und reflexive Standortbestimmung: Was hei\u00dft \u201edemokratischer Zusammenhalt\u201c?<\/p>\n<p>Die Konferenz widmet sich dieser Frage auf den Ebenen wissenschaftlicher Grundlagenreflexion, empirischer Forschung und konkreter Projekte zur Demokratief\u00f6rderung. Eine \u00f6ffentliche Keynote mit anschlie\u00dfender Diskussion an dem symbolischen Ort Paulskirche findet am <strong>11. Februar<\/strong> statt. Am <strong>12. Februar <\/strong>wird an der Goethe-Universit\u00e4t weiterdiskutiert \u2013 auf diversen Panels zu Fragen gesellschaftlicher Polarisierung, zum Populismus, zur Innovationsf\u00e4higkeit demokratischer Institutionen sowie zu Radikalisierung und Resilienz. Auf dem Markt der M\u00f6glichkeiten bieten Initiativen und Institutionen der Demokratief\u00f6rderung aus ganz Hessen Einblicke in die Praktiken des demokratischen Zusammenhalts.<\/p>\n<p>&nbsp;<\/p>\n<p><strong>Keynote und Diskussion<\/strong><br \/>\n<strong>11. Februar 2025<\/strong><br \/>\n<strong>Paulskirche, Paulsplatz 11, 60311 Frankfurt am Main<br \/>\n<\/strong><br \/>\n17:30\u201318:00 Uhr Einlass<br \/>\n18:00\u201318:30 Uhr Begr\u00fc\u00dfungen<\/p>\n<p><strong>Keynote<\/strong><br \/>\n18:30\u201319:00 Uhr<br \/>\nProf. Dr. Jan-Werner M\u00fcller (Princeton University)<\/p>\n<p><strong>Diskussion<\/strong><br \/>\n19:00\u201320:00 Uhr<br \/>\nProf. Dr. Nicole Deitelhoff (PRIF, FGZ)<br \/>\nProf. Dr. Rainer Forst (Normative Orders, FGZ)<br \/>\nTimon Gremmels (Hessischer Wissenschaftsminister)<br \/>\nProf. Dr. Jan-Werner M\u00fcller (Princeton University)<\/p>\n<p>20:00 Uhr Empfang Paulskirche<\/p>\n<p>Hinweis: Das Auftakt-Event in der Paulskirche wird ebenfalls als Livestream verf\u00fcgbar sein.<\/p>\n<p>&nbsp;<\/p>\n<p><strong>Konferenz und Markt der M\u00f6glichkeiten<\/strong><br \/>\n<strong>12. Februar 2025<\/strong><br \/>\n<strong>Casino-Geb\u00e4ude\/Campus Westend der Goethe-Universit\u00e4t,<\/strong><br \/>\n<strong>Nina-Rubinstein-Weg 1, 60323 Frankfurt am Main<br \/>\n<\/strong><br \/>\n<strong>Konferenz I<\/strong><br \/>\n9:00\u20139:15 Uhr<br \/>\nEr\u00f6ffnung und Begr\u00fc\u00dfung Prof. Dr. Enrico Schleiff (Goethe-Universit\u00e4t Frankfurt)<\/p>\n<p><strong>Panel \u201eRadikalisierung und Resilienz\u201c<\/strong><br \/>\n9:15\u201310:45 Uhr<br \/>\nProf. Dr. Andreas Zick (Universit\u00e4t Bielefeld, FGZ)<br \/>\nProf. Dr. Johanna Sigl (Hochschule RheinMain)<br \/>\nDr. Reiner Becker (Philipps-Universit\u00e4t Marburg)<\/p>\n<p><strong>Panel \u201eInstitutionen und Innovationen\u201c<\/strong><br \/>\n11:15\u201312:45 Uhr<br \/>\nProf. Dr. Claudia Landwehr (JG|U Mainz)<br \/>\nProf. Dr. Wolfgang Schroeder (Universit\u00e4t Kassel)<br \/>\nProf. Dr. Brigitte Gei\u00dfel (Goethe-Universit\u00e4t Frankfurt)<\/p>\n<p><strong>Markt der M\u00f6glichkeiten<\/strong><br \/>\n12:45\u201314:45 Uhr<br \/>\nPr\u00e4sentation und interdisziplin\u00e4rer Austausch von Institutionen, Projekten und Initiativen der Demokratief\u00f6rderung aus ganz Hessen<\/p>\n<p><strong>Konferenz II<\/strong><br \/>\n<strong>Panel \u201ePopulismus und Polarisierung\u201c<\/strong><br \/>\n14:45\u201316:15 Uhr<br \/>\nProf. Dr. Regina Kreide (Justus-Liebig-Universit\u00e4t Gie\u00dfen)<br \/>\nProf. Dr. Dirk J\u00f6rke (TU Darmstadt)<br \/>\nProf. Dr. Oliver Decker (Universit\u00e4t Leipzig, FGZ)<\/p>\n<p><strong>Abschluss und Ausblick<\/strong><br \/>\n16:15\u201316:45 Uhr<br \/>\nProf. Dr. Nicole Deitelhoff (PRIF, FGZ)<br \/>\nProf. Dr. Rainer Forst (Normative Orders, FGZ)<br \/>\nProf. Dr. Julian Junk (H\u00f6MS, PRIF)<\/p>\n<p><strong>Kontakt<\/strong><br \/>\n<strong>Hannes Kohlhoff<\/strong> | PRIF | E-Mail: <a href=\"mailto:hannes.kohlhoff@prif.org\">hannes.kohlhoff@prif.org<\/a><br \/>\nInfos unter: <a href=\"https:\/\/www.prif.org\/demokratischer-zusammenhalt\" target=\"_blank\" rel=\"noopener\">www.prif.org\/demokratischer-zusammenhalt<\/a><\/p>\n<p><strong>Anmeldung<\/strong><br \/>\nAnmeldung erforderlich: <a href=\"https:\/\/eveeno.com\/demokratischer-zusammenhalt\" target=\"_blank\" rel=\"noopener\">eveeno.com\/demokratischer-zusammenhalt<\/a><\/p>\n<p>&nbsp;<\/p>\n<p><strong>Gef\u00f6rdert vom<br \/>\n<\/strong>Hessischen Ministerium f\u00fcr Wissenschaft und Forschung, Kunst und Kultur<\/p>\n<p><strong>Veranstalter<br \/>\n<\/strong>PRIF, Hessische Hochschule f\u00fcr \u00f6ffentliches Management und Sicherheit (H\u00f6MS), Forschungsinstitut Gesellschaftlicher Zusammenhalt Standort Frankfurt Main, Normative Orders, Goethe-Universit\u00e4t Frankfurt am Main<\/p>","protected":false},"excerpt":{"rendered":"<p>Die viel zitierte \u201eKrise der Demokratie\u201c wird h\u00e4ufig mit der Feststellung verkn\u00fcpft, der gesellschaftliche Zusammenhalt sei gef\u00e4hrdet und m\u00fcsse gest\u00e4rkt werden. Die Antworten auf die Frage aber, welche Form des [&hellip;]<\/p>\n","protected":false},"author":37,"featured_media":0,"template":"","meta":{"_eb_attr":"","_price":"","_stock":"","_tribe_ticket_header":"","_tribe_default_ticket_provider":"","_ticket_start_date":"","_ticket_end_date":"","_tribe_ticket_show_description":"","_tribe_ticket_show_not_going":false,"_tribe_ticket_use_global_stock":"","_tribe_ticket_global_stock_level":"","_global_stock_mode":"","_global_stock_cap":"","_tribe_rsvp_for_event":"","_tribe_ticket_going_count":"","_tribe_ticket_not_going_count":"","_tribe_tickets_list":"[]","_tribe_ticket_has_attendee_info_fields":false,"_tribe_events_status":"","_tribe_events_status_reason":"","_tribe_events_is_hybrid":"","_tribe_events_is_virtual":"","_tribe_events_virtual_video_source":"","_tribe_events_virtual_embed_video":"","_tribe_events_virtual_linked_button_text":"","_tribe_events_virtual_linked_button":"","_tribe_events_virtual_show_embed_at":"","_tribe_events_virtual_show_embed_to":[],"_tribe_events_virtual_show_on_event":"","_tribe_events_virtual_show_on_views":"","_tribe_events_virtual_url":"","footnotes":"","_tec_slr_enabled":"","_tec_slr_layout":""},"tags":[],"tribe_events_cat":[136],"class_list":["post-10007725","tribe_events","type-tribe_events","status-publish","hentry","tribe_events_cat-konferenzen","cat_konferenzen","tribe-recurring-event","tribe-recurring-event-parent"],"yoast_head":"<!-- This site is optimized with the Yoast SEO plugin v27.5 - https:\/\/yoast.com\/product\/yoast-seo-wordpress\/ -->\n<title>Konferenz \u201eDemokratischer Zusammenhalt\u201c | Aktuelles aus der Goethe-Universit\u00e4t Frankfurt<\/title>\n<meta name=\"robots\" content=\"index, follow, max-snippet:-1, max-image-preview:large, max-video-preview:-1\" \/>\n<link rel=\"canonical\" href=\"https:\/\/aktuelles.uni-frankfurt.de\/en\/event\/konferenz-demokratischer-zusammenhalt\/2025-02-11\/\" \/>\n<meta property=\"og:locale\" content=\"en_GB\" \/>\n<meta property=\"og:type\" content=\"article\" \/>\n<meta property=\"og:title\" content=\"Konferenz \u201eDemokratischer Zusammenhalt\u201c | Aktuelles aus der Goethe-Universit\u00e4t Frankfurt\" \/>\n<meta property=\"og:description\" content=\"Die viel zitierte \u201eKrise der Demokratie\u201c wird h\u00e4ufig mit der Feststellung verkn\u00fcpft, der gesellschaftliche Zusammenhalt sei gef\u00e4hrdet und m\u00fcsse gest\u00e4rkt werden. Die Antworten auf die Frage aber, welche Form des [&hellip;]\" \/>\n<meta property=\"og:url\" content=\"https:\/\/aktuelles.uni-frankfurt.de\/en\/event\/konferenz-demokratischer-zusammenhalt\/2025-02-11\/\" \/>\n<meta property=\"og:site_name\" content=\"Aktuelles aus der Goethe-Universit\u00e4t Frankfurt\" \/>\n<meta property=\"article:modified_time\" content=\"2025-02-04T09:26:09+00:00\" \/>\n<meta name=\"twitter:card\" content=\"summary_large_image\" \/>\n<meta name=\"twitter:label1\" content=\"Estimated reading time\" \/>\n\t<meta name=\"twitter:data1\" content=\"2 minutes\" \/>\n<script type=\"application\/ld+json\" class=\"yoast-schema-graph\">{\"@context\":\"https:\\\/\\\/schema.org\",\"@graph\":[{\"@type\":\"WebPage\",\"@id\":\"https:\\\/\\\/aktuelles.uni-frankfurt.de\\\/en\\\/event\\\/konferenz-demokratischer-zusammenhalt\\\/2025-02-11\\\/\",\"url\":\"https:\\\/\\\/aktuelles.uni-frankfurt.de\\\/en\\\/event\\\/konferenz-demokratischer-zusammenhalt\\\/2025-02-11\\\/\",\"name\":\"Konferenz \u201eDemokratischer Zusammenhalt\u201c | Aktuelles aus der Goethe-Universit\u00e4t Frankfurt\",\"isPartOf\":{\"@id\":\"https:\\\/\\\/aktuelles.uni-frankfurt.de\\\/#website\"},\"datePublished\":\"2025-02-04T09:12:33+00:00\",\"dateModified\":\"2025-02-04T09:26:09+00:00\",\"breadcrumb\":{\"@id\":\"https:\\\/\\\/aktuelles.uni-frankfurt.de\\\/en\\\/event\\\/konferenz-demokratischer-zusammenhalt\\\/2025-02-11\\\/#breadcrumb\"},\"inLanguage\":\"en-GB\",\"potentialAction\":[{\"@type\":\"ReadAction\",\"target\":[\"https:\\\/\\\/aktuelles.uni-frankfurt.de\\\/en\\\/event\\\/konferenz-demokratischer-zusammenhalt\\\/2025-02-11\\\/\"]}]},{\"@type\":\"BreadcrumbList\",\"@id\":\"https:\\\/\\\/aktuelles.uni-frankfurt.de\\\/en\\\/event\\\/konferenz-demokratischer-zusammenhalt\\\/2025-02-11\\\/#breadcrumb\",\"itemListElement\":[{\"@type\":\"ListItem\",\"position\":1,\"name\":\"Startseite\",\"item\":\"https:\\\/\\\/aktuelles.uni-frankfurt.de\\\/\"},{\"@type\":\"ListItem\",\"position\":2,\"name\":\"Veranstaltungen\",\"item\":\"https:\\\/\\\/aktuelles.uni-frankfurt.de\\\/_events\\\/\"},{\"@type\":\"ListItem\",\"position\":3,\"name\":\"Konferenz \u201eDemokratischer Zusammenhalt\u201c\"}]},{\"@type\":\"WebSite\",\"@id\":\"https:\\\/\\\/aktuelles.uni-frankfurt.de\\\/#website\",\"url\":\"https:\\\/\\\/aktuelles.uni-frankfurt.de\\\/\",\"name\":\"Aktuelles aus der Goethe-Universit\u00e4t Frankfurt\",\"description\":\"Aktuelles aus der Goethe-Universit\u00e4t | Neues aus Forschung, Lehre, Studium\",\"publisher\":{\"@id\":\"https:\\\/\\\/aktuelles.uni-frankfurt.de\\\/#organization\"},\"potentialAction\":[{\"@type\":\"SearchAction\",\"target\":{\"@type\":\"EntryPoint\",\"urlTemplate\":\"https:\\\/\\\/aktuelles.uni-frankfurt.de\\\/?s={search_term_string}\"},\"query-input\":{\"@type\":\"PropertyValueSpecification\",\"valueRequired\":true,\"valueName\":\"search_term_string\"}}],\"inLanguage\":\"en-GB\"},{\"@type\":\"Organization\",\"@id\":\"https:\\\/\\\/aktuelles.uni-frankfurt.de\\\/#organization\",\"name\":\"Goethe-Universit\u00e4t\",\"url\":\"https:\\\/\\\/aktuelles.uni-frankfurt.de\\\/\",\"logo\":{\"@type\":\"ImageObject\",\"inLanguage\":\"en-GB\",\"@id\":\"https:\\\/\\\/aktuelles.uni-frankfurt.de\\\/#\\\/schema\\\/logo\\\/image\\\/\",\"url\":\"https:\\\/\\\/aktuelles.uni-frankfurt.de\\\/wp-content\\\/uploads\\\/2022\\\/03\\\/800px-Goethe-Logo.png\",\"contentUrl\":\"https:\\\/\\\/aktuelles.uni-frankfurt.de\\\/wp-content\\\/uploads\\\/2022\\\/03\\\/800px-Goethe-Logo.png\",\"width\":800,\"height\":436,\"caption\":\"Goethe-Universit\u00e4t\"},\"image\":{\"@id\":\"https:\\\/\\\/aktuelles.uni-frankfurt.de\\\/#\\\/schema\\\/logo\\\/image\\\/\"}}]}<\/script>\n<!-- \/ Yoast SEO plugin. -->","yoast_head_json":{"title":"Konferenz \u201eDemokratischer Zusammenhalt\u201c | Aktuelles aus der Goethe-Universit\u00e4t Frankfurt","robots":{"index":"index","follow":"follow","max-snippet":"max-snippet:-1","max-image-preview":"max-image-preview:large","max-video-preview":"max-video-preview:-1"},"canonical":"https:\/\/aktuelles.uni-frankfurt.de\/en\/event\/konferenz-demokratischer-zusammenhalt\/2025-02-11\/","og_locale":"en_GB","og_type":"article","og_title":"Konferenz \u201eDemokratischer Zusammenhalt\u201c | Aktuelles aus der Goethe-Universit\u00e4t Frankfurt","og_description":"Die viel zitierte \u201eKrise der Demokratie\u201c wird h\u00e4ufig mit der Feststellung verkn\u00fcpft, der gesellschaftliche Zusammenhalt sei gef\u00e4hrdet und m\u00fcsse gest\u00e4rkt werden. Die Antworten auf die Frage aber, welche Form des [&hellip;]","og_url":"https:\/\/aktuelles.uni-frankfurt.de\/en\/event\/konferenz-demokratischer-zusammenhalt\/2025-02-11\/","og_site_name":"Aktuelles aus der Goethe-Universit\u00e4t Frankfurt","article_modified_time":"2025-02-04T09:26:09+00:00","twitter_card":"summary_large_image","twitter_misc":{"Estimated reading time":"2 minutes"},"schema":{"@context":"https:\/\/schema.org","@graph":[{"@type":"WebPage","@id":"https:\/\/aktuelles.uni-frankfurt.de\/en\/event\/konferenz-demokratischer-zusammenhalt\/2025-02-11\/","url":"https:\/\/aktuelles.uni-frankfurt.de\/en\/event\/konferenz-demokratischer-zusammenhalt\/2025-02-11\/","name":"Konferenz \u201eDemokratischer Zusammenhalt\u201c | Aktuelles aus der Goethe-Universit\u00e4t Frankfurt","isPartOf":{"@id":"https:\/\/aktuelles.uni-frankfurt.de\/#website"},"datePublished":"2025-02-04T09:12:33+00:00","dateModified":"2025-02-04T09:26:09+00:00","breadcrumb":{"@id":"https:\/\/aktuelles.uni-frankfurt.de\/en\/event\/konferenz-demokratischer-zusammenhalt\/2025-02-11\/#breadcrumb"},"inLanguage":"en-GB","potentialAction":[{"@type":"ReadAction","target":["https:\/\/aktuelles.uni-frankfurt.de\/en\/event\/konferenz-demokratischer-zusammenhalt\/2025-02-11\/"]}]},{"@type":"BreadcrumbList","@id":"https:\/\/aktuelles.uni-frankfurt.de\/en\/event\/konferenz-demokratischer-zusammenhalt\/2025-02-11\/#breadcrumb","itemListElement":[{"@type":"ListItem","position":1,"name":"Startseite","item":"https:\/\/aktuelles.uni-frankfurt.de\/"},{"@type":"ListItem","position":2,"name":"Veranstaltungen","item":"https:\/\/aktuelles.uni-frankfurt.de\/_events\/"},{"@type":"ListItem","position":3,"name":"Konferenz \u201eDemokratischer Zusammenhalt\u201c"}]},{"@type":"WebSite","@id":"https:\/\/aktuelles.uni-frankfurt.de\/#website","url":"https:\/\/aktuelles.uni-frankfurt.de\/","name":"Aktuelles aus der Goethe-Universit\u00e4t Frankfurt","description":"Aktuelles aus der Goethe-Universit\u00e4t | Neues aus Forschung, Lehre, Studium","publisher":{"@id":"https:\/\/aktuelles.uni-frankfurt.de\/#organization"},"potentialAction":[{"@type":"SearchAction","target":{"@type":"EntryPoint","urlTemplate":"https:\/\/aktuelles.uni-frankfurt.de\/?s={search_term_string}"},"query-input":{"@type":"PropertyValueSpecification","valueRequired":true,"valueName":"search_term_string"}}],"inLanguage":"en-GB"},{"@type":"Organization","@id":"https:\/\/aktuelles.uni-frankfurt.de\/#organization","name":"Goethe University Frankfurt","url":"https:\/\/aktuelles.uni-frankfurt.de\/","logo":{"@type":"ImageObject","inLanguage":"en-GB","@id":"https:\/\/aktuelles.uni-frankfurt.de\/#\/schema\/logo\/image\/","url":"https:\/\/aktuelles.uni-frankfurt.de\/wp-content\/uploads\/2022\/03\/800px-Goethe-Logo.png","contentUrl":"https:\/\/aktuelles.uni-frankfurt.de\/wp-content\/uploads\/2022\/03\/800px-Goethe-Logo.png","width":800,"height":436,"caption":"Goethe-Universit\u00e4t"},"image":{"@id":"https:\/\/aktuelles.uni-frankfurt.de\/#\/schema\/logo\/image\/"}}]}},"ticketed":false,"_links":{"self":[{"href":"https:\/\/aktuelles.uni-frankfurt.de\/en\/wp-json\/wp\/v2\/tribe_events\/10007725","targetHints":{"allow":["GET"]}}],"collection":[{"href":"https:\/\/aktuelles.uni-frankfurt.de\/en\/wp-json\/wp\/v2\/tribe_events"}],"about":[{"href":"https:\/\/aktuelles.uni-frankfurt.de\/en\/wp-json\/wp\/v2\/types\/tribe_events"}],"author":[{"embeddable":true,"href":"https:\/\/aktuelles.uni-frankfurt.de\/en\/wp-json\/wp\/v2\/users\/37"}],"version-history":[{"count":0,"href":"https:\/\/aktuelles.uni-frankfurt.de\/en\/wp-json\/wp\/v2\/tribe_events\/10007725\/revisions"}],"wp:attachment":[{"href":"https:\/\/aktuelles.uni-frankfurt.de\/en\/wp-json\/wp\/v2\/media?parent=10007725"}],"wp:term":[{"taxonomy":"post_tag","embeddable":true,"href":"https:\/\/aktuelles.uni-frankfurt.de\/en\/wp-json\/wp\/v2\/tags?post=10007725"},{"taxonomy":"tribe_events_cat","embeddable":true,"href":"https:\/\/aktuelles.uni-frankfurt.de\/en\/wp-json\/wp\/v2\/tribe_events_cat?post=10007725"}],"curies":[{"name":"wp","href":"https:\/\/api.w.org\/{rel}","templated":true}]}}