{"id":10012990,"date":"2025-06-17T12:01:18","date_gmt":"2025-06-17T10:01:18","guid":{"rendered":"https:\/\/aktuelles.uni-frankfurt.de\/?post_type=tribe_events&#038;p=84445"},"modified":"2025-06-17T12:01:18","modified_gmt":"2025-06-17T10:01:18","slug":"digitaltag-frankfurt-2025-hessens-erster-quantencomputer-an-der-goethe-uni","status":"publish","type":"tribe_events","link":"https:\/\/aktuelles.uni-frankfurt.de\/en\/event\/digitaltag-frankfurt-2025-hessens-erster-quantencomputer-an-der-goethe-uni\/2025-06-27\/3\/","title":{"rendered":"Digitaltag Frankfurt 2025 | Hessens erster Quantencomputer an der Goethe-Uni"},"content":{"rendered":"<p><strong>Am Campus Bockenheim verbinden sich Vergangenheit, Gegenwart und Zukunft von Forschung in Frankfurt.<\/strong><\/p>\n<p>Der Arbeitsgruppe Modulares Supercomputing und Quantencomputing (MSQC) der Goethe Universit\u00e4t l\u00e4dt zu einem wissenschaftlichen und historischen Quanten-Spaziergang ein. Dabei besuchen wir zun\u00e4chst den Durchf\u00fchrungsort eines der grundlegenden Experimente der Quantenmechanik, welches 1922 von Otto Stern und Walther Gerlach am Physikalischen Verein Frankfurt (heute Standort der Senckenberg Gesellschaft) durchgef\u00fchrt wurde. Das Stern-Gerlach-Experiment ist Grundlage f\u00fcr Forschung an Quantencomputern und deren Einsatz heute. Nur wenige Schritte entfernt davon laden wir anschlie\u00dfend alle interessierten B\u00fcrger*innen ein, unsere Einrichtung der Universit\u00e4t Frankfurt im historischen Geb\u00e4ude im Kettenhofweg 139 n\u00e4her kennenzulernen. Dabei gibt es die Gelegenheit, Standort des ersten Quantencomputers der Goethe-Universit\u00e4t aus n\u00e4chster N\u00e4he zu erkunden. Mit dem Quantencomputer reiht sich die Universit\u00e4t in die Spitzengruppe der deutschen Universit\u00e4ten im Bereich des angewandten Quantencomputing ein. Das Event bietet eine einmalige Gelegenheit die Arbeitsweise von und mit Quantencomputern zu erkunden und kennenzulernen. Einem kurzen allgemeinen Vortrag zum Thema Quantencomputing ist geplant. Selbstverst\u00e4ndlich besteht die M\u00f6glichkeit sich w\u00e4hrend der Veranstaltung direkt mit Forschenden des Instituts auszutauschen, um N\u00e4heres \u00fcber die Arbeit am Standort Campus Bockenheim, insbesondere der Gruppe MSQC im Kettenhofweg 139, zu erfahren.<\/p>\n<p><strong>Adresse:<\/strong><br \/>\nKettenhofweg 139<br \/>\n60325 Frankfurt<\/p>\n<p><strong>Wann:<\/strong><br \/>\n11:00 Uhr \u2013 12:00 Uhr<br \/>\n15:30 Uhr \u2013 16:30 Uhr<br \/>\n17:00 Uhr \u2013 18:00 Uhr<\/p>\n<p><strong>Max Personenzahl:<\/strong><br \/>\n25 pro Slot<\/p>\n<p><a href=\"https:\/\/digital-tag-frankfurt.dgsapp.com\/registrations\/28e35683-9874-4849-9a3f-aa318f2ba727\/landing-page\">Hier kostenlos anmelden!<\/a><\/p>","protected":false},"excerpt":{"rendered":"<p>Am Campus Bockenheim verbinden sich Vergangenheit, Gegenwart und Zukunft von Forschung in Frankfurt. Der Arbeitsgruppe Modulares Supercomputing und Quantencomputing (MSQC) der Goethe Universit\u00e4t l\u00e4dt zu einem wissenschaftlichen und historischen Quanten-Spaziergang [&hellip;]<\/p>\n","protected":false},"author":30,"featured_media":84358,"template":"","meta":{"_eb_attr":"","_price":"","_stock":"","_tribe_ticket_header":"","_tribe_default_ticket_provider":"","_ticket_start_date":"","_ticket_end_date":"","_tribe_ticket_show_description":"","_tribe_ticket_show_not_going":false,"_tribe_ticket_use_global_stock":"","_tribe_ticket_global_stock_level":"","_global_stock_mode":"","_global_stock_cap":"","_tribe_rsvp_for_event":"","_tribe_ticket_going_count":"","_tribe_ticket_not_going_count":"","_tribe_tickets_list":"[]","_tribe_ticket_has_attendee_info_fields":false,"_tribe_events_status":"","_tribe_events_status_reason":"","_tribe_events_is_hybrid":"","_tribe_events_is_virtual":"","_tribe_events_virtual_video_source":"","_tribe_events_virtual_embed_video":"","_tribe_events_virtual_linked_button_text":"","_tribe_events_virtual_linked_button":"","_tribe_events_virtual_show_embed_at":"","_tribe_events_virtual_show_embed_to":[],"_tribe_events_virtual_show_on_event":"","_tribe_events_virtual_show_on_views":"","_tribe_events_virtual_url":"","footnotes":"","_tec_slr_enabled":"","_tec_slr_layout":""},"tags":[],"tribe_events_cat":[120,114],"class_list":["post-10012990","tribe_events","type-tribe_events","status-publish","has-post-thumbnail","hentry","tribe_events_cat-fuehrungen","tribe_events_cat-vortraege","cat_fuehrungen","cat_vortraege","tribe-recurring-event","tribe-recurring-event-parent"],"yoast_head":"<!-- This site is optimized with the Yoast SEO plugin v27.5 - https:\/\/yoast.com\/product\/yoast-seo-wordpress\/ -->\n<title>Digitaltag Frankfurt 2025 | Hessens erster Quantencomputer an der Goethe-Uni | Aktuelles aus der Goethe-Universit\u00e4t Frankfurt<\/title>\n<meta name=\"robots\" content=\"index, follow, max-snippet:-1, max-image-preview:large, max-video-preview:-1\" \/>\n<link rel=\"canonical\" href=\"https:\/\/aktuelles.uni-frankfurt.de\/en\/event\/digitaltag-frankfurt-2025-hessens-erster-quantencomputer-an-der-goethe-uni\/2025-06-27\/3\/\" \/>\n<meta property=\"og:locale\" content=\"en_GB\" \/>\n<meta property=\"og:type\" content=\"article\" \/>\n<meta property=\"og:title\" content=\"Digitaltag Frankfurt 2025 | Hessens erster Quantencomputer an der Goethe-Uni | Aktuelles aus der Goethe-Universit\u00e4t Frankfurt\" \/>\n<meta property=\"og:description\" content=\"Am Campus Bockenheim verbinden sich Vergangenheit, Gegenwart und Zukunft von Forschung in Frankfurt. Der Arbeitsgruppe Modulares Supercomputing und Quantencomputing (MSQC) der Goethe Universit\u00e4t l\u00e4dt zu einem wissenschaftlichen und historischen Quanten-Spaziergang [&hellip;]\" \/>\n<meta property=\"og:url\" content=\"https:\/\/aktuelles.uni-frankfurt.de\/en\/event\/digitaltag-frankfurt-2025-hessens-erster-quantencomputer-an-der-goethe-uni\/2025-06-27\/3\/\" \/>\n<meta property=\"og:site_name\" content=\"Aktuelles aus der Goethe-Universit\u00e4t Frankfurt\" \/>\n<meta property=\"og:image\" content=\"https:\/\/aktuelles.uni-frankfurt.de\/wp-content\/uploads\/2025\/06\/event_institut-fuer-informatik-vernissage.jpg\" \/>\n\t<meta property=\"og:image:width\" content=\"650\" \/>\n\t<meta property=\"og:image:height\" content=\"450\" \/>\n\t<meta property=\"og:image:type\" content=\"image\/jpeg\" \/>\n<meta name=\"twitter:card\" content=\"summary_large_image\" \/>\n<meta name=\"twitter:label1\" content=\"Estimated reading time\" \/>\n\t<meta name=\"twitter:data1\" content=\"1 minute\" \/>\n<script type=\"application\/ld+json\" class=\"yoast-schema-graph\">{\"@context\":\"https:\\\/\\\/schema.org\",\"@graph\":[{\"@type\":\"WebPage\",\"@id\":\"https:\\\/\\\/aktuelles.uni-frankfurt.de\\\/en\\\/event\\\/digitaltag-frankfurt-2025-hessens-erster-quantencomputer-an-der-goethe-uni\\\/2025-06-27\\\/3\\\/\",\"url\":\"https:\\\/\\\/aktuelles.uni-frankfurt.de\\\/en\\\/event\\\/digitaltag-frankfurt-2025-hessens-erster-quantencomputer-an-der-goethe-uni\\\/2025-06-27\\\/3\\\/\",\"name\":\"Digitaltag Frankfurt 2025 | Hessens erster Quantencomputer an der Goethe-Uni | Aktuelles aus der Goethe-Universit\u00e4t Frankfurt\",\"isPartOf\":{\"@id\":\"https:\\\/\\\/aktuelles.uni-frankfurt.de\\\/#website\"},\"primaryImageOfPage\":{\"@id\":\"https:\\\/\\\/aktuelles.uni-frankfurt.de\\\/en\\\/event\\\/digitaltag-frankfurt-2025-hessens-erster-quantencomputer-an-der-goethe-uni\\\/2025-06-27\\\/3\\\/#primaryimage\"},\"image\":{\"@id\":\"https:\\\/\\\/aktuelles.uni-frankfurt.de\\\/en\\\/event\\\/digitaltag-frankfurt-2025-hessens-erster-quantencomputer-an-der-goethe-uni\\\/2025-06-27\\\/3\\\/#primaryimage\"},\"thumbnailUrl\":\"https:\\\/\\\/aktuelles.uni-frankfurt.de\\\/wp-content\\\/uploads\\\/2025\\\/06\\\/event_institut-fuer-informatik-vernissage.jpg\",\"datePublished\":\"2025-06-17T10:01:18+00:00\",\"breadcrumb\":{\"@id\":\"https:\\\/\\\/aktuelles.uni-frankfurt.de\\\/en\\\/event\\\/digitaltag-frankfurt-2025-hessens-erster-quantencomputer-an-der-goethe-uni\\\/2025-06-27\\\/3\\\/#breadcrumb\"},\"inLanguage\":\"en-GB\",\"potentialAction\":[{\"@type\":\"ReadAction\",\"target\":[\"https:\\\/\\\/aktuelles.uni-frankfurt.de\\\/en\\\/event\\\/digitaltag-frankfurt-2025-hessens-erster-quantencomputer-an-der-goethe-uni\\\/2025-06-27\\\/3\\\/\"]}]},{\"@type\":\"ImageObject\",\"inLanguage\":\"en-GB\",\"@id\":\"https:\\\/\\\/aktuelles.uni-frankfurt.de\\\/en\\\/event\\\/digitaltag-frankfurt-2025-hessens-erster-quantencomputer-an-der-goethe-uni\\\/2025-06-27\\\/3\\\/#primaryimage\",\"url\":\"https:\\\/\\\/aktuelles.uni-frankfurt.de\\\/wp-content\\\/uploads\\\/2025\\\/06\\\/event_institut-fuer-informatik-vernissage.jpg\",\"contentUrl\":\"https:\\\/\\\/aktuelles.uni-frankfurt.de\\\/wp-content\\\/uploads\\\/2025\\\/06\\\/event_institut-fuer-informatik-vernissage.jpg\",\"width\":650,\"height\":450},{\"@type\":\"BreadcrumbList\",\"@id\":\"https:\\\/\\\/aktuelles.uni-frankfurt.de\\\/en\\\/event\\\/digitaltag-frankfurt-2025-hessens-erster-quantencomputer-an-der-goethe-uni\\\/2025-06-27\\\/3\\\/#breadcrumb\",\"itemListElement\":[{\"@type\":\"ListItem\",\"position\":1,\"name\":\"Startseite\",\"item\":\"https:\\\/\\\/aktuelles.uni-frankfurt.de\\\/\"},{\"@type\":\"ListItem\",\"position\":2,\"name\":\"Veranstaltungen\",\"item\":\"https:\\\/\\\/aktuelles.uni-frankfurt.de\\\/_events\\\/\"},{\"@type\":\"ListItem\",\"position\":3,\"name\":\"Digitaltag Frankfurt 2025 | Hessens erster Quantencomputer an der Goethe-Uni\"}]},{\"@type\":\"WebSite\",\"@id\":\"https:\\\/\\\/aktuelles.uni-frankfurt.de\\\/#website\",\"url\":\"https:\\\/\\\/aktuelles.uni-frankfurt.de\\\/\",\"name\":\"Aktuelles aus der Goethe-Universit\u00e4t Frankfurt\",\"description\":\"Aktuelles aus der Goethe-Universit\u00e4t | Neues aus Forschung, Lehre, Studium\",\"publisher\":{\"@id\":\"https:\\\/\\\/aktuelles.uni-frankfurt.de\\\/#organization\"},\"potentialAction\":[{\"@type\":\"SearchAction\",\"target\":{\"@type\":\"EntryPoint\",\"urlTemplate\":\"https:\\\/\\\/aktuelles.uni-frankfurt.de\\\/?s={search_term_string}\"},\"query-input\":{\"@type\":\"PropertyValueSpecification\",\"valueRequired\":true,\"valueName\":\"search_term_string\"}}],\"inLanguage\":\"en-GB\"},{\"@type\":\"Organization\",\"@id\":\"https:\\\/\\\/aktuelles.uni-frankfurt.de\\\/#organization\",\"name\":\"Goethe-Universit\u00e4t\",\"url\":\"https:\\\/\\\/aktuelles.uni-frankfurt.de\\\/\",\"logo\":{\"@type\":\"ImageObject\",\"inLanguage\":\"en-GB\",\"@id\":\"https:\\\/\\\/aktuelles.uni-frankfurt.de\\\/#\\\/schema\\\/logo\\\/image\\\/\",\"url\":\"https:\\\/\\\/aktuelles.uni-frankfurt.de\\\/wp-content\\\/uploads\\\/2022\\\/03\\\/800px-Goethe-Logo.png\",\"contentUrl\":\"https:\\\/\\\/aktuelles.uni-frankfurt.de\\\/wp-content\\\/uploads\\\/2022\\\/03\\\/800px-Goethe-Logo.png\",\"width\":800,\"height\":436,\"caption\":\"Goethe-Universit\u00e4t\"},\"image\":{\"@id\":\"https:\\\/\\\/aktuelles.uni-frankfurt.de\\\/#\\\/schema\\\/logo\\\/image\\\/\"}}]}<\/script>\n<!-- \/ Yoast SEO plugin. -->","yoast_head_json":{"title":"Digitaltag Frankfurt 2025 | Hessens erster Quantencomputer an der Goethe-Uni | Aktuelles aus der Goethe-Universit\u00e4t Frankfurt","robots":{"index":"index","follow":"follow","max-snippet":"max-snippet:-1","max-image-preview":"max-image-preview:large","max-video-preview":"max-video-preview:-1"},"canonical":"https:\/\/aktuelles.uni-frankfurt.de\/en\/event\/digitaltag-frankfurt-2025-hessens-erster-quantencomputer-an-der-goethe-uni\/2025-06-27\/3\/","og_locale":"en_GB","og_type":"article","og_title":"Digitaltag Frankfurt 2025 | Hessens erster Quantencomputer an der Goethe-Uni | Aktuelles aus der Goethe-Universit\u00e4t Frankfurt","og_description":"Am Campus Bockenheim verbinden sich Vergangenheit, Gegenwart und Zukunft von Forschung in Frankfurt. Der Arbeitsgruppe Modulares Supercomputing und Quantencomputing (MSQC) der Goethe Universit\u00e4t l\u00e4dt zu einem wissenschaftlichen und historischen Quanten-Spaziergang [&hellip;]","og_url":"https:\/\/aktuelles.uni-frankfurt.de\/en\/event\/digitaltag-frankfurt-2025-hessens-erster-quantencomputer-an-der-goethe-uni\/2025-06-27\/3\/","og_site_name":"Aktuelles aus der Goethe-Universit\u00e4t Frankfurt","og_image":[{"width":650,"height":450,"url":"https:\/\/aktuelles.uni-frankfurt.de\/wp-content\/uploads\/2025\/06\/event_institut-fuer-informatik-vernissage.jpg","type":"image\/jpeg"}],"twitter_card":"summary_large_image","twitter_misc":{"Estimated reading time":"1 minute"},"schema":{"@context":"https:\/\/schema.org","@graph":[{"@type":"WebPage","@id":"https:\/\/aktuelles.uni-frankfurt.de\/en\/event\/digitaltag-frankfurt-2025-hessens-erster-quantencomputer-an-der-goethe-uni\/2025-06-27\/3\/","url":"https:\/\/aktuelles.uni-frankfurt.de\/en\/event\/digitaltag-frankfurt-2025-hessens-erster-quantencomputer-an-der-goethe-uni\/2025-06-27\/3\/","name":"Digitaltag Frankfurt 2025 | Hessens erster Quantencomputer an der Goethe-Uni | Aktuelles aus der Goethe-Universit\u00e4t Frankfurt","isPartOf":{"@id":"https:\/\/aktuelles.uni-frankfurt.de\/#website"},"primaryImageOfPage":{"@id":"https:\/\/aktuelles.uni-frankfurt.de\/en\/event\/digitaltag-frankfurt-2025-hessens-erster-quantencomputer-an-der-goethe-uni\/2025-06-27\/3\/#primaryimage"},"image":{"@id":"https:\/\/aktuelles.uni-frankfurt.de\/en\/event\/digitaltag-frankfurt-2025-hessens-erster-quantencomputer-an-der-goethe-uni\/2025-06-27\/3\/#primaryimage"},"thumbnailUrl":"https:\/\/aktuelles.uni-frankfurt.de\/wp-content\/uploads\/2025\/06\/event_institut-fuer-informatik-vernissage.jpg","datePublished":"2025-06-17T10:01:18+00:00","breadcrumb":{"@id":"https:\/\/aktuelles.uni-frankfurt.de\/en\/event\/digitaltag-frankfurt-2025-hessens-erster-quantencomputer-an-der-goethe-uni\/2025-06-27\/3\/#breadcrumb"},"inLanguage":"en-GB","potentialAction":[{"@type":"ReadAction","target":["https:\/\/aktuelles.uni-frankfurt.de\/en\/event\/digitaltag-frankfurt-2025-hessens-erster-quantencomputer-an-der-goethe-uni\/2025-06-27\/3\/"]}]},{"@type":"ImageObject","inLanguage":"en-GB","@id":"https:\/\/aktuelles.uni-frankfurt.de\/en\/event\/digitaltag-frankfurt-2025-hessens-erster-quantencomputer-an-der-goethe-uni\/2025-06-27\/3\/#primaryimage","url":"https:\/\/aktuelles.uni-frankfurt.de\/wp-content\/uploads\/2025\/06\/event_institut-fuer-informatik-vernissage.jpg","contentUrl":"https:\/\/aktuelles.uni-frankfurt.de\/wp-content\/uploads\/2025\/06\/event_institut-fuer-informatik-vernissage.jpg","width":650,"height":450},{"@type":"BreadcrumbList","@id":"https:\/\/aktuelles.uni-frankfurt.de\/en\/event\/digitaltag-frankfurt-2025-hessens-erster-quantencomputer-an-der-goethe-uni\/2025-06-27\/3\/#breadcrumb","itemListElement":[{"@type":"ListItem","position":1,"name":"Startseite","item":"https:\/\/aktuelles.uni-frankfurt.de\/"},{"@type":"ListItem","position":2,"name":"Veranstaltungen","item":"https:\/\/aktuelles.uni-frankfurt.de\/_events\/"},{"@type":"ListItem","position":3,"name":"Digitaltag Frankfurt 2025 | Hessens erster Quantencomputer an der Goethe-Uni"}]},{"@type":"WebSite","@id":"https:\/\/aktuelles.uni-frankfurt.de\/#website","url":"https:\/\/aktuelles.uni-frankfurt.de\/","name":"Aktuelles aus der Goethe-Universit\u00e4t Frankfurt","description":"Aktuelles aus der Goethe-Universit\u00e4t | Neues aus Forschung, Lehre, Studium","publisher":{"@id":"https:\/\/aktuelles.uni-frankfurt.de\/#organization"},"potentialAction":[{"@type":"SearchAction","target":{"@type":"EntryPoint","urlTemplate":"https:\/\/aktuelles.uni-frankfurt.de\/?s={search_term_string}"},"query-input":{"@type":"PropertyValueSpecification","valueRequired":true,"valueName":"search_term_string"}}],"inLanguage":"en-GB"},{"@type":"Organization","@id":"https:\/\/aktuelles.uni-frankfurt.de\/#organization","name":"Goethe University Frankfurt","url":"https:\/\/aktuelles.uni-frankfurt.de\/","logo":{"@type":"ImageObject","inLanguage":"en-GB","@id":"https:\/\/aktuelles.uni-frankfurt.de\/#\/schema\/logo\/image\/","url":"https:\/\/aktuelles.uni-frankfurt.de\/wp-content\/uploads\/2022\/03\/800px-Goethe-Logo.png","contentUrl":"https:\/\/aktuelles.uni-frankfurt.de\/wp-content\/uploads\/2022\/03\/800px-Goethe-Logo.png","width":800,"height":436,"caption":"Goethe-Universit\u00e4t"},"image":{"@id":"https:\/\/aktuelles.uni-frankfurt.de\/#\/schema\/logo\/image\/"}}]}},"ticketed":false,"_links":{"self":[{"href":"https:\/\/aktuelles.uni-frankfurt.de\/en\/wp-json\/wp\/v2\/tribe_events\/10012990","targetHints":{"allow":["GET"]}}],"collection":[{"href":"https:\/\/aktuelles.uni-frankfurt.de\/en\/wp-json\/wp\/v2\/tribe_events"}],"about":[{"href":"https:\/\/aktuelles.uni-frankfurt.de\/en\/wp-json\/wp\/v2\/types\/tribe_events"}],"author":[{"embeddable":true,"href":"https:\/\/aktuelles.uni-frankfurt.de\/en\/wp-json\/wp\/v2\/users\/30"}],"version-history":[{"count":0,"href":"https:\/\/aktuelles.uni-frankfurt.de\/en\/wp-json\/wp\/v2\/tribe_events\/10012990\/revisions"}],"wp:featuredmedia":[{"embeddable":true,"href":"https:\/\/aktuelles.uni-frankfurt.de\/en\/wp-json\/wp\/v2\/media\/84358"}],"wp:attachment":[{"href":"https:\/\/aktuelles.uni-frankfurt.de\/en\/wp-json\/wp\/v2\/media?parent=10012990"}],"wp:term":[{"taxonomy":"post_tag","embeddable":true,"href":"https:\/\/aktuelles.uni-frankfurt.de\/en\/wp-json\/wp\/v2\/tags?post=10012990"},{"taxonomy":"tribe_events_cat","embeddable":true,"href":"https:\/\/aktuelles.uni-frankfurt.de\/en\/wp-json\/wp\/v2\/tribe_events_cat?post=10012990"}],"curies":[{"name":"wp","href":"https:\/\/api.w.org\/{rel}","templated":true}]}}