{"id":10013021,"date":"2025-08-07T15:08:13","date_gmt":"2025-08-07T13:08:13","guid":{"rendered":"https:\/\/aktuelles.uni-frankfurt.de\/?post_type=tribe_events&#038;p=85251"},"modified":"2025-09-01T17:57:25","modified_gmt":"2025-09-01T15:57:25","slug":"ganztagsschulkongress-der-rechtsanspruch-als-chance-vielfalt-und-individualitaet-in-der-ganztagsschule","status":"publish","type":"tribe_events","link":"https:\/\/aktuelles.uni-frankfurt.de\/en\/event\/ganztagsschulkongress-der-rechtsanspruch-als-chance-vielfalt-und-individualitaet-in-der-ganztagsschule\/2025-09-24\/","title":{"rendered":"Ganztagsschulkongress | \u201eDer Rechtsanspruch als Chance \u2013 Vielfalt und Individualit\u00e4t (in) der Ganztagsschule\u201c"},"content":{"rendered":"<p>Der Bundeskongress des Ganztagsschulverbandes findet 2025 in Kooperation mit der Arbeitsstelle f\u00fcr Diversit\u00e4t und Unterrichtsentwicklung \u2013 Didaktische Werkstatt und dem Fachbereich Erziehungswissenschaften der Goethe-Universit\u00e4t Frankfurt in der Goethe-Universit\u00e4t in Frankfurt statt. Mit dem Titel \u201eDer Rechtsanspruch als Chance \u2013 Vielfalt und Individualit\u00e4t (in) der Ganztagsschule\u201c wird die wohl dr\u00e4ngendsten gegenw\u00e4rtigen Herausforderungen bundesweit aufgegriffen. Es werden zu diesem Thema eine Vielzahl fundierter Beitr\u00e4ge und Workshops angeboten. Als Schirmherrn wurde Armin Schwarz als Minister f\u00fcr Kultus, Bildung und Chancen f\u00fcr den Kongress gewonnen.<\/p>\n<p>Alle\u00a0Informationen\u00a0findet Sie unter\u00a0<a href=\"https:\/\/www.ganztagsschulkongress2025.de\/\" target=\"_blank\" rel=\"noopener noreferrer\">www.ganztagsschulkongress2025.de .<\/a><\/p>\n<p><strong>Programm: <\/strong><a href=\"https:\/\/ganztagsschulverband.de\/images\/kongresse\/Programm-Ganztagsschulkongress-2025.pdf\" target=\"_blank\" rel=\"noopener\">https:\/\/ganztagsschulverband.de\/images\/kongresse\/Programm-Ganztagsschulkongress-2025.pdf.<\/a><\/p>\n<p>Hier geht es zur <strong>Anmeldung<\/strong>: <a href=\"https:\/\/www.ganztagsschulkongress2025.de\/anmeldung\" target=\"_blank\" rel=\"noopener\">https:\/\/www.ganztagsschulkongress2025.de\/anmeldung<\/a> (noch bis 10.09. m\u00f6glich).<\/p>\n<p>Wir freuen uns auf die rege Teilnahme!<\/p>","protected":false},"excerpt":{"rendered":"<p>Der Bundeskongress des Ganztagsschulverbandes findet 2025 in Kooperation mit der Arbeitsstelle f\u00fcr Diversit\u00e4t und Unterrichtsentwicklung \u2013 Didaktische Werkstatt und dem Fachbereich Erziehungswissenschaften der Goethe-Universit\u00e4t Frankfurt in der Goethe-Universit\u00e4t in Frankfurt [&hellip;]<\/p>\n","protected":false},"author":30,"featured_media":85252,"template":"","meta":{"_eb_attr":"","_price":"","_stock":"","_tribe_ticket_header":"","_tribe_default_ticket_provider":"","_ticket_start_date":"","_ticket_end_date":"","_tribe_ticket_show_description":"","_tribe_ticket_show_not_going":false,"_tribe_ticket_use_global_stock":"","_tribe_ticket_global_stock_level":"","_global_stock_mode":"","_global_stock_cap":"","_tribe_rsvp_for_event":"","_tribe_ticket_going_count":"","_tribe_ticket_not_going_count":"","_tribe_tickets_list":"[]","_tribe_ticket_has_attendee_info_fields":false,"_tribe_events_status":"","_tribe_events_status_reason":"","_tribe_events_is_hybrid":"","_tribe_events_is_virtual":"","_tribe_events_virtual_video_source":"","_tribe_events_virtual_embed_video":"","_tribe_events_virtual_linked_button_text":"","_tribe_events_virtual_linked_button":"","_tribe_events_virtual_show_embed_at":"","_tribe_events_virtual_show_embed_to":[],"_tribe_events_virtual_show_on_event":"","_tribe_events_virtual_show_on_views":"","_tribe_events_virtual_url":"","footnotes":"","_tec_slr_enabled":"","_tec_slr_layout":""},"tags":[],"tribe_events_cat":[136,114,125],"class_list":["post-10013021","tribe_events","type-tribe_events","status-publish","has-post-thumbnail","hentry","tribe_events_cat-konferenzen","tribe_events_cat-vortraege","tribe_events_cat-workshops","cat_konferenzen","cat_vortraege","cat_workshops","tribe-recurring-event","tribe-recurring-event-parent"],"yoast_head":"<!-- This site is optimized with the Yoast SEO plugin v27.5 - https:\/\/yoast.com\/product\/yoast-seo-wordpress\/ -->\n<title>Ganztagsschulkongress | \u201eDer Rechtsanspruch als Chance \u2013 Vielfalt und Individualit\u00e4t (in) der Ganztagsschule\u201c | Aktuelles aus der Goethe-Universit\u00e4t Frankfurt<\/title>\n<meta name=\"robots\" content=\"index, follow, max-snippet:-1, max-image-preview:large, max-video-preview:-1\" \/>\n<link rel=\"canonical\" href=\"https:\/\/aktuelles.uni-frankfurt.de\/en\/event\/ganztagsschulkongress-der-rechtsanspruch-als-chance-vielfalt-und-individualitaet-in-der-ganztagsschule\/2025-09-24\/\" \/>\n<meta property=\"og:locale\" content=\"en_GB\" \/>\n<meta property=\"og:type\" content=\"article\" \/>\n<meta property=\"og:title\" content=\"Ganztagsschulkongress | \u201eDer Rechtsanspruch als Chance \u2013 Vielfalt und Individualit\u00e4t (in) der Ganztagsschule\u201c | Aktuelles aus der Goethe-Universit\u00e4t Frankfurt\" \/>\n<meta property=\"og:description\" content=\"Der Bundeskongress des Ganztagsschulverbandes findet 2025 in Kooperation mit der Arbeitsstelle f\u00fcr Diversit\u00e4t und Unterrichtsentwicklung \u2013 Didaktische Werkstatt und dem Fachbereich Erziehungswissenschaften der Goethe-Universit\u00e4t Frankfurt in der Goethe-Universit\u00e4t in Frankfurt [&hellip;]\" \/>\n<meta property=\"og:url\" content=\"https:\/\/aktuelles.uni-frankfurt.de\/en\/event\/ganztagsschulkongress-der-rechtsanspruch-als-chance-vielfalt-und-individualitaet-in-der-ganztagsschule\/2025-09-24\/\" \/>\n<meta property=\"og:site_name\" content=\"Aktuelles aus der Goethe-Universit\u00e4t Frankfurt\" \/>\n<meta property=\"article:modified_time\" content=\"2025-09-01T15:57:25+00:00\" \/>\n<meta property=\"og:image\" content=\"https:\/\/aktuelles.uni-frankfurt.de\/wp-content\/uploads\/2025\/08\/k2025-deckblatt-frankfurt-aa8631b1.webp\" \/>\n\t<meta property=\"og:image:width\" content=\"2000\" \/>\n\t<meta property=\"og:image:height\" content=\"1414\" \/>\n\t<meta property=\"og:image:type\" content=\"image\/webp\" \/>\n<meta name=\"twitter:card\" content=\"summary_large_image\" \/>\n<meta name=\"twitter:label1\" content=\"Estimated reading time\" \/>\n\t<meta name=\"twitter:data1\" content=\"1 minute\" \/>\n<script type=\"application\/ld+json\" class=\"yoast-schema-graph\">{\"@context\":\"https:\\\/\\\/schema.org\",\"@graph\":[{\"@type\":\"WebPage\",\"@id\":\"https:\\\/\\\/aktuelles.uni-frankfurt.de\\\/en\\\/event\\\/ganztagsschulkongress-der-rechtsanspruch-als-chance-vielfalt-und-individualitaet-in-der-ganztagsschule\\\/2025-09-24\\\/\",\"url\":\"https:\\\/\\\/aktuelles.uni-frankfurt.de\\\/en\\\/event\\\/ganztagsschulkongress-der-rechtsanspruch-als-chance-vielfalt-und-individualitaet-in-der-ganztagsschule\\\/2025-09-24\\\/\",\"name\":\"Ganztagsschulkongress | \u201eDer Rechtsanspruch als Chance \u2013 Vielfalt und Individualit\u00e4t (in) der Ganztagsschule\u201c | Aktuelles aus der Goethe-Universit\u00e4t Frankfurt\",\"isPartOf\":{\"@id\":\"https:\\\/\\\/aktuelles.uni-frankfurt.de\\\/#website\"},\"primaryImageOfPage\":{\"@id\":\"https:\\\/\\\/aktuelles.uni-frankfurt.de\\\/en\\\/event\\\/ganztagsschulkongress-der-rechtsanspruch-als-chance-vielfalt-und-individualitaet-in-der-ganztagsschule\\\/2025-09-24\\\/#primaryimage\"},\"image\":{\"@id\":\"https:\\\/\\\/aktuelles.uni-frankfurt.de\\\/en\\\/event\\\/ganztagsschulkongress-der-rechtsanspruch-als-chance-vielfalt-und-individualitaet-in-der-ganztagsschule\\\/2025-09-24\\\/#primaryimage\"},\"thumbnailUrl\":\"https:\\\/\\\/aktuelles.uni-frankfurt.de\\\/wp-content\\\/uploads\\\/2025\\\/08\\\/k2025-deckblatt-frankfurt-aa8631b1.webp\",\"datePublished\":\"2025-08-07T13:08:13+00:00\",\"dateModified\":\"2025-09-01T15:57:25+00:00\",\"breadcrumb\":{\"@id\":\"https:\\\/\\\/aktuelles.uni-frankfurt.de\\\/en\\\/event\\\/ganztagsschulkongress-der-rechtsanspruch-als-chance-vielfalt-und-individualitaet-in-der-ganztagsschule\\\/2025-09-24\\\/#breadcrumb\"},\"inLanguage\":\"en-GB\",\"potentialAction\":[{\"@type\":\"ReadAction\",\"target\":[\"https:\\\/\\\/aktuelles.uni-frankfurt.de\\\/en\\\/event\\\/ganztagsschulkongress-der-rechtsanspruch-als-chance-vielfalt-und-individualitaet-in-der-ganztagsschule\\\/2025-09-24\\\/\"]}]},{\"@type\":\"ImageObject\",\"inLanguage\":\"en-GB\",\"@id\":\"https:\\\/\\\/aktuelles.uni-frankfurt.de\\\/en\\\/event\\\/ganztagsschulkongress-der-rechtsanspruch-als-chance-vielfalt-und-individualitaet-in-der-ganztagsschule\\\/2025-09-24\\\/#primaryimage\",\"url\":\"https:\\\/\\\/aktuelles.uni-frankfurt.de\\\/wp-content\\\/uploads\\\/2025\\\/08\\\/k2025-deckblatt-frankfurt-aa8631b1.webp\",\"contentUrl\":\"https:\\\/\\\/aktuelles.uni-frankfurt.de\\\/wp-content\\\/uploads\\\/2025\\\/08\\\/k2025-deckblatt-frankfurt-aa8631b1.webp\",\"width\":2000,\"height\":1414,\"caption\":\"Ganztagsschulkongress 2025\"},{\"@type\":\"BreadcrumbList\",\"@id\":\"https:\\\/\\\/aktuelles.uni-frankfurt.de\\\/en\\\/event\\\/ganztagsschulkongress-der-rechtsanspruch-als-chance-vielfalt-und-individualitaet-in-der-ganztagsschule\\\/2025-09-24\\\/#breadcrumb\",\"itemListElement\":[{\"@type\":\"ListItem\",\"position\":1,\"name\":\"Startseite\",\"item\":\"https:\\\/\\\/aktuelles.uni-frankfurt.de\\\/\"},{\"@type\":\"ListItem\",\"position\":2,\"name\":\"Veranstaltungen\",\"item\":\"https:\\\/\\\/aktuelles.uni-frankfurt.de\\\/_events\\\/\"},{\"@type\":\"ListItem\",\"position\":3,\"name\":\"Ganztagsschulkongress | \u201eDer Rechtsanspruch als Chance \u2013 Vielfalt und Individualit\u00e4t (in) der Ganztagsschule\u201c\"}]},{\"@type\":\"WebSite\",\"@id\":\"https:\\\/\\\/aktuelles.uni-frankfurt.de\\\/#website\",\"url\":\"https:\\\/\\\/aktuelles.uni-frankfurt.de\\\/\",\"name\":\"Aktuelles aus der Goethe-Universit\u00e4t Frankfurt\",\"description\":\"Aktuelles aus der Goethe-Universit\u00e4t | Neues aus Forschung, Lehre, Studium\",\"publisher\":{\"@id\":\"https:\\\/\\\/aktuelles.uni-frankfurt.de\\\/#organization\"},\"potentialAction\":[{\"@type\":\"SearchAction\",\"target\":{\"@type\":\"EntryPoint\",\"urlTemplate\":\"https:\\\/\\\/aktuelles.uni-frankfurt.de\\\/?s={search_term_string}\"},\"query-input\":{\"@type\":\"PropertyValueSpecification\",\"valueRequired\":true,\"valueName\":\"search_term_string\"}}],\"inLanguage\":\"en-GB\"},{\"@type\":\"Organization\",\"@id\":\"https:\\\/\\\/aktuelles.uni-frankfurt.de\\\/#organization\",\"name\":\"Goethe-Universit\u00e4t\",\"url\":\"https:\\\/\\\/aktuelles.uni-frankfurt.de\\\/\",\"logo\":{\"@type\":\"ImageObject\",\"inLanguage\":\"en-GB\",\"@id\":\"https:\\\/\\\/aktuelles.uni-frankfurt.de\\\/#\\\/schema\\\/logo\\\/image\\\/\",\"url\":\"https:\\\/\\\/aktuelles.uni-frankfurt.de\\\/wp-content\\\/uploads\\\/2022\\\/03\\\/800px-Goethe-Logo.png\",\"contentUrl\":\"https:\\\/\\\/aktuelles.uni-frankfurt.de\\\/wp-content\\\/uploads\\\/2022\\\/03\\\/800px-Goethe-Logo.png\",\"width\":800,\"height\":436,\"caption\":\"Goethe-Universit\u00e4t\"},\"image\":{\"@id\":\"https:\\\/\\\/aktuelles.uni-frankfurt.de\\\/#\\\/schema\\\/logo\\\/image\\\/\"}}]}<\/script>\n<!-- \/ Yoast SEO plugin. -->","yoast_head_json":{"title":"Ganztagsschulkongress | \u201eDer Rechtsanspruch als Chance \u2013 Vielfalt und Individualit\u00e4t (in) der Ganztagsschule\u201c | Aktuelles aus der Goethe-Universit\u00e4t Frankfurt","robots":{"index":"index","follow":"follow","max-snippet":"max-snippet:-1","max-image-preview":"max-image-preview:large","max-video-preview":"max-video-preview:-1"},"canonical":"https:\/\/aktuelles.uni-frankfurt.de\/en\/event\/ganztagsschulkongress-der-rechtsanspruch-als-chance-vielfalt-und-individualitaet-in-der-ganztagsschule\/2025-09-24\/","og_locale":"en_GB","og_type":"article","og_title":"Ganztagsschulkongress | \u201eDer Rechtsanspruch als Chance \u2013 Vielfalt und Individualit\u00e4t (in) der Ganztagsschule\u201c | Aktuelles aus der Goethe-Universit\u00e4t Frankfurt","og_description":"Der Bundeskongress des Ganztagsschulverbandes findet 2025 in Kooperation mit der Arbeitsstelle f\u00fcr Diversit\u00e4t und Unterrichtsentwicklung \u2013 Didaktische Werkstatt und dem Fachbereich Erziehungswissenschaften der Goethe-Universit\u00e4t Frankfurt in der Goethe-Universit\u00e4t in Frankfurt [&hellip;]","og_url":"https:\/\/aktuelles.uni-frankfurt.de\/en\/event\/ganztagsschulkongress-der-rechtsanspruch-als-chance-vielfalt-und-individualitaet-in-der-ganztagsschule\/2025-09-24\/","og_site_name":"Aktuelles aus der Goethe-Universit\u00e4t Frankfurt","article_modified_time":"2025-09-01T15:57:25+00:00","og_image":[{"width":2000,"height":1414,"url":"https:\/\/aktuelles.uni-frankfurt.de\/wp-content\/uploads\/2025\/08\/k2025-deckblatt-frankfurt-aa8631b1.webp","type":"image\/webp"}],"twitter_card":"summary_large_image","twitter_misc":{"Estimated reading time":"1 minute"},"schema":{"@context":"https:\/\/schema.org","@graph":[{"@type":"WebPage","@id":"https:\/\/aktuelles.uni-frankfurt.de\/en\/event\/ganztagsschulkongress-der-rechtsanspruch-als-chance-vielfalt-und-individualitaet-in-der-ganztagsschule\/2025-09-24\/","url":"https:\/\/aktuelles.uni-frankfurt.de\/en\/event\/ganztagsschulkongress-der-rechtsanspruch-als-chance-vielfalt-und-individualitaet-in-der-ganztagsschule\/2025-09-24\/","name":"Ganztagsschulkongress | \u201eDer Rechtsanspruch als Chance \u2013 Vielfalt und Individualit\u00e4t (in) der Ganztagsschule\u201c | Aktuelles aus der Goethe-Universit\u00e4t Frankfurt","isPartOf":{"@id":"https:\/\/aktuelles.uni-frankfurt.de\/#website"},"primaryImageOfPage":{"@id":"https:\/\/aktuelles.uni-frankfurt.de\/en\/event\/ganztagsschulkongress-der-rechtsanspruch-als-chance-vielfalt-und-individualitaet-in-der-ganztagsschule\/2025-09-24\/#primaryimage"},"image":{"@id":"https:\/\/aktuelles.uni-frankfurt.de\/en\/event\/ganztagsschulkongress-der-rechtsanspruch-als-chance-vielfalt-und-individualitaet-in-der-ganztagsschule\/2025-09-24\/#primaryimage"},"thumbnailUrl":"https:\/\/aktuelles.uni-frankfurt.de\/wp-content\/uploads\/2025\/08\/k2025-deckblatt-frankfurt-aa8631b1.webp","datePublished":"2025-08-07T13:08:13+00:00","dateModified":"2025-09-01T15:57:25+00:00","breadcrumb":{"@id":"https:\/\/aktuelles.uni-frankfurt.de\/en\/event\/ganztagsschulkongress-der-rechtsanspruch-als-chance-vielfalt-und-individualitaet-in-der-ganztagsschule\/2025-09-24\/#breadcrumb"},"inLanguage":"en-GB","potentialAction":[{"@type":"ReadAction","target":["https:\/\/aktuelles.uni-frankfurt.de\/en\/event\/ganztagsschulkongress-der-rechtsanspruch-als-chance-vielfalt-und-individualitaet-in-der-ganztagsschule\/2025-09-24\/"]}]},{"@type":"ImageObject","inLanguage":"en-GB","@id":"https:\/\/aktuelles.uni-frankfurt.de\/en\/event\/ganztagsschulkongress-der-rechtsanspruch-als-chance-vielfalt-und-individualitaet-in-der-ganztagsschule\/2025-09-24\/#primaryimage","url":"https:\/\/aktuelles.uni-frankfurt.de\/wp-content\/uploads\/2025\/08\/k2025-deckblatt-frankfurt-aa8631b1.webp","contentUrl":"https:\/\/aktuelles.uni-frankfurt.de\/wp-content\/uploads\/2025\/08\/k2025-deckblatt-frankfurt-aa8631b1.webp","width":2000,"height":1414,"caption":"Ganztagsschulkongress 2025"},{"@type":"BreadcrumbList","@id":"https:\/\/aktuelles.uni-frankfurt.de\/en\/event\/ganztagsschulkongress-der-rechtsanspruch-als-chance-vielfalt-und-individualitaet-in-der-ganztagsschule\/2025-09-24\/#breadcrumb","itemListElement":[{"@type":"ListItem","position":1,"name":"Startseite","item":"https:\/\/aktuelles.uni-frankfurt.de\/"},{"@type":"ListItem","position":2,"name":"Veranstaltungen","item":"https:\/\/aktuelles.uni-frankfurt.de\/_events\/"},{"@type":"ListItem","position":3,"name":"Ganztagsschulkongress | \u201eDer Rechtsanspruch als Chance \u2013 Vielfalt und Individualit\u00e4t (in) der Ganztagsschule\u201c"}]},{"@type":"WebSite","@id":"https:\/\/aktuelles.uni-frankfurt.de\/#website","url":"https:\/\/aktuelles.uni-frankfurt.de\/","name":"Aktuelles aus der Goethe-Universit\u00e4t Frankfurt","description":"Aktuelles aus der Goethe-Universit\u00e4t | Neues aus Forschung, Lehre, Studium","publisher":{"@id":"https:\/\/aktuelles.uni-frankfurt.de\/#organization"},"potentialAction":[{"@type":"SearchAction","target":{"@type":"EntryPoint","urlTemplate":"https:\/\/aktuelles.uni-frankfurt.de\/?s={search_term_string}"},"query-input":{"@type":"PropertyValueSpecification","valueRequired":true,"valueName":"search_term_string"}}],"inLanguage":"en-GB"},{"@type":"Organization","@id":"https:\/\/aktuelles.uni-frankfurt.de\/#organization","name":"Goethe University Frankfurt","url":"https:\/\/aktuelles.uni-frankfurt.de\/","logo":{"@type":"ImageObject","inLanguage":"en-GB","@id":"https:\/\/aktuelles.uni-frankfurt.de\/#\/schema\/logo\/image\/","url":"https:\/\/aktuelles.uni-frankfurt.de\/wp-content\/uploads\/2022\/03\/800px-Goethe-Logo.png","contentUrl":"https:\/\/aktuelles.uni-frankfurt.de\/wp-content\/uploads\/2022\/03\/800px-Goethe-Logo.png","width":800,"height":436,"caption":"Goethe-Universit\u00e4t"},"image":{"@id":"https:\/\/aktuelles.uni-frankfurt.de\/#\/schema\/logo\/image\/"}}]}},"ticketed":false,"_links":{"self":[{"href":"https:\/\/aktuelles.uni-frankfurt.de\/en\/wp-json\/wp\/v2\/tribe_events\/10013021","targetHints":{"allow":["GET"]}}],"collection":[{"href":"https:\/\/aktuelles.uni-frankfurt.de\/en\/wp-json\/wp\/v2\/tribe_events"}],"about":[{"href":"https:\/\/aktuelles.uni-frankfurt.de\/en\/wp-json\/wp\/v2\/types\/tribe_events"}],"author":[{"embeddable":true,"href":"https:\/\/aktuelles.uni-frankfurt.de\/en\/wp-json\/wp\/v2\/users\/30"}],"version-history":[{"count":0,"href":"https:\/\/aktuelles.uni-frankfurt.de\/en\/wp-json\/wp\/v2\/tribe_events\/10013021\/revisions"}],"wp:featuredmedia":[{"embeddable":true,"href":"https:\/\/aktuelles.uni-frankfurt.de\/en\/wp-json\/wp\/v2\/media\/85252"}],"wp:attachment":[{"href":"https:\/\/aktuelles.uni-frankfurt.de\/en\/wp-json\/wp\/v2\/media?parent=10013021"}],"wp:term":[{"taxonomy":"post_tag","embeddable":true,"href":"https:\/\/aktuelles.uni-frankfurt.de\/en\/wp-json\/wp\/v2\/tags?post=10013021"},{"taxonomy":"tribe_events_cat","embeddable":true,"href":"https:\/\/aktuelles.uni-frankfurt.de\/en\/wp-json\/wp\/v2\/tribe_events_cat?post=10013021"}],"curies":[{"name":"wp","href":"https:\/\/api.w.org\/{rel}","templated":true}]}}