{"id":10014272,"date":"2026-02-17T15:02:00","date_gmt":"2026-02-17T14:02:00","guid":{"rendered":"https:\/\/aktuelles.uni-frankfurt.de\/?post_type=tribe_events&#038;p=87466"},"modified":"2026-02-17T15:40:07","modified_gmt":"2026-02-17T14:40:07","slug":"bildungsforschung-vor-ort-zur-kritik-kommunaler-bildungspolitik","status":"publish","type":"tribe_events","link":"https:\/\/aktuelles.uni-frankfurt.de\/en\/event\/bildungsforschung-vor-ort-zur-kritik-kommunaler-bildungspolitik\/2026-03-05\/","title":{"rendered":"Bildungsforschung vor Ort. Zur Kritik kommunaler Bildungspolitik."},"content":{"rendered":"<p>Ausgangspunkt der Tagung ist die seit einigen Jahren zu beobachtende strukturelle und programmatische Aufwertung der kommunalen Ebene f\u00fcr die Organisation des Bildungswesens sowie das geringe Interesse kritischer Bildungsforschung an Entwicklungen und Prozessen kommunaler und regionaler Bildungspolitik. Begriffe und Konzepte wie kommunales Bildungsmanagement, Bildungsnetzwerke oder Bildungslandschaften verdeutlichen die zunehmende Orientierung des politischen Gestaltungs- und Reformwillens an der kommunalen Bildungspolitik.<br \/>\nDiese Entwicklung ist eng verkn\u00fcpft mit der Einf\u00fchrung eines evidenz- und datenbasierten Modells in der kommunalen Bildungssteuerung und Bildungsverwaltung. In diesem Komplex kommt der evidenzbasierten empirischen Bildungsforschung hinsichtlich der wissenschaftlichen Beratung und Begleitung von regionalen und kommunalen Bildungsstrategien und Ma\u00dfnahmen eine Schl\u00fcsselrolle zu. Kaum hinterfragt werden jedoch die Notwendigkeit und Sinnhaftigkeit nicht nur der engen bis nahezu ausschlie\u00dflichen Kooperation von Bildungspolitik und empirischer Bildungsforschung als solcher, sondern auch die Tatsache, dass eine gewisse Dominanz der evidenzbasierten empirischen Bildungsforschung in diesem Bereich zur faktischen Normierung derjenigen kommunalen Bildungsverh\u00e4ltnisse f\u00fchrt, deren Planung und Steuerung sie wissenschaftlich st\u00fctzt.<\/p>\n<p>Vor diesem Hintergrund macht die Tagung konzeptionelle und politische Entwicklungen und Prozesse kommunaler Bildungspolitik sowie Formen ihrer wissenschaftlichen Untersuchung, Begleitung und Gestaltung zum Gegenstand kritischer Bildungstheorie und Bildungsforschung. Die Tagung m\u00f6chte damit nicht nur kommunale Bildungspolitik als Themen- und Forschungsfeld einer gesellschaftstheoretisch und gesellschaftskritisch ausgerichteten Bildungsforschung in den Fokus r\u00fccken. Sie verfolgt auch das Ziel, \u00fcber die Leistungsf\u00e4higkeit datenbasierter kommunaler Bildungspolitik sowie \u00fcber die Wirksamkeit evidenzbasierter Bildungsforschung und die thematischen Leerstellen, die sie selbst produziert, zu diskutieren.<\/p>\n<p>Das Programm findet sich im <a href=\"https:\/\/aktuelles.uni-frankfurt.de\/wp-content\/uploads\/2026\/02\/Flyer_Tagung_kritische_Bildungsforschung_digitale_PDF.pdf\" target=\"_blank\" rel=\"noopener\">Flyer<\/a>.<\/p>\n<p><strong>Ort:<\/strong> Westend Campus, PEG 1.G 165<\/p>\n<p><strong>Organisation der Veranstaltung:<\/strong> Netzwerk \u00bbKritische Bildungsforschung\u00ab in Zusammenarbeit mit dem Arbeitskreis \u00bbKritische Bildungsforschung\u00ab<\/p>\n<p><strong>Anmeldung bis 18.02.2026<\/strong> an <a href=\"mailto:S.Sachs@em.uni-frankfurt.de\">S.Sachs@em.uni-frankfurt.de<\/a><\/p>","protected":false},"excerpt":{"rendered":"<p>Ausgangspunkt der Tagung ist die seit einigen Jahren zu beobachtende strukturelle und programmatische Aufwertung der kommunalen Ebene f\u00fcr die Organisation des Bildungswesens sowie das geringe Interesse kritischer Bildungsforschung an Entwicklungen [&hellip;]<\/p>\n","protected":false},"author":38,"featured_media":87468,"template":"","meta":{"_eb_attr":"","_price":"","_stock":"","_tribe_ticket_header":"","_tribe_default_ticket_provider":"","_ticket_start_date":"","_ticket_end_date":"","_tribe_ticket_show_description":"","_tribe_ticket_show_not_going":false,"_tribe_ticket_use_global_stock":"","_tribe_ticket_global_stock_level":"","_global_stock_mode":"","_global_stock_cap":"","_tribe_rsvp_for_event":"","_tribe_ticket_going_count":"","_tribe_ticket_not_going_count":"","_tribe_tickets_list":"[]","_tribe_ticket_has_attendee_info_fields":false,"_tribe_events_status":"","_tribe_events_status_reason":"","_tribe_events_is_hybrid":"","_tribe_events_is_virtual":"","_tribe_events_virtual_video_source":"","_tribe_events_virtual_embed_video":"","_tribe_events_virtual_linked_button_text":"","_tribe_events_virtual_linked_button":"","_tribe_events_virtual_show_embed_at":"","_tribe_events_virtual_show_embed_to":[],"_tribe_events_virtual_show_on_event":"","_tribe_events_virtual_show_on_views":"","_tribe_events_virtual_url":"","footnotes":"","_tec_slr_enabled":"","_tec_slr_layout":""},"tags":[],"tribe_events_cat":[215],"class_list":["post-10014272","tribe_events","type-tribe_events","status-publish","has-post-thumbnail","hentry","tribe_events_cat-tagung","cat_tagung","tribe-recurring-event","tribe-recurring-event-parent"],"yoast_head":"<!-- This site is optimized with the Yoast SEO plugin v27.5 - https:\/\/yoast.com\/product\/yoast-seo-wordpress\/ -->\n<title>Bildungsforschung vor Ort. Zur Kritik kommunaler Bildungspolitik. | Aktuelles aus der Goethe-Universit\u00e4t Frankfurt<\/title>\n<meta name=\"robots\" content=\"index, follow, max-snippet:-1, max-image-preview:large, max-video-preview:-1\" \/>\n<link rel=\"canonical\" href=\"https:\/\/aktuelles.uni-frankfurt.de\/en\/event\/bildungsforschung-vor-ort-zur-kritik-kommunaler-bildungspolitik\/2026-03-05\/\" \/>\n<meta property=\"og:locale\" content=\"en_GB\" \/>\n<meta property=\"og:type\" content=\"article\" \/>\n<meta property=\"og:title\" content=\"Bildungsforschung vor Ort. Zur Kritik kommunaler Bildungspolitik. | Aktuelles aus der Goethe-Universit\u00e4t Frankfurt\" \/>\n<meta property=\"og:description\" content=\"Ausgangspunkt der Tagung ist die seit einigen Jahren zu beobachtende strukturelle und programmatische Aufwertung der kommunalen Ebene f\u00fcr die Organisation des Bildungswesens sowie das geringe Interesse kritischer Bildungsforschung an Entwicklungen [&hellip;]\" \/>\n<meta property=\"og:url\" content=\"https:\/\/aktuelles.uni-frankfurt.de\/en\/event\/bildungsforschung-vor-ort-zur-kritik-kommunaler-bildungspolitik\/2026-03-05\/\" \/>\n<meta property=\"og:site_name\" content=\"Aktuelles aus der Goethe-Universit\u00e4t Frankfurt\" \/>\n<meta property=\"article:modified_time\" content=\"2026-02-17T14:40:07+00:00\" \/>\n<meta property=\"og:image\" content=\"https:\/\/aktuelles.uni-frankfurt.de\/wp-content\/uploads\/2026\/02\/bildungsforschung-tagung-maerz-2026.png\" \/>\n\t<meta property=\"og:image:width\" content=\"354\" \/>\n\t<meta property=\"og:image:height\" content=\"272\" \/>\n\t<meta property=\"og:image:type\" content=\"image\/png\" \/>\n<meta name=\"twitter:card\" content=\"summary_large_image\" \/>\n<meta name=\"twitter:label1\" content=\"Estimated reading time\" \/>\n\t<meta name=\"twitter:data1\" content=\"1 minute\" \/>\n<script type=\"application\/ld+json\" class=\"yoast-schema-graph\">{\"@context\":\"https:\\\/\\\/schema.org\",\"@graph\":[{\"@type\":\"WebPage\",\"@id\":\"https:\\\/\\\/aktuelles.uni-frankfurt.de\\\/en\\\/event\\\/bildungsforschung-vor-ort-zur-kritik-kommunaler-bildungspolitik\\\/2026-03-05\\\/\",\"url\":\"https:\\\/\\\/aktuelles.uni-frankfurt.de\\\/en\\\/event\\\/bildungsforschung-vor-ort-zur-kritik-kommunaler-bildungspolitik\\\/2026-03-05\\\/\",\"name\":\"Bildungsforschung vor Ort. Zur Kritik kommunaler Bildungspolitik. | Aktuelles aus der Goethe-Universit\u00e4t Frankfurt\",\"isPartOf\":{\"@id\":\"https:\\\/\\\/aktuelles.uni-frankfurt.de\\\/#website\"},\"primaryImageOfPage\":{\"@id\":\"https:\\\/\\\/aktuelles.uni-frankfurt.de\\\/en\\\/event\\\/bildungsforschung-vor-ort-zur-kritik-kommunaler-bildungspolitik\\\/2026-03-05\\\/#primaryimage\"},\"image\":{\"@id\":\"https:\\\/\\\/aktuelles.uni-frankfurt.de\\\/en\\\/event\\\/bildungsforschung-vor-ort-zur-kritik-kommunaler-bildungspolitik\\\/2026-03-05\\\/#primaryimage\"},\"thumbnailUrl\":\"https:\\\/\\\/aktuelles.uni-frankfurt.de\\\/wp-content\\\/uploads\\\/2026\\\/02\\\/bildungsforschung-tagung-maerz-2026.png\",\"datePublished\":\"2026-02-17T14:02:00+00:00\",\"dateModified\":\"2026-02-17T14:40:07+00:00\",\"breadcrumb\":{\"@id\":\"https:\\\/\\\/aktuelles.uni-frankfurt.de\\\/en\\\/event\\\/bildungsforschung-vor-ort-zur-kritik-kommunaler-bildungspolitik\\\/2026-03-05\\\/#breadcrumb\"},\"inLanguage\":\"en-GB\",\"potentialAction\":[{\"@type\":\"ReadAction\",\"target\":[\"https:\\\/\\\/aktuelles.uni-frankfurt.de\\\/en\\\/event\\\/bildungsforschung-vor-ort-zur-kritik-kommunaler-bildungspolitik\\\/2026-03-05\\\/\"]}]},{\"@type\":\"ImageObject\",\"inLanguage\":\"en-GB\",\"@id\":\"https:\\\/\\\/aktuelles.uni-frankfurt.de\\\/en\\\/event\\\/bildungsforschung-vor-ort-zur-kritik-kommunaler-bildungspolitik\\\/2026-03-05\\\/#primaryimage\",\"url\":\"https:\\\/\\\/aktuelles.uni-frankfurt.de\\\/wp-content\\\/uploads\\\/2026\\\/02\\\/bildungsforschung-tagung-maerz-2026.png\",\"contentUrl\":\"https:\\\/\\\/aktuelles.uni-frankfurt.de\\\/wp-content\\\/uploads\\\/2026\\\/02\\\/bildungsforschung-tagung-maerz-2026.png\",\"width\":354,\"height\":272},{\"@type\":\"BreadcrumbList\",\"@id\":\"https:\\\/\\\/aktuelles.uni-frankfurt.de\\\/en\\\/event\\\/bildungsforschung-vor-ort-zur-kritik-kommunaler-bildungspolitik\\\/2026-03-05\\\/#breadcrumb\",\"itemListElement\":[{\"@type\":\"ListItem\",\"position\":1,\"name\":\"Startseite\",\"item\":\"https:\\\/\\\/aktuelles.uni-frankfurt.de\\\/\"},{\"@type\":\"ListItem\",\"position\":2,\"name\":\"Veranstaltungen\",\"item\":\"https:\\\/\\\/aktuelles.uni-frankfurt.de\\\/_events\\\/\"},{\"@type\":\"ListItem\",\"position\":3,\"name\":\"Bildungsforschung vor Ort. Zur Kritik kommunaler Bildungspolitik.\"}]},{\"@type\":\"WebSite\",\"@id\":\"https:\\\/\\\/aktuelles.uni-frankfurt.de\\\/#website\",\"url\":\"https:\\\/\\\/aktuelles.uni-frankfurt.de\\\/\",\"name\":\"Aktuelles aus der Goethe-Universit\u00e4t Frankfurt\",\"description\":\"Aktuelles aus der Goethe-Universit\u00e4t | Neues aus Forschung, Lehre, Studium\",\"publisher\":{\"@id\":\"https:\\\/\\\/aktuelles.uni-frankfurt.de\\\/#organization\"},\"potentialAction\":[{\"@type\":\"SearchAction\",\"target\":{\"@type\":\"EntryPoint\",\"urlTemplate\":\"https:\\\/\\\/aktuelles.uni-frankfurt.de\\\/?s={search_term_string}\"},\"query-input\":{\"@type\":\"PropertyValueSpecification\",\"valueRequired\":true,\"valueName\":\"search_term_string\"}}],\"inLanguage\":\"en-GB\"},{\"@type\":\"Organization\",\"@id\":\"https:\\\/\\\/aktuelles.uni-frankfurt.de\\\/#organization\",\"name\":\"Goethe-Universit\u00e4t\",\"url\":\"https:\\\/\\\/aktuelles.uni-frankfurt.de\\\/\",\"logo\":{\"@type\":\"ImageObject\",\"inLanguage\":\"en-GB\",\"@id\":\"https:\\\/\\\/aktuelles.uni-frankfurt.de\\\/#\\\/schema\\\/logo\\\/image\\\/\",\"url\":\"https:\\\/\\\/aktuelles.uni-frankfurt.de\\\/wp-content\\\/uploads\\\/2022\\\/03\\\/800px-Goethe-Logo.png\",\"contentUrl\":\"https:\\\/\\\/aktuelles.uni-frankfurt.de\\\/wp-content\\\/uploads\\\/2022\\\/03\\\/800px-Goethe-Logo.png\",\"width\":800,\"height\":436,\"caption\":\"Goethe-Universit\u00e4t\"},\"image\":{\"@id\":\"https:\\\/\\\/aktuelles.uni-frankfurt.de\\\/#\\\/schema\\\/logo\\\/image\\\/\"}}]}<\/script>\n<!-- \/ Yoast SEO plugin. -->","yoast_head_json":{"title":"Bildungsforschung vor Ort. Zur Kritik kommunaler Bildungspolitik. | Aktuelles aus der Goethe-Universit\u00e4t Frankfurt","robots":{"index":"index","follow":"follow","max-snippet":"max-snippet:-1","max-image-preview":"max-image-preview:large","max-video-preview":"max-video-preview:-1"},"canonical":"https:\/\/aktuelles.uni-frankfurt.de\/en\/event\/bildungsforschung-vor-ort-zur-kritik-kommunaler-bildungspolitik\/2026-03-05\/","og_locale":"en_GB","og_type":"article","og_title":"Bildungsforschung vor Ort. Zur Kritik kommunaler Bildungspolitik. | Aktuelles aus der Goethe-Universit\u00e4t Frankfurt","og_description":"Ausgangspunkt der Tagung ist die seit einigen Jahren zu beobachtende strukturelle und programmatische Aufwertung der kommunalen Ebene f\u00fcr die Organisation des Bildungswesens sowie das geringe Interesse kritischer Bildungsforschung an Entwicklungen [&hellip;]","og_url":"https:\/\/aktuelles.uni-frankfurt.de\/en\/event\/bildungsforschung-vor-ort-zur-kritik-kommunaler-bildungspolitik\/2026-03-05\/","og_site_name":"Aktuelles aus der Goethe-Universit\u00e4t Frankfurt","article_modified_time":"2026-02-17T14:40:07+00:00","og_image":[{"width":354,"height":272,"url":"https:\/\/aktuelles.uni-frankfurt.de\/wp-content\/uploads\/2026\/02\/bildungsforschung-tagung-maerz-2026.png","type":"image\/png"}],"twitter_card":"summary_large_image","twitter_misc":{"Estimated reading time":"1 minute"},"schema":{"@context":"https:\/\/schema.org","@graph":[{"@type":"WebPage","@id":"https:\/\/aktuelles.uni-frankfurt.de\/en\/event\/bildungsforschung-vor-ort-zur-kritik-kommunaler-bildungspolitik\/2026-03-05\/","url":"https:\/\/aktuelles.uni-frankfurt.de\/en\/event\/bildungsforschung-vor-ort-zur-kritik-kommunaler-bildungspolitik\/2026-03-05\/","name":"Bildungsforschung vor Ort. Zur Kritik kommunaler Bildungspolitik. | Aktuelles aus der Goethe-Universit\u00e4t Frankfurt","isPartOf":{"@id":"https:\/\/aktuelles.uni-frankfurt.de\/#website"},"primaryImageOfPage":{"@id":"https:\/\/aktuelles.uni-frankfurt.de\/en\/event\/bildungsforschung-vor-ort-zur-kritik-kommunaler-bildungspolitik\/2026-03-05\/#primaryimage"},"image":{"@id":"https:\/\/aktuelles.uni-frankfurt.de\/en\/event\/bildungsforschung-vor-ort-zur-kritik-kommunaler-bildungspolitik\/2026-03-05\/#primaryimage"},"thumbnailUrl":"https:\/\/aktuelles.uni-frankfurt.de\/wp-content\/uploads\/2026\/02\/bildungsforschung-tagung-maerz-2026.png","datePublished":"2026-02-17T14:02:00+00:00","dateModified":"2026-02-17T14:40:07+00:00","breadcrumb":{"@id":"https:\/\/aktuelles.uni-frankfurt.de\/en\/event\/bildungsforschung-vor-ort-zur-kritik-kommunaler-bildungspolitik\/2026-03-05\/#breadcrumb"},"inLanguage":"en-GB","potentialAction":[{"@type":"ReadAction","target":["https:\/\/aktuelles.uni-frankfurt.de\/en\/event\/bildungsforschung-vor-ort-zur-kritik-kommunaler-bildungspolitik\/2026-03-05\/"]}]},{"@type":"ImageObject","inLanguage":"en-GB","@id":"https:\/\/aktuelles.uni-frankfurt.de\/en\/event\/bildungsforschung-vor-ort-zur-kritik-kommunaler-bildungspolitik\/2026-03-05\/#primaryimage","url":"https:\/\/aktuelles.uni-frankfurt.de\/wp-content\/uploads\/2026\/02\/bildungsforschung-tagung-maerz-2026.png","contentUrl":"https:\/\/aktuelles.uni-frankfurt.de\/wp-content\/uploads\/2026\/02\/bildungsforschung-tagung-maerz-2026.png","width":354,"height":272},{"@type":"BreadcrumbList","@id":"https:\/\/aktuelles.uni-frankfurt.de\/en\/event\/bildungsforschung-vor-ort-zur-kritik-kommunaler-bildungspolitik\/2026-03-05\/#breadcrumb","itemListElement":[{"@type":"ListItem","position":1,"name":"Startseite","item":"https:\/\/aktuelles.uni-frankfurt.de\/"},{"@type":"ListItem","position":2,"name":"Veranstaltungen","item":"https:\/\/aktuelles.uni-frankfurt.de\/_events\/"},{"@type":"ListItem","position":3,"name":"Bildungsforschung vor Ort. Zur Kritik kommunaler Bildungspolitik."}]},{"@type":"WebSite","@id":"https:\/\/aktuelles.uni-frankfurt.de\/#website","url":"https:\/\/aktuelles.uni-frankfurt.de\/","name":"Aktuelles aus der Goethe-Universit\u00e4t Frankfurt","description":"Aktuelles aus der Goethe-Universit\u00e4t | Neues aus Forschung, Lehre, Studium","publisher":{"@id":"https:\/\/aktuelles.uni-frankfurt.de\/#organization"},"potentialAction":[{"@type":"SearchAction","target":{"@type":"EntryPoint","urlTemplate":"https:\/\/aktuelles.uni-frankfurt.de\/?s={search_term_string}"},"query-input":{"@type":"PropertyValueSpecification","valueRequired":true,"valueName":"search_term_string"}}],"inLanguage":"en-GB"},{"@type":"Organization","@id":"https:\/\/aktuelles.uni-frankfurt.de\/#organization","name":"Goethe University Frankfurt","url":"https:\/\/aktuelles.uni-frankfurt.de\/","logo":{"@type":"ImageObject","inLanguage":"en-GB","@id":"https:\/\/aktuelles.uni-frankfurt.de\/#\/schema\/logo\/image\/","url":"https:\/\/aktuelles.uni-frankfurt.de\/wp-content\/uploads\/2022\/03\/800px-Goethe-Logo.png","contentUrl":"https:\/\/aktuelles.uni-frankfurt.de\/wp-content\/uploads\/2022\/03\/800px-Goethe-Logo.png","width":800,"height":436,"caption":"Goethe-Universit\u00e4t"},"image":{"@id":"https:\/\/aktuelles.uni-frankfurt.de\/#\/schema\/logo\/image\/"}}]}},"ticketed":false,"_links":{"self":[{"href":"https:\/\/aktuelles.uni-frankfurt.de\/en\/wp-json\/wp\/v2\/tribe_events\/10014272","targetHints":{"allow":["GET"]}}],"collection":[{"href":"https:\/\/aktuelles.uni-frankfurt.de\/en\/wp-json\/wp\/v2\/tribe_events"}],"about":[{"href":"https:\/\/aktuelles.uni-frankfurt.de\/en\/wp-json\/wp\/v2\/types\/tribe_events"}],"author":[{"embeddable":true,"href":"https:\/\/aktuelles.uni-frankfurt.de\/en\/wp-json\/wp\/v2\/users\/38"}],"version-history":[{"count":0,"href":"https:\/\/aktuelles.uni-frankfurt.de\/en\/wp-json\/wp\/v2\/tribe_events\/10014272\/revisions"}],"wp:featuredmedia":[{"embeddable":true,"href":"https:\/\/aktuelles.uni-frankfurt.de\/en\/wp-json\/wp\/v2\/media\/87468"}],"wp:attachment":[{"href":"https:\/\/aktuelles.uni-frankfurt.de\/en\/wp-json\/wp\/v2\/media?parent=10014272"}],"wp:term":[{"taxonomy":"post_tag","embeddable":true,"href":"https:\/\/aktuelles.uni-frankfurt.de\/en\/wp-json\/wp\/v2\/tags?post=10014272"},{"taxonomy":"tribe_events_cat","embeddable":true,"href":"https:\/\/aktuelles.uni-frankfurt.de\/en\/wp-json\/wp\/v2\/tribe_events_cat?post=10014272"}],"curies":[{"name":"wp","href":"https:\/\/api.w.org\/{rel}","templated":true}]}}