{"id":10015931,"date":"2026-03-03T14:48:08","date_gmt":"2026-03-03T13:48:08","guid":{"rendered":"https:\/\/aktuelles.uni-frankfurt.de\/?post_type=tribe_events&#038;p=87606"},"modified":"2026-03-03T14:48:08","modified_gmt":"2026-03-03T13:48:08","slug":"unsichtbare-urteile-literaturkritikerinnen-in-der-aufklaerung-und-romantik","status":"publish","type":"tribe_events","link":"https:\/\/aktuelles.uni-frankfurt.de\/en\/event\/unsichtbare-urteile-literaturkritikerinnen-in-der-aufklaerung-und-romantik\/2026-03-05\/","title":{"rendered":"Unsichtbare Urteile. Literaturkritikerinnen in der Aufkl\u00e4rung und Romantik"},"content":{"rendered":"<ul>\n<li><span data-redactor-tag=\"span\" data-redactor-style=\"font-size:12.0pt;line-height:115%;font-family:&quot;Calibri&quot;,sans-serif;mso-ascii-theme-font:major-latin;mso-fareast-font-family:&quot;Libre Baskerville&quot;;mso-hansi-theme-font:major-latin;mso-bidi-theme-font:major-latin;mso-ansi-language:DE\"><b><strong>Zeit\/Ort:<\/strong><\/b>\u00a04. bis 6. M\u00e4rz 2026 Goethe Universit\u00e4t Frankfurt.\u00a0<\/span><\/li>\n<li><span data-redactor-tag=\"span\" data-redactor-style=\"font-size:12.0pt;line-height:115%;font-family:&quot;Calibri&quot;,sans-serif;mso-ascii-theme-font:major-latin;mso-fareast-font-family:&quot;Libre Baskerville&quot;;mso-hansi-theme-font:major-latin;mso-bidi-theme-font:major-latin;mso-ansi-language:DE\"><b><strong>Organisation:<\/strong><\/b>\u00a0Grace Evans und PD Dr. Mar\u00edlia J\u00f6hnk<\/span><\/li>\n<li><span data-redactor-tag=\"span\" data-redactor-style=\"font-size:12.0pt;line-height:115%;font-family:&quot;Calibri&quot;,sans-serif;mso-ascii-theme-font:major-latin;mso-fareast-font-family:&quot;Libre Baskerville&quot;;mso-hansi-theme-font:major-latin;mso-bidi-theme-font:major-latin;mso-ansi-language:DE\"><b><strong>F\u00f6rderung:<\/strong><\/b>\u00a0Fritz Thyssen Stiftung im Rahmen des Verbundes \u201eLost in Archives\u201c, gef\u00f6rdert vom BMFTR (Innovative Frauen im Fokus)\u00a0<\/span><\/li>\n<\/ul>\n<p>Marcel Reich-Ranicki, Walter Jens, Denis Scheck \u2013 der Literaturkritiker scheint bis heute vor allem ein Mann zu sein. Die Tagung \u201aUnsichtbare Urteile\u2018 m\u00f6chte dieses Bild durch eine historische Perspektive auf die Entwicklung der Literaturkritik revidieren. Mit dieser Tagung hinterfragen wir nicht nur, dass Literaturkritik ein Bereich gewesen sein soll, in dem Frauen abwesend waren. Wir m\u00f6chten durch die Sichtbarmachung von Literaturkritikerinnen neue Ans\u00e4tze f\u00fcr die Genese des systematischen Nachdenkens \u00fcber Literatur entfalten. Poetik, Hermeneutik und Kritik \u2013 wichtige Felder in der universit\u00e4ren Lehre \u2013 werden noch immer nahezu ausschlie\u00dflich als Dom\u00e4nen gelehrt und tradiert, in denen Frauen abwesend waren. Unsere Hypothese lautet hingegen, dass schon im 18. und 19. Jahrhundert zahlreiche Frauen als Kritikerinnen t\u00e4tig waren. Ihre Kritik ist jedoch, aus unterschiedlichen Gr\u00fcnden, unsichtbar geblieben.<\/p>\n<p>Jenseits der fehlenden Sichtbarkeit fragen wir danach, welche Rolle Geschlecht f\u00fcr das Selbstverst\u00e4ndnis der Kritikerinnen gespielt hat: Mussten Kritikerinnen behutsamer urteilen? Kollidierten \u201aimaginierte Weiblichkeit\u2018 (Silvia Bovenschen) und normative Geschlechterrollen mit der Position der Kritikerin? Bildeten sich Kritikerinnen-Netzwerke? Gab es Spezifika weiblicher Literaturkritik und wenn ja, wie k\u00f6nnen diese beschrieben werden, ohne in Essentialismen zu entgleiten? Welche Bedeutungen nehmen andere Kategorien von Zugeh\u00f6rigkeiten ein? Und: Wie unterscheidet sich weibliche Kritikt\u00e4tigkeit in verschiedenen Sprach- und Textkulturen?<\/p>\n<p><a href=\"https:\/\/www.uni-frankfurt.de\/183121017\/Tagung__Unsichtbare_Urteile\" target=\"_blank\" rel=\"noopener\">Mehr Informationen zum Programm, Veranstaltungsort<\/a><\/p>","protected":false},"excerpt":{"rendered":"<p>Zeit\/Ort:\u00a04. bis 6. M\u00e4rz 2026 Goethe Universit\u00e4t Frankfurt.\u00a0 Organisation:\u00a0Grace Evans und PD Dr. Mar\u00edlia J\u00f6hnk F\u00f6rderung:\u00a0Fritz Thyssen Stiftung im Rahmen des Verbundes \u201eLost in Archives\u201c, gef\u00f6rdert vom BMFTR (Innovative Frauen [&hellip;]<\/p>\n","protected":false},"author":2,"featured_media":0,"template":"","meta":{"_eb_attr":"","_price":"","_stock":"","_tribe_ticket_header":"","_tribe_default_ticket_provider":"","_ticket_start_date":"","_ticket_end_date":"","_tribe_ticket_show_description":"","_tribe_ticket_show_not_going":false,"_tribe_ticket_use_global_stock":"","_tribe_ticket_global_stock_level":"","_global_stock_mode":"","_global_stock_cap":"","_tribe_rsvp_for_event":"","_tribe_ticket_going_count":"","_tribe_ticket_not_going_count":"","_tribe_tickets_list":"[]","_tribe_ticket_has_attendee_info_fields":false,"_tribe_events_status":"","_tribe_events_status_reason":"","_tribe_events_is_hybrid":"","_tribe_events_is_virtual":"","_tribe_events_virtual_video_source":"","_tribe_events_virtual_embed_video":"","_tribe_events_virtual_linked_button_text":"","_tribe_events_virtual_linked_button":"","_tribe_events_virtual_show_embed_at":"","_tribe_events_virtual_show_embed_to":[],"_tribe_events_virtual_show_on_event":"","_tribe_events_virtual_show_on_views":"","_tribe_events_virtual_url":"","footnotes":"","_tec_slr_enabled":"","_tec_slr_layout":""},"tags":[],"tribe_events_cat":[136],"class_list":["post-10015931","tribe_events","type-tribe_events","status-publish","hentry","tribe_events_cat-konferenzen","cat_konferenzen","tribe-recurring-event","tribe-recurring-event-parent"],"yoast_head":"<!-- This site is optimized with the Yoast SEO plugin v27.5 - https:\/\/yoast.com\/product\/yoast-seo-wordpress\/ -->\n<title>Unsichtbare Urteile. Literaturkritikerinnen in der Aufkl\u00e4rung und Romantik | Aktuelles aus der Goethe-Universit\u00e4t Frankfurt<\/title>\n<meta name=\"robots\" content=\"index, follow, max-snippet:-1, max-image-preview:large, max-video-preview:-1\" \/>\n<link rel=\"canonical\" href=\"https:\/\/aktuelles.uni-frankfurt.de\/en\/event\/unsichtbare-urteile-literaturkritikerinnen-in-der-aufklaerung-und-romantik\/2026-03-05\/\" \/>\n<meta property=\"og:locale\" content=\"en_GB\" \/>\n<meta property=\"og:type\" content=\"article\" \/>\n<meta property=\"og:title\" content=\"Unsichtbare Urteile. Literaturkritikerinnen in der Aufkl\u00e4rung und Romantik | Aktuelles aus der Goethe-Universit\u00e4t Frankfurt\" \/>\n<meta property=\"og:description\" content=\"Zeit\/Ort:\u00a04. bis 6. M\u00e4rz 2026 Goethe Universit\u00e4t Frankfurt.\u00a0 Organisation:\u00a0Grace Evans und PD Dr. Mar\u00edlia J\u00f6hnk F\u00f6rderung:\u00a0Fritz Thyssen Stiftung im Rahmen des Verbundes \u201eLost in Archives\u201c, gef\u00f6rdert vom BMFTR (Innovative Frauen [&hellip;]\" \/>\n<meta property=\"og:url\" content=\"https:\/\/aktuelles.uni-frankfurt.de\/en\/event\/unsichtbare-urteile-literaturkritikerinnen-in-der-aufklaerung-und-romantik\/2026-03-05\/\" \/>\n<meta property=\"og:site_name\" content=\"Aktuelles aus der Goethe-Universit\u00e4t Frankfurt\" \/>\n<meta name=\"twitter:card\" content=\"summary_large_image\" \/>\n<meta name=\"twitter:label1\" content=\"Estimated reading time\" \/>\n\t<meta name=\"twitter:data1\" content=\"1 minute\" \/>\n<script type=\"application\/ld+json\" class=\"yoast-schema-graph\">{\"@context\":\"https:\\\/\\\/schema.org\",\"@graph\":[{\"@type\":\"WebPage\",\"@id\":\"https:\\\/\\\/aktuelles.uni-frankfurt.de\\\/en\\\/event\\\/unsichtbare-urteile-literaturkritikerinnen-in-der-aufklaerung-und-romantik\\\/2026-03-05\\\/\",\"url\":\"https:\\\/\\\/aktuelles.uni-frankfurt.de\\\/en\\\/event\\\/unsichtbare-urteile-literaturkritikerinnen-in-der-aufklaerung-und-romantik\\\/2026-03-05\\\/\",\"name\":\"Unsichtbare Urteile. Literaturkritikerinnen in der Aufkl\u00e4rung und Romantik | Aktuelles aus der Goethe-Universit\u00e4t Frankfurt\",\"isPartOf\":{\"@id\":\"https:\\\/\\\/aktuelles.uni-frankfurt.de\\\/#website\"},\"datePublished\":\"2026-03-03T13:48:08+00:00\",\"breadcrumb\":{\"@id\":\"https:\\\/\\\/aktuelles.uni-frankfurt.de\\\/en\\\/event\\\/unsichtbare-urteile-literaturkritikerinnen-in-der-aufklaerung-und-romantik\\\/2026-03-05\\\/#breadcrumb\"},\"inLanguage\":\"en-GB\",\"potentialAction\":[{\"@type\":\"ReadAction\",\"target\":[\"https:\\\/\\\/aktuelles.uni-frankfurt.de\\\/en\\\/event\\\/unsichtbare-urteile-literaturkritikerinnen-in-der-aufklaerung-und-romantik\\\/2026-03-05\\\/\"]}]},{\"@type\":\"BreadcrumbList\",\"@id\":\"https:\\\/\\\/aktuelles.uni-frankfurt.de\\\/en\\\/event\\\/unsichtbare-urteile-literaturkritikerinnen-in-der-aufklaerung-und-romantik\\\/2026-03-05\\\/#breadcrumb\",\"itemListElement\":[{\"@type\":\"ListItem\",\"position\":1,\"name\":\"Startseite\",\"item\":\"https:\\\/\\\/aktuelles.uni-frankfurt.de\\\/\"},{\"@type\":\"ListItem\",\"position\":2,\"name\":\"Veranstaltungen\",\"item\":\"https:\\\/\\\/aktuelles.uni-frankfurt.de\\\/_events\\\/\"},{\"@type\":\"ListItem\",\"position\":3,\"name\":\"Unsichtbare Urteile. Literaturkritikerinnen in der Aufkl\u00e4rung und Romantik\"}]},{\"@type\":\"WebSite\",\"@id\":\"https:\\\/\\\/aktuelles.uni-frankfurt.de\\\/#website\",\"url\":\"https:\\\/\\\/aktuelles.uni-frankfurt.de\\\/\",\"name\":\"Aktuelles aus der Goethe-Universit\u00e4t Frankfurt\",\"description\":\"Aktuelles aus der Goethe-Universit\u00e4t | Neues aus Forschung, Lehre, Studium\",\"publisher\":{\"@id\":\"https:\\\/\\\/aktuelles.uni-frankfurt.de\\\/#organization\"},\"potentialAction\":[{\"@type\":\"SearchAction\",\"target\":{\"@type\":\"EntryPoint\",\"urlTemplate\":\"https:\\\/\\\/aktuelles.uni-frankfurt.de\\\/?s={search_term_string}\"},\"query-input\":{\"@type\":\"PropertyValueSpecification\",\"valueRequired\":true,\"valueName\":\"search_term_string\"}}],\"inLanguage\":\"en-GB\"},{\"@type\":\"Organization\",\"@id\":\"https:\\\/\\\/aktuelles.uni-frankfurt.de\\\/#organization\",\"name\":\"Goethe-Universit\u00e4t\",\"url\":\"https:\\\/\\\/aktuelles.uni-frankfurt.de\\\/\",\"logo\":{\"@type\":\"ImageObject\",\"inLanguage\":\"en-GB\",\"@id\":\"https:\\\/\\\/aktuelles.uni-frankfurt.de\\\/#\\\/schema\\\/logo\\\/image\\\/\",\"url\":\"https:\\\/\\\/aktuelles.uni-frankfurt.de\\\/wp-content\\\/uploads\\\/2022\\\/03\\\/800px-Goethe-Logo.png\",\"contentUrl\":\"https:\\\/\\\/aktuelles.uni-frankfurt.de\\\/wp-content\\\/uploads\\\/2022\\\/03\\\/800px-Goethe-Logo.png\",\"width\":800,\"height\":436,\"caption\":\"Goethe-Universit\u00e4t\"},\"image\":{\"@id\":\"https:\\\/\\\/aktuelles.uni-frankfurt.de\\\/#\\\/schema\\\/logo\\\/image\\\/\"}}]}<\/script>\n<!-- \/ Yoast SEO plugin. -->","yoast_head_json":{"title":"Unsichtbare Urteile. Literaturkritikerinnen in der Aufkl\u00e4rung und Romantik | Aktuelles aus der Goethe-Universit\u00e4t Frankfurt","robots":{"index":"index","follow":"follow","max-snippet":"max-snippet:-1","max-image-preview":"max-image-preview:large","max-video-preview":"max-video-preview:-1"},"canonical":"https:\/\/aktuelles.uni-frankfurt.de\/en\/event\/unsichtbare-urteile-literaturkritikerinnen-in-der-aufklaerung-und-romantik\/2026-03-05\/","og_locale":"en_GB","og_type":"article","og_title":"Unsichtbare Urteile. Literaturkritikerinnen in der Aufkl\u00e4rung und Romantik | Aktuelles aus der Goethe-Universit\u00e4t Frankfurt","og_description":"Zeit\/Ort:\u00a04. bis 6. M\u00e4rz 2026 Goethe Universit\u00e4t Frankfurt.\u00a0 Organisation:\u00a0Grace Evans und PD Dr. Mar\u00edlia J\u00f6hnk F\u00f6rderung:\u00a0Fritz Thyssen Stiftung im Rahmen des Verbundes \u201eLost in Archives\u201c, gef\u00f6rdert vom BMFTR (Innovative Frauen [&hellip;]","og_url":"https:\/\/aktuelles.uni-frankfurt.de\/en\/event\/unsichtbare-urteile-literaturkritikerinnen-in-der-aufklaerung-und-romantik\/2026-03-05\/","og_site_name":"Aktuelles aus der Goethe-Universit\u00e4t Frankfurt","twitter_card":"summary_large_image","twitter_misc":{"Estimated reading time":"1 minute"},"schema":{"@context":"https:\/\/schema.org","@graph":[{"@type":"WebPage","@id":"https:\/\/aktuelles.uni-frankfurt.de\/en\/event\/unsichtbare-urteile-literaturkritikerinnen-in-der-aufklaerung-und-romantik\/2026-03-05\/","url":"https:\/\/aktuelles.uni-frankfurt.de\/en\/event\/unsichtbare-urteile-literaturkritikerinnen-in-der-aufklaerung-und-romantik\/2026-03-05\/","name":"Unsichtbare Urteile. Literaturkritikerinnen in der Aufkl\u00e4rung und Romantik | Aktuelles aus der Goethe-Universit\u00e4t Frankfurt","isPartOf":{"@id":"https:\/\/aktuelles.uni-frankfurt.de\/#website"},"datePublished":"2026-03-03T13:48:08+00:00","breadcrumb":{"@id":"https:\/\/aktuelles.uni-frankfurt.de\/en\/event\/unsichtbare-urteile-literaturkritikerinnen-in-der-aufklaerung-und-romantik\/2026-03-05\/#breadcrumb"},"inLanguage":"en-GB","potentialAction":[{"@type":"ReadAction","target":["https:\/\/aktuelles.uni-frankfurt.de\/en\/event\/unsichtbare-urteile-literaturkritikerinnen-in-der-aufklaerung-und-romantik\/2026-03-05\/"]}]},{"@type":"BreadcrumbList","@id":"https:\/\/aktuelles.uni-frankfurt.de\/en\/event\/unsichtbare-urteile-literaturkritikerinnen-in-der-aufklaerung-und-romantik\/2026-03-05\/#breadcrumb","itemListElement":[{"@type":"ListItem","position":1,"name":"Startseite","item":"https:\/\/aktuelles.uni-frankfurt.de\/"},{"@type":"ListItem","position":2,"name":"Veranstaltungen","item":"https:\/\/aktuelles.uni-frankfurt.de\/_events\/"},{"@type":"ListItem","position":3,"name":"Unsichtbare Urteile. Literaturkritikerinnen in der Aufkl\u00e4rung und Romantik"}]},{"@type":"WebSite","@id":"https:\/\/aktuelles.uni-frankfurt.de\/#website","url":"https:\/\/aktuelles.uni-frankfurt.de\/","name":"Aktuelles aus der Goethe-Universit\u00e4t Frankfurt","description":"Aktuelles aus der Goethe-Universit\u00e4t | Neues aus Forschung, Lehre, Studium","publisher":{"@id":"https:\/\/aktuelles.uni-frankfurt.de\/#organization"},"potentialAction":[{"@type":"SearchAction","target":{"@type":"EntryPoint","urlTemplate":"https:\/\/aktuelles.uni-frankfurt.de\/?s={search_term_string}"},"query-input":{"@type":"PropertyValueSpecification","valueRequired":true,"valueName":"search_term_string"}}],"inLanguage":"en-GB"},{"@type":"Organization","@id":"https:\/\/aktuelles.uni-frankfurt.de\/#organization","name":"Goethe University Frankfurt","url":"https:\/\/aktuelles.uni-frankfurt.de\/","logo":{"@type":"ImageObject","inLanguage":"en-GB","@id":"https:\/\/aktuelles.uni-frankfurt.de\/#\/schema\/logo\/image\/","url":"https:\/\/aktuelles.uni-frankfurt.de\/wp-content\/uploads\/2022\/03\/800px-Goethe-Logo.png","contentUrl":"https:\/\/aktuelles.uni-frankfurt.de\/wp-content\/uploads\/2022\/03\/800px-Goethe-Logo.png","width":800,"height":436,"caption":"Goethe-Universit\u00e4t"},"image":{"@id":"https:\/\/aktuelles.uni-frankfurt.de\/#\/schema\/logo\/image\/"}}]}},"ticketed":false,"_links":{"self":[{"href":"https:\/\/aktuelles.uni-frankfurt.de\/en\/wp-json\/wp\/v2\/tribe_events\/10015931","targetHints":{"allow":["GET"]}}],"collection":[{"href":"https:\/\/aktuelles.uni-frankfurt.de\/en\/wp-json\/wp\/v2\/tribe_events"}],"about":[{"href":"https:\/\/aktuelles.uni-frankfurt.de\/en\/wp-json\/wp\/v2\/types\/tribe_events"}],"author":[{"embeddable":true,"href":"https:\/\/aktuelles.uni-frankfurt.de\/en\/wp-json\/wp\/v2\/users\/2"}],"version-history":[{"count":0,"href":"https:\/\/aktuelles.uni-frankfurt.de\/en\/wp-json\/wp\/v2\/tribe_events\/10015931\/revisions"}],"wp:attachment":[{"href":"https:\/\/aktuelles.uni-frankfurt.de\/en\/wp-json\/wp\/v2\/media?parent=10015931"}],"wp:term":[{"taxonomy":"post_tag","embeddable":true,"href":"https:\/\/aktuelles.uni-frankfurt.de\/en\/wp-json\/wp\/v2\/tags?post=10015931"},{"taxonomy":"tribe_events_cat","embeddable":true,"href":"https:\/\/aktuelles.uni-frankfurt.de\/en\/wp-json\/wp\/v2\/tribe_events_cat?post=10015931"}],"curies":[{"name":"wp","href":"https:\/\/api.w.org\/{rel}","templated":true}]}}