{"id":75037,"date":"2023-10-02T10:29:18","date_gmt":"2023-10-02T08:29:18","guid":{"rendered":"https:\/\/aktuelles.uni-frankfurt.de\/?post_type=tribe_events&#038;p=75037"},"modified":"2023-10-16T17:56:59","modified_gmt":"2023-10-16T15:56:59","slug":"ideologiekritik-heute","status":"publish","type":"tribe_events","link":"https:\/\/aktuelles.uni-frankfurt.de\/en\/event\/ideologiekritik-heute\/","title":{"rendered":"Ideologiekritik. Heute!"},"content":{"rendered":"<p>Die gegenw\u00e4rtige Welt scheint in Unordnung zu sein: Eine drohende (oder vielmehr bereits eingetretene) \u00f6kologische Krise von noch nie dagewesenem Ausma\u00df steht in der gegenw\u00e4rtigen Lage neben noch nie dagewesenen Formen sozio\u00f6konomischer und politischer Ungleichheit; neue Formen technologischer Beherrschung und Kontrolle fallen mit einem Wiederaufleben von Populismen und Autoritarismen zusammen; Signifikanten, die einst mit emanzipatorischen sozialen Bewegungen und Theorien verbunden waren (z.B. Freiheit! oder Selbstbestimmung!), werden heute oft f\u00fcr einen nicht-emanzipatorischen und reaktion\u00e4ren Gebrauch verwendet. Was ist in der aktuellen Situation zu tun? Kann \u201eTheorie\u201c eine Orientierung bieten? Und wenn ja, wie?<\/p>\n<p>Das Panel \u201eIdeologiekritik. Heute!\u201c wird wichtige Theoretiker der Frankfurter Schule der Kritischen Theorie und der Ljubljana-Schule der Psychoanalyse zusammenbringen \u2013 jeder von ihnen pr\u00e4sentiert und spricht in seinem eigenen Namen und nicht als Vertreter einer Schule -, um die M\u00f6glichkeiten, Grenzen und Einsichten der verschiedenen Ans\u00e4tze zur Ideologiekritik heute, angesichts einer Welt in Unordnung, kritisch zu diskutieren und zu \u00fcberpr\u00fcfen. Nach einer Reihe von Er\u00f6ffnungsstatements wird sich das Podium u.a. mit der gegenw\u00e4rtigen Krise und den gegenw\u00e4rtigen Paradoxien von Autorit\u00e4t und Souver\u00e4nit\u00e4t befassen. Das Panel \u201eIdeologiekritik. Heute!\u201c ist Teil des Programms des Ehrengastlands Slowenien auf der Frankfurter Buchmesse 2023.<\/p>\n<p><strong>Die Veranstaltung findet in englischer Sprache statt.<\/strong><\/p>\n<p><strong>20. Oktober<\/strong><br \/>\nIdeologie Kritik. Heute!<br \/>\n<em>mit Mladen Dolar, Rainer Forst, Regina Kreide, Martin Saar, Slavoj<\/em><em> \u017di\u017eek und Alenka Zupan\u010di\u010d, Moderation: Frank Ruda<\/em><\/p>\n<p>\u2026\u2026\u2026\u2026\u2026\u2026\u2026\u2026\u2026\u2026\u2026\u2026\u2026\u2026\u2026\u2026\u2026..<\/p>\n<p><strong>19 Uhr<\/strong><br \/>\nGoethe-Universit\u00e4t, Campus Bockenheim, Adorno-H\u00f6rsaal VI,<br \/>\nGr\u00e4fstra\u00dfe 50 \u201354<\/p>","protected":false},"excerpt":{"rendered":"<p>Die gegenw\u00e4rtige Welt scheint in Unordnung zu sein: Eine drohende (oder vielmehr bereits eingetretene) \u00f6kologische Krise von noch nie dagewesenem Ausma\u00df steht in der gegenw\u00e4rtigen Lage neben noch nie dagewesenen [&hellip;]<\/p>\n","protected":false},"author":24,"featured_media":76848,"template":"","meta":{"_eb_attr":"","_price":"","_stock":"","_tribe_ticket_header":"","_tribe_default_ticket_provider":"","_ticket_start_date":"","_ticket_end_date":"","_tribe_ticket_show_description":"","_tribe_ticket_show_not_going":false,"_tribe_ticket_use_global_stock":"","_tribe_ticket_global_stock_level":"","_global_stock_mode":"","_global_stock_cap":"","_tribe_rsvp_for_event":"","_tribe_ticket_going_count":"","_tribe_ticket_not_going_count":"","_tribe_tickets_list":"[]","_tribe_ticket_has_attendee_info_fields":false,"_tribe_events_status":"","_tribe_events_status_reason":"","_tribe_events_is_hybrid":"","_tribe_events_is_virtual":"","_tribe_events_virtual_video_source":"","_tribe_events_virtual_embed_video":"","_tribe_events_virtual_linked_button_text":"","_tribe_events_virtual_linked_button":"","_tribe_events_virtual_show_embed_at":"","_tribe_events_virtual_show_embed_to":[],"_tribe_events_virtual_show_on_event":"","_tribe_events_virtual_show_on_views":"","_tribe_events_virtual_url":"","footnotes":"","_tec_slr_enabled":"","_tec_slr_layout":""},"tags":[],"tribe_events_cat":[121,218],"class_list":["post-75037","tribe_events","type-tribe_events","status-publish","has-post-thumbnail","hentry","tribe_events_cat-diskussionen","tribe_events_cat-podiumsgespraech","cat_diskussionen","cat_podiumsgespraech"],"yoast_head":"<!-- This site is optimized with the Yoast SEO plugin v27.5 - https:\/\/yoast.com\/product\/yoast-seo-wordpress\/ -->\n<title>Ideologiekritik. Heute! | Aktuelles aus der Goethe-Universit\u00e4t Frankfurt<\/title>\n<meta name=\"robots\" content=\"index, follow, max-snippet:-1, max-image-preview:large, max-video-preview:-1\" \/>\n<link rel=\"canonical\" href=\"https:\/\/aktuelles.uni-frankfurt.de\/en\/event\/ideologiekritik-heute\/\" \/>\n<meta property=\"og:locale\" content=\"en_GB\" \/>\n<meta property=\"og:type\" content=\"article\" \/>\n<meta property=\"og:title\" content=\"Ideologiekritik. Heute! | Aktuelles aus der Goethe-Universit\u00e4t Frankfurt\" \/>\n<meta property=\"og:description\" content=\"Die gegenw\u00e4rtige Welt scheint in Unordnung zu sein: Eine drohende (oder vielmehr bereits eingetretene) \u00f6kologische Krise von noch nie dagewesenem Ausma\u00df steht in der gegenw\u00e4rtigen Lage neben noch nie dagewesenen [&hellip;]\" \/>\n<meta property=\"og:url\" content=\"https:\/\/aktuelles.uni-frankfurt.de\/en\/event\/ideologiekritik-heute\/\" \/>\n<meta property=\"og:site_name\" content=\"Aktuelles aus der Goethe-Universit\u00e4t Frankfurt\" \/>\n<meta property=\"article:modified_time\" content=\"2023-10-16T15:56:59+00:00\" \/>\n<meta property=\"og:image\" content=\"https:\/\/aktuelles.uni-frankfurt.de\/wp-content\/uploads\/2023\/10\/Plakat_WS23_Ideologiekritik-jpg.webp\" \/>\n\t<meta property=\"og:image:width\" content=\"650\" \/>\n\t<meta property=\"og:image:height\" content=\"979\" \/>\n\t<meta property=\"og:image:type\" content=\"image\/jpeg\" \/>\n<meta name=\"twitter:card\" content=\"summary_large_image\" \/>\n<meta name=\"twitter:label1\" content=\"Estimated reading time\" \/>\n\t<meta name=\"twitter:data1\" content=\"1 minute\" \/>\n<script type=\"application\/ld+json\" class=\"yoast-schema-graph\">{\"@context\":\"https:\\\/\\\/schema.org\",\"@graph\":[{\"@type\":\"WebPage\",\"@id\":\"https:\\\/\\\/aktuelles.uni-frankfurt.de\\\/event\\\/ideologiekritik-heute\\\/\",\"url\":\"https:\\\/\\\/aktuelles.uni-frankfurt.de\\\/event\\\/ideologiekritik-heute\\\/\",\"name\":\"Ideologiekritik. Heute! | Aktuelles aus der Goethe-Universit\u00e4t Frankfurt\",\"isPartOf\":{\"@id\":\"https:\\\/\\\/aktuelles.uni-frankfurt.de\\\/#website\"},\"primaryImageOfPage\":{\"@id\":\"https:\\\/\\\/aktuelles.uni-frankfurt.de\\\/event\\\/ideologiekritik-heute\\\/#primaryimage\"},\"image\":{\"@id\":\"https:\\\/\\\/aktuelles.uni-frankfurt.de\\\/event\\\/ideologiekritik-heute\\\/#primaryimage\"},\"thumbnailUrl\":\"https:\\\/\\\/aktuelles.uni-frankfurt.de\\\/wp-content\\\/uploads\\\/2023\\\/10\\\/Plakat_WS23_Ideologiekritik-jpg.webp\",\"datePublished\":\"2023-10-02T08:29:18+00:00\",\"dateModified\":\"2023-10-16T15:56:59+00:00\",\"breadcrumb\":{\"@id\":\"https:\\\/\\\/aktuelles.uni-frankfurt.de\\\/event\\\/ideologiekritik-heute\\\/#breadcrumb\"},\"inLanguage\":\"en-GB\",\"potentialAction\":[{\"@type\":\"ReadAction\",\"target\":[\"https:\\\/\\\/aktuelles.uni-frankfurt.de\\\/event\\\/ideologiekritik-heute\\\/\"]}]},{\"@type\":\"ImageObject\",\"inLanguage\":\"en-GB\",\"@id\":\"https:\\\/\\\/aktuelles.uni-frankfurt.de\\\/event\\\/ideologiekritik-heute\\\/#primaryimage\",\"url\":\"https:\\\/\\\/aktuelles.uni-frankfurt.de\\\/wp-content\\\/uploads\\\/2023\\\/10\\\/Plakat_WS23_Ideologiekritik-jpg.webp\",\"contentUrl\":\"https:\\\/\\\/aktuelles.uni-frankfurt.de\\\/wp-content\\\/uploads\\\/2023\\\/10\\\/Plakat_WS23_Ideologiekritik-jpg.webp\",\"width\":650,\"height\":979},{\"@type\":\"BreadcrumbList\",\"@id\":\"https:\\\/\\\/aktuelles.uni-frankfurt.de\\\/event\\\/ideologiekritik-heute\\\/#breadcrumb\",\"itemListElement\":[{\"@type\":\"ListItem\",\"position\":1,\"name\":\"Startseite\",\"item\":\"https:\\\/\\\/aktuelles.uni-frankfurt.de\\\/\"},{\"@type\":\"ListItem\",\"position\":2,\"name\":\"Veranstaltungen\",\"item\":\"https:\\\/\\\/aktuelles.uni-frankfurt.de\\\/_events\\\/\"},{\"@type\":\"ListItem\",\"position\":3,\"name\":\"Ideologiekritik. Heute!\"}]},{\"@type\":\"WebSite\",\"@id\":\"https:\\\/\\\/aktuelles.uni-frankfurt.de\\\/#website\",\"url\":\"https:\\\/\\\/aktuelles.uni-frankfurt.de\\\/\",\"name\":\"Aktuelles aus der Goethe-Universit\u00e4t Frankfurt\",\"description\":\"Aktuelles aus der Goethe-Universit\u00e4t | Neues aus Forschung, Lehre, Studium\",\"publisher\":{\"@id\":\"https:\\\/\\\/aktuelles.uni-frankfurt.de\\\/#organization\"},\"potentialAction\":[{\"@type\":\"SearchAction\",\"target\":{\"@type\":\"EntryPoint\",\"urlTemplate\":\"https:\\\/\\\/aktuelles.uni-frankfurt.de\\\/?s={search_term_string}\"},\"query-input\":{\"@type\":\"PropertyValueSpecification\",\"valueRequired\":true,\"valueName\":\"search_term_string\"}}],\"inLanguage\":\"en-GB\"},{\"@type\":\"Organization\",\"@id\":\"https:\\\/\\\/aktuelles.uni-frankfurt.de\\\/#organization\",\"name\":\"Goethe-Universit\u00e4t\",\"url\":\"https:\\\/\\\/aktuelles.uni-frankfurt.de\\\/\",\"logo\":{\"@type\":\"ImageObject\",\"inLanguage\":\"en-GB\",\"@id\":\"https:\\\/\\\/aktuelles.uni-frankfurt.de\\\/#\\\/schema\\\/logo\\\/image\\\/\",\"url\":\"https:\\\/\\\/aktuelles.uni-frankfurt.de\\\/wp-content\\\/uploads\\\/2022\\\/03\\\/800px-Goethe-Logo.png\",\"contentUrl\":\"https:\\\/\\\/aktuelles.uni-frankfurt.de\\\/wp-content\\\/uploads\\\/2022\\\/03\\\/800px-Goethe-Logo.png\",\"width\":800,\"height\":436,\"caption\":\"Goethe-Universit\u00e4t\"},\"image\":{\"@id\":\"https:\\\/\\\/aktuelles.uni-frankfurt.de\\\/#\\\/schema\\\/logo\\\/image\\\/\"}}]}<\/script>\n<!-- \/ Yoast SEO plugin. -->","yoast_head_json":{"title":"Ideologiekritik. Heute! | Aktuelles aus der Goethe-Universit\u00e4t Frankfurt","robots":{"index":"index","follow":"follow","max-snippet":"max-snippet:-1","max-image-preview":"max-image-preview:large","max-video-preview":"max-video-preview:-1"},"canonical":"https:\/\/aktuelles.uni-frankfurt.de\/en\/event\/ideologiekritik-heute\/","og_locale":"en_GB","og_type":"article","og_title":"Ideologiekritik. Heute! | Aktuelles aus der Goethe-Universit\u00e4t Frankfurt","og_description":"Die gegenw\u00e4rtige Welt scheint in Unordnung zu sein: Eine drohende (oder vielmehr bereits eingetretene) \u00f6kologische Krise von noch nie dagewesenem Ausma\u00df steht in der gegenw\u00e4rtigen Lage neben noch nie dagewesenen [&hellip;]","og_url":"https:\/\/aktuelles.uni-frankfurt.de\/en\/event\/ideologiekritik-heute\/","og_site_name":"Aktuelles aus der Goethe-Universit\u00e4t Frankfurt","article_modified_time":"2023-10-16T15:56:59+00:00","og_image":[{"width":650,"height":979,"url":"https:\/\/aktuelles.uni-frankfurt.de\/wp-content\/uploads\/2023\/10\/Plakat_WS23_Ideologiekritik-jpg.webp","type":"image\/jpeg"}],"twitter_card":"summary_large_image","twitter_misc":{"Estimated reading time":"1 minute"},"schema":{"@context":"https:\/\/schema.org","@graph":[{"@type":"WebPage","@id":"https:\/\/aktuelles.uni-frankfurt.de\/event\/ideologiekritik-heute\/","url":"https:\/\/aktuelles.uni-frankfurt.de\/event\/ideologiekritik-heute\/","name":"Ideologiekritik. Heute! | Aktuelles aus der Goethe-Universit\u00e4t Frankfurt","isPartOf":{"@id":"https:\/\/aktuelles.uni-frankfurt.de\/#website"},"primaryImageOfPage":{"@id":"https:\/\/aktuelles.uni-frankfurt.de\/event\/ideologiekritik-heute\/#primaryimage"},"image":{"@id":"https:\/\/aktuelles.uni-frankfurt.de\/event\/ideologiekritik-heute\/#primaryimage"},"thumbnailUrl":"https:\/\/aktuelles.uni-frankfurt.de\/wp-content\/uploads\/2023\/10\/Plakat_WS23_Ideologiekritik-jpg.webp","datePublished":"2023-10-02T08:29:18+00:00","dateModified":"2023-10-16T15:56:59+00:00","breadcrumb":{"@id":"https:\/\/aktuelles.uni-frankfurt.de\/event\/ideologiekritik-heute\/#breadcrumb"},"inLanguage":"en-GB","potentialAction":[{"@type":"ReadAction","target":["https:\/\/aktuelles.uni-frankfurt.de\/event\/ideologiekritik-heute\/"]}]},{"@type":"ImageObject","inLanguage":"en-GB","@id":"https:\/\/aktuelles.uni-frankfurt.de\/event\/ideologiekritik-heute\/#primaryimage","url":"https:\/\/aktuelles.uni-frankfurt.de\/wp-content\/uploads\/2023\/10\/Plakat_WS23_Ideologiekritik-jpg.webp","contentUrl":"https:\/\/aktuelles.uni-frankfurt.de\/wp-content\/uploads\/2023\/10\/Plakat_WS23_Ideologiekritik-jpg.webp","width":650,"height":979},{"@type":"BreadcrumbList","@id":"https:\/\/aktuelles.uni-frankfurt.de\/event\/ideologiekritik-heute\/#breadcrumb","itemListElement":[{"@type":"ListItem","position":1,"name":"Startseite","item":"https:\/\/aktuelles.uni-frankfurt.de\/"},{"@type":"ListItem","position":2,"name":"Veranstaltungen","item":"https:\/\/aktuelles.uni-frankfurt.de\/_events\/"},{"@type":"ListItem","position":3,"name":"Ideologiekritik. Heute!"}]},{"@type":"WebSite","@id":"https:\/\/aktuelles.uni-frankfurt.de\/#website","url":"https:\/\/aktuelles.uni-frankfurt.de\/","name":"Aktuelles aus der Goethe-Universit\u00e4t Frankfurt","description":"Aktuelles aus der Goethe-Universit\u00e4t | Neues aus Forschung, Lehre, Studium","publisher":{"@id":"https:\/\/aktuelles.uni-frankfurt.de\/#organization"},"potentialAction":[{"@type":"SearchAction","target":{"@type":"EntryPoint","urlTemplate":"https:\/\/aktuelles.uni-frankfurt.de\/?s={search_term_string}"},"query-input":{"@type":"PropertyValueSpecification","valueRequired":true,"valueName":"search_term_string"}}],"inLanguage":"en-GB"},{"@type":"Organization","@id":"https:\/\/aktuelles.uni-frankfurt.de\/#organization","name":"Goethe University Frankfurt","url":"https:\/\/aktuelles.uni-frankfurt.de\/","logo":{"@type":"ImageObject","inLanguage":"en-GB","@id":"https:\/\/aktuelles.uni-frankfurt.de\/#\/schema\/logo\/image\/","url":"https:\/\/aktuelles.uni-frankfurt.de\/wp-content\/uploads\/2022\/03\/800px-Goethe-Logo.png","contentUrl":"https:\/\/aktuelles.uni-frankfurt.de\/wp-content\/uploads\/2022\/03\/800px-Goethe-Logo.png","width":800,"height":436,"caption":"Goethe-Universit\u00e4t"},"image":{"@id":"https:\/\/aktuelles.uni-frankfurt.de\/#\/schema\/logo\/image\/"}}]}},"ticketed":false,"_links":{"self":[{"href":"https:\/\/aktuelles.uni-frankfurt.de\/en\/wp-json\/wp\/v2\/tribe_events\/75037","targetHints":{"allow":["GET"]}}],"collection":[{"href":"https:\/\/aktuelles.uni-frankfurt.de\/en\/wp-json\/wp\/v2\/tribe_events"}],"about":[{"href":"https:\/\/aktuelles.uni-frankfurt.de\/en\/wp-json\/wp\/v2\/types\/tribe_events"}],"author":[{"embeddable":true,"href":"https:\/\/aktuelles.uni-frankfurt.de\/en\/wp-json\/wp\/v2\/users\/24"}],"version-history":[{"count":0,"href":"https:\/\/aktuelles.uni-frankfurt.de\/en\/wp-json\/wp\/v2\/tribe_events\/75037\/revisions"}],"wp:featuredmedia":[{"embeddable":true,"href":"https:\/\/aktuelles.uni-frankfurt.de\/en\/wp-json\/wp\/v2\/media\/76848"}],"wp:attachment":[{"href":"https:\/\/aktuelles.uni-frankfurt.de\/en\/wp-json\/wp\/v2\/media?parent=75037"}],"wp:term":[{"taxonomy":"post_tag","embeddable":true,"href":"https:\/\/aktuelles.uni-frankfurt.de\/en\/wp-json\/wp\/v2\/tags?post=75037"},{"taxonomy":"tribe_events_cat","embeddable":true,"href":"https:\/\/aktuelles.uni-frankfurt.de\/en\/wp-json\/wp\/v2\/tribe_events_cat?post=75037"}],"curies":[{"name":"wp","href":"https:\/\/api.w.org\/{rel}","templated":true}]}}