{"id":77733,"date":"2023-11-22T12:58:15","date_gmt":"2023-11-22T11:58:15","guid":{"rendered":"https:\/\/aktuelles.uni-frankfurt.de\/?post_type=tribe_events&#038;p=77733"},"modified":"2023-11-22T15:36:04","modified_gmt":"2023-11-22T14:36:04","slug":"workshop-emotionen-regulieren-mit-ton","status":"publish","type":"tribe_events","link":"https:\/\/aktuelles.uni-frankfurt.de\/en\/event\/workshop-emotionen-regulieren-mit-ton\/","title":{"rendered":"Workshop: &#8222;Emotionen regulieren mit Ton&#8220;"},"content":{"rendered":"<p>In einer Zeit, in der der Klimawandel und die Notwendigkeit von Nachhaltigkeit immer dr\u00e4ngender werden, m\u00f6chten wir einen Raum schaffen, in dem Emotionen Geh\u00f6r finden. In diesem 3-st\u00fcndigen Workshop k\u00f6nnen die Teilnehmenden nicht nur kreativ t\u00e4tig werden, sondern auch Emotionen in Bezug auf die Herausforderungen der Nachhaltigkeit ausdr\u00fccken. Emotionen in Bezug auf Nachhaltigkeit sind oft unterrepr\u00e4sentiert. Wut, Hoffnungslosigkeit, Angst und Perspektivlosigkeit sollen hier Platz finden, um verstanden und verarbeitet zu werden.<\/p>\n<p>In dem Workshop lernen die Teilnehmenden die Grundlagen der Arbeit mit Ton lernen und erkunden Gedanken und Gef\u00fchle bez\u00fcglich Nachhaltigkeit.<\/p>\n<p><strong>Der Workshop findet am 09.12.2023, 14:00-17:00 auf dem Westend Campus im Casino statt<\/strong>.<\/p>\n<p>Die Dringlichkeit der Nachhaltigkeit betrifft uns alle, unabh\u00e4ngig von Alter, Hintergrund oder Erfahrung. Daher richtet sich das Workshop an alle interessierten Menschen.<\/p>\n<p>Da die Pl\u00e4tze begrenzt sind, ist eine Anmeldung erforderlich.<\/p>\n<p>Weitere Infos und Anmeldung unter: <a href=\"mailto:PashmForoush@nachhaltigkeit.uni-frankfurt.de\">PashmForoush@nachhaltigkeit.uni-frankfurt.de<\/a><\/p>","protected":false},"excerpt":{"rendered":"<p>In einer Zeit, in der der Klimawandel und die Notwendigkeit von Nachhaltigkeit immer dr\u00e4ngender werden, m\u00f6chten wir einen Raum schaffen, in dem Emotionen Geh\u00f6r finden. In diesem 3-st\u00fcndigen Workshop k\u00f6nnen [&hellip;]<\/p>\n","protected":false},"author":2,"featured_media":77746,"template":"","meta":{"_eb_attr":"","_price":"","_stock":"","_tribe_ticket_header":"","_tribe_default_ticket_provider":"","_ticket_start_date":"","_ticket_end_date":"","_tribe_ticket_show_description":"","_tribe_ticket_show_not_going":false,"_tribe_ticket_use_global_stock":"","_tribe_ticket_global_stock_level":"","_global_stock_mode":"","_global_stock_cap":"","_tribe_rsvp_for_event":"","_tribe_ticket_going_count":"","_tribe_ticket_not_going_count":"","_tribe_tickets_list":"[]","_tribe_ticket_has_attendee_info_fields":false,"_tribe_events_status":"","_tribe_events_status_reason":"","_tribe_events_is_hybrid":"","_tribe_events_is_virtual":"","_tribe_events_virtual_video_source":"","_tribe_events_virtual_embed_video":"","_tribe_events_virtual_linked_button_text":"","_tribe_events_virtual_linked_button":"","_tribe_events_virtual_show_embed_at":"","_tribe_events_virtual_show_embed_to":[],"_tribe_events_virtual_show_on_event":"","_tribe_events_virtual_show_on_views":"","_tribe_events_virtual_url":"","footnotes":"","_tec_slr_enabled":"","_tec_slr_layout":""},"tags":[],"tribe_events_cat":[125],"class_list":["post-77733","tribe_events","type-tribe_events","status-publish","has-post-thumbnail","hentry","tribe_events_cat-workshops","cat_workshops"],"yoast_head":"<!-- This site is optimized with the Yoast SEO plugin v27.5 - https:\/\/yoast.com\/product\/yoast-seo-wordpress\/ -->\n<title>Workshop: &quot;Emotionen regulieren mit Ton&quot; | Aktuelles aus der Goethe-Universit\u00e4t Frankfurt<\/title>\n<meta name=\"robots\" content=\"index, follow, max-snippet:-1, max-image-preview:large, max-video-preview:-1\" \/>\n<link rel=\"canonical\" href=\"https:\/\/aktuelles.uni-frankfurt.de\/en\/event\/workshop-emotionen-regulieren-mit-ton\/\" \/>\n<meta property=\"og:locale\" content=\"en_GB\" \/>\n<meta property=\"og:type\" content=\"article\" \/>\n<meta property=\"og:title\" content=\"Workshop: &quot;Emotionen regulieren mit Ton&quot; | Aktuelles aus der Goethe-Universit\u00e4t Frankfurt\" \/>\n<meta property=\"og:description\" content=\"In einer Zeit, in der der Klimawandel und die Notwendigkeit von Nachhaltigkeit immer dr\u00e4ngender werden, m\u00f6chten wir einen Raum schaffen, in dem Emotionen Geh\u00f6r finden. In diesem 3-st\u00fcndigen Workshop k\u00f6nnen [&hellip;]\" \/>\n<meta property=\"og:url\" content=\"https:\/\/aktuelles.uni-frankfurt.de\/en\/event\/workshop-emotionen-regulieren-mit-ton\/\" \/>\n<meta property=\"og:site_name\" content=\"Aktuelles aus der Goethe-Universit\u00e4t Frankfurt\" \/>\n<meta property=\"article:modified_time\" content=\"2023-11-22T14:36:04+00:00\" \/>\n<meta property=\"og:image\" content=\"https:\/\/aktuelles.uni-frankfurt.de\/wp-content\/uploads\/2023\/11\/plakat_event_Emotionen-regulieren-mit-Ton-jpg.webp\" \/>\n\t<meta property=\"og:image:width\" content=\"650\" \/>\n\t<meta property=\"og:image:height\" content=\"919\" \/>\n\t<meta property=\"og:image:type\" content=\"image\/jpeg\" \/>\n<meta name=\"twitter:card\" content=\"summary_large_image\" \/>\n<meta name=\"twitter:label1\" content=\"Estimated reading time\" \/>\n\t<meta name=\"twitter:data1\" content=\"1 minute\" \/>\n<script type=\"application\/ld+json\" class=\"yoast-schema-graph\">{\"@context\":\"https:\\\/\\\/schema.org\",\"@graph\":[{\"@type\":\"WebPage\",\"@id\":\"https:\\\/\\\/aktuelles.uni-frankfurt.de\\\/event\\\/workshop-emotionen-regulieren-mit-ton\\\/\",\"url\":\"https:\\\/\\\/aktuelles.uni-frankfurt.de\\\/event\\\/workshop-emotionen-regulieren-mit-ton\\\/\",\"name\":\"Workshop: \\\"Emotionen regulieren mit Ton\\\" | Aktuelles aus der Goethe-Universit\u00e4t Frankfurt\",\"isPartOf\":{\"@id\":\"https:\\\/\\\/aktuelles.uni-frankfurt.de\\\/#website\"},\"primaryImageOfPage\":{\"@id\":\"https:\\\/\\\/aktuelles.uni-frankfurt.de\\\/event\\\/workshop-emotionen-regulieren-mit-ton\\\/#primaryimage\"},\"image\":{\"@id\":\"https:\\\/\\\/aktuelles.uni-frankfurt.de\\\/event\\\/workshop-emotionen-regulieren-mit-ton\\\/#primaryimage\"},\"thumbnailUrl\":\"https:\\\/\\\/aktuelles.uni-frankfurt.de\\\/wp-content\\\/uploads\\\/2023\\\/11\\\/plakat_event_Emotionen-regulieren-mit-Ton-jpg.webp\",\"datePublished\":\"2023-11-22T11:58:15+00:00\",\"dateModified\":\"2023-11-22T14:36:04+00:00\",\"breadcrumb\":{\"@id\":\"https:\\\/\\\/aktuelles.uni-frankfurt.de\\\/event\\\/workshop-emotionen-regulieren-mit-ton\\\/#breadcrumb\"},\"inLanguage\":\"en-GB\",\"potentialAction\":[{\"@type\":\"ReadAction\",\"target\":[\"https:\\\/\\\/aktuelles.uni-frankfurt.de\\\/event\\\/workshop-emotionen-regulieren-mit-ton\\\/\"]}]},{\"@type\":\"ImageObject\",\"inLanguage\":\"en-GB\",\"@id\":\"https:\\\/\\\/aktuelles.uni-frankfurt.de\\\/event\\\/workshop-emotionen-regulieren-mit-ton\\\/#primaryimage\",\"url\":\"https:\\\/\\\/aktuelles.uni-frankfurt.de\\\/wp-content\\\/uploads\\\/2023\\\/11\\\/plakat_event_Emotionen-regulieren-mit-Ton-jpg.webp\",\"contentUrl\":\"https:\\\/\\\/aktuelles.uni-frankfurt.de\\\/wp-content\\\/uploads\\\/2023\\\/11\\\/plakat_event_Emotionen-regulieren-mit-Ton-jpg.webp\",\"width\":650,\"height\":919},{\"@type\":\"BreadcrumbList\",\"@id\":\"https:\\\/\\\/aktuelles.uni-frankfurt.de\\\/event\\\/workshop-emotionen-regulieren-mit-ton\\\/#breadcrumb\",\"itemListElement\":[{\"@type\":\"ListItem\",\"position\":1,\"name\":\"Startseite\",\"item\":\"https:\\\/\\\/aktuelles.uni-frankfurt.de\\\/\"},{\"@type\":\"ListItem\",\"position\":2,\"name\":\"Veranstaltungen\",\"item\":\"https:\\\/\\\/aktuelles.uni-frankfurt.de\\\/_events\\\/\"},{\"@type\":\"ListItem\",\"position\":3,\"name\":\"Workshop: &#8220;Emotionen regulieren mit Ton&#8221;\"}]},{\"@type\":\"WebSite\",\"@id\":\"https:\\\/\\\/aktuelles.uni-frankfurt.de\\\/#website\",\"url\":\"https:\\\/\\\/aktuelles.uni-frankfurt.de\\\/\",\"name\":\"Aktuelles aus der Goethe-Universit\u00e4t Frankfurt\",\"description\":\"Aktuelles aus der Goethe-Universit\u00e4t | Neues aus Forschung, Lehre, Studium\",\"publisher\":{\"@id\":\"https:\\\/\\\/aktuelles.uni-frankfurt.de\\\/#organization\"},\"potentialAction\":[{\"@type\":\"SearchAction\",\"target\":{\"@type\":\"EntryPoint\",\"urlTemplate\":\"https:\\\/\\\/aktuelles.uni-frankfurt.de\\\/?s={search_term_string}\"},\"query-input\":{\"@type\":\"PropertyValueSpecification\",\"valueRequired\":true,\"valueName\":\"search_term_string\"}}],\"inLanguage\":\"en-GB\"},{\"@type\":\"Organization\",\"@id\":\"https:\\\/\\\/aktuelles.uni-frankfurt.de\\\/#organization\",\"name\":\"Goethe-Universit\u00e4t\",\"url\":\"https:\\\/\\\/aktuelles.uni-frankfurt.de\\\/\",\"logo\":{\"@type\":\"ImageObject\",\"inLanguage\":\"en-GB\",\"@id\":\"https:\\\/\\\/aktuelles.uni-frankfurt.de\\\/#\\\/schema\\\/logo\\\/image\\\/\",\"url\":\"https:\\\/\\\/aktuelles.uni-frankfurt.de\\\/wp-content\\\/uploads\\\/2022\\\/03\\\/800px-Goethe-Logo.png\",\"contentUrl\":\"https:\\\/\\\/aktuelles.uni-frankfurt.de\\\/wp-content\\\/uploads\\\/2022\\\/03\\\/800px-Goethe-Logo.png\",\"width\":800,\"height\":436,\"caption\":\"Goethe-Universit\u00e4t\"},\"image\":{\"@id\":\"https:\\\/\\\/aktuelles.uni-frankfurt.de\\\/#\\\/schema\\\/logo\\\/image\\\/\"}}]}<\/script>\n<!-- \/ Yoast SEO plugin. -->","yoast_head_json":{"title":"Workshop: \"Emotionen regulieren mit Ton\" | Aktuelles aus der Goethe-Universit\u00e4t Frankfurt","robots":{"index":"index","follow":"follow","max-snippet":"max-snippet:-1","max-image-preview":"max-image-preview:large","max-video-preview":"max-video-preview:-1"},"canonical":"https:\/\/aktuelles.uni-frankfurt.de\/en\/event\/workshop-emotionen-regulieren-mit-ton\/","og_locale":"en_GB","og_type":"article","og_title":"Workshop: \"Emotionen regulieren mit Ton\" | Aktuelles aus der Goethe-Universit\u00e4t Frankfurt","og_description":"In einer Zeit, in der der Klimawandel und die Notwendigkeit von Nachhaltigkeit immer dr\u00e4ngender werden, m\u00f6chten wir einen Raum schaffen, in dem Emotionen Geh\u00f6r finden. In diesem 3-st\u00fcndigen Workshop k\u00f6nnen [&hellip;]","og_url":"https:\/\/aktuelles.uni-frankfurt.de\/en\/event\/workshop-emotionen-regulieren-mit-ton\/","og_site_name":"Aktuelles aus der Goethe-Universit\u00e4t Frankfurt","article_modified_time":"2023-11-22T14:36:04+00:00","og_image":[{"width":650,"height":919,"url":"https:\/\/aktuelles.uni-frankfurt.de\/wp-content\/uploads\/2023\/11\/plakat_event_Emotionen-regulieren-mit-Ton-jpg.webp","type":"image\/jpeg"}],"twitter_card":"summary_large_image","twitter_misc":{"Estimated reading time":"1 minute"},"schema":{"@context":"https:\/\/schema.org","@graph":[{"@type":"WebPage","@id":"https:\/\/aktuelles.uni-frankfurt.de\/event\/workshop-emotionen-regulieren-mit-ton\/","url":"https:\/\/aktuelles.uni-frankfurt.de\/event\/workshop-emotionen-regulieren-mit-ton\/","name":"Workshop: \"Emotionen regulieren mit Ton\" | Aktuelles aus der Goethe-Universit\u00e4t Frankfurt","isPartOf":{"@id":"https:\/\/aktuelles.uni-frankfurt.de\/#website"},"primaryImageOfPage":{"@id":"https:\/\/aktuelles.uni-frankfurt.de\/event\/workshop-emotionen-regulieren-mit-ton\/#primaryimage"},"image":{"@id":"https:\/\/aktuelles.uni-frankfurt.de\/event\/workshop-emotionen-regulieren-mit-ton\/#primaryimage"},"thumbnailUrl":"https:\/\/aktuelles.uni-frankfurt.de\/wp-content\/uploads\/2023\/11\/plakat_event_Emotionen-regulieren-mit-Ton-jpg.webp","datePublished":"2023-11-22T11:58:15+00:00","dateModified":"2023-11-22T14:36:04+00:00","breadcrumb":{"@id":"https:\/\/aktuelles.uni-frankfurt.de\/event\/workshop-emotionen-regulieren-mit-ton\/#breadcrumb"},"inLanguage":"en-GB","potentialAction":[{"@type":"ReadAction","target":["https:\/\/aktuelles.uni-frankfurt.de\/event\/workshop-emotionen-regulieren-mit-ton\/"]}]},{"@type":"ImageObject","inLanguage":"en-GB","@id":"https:\/\/aktuelles.uni-frankfurt.de\/event\/workshop-emotionen-regulieren-mit-ton\/#primaryimage","url":"https:\/\/aktuelles.uni-frankfurt.de\/wp-content\/uploads\/2023\/11\/plakat_event_Emotionen-regulieren-mit-Ton-jpg.webp","contentUrl":"https:\/\/aktuelles.uni-frankfurt.de\/wp-content\/uploads\/2023\/11\/plakat_event_Emotionen-regulieren-mit-Ton-jpg.webp","width":650,"height":919},{"@type":"BreadcrumbList","@id":"https:\/\/aktuelles.uni-frankfurt.de\/event\/workshop-emotionen-regulieren-mit-ton\/#breadcrumb","itemListElement":[{"@type":"ListItem","position":1,"name":"Startseite","item":"https:\/\/aktuelles.uni-frankfurt.de\/"},{"@type":"ListItem","position":2,"name":"Veranstaltungen","item":"https:\/\/aktuelles.uni-frankfurt.de\/_events\/"},{"@type":"ListItem","position":3,"name":"Workshop: &#8220;Emotionen regulieren mit Ton&#8221;"}]},{"@type":"WebSite","@id":"https:\/\/aktuelles.uni-frankfurt.de\/#website","url":"https:\/\/aktuelles.uni-frankfurt.de\/","name":"Aktuelles aus der Goethe-Universit\u00e4t Frankfurt","description":"Aktuelles aus der Goethe-Universit\u00e4t | Neues aus Forschung, Lehre, Studium","publisher":{"@id":"https:\/\/aktuelles.uni-frankfurt.de\/#organization"},"potentialAction":[{"@type":"SearchAction","target":{"@type":"EntryPoint","urlTemplate":"https:\/\/aktuelles.uni-frankfurt.de\/?s={search_term_string}"},"query-input":{"@type":"PropertyValueSpecification","valueRequired":true,"valueName":"search_term_string"}}],"inLanguage":"en-GB"},{"@type":"Organization","@id":"https:\/\/aktuelles.uni-frankfurt.de\/#organization","name":"Goethe University Frankfurt","url":"https:\/\/aktuelles.uni-frankfurt.de\/","logo":{"@type":"ImageObject","inLanguage":"en-GB","@id":"https:\/\/aktuelles.uni-frankfurt.de\/#\/schema\/logo\/image\/","url":"https:\/\/aktuelles.uni-frankfurt.de\/wp-content\/uploads\/2022\/03\/800px-Goethe-Logo.png","contentUrl":"https:\/\/aktuelles.uni-frankfurt.de\/wp-content\/uploads\/2022\/03\/800px-Goethe-Logo.png","width":800,"height":436,"caption":"Goethe-Universit\u00e4t"},"image":{"@id":"https:\/\/aktuelles.uni-frankfurt.de\/#\/schema\/logo\/image\/"}}]}},"ticketed":false,"_links":{"self":[{"href":"https:\/\/aktuelles.uni-frankfurt.de\/en\/wp-json\/wp\/v2\/tribe_events\/77733","targetHints":{"allow":["GET"]}}],"collection":[{"href":"https:\/\/aktuelles.uni-frankfurt.de\/en\/wp-json\/wp\/v2\/tribe_events"}],"about":[{"href":"https:\/\/aktuelles.uni-frankfurt.de\/en\/wp-json\/wp\/v2\/types\/tribe_events"}],"author":[{"embeddable":true,"href":"https:\/\/aktuelles.uni-frankfurt.de\/en\/wp-json\/wp\/v2\/users\/2"}],"version-history":[{"count":0,"href":"https:\/\/aktuelles.uni-frankfurt.de\/en\/wp-json\/wp\/v2\/tribe_events\/77733\/revisions"}],"wp:featuredmedia":[{"embeddable":true,"href":"https:\/\/aktuelles.uni-frankfurt.de\/en\/wp-json\/wp\/v2\/media\/77746"}],"wp:attachment":[{"href":"https:\/\/aktuelles.uni-frankfurt.de\/en\/wp-json\/wp\/v2\/media?parent=77733"}],"wp:term":[{"taxonomy":"post_tag","embeddable":true,"href":"https:\/\/aktuelles.uni-frankfurt.de\/en\/wp-json\/wp\/v2\/tags?post=77733"},{"taxonomy":"tribe_events_cat","embeddable":true,"href":"https:\/\/aktuelles.uni-frankfurt.de\/en\/wp-json\/wp\/v2\/tribe_events_cat?post=77733"}],"curies":[{"name":"wp","href":"https:\/\/api.w.org\/{rel}","templated":true}]}}