{"id":80238,"date":"2024-07-05T11:40:32","date_gmt":"2024-07-05T09:40:32","guid":{"rendered":"https:\/\/aktuelles.uni-frankfurt.de\/?post_type=tribe_events&#038;p=80238"},"modified":"2024-07-05T11:41:15","modified_gmt":"2024-07-05T09:41:15","slug":"rainbow-day-die-queere-karrieremesse","status":"publish","type":"tribe_events","link":"https:\/\/aktuelles.uni-frankfurt.de\/en\/event\/rainbow-day-die-queere-karrieremesse\/","title":{"rendered":"Rainbow-Day \u2013 die queere Karrieremesse"},"content":{"rendered":"<p>SAVE THE DATE<\/p>\n<p>Am 18.07. findet zum zweiten Mal der Rainbow-Day von 10-16 Uhr am Campus Westend statt \u2013 Die Karriere- und Kontaktmesse f\u00fcr alle, die Vielfalt leben und sch\u00e4tzen. Kommen Sie vorbei, treffen Sie weltoffene und moderne Arbeitgeber*innen der Region, f\u00fchren Sie Gespr\u00e4che auf Augenh\u00f6he und machen Sie Ihre Karriere startklar!<\/p>\n<p><strong>Wann:<\/strong>\u00a0Donnerstag, 18.07.24, 10-16 Uhr, Pr\u00e4senzmesse (ohne Voranmeldung)<\/p>\n<p><strong>Wer:\u00a0<\/strong>Rund 60 moderne\u00a0<a href=\"https:\/\/rainbow-day.de\/ausstellende-rainbow-day-frankfurt-2024\/\" target=\"_blank\" rel=\"noopener noreferrer\">Ausstellende<\/a>\u00a0stehen zu Standgespr\u00e4chen zur Verf\u00fcgung<\/p>\n<p><strong>Wie<\/strong>:\u00a0Der Rainbow-Day ist bewusst ein Format der Akzeptanz und Weltoffenheit, come-as-you-are!<\/p>\n<p><strong>Was (noch):<\/strong>\u00a0Neben den Standgespr\u00e4chen findet ein spannendes\u00a0<a href=\"https:\/\/rainbow-day.de\/rahmenprogramm-frankfurt-18-07\/\" target=\"_blank\" rel=\"noopener noreferrer\">Rahmenprogramm<\/a>\u00a0statt, mit Vortr\u00e4gen, Karriereberatung und einem bunten Panel<\/p>\n<p><strong>Weitere Informationen finden Sie unter\u00a0<\/strong><a href=\"https:\/\/rainbow-day.de\/informationen-fuer-besuchende-frankfurt-2024\/#willkommen\" target=\"_blank\" rel=\"noopener noreferrer\"><strong>diesem Link<\/strong><\/a><strong>.\u00a0<\/strong><\/p>\n<p>Wir freuen uns \u00fcber Ihr Interesse und Ihre Teilnahme!<\/p>","protected":false},"excerpt":{"rendered":"<p>SAVE THE DATE Am 18.07. findet zum zweiten Mal der Rainbow-Day von 10-16 Uhr am Campus Westend statt \u2013 Die Karriere- und Kontaktmesse f\u00fcr alle, die Vielfalt leben und sch\u00e4tzen. [&hellip;]<\/p>\n","protected":false},"author":30,"featured_media":80239,"template":"","meta":{"_eb_attr":"","_price":"","_stock":"","_tribe_ticket_header":"","_tribe_default_ticket_provider":"","_ticket_start_date":"","_ticket_end_date":"","_tribe_ticket_show_description":"","_tribe_ticket_show_not_going":false,"_tribe_ticket_use_global_stock":"","_tribe_ticket_global_stock_level":"","_global_stock_mode":"","_global_stock_cap":"","_tribe_rsvp_for_event":"","_tribe_ticket_going_count":"","_tribe_ticket_not_going_count":"","_tribe_tickets_list":"[]","_tribe_ticket_has_attendee_info_fields":false,"_tribe_events_status":"","_tribe_events_status_reason":"","_tribe_events_is_hybrid":"","_tribe_events_is_virtual":"","_tribe_events_virtual_video_source":"","_tribe_events_virtual_embed_video":"","_tribe_events_virtual_linked_button_text":"","_tribe_events_virtual_linked_button":"","_tribe_events_virtual_show_embed_at":"","_tribe_events_virtual_show_embed_to":[],"_tribe_events_virtual_show_on_event":"","_tribe_events_virtual_show_on_views":"","_tribe_events_virtual_url":"","footnotes":"","_tec_slr_enabled":"","_tec_slr_layout":""},"tags":[],"tribe_events_cat":[118,114],"class_list":["post-80238","tribe_events","type-tribe_events","status-publish","has-post-thumbnail","hentry","tribe_events_cat-ausstellungen","tribe_events_cat-vortraege","cat_ausstellungen","cat_vortraege"],"yoast_head":"<!-- This site is optimized with the Yoast SEO plugin v27.5 - https:\/\/yoast.com\/product\/yoast-seo-wordpress\/ -->\n<title>Rainbow-Day \u2013 die queere Karrieremesse | Aktuelles aus der Goethe-Universit\u00e4t Frankfurt<\/title>\n<meta name=\"robots\" content=\"index, follow, max-snippet:-1, max-image-preview:large, max-video-preview:-1\" \/>\n<link rel=\"canonical\" href=\"https:\/\/aktuelles.uni-frankfurt.de\/en\/event\/rainbow-day-die-queere-karrieremesse\/\" \/>\n<meta property=\"og:locale\" content=\"en_GB\" \/>\n<meta property=\"og:type\" content=\"article\" \/>\n<meta property=\"og:title\" content=\"Rainbow-Day \u2013 die queere Karrieremesse | Aktuelles aus der Goethe-Universit\u00e4t Frankfurt\" \/>\n<meta property=\"og:description\" content=\"SAVE THE DATE Am 18.07. findet zum zweiten Mal der Rainbow-Day von 10-16 Uhr am Campus Westend statt \u2013 Die Karriere- und Kontaktmesse f\u00fcr alle, die Vielfalt leben und sch\u00e4tzen. [&hellip;]\" \/>\n<meta property=\"og:url\" content=\"https:\/\/aktuelles.uni-frankfurt.de\/en\/event\/rainbow-day-die-queere-karrieremesse\/\" \/>\n<meta property=\"og:site_name\" content=\"Aktuelles aus der Goethe-Universit\u00e4t Frankfurt\" \/>\n<meta property=\"article:modified_time\" content=\"2024-07-05T09:41:15+00:00\" \/>\n<meta property=\"og:image\" content=\"https:\/\/aktuelles.uni-frankfurt.de\/wp-content\/uploads\/2024\/07\/rbd_ffm_400x200.png\" \/>\n\t<meta property=\"og:image:width\" content=\"800\" \/>\n\t<meta property=\"og:image:height\" content=\"400\" \/>\n\t<meta property=\"og:image:type\" content=\"image\/png\" \/>\n<meta name=\"twitter:card\" content=\"summary_large_image\" \/>\n<meta name=\"twitter:label1\" content=\"Estimated reading time\" \/>\n\t<meta name=\"twitter:data1\" content=\"1 minute\" \/>\n<script type=\"application\/ld+json\" class=\"yoast-schema-graph\">{\"@context\":\"https:\\\/\\\/schema.org\",\"@graph\":[{\"@type\":\"WebPage\",\"@id\":\"https:\\\/\\\/aktuelles.uni-frankfurt.de\\\/event\\\/rainbow-day-die-queere-karrieremesse\\\/\",\"url\":\"https:\\\/\\\/aktuelles.uni-frankfurt.de\\\/event\\\/rainbow-day-die-queere-karrieremesse\\\/\",\"name\":\"Rainbow-Day \u2013 die queere Karrieremesse | Aktuelles aus der Goethe-Universit\u00e4t Frankfurt\",\"isPartOf\":{\"@id\":\"https:\\\/\\\/aktuelles.uni-frankfurt.de\\\/#website\"},\"primaryImageOfPage\":{\"@id\":\"https:\\\/\\\/aktuelles.uni-frankfurt.de\\\/event\\\/rainbow-day-die-queere-karrieremesse\\\/#primaryimage\"},\"image\":{\"@id\":\"https:\\\/\\\/aktuelles.uni-frankfurt.de\\\/event\\\/rainbow-day-die-queere-karrieremesse\\\/#primaryimage\"},\"thumbnailUrl\":\"https:\\\/\\\/aktuelles.uni-frankfurt.de\\\/wp-content\\\/uploads\\\/2024\\\/07\\\/rbd_ffm_400x200.png\",\"datePublished\":\"2024-07-05T09:40:32+00:00\",\"dateModified\":\"2024-07-05T09:41:15+00:00\",\"breadcrumb\":{\"@id\":\"https:\\\/\\\/aktuelles.uni-frankfurt.de\\\/event\\\/rainbow-day-die-queere-karrieremesse\\\/#breadcrumb\"},\"inLanguage\":\"en-GB\",\"potentialAction\":[{\"@type\":\"ReadAction\",\"target\":[\"https:\\\/\\\/aktuelles.uni-frankfurt.de\\\/event\\\/rainbow-day-die-queere-karrieremesse\\\/\"]}]},{\"@type\":\"ImageObject\",\"inLanguage\":\"en-GB\",\"@id\":\"https:\\\/\\\/aktuelles.uni-frankfurt.de\\\/event\\\/rainbow-day-die-queere-karrieremesse\\\/#primaryimage\",\"url\":\"https:\\\/\\\/aktuelles.uni-frankfurt.de\\\/wp-content\\\/uploads\\\/2024\\\/07\\\/rbd_ffm_400x200.png\",\"contentUrl\":\"https:\\\/\\\/aktuelles.uni-frankfurt.de\\\/wp-content\\\/uploads\\\/2024\\\/07\\\/rbd_ffm_400x200.png\",\"width\":800,\"height\":400},{\"@type\":\"BreadcrumbList\",\"@id\":\"https:\\\/\\\/aktuelles.uni-frankfurt.de\\\/event\\\/rainbow-day-die-queere-karrieremesse\\\/#breadcrumb\",\"itemListElement\":[{\"@type\":\"ListItem\",\"position\":1,\"name\":\"Startseite\",\"item\":\"https:\\\/\\\/aktuelles.uni-frankfurt.de\\\/\"},{\"@type\":\"ListItem\",\"position\":2,\"name\":\"Veranstaltungen\",\"item\":\"https:\\\/\\\/aktuelles.uni-frankfurt.de\\\/_events\\\/\"},{\"@type\":\"ListItem\",\"position\":3,\"name\":\"Rainbow-Day \u2013 die queere Karrieremesse\"}]},{\"@type\":\"WebSite\",\"@id\":\"https:\\\/\\\/aktuelles.uni-frankfurt.de\\\/#website\",\"url\":\"https:\\\/\\\/aktuelles.uni-frankfurt.de\\\/\",\"name\":\"Aktuelles aus der Goethe-Universit\u00e4t Frankfurt\",\"description\":\"Aktuelles aus der Goethe-Universit\u00e4t | Neues aus Forschung, Lehre, Studium\",\"publisher\":{\"@id\":\"https:\\\/\\\/aktuelles.uni-frankfurt.de\\\/#organization\"},\"potentialAction\":[{\"@type\":\"SearchAction\",\"target\":{\"@type\":\"EntryPoint\",\"urlTemplate\":\"https:\\\/\\\/aktuelles.uni-frankfurt.de\\\/?s={search_term_string}\"},\"query-input\":{\"@type\":\"PropertyValueSpecification\",\"valueRequired\":true,\"valueName\":\"search_term_string\"}}],\"inLanguage\":\"en-GB\"},{\"@type\":\"Organization\",\"@id\":\"https:\\\/\\\/aktuelles.uni-frankfurt.de\\\/#organization\",\"name\":\"Goethe-Universit\u00e4t\",\"url\":\"https:\\\/\\\/aktuelles.uni-frankfurt.de\\\/\",\"logo\":{\"@type\":\"ImageObject\",\"inLanguage\":\"en-GB\",\"@id\":\"https:\\\/\\\/aktuelles.uni-frankfurt.de\\\/#\\\/schema\\\/logo\\\/image\\\/\",\"url\":\"https:\\\/\\\/aktuelles.uni-frankfurt.de\\\/wp-content\\\/uploads\\\/2022\\\/03\\\/800px-Goethe-Logo.png\",\"contentUrl\":\"https:\\\/\\\/aktuelles.uni-frankfurt.de\\\/wp-content\\\/uploads\\\/2022\\\/03\\\/800px-Goethe-Logo.png\",\"width\":800,\"height\":436,\"caption\":\"Goethe-Universit\u00e4t\"},\"image\":{\"@id\":\"https:\\\/\\\/aktuelles.uni-frankfurt.de\\\/#\\\/schema\\\/logo\\\/image\\\/\"}}]}<\/script>\n<!-- \/ Yoast SEO plugin. -->","yoast_head_json":{"title":"Rainbow-Day \u2013 die queere Karrieremesse | Aktuelles aus der Goethe-Universit\u00e4t Frankfurt","robots":{"index":"index","follow":"follow","max-snippet":"max-snippet:-1","max-image-preview":"max-image-preview:large","max-video-preview":"max-video-preview:-1"},"canonical":"https:\/\/aktuelles.uni-frankfurt.de\/en\/event\/rainbow-day-die-queere-karrieremesse\/","og_locale":"en_GB","og_type":"article","og_title":"Rainbow-Day \u2013 die queere Karrieremesse | Aktuelles aus der Goethe-Universit\u00e4t Frankfurt","og_description":"SAVE THE DATE Am 18.07. findet zum zweiten Mal der Rainbow-Day von 10-16 Uhr am Campus Westend statt \u2013 Die Karriere- und Kontaktmesse f\u00fcr alle, die Vielfalt leben und sch\u00e4tzen. [&hellip;]","og_url":"https:\/\/aktuelles.uni-frankfurt.de\/en\/event\/rainbow-day-die-queere-karrieremesse\/","og_site_name":"Aktuelles aus der Goethe-Universit\u00e4t Frankfurt","article_modified_time":"2024-07-05T09:41:15+00:00","og_image":[{"width":800,"height":400,"url":"https:\/\/aktuelles.uni-frankfurt.de\/wp-content\/uploads\/2024\/07\/rbd_ffm_400x200.png","type":"image\/png"}],"twitter_card":"summary_large_image","twitter_misc":{"Estimated reading time":"1 minute"},"schema":{"@context":"https:\/\/schema.org","@graph":[{"@type":"WebPage","@id":"https:\/\/aktuelles.uni-frankfurt.de\/event\/rainbow-day-die-queere-karrieremesse\/","url":"https:\/\/aktuelles.uni-frankfurt.de\/event\/rainbow-day-die-queere-karrieremesse\/","name":"Rainbow-Day \u2013 die queere Karrieremesse | Aktuelles aus der Goethe-Universit\u00e4t Frankfurt","isPartOf":{"@id":"https:\/\/aktuelles.uni-frankfurt.de\/#website"},"primaryImageOfPage":{"@id":"https:\/\/aktuelles.uni-frankfurt.de\/event\/rainbow-day-die-queere-karrieremesse\/#primaryimage"},"image":{"@id":"https:\/\/aktuelles.uni-frankfurt.de\/event\/rainbow-day-die-queere-karrieremesse\/#primaryimage"},"thumbnailUrl":"https:\/\/aktuelles.uni-frankfurt.de\/wp-content\/uploads\/2024\/07\/rbd_ffm_400x200.png","datePublished":"2024-07-05T09:40:32+00:00","dateModified":"2024-07-05T09:41:15+00:00","breadcrumb":{"@id":"https:\/\/aktuelles.uni-frankfurt.de\/event\/rainbow-day-die-queere-karrieremesse\/#breadcrumb"},"inLanguage":"en-GB","potentialAction":[{"@type":"ReadAction","target":["https:\/\/aktuelles.uni-frankfurt.de\/event\/rainbow-day-die-queere-karrieremesse\/"]}]},{"@type":"ImageObject","inLanguage":"en-GB","@id":"https:\/\/aktuelles.uni-frankfurt.de\/event\/rainbow-day-die-queere-karrieremesse\/#primaryimage","url":"https:\/\/aktuelles.uni-frankfurt.de\/wp-content\/uploads\/2024\/07\/rbd_ffm_400x200.png","contentUrl":"https:\/\/aktuelles.uni-frankfurt.de\/wp-content\/uploads\/2024\/07\/rbd_ffm_400x200.png","width":800,"height":400},{"@type":"BreadcrumbList","@id":"https:\/\/aktuelles.uni-frankfurt.de\/event\/rainbow-day-die-queere-karrieremesse\/#breadcrumb","itemListElement":[{"@type":"ListItem","position":1,"name":"Startseite","item":"https:\/\/aktuelles.uni-frankfurt.de\/"},{"@type":"ListItem","position":2,"name":"Veranstaltungen","item":"https:\/\/aktuelles.uni-frankfurt.de\/_events\/"},{"@type":"ListItem","position":3,"name":"Rainbow-Day \u2013 die queere Karrieremesse"}]},{"@type":"WebSite","@id":"https:\/\/aktuelles.uni-frankfurt.de\/#website","url":"https:\/\/aktuelles.uni-frankfurt.de\/","name":"Aktuelles aus der Goethe-Universit\u00e4t Frankfurt","description":"Aktuelles aus der Goethe-Universit\u00e4t | Neues aus Forschung, Lehre, Studium","publisher":{"@id":"https:\/\/aktuelles.uni-frankfurt.de\/#organization"},"potentialAction":[{"@type":"SearchAction","target":{"@type":"EntryPoint","urlTemplate":"https:\/\/aktuelles.uni-frankfurt.de\/?s={search_term_string}"},"query-input":{"@type":"PropertyValueSpecification","valueRequired":true,"valueName":"search_term_string"}}],"inLanguage":"en-GB"},{"@type":"Organization","@id":"https:\/\/aktuelles.uni-frankfurt.de\/#organization","name":"Goethe University Frankfurt","url":"https:\/\/aktuelles.uni-frankfurt.de\/","logo":{"@type":"ImageObject","inLanguage":"en-GB","@id":"https:\/\/aktuelles.uni-frankfurt.de\/#\/schema\/logo\/image\/","url":"https:\/\/aktuelles.uni-frankfurt.de\/wp-content\/uploads\/2022\/03\/800px-Goethe-Logo.png","contentUrl":"https:\/\/aktuelles.uni-frankfurt.de\/wp-content\/uploads\/2022\/03\/800px-Goethe-Logo.png","width":800,"height":436,"caption":"Goethe-Universit\u00e4t"},"image":{"@id":"https:\/\/aktuelles.uni-frankfurt.de\/#\/schema\/logo\/image\/"}}]}},"ticketed":false,"_links":{"self":[{"href":"https:\/\/aktuelles.uni-frankfurt.de\/en\/wp-json\/wp\/v2\/tribe_events\/80238","targetHints":{"allow":["GET"]}}],"collection":[{"href":"https:\/\/aktuelles.uni-frankfurt.de\/en\/wp-json\/wp\/v2\/tribe_events"}],"about":[{"href":"https:\/\/aktuelles.uni-frankfurt.de\/en\/wp-json\/wp\/v2\/types\/tribe_events"}],"author":[{"embeddable":true,"href":"https:\/\/aktuelles.uni-frankfurt.de\/en\/wp-json\/wp\/v2\/users\/30"}],"version-history":[{"count":0,"href":"https:\/\/aktuelles.uni-frankfurt.de\/en\/wp-json\/wp\/v2\/tribe_events\/80238\/revisions"}],"wp:featuredmedia":[{"embeddable":true,"href":"https:\/\/aktuelles.uni-frankfurt.de\/en\/wp-json\/wp\/v2\/media\/80239"}],"wp:attachment":[{"href":"https:\/\/aktuelles.uni-frankfurt.de\/en\/wp-json\/wp\/v2\/media?parent=80238"}],"wp:term":[{"taxonomy":"post_tag","embeddable":true,"href":"https:\/\/aktuelles.uni-frankfurt.de\/en\/wp-json\/wp\/v2\/tags?post=80238"},{"taxonomy":"tribe_events_cat","embeddable":true,"href":"https:\/\/aktuelles.uni-frankfurt.de\/en\/wp-json\/wp\/v2\/tribe_events_cat?post=80238"}],"curies":[{"name":"wp","href":"https:\/\/api.w.org\/{rel}","templated":true}]}}