{"id":82213,"date":"2025-01-15T15:02:36","date_gmt":"2025-01-15T14:02:36","guid":{"rendered":"https:\/\/aktuelles.uni-frankfurt.de\/?post_type=tribe_events&#038;p=82213"},"modified":"2025-01-15T15:07:03","modified_gmt":"2025-01-15T14:07:03","slug":"divercity-juedisches-leben-in-deutschland-gedenkstunde","status":"publish","type":"tribe_events","link":"https:\/\/aktuelles.uni-frankfurt.de\/en\/event\/divercity-juedisches-leben-in-deutschland-gedenkstunde\/","title":{"rendered":"DiverCity &#8211; J\u00fcdisches Leben in Deutschland | Gedenkstunde"},"content":{"rendered":"<p>Vom 15. bis 31. Januar 2025 zeigen die Evangelische Studierendengemeinde (ESG) und die Katholische Hochschulgemeinde (KHG) auf dem Campus Westend der Goethe-Universit\u00e4t eine au\u00dfergew\u00f6hnliche Fotografie-Ausstellung des Frankfurter Fotografen Rafael Herlich. Die Ausstellung r\u00fcckt Frankfurt als Stadt religi\u00f6ser Vielfalt in den Mittelpunkt und beleuchtet insbesondere das j\u00fcdische Leben heute als selbstverst\u00e4ndlichen Teil dieser Diversit\u00e4t.<\/p>\n<p>Die offizielle Er\u00f6ffnung der Ausstellung findet am 22. Januar 2025 um 18:30 Uhr statt und wird in den R\u00e4umen der Katholischen Hochschulgemeinde (KHG) sowie der Evangelischen Studierendengemeinde (ESG) gemeinsam mit Rafael Herlich durchgef\u00fchrt. An diesem Abend haben die Besucherinnen und Besucher die Gelegenheit, mit dem Fotografen \u00fcber seine Arbeit und die Bedeutung der Ausstellung zu sprechen.<\/p>\n<p>Zus\u00e4tzlich findet am <strong>27. Januar 2025 um 17:00 Uhr<\/strong> eine Gedenkstunde im Haus der Stille auf dem Campus Westend statt, die an die Befreiung von Auschwitz vor 80 Jahren erinnert. Die Veranstaltung wird ebenfalls von Rafael Herlich mitgestaltet und setzt einen weiteren Akzent auf die Notwendigkeit einer lebendigen Erinnerungskultur. Die musikalische Rahmung \u00fcbernimmt der Frankfurter Musiker Roman Kuperschmidt.<\/p>\n<p><b>Zeit:<\/b> 17:00 Uhr<strong><br \/>\nOrt:<\/strong> Haus der Stille, Siolistr. 7, Campus Westend<\/p>\n<p><strong>Veranstalter:<\/strong> <a href=\"https:\/\/esg.ekhn.de\/esg-frankfurt\/index.html\" target=\"_blank\" rel=\"noopener\">Evangelische Studierendengemeinde (ESG)<\/a>, <a href=\"https:\/\/khg-frankfurt.de\/\" target=\"_blank\" rel=\"noopener\">Katholische Hochschulgemeinde (KHG)<\/a><\/p>","protected":false},"excerpt":{"rendered":"<p>Vom 15. bis 31. Januar 2025 zeigen die Evangelische Studierendengemeinde (ESG) und die Katholische Hochschulgemeinde (KHG) auf dem Campus Westend der Goethe-Universit\u00e4t eine au\u00dfergew\u00f6hnliche Fotografie-Ausstellung des Frankfurter Fotografen Rafael Herlich. [&hellip;]<\/p>\n","protected":false},"author":37,"featured_media":0,"template":"","meta":{"_eb_attr":"","_price":"","_stock":"","_tribe_ticket_header":"","_tribe_default_ticket_provider":"","_ticket_start_date":"","_ticket_end_date":"","_tribe_ticket_show_description":"","_tribe_ticket_show_not_going":false,"_tribe_ticket_use_global_stock":"","_tribe_ticket_global_stock_level":"","_global_stock_mode":"","_global_stock_cap":"","_tribe_rsvp_for_event":"","_tribe_ticket_going_count":"","_tribe_ticket_not_going_count":"","_tribe_tickets_list":"[]","_tribe_ticket_has_attendee_info_fields":false,"_tribe_events_status":"","_tribe_events_status_reason":"","_tribe_events_is_hybrid":"","_tribe_events_is_virtual":"","_tribe_events_virtual_video_source":"","_tribe_events_virtual_embed_video":"","_tribe_events_virtual_linked_button_text":"","_tribe_events_virtual_linked_button":"","_tribe_events_virtual_show_embed_at":"","_tribe_events_virtual_show_embed_to":[],"_tribe_events_virtual_show_on_event":"","_tribe_events_virtual_show_on_views":"","_tribe_events_virtual_url":"","footnotes":"","_tec_slr_enabled":"","_tec_slr_layout":""},"tags":[],"tribe_events_cat":[118],"class_list":["post-82213","tribe_events","type-tribe_events","status-publish","hentry","tribe_events_cat-ausstellungen","cat_ausstellungen"],"yoast_head":"<!-- This site is optimized with the Yoast SEO plugin v27.5 - https:\/\/yoast.com\/product\/yoast-seo-wordpress\/ -->\n<title>DiverCity - J\u00fcdisches Leben in Deutschland | Gedenkstunde | Aktuelles aus der Goethe-Universit\u00e4t Frankfurt<\/title>\n<meta name=\"robots\" content=\"index, follow, max-snippet:-1, max-image-preview:large, max-video-preview:-1\" \/>\n<link rel=\"canonical\" href=\"https:\/\/aktuelles.uni-frankfurt.de\/en\/event\/divercity-juedisches-leben-in-deutschland-gedenkstunde\/\" \/>\n<meta property=\"og:locale\" content=\"en_GB\" \/>\n<meta property=\"og:type\" content=\"article\" \/>\n<meta property=\"og:title\" content=\"DiverCity - J\u00fcdisches Leben in Deutschland | Gedenkstunde | Aktuelles aus der Goethe-Universit\u00e4t Frankfurt\" \/>\n<meta property=\"og:description\" content=\"Vom 15. bis 31. Januar 2025 zeigen die Evangelische Studierendengemeinde (ESG) und die Katholische Hochschulgemeinde (KHG) auf dem Campus Westend der Goethe-Universit\u00e4t eine au\u00dfergew\u00f6hnliche Fotografie-Ausstellung des Frankfurter Fotografen Rafael Herlich. [&hellip;]\" \/>\n<meta property=\"og:url\" content=\"https:\/\/aktuelles.uni-frankfurt.de\/en\/event\/divercity-juedisches-leben-in-deutschland-gedenkstunde\/\" \/>\n<meta property=\"og:site_name\" content=\"Aktuelles aus der Goethe-Universit\u00e4t Frankfurt\" \/>\n<meta property=\"article:modified_time\" content=\"2025-01-15T14:07:03+00:00\" \/>\n<meta name=\"twitter:card\" content=\"summary_large_image\" \/>\n<meta name=\"twitter:label1\" content=\"Estimated reading time\" \/>\n\t<meta name=\"twitter:data1\" content=\"1 minute\" \/>\n<script type=\"application\/ld+json\" class=\"yoast-schema-graph\">{\"@context\":\"https:\\\/\\\/schema.org\",\"@graph\":[{\"@type\":\"WebPage\",\"@id\":\"https:\\\/\\\/aktuelles.uni-frankfurt.de\\\/event\\\/divercity-juedisches-leben-in-deutschland-gedenkstunde\\\/\",\"url\":\"https:\\\/\\\/aktuelles.uni-frankfurt.de\\\/event\\\/divercity-juedisches-leben-in-deutschland-gedenkstunde\\\/\",\"name\":\"DiverCity - J\u00fcdisches Leben in Deutschland | Gedenkstunde | Aktuelles aus der Goethe-Universit\u00e4t Frankfurt\",\"isPartOf\":{\"@id\":\"https:\\\/\\\/aktuelles.uni-frankfurt.de\\\/#website\"},\"datePublished\":\"2025-01-15T14:02:36+00:00\",\"dateModified\":\"2025-01-15T14:07:03+00:00\",\"breadcrumb\":{\"@id\":\"https:\\\/\\\/aktuelles.uni-frankfurt.de\\\/event\\\/divercity-juedisches-leben-in-deutschland-gedenkstunde\\\/#breadcrumb\"},\"inLanguage\":\"en-GB\",\"potentialAction\":[{\"@type\":\"ReadAction\",\"target\":[\"https:\\\/\\\/aktuelles.uni-frankfurt.de\\\/event\\\/divercity-juedisches-leben-in-deutschland-gedenkstunde\\\/\"]}]},{\"@type\":\"BreadcrumbList\",\"@id\":\"https:\\\/\\\/aktuelles.uni-frankfurt.de\\\/event\\\/divercity-juedisches-leben-in-deutschland-gedenkstunde\\\/#breadcrumb\",\"itemListElement\":[{\"@type\":\"ListItem\",\"position\":1,\"name\":\"Startseite\",\"item\":\"https:\\\/\\\/aktuelles.uni-frankfurt.de\\\/\"},{\"@type\":\"ListItem\",\"position\":2,\"name\":\"Veranstaltungen\",\"item\":\"https:\\\/\\\/aktuelles.uni-frankfurt.de\\\/_events\\\/\"},{\"@type\":\"ListItem\",\"position\":3,\"name\":\"DiverCity &#8211; J\u00fcdisches Leben in Deutschland | Gedenkstunde\"}]},{\"@type\":\"WebSite\",\"@id\":\"https:\\\/\\\/aktuelles.uni-frankfurt.de\\\/#website\",\"url\":\"https:\\\/\\\/aktuelles.uni-frankfurt.de\\\/\",\"name\":\"Aktuelles aus der Goethe-Universit\u00e4t Frankfurt\",\"description\":\"Aktuelles aus der Goethe-Universit\u00e4t | Neues aus Forschung, Lehre, Studium\",\"publisher\":{\"@id\":\"https:\\\/\\\/aktuelles.uni-frankfurt.de\\\/#organization\"},\"potentialAction\":[{\"@type\":\"SearchAction\",\"target\":{\"@type\":\"EntryPoint\",\"urlTemplate\":\"https:\\\/\\\/aktuelles.uni-frankfurt.de\\\/?s={search_term_string}\"},\"query-input\":{\"@type\":\"PropertyValueSpecification\",\"valueRequired\":true,\"valueName\":\"search_term_string\"}}],\"inLanguage\":\"en-GB\"},{\"@type\":\"Organization\",\"@id\":\"https:\\\/\\\/aktuelles.uni-frankfurt.de\\\/#organization\",\"name\":\"Goethe-Universit\u00e4t\",\"url\":\"https:\\\/\\\/aktuelles.uni-frankfurt.de\\\/\",\"logo\":{\"@type\":\"ImageObject\",\"inLanguage\":\"en-GB\",\"@id\":\"https:\\\/\\\/aktuelles.uni-frankfurt.de\\\/#\\\/schema\\\/logo\\\/image\\\/\",\"url\":\"https:\\\/\\\/aktuelles.uni-frankfurt.de\\\/wp-content\\\/uploads\\\/2022\\\/03\\\/800px-Goethe-Logo.png\",\"contentUrl\":\"https:\\\/\\\/aktuelles.uni-frankfurt.de\\\/wp-content\\\/uploads\\\/2022\\\/03\\\/800px-Goethe-Logo.png\",\"width\":800,\"height\":436,\"caption\":\"Goethe-Universit\u00e4t\"},\"image\":{\"@id\":\"https:\\\/\\\/aktuelles.uni-frankfurt.de\\\/#\\\/schema\\\/logo\\\/image\\\/\"}}]}<\/script>\n<!-- \/ Yoast SEO plugin. -->","yoast_head_json":{"title":"DiverCity - J\u00fcdisches Leben in Deutschland | Gedenkstunde | Aktuelles aus der Goethe-Universit\u00e4t Frankfurt","robots":{"index":"index","follow":"follow","max-snippet":"max-snippet:-1","max-image-preview":"max-image-preview:large","max-video-preview":"max-video-preview:-1"},"canonical":"https:\/\/aktuelles.uni-frankfurt.de\/en\/event\/divercity-juedisches-leben-in-deutschland-gedenkstunde\/","og_locale":"en_GB","og_type":"article","og_title":"DiverCity - J\u00fcdisches Leben in Deutschland | Gedenkstunde | Aktuelles aus der Goethe-Universit\u00e4t Frankfurt","og_description":"Vom 15. bis 31. Januar 2025 zeigen die Evangelische Studierendengemeinde (ESG) und die Katholische Hochschulgemeinde (KHG) auf dem Campus Westend der Goethe-Universit\u00e4t eine au\u00dfergew\u00f6hnliche Fotografie-Ausstellung des Frankfurter Fotografen Rafael Herlich. [&hellip;]","og_url":"https:\/\/aktuelles.uni-frankfurt.de\/en\/event\/divercity-juedisches-leben-in-deutschland-gedenkstunde\/","og_site_name":"Aktuelles aus der Goethe-Universit\u00e4t Frankfurt","article_modified_time":"2025-01-15T14:07:03+00:00","twitter_card":"summary_large_image","twitter_misc":{"Estimated reading time":"1 minute"},"schema":{"@context":"https:\/\/schema.org","@graph":[{"@type":"WebPage","@id":"https:\/\/aktuelles.uni-frankfurt.de\/event\/divercity-juedisches-leben-in-deutschland-gedenkstunde\/","url":"https:\/\/aktuelles.uni-frankfurt.de\/event\/divercity-juedisches-leben-in-deutschland-gedenkstunde\/","name":"DiverCity - J\u00fcdisches Leben in Deutschland | Gedenkstunde | Aktuelles aus der Goethe-Universit\u00e4t Frankfurt","isPartOf":{"@id":"https:\/\/aktuelles.uni-frankfurt.de\/#website"},"datePublished":"2025-01-15T14:02:36+00:00","dateModified":"2025-01-15T14:07:03+00:00","breadcrumb":{"@id":"https:\/\/aktuelles.uni-frankfurt.de\/event\/divercity-juedisches-leben-in-deutschland-gedenkstunde\/#breadcrumb"},"inLanguage":"en-GB","potentialAction":[{"@type":"ReadAction","target":["https:\/\/aktuelles.uni-frankfurt.de\/event\/divercity-juedisches-leben-in-deutschland-gedenkstunde\/"]}]},{"@type":"BreadcrumbList","@id":"https:\/\/aktuelles.uni-frankfurt.de\/event\/divercity-juedisches-leben-in-deutschland-gedenkstunde\/#breadcrumb","itemListElement":[{"@type":"ListItem","position":1,"name":"Startseite","item":"https:\/\/aktuelles.uni-frankfurt.de\/"},{"@type":"ListItem","position":2,"name":"Veranstaltungen","item":"https:\/\/aktuelles.uni-frankfurt.de\/_events\/"},{"@type":"ListItem","position":3,"name":"DiverCity &#8211; J\u00fcdisches Leben in Deutschland | Gedenkstunde"}]},{"@type":"WebSite","@id":"https:\/\/aktuelles.uni-frankfurt.de\/#website","url":"https:\/\/aktuelles.uni-frankfurt.de\/","name":"Aktuelles aus der Goethe-Universit\u00e4t Frankfurt","description":"Aktuelles aus der Goethe-Universit\u00e4t | Neues aus Forschung, Lehre, Studium","publisher":{"@id":"https:\/\/aktuelles.uni-frankfurt.de\/#organization"},"potentialAction":[{"@type":"SearchAction","target":{"@type":"EntryPoint","urlTemplate":"https:\/\/aktuelles.uni-frankfurt.de\/?s={search_term_string}"},"query-input":{"@type":"PropertyValueSpecification","valueRequired":true,"valueName":"search_term_string"}}],"inLanguage":"en-GB"},{"@type":"Organization","@id":"https:\/\/aktuelles.uni-frankfurt.de\/#organization","name":"Goethe University Frankfurt","url":"https:\/\/aktuelles.uni-frankfurt.de\/","logo":{"@type":"ImageObject","inLanguage":"en-GB","@id":"https:\/\/aktuelles.uni-frankfurt.de\/#\/schema\/logo\/image\/","url":"https:\/\/aktuelles.uni-frankfurt.de\/wp-content\/uploads\/2022\/03\/800px-Goethe-Logo.png","contentUrl":"https:\/\/aktuelles.uni-frankfurt.de\/wp-content\/uploads\/2022\/03\/800px-Goethe-Logo.png","width":800,"height":436,"caption":"Goethe-Universit\u00e4t"},"image":{"@id":"https:\/\/aktuelles.uni-frankfurt.de\/#\/schema\/logo\/image\/"}}]}},"ticketed":false,"_links":{"self":[{"href":"https:\/\/aktuelles.uni-frankfurt.de\/en\/wp-json\/wp\/v2\/tribe_events\/82213","targetHints":{"allow":["GET"]}}],"collection":[{"href":"https:\/\/aktuelles.uni-frankfurt.de\/en\/wp-json\/wp\/v2\/tribe_events"}],"about":[{"href":"https:\/\/aktuelles.uni-frankfurt.de\/en\/wp-json\/wp\/v2\/types\/tribe_events"}],"author":[{"embeddable":true,"href":"https:\/\/aktuelles.uni-frankfurt.de\/en\/wp-json\/wp\/v2\/users\/37"}],"version-history":[{"count":0,"href":"https:\/\/aktuelles.uni-frankfurt.de\/en\/wp-json\/wp\/v2\/tribe_events\/82213\/revisions"}],"wp:attachment":[{"href":"https:\/\/aktuelles.uni-frankfurt.de\/en\/wp-json\/wp\/v2\/media?parent=82213"}],"wp:term":[{"taxonomy":"post_tag","embeddable":true,"href":"https:\/\/aktuelles.uni-frankfurt.de\/en\/wp-json\/wp\/v2\/tags?post=82213"},{"taxonomy":"tribe_events_cat","embeddable":true,"href":"https:\/\/aktuelles.uni-frankfurt.de\/en\/wp-json\/wp\/v2\/tribe_events_cat?post=82213"}],"curies":[{"name":"wp","href":"https:\/\/api.w.org\/{rel}","templated":true}]}}