{"id":83439,"date":"2025-04-14T06:57:09","date_gmt":"2025-04-14T04:57:09","guid":{"rendered":"https:\/\/aktuelles.uni-frankfurt.de\/?post_type=tribe_events&#038;p=83439"},"modified":"2025-05-08T09:15:22","modified_gmt":"2025-05-08T07:15:22","slug":"fruehlingsfest-2025","status":"publish","type":"tribe_events","link":"https:\/\/aktuelles.uni-frankfurt.de\/en\/event\/fruehlingsfest-2025\/","title":{"rendered":"Fr\u00fchlingsfest 2025"},"content":{"rendered":"<p>Der Fr\u00fchling erobert die Stadt und die Goethe-Universit\u00e4t l\u00e4dt wieder zum Fr\u00fchlingsfest im Wissenschaftsgarten ein. Neben der M\u00f6glichkeit, den Garten, den Campus Riedberg und seine Forschungsgebiete kennenzulernen, bietet das Fest musikalische Untermalung durch Live-Musik von Tim Edison, Lia J sowie den Jazz Sister. Jung und Alt k\u00f6nnen an einem abwechslungsreichen F\u00fchrungs-, Kultur- und Sportprogramm teilnehmen \u2013 zum Beispiel zu Arzneipflanzen, Tomaten, Pilzen, Wildnispflanzen und Proteinen im Magnetfeld. Vor Ort sind au\u00dferdem das Museum Giersch mit seinem offenen Atelier f\u00fcr Schmetterlinge, K\u00e4fer und fantastische Wesen und das Goethe-Bike des Hochschulsports.<\/p>\n<p>Genie\u00dfen Sie den Sonntag mit Freunden und Familie im Wissenschaftsgarten, wir sorgen f\u00fcr kulinarische Gen\u00fcsse von morgens bis abends und nat\u00fcrlich eine Umgebung, die zum Flanieren und Staunen einl\u00e4dt.<\/p>\n<p>\u2026\u2026\u2026\u2026\u2026\u2026\u2026\u2026\u2026\u2026\u2026\u2026\u2026\u2026\u2026\u2026\u2026..<\/p>\n<p><strong>18. Mai<\/strong><br \/>\nFr\u00fchlingsfest<br \/>\n<strong>Beginn 10 Uhr<\/strong><br \/>\nCampus Riedberg, Wissenschaftsgarten<\/p>\n<p><a href=\"https:\/\/www.uni-frankfurt.de\/fruehlingsfest\" target=\"_blank\" rel=\"noopener\">Das Programm zum Fr\u00fchlingsfest \u2192<\/a><\/p>\n<p>\u00dcbrigens \u2013 den Wissenschaftsgarten gibt es nun schon 11 Jahre! Sie wollen auch so einmal vorbeikommen? Von April bis Oktober bietet der Wissenschaftsgarten am dritten Freitag des Monats F\u00fchrungen an. Themen sind u. a. Anpassungen von Pflanzen an ihren Standort, Grasland- und Wiesenarten sowie die Bedeutung genetischer Vielfalt in einer sich wandelnden Umwelt. Anmeldungen unter: <a href=\"mailto:wissenschaftsgarten@uni-frankfurt.de\">wissenschaftsgarten@uni-frankfurt.de<\/a><\/p>","protected":false},"excerpt":{"rendered":"<p>Der Fr\u00fchling erobert die Stadt und die Goethe-Universit\u00e4t l\u00e4dt wieder zum Fr\u00fchlingsfest im Wissenschaftsgarten ein. Neben der M\u00f6glichkeit, den Garten, den Campus Riedberg und seine Forschungsgebiete kennenzulernen, bietet das Fest [&hellip;]<\/p>\n","protected":false},"author":37,"featured_media":83855,"template":"","meta":{"_eb_attr":"","_price":"","_stock":"","_tribe_ticket_header":"","_tribe_default_ticket_provider":"","_ticket_start_date":"","_ticket_end_date":"","_tribe_ticket_show_description":"","_tribe_ticket_show_not_going":false,"_tribe_ticket_use_global_stock":"","_tribe_ticket_global_stock_level":"","_global_stock_mode":"","_global_stock_cap":"","_tribe_rsvp_for_event":"","_tribe_ticket_going_count":"","_tribe_ticket_not_going_count":"","_tribe_tickets_list":"[]","_tribe_ticket_has_attendee_info_fields":false,"_tribe_events_status":"","_tribe_events_status_reason":"","_tribe_events_is_hybrid":"","_tribe_events_is_virtual":"","_tribe_events_virtual_video_source":"","_tribe_events_virtual_embed_video":"","_tribe_events_virtual_linked_button_text":"","_tribe_events_virtual_linked_button":"","_tribe_events_virtual_show_embed_at":"","_tribe_events_virtual_show_embed_to":[],"_tribe_events_virtual_show_on_event":"","_tribe_events_virtual_show_on_views":"","_tribe_events_virtual_url":"","footnotes":"","_tec_slr_enabled":"","_tec_slr_layout":""},"tags":[],"tribe_events_cat":[123],"class_list":["post-83439","tribe_events","type-tribe_events","status-publish","has-post-thumbnail","hentry","tribe_events_cat-feste","cat_feste"],"yoast_head":"<!-- This site is optimized with the Yoast SEO plugin v27.5 - https:\/\/yoast.com\/product\/yoast-seo-wordpress\/ -->\n<title>Fr\u00fchlingsfest 2025 | Aktuelles aus der Goethe-Universit\u00e4t Frankfurt<\/title>\n<meta name=\"robots\" content=\"index, follow, max-snippet:-1, max-image-preview:large, max-video-preview:-1\" \/>\n<link rel=\"canonical\" href=\"https:\/\/aktuelles.uni-frankfurt.de\/en\/event\/fruehlingsfest-2025\/\" \/>\n<meta property=\"og:locale\" content=\"en_GB\" \/>\n<meta property=\"og:type\" content=\"article\" \/>\n<meta property=\"og:title\" content=\"Fr\u00fchlingsfest 2025 | Aktuelles aus der Goethe-Universit\u00e4t Frankfurt\" \/>\n<meta property=\"og:description\" content=\"Der Fr\u00fchling erobert die Stadt und die Goethe-Universit\u00e4t l\u00e4dt wieder zum Fr\u00fchlingsfest im Wissenschaftsgarten ein. Neben der M\u00f6glichkeit, den Garten, den Campus Riedberg und seine Forschungsgebiete kennenzulernen, bietet das Fest [&hellip;]\" \/>\n<meta property=\"og:url\" content=\"https:\/\/aktuelles.uni-frankfurt.de\/en\/event\/fruehlingsfest-2025\/\" \/>\n<meta property=\"og:site_name\" content=\"Aktuelles aus der Goethe-Universit\u00e4t Frankfurt\" \/>\n<meta property=\"article:modified_time\" content=\"2025-05-08T07:15:22+00:00\" \/>\n<meta property=\"og:image\" content=\"https:\/\/aktuelles.uni-frankfurt.de\/wp-content\/uploads\/2025\/04\/veranstaltungsbild-fruehlingfest-2025.jpg\" \/>\n\t<meta property=\"og:image:width\" content=\"800\" \/>\n\t<meta property=\"og:image:height\" content=\"374\" \/>\n\t<meta property=\"og:image:type\" content=\"image\/jpeg\" \/>\n<meta name=\"twitter:card\" content=\"summary_large_image\" \/>\n<meta name=\"twitter:label1\" content=\"Estimated reading time\" \/>\n\t<meta name=\"twitter:data1\" content=\"1 minute\" \/>\n<script type=\"application\/ld+json\" class=\"yoast-schema-graph\">{\"@context\":\"https:\\\/\\\/schema.org\",\"@graph\":[{\"@type\":\"WebPage\",\"@id\":\"https:\\\/\\\/aktuelles.uni-frankfurt.de\\\/event\\\/fruehlingsfest-2025\\\/\",\"url\":\"https:\\\/\\\/aktuelles.uni-frankfurt.de\\\/event\\\/fruehlingsfest-2025\\\/\",\"name\":\"Fr\u00fchlingsfest 2025 | Aktuelles aus der Goethe-Universit\u00e4t Frankfurt\",\"isPartOf\":{\"@id\":\"https:\\\/\\\/aktuelles.uni-frankfurt.de\\\/#website\"},\"primaryImageOfPage\":{\"@id\":\"https:\\\/\\\/aktuelles.uni-frankfurt.de\\\/event\\\/fruehlingsfest-2025\\\/#primaryimage\"},\"image\":{\"@id\":\"https:\\\/\\\/aktuelles.uni-frankfurt.de\\\/event\\\/fruehlingsfest-2025\\\/#primaryimage\"},\"thumbnailUrl\":\"https:\\\/\\\/aktuelles.uni-frankfurt.de\\\/wp-content\\\/uploads\\\/2025\\\/04\\\/veranstaltungsbild-fruehlingfest-2025.jpg\",\"datePublished\":\"2025-04-14T04:57:09+00:00\",\"dateModified\":\"2025-05-08T07:15:22+00:00\",\"breadcrumb\":{\"@id\":\"https:\\\/\\\/aktuelles.uni-frankfurt.de\\\/event\\\/fruehlingsfest-2025\\\/#breadcrumb\"},\"inLanguage\":\"en-GB\",\"potentialAction\":[{\"@type\":\"ReadAction\",\"target\":[\"https:\\\/\\\/aktuelles.uni-frankfurt.de\\\/event\\\/fruehlingsfest-2025\\\/\"]}]},{\"@type\":\"ImageObject\",\"inLanguage\":\"en-GB\",\"@id\":\"https:\\\/\\\/aktuelles.uni-frankfurt.de\\\/event\\\/fruehlingsfest-2025\\\/#primaryimage\",\"url\":\"https:\\\/\\\/aktuelles.uni-frankfurt.de\\\/wp-content\\\/uploads\\\/2025\\\/04\\\/veranstaltungsbild-fruehlingfest-2025.jpg\",\"contentUrl\":\"https:\\\/\\\/aktuelles.uni-frankfurt.de\\\/wp-content\\\/uploads\\\/2025\\\/04\\\/veranstaltungsbild-fruehlingfest-2025.jpg\",\"width\":800,\"height\":374,\"caption\":\"Veranstaltungsplakat Fr\u00fchlingsfest 2025, Foto: Uwe Dettmar, Goethe-Universit\u00e4t Frankfurt\"},{\"@type\":\"BreadcrumbList\",\"@id\":\"https:\\\/\\\/aktuelles.uni-frankfurt.de\\\/event\\\/fruehlingsfest-2025\\\/#breadcrumb\",\"itemListElement\":[{\"@type\":\"ListItem\",\"position\":1,\"name\":\"Startseite\",\"item\":\"https:\\\/\\\/aktuelles.uni-frankfurt.de\\\/\"},{\"@type\":\"ListItem\",\"position\":2,\"name\":\"Veranstaltungen\",\"item\":\"https:\\\/\\\/aktuelles.uni-frankfurt.de\\\/_events\\\/\"},{\"@type\":\"ListItem\",\"position\":3,\"name\":\"Fr\u00fchlingsfest 2025\"}]},{\"@type\":\"WebSite\",\"@id\":\"https:\\\/\\\/aktuelles.uni-frankfurt.de\\\/#website\",\"url\":\"https:\\\/\\\/aktuelles.uni-frankfurt.de\\\/\",\"name\":\"Aktuelles aus der Goethe-Universit\u00e4t Frankfurt\",\"description\":\"Aktuelles aus der Goethe-Universit\u00e4t | Neues aus Forschung, Lehre, Studium\",\"publisher\":{\"@id\":\"https:\\\/\\\/aktuelles.uni-frankfurt.de\\\/#organization\"},\"potentialAction\":[{\"@type\":\"SearchAction\",\"target\":{\"@type\":\"EntryPoint\",\"urlTemplate\":\"https:\\\/\\\/aktuelles.uni-frankfurt.de\\\/?s={search_term_string}\"},\"query-input\":{\"@type\":\"PropertyValueSpecification\",\"valueRequired\":true,\"valueName\":\"search_term_string\"}}],\"inLanguage\":\"en-GB\"},{\"@type\":\"Organization\",\"@id\":\"https:\\\/\\\/aktuelles.uni-frankfurt.de\\\/#organization\",\"name\":\"Goethe-Universit\u00e4t\",\"url\":\"https:\\\/\\\/aktuelles.uni-frankfurt.de\\\/\",\"logo\":{\"@type\":\"ImageObject\",\"inLanguage\":\"en-GB\",\"@id\":\"https:\\\/\\\/aktuelles.uni-frankfurt.de\\\/#\\\/schema\\\/logo\\\/image\\\/\",\"url\":\"https:\\\/\\\/aktuelles.uni-frankfurt.de\\\/wp-content\\\/uploads\\\/2022\\\/03\\\/800px-Goethe-Logo.png\",\"contentUrl\":\"https:\\\/\\\/aktuelles.uni-frankfurt.de\\\/wp-content\\\/uploads\\\/2022\\\/03\\\/800px-Goethe-Logo.png\",\"width\":800,\"height\":436,\"caption\":\"Goethe-Universit\u00e4t\"},\"image\":{\"@id\":\"https:\\\/\\\/aktuelles.uni-frankfurt.de\\\/#\\\/schema\\\/logo\\\/image\\\/\"}}]}<\/script>\n<!-- \/ Yoast SEO plugin. -->","yoast_head_json":{"title":"Fr\u00fchlingsfest 2025 | Aktuelles aus der Goethe-Universit\u00e4t Frankfurt","robots":{"index":"index","follow":"follow","max-snippet":"max-snippet:-1","max-image-preview":"max-image-preview:large","max-video-preview":"max-video-preview:-1"},"canonical":"https:\/\/aktuelles.uni-frankfurt.de\/en\/event\/fruehlingsfest-2025\/","og_locale":"en_GB","og_type":"article","og_title":"Fr\u00fchlingsfest 2025 | Aktuelles aus der Goethe-Universit\u00e4t Frankfurt","og_description":"Der Fr\u00fchling erobert die Stadt und die Goethe-Universit\u00e4t l\u00e4dt wieder zum Fr\u00fchlingsfest im Wissenschaftsgarten ein. Neben der M\u00f6glichkeit, den Garten, den Campus Riedberg und seine Forschungsgebiete kennenzulernen, bietet das Fest [&hellip;]","og_url":"https:\/\/aktuelles.uni-frankfurt.de\/en\/event\/fruehlingsfest-2025\/","og_site_name":"Aktuelles aus der Goethe-Universit\u00e4t Frankfurt","article_modified_time":"2025-05-08T07:15:22+00:00","og_image":[{"width":800,"height":374,"url":"https:\/\/aktuelles.uni-frankfurt.de\/wp-content\/uploads\/2025\/04\/veranstaltungsbild-fruehlingfest-2025.jpg","type":"image\/jpeg"}],"twitter_card":"summary_large_image","twitter_misc":{"Estimated reading time":"1 minute"},"schema":{"@context":"https:\/\/schema.org","@graph":[{"@type":"WebPage","@id":"https:\/\/aktuelles.uni-frankfurt.de\/event\/fruehlingsfest-2025\/","url":"https:\/\/aktuelles.uni-frankfurt.de\/event\/fruehlingsfest-2025\/","name":"Fr\u00fchlingsfest 2025 | Aktuelles aus der Goethe-Universit\u00e4t Frankfurt","isPartOf":{"@id":"https:\/\/aktuelles.uni-frankfurt.de\/#website"},"primaryImageOfPage":{"@id":"https:\/\/aktuelles.uni-frankfurt.de\/event\/fruehlingsfest-2025\/#primaryimage"},"image":{"@id":"https:\/\/aktuelles.uni-frankfurt.de\/event\/fruehlingsfest-2025\/#primaryimage"},"thumbnailUrl":"https:\/\/aktuelles.uni-frankfurt.de\/wp-content\/uploads\/2025\/04\/veranstaltungsbild-fruehlingfest-2025.jpg","datePublished":"2025-04-14T04:57:09+00:00","dateModified":"2025-05-08T07:15:22+00:00","breadcrumb":{"@id":"https:\/\/aktuelles.uni-frankfurt.de\/event\/fruehlingsfest-2025\/#breadcrumb"},"inLanguage":"en-GB","potentialAction":[{"@type":"ReadAction","target":["https:\/\/aktuelles.uni-frankfurt.de\/event\/fruehlingsfest-2025\/"]}]},{"@type":"ImageObject","inLanguage":"en-GB","@id":"https:\/\/aktuelles.uni-frankfurt.de\/event\/fruehlingsfest-2025\/#primaryimage","url":"https:\/\/aktuelles.uni-frankfurt.de\/wp-content\/uploads\/2025\/04\/veranstaltungsbild-fruehlingfest-2025.jpg","contentUrl":"https:\/\/aktuelles.uni-frankfurt.de\/wp-content\/uploads\/2025\/04\/veranstaltungsbild-fruehlingfest-2025.jpg","width":800,"height":374,"caption":"Veranstaltungsplakat Fr\u00fchlingsfest 2025, Foto: Uwe Dettmar, Goethe-Universit\u00e4t Frankfurt"},{"@type":"BreadcrumbList","@id":"https:\/\/aktuelles.uni-frankfurt.de\/event\/fruehlingsfest-2025\/#breadcrumb","itemListElement":[{"@type":"ListItem","position":1,"name":"Startseite","item":"https:\/\/aktuelles.uni-frankfurt.de\/"},{"@type":"ListItem","position":2,"name":"Veranstaltungen","item":"https:\/\/aktuelles.uni-frankfurt.de\/_events\/"},{"@type":"ListItem","position":3,"name":"Fr\u00fchlingsfest 2025"}]},{"@type":"WebSite","@id":"https:\/\/aktuelles.uni-frankfurt.de\/#website","url":"https:\/\/aktuelles.uni-frankfurt.de\/","name":"Aktuelles aus der Goethe-Universit\u00e4t Frankfurt","description":"Aktuelles aus der Goethe-Universit\u00e4t | Neues aus Forschung, Lehre, Studium","publisher":{"@id":"https:\/\/aktuelles.uni-frankfurt.de\/#organization"},"potentialAction":[{"@type":"SearchAction","target":{"@type":"EntryPoint","urlTemplate":"https:\/\/aktuelles.uni-frankfurt.de\/?s={search_term_string}"},"query-input":{"@type":"PropertyValueSpecification","valueRequired":true,"valueName":"search_term_string"}}],"inLanguage":"en-GB"},{"@type":"Organization","@id":"https:\/\/aktuelles.uni-frankfurt.de\/#organization","name":"Goethe University Frankfurt","url":"https:\/\/aktuelles.uni-frankfurt.de\/","logo":{"@type":"ImageObject","inLanguage":"en-GB","@id":"https:\/\/aktuelles.uni-frankfurt.de\/#\/schema\/logo\/image\/","url":"https:\/\/aktuelles.uni-frankfurt.de\/wp-content\/uploads\/2022\/03\/800px-Goethe-Logo.png","contentUrl":"https:\/\/aktuelles.uni-frankfurt.de\/wp-content\/uploads\/2022\/03\/800px-Goethe-Logo.png","width":800,"height":436,"caption":"Goethe-Universit\u00e4t"},"image":{"@id":"https:\/\/aktuelles.uni-frankfurt.de\/#\/schema\/logo\/image\/"}}]}},"ticketed":false,"_links":{"self":[{"href":"https:\/\/aktuelles.uni-frankfurt.de\/en\/wp-json\/wp\/v2\/tribe_events\/83439","targetHints":{"allow":["GET"]}}],"collection":[{"href":"https:\/\/aktuelles.uni-frankfurt.de\/en\/wp-json\/wp\/v2\/tribe_events"}],"about":[{"href":"https:\/\/aktuelles.uni-frankfurt.de\/en\/wp-json\/wp\/v2\/types\/tribe_events"}],"author":[{"embeddable":true,"href":"https:\/\/aktuelles.uni-frankfurt.de\/en\/wp-json\/wp\/v2\/users\/37"}],"version-history":[{"count":0,"href":"https:\/\/aktuelles.uni-frankfurt.de\/en\/wp-json\/wp\/v2\/tribe_events\/83439\/revisions"}],"wp:featuredmedia":[{"embeddable":true,"href":"https:\/\/aktuelles.uni-frankfurt.de\/en\/wp-json\/wp\/v2\/media\/83855"}],"wp:attachment":[{"href":"https:\/\/aktuelles.uni-frankfurt.de\/en\/wp-json\/wp\/v2\/media?parent=83439"}],"wp:term":[{"taxonomy":"post_tag","embeddable":true,"href":"https:\/\/aktuelles.uni-frankfurt.de\/en\/wp-json\/wp\/v2\/tags?post=83439"},{"taxonomy":"tribe_events_cat","embeddable":true,"href":"https:\/\/aktuelles.uni-frankfurt.de\/en\/wp-json\/wp\/v2\/tribe_events_cat?post=83439"}],"curies":[{"name":"wp","href":"https:\/\/api.w.org\/{rel}","templated":true}]}}