{"id":84483,"date":"2025-06-18T17:11:51","date_gmt":"2025-06-18T15:11:51","guid":{"rendered":"https:\/\/aktuelles.uni-frankfurt.de\/?post_type=tribe_events&#038;p=84483"},"modified":"2025-06-25T15:07:02","modified_gmt":"2025-06-25T13:07:02","slug":"antisemitismus-an-hochschulen-und-schulen-austausch-ueber-erfahrungen-und-wirksame-interventionen","status":"publish","type":"tribe_events","link":"https:\/\/aktuelles.uni-frankfurt.de\/en\/event\/antisemitismus-an-hochschulen-und-schulen-austausch-ueber-erfahrungen-und-wirksame-interventionen\/","title":{"rendered":"Antisemitismus an Hochschulen und Schulen: Austausch \u00fcber Erfahrungen und wirksame Interventionen"},"content":{"rendered":"<p>Die Zunahme antisemitischer \u00c4u\u00dferungen und Taten bewegt die \u00f6ffentliche Debatte, hat die politisch Verantwortlichen alarmiert und in Wissenschaft und Bildung zu aufgeheizten Kontroversen \u00fcber Ursachen und Gegenma\u00dfnahmen gef\u00fchrt. An ihren Arbeitspl\u00e4tzen in Hochschulen, Schulen, Museen und Gedenkst\u00e4tten sind Historikerinnen und Historiker unmittelbar mit den Spuren und Folgen des wachsenden Antisemitismus in unserer Gesellschaft konfrontiert. Der VHD l\u00e4dt daher in Kooperation mit dem Verband der Geschichtslehrerinnen und Geschichtslehrer Deutschlands (VGD) zu einer Podiumsdiskussion ein. In einer Runde von Expertinnen und Experten aus Politik und Bildungsarbeit, Schule und Hochschule werden Ans\u00e4tze und Erfahrungen er\u00f6rtert, wie in unseren Bildungseinrichtungen Antisemitismus entgegengewirkt werden kann.<\/p>\n<p><strong>Beteiligte:<\/strong><\/p>\n<ul>\n<li>Felix Klein (Bundesbeauftragter f\u00fcr Antisemitismus)<\/li>\n<li>Meron Mendel (Bildungsst\u00e4tte Anne Frank) \/Saba-Nur Cheema (Politologin und Publizistin)<\/li>\n<li>Thomas Thiel (FAZ)<\/li>\n<li>Niko Lamprecht (VGD)<\/li>\n<li>Daniel Navon (Verband J\u00fcdischer Studierender Hessen)<\/li>\n<li>Lutz Raphael (VHD)<\/li>\n<li>Moderation: Dorothea Weltecke (VHD\/HU Berlin)<\/li>\n<\/ul>\n<p><strong>Zeit:<\/strong> 19:00 Uhr<br \/>\n<strong>Ort:<\/strong> Haus am Dom, Domplatz 3, 60311 Frankfurt am Main<\/p>\n<p>Eine Voranmeldung an <a href=\"mailto:geschaeftsstelle@historikerverband.de\">geschaeftsstelle@historikerverband.de<\/a> ist notwendig.<\/p>\n<p><strong>Veranstalter<\/strong><br \/>\nVerband der Historiker und Historikerinnen Deutschlands<\/p>\n<p>Der VHD ist assoziiert mit dem Historischen Seminar der Goethe-Universit\u00e4t.<\/p>","protected":false},"excerpt":{"rendered":"<p>Die Zunahme antisemitischer \u00c4u\u00dferungen und Taten bewegt die \u00f6ffentliche Debatte, hat die politisch Verantwortlichen alarmiert und in Wissenschaft und Bildung zu aufgeheizten Kontroversen \u00fcber Ursachen und Gegenma\u00dfnahmen gef\u00fchrt. An ihren [&hellip;]<\/p>\n","protected":false},"author":37,"featured_media":0,"template":"","meta":{"_eb_attr":"","_price":"","_stock":"","_tribe_ticket_header":"","_tribe_default_ticket_provider":"","_ticket_start_date":"","_ticket_end_date":"","_tribe_ticket_show_description":"","_tribe_ticket_show_not_going":false,"_tribe_ticket_use_global_stock":"","_tribe_ticket_global_stock_level":"","_global_stock_mode":"","_global_stock_cap":"","_tribe_rsvp_for_event":"","_tribe_ticket_going_count":"","_tribe_ticket_not_going_count":"","_tribe_tickets_list":"[]","_tribe_ticket_has_attendee_info_fields":false,"_tribe_events_status":"","_tribe_events_status_reason":"","_tribe_events_is_hybrid":"","_tribe_events_is_virtual":"","_tribe_events_virtual_video_source":"","_tribe_events_virtual_embed_video":"","_tribe_events_virtual_linked_button_text":"","_tribe_events_virtual_linked_button":"","_tribe_events_virtual_show_embed_at":"","_tribe_events_virtual_show_embed_to":[],"_tribe_events_virtual_show_on_event":"","_tribe_events_virtual_show_on_views":"","_tribe_events_virtual_url":"","footnotes":"","_tec_slr_enabled":"","_tec_slr_layout":""},"tags":[],"tribe_events_cat":[218],"class_list":["post-84483","tribe_events","type-tribe_events","status-publish","hentry","tribe_events_cat-podiumsgespraech","cat_podiumsgespraech"],"yoast_head":"<!-- This site is optimized with the Yoast SEO plugin v27.5 - https:\/\/yoast.com\/product\/yoast-seo-wordpress\/ -->\n<title>Antisemitismus an Hochschulen und Schulen: Austausch \u00fcber Erfahrungen und wirksame Interventionen | Aktuelles aus der Goethe-Universit\u00e4t Frankfurt<\/title>\n<meta name=\"robots\" content=\"index, follow, max-snippet:-1, max-image-preview:large, max-video-preview:-1\" \/>\n<link rel=\"canonical\" href=\"https:\/\/aktuelles.uni-frankfurt.de\/en\/event\/antisemitismus-an-hochschulen-und-schulen-austausch-ueber-erfahrungen-und-wirksame-interventionen\/\" \/>\n<meta property=\"og:locale\" content=\"en_GB\" \/>\n<meta property=\"og:type\" content=\"article\" \/>\n<meta property=\"og:title\" content=\"Antisemitismus an Hochschulen und Schulen: Austausch \u00fcber Erfahrungen und wirksame Interventionen | Aktuelles aus der Goethe-Universit\u00e4t Frankfurt\" \/>\n<meta property=\"og:description\" content=\"Die Zunahme antisemitischer \u00c4u\u00dferungen und Taten bewegt die \u00f6ffentliche Debatte, hat die politisch Verantwortlichen alarmiert und in Wissenschaft und Bildung zu aufgeheizten Kontroversen \u00fcber Ursachen und Gegenma\u00dfnahmen gef\u00fchrt. An ihren [&hellip;]\" \/>\n<meta property=\"og:url\" content=\"https:\/\/aktuelles.uni-frankfurt.de\/en\/event\/antisemitismus-an-hochschulen-und-schulen-austausch-ueber-erfahrungen-und-wirksame-interventionen\/\" \/>\n<meta property=\"og:site_name\" content=\"Aktuelles aus der Goethe-Universit\u00e4t Frankfurt\" \/>\n<meta property=\"article:modified_time\" content=\"2025-06-25T13:07:02+00:00\" \/>\n<meta name=\"twitter:card\" content=\"summary_large_image\" \/>\n<meta name=\"twitter:label1\" content=\"Estimated reading time\" \/>\n\t<meta name=\"twitter:data1\" content=\"1 minute\" \/>\n<script type=\"application\/ld+json\" class=\"yoast-schema-graph\">{\"@context\":\"https:\\\/\\\/schema.org\",\"@graph\":[{\"@type\":\"WebPage\",\"@id\":\"https:\\\/\\\/aktuelles.uni-frankfurt.de\\\/event\\\/antisemitismus-an-hochschulen-und-schulen-austausch-ueber-erfahrungen-und-wirksame-interventionen\\\/\",\"url\":\"https:\\\/\\\/aktuelles.uni-frankfurt.de\\\/event\\\/antisemitismus-an-hochschulen-und-schulen-austausch-ueber-erfahrungen-und-wirksame-interventionen\\\/\",\"name\":\"Antisemitismus an Hochschulen und Schulen: Austausch \u00fcber Erfahrungen und wirksame Interventionen | Aktuelles aus der Goethe-Universit\u00e4t Frankfurt\",\"isPartOf\":{\"@id\":\"https:\\\/\\\/aktuelles.uni-frankfurt.de\\\/#website\"},\"datePublished\":\"2025-06-18T15:11:51+00:00\",\"dateModified\":\"2025-06-25T13:07:02+00:00\",\"breadcrumb\":{\"@id\":\"https:\\\/\\\/aktuelles.uni-frankfurt.de\\\/event\\\/antisemitismus-an-hochschulen-und-schulen-austausch-ueber-erfahrungen-und-wirksame-interventionen\\\/#breadcrumb\"},\"inLanguage\":\"en-GB\",\"potentialAction\":[{\"@type\":\"ReadAction\",\"target\":[\"https:\\\/\\\/aktuelles.uni-frankfurt.de\\\/event\\\/antisemitismus-an-hochschulen-und-schulen-austausch-ueber-erfahrungen-und-wirksame-interventionen\\\/\"]}]},{\"@type\":\"BreadcrumbList\",\"@id\":\"https:\\\/\\\/aktuelles.uni-frankfurt.de\\\/event\\\/antisemitismus-an-hochschulen-und-schulen-austausch-ueber-erfahrungen-und-wirksame-interventionen\\\/#breadcrumb\",\"itemListElement\":[{\"@type\":\"ListItem\",\"position\":1,\"name\":\"Startseite\",\"item\":\"https:\\\/\\\/aktuelles.uni-frankfurt.de\\\/\"},{\"@type\":\"ListItem\",\"position\":2,\"name\":\"Veranstaltungen\",\"item\":\"https:\\\/\\\/aktuelles.uni-frankfurt.de\\\/_events\\\/\"},{\"@type\":\"ListItem\",\"position\":3,\"name\":\"Antisemitismus an Hochschulen und Schulen: Austausch \u00fcber Erfahrungen und wirksame Interventionen\"}]},{\"@type\":\"WebSite\",\"@id\":\"https:\\\/\\\/aktuelles.uni-frankfurt.de\\\/#website\",\"url\":\"https:\\\/\\\/aktuelles.uni-frankfurt.de\\\/\",\"name\":\"Aktuelles aus der Goethe-Universit\u00e4t Frankfurt\",\"description\":\"Aktuelles aus der Goethe-Universit\u00e4t | Neues aus Forschung, Lehre, Studium\",\"publisher\":{\"@id\":\"https:\\\/\\\/aktuelles.uni-frankfurt.de\\\/#organization\"},\"potentialAction\":[{\"@type\":\"SearchAction\",\"target\":{\"@type\":\"EntryPoint\",\"urlTemplate\":\"https:\\\/\\\/aktuelles.uni-frankfurt.de\\\/?s={search_term_string}\"},\"query-input\":{\"@type\":\"PropertyValueSpecification\",\"valueRequired\":true,\"valueName\":\"search_term_string\"}}],\"inLanguage\":\"en-GB\"},{\"@type\":\"Organization\",\"@id\":\"https:\\\/\\\/aktuelles.uni-frankfurt.de\\\/#organization\",\"name\":\"Goethe-Universit\u00e4t\",\"url\":\"https:\\\/\\\/aktuelles.uni-frankfurt.de\\\/\",\"logo\":{\"@type\":\"ImageObject\",\"inLanguage\":\"en-GB\",\"@id\":\"https:\\\/\\\/aktuelles.uni-frankfurt.de\\\/#\\\/schema\\\/logo\\\/image\\\/\",\"url\":\"https:\\\/\\\/aktuelles.uni-frankfurt.de\\\/wp-content\\\/uploads\\\/2022\\\/03\\\/800px-Goethe-Logo.png\",\"contentUrl\":\"https:\\\/\\\/aktuelles.uni-frankfurt.de\\\/wp-content\\\/uploads\\\/2022\\\/03\\\/800px-Goethe-Logo.png\",\"width\":800,\"height\":436,\"caption\":\"Goethe-Universit\u00e4t\"},\"image\":{\"@id\":\"https:\\\/\\\/aktuelles.uni-frankfurt.de\\\/#\\\/schema\\\/logo\\\/image\\\/\"}}]}<\/script>\n<!-- \/ Yoast SEO plugin. -->","yoast_head_json":{"title":"Antisemitismus an Hochschulen und Schulen: Austausch \u00fcber Erfahrungen und wirksame Interventionen | Aktuelles aus der Goethe-Universit\u00e4t Frankfurt","robots":{"index":"index","follow":"follow","max-snippet":"max-snippet:-1","max-image-preview":"max-image-preview:large","max-video-preview":"max-video-preview:-1"},"canonical":"https:\/\/aktuelles.uni-frankfurt.de\/en\/event\/antisemitismus-an-hochschulen-und-schulen-austausch-ueber-erfahrungen-und-wirksame-interventionen\/","og_locale":"en_GB","og_type":"article","og_title":"Antisemitismus an Hochschulen und Schulen: Austausch \u00fcber Erfahrungen und wirksame Interventionen | Aktuelles aus der Goethe-Universit\u00e4t Frankfurt","og_description":"Die Zunahme antisemitischer \u00c4u\u00dferungen und Taten bewegt die \u00f6ffentliche Debatte, hat die politisch Verantwortlichen alarmiert und in Wissenschaft und Bildung zu aufgeheizten Kontroversen \u00fcber Ursachen und Gegenma\u00dfnahmen gef\u00fchrt. An ihren [&hellip;]","og_url":"https:\/\/aktuelles.uni-frankfurt.de\/en\/event\/antisemitismus-an-hochschulen-und-schulen-austausch-ueber-erfahrungen-und-wirksame-interventionen\/","og_site_name":"Aktuelles aus der Goethe-Universit\u00e4t Frankfurt","article_modified_time":"2025-06-25T13:07:02+00:00","twitter_card":"summary_large_image","twitter_misc":{"Estimated reading time":"1 minute"},"schema":{"@context":"https:\/\/schema.org","@graph":[{"@type":"WebPage","@id":"https:\/\/aktuelles.uni-frankfurt.de\/event\/antisemitismus-an-hochschulen-und-schulen-austausch-ueber-erfahrungen-und-wirksame-interventionen\/","url":"https:\/\/aktuelles.uni-frankfurt.de\/event\/antisemitismus-an-hochschulen-und-schulen-austausch-ueber-erfahrungen-und-wirksame-interventionen\/","name":"Antisemitismus an Hochschulen und Schulen: Austausch \u00fcber Erfahrungen und wirksame Interventionen | Aktuelles aus der Goethe-Universit\u00e4t Frankfurt","isPartOf":{"@id":"https:\/\/aktuelles.uni-frankfurt.de\/#website"},"datePublished":"2025-06-18T15:11:51+00:00","dateModified":"2025-06-25T13:07:02+00:00","breadcrumb":{"@id":"https:\/\/aktuelles.uni-frankfurt.de\/event\/antisemitismus-an-hochschulen-und-schulen-austausch-ueber-erfahrungen-und-wirksame-interventionen\/#breadcrumb"},"inLanguage":"en-GB","potentialAction":[{"@type":"ReadAction","target":["https:\/\/aktuelles.uni-frankfurt.de\/event\/antisemitismus-an-hochschulen-und-schulen-austausch-ueber-erfahrungen-und-wirksame-interventionen\/"]}]},{"@type":"BreadcrumbList","@id":"https:\/\/aktuelles.uni-frankfurt.de\/event\/antisemitismus-an-hochschulen-und-schulen-austausch-ueber-erfahrungen-und-wirksame-interventionen\/#breadcrumb","itemListElement":[{"@type":"ListItem","position":1,"name":"Startseite","item":"https:\/\/aktuelles.uni-frankfurt.de\/"},{"@type":"ListItem","position":2,"name":"Veranstaltungen","item":"https:\/\/aktuelles.uni-frankfurt.de\/_events\/"},{"@type":"ListItem","position":3,"name":"Antisemitismus an Hochschulen und Schulen: Austausch \u00fcber Erfahrungen und wirksame Interventionen"}]},{"@type":"WebSite","@id":"https:\/\/aktuelles.uni-frankfurt.de\/#website","url":"https:\/\/aktuelles.uni-frankfurt.de\/","name":"Aktuelles aus der Goethe-Universit\u00e4t Frankfurt","description":"Aktuelles aus der Goethe-Universit\u00e4t | Neues aus Forschung, Lehre, Studium","publisher":{"@id":"https:\/\/aktuelles.uni-frankfurt.de\/#organization"},"potentialAction":[{"@type":"SearchAction","target":{"@type":"EntryPoint","urlTemplate":"https:\/\/aktuelles.uni-frankfurt.de\/?s={search_term_string}"},"query-input":{"@type":"PropertyValueSpecification","valueRequired":true,"valueName":"search_term_string"}}],"inLanguage":"en-GB"},{"@type":"Organization","@id":"https:\/\/aktuelles.uni-frankfurt.de\/#organization","name":"Goethe University Frankfurt","url":"https:\/\/aktuelles.uni-frankfurt.de\/","logo":{"@type":"ImageObject","inLanguage":"en-GB","@id":"https:\/\/aktuelles.uni-frankfurt.de\/#\/schema\/logo\/image\/","url":"https:\/\/aktuelles.uni-frankfurt.de\/wp-content\/uploads\/2022\/03\/800px-Goethe-Logo.png","contentUrl":"https:\/\/aktuelles.uni-frankfurt.de\/wp-content\/uploads\/2022\/03\/800px-Goethe-Logo.png","width":800,"height":436,"caption":"Goethe-Universit\u00e4t"},"image":{"@id":"https:\/\/aktuelles.uni-frankfurt.de\/#\/schema\/logo\/image\/"}}]}},"ticketed":false,"_links":{"self":[{"href":"https:\/\/aktuelles.uni-frankfurt.de\/en\/wp-json\/wp\/v2\/tribe_events\/84483","targetHints":{"allow":["GET"]}}],"collection":[{"href":"https:\/\/aktuelles.uni-frankfurt.de\/en\/wp-json\/wp\/v2\/tribe_events"}],"about":[{"href":"https:\/\/aktuelles.uni-frankfurt.de\/en\/wp-json\/wp\/v2\/types\/tribe_events"}],"author":[{"embeddable":true,"href":"https:\/\/aktuelles.uni-frankfurt.de\/en\/wp-json\/wp\/v2\/users\/37"}],"version-history":[{"count":0,"href":"https:\/\/aktuelles.uni-frankfurt.de\/en\/wp-json\/wp\/v2\/tribe_events\/84483\/revisions"}],"wp:attachment":[{"href":"https:\/\/aktuelles.uni-frankfurt.de\/en\/wp-json\/wp\/v2\/media?parent=84483"}],"wp:term":[{"taxonomy":"post_tag","embeddable":true,"href":"https:\/\/aktuelles.uni-frankfurt.de\/en\/wp-json\/wp\/v2\/tags?post=84483"},{"taxonomy":"tribe_events_cat","embeddable":true,"href":"https:\/\/aktuelles.uni-frankfurt.de\/en\/wp-json\/wp\/v2\/tribe_events_cat?post=84483"}],"curies":[{"name":"wp","href":"https:\/\/api.w.org\/{rel}","templated":true}]}}