{"id":85710,"date":"2025-09-25T11:38:37","date_gmt":"2025-09-25T09:38:37","guid":{"rendered":"https:\/\/aktuelles.uni-frankfurt.de\/?post_type=tribe_events&#038;p=85710"},"modified":"2025-09-25T11:38:37","modified_gmt":"2025-09-25T09:38:37","slug":"plurales-lernen-ueber-den-holocaust","status":"publish","type":"tribe_events","link":"https:\/\/aktuelles.uni-frankfurt.de\/en\/event\/plurales-lernen-ueber-den-holocaust\/","title":{"rendered":"Plurales lernen \u00fcber den Holocaust?"},"content":{"rendered":"<p><strong>Gespr\u00e4ch zwischen Dr. Hanno Loewy und Saba-Nur Cheema<\/strong><\/p>\n<p>Am Beispiel eines Projekts zu Fluchtgeschichten zwischen 1938 und 1945 am J\u00fcdischen Museum Hohenems werden die dramatischen Lebenswege nicht nur von J\u00fcdinnen und Juden behandelt. Sie vermitteln ein differenziertes Bild von der Gewalt der Zeit und geben Raum, auch \u00fcber die Gegenwart zu sprechen. Der multiperspektivische Dialog ist auch Thema in der politischen Bildung heterogener Gesellschaften. Religi\u00f6s codierte Ressentiments finden sich nicht erst nach Erfahrungen von Diskriminierung, sondern bereits im Vorschulalter. Was bedeutet das f\u00fcr das Lernen \u00fcber den Holocaust?<\/p>\n<p>Saba-Nur Cheema ist Diplom-Politologin und Wissenschaftliche Mitarbeiterin im Teilprojekt \u201eReligi\u00f6s codierte Differenzkonstruktionen im Vor- und Grundschulalter\u201c am Institut f\u00fcr Allgemeine Erziehungswissenschaft der GoetheUniversit\u00e4t und Mitglied des Wissenschaftlichen Beirats des Fritz Bauer Instituts. Dr. Hanno Loewy ist Literatur- und Medienwissenschaftler. Er war ab 1995 Gr\u00fcndungsdirektor des Fritz Bauer Instituts und ist seit 2004 Direktor des J\u00fcdischen Museum Hohenems.<\/p>\n<p><strong>Zeit: <\/strong>18:15 Uhr<br \/>\n<strong>Ort:<\/strong> Campus Westend, Casino-Geb\u00e4ude, Raum 1.811, Norbert-Wollheim-Platz 1<\/p>\n<p><strong>Veranstalter<\/strong><br \/>\nFritz Bauer Institut in Kooperation mit der Bildungsst\u00e4tte Anne Frank<\/p>","protected":false},"excerpt":{"rendered":"<p>Gespr\u00e4ch zwischen Dr. Hanno Loewy und Saba-Nur Cheema Am Beispiel eines Projekts zu Fluchtgeschichten zwischen 1938 und 1945 am J\u00fcdischen Museum Hohenems werden die dramatischen Lebenswege nicht nur von J\u00fcdinnen [&hellip;]<\/p>\n","protected":false},"author":37,"featured_media":0,"template":"","meta":{"_eb_attr":"","_price":"","_stock":"","_tribe_ticket_header":"","_tribe_default_ticket_provider":"","_ticket_start_date":"","_ticket_end_date":"","_tribe_ticket_show_description":"","_tribe_ticket_show_not_going":false,"_tribe_ticket_use_global_stock":"","_tribe_ticket_global_stock_level":"","_global_stock_mode":"","_global_stock_cap":"","_tribe_rsvp_for_event":"","_tribe_ticket_going_count":"","_tribe_ticket_not_going_count":"","_tribe_tickets_list":"[]","_tribe_ticket_has_attendee_info_fields":false,"_tribe_events_status":"","_tribe_events_status_reason":"","_tribe_events_is_hybrid":"","_tribe_events_is_virtual":"","_tribe_events_virtual_video_source":"","_tribe_events_virtual_embed_video":"","_tribe_events_virtual_linked_button_text":"","_tribe_events_virtual_linked_button":"","_tribe_events_virtual_show_embed_at":"","_tribe_events_virtual_show_embed_to":[],"_tribe_events_virtual_show_on_event":"","_tribe_events_virtual_show_on_views":"","_tribe_events_virtual_url":"","footnotes":"","_tec_slr_enabled":"","_tec_slr_layout":""},"tags":[],"tribe_events_cat":[218],"class_list":["post-85710","tribe_events","type-tribe_events","status-publish","hentry","tribe_events_cat-podiumsgespraech","cat_podiumsgespraech"],"yoast_head":"<!-- This site is optimized with the Yoast SEO plugin v27.5 - https:\/\/yoast.com\/product\/yoast-seo-wordpress\/ -->\n<title>Plurales lernen \u00fcber den Holocaust? | Aktuelles aus der Goethe-Universit\u00e4t Frankfurt<\/title>\n<meta name=\"robots\" content=\"index, follow, max-snippet:-1, max-image-preview:large, max-video-preview:-1\" \/>\n<link rel=\"canonical\" href=\"https:\/\/aktuelles.uni-frankfurt.de\/en\/event\/plurales-lernen-ueber-den-holocaust\/\" \/>\n<meta property=\"og:locale\" content=\"en_GB\" \/>\n<meta property=\"og:type\" content=\"article\" \/>\n<meta property=\"og:title\" content=\"Plurales lernen \u00fcber den Holocaust? | Aktuelles aus der Goethe-Universit\u00e4t Frankfurt\" \/>\n<meta property=\"og:description\" content=\"Gespr\u00e4ch zwischen Dr. Hanno Loewy und Saba-Nur Cheema Am Beispiel eines Projekts zu Fluchtgeschichten zwischen 1938 und 1945 am J\u00fcdischen Museum Hohenems werden die dramatischen Lebenswege nicht nur von J\u00fcdinnen [&hellip;]\" \/>\n<meta property=\"og:url\" content=\"https:\/\/aktuelles.uni-frankfurt.de\/en\/event\/plurales-lernen-ueber-den-holocaust\/\" \/>\n<meta property=\"og:site_name\" content=\"Aktuelles aus der Goethe-Universit\u00e4t Frankfurt\" \/>\n<meta name=\"twitter:card\" content=\"summary_large_image\" \/>\n<meta name=\"twitter:label1\" content=\"Estimated reading time\" \/>\n\t<meta name=\"twitter:data1\" content=\"1 minute\" \/>\n<script type=\"application\/ld+json\" class=\"yoast-schema-graph\">{\"@context\":\"https:\\\/\\\/schema.org\",\"@graph\":[{\"@type\":\"WebPage\",\"@id\":\"https:\\\/\\\/aktuelles.uni-frankfurt.de\\\/event\\\/plurales-lernen-ueber-den-holocaust\\\/\",\"url\":\"https:\\\/\\\/aktuelles.uni-frankfurt.de\\\/event\\\/plurales-lernen-ueber-den-holocaust\\\/\",\"name\":\"Plurales lernen \u00fcber den Holocaust? | Aktuelles aus der Goethe-Universit\u00e4t Frankfurt\",\"isPartOf\":{\"@id\":\"https:\\\/\\\/aktuelles.uni-frankfurt.de\\\/#website\"},\"datePublished\":\"2025-09-25T09:38:37+00:00\",\"breadcrumb\":{\"@id\":\"https:\\\/\\\/aktuelles.uni-frankfurt.de\\\/event\\\/plurales-lernen-ueber-den-holocaust\\\/#breadcrumb\"},\"inLanguage\":\"en-GB\",\"potentialAction\":[{\"@type\":\"ReadAction\",\"target\":[\"https:\\\/\\\/aktuelles.uni-frankfurt.de\\\/event\\\/plurales-lernen-ueber-den-holocaust\\\/\"]}]},{\"@type\":\"BreadcrumbList\",\"@id\":\"https:\\\/\\\/aktuelles.uni-frankfurt.de\\\/event\\\/plurales-lernen-ueber-den-holocaust\\\/#breadcrumb\",\"itemListElement\":[{\"@type\":\"ListItem\",\"position\":1,\"name\":\"Startseite\",\"item\":\"https:\\\/\\\/aktuelles.uni-frankfurt.de\\\/\"},{\"@type\":\"ListItem\",\"position\":2,\"name\":\"Veranstaltungen\",\"item\":\"https:\\\/\\\/aktuelles.uni-frankfurt.de\\\/_events\\\/\"},{\"@type\":\"ListItem\",\"position\":3,\"name\":\"Plurales lernen \u00fcber den Holocaust?\"}]},{\"@type\":\"WebSite\",\"@id\":\"https:\\\/\\\/aktuelles.uni-frankfurt.de\\\/#website\",\"url\":\"https:\\\/\\\/aktuelles.uni-frankfurt.de\\\/\",\"name\":\"Aktuelles aus der Goethe-Universit\u00e4t Frankfurt\",\"description\":\"Aktuelles aus der Goethe-Universit\u00e4t | Neues aus Forschung, Lehre, Studium\",\"publisher\":{\"@id\":\"https:\\\/\\\/aktuelles.uni-frankfurt.de\\\/#organization\"},\"potentialAction\":[{\"@type\":\"SearchAction\",\"target\":{\"@type\":\"EntryPoint\",\"urlTemplate\":\"https:\\\/\\\/aktuelles.uni-frankfurt.de\\\/?s={search_term_string}\"},\"query-input\":{\"@type\":\"PropertyValueSpecification\",\"valueRequired\":true,\"valueName\":\"search_term_string\"}}],\"inLanguage\":\"en-GB\"},{\"@type\":\"Organization\",\"@id\":\"https:\\\/\\\/aktuelles.uni-frankfurt.de\\\/#organization\",\"name\":\"Goethe-Universit\u00e4t\",\"url\":\"https:\\\/\\\/aktuelles.uni-frankfurt.de\\\/\",\"logo\":{\"@type\":\"ImageObject\",\"inLanguage\":\"en-GB\",\"@id\":\"https:\\\/\\\/aktuelles.uni-frankfurt.de\\\/#\\\/schema\\\/logo\\\/image\\\/\",\"url\":\"https:\\\/\\\/aktuelles.uni-frankfurt.de\\\/wp-content\\\/uploads\\\/2022\\\/03\\\/800px-Goethe-Logo.png\",\"contentUrl\":\"https:\\\/\\\/aktuelles.uni-frankfurt.de\\\/wp-content\\\/uploads\\\/2022\\\/03\\\/800px-Goethe-Logo.png\",\"width\":800,\"height\":436,\"caption\":\"Goethe-Universit\u00e4t\"},\"image\":{\"@id\":\"https:\\\/\\\/aktuelles.uni-frankfurt.de\\\/#\\\/schema\\\/logo\\\/image\\\/\"}}]}<\/script>\n<!-- \/ Yoast SEO plugin. -->","yoast_head_json":{"title":"Plurales lernen \u00fcber den Holocaust? | Aktuelles aus der Goethe-Universit\u00e4t Frankfurt","robots":{"index":"index","follow":"follow","max-snippet":"max-snippet:-1","max-image-preview":"max-image-preview:large","max-video-preview":"max-video-preview:-1"},"canonical":"https:\/\/aktuelles.uni-frankfurt.de\/en\/event\/plurales-lernen-ueber-den-holocaust\/","og_locale":"en_GB","og_type":"article","og_title":"Plurales lernen \u00fcber den Holocaust? | Aktuelles aus der Goethe-Universit\u00e4t Frankfurt","og_description":"Gespr\u00e4ch zwischen Dr. Hanno Loewy und Saba-Nur Cheema Am Beispiel eines Projekts zu Fluchtgeschichten zwischen 1938 und 1945 am J\u00fcdischen Museum Hohenems werden die dramatischen Lebenswege nicht nur von J\u00fcdinnen [&hellip;]","og_url":"https:\/\/aktuelles.uni-frankfurt.de\/en\/event\/plurales-lernen-ueber-den-holocaust\/","og_site_name":"Aktuelles aus der Goethe-Universit\u00e4t Frankfurt","twitter_card":"summary_large_image","twitter_misc":{"Estimated reading time":"1 minute"},"schema":{"@context":"https:\/\/schema.org","@graph":[{"@type":"WebPage","@id":"https:\/\/aktuelles.uni-frankfurt.de\/event\/plurales-lernen-ueber-den-holocaust\/","url":"https:\/\/aktuelles.uni-frankfurt.de\/event\/plurales-lernen-ueber-den-holocaust\/","name":"Plurales lernen \u00fcber den Holocaust? | Aktuelles aus der Goethe-Universit\u00e4t Frankfurt","isPartOf":{"@id":"https:\/\/aktuelles.uni-frankfurt.de\/#website"},"datePublished":"2025-09-25T09:38:37+00:00","breadcrumb":{"@id":"https:\/\/aktuelles.uni-frankfurt.de\/event\/plurales-lernen-ueber-den-holocaust\/#breadcrumb"},"inLanguage":"en-GB","potentialAction":[{"@type":"ReadAction","target":["https:\/\/aktuelles.uni-frankfurt.de\/event\/plurales-lernen-ueber-den-holocaust\/"]}]},{"@type":"BreadcrumbList","@id":"https:\/\/aktuelles.uni-frankfurt.de\/event\/plurales-lernen-ueber-den-holocaust\/#breadcrumb","itemListElement":[{"@type":"ListItem","position":1,"name":"Startseite","item":"https:\/\/aktuelles.uni-frankfurt.de\/"},{"@type":"ListItem","position":2,"name":"Veranstaltungen","item":"https:\/\/aktuelles.uni-frankfurt.de\/_events\/"},{"@type":"ListItem","position":3,"name":"Plurales lernen \u00fcber den Holocaust?"}]},{"@type":"WebSite","@id":"https:\/\/aktuelles.uni-frankfurt.de\/#website","url":"https:\/\/aktuelles.uni-frankfurt.de\/","name":"Aktuelles aus der Goethe-Universit\u00e4t Frankfurt","description":"Aktuelles aus der Goethe-Universit\u00e4t | Neues aus Forschung, Lehre, Studium","publisher":{"@id":"https:\/\/aktuelles.uni-frankfurt.de\/#organization"},"potentialAction":[{"@type":"SearchAction","target":{"@type":"EntryPoint","urlTemplate":"https:\/\/aktuelles.uni-frankfurt.de\/?s={search_term_string}"},"query-input":{"@type":"PropertyValueSpecification","valueRequired":true,"valueName":"search_term_string"}}],"inLanguage":"en-GB"},{"@type":"Organization","@id":"https:\/\/aktuelles.uni-frankfurt.de\/#organization","name":"Goethe University Frankfurt","url":"https:\/\/aktuelles.uni-frankfurt.de\/","logo":{"@type":"ImageObject","inLanguage":"en-GB","@id":"https:\/\/aktuelles.uni-frankfurt.de\/#\/schema\/logo\/image\/","url":"https:\/\/aktuelles.uni-frankfurt.de\/wp-content\/uploads\/2022\/03\/800px-Goethe-Logo.png","contentUrl":"https:\/\/aktuelles.uni-frankfurt.de\/wp-content\/uploads\/2022\/03\/800px-Goethe-Logo.png","width":800,"height":436,"caption":"Goethe-Universit\u00e4t"},"image":{"@id":"https:\/\/aktuelles.uni-frankfurt.de\/#\/schema\/logo\/image\/"}}]}},"ticketed":false,"_links":{"self":[{"href":"https:\/\/aktuelles.uni-frankfurt.de\/en\/wp-json\/wp\/v2\/tribe_events\/85710","targetHints":{"allow":["GET"]}}],"collection":[{"href":"https:\/\/aktuelles.uni-frankfurt.de\/en\/wp-json\/wp\/v2\/tribe_events"}],"about":[{"href":"https:\/\/aktuelles.uni-frankfurt.de\/en\/wp-json\/wp\/v2\/types\/tribe_events"}],"author":[{"embeddable":true,"href":"https:\/\/aktuelles.uni-frankfurt.de\/en\/wp-json\/wp\/v2\/users\/37"}],"version-history":[{"count":0,"href":"https:\/\/aktuelles.uni-frankfurt.de\/en\/wp-json\/wp\/v2\/tribe_events\/85710\/revisions"}],"wp:attachment":[{"href":"https:\/\/aktuelles.uni-frankfurt.de\/en\/wp-json\/wp\/v2\/media?parent=85710"}],"wp:term":[{"taxonomy":"post_tag","embeddable":true,"href":"https:\/\/aktuelles.uni-frankfurt.de\/en\/wp-json\/wp\/v2\/tags?post=85710"},{"taxonomy":"tribe_events_cat","embeddable":true,"href":"https:\/\/aktuelles.uni-frankfurt.de\/en\/wp-json\/wp\/v2\/tribe_events_cat?post=85710"}],"curies":[{"name":"wp","href":"https:\/\/api.w.org\/{rel}","templated":true}]}}