{"id":85827,"date":"2025-10-02T10:42:20","date_gmt":"2025-10-02T08:42:20","guid":{"rendered":"https:\/\/aktuelles.uni-frankfurt.de\/event\/hirngespinste-2\/"},"modified":"2025-10-02T10:42:20","modified_gmt":"2025-10-02T08:42:20","slug":"kein-gehirn-gleicht-dem-anderen-die-vielfalt-der-gehirnstruktur-bei-autismus","status":"publish","type":"tribe_events","link":"https:\/\/aktuelles.uni-frankfurt.de\/en\/event\/kein-gehirn-gleicht-dem-anderen-die-vielfalt-der-gehirnstruktur-bei-autismus\/","title":{"rendered":"Kein Gehirn gleicht dem anderen: Die Vielfalt der Gehirnstruktur bei Autismus"},"content":{"rendered":"<p>Die neue Veranstaltungsreihe im Cooperative Brain Imaging Center \u2013 CoBIC verbindet Wissenschaft, Begegnung und Kultur. In entspannter Atmosph\u00e4re pr\u00e4sentieren Neurowissenschaftler*innen aktuelle Erkenntnisse aus der Hirnforschung \u2013 verst\u00e4ndlich, spannend und mitten aus dem Forschungsalltag. Nach einem Umtrunk zum Ideenaustausch entwickelt sich der Abend zum inspirierenden klassischen Konzert. Wissenschaft trifft Kultur \u2013 offen f\u00fcr alle, anregend und vernetzend. Willkommen zu einem Abend voller Hirngespinste!<\/p>\n<p>Das CoBIC ist ein Hirnforschungszentrum in den bildgebenden Neurowissenschaften, an dem hochmoderne Forschungsinfrastruktur, wissenschaftliche Exzellenz und ein konstruktives,<br \/>\nrespektvolles Miteinander optimale Bedingungen f\u00fcr transdisziplin\u00e4re Forschung schaffen. CoBIC ist eine Kooperation der Goethe-Universit\u00e4t, des Max-Planck-Instituts f\u00fcr empirische<br \/>\n\u00c4sthetik und des Ernst Str\u00fcngmann Institute for Neuroscience.<\/p>\n<p><strong>28. Oktober<\/strong><br \/>\nPD Dr. Christian Kell<br \/>\n<strong>Von der Hirnmasse zur Sprache \u2013 Neurobiologische Grundlagen kultureller Evolution<\/strong><br \/>\nKonzert: Cl\u00e1udia Ribas, Mezzosopranistin, und Andr\u00e9 Dolabella, Pianist<\/p>\n<p><strong>25. November<\/strong><br \/>\nProf. Dr. Daniela Sammler<br \/>\n<strong>Musik im Gehirn \u2013 Vom Ich zum Wir<\/strong><br \/>\nKonzert: Johannes Kasper, Barockcellist und Neurowissenschaftler<\/p>\n<p><strong>27. Januar 2026<\/strong><br \/>\nProf. Dr. Jonathan Repple<br \/>\n<strong>Mafia, Flugh\u00e4fen, Gehirn: Was gest\u00f6rte Netzwerke gemeinsam haben<\/strong><br \/>\nKonzert: Dimiter Ivanov, Konzertmeister Frankfurter Opern- und Museumsorchester<\/p>\n<p><strong>3. M\u00e4rz<\/strong><br \/>\nProf. Dr. Christine Ecker<br \/>\n<strong>Kein Gehirn gleicht dem anderen: Die Vielfalt der Gehirnstruktur bei Autismus<\/strong><br \/>\nKonzert: Prof. Matthias Kowalczyk, Solotrompeter<\/p>\n<p><strong>31. M\u00e4rz<\/strong><br \/>\nPD Dr. Sharmili Edwin Thanarajah<br \/>\n<strong>Genuss mit Nebenwirkungen: Unser Essen und das Gehirn<\/strong><br \/>\nKonzert: Peter Szasz, Violinist, und Lukas Rommelspacher, Pianist,<br \/>\nOper Frankfurt<\/p>\n<p><strong>Ort und Zeit<\/strong><br \/>\n18.30 Uhr<br \/>\nCooperative Brain Imaging Center \u2013 CoBIC, Heinrich-Hoffmann-Stra\u00dfe 9, Campus Niederrad, Seminarraum und Foyer<\/p>\n<p>Die Teilnehmerzahl ist auf 50 Personen begrenzt.<\/p>\n<p>Um Anmeldung wird gebeten unter<br \/>\n<a href=\"mailto:info@cobic.de\">info@cobic.de<\/a> erforderlich.<\/p>\n<p><strong>Veranstalter<\/strong><br \/>\nCooperative Brain Imaging Center \u2013 CoBIC<\/p>\n<p><a href=\"http:\/\/www.cobic.de\" target=\"_blank\" rel=\"noopener\">www.cobic.de<\/a><\/p>","protected":false},"excerpt":{"rendered":"<p>Die neue Veranstaltungsreihe im Cooperative Brain Imaging Center \u2013 CoBIC verbindet Wissenschaft, Begegnung und Kultur. In entspannter Atmosph\u00e4re pr\u00e4sentieren Neurowissenschaftler*innen aktuelle Erkenntnisse aus der Hirnforschung \u2013 verst\u00e4ndlich, spannend und mitten [&hellip;]<\/p>\n","protected":false},"author":8,"featured_media":0,"template":"","meta":{"_eb_attr":"","_price":"","_stock":"","_tribe_ticket_header":"","_tribe_default_ticket_provider":"","_ticket_start_date":"","_ticket_end_date":"","_tribe_ticket_show_description":"","_tribe_ticket_show_not_going":false,"_tribe_ticket_use_global_stock":"","_tribe_ticket_global_stock_level":"","_global_stock_mode":"","_global_stock_cap":"","_tribe_rsvp_for_event":"","_tribe_ticket_going_count":"","_tribe_ticket_not_going_count":"","_tribe_tickets_list":"[]","_tribe_ticket_has_attendee_info_fields":false,"_tribe_events_status":"","_tribe_events_status_reason":"","_tribe_events_is_hybrid":"","_tribe_events_is_virtual":"","_tribe_events_virtual_video_source":"","_tribe_events_virtual_embed_video":"","_tribe_events_virtual_linked_button_text":"","_tribe_events_virtual_linked_button":"","_tribe_events_virtual_show_embed_at":"","_tribe_events_virtual_show_embed_to":[],"_tribe_events_virtual_show_on_event":"","_tribe_events_virtual_show_on_views":"","_tribe_events_virtual_url":"","footnotes":"","_tec_slr_enabled":"","_tec_slr_layout":""},"tags":[],"tribe_events_cat":[119,114],"class_list":["post-85827","tribe_events","type-tribe_events","status-publish","hentry","tribe_events_cat-konzerte","tribe_events_cat-vortraege","cat_konzerte","cat_vortraege"],"yoast_head":"<!-- This site is optimized with the Yoast SEO plugin v27.5 - https:\/\/yoast.com\/product\/yoast-seo-wordpress\/ -->\n<title>Kein Gehirn gleicht dem anderen: Die Vielfalt der Gehirnstruktur bei Autismus | Aktuelles aus der Goethe-Universit\u00e4t Frankfurt<\/title>\n<meta name=\"robots\" content=\"index, follow, max-snippet:-1, max-image-preview:large, max-video-preview:-1\" \/>\n<link rel=\"canonical\" href=\"https:\/\/aktuelles.uni-frankfurt.de\/en\/event\/kein-gehirn-gleicht-dem-anderen-die-vielfalt-der-gehirnstruktur-bei-autismus\/2026-03-03\/\" \/>\n<meta property=\"og:locale\" content=\"en_GB\" \/>\n<meta property=\"og:type\" content=\"article\" \/>\n<meta property=\"og:title\" content=\"Kein Gehirn gleicht dem anderen: Die Vielfalt der Gehirnstruktur bei Autismus | Aktuelles aus der Goethe-Universit\u00e4t Frankfurt\" \/>\n<meta property=\"og:description\" content=\"Die neue Veranstaltungsreihe im Cooperative Brain Imaging Center \u2013 CoBIC verbindet Wissenschaft, Begegnung und Kultur. In entspannter Atmosph\u00e4re pr\u00e4sentieren Neurowissenschaftler*innen aktuelle Erkenntnisse aus der Hirnforschung \u2013 verst\u00e4ndlich, spannend und mitten [&hellip;]\" \/>\n<meta property=\"og:url\" content=\"https:\/\/aktuelles.uni-frankfurt.de\/en\/event\/kein-gehirn-gleicht-dem-anderen-die-vielfalt-der-gehirnstruktur-bei-autismus\/2026-03-03\/\" \/>\n<meta property=\"og:site_name\" content=\"Aktuelles aus der Goethe-Universit\u00e4t Frankfurt\" \/>\n<meta name=\"twitter:card\" content=\"summary_large_image\" \/>\n<meta name=\"twitter:label1\" content=\"Estimated reading time\" \/>\n\t<meta name=\"twitter:data1\" content=\"1 minute\" \/>\n<script type=\"application\/ld+json\" class=\"yoast-schema-graph\">{\"@context\":\"https:\\\/\\\/schema.org\",\"@graph\":[{\"@type\":\"WebPage\",\"@id\":\"https:\\\/\\\/aktuelles.uni-frankfurt.de\\\/event\\\/kein-gehirn-gleicht-dem-anderen-die-vielfalt-der-gehirnstruktur-bei-autismus\\\/2026-03-03\\\/\",\"url\":\"https:\\\/\\\/aktuelles.uni-frankfurt.de\\\/event\\\/kein-gehirn-gleicht-dem-anderen-die-vielfalt-der-gehirnstruktur-bei-autismus\\\/2026-03-03\\\/\",\"name\":\"Kein Gehirn gleicht dem anderen: Die Vielfalt der Gehirnstruktur bei Autismus | Aktuelles aus der Goethe-Universit\u00e4t Frankfurt\",\"isPartOf\":{\"@id\":\"https:\\\/\\\/aktuelles.uni-frankfurt.de\\\/#website\"},\"datePublished\":\"2025-10-02T08:42:20+00:00\",\"breadcrumb\":{\"@id\":\"https:\\\/\\\/aktuelles.uni-frankfurt.de\\\/event\\\/kein-gehirn-gleicht-dem-anderen-die-vielfalt-der-gehirnstruktur-bei-autismus\\\/2026-03-03\\\/#breadcrumb\"},\"inLanguage\":\"en-GB\",\"potentialAction\":[{\"@type\":\"ReadAction\",\"target\":[\"https:\\\/\\\/aktuelles.uni-frankfurt.de\\\/event\\\/kein-gehirn-gleicht-dem-anderen-die-vielfalt-der-gehirnstruktur-bei-autismus\\\/2026-03-03\\\/\"]}]},{\"@type\":\"BreadcrumbList\",\"@id\":\"https:\\\/\\\/aktuelles.uni-frankfurt.de\\\/event\\\/kein-gehirn-gleicht-dem-anderen-die-vielfalt-der-gehirnstruktur-bei-autismus\\\/2026-03-03\\\/#breadcrumb\",\"itemListElement\":[{\"@type\":\"ListItem\",\"position\":1,\"name\":\"Startseite\",\"item\":\"https:\\\/\\\/aktuelles.uni-frankfurt.de\\\/\"},{\"@type\":\"ListItem\",\"position\":2,\"name\":\"Veranstaltungen\",\"item\":\"https:\\\/\\\/aktuelles.uni-frankfurt.de\\\/_events\\\/\"},{\"@type\":\"ListItem\",\"position\":3,\"name\":\"Kein Gehirn gleicht dem anderen: Die Vielfalt der Gehirnstruktur bei Autismus\"}]},{\"@type\":\"WebSite\",\"@id\":\"https:\\\/\\\/aktuelles.uni-frankfurt.de\\\/#website\",\"url\":\"https:\\\/\\\/aktuelles.uni-frankfurt.de\\\/\",\"name\":\"Aktuelles aus der Goethe-Universit\u00e4t Frankfurt\",\"description\":\"Aktuelles aus der Goethe-Universit\u00e4t | Neues aus Forschung, Lehre, Studium\",\"publisher\":{\"@id\":\"https:\\\/\\\/aktuelles.uni-frankfurt.de\\\/#organization\"},\"potentialAction\":[{\"@type\":\"SearchAction\",\"target\":{\"@type\":\"EntryPoint\",\"urlTemplate\":\"https:\\\/\\\/aktuelles.uni-frankfurt.de\\\/?s={search_term_string}\"},\"query-input\":{\"@type\":\"PropertyValueSpecification\",\"valueRequired\":true,\"valueName\":\"search_term_string\"}}],\"inLanguage\":\"en-GB\"},{\"@type\":\"Organization\",\"@id\":\"https:\\\/\\\/aktuelles.uni-frankfurt.de\\\/#organization\",\"name\":\"Goethe-Universit\u00e4t\",\"url\":\"https:\\\/\\\/aktuelles.uni-frankfurt.de\\\/\",\"logo\":{\"@type\":\"ImageObject\",\"inLanguage\":\"en-GB\",\"@id\":\"https:\\\/\\\/aktuelles.uni-frankfurt.de\\\/#\\\/schema\\\/logo\\\/image\\\/\",\"url\":\"https:\\\/\\\/aktuelles.uni-frankfurt.de\\\/wp-content\\\/uploads\\\/2022\\\/03\\\/800px-Goethe-Logo.png\",\"contentUrl\":\"https:\\\/\\\/aktuelles.uni-frankfurt.de\\\/wp-content\\\/uploads\\\/2022\\\/03\\\/800px-Goethe-Logo.png\",\"width\":800,\"height\":436,\"caption\":\"Goethe-Universit\u00e4t\"},\"image\":{\"@id\":\"https:\\\/\\\/aktuelles.uni-frankfurt.de\\\/#\\\/schema\\\/logo\\\/image\\\/\"}}]}<\/script>\n<!-- \/ Yoast SEO plugin. -->","yoast_head_json":{"title":"Kein Gehirn gleicht dem anderen: Die Vielfalt der Gehirnstruktur bei Autismus | Aktuelles aus der Goethe-Universit\u00e4t Frankfurt","robots":{"index":"index","follow":"follow","max-snippet":"max-snippet:-1","max-image-preview":"max-image-preview:large","max-video-preview":"max-video-preview:-1"},"canonical":"https:\/\/aktuelles.uni-frankfurt.de\/en\/event\/kein-gehirn-gleicht-dem-anderen-die-vielfalt-der-gehirnstruktur-bei-autismus\/2026-03-03\/","og_locale":"en_GB","og_type":"article","og_title":"Kein Gehirn gleicht dem anderen: Die Vielfalt der Gehirnstruktur bei Autismus | Aktuelles aus der Goethe-Universit\u00e4t Frankfurt","og_description":"Die neue Veranstaltungsreihe im Cooperative Brain Imaging Center \u2013 CoBIC verbindet Wissenschaft, Begegnung und Kultur. In entspannter Atmosph\u00e4re pr\u00e4sentieren Neurowissenschaftler*innen aktuelle Erkenntnisse aus der Hirnforschung \u2013 verst\u00e4ndlich, spannend und mitten [&hellip;]","og_url":"https:\/\/aktuelles.uni-frankfurt.de\/en\/event\/kein-gehirn-gleicht-dem-anderen-die-vielfalt-der-gehirnstruktur-bei-autismus\/2026-03-03\/","og_site_name":"Aktuelles aus der Goethe-Universit\u00e4t Frankfurt","twitter_card":"summary_large_image","twitter_misc":{"Estimated reading time":"1 minute"},"schema":{"@context":"https:\/\/schema.org","@graph":[{"@type":"WebPage","@id":"https:\/\/aktuelles.uni-frankfurt.de\/event\/kein-gehirn-gleicht-dem-anderen-die-vielfalt-der-gehirnstruktur-bei-autismus\/2026-03-03\/","url":"https:\/\/aktuelles.uni-frankfurt.de\/event\/kein-gehirn-gleicht-dem-anderen-die-vielfalt-der-gehirnstruktur-bei-autismus\/2026-03-03\/","name":"Kein Gehirn gleicht dem anderen: Die Vielfalt der Gehirnstruktur bei Autismus | Aktuelles aus der Goethe-Universit\u00e4t Frankfurt","isPartOf":{"@id":"https:\/\/aktuelles.uni-frankfurt.de\/#website"},"datePublished":"2025-10-02T08:42:20+00:00","breadcrumb":{"@id":"https:\/\/aktuelles.uni-frankfurt.de\/event\/kein-gehirn-gleicht-dem-anderen-die-vielfalt-der-gehirnstruktur-bei-autismus\/2026-03-03\/#breadcrumb"},"inLanguage":"en-GB","potentialAction":[{"@type":"ReadAction","target":["https:\/\/aktuelles.uni-frankfurt.de\/event\/kein-gehirn-gleicht-dem-anderen-die-vielfalt-der-gehirnstruktur-bei-autismus\/2026-03-03\/"]}]},{"@type":"BreadcrumbList","@id":"https:\/\/aktuelles.uni-frankfurt.de\/event\/kein-gehirn-gleicht-dem-anderen-die-vielfalt-der-gehirnstruktur-bei-autismus\/2026-03-03\/#breadcrumb","itemListElement":[{"@type":"ListItem","position":1,"name":"Startseite","item":"https:\/\/aktuelles.uni-frankfurt.de\/"},{"@type":"ListItem","position":2,"name":"Veranstaltungen","item":"https:\/\/aktuelles.uni-frankfurt.de\/_events\/"},{"@type":"ListItem","position":3,"name":"Kein Gehirn gleicht dem anderen: Die Vielfalt der Gehirnstruktur bei Autismus"}]},{"@type":"WebSite","@id":"https:\/\/aktuelles.uni-frankfurt.de\/#website","url":"https:\/\/aktuelles.uni-frankfurt.de\/","name":"Aktuelles aus der Goethe-Universit\u00e4t Frankfurt","description":"Aktuelles aus der Goethe-Universit\u00e4t | Neues aus Forschung, Lehre, Studium","publisher":{"@id":"https:\/\/aktuelles.uni-frankfurt.de\/#organization"},"potentialAction":[{"@type":"SearchAction","target":{"@type":"EntryPoint","urlTemplate":"https:\/\/aktuelles.uni-frankfurt.de\/?s={search_term_string}"},"query-input":{"@type":"PropertyValueSpecification","valueRequired":true,"valueName":"search_term_string"}}],"inLanguage":"en-GB"},{"@type":"Organization","@id":"https:\/\/aktuelles.uni-frankfurt.de\/#organization","name":"Goethe University Frankfurt","url":"https:\/\/aktuelles.uni-frankfurt.de\/","logo":{"@type":"ImageObject","inLanguage":"en-GB","@id":"https:\/\/aktuelles.uni-frankfurt.de\/#\/schema\/logo\/image\/","url":"https:\/\/aktuelles.uni-frankfurt.de\/wp-content\/uploads\/2022\/03\/800px-Goethe-Logo.png","contentUrl":"https:\/\/aktuelles.uni-frankfurt.de\/wp-content\/uploads\/2022\/03\/800px-Goethe-Logo.png","width":800,"height":436,"caption":"Goethe-Universit\u00e4t"},"image":{"@id":"https:\/\/aktuelles.uni-frankfurt.de\/#\/schema\/logo\/image\/"}}]}},"ticketed":false,"_links":{"self":[{"href":"https:\/\/aktuelles.uni-frankfurt.de\/en\/wp-json\/wp\/v2\/tribe_events\/85827","targetHints":{"allow":["GET"]}}],"collection":[{"href":"https:\/\/aktuelles.uni-frankfurt.de\/en\/wp-json\/wp\/v2\/tribe_events"}],"about":[{"href":"https:\/\/aktuelles.uni-frankfurt.de\/en\/wp-json\/wp\/v2\/types\/tribe_events"}],"author":[{"embeddable":true,"href":"https:\/\/aktuelles.uni-frankfurt.de\/en\/wp-json\/wp\/v2\/users\/8"}],"version-history":[{"count":0,"href":"https:\/\/aktuelles.uni-frankfurt.de\/en\/wp-json\/wp\/v2\/tribe_events\/85827\/revisions"}],"wp:attachment":[{"href":"https:\/\/aktuelles.uni-frankfurt.de\/en\/wp-json\/wp\/v2\/media?parent=85827"}],"wp:term":[{"taxonomy":"post_tag","embeddable":true,"href":"https:\/\/aktuelles.uni-frankfurt.de\/en\/wp-json\/wp\/v2\/tags?post=85827"},{"taxonomy":"tribe_events_cat","embeddable":true,"href":"https:\/\/aktuelles.uni-frankfurt.de\/en\/wp-json\/wp\/v2\/tribe_events_cat?post=85827"}],"curies":[{"name":"wp","href":"https:\/\/api.w.org\/{rel}","templated":true}]}}