{"id":87534,"date":"2026-02-23T15:47:35","date_gmt":"2026-02-23T14:47:35","guid":{"rendered":"https:\/\/aktuelles.uni-frankfurt.de\/?post_type=tribe_events&#038;p=87534"},"modified":"2026-02-23T15:47:35","modified_gmt":"2026-02-23T14:47:35","slug":"science-policy-dialog-blinde-flecken-im-klimaschutz","status":"publish","type":"tribe_events","link":"https:\/\/aktuelles.uni-frankfurt.de\/en\/event\/science-policy-dialog-blinde-flecken-im-klimaschutz\/","title":{"rendered":"Science-Policy-Dialog: Blinde Flecken im Klimaschutz"},"content":{"rendered":"<p>Science-Policy-Dialog<br \/>\n<strong>BLINDE FLECKEN IM KLIMASCHUTZ<\/strong><br \/>\nOrganisierte Klimakriminalit\u00e4t und der illegale Handel mit F-Gasen<\/p>\n<p>\u201eUmweltkriminalit\u00e4t ist eines der wichtigsten Bet\u00e4tigungsfelder f\u00fcr die OrganisierteKriminalit\u00e4t und bedroht unsere Lebensgrundlagen\u201c, hei\u00dft es im Koalitionsvertrag der Bundesregierung. Organisierte Umweltkriminalit\u00e4t gilt nach Drogenhandel und Produktf\u00e4lschungen als einer der st\u00e4rksten Treiber transnationaler illegaler Aktivit\u00e4ten \u2013 Tendenz steigend. In der \u00f6ffentlichen Debatte spielt dies bislang nur eine untergeordnete Rolle.<\/p>\n<p>In besonderer Weise zeigt sich dies am illegalen Handel mit fluorierten Treibhausgasen (F-Gasen). F-Gase sind extrem klimasch\u00e4dlich \u2013 ihr Treibhauspotenzial ist bis zu 24.000-fach h\u00f6her als das von Kohlendioxid. W\u00e4hrend die Europ\u00e4ische Union die zul\u00e4ssigen Mengen schrittweise reduziert, boomt ein global vernetzter Schwarzmarkt: Sch\u00e4tzungen zufolge stammen inzwischen 40 bis 50 Prozent der in Europa gehandelten F-Gase aus illegalen Quellen. Die Folgen sind gravierend: Regulierter Klimaschutz wird systematisch ausgehebelt; Klima und rechtstreuer Markt nehmen massiven Schaden.<\/p>\n<p>Der Science-Policy-Dialog beleuchtet diese \u201eblinden Flecken\u201c des Klimaschutzes und geht dem illegalen Handel mit F-Gasen als Beispiel f\u00fcr Organisierte Umwelt- bzw. Klimakriminalit\u00e4t nach. Im Zentrum stehen eine grunds\u00e4tzliche Problemdiagnose, die Frage nach der Handlungsmacht des geltenden Strafrechts gegen\u00fcber organisierten Klimasch\u00e4digungen sowie die Entwicklung konkreter rechtspolitischer Handlungsoptionen.<\/p>\n<p>Die Goethe-Universit\u00e4t Frankfurt und das Hessische Ministerium f\u00fcr Landwirtschaft und Umwelt, Weinbau, Forsten, Jagd und Heimat laden ein und bringen Wissenschaft und Politik, Juristinnen und Juristen, Kriminologinnen und Kriminologen, Vollzugs- und Ermittlungsbeh\u00f6rden sowie Vertreterinnen und Vertreter aus Wirtschaft und Medien in den Dialog.<\/p>\n<p><strong>30. April 2026 von 10:00 \u2013 17:00 Uhr,<\/strong><br \/>\n<strong>in die Goethe-Universit\u00e4t Frankfurt, Campus-Westend, Casino-Geb\u00e4ude, 1. Stock, Raum 1.811<\/strong><br \/>\n<strong>Theodor-W.-Adorno-Platz 2, 60323 Frankfurt am Main<\/strong><\/p>\n<p>U-Bahn: Holzhausenstra\u00dfe \/<br \/>\nParken: Max-Horkheimer-Stra\u00dfe (SKW-Geb\u00e4ude), 60323 Frankfurt am Main (\u00f6ffentliches, geb\u00fchrenpflichtiges Parkhaus)<\/p>\n<p>Das <strong>Programm<\/strong> der Veranstaltung finden Sie <a href=\"https:\/\/landwirtschaft.hessen.de\/umwelt\/chemikaliensicherheit\">hier<\/a>. Anmeldung zur Veranstaltung ist <strong>bis zum 24. April 2026<\/strong> m\u00f6glich.<\/p>\n<p>Die Konferenz wird in Kooperation mit dem Mercator Science-Policy Fellowship-Programm und dem ENGAGEgreen-Projekt der Rhein-Main-Universit\u00e4ten organisiert; sie ist \u00f6ffentlich und kostenfrei zug\u00e4nglich.<\/p>","protected":false},"excerpt":{"rendered":"<p>Science-Policy-Dialog BLINDE FLECKEN IM KLIMASCHUTZ Organisierte Klimakriminalit\u00e4t und der illegale Handel mit F-Gasen \u201eUmweltkriminalit\u00e4t ist eines der wichtigsten Bet\u00e4tigungsfelder f\u00fcr die OrganisierteKriminalit\u00e4t und bedroht unsere Lebensgrundlagen\u201c, hei\u00dft es im Koalitionsvertrag [&hellip;]<\/p>\n","protected":false},"author":30,"featured_media":87535,"template":"","meta":{"_eb_attr":"","_price":"","_stock":"","_tribe_ticket_header":"","_tribe_default_ticket_provider":"","_ticket_start_date":"","_ticket_end_date":"","_tribe_ticket_show_description":"","_tribe_ticket_show_not_going":false,"_tribe_ticket_use_global_stock":"","_tribe_ticket_global_stock_level":"","_global_stock_mode":"","_global_stock_cap":"","_tribe_rsvp_for_event":"","_tribe_ticket_going_count":"","_tribe_ticket_not_going_count":"","_tribe_tickets_list":"[]","_tribe_ticket_has_attendee_info_fields":false,"_tribe_events_status":"","_tribe_events_status_reason":"","_tribe_events_is_hybrid":"","_tribe_events_is_virtual":"","_tribe_events_virtual_video_source":"","_tribe_events_virtual_embed_video":"","_tribe_events_virtual_linked_button_text":"","_tribe_events_virtual_linked_button":"","_tribe_events_virtual_show_embed_at":"","_tribe_events_virtual_show_embed_to":[],"_tribe_events_virtual_show_on_event":"","_tribe_events_virtual_show_on_views":"","_tribe_events_virtual_url":"","footnotes":"","_tec_slr_enabled":"","_tec_slr_layout":""},"tags":[],"tribe_events_cat":[136],"class_list":["post-87534","tribe_events","type-tribe_events","status-publish","has-post-thumbnail","hentry","tribe_events_cat-konferenzen","cat_konferenzen"],"yoast_head":"<!-- This site is optimized with the Yoast SEO plugin v27.5 - https:\/\/yoast.com\/product\/yoast-seo-wordpress\/ -->\n<title>Science-Policy-Dialog: Blinde Flecken im Klimaschutz | Aktuelles aus der Goethe-Universit\u00e4t Frankfurt<\/title>\n<meta name=\"robots\" content=\"index, follow, max-snippet:-1, max-image-preview:large, max-video-preview:-1\" \/>\n<link rel=\"canonical\" href=\"https:\/\/aktuelles.uni-frankfurt.de\/en\/event\/science-policy-dialog-blinde-flecken-im-klimaschutz\/\" \/>\n<meta property=\"og:locale\" content=\"en_GB\" \/>\n<meta property=\"og:type\" content=\"article\" \/>\n<meta property=\"og:title\" content=\"Science-Policy-Dialog: Blinde Flecken im Klimaschutz | Aktuelles aus der Goethe-Universit\u00e4t Frankfurt\" \/>\n<meta property=\"og:description\" content=\"Science-Policy-Dialog BLINDE FLECKEN IM KLIMASCHUTZ Organisierte Klimakriminalit\u00e4t und der illegale Handel mit F-Gasen \u201eUmweltkriminalit\u00e4t ist eines der wichtigsten Bet\u00e4tigungsfelder f\u00fcr die OrganisierteKriminalit\u00e4t und bedroht unsere Lebensgrundlagen\u201c, hei\u00dft es im Koalitionsvertrag [&hellip;]\" \/>\n<meta property=\"og:url\" content=\"https:\/\/aktuelles.uni-frankfurt.de\/en\/event\/science-policy-dialog-blinde-flecken-im-klimaschutz\/\" \/>\n<meta property=\"og:site_name\" content=\"Aktuelles aus der Goethe-Universit\u00e4t Frankfurt\" \/>\n<meta property=\"og:image\" content=\"https:\/\/aktuelles.uni-frankfurt.de\/wp-content\/uploads\/2026\/02\/bild-website.jpg\" \/>\n\t<meta property=\"og:image:width\" content=\"928\" \/>\n\t<meta property=\"og:image:height\" content=\"522\" \/>\n\t<meta property=\"og:image:type\" content=\"image\/jpeg\" \/>\n<meta name=\"twitter:card\" content=\"summary_large_image\" \/>\n<meta name=\"twitter:label1\" content=\"Estimated reading time\" \/>\n\t<meta name=\"twitter:data1\" content=\"2 minutes\" \/>\n<script type=\"application\/ld+json\" class=\"yoast-schema-graph\">{\"@context\":\"https:\\\/\\\/schema.org\",\"@graph\":[{\"@type\":\"WebPage\",\"@id\":\"https:\\\/\\\/aktuelles.uni-frankfurt.de\\\/event\\\/science-policy-dialog-blinde-flecken-im-klimaschutz\\\/\",\"url\":\"https:\\\/\\\/aktuelles.uni-frankfurt.de\\\/event\\\/science-policy-dialog-blinde-flecken-im-klimaschutz\\\/\",\"name\":\"Science-Policy-Dialog: Blinde Flecken im Klimaschutz | Aktuelles aus der Goethe-Universit\u00e4t Frankfurt\",\"isPartOf\":{\"@id\":\"https:\\\/\\\/aktuelles.uni-frankfurt.de\\\/#website\"},\"primaryImageOfPage\":{\"@id\":\"https:\\\/\\\/aktuelles.uni-frankfurt.de\\\/event\\\/science-policy-dialog-blinde-flecken-im-klimaschutz\\\/#primaryimage\"},\"image\":{\"@id\":\"https:\\\/\\\/aktuelles.uni-frankfurt.de\\\/event\\\/science-policy-dialog-blinde-flecken-im-klimaschutz\\\/#primaryimage\"},\"thumbnailUrl\":\"https:\\\/\\\/aktuelles.uni-frankfurt.de\\\/wp-content\\\/uploads\\\/2026\\\/02\\\/bild-website.jpg\",\"datePublished\":\"2026-02-23T14:47:35+00:00\",\"breadcrumb\":{\"@id\":\"https:\\\/\\\/aktuelles.uni-frankfurt.de\\\/event\\\/science-policy-dialog-blinde-flecken-im-klimaschutz\\\/#breadcrumb\"},\"inLanguage\":\"en-GB\",\"potentialAction\":[{\"@type\":\"ReadAction\",\"target\":[\"https:\\\/\\\/aktuelles.uni-frankfurt.de\\\/event\\\/science-policy-dialog-blinde-flecken-im-klimaschutz\\\/\"]}]},{\"@type\":\"ImageObject\",\"inLanguage\":\"en-GB\",\"@id\":\"https:\\\/\\\/aktuelles.uni-frankfurt.de\\\/event\\\/science-policy-dialog-blinde-flecken-im-klimaschutz\\\/#primaryimage\",\"url\":\"https:\\\/\\\/aktuelles.uni-frankfurt.de\\\/wp-content\\\/uploads\\\/2026\\\/02\\\/bild-website.jpg\",\"contentUrl\":\"https:\\\/\\\/aktuelles.uni-frankfurt.de\\\/wp-content\\\/uploads\\\/2026\\\/02\\\/bild-website.jpg\",\"width\":928,\"height\":522,\"caption\":\"F-Gase Molek\u00fcle, \u00a9 HMLU\"},{\"@type\":\"BreadcrumbList\",\"@id\":\"https:\\\/\\\/aktuelles.uni-frankfurt.de\\\/event\\\/science-policy-dialog-blinde-flecken-im-klimaschutz\\\/#breadcrumb\",\"itemListElement\":[{\"@type\":\"ListItem\",\"position\":1,\"name\":\"Startseite\",\"item\":\"https:\\\/\\\/aktuelles.uni-frankfurt.de\\\/\"},{\"@type\":\"ListItem\",\"position\":2,\"name\":\"Veranstaltungen\",\"item\":\"https:\\\/\\\/aktuelles.uni-frankfurt.de\\\/_events\\\/\"},{\"@type\":\"ListItem\",\"position\":3,\"name\":\"Science-Policy-Dialog: Blinde Flecken im Klimaschutz\"}]},{\"@type\":\"WebSite\",\"@id\":\"https:\\\/\\\/aktuelles.uni-frankfurt.de\\\/#website\",\"url\":\"https:\\\/\\\/aktuelles.uni-frankfurt.de\\\/\",\"name\":\"Aktuelles aus der Goethe-Universit\u00e4t Frankfurt\",\"description\":\"Aktuelles aus der Goethe-Universit\u00e4t | Neues aus Forschung, Lehre, Studium\",\"publisher\":{\"@id\":\"https:\\\/\\\/aktuelles.uni-frankfurt.de\\\/#organization\"},\"potentialAction\":[{\"@type\":\"SearchAction\",\"target\":{\"@type\":\"EntryPoint\",\"urlTemplate\":\"https:\\\/\\\/aktuelles.uni-frankfurt.de\\\/?s={search_term_string}\"},\"query-input\":{\"@type\":\"PropertyValueSpecification\",\"valueRequired\":true,\"valueName\":\"search_term_string\"}}],\"inLanguage\":\"en-GB\"},{\"@type\":\"Organization\",\"@id\":\"https:\\\/\\\/aktuelles.uni-frankfurt.de\\\/#organization\",\"name\":\"Goethe-Universit\u00e4t\",\"url\":\"https:\\\/\\\/aktuelles.uni-frankfurt.de\\\/\",\"logo\":{\"@type\":\"ImageObject\",\"inLanguage\":\"en-GB\",\"@id\":\"https:\\\/\\\/aktuelles.uni-frankfurt.de\\\/#\\\/schema\\\/logo\\\/image\\\/\",\"url\":\"https:\\\/\\\/aktuelles.uni-frankfurt.de\\\/wp-content\\\/uploads\\\/2022\\\/03\\\/800px-Goethe-Logo.png\",\"contentUrl\":\"https:\\\/\\\/aktuelles.uni-frankfurt.de\\\/wp-content\\\/uploads\\\/2022\\\/03\\\/800px-Goethe-Logo.png\",\"width\":800,\"height\":436,\"caption\":\"Goethe-Universit\u00e4t\"},\"image\":{\"@id\":\"https:\\\/\\\/aktuelles.uni-frankfurt.de\\\/#\\\/schema\\\/logo\\\/image\\\/\"}}]}<\/script>\n<!-- \/ Yoast SEO plugin. -->","yoast_head_json":{"title":"Science-Policy-Dialog: Blinde Flecken im Klimaschutz | Aktuelles aus der Goethe-Universit\u00e4t Frankfurt","robots":{"index":"index","follow":"follow","max-snippet":"max-snippet:-1","max-image-preview":"max-image-preview:large","max-video-preview":"max-video-preview:-1"},"canonical":"https:\/\/aktuelles.uni-frankfurt.de\/en\/event\/science-policy-dialog-blinde-flecken-im-klimaschutz\/","og_locale":"en_GB","og_type":"article","og_title":"Science-Policy-Dialog: Blinde Flecken im Klimaschutz | Aktuelles aus der Goethe-Universit\u00e4t Frankfurt","og_description":"Science-Policy-Dialog BLINDE FLECKEN IM KLIMASCHUTZ Organisierte Klimakriminalit\u00e4t und der illegale Handel mit F-Gasen \u201eUmweltkriminalit\u00e4t ist eines der wichtigsten Bet\u00e4tigungsfelder f\u00fcr die OrganisierteKriminalit\u00e4t und bedroht unsere Lebensgrundlagen\u201c, hei\u00dft es im Koalitionsvertrag [&hellip;]","og_url":"https:\/\/aktuelles.uni-frankfurt.de\/en\/event\/science-policy-dialog-blinde-flecken-im-klimaschutz\/","og_site_name":"Aktuelles aus der Goethe-Universit\u00e4t Frankfurt","og_image":[{"width":928,"height":522,"url":"https:\/\/aktuelles.uni-frankfurt.de\/wp-content\/uploads\/2026\/02\/bild-website.jpg","type":"image\/jpeg"}],"twitter_card":"summary_large_image","twitter_misc":{"Estimated reading time":"2 minutes"},"schema":{"@context":"https:\/\/schema.org","@graph":[{"@type":"WebPage","@id":"https:\/\/aktuelles.uni-frankfurt.de\/event\/science-policy-dialog-blinde-flecken-im-klimaschutz\/","url":"https:\/\/aktuelles.uni-frankfurt.de\/event\/science-policy-dialog-blinde-flecken-im-klimaschutz\/","name":"Science-Policy-Dialog: Blinde Flecken im Klimaschutz | Aktuelles aus der Goethe-Universit\u00e4t Frankfurt","isPartOf":{"@id":"https:\/\/aktuelles.uni-frankfurt.de\/#website"},"primaryImageOfPage":{"@id":"https:\/\/aktuelles.uni-frankfurt.de\/event\/science-policy-dialog-blinde-flecken-im-klimaschutz\/#primaryimage"},"image":{"@id":"https:\/\/aktuelles.uni-frankfurt.de\/event\/science-policy-dialog-blinde-flecken-im-klimaschutz\/#primaryimage"},"thumbnailUrl":"https:\/\/aktuelles.uni-frankfurt.de\/wp-content\/uploads\/2026\/02\/bild-website.jpg","datePublished":"2026-02-23T14:47:35+00:00","breadcrumb":{"@id":"https:\/\/aktuelles.uni-frankfurt.de\/event\/science-policy-dialog-blinde-flecken-im-klimaschutz\/#breadcrumb"},"inLanguage":"en-GB","potentialAction":[{"@type":"ReadAction","target":["https:\/\/aktuelles.uni-frankfurt.de\/event\/science-policy-dialog-blinde-flecken-im-klimaschutz\/"]}]},{"@type":"ImageObject","inLanguage":"en-GB","@id":"https:\/\/aktuelles.uni-frankfurt.de\/event\/science-policy-dialog-blinde-flecken-im-klimaschutz\/#primaryimage","url":"https:\/\/aktuelles.uni-frankfurt.de\/wp-content\/uploads\/2026\/02\/bild-website.jpg","contentUrl":"https:\/\/aktuelles.uni-frankfurt.de\/wp-content\/uploads\/2026\/02\/bild-website.jpg","width":928,"height":522,"caption":"F-Gase Molek\u00fcle, \u00a9 HMLU"},{"@type":"BreadcrumbList","@id":"https:\/\/aktuelles.uni-frankfurt.de\/event\/science-policy-dialog-blinde-flecken-im-klimaschutz\/#breadcrumb","itemListElement":[{"@type":"ListItem","position":1,"name":"Startseite","item":"https:\/\/aktuelles.uni-frankfurt.de\/"},{"@type":"ListItem","position":2,"name":"Veranstaltungen","item":"https:\/\/aktuelles.uni-frankfurt.de\/_events\/"},{"@type":"ListItem","position":3,"name":"Science-Policy-Dialog: Blinde Flecken im Klimaschutz"}]},{"@type":"WebSite","@id":"https:\/\/aktuelles.uni-frankfurt.de\/#website","url":"https:\/\/aktuelles.uni-frankfurt.de\/","name":"Aktuelles aus der Goethe-Universit\u00e4t Frankfurt","description":"Aktuelles aus der Goethe-Universit\u00e4t | Neues aus Forschung, Lehre, Studium","publisher":{"@id":"https:\/\/aktuelles.uni-frankfurt.de\/#organization"},"potentialAction":[{"@type":"SearchAction","target":{"@type":"EntryPoint","urlTemplate":"https:\/\/aktuelles.uni-frankfurt.de\/?s={search_term_string}"},"query-input":{"@type":"PropertyValueSpecification","valueRequired":true,"valueName":"search_term_string"}}],"inLanguage":"en-GB"},{"@type":"Organization","@id":"https:\/\/aktuelles.uni-frankfurt.de\/#organization","name":"Goethe University Frankfurt","url":"https:\/\/aktuelles.uni-frankfurt.de\/","logo":{"@type":"ImageObject","inLanguage":"en-GB","@id":"https:\/\/aktuelles.uni-frankfurt.de\/#\/schema\/logo\/image\/","url":"https:\/\/aktuelles.uni-frankfurt.de\/wp-content\/uploads\/2022\/03\/800px-Goethe-Logo.png","contentUrl":"https:\/\/aktuelles.uni-frankfurt.de\/wp-content\/uploads\/2022\/03\/800px-Goethe-Logo.png","width":800,"height":436,"caption":"Goethe-Universit\u00e4t"},"image":{"@id":"https:\/\/aktuelles.uni-frankfurt.de\/#\/schema\/logo\/image\/"}}]}},"ticketed":false,"_links":{"self":[{"href":"https:\/\/aktuelles.uni-frankfurt.de\/en\/wp-json\/wp\/v2\/tribe_events\/87534","targetHints":{"allow":["GET"]}}],"collection":[{"href":"https:\/\/aktuelles.uni-frankfurt.de\/en\/wp-json\/wp\/v2\/tribe_events"}],"about":[{"href":"https:\/\/aktuelles.uni-frankfurt.de\/en\/wp-json\/wp\/v2\/types\/tribe_events"}],"author":[{"embeddable":true,"href":"https:\/\/aktuelles.uni-frankfurt.de\/en\/wp-json\/wp\/v2\/users\/30"}],"version-history":[{"count":0,"href":"https:\/\/aktuelles.uni-frankfurt.de\/en\/wp-json\/wp\/v2\/tribe_events\/87534\/revisions"}],"wp:featuredmedia":[{"embeddable":true,"href":"https:\/\/aktuelles.uni-frankfurt.de\/en\/wp-json\/wp\/v2\/media\/87535"}],"wp:attachment":[{"href":"https:\/\/aktuelles.uni-frankfurt.de\/en\/wp-json\/wp\/v2\/media?parent=87534"}],"wp:term":[{"taxonomy":"post_tag","embeddable":true,"href":"https:\/\/aktuelles.uni-frankfurt.de\/en\/wp-json\/wp\/v2\/tags?post=87534"},{"taxonomy":"tribe_events_cat","embeddable":true,"href":"https:\/\/aktuelles.uni-frankfurt.de\/en\/wp-json\/wp\/v2\/tribe_events_cat?post=87534"}],"curies":[{"name":"wp","href":"https:\/\/api.w.org\/{rel}","templated":true}]}}