{"id":87611,"date":"2026-03-04T13:07:30","date_gmt":"2026-03-04T12:07:30","guid":{"rendered":"https:\/\/aktuelles.uni-frankfurt.de\/?post_type=tribe_events&#038;p=87611"},"modified":"2026-03-04T13:07:30","modified_gmt":"2026-03-04T12:07:30","slug":"ueber-die-weibliche-wut-im-patriarchat","status":"publish","type":"tribe_events","link":"https:\/\/aktuelles.uni-frankfurt.de\/en\/event\/ueber-die-weibliche-wut-im-patriarchat\/","title":{"rendered":"\u00dcber die Weibliche Wut im Patriarchat"},"content":{"rendered":"<p><img fetchpriority=\"high\" decoding=\"async\" class=\"wp-image-87612\" src=\"https:\/\/aktuelles.uni-frankfurt.de\/wp-content\/uploads\/2026\/03\/29AC42A2-CCCA-45E7-8DA6-7F0C9E5936E4-240x300.jpeg\" alt=\"Veranstaltungsplakat mit orangefarbener, sternf\u00f6rmiger Grafik im Hintergrund. Text: \u00abVortrag und Podiumsgespr\u00e4ch \u2013 \u00dcber die weibliche Wut im Patriarchat\u00bb. Termin: 11.03.2026, 19:00 Uhr. Ort: Haus am Dom, Frankfurt. Eintritt 7 \u20ac \/ 9 \u20ac. Mit Dr. Mareike Kajewski (Universit\u00e4t Hildesheim, Frauen in Bewegung e. V. FFM), Ciani-Sophia H\u00f6der (Journalistin, Autorin von \u00abWut und Boese\u00bb, hanserblau, Berlin 2021) und Hibba-Tun-Noor Kauser (SPD-Stadtverordnete Offenbach a. M.). Logos von Cornelia Goethe Centrum und Haus am Dom unten.\" width=\"351\" height=\"439\" srcset=\"https:\/\/aktuelles.uni-frankfurt.de\/wp-content\/uploads\/2026\/03\/29AC42A2-CCCA-45E7-8DA6-7F0C9E5936E4-240x300.jpeg 240w, https:\/\/aktuelles.uni-frankfurt.de\/wp-content\/uploads\/2026\/03\/29AC42A2-CCCA-45E7-8DA6-7F0C9E5936E4-400x500.jpeg 400w, https:\/\/aktuelles.uni-frankfurt.de\/wp-content\/uploads\/2026\/03\/29AC42A2-CCCA-45E7-8DA6-7F0C9E5936E4-768x960.jpeg 768w, https:\/\/aktuelles.uni-frankfurt.de\/wp-content\/uploads\/2026\/03\/29AC42A2-CCCA-45E7-8DA6-7F0C9E5936E4-10x12.jpeg 10w, https:\/\/aktuelles.uni-frankfurt.de\/wp-content\/uploads\/2026\/03\/29AC42A2-CCCA-45E7-8DA6-7F0C9E5936E4.jpeg 1080w\" sizes=\"(max-width: 351px) 100vw, 351px\" \/><\/p>\n<p>Gesellschaftliche Normen pr\u00e4gen das weibliche Wutempfinden: Frauen* haben gelernt, ihre Wut zu unterdr\u00fccken. Wir wollen dieses Ph\u00e4nomen beleuchten und Wut neu denken: als subversive Kraft, die zu Ver\u00e4nderungen in Gesellschaft und Politik f\u00fchren kann.<\/p>\n<p>Die Veranstaltung findet am <strong>11. M\u00e4rz 2026 von 19 &#8211; 21 Uhr im Haus am Dom<\/strong>, Domplatz 3, 60311 Frankfurt am Main statt.<\/p>\n<ul>\n<li>Dr. Mareike Christine Kajewski, Universit\u00e4t Hildesheim<\/li>\n<li>Frauen in Bewegung e. V. FFM<\/li>\n<li>Ciani Sophia Hoeder, Journalistin, Autorin<\/li>\n<li>Hibba Kauser, SPD-Stadtverordnete Offenbach a. M.<\/li>\n<\/ul>\n<p>Eine Kooperation mit dem Haus am Dom.<\/p>","protected":false},"excerpt":{"rendered":"<p>Gesellschaftliche Normen pr\u00e4gen das weibliche Wutempfinden: Frauen* haben gelernt, ihre Wut zu unterdr\u00fccken. Wir wollen dieses Ph\u00e4nomen beleuchten und Wut neu denken: als subversive Kraft, die zu Ver\u00e4nderungen in Gesellschaft [&hellip;]<\/p>\n","protected":false},"author":30,"featured_media":0,"template":"","meta":{"_eb_attr":"","_price":"","_stock":"","_tribe_ticket_header":"","_tribe_default_ticket_provider":"","_ticket_start_date":"","_ticket_end_date":"","_tribe_ticket_show_description":"","_tribe_ticket_show_not_going":false,"_tribe_ticket_use_global_stock":"","_tribe_ticket_global_stock_level":"","_global_stock_mode":"","_global_stock_cap":"","_tribe_rsvp_for_event":"","_tribe_ticket_going_count":"","_tribe_ticket_not_going_count":"","_tribe_tickets_list":"[]","_tribe_ticket_has_attendee_info_fields":false,"_tribe_events_status":"","_tribe_events_status_reason":"","_tribe_events_is_hybrid":"","_tribe_events_is_virtual":"","_tribe_events_virtual_video_source":"","_tribe_events_virtual_embed_video":"","_tribe_events_virtual_linked_button_text":"","_tribe_events_virtual_linked_button":"","_tribe_events_virtual_show_embed_at":"","_tribe_events_virtual_show_embed_to":[],"_tribe_events_virtual_show_on_event":"","_tribe_events_virtual_show_on_views":"","_tribe_events_virtual_url":"","footnotes":"","_tec_slr_enabled":"","_tec_slr_layout":""},"tags":[],"tribe_events_cat":[218,114],"class_list":["post-87611","tribe_events","type-tribe_events","status-publish","hentry","tribe_events_cat-podiumsgespraech","tribe_events_cat-vortraege","cat_podiumsgespraech","cat_vortraege"],"yoast_head":"<!-- This site is optimized with the Yoast SEO plugin v27.5 - https:\/\/yoast.com\/product\/yoast-seo-wordpress\/ -->\n<title>\u00dcber die Weibliche Wut im Patriarchat | Aktuelles aus der Goethe-Universit\u00e4t Frankfurt<\/title>\n<meta name=\"robots\" content=\"index, follow, max-snippet:-1, max-image-preview:large, max-video-preview:-1\" \/>\n<link rel=\"canonical\" href=\"https:\/\/aktuelles.uni-frankfurt.de\/en\/event\/ueber-die-weibliche-wut-im-patriarchat\/\" \/>\n<meta property=\"og:locale\" content=\"en_GB\" \/>\n<meta property=\"og:type\" content=\"article\" \/>\n<meta property=\"og:title\" content=\"\u00dcber die Weibliche Wut im Patriarchat | Aktuelles aus der Goethe-Universit\u00e4t Frankfurt\" \/>\n<meta property=\"og:description\" content=\"Gesellschaftliche Normen pr\u00e4gen das weibliche Wutempfinden: Frauen* haben gelernt, ihre Wut zu unterdr\u00fccken. Wir wollen dieses Ph\u00e4nomen beleuchten und Wut neu denken: als subversive Kraft, die zu Ver\u00e4nderungen in Gesellschaft [&hellip;]\" \/>\n<meta property=\"og:url\" content=\"https:\/\/aktuelles.uni-frankfurt.de\/en\/event\/ueber-die-weibliche-wut-im-patriarchat\/\" \/>\n<meta property=\"og:site_name\" content=\"Aktuelles aus der Goethe-Universit\u00e4t Frankfurt\" \/>\n<meta property=\"og:image\" content=\"https:\/\/aktuelles.uni-frankfurt.de\/wp-content\/uploads\/2026\/03\/29AC42A2-CCCA-45E7-8DA6-7F0C9E5936E4.jpeg\" \/>\n\t<meta property=\"og:image:width\" content=\"1080\" \/>\n\t<meta property=\"og:image:height\" content=\"1350\" \/>\n\t<meta property=\"og:image:type\" content=\"image\/jpeg\" \/>\n<meta name=\"twitter:card\" content=\"summary_large_image\" \/>\n<script type=\"application\/ld+json\" class=\"yoast-schema-graph\">{\"@context\":\"https:\\\/\\\/schema.org\",\"@graph\":[{\"@type\":\"WebPage\",\"@id\":\"https:\\\/\\\/aktuelles.uni-frankfurt.de\\\/event\\\/ueber-die-weibliche-wut-im-patriarchat\\\/\",\"url\":\"https:\\\/\\\/aktuelles.uni-frankfurt.de\\\/event\\\/ueber-die-weibliche-wut-im-patriarchat\\\/\",\"name\":\"\u00dcber die Weibliche Wut im Patriarchat | Aktuelles aus der Goethe-Universit\u00e4t Frankfurt\",\"isPartOf\":{\"@id\":\"https:\\\/\\\/aktuelles.uni-frankfurt.de\\\/#website\"},\"primaryImageOfPage\":{\"@id\":\"https:\\\/\\\/aktuelles.uni-frankfurt.de\\\/event\\\/ueber-die-weibliche-wut-im-patriarchat\\\/#primaryimage\"},\"image\":{\"@id\":\"https:\\\/\\\/aktuelles.uni-frankfurt.de\\\/event\\\/ueber-die-weibliche-wut-im-patriarchat\\\/#primaryimage\"},\"thumbnailUrl\":\"https:\\\/\\\/aktuelles.uni-frankfurt.de\\\/wp-content\\\/uploads\\\/2026\\\/03\\\/29AC42A2-CCCA-45E7-8DA6-7F0C9E5936E4-240x300.jpeg\",\"datePublished\":\"2026-03-04T12:07:30+00:00\",\"breadcrumb\":{\"@id\":\"https:\\\/\\\/aktuelles.uni-frankfurt.de\\\/event\\\/ueber-die-weibliche-wut-im-patriarchat\\\/#breadcrumb\"},\"inLanguage\":\"en-GB\",\"potentialAction\":[{\"@type\":\"ReadAction\",\"target\":[\"https:\\\/\\\/aktuelles.uni-frankfurt.de\\\/event\\\/ueber-die-weibliche-wut-im-patriarchat\\\/\"]}]},{\"@type\":\"ImageObject\",\"inLanguage\":\"en-GB\",\"@id\":\"https:\\\/\\\/aktuelles.uni-frankfurt.de\\\/event\\\/ueber-die-weibliche-wut-im-patriarchat\\\/#primaryimage\",\"url\":\"https:\\\/\\\/aktuelles.uni-frankfurt.de\\\/wp-content\\\/uploads\\\/2026\\\/03\\\/29AC42A2-CCCA-45E7-8DA6-7F0C9E5936E4-240x300.jpeg\",\"contentUrl\":\"https:\\\/\\\/aktuelles.uni-frankfurt.de\\\/wp-content\\\/uploads\\\/2026\\\/03\\\/29AC42A2-CCCA-45E7-8DA6-7F0C9E5936E4-240x300.jpeg\"},{\"@type\":\"BreadcrumbList\",\"@id\":\"https:\\\/\\\/aktuelles.uni-frankfurt.de\\\/event\\\/ueber-die-weibliche-wut-im-patriarchat\\\/#breadcrumb\",\"itemListElement\":[{\"@type\":\"ListItem\",\"position\":1,\"name\":\"Startseite\",\"item\":\"https:\\\/\\\/aktuelles.uni-frankfurt.de\\\/\"},{\"@type\":\"ListItem\",\"position\":2,\"name\":\"Veranstaltungen\",\"item\":\"https:\\\/\\\/aktuelles.uni-frankfurt.de\\\/_events\\\/\"},{\"@type\":\"ListItem\",\"position\":3,\"name\":\"\u00dcber die Weibliche Wut im Patriarchat\"}]},{\"@type\":\"WebSite\",\"@id\":\"https:\\\/\\\/aktuelles.uni-frankfurt.de\\\/#website\",\"url\":\"https:\\\/\\\/aktuelles.uni-frankfurt.de\\\/\",\"name\":\"Aktuelles aus der Goethe-Universit\u00e4t Frankfurt\",\"description\":\"Aktuelles aus der Goethe-Universit\u00e4t | Neues aus Forschung, Lehre, Studium\",\"publisher\":{\"@id\":\"https:\\\/\\\/aktuelles.uni-frankfurt.de\\\/#organization\"},\"potentialAction\":[{\"@type\":\"SearchAction\",\"target\":{\"@type\":\"EntryPoint\",\"urlTemplate\":\"https:\\\/\\\/aktuelles.uni-frankfurt.de\\\/?s={search_term_string}\"},\"query-input\":{\"@type\":\"PropertyValueSpecification\",\"valueRequired\":true,\"valueName\":\"search_term_string\"}}],\"inLanguage\":\"en-GB\"},{\"@type\":\"Organization\",\"@id\":\"https:\\\/\\\/aktuelles.uni-frankfurt.de\\\/#organization\",\"name\":\"Goethe-Universit\u00e4t\",\"url\":\"https:\\\/\\\/aktuelles.uni-frankfurt.de\\\/\",\"logo\":{\"@type\":\"ImageObject\",\"inLanguage\":\"en-GB\",\"@id\":\"https:\\\/\\\/aktuelles.uni-frankfurt.de\\\/#\\\/schema\\\/logo\\\/image\\\/\",\"url\":\"https:\\\/\\\/aktuelles.uni-frankfurt.de\\\/wp-content\\\/uploads\\\/2022\\\/03\\\/800px-Goethe-Logo.png\",\"contentUrl\":\"https:\\\/\\\/aktuelles.uni-frankfurt.de\\\/wp-content\\\/uploads\\\/2022\\\/03\\\/800px-Goethe-Logo.png\",\"width\":800,\"height\":436,\"caption\":\"Goethe-Universit\u00e4t\"},\"image\":{\"@id\":\"https:\\\/\\\/aktuelles.uni-frankfurt.de\\\/#\\\/schema\\\/logo\\\/image\\\/\"}}]}<\/script>\n<!-- \/ Yoast SEO plugin. -->","yoast_head_json":{"title":"\u00dcber die Weibliche Wut im Patriarchat | Aktuelles aus der Goethe-Universit\u00e4t Frankfurt","robots":{"index":"index","follow":"follow","max-snippet":"max-snippet:-1","max-image-preview":"max-image-preview:large","max-video-preview":"max-video-preview:-1"},"canonical":"https:\/\/aktuelles.uni-frankfurt.de\/en\/event\/ueber-die-weibliche-wut-im-patriarchat\/","og_locale":"en_GB","og_type":"article","og_title":"\u00dcber die Weibliche Wut im Patriarchat | Aktuelles aus der Goethe-Universit\u00e4t Frankfurt","og_description":"Gesellschaftliche Normen pr\u00e4gen das weibliche Wutempfinden: Frauen* haben gelernt, ihre Wut zu unterdr\u00fccken. Wir wollen dieses Ph\u00e4nomen beleuchten und Wut neu denken: als subversive Kraft, die zu Ver\u00e4nderungen in Gesellschaft [&hellip;]","og_url":"https:\/\/aktuelles.uni-frankfurt.de\/en\/event\/ueber-die-weibliche-wut-im-patriarchat\/","og_site_name":"Aktuelles aus der Goethe-Universit\u00e4t Frankfurt","og_image":[{"width":1080,"height":1350,"url":"https:\/\/aktuelles.uni-frankfurt.de\/wp-content\/uploads\/2026\/03\/29AC42A2-CCCA-45E7-8DA6-7F0C9E5936E4.jpeg","type":"image\/jpeg"}],"twitter_card":"summary_large_image","schema":{"@context":"https:\/\/schema.org","@graph":[{"@type":"WebPage","@id":"https:\/\/aktuelles.uni-frankfurt.de\/event\/ueber-die-weibliche-wut-im-patriarchat\/","url":"https:\/\/aktuelles.uni-frankfurt.de\/event\/ueber-die-weibliche-wut-im-patriarchat\/","name":"\u00dcber die Weibliche Wut im Patriarchat | Aktuelles aus der Goethe-Universit\u00e4t Frankfurt","isPartOf":{"@id":"https:\/\/aktuelles.uni-frankfurt.de\/#website"},"primaryImageOfPage":{"@id":"https:\/\/aktuelles.uni-frankfurt.de\/event\/ueber-die-weibliche-wut-im-patriarchat\/#primaryimage"},"image":{"@id":"https:\/\/aktuelles.uni-frankfurt.de\/event\/ueber-die-weibliche-wut-im-patriarchat\/#primaryimage"},"thumbnailUrl":"https:\/\/aktuelles.uni-frankfurt.de\/wp-content\/uploads\/2026\/03\/29AC42A2-CCCA-45E7-8DA6-7F0C9E5936E4-240x300.jpeg","datePublished":"2026-03-04T12:07:30+00:00","breadcrumb":{"@id":"https:\/\/aktuelles.uni-frankfurt.de\/event\/ueber-die-weibliche-wut-im-patriarchat\/#breadcrumb"},"inLanguage":"en-GB","potentialAction":[{"@type":"ReadAction","target":["https:\/\/aktuelles.uni-frankfurt.de\/event\/ueber-die-weibliche-wut-im-patriarchat\/"]}]},{"@type":"ImageObject","inLanguage":"en-GB","@id":"https:\/\/aktuelles.uni-frankfurt.de\/event\/ueber-die-weibliche-wut-im-patriarchat\/#primaryimage","url":"https:\/\/aktuelles.uni-frankfurt.de\/wp-content\/uploads\/2026\/03\/29AC42A2-CCCA-45E7-8DA6-7F0C9E5936E4-240x300.jpeg","contentUrl":"https:\/\/aktuelles.uni-frankfurt.de\/wp-content\/uploads\/2026\/03\/29AC42A2-CCCA-45E7-8DA6-7F0C9E5936E4-240x300.jpeg"},{"@type":"BreadcrumbList","@id":"https:\/\/aktuelles.uni-frankfurt.de\/event\/ueber-die-weibliche-wut-im-patriarchat\/#breadcrumb","itemListElement":[{"@type":"ListItem","position":1,"name":"Startseite","item":"https:\/\/aktuelles.uni-frankfurt.de\/"},{"@type":"ListItem","position":2,"name":"Veranstaltungen","item":"https:\/\/aktuelles.uni-frankfurt.de\/_events\/"},{"@type":"ListItem","position":3,"name":"\u00dcber die Weibliche Wut im Patriarchat"}]},{"@type":"WebSite","@id":"https:\/\/aktuelles.uni-frankfurt.de\/#website","url":"https:\/\/aktuelles.uni-frankfurt.de\/","name":"Aktuelles aus der Goethe-Universit\u00e4t Frankfurt","description":"Aktuelles aus der Goethe-Universit\u00e4t | Neues aus Forschung, Lehre, Studium","publisher":{"@id":"https:\/\/aktuelles.uni-frankfurt.de\/#organization"},"potentialAction":[{"@type":"SearchAction","target":{"@type":"EntryPoint","urlTemplate":"https:\/\/aktuelles.uni-frankfurt.de\/?s={search_term_string}"},"query-input":{"@type":"PropertyValueSpecification","valueRequired":true,"valueName":"search_term_string"}}],"inLanguage":"en-GB"},{"@type":"Organization","@id":"https:\/\/aktuelles.uni-frankfurt.de\/#organization","name":"Goethe University Frankfurt","url":"https:\/\/aktuelles.uni-frankfurt.de\/","logo":{"@type":"ImageObject","inLanguage":"en-GB","@id":"https:\/\/aktuelles.uni-frankfurt.de\/#\/schema\/logo\/image\/","url":"https:\/\/aktuelles.uni-frankfurt.de\/wp-content\/uploads\/2022\/03\/800px-Goethe-Logo.png","contentUrl":"https:\/\/aktuelles.uni-frankfurt.de\/wp-content\/uploads\/2022\/03\/800px-Goethe-Logo.png","width":800,"height":436,"caption":"Goethe-Universit\u00e4t"},"image":{"@id":"https:\/\/aktuelles.uni-frankfurt.de\/#\/schema\/logo\/image\/"}}]}},"ticketed":false,"_links":{"self":[{"href":"https:\/\/aktuelles.uni-frankfurt.de\/en\/wp-json\/wp\/v2\/tribe_events\/87611","targetHints":{"allow":["GET"]}}],"collection":[{"href":"https:\/\/aktuelles.uni-frankfurt.de\/en\/wp-json\/wp\/v2\/tribe_events"}],"about":[{"href":"https:\/\/aktuelles.uni-frankfurt.de\/en\/wp-json\/wp\/v2\/types\/tribe_events"}],"author":[{"embeddable":true,"href":"https:\/\/aktuelles.uni-frankfurt.de\/en\/wp-json\/wp\/v2\/users\/30"}],"version-history":[{"count":0,"href":"https:\/\/aktuelles.uni-frankfurt.de\/en\/wp-json\/wp\/v2\/tribe_events\/87611\/revisions"}],"wp:attachment":[{"href":"https:\/\/aktuelles.uni-frankfurt.de\/en\/wp-json\/wp\/v2\/media?parent=87611"}],"wp:term":[{"taxonomy":"post_tag","embeddable":true,"href":"https:\/\/aktuelles.uni-frankfurt.de\/en\/wp-json\/wp\/v2\/tags?post=87611"},{"taxonomy":"tribe_events_cat","embeddable":true,"href":"https:\/\/aktuelles.uni-frankfurt.de\/en\/wp-json\/wp\/v2\/tribe_events_cat?post=87611"}],"curies":[{"name":"wp","href":"https:\/\/api.w.org\/{rel}","templated":true}]}}