{"id":87614,"date":"2026-03-04T15:02:28","date_gmt":"2026-03-04T14:02:28","guid":{"rendered":"https:\/\/aktuelles.uni-frankfurt.de\/?post_type=tribe_events&#038;p=87614"},"modified":"2026-03-04T15:06:49","modified_gmt":"2026-03-04T14:06:49","slug":"enter_zukunft_informatik-mathematik-3","status":"publish","type":"tribe_events","link":"https:\/\/aktuelles.uni-frankfurt.de\/en\/event\/enter_zukunft_informatik-mathematik-3\/","title":{"rendered":"ENTER_ZUKUNFT_Informatik &#038; Mathematik"},"content":{"rendered":"<p><img fetchpriority=\"high\" decoding=\"async\" class=\"wp-image-87615 alignnone\" src=\"https:\/\/aktuelles.uni-frankfurt.de\/wp-content\/uploads\/2026\/03\/Jobmesse-Mathe-Allgemeiner-Header-1083x438px_2025_png_png_png_png-300x121.png\" alt=\"Banner zur Mathe-Jobmesse \u201eENTER_ZUKUNFT_MATHE\u201c der Goethe-Universit\u00e4t Frankfurt mit Text: \u201e21. Mai 2026, 10\u201316 Uhr, Campus Bockenheim, Neue Mensa\u201c. Rechts ein l\u00e4chelnder junger Mann im blauen T-Shirt, der auf die Veranstaltung zeigt; gelber Hintergrund mit mathematischen Symbolen und Rechnergrafik.\" width=\"362\" height=\"146\" srcset=\"https:\/\/aktuelles.uni-frankfurt.de\/wp-content\/uploads\/2026\/03\/Jobmesse-Mathe-Allgemeiner-Header-1083x438px_2025_png_png_png_png-300x121.png 300w, https:\/\/aktuelles.uni-frankfurt.de\/wp-content\/uploads\/2026\/03\/Jobmesse-Mathe-Allgemeiner-Header-1083x438px_2025_png_png_png_png-500x202.png 500w, https:\/\/aktuelles.uni-frankfurt.de\/wp-content\/uploads\/2026\/03\/Jobmesse-Mathe-Allgemeiner-Header-1083x438px_2025_png_png_png_png-768x311.png 768w, https:\/\/aktuelles.uni-frankfurt.de\/wp-content\/uploads\/2026\/03\/Jobmesse-Mathe-Allgemeiner-Header-1083x438px_2025_png_png_png_png-18x7.png 18w, https:\/\/aktuelles.uni-frankfurt.de\/wp-content\/uploads\/2026\/03\/Jobmesse-Mathe-Allgemeiner-Header-1083x438px_2025_png_png_png_png.png 1083w\" sizes=\"(max-width: 362px) 100vw, 362px\" \/><img decoding=\"async\" class=\"wp-image-87616 alignnone\" src=\"https:\/\/aktuelles.uni-frankfurt.de\/wp-content\/uploads\/2026\/03\/IT-Header-1083x738px_12_25_jpg_jpg_jpg-300x121.jpg\" alt=\"Banner zur IT-Jobmesse \u201eENTER_ZUKUNFT_IT\u201c der Goethe-Universit\u00e4t Frankfurt mit Text: \u201e21. Mai 2026, 10\u201316 Uhr, Campus Bockenheim, Neue Mensa\u201c. Rechts eine l\u00e4chelnde Studentin mit gelbem Pullover und B\u00fcchern, die auf die Veranstaltung hinweist; blauer Hintergrund mit IT-Symbolen.\" width=\"360\" height=\"145\" srcset=\"https:\/\/aktuelles.uni-frankfurt.de\/wp-content\/uploads\/2026\/03\/IT-Header-1083x738px_12_25_jpg_jpg_jpg-300x121.jpg 300w, https:\/\/aktuelles.uni-frankfurt.de\/wp-content\/uploads\/2026\/03\/IT-Header-1083x738px_12_25_jpg_jpg_jpg-500x202.jpg 500w, https:\/\/aktuelles.uni-frankfurt.de\/wp-content\/uploads\/2026\/03\/IT-Header-1083x738px_12_25_jpg_jpg_jpg-768x311.jpg 768w, https:\/\/aktuelles.uni-frankfurt.de\/wp-content\/uploads\/2026\/03\/IT-Header-1083x738px_12_25_jpg_jpg_jpg-1536x622.jpg 1536w, https:\/\/aktuelles.uni-frankfurt.de\/wp-content\/uploads\/2026\/03\/IT-Header-1083x738px_12_25_jpg_jpg_jpg-2048x829.jpg 2048w, https:\/\/aktuelles.uni-frankfurt.de\/wp-content\/uploads\/2026\/03\/IT-Header-1083x738px_12_25_jpg_jpg_jpg-18x7.jpg 18w\" sizes=\"(max-width: 360px) 100vw, 360px\" \/><\/p>\n<p>Studierende der Informatik und Mathematik aufgepasst: Bei der fachspezifischen Jobmesse k\u00f6nnt ihr direkt mit f\u00fchrenden Unternehmen aus IT und Mathematik ins Gespr\u00e4ch kommen. Ob Praktika, Werkstudentenstellen oder Berufseinstieg \u2013 hier bekommt ihr exklusive Einblicke und k\u00f6nnt wertvolle Kontakte kn\u00fcpfen.<\/p>\n<p>Die Teilnahme ist kostenlos. Eine Anmeldung ist nicht n\u00f6tig.<\/p>\n<p>Die Messe richtet sich nicht nur an Studierende und Absolvent*innen der Informatik und Mathematik, sondern an alle, die neugierig auf spannende Karrierem\u00f6glichkeiten in diesen Bereichen sind!<\/p>\n<p><strong>Wann?<\/strong> Donnerstag, den 21.05.2026 von 10 bis 16 Uhr<br \/>\n<strong>Wo?<\/strong>\u00a0Neue Mensa\/Sozialzentrum, Campus Bockenheim<br \/>\n<strong>Highlights?<\/strong>\u00a0CV Checks, Jobwall, Hacker Challenges, u.v.m.<\/p>\n<p>Weitere Informationen:<br \/>\n<a href=\"https:\/\/www.uni-frankfurt.de\/131987077\/Jobmesse_MATHE\">https:\/\/www.uni-frankfurt.de\/131987077\/Jobmesse_MATHE<\/a><br \/>\n<a href=\"https:\/\/www.uni-frankfurt.de\/98499590\/Jobmesse_IT\">https:\/\/www.uni-frankfurt.de\/98499590\/Jobmesse_IT<\/a><\/p>","protected":false},"excerpt":{"rendered":"<p>Studierende der Informatik und Mathematik aufgepasst: Bei der fachspezifischen Jobmesse k\u00f6nnt ihr direkt mit f\u00fchrenden Unternehmen aus IT und Mathematik ins Gespr\u00e4ch kommen. Ob Praktika, Werkstudentenstellen oder Berufseinstieg \u2013 hier [&hellip;]<\/p>\n","protected":false},"author":30,"featured_media":0,"template":"","meta":{"_eb_attr":"","_price":"","_stock":"","_tribe_ticket_header":"","_tribe_default_ticket_provider":"","_ticket_start_date":"","_ticket_end_date":"","_tribe_ticket_show_description":"","_tribe_ticket_show_not_going":false,"_tribe_ticket_use_global_stock":"","_tribe_ticket_global_stock_level":"","_global_stock_mode":"","_global_stock_cap":"","_tribe_rsvp_for_event":"","_tribe_ticket_going_count":"","_tribe_ticket_not_going_count":"","_tribe_tickets_list":"[]","_tribe_ticket_has_attendee_info_fields":false,"_tribe_events_status":"","_tribe_events_status_reason":"","_tribe_events_is_hybrid":"","_tribe_events_is_virtual":"","_tribe_events_virtual_video_source":"","_tribe_events_virtual_embed_video":"","_tribe_events_virtual_linked_button_text":"","_tribe_events_virtual_linked_button":"","_tribe_events_virtual_show_embed_at":"","_tribe_events_virtual_show_embed_to":[],"_tribe_events_virtual_show_on_event":"","_tribe_events_virtual_show_on_views":"","_tribe_events_virtual_url":"","footnotes":"","_tec_slr_enabled":"","_tec_slr_layout":""},"tags":[],"tribe_events_cat":[117],"class_list":["post-87614","tribe_events","type-tribe_events","status-publish","hentry","tribe_events_cat-messen","cat_messen"],"yoast_head":"<!-- This site is optimized with the Yoast SEO plugin v27.4 - https:\/\/yoast.com\/product\/yoast-seo-wordpress\/ -->\n<title>ENTER_ZUKUNFT_Informatik &amp; Mathematik | Aktuelles aus der Goethe-Universit\u00e4t Frankfurt<\/title>\n<meta name=\"robots\" content=\"index, follow, max-snippet:-1, max-image-preview:large, max-video-preview:-1\" \/>\n<link rel=\"canonical\" href=\"https:\/\/aktuelles.uni-frankfurt.de\/en\/event\/enter_zukunft_informatik-mathematik-3\/\" \/>\n<meta property=\"og:locale\" content=\"en_GB\" \/>\n<meta property=\"og:type\" content=\"article\" \/>\n<meta property=\"og:title\" content=\"ENTER_ZUKUNFT_Informatik &amp; Mathematik | Aktuelles aus der Goethe-Universit\u00e4t Frankfurt\" \/>\n<meta property=\"og:description\" content=\"Studierende der Informatik und Mathematik aufgepasst: Bei der fachspezifischen Jobmesse k\u00f6nnt ihr direkt mit f\u00fchrenden Unternehmen aus IT und Mathematik ins Gespr\u00e4ch kommen. Ob Praktika, Werkstudentenstellen oder Berufseinstieg \u2013 hier [&hellip;]\" \/>\n<meta property=\"og:url\" content=\"https:\/\/aktuelles.uni-frankfurt.de\/en\/event\/enter_zukunft_informatik-mathematik-3\/\" \/>\n<meta property=\"og:site_name\" content=\"Aktuelles aus der Goethe-Universit\u00e4t Frankfurt\" \/>\n<meta property=\"article:modified_time\" content=\"2026-03-04T14:06:49+00:00\" \/>\n<meta property=\"og:image\" content=\"https:\/\/aktuelles.uni-frankfurt.de\/wp-content\/uploads\/2026\/03\/Jobmesse-Mathe-Allgemeiner-Header-1083x438px_2025_png_png_png_png.png\" \/>\n\t<meta property=\"og:image:width\" content=\"1083\" \/>\n\t<meta property=\"og:image:height\" content=\"438\" \/>\n\t<meta property=\"og:image:type\" content=\"image\/png\" \/>\n<meta name=\"twitter:card\" content=\"summary_large_image\" \/>\n<meta name=\"twitter:label1\" content=\"Estimated reading time\" \/>\n\t<meta name=\"twitter:data1\" content=\"1 minute\" \/>\n<script type=\"application\/ld+json\" class=\"yoast-schema-graph\">{\"@context\":\"https:\\\/\\\/schema.org\",\"@graph\":[{\"@type\":\"WebPage\",\"@id\":\"https:\\\/\\\/aktuelles.uni-frankfurt.de\\\/event\\\/enter_zukunft_informatik-mathematik-3\\\/\",\"url\":\"https:\\\/\\\/aktuelles.uni-frankfurt.de\\\/event\\\/enter_zukunft_informatik-mathematik-3\\\/\",\"name\":\"ENTER_ZUKUNFT_Informatik & Mathematik | Aktuelles aus der Goethe-Universit\u00e4t Frankfurt\",\"isPartOf\":{\"@id\":\"https:\\\/\\\/aktuelles.uni-frankfurt.de\\\/#website\"},\"primaryImageOfPage\":{\"@id\":\"https:\\\/\\\/aktuelles.uni-frankfurt.de\\\/event\\\/enter_zukunft_informatik-mathematik-3\\\/#primaryimage\"},\"image\":{\"@id\":\"https:\\\/\\\/aktuelles.uni-frankfurt.de\\\/event\\\/enter_zukunft_informatik-mathematik-3\\\/#primaryimage\"},\"thumbnailUrl\":\"https:\\\/\\\/aktuelles.uni-frankfurt.de\\\/wp-content\\\/uploads\\\/2026\\\/03\\\/Jobmesse-Mathe-Allgemeiner-Header-1083x438px_2025_png_png_png_png-300x121.png\",\"datePublished\":\"2026-03-04T14:02:28+00:00\",\"dateModified\":\"2026-03-04T14:06:49+00:00\",\"breadcrumb\":{\"@id\":\"https:\\\/\\\/aktuelles.uni-frankfurt.de\\\/event\\\/enter_zukunft_informatik-mathematik-3\\\/#breadcrumb\"},\"inLanguage\":\"en-GB\",\"potentialAction\":[{\"@type\":\"ReadAction\",\"target\":[\"https:\\\/\\\/aktuelles.uni-frankfurt.de\\\/event\\\/enter_zukunft_informatik-mathematik-3\\\/\"]}]},{\"@type\":\"ImageObject\",\"inLanguage\":\"en-GB\",\"@id\":\"https:\\\/\\\/aktuelles.uni-frankfurt.de\\\/event\\\/enter_zukunft_informatik-mathematik-3\\\/#primaryimage\",\"url\":\"https:\\\/\\\/aktuelles.uni-frankfurt.de\\\/wp-content\\\/uploads\\\/2026\\\/03\\\/Jobmesse-Mathe-Allgemeiner-Header-1083x438px_2025_png_png_png_png-300x121.png\",\"contentUrl\":\"https:\\\/\\\/aktuelles.uni-frankfurt.de\\\/wp-content\\\/uploads\\\/2026\\\/03\\\/Jobmesse-Mathe-Allgemeiner-Header-1083x438px_2025_png_png_png_png-300x121.png\"},{\"@type\":\"BreadcrumbList\",\"@id\":\"https:\\\/\\\/aktuelles.uni-frankfurt.de\\\/event\\\/enter_zukunft_informatik-mathematik-3\\\/#breadcrumb\",\"itemListElement\":[{\"@type\":\"ListItem\",\"position\":1,\"name\":\"Startseite\",\"item\":\"https:\\\/\\\/aktuelles.uni-frankfurt.de\\\/\"},{\"@type\":\"ListItem\",\"position\":2,\"name\":\"Veranstaltungen\",\"item\":\"https:\\\/\\\/aktuelles.uni-frankfurt.de\\\/_events\\\/\"},{\"@type\":\"ListItem\",\"position\":3,\"name\":\"ENTER_ZUKUNFT_Informatik &#038; Mathematik\"}]},{\"@type\":\"WebSite\",\"@id\":\"https:\\\/\\\/aktuelles.uni-frankfurt.de\\\/#website\",\"url\":\"https:\\\/\\\/aktuelles.uni-frankfurt.de\\\/\",\"name\":\"Aktuelles aus der Goethe-Universit\u00e4t Frankfurt\",\"description\":\"Aktuelles aus der Goethe-Universit\u00e4t | Neues aus Forschung, Lehre, Studium\",\"publisher\":{\"@id\":\"https:\\\/\\\/aktuelles.uni-frankfurt.de\\\/#organization\"},\"potentialAction\":[{\"@type\":\"SearchAction\",\"target\":{\"@type\":\"EntryPoint\",\"urlTemplate\":\"https:\\\/\\\/aktuelles.uni-frankfurt.de\\\/?s={search_term_string}\"},\"query-input\":{\"@type\":\"PropertyValueSpecification\",\"valueRequired\":true,\"valueName\":\"search_term_string\"}}],\"inLanguage\":\"en-GB\"},{\"@type\":\"Organization\",\"@id\":\"https:\\\/\\\/aktuelles.uni-frankfurt.de\\\/#organization\",\"name\":\"Goethe-Universit\u00e4t\",\"url\":\"https:\\\/\\\/aktuelles.uni-frankfurt.de\\\/\",\"logo\":{\"@type\":\"ImageObject\",\"inLanguage\":\"en-GB\",\"@id\":\"https:\\\/\\\/aktuelles.uni-frankfurt.de\\\/#\\\/schema\\\/logo\\\/image\\\/\",\"url\":\"https:\\\/\\\/aktuelles.uni-frankfurt.de\\\/wp-content\\\/uploads\\\/2022\\\/03\\\/800px-Goethe-Logo.png\",\"contentUrl\":\"https:\\\/\\\/aktuelles.uni-frankfurt.de\\\/wp-content\\\/uploads\\\/2022\\\/03\\\/800px-Goethe-Logo.png\",\"width\":800,\"height\":436,\"caption\":\"Goethe-Universit\u00e4t\"},\"image\":{\"@id\":\"https:\\\/\\\/aktuelles.uni-frankfurt.de\\\/#\\\/schema\\\/logo\\\/image\\\/\"}}]}<\/script>\n<!-- \/ Yoast SEO plugin. -->","yoast_head_json":{"title":"ENTER_ZUKUNFT_Informatik & Mathematik | Aktuelles aus der Goethe-Universit\u00e4t Frankfurt","robots":{"index":"index","follow":"follow","max-snippet":"max-snippet:-1","max-image-preview":"max-image-preview:large","max-video-preview":"max-video-preview:-1"},"canonical":"https:\/\/aktuelles.uni-frankfurt.de\/en\/event\/enter_zukunft_informatik-mathematik-3\/","og_locale":"en_GB","og_type":"article","og_title":"ENTER_ZUKUNFT_Informatik & Mathematik | Aktuelles aus der Goethe-Universit\u00e4t Frankfurt","og_description":"Studierende der Informatik und Mathematik aufgepasst: Bei der fachspezifischen Jobmesse k\u00f6nnt ihr direkt mit f\u00fchrenden Unternehmen aus IT und Mathematik ins Gespr\u00e4ch kommen. Ob Praktika, Werkstudentenstellen oder Berufseinstieg \u2013 hier [&hellip;]","og_url":"https:\/\/aktuelles.uni-frankfurt.de\/en\/event\/enter_zukunft_informatik-mathematik-3\/","og_site_name":"Aktuelles aus der Goethe-Universit\u00e4t Frankfurt","article_modified_time":"2026-03-04T14:06:49+00:00","og_image":[{"width":1083,"height":438,"url":"https:\/\/aktuelles.uni-frankfurt.de\/wp-content\/uploads\/2026\/03\/Jobmesse-Mathe-Allgemeiner-Header-1083x438px_2025_png_png_png_png.png","type":"image\/png"}],"twitter_card":"summary_large_image","twitter_misc":{"Estimated reading time":"1 minute"},"schema":{"@context":"https:\/\/schema.org","@graph":[{"@type":"WebPage","@id":"https:\/\/aktuelles.uni-frankfurt.de\/event\/enter_zukunft_informatik-mathematik-3\/","url":"https:\/\/aktuelles.uni-frankfurt.de\/event\/enter_zukunft_informatik-mathematik-3\/","name":"ENTER_ZUKUNFT_Informatik & Mathematik | Aktuelles aus der Goethe-Universit\u00e4t Frankfurt","isPartOf":{"@id":"https:\/\/aktuelles.uni-frankfurt.de\/#website"},"primaryImageOfPage":{"@id":"https:\/\/aktuelles.uni-frankfurt.de\/event\/enter_zukunft_informatik-mathematik-3\/#primaryimage"},"image":{"@id":"https:\/\/aktuelles.uni-frankfurt.de\/event\/enter_zukunft_informatik-mathematik-3\/#primaryimage"},"thumbnailUrl":"https:\/\/aktuelles.uni-frankfurt.de\/wp-content\/uploads\/2026\/03\/Jobmesse-Mathe-Allgemeiner-Header-1083x438px_2025_png_png_png_png-300x121.png","datePublished":"2026-03-04T14:02:28+00:00","dateModified":"2026-03-04T14:06:49+00:00","breadcrumb":{"@id":"https:\/\/aktuelles.uni-frankfurt.de\/event\/enter_zukunft_informatik-mathematik-3\/#breadcrumb"},"inLanguage":"en-GB","potentialAction":[{"@type":"ReadAction","target":["https:\/\/aktuelles.uni-frankfurt.de\/event\/enter_zukunft_informatik-mathematik-3\/"]}]},{"@type":"ImageObject","inLanguage":"en-GB","@id":"https:\/\/aktuelles.uni-frankfurt.de\/event\/enter_zukunft_informatik-mathematik-3\/#primaryimage","url":"https:\/\/aktuelles.uni-frankfurt.de\/wp-content\/uploads\/2026\/03\/Jobmesse-Mathe-Allgemeiner-Header-1083x438px_2025_png_png_png_png-300x121.png","contentUrl":"https:\/\/aktuelles.uni-frankfurt.de\/wp-content\/uploads\/2026\/03\/Jobmesse-Mathe-Allgemeiner-Header-1083x438px_2025_png_png_png_png-300x121.png"},{"@type":"BreadcrumbList","@id":"https:\/\/aktuelles.uni-frankfurt.de\/event\/enter_zukunft_informatik-mathematik-3\/#breadcrumb","itemListElement":[{"@type":"ListItem","position":1,"name":"Startseite","item":"https:\/\/aktuelles.uni-frankfurt.de\/"},{"@type":"ListItem","position":2,"name":"Veranstaltungen","item":"https:\/\/aktuelles.uni-frankfurt.de\/_events\/"},{"@type":"ListItem","position":3,"name":"ENTER_ZUKUNFT_Informatik &#038; Mathematik"}]},{"@type":"WebSite","@id":"https:\/\/aktuelles.uni-frankfurt.de\/#website","url":"https:\/\/aktuelles.uni-frankfurt.de\/","name":"Aktuelles aus der Goethe-Universit\u00e4t Frankfurt","description":"Aktuelles aus der Goethe-Universit\u00e4t | Neues aus Forschung, Lehre, Studium","publisher":{"@id":"https:\/\/aktuelles.uni-frankfurt.de\/#organization"},"potentialAction":[{"@type":"SearchAction","target":{"@type":"EntryPoint","urlTemplate":"https:\/\/aktuelles.uni-frankfurt.de\/?s={search_term_string}"},"query-input":{"@type":"PropertyValueSpecification","valueRequired":true,"valueName":"search_term_string"}}],"inLanguage":"en-GB"},{"@type":"Organization","@id":"https:\/\/aktuelles.uni-frankfurt.de\/#organization","name":"Goethe University Frankfurt","url":"https:\/\/aktuelles.uni-frankfurt.de\/","logo":{"@type":"ImageObject","inLanguage":"en-GB","@id":"https:\/\/aktuelles.uni-frankfurt.de\/#\/schema\/logo\/image\/","url":"https:\/\/aktuelles.uni-frankfurt.de\/wp-content\/uploads\/2022\/03\/800px-Goethe-Logo.png","contentUrl":"https:\/\/aktuelles.uni-frankfurt.de\/wp-content\/uploads\/2022\/03\/800px-Goethe-Logo.png","width":800,"height":436,"caption":"Goethe-Universit\u00e4t"},"image":{"@id":"https:\/\/aktuelles.uni-frankfurt.de\/#\/schema\/logo\/image\/"}}]}},"ticketed":false,"_links":{"self":[{"href":"https:\/\/aktuelles.uni-frankfurt.de\/en\/wp-json\/wp\/v2\/tribe_events\/87614","targetHints":{"allow":["GET"]}}],"collection":[{"href":"https:\/\/aktuelles.uni-frankfurt.de\/en\/wp-json\/wp\/v2\/tribe_events"}],"about":[{"href":"https:\/\/aktuelles.uni-frankfurt.de\/en\/wp-json\/wp\/v2\/types\/tribe_events"}],"author":[{"embeddable":true,"href":"https:\/\/aktuelles.uni-frankfurt.de\/en\/wp-json\/wp\/v2\/users\/30"}],"version-history":[{"count":0,"href":"https:\/\/aktuelles.uni-frankfurt.de\/en\/wp-json\/wp\/v2\/tribe_events\/87614\/revisions"}],"wp:attachment":[{"href":"https:\/\/aktuelles.uni-frankfurt.de\/en\/wp-json\/wp\/v2\/media?parent=87614"}],"wp:term":[{"taxonomy":"post_tag","embeddable":true,"href":"https:\/\/aktuelles.uni-frankfurt.de\/en\/wp-json\/wp\/v2\/tags?post=87614"},{"taxonomy":"tribe_events_cat","embeddable":true,"href":"https:\/\/aktuelles.uni-frankfurt.de\/en\/wp-json\/wp\/v2\/tribe_events_cat?post=87614"}],"curies":[{"name":"wp","href":"https:\/\/api.w.org\/{rel}","templated":true}]}}