{"id":87628,"date":"2026-03-05T15:02:06","date_gmt":"2026-03-05T14:02:06","guid":{"rendered":"https:\/\/aktuelles.uni-frankfurt.de\/?post_type=tribe_events&#038;p=87628"},"modified":"2026-03-05T15:04:33","modified_gmt":"2026-03-05T14:04:33","slug":"gefuehlte-aufklaerung-politische-emotionen-und-die-amerikanische-demokratie","status":"publish","type":"tribe_events","link":"https:\/\/aktuelles.uni-frankfurt.de\/en\/event\/gefuehlte-aufklaerung-politische-emotionen-und-die-amerikanische-demokratie\/","title":{"rendered":"Gef\u00fchlte Aufkl\u00e4rung? Politische Emotionen und die amerikanische Demokratie"},"content":{"rendered":"<p>Heike Paul (Friedrich-Alexander-Universit\u00e4t Erlangen-N\u00fcrnberg)<br \/>\n<strong>\u00bbGef\u00fchlte Aufkl\u00e4rung? Politische Emotionen und die amerikanische Demokratie\u00ab<br \/>\n<\/strong><\/p>\n<p><strong>\u00dcber den Vortrag<\/strong><br \/>\nDie amerikanische Unabh\u00e4ngigkeitserkl\u00e4rung gilt gemeinhin als ein zentrales Dokument der Aufkl\u00e4rung, da es Naturrechte proklamiert, die Gleichheit aller Menschen behauptet und die Souver\u00e4nit\u00e4t des Volkes fordert. Trotz ihrer rationalen Argumentation ist die \u00bbDeclaration of Independence\u00ab auch ein emotional h\u00f6chst aufgeladener Text \u2013 einige Emotionen werden explizit thematisiert, beispielsweise die vielzitierte \u00bbhappiness\u00ab. In welchem Verh\u00e4ltnis stehen Rationalit\u00e4t und Emotionalit\u00e4t in diesem Gr\u00fcndungsdokument zueinander? Welche Rolle haben Gef\u00fchle seither in der amerikanischen Demokratiegeschichte gespielt und welche spielen sie heute? Der Vortrag wird diese Fragen aufgreifen und exemplarisch beantworten.<\/p>\n<p><strong>\u00dcber die Rednerin<\/strong><br \/>\nHeike Paul ist Lehrstuhlinhaberin f\u00fcr Amerikanistik an der Friedrich-Alexander-Universit\u00e4t Erlangen-N\u00fcrnberg und Mitglied der Bayerischen Akademie der Wissenschaften. Zu ihren Ver\u00f6ffentlichungen z\u00e4hlen The Myths That Made America: <em>An Introduction to American Studies<\/em> (2014, open access) und <em>Amerikanischer Staatsb\u00fcrgersentimentalismus: Zur Lage der politischen Kultur der USA<\/em> (2021). 2018 erhielt sie den Gottfried Wilhelm Leibniz Preis der Deutschen Forschungsgemeinschaft; 2021 wurde ihr der Bayerische Maximiliansorden f\u00fcr Wissenschaft und Kunst verliehen.<\/p>\n<p><strong>\u00dcber die Reihe<\/strong><br \/>\nIm Jahr 2026 j\u00e4hrt sich die amerikanische Unabh\u00e4ngigkeitserkl\u00e4rung vom 4. Juli 1776 zum 250. Mal. Das <a href=\"https:\/\/www.forschungskolleg-humanwissenschaften.de\/index.php\/science-society\/john-mccloy-transatlantic-forum\" target=\"_blank\" rel=\"noopener\">John McCloy Transatlantic Forum<\/a> am Forschungskolleg Humanwissenschaften nimmt dies zum Anlass, um sich \u2013 gerade auch vor dem Hintergrund der gegenw\u00e4rtigen Entwicklungen in den USA \u2013 in einer interdisziplin\u00e4ren Vortragsreihe mit der Wirkungsgeschichte und Aktualit\u00e4t der \u00bbDeclaration of Independence\u00ab zu befassen.<br \/>\nDie Reihe wird in Kooperation mit der Hessischen Landeszentrale f\u00fcr politische Bildung und der Stiftung Orte der deutschen Demokratiegeschichte veranstaltet.<\/p>\n<p><strong>Zeit:<\/strong> Mittwoch, 18.03.2026, 19:00 Uhr<br \/>\n<strong>Ort:<\/strong> Forschungskolleg Humanwissenschaften, Am Wingertsberg 4, 61348 Bad Homburg<\/p>\n<p><strong>Anmeldung<\/strong><br \/>\nZur besseren Disposition bitten wir um vorherige Anmeldung bis zum 12. M\u00e4rz 2026 unter:<br \/>\n<a href=\"mailto:anmeldung@forschungskolleg-humanwissenschaften.de\">anmeldung@forschungskolleg-humanwissenschaften.de<\/a>.<br \/>\nSie erhalten eine Anmeldebest\u00e4tigung.<\/p>","protected":false},"excerpt":{"rendered":"<p>Heike Paul (Friedrich-Alexander-Universit\u00e4t Erlangen-N\u00fcrnberg) \u00bbGef\u00fchlte Aufkl\u00e4rung? Politische Emotionen und die amerikanische Demokratie\u00ab \u00dcber den Vortrag Die amerikanische Unabh\u00e4ngigkeitserkl\u00e4rung gilt gemeinhin als ein zentrales Dokument der Aufkl\u00e4rung, da es Naturrechte proklamiert, [&hellip;]<\/p>\n","protected":false},"author":37,"featured_media":0,"template":"","meta":{"_eb_attr":"","_price":"","_stock":"","_tribe_ticket_header":"","_tribe_default_ticket_provider":"","_ticket_start_date":"","_ticket_end_date":"","_tribe_ticket_show_description":"","_tribe_ticket_show_not_going":false,"_tribe_ticket_use_global_stock":"","_tribe_ticket_global_stock_level":"","_global_stock_mode":"","_global_stock_cap":"","_tribe_rsvp_for_event":"","_tribe_ticket_going_count":"","_tribe_ticket_not_going_count":"","_tribe_tickets_list":"[]","_tribe_ticket_has_attendee_info_fields":false,"_tribe_events_status":"","_tribe_events_status_reason":"","_tribe_events_is_hybrid":"","_tribe_events_is_virtual":"","_tribe_events_virtual_video_source":"","_tribe_events_virtual_embed_video":"","_tribe_events_virtual_linked_button_text":"","_tribe_events_virtual_linked_button":"","_tribe_events_virtual_show_embed_at":"","_tribe_events_virtual_show_embed_to":[],"_tribe_events_virtual_show_on_event":"","_tribe_events_virtual_show_on_views":"","_tribe_events_virtual_url":"","footnotes":"","_tec_slr_enabled":"","_tec_slr_layout":""},"tags":[],"tribe_events_cat":[114],"class_list":["post-87628","tribe_events","type-tribe_events","status-publish","hentry","tribe_events_cat-vortraege","cat_vortraege"],"yoast_head":"<!-- This site is optimized with the Yoast SEO plugin v27.5 - https:\/\/yoast.com\/product\/yoast-seo-wordpress\/ -->\n<title>Gef\u00fchlte Aufkl\u00e4rung? Politische Emotionen und die amerikanische Demokratie | Aktuelles aus der Goethe-Universit\u00e4t Frankfurt<\/title>\n<meta name=\"robots\" content=\"index, follow, max-snippet:-1, max-image-preview:large, max-video-preview:-1\" \/>\n<link rel=\"canonical\" href=\"https:\/\/www.forschungskolleg-humanwissenschaften.de\/index.php\/archive\/events\/1078?view=item\" \/>\n<meta property=\"og:locale\" content=\"en_GB\" \/>\n<meta property=\"og:type\" content=\"article\" \/>\n<meta property=\"og:title\" content=\"Gef\u00fchlte Aufkl\u00e4rung? Politische Emotionen und die amerikanische Demokratie | Aktuelles aus der Goethe-Universit\u00e4t Frankfurt\" \/>\n<meta property=\"og:description\" content=\"Heike Paul (Friedrich-Alexander-Universit\u00e4t Erlangen-N\u00fcrnberg) \u00bbGef\u00fchlte Aufkl\u00e4rung? Politische Emotionen und die amerikanische Demokratie\u00ab \u00dcber den Vortrag Die amerikanische Unabh\u00e4ngigkeitserkl\u00e4rung gilt gemeinhin als ein zentrales Dokument der Aufkl\u00e4rung, da es Naturrechte proklamiert, [&hellip;]\" \/>\n<meta property=\"og:url\" content=\"https:\/\/www.forschungskolleg-humanwissenschaften.de\/index.php\/archive\/events\/1078?view=item\" \/>\n<meta property=\"og:site_name\" content=\"Aktuelles aus der Goethe-Universit\u00e4t Frankfurt\" \/>\n<meta property=\"article:modified_time\" content=\"2026-03-05T14:04:33+00:00\" \/>\n<meta name=\"twitter:card\" content=\"summary_large_image\" \/>\n<meta name=\"twitter:label1\" content=\"Estimated reading time\" \/>\n\t<meta name=\"twitter:data1\" content=\"2 minutes\" \/>\n<script type=\"application\/ld+json\" class=\"yoast-schema-graph\">{\"@context\":\"https:\\\/\\\/schema.org\",\"@graph\":[{\"@type\":\"WebPage\",\"@id\":\"https:\\\/\\\/aktuelles.uni-frankfurt.de\\\/event\\\/gefuehlte-aufklaerung-politische-emotionen-und-die-amerikanische-demokratie\\\/\",\"url\":\"https:\\\/\\\/www.forschungskolleg-humanwissenschaften.de\\\/index.php\\\/archive\\\/events\\\/1078?view=item\",\"name\":\"Gef\u00fchlte Aufkl\u00e4rung? Politische Emotionen und die amerikanische Demokratie | Aktuelles aus der Goethe-Universit\u00e4t Frankfurt\",\"isPartOf\":{\"@id\":\"https:\\\/\\\/aktuelles.uni-frankfurt.de\\\/#website\"},\"datePublished\":\"2026-03-05T14:02:06+00:00\",\"dateModified\":\"2026-03-05T14:04:33+00:00\",\"breadcrumb\":{\"@id\":\"https:\\\/\\\/www.forschungskolleg-humanwissenschaften.de\\\/index.php\\\/archive\\\/events\\\/1078?view=item#breadcrumb\"},\"inLanguage\":\"en-GB\",\"potentialAction\":[{\"@type\":\"ReadAction\",\"target\":[\"https:\\\/\\\/www.forschungskolleg-humanwissenschaften.de\\\/index.php\\\/archive\\\/events\\\/1078?view=item\"]}]},{\"@type\":\"BreadcrumbList\",\"@id\":\"https:\\\/\\\/www.forschungskolleg-humanwissenschaften.de\\\/index.php\\\/archive\\\/events\\\/1078?view=item#breadcrumb\",\"itemListElement\":[{\"@type\":\"ListItem\",\"position\":1,\"name\":\"Startseite\",\"item\":\"https:\\\/\\\/aktuelles.uni-frankfurt.de\\\/\"},{\"@type\":\"ListItem\",\"position\":2,\"name\":\"Veranstaltungen\",\"item\":\"https:\\\/\\\/aktuelles.uni-frankfurt.de\\\/_events\\\/\"},{\"@type\":\"ListItem\",\"position\":3,\"name\":\"Gef\u00fchlte Aufkl\u00e4rung? Politische Emotionen und die amerikanische Demokratie\"}]},{\"@type\":\"WebSite\",\"@id\":\"https:\\\/\\\/aktuelles.uni-frankfurt.de\\\/#website\",\"url\":\"https:\\\/\\\/aktuelles.uni-frankfurt.de\\\/\",\"name\":\"Aktuelles aus der Goethe-Universit\u00e4t Frankfurt\",\"description\":\"Aktuelles aus der Goethe-Universit\u00e4t | Neues aus Forschung, Lehre, Studium\",\"publisher\":{\"@id\":\"https:\\\/\\\/aktuelles.uni-frankfurt.de\\\/#organization\"},\"potentialAction\":[{\"@type\":\"SearchAction\",\"target\":{\"@type\":\"EntryPoint\",\"urlTemplate\":\"https:\\\/\\\/aktuelles.uni-frankfurt.de\\\/?s={search_term_string}\"},\"query-input\":{\"@type\":\"PropertyValueSpecification\",\"valueRequired\":true,\"valueName\":\"search_term_string\"}}],\"inLanguage\":\"en-GB\"},{\"@type\":\"Organization\",\"@id\":\"https:\\\/\\\/aktuelles.uni-frankfurt.de\\\/#organization\",\"name\":\"Goethe-Universit\u00e4t\",\"url\":\"https:\\\/\\\/aktuelles.uni-frankfurt.de\\\/\",\"logo\":{\"@type\":\"ImageObject\",\"inLanguage\":\"en-GB\",\"@id\":\"https:\\\/\\\/aktuelles.uni-frankfurt.de\\\/#\\\/schema\\\/logo\\\/image\\\/\",\"url\":\"https:\\\/\\\/aktuelles.uni-frankfurt.de\\\/wp-content\\\/uploads\\\/2022\\\/03\\\/800px-Goethe-Logo.png\",\"contentUrl\":\"https:\\\/\\\/aktuelles.uni-frankfurt.de\\\/wp-content\\\/uploads\\\/2022\\\/03\\\/800px-Goethe-Logo.png\",\"width\":800,\"height\":436,\"caption\":\"Goethe-Universit\u00e4t\"},\"image\":{\"@id\":\"https:\\\/\\\/aktuelles.uni-frankfurt.de\\\/#\\\/schema\\\/logo\\\/image\\\/\"}}]}<\/script>\n<!-- \/ Yoast SEO plugin. -->","yoast_head_json":{"title":"Gef\u00fchlte Aufkl\u00e4rung? Politische Emotionen und die amerikanische Demokratie | Aktuelles aus der Goethe-Universit\u00e4t Frankfurt","robots":{"index":"index","follow":"follow","max-snippet":"max-snippet:-1","max-image-preview":"max-image-preview:large","max-video-preview":"max-video-preview:-1"},"canonical":"https:\/\/www.forschungskolleg-humanwissenschaften.de\/index.php\/archive\/events\/1078?view=item","og_locale":"en_GB","og_type":"article","og_title":"Gef\u00fchlte Aufkl\u00e4rung? Politische Emotionen und die amerikanische Demokratie | Aktuelles aus der Goethe-Universit\u00e4t Frankfurt","og_description":"Heike Paul (Friedrich-Alexander-Universit\u00e4t Erlangen-N\u00fcrnberg) \u00bbGef\u00fchlte Aufkl\u00e4rung? Politische Emotionen und die amerikanische Demokratie\u00ab \u00dcber den Vortrag Die amerikanische Unabh\u00e4ngigkeitserkl\u00e4rung gilt gemeinhin als ein zentrales Dokument der Aufkl\u00e4rung, da es Naturrechte proklamiert, [&hellip;]","og_url":"https:\/\/www.forschungskolleg-humanwissenschaften.de\/index.php\/archive\/events\/1078?view=item","og_site_name":"Aktuelles aus der Goethe-Universit\u00e4t Frankfurt","article_modified_time":"2026-03-05T14:04:33+00:00","twitter_card":"summary_large_image","twitter_misc":{"Estimated reading time":"2 minutes"},"schema":{"@context":"https:\/\/schema.org","@graph":[{"@type":"WebPage","@id":"https:\/\/aktuelles.uni-frankfurt.de\/event\/gefuehlte-aufklaerung-politische-emotionen-und-die-amerikanische-demokratie\/","url":"https:\/\/www.forschungskolleg-humanwissenschaften.de\/index.php\/archive\/events\/1078?view=item","name":"Gef\u00fchlte Aufkl\u00e4rung? Politische Emotionen und die amerikanische Demokratie | Aktuelles aus der Goethe-Universit\u00e4t Frankfurt","isPartOf":{"@id":"https:\/\/aktuelles.uni-frankfurt.de\/#website"},"datePublished":"2026-03-05T14:02:06+00:00","dateModified":"2026-03-05T14:04:33+00:00","breadcrumb":{"@id":"https:\/\/www.forschungskolleg-humanwissenschaften.de\/index.php\/archive\/events\/1078?view=item#breadcrumb"},"inLanguage":"en-GB","potentialAction":[{"@type":"ReadAction","target":["https:\/\/www.forschungskolleg-humanwissenschaften.de\/index.php\/archive\/events\/1078?view=item"]}]},{"@type":"BreadcrumbList","@id":"https:\/\/www.forschungskolleg-humanwissenschaften.de\/index.php\/archive\/events\/1078?view=item#breadcrumb","itemListElement":[{"@type":"ListItem","position":1,"name":"Startseite","item":"https:\/\/aktuelles.uni-frankfurt.de\/"},{"@type":"ListItem","position":2,"name":"Veranstaltungen","item":"https:\/\/aktuelles.uni-frankfurt.de\/_events\/"},{"@type":"ListItem","position":3,"name":"Gef\u00fchlte Aufkl\u00e4rung? Politische Emotionen und die amerikanische Demokratie"}]},{"@type":"WebSite","@id":"https:\/\/aktuelles.uni-frankfurt.de\/#website","url":"https:\/\/aktuelles.uni-frankfurt.de\/","name":"Aktuelles aus der Goethe-Universit\u00e4t Frankfurt","description":"Aktuelles aus der Goethe-Universit\u00e4t | Neues aus Forschung, Lehre, Studium","publisher":{"@id":"https:\/\/aktuelles.uni-frankfurt.de\/#organization"},"potentialAction":[{"@type":"SearchAction","target":{"@type":"EntryPoint","urlTemplate":"https:\/\/aktuelles.uni-frankfurt.de\/?s={search_term_string}"},"query-input":{"@type":"PropertyValueSpecification","valueRequired":true,"valueName":"search_term_string"}}],"inLanguage":"en-GB"},{"@type":"Organization","@id":"https:\/\/aktuelles.uni-frankfurt.de\/#organization","name":"Goethe University Frankfurt","url":"https:\/\/aktuelles.uni-frankfurt.de\/","logo":{"@type":"ImageObject","inLanguage":"en-GB","@id":"https:\/\/aktuelles.uni-frankfurt.de\/#\/schema\/logo\/image\/","url":"https:\/\/aktuelles.uni-frankfurt.de\/wp-content\/uploads\/2022\/03\/800px-Goethe-Logo.png","contentUrl":"https:\/\/aktuelles.uni-frankfurt.de\/wp-content\/uploads\/2022\/03\/800px-Goethe-Logo.png","width":800,"height":436,"caption":"Goethe-Universit\u00e4t"},"image":{"@id":"https:\/\/aktuelles.uni-frankfurt.de\/#\/schema\/logo\/image\/"}}]}},"ticketed":false,"_links":{"self":[{"href":"https:\/\/aktuelles.uni-frankfurt.de\/en\/wp-json\/wp\/v2\/tribe_events\/87628","targetHints":{"allow":["GET"]}}],"collection":[{"href":"https:\/\/aktuelles.uni-frankfurt.de\/en\/wp-json\/wp\/v2\/tribe_events"}],"about":[{"href":"https:\/\/aktuelles.uni-frankfurt.de\/en\/wp-json\/wp\/v2\/types\/tribe_events"}],"author":[{"embeddable":true,"href":"https:\/\/aktuelles.uni-frankfurt.de\/en\/wp-json\/wp\/v2\/users\/37"}],"version-history":[{"count":0,"href":"https:\/\/aktuelles.uni-frankfurt.de\/en\/wp-json\/wp\/v2\/tribe_events\/87628\/revisions"}],"wp:attachment":[{"href":"https:\/\/aktuelles.uni-frankfurt.de\/en\/wp-json\/wp\/v2\/media?parent=87628"}],"wp:term":[{"taxonomy":"post_tag","embeddable":true,"href":"https:\/\/aktuelles.uni-frankfurt.de\/en\/wp-json\/wp\/v2\/tags?post=87628"},{"taxonomy":"tribe_events_cat","embeddable":true,"href":"https:\/\/aktuelles.uni-frankfurt.de\/en\/wp-json\/wp\/v2\/tribe_events_cat?post=87628"}],"curies":[{"name":"wp","href":"https:\/\/api.w.org\/{rel}","templated":true}]}}