{"id":87646,"date":"2026-03-09T11:07:10","date_gmt":"2026-03-09T10:07:10","guid":{"rendered":"https:\/\/aktuelles.uni-frankfurt.de\/?post_type=tribe_events&#038;p=87646"},"modified":"2026-03-09T11:36:37","modified_gmt":"2026-03-09T10:36:37","slug":"multispezies-members-club-vernissage","status":"publish","type":"tribe_events","link":"https:\/\/aktuelles.uni-frankfurt.de\/en\/event\/multispezies-members-club-vernissage\/","title":{"rendered":"Multispezies Members Club | Vernissage"},"content":{"rendered":"<p><strong>\u00d6ffentliche Vernissage \u2013 Freitag, 27. M\u00e4rz 2026, Museum ab 18 Uhr ge\u00f6ffnet, kostenfrei, ohne Anmeldung<\/strong><\/p>\n<p>19 Uhr \u2009Gru\u00dfworte und Einf\u00fchrung in die Ausstellung<br \/>\n\u2014 Ina Neddermeyer, Direktorin des MGGU<br \/>\n\u2014 Prof. Dr. Enrico Schleiff, Pr\u00e4sident der Goethe-Universit\u00e4t<br \/>\n\u2014 Dr. Susanne V\u00f6lker, Kulturfonds Frankfurt RheinMain<br \/>\n\u2014 Susanne Wartenberg \/ Andreas Greiner, Kuratorisches Team<br \/>\n20 Uhr \u2009Elektronische Musik der DJs JUCI VISION<\/p>\n<p>Mit Ihrer Teilnahme ist das Einverst\u00e4ndnis f\u00fcr die Aufnahme, Speicherung und Ver\u00f6ffentlichung von Bild- und Tonmaterial verbunden.<\/p>\n<hr \/>\n<p><strong>Wie kann eine technologisierte Gesellschaft\u00a0 auf F\u00fcrsorge und Teilhabe statt auf Konkurrenz bauen?<\/strong><\/p>\n<p>Der Multispezies Members Club entwirft im Rahmen der World Design Capital Frankfurt RheinMain 2026 ein zukunftsweisendes Modell des Zusammenlebens: eine inklusive Allianz, in der Menschen, Tiere, Pflanzen und Maschinen als gleichberechtigte Mitglieder agieren. Im Mittelpunkt stehen\u00a0 F\u00fcrsorge, Kooperation und Teilhabe.<\/p>\n<p>Die Ausstellung versteht sich als gelebtes Experiment: Sie zeigt, wie Technologie Kommunikation zwischen unterschiedlichen Spezies erm\u00f6glichen und demokratische Teilhabe neu gedacht werden kann \u2014 jenseits eines rein menschzentrierten Weltbilds. Zugleich bleibt sie kritisch: Technologie ist nicht neutral. Sie verbraucht Ressourcen, kann Machtverh\u00e4ltnisse verst\u00e4rken und st\u00f6\u00dft dort an Grenzen, wo nat\u00fcrliche Systeme in ihrer Komplexit\u00e4t nicht reproduzierbar sind.<\/p>\n<p>Zentraler Bestandteil ist Andreas Greiners f\u00fcr die Ausstellung neu entstandene Installation\u00a0<em>Garden Protocol<\/em>\u00a0\u2014 ein selbstregulierendes \u00d6kosystem, das Pflanzen, Menschen und technologische Systeme \u00fcber Wasser als gemeinsame Ressource miteinander verbindet. Die Arbeit pr\u00e4sentiert sich als lebendiges Versuchsfeld f\u00fcr neue Formen des Zusammenwirkens von Natur und Technologie. Andreas Greiner (*1979) agiert sowohl als K\u00fcnstler als auch als Kurator der Ausstellung, gemeinsam mit Ina Neddermeyer und Susanne Wartenberg.<\/p>\n<p>Weitere K\u00fcnstler:innen er\u00f6ffnen vielschichtige Perspektiven auf K\u00fcnstliche Intelligenz, \u00d6kologie und gesellschaftliche\u00a0 Verantwortung. Wissenschaftler:innen der Goethe-Universit\u00e4t Frankfurt erg\u00e4nzen das Programm mit Perspektiven aus der KI-Forschung, Bioinformatik, Kunstp\u00e4dagogik, Anthropologie sowie Erziehungs-, Kultur- und Literaturwissenschaften.<\/p>\n<p>Die Ausstellung verbindet Kunst, Technologie und Nachhaltigkeit und fragt, wie algorithmische Prozesse kritisch verst\u00e4ndlich gemacht und gesellschaftlich verhandelt werden k\u00f6nnen. Mit einer Inklusiven Clubnacht, einem Filmprogramm und vielf\u00e4ltigen Workshops z. B. f\u00fcr junge Datendetektiv:innen bietet der Multispezies Members Club ein abwechslungsreiches Vermittlungsprogramm. Kunst und Wissenschaft werden durch performative Formate wie Cyborgs und Chim\u00e4ren ins Gespr\u00e4ch gebracht.<\/p>\n<p><strong>Dauer:<\/strong>\u00a028. M\u00e4rz bis 6. September 2026<\/p>\n<p><strong>\u00d6ffnungszeiten<\/strong><br \/>\nDi, Mi, Fr, Sa, So 10\u201318 Uhr<br \/>\nDo 10\u201320 Uhr<\/p>\n<p>An Feiertagen 10\u201318 Uhr ge\u00f6ffnet, auch wenn diese auf einen Montag fallen. Zwischen den Ausstellungen ist das Museum wegen Umbau geschlossen.<\/p>\n<p><a href=\"https:\/\/www.mggu.de\/ausstellungen\/multispezies-members-club-neue-allianzen-zwischen-lebendigen-und-kuenstlichen-systemen\/\">Mehr Informationen<\/a><\/p>","protected":false},"excerpt":{"rendered":"<p>\u00d6ffentliche Vernissage \u2013 Freitag, 27. M\u00e4rz 2026, Museum ab 18 Uhr ge\u00f6ffnet, kostenfrei, ohne Anmeldung 19 Uhr \u2009Gru\u00dfworte und Einf\u00fchrung in die Ausstellung \u2014 Ina Neddermeyer, Direktorin des MGGU \u2014 [&hellip;]<\/p>\n","protected":false},"author":30,"featured_media":87648,"template":"","meta":{"_eb_attr":"","_price":"","_stock":"","_tribe_ticket_header":"","_tribe_default_ticket_provider":"","_ticket_start_date":"","_ticket_end_date":"","_tribe_ticket_show_description":"","_tribe_ticket_show_not_going":false,"_tribe_ticket_use_global_stock":"","_tribe_ticket_global_stock_level":"","_global_stock_mode":"","_global_stock_cap":"","_tribe_rsvp_for_event":"","_tribe_ticket_going_count":"","_tribe_ticket_not_going_count":"","_tribe_tickets_list":"[]","_tribe_ticket_has_attendee_info_fields":false,"_tribe_events_status":"","_tribe_events_status_reason":"","_tribe_events_is_hybrid":"","_tribe_events_is_virtual":"","_tribe_events_virtual_video_source":"","_tribe_events_virtual_embed_video":"","_tribe_events_virtual_linked_button_text":"","_tribe_events_virtual_linked_button":"","_tribe_events_virtual_show_embed_at":"","_tribe_events_virtual_show_embed_to":[],"_tribe_events_virtual_show_on_event":"","_tribe_events_virtual_show_on_views":"","_tribe_events_virtual_url":"","footnotes":"","_tec_slr_enabled":"","_tec_slr_layout":""},"tags":[],"tribe_events_cat":[118],"class_list":["post-87646","tribe_events","type-tribe_events","status-publish","has-post-thumbnail","hentry","tribe_events_cat-ausstellungen","cat_ausstellungen"],"yoast_head":"<!-- This site is optimized with the Yoast SEO plugin v27.5 - https:\/\/yoast.com\/product\/yoast-seo-wordpress\/ -->\n<title>Multispezies Members Club | Vernissage | Aktuelles aus der Goethe-Universit\u00e4t Frankfurt<\/title>\n<meta name=\"robots\" content=\"index, follow, max-snippet:-1, max-image-preview:large, max-video-preview:-1\" \/>\n<link rel=\"canonical\" href=\"https:\/\/aktuelles.uni-frankfurt.de\/en\/event\/multispezies-members-club-vernissage\/\" \/>\n<meta property=\"og:locale\" content=\"en_GB\" \/>\n<meta property=\"og:type\" content=\"article\" \/>\n<meta property=\"og:title\" content=\"Multispezies Members Club | Vernissage | Aktuelles aus der Goethe-Universit\u00e4t Frankfurt\" \/>\n<meta property=\"og:description\" content=\"\u00d6ffentliche Vernissage \u2013 Freitag, 27. M\u00e4rz 2026, Museum ab 18 Uhr ge\u00f6ffnet, kostenfrei, ohne Anmeldung 19 Uhr \u2009Gru\u00dfworte und Einf\u00fchrung in die Ausstellung \u2014 Ina Neddermeyer, Direktorin des MGGU \u2014 [&hellip;]\" \/>\n<meta property=\"og:url\" content=\"https:\/\/aktuelles.uni-frankfurt.de\/en\/event\/multispezies-members-club-vernissage\/\" \/>\n<meta property=\"og:site_name\" content=\"Aktuelles aus der Goethe-Universit\u00e4t Frankfurt\" \/>\n<meta property=\"article:modified_time\" content=\"2026-03-09T10:36:37+00:00\" \/>\n<meta property=\"og:image\" content=\"https:\/\/aktuelles.uni-frankfurt.de\/wp-content\/uploads\/2026\/03\/Titelbild_MGGU-Ausstellung-Multispezies-Members-Club-1-2-500x201.png\" \/>\n\t<meta property=\"og:image:width\" content=\"500\" \/>\n\t<meta property=\"og:image:height\" content=\"201\" \/>\n\t<meta property=\"og:image:type\" content=\"image\/png\" \/>\n<meta name=\"twitter:card\" content=\"summary_large_image\" \/>\n<meta name=\"twitter:label1\" content=\"Estimated reading time\" \/>\n\t<meta name=\"twitter:data1\" content=\"2 minutes\" \/>\n<script type=\"application\/ld+json\" class=\"yoast-schema-graph\">{\"@context\":\"https:\\\/\\\/schema.org\",\"@graph\":[{\"@type\":\"WebPage\",\"@id\":\"https:\\\/\\\/aktuelles.uni-frankfurt.de\\\/event\\\/multispezies-members-club-vernissage\\\/\",\"url\":\"https:\\\/\\\/aktuelles.uni-frankfurt.de\\\/event\\\/multispezies-members-club-vernissage\\\/\",\"name\":\"Multispezies Members Club | Vernissage | Aktuelles aus der Goethe-Universit\u00e4t Frankfurt\",\"isPartOf\":{\"@id\":\"https:\\\/\\\/aktuelles.uni-frankfurt.de\\\/#website\"},\"primaryImageOfPage\":{\"@id\":\"https:\\\/\\\/aktuelles.uni-frankfurt.de\\\/event\\\/multispezies-members-club-vernissage\\\/#primaryimage\"},\"image\":{\"@id\":\"https:\\\/\\\/aktuelles.uni-frankfurt.de\\\/event\\\/multispezies-members-club-vernissage\\\/#primaryimage\"},\"thumbnailUrl\":\"https:\\\/\\\/aktuelles.uni-frankfurt.de\\\/wp-content\\\/uploads\\\/2026\\\/03\\\/Titelbild_MGGU-Ausstellung-Multispezies-Members-Club-1-2-scaled.png\",\"datePublished\":\"2026-03-09T10:07:10+00:00\",\"dateModified\":\"2026-03-09T10:36:37+00:00\",\"breadcrumb\":{\"@id\":\"https:\\\/\\\/aktuelles.uni-frankfurt.de\\\/event\\\/multispezies-members-club-vernissage\\\/#breadcrumb\"},\"inLanguage\":\"en-GB\",\"potentialAction\":[{\"@type\":\"ReadAction\",\"target\":[\"https:\\\/\\\/aktuelles.uni-frankfurt.de\\\/event\\\/multispezies-members-club-vernissage\\\/\"]}]},{\"@type\":\"ImageObject\",\"inLanguage\":\"en-GB\",\"@id\":\"https:\\\/\\\/aktuelles.uni-frankfurt.de\\\/event\\\/multispezies-members-club-vernissage\\\/#primaryimage\",\"url\":\"https:\\\/\\\/aktuelles.uni-frankfurt.de\\\/wp-content\\\/uploads\\\/2026\\\/03\\\/Titelbild_MGGU-Ausstellung-Multispezies-Members-Club-1-2-scaled.png\",\"contentUrl\":\"https:\\\/\\\/aktuelles.uni-frankfurt.de\\\/wp-content\\\/uploads\\\/2026\\\/03\\\/Titelbild_MGGU-Ausstellung-Multispezies-Members-Club-1-2-scaled.png\",\"width\":2560,\"height\":1028,\"caption\":\"MGGU-Ausstellung Multispezies Members Club\"},{\"@type\":\"BreadcrumbList\",\"@id\":\"https:\\\/\\\/aktuelles.uni-frankfurt.de\\\/event\\\/multispezies-members-club-vernissage\\\/#breadcrumb\",\"itemListElement\":[{\"@type\":\"ListItem\",\"position\":1,\"name\":\"Startseite\",\"item\":\"https:\\\/\\\/aktuelles.uni-frankfurt.de\\\/\"},{\"@type\":\"ListItem\",\"position\":2,\"name\":\"Veranstaltungen\",\"item\":\"https:\\\/\\\/aktuelles.uni-frankfurt.de\\\/_events\\\/\"},{\"@type\":\"ListItem\",\"position\":3,\"name\":\"Multispezies Members Club | Vernissage\"}]},{\"@type\":\"WebSite\",\"@id\":\"https:\\\/\\\/aktuelles.uni-frankfurt.de\\\/#website\",\"url\":\"https:\\\/\\\/aktuelles.uni-frankfurt.de\\\/\",\"name\":\"Aktuelles aus der Goethe-Universit\u00e4t Frankfurt\",\"description\":\"Aktuelles aus der Goethe-Universit\u00e4t | Neues aus Forschung, Lehre, Studium\",\"publisher\":{\"@id\":\"https:\\\/\\\/aktuelles.uni-frankfurt.de\\\/#organization\"},\"potentialAction\":[{\"@type\":\"SearchAction\",\"target\":{\"@type\":\"EntryPoint\",\"urlTemplate\":\"https:\\\/\\\/aktuelles.uni-frankfurt.de\\\/?s={search_term_string}\"},\"query-input\":{\"@type\":\"PropertyValueSpecification\",\"valueRequired\":true,\"valueName\":\"search_term_string\"}}],\"inLanguage\":\"en-GB\"},{\"@type\":\"Organization\",\"@id\":\"https:\\\/\\\/aktuelles.uni-frankfurt.de\\\/#organization\",\"name\":\"Goethe-Universit\u00e4t\",\"url\":\"https:\\\/\\\/aktuelles.uni-frankfurt.de\\\/\",\"logo\":{\"@type\":\"ImageObject\",\"inLanguage\":\"en-GB\",\"@id\":\"https:\\\/\\\/aktuelles.uni-frankfurt.de\\\/#\\\/schema\\\/logo\\\/image\\\/\",\"url\":\"https:\\\/\\\/aktuelles.uni-frankfurt.de\\\/wp-content\\\/uploads\\\/2022\\\/03\\\/800px-Goethe-Logo.png\",\"contentUrl\":\"https:\\\/\\\/aktuelles.uni-frankfurt.de\\\/wp-content\\\/uploads\\\/2022\\\/03\\\/800px-Goethe-Logo.png\",\"width\":800,\"height\":436,\"caption\":\"Goethe-Universit\u00e4t\"},\"image\":{\"@id\":\"https:\\\/\\\/aktuelles.uni-frankfurt.de\\\/#\\\/schema\\\/logo\\\/image\\\/\"}}]}<\/script>\n<!-- \/ Yoast SEO plugin. -->","yoast_head_json":{"title":"Multispezies Members Club | Vernissage | Aktuelles aus der Goethe-Universit\u00e4t Frankfurt","robots":{"index":"index","follow":"follow","max-snippet":"max-snippet:-1","max-image-preview":"max-image-preview:large","max-video-preview":"max-video-preview:-1"},"canonical":"https:\/\/aktuelles.uni-frankfurt.de\/en\/event\/multispezies-members-club-vernissage\/","og_locale":"en_GB","og_type":"article","og_title":"Multispezies Members Club | Vernissage | Aktuelles aus der Goethe-Universit\u00e4t Frankfurt","og_description":"\u00d6ffentliche Vernissage \u2013 Freitag, 27. M\u00e4rz 2026, Museum ab 18 Uhr ge\u00f6ffnet, kostenfrei, ohne Anmeldung 19 Uhr \u2009Gru\u00dfworte und Einf\u00fchrung in die Ausstellung \u2014 Ina Neddermeyer, Direktorin des MGGU \u2014 [&hellip;]","og_url":"https:\/\/aktuelles.uni-frankfurt.de\/en\/event\/multispezies-members-club-vernissage\/","og_site_name":"Aktuelles aus der Goethe-Universit\u00e4t Frankfurt","article_modified_time":"2026-03-09T10:36:37+00:00","og_image":[{"width":500,"height":201,"url":"https:\/\/aktuelles.uni-frankfurt.de\/wp-content\/uploads\/2026\/03\/Titelbild_MGGU-Ausstellung-Multispezies-Members-Club-1-2-500x201.png","type":"image\/png"}],"twitter_card":"summary_large_image","twitter_misc":{"Estimated reading time":"2 minutes"},"schema":{"@context":"https:\/\/schema.org","@graph":[{"@type":"WebPage","@id":"https:\/\/aktuelles.uni-frankfurt.de\/event\/multispezies-members-club-vernissage\/","url":"https:\/\/aktuelles.uni-frankfurt.de\/event\/multispezies-members-club-vernissage\/","name":"Multispezies Members Club | Vernissage | Aktuelles aus der Goethe-Universit\u00e4t Frankfurt","isPartOf":{"@id":"https:\/\/aktuelles.uni-frankfurt.de\/#website"},"primaryImageOfPage":{"@id":"https:\/\/aktuelles.uni-frankfurt.de\/event\/multispezies-members-club-vernissage\/#primaryimage"},"image":{"@id":"https:\/\/aktuelles.uni-frankfurt.de\/event\/multispezies-members-club-vernissage\/#primaryimage"},"thumbnailUrl":"https:\/\/aktuelles.uni-frankfurt.de\/wp-content\/uploads\/2026\/03\/Titelbild_MGGU-Ausstellung-Multispezies-Members-Club-1-2-scaled.png","datePublished":"2026-03-09T10:07:10+00:00","dateModified":"2026-03-09T10:36:37+00:00","breadcrumb":{"@id":"https:\/\/aktuelles.uni-frankfurt.de\/event\/multispezies-members-club-vernissage\/#breadcrumb"},"inLanguage":"en-GB","potentialAction":[{"@type":"ReadAction","target":["https:\/\/aktuelles.uni-frankfurt.de\/event\/multispezies-members-club-vernissage\/"]}]},{"@type":"ImageObject","inLanguage":"en-GB","@id":"https:\/\/aktuelles.uni-frankfurt.de\/event\/multispezies-members-club-vernissage\/#primaryimage","url":"https:\/\/aktuelles.uni-frankfurt.de\/wp-content\/uploads\/2026\/03\/Titelbild_MGGU-Ausstellung-Multispezies-Members-Club-1-2-scaled.png","contentUrl":"https:\/\/aktuelles.uni-frankfurt.de\/wp-content\/uploads\/2026\/03\/Titelbild_MGGU-Ausstellung-Multispezies-Members-Club-1-2-scaled.png","width":2560,"height":1028,"caption":"MGGU-Ausstellung Multispezies Members Club"},{"@type":"BreadcrumbList","@id":"https:\/\/aktuelles.uni-frankfurt.de\/event\/multispezies-members-club-vernissage\/#breadcrumb","itemListElement":[{"@type":"ListItem","position":1,"name":"Startseite","item":"https:\/\/aktuelles.uni-frankfurt.de\/"},{"@type":"ListItem","position":2,"name":"Veranstaltungen","item":"https:\/\/aktuelles.uni-frankfurt.de\/_events\/"},{"@type":"ListItem","position":3,"name":"Multispezies Members Club | Vernissage"}]},{"@type":"WebSite","@id":"https:\/\/aktuelles.uni-frankfurt.de\/#website","url":"https:\/\/aktuelles.uni-frankfurt.de\/","name":"Aktuelles aus der Goethe-Universit\u00e4t Frankfurt","description":"Aktuelles aus der Goethe-Universit\u00e4t | Neues aus Forschung, Lehre, Studium","publisher":{"@id":"https:\/\/aktuelles.uni-frankfurt.de\/#organization"},"potentialAction":[{"@type":"SearchAction","target":{"@type":"EntryPoint","urlTemplate":"https:\/\/aktuelles.uni-frankfurt.de\/?s={search_term_string}"},"query-input":{"@type":"PropertyValueSpecification","valueRequired":true,"valueName":"search_term_string"}}],"inLanguage":"en-GB"},{"@type":"Organization","@id":"https:\/\/aktuelles.uni-frankfurt.de\/#organization","name":"Goethe University Frankfurt","url":"https:\/\/aktuelles.uni-frankfurt.de\/","logo":{"@type":"ImageObject","inLanguage":"en-GB","@id":"https:\/\/aktuelles.uni-frankfurt.de\/#\/schema\/logo\/image\/","url":"https:\/\/aktuelles.uni-frankfurt.de\/wp-content\/uploads\/2022\/03\/800px-Goethe-Logo.png","contentUrl":"https:\/\/aktuelles.uni-frankfurt.de\/wp-content\/uploads\/2022\/03\/800px-Goethe-Logo.png","width":800,"height":436,"caption":"Goethe-Universit\u00e4t"},"image":{"@id":"https:\/\/aktuelles.uni-frankfurt.de\/#\/schema\/logo\/image\/"}}]}},"ticketed":false,"_links":{"self":[{"href":"https:\/\/aktuelles.uni-frankfurt.de\/en\/wp-json\/wp\/v2\/tribe_events\/87646","targetHints":{"allow":["GET"]}}],"collection":[{"href":"https:\/\/aktuelles.uni-frankfurt.de\/en\/wp-json\/wp\/v2\/tribe_events"}],"about":[{"href":"https:\/\/aktuelles.uni-frankfurt.de\/en\/wp-json\/wp\/v2\/types\/tribe_events"}],"author":[{"embeddable":true,"href":"https:\/\/aktuelles.uni-frankfurt.de\/en\/wp-json\/wp\/v2\/users\/30"}],"version-history":[{"count":0,"href":"https:\/\/aktuelles.uni-frankfurt.de\/en\/wp-json\/wp\/v2\/tribe_events\/87646\/revisions"}],"wp:featuredmedia":[{"embeddable":true,"href":"https:\/\/aktuelles.uni-frankfurt.de\/en\/wp-json\/wp\/v2\/media\/87648"}],"wp:attachment":[{"href":"https:\/\/aktuelles.uni-frankfurt.de\/en\/wp-json\/wp\/v2\/media?parent=87646"}],"wp:term":[{"taxonomy":"post_tag","embeddable":true,"href":"https:\/\/aktuelles.uni-frankfurt.de\/en\/wp-json\/wp\/v2\/tags?post=87646"},{"taxonomy":"tribe_events_cat","embeddable":true,"href":"https:\/\/aktuelles.uni-frankfurt.de\/en\/wp-json\/wp\/v2\/tribe_events_cat?post=87646"}],"curies":[{"name":"wp","href":"https:\/\/api.w.org\/{rel}","templated":true}]}}